{"id":10802,"date":"2020-07-01T11:01:34","date_gmt":"2020-07-01T09:01:34","guid":{"rendered":"https:\/\/visitcalvia.org\/?page_id=10802"},"modified":"2026-07-30T11:08:59","modified_gmt":"2026-07-30T09:08:59","slug":"platja-caleta-punta-portals","status":"publish","type":"page","link":"https:\/\/visitcalvia.org\/ca\/platja-caleta-punta-portals\/","title":{"rendered":"Platja Caleta punta portals"},"content":{"rendered":"<div class=\"wpb-content-wrapper\"><p>[vc_row content_placement=\u00bbmiddle\u00bb content_text_aligment=\u00bbcenter\u00bb css=\u00bb.vc_custom_1781081395519{padding-top: 81px !important;background-image: url(<a href=\"https:\/\/visitcalvia.org\/wp-content\/uploads\/2020\/04\/CALETA-PUNTA-PORTALS-PORTALS-NOUS02.png?id=5513\">https:\/\/visitcalvia.org\/wp-content\/uploads\/2020\/04\/CALETA-PUNTA-PORTALS-PORTALS-NOUS02.png?id=5513<\/a>) !important;background-position: center !important;background-repeat: no-repeat !important;background-size: cover !important;}\u00bb simple_background_color=\u00bb#ffffff\u00bb][vc_column]<div class=\"qodef-elements-holder   qodef-one-column  qodef-responsive-mode-768 \" ><div class=\"qodef-eh-item     \"  data-item-class=\"qodef-eh-custom-9827\" data-1024-1280=\"0 21%\" data-768-1024=\"0 12%\" data-680-768=\"0 0\" data-680=\"0 0\">\n\t<div class=\"qodef-eh-item-inner\">\n\t\t<div class=\"qodef-eh-item-content qodef-eh-custom-9827\" style=\"padding: 0 25%\">\n\t\t\t[vc_empty_space height=\u00bb200px\u00bb]\t\t<\/div>\n\t<\/div>\n\t<\/div><\/div>[\/vc_column][\/vc_row][vc_row full_width=\u00bbstretch_row\u00bb css=\u00bb.vc_custom_1781081407895{background-color: #0562A4 !important;}\u00bb][vc_column][vc_row_inner row_content_width=\u00bbgrid\u00bb][vc_column_inner width=\u00bb1\/2&#8243;]<div class=\"qodef-section-title-holder  qodef-st-standard qodef-st-title-left qodef-st-normal-space  \" style=\"text-align: right\">\n\t<div class=\"qodef-st-inner\">\n\t\t\t\t\t<h3 class=\"qodef-st-title\" style=\"color: #FFFFFF\">\n\t\t\t\t<span class=\"qodef-st-title-bold\">Fitxa<\/span> <span class=\"qodef-st-title-bold\">t\u00e8cnica<\/span> <span class=\"qodef-st-title-bold\">Platja<\/span> <span class=\"qodef-st-title-bold\">Caleta<\/span><br \/> <span class=\"qodef-st-title-bold\">punta<\/span> <span class=\"qodef-st-title-bold\">portals<\/span>\t\t\t<\/h3>\n\t\t\t\t\t<\/div>\n<\/div>[vc_empty_space height=\u00bb10px\u00bb][\/vc_column_inner][vc_column_inner width=\u00bb1\/2&#8243;][vc_empty_space height=\u00bb7px\u00bb]<a itemprop=\"url\" href=\"https:\/\/drive.google.com\/file\/d\/1zszcxxiRXRqgiN6mFRW-wsyAvowVgCA9\/view?usp=sharing\" target=\"_blank\" style=\"text-transform: capitalize\" class=\"qodef-btn qodef-btn-small qodef-btn-solid qodef-btn-icon\"  >\n    <span class=\"qodef-btn-text\">M\u00e9s informaci\u00f3<\/span>\n    <i class=\"qodef-icon-font-awesome fa fa-chevron-right \" ><\/i><\/a>[vc_empty_space height=\u00bb7px\u00bb][\/vc_column_inner][\/vc_row_inner][vc_empty_space height=\u00bb20px\u00bb][\/vc_column][\/vc_row][vc_row row_content_width=\u00bbgrid\u00bb][vc_column][vc_empty_space height=\u00bb30px\u00bb]<div class=\"qodef-section-title-holder  qodef-st-standard qodef-st-title-left qodef-st-normal-space qodef-st-disable-title-break qodef-st-with-border\" style=\"text-align: left\">\n\t<div class=\"qodef-st-inner\">\n\t\t\t\t\t<h2 class=\"qodef-st-title\" >\n\t\t\t\tPlatja <span class=\"qodef-st-title-bold\">Caleta<\/span> <span class=\"qodef-st-title-bold\">punta<\/span> <span class=\"qodef-st-title-bold\">portals<\/span><br \/>\t\t\t<\/h2>\n\t\t\t\t\t<\/div>\n<\/div>[vc_empty_space height=\u00bb20px\u00bb]<div class=\"qodef-accordion-holder qodef-ac-default change-background qodef-toggle qodef-ac-boxed  clearfix\">\n\t<p class=\"qodef-accordion-title\">\n    <span class=\"qodef-accordion-mark\">\n\t\t<span class=\"qodef_icon_plus ion-chevron-down\"><\/span>\n\t\t<span class=\"qodef_icon_minus ion-chevron-up\"><\/span>\n\t<\/span>\n\t<span class=\"qodef-tab-title\">Saber m\u00e9s...<\/span>\n<\/p>\n<div class=\"qodef-accordion-content\">\n\t<div class=\"qodef-accordion-content-inner\">\n\t\t[vc_column_text]Aquesta petita platja de sorra daurada es troba al costat de l&#8217;exclusiu port esportiu de Puerto Portals. Les seves aig\u00fces transparents i l&#8217;entorn cuidat la converteixen en un indret perfecte per relaxar-se i gaudir de la mar. La proximitat d&#8217;una variada oferta gastron\u00f2mica i comercial permet completar la jornada amb m\u00faltiples opcions d&#8217;oci.[\/vc_column_text]\t<\/div>\n<\/div><\/div>[\/vc_column][\/vc_row][vc_row row_content_width=\u00bbgrid\u00bb][vc_column][vc_empty_space height=\u00bb30px\u00bb]<div class=\"qodef-section-title-holder  qodef-st-standard qodef-st-title-left qodef-st-normal-space qodef-st-disable-title-break qodef-st-with-border\" style=\"text-align: left\">\n\t<div class=\"qodef-st-inner\">\n\t\t\t\t\t<h2 class=\"qodef-st-title\" >\n\t\t\t\tDades de la platja en temps real - <span class=\"qodef-st-title-bold\">Calvi\u00e0<\/span> <span class=\"qodef-st-title-bold\">DTI<\/span>\t\t\t<\/h2>\n\t\t\t\t\t\t\t<h5 class=\"qodef-st-text\" >\n\t\t\t\tEl projecte DTI permet obtenir dades de diferents sensors, en temps real, per a oferir informaci\u00f3 als nostres residents i visitants.\t\t\t<\/h5>\n\t\t\t<\/div>\n<\/div>[\/vc_column][\/vc_row][vc_row row_content_width=\u00bbgrid\u00bb][vc_column][vc_empty_space height=\u00bb40px\u00bb][\/vc_column][\/vc_row][vc_row row_content_width=\u00bbgrid\u00bb][vc_column width=\u00bb1\/2&#8243;][vc_btn title=\u00bbInformaci\u00f3 de la platja i meteorologia\u00bb shape=\u00bbsquare\u00bb color=\u00bbprimary\u00bb size=\u00bblg\u00bb align=\u00bbcenter\u00bb i_icon_fontawesome=\u00bbfa fa-solid fa-cloud-sun\u00bb css=\u00bb\u00bb button_block=\u00bbtrue\u00bb add_icon=\u00bbtrue\u00bb link=\u00bburl:%23&#8243;][vc_column_text css=\u00bb\u00bb]<\/p>\n<div style=\"flex-direction: row; display: flex;\"><iframe style=\"width: 1550px; height: 1104px;\" src=\"https:\/\/exploradatos.illesbalears.travel\/public\/Playa-arena?user=user_public&amp;service=dti_calvia&amp;theme=light&amp;scope=Punta Portals\"><\/iframe><\/div>\n<p>[\/vc_column_text][\/vc_column][vc_column width=\u00bb1\/2&#8243;][vc_btn title=\u00bbInformaci\u00f3 de l&#8217;aigua\u00bb shape=\u00bbsquare\u00bb color=\u00bbprimary\u00bb size=\u00bblg\u00bb align=\u00bbcenter\u00bb i_icon_fontawesome=\u00bbfa fa-solid fa-water\u00bb css=\u00bb\u00bb button_block=\u00bbtrue\u00bb add_icon=\u00bbtrue\u00bb link=\u00bburl:%23&#8243;][vc_column_text css=\u00bb\u00bb]<\/p>\n<div style=\"flex-direction: row; display: flex;\"><iframe style=\"width: 1550px; height: 904px;\" src=\"https:\/\/exploradatos.illesbalears.travel\/public\/Playa-agua?user=user_public&amp;service=dti_calvia&amp;theme=light&amp;scope=Punta Portals\"><\/iframe><\/div>\n<p>[\/vc_column_text][\/vc_column][\/vc_row][vc_row row_content_width=\u00bbgrid\u00bb css=\u00bb.vc_custom_1780052029792{padding-top: 20px !important;padding-bottom: 10px !important;}\u00bb][vc_column][vc_single_image image=\u00bb33421&#8243; img_size=\u00bbfull\u00bb css=\u00bb\u00bb][\/vc_column][\/vc_row][vc_row row_content_width=\u00bbgrid\u00bb css=\u00bb.vc_custom_1587458275105{margin-top: 35px !important;padding-bottom: 30px !important;}\u00bb][vc_column][vc_empty_space height=\u00bb10px\u00bb][\/vc_column][\/vc_row][vc_row row_content_width=\u00bbgrid\u00bb css=\u00bb.vc_custom_1587460367699{padding-top: 20px !important;padding-bottom: 10px !important;}\u00bb][vc_column]<div class=\"qodef-section-title-holder  qodef-st-standard qodef-st-title-left qodef-st-normal-space qodef-st-disable-title-break qodef-st-with-border\" style=\"text-align: left\">\n\t<div class=\"qodef-st-inner\">\n\t\t\t\t\t<h2 class=\"qodef-st-title\" >\n\t\t\t\tServicios\t\t\t<\/h2>\n\t\t\t\t\t\t\t<h5 class=\"qodef-st-text\" >\n\t\t\t\tLa playa dispone de los siguientes servicios\t\t\t<\/h5>\n\t\t\t<\/div>\n<\/div>[\/vc_column][\/vc_row][vc_row disable_element=\u00bbyes\u00bb row_content_width=\u00bbgrid\u00bb css=\u00bb.vc_custom_1743066555696{padding-top: 20px !important;padding-bottom: 30px !important;}\u00bb][vc_column width=\u00bb1\/3&#8243;][vc_row_inner css=\u00bb.vc_custom_1587459893981{padding-top: -40px !important;}\u00bb][vc_column_inner width=\u00bb2\/3&#8243;][vc_column_text]<\/p>\n<h5><strong>Sombrillas <\/strong><strong><img data-recalc-dims=\"1\" loading=\"lazy\" decoding=\"async\" class=\"alignleft wp-image-4450\" src=\"https:\/\/i0.wp.com\/visitcalvia.org\/wp-content\/uploads\/2020\/04\/Sombrilla.png?resize=37%2C37&#038;ssl=1\" alt=\"Sombrilla\" width=\"37\" height=\"37\" srcset=\"https:\/\/i0.wp.com\/visitcalvia.org\/wp-content\/uploads\/2020\/04\/Sombrilla.png?w=137&amp;ssl=1 137w, https:\/\/i0.wp.com\/visitcalvia.org\/wp-content\/uploads\/2020\/04\/Sombrilla.png?resize=100%2C100&amp;ssl=1 100w, https:\/\/i0.wp.com\/visitcalvia.org\/wp-content\/uploads\/2020\/04\/Sombrilla.png?resize=64%2C64&amp;ssl=1 64w\" sizes=\"auto, (max-width: 37px) 100vw, 37px\" \/><\/strong><\/h5>\n<p>[\/vc_column_text][\/vc_column_inner][vc_column_inner width=\u00bb1\/3&#8243;][vc_icon icon_fontawesome=\u00bbfa fa-check\u00bb color=\u00bbgreen\u00bb][\/vc_column_inner][\/vc_row_inner][vc_row_inner css=\u00bb.vc_custom_1587459893981{padding-top: -40px !important;}\u00bb][vc_column_inner width=\u00bb2\/3&#8243;][vc_column_text]<\/p>\n<h5><strong>Hamacas<\/strong><strong><img data-recalc-dims=\"1\" loading=\"lazy\" decoding=\"async\" class=\"alignleft wp-image-4449\" src=\"https:\/\/i0.wp.com\/visitcalvia.org\/wp-content\/uploads\/2020\/04\/Hamaca.jpg?resize=37%2C38&#038;ssl=1\" alt=\"Hamaca\" width=\"37\" height=\"38\" srcset=\"https:\/\/i0.wp.com\/visitcalvia.org\/wp-content\/uploads\/2020\/04\/Hamaca.jpg?w=134&amp;ssl=1 134w, https:\/\/i0.wp.com\/visitcalvia.org\/wp-content\/uploads\/2020\/04\/Hamaca.jpg?resize=100%2C100&amp;ssl=1 100w, https:\/\/i0.wp.com\/visitcalvia.org\/wp-content\/uploads\/2020\/04\/Hamaca.jpg?resize=64%2C65&amp;ssl=1 64w\" sizes=\"auto, (max-width: 37px) 100vw, 37px\" \/><\/strong><\/h5>\n<p>[\/vc_column_text][\/vc_column_inner][vc_column_inner width=\u00bb1\/3&#8243;][vc_icon icon_fontawesome=\u00bbfa fa-check\u00bb color=\u00bbgreen\u00bb][\/vc_column_inner][\/vc_row_inner][vc_row_inner css=\u00bb.vc_custom_1587459893981{padding-top: -40px !important;}\u00bb][vc_column_inner width=\u00bb2\/3&#8243;][vc_column_text]<\/p>\n<h5><strong>12 Papeleras<\/strong><strong><img data-recalc-dims=\"1\" loading=\"lazy\" decoding=\"async\" class=\"alignleft wp-image-4453\" src=\"https:\/\/i0.wp.com\/visitcalvia.org\/wp-content\/uploads\/2020\/04\/papelera.jpg?resize=37%2C37&#038;ssl=1\" alt=\"Papelera \" width=\"37\" height=\"37\" srcset=\"https:\/\/i0.wp.com\/visitcalvia.org\/wp-content\/uploads\/2020\/04\/papelera.jpg?w=137&amp;ssl=1 137w, https:\/\/i0.wp.com\/visitcalvia.org\/wp-content\/uploads\/2020\/04\/papelera.jpg?resize=100%2C100&amp;ssl=1 100w, https:\/\/i0.wp.com\/visitcalvia.org\/wp-content\/uploads\/2020\/04\/papelera.jpg?resize=64%2C64&amp;ssl=1 64w\" sizes=\"auto, (max-width: 37px) 100vw, 37px\" \/><\/strong><\/h5>\n<p>[\/vc_column_text][\/vc_column_inner][vc_column_inner width=\u00bb1\/3&#8243;][vc_icon icon_fontawesome=\u00bbfa fa-check\u00bb color=\u00bbgreen\u00bb][\/vc_column_inner][\/vc_row_inner][\/vc_column][vc_column width=\u00bb1\/3&#8243;][vc_row_inner css=\u00bb.vc_custom_1587459893981{padding-top: -40px !important;}\u00bb][vc_column_inner width=\u00bb2\/3&#8243;][vc_column_text]<\/p>\n<h5><strong>3 Duchas<\/strong><strong><img data-recalc-dims=\"1\" loading=\"lazy\" decoding=\"async\" class=\"alignleft wp-image-4427\" src=\"https:\/\/i0.wp.com\/visitcalvia.org\/wp-content\/uploads\/2020\/04\/Duchas.png?resize=37%2C38&#038;ssl=1\" alt=\"Duchas\" width=\"37\" height=\"38\" srcset=\"https:\/\/i0.wp.com\/visitcalvia.org\/wp-content\/uploads\/2020\/04\/Duchas.png?w=136&amp;ssl=1 136w, https:\/\/i0.wp.com\/visitcalvia.org\/wp-content\/uploads\/2020\/04\/Duchas.png?resize=100%2C100&amp;ssl=1 100w, https:\/\/i0.wp.com\/visitcalvia.org\/wp-content\/uploads\/2020\/04\/Duchas.png?resize=64%2C66&amp;ssl=1 64w\" sizes=\"auto, (max-width: 37px) 100vw, 37px\" \/><\/strong><\/h5>\n<p>[\/vc_column_text][\/vc_column_inner][vc_column_inner width=\u00bb1\/3&#8243;][vc_icon icon_fontawesome=\u00bbfa fa-check\u00bb color=\u00bbgreen\u00bb][\/vc_column_inner][\/vc_row_inner][vc_row_inner css=\u00bb.vc_custom_1587459893981{padding-top: -40px !important;}\u00bb][vc_column_inner width=\u00bb2\/3&#8243;][vc_column_text]<\/p>\n<h5><strong>4 velomares<\/strong><strong><img data-recalc-dims=\"1\" loading=\"lazy\" decoding=\"async\" class=\"alignleft wp-image-4437\" src=\"https:\/\/i0.wp.com\/visitcalvia.org\/wp-content\/uploads\/2020\/04\/Velomar.png?resize=37%2C38&#038;ssl=1\" alt=\"Velomar\" width=\"37\" height=\"38\" srcset=\"https:\/\/i0.wp.com\/visitcalvia.org\/wp-content\/uploads\/2020\/04\/Velomar.png?w=134&amp;ssl=1 134w, https:\/\/i0.wp.com\/visitcalvia.org\/wp-content\/uploads\/2020\/04\/Velomar.png?resize=100%2C100&amp;ssl=1 100w, https:\/\/i0.wp.com\/visitcalvia.org\/wp-content\/uploads\/2020\/04\/Velomar.png?resize=64%2C65&amp;ssl=1 64w\" sizes=\"auto, (max-width: 37px) 100vw, 37px\" \/><\/strong><\/h5>\n<p>[\/vc_column_text][\/vc_column_inner][vc_column_inner width=\u00bb1\/3&#8243;][vc_icon icon_fontawesome=\u00bbfa fa-check\u00bb color=\u00bbgreen\u00bb][\/vc_column_inner][\/vc_row_inner][vc_row_inner css=\u00bb.vc_custom_1587459893981{padding-top: -40px !important;}\u00bb][vc_column_inner width=\u00bb2\/3&#8243;][vc_column_text]<\/p>\n<h5><strong>Tran<\/strong><strong>sporte<\/strong><strong><img data-recalc-dims=\"1\" loading=\"lazy\" decoding=\"async\" class=\"alignleft wp-image-4440\" src=\"https:\/\/i0.wp.com\/visitcalvia.org\/wp-content\/uploads\/2020\/04\/bus.png?resize=37%2C38&#038;ssl=1\" alt=\"bus\" width=\"37\" height=\"38\" srcset=\"https:\/\/i0.wp.com\/visitcalvia.org\/wp-content\/uploads\/2020\/04\/bus.png?w=134&amp;ssl=1 134w, https:\/\/i0.wp.com\/visitcalvia.org\/wp-content\/uploads\/2020\/04\/bus.png?resize=100%2C100&amp;ssl=1 100w, https:\/\/i0.wp.com\/visitcalvia.org\/wp-content\/uploads\/2020\/04\/bus.png?resize=64%2C65&amp;ssl=1 64w\" sizes=\"auto, (max-width: 37px) 100vw, 37px\" \/><\/strong><\/h5>\n<p>[\/vc_column_text][\/vc_column_inner][vc_column_inner width=\u00bb1\/3&#8243;][vc_icon icon_fontawesome=\u00bbfa fa-check\u00bb color=\u00bbgreen\u00bb][\/vc_column_inner][\/vc_row_inner][\/vc_column][vc_column width=\u00bb1\/3&#8243;][vc_row_inner css=\u00bb.vc_custom_1587459893981{padding-top: -40px !important;}\u00bb][vc_column_inner width=\u00bb2\/3&#8243;][vc_column_text]<\/p>\n<h5><strong>Socorrista<\/strong><strong><img data-recalc-dims=\"1\" loading=\"lazy\" decoding=\"async\" class=\"alignleft wp-image-4415\" src=\"https:\/\/i0.wp.com\/visitcalvia.org\/wp-content\/uploads\/2020\/04\/Socorrista.png?resize=37%2C37&#038;ssl=1\" alt=\"Socorrista\" width=\"37\" height=\"37\" srcset=\"https:\/\/i0.wp.com\/visitcalvia.org\/wp-content\/uploads\/2020\/04\/Socorrista.png?w=138&amp;ssl=1 138w, https:\/\/i0.wp.com\/visitcalvia.org\/wp-content\/uploads\/2020\/04\/Socorrista.png?resize=100%2C100&amp;ssl=1 100w, https:\/\/i0.wp.com\/visitcalvia.org\/wp-content\/uploads\/2020\/04\/Socorrista.png?resize=64%2C64&amp;ssl=1 64w\" sizes=\"auto, (max-width: 37px) 100vw, 37px\" \/><\/strong><\/h5>\n<p>[\/vc_column_text][\/vc_column_inner][vc_column_inner width=\u00bb1\/3&#8243;][vc_icon icon_fontawesome=\u00bbfa fa-check\u00bb color=\u00bbgreen\u00bb][\/vc_column_inner][\/vc_row_inner][vc_row_inner css=\u00bb.vc_custom_1587459893981{padding-top: -40px !important;}\u00bb][vc_column_inner width=\u00bb2\/3&#8243;][vc_column_text]<\/p>\n<h5><strong>Restaurantes<\/strong><strong><img data-recalc-dims=\"1\" loading=\"lazy\" decoding=\"async\" class=\"alignleft wp-image-4436\" src=\"https:\/\/i0.wp.com\/visitcalvia.org\/wp-content\/uploads\/2020\/04\/restaurantes.png?resize=37%2C38&#038;ssl=1\" alt=\"restaurantes\" width=\"37\" height=\"38\" srcset=\"https:\/\/i0.wp.com\/visitcalvia.org\/wp-content\/uploads\/2020\/04\/restaurantes.png?w=134&amp;ssl=1 134w, https:\/\/i0.wp.com\/visitcalvia.org\/wp-content\/uploads\/2020\/04\/restaurantes.png?resize=100%2C100&amp;ssl=1 100w, https:\/\/i0.wp.com\/visitcalvia.org\/wp-content\/uploads\/2020\/04\/restaurantes.png?resize=64%2C65&amp;ssl=1 64w\" sizes=\"auto, (max-width: 37px) 100vw, 37px\" \/><\/strong><\/h5>\n<p>[\/vc_column_text][\/vc_column_inner][vc_column_inner width=\u00bb1\/3&#8243;][vc_icon icon_fontawesome=\u00bbfa fa-check\u00bb color=\u00bbgreen\u00bb][\/vc_column_inner][\/vc_row_inner][\/vc_column][\/vc_row]<\/p>\n<\/div>","protected":false},"excerpt":{"rendered":"<p>[vc_row content_placement=\u00bbmiddle\u00bb content_text_aligment=\u00bbcenter\u00bb css=\u00bb.vc_custom_1781081395519{padding-top: 81px !important;background-image: url(<a href=\"https:\/\/visitcalvia.org\/wp-content\/uploads\/2020\/04\/CALETA-PUNTA-PORTALS-PORTALS-NOUS02.png?id=5513\">https:\/\/visitcalvia.org\/wp-content\/uploads\/2020\/04\/CALETA-PUNTA-PORTALS-PORTALS-NOUS02.png?id=5513<\/a>) !important;background-position: center !important;background-repeat: no-repeat !important;background-size: cover !important;}\u00bb simple_background_color=\u00bb#ffffff\u00bb][vc_column][\/vc_column][\/vc_row][vc_row full_width=\u00bbstretch_row\u00bb css=\u00bb.vc_custom_1781081407895{background-color: #0562A4 !important;}\u00bb][vc_column][vc_row_inner row_content_width=\u00bbgrid\u00bb][vc_column_inner width=\u00bb1\/2&#8243;][vc_empty_space height=\u00bb10px\u00bb][\/vc_column_inner][vc_column_inner width=\u00bb1\/2&#8243;][vc_empty_space height=\u00bb7px\u00bb][vc_empty_space height=\u00bb7px\u00bb][\/vc_column_inner][\/vc_row_inner][vc_empty_space height=\u00bb20px\u00bb][\/vc_column][\/vc_row][vc_row row_content_width=\u00bbgrid\u00bb][vc_column][vc_empty_space height=\u00bb30px\u00bb][vc_empty_space height=\u00bb20px\u00bb][\/vc_column][\/vc_row][vc_row row_content_width=\u00bbgrid\u00bb][vc_column][vc_empty_space height=\u00bb30px\u00bb][\/vc_column][\/vc_row][vc_row row_content_width=\u00bbgrid\u00bb][vc_column][vc_empty_space height=\u00bb40px\u00bb][\/vc_column][\/vc_row][vc_row row_content_width=\u00bbgrid\u00bb][vc_column width=\u00bb1\/2&#8243;][vc_btn title=\u00bbInformaci\u00f3 de la platja i meteorologia\u00bb shape=\u00bbsquare\u00bb color=\u00bbprimary\u00bb size=\u00bblg\u00bb align=\u00bbcenter\u00bb i_icon_fontawesome=\u00bbfa fa-solid fa-cloud-sun\u00bb css=\u00bb\u00bb button_block=\u00bbtrue\u00bb add_icon=\u00bbtrue\u00bb link=\u00bburl:%23&#8243;][vc_column_text css=\u00bb\u00bb] [\/vc_column_text][\/vc_column][vc_column [&hellip;]<\/p>\n","protected":false},"author":182516946,"featured_media":5514,"parent":0,"menu_order":0,"comment_status":"closed","ping_status":"closed","template":"full-width.php","meta":{"_coblocks_attr":"","_coblocks_dimensions":"","_coblocks_responsive_height":"","_coblocks_accordion_ie_support":"","_wpcom_ai_launchpad_about_page":false,"_wpcom_ai_launchpad_gallery_page":false,"_wpcom_ai_launchpad_contact_page":false,"_wpcom_ai_launchpad_events_page":false,"_wpcom_ai_launchpad_video_page":false,"_wpcom_ai_launchpad_portfolio_piece":false,"footnotes":""},"class_list":["post-10802","page","type-page","status-publish","has-post-thumbnail","hentry"],"yoast_head":"<!-- This site is optimized with the Yoast SEO plugin v28.4 - https:\/\/yoast.com\/product\/yoast-seo-wordpress\/ -->\n<title>Platja Caleta punta portals - visitcalvia<\/title>\n<meta name=\"robots\" content=\"index, follow, max-snippet:-1, max-image-preview:large, max-video-preview:-1\" \/>\n<link rel=\"canonical\" href=\"https:\/\/visitcalvia.org\/ca\/platja-caleta-punta-portals\/\" \/>\n<meta property=\"og:locale\" content=\"ca_ES\" \/>\n<meta property=\"og:type\" content=\"article\" \/>\n<meta property=\"og:title\" content=\"Platja Caleta punta portals - visitcalvia\" \/>\n<meta property=\"og:description\" content=\"[vc_row content_placement=\u00bbmiddle\u00bb content_text_aligment=\u00bbcenter\u00bb css=\u00bb.vc_custom_1781081395519{padding-top: 81px !important;background-image: url(https:\/\/visitcalvia.org\/wp-content\/uploads\/2020\/04\/CALETA-PUNTA-PORTALS-PORTALS-NOUS02.png?id=5513) !important;background-position: center !important;background-repeat: no-repeat !important;background-size: cover !important;}\u00bb simple_background_color=\u00bb#ffffff\u00bb][vc_column][\/vc_column][\/vc_row][vc_row full_width=\u00bbstretch_row\u00bb css=\u00bb.vc_custom_1781081407895{background-color: #0562A4 !important;}\u00bb][vc_column][vc_row_inner row_content_width=\u00bbgrid\u00bb][vc_column_inner width=\u00bb1\/2&#8243;][vc_empty_space height=\u00bb10px\u00bb][\/vc_column_inner][vc_column_inner width=\u00bb1\/2&#8243;][vc_empty_space height=\u00bb7px\u00bb][vc_empty_space height=\u00bb7px\u00bb][\/vc_column_inner][\/vc_row_inner][vc_empty_space height=\u00bb20px\u00bb][\/vc_column][\/vc_row][vc_row row_content_width=\u00bbgrid\u00bb][vc_column][vc_empty_space height=\u00bb30px\u00bb][vc_empty_space height=\u00bb20px\u00bb][\/vc_column][\/vc_row][vc_row row_content_width=\u00bbgrid\u00bb][vc_column][vc_empty_space height=\u00bb30px\u00bb][\/vc_column][\/vc_row][vc_row row_content_width=\u00bbgrid\u00bb][vc_column][vc_empty_space height=\u00bb40px\u00bb][\/vc_column][\/vc_row][vc_row row_content_width=\u00bbgrid\u00bb][vc_column width=\u00bb1\/2&#8243;][vc_btn title=\u00bbInformaci\u00f3 de la platja i meteorologia\u00bb shape=\u00bbsquare\u00bb color=\u00bbprimary\u00bb size=\u00bblg\u00bb align=\u00bbcenter\u00bb i_icon_fontawesome=\u00bbfa fa-solid fa-cloud-sun\u00bb css=\u00bb\u00bb button_block=\u00bbtrue\u00bb add_icon=\u00bbtrue\u00bb link=\u00bburl:%23&#8243;][vc_column_text css=\u00bb\u00bb] [\/vc_column_text][\/vc_column][vc_column [&hellip;]\" \/>\n<meta property=\"og:url\" content=\"https:\/\/visitcalvia.org\/ca\/platja-caleta-punta-portals\/\" \/>\n<meta property=\"og:site_name\" content=\"visitcalvia\" \/>\n<meta property=\"article:modified_time\" content=\"2026-07-30T09:08:59+00:00\" \/>\n<meta property=\"og:image\" content=\"https:\/\/visitcalvia.org\/wp-content\/uploads\/2020\/04\/CALETA-PUNTA-PORTALS-PORTALS-NOUS02.png\" \/>\n\t<meta property=\"og:image:width\" content=\"866\" \/>\n\t<meta property=\"og:image:height\" content=\"574\" \/>\n\t<meta property=\"og:image:type\" content=\"image\/png\" \/>\n<meta name=\"twitter:card\" content=\"summary_large_image\" \/>\n<meta name=\"twitter:label1\" content=\"Temps estimat de lectura\" \/>\n\t<meta name=\"twitter:data1\" content=\"3 minuts\" \/>\n<script type=\"application\/ld+json\" class=\"yoast-schema-graph\">{\"@context\":\"https:\\\/\\\/schema.org\",\"@graph\":[{\"@type\":\"WebPage\",\"@id\":\"https:\\\/\\\/visitcalvia.org\\\/ca\\\/platja-caleta-punta-portals\\\/\",\"url\":\"https:\\\/\\\/visitcalvia.org\\\/ca\\\/platja-caleta-punta-portals\\\/\",\"name\":\"Platja Caleta punta portals - visitcalvia\",\"isPartOf\":{\"@id\":\"https:\\\/\\\/visitcalvia.org\\\/ca\\\/#website\"},\"primaryImageOfPage\":{\"@id\":\"https:\\\/\\\/visitcalvia.org\\\/ca\\\/platja-caleta-punta-portals\\\/#primaryimage\"},\"image\":{\"@id\":\"https:\\\/\\\/visitcalvia.org\\\/ca\\\/platja-caleta-punta-portals\\\/#primaryimage\"},\"thumbnailUrl\":\"https:\\\/\\\/i0.wp.com\\\/visitcalvia.org\\\/wp-content\\\/uploads\\\/2020\\\/04\\\/CALETA-PUNTA-PORTALS-PORTALS-NOUS02.png?fit=866%2C574&ssl=1\",\"datePublished\":\"2020-07-01T09:01:34+00:00\",\"dateModified\":\"2026-07-30T09:08:59+00:00\",\"breadcrumb\":{\"@id\":\"https:\\\/\\\/visitcalvia.org\\\/ca\\\/platja-caleta-punta-portals\\\/#breadcrumb\"},\"inLanguage\":\"ca\",\"potentialAction\":[{\"@type\":\"ReadAction\",\"target\":[\"https:\\\/\\\/visitcalvia.org\\\/ca\\\/platja-caleta-punta-portals\\\/\"]}]},{\"@type\":\"ImageObject\",\"inLanguage\":\"ca\",\"@id\":\"https:\\\/\\\/visitcalvia.org\\\/ca\\\/platja-caleta-punta-portals\\\/#primaryimage\",\"url\":\"https:\\\/\\\/i0.wp.com\\\/visitcalvia.org\\\/wp-content\\\/uploads\\\/2020\\\/04\\\/CALETA-PUNTA-PORTALS-PORTALS-NOUS02.png?fit=866%2C574&ssl=1\",\"contentUrl\":\"https:\\\/\\\/i0.wp.com\\\/visitcalvia.org\\\/wp-content\\\/uploads\\\/2020\\\/04\\\/CALETA-PUNTA-PORTALS-PORTALS-NOUS02.png?fit=866%2C574&ssl=1\",\"width\":866,\"height\":574,\"caption\":\"CALETA PUNTA PORTALS, PORTALS NOUS02\"},{\"@type\":\"BreadcrumbList\",\"@id\":\"https:\\\/\\\/visitcalvia.org\\\/ca\\\/platja-caleta-punta-portals\\\/#breadcrumb\",\"itemListElement\":[{\"@type\":\"ListItem\",\"position\":1,\"name\":\"Portada\",\"item\":\"https:\\\/\\\/visitcalvia.org\\\/ca\\\/\"},{\"@type\":\"ListItem\",\"position\":2,\"name\":\"Platja Caleta punta portals\"}]},{\"@type\":\"WebSite\",\"@id\":\"https:\\\/\\\/visitcalvia.org\\\/ca\\\/#website\",\"url\":\"https:\\\/\\\/visitcalvia.org\\\/ca\\\/\",\"name\":\"visitcalvia\",\"description\":\"Vacaciones en Mallorca \u2013 Calvi\u00e0 m\u00faltiples destinos en uno s\u00f3lo lugar. Palmanova, Santa Pon\u00e7a, Magaluf, Peguera, Portals Nous, Costa d\u2019en Blanes, Cala Vinyes\",\"potentialAction\":[{\"@type\":\"SearchAction\",\"target\":{\"@type\":\"EntryPoint\",\"urlTemplate\":\"https:\\\/\\\/visitcalvia.org\\\/ca\\\/?s={search_term_string}\"},\"query-input\":{\"@type\":\"PropertyValueSpecification\",\"valueRequired\":true,\"valueName\":\"search_term_string\"}}],\"inLanguage\":\"ca\"}]}<\/script>\n<!-- \/ Yoast SEO plugin. -->","yoast_head_json":{"title":"Platja Caleta punta portals - visitcalvia","robots":{"index":"index","follow":"follow","max-snippet":"max-snippet:-1","max-image-preview":"max-image-preview:large","max-video-preview":"max-video-preview:-1"},"canonical":"https:\/\/visitcalvia.org\/ca\/platja-caleta-punta-portals\/","og_locale":"ca_ES","og_type":"article","og_title":"Platja Caleta punta portals - visitcalvia","og_description":"[vc_row content_placement=\u00bbmiddle\u00bb content_text_aligment=\u00bbcenter\u00bb css=\u00bb.vc_custom_1781081395519{padding-top: 81px !important;background-image: url(https:\/\/visitcalvia.org\/wp-content\/uploads\/2020\/04\/CALETA-PUNTA-PORTALS-PORTALS-NOUS02.png?id=5513) !important;background-position: center !important;background-repeat: no-repeat !important;background-size: cover !important;}\u00bb simple_background_color=\u00bb#ffffff\u00bb][vc_column][\/vc_column][\/vc_row][vc_row full_width=\u00bbstretch_row\u00bb css=\u00bb.vc_custom_1781081407895{background-color: #0562A4 !important;}\u00bb][vc_column][vc_row_inner row_content_width=\u00bbgrid\u00bb][vc_column_inner width=\u00bb1\/2&#8243;][vc_empty_space height=\u00bb10px\u00bb][\/vc_column_inner][vc_column_inner width=\u00bb1\/2&#8243;][vc_empty_space height=\u00bb7px\u00bb][vc_empty_space height=\u00bb7px\u00bb][\/vc_column_inner][\/vc_row_inner][vc_empty_space height=\u00bb20px\u00bb][\/vc_column][\/vc_row][vc_row row_content_width=\u00bbgrid\u00bb][vc_column][vc_empty_space height=\u00bb30px\u00bb][vc_empty_space height=\u00bb20px\u00bb][\/vc_column][\/vc_row][vc_row row_content_width=\u00bbgrid\u00bb][vc_column][vc_empty_space height=\u00bb30px\u00bb][\/vc_column][\/vc_row][vc_row row_content_width=\u00bbgrid\u00bb][vc_column][vc_empty_space height=\u00bb40px\u00bb][\/vc_column][\/vc_row][vc_row row_content_width=\u00bbgrid\u00bb][vc_column width=\u00bb1\/2&#8243;][vc_btn title=\u00bbInformaci\u00f3 de la platja i meteorologia\u00bb shape=\u00bbsquare\u00bb color=\u00bbprimary\u00bb size=\u00bblg\u00bb align=\u00bbcenter\u00bb i_icon_fontawesome=\u00bbfa fa-solid fa-cloud-sun\u00bb css=\u00bb\u00bb button_block=\u00bbtrue\u00bb add_icon=\u00bbtrue\u00bb link=\u00bburl:%23&#8243;][vc_column_text css=\u00bb\u00bb] [\/vc_column_text][\/vc_column][vc_column [&hellip;]","og_url":"https:\/\/visitcalvia.org\/ca\/platja-caleta-punta-portals\/","og_site_name":"visitcalvia","article_modified_time":"2026-07-30T09:08:59+00:00","og_image":[{"width":866,"height":574,"url":"https:\/\/visitcalvia.org\/wp-content\/uploads\/2020\/04\/CALETA-PUNTA-PORTALS-PORTALS-NOUS02.png","type":"image\/png"}],"twitter_card":"summary_large_image","twitter_misc":{"Temps estimat de lectura":"3 minuts"},"schema":{"@context":"https:\/\/schema.org","@graph":[{"@type":"WebPage","@id":"https:\/\/visitcalvia.org\/ca\/platja-caleta-punta-portals\/","url":"https:\/\/visitcalvia.org\/ca\/platja-caleta-punta-portals\/","name":"Platja Caleta punta portals - visitcalvia","isPartOf":{"@id":"https:\/\/visitcalvia.org\/ca\/#website"},"primaryImageOfPage":{"@id":"https:\/\/visitcalvia.org\/ca\/platja-caleta-punta-portals\/#primaryimage"},"image":{"@id":"https:\/\/visitcalvia.org\/ca\/platja-caleta-punta-portals\/#primaryimage"},"thumbnailUrl":"https:\/\/i0.wp.com\/visitcalvia.org\/wp-content\/uploads\/2020\/04\/CALETA-PUNTA-PORTALS-PORTALS-NOUS02.png?fit=866%2C574&ssl=1","datePublished":"2020-07-01T09:01:34+00:00","dateModified":"2026-07-30T09:08:59+00:00","breadcrumb":{"@id":"https:\/\/visitcalvia.org\/ca\/platja-caleta-punta-portals\/#breadcrumb"},"inLanguage":"ca","potentialAction":[{"@type":"ReadAction","target":["https:\/\/visitcalvia.org\/ca\/platja-caleta-punta-portals\/"]}]},{"@type":"ImageObject","inLanguage":"ca","@id":"https:\/\/visitcalvia.org\/ca\/platja-caleta-punta-portals\/#primaryimage","url":"https:\/\/i0.wp.com\/visitcalvia.org\/wp-content\/uploads\/2020\/04\/CALETA-PUNTA-PORTALS-PORTALS-NOUS02.png?fit=866%2C574&ssl=1","contentUrl":"https:\/\/i0.wp.com\/visitcalvia.org\/wp-content\/uploads\/2020\/04\/CALETA-PUNTA-PORTALS-PORTALS-NOUS02.png?fit=866%2C574&ssl=1","width":866,"height":574,"caption":"CALETA PUNTA PORTALS, PORTALS NOUS02"},{"@type":"BreadcrumbList","@id":"https:\/\/visitcalvia.org\/ca\/platja-caleta-punta-portals\/#breadcrumb","itemListElement":[{"@type":"ListItem","position":1,"name":"Portada","item":"https:\/\/visitcalvia.org\/ca\/"},{"@type":"ListItem","position":2,"name":"Platja Caleta punta portals"}]},{"@type":"WebSite","@id":"https:\/\/visitcalvia.org\/ca\/#website","url":"https:\/\/visitcalvia.org\/ca\/","name":"visitcalvia","description":"Vacaciones en Mallorca \u2013 Calvi\u00e0 m\u00faltiples destinos en uno s\u00f3lo lugar. Palmanova, Santa Pon\u00e7a, Magaluf, Peguera, Portals Nous, Costa d\u2019en Blanes, Cala Vinyes","potentialAction":[{"@type":"SearchAction","target":{"@type":"EntryPoint","urlTemplate":"https:\/\/visitcalvia.org\/ca\/?s={search_term_string}"},"query-input":{"@type":"PropertyValueSpecification","valueRequired":true,"valueName":"search_term_string"}}],"inLanguage":"ca"}]}},"jetpack_likes_enabled":false,"jetpack_sharing_enabled":false,"jetpack_shortlink":"https:\/\/wp.me\/PbP1bo-2Oe","_links":{"self":[{"href":"https:\/\/visitcalvia.org\/ca\/wp-json\/wp\/v2\/pages\/10802","targetHints":{"allow":["GET"]}}],"collection":[{"href":"https:\/\/visitcalvia.org\/ca\/wp-json\/wp\/v2\/pages"}],"about":[{"href":"https:\/\/visitcalvia.org\/ca\/wp-json\/wp\/v2\/types\/page"}],"author":[{"embeddable":true,"href":"https:\/\/visitcalvia.org\/ca\/wp-json\/wp\/v2\/users\/182516946"}],"replies":[{"embeddable":true,"href":"https:\/\/visitcalvia.org\/ca\/wp-json\/wp\/v2\/comments?post=10802"}],"version-history":[{"count":11,"href":"https:\/\/visitcalvia.org\/ca\/wp-json\/wp\/v2\/pages\/10802\/revisions"}],"predecessor-version":[{"id":33648,"href":"https:\/\/visitcalvia.org\/ca\/wp-json\/wp\/v2\/pages\/10802\/revisions\/33648"}],"wp:featuredmedia":[{"embeddable":true,"href":"https:\/\/visitcalvia.org\/ca\/wp-json\/wp\/v2\/media\/5514"}],"wp:attachment":[{"href":"https:\/\/visitcalvia.org\/ca\/wp-json\/wp\/v2\/media?parent=10802"}],"curies":[{"name":"wp","href":"https:\/\/api.w.org\/{rel}","templated":true}]}}