{"id":17142,"date":"2021-04-29T12:15:52","date_gmt":"2021-04-29T10:15:52","guid":{"rendered":"https:\/\/visitcalvia.org\/finca-galatzo\/"},"modified":"2022-05-20T09:01:58","modified_gmt":"2022-05-20T07:01:58","slug":"finca-galatzo-ca","status":"publish","type":"page","link":"https:\/\/visitcalvia.org\/ca\/finca-galatzo-ca\/","title":{"rendered":"Finca Galatz\u00f3"},"content":{"rendered":"<div class=\"wpb-content-wrapper\"><p>[vc_row full_width=&#8221;stretch_row&#8221; content_placement=&#8221;middle&#8221; content_text_aligment=&#8221;center&#8221; css=&#8221;.vc_custom_1619599974539{padding-top: 111px !important;background-image: url(<a href=\"https:\/\/visitcalvia.org\/wp-content\/uploads\/2021\/04\/fincadegalatzo-1.jpg?id=16952\">https:\/\/visitcalvia.org\/wp-content\/uploads\/2021\/04\/fincadegalatzo-1.jpg?id=16952<\/a>) !important;background-position: center !important;background-repeat: no-repeat !important;background-size: cover !important;}&#8221; simple_background_color=&#8221;#ffffff&#8221;][vc_column]<div class=\"qodef-elements-holder   qodef-one-column  qodef-responsive-mode-768 \" ><div class=\"qodef-eh-item     \"  data-item-class=\"qodef-eh-custom-4314\" data-1024-1280=\"0 21%\" data-768-1024=\"0 12%\" data-680-768=\"0 0\" data-680=\"0 0\">\n\t<div class=\"qodef-eh-item-inner\">\n\t\t<div class=\"qodef-eh-item-content qodef-eh-custom-4314\" style=\"padding: 0 25%\">\n\t\t\t[vc_empty_space height=&#8221;200px&#8221;][vc_empty_space height=&#8221;200px&#8221;]\t\t<\/div>\n\t<\/div>\n\t<\/div><\/div>[\/vc_column][\/vc_row][vc_row row_content_width=&#8221;grid&#8221; css=&#8221;.vc_custom_1587458275105{margin-top: 35px !important;padding-bottom: 30px !important;}&#8221;][vc_column]<div class=\"qodef-section-title-holder  qodef-st-standard qodef-st-title-left qodef-st-normal-space qodef-st-disable-title-break qodef-st-with-border\" style=\"text-align: left\">\n\t<div class=\"qodef-st-inner\">\n\t\t\t\t\t<h2 class=\"qodef-st-title\" >\n\t\t\t\tFinca <span class=\"qodef-st-title-bold\">Galatz\u00f3<\/span>\t\t\t<\/h2>\n\t\t\t\t\t<\/div>\n<\/div>[vc_column_text]Parad\u00eds natural, arqueol\u00f2gic i patrimonial de Mallorca. Aquesta llegend\u00e0ria possessi\u00f3 i els seus terrenys \u00e9s un lloc ideal per a fer fant\u00e0stics passejos per la naturalesa i gaudir de la pau, la tranquil\u00b7litat i la bellesa de la Serra de Tramuntana.<\/p>\n<p>La Finca\u00a0Galatz\u00f3\u00a0\u00e9s un referent del senderisme dins de Mallorca. El seu acc\u00e9s \u00e9s gratu\u00eft i en ella es desenvolupen activitats de senderisme, hist\u00f2ria, aventura, i altres relacionades amb la naturalesa.<\/p>\n<p>La seva ubicaci\u00f3 \u00e9s privilegiada, amb acc\u00e9s des del bonic poble de\u00a0Es\u00a0Capdell\u00e0\u00a0i confrontant amb els municipis ve\u00efns de Puigpunyent, Estellencs, i Andratx.<\/p>\n<p>Forma part de la Serra de Tramuntana, entorn natural que forma part del Patrimoni Mundial de la Unesco.[\/vc_column_text][vc_empty_space height=&#8221;10px&#8221;][\/vc_column][\/vc_row][vc_row row_content_width=&#8221;grid&#8221; css=&#8221;.vc_custom_1587460367699{padding-top: 20px !important;padding-bottom: 10px !important;}&#8221;][vc_column][vc_empty_space]<div class=\"qodef-section-title-holder  qodef-st-standard qodef-st-title-left qodef-st-normal-space qodef-st-disable-title-break qodef-st-with-border\" style=\"text-align: left\">\n\t<div class=\"qodef-st-inner\">\n\t\t\t\t\t<h2 class=\"qodef-st-title\" >\n\t\t\t\t<span class=\"qodef-st-title-bold\">Qu\u00e8<\/span> <span class=\"qodef-st-title-bold\">fer?<\/span>\t\t\t<\/h2>\n\t\t\t\t\t<\/div>\n<\/div>[vc_empty_space height=&#8221;20px&#8221;][\/vc_column][\/vc_row][vc_row full_width=&#8221;stretch_row_content&#8221;][vc_column]<div class=\"qodef-elements-holder   qodef-three-columns  qodef-responsive-mode-768 \" ><div class=\"qodef-eh-item     qodef-badge-enabled\" style=\"background-color: #fafafa\" data-item-class=\"qodef-eh-custom-1274\" data-1280-1600=\"0 10% 4% 12%\" data-1024-1280=\"0 15% 6% 10%\" data-768-1024=\"0 0 6% 5%\" data-680-768=\"15% 40% 10% 10%\" data-680=\"30% 10% 10% 5%\">\n\t<div class=\"qodef-eh-item-inner\">\n\t\t<div class=\"qodef-eh-item-content qodef-eh-custom-1274\" style=\"padding: 0 10% 4% 22%\">\n\t\t\t[vc_column_text]<\/p>\n<h3 style=\"text-align: left;\">Senderisme<\/h3>\n<p style=\"font-family: Montserrat; margin-top: -18px; margin-bottom: 16px; text-align: left;\"><span class=\"change-second-color\" style=\"color: #ff0030;\"><em>Finca Galatz\u00f3<\/em><\/span><\/p>\n<p><strong>Senderisme<\/strong>: 4 itineraris que recorren un total de 35 km, en els quals es pot observar una gran varietat de fauna i de vegetaci\u00f3.<\/p>\n<ol>\n<li style=\"list-style-type: none;\">\n<ol>\n<li style=\"list-style-type: none;\">\n<ol>\n<li aria-level=\"1\"><a href=\"https:\/\/visitcalvia.org\/senderismo\/\"><em>L\u2019itinerari de s\u2019Esclop.<\/em><\/a><\/li>\n<li aria-level=\"1\"><em><a href=\"https:\/\/visitcalvia.org\/senderismo\/\">L\u2019itinerari de Sa Vinya.<\/a><\/em><\/li>\n<li aria-level=\"1\"><em><a href=\"https:\/\/visitcalvia.org\/senderismo\/\">L\u2019itinerari de Ses Planes.<\/a><\/em><\/li>\n<li aria-level=\"1\"><em><a href=\"https:\/\/visitcalvia.org\/senderismo\/\">L\u2019itinerari de Ses S\u00ednies.<\/a><\/em><\/li>\n<\/ol>\n<\/li>\n<\/ol>\n<\/li>\n<\/ol>\n<p>[\/vc_column_text]\t\t<\/div>\n\t<\/div>\n\t\t\t<div class=\"qodef-eh-badge-holder\">\n\t\t\t<div class=\"qodef-eh-badge\">\n\t\t\t\t<div class=\"qodef-eh-badge-text\">New<\/div>\n\t\t\t<\/div>\n\t\t<\/div>\n\t<\/div><div class=\"qodef-eh-item     qodef-badge-enabled\" style=\"background-color: #fafafa\" data-item-class=\"qodef-eh-custom-6822\" data-1280-1600=\"0 10% 4% 12%\" data-1024-1280=\"0 15% 6% 10%\" data-768-1024=\"0 0 6% 5%\" data-680-768=\"15% 40% 10% 10%\" data-680=\"30% 10% 10% 5%\">\n\t<div class=\"qodef-eh-item-inner\">\n\t\t<div class=\"qodef-eh-item-content qodef-eh-custom-6822\" style=\"padding: 0 10% 4% 22%\">\n\t\t\t[vc_column_text]<\/p>\n<h3 style=\"text-align: left;\">Activitats<\/h3>\n<p style=\"font-family: Montserrat; margin-top: -18px; margin-bottom: 16px; text-align: left;\"><span class=\"change-second-color\" style=\"color: #ff0030;\"><em>Finca Galatz\u00f3<\/em><\/span><\/p>\n<p><strong>Activitats<\/strong>: activitats de tipus mediambiental, culturals i esportives.<\/p>\n<ul>\n<li>\n<ul>\n<li aria-level=\"1\">Visitar la\u00a0tafona.<\/li>\n<li aria-level=\"1\">Visita guiada al forn de cal\u00e7 de\u00a0Na\u00a0Llaneres.<\/li>\n<li aria-level=\"1\">Jornada de prevenci\u00f3 de riscos a la muntanya.<\/li>\n<li aria-level=\"1\">Edici\u00f3 de les Jornades Micol\u00f2giques.<\/li>\n<li aria-level=\"1\">Jornades sobre el\u00a0Comte\u00a0Malament.<\/li>\n<li aria-level=\"1\">Jornades sobre Fran\u00e7ois\u00a0Arag\u00f3.<\/li>\n<\/ul>\n<\/li>\n<\/ul>\n<p>[\/vc_column_text]\t\t<\/div>\n\t<\/div>\n\t\t\t<div class=\"qodef-eh-badge-holder\">\n\t\t\t<div class=\"qodef-eh-badge\">\n\t\t\t\t<div class=\"qodef-eh-badge-text\">New<\/div>\n\t\t\t<\/div>\n\t\t<\/div>\n\t<\/div><\/div>[\/vc_column][\/vc_row][vc_row row_content_width=&#8221;grid&#8221; css=&#8221;.vc_custom_1587460367699{padding-top: 20px !important;padding-bottom: 10px !important;}&#8221;][vc_column][vc_empty_space]<div class=\"qodef-section-title-holder  qodef-st-standard qodef-st-title-left qodef-st-normal-space qodef-st-disable-title-break qodef-st-with-border\" style=\"text-align: left\">\n\t<div class=\"qodef-st-inner\">\n\t\t\t\t\t<h2 class=\"qodef-st-title\" >\n\t\t\t\tDades d'inter\u00e8s\t\t\t<\/h2>\n\t\t\t\t\t\t\t<h5 class=\"qodef-st-text\" >\n\t\t\t\tPatrimoni natural, hist\u00f2ric, etnogr\u00e0fic, arqueol\u00f2gic i arquitect\u00f2nic.\t\t\t<\/h5>\n\t\t\t<\/div>\n<\/div>[\/vc_column][\/vc_row][vc_row row_content_width=&#8221;grid&#8221; css=&#8221;.vc_custom_1585726577981{padding-top: 20px !important;padding-bottom: 30px !important;}&#8221;][vc_column width=&#8221;1\/2&#8243;][vc_row_inner css=&#8221;.vc_custom_1587459893981{padding-top: -40px !important;}&#8221;][vc_column_inner][vc_column_text]<\/p>\n<h5 style=\"text-align: left;\"><strong><img data-recalc-dims=\"1\" decoding=\"async\" data-attachment-id=\"16998\" data-permalink=\"https:\/\/visitcalvia.org\/ca\/finca-galatzo-ca\/icono-horarios-50px-2\/\" data-orig-file=\"https:\/\/i0.wp.com\/visitcalvia.org\/wp-content\/uploads\/2021\/04\/icono-horarios-50px.png?fit=50%2C51&amp;ssl=1\" data-orig-size=\"50,51\" data-comments-opened=\"1\" data-image-meta=\"{&quot;aperture&quot;:&quot;0&quot;,&quot;credit&quot;:&quot;&quot;,&quot;camera&quot;:&quot;&quot;,&quot;caption&quot;:&quot;&quot;,&quot;created_timestamp&quot;:&quot;0&quot;,&quot;copyright&quot;:&quot;&quot;,&quot;focal_length&quot;:&quot;0&quot;,&quot;iso&quot;:&quot;0&quot;,&quot;shutter_speed&quot;:&quot;0&quot;,&quot;title&quot;:&quot;&quot;,&quot;orientation&quot;:&quot;0&quot;}\" data-image-title=\"icono-horarios-50px\" data-image-description=\"\" data-image-caption=\"\" data-large-file=\"https:\/\/i0.wp.com\/visitcalvia.org\/wp-content\/uploads\/2021\/04\/icono-horarios-50px.png?fit=50%2C51&amp;ssl=1\" class=\"size-full wp-image-16998 alignleft\" src=\"https:\/\/i0.wp.com\/visitcalvia.org\/wp-content\/uploads\/2021\/04\/icono-horarios-50px.png?resize=50%2C51&#038;ssl=1\" alt=\"\" width=\"50\" height=\"51\" \/>Horari d\u2019acc\u00e9s a la finca:\u00a0<\/strong>de 08.00 a les 17.00<strong><br \/>\n<\/strong><\/h5>\n<h5 style=\"text-align: left;\"><strong>Horaris d\u2019acc\u00e9s a les \u201cCasis\u201d<\/strong>: de dilluns a divendres de 09.30 a les 14.30.\u00a0 Dissabtes, diumenges i festius de 10.00\u00a0 a 17.00<\/h5>\n<p>[\/vc_column_text][\/vc_column_inner][\/vc_row_inner][vc_row_inner css=&#8221;.vc_custom_1587459893981{padding-top: -40px !important;}&#8221;][vc_column_inner][vc_column_text]<\/p>\n<h5 style=\"text-align: left;\"><strong><img data-recalc-dims=\"1\" decoding=\"async\" data-attachment-id=\"16998\" data-permalink=\"https:\/\/visitcalvia.org\/ca\/finca-galatzo-ca\/icono-horarios-50px-2\/\" data-orig-file=\"https:\/\/i0.wp.com\/visitcalvia.org\/wp-content\/uploads\/2021\/04\/icono-horarios-50px.png?fit=50%2C51&amp;ssl=1\" data-orig-size=\"50,51\" data-comments-opened=\"1\" data-image-meta=\"{&quot;aperture&quot;:&quot;0&quot;,&quot;credit&quot;:&quot;&quot;,&quot;camera&quot;:&quot;&quot;,&quot;caption&quot;:&quot;&quot;,&quot;created_timestamp&quot;:&quot;0&quot;,&quot;copyright&quot;:&quot;&quot;,&quot;focal_length&quot;:&quot;0&quot;,&quot;iso&quot;:&quot;0&quot;,&quot;shutter_speed&quot;:&quot;0&quot;,&quot;title&quot;:&quot;&quot;,&quot;orientation&quot;:&quot;0&quot;}\" data-image-title=\"icono-horarios-50px\" data-image-description=\"\" data-image-caption=\"\" data-large-file=\"https:\/\/i0.wp.com\/visitcalvia.org\/wp-content\/uploads\/2021\/04\/icono-horarios-50px.png?fit=50%2C51&amp;ssl=1\" class=\"alignleft wp-image-16998 size-full\" src=\"https:\/\/i0.wp.com\/visitcalvia.org\/wp-content\/uploads\/2021\/04\/icono-superficie-1.jpg?resize=50%2C51&#038;ssl=1\" alt=\"\" width=\"50\" height=\"51\" \/>Superf\u00edcie:\u00a0<\/strong>Hect\u00e0rees: 1401 Ha.\u00a0Metres quadrats: 14.013.500 m\u00b2 (1.972,9 quarterades).<\/h5>\n<p>[\/vc_column_text][\/vc_column_inner][\/vc_row_inner][vc_row_inner css=&#8221;.vc_custom_1587458140771{padding-left: 80px !important;}&#8221;][vc_column_inner width=&#8221;1\/2&#8243;][vc_column_text]<\/p>\n<blockquote>\n<h4 style=\"text-align: left;\"><b>Interior de la finca<\/b>:<\/h4>\n<\/blockquote>\n<p>[\/vc_column_text][vc_column_text]<\/p>\n<ul>\n<li aria-level=\"1\"><strong>Edifici principal (amb banys p\u00fablics)<\/strong><\/li>\n<li aria-level=\"1\"><strong>Tafona<\/strong><\/li>\n<li aria-level=\"1\"><strong>Antics forns de cal\u00e7<\/strong><\/li>\n<li aria-level=\"1\"><strong>Capella<\/strong><\/li>\n<\/ul>\n<p>[\/vc_column_text][\/vc_column_inner][vc_column_inner width=&#8221;1\/2&#8243;][vc_column_text]<\/p>\n<blockquote>\n<h4 style=\"text-align: left;\"><strong>Exterior de la finca:<\/strong><\/h4>\n<\/blockquote>\n<p>[\/vc_column_text][vc_column_text]<\/p>\n<ul>\n<li aria-level=\"1\"><strong>Espai amb taules<\/strong><\/li>\n<li aria-level=\"1\"><strong>Jard\u00ed bot\u00e0nic<\/strong><\/li>\n<\/ul>\n<p>[\/vc_column_text][\/vc_column_inner][\/vc_row_inner][\/vc_column][vc_column width=&#8221;1\/2&#8243;][vc_row_inner css=&#8221;.vc_custom_1587459893981{padding-top: -40px !important;}&#8221;][vc_column_inner][vc_column_text]<\/p>\n<h5 style=\"text-align: left;\"><strong><img data-recalc-dims=\"1\" decoding=\"async\" data-attachment-id=\"16998\" data-permalink=\"https:\/\/visitcalvia.org\/ca\/finca-galatzo-ca\/icono-horarios-50px-2\/\" data-orig-file=\"https:\/\/i0.wp.com\/visitcalvia.org\/wp-content\/uploads\/2021\/04\/icono-horarios-50px.png?fit=50%2C51&amp;ssl=1\" data-orig-size=\"50,51\" data-comments-opened=\"1\" data-image-meta=\"{&quot;aperture&quot;:&quot;0&quot;,&quot;credit&quot;:&quot;&quot;,&quot;camera&quot;:&quot;&quot;,&quot;caption&quot;:&quot;&quot;,&quot;created_timestamp&quot;:&quot;0&quot;,&quot;copyright&quot;:&quot;&quot;,&quot;focal_length&quot;:&quot;0&quot;,&quot;iso&quot;:&quot;0&quot;,&quot;shutter_speed&quot;:&quot;0&quot;,&quot;title&quot;:&quot;&quot;,&quot;orientation&quot;:&quot;0&quot;}\" data-image-title=\"icono-horarios-50px\" data-image-description=\"\" data-image-caption=\"\" data-large-file=\"https:\/\/i0.wp.com\/visitcalvia.org\/wp-content\/uploads\/2021\/04\/icono-horarios-50px.png?fit=50%2C51&amp;ssl=1\" class=\"alignleft wp-image-16998 size-full\" src=\"https:\/\/i0.wp.com\/visitcalvia.org\/wp-content\/uploads\/2021\/04\/icono-pueblos-1.jpg?resize=50%2C51&#038;ssl=1\" alt=\"\" width=\"50\" height=\"51\" \/>Pobles pr\u00f2xims:<\/strong> Puigpunyent, Estellencs i Andratx.<strong><br \/>\n<\/strong><\/h5>\n<p>[\/vc_column_text][\/vc_column_inner][\/vc_row_inner][vc_row_inner css=&#8221;.vc_custom_1587459893981{padding-top: -40px !important;}&#8221;][vc_column_inner][vc_column_text]<\/p>\n<h5 style=\"text-align: left;\"><strong><img data-recalc-dims=\"1\" decoding=\"async\" data-attachment-id=\"16998\" data-permalink=\"https:\/\/visitcalvia.org\/ca\/finca-galatzo-ca\/icono-horarios-50px-2\/\" data-orig-file=\"https:\/\/i0.wp.com\/visitcalvia.org\/wp-content\/uploads\/2021\/04\/icono-horarios-50px.png?fit=50%2C51&amp;ssl=1\" data-orig-size=\"50,51\" data-comments-opened=\"1\" data-image-meta=\"{&quot;aperture&quot;:&quot;0&quot;,&quot;credit&quot;:&quot;&quot;,&quot;camera&quot;:&quot;&quot;,&quot;caption&quot;:&quot;&quot;,&quot;created_timestamp&quot;:&quot;0&quot;,&quot;copyright&quot;:&quot;&quot;,&quot;focal_length&quot;:&quot;0&quot;,&quot;iso&quot;:&quot;0&quot;,&quot;shutter_speed&quot;:&quot;0&quot;,&quot;title&quot;:&quot;&quot;,&quot;orientation&quot;:&quot;0&quot;}\" data-image-title=\"icono-horarios-50px\" data-image-description=\"\" data-image-caption=\"\" data-large-file=\"https:\/\/i0.wp.com\/visitcalvia.org\/wp-content\/uploads\/2021\/04\/icono-horarios-50px.png?fit=50%2C51&amp;ssl=1\" class=\"alignleft wp-image-16998 size-full\" src=\"https:\/\/i0.wp.com\/visitcalvia.org\/wp-content\/uploads\/2020\/04\/restaurantes.png?resize=50%2C51&#038;ssl=1\" alt=\"\" width=\"50\" height=\"51\" \/>Bar: No, <\/strong>per\u00f2 hi ha 2 m\u00e0quines amb begudes fresques i caf\u00e8s.<strong><br \/>\n<\/strong><\/h5>\n<p>[\/vc_column_text][\/vc_column_inner][\/vc_row_inner][vc_row_inner css=&#8221;.vc_custom_1587459893981{padding-top: -40px !important;}&#8221;][vc_column_inner][vc_column_text]<\/p>\n<h5 style=\"text-align: left;\"><strong><img data-recalc-dims=\"1\" decoding=\"async\" data-attachment-id=\"16998\" data-permalink=\"https:\/\/visitcalvia.org\/ca\/finca-galatzo-ca\/icono-horarios-50px-2\/\" data-orig-file=\"https:\/\/i0.wp.com\/visitcalvia.org\/wp-content\/uploads\/2021\/04\/icono-horarios-50px.png?fit=50%2C51&amp;ssl=1\" data-orig-size=\"50,51\" data-comments-opened=\"1\" data-image-meta=\"{&quot;aperture&quot;:&quot;0&quot;,&quot;credit&quot;:&quot;&quot;,&quot;camera&quot;:&quot;&quot;,&quot;caption&quot;:&quot;&quot;,&quot;created_timestamp&quot;:&quot;0&quot;,&quot;copyright&quot;:&quot;&quot;,&quot;focal_length&quot;:&quot;0&quot;,&quot;iso&quot;:&quot;0&quot;,&quot;shutter_speed&quot;:&quot;0&quot;,&quot;title&quot;:&quot;&quot;,&quot;orientation&quot;:&quot;0&quot;}\" data-image-title=\"icono-horarios-50px\" data-image-description=\"\" data-image-caption=\"\" data-large-file=\"https:\/\/i0.wp.com\/visitcalvia.org\/wp-content\/uploads\/2021\/04\/icono-horarios-50px.png?fit=50%2C51&amp;ssl=1\" class=\"alignleft wp-image-16998 size-full\" src=\"https:\/\/i0.wp.com\/visitcalvia.org\/wp-content\/uploads\/2021\/04\/icono-ninos-1.jpg?resize=50%2C51&#038;ssl=1\" alt=\"\" width=\"50\" height=\"51\" \/>Apte per a anar amb nens: s\u00ed.<br \/>\n<\/strong><\/h5>\n<p>[\/vc_column_text][\/vc_column_inner][\/vc_row_inner][vc_row_inner css=&#8221;.vc_custom_1587459893981{padding-top: -40px !important;}&#8221;][vc_column_inner width=&#8221;3\/4&#8243;][vc_column_text]<\/p>\n<h5 style=\"text-align: left;\"><strong><img data-recalc-dims=\"1\" decoding=\"async\" data-attachment-id=\"16998\" data-permalink=\"https:\/\/visitcalvia.org\/ca\/finca-galatzo-ca\/icono-horarios-50px-2\/\" data-orig-file=\"https:\/\/i0.wp.com\/visitcalvia.org\/wp-content\/uploads\/2021\/04\/icono-horarios-50px.png?fit=50%2C51&amp;ssl=1\" data-orig-size=\"50,51\" data-comments-opened=\"1\" data-image-meta=\"{&quot;aperture&quot;:&quot;0&quot;,&quot;credit&quot;:&quot;&quot;,&quot;camera&quot;:&quot;&quot;,&quot;caption&quot;:&quot;&quot;,&quot;created_timestamp&quot;:&quot;0&quot;,&quot;copyright&quot;:&quot;&quot;,&quot;focal_length&quot;:&quot;0&quot;,&quot;iso&quot;:&quot;0&quot;,&quot;shutter_speed&quot;:&quot;0&quot;,&quot;title&quot;:&quot;&quot;,&quot;orientation&quot;:&quot;0&quot;}\" data-image-title=\"icono-horarios-50px\" data-image-description=\"\" data-image-caption=\"\" data-large-file=\"https:\/\/i0.wp.com\/visitcalvia.org\/wp-content\/uploads\/2021\/04\/icono-horarios-50px.png?fit=50%2C51&amp;ssl=1\" class=\"size-full wp-image-16998 alignleft\" src=\"https:\/\/i0.wp.com\/visitcalvia.org\/wp-content\/uploads\/2020\/04\/parking.png?resize=50%2C51&#038;ssl=1\" alt=\"\" width=\"50\" height=\"51\" \/>S\u00ed<\/strong><\/h5>\n<p>[\/vc_column_text][\/vc_column_inner][vc_column_inner width=&#8221;1\/4&#8243;][vc_icon icon_fontawesome=&#8221;fa fa-check&#8221; color=&#8221;green&#8221;][\/vc_column_inner][\/vc_row_inner][\/vc_column][\/vc_row][vc_row full_width=&#8221;stretch_row_content&#8221; equal_height=&#8221;yes&#8221; content_placement=&#8221;middle&#8221;][vc_column offset=&#8221;vc_col-lg-5 vc_col-md-12&#8243; css=&#8221;.vc_custom_1585820997663{margin-top: 0px !important;margin-right: 0px !important;margin-bottom: 0px !important;margin-left: 0px !important;padding-top: 0px !important;padding-right: 0px !important;padding-bottom: 0px !important;padding-left: 0px !important;background-color: #fcfcfc !important;}&#8221;]<div class=\"qodef-elements-holder   qodef-one-column  qodef-responsive-mode-768 qodef-one-column-alignment-right\" ><div class=\"qodef-eh-item   qodef-horizontal-alignment-right  \"  data-item-class=\"qodef-eh-custom-5376\" data-1280-1600=\"0 12% 15px 31%\" data-1024-1280=\"0 12% 15px 24%\" data-768-1024=\"48px 25% 70px 35%\" data-680-768=\"48px 12% 70px 35%\" data-680=\"50px 8% 70px 10%\">\n\t<div class=\"qodef-eh-item-inner\">\n\t\t<div class=\"qodef-eh-item-content qodef-eh-custom-5376\" style=\"padding: 0 12% 20px 35%\">\n\t\t\t[vc_column_text]<\/p>\n<h2 style=\"text-align: right;\"><strong>Galeria<\/strong> de fotos<\/h2>\n<p style=\"text-align: right; font-family: Montserrat; margin-top: -18px; margin-bottom: 16px;\"><span class=\"change-second-color\" style=\"color: #ff0030;\"><em>Finca de Galatz\u00f3<\/em><\/span><\/p>\n<p>[\/vc_column_text]\t\t<\/div>\n\t<\/div>\n\t<\/div><\/div>[\/vc_column][vc_column offset=&#8221;vc_col-lg-7 vc_col-md-12&#8243; css=&#8221;.vc_custom_1504689016842{margin-top: 0px !important;margin-right: 0px !important;margin-bottom: 0px !important;margin-left: 0px !important;padding-top: 0px !important;padding-right: 0px !important;padding-bottom: 0px !important;padding-left: 0px !important;}&#8221;][vc_gallery interval=&#8221;3&#8243; images=&#8221;16953,8921,5585,6366,5577,5393,5565&#8243; img_size=&#8221;full&#8221;][\/vc_column][\/vc_row][vc_row row_content_width=&#8221;grid&#8221; css=&#8221;.vc_custom_1587460367699{padding-top: 20px !important;padding-bottom: 10px !important;}&#8221;][vc_column][vc_empty_space]<div class=\"qodef-section-title-holder  qodef-st-standard qodef-st-title-left qodef-st-normal-space qodef-st-disable-title-break qodef-st-with-border\" style=\"text-align: left\">\n\t<div class=\"qodef-st-inner\">\n\t\t\t\t\t<h2 class=\"qodef-st-title\" >\n\t\t\t\tMites i llegendes\t\t\t<\/h2>\n\t\t\t\t\t<\/div>\n<\/div>[vc_column_text]La major part de mites i llegendes entorn de la possessi\u00f3 de\u00a0Galatz\u00f3\u00a0se centren en la figura del\u00a0Comte\u00a0Malament. Hist\u00f2ricament el\u00a0Comte\u00a0Mal va ser Ram\u00f3n\u00a0Burgu\u00e8s-*Zaforteza\u00a0Pacs-Fuster de Vilallonga i\u00a0N\u00e9t, segon Conde de Santa Mar\u00eda de\u00a0Formiguera. Va n\u00e9ixer el 15 d\u2019agost de 1627 i va morir el 26 d\u2019octubre de 1694. Durant la seva vida va mantenir una s\u00e8rie de disputes amb la Universitat i els ve\u00efns de la vila de Santa Margalida relacionats amb el manteniment de drets d\u2019origen feudal respecte a jurisdiccions civils i criminals, aix\u00ed com sobre el domini directe i pagament de delmes sobre les viles i habitants dels seus dominis. Aquestes actuacions, al costat d\u2019alguns abusos a la poblaci\u00f3, van fer que Ram\u00f3n\u00a0Burgu\u00e9s-*Zaforteza\u00a0adquir\u00eds mala fama entre els habitants dels seus dominis, fama que es va mantenir despr\u00e9s de la seva mort en el record popular.<\/p>\n<p>&nbsp;<\/p>\n<p>Una de les llegendes m\u00e9s conegudes \u00e9s la del <a href=\"http:\/\/fincagalatz.wordpress.com\/mitos-y-leyendas\/\"><em>\u00abComte Mal\u00bb<\/em><\/a>\u00a0 el qual una vegada mort, el comte continuava anant a visitar a la comtessa. Per a contrarestar les visites va fer col\u00b7locar al capell\u00e0 del poble una creu en les golfes amb el que les aparicions van cessar. Tamb\u00e9 conten que el comte cavalcava amb el seu cavall pel\u00a0Galatz\u00f3\u00a0i que en una d\u2019aquestes incursions espectrals, el cavall va relliscar i en la fa\u00e7ana de les cases, en la zona pr\u00f2xima a la capella, es veuen les empremtes de les pe\u00fclles del cavall fruit d\u2019aquest accident. Conten les llegendes que en les fredes nits de novembre quan nom\u00e9s se sentia el vent i el soroll dels animals, el\u00a0Comte\u00a0Mal cavalcava per les muntanyes de la possessi\u00f3.[\/vc_column_text][vc_empty_space][\/vc_column][\/vc_row][vc_row full_width=&#8221;stretch_row_content&#8221; gap=&#8221;20&#8243;][vc_column width=&#8221;1\/4&#8243; css=&#8221;.vc_custom_1585731740146{margin-left: 50px !important;}&#8221;][vc_column_text css=&#8221;.vc_custom_1653029994072{padding-bottom: 20px !important;}&#8221;]<\/p>\n<h3><strong>Com arribar?<\/strong><\/h3>\n<p>[\/vc_column_text][vc_empty_space height=&#8221;13px&#8221;]<div class=\"qodef-icon-list-holder \" >\n\t<div class=\"qodef-il-icon-holder\">\n\t\t<span aria-hidden=\"true\" class=\"qodef-icon-font-elegant icon_pin \" style=\"color: #00947d;font-size: 20px\"><\/span>\t<\/div>\n\t<p class=\"qodef-il-text\" style=\"padding-left: 25px\">Ubicaci\u00f3n: Es Capdell\u00e0, C\/ de es Capdell\u00e0 a Galilea, km. 2.2 \u00b7 07196 Calvi\u00e0<\/p>\n<\/div>[vc_column_text]<strong>Indicacions<\/strong>: Anar a\u00a0Es\u00a0Capdell\u00e0\u00a0i des d\u2019all\u00ed agafar la carretera que ens portaria a Galilea, passats 2 km arribant al propi p\u00e0rquing de la finca. A uns metres d\u2019all\u00ed ens trobem finalment amb els exteriors de la finca.[\/vc_column_text][vc_empty_space][\/vc_column][vc_column width=&#8221;3\/4&#8243;][vc_gmaps link=&#8221;#E-8_JTNDaWZyYW1lJTIwc3R5bGUlM0QlMjJib3JkZXIlM0ElMjAwJTNCJTIyJTIwdGFiaW5kZXglM0QlMjIwJTIyJTIwc3JjJTNEJTIyaHR0cHMlM0ElMkYlMkZ3d3cuZ29vZ2xlLmNvbSUyRm1hcHMlMkZlbWJlZCUzRnBiJTNEJTIxMW0xOCUyMTFtMTIlMjExbTMlMjExZDMwNzMuODk3MDA3ODY1Njc1JTIxMmQyLjQ2ODIwNjM1MDE1ODE4MzclMjEzZDM5LjYwNzAwMjQ3OTM2NjY2JTIxMm0zJTIxMWYwJTIxMmYwJTIxM2YwJTIxM20yJTIxMWkxMDI0JTIxMmk3NjglMjE0ZjEzLjElMjEzbTMlMjExbTIlMjExczB4MTI5NzhhYmQyYzY4MjljMyUyNTNBMHg3ZDEyMTI3MmQxNzBiYWMlMjEyc0ZpbmNhJTI1MjBQJTI1QzMlMjVCQWJsaWNhJTI1MjBHYWxhdHolMjVDMyUyNUIzJTIxNWUwJTIxM20yJTIxMXNlcyUyMTJzZXMlMjE0djE1ODY4Njg1NTIwNjQlMjE1bTIlMjExc2VzJTIxMnNlcyUyMiUyMHdpZHRoJTNEJTIyNjAwJTIyJTIwaGVpZ2h0JTNEJTIyNDUwJTIyJTIwZnJhbWVib3JkZXIlM0QlMjIwJTIyJTIwYWxsb3dmdWxsc2NyZWVuJTNEJTIyYWxsb3dmdWxsc2NyZWVuJTIyJTIwYXJpYS1oaWRkZW4lM0QlMjJmYWxzZSUyMiUzRSUzQyUyRmlmcmFtZSUzRQ==&#8221;][\/vc_column][\/vc_row]<\/p>\n<\/div>","protected":false},"excerpt":{"rendered":"<p>[vc_row full_width=&#8221;stretch_row&#8221; content_placement=&#8221;middle&#8221; content_text_aligment=&#8221;center&#8221; css=&#8221;.vc_custom_1619599974539{padding-top: 111px !important;background-image: url(<a href=\"https:\/\/visitcalvia.org\/wp-content\/uploads\/2021\/04\/fincadegalatzo-1.jpg?id=16952\">https:\/\/visitcalvia.org\/wp-content\/uploads\/2021\/04\/fincadegalatzo-1.jpg?id=16952<\/a>) !important;background-position: center !important;background-repeat: no-repeat !important;background-size: cover !important;}&#8221; simple_background_color=&#8221;#ffffff&#8221;][vc_column][\/vc_column][\/vc_row][vc_row row_content_width=&#8221;grid&#8221; css=&#8221;.vc_custom_1587458275105{margin-top: 35px !important;padding-bottom: 30px !important;}&#8221;][vc_column][vc_column_text]Parad\u00eds natural, arqueol\u00f2gic i patrimonial de Mallorca. Aquesta llegend\u00e0ria possessi\u00f3 i els seus terrenys \u00e9s un lloc ideal per a fer fant\u00e0stics passejos per la naturalesa i gaudir de la pau, la tranquil\u00b7litat [&hellip;]<\/p>\n","protected":false},"author":182516946,"featured_media":15590,"parent":0,"menu_order":0,"comment_status":"closed","ping_status":"closed","template":"","meta":{"_coblocks_attr":"","_coblocks_dimensions":"","_coblocks_responsive_height":"","_coblocks_accordion_ie_support":"","_crdt_document":"","footnotes":""},"class_list":["post-17142","page","type-page","status-publish","has-post-thumbnail","hentry"],"yoast_head":"<!-- This site is optimized with the Yoast SEO plugin v27.4 - https:\/\/yoast.com\/product\/yoast-seo-wordpress\/ -->\n<title>Finca Galatz\u00f3 - Patrimonio Universal - Visit Calvi\u00e0<\/title>\n<meta name=\"description\" content=\"La finca de Galatz\u00f3 es un para\u00edso natural, arqueol\u00f3gico y patrimonial de Mallorca. Esta legendaria posesi\u00f3n y sus terrenos esconden verdaderas maravillas.\" \/>\n<meta name=\"robots\" content=\"index, follow, max-snippet:-1, max-image-preview:large, max-video-preview:-1\" \/>\n<link rel=\"canonical\" href=\"https:\/\/visitcalvia.org\/ca\/finca-galatzo-ca\/\" \/>\n<meta property=\"og:locale\" content=\"ca_ES\" \/>\n<meta property=\"og:type\" content=\"article\" \/>\n<meta property=\"og:title\" content=\"Finca Galatz\u00f3 - Patrimonio Universal - Visit Calvi\u00e0\" \/>\n<meta property=\"og:description\" content=\"La finca de Galatz\u00f3 es un para\u00edso natural, arqueol\u00f3gico y patrimonial de Mallorca. Esta legendaria posesi\u00f3n y sus terrenos esconden verdaderas maravillas.\" \/>\n<meta property=\"og:url\" content=\"https:\/\/visitcalvia.org\/ca\/finca-galatzo-ca\/\" \/>\n<meta property=\"og:site_name\" content=\"visitcalvia\" \/>\n<meta property=\"article:modified_time\" content=\"2022-05-20T07:01:58+00:00\" \/>\n<meta property=\"og:image\" content=\"https:\/\/visitcalvia.org\/wp-content\/uploads\/2021\/03\/Diseno-sin-titulo-26-1-1024x1024.png\" \/>\n\t<meta property=\"og:image:width\" content=\"1024\" \/>\n\t<meta property=\"og:image:height\" content=\"1024\" \/>\n\t<meta property=\"og:image:type\" content=\"image\/png\" \/>\n<meta name=\"twitter:card\" content=\"summary_large_image\" \/>\n<meta name=\"twitter:label1\" content=\"Temps estimat de lectura\" \/>\n\t<meta name=\"twitter:data1\" content=\"6 minuts\" \/>\n<script type=\"application\/ld+json\" class=\"yoast-schema-graph\">{\"@context\":\"https:\\\/\\\/schema.org\",\"@graph\":[{\"@type\":\"WebPage\",\"@id\":\"https:\\\/\\\/visitcalvia.org\\\/ca\\\/finca-galatzo-ca\\\/\",\"url\":\"https:\\\/\\\/visitcalvia.org\\\/ca\\\/finca-galatzo-ca\\\/\",\"name\":\"Finca Galatz\u00f3 - Patrimonio Universal - Visit Calvi\u00e0\",\"isPartOf\":{\"@id\":\"https:\\\/\\\/visitcalvia.org\\\/ca\\\/#website\"},\"primaryImageOfPage\":{\"@id\":\"https:\\\/\\\/visitcalvia.org\\\/ca\\\/finca-galatzo-ca\\\/#primaryimage\"},\"image\":{\"@id\":\"https:\\\/\\\/visitcalvia.org\\\/ca\\\/finca-galatzo-ca\\\/#primaryimage\"},\"thumbnailUrl\":\"https:\\\/\\\/i0.wp.com\\\/visitcalvia.org\\\/wp-content\\\/uploads\\\/2021\\\/03\\\/Diseno-sin-titulo-26-1.png?fit=1080%2C1080&ssl=1\",\"datePublished\":\"2021-04-29T10:15:52+00:00\",\"dateModified\":\"2022-05-20T07:01:58+00:00\",\"description\":\"La finca de Galatz\u00f3 es un para\u00edso natural, arqueol\u00f3gico y patrimonial de Mallorca. Esta legendaria posesi\u00f3n y sus terrenos esconden verdaderas maravillas.\",\"breadcrumb\":{\"@id\":\"https:\\\/\\\/visitcalvia.org\\\/ca\\\/finca-galatzo-ca\\\/#breadcrumb\"},\"inLanguage\":\"ca\",\"potentialAction\":[{\"@type\":\"ReadAction\",\"target\":[\"https:\\\/\\\/visitcalvia.org\\\/ca\\\/finca-galatzo-ca\\\/\"]}]},{\"@type\":\"ImageObject\",\"inLanguage\":\"ca\",\"@id\":\"https:\\\/\\\/visitcalvia.org\\\/ca\\\/finca-galatzo-ca\\\/#primaryimage\",\"url\":\"https:\\\/\\\/i0.wp.com\\\/visitcalvia.org\\\/wp-content\\\/uploads\\\/2021\\\/03\\\/Diseno-sin-titulo-26-1.png?fit=1080%2C1080&ssl=1\",\"contentUrl\":\"https:\\\/\\\/i0.wp.com\\\/visitcalvia.org\\\/wp-content\\\/uploads\\\/2021\\\/03\\\/Diseno-sin-titulo-26-1.png?fit=1080%2C1080&ssl=1\",\"width\":1080,\"height\":1080,\"caption\":\"Finca de Galatz\u00f3 Calvi\u00e0\"},{\"@type\":\"BreadcrumbList\",\"@id\":\"https:\\\/\\\/visitcalvia.org\\\/ca\\\/finca-galatzo-ca\\\/#breadcrumb\",\"itemListElement\":[{\"@type\":\"ListItem\",\"position\":1,\"name\":\"Portada\",\"item\":\"https:\\\/\\\/visitcalvia.org\\\/ca\\\/\"},{\"@type\":\"ListItem\",\"position\":2,\"name\":\"Finca Galatz\u00f3\"}]},{\"@type\":\"WebSite\",\"@id\":\"https:\\\/\\\/visitcalvia.org\\\/ca\\\/#website\",\"url\":\"https:\\\/\\\/visitcalvia.org\\\/ca\\\/\",\"name\":\"visitcalvia\",\"description\":\"Vacaciones en Mallorca \u2013 Calvi\u00e0 m\u00faltiples destinos en uno s\u00f3lo lugar. Palmanova, Santa Pon\u00e7a, Magaluf, Peguera, Portals Nous, Costa d\u2019en Blanes, Cala Vinyes\",\"potentialAction\":[{\"@type\":\"SearchAction\",\"target\":{\"@type\":\"EntryPoint\",\"urlTemplate\":\"https:\\\/\\\/visitcalvia.org\\\/ca\\\/?s={search_term_string}\"},\"query-input\":{\"@type\":\"PropertyValueSpecification\",\"valueRequired\":true,\"valueName\":\"search_term_string\"}}],\"inLanguage\":\"ca\"}]}<\/script>\n<!-- \/ Yoast SEO plugin. -->","yoast_head_json":{"title":"Finca Galatz\u00f3 - Patrimonio Universal - Visit Calvi\u00e0","description":"La finca de Galatz\u00f3 es un para\u00edso natural, arqueol\u00f3gico y patrimonial de Mallorca. Esta legendaria posesi\u00f3n y sus terrenos esconden verdaderas maravillas.","robots":{"index":"index","follow":"follow","max-snippet":"max-snippet:-1","max-image-preview":"max-image-preview:large","max-video-preview":"max-video-preview:-1"},"canonical":"https:\/\/visitcalvia.org\/ca\/finca-galatzo-ca\/","og_locale":"ca_ES","og_type":"article","og_title":"Finca Galatz\u00f3 - Patrimonio Universal - Visit Calvi\u00e0","og_description":"La finca de Galatz\u00f3 es un para\u00edso natural, arqueol\u00f3gico y patrimonial de Mallorca. Esta legendaria posesi\u00f3n y sus terrenos esconden verdaderas maravillas.","og_url":"https:\/\/visitcalvia.org\/ca\/finca-galatzo-ca\/","og_site_name":"visitcalvia","article_modified_time":"2022-05-20T07:01:58+00:00","og_image":[{"width":1024,"height":1024,"url":"https:\/\/visitcalvia.org\/wp-content\/uploads\/2021\/03\/Diseno-sin-titulo-26-1-1024x1024.png","type":"image\/png"}],"twitter_card":"summary_large_image","twitter_misc":{"Temps estimat de lectura":"6 minuts"},"schema":{"@context":"https:\/\/schema.org","@graph":[{"@type":"WebPage","@id":"https:\/\/visitcalvia.org\/ca\/finca-galatzo-ca\/","url":"https:\/\/visitcalvia.org\/ca\/finca-galatzo-ca\/","name":"Finca Galatz\u00f3 - Patrimonio Universal - Visit Calvi\u00e0","isPartOf":{"@id":"https:\/\/visitcalvia.org\/ca\/#website"},"primaryImageOfPage":{"@id":"https:\/\/visitcalvia.org\/ca\/finca-galatzo-ca\/#primaryimage"},"image":{"@id":"https:\/\/visitcalvia.org\/ca\/finca-galatzo-ca\/#primaryimage"},"thumbnailUrl":"https:\/\/i0.wp.com\/visitcalvia.org\/wp-content\/uploads\/2021\/03\/Diseno-sin-titulo-26-1.png?fit=1080%2C1080&ssl=1","datePublished":"2021-04-29T10:15:52+00:00","dateModified":"2022-05-20T07:01:58+00:00","description":"La finca de Galatz\u00f3 es un para\u00edso natural, arqueol\u00f3gico y patrimonial de Mallorca. Esta legendaria posesi\u00f3n y sus terrenos esconden verdaderas maravillas.","breadcrumb":{"@id":"https:\/\/visitcalvia.org\/ca\/finca-galatzo-ca\/#breadcrumb"},"inLanguage":"ca","potentialAction":[{"@type":"ReadAction","target":["https:\/\/visitcalvia.org\/ca\/finca-galatzo-ca\/"]}]},{"@type":"ImageObject","inLanguage":"ca","@id":"https:\/\/visitcalvia.org\/ca\/finca-galatzo-ca\/#primaryimage","url":"https:\/\/i0.wp.com\/visitcalvia.org\/wp-content\/uploads\/2021\/03\/Diseno-sin-titulo-26-1.png?fit=1080%2C1080&ssl=1","contentUrl":"https:\/\/i0.wp.com\/visitcalvia.org\/wp-content\/uploads\/2021\/03\/Diseno-sin-titulo-26-1.png?fit=1080%2C1080&ssl=1","width":1080,"height":1080,"caption":"Finca de Galatz\u00f3 Calvi\u00e0"},{"@type":"BreadcrumbList","@id":"https:\/\/visitcalvia.org\/ca\/finca-galatzo-ca\/#breadcrumb","itemListElement":[{"@type":"ListItem","position":1,"name":"Portada","item":"https:\/\/visitcalvia.org\/ca\/"},{"@type":"ListItem","position":2,"name":"Finca Galatz\u00f3"}]},{"@type":"WebSite","@id":"https:\/\/visitcalvia.org\/ca\/#website","url":"https:\/\/visitcalvia.org\/ca\/","name":"visitcalvia","description":"Vacaciones en Mallorca \u2013 Calvi\u00e0 m\u00faltiples destinos en uno s\u00f3lo lugar. Palmanova, Santa Pon\u00e7a, Magaluf, Peguera, Portals Nous, Costa d\u2019en Blanes, Cala Vinyes","potentialAction":[{"@type":"SearchAction","target":{"@type":"EntryPoint","urlTemplate":"https:\/\/visitcalvia.org\/ca\/?s={search_term_string}"},"query-input":{"@type":"PropertyValueSpecification","valueRequired":true,"valueName":"search_term_string"}}],"inLanguage":"ca"}]}},"jetpack_likes_enabled":false,"jetpack_sharing_enabled":false,"jetpack_shortlink":"https:\/\/wp.me\/PbP1bo-4su","amp_enabled":true,"_links":{"self":[{"href":"https:\/\/visitcalvia.org\/ca\/wp-json\/wp\/v2\/pages\/17142","targetHints":{"allow":["GET"]}}],"collection":[{"href":"https:\/\/visitcalvia.org\/ca\/wp-json\/wp\/v2\/pages"}],"about":[{"href":"https:\/\/visitcalvia.org\/ca\/wp-json\/wp\/v2\/types\/page"}],"author":[{"embeddable":true,"href":"https:\/\/visitcalvia.org\/ca\/wp-json\/wp\/v2\/users\/182516946"}],"replies":[{"embeddable":true,"href":"https:\/\/visitcalvia.org\/ca\/wp-json\/wp\/v2\/comments?post=17142"}],"version-history":[{"count":16,"href":"https:\/\/visitcalvia.org\/ca\/wp-json\/wp\/v2\/pages\/17142\/revisions"}],"predecessor-version":[{"id":19151,"href":"https:\/\/visitcalvia.org\/ca\/wp-json\/wp\/v2\/pages\/17142\/revisions\/19151"}],"wp:featuredmedia":[{"embeddable":true,"href":"https:\/\/visitcalvia.org\/ca\/wp-json\/wp\/v2\/media\/15590"}],"wp:attachment":[{"href":"https:\/\/visitcalvia.org\/ca\/wp-json\/wp\/v2\/media?parent=17142"}],"curies":[{"name":"wp","href":"https:\/\/api.w.org\/{rel}","templated":true}]}}