{"id":30824,"date":"2026-04-22T10:27:37","date_gmt":"2026-04-22T08:27:37","guid":{"rendered":"https:\/\/visitcalvia.org\/senderisme-2\/"},"modified":"2026-04-23T10:13:23","modified_gmt":"2026-04-23T08:13:23","slug":"senderisme-calvia","status":"publish","type":"page","link":"https:\/\/visitcalvia.org\/ca\/senderisme-calvia\/","title":{"rendered":"Senderisme"},"content":{"rendered":"<div class=\"wpb-content-wrapper\"><p>[vc_row row_content_width=&#8221;grid&#8221;][vc_column]\n\t\t\t<!-- START Senderismo  new REVOLUTION SLIDER 6.7.13 --><p class=\"rs-p-wp-fix\"><\/p>\n\t\t\t<rs-module-wrap id=\"rev_slider_19_1_wrapper\" data-source=\"gallery\" style=\"visibility:hidden;background:transparent;padding:0;margin:0px auto;margin-top:0;margin-bottom:0;\">\n\t\t\t\t<rs-module id=\"rev_slider_19_1\" style=\"\" data-version=\"6.7.13\">\n\t\t\t\t\t<rs-slides style=\"overflow: hidden; position: absolute;\">\n\t\t\t\t\t\t<rs-slide style=\"position: absolute;\" data-key=\"rs-79\" data-title=\"Slide\" data-anim=\"adpr:false;ms:700ms;\" data-in=\"o:0;e:power3.inOut;\" data-out=\"e:power3.out;\">\n\t\t\t\t\t\t\t<img data-recalc-dims=\"1\" decoding=\"async\" src=\"https:\/\/i0.wp.com\/visitcalvia.org\/wp-content\/plugins\/revslider\/sr6\/assets\/assets\/dummy.png?resize=1100%2C733\" alt=\"Slide\" width=\"1100\" height=\"733\" class=\"rev-slidebg tp-rs-img rs-lazyload\" data-lazyload=\"\/\/visitcalvia.org\/wp-content\/plugins\/revslider\/sr6\/assets\/assets\/transparent.png\" data-bg=\"c:#000000;\" data-parallax=\"off\" data-no-retina>\n<!--\n\t\t\t\t\t\t\t--><rs-layer\n\t\t\t\t\t\t\t\tid=\"slider-19-slide-79-layer-1\" \n\t\t\t\t\t\t\t\tclass=\"rs-layer-video intrinsic-ignore\"\n\t\t\t\t\t\t\t\tdata-type=\"video\"\n\t\t\t\t\t\t\t\tdata-rsp_ch=\"on\"\n\t\t\t\t\t\t\t\tdata-xy=\"x:c;xo:0,0,0,3px;y:m;yo:0,0,0,-59px;\"\n\t\t\t\t\t\t\t\tdata-text=\"w:normal;s:20,20,20,6;l:0,0,0,8;\"\n\t\t\t\t\t\t\t\tdata-dim=\"w:1711px,1711px,1711px,1040px;h:962px,962px,962px,585px;\"\n\t\t\t\t\t\t\t\tdata-video=\"vd:100;l:false;ptimer:false;\"\n\t\t\t\t\t\t\t\tdata-ytid=\"u8N27X3TnvQ?si=TYpdhCEKvXiJBSY7\"\n\t\t\t\t\t\t\t\tdata-vatr=\"version=3&amp;enablejsapi=1&amp;html5=1&amp;hd=1&amp;wmode=opaque&amp;showinfo=0&amp;rel=0&amp;origin=https:\/\/visitcalvia.org;\"\n\t\t\t\t\t\t\t\tdata-frame_999=\"o:0;st:w;\"\n\t\t\t\t\t\t\t\tstyle=\"z-index:8;\"\n\t\t\t\t\t\t\t>\n\t\t\t\t\t\t\t<\/rs-layer><!--\n-->\t\t\t\t\t<\/rs-slide>\n\t\t\t\t\t<\/rs-slides>\n\t\t\t\t<\/rs-module>\n\t\t\t\t<script>\n\t\t\t\t\tsetREVStartSize({c: 'rev_slider_19_1',rl:[1240,1240,1240,480],el:[500,500,500,420],gw:[1340,1340,1340,480],gh:[500,500,500,420],type:'standard',justify:'',layout:'fullwidth',mh:\"0\"});if (window.RS_MODULES!==undefined && window.RS_MODULES.modules!==undefined && window.RS_MODULES.modules[\"revslider191\"]!==undefined) {window.RS_MODULES.modules[\"revslider191\"].once = false;window.revapi19 = undefined;if (window.RS_MODULES.checkMinimal!==undefined) window.RS_MODULES.checkMinimal()}\n\t\t\t\t<\/script>\n\t\t\t\t<script src=\"https:\/\/www.youtube.com\/iframe_api\"><\/script>\n\t\t\t<\/rs-module-wrap>\n\t\t\t<!-- END REVOLUTION SLIDER -->\n[\/vc_column][\/vc_row][vc_row full_width=&#8221;stretch_row&#8221; css=&#8221;.vc_custom_1774950787382{background-color: #0562A4 !important;}&#8221;][vc_column][vc_column_text css=&#8221;.vc_custom_1774950801715{margin-bottom: 14px !important;}&#8221;]<\/p>\n<h2 style=\"text-align: center;\"><span class=\"change-second-color\" style=\"color: #ffffff; font-family: Montserrat;\">RUTES HOMOLOGADES<\/span><\/h2>\n<p>[\/vc_column_text][vc_empty_space height=&#8221;20px&#8221;][\/vc_column][\/vc_row][vc_row full_width=&#8221;stretch_row_content&#8221; css=&#8221;.vc_custom_1774951366153{background-color: #E4E4E4 !important;}&#8221;][vc_column width=&#8221;1\/4&#8243;][vc_single_image image=&#8221;30469&#8243; img_size=&#8221;full&#8221; alignment=&#8221;center&#8221; css=&#8221;&#8221;][vc_btn title=&#8221;PR-MA 1: Peguera &#8211; Es Capdell\u00e0&#8221; shape=&#8221;square&#8221; color=&#8221;black&#8221; size=&#8221;lg&#8221; align=&#8221;center&#8221; i_icon_fontawesome=&#8221;fas fa-walking&#8221; css=&#8221;&#8221; button_block=&#8221;true&#8221; add_icon=&#8221;true&#8221; link=&#8221;url:https%3A%2F%2Fvisitcalvia.org%2Fca%2Fsenderisme_calvia_peguera_escapdella%2F&#8221;][\/vc_column][vc_column width=&#8221;1\/4&#8243;][vc_single_image image=&#8221;30473&#8243; img_size=&#8221;full&#8221; alignment=&#8221;center&#8221; css=&#8221;&#8221;][vc_btn title=&#8221;PR-MA 2: La Vall Verda&#8221; shape=&#8221;square&#8221; color=&#8221;black&#8221; size=&#8221;lg&#8221; align=&#8221;center&#8221; i_icon_fontawesome=&#8221;fas fa-walking&#8221; css=&#8221;&#8221; button_block=&#8221;true&#8221; add_icon=&#8221;true&#8221; link=&#8221;url:https%3A%2F%2Fvisitcalvia.org%2Fca%2Fsenderisme_calvia_lavallverda%2F&#8221;][\/vc_column][vc_column width=&#8221;1\/4&#8243;][vc_single_image image=&#8221;30477&#8243; img_size=&#8221;full&#8221; alignment=&#8221;center&#8221; css=&#8221;&#8221;][vc_btn title=&#8221;PR-MA 3: Sa Vinya&#8221; shape=&#8221;square&#8221; color=&#8221;black&#8221; size=&#8221;lg&#8221; align=&#8221;center&#8221; i_icon_fontawesome=&#8221;fas fa-walking&#8221; css=&#8221;&#8221; button_block=&#8221;true&#8221; add_icon=&#8221;true&#8221; link=&#8221;url:https%3A%2F%2Fvisitcalvia.org%2Fca%2Fsenderisme_calvia_savinya%2F&#8221;][\/vc_column][vc_column width=&#8221;1\/4&#8243;][vc_single_image image=&#8221;30481&#8243; img_size=&#8221;full&#8221; alignment=&#8221;center&#8221; css=&#8221;&#8221;][vc_btn title=&#8221;PR-MA 4: Sa Font de Sa Cometa&#8221; shape=&#8221;square&#8221; color=&#8221;black&#8221; size=&#8221;lg&#8221; align=&#8221;center&#8221; i_icon_fontawesome=&#8221;fas fa-walking&#8221; css=&#8221;&#8221; button_block=&#8221;true&#8221; add_icon=&#8221;true&#8221; link=&#8221;url:https%3A%2F%2Fvisitcalvia.org%2Fca%2Fsenderisme_calvia_sacometa%2F&#8221;][\/vc_column][\/vc_row][vc_row full_width=&#8221;stretch_row&#8221; css=&#8221;.vc_custom_1774610091408{background-color: #000000 !important;}&#8221;][vc_column][vc_column_text css=&#8221;.vc_custom_1774950773705{margin-bottom: 14px !important;}&#8221;]<\/p>\n<h1 style=\"text-align: center;\"><span class=\"change-second-color\" style=\"color: #0562a4; font-family: Montserrat;\"><strong>EXPLORA<\/strong> CALVI\u00c0 A PEU<\/span><\/h1>\n<p>[\/vc_column_text][vc_empty_space height=&#8221;20px&#8221;][\/vc_column][\/vc_row][vc_row full_width=&#8221;stretch_row&#8221; css=&#8221;.vc_custom_1774610091408{background-color: #000000 !important;}&#8221;][vc_column][vc_row_inner][vc_column_inner width=&#8221;1\/3&#8243;][vc_single_image image=&#8221;30450&#8243; img_size=&#8221;80&#215;80&#8243; alignment=&#8221;center&#8221; css=&#8221;&#8221;][vc_column_text css=&#8221;.vc_custom_1774950453627{margin-bottom: 14px !important;}&#8221;]<\/p>\n<h3 style=\"text-align: center;\"><span style=\"color: #f1f1f1; font-family: Montserrat;\"><span style=\"font-weight: 400;\">Camins <\/span><strong><span style=\"font-weight: 400;\"><strong>homologats<\/strong><\/span><\/strong><\/span><\/h3>\n<p>[\/vc_column_text][\/vc_column_inner][vc_column_inner width=&#8221;1\/3&#8243;][vc_single_image image=&#8221;30458&#8243; img_size=&#8221;80&#215;80&#8243; alignment=&#8221;center&#8221; css=&#8221;&#8221;][vc_column_text css=&#8221;.vc_custom_1776847333599{margin-bottom: 14px !important;}&#8221;]<\/p>\n<h3 style=\"text-align: center;\"><span style=\"color: #f1f1f1; font-family: Montserrat;\"><span style=\"font-weight: 400;\"><strong>Connexi\u00f3 amb el GR-221<\/strong> Ruta de Pedra en Sec<\/span><\/span><\/h3>\n<p>[\/vc_column_text][\/vc_column_inner][vc_column_inner width=&#8221;1\/3&#8243;][vc_single_image image=&#8221;30434&#8243; img_size=&#8221;80&#215;80&#8243; alignment=&#8221;center&#8221; css=&#8221;&#8221;][vc_column_text css=&#8221;.vc_custom_1774857349601{margin-bottom: 14px !important;}&#8221;]<\/p>\n<h3 style=\"text-align: center;\"><span style=\"color: #f1f1f1; font-family: Montserrat;\"><span style=\"font-weight: 400;\">Elements <strong>patrimonials<\/strong><\/span><\/span><\/h3>\n<p>[\/vc_column_text][\/vc_column_inner][\/vc_row_inner][vc_row_inner][vc_column_inner width=&#8221;1\/3&#8243;][vc_single_image image=&#8221;30454&#8243; img_size=&#8221;80&#215;80&#8243; alignment=&#8221;center&#8221; css=&#8221;&#8221;][vc_column_text css=&#8221;.vc_custom_1776847311128{margin-bottom: 14px !important;}&#8221;]<\/p>\n<h3 style=\"text-align: center;\"><span style=\"color: #f1f1f1; font-family: Montserrat;\"><span style=\"font-weight: 400;\">Part dins de la <strong>Serra de Tramuntana<\/strong><br \/>\n<\/span><\/span><\/h3>\n<p>[\/vc_column_text][\/vc_column_inner][vc_column_inner width=&#8221;1\/3&#8243;][vc_single_image image=&#8221;30442&#8243; img_size=&#8221;80&#215;80&#8243; alignment=&#8221;center&#8221; css=&#8221;&#8221;][vc_column_text css=&#8221;.vc_custom_1774857387546{margin-bottom: 14px !important;}&#8221;]<\/p>\n<h3 style=\"text-align: center;\"><span style=\"color: #f1f1f1; font-family: Montserrat;\"><span style=\"font-weight: 400;\">Adaptats<strong> a tots els nivells<\/strong><\/span><\/span><\/h3>\n<p>[\/vc_column_text][\/vc_column_inner][vc_column_inner width=&#8221;1\/3&#8243;][vc_single_image image=&#8221;30446&#8243; img_size=&#8221;80&#215;80&#8243; alignment=&#8221;center&#8221; css=&#8221;&#8221;][vc_column_text css=&#8221;.vc_custom_1774857406183{margin-bottom: 14px !important;}&#8221;]<\/p>\n<h3 style=\"text-align: center;\"><span style=\"color: #f1f1f1; font-family: Montserrat;\"><span style=\"font-weight: 400;\"><strong>Alt valor<\/strong> natural i paisatg\u00edstic<\/span><\/span><\/h3>\n<p>[\/vc_column_text][\/vc_column_inner][\/vc_row_inner][vc_empty_space height=&#8221;20px&#8221;][\/vc_column][\/vc_row][vc_row full_width=&#8221;stretch_row&#8221; css=&#8221;.vc_custom_1774950757329{background-image: url(<a href=\"https:\/\/visitcalvia.org\/wp-content\/uploads\/2026\/03\/4-2024_19_finca-galatzo_campo-scaled.jpg?id=30399\">https:\/\/visitcalvia.org\/wp-content\/uploads\/2026\/03\/4-2024_19_finca-galatzo_campo-scaled.jpg?id=30399<\/a>) !important;background-position: center !important;background-repeat: no-repeat !important;background-size: cover !important;}&#8221;][vc_column][vc_empty_space height=&#8221;150px&#8221;][vc_empty_space height=&#8221;150px&#8221;][\/vc_column][\/vc_row][vc_row full_width=&#8221;stretch_row&#8221; css=&#8221;.vc_custom_1774610091408{background-color: #000000 !important;}&#8221;][vc_column][vc_empty_space height=&#8221;20px&#8221;][\/vc_column][\/vc_row][vc_row full_width=&#8221;stretch_row&#8221; css=&#8221;.vc_custom_1774951842589{background-color: #E4E4E4 !important;}&#8221;][vc_column][vc_row_inner][vc_column_inner width=&#8221;1\/3&#8243;][vc_column_text css=&#8221;&#8221;]<img data-recalc-dims=\"1\" decoding=\"async\" class=\"wp-image-30462 aligncenter\" src=\"https:\/\/i0.wp.com\/visitcalvia.org\/wp-content\/uploads\/2026\/03\/logo-senderos-homologados.png?resize=226%2C234&#038;ssl=1\" alt=\"LOGO-SENDEROS-HOMOLOGADOS\" width=\"226\" height=\"234\" srcset=\"https:\/\/i0.wp.com\/visitcalvia.org\/wp-content\/uploads\/2026\/03\/logo-senderos-homologados.png?resize=289%2C300&amp;ssl=1 289w, https:\/\/i0.wp.com\/visitcalvia.org\/wp-content\/uploads\/2026\/03\/logo-senderos-homologados.png?w=451&amp;ssl=1 451w\" sizes=\"(max-width: 226px) 100vw, 226px\" \/>[\/vc_column_text][\/vc_column_inner][vc_column_inner width=&#8221;2\/3&#8243;][vc_column_text css=&#8221;&#8221;]<strong>Descobreix les rutes de camins homologats de Calvi\u00e0<\/strong>, una xarxa d\u2019itineraris que combina senderisme, natura i patrimoni hist\u00f2ric. Totes les rutes disposen de senyalitzaci\u00f3 estandarditzada i homologada segons els criteris de la <a href=\"https:\/\/fedme.es\/\"><strong>Federaci\u00f3 Espanyola d\u2019Esports de Muntanya i Escalada (FEDME)<\/strong><\/a>, cosa que garanteix seguretat, una orientaci\u00f3 clara i fiabilitat per a turistes, visitants i residents.<\/p>\n<p>El segell \u201cRutes de Camins Homologats\u201d garanteix rutes segures i de qualitat, que promouen un turisme sostenible que permet descobrir Calvi\u00e0 de manera aut\u00f2noma i respectuosa amb la natura i el patrimoni local.[\/vc_column_text][\/vc_column_inner][\/vc_row_inner][vc_empty_space height=&#8221;20px&#8221;][\/vc_column][\/vc_row][vc_row full_width=&#8221;stretch_row_content&#8221;][vc_column][vc_column_text css=&#8221;&#8221;]<\/p>\n<p style=\"text-align: center;\"><iframe style=\"border: 0;\" tabindex=\"0\" src=\"https:\/\/www.google.com\/maps\/embed?pb=!1m18!1m12!1m3!1d3075.8265396129927!2d2.502984714533074!3d39.563518615010445!2m3!1f0!2f0!3f0!3m2!1i1024!2i768!4f13.1!3m3!1m2!1s0x12978932512b4115%3A0xac3898daa9e9c378!2sAjuntament%20de%20Calvi%C3%A0!5e0!3m2!1ses!2sus!4v1586948987762!5m2!1ses!2sus\" width=\"1800\" height=\"500\" frameborder=\"0\" allowfullscreen=\"allowfullscreen\" aria-hidden=\"false\"><span data-mce-type=\"bookmark\" style=\"display: inline-block; width: 0px; overflow: hidden; line-height: 0;\" class=\"mce_SELRES_start\"><\/span><\/iframe><\/p>\n<p>[\/vc_column_text][\/vc_column][\/vc_row][vc_row full_width=&#8221;stretch_row&#8221; css=&#8221;.vc_custom_1774618055698{background-color: #FFFFFF !important;}&#8221;][vc_column][vc_empty_space height=&#8221;20px&#8221;][\/vc_column][\/vc_row]<\/p>\n<\/div>","protected":false},"excerpt":{"rendered":"<p>[vc_row row_content_width=&#8221;grid&#8221;][vc_column][\/vc_column][\/vc_row][vc_row full_width=&#8221;stretch_row&#8221; css=&#8221;.vc_custom_1774950787382{background-color: #0562A4 !important;}&#8221;][vc_column][vc_column_text css=&#8221;.vc_custom_1774950801715{margin-bottom: 14px !important;}&#8221;] RUTES HOMOLOGADES [\/vc_column_text][vc_empty_space height=&#8221;20px&#8221;][\/vc_column][\/vc_row][vc_row full_width=&#8221;stretch_row_content&#8221; css=&#8221;.vc_custom_1774951366153{background-color: #E4E4E4 !important;}&#8221;][vc_column width=&#8221;1\/4&#8243;][vc_single_image image=&#8221;30469&#8243; img_size=&#8221;full&#8221; alignment=&#8221;center&#8221; css=&#8221;&#8221;][vc_btn title=&#8221;PR-MA 1: Peguera &#8211; Es Capdell\u00e0&#8221; shape=&#8221;square&#8221; color=&#8221;black&#8221; size=&#8221;lg&#8221; align=&#8221;center&#8221; i_icon_fontawesome=&#8221;fas fa-walking&#8221; css=&#8221;&#8221; button_block=&#8221;true&#8221; add_icon=&#8221;true&#8221; link=&#8221;url:https%3A%2F%2Fvisitcalvia.org%2Fca%2Fsenderisme_calvia_peguera_escapdella%2F&#8221;][\/vc_column][vc_column width=&#8221;1\/4&#8243;][vc_single_image image=&#8221;30473&#8243; img_size=&#8221;full&#8221; alignment=&#8221;center&#8221; css=&#8221;&#8221;][vc_btn title=&#8221;PR-MA 2: La Vall Verda&#8221; shape=&#8221;square&#8221; color=&#8221;black&#8221; size=&#8221;lg&#8221; align=&#8221;center&#8221; i_icon_fontawesome=&#8221;fas fa-walking&#8221; [&hellip;]<\/p>\n","protected":false},"author":182516987,"featured_media":0,"parent":0,"menu_order":0,"comment_status":"closed","ping_status":"closed","template":"","meta":{"_coblocks_attr":"","_coblocks_dimensions":"","_coblocks_responsive_height":"","_coblocks_accordion_ie_support":"","_crdt_document":"","footnotes":""},"class_list":["post-30824","page","type-page","status-publish","hentry"],"yoast_head":"<!-- This site is optimized with the Yoast SEO plugin v27.4 - https:\/\/yoast.com\/product\/yoast-seo-wordpress\/ -->\n<title>Senderisme - visitcalvia<\/title>\n<meta name=\"robots\" content=\"index, follow, max-snippet:-1, max-image-preview:large, max-video-preview:-1\" \/>\n<link rel=\"canonical\" href=\"https:\/\/visitcalvia.org\/ca\/senderisme-calvia\/\" \/>\n<meta property=\"og:locale\" content=\"ca_ES\" \/>\n<meta property=\"og:type\" content=\"article\" \/>\n<meta property=\"og:title\" content=\"Senderisme - visitcalvia\" \/>\n<meta property=\"og:description\" content=\"[vc_row row_content_width=&#8221;grid&#8221;][vc_column][\/vc_column][\/vc_row][vc_row full_width=&#8221;stretch_row&#8221; css=&#8221;.vc_custom_1774950787382{background-color: #0562A4 !important;}&#8221;][vc_column][vc_column_text css=&#8221;.vc_custom_1774950801715{margin-bottom: 14px !important;}&#8221;] RUTES HOMOLOGADES [\/vc_column_text][vc_empty_space height=&#8221;20px&#8221;][\/vc_column][\/vc_row][vc_row full_width=&#8221;stretch_row_content&#8221; css=&#8221;.vc_custom_1774951366153{background-color: #E4E4E4 !important;}&#8221;][vc_column width=&#8221;1\/4&#8243;][vc_single_image image=&#8221;30469&#8243; img_size=&#8221;full&#8221; alignment=&#8221;center&#8221; css=&#8221;&#8221;][vc_btn title=&#8221;PR-MA 1: Peguera &#8211; Es Capdell\u00e0&#8221; shape=&#8221;square&#8221; color=&#8221;black&#8221; size=&#8221;lg&#8221; align=&#8221;center&#8221; i_icon_fontawesome=&#8221;fas fa-walking&#8221; css=&#8221;&#8221; button_block=&#8221;true&#8221; add_icon=&#8221;true&#8221; link=&#8221;url:https%3A%2F%2Fvisitcalvia.org%2Fca%2Fsenderisme_calvia_peguera_escapdella%2F&#8221;][\/vc_column][vc_column width=&#8221;1\/4&#8243;][vc_single_image image=&#8221;30473&#8243; img_size=&#8221;full&#8221; alignment=&#8221;center&#8221; css=&#8221;&#8221;][vc_btn title=&#8221;PR-MA 2: La Vall Verda&#8221; shape=&#8221;square&#8221; color=&#8221;black&#8221; size=&#8221;lg&#8221; align=&#8221;center&#8221; i_icon_fontawesome=&#8221;fas fa-walking&#8221; [&hellip;]\" \/>\n<meta property=\"og:url\" content=\"https:\/\/visitcalvia.org\/ca\/senderisme-calvia\/\" \/>\n<meta property=\"og:site_name\" content=\"visitcalvia\" \/>\n<meta property=\"article:modified_time\" content=\"2026-04-23T08:13:23+00:00\" \/>\n<meta property=\"og:image\" content=\"https:\/\/visitcalvia.org\/wp-content\/uploads\/2026\/03\/logo-senderos-homologados-289x300.png\" \/>\n<meta name=\"twitter:card\" content=\"summary_large_image\" \/>\n<meta name=\"twitter:label1\" content=\"Temps estimat de lectura\" \/>\n\t<meta name=\"twitter:data1\" content=\"2 minuts\" \/>\n<script type=\"application\/ld+json\" class=\"yoast-schema-graph\">{\"@context\":\"https:\\\/\\\/schema.org\",\"@graph\":[{\"@type\":\"WebPage\",\"@id\":\"https:\\\/\\\/visitcalvia.org\\\/ca\\\/senderisme-calvia\\\/\",\"url\":\"https:\\\/\\\/visitcalvia.org\\\/ca\\\/senderisme-calvia\\\/\",\"name\":\"Senderisme - visitcalvia\",\"isPartOf\":{\"@id\":\"https:\\\/\\\/visitcalvia.org\\\/ca\\\/#website\"},\"primaryImageOfPage\":{\"@id\":\"https:\\\/\\\/visitcalvia.org\\\/ca\\\/senderisme-calvia\\\/#primaryimage\"},\"image\":{\"@id\":\"https:\\\/\\\/visitcalvia.org\\\/ca\\\/senderisme-calvia\\\/#primaryimage\"},\"thumbnailUrl\":\"https:\\\/\\\/visitcalvia.org\\\/wp-content\\\/uploads\\\/2026\\\/03\\\/logo-senderos-homologados-289x300.png\",\"datePublished\":\"2026-04-22T08:27:37+00:00\",\"dateModified\":\"2026-04-23T08:13:23+00:00\",\"breadcrumb\":{\"@id\":\"https:\\\/\\\/visitcalvia.org\\\/ca\\\/senderisme-calvia\\\/#breadcrumb\"},\"inLanguage\":\"ca\",\"potentialAction\":[{\"@type\":\"ReadAction\",\"target\":[\"https:\\\/\\\/visitcalvia.org\\\/ca\\\/senderisme-calvia\\\/\"]}]},{\"@type\":\"ImageObject\",\"inLanguage\":\"ca\",\"@id\":\"https:\\\/\\\/visitcalvia.org\\\/ca\\\/senderisme-calvia\\\/#primaryimage\",\"url\":\"https:\\\/\\\/visitcalvia.org\\\/wp-content\\\/uploads\\\/2026\\\/03\\\/logo-senderos-homologados-289x300.png\",\"contentUrl\":\"https:\\\/\\\/visitcalvia.org\\\/wp-content\\\/uploads\\\/2026\\\/03\\\/logo-senderos-homologados-289x300.png\"},{\"@type\":\"BreadcrumbList\",\"@id\":\"https:\\\/\\\/visitcalvia.org\\\/ca\\\/senderisme-calvia\\\/#breadcrumb\",\"itemListElement\":[{\"@type\":\"ListItem\",\"position\":1,\"name\":\"Portada\",\"item\":\"https:\\\/\\\/visitcalvia.org\\\/ca\\\/\"},{\"@type\":\"ListItem\",\"position\":2,\"name\":\"Senderisme\"}]},{\"@type\":\"WebSite\",\"@id\":\"https:\\\/\\\/visitcalvia.org\\\/ca\\\/#website\",\"url\":\"https:\\\/\\\/visitcalvia.org\\\/ca\\\/\",\"name\":\"visitcalvia\",\"description\":\"Vacaciones en Mallorca \u2013 Calvi\u00e0 m\u00faltiples destinos en uno s\u00f3lo lugar. Palmanova, Santa Pon\u00e7a, Magaluf, Peguera, Portals Nous, Costa d\u2019en Blanes, Cala Vinyes\",\"potentialAction\":[{\"@type\":\"SearchAction\",\"target\":{\"@type\":\"EntryPoint\",\"urlTemplate\":\"https:\\\/\\\/visitcalvia.org\\\/ca\\\/?s={search_term_string}\"},\"query-input\":{\"@type\":\"PropertyValueSpecification\",\"valueRequired\":true,\"valueName\":\"search_term_string\"}}],\"inLanguage\":\"ca\"}]}<\/script>\n<!-- \/ Yoast SEO plugin. -->","yoast_head_json":{"title":"Senderisme - visitcalvia","robots":{"index":"index","follow":"follow","max-snippet":"max-snippet:-1","max-image-preview":"max-image-preview:large","max-video-preview":"max-video-preview:-1"},"canonical":"https:\/\/visitcalvia.org\/ca\/senderisme-calvia\/","og_locale":"ca_ES","og_type":"article","og_title":"Senderisme - visitcalvia","og_description":"[vc_row row_content_width=&#8221;grid&#8221;][vc_column][\/vc_column][\/vc_row][vc_row full_width=&#8221;stretch_row&#8221; css=&#8221;.vc_custom_1774950787382{background-color: #0562A4 !important;}&#8221;][vc_column][vc_column_text css=&#8221;.vc_custom_1774950801715{margin-bottom: 14px !important;}&#8221;] RUTES HOMOLOGADES [\/vc_column_text][vc_empty_space height=&#8221;20px&#8221;][\/vc_column][\/vc_row][vc_row full_width=&#8221;stretch_row_content&#8221; css=&#8221;.vc_custom_1774951366153{background-color: #E4E4E4 !important;}&#8221;][vc_column width=&#8221;1\/4&#8243;][vc_single_image image=&#8221;30469&#8243; img_size=&#8221;full&#8221; alignment=&#8221;center&#8221; css=&#8221;&#8221;][vc_btn title=&#8221;PR-MA 1: Peguera &#8211; Es Capdell\u00e0&#8221; shape=&#8221;square&#8221; color=&#8221;black&#8221; size=&#8221;lg&#8221; align=&#8221;center&#8221; i_icon_fontawesome=&#8221;fas fa-walking&#8221; css=&#8221;&#8221; button_block=&#8221;true&#8221; add_icon=&#8221;true&#8221; link=&#8221;url:https%3A%2F%2Fvisitcalvia.org%2Fca%2Fsenderisme_calvia_peguera_escapdella%2F&#8221;][\/vc_column][vc_column width=&#8221;1\/4&#8243;][vc_single_image image=&#8221;30473&#8243; img_size=&#8221;full&#8221; alignment=&#8221;center&#8221; css=&#8221;&#8221;][vc_btn title=&#8221;PR-MA 2: La Vall Verda&#8221; shape=&#8221;square&#8221; color=&#8221;black&#8221; size=&#8221;lg&#8221; align=&#8221;center&#8221; i_icon_fontawesome=&#8221;fas fa-walking&#8221; [&hellip;]","og_url":"https:\/\/visitcalvia.org\/ca\/senderisme-calvia\/","og_site_name":"visitcalvia","article_modified_time":"2026-04-23T08:13:23+00:00","og_image":[{"url":"https:\/\/visitcalvia.org\/wp-content\/uploads\/2026\/03\/logo-senderos-homologados-289x300.png","type":"","width":"","height":""}],"twitter_card":"summary_large_image","twitter_misc":{"Temps estimat de lectura":"2 minuts"},"schema":{"@context":"https:\/\/schema.org","@graph":[{"@type":"WebPage","@id":"https:\/\/visitcalvia.org\/ca\/senderisme-calvia\/","url":"https:\/\/visitcalvia.org\/ca\/senderisme-calvia\/","name":"Senderisme - visitcalvia","isPartOf":{"@id":"https:\/\/visitcalvia.org\/ca\/#website"},"primaryImageOfPage":{"@id":"https:\/\/visitcalvia.org\/ca\/senderisme-calvia\/#primaryimage"},"image":{"@id":"https:\/\/visitcalvia.org\/ca\/senderisme-calvia\/#primaryimage"},"thumbnailUrl":"https:\/\/visitcalvia.org\/wp-content\/uploads\/2026\/03\/logo-senderos-homologados-289x300.png","datePublished":"2026-04-22T08:27:37+00:00","dateModified":"2026-04-23T08:13:23+00:00","breadcrumb":{"@id":"https:\/\/visitcalvia.org\/ca\/senderisme-calvia\/#breadcrumb"},"inLanguage":"ca","potentialAction":[{"@type":"ReadAction","target":["https:\/\/visitcalvia.org\/ca\/senderisme-calvia\/"]}]},{"@type":"ImageObject","inLanguage":"ca","@id":"https:\/\/visitcalvia.org\/ca\/senderisme-calvia\/#primaryimage","url":"https:\/\/visitcalvia.org\/wp-content\/uploads\/2026\/03\/logo-senderos-homologados-289x300.png","contentUrl":"https:\/\/visitcalvia.org\/wp-content\/uploads\/2026\/03\/logo-senderos-homologados-289x300.png"},{"@type":"BreadcrumbList","@id":"https:\/\/visitcalvia.org\/ca\/senderisme-calvia\/#breadcrumb","itemListElement":[{"@type":"ListItem","position":1,"name":"Portada","item":"https:\/\/visitcalvia.org\/ca\/"},{"@type":"ListItem","position":2,"name":"Senderisme"}]},{"@type":"WebSite","@id":"https:\/\/visitcalvia.org\/ca\/#website","url":"https:\/\/visitcalvia.org\/ca\/","name":"visitcalvia","description":"Vacaciones en Mallorca \u2013 Calvi\u00e0 m\u00faltiples destinos en uno s\u00f3lo lugar. Palmanova, Santa Pon\u00e7a, Magaluf, Peguera, Portals Nous, Costa d\u2019en Blanes, Cala Vinyes","potentialAction":[{"@type":"SearchAction","target":{"@type":"EntryPoint","urlTemplate":"https:\/\/visitcalvia.org\/ca\/?s={search_term_string}"},"query-input":{"@type":"PropertyValueSpecification","valueRequired":true,"valueName":"search_term_string"}}],"inLanguage":"ca"}]}},"jetpack_likes_enabled":false,"jetpack_sharing_enabled":false,"jetpack_shortlink":"https:\/\/wp.me\/PbP1bo-81a","amp_enabled":true,"_links":{"self":[{"href":"https:\/\/visitcalvia.org\/ca\/wp-json\/wp\/v2\/pages\/30824","targetHints":{"allow":["GET"]}}],"collection":[{"href":"https:\/\/visitcalvia.org\/ca\/wp-json\/wp\/v2\/pages"}],"about":[{"href":"https:\/\/visitcalvia.org\/ca\/wp-json\/wp\/v2\/types\/page"}],"author":[{"embeddable":true,"href":"https:\/\/visitcalvia.org\/ca\/wp-json\/wp\/v2\/users\/182516987"}],"replies":[{"embeddable":true,"href":"https:\/\/visitcalvia.org\/ca\/wp-json\/wp\/v2\/comments?post=30824"}],"version-history":[{"count":7,"href":"https:\/\/visitcalvia.org\/ca\/wp-json\/wp\/v2\/pages\/30824\/revisions"}],"predecessor-version":[{"id":30837,"href":"https:\/\/visitcalvia.org\/ca\/wp-json\/wp\/v2\/pages\/30824\/revisions\/30837"}],"wp:attachment":[{"href":"https:\/\/visitcalvia.org\/ca\/wp-json\/wp\/v2\/media?parent=30824"}],"curies":[{"name":"wp","href":"https:\/\/api.w.org\/{rel}","templated":true}]}}