{"id":31270,"date":"2026-04-29T12:12:38","date_gmt":"2026-04-29T10:12:38","guid":{"rendered":"https:\/\/visitcalvia.org\/sa-morisca\/"},"modified":"2026-06-16T12:53:44","modified_gmt":"2026-06-16T10:53:44","slug":"sa-morisca","status":"publish","type":"page","link":"https:\/\/visitcalvia.org\/ca\/sa-morisca\/","title":{"rendered":"SA MORISCA"},"content":{"rendered":"<div class=\"wpb-content-wrapper\"><p>[vc_row row_content_width=\u00bbgrid\u00bb][vc_column]\n\t\t\t\t<p class=\"rs-p-wp-fix\"><\/p>\n\t\t\t\t<sr7-module data-alias=\"pr-ma-4-sa-font-de-sa-cometa-1\" data-id=\"26\" id=\"SR7_26_1\" class=\"rs-ov-hidden\" data-version=\"6.7.51\">\n\t\t\t\t\t<sr7-adjuster><\/sr7-adjuster>\n\t\t\t\t\t<sr7-content>\n\t\t\t\t\t\t<sr7-slide id=\"SR7_26_1-85\" data-key=\"85\">\n\t\t\t\t\t\t\t<sr7-bg id=\"SR7_26_1-85-8\" class=\"sr7-layer\"><noscript><img data-recalc-dims=\"1\" decoding=\"async\" src=\"https:\/\/i0.wp.com\/visitcalvia.org\/wp-content\/uploads\/2026\/04\/2024_puig-sa-morisca_06_vistas_montana_top-1-scaled.jpg?w=1100&#038;ssl=1\" alt=\"\" title=\"2024_Puig Sa Morisca_06_Vistas_Montana_Top (1)\"><\/noscript><\/sr7-bg>\n\t\t\t\t\t\t\t<sr7-txt id=\"SR7_26_1-85-6\" class=\"sr7-layer\">SA MORISCA<\/sr7-txt>\n\t\t\t\t\t\t\t<sr7-txt id=\"SR7_26_1-85-7\" class=\"sr7-layer\">PARC ARQUEOL\u00d2GIC CALVI\u00c0<\/sr7-txt>\n\t\t\t\t\t\t<\/sr7-slide>\n\t\t\t\t\t\t<sr7-slide id=\"SR7_26_1-83\" data-key=\"83\">\n\t\t\t\t\t\t\t<sr7-bg id=\"SR7_26_1-83-15\" class=\"sr7-layer\"><noscript><img data-recalc-dims=\"1\" decoding=\"async\" src=\"https:\/\/i0.wp.com\/visitcalvia.org\/wp-content\/uploads\/2026\/04\/2024_santa-ponca_01_parque-arqueologico-2-scaled.jpg?w=1100&#038;ssl=1\" alt=\"\" title=\"2024_Santa Ponca_01_Parque arqueologico (2)\"><\/noscript><\/sr7-bg>\n\t\t\t\t\t\t\t<sr7-txt id=\"SR7_26_1-83-8\" class=\"sr7-layer\">SA MORISCA<\/sr7-txt>\n\t\t\t\t\t\t\t<sr7-txt id=\"SR7_26_1-83-14\" class=\"sr7-layer\">PARC ARQUEOL\u00d2GIC CALVI\u00c0<\/sr7-txt>\n\t\t\t\t\t\t<\/sr7-slide>\n\t\t\t\t\t\t<sr7-slide id=\"SR7_26_1-84\" data-key=\"84\">\n\t\t\t\t\t\t\t<sr7-bg id=\"SR7_26_1-84-16\" class=\"sr7-layer\"><noscript><img data-recalc-dims=\"1\" decoding=\"async\" src=\"https:\/\/i0.wp.com\/visitcalvia.org\/wp-content\/uploads\/2026\/04\/2024_puig-sa-morisca_03_yacimientos_drone_top-1-scaled.jpg?w=1100&#038;ssl=1\" alt=\"\" title=\"2024_Puig Sa Morisca_03_Yacimientos_Drone_Top (1)\"><\/noscript><\/sr7-bg>\n\t\t\t\t\t\t\t<sr7-txt id=\"SR7_26_1-84-9\" class=\"sr7-layer\">SA MORISCA<\/sr7-txt>\n\t\t\t\t\t\t\t<sr7-txt id=\"SR7_26_1-84-15\" class=\"sr7-layer\">PARC ARQUEOL\u00d2GIC CALVI\u00c0<\/sr7-txt>\n\t\t\t\t\t\t<\/sr7-slide>\n\t\t\t\t\t\t<sr7-slide id=\"SR7_26_1-87\" data-key=\"87\">\n\t\t\t\t\t\t\t<sr7-bg id=\"SR7_26_1-87-17\" class=\"sr7-layer\"><noscript><img data-recalc-dims=\"1\" decoding=\"async\" src=\"https:\/\/i0.wp.com\/visitcalvia.org\/wp-content\/uploads\/2026\/04\/2024-06-10-calvia-sa-morisca_dsc02388-1.png?w=1100&#038;ssl=1\" alt=\"\" title=\"2024-06-10 CALVIA-Sa-Morisca_DSC02388-1\"><\/noscript><\/sr7-bg>\n\t\t\t\t\t\t\t<sr7-txt id=\"SR7_26_1-87-10\" class=\"sr7-layer\">SA MORISCA<\/sr7-txt>\n\t\t\t\t\t\t\t<sr7-txt id=\"SR7_26_1-87-16\" class=\"sr7-layer\">PARC ARQUEOL\u00d2GIC CALVI\u00c0<\/sr7-txt>\n\t\t\t\t\t\t<\/sr7-slide>\n\t\t\t\t\t\t<sr7-slide id=\"SR7_26_1-88\" data-key=\"88\">\n\t\t\t\t\t\t\t<sr7-bg id=\"SR7_26_1-88-18\" class=\"sr7-layer\"><noscript><img data-recalc-dims=\"1\" decoding=\"async\" src=\"https:\/\/i0.wp.com\/visitcalvia.org\/wp-content\/uploads\/2026\/04\/puig-de-sa-morisca-14.jpg?w=1100&#038;ssl=1\" alt=\"\" title=\"PUIG DE SA MORISCA 14\"><\/noscript><\/sr7-bg>\n\t\t\t\t\t\t\t<sr7-txt id=\"SR7_26_1-88-11\" class=\"sr7-layer\">SA MORISCA<\/sr7-txt>\n\t\t\t\t\t\t\t<sr7-txt id=\"SR7_26_1-88-17\" class=\"sr7-layer\">PARC ARQUEOL\u00d2GIC CALVI\u00c0<\/sr7-txt>\n\t\t\t\t\t\t<\/sr7-slide>\n\t\t\t\t\t\t<sr7-slide id=\"SR7_26_1-89\" data-key=\"89\">\n\t\t\t\t\t\t\t<sr7-bg id=\"SR7_26_1-89-19\" class=\"sr7-layer\"><noscript><img data-recalc-dims=\"1\" decoding=\"async\" src=\"https:\/\/i0.wp.com\/visitcalvia.org\/wp-content\/uploads\/2026\/04\/puig-de-sa-morisca-10.jpg?w=1100&#038;ssl=1\" alt=\"\" title=\"PUIG DE SA MORISCA 10\"><\/noscript><\/sr7-bg>\n\t\t\t\t\t\t\t<sr7-txt id=\"SR7_26_1-89-12\" class=\"sr7-layer\">SA MORISCA<\/sr7-txt>\n\t\t\t\t\t\t\t<sr7-txt id=\"SR7_26_1-89-18\" class=\"sr7-layer\">PARC ARQUEOL\u00d2GIC CALVI\u00c0<\/sr7-txt>\n\t\t\t\t\t\t<\/sr7-slide>\n\t\t\t\t\t\t<sr7-slide id=\"SR7_26_1-90\" data-key=\"90\">\n\t\t\t\t\t\t\t<sr7-bg id=\"SR7_26_1-90-20\" class=\"sr7-layer\"><noscript><img data-recalc-dims=\"1\" decoding=\"async\" src=\"https:\/\/i0.wp.com\/visitcalvia.org\/wp-content\/uploads\/2026\/04\/puig-de-sa-morisca-2-1.jpg?w=1100&#038;ssl=1\" alt=\"\" title=\"PUIG DE SA MORISCA 2 (1)\"><\/noscript><\/sr7-bg>\n\t\t\t\t\t\t\t<sr7-txt id=\"SR7_26_1-90-13\" class=\"sr7-layer\">SA MORISCA<\/sr7-txt>\n\t\t\t\t\t\t\t<sr7-txt id=\"SR7_26_1-90-19\" class=\"sr7-layer\">PARC ARQUEOL\u00d2GIC CALVI\u00c0<\/sr7-txt>\n\t\t\t\t\t\t<\/sr7-slide>\n\t\t\t\t\t\t<sr7-slide id=\"SR7_26_1-86\" data-key=\"86\">\n\t\t\t\t\t\t<\/sr7-slide>\n\t\t\t\t\t<\/sr7-content>\n\t\t\t\t\t<image_lists style=\"display:none\">\n\t\t\t\t\t\t<img data-src=\"\/\/visitcalvia.org\/wp-content\/uploads\/2026\/04\/2024_santa-ponca_01_parque-arqueologico-2-scaled.jpg\" data-libid=\"31025\" data-lib=\"medialibrary\" alt=\"2024_Santa Ponca_01_Parque arqueologico (2)\" title=\"2024_Santa Ponca_01_Parque arqueologico (2)\" width=\"0\" height=\"0\" data-dbsrc=\"Ly92aXNpdGNhbHZpYS5vcmcvd3AtY29udGVudC91cGxvYWRzLzIwMjYvMDQvMjAyNF9zYW50YS1wb25jYV8wMV9wYXJxdWUtYXJxdWVvbG9naWNvLTItc2NhbGVkLmpwZw==\"\/>\n\t\t\t\t\t\t<img data-src=\"\/\/visitcalvia.org\/wp-content\/uploads\/2026\/04\/2024_puig-sa-morisca_03_yacimientos_drone_top-1-scaled.jpg\" data-libid=\"31017\" data-lib=\"medialibrary\" alt=\"2024_Puig Sa Morisca_03_Yacimientos_Drone_Top (1)\" title=\"2024_Puig Sa Morisca_03_Yacimientos_Drone_Top (1)\" width=\"0\" height=\"0\" data-dbsrc=\"Ly92aXNpdGNhbHZpYS5vcmcvd3AtY29udGVudC91cGxvYWRzLzIwMjYvMDQvMjAyNF9wdWlnLXNhLW1vcmlzY2FfMDNfeWFjaW1pZW50b3NfZHJvbmVfdG9wLTEtc2NhbGVkLmpwZw==\"\/>\n\t\t\t\t\t\t<img data-src=\"\/\/visitcalvia.org\/wp-content\/uploads\/2026\/04\/2024_puig-sa-morisca_06_vistas_montana_top-1-scaled.jpg\" data-libid=\"31021\" data-lib=\"medialibrary\" alt=\"2024_Puig Sa Morisca_06_Vistas_Montana_Top (1)\" title=\"2024_Puig Sa Morisca_06_Vistas_Montana_Top (1)\" width=\"0\" height=\"0\" data-dbsrc=\"Ly92aXNpdGNhbHZpYS5vcmcvd3AtY29udGVudC91cGxvYWRzLzIwMjYvMDQvMjAyNF9wdWlnLXNhLW1vcmlzY2FfMDZfdmlzdGFzX21vbnRhbmFfdG9wLTEtc2NhbGVkLmpwZw==\"\/>\n\t\t\t\t\t\t<img data-src=\"\/\/visitcalvia.org\/wp-content\/uploads\/2026\/04\/2024-06-10-calvia-sa-morisca_dsc02388-1.png\" data-libid=\"31029\" data-lib=\"medialibrary\" alt=\"2024-06-10 CALVIA-Sa-Morisca_DSC02388-1\" title=\"2024-06-10 CALVIA-Sa-Morisca_DSC02388-1\" width=\"0\" height=\"0\" data-dbsrc=\"Ly92aXNpdGNhbHZpYS5vcmcvd3AtY29udGVudC91cGxvYWRzLzIwMjYvMDQvMjAyNC0wNi0xMC1jYWx2aWEtc2EtbW9yaXNjYV9kc2MwMjM4OC0xLnBuZw==\"\/>\n\t\t\t\t\t\t<img data-src=\"\/\/visitcalvia.org\/wp-content\/uploads\/2026\/04\/puig-de-sa-morisca-14.jpg\" data-libid=\"31142\" data-lib=\"medialibrary\" alt=\"PUIG DE SA MORISCA 14\" title=\"PUIG DE SA MORISCA 14\" width=\"0\" height=\"0\" data-dbsrc=\"Ly92aXNpdGNhbHZpYS5vcmcvd3AtY29udGVudC91cGxvYWRzLzIwMjYvMDQvcHVpZy1kZS1zYS1tb3Jpc2NhLTE0LmpwZw==\"\/>\n\t\t\t\t\t\t<img data-src=\"\/\/visitcalvia.org\/wp-content\/uploads\/2026\/04\/puig-de-sa-morisca-10.jpg\" data-libid=\"31138\" data-lib=\"medialibrary\" alt=\"PUIG DE SA MORISCA 10\" title=\"PUIG DE SA MORISCA 10\" width=\"0\" height=\"0\" data-dbsrc=\"Ly92aXNpdGNhbHZpYS5vcmcvd3AtY29udGVudC91cGxvYWRzLzIwMjYvMDQvcHVpZy1kZS1zYS1tb3Jpc2NhLTEwLmpwZw==\"\/>\n\t\t\t\t\t\t<img data-src=\"\/\/visitcalvia.org\/wp-content\/uploads\/2026\/04\/puig-de-sa-morisca-2-1.jpg\" data-libid=\"31134\" data-lib=\"medialibrary\" alt=\"PUIG DE SA MORISCA 2 (1)\" title=\"PUIG DE SA MORISCA 2 (1)\" width=\"0\" height=\"0\" data-dbsrc=\"Ly92aXNpdGNhbHZpYS5vcmcvd3AtY29udGVudC91cGxvYWRzLzIwMjYvMDQvcHVpZy1kZS1zYS1tb3Jpc2NhLTItMS5qcGc=\"\/>\n\t\t\t\t\t<\/image_lists>\n\t\t\t\t<\/sr7-module>\n\t\t\t\t<script>\n\t\t\t\t\twindow.SR7 ??={};SR7.PMH ??={}; SR7.PMH[\"SR7_26_1\"] = {cn:100,state:false,fn: function() { if (window._tpt!==undefined && window._tpt.prepareModuleHeight !== undefined) {  _tpt.prepareModuleHeight({id:\"SR7_26_1\",el:[600,600,600,600,520],type:'standard',shdw:'0',gh:[600,600,600,600,520],gw:[1240,1240,1240,1240,480],vpt:['20%&#039;,&#039;20%&#039;,&#039;20%&#039;,&#039;20%&#039;,&#039;20%'],size:{fullWidth:true, fullHeight:false},mh:'0',onh:0,onw:0,bg:{color:'{\"orig\":\"transparent\",\"type\":\"solid\",\"string\":\"transparent\"}'},plType:'0',plColor:'#FFFFFF'});   SR7.PMH[\"SR7_26_1\"].state=true;} else if(SR7.PMH[\"SR7_26_1\"].cn-->0)\tsetTimeout( SR7.PMH[\"SR7_26_1\"].fn,19);}};SR7.PMH[\"SR7_26_1\" ].fn();\n\t\t\t\t<\/script>\n[\/vc_column][\/vc_row][vc_row full_width=\u00bbstretch_row_content\u00bb css=\u00bb.vc_custom_1774951366153{background-color: #E4E4E4 !important;}\u00bb][vc_column width=\u00bb1\/6&#8243;][\/vc_column][vc_column width=\u00bb2\/3&#8243;][vc_column_text css=\u00bb.vc_custom_1777457934227{margin-bottom: 14px !important;}\u00bb]<\/p>\n<h5 style=\"text-align: left;\"><strong>El Parc Arqueol\u00f2gic del Puig de sa Morisca<\/strong> (Santa Pon\u00e7a) s\u2019est\u00e9n sobre<strong> 45 hect\u00e0rees de natura, hist\u00f2ria i mem\u00f2ria<\/strong>. \u00c9s el parc periurb\u00e0 m\u00e9s gran del municipi, amb m\u00e9s de<strong> 8 quil\u00f2metres de senders<\/strong> que serpentegen entre paisatges oberts i miradors privilegiats sobre Santa Pon\u00e7a, Son Ferrer i El Toro.<\/h5>\n<h5 style=\"text-align: left;\">Un espai per caminar lentament i escoltar el passat: l<strong>a Cultura Talai\u00f2tica, \u00fanica de les Illes Balears,<\/strong> els vestigis d\u2019\u00e8poca isl\u00e0mica medieval i el lloc on ressona la primera batalla de la conquesta cristiana de Mallorca.<\/h5>\n<p>[\/vc_column_text][\/vc_column][vc_column width=\u00bb1\/6&#8243;][\/vc_column][\/vc_row][vc_row full_width=\u00bbstretch_row\u00bb css=\u00bb.vc_custom_1775028541433{background-color: #E4E4E4 !important;}\u00bb][vc_column][vc_column_text css=\u00bb.vc_custom_1777457951669{margin-bottom: 14px !important;}\u00bb]<\/p>\n<h2 style=\"text-align: center;\"><span class=\"change-second-color\" style=\"color: #0562a4; font-family: Montserrat;\"><strong>T&#8217;imagines viatjar 2.000 anys enrere sense sortir de Calvi\u00e0? <\/strong><\/span><\/h2>\n<h2 style=\"text-align: center;\"><span class=\"change-second-color\" style=\"color: #0562a4; font-family: Montserrat;\">La muntanya de les mil hist\u00f2ries<\/span><\/h2>\n<p>[\/vc_column_text][\/vc_column][\/vc_row][vc_row full_width=\u00bbstretch_row_content\u00bb css=\u00bb.vc_custom_1774951366153{background-color: #E4E4E4 !important;}\u00bb][vc_column][vc_empty_space height=\u00bb10px\u00bb][\/vc_column][\/vc_row][vc_row full_width=\u00bbstretch_row\u00bb css=\u00bb.vc_custom_1777281352324{margin-top: -30px !important;background-color: #0562A4 !important;}\u00bb][vc_column][vc_column_text css=\u00bb.vc_custom_1777457959228{margin-top: -35px !important;margin-bottom: 15px !important;}\u00bb]<\/p>\n<h1 style=\"text-align: center;\"><span class=\"change-second-color\" style=\"color: #ffffff; font-family: Montserrat;\">VISITA<\/span><\/h1>\n<p>[\/vc_column_text][\/vc_column][\/vc_row][vc_row full_width=\u00bbstretch_row_content\u00bb css=\u00bb.vc_custom_1777282248225{background-color: #E4E4E4 !important;}\u00bb][vc_column width=\u00bb1\/3&#8243;]<div class=\"qodef-team main-info-below-image\">\n\t<div class=\"qodef-team-inner\">\n\t\t\t\t\t<div class=\"qodef-team-image\">\n                <img loading=\"lazy\" decoding=\"async\" width=\"1024\" height=\"1024\" src=\"https:\/\/i0.wp.com\/visitcalvia.org\/wp-content\/uploads\/2026\/04\/2-horario-sa-mosrisca-1.png?fit=1024%2C1024&amp;ssl=1\" class=\"attachment-full size-full\" alt=\"2-horario sa mosrisca (1)\" srcset=\"https:\/\/i0.wp.com\/visitcalvia.org\/wp-content\/uploads\/2026\/04\/2-horario-sa-mosrisca-1.png?w=1024&amp;ssl=1 1024w, https:\/\/i0.wp.com\/visitcalvia.org\/wp-content\/uploads\/2026\/04\/2-horario-sa-mosrisca-1.png?resize=300%2C300&amp;ssl=1 300w, https:\/\/i0.wp.com\/visitcalvia.org\/wp-content\/uploads\/2026\/04\/2-horario-sa-mosrisca-1.png?resize=150%2C150&amp;ssl=1 150w, https:\/\/i0.wp.com\/visitcalvia.org\/wp-content\/uploads\/2026\/04\/2-horario-sa-mosrisca-1.png?resize=768%2C768&amp;ssl=1 768w, https:\/\/i0.wp.com\/visitcalvia.org\/wp-content\/uploads\/2026\/04\/2-horario-sa-mosrisca-1.png?resize=550%2C550&amp;ssl=1 550w\" sizes=\"auto, (max-width: 1024px) 100vw, 1024px\" data-attachment-id=\"31121\" data-permalink=\"https:\/\/visitcalvia.org\/ca\/sa-morisca\/2-horario-sa-mosrisca-1\/\" data-orig-file=\"https:\/\/i0.wp.com\/visitcalvia.org\/wp-content\/uploads\/2026\/04\/2-horario-sa-mosrisca-1.png?fit=1024%2C1024&amp;ssl=1\" data-orig-size=\"1024,1024\" data-comments-opened=\"1\" data-image-meta=\"{&quot;aperture&quot;:&quot;0&quot;,&quot;credit&quot;:&quot;&quot;,&quot;camera&quot;:&quot;&quot;,&quot;caption&quot;:&quot;&quot;,&quot;created_timestamp&quot;:&quot;0&quot;,&quot;copyright&quot;:&quot;&quot;,&quot;focal_length&quot;:&quot;0&quot;,&quot;iso&quot;:&quot;0&quot;,&quot;shutter_speed&quot;:&quot;0&quot;,&quot;title&quot;:&quot;&quot;,&quot;orientation&quot;:&quot;0&quot;}\" data-image-title=\"2-horario sa mosrisca (1)\" data-image-description=\"&lt;p&gt;2-horario sa mosrisca (1)&lt;\/p&gt;\n\" data-image-caption=\"&lt;p&gt;2-horario sa mosrisca (1)&lt;\/p&gt;\n\" data-large-file=\"https:\/\/i0.wp.com\/visitcalvia.org\/wp-content\/uploads\/2026\/04\/2-horario-sa-mosrisca-1.png?fit=1024%2C1024&amp;ssl=1\" \/>                                <div class=\"qodef-team-info-outer\">\n                                        <div class=\"qodef-team-info-inner\">\n                    <div class=\"qodef-team-info\">\n                    <div class=\"qodef-team-title-holder clearfix\">\n                                                <h4 class=\"qodef-team-name\">\n                        Horaris                    <\/h4>\n                                                        <\/div>\n                                        <\/div>\n                    <\/div>\n                        <\/div>\n                        <\/div>\n\t\t\t<\/div>\n<\/div><div class=\"qodef-accordion-holder qodef-ac-default  qodef-toggle qodef-ac-boxed qodef-white-skin clearfix\">\n\t<p class=\"qodef-accordion-title\">\n    <span class=\"qodef-accordion-mark\">\n\t\t<span class=\"qodef_icon_plus ion-chevron-down\"><\/span>\n\t\t<span class=\"qodef_icon_minus ion-chevron-up\"><\/span>\n\t<\/span>\n\t<span class=\"qodef-tab-title\">Informaci\u00f3<\/span>\n<\/p>\n<div class=\"qodef-accordion-content\">\n\t<div class=\"qodef-accordion-content-inner\">\n\t\t[vc_column_text css=\u00bb\u00bb]<\/p>\n<h5 style=\"text-align: left;\"><span class=\"change-second-color\" style=\"color: #000000; font-family: Montserrat;\">Horari: <strong>obert 24h<\/strong>, 365 dies a l\u2019any<\/span><\/h5>\n<h5 style=\"text-align: left;\"><span class=\"change-second-color\" style=\"color: #000000; font-family: Montserrat;\">Durada de la visita: <strong>1-2 hores,<\/strong> segons el ritme i el recorregut<br \/>\n<\/span><\/h5>\n<p>[\/vc_column_text]\t<\/div>\n<\/div><\/div>[\/vc_column][vc_column width=\u00bb1\/3&#8243;]<div class=\"qodef-team main-info-below-image\">\n\t<div class=\"qodef-team-inner\">\n\t\t\t\t\t<div class=\"qodef-team-image\">\n                <img loading=\"lazy\" decoding=\"async\" width=\"1024\" height=\"1024\" src=\"https:\/\/i0.wp.com\/visitcalvia.org\/wp-content\/uploads\/2026\/04\/1-como-llegar-sa-mosrisca-1.png?fit=1024%2C1024&amp;ssl=1\" class=\"attachment-full size-full\" alt=\"1- Como llegar sa mosrisca (1)\" srcset=\"https:\/\/i0.wp.com\/visitcalvia.org\/wp-content\/uploads\/2026\/04\/1-como-llegar-sa-mosrisca-1.png?w=1024&amp;ssl=1 1024w, https:\/\/i0.wp.com\/visitcalvia.org\/wp-content\/uploads\/2026\/04\/1-como-llegar-sa-mosrisca-1.png?resize=300%2C300&amp;ssl=1 300w, https:\/\/i0.wp.com\/visitcalvia.org\/wp-content\/uploads\/2026\/04\/1-como-llegar-sa-mosrisca-1.png?resize=150%2C150&amp;ssl=1 150w, https:\/\/i0.wp.com\/visitcalvia.org\/wp-content\/uploads\/2026\/04\/1-como-llegar-sa-mosrisca-1.png?resize=768%2C768&amp;ssl=1 768w, https:\/\/i0.wp.com\/visitcalvia.org\/wp-content\/uploads\/2026\/04\/1-como-llegar-sa-mosrisca-1.png?resize=550%2C550&amp;ssl=1 550w\" sizes=\"auto, (max-width: 1024px) 100vw, 1024px\" data-attachment-id=\"31117\" data-permalink=\"https:\/\/visitcalvia.org\/ca\/sa-morisca\/1-como-llegar-sa-mosrisca-1\/\" data-orig-file=\"https:\/\/i0.wp.com\/visitcalvia.org\/wp-content\/uploads\/2026\/04\/1-como-llegar-sa-mosrisca-1.png?fit=1024%2C1024&amp;ssl=1\" data-orig-size=\"1024,1024\" data-comments-opened=\"1\" data-image-meta=\"{&quot;aperture&quot;:&quot;0&quot;,&quot;credit&quot;:&quot;&quot;,&quot;camera&quot;:&quot;&quot;,&quot;caption&quot;:&quot;&quot;,&quot;created_timestamp&quot;:&quot;0&quot;,&quot;copyright&quot;:&quot;&quot;,&quot;focal_length&quot;:&quot;0&quot;,&quot;iso&quot;:&quot;0&quot;,&quot;shutter_speed&quot;:&quot;0&quot;,&quot;title&quot;:&quot;&quot;,&quot;orientation&quot;:&quot;0&quot;}\" data-image-title=\"1- Como llegar sa mosrisca (1)\" data-image-description=\"&lt;p&gt;1- Como llegar sa mosrisca (1)&lt;\/p&gt;\n\" data-image-caption=\"&lt;p&gt;1- Como llegar sa mosrisca (1)&lt;\/p&gt;\n\" data-large-file=\"https:\/\/i0.wp.com\/visitcalvia.org\/wp-content\/uploads\/2026\/04\/1-como-llegar-sa-mosrisca-1.png?fit=1024%2C1024&amp;ssl=1\" \/>                                <div class=\"qodef-team-info-outer\">\n                                        <div class=\"qodef-team-info-inner\">\n                    <div class=\"qodef-team-info\">\n                    <div class=\"qodef-team-title-holder clearfix\">\n                                                <h4 class=\"qodef-team-name\">\n                        Com arribar-hi                    <\/h4>\n                                                        <\/div>\n                                        <\/div>\n                    <\/div>\n                        <\/div>\n                        <\/div>\n\t\t\t<\/div>\n<\/div><div class=\"qodef-accordion-holder qodef-ac-default  qodef-toggle qodef-ac-boxed qodef-white-skin clearfix\">\n\t<p class=\"qodef-accordion-title\">\n    <span class=\"qodef-accordion-mark\">\n\t\t<span class=\"qodef_icon_plus ion-chevron-down\"><\/span>\n\t\t<span class=\"qodef_icon_minus ion-chevron-up\"><\/span>\n\t<\/span>\n\t<span class=\"qodef-tab-title\">Informaci\u00f3<\/span>\n<\/p>\n<div class=\"qodef-accordion-content\">\n\t<div class=\"qodef-accordion-content-inner\">\n\t\t[vc_column_text css=\u00bb\u00bb]<\/p>\n<h5 style=\"text-align: left;\"><span class=\"change-second-color\" style=\"color: #000000; font-family: Montserrat;\">El Parc arqueol\u00f2gic de Sa Morisca est\u00e0 situat al<strong>\u00a0<a href=\"https:\/\/www.google.es\/maps\/place\/Parc+arqueol%C3%B2gic+Puig+de+sa+Morisca\/@39.5088049,2.4813315,680m\/data=!3m2!1e3!4b1!4m6!3m5!1s0x129789b61bc0ca3f:0x2686fddf44e6ddf9!8m2!3d39.5088008!4d2.4839064!16s%2Fm%2F0cc8fky?entry=ttu&amp;g_ep=EgoyMDI2MDQyMC4wIKXMDSoASAFQAw%3D%3D\">Crr. del Puig de na Morisca s\/n (Santa Pon\u00e7a) <\/a><\/strong><\/span><\/h5>\n<h5 style=\"text-align: left;\"><strong><span class=\"change-second-color\" style=\"color: #000000; font-family: Montserrat;\">L\u00ednies de bus:<\/span><\/strong><\/h5>\n<ul>\n<li><a href=\"https:\/\/www.tib.org\/es\/lineas-y-horarios\/autobus\/-\/linia\/103\"><span style=\"font-weight: 400;\">L 103 Sta. Pon\u00e7a &#8211; Palma <\/span><\/a><\/li>\n<li><a href=\"https:\/\/www.tib.org\/es\/lineas-y-horarios\/autobus\/-\/linia\/106\"><span style=\"font-weight: 400;\">L106 El Toro &#8211; Palma<\/span><\/a><\/li>\n<li><a href=\"https:\/\/www.tib.org\/es\/lineas-y-horarios\/autobus\/-\/linia\/122\"><span style=\"font-weight: 400;\">L122 &#8211; Port d\u2019Andratx &#8211; Sta.Pon\u00e7a<\/span><\/a><\/li>\n<li><a href=\"https:\/\/www.tib.org\/es\/lineas-y-horarios\/autobus\/-\/linia\/123\"><span style=\"font-weight: 400;\">L123 Sta. Pon\u00e7a &#8211; Cas Catal\u00e0 <\/span><\/a><\/li>\n<\/ul>\n<p>[\/vc_column_text]\t<\/div>\n<\/div><\/div>[\/vc_column][vc_column width=\u00bb1\/3&#8243;]<div class=\"qodef-team main-info-below-image\">\n\t<div class=\"qodef-team-inner\">\n\t\t\t\t\t<div class=\"qodef-team-image\">\n                <img loading=\"lazy\" decoding=\"async\" width=\"1024\" height=\"1024\" src=\"https:\/\/i0.wp.com\/visitcalvia.org\/wp-content\/uploads\/2026\/04\/grups-i-escoles-sa-morisca-1.png?fit=1024%2C1024&amp;ssl=1\" class=\"attachment-full size-full\" alt=\"Grups i escoles-sa morisca (1)\" srcset=\"https:\/\/i0.wp.com\/visitcalvia.org\/wp-content\/uploads\/2026\/04\/grups-i-escoles-sa-morisca-1.png?w=1024&amp;ssl=1 1024w, https:\/\/i0.wp.com\/visitcalvia.org\/wp-content\/uploads\/2026\/04\/grups-i-escoles-sa-morisca-1.png?resize=300%2C300&amp;ssl=1 300w, https:\/\/i0.wp.com\/visitcalvia.org\/wp-content\/uploads\/2026\/04\/grups-i-escoles-sa-morisca-1.png?resize=150%2C150&amp;ssl=1 150w, https:\/\/i0.wp.com\/visitcalvia.org\/wp-content\/uploads\/2026\/04\/grups-i-escoles-sa-morisca-1.png?resize=768%2C768&amp;ssl=1 768w, https:\/\/i0.wp.com\/visitcalvia.org\/wp-content\/uploads\/2026\/04\/grups-i-escoles-sa-morisca-1.png?resize=550%2C550&amp;ssl=1 550w\" sizes=\"auto, (max-width: 1024px) 100vw, 1024px\" data-attachment-id=\"31046\" data-permalink=\"https:\/\/visitcalvia.org\/ca\/sa-morisca\/grups-i-escoles-sa-morisca-1\/\" data-orig-file=\"https:\/\/i0.wp.com\/visitcalvia.org\/wp-content\/uploads\/2026\/04\/grups-i-escoles-sa-morisca-1.png?fit=1024%2C1024&amp;ssl=1\" data-orig-size=\"1024,1024\" data-comments-opened=\"1\" data-image-meta=\"{&quot;aperture&quot;:&quot;0&quot;,&quot;credit&quot;:&quot;&quot;,&quot;camera&quot;:&quot;&quot;,&quot;caption&quot;:&quot;&quot;,&quot;created_timestamp&quot;:&quot;0&quot;,&quot;copyright&quot;:&quot;&quot;,&quot;focal_length&quot;:&quot;0&quot;,&quot;iso&quot;:&quot;0&quot;,&quot;shutter_speed&quot;:&quot;0&quot;,&quot;title&quot;:&quot;&quot;,&quot;orientation&quot;:&quot;0&quot;}\" data-image-title=\"Grups i escoles-sa morisca (1)\" data-image-description=\"&lt;p&gt;Grups i escoles-sa morisca (1)&lt;\/p&gt;\n\" data-image-caption=\"&lt;p&gt;Grups i escoles-sa morisca (1)&lt;\/p&gt;\n\" data-large-file=\"https:\/\/i0.wp.com\/visitcalvia.org\/wp-content\/uploads\/2026\/04\/grups-i-escoles-sa-morisca-1.png?fit=1024%2C1024&amp;ssl=1\" \/>                                <div class=\"qodef-team-info-outer\">\n                                        <div class=\"qodef-team-info-inner\">\n                    <div class=\"qodef-team-info\">\n                    <div class=\"qodef-team-title-holder clearfix\">\n                                                <h4 class=\"qodef-team-name\">\n                        Grups i escoles                    <\/h4>\n                                                        <\/div>\n                                        <\/div>\n                    <\/div>\n                        <\/div>\n                        <\/div>\n\t\t\t<\/div>\n<\/div><div class=\"qodef-accordion-holder qodef-ac-default  qodef-toggle qodef-ac-boxed qodef-white-skin clearfix\">\n\t<p class=\"qodef-accordion-title\">\n    <span class=\"qodef-accordion-mark\">\n\t\t<span class=\"qodef_icon_plus ion-chevron-down\"><\/span>\n\t\t<span class=\"qodef_icon_minus ion-chevron-up\"><\/span>\n\t<\/span>\n\t<span class=\"qodef-tab-title\">Informaci\u00f3<\/span>\n<\/p>\n<div class=\"qodef-accordion-content\">\n\t<div class=\"qodef-accordion-content-inner\">\n\t\t[vc_column_text css=\u00bb\u00bb]<\/p>\n<h5 style=\"text-align: left;\"><span class=\"change-second-color\" style=\"color: #000000; font-family: Montserrat;\">Per a visites de grup o escola, posa\u2019t en contacte al correu electr\u00f2nic <a href=\"mailto:morisca@calvia.com\"><strong>morisca@calvia.com<\/strong><\/a><\/span><\/h5>\n<p>[\/vc_column_text]\t<\/div>\n<\/div><\/div>[\/vc_column][\/vc_row][vc_row full_width=\u00bbstretch_row_content\u00bb css=\u00bb.vc_custom_1775029876084{background-color: #E4E4E4 !important;}\u00bb][vc_column][vc_empty_space height=\u00bb10px\u00bb][vc_raw_html css=\u00bb\u00bb]JTNDZGl2JTIwc3R5bGUlM0QlMjJ3aWR0aCUzQTEwMCUyNSUzQmhlaWdodCUzQSUyMGNhbGMlMjg5NnZoJTIwLSUyMDcwcHglMjklM0IlMjIlM0UlMEElMjAlMjAlMjAlMjAlM0NkaXYlMEElMjAlMjAlMjAlMjAlMjAlMjAlMjAlMjBpZCUzRCUyMmJXaWRnZXRNYXAlMjIlMEElMjAlMjAlMjAlMjAlMjAlMjAlMjAlMjBpbnRlZ3JhdGlvbiUzRCUyMnNlZ21lbnQlMjIlMjAlMjAlMjAlMjAlMjAlMjAlMjAlMjAlMEElMjAlMjAlMjAlMjAlMjAlMjAlMjAlMjBidG5Db2xvciUzRCUyNyUyMzFFNzNCRSUyNyUwQSUyMCUyMCUyMCUyMCUyMCUyMCUyMCUyMHNob3dDdXJ0YWluJTIwJTNEJTIwJTIydHJ1ZSUyMiUwQSUyMCUyMCUyMCUyMCUyMCUyMCUyMCUyMHNob3dCdXR0b25zJTIwJTNEJTIwJTIydHJ1ZSUyMiUwQSUyMCUyMCUyMCUyMCUyMCUyMCUyMCUyMHZpZXdNYXBUZXh0JTIwJTNEJTIwJTIyVkVSJTIwTUFQQSUyMiUwQSUyMCUyMCUyMCUyMCUyMCUyMCUyMCUyMHBhcmVudHVyaXByZWZpeCUzRCUyMmJ3aWRnZXQlM0ElMjIlMEElMjAlMjAlMjAlMjAlMjAlMjAlMjAlMjBpZ25vcmVCb3R0b21Db250ZW50JTIwJTNEJTIwJTIydHJ1ZSUyMiUwQSUyMCUyMCUyMCUyMCUyMCUyMCUyMCUyMGVtYmVkdXJsJTNEJTIyaHR0cHMlM0ElMkYlMkZjYWx2aWEuYncuYm9sZGVzdC5pbyUyMiUwQSUyMCUyMCUyMCUyMCUyMCUyMCUyMCUyMGVtYmVkbWFpbnVyaSUzRCUyMiUyRmNhJTJGcGFyYy1hcnF1ZW9sb2dpYy1zYS1tb3Jpc2NhJTIyJTBBJTIwJTIwJTIwJTIwJTIwJTIwJTIwJTIwbWFwU2Nyb2xsd2hlZWwlM0QlMjJmYWxzZSUyMiUwQSUyMCUyMCUyMCUyMCUyMCUyMCUyMCUyMG9uRm9jdXMlM0QlMjIlMjIlMEElMjAlMjAlMjAlMjAlMjAlMjAlMjAlMjBvbkZvY3VzT3V0JTNEJTIyJTIyJTBBJTIwJTIwJTIwJTIwJTNFJTNDJTJGZGl2JTNFJTBBJTIwJTIwJTIwJTIwJTNDc2NyaXB0JTIwdHlwZSUzRCUyMnRleHQlMkZqYXZhc2NyaXB0JTIyJTIwc3JjJTNEJTIyaHR0cHMlM0ElMkYlMkZjYWx2aWEuYncuYm9sZGVzdC5pbyUyRmVtYmVkLmpzJTIyJTNFJTNDJTJGc2NyaXB0JTNFJTBBJTNDJTJGZGl2JTNF[\/vc_raw_html][\/vc_column][\/vc_row][vc_row full_width=\u00bbstretch_row\u00bb css=\u00bb.vc_custom_1777283597439{background-color: #E4E4E4 !important;}\u00bb][vc_column width=\u00bb1\/3&#8243;][vc_single_image image=\u00bb31026&#8243; img_size=\u00bbfull\u00bb alignment=\u00bbcenter\u00bb onclick=\u00bblink_image\u00bb css=\u00bb\u00bb][\/vc_column][vc_column width=\u00bb2\/3&#8243;][vc_column_text css=\u00bb.vc_custom_1777458109108{margin-bottom: 14px !important;}\u00bb]<\/p>\n<h3 style=\"text-align: left;\"><span style=\"color: #0562a4; font-family: Montserrat;\"><strong><em>Arqueologia &#8211; Torre III<br \/>\n<\/em><\/strong><\/span><\/h3>\n<p>[\/vc_column_text][vc_column_text css=\u00bb.vc_custom_1777458120405{margin-bottom: 14px !important;}\u00bb]<\/p>\n<h4 style=\"text-align: left;\">Descobreix la cultura talai\u00f2tica a <strong>Sa Morisca<\/strong> i explora una de les cares menys conegudes de Mallorca.<\/h4>\n<p>[\/vc_column_text][\/vc_column][\/vc_row][vc_row full_width=\u00bbstretch_row\u00bb css=\u00bb.vc_custom_1777283597439{background-color: #E4E4E4 !important;}\u00bb][vc_column width=\u00bb2\/3&#8243;][vc_column_text css=\u00bb.vc_custom_1777458141291{margin-bottom: 14px !important;}\u00bb]<\/p>\n<h3 style=\"text-align: left;\"><span style=\"color: #0562a4; font-family: Montserrat;\"><strong><em>Etnografia Gesti\u00f3 tradicional del bosc: <\/em><\/strong><em>carboneres<\/em><\/span><\/h3>\n<p>[\/vc_column_text][vc_column_text css=\u00bb.vc_custom_1777458175490{margin-bottom: 14px !important;}\u00bb]<\/p>\n<h4 style=\"text-align: left;\">Deixa\u2019t sorprendre per l\u2019empremta de la vida tradicional a<strong> Sa Morisca<\/strong>: carboneres, marges i roters que expliquen com s\u2019ha modelat el paisatge de Mallorca al llarg del temps.<\/h4>\n<p>[\/vc_column_text][\/vc_column][vc_column width=\u00bb1\/3&#8243;][vc_single_image image=\u00bb31076&#8243; img_size=\u00bbfull\u00bb alignment=\u00bbcenter\u00bb onclick=\u00bblink_image\u00bb css=\u00bb\u00bb][\/vc_column][\/vc_row][vc_row full_width=\u00bbstretch_row\u00bb css=\u00bb.vc_custom_1777283597439{background-color: #E4E4E4 !important;}\u00bb][vc_column width=\u00bb1\/3&#8243;][vc_single_image image=\u00bb31080&#8243; img_size=\u00bbfull\u00bb alignment=\u00bbcenter\u00bb onclick=\u00bblink_image\u00bb css=\u00bb\u00bb][\/vc_column][vc_column width=\u00bb2\/3&#8243;][vc_column_text css=\u00bb.vc_custom_1777458192326{margin-bottom: 14px !important;}\u00bb]<\/p>\n<h3 style=\"text-align: left;\"><span style=\"color: #0562a4; font-family: Montserrat;\"><em>Paisatge: <strong>Vista des dels miradors<\/strong><\/em><\/span><\/h3>\n<p>[\/vc_column_text][vc_column_text css=\u00bb.vc_custom_1777458205188{margin-bottom: 14px !important;}\u00bb]<\/p>\n<h4 style=\"text-align: left;\">Les millors vistes de Calvi\u00e0 t\u2019esperen a <strong>Sa Morisca<\/strong>. Un mirador privilegiat entre patrimoni, mar i natura.<\/h4>\n<p>[\/vc_column_text][\/vc_column][\/vc_row][vc_row full_width=\u00bbstretch_row\u00bb css=\u00bb.vc_custom_1777283597439{background-color: #E4E4E4 !important;}\u00bb][vc_column width=\u00bb2\/3&#8243;][vc_column_text css=\u00bb.vc_custom_1777458223819{margin-bottom: 14px !important;}\u00bb]<\/p>\n<h3 style=\"text-align: left;\"><span style=\"color: #0562a4; font-family: Montserrat;\"><em>Naturalesa: <strong>Camina per un bosc mediterrani<\/strong><\/em><\/span><\/h3>\n<p>[\/vc_column_text][vc_column_text css=\u00bb.vc_custom_1777458234661{margin-bottom: 14px !important;}\u00bb]<\/p>\n<h4 style=\"text-align: left;\">45 hect\u00e0rees de bosc mediterrani per rec\u00f3rrer entre pins, aromes i fauna local. Natura en estat pur a <strong>Sa Morisca.<\/strong><\/h4>\n<p>[\/vc_column_text][\/vc_column][vc_column width=\u00bb1\/3&#8243;][vc_single_image image=\u00bb31084&#8243; img_size=\u00bbfull\u00bb alignment=\u00bbcenter\u00bb onclick=\u00bblink_image\u00bb css=\u00bb\u00bb][\/vc_column][\/vc_row][vc_row full_width=\u00bbstretch_row\u00bb css=\u00bb.vc_custom_1777283597439{background-color: #E4E4E4 !important;}\u00bb][vc_column][vc_empty_space height=\u00bb30px\u00bb][\/vc_column][\/vc_row][vc_row full_width=\u00bbstretch_row\u00bb css=\u00bb.vc_custom_1777283597439{background-color: #E4E4E4 !important;}\u00bb][vc_column][\/vc_column][\/vc_row][vc_row full_width=\u00bbstretch_row\u00bb css=\u00bb.vc_custom_1777285865466{margin-top: -30px !important;background-color: #E4E4E4 !important;}\u00bb][vc_column][vc_zigzag color=\u00bbcustom\u00bb el_width=\u00bb80&#8243; custom_color=\u00bb#909090&#8243;][vc_column_text css=\u00bb.vc_custom_1777458248910{margin-bottom: 14px !important;}\u00bb]<\/p>\n<h2 style=\"text-align: center;\"><span style=\"color: #000000; font-family: Montserrat;\"><em>Ajuda&#8217;ns a cuidar Sa Morisca<\/em><\/span><\/h2>\n<p>[\/vc_column_text][vc_column_text css=\u00bb\u00bb]<img data-recalc-dims=\"1\" loading=\"lazy\" decoding=\"async\" class=\"aligncenter wp-image-31091 size-full\" src=\"https:\/\/i0.wp.com\/visitcalvia.org\/wp-content\/uploads\/2026\/04\/iconos-ayudanos-a-cuidar-su-morisca.png?resize=1100%2C206&#038;ssl=1\" alt=\"iconos Ayu\u0301danos a cuidar Su Morisca\" width=\"1100\" height=\"206\" srcset=\"https:\/\/i0.wp.com\/visitcalvia.org\/wp-content\/uploads\/2026\/04\/iconos-ayudanos-a-cuidar-su-morisca.png?w=1774&amp;ssl=1 1774w, https:\/\/i0.wp.com\/visitcalvia.org\/wp-content\/uploads\/2026\/04\/iconos-ayudanos-a-cuidar-su-morisca.png?resize=300%2C56&amp;ssl=1 300w, https:\/\/i0.wp.com\/visitcalvia.org\/wp-content\/uploads\/2026\/04\/iconos-ayudanos-a-cuidar-su-morisca.png?resize=1024%2C192&amp;ssl=1 1024w, https:\/\/i0.wp.com\/visitcalvia.org\/wp-content\/uploads\/2026\/04\/iconos-ayudanos-a-cuidar-su-morisca.png?resize=768%2C144&amp;ssl=1 768w, https:\/\/i0.wp.com\/visitcalvia.org\/wp-content\/uploads\/2026\/04\/iconos-ayudanos-a-cuidar-su-morisca.png?resize=1536%2C287&amp;ssl=1 1536w\" sizes=\"auto, (max-width: 1100px) 100vw, 1100px\" \/>[\/vc_column_text][vc_zigzag color=\u00bbcustom\u00bb el_width=\u00bb80&#8243; custom_color=\u00bb#909090&#8243;][vc_empty_space height=\u00bb20px\u00bb][\/vc_column][\/vc_row][vc_row full_width=\u00bbstretch_row\u00bb css=\u00bb.vc_custom_1777285865466{margin-top: -30px !important;background-color: #E4E4E4 !important;}\u00bb][vc_column][vc_empty_space height=\u00bb20px\u00bb][vc_empty_space height=\u00bb20px\u00bb][\/vc_column][\/vc_row][vc_row full_width=\u00bbstretch_row\u00bb css=\u00bb.vc_custom_1777285788608{margin-top: -30px !important;background-color: #0562A4 !important;}\u00bb][vc_column][vc_column_text css=\u00bb.vc_custom_1777458272069{margin-top: -35px !important;margin-bottom: 15px !important;}\u00bb]<\/p>\n<h1 style=\"text-align: center;\"><span class=\"change-second-color\" style=\"color: #ffffff; font-family: Montserrat;\">MUSEU<\/span><\/h1>\n<p>[\/vc_column_text][\/vc_column][\/vc_row][vc_row full_width=\u00bbstretch_row_content\u00bb css=\u00bb.vc_custom_1774951366153{background-color: #E4E4E4 !important;}\u00bb][vc_column][vc_column_text css=\u00bb.vc_custom_1777458284268{margin-bottom: 14px !important;}\u00bb]<\/p>\n<h2 style=\"text-align: center;\"><span style=\"color: #0562a4; font-family: Montserrat;\"><em>El lloc on cada objecte t\u00e9 una hist\u00f2ria<\/em><\/span><\/h2>\n<p>[\/vc_column_text][vc_empty_space height=\u00bb20px\u00bb][\/vc_column][\/vc_row][vc_row full_width=\u00bbstretch_row_content\u00bb css=\u00bb.vc_custom_1774951366153{background-color: #E4E4E4 !important;}\u00bb][vc_column width=\u00bb1\/2&#8243;][vc_single_image image=\u00bb31100&#8243; img_size=\u00bbfull\u00bb alignment=\u00bbcenter\u00bb onclick=\u00bbzoom\u00bb css=\u00bb\u00bb][vc_column_text css=\u00bb.vc_custom_1777458298306{margin-bottom: 14px !important;}\u00bb]<\/p>\n<h3 style=\"text-align: left;\"><span style=\"color: #0562a4; font-family: Montserrat;\"><em>Sa Morisca, <strong>un parc arqueol\u00f2gic en construcci\u00f3<\/strong><\/em><\/span><\/h3>\n<p>[\/vc_column_text][vc_column_text css=\u00bb.vc_custom_1777458308520{margin-bottom: 14px !important;}\u00bb]<\/p>\n<h4 style=\"text-align: left;\">Una exposici\u00f3 de plafons que explica qu\u00e8 \u00e9s Sa Morisca avui, els projectes de futur i el treball actual, amb un espai participatiu per recollir idees i construir conjuntament el parc del futur.<\/h4>\n<p>[\/vc_column_text][vc_empty_space height=\u00bb30px\u00bb][\/vc_column][vc_column width=\u00bb1\/2&#8243;][vc_single_image image=\u00bb31104&#8243; img_size=\u00bbfull\u00bb alignment=\u00bbcenter\u00bb onclick=\u00bbzoom\u00bb css=\u00bb\u00bb][vc_column_text css=\u00bb.vc_custom_1777458320463{margin-bottom: 14px !important;}\u00bb]<\/p>\n<h3 style=\"text-align: left;\"><span style=\"color: #0562a4; font-family: Montserrat;\"><strong><em>Una casa isl\u00e0mica del s. XIII: <\/em><\/strong><em>vida, foc i mem\u00f2ria<\/em><strong><em><br \/>\n<\/em><\/strong><\/span><\/h3>\n<p>[\/vc_column_text][vc_column_text css=\u00bb.vc_custom_1777458330120{margin-bottom: 14px !important;}\u00bb]<\/p>\n<h4 style=\"text-align: left;\">Una microexposici\u00f3 en format aparador que mostra materials arqueol\u00f2gics d\u2019una casa isl\u00e0mica del segle XIII: vida quotidiana, destrucci\u00f3 pel foc i les estrat\u00e8gies actuals de restauraci\u00f3.)<\/h4>\n<p>[\/vc_column_text][vc_empty_space height=\u00bb30px\u00bb][\/vc_column][\/vc_row][vc_row full_width=\u00bbstretch_row\u00bb css=\u00bb.vc_custom_1774953144269{background-color: #0562A4 !important;}\u00bb][vc_column][vc_empty_space height=\u00bb10px\u00bb][\/vc_column][\/vc_row][vc_row full_width=\u00bbstretch_row\u00bb css=\u00bb.vc_custom_1777289513161{background-color: #E4E4E4 !important;}\u00bb][vc_column][vc_row_inner][vc_column_inner][vc_column_text css=\u00bb\u00bb]<\/p>\n<h2><em><span class=\"change-second-color\" style=\"color: #00000; font-family: Montserrat;\"><strong>Preguntes <\/strong>freq\u00fcents<\/span><\/em><\/h2>\n<p>[\/vc_column_text][\/vc_column_inner][\/vc_row_inner][vc_empty_space height=\u00bb25px\u00bb]<div class=\"qodef-accordion-holder qodef-ac-default  qodef-toggle qodef-ac-boxed qodef-white-skin clearfix\">\n\t<p class=\"qodef-accordion-title\">\n    <span class=\"qodef-accordion-mark\">\n\t\t<span class=\"qodef_icon_plus ion-chevron-down\"><\/span>\n\t\t<span class=\"qodef_icon_minus ion-chevron-up\"><\/span>\n\t<\/span>\n\t<span class=\"qodef-tab-title\">NORMES D\u2019\u00daS DEL PARC<\/span>\n<\/p>\n<div class=\"qodef-accordion-content\">\n\t<div class=\"qodef-accordion-content-inner\">\n\t\t[vc_column_text css=\u00bb\u00bb]<strong>Es pot accedir amb animals?<\/strong><br \/>\nS\u00ed, es permet l\u2019acc\u00e9s amb animals. Han d\u2019anar sempre fermats, segons la normativa municipal.<br \/>\nLes persones propiet\u00e0ries han de recollir els excrements. Recordau que no s\u00f3n adob i deixar-los pot comportar sancions de fins a 600 \u20ac.<br \/>\nA l\u2019interior de l\u2019edifici no est\u00e0 perm\u00e8s l\u2019acc\u00e9s amb animals, excepte en el cas de cans d\u2019assist\u00e8ncia.<\/p>\n<p><strong>Es pot menjar o fer p\u00edcnic al parc?<\/strong><br \/>\nS\u00ed, es pot menjar al parc, sempre respectant l\u2019entorn.<br \/>\n\u00c9s important no deixar residus i utilitzar les papereres o endur-se\u2019ls.<\/p>\n<p><strong>Es poden fer activitats esportives?<\/strong><br \/>\nS\u00ed, es poden fer activitats com caminar, c\u00f3rrer o anar en bicicleta pels camins senyalitzats.<br \/>\nUs recomanam fer-ne un \u00fas respectu\u00f3s amb altres visitants i amb el patrimoni. No est\u00e0 perm\u00e8s circular fora dels camins (off-road), ja que pot malmetre la natura i les estructures arqueol\u00f2giques, i afavoreix l\u2019erosi\u00f3 del terreny.[\/vc_column_text]\t<\/div>\n<\/div><\/div>[vc_empty_space height=\u00bb10px\u00bb]<div class=\"qodef-accordion-holder qodef-ac-default  qodef-toggle qodef-ac-boxed qodef-white-skin clearfix\">\n\t<p class=\"qodef-accordion-title\">\n    <span class=\"qodef-accordion-mark\">\n\t\t<span class=\"qodef_icon_plus ion-chevron-down\"><\/span>\n\t\t<span class=\"qodef_icon_minus ion-chevron-up\"><\/span>\n\t<\/span>\n\t<span class=\"qodef-tab-title\">CONSERVACI\u00d3 DEL PATRIMONI<\/span>\n<\/p>\n<div class=\"qodef-accordion-content\">\n\t<div class=\"qodef-accordion-content-inner\">\n\t\t[vc_column_text css=\u00bb\u00bb]<strong>Es poden fer fotografies?<\/strong><br \/>\nS\u00ed, per a \u00fas personal.<br \/>\nPer a usos professionals o comercials, cal autoritzaci\u00f3 pr\u00e8via.<\/p>\n<p><strong>Es poden tocar o pujar als elements arqueol\u00f2gics?<\/strong><br \/>\nNo est\u00e0 perm\u00e8s, ja que s\u00f3n estructures fr\u00e0gils.<br \/>\nUs demanam que ajudeu a conservar-les.<\/p>\n<p><strong>Es poden recollir plantes, pedres o altres elements?<\/strong><br \/>\nNo, el parc \u00e9s un espai protegit i s\u2019han de conservar tots els seus elements.[\/vc_column_text]\t<\/div>\n<\/div><\/div>[vc_empty_space height=\u00bb10px\u00bb]<div class=\"qodef-accordion-holder qodef-ac-default  qodef-toggle qodef-ac-boxed qodef-white-skin clearfix\">\n\t<p class=\"qodef-accordion-title\">\n    <span class=\"qodef-accordion-mark\">\n\t\t<span class=\"qodef_icon_plus ion-chevron-down\"><\/span>\n\t\t<span class=\"qodef_icon_minus ion-chevron-up\"><\/span>\n\t<\/span>\n\t<span class=\"qodef-tab-title\">ACCESSIBILITAT<\/span>\n<\/p>\n<div class=\"qodef-accordion-content\">\n\t<div class=\"qodef-accordion-content-inner\">\n\t\t[vc_column_text css=\u00bb\u00bb]<strong>Es pot fer la visita en cadira de rodes?<\/strong><br \/>\nActualment, gran part del parc no \u00e9s accessible per a persones amb mobilitat redu\u00efda a causa de la topografia i les caracter\u00edstiques del terreny.<br \/>\nEstam treballant en la creaci\u00f3 d\u2019itineraris accessibles i en la millora de l\u2019accessibilitat global del parc.<\/p>\n<p><strong>Es pot fer la visita amb cotxet de nad\u00f3?<\/strong><br \/>\nActualment, el recorregut del parc presenta desnivells, trams irregulars i camins de terra que dificulten l\u2019\u00fas de cotxets.<br \/>\nPer aix\u00f2, no es recomana aquest tipus de visita.<br \/>\nTot i aix\u00ed, estam treballant en el desenvolupament d\u2019itineraris accessibles que permetin una visita m\u00e9s inclusiva en el futur.<\/p>\n<p><strong>Tinc discapacitat visual. Quin tipus de visita puc realitzar?<\/strong><br \/>\nEl parc \u00e9s un espai a l\u2019aire lliure amb recorreguts no senyalitzats espec\u00edficament per a persones amb discapacitat visual.<br \/>\nTot i aix\u00f2, es pot realitzar la visita amb acompanyant.<br \/>\nTamb\u00e9 estam treballant en el desenvolupament de recursos accessibles que incorporin elements sensorials i explicacions adaptades.<\/p>\n<p><strong>Tinc discapacitat auditiva. Quin tipus de visita puc realitzar?<\/strong><br \/>\nLa visita lliure al parc es pot fer sense dificultats, ja que la major part de la informaci\u00f3 est\u00e0 disponible en format escrit als panells interpretatius.[\/vc_column_text]\t<\/div>\n<\/div><\/div>[vc_empty_space height=\u00bb10px\u00bb]<div class=\"qodef-accordion-holder qodef-ac-default  qodef-toggle qodef-ac-boxed qodef-white-skin clearfix\">\n\t<p class=\"qodef-accordion-title\">\n    <span class=\"qodef-accordion-mark\">\n\t\t<span class=\"qodef_icon_plus ion-chevron-down\"><\/span>\n\t\t<span class=\"qodef_icon_minus ion-chevron-up\"><\/span>\n\t<\/span>\n\t<span class=\"qodef-tab-title\">ACTIVITATS I VISITES<\/span>\n<\/p>\n<div class=\"qodef-accordion-content\">\n\t<div class=\"qodef-accordion-content-inner\">\n\t\t[vc_column_text css=\u00bb\u00bb]<strong>Hi ha visita guiada?<\/strong><br \/>\nS\u00ed, s\u2019organitzen visites guiades i activitats al llarg de l\u2019any.<br \/>\nPodeu consultar l\u2019agenda a les nostres xarxes socials o sol\u00b7licitar visites per a grups amb reserva pr\u00e8via.<\/p>\n<p><strong>Hi ha activitats o visites per a estudiants?<\/strong><br \/>\nS\u00ed, el parc ofereix una \u00e0mplia oferta educativa.<br \/>\nPodeu contactar a: morisca@calvia.com<br \/>\nTamb\u00e9 us podeu inscriure al nostre mailing en aquest formulari per rebre informaci\u00f3 peri\u00f2dica.<\/p>\n<p><strong>Es poden fer activitats en grup o esdeveniments?<\/strong><br \/>\nS\u00ed, per\u00f2 \u00e9s necessari contactar pr\u00e8viament per gestionar l\u2019autoritzaci\u00f3.<br \/>\nPodeu fer-ho a trav\u00e9s del correu electr\u00f2nic morisca@calvia.com o telefonant al 971 13 92 18 (de dilluns a divendres, de 8 a 15 h).[\/vc_column_text]\t<\/div>\n<\/div><\/div>[vc_empty_space height=\u00bb10px\u00bb]<div class=\"qodef-accordion-holder qodef-ac-default  qodef-toggle qodef-ac-boxed qodef-white-skin clearfix\">\n\t<p class=\"qodef-accordion-title\">\n    <span class=\"qodef-accordion-mark\">\n\t\t<span class=\"qodef_icon_plus ion-chevron-down\"><\/span>\n\t\t<span class=\"qodef_icon_minus ion-chevron-up\"><\/span>\n\t<\/span>\n\t<span class=\"qodef-tab-title\">ALTRES<\/span>\n<\/p>\n<div class=\"qodef-accordion-content\">\n\t<div class=\"qodef-accordion-content-inner\">\n\t\t[vc_column_text css=\u00bb\u00bb]<strong>He perdut un objecte durant la visita. Com el puc recuperar?<\/strong><br \/>\nSi hem trobat l\u2019objecte, el custodiam a l\u2019edifici del parc.<br \/>\nPodeu passar a recollir-lo de dilluns a divendres, de 8 a 15 h.<br \/>\nTamb\u00e9 ens podeu contactar al tel\u00e8fon 971 13 92 18 o per correu electr\u00f2nic (morisca@calvia.com ).<\/p>\n<p><strong>Hi ha ombra durant el recorregut?<\/strong><br \/>\nHi ha zones amb ombra, per\u00f2 no de manera cont\u00ednua.<br \/>\nPlanificau la visita especialment a l\u2019estiu.<\/p>\n<p><strong>Hi ha cobertura m\u00f2bil?<\/strong><br \/>\nPot variar segons la zona. Es recomana no dependre exclusivament del m\u00f2bil.[\/vc_column_text]\t<\/div>\n<\/div><\/div>[vc_empty_space height=\u00bb30px\u00bb][\/vc_column][\/vc_row]<\/p>\n<\/div>","protected":false},"excerpt":{"rendered":"<p>[vc_row row_content_width=\u00bbgrid\u00bb][vc_column][\/vc_column][\/vc_row][vc_row full_width=\u00bbstretch_row_content\u00bb css=\u00bb.vc_custom_1774951366153{background-color: #E4E4E4 !important;}\u00bb][vc_column width=\u00bb1\/6&#8243;][\/vc_column][vc_column width=\u00bb2\/3&#8243;][vc_column_text css=\u00bb.vc_custom_1777457934227{margin-bottom: 14px !important;}\u00bb] El Parc Arqueol\u00f2gic del Puig de sa Morisca (Santa Pon\u00e7a) s\u2019est\u00e9n sobre 45 hect\u00e0rees de natura, hist\u00f2ria i mem\u00f2ria. \u00c9s el parc periurb\u00e0 m\u00e9s gran del municipi, amb m\u00e9s de 8 quil\u00f2metres de senders que serpentegen entre paisatges oberts i miradors privilegiats sobre [&hellip;]<\/p>\n","protected":false},"author":182516987,"featured_media":31026,"parent":0,"menu_order":0,"comment_status":"closed","ping_status":"closed","template":"","meta":{"_coblocks_attr":"","_coblocks_dimensions":"","_coblocks_responsive_height":"","_coblocks_accordion_ie_support":"","_wpcom_ai_launchpad_about_page":false,"_wpcom_ai_launchpad_gallery_page":false,"_wpcom_ai_launchpad_contact_page":false,"_wpcom_ai_launchpad_events_page":false,"_wpcom_ai_launchpad_video_page":false,"_wpcom_ai_launchpad_portfolio_piece":false,"footnotes":""},"class_list":["post-31270","page","type-page","status-publish","has-post-thumbnail","hentry"],"yoast_head":"<!-- This site is optimized with the Yoast SEO plugin v28.4 - https:\/\/yoast.com\/product\/yoast-seo-wordpress\/ -->\n<title>SA MORISCA - visitcalvia<\/title>\n<meta name=\"robots\" content=\"index, follow, max-snippet:-1, max-image-preview:large, max-video-preview:-1\" \/>\n<link rel=\"canonical\" href=\"https:\/\/visitcalvia.org\/ca\/sa-morisca\/\" \/>\n<meta property=\"og:locale\" content=\"ca_ES\" \/>\n<meta property=\"og:type\" content=\"article\" \/>\n<meta property=\"og:title\" content=\"SA MORISCA - visitcalvia\" \/>\n<meta property=\"og:description\" content=\"[vc_row row_content_width=\u00bbgrid\u00bb][vc_column][\/vc_column][\/vc_row][vc_row full_width=\u00bbstretch_row_content\u00bb css=\u00bb.vc_custom_1774951366153{background-color: #E4E4E4 !important;}\u00bb][vc_column width=\u00bb1\/6&#8243;][\/vc_column][vc_column width=\u00bb2\/3&#8243;][vc_column_text css=\u00bb.vc_custom_1777457934227{margin-bottom: 14px !important;}\u00bb] El Parc Arqueol\u00f2gic del Puig de sa Morisca (Santa Pon\u00e7a) s\u2019est\u00e9n sobre 45 hect\u00e0rees de natura, hist\u00f2ria i mem\u00f2ria. \u00c9s el parc periurb\u00e0 m\u00e9s gran del municipi, amb m\u00e9s de 8 quil\u00f2metres de senders que serpentegen entre paisatges oberts i miradors privilegiats sobre [&hellip;]\" \/>\n<meta property=\"og:url\" content=\"https:\/\/visitcalvia.org\/ca\/sa-morisca\/\" \/>\n<meta property=\"og:site_name\" content=\"visitcalvia\" \/>\n<meta property=\"article:modified_time\" content=\"2026-06-16T10:53:44+00:00\" \/>\n<meta property=\"og:image\" content=\"https:\/\/visitcalvia.org\/wp-content\/uploads\/2026\/04\/2024_santa-ponca_01_parque-arqueologico-2-scaled.jpg\" \/>\n\t<meta property=\"og:image:width\" content=\"2000\" \/>\n\t<meta property=\"og:image:height\" content=\"1500\" \/>\n\t<meta property=\"og:image:type\" content=\"image\/jpeg\" \/>\n<meta name=\"twitter:card\" content=\"summary_large_image\" \/>\n<meta name=\"twitter:label1\" content=\"Temps estimat de lectura\" \/>\n\t<meta name=\"twitter:data1\" content=\"8 minuts\" \/>\n<script type=\"application\/ld+json\" class=\"yoast-schema-graph\">{\"@context\":\"https:\\\/\\\/schema.org\",\"@graph\":[{\"@type\":\"WebPage\",\"@id\":\"https:\\\/\\\/visitcalvia.org\\\/ca\\\/sa-morisca\\\/\",\"url\":\"https:\\\/\\\/visitcalvia.org\\\/ca\\\/sa-morisca\\\/\",\"name\":\"SA MORISCA - visitcalvia\",\"isPartOf\":{\"@id\":\"https:\\\/\\\/visitcalvia.org\\\/ca\\\/#website\"},\"primaryImageOfPage\":{\"@id\":\"https:\\\/\\\/visitcalvia.org\\\/ca\\\/sa-morisca\\\/#primaryimage\"},\"image\":{\"@id\":\"https:\\\/\\\/visitcalvia.org\\\/ca\\\/sa-morisca\\\/#primaryimage\"},\"thumbnailUrl\":\"https:\\\/\\\/i0.wp.com\\\/visitcalvia.org\\\/wp-content\\\/uploads\\\/2026\\\/04\\\/2024_santa-ponca_01_parque-arqueologico-2-scaled.jpg?fit=2000%2C1500&ssl=1\",\"datePublished\":\"2026-04-29T10:12:38+00:00\",\"dateModified\":\"2026-06-16T10:53:44+00:00\",\"breadcrumb\":{\"@id\":\"https:\\\/\\\/visitcalvia.org\\\/ca\\\/sa-morisca\\\/#breadcrumb\"},\"inLanguage\":\"ca\",\"potentialAction\":[{\"@type\":\"ReadAction\",\"target\":[\"https:\\\/\\\/visitcalvia.org\\\/ca\\\/sa-morisca\\\/\"]}]},{\"@type\":\"ImageObject\",\"inLanguage\":\"ca\",\"@id\":\"https:\\\/\\\/visitcalvia.org\\\/ca\\\/sa-morisca\\\/#primaryimage\",\"url\":\"https:\\\/\\\/i0.wp.com\\\/visitcalvia.org\\\/wp-content\\\/uploads\\\/2026\\\/04\\\/2024_santa-ponca_01_parque-arqueologico-2-scaled.jpg?fit=2000%2C1500&ssl=1\",\"contentUrl\":\"https:\\\/\\\/i0.wp.com\\\/visitcalvia.org\\\/wp-content\\\/uploads\\\/2026\\\/04\\\/2024_santa-ponca_01_parque-arqueologico-2-scaled.jpg?fit=2000%2C1500&ssl=1\",\"width\":2000,\"height\":1500},{\"@type\":\"BreadcrumbList\",\"@id\":\"https:\\\/\\\/visitcalvia.org\\\/ca\\\/sa-morisca\\\/#breadcrumb\",\"itemListElement\":[{\"@type\":\"ListItem\",\"position\":1,\"name\":\"Portada\",\"item\":\"https:\\\/\\\/visitcalvia.org\\\/ca\\\/\"},{\"@type\":\"ListItem\",\"position\":2,\"name\":\"SA MORISCA\"}]},{\"@type\":\"WebSite\",\"@id\":\"https:\\\/\\\/visitcalvia.org\\\/ca\\\/#website\",\"url\":\"https:\\\/\\\/visitcalvia.org\\\/ca\\\/\",\"name\":\"visitcalvia\",\"description\":\"Vacaciones en Mallorca \u2013 Calvi\u00e0 m\u00faltiples destinos en uno s\u00f3lo lugar. Palmanova, Santa Pon\u00e7a, Magaluf, Peguera, Portals Nous, Costa d\u2019en Blanes, Cala Vinyes\",\"potentialAction\":[{\"@type\":\"SearchAction\",\"target\":{\"@type\":\"EntryPoint\",\"urlTemplate\":\"https:\\\/\\\/visitcalvia.org\\\/ca\\\/?s={search_term_string}\"},\"query-input\":{\"@type\":\"PropertyValueSpecification\",\"valueRequired\":true,\"valueName\":\"search_term_string\"}}],\"inLanguage\":\"ca\"}]}<\/script>\n<!-- \/ Yoast SEO plugin. -->","yoast_head_json":{"title":"SA MORISCA - visitcalvia","robots":{"index":"index","follow":"follow","max-snippet":"max-snippet:-1","max-image-preview":"max-image-preview:large","max-video-preview":"max-video-preview:-1"},"canonical":"https:\/\/visitcalvia.org\/ca\/sa-morisca\/","og_locale":"ca_ES","og_type":"article","og_title":"SA MORISCA - visitcalvia","og_description":"[vc_row row_content_width=\u00bbgrid\u00bb][vc_column][\/vc_column][\/vc_row][vc_row full_width=\u00bbstretch_row_content\u00bb css=\u00bb.vc_custom_1774951366153{background-color: #E4E4E4 !important;}\u00bb][vc_column width=\u00bb1\/6&#8243;][\/vc_column][vc_column width=\u00bb2\/3&#8243;][vc_column_text css=\u00bb.vc_custom_1777457934227{margin-bottom: 14px !important;}\u00bb] El Parc Arqueol\u00f2gic del Puig de sa Morisca (Santa Pon\u00e7a) s\u2019est\u00e9n sobre 45 hect\u00e0rees de natura, hist\u00f2ria i mem\u00f2ria. \u00c9s el parc periurb\u00e0 m\u00e9s gran del municipi, amb m\u00e9s de 8 quil\u00f2metres de senders que serpentegen entre paisatges oberts i miradors privilegiats sobre [&hellip;]","og_url":"https:\/\/visitcalvia.org\/ca\/sa-morisca\/","og_site_name":"visitcalvia","article_modified_time":"2026-06-16T10:53:44+00:00","og_image":[{"width":2000,"height":1500,"url":"https:\/\/visitcalvia.org\/wp-content\/uploads\/2026\/04\/2024_santa-ponca_01_parque-arqueologico-2-scaled.jpg","type":"image\/jpeg"}],"twitter_card":"summary_large_image","twitter_misc":{"Temps estimat de lectura":"8 minuts"},"schema":{"@context":"https:\/\/schema.org","@graph":[{"@type":"WebPage","@id":"https:\/\/visitcalvia.org\/ca\/sa-morisca\/","url":"https:\/\/visitcalvia.org\/ca\/sa-morisca\/","name":"SA MORISCA - visitcalvia","isPartOf":{"@id":"https:\/\/visitcalvia.org\/ca\/#website"},"primaryImageOfPage":{"@id":"https:\/\/visitcalvia.org\/ca\/sa-morisca\/#primaryimage"},"image":{"@id":"https:\/\/visitcalvia.org\/ca\/sa-morisca\/#primaryimage"},"thumbnailUrl":"https:\/\/i0.wp.com\/visitcalvia.org\/wp-content\/uploads\/2026\/04\/2024_santa-ponca_01_parque-arqueologico-2-scaled.jpg?fit=2000%2C1500&ssl=1","datePublished":"2026-04-29T10:12:38+00:00","dateModified":"2026-06-16T10:53:44+00:00","breadcrumb":{"@id":"https:\/\/visitcalvia.org\/ca\/sa-morisca\/#breadcrumb"},"inLanguage":"ca","potentialAction":[{"@type":"ReadAction","target":["https:\/\/visitcalvia.org\/ca\/sa-morisca\/"]}]},{"@type":"ImageObject","inLanguage":"ca","@id":"https:\/\/visitcalvia.org\/ca\/sa-morisca\/#primaryimage","url":"https:\/\/i0.wp.com\/visitcalvia.org\/wp-content\/uploads\/2026\/04\/2024_santa-ponca_01_parque-arqueologico-2-scaled.jpg?fit=2000%2C1500&ssl=1","contentUrl":"https:\/\/i0.wp.com\/visitcalvia.org\/wp-content\/uploads\/2026\/04\/2024_santa-ponca_01_parque-arqueologico-2-scaled.jpg?fit=2000%2C1500&ssl=1","width":2000,"height":1500},{"@type":"BreadcrumbList","@id":"https:\/\/visitcalvia.org\/ca\/sa-morisca\/#breadcrumb","itemListElement":[{"@type":"ListItem","position":1,"name":"Portada","item":"https:\/\/visitcalvia.org\/ca\/"},{"@type":"ListItem","position":2,"name":"SA MORISCA"}]},{"@type":"WebSite","@id":"https:\/\/visitcalvia.org\/ca\/#website","url":"https:\/\/visitcalvia.org\/ca\/","name":"visitcalvia","description":"Vacaciones en Mallorca \u2013 Calvi\u00e0 m\u00faltiples destinos en uno s\u00f3lo lugar. Palmanova, Santa Pon\u00e7a, Magaluf, Peguera, Portals Nous, Costa d\u2019en Blanes, Cala Vinyes","potentialAction":[{"@type":"SearchAction","target":{"@type":"EntryPoint","urlTemplate":"https:\/\/visitcalvia.org\/ca\/?s={search_term_string}"},"query-input":{"@type":"PropertyValueSpecification","valueRequired":true,"valueName":"search_term_string"}}],"inLanguage":"ca"}]}},"jetpack_likes_enabled":false,"jetpack_sharing_enabled":false,"jetpack_shortlink":"https:\/\/wp.me\/PbP1bo-88m","_links":{"self":[{"href":"https:\/\/visitcalvia.org\/ca\/wp-json\/wp\/v2\/pages\/31270","targetHints":{"allow":["GET"]}}],"collection":[{"href":"https:\/\/visitcalvia.org\/ca\/wp-json\/wp\/v2\/pages"}],"about":[{"href":"https:\/\/visitcalvia.org\/ca\/wp-json\/wp\/v2\/types\/page"}],"author":[{"embeddable":true,"href":"https:\/\/visitcalvia.org\/ca\/wp-json\/wp\/v2\/users\/182516987"}],"replies":[{"embeddable":true,"href":"https:\/\/visitcalvia.org\/ca\/wp-json\/wp\/v2\/comments?post=31270"}],"version-history":[{"count":8,"href":"https:\/\/visitcalvia.org\/ca\/wp-json\/wp\/v2\/pages\/31270\/revisions"}],"predecessor-version":[{"id":32587,"href":"https:\/\/visitcalvia.org\/ca\/wp-json\/wp\/v2\/pages\/31270\/revisions\/32587"}],"wp:featuredmedia":[{"embeddable":true,"href":"https:\/\/visitcalvia.org\/ca\/wp-json\/wp\/v2\/media\/31026"}],"wp:attachment":[{"href":"https:\/\/visitcalvia.org\/ca\/wp-json\/wp\/v2\/media?parent=31270"}],"curies":[{"name":"wp","href":"https:\/\/api.w.org\/{rel}","templated":true}]}}