{"id":8105,"date":"2020-04-28T11:02:12","date_gmt":"2020-04-28T09:02:12","guid":{"rendered":"https:\/\/visitcalvia.org\/bendinat\/"},"modified":"2026-04-24T11:14:53","modified_gmt":"2026-04-24T09:14:53","slug":"bendinat","status":"publish","type":"page","link":"https:\/\/visitcalvia.org\/ca\/bendinat\/","title":{"rendered":"Bendinat"},"content":{"rendered":"<div class=\"wpb-content-wrapper\"><p>[vc_row css=&#8221;.vc_custom_1654604293641{background-image: url(<a href=\"https:\/\/visitcalvia.org\/wp-content\/uploads\/2020\/04\/banner-costa-de-la-calma.jpg?id=5340\">https:\/\/visitcalvia.org\/wp-content\/uploads\/2020\/04\/banner-costa-de-la-calma.jpg?id=5340<\/a>) !important;background-position: center !important;background-repeat: no-repeat !important;background-size: cover !important;}&#8221;][vc_column][vc_empty_space height=&#8221;255px&#8221;][\/vc_column][\/vc_row][vc_row full_width=&#8221;stretch_row&#8221; css=&#8221;.vc_custom_1654259767008{background-color: #a5c34f !important;}&#8221;][vc_column][vc_row_inner][vc_column_inner width=&#8221;1\/2&#8243;][vc_column_text]<\/p>\n<h3 style=\"text-align: right;\"><span style=\"color: #ffffff;\"><strong>MAPA ZONA<\/strong><\/span><\/h3>\n<p style=\"font-family: Montserrat; margin-top: -18px; margin-bottom: 16px; text-align: right;\"><span style=\"color: #ffffff;\"><strong><span class=\"change-second-color\"><em> Cas catal\u00e0 -Ses Illetes &#8211; Bendinat &#8211; Portals Nous<\/em><\/span><\/strong><\/span><\/p>\n<p>[\/vc_column_text][\/vc_column_inner][vc_column_inner width=&#8221;1\/2&#8243;][vc_empty_space height=&#8221;15px&#8221;]<a itemprop=\"url\" href=\"https:\/\/drive.google.com\/file\/d\/11Wk6staqBdxstOGKI_CZS7HKazF-FtBv\/view?usp=drive_link\" target=\"_blank\" style=\"text-transform: capitalize\" class=\"qodef-btn qodef-btn-small qodef-btn-solid qodef-btn-icon\"  >\n    <span class=\"qodef-btn-text\">VER AQU\u00cd<\/span>\n    <i class=\"qodef-icon-font-awesome fa fa-chevron-right \" ><\/i><\/a>[vc_empty_space height=&#8221;7px&#8221;][\/vc_column_inner][\/vc_row_inner][\/vc_column][\/vc_row][vc_row row_content_width=&#8221;grid&#8221; css=&#8221;.vc_custom_1656916928877{margin-top: 20px !important;padding-top: 0px !important;padding-bottom: 100px !important;}&#8221;][vc_column width=&#8221;3\/4&#8243;]<div class=\"qodef-tabs  qodef-tabs-standard\">\n\t<ul class=\"qodef-tabs-nav clearfix\">\n\t\t\t\t\t<li>\n\t\t\t\t\t\t\t\t\t<a href=\"#tab-informacio\">INFORMACI\u00d3<\/a>\n\t\t\t\t\t\t\t<\/li>\n\t\t\t\t\t<li>\n\t\t\t\t\t\t\t\t\t<a href=\"#tab-ubicacio\">UBICACI\u00d3<\/a>\n\t\t\t\t\t\t\t<\/li>\n\t\t\t\t\t<li>\n\t\t\t\t\t\t\t\t\t<a href=\"#tab-galeria\">GALERIA<\/a>\n\t\t\t\t\t\t\t<\/li>\n\t\t\t\t\t<li>\n\t\t\t\t\t\t\t\t\t<a href=\"#tab-serveis\">SERVEIS<\/a>\n\t\t\t\t\t\t\t<\/li>\n\t\t\t<\/ul>\n\t<div class=\"qodef-tab-container\" id=\"tab-informacio-345\"><div class=\"qodef-section-title-holder  qodef-st-standard qodef-st-title-left qodef-st-normal-space  qodef-st-with-border\" style=\"text-align: left\">\n\t<div class=\"qodef-st-inner\">\n\t\t\t\t\t<h2 class=\"qodef-st-title\" >\n\t\t\t\tInformaci\u00f3 Bendinat\t\t\t<\/h2>\n\t\t\t\t\t<\/div>\n<\/div>[vc_empty_space height=&#8221;20px&#8221;][vc_column_text]Benvinguts a <strong>Bendinat<\/strong>, zona de platges i cales d&#8217;aig\u00fces turqueses de Calvi\u00e0.<\/p>\n<p>Situada a escassos deu minuts de Palma. La tranquil\u00b7litat, el rep\u00f2s i una selecta oferta hotelera destaquen com els seus principals caracter\u00edstiques.<\/p>\n<p>En els seus voltants trobem petites i silencioses <a href=\"https:\/\/visitcalvia.org\/ca\/platges\/\" rel=\"noopener noreferrer\"><strong>cales d&#8217;aig\u00fces turqueses<\/strong><\/a> en les quals poder contemplar una bella posta de sol al capvespre.<br \/>\nDe gran inter\u00e8s \u00e9s el majestu\u00f3s<strong><a href=\"https:\/\/www.bendinatcastle.com\/\" rel=\"noopener noreferrer\"> Castell de Bendinat<\/a><\/strong>, la hist\u00f2ria del qual es remunta a la reconquesta de Mallorca l&#8217;any 1229 i que compta en l&#8217;actualitat amb espais i interiors d&#8217;extraordin\u00e0ria bellesa.<br \/>\nEn els seus voltants, la zona compta tamb\u00e9 amb l&#8217;\u00e0mplia oferta gastron\u00f2mica, de compres i oci en les concorregudes zones de Cas Catal\u00e0, <strong><a href=\"https:\/\/visitcalvia.org\/ca\/ses-illetes\/\" rel=\"noopener noreferrer\">Ses Illetes<\/a><\/strong> i <strong><a href=\"https:\/\/visitcalvia.org\/ca\/portalsnous\/\" rel=\"noopener noreferrer\">Portals Nous<\/a><\/strong>.<\/p>\n<p>Al seu torn, els amants del golf podran gaudir de l&#8217;extensa vall arbrada del <a href=\"http:\/\/www.realgolfbendinat.com\/\" rel=\"noopener noreferrer\"><strong>Real Club de Golf Bendinat<\/strong><\/a>, un recorregut de 18 clots en plena naturalesa i amb privilegiades vistes a la Badia de Palma.[\/vc_column_text][vc_empty_space height=&#8221;30px&#8221;]<div class=\"qodef-iwt clearfix  qodef-iwt-icon-left-from-title qodef-iwt-icon-tiny\">\n\t<div class=\"qodef-iwt-content\" >\n\t\t\t\t\t<h4 class=\"qodef-iwt-title\" >\n\t\t\t\t\t\t\t\t\t<span class=\"qodef-iwt-icon\">\n\t\t\t\t\t\t\t\t\t\t\t\t\t    <span class=\"qodef-icon-shortcode qodef-circle   qodef-icon-tiny\" style=\"background-color: #9bc535\" data-hover-color=\"#ffffff\" data-color=\"#ffffff\">\n                    <i class=\"qodef-icon-font-awesome fa fa-child qodef-icon-element\" style=\"color: #ffffff\" ><\/i>            <\/span>\n\t\t\t\t\t\t\t\t\t\t\t<\/span>\n\t\t\t\t\t<span class=\"qodef-iwt-title-text\">ATRACCIONS<\/span>\n\t\t\t\t\t\t\t<\/h4>\n\t\t\t\t\t<\/div>\n<\/div>[vc_empty_space height=&#8221;15px&#8221;]<div class=\"qodef-accordion-holder qodef-ac-default  qodef-toggle qodef-ac-boxed  clearfix\">\n\t<p class=\"qodef-accordion-title\">\n    <span class=\"qodef-accordion-mark\">\n\t\t<span class=\"qodef_icon_plus ion-chevron-down\"><\/span>\n\t\t<span class=\"qodef_icon_minus ion-chevron-up\"><\/span>\n\t<\/span>\n\t<span class=\"qodef-tab-title\">Disfruta de todas las atracciones en Bendinat<\/span>\n<\/p>\n<div class=\"qodef-accordion-content\">\n\t<div class=\"qodef-accordion-content-inner\">\n\t\t<div class=\"qodef-blog-list-holder qodef-bl-standard qodef-bl-two-columns qodef-tiny-space qodef-bl-pag-standard-blog-list\"  data-type=\"standard\" data-number-of-posts=\"6\" data-number-of-columns=\"2\" data-space-between-items=\"tiny\" data-category=\"atracciones-en-bendinat\" data-order-by=\"title\" data-order=\"DESC\" data-image-size=\"medium\" data-title-tag=\"h4\" data-enable-excerpt=\"no\" data-excerpt-length=\"40\" data-post-info-section=\"no\" data-post-info-image=\"yes\" data-post-info-author=\"no\" data-post-info-date=\"yes\" data-post-info-category=\"no\" data-post-info-comments=\"yes\" data-post-info-like=\"no\" data-post-info-share=\"no\" data-pagination-type=\"standard-blog-list\" data-link-tag=\"h4\" data-quote-tag=\"h4\" data-holder-classes=\"qodef-bl-standard qodef-bl-two-columns qodef-tiny-space qodef-bl-pag-standard-blog-list\" data-max-num-pages=\"1\" data-next-page=\"2\">\n\t<div class=\"qodef-bl-wrapper qodef-outer-space\">\n\t\t<ul class=\"qodef-blog-list\">\n\t\t\t<article class=\"qodef-bl-item qodef-item-space clearfix\">\n    <div class=\"qodef-bli-inner\">\n        \n\t<div class=\"qodef-post-image\">\n\t\t\t\t\t<a itemprop=\"url\" href=\"https:\/\/visitcalvia.org\/ca\/marineland\/\" title=\"Marineland\">\n\t\t\t\t\t\t\t\t\t<img decoding=\"async\" width=\"300\" height=\"198\" src=\"https:\/\/i0.wp.com\/visitcalvia.org\/wp-content\/uploads\/2020\/04\/Marineland.jpg?fit=300%2C198&amp;ssl=1\" class=\"attachment-medium size-medium wp-post-image\" alt=\"atracci\u00f3n para familias, calvi\u00e0 en familia, zoo marino en costa d&#039;en blanes, portals nous, Delfinario, Calvi\u00e0 en Familia\" srcset=\"https:\/\/i0.wp.com\/visitcalvia.org\/wp-content\/uploads\/2020\/04\/Marineland.jpg?w=700&amp;ssl=1 700w, https:\/\/i0.wp.com\/visitcalvia.org\/wp-content\/uploads\/2020\/04\/Marineland.jpg?resize=300%2C198&amp;ssl=1 300w, https:\/\/i0.wp.com\/visitcalvia.org\/wp-content\/uploads\/2020\/04\/Marineland.jpg?resize=600%2C395&amp;ssl=1 600w, https:\/\/i0.wp.com\/visitcalvia.org\/wp-content\/uploads\/2020\/04\/Marineland.jpg?resize=64%2C42&amp;ssl=1 64w\" sizes=\"(max-width: 300px) 100vw, 300px\" data-attachment-id=\"8975\" data-permalink=\"https:\/\/visitcalvia.org\/ca\/marineland\/marineland-2-2\/\" data-orig-file=\"https:\/\/i0.wp.com\/visitcalvia.org\/wp-content\/uploads\/2020\/04\/Marineland.jpg?fit=700%2C461&amp;ssl=1\" data-orig-size=\"700,461\" data-comments-opened=\"1\" data-image-meta=\"{&quot;aperture&quot;:&quot;0&quot;,&quot;credit&quot;:&quot;&quot;,&quot;camera&quot;:&quot;&quot;,&quot;caption&quot;:&quot;&quot;,&quot;created_timestamp&quot;:&quot;0&quot;,&quot;copyright&quot;:&quot;&quot;,&quot;focal_length&quot;:&quot;0&quot;,&quot;iso&quot;:&quot;0&quot;,&quot;shutter_speed&quot;:&quot;0&quot;,&quot;title&quot;:&quot;&quot;,&quot;orientation&quot;:&quot;0&quot;}\" data-image-title=\"Marineland\" data-image-description=\"\" data-image-caption=\"\" data-large-file=\"https:\/\/i0.wp.com\/visitcalvia.org\/wp-content\/uploads\/2020\/04\/Marineland.jpg?fit=700%2C461&amp;ssl=1\" \/>\t\t\t\t\t\t\t\t<\/a>\n\t\t\t\t\t<\/div>\n        <div class=\"qodef-bli-content\">\n\n            \n<h4 itemprop=\"name\" class=\"entry-title qodef-post-title\" >\n            <a itemprop=\"url\" href=\"https:\/\/visitcalvia.org\/ca\/marineland\/\" title=\"Marineland\">\n            Marineland            <\/a>\n    <\/h4>            \n            \n        <\/div>\n    <\/div>\n<\/article><article class=\"qodef-bl-item qodef-item-space clearfix\">\n    <div class=\"qodef-bli-inner\">\n        \n\t<div class=\"qodef-post-image\">\n\t\t\t\t\t<a itemprop=\"url\" href=\"https:\/\/visitcalvia.org\/ca\/jungle-parc-junior\/\" title=\"Jungle Parc Junior\">\n\t\t\t\t\t\t\t\t\t<img decoding=\"async\" width=\"300\" height=\"198\" src=\"https:\/\/i0.wp.com\/visitcalvia.org\/wp-content\/uploads\/2020\/04\/jungel-park-nin%CC%83os.jpg?fit=300%2C198&amp;ssl=1\" class=\"attachment-medium size-medium wp-post-image\" alt=\"JUNGLE PARC, EN FAMILIA, calvi\u00e0 en familia, Santa Pon\u00e7a\" data-attachment-id=\"8987\" data-permalink=\"https:\/\/visitcalvia.org\/ca\/jungle-parc-junior\/jungel-park-nin%cc%83os-2\/\" data-orig-file=\"https:\/\/i0.wp.com\/visitcalvia.org\/wp-content\/uploads\/2020\/04\/jungel-park-nin%CC%83os.jpg?fit=700%2C461&amp;ssl=1\" data-orig-size=\"700,461\" data-comments-opened=\"1\" data-image-meta=\"{&quot;aperture&quot;:&quot;0&quot;,&quot;credit&quot;:&quot;&quot;,&quot;camera&quot;:&quot;&quot;,&quot;caption&quot;:&quot;&quot;,&quot;created_timestamp&quot;:&quot;0&quot;,&quot;copyright&quot;:&quot;&quot;,&quot;focal_length&quot;:&quot;0&quot;,&quot;iso&quot;:&quot;0&quot;,&quot;shutter_speed&quot;:&quot;0&quot;,&quot;title&quot;:&quot;&quot;,&quot;orientation&quot;:&quot;0&quot;}\" data-image-title=\"jungel-park-nin\u0303os\" data-image-description=\"\" data-image-caption=\"\" data-large-file=\"https:\/\/i0.wp.com\/visitcalvia.org\/wp-content\/uploads\/2020\/04\/jungel-park-nin%CC%83os.jpg?fit=700%2C461&amp;ssl=1\" \/>\t\t\t\t\t\t\t\t<\/a>\n\t\t\t\t\t<\/div>\n        <div class=\"qodef-bli-content\">\n\n            \n<h4 itemprop=\"name\" class=\"entry-title qodef-post-title\" >\n            <a itemprop=\"url\" href=\"https:\/\/visitcalvia.org\/ca\/jungle-parc-junior\/\" title=\"Jungle Parc Junior\">\n            Jungle Parc Junior            <\/a>\n    <\/h4>            \n            \n        <\/div>\n    <\/div>\n<\/article>\t\t<\/ul>\n\t<\/div>\n\t<\/div>\t<\/div>\n<\/div><\/div>[vc_empty_space height=&#8221;15px&#8221;]<div class=\"qodef-iwt clearfix  qodef-iwt-icon-left-from-title qodef-iwt-icon-tiny\">\n\t<div class=\"qodef-iwt-content\" >\n\t\t\t\t\t<h4 class=\"qodef-iwt-title\" >\n\t\t\t\t\t\t\t\t\t<span class=\"qodef-iwt-icon\">\n\t\t\t\t\t\t\t\t\t\t\t\t\t    <span class=\"qodef-icon-shortcode qodef-circle   qodef-icon-tiny\" style=\"background-color: #9bc535\" data-hover-color=\"#ffffff\" data-color=\"#ffffff\">\n                    <i class=\"qodef-icon-font-awesome fa fa-calendar qodef-icon-element\" style=\"color: #ffffff\" ><\/i>            <\/span>\n\t\t\t\t\t\t\t\t\t\t\t<\/span>\n\t\t\t\t\t<span class=\"qodef-iwt-title-text\">ESDEVENIMENTS<\/span>\n\t\t\t\t\t\t\t<\/h4>\n\t\t\t\t\t<\/div>\n<\/div>[vc_empty_space height=&#8221;15px&#8221;]<div class=\"qodef-accordion-holder qodef-ac-default  qodef-toggle qodef-ac-boxed  clearfix\">\n\t<p class=\"qodef-accordion-title\">\n    <span class=\"qodef-accordion-mark\">\n\t\t<span class=\"qodef_icon_plus ion-chevron-down\"><\/span>\n\t\t<span class=\"qodef_icon_minus ion-chevron-up\"><\/span>\n\t<\/span>\n\t<span class=\"qodef-tab-title\">Gaudeix dels esdeveniments del municipi<\/span>\n<\/p>\n<div class=\"qodef-accordion-content\">\n\t<div class=\"qodef-accordion-content-inner\">\n\t\t[vc_column_text]<div class=\"mec-wrap mec-skin-carousel-container  \" id=\"mec_skin_4223\">\r\n        <div class=\"mec-skin-carousel-events-container\" id=\"mec_skin_events_4223\">\r\n        No event found!    <\/div>\r\n    <\/div>[\/vc_column_text]\t<\/div>\n<\/div><\/div>[vc_empty_space height=&#8221;15px&#8221;][vc_empty_space height=&#8221;15px&#8221;]<\/div><div class=\"qodef-tab-container\" id=\"tab-ubicacio-857\"><div class=\"qodef-section-title-holder  qodef-st-standard qodef-st-title-left qodef-st-normal-space  qodef-st-with-border\" style=\"text-align: left\">\n\t<div class=\"qodef-st-inner\">\n\t\t\t\t\t<h2 class=\"qodef-st-title\" >\n\t\t\t\tUbicaci\u00f3 Bendinat\t\t\t<\/h2>\n\t\t\t\t\t<\/div>\n<\/div>[vc_empty_space height=&#8221;20px&#8221;][vc_gmaps link=&#8221;#E-8_JTNDaWZyYW1lJTIwc3JjJTNEJTIyaHR0cHMlM0ElMkYlMkZ3d3cuZ29vZ2xlLmNvbSUyRm1hcHMlMkZlbWJlZCUzRnBiJTNEJTIxMW0xOCUyMTFtMTIlMjExbTMlMjExZDYxNTcuNzcxMDE3NzE4NjcxJTIxMmQyLjUyNDkwNTI0NDQ3ODE3MiUyMTNkMzkuNDk0NDk5Nzk2ODM5MzQlMjEybTMlMjExZjAlMjEyZjAlMjEzZjAlMjEzbTIlMjExaTEwMjQlMjEyaTc2OCUyMTRmMTMuMSUyMTNtMyUyMTFtMiUyMTFzMHgxMjk3ODhkNzE2MmY1NTJkJTI1M0EweDdhZjI0NjZjNjhmNDEwM2IlMjEyczA3MTgxJTI1MjBDYWxhJTI1MjBWaW55ZXMlMjUyQyUyNTIwSXNsYXMlMjUyMEJhbGVhcmVzJTIxNWUwJTIxM20yJTIxMXNlcyUyMTJzZXMlMjE0djE1ODgwNTYyMDEyMTglMjE1bTIlMjExc2VzJTIxMnNlcyUyMiUyMHdpZHRoJTNEJTIyNjAwJTIyJTIwaGVpZ2h0JTNEJTIyNDUwJTIyJTIwZnJhbWVib3JkZXIlM0QlMjIwJTIyJTIwc3R5bGUlM0QlMjJib3JkZXIlM0EwJTNCJTIyJTIwYWxsb3dmdWxsc2NyZWVuJTNEJTIyJTIyJTIwYXJpYS1oaWRkZW4lM0QlMjJmYWxzZSUyMiUyMHRhYmluZGV4JTNEJTIyMCUyMiUzRSUzQyUyRmlmcmFtZSUzRQ==&#8221;][vc_empty_space height=&#8221;30px&#8221;]<\/div><div class=\"qodef-tab-container\" id=\"tab-galeria-769\"><div class=\"qodef-section-title-holder  qodef-st-standard qodef-st-title-left qodef-st-normal-space  qodef-st-with-border\" style=\"text-align: left\">\n\t<div class=\"qodef-st-inner\">\n\t\t\t\t\t<h2 class=\"qodef-st-title\" >\n\t\t\t\tGaleria Bendiant\t\t\t<\/h2>\n\t\t\t\t\t<\/div>\n<\/div>[vc_empty_space height=&#8221;20px&#8221;]<div class=\"qodef-image-gallery  qodef-ig-grid-type qodef-tiny-space  qodef-image-behavior-lightbox\">\n\t<div class=\"qodef-ig-inner qodef-outer-space qodef-ig-grid qodef-ig-two-columns\">\n\t\t\t\t\t<div class=\"qodef-ig-image qodef-item-space\">\n\t\t\t\t<div class=\"qodef-ig-image-inner\">\n\t\t\t\t\t\t\t\t\t\t\t<a itemprop=\"image\" class=\"qodef-ig-lightbox\" href=\"https:\/\/i0.wp.com\/visitcalvia.org\/wp-content\/uploads\/2020\/05\/Golf-de-bendinat.jpg?fit=1600%2C768&#038;ssl=1\" data-rel=\"prettyPhoto[image_gallery_pretty_photo-485]\" title=\"Golf de bendinat\">\n\t\t\t\t\t\t\t\t\t\t\t<img decoding=\"async\" width=\"1600\" height=\"768\" src=\"https:\/\/i0.wp.com\/visitcalvia.org\/wp-content\/uploads\/2020\/05\/Golf-de-bendinat.jpg?fit=1600%2C768&amp;ssl=1\" class=\"attachment-full size-full\" alt=\"Golf de bendinat, golf, Mallorca, Bendinat, Mallorca\" srcset=\"https:\/\/i0.wp.com\/visitcalvia.org\/wp-content\/uploads\/2020\/05\/Golf-de-bendinat.jpg?w=1600&amp;ssl=1 1600w, https:\/\/i0.wp.com\/visitcalvia.org\/wp-content\/uploads\/2020\/05\/Golf-de-bendinat.jpg?resize=300%2C144&amp;ssl=1 300w, https:\/\/i0.wp.com\/visitcalvia.org\/wp-content\/uploads\/2020\/05\/Golf-de-bendinat.jpg?resize=1024%2C492&amp;ssl=1 1024w, https:\/\/i0.wp.com\/visitcalvia.org\/wp-content\/uploads\/2020\/05\/Golf-de-bendinat.jpg?resize=768%2C369&amp;ssl=1 768w, https:\/\/i0.wp.com\/visitcalvia.org\/wp-content\/uploads\/2020\/05\/Golf-de-bendinat.jpg?resize=1536%2C737&amp;ssl=1 1536w, https:\/\/i0.wp.com\/visitcalvia.org\/wp-content\/uploads\/2020\/05\/Golf-de-bendinat.jpg?resize=1200%2C576&amp;ssl=1 1200w, https:\/\/i0.wp.com\/visitcalvia.org\/wp-content\/uploads\/2020\/05\/Golf-de-bendinat.jpg?resize=150%2C72&amp;ssl=1 150w, https:\/\/i0.wp.com\/visitcalvia.org\/wp-content\/uploads\/2020\/05\/Golf-de-bendinat.jpg?resize=500%2C240&amp;ssl=1 500w, https:\/\/i0.wp.com\/visitcalvia.org\/wp-content\/uploads\/2020\/05\/Golf-de-bendinat.jpg?resize=600%2C288&amp;ssl=1 600w, https:\/\/i0.wp.com\/visitcalvia.org\/wp-content\/uploads\/2020\/05\/Golf-de-bendinat.jpg?resize=64%2C31&amp;ssl=1 64w\" sizes=\"(max-width: 1100px) 100vw, 1100px\" data-attachment-id=\"8408\" data-permalink=\"https:\/\/visitcalvia.org\/ca\/mercat-destiu-de-santa-ponca\/golf-de-bendinat\/\" data-orig-file=\"https:\/\/i0.wp.com\/visitcalvia.org\/wp-content\/uploads\/2020\/05\/Golf-de-bendinat.jpg?fit=1600%2C768&amp;ssl=1\" data-orig-size=\"1600,768\" data-comments-opened=\"1\" data-image-meta=\"{&quot;aperture&quot;:&quot;0&quot;,&quot;credit&quot;:&quot;&quot;,&quot;camera&quot;:&quot;&quot;,&quot;caption&quot;:&quot;&quot;,&quot;created_timestamp&quot;:&quot;0&quot;,&quot;copyright&quot;:&quot;&quot;,&quot;focal_length&quot;:&quot;0&quot;,&quot;iso&quot;:&quot;0&quot;,&quot;shutter_speed&quot;:&quot;0&quot;,&quot;title&quot;:&quot;&quot;,&quot;orientation&quot;:&quot;0&quot;}\" data-image-title=\"Golf de bendinat\" data-image-description=\"\" data-image-caption=\"\" data-large-file=\"https:\/\/i0.wp.com\/visitcalvia.org\/wp-content\/uploads\/2020\/05\/Golf-de-bendinat.jpg?fit=1024%2C492&amp;ssl=1\" \/>\t\t\t\t\t\t\t\t\t\t\t<\/a>\n\t\t\t\t\t\t\t\t\t<\/div>\n\t\t\t<\/div>\n\t\t\t\t\t<div class=\"qodef-ig-image qodef-item-space\">\n\t\t\t\t<div class=\"qodef-ig-image-inner\">\n\t\t\t\t\t\t\t\t\t\t\t<a itemprop=\"image\" class=\"qodef-ig-lightbox\" href=\"https:\/\/i0.wp.com\/visitcalvia.org\/wp-content\/uploads\/2020\/05\/bendinat-1.jpg?fit=1325%2C716&#038;ssl=1\" data-rel=\"prettyPhoto[image_gallery_pretty_photo-485]\" title=\"bendinat 1\">\n\t\t\t\t\t\t\t\t\t\t\t<img decoding=\"async\" width=\"1325\" height=\"716\" src=\"https:\/\/i0.wp.com\/visitcalvia.org\/wp-content\/uploads\/2020\/05\/bendinat-1.jpg?fit=1325%2C716&amp;ssl=1\" class=\"attachment-full size-full\" alt=\"bendinat hotel, bendinat beach, bendinat playa, bendinat beach, Bendinat, Mallorca,\" srcset=\"https:\/\/i0.wp.com\/visitcalvia.org\/wp-content\/uploads\/2020\/05\/bendinat-1.jpg?w=1325&amp;ssl=1 1325w, https:\/\/i0.wp.com\/visitcalvia.org\/wp-content\/uploads\/2020\/05\/bendinat-1.jpg?resize=300%2C162&amp;ssl=1 300w, https:\/\/i0.wp.com\/visitcalvia.org\/wp-content\/uploads\/2020\/05\/bendinat-1.jpg?resize=1024%2C553&amp;ssl=1 1024w, https:\/\/i0.wp.com\/visitcalvia.org\/wp-content\/uploads\/2020\/05\/bendinat-1.jpg?resize=768%2C415&amp;ssl=1 768w, https:\/\/i0.wp.com\/visitcalvia.org\/wp-content\/uploads\/2020\/05\/bendinat-1.jpg?resize=1200%2C648&amp;ssl=1 1200w, https:\/\/i0.wp.com\/visitcalvia.org\/wp-content\/uploads\/2020\/05\/bendinat-1.jpg?resize=150%2C81&amp;ssl=1 150w, https:\/\/i0.wp.com\/visitcalvia.org\/wp-content\/uploads\/2020\/05\/bendinat-1.jpg?resize=500%2C270&amp;ssl=1 500w, https:\/\/i0.wp.com\/visitcalvia.org\/wp-content\/uploads\/2020\/05\/bendinat-1.jpg?resize=600%2C324&amp;ssl=1 600w, https:\/\/i0.wp.com\/visitcalvia.org\/wp-content\/uploads\/2020\/05\/bendinat-1.jpg?resize=64%2C35&amp;ssl=1 64w\" sizes=\"(max-width: 1100px) 100vw, 1100px\" data-attachment-id=\"8403\" data-permalink=\"https:\/\/visitcalvia.org\/ca\/mercat-destiu-de-santa-ponca\/bendinat-1\/\" data-orig-file=\"https:\/\/i0.wp.com\/visitcalvia.org\/wp-content\/uploads\/2020\/05\/bendinat-1.jpg?fit=1325%2C716&amp;ssl=1\" data-orig-size=\"1325,716\" data-comments-opened=\"1\" data-image-meta=\"{&quot;aperture&quot;:&quot;0&quot;,&quot;credit&quot;:&quot;&quot;,&quot;camera&quot;:&quot;&quot;,&quot;caption&quot;:&quot;&quot;,&quot;created_timestamp&quot;:&quot;0&quot;,&quot;copyright&quot;:&quot;&quot;,&quot;focal_length&quot;:&quot;0&quot;,&quot;iso&quot;:&quot;0&quot;,&quot;shutter_speed&quot;:&quot;0&quot;,&quot;title&quot;:&quot;&quot;,&quot;orientation&quot;:&quot;0&quot;}\" data-image-title=\"bendinat 1\" data-image-description=\"\" data-image-caption=\"\" data-large-file=\"https:\/\/i0.wp.com\/visitcalvia.org\/wp-content\/uploads\/2020\/05\/bendinat-1.jpg?fit=1024%2C553&amp;ssl=1\" \/>\t\t\t\t\t\t\t\t\t\t\t<\/a>\n\t\t\t\t\t\t\t\t\t<\/div>\n\t\t\t<\/div>\n\t\t\t\t\t<div class=\"qodef-ig-image qodef-item-space\">\n\t\t\t\t<div class=\"qodef-ig-image-inner\">\n\t\t\t\t\t\t\t\t\t\t\t<a itemprop=\"image\" class=\"qodef-ig-lightbox\" href=\"https:\/\/i0.wp.com\/visitcalvia.org\/wp-content\/uploads\/2020\/05\/bendinat4.jpg?fit=1024%2C618&#038;ssl=1\" data-rel=\"prettyPhoto[image_gallery_pretty_photo-485]\" title=\"bendinat\">\n\t\t\t\t\t\t\t\t\t\t\t<img decoding=\"async\" width=\"1024\" height=\"618\" src=\"https:\/\/i0.wp.com\/visitcalvia.org\/wp-content\/uploads\/2020\/05\/bendinat4.jpg?fit=1024%2C618&amp;ssl=1\" class=\"attachment-full size-full\" alt=\"Bendinat, Mallorca, castillo de bendinat, bendinat castle, Bendinat zona tur\u00edstica de Calvi\u00e0\" srcset=\"https:\/\/i0.wp.com\/visitcalvia.org\/wp-content\/uploads\/2020\/05\/bendinat4.jpg?w=1024&amp;ssl=1 1024w, https:\/\/i0.wp.com\/visitcalvia.org\/wp-content\/uploads\/2020\/05\/bendinat4.jpg?resize=300%2C181&amp;ssl=1 300w, https:\/\/i0.wp.com\/visitcalvia.org\/wp-content\/uploads\/2020\/05\/bendinat4.jpg?resize=768%2C464&amp;ssl=1 768w, https:\/\/i0.wp.com\/visitcalvia.org\/wp-content\/uploads\/2020\/05\/bendinat4.jpg?resize=150%2C91&amp;ssl=1 150w, https:\/\/i0.wp.com\/visitcalvia.org\/wp-content\/uploads\/2020\/05\/bendinat4.jpg?resize=500%2C302&amp;ssl=1 500w, https:\/\/i0.wp.com\/visitcalvia.org\/wp-content\/uploads\/2020\/05\/bendinat4.jpg?resize=600%2C362&amp;ssl=1 600w, https:\/\/i0.wp.com\/visitcalvia.org\/wp-content\/uploads\/2020\/05\/bendinat4.jpg?resize=64%2C39&amp;ssl=1 64w\" sizes=\"(max-width: 1024px) 100vw, 1024px\" data-attachment-id=\"8391\" data-permalink=\"https:\/\/visitcalvia.org\/ca\/mercat-destiu-de-santa-ponca\/bendinat4\/\" data-orig-file=\"https:\/\/i0.wp.com\/visitcalvia.org\/wp-content\/uploads\/2020\/05\/bendinat4.jpg?fit=1024%2C618&amp;ssl=1\" data-orig-size=\"1024,618\" data-comments-opened=\"1\" data-image-meta=\"{&quot;aperture&quot;:&quot;0&quot;,&quot;credit&quot;:&quot;&quot;,&quot;camera&quot;:&quot;&quot;,&quot;caption&quot;:&quot;&quot;,&quot;created_timestamp&quot;:&quot;0&quot;,&quot;copyright&quot;:&quot;&quot;,&quot;focal_length&quot;:&quot;0&quot;,&quot;iso&quot;:&quot;0&quot;,&quot;shutter_speed&quot;:&quot;0&quot;,&quot;title&quot;:&quot;&quot;,&quot;orientation&quot;:&quot;0&quot;}\" data-image-title=\"bendinat\" data-image-description=\"\" data-image-caption=\"\" data-large-file=\"https:\/\/i0.wp.com\/visitcalvia.org\/wp-content\/uploads\/2020\/05\/bendinat4.jpg?fit=1024%2C618&amp;ssl=1\" \/>\t\t\t\t\t\t\t\t\t\t\t<\/a>\n\t\t\t\t\t\t\t\t\t<\/div>\n\t\t\t<\/div>\n\t\t\t<\/div>\n<\/div>[vc_video link=&#8221;<a href=\"https:\/\/www.youtube.com\/watch?v=genyWk6nBb8&#8243;%5D\" rel=\"nofollow\">https:\/\/www.youtube.com\/watch?v=genyWk6nBb8&#8243;%5D<\/a><\/div><div class=\"qodef-tab-container\" id=\"tab-serveis-240\"><div class=\"qodef-section-title-holder  qodef-st-standard qodef-st-title-left qodef-st-normal-space  qodef-st-with-border\" style=\"text-align: left\">\n\t<div class=\"qodef-st-inner\">\n\t\t\t\t\t<h2 class=\"qodef-st-title\" >\n\t\t\t\tServeis a Bendinat\t\t\t<\/h2>\n\t\t\t\t\t<\/div>\n<\/div>[vc_empty_space height=&#8221;20px&#8221;][vc_empty_space height=&#8221;20px&#8221;]<div class=\"qodef-accordion-holder qodef-ac-default  qodef-toggle qodef-ac-boxed  clearfix\">\n\t<p class=\"qodef-accordion-title\">\n    <span class=\"qodef-accordion-mark\">\n\t\t<span class=\"qodef_icon_plus ion-chevron-down\"><\/span>\n\t\t<span class=\"qodef_icon_minus ion-chevron-up\"><\/span>\n\t<\/span>\n\t<span class=\"qodef-tab-title\">CENTRES M\u00c8DICS<\/span>\n<\/p>\n<div class=\"qodef-accordion-content\">\n\t<div class=\"qodef-accordion-content-inner\">\n\t\t[vc_column_text]<\/p>\n<ul>\n<li><strong>CLINC. DERMATOLG. MY SKIN<\/strong><br \/>\nAdre\u00e7a: C\/ Arq. Fco. Casas 17. (Pl. Bendinat) local A19<br \/>\nTel\u00e8fon: 971 700777<\/li>\n<li><strong>DENTACARE BENDINAT<\/strong><br \/>\nAdre\u00e7a: Pl Bendinat. Loc.B24 y B10.<br \/>\nTel\u00e8fon: 971 101101 &#8211; 971707725<\/li>\n<li><strong>IB SALUT Bendinat (unid. b\u00e1sica)<\/strong><br \/>\nAdre\u00e7a: C\/de les Escoles, 2, Bendinat<br \/>\nTel\u00e8fon: 971 404255<\/li>\n<\/ul>\n<p>[\/vc_column_text]\t<\/div>\n<\/div><p class=\"qodef-accordion-title\">\n    <span class=\"qodef-accordion-mark\">\n\t\t<span class=\"qodef_icon_plus ion-chevron-down\"><\/span>\n\t\t<span class=\"qodef_icon_minus ion-chevron-up\"><\/span>\n\t<\/span>\n\t<span class=\"qodef-tab-title\">MASSATGES<\/span>\n<\/p>\n<div class=\"qodef-accordion-content\">\n\t<div class=\"qodef-accordion-content-inner\">\n\t\t[vc_column_text]<\/p>\n<ul>\n<li><strong>BAHARI BEAUTY &amp; SPA (Hotel Lindner)<\/strong><br \/>\nAdre\u00e7a: Arqu. Fco. Casas, 18- Bendinat<br \/>\nTel\u00e8fon: 971 707769<\/li>\n<\/ul>\n<p>[\/vc_column_text]\t<\/div>\n<\/div><p class=\"qodef-accordion-title\">\n    <span class=\"qodef-accordion-mark\">\n\t\t<span class=\"qodef_icon_plus ion-chevron-down\"><\/span>\n\t\t<span class=\"qodef_icon_minus ion-chevron-up\"><\/span>\n\t<\/span>\n\t<span class=\"qodef-tab-title\">GESTORIES<\/span>\n<\/p>\n<div class=\"qodef-accordion-content\">\n\t<div class=\"qodef-accordion-content-inner\">\n\t\t[vc_column_text]<\/p>\n<ul>\n<li><strong>GASPAR<\/strong><br \/>\nAdre\u00e7a: Arqu. Fco Casas 17 -Local 17 A Bendinat<br \/>\nTel\u00e8fon: 971 702349<\/li>\n<\/ul>\n<p>[\/vc_column_text]\t<\/div>\n<\/div><\/div>[vc_empty_space height=&#8221;30px&#8221;]<\/div><\/div>[\/vc_column][vc_column width=&#8221;1\/4&#8243;][vc_empty_space height=&#8221;80px&#8221;][vc_column_text css=&#8221;.vc_custom_1593589624962{padding-bottom: 20px !important;}&#8221;]<\/p>\n<h4>En el municipi de Calvi\u00e0 disposem de 5 oficines d&#8217;informaci\u00f3 tur\u00edstica.<\/h4>\n<p>[\/vc_column_text][vc_empty_space height=&#8221;13px&#8221;][vc_btn title=&#8221;Contacte Oficines de Turisme&#8221; style=&#8221;classic&#8221; shape=&#8221;square&#8221; color=&#8221;black&#8221; link=&#8221;url:https%3A%2F%2Fvisitcalvia.org%2Fca%2Foficines-de-turisme%2F|title:Oficines%20de%20turisme||&#8221;][vc_empty_space height=&#8221;20px&#8221;][vc_raw_html]JTNDYSUyMGNsYXNzJTNEJTIyd2VhdGhlcndpZGdldC1pbyUyMiUyMGhyZWYlM0QlMjJodHRwcyUzQSUyRiUyRmZvcmVjYXN0Ny5jb20lMkZlcyUyRjM5ZDUzMmQ1OCUyRmJlbmRpbmF0JTJGJTIyJTIwZGF0YS1sYWJlbF8xJTNEJTIyQkVORElOQVQlMjIlMjBkYXRhLWxhYmVsXzIlM0QlMjJXRUFUSEVSJTIyJTIwZGF0YS10aGVtZSUzRCUyMm9yaWdpbmFsJTIyJTIwJTNFQkVORElOQVQlMjBXRUFUSEVSJTNDJTJGYSUzRSUwQSUzQ3NjcmlwdCUzRSUwQSUyMWZ1bmN0aW9uJTI4ZCUyQ3MlMkNpZCUyOSU3QnZhciUyMGpzJTJDZmpzJTNEZC5nZXRFbGVtZW50c0J5VGFnTmFtZSUyOHMlMjklNUIwJTVEJTNCaWYlMjglMjFkLmdldEVsZW1lbnRCeUlkJTI4aWQlMjklMjklN0JqcyUzRGQuY3JlYXRlRWxlbWVudCUyOHMlMjklM0Jqcy5pZCUzRGlkJTNCanMuc3JjJTNEJTI3aHR0cHMlM0ElMkYlMkZ3ZWF0aGVyd2lkZ2V0LmlvJTJGanMlMkZ3aWRnZXQubWluLmpzJTI3JTNCZmpzLnBhcmVudE5vZGUuaW5zZXJ0QmVmb3JlJTI4anMlMkNmanMlMjklM0IlN0QlN0QlMjhkb2N1bWVudCUyQyUyN3NjcmlwdCUyNyUyQyUyN3dlYXRoZXJ3aWRnZXQtaW8tanMlMjclMjklM0IlMEElM0MlMkZzY3JpcHQlM0U=[\/vc_raw_html][\/vc_column][\/vc_row]<\/p>\n<\/div>","protected":false},"excerpt":{"rendered":"<p>[vc_row css=&#8221;.vc_custom_1654604293641{background-image: url(<a href=\"https:\/\/visitcalvia.org\/wp-content\/uploads\/2020\/04\/banner-costa-de-la-calma.jpg?id=5340\">https:\/\/visitcalvia.org\/wp-content\/uploads\/2020\/04\/banner-costa-de-la-calma.jpg?id=5340<\/a>) !important;background-position: center !important;background-repeat: no-repeat !important;background-size: cover !important;}&#8221;][vc_column][vc_empty_space height=&#8221;255px&#8221;][\/vc_column][\/vc_row][vc_row full_width=&#8221;stretch_row&#8221; css=&#8221;.vc_custom_1654259767008{background-color: #a5c34f !important;}&#8221;][vc_column][vc_row_inner][vc_column_inner width=&#8221;1\/2&#8243;][vc_column_text] MAPA ZONA Cas catal\u00e0 -Ses Illetes &#8211; Bendinat &#8211; Portals Nous [\/vc_column_text][\/vc_column_inner][vc_column_inner width=&#8221;1\/2&#8243;][vc_empty_space height=&#8221;15px&#8221;][vc_empty_space height=&#8221;7px&#8221;][\/vc_column_inner][\/vc_row_inner][\/vc_column][\/vc_row][vc_row row_content_width=&#8221;grid&#8221; css=&#8221;.vc_custom_1656916928877{margin-top: 20px !important;padding-top: 0px !important;padding-bottom: 100px !important;}&#8221;][vc_column width=&#8221;3\/4&#8243;][\/vc_column][vc_column width=&#8221;1\/4&#8243;][vc_empty_space height=&#8221;80px&#8221;][vc_column_text css=&#8221;.vc_custom_1593589624962{padding-bottom: 20px !important;}&#8221;] En el municipi de Calvi\u00e0 disposem de 5 oficines [&hellip;]<\/p>\n","protected":false},"author":182516946,"featured_media":8403,"parent":0,"menu_order":0,"comment_status":"closed","ping_status":"closed","template":"full-width.php","meta":{"_coblocks_attr":"","_coblocks_dimensions":"","_coblocks_responsive_height":"","_coblocks_accordion_ie_support":"","_crdt_document":"","footnotes":""},"class_list":["post-8105","page","type-page","status-publish","has-post-thumbnail","hentry"],"yoast_head":"<!-- This site is optimized with the Yoast SEO plugin v27.5 - https:\/\/yoast.com\/product\/yoast-seo-wordpress\/ -->\n<title>Bendinat, zona tur\u00edstica de Calvi\u00e0 que compta amb tots els serveis<\/title>\n<meta name=\"description\" content=\"Bendinat, zona tur\u00edstica de Calvi\u00e0 que compta amb tots els serveis. Tranquil\u00b7litat, rep\u00f2s , una selecta oferta hotelera i platges espectaculars.\" \/>\n<meta name=\"robots\" content=\"index, follow, max-snippet:-1, max-image-preview:large, max-video-preview:-1\" \/>\n<link rel=\"canonical\" href=\"https:\/\/visitcalvia.org\/ca\/bendinat\/\" \/>\n<meta property=\"og:locale\" content=\"ca_ES\" \/>\n<meta property=\"og:type\" content=\"article\" \/>\n<meta property=\"og:title\" content=\"Bendinat, zona tur\u00edstica de Calvi\u00e0 que compta amb tots els serveis\" \/>\n<meta property=\"og:description\" content=\"Bendinat, zona tur\u00edstica de Calvi\u00e0 que compta amb tots els serveis. Tranquil\u00b7litat, rep\u00f2s , una selecta oferta hotelera i platges espectaculars.\" \/>\n<meta property=\"og:url\" content=\"https:\/\/visitcalvia.org\/ca\/bendinat\/\" \/>\n<meta property=\"og:site_name\" content=\"visitcalvia\" \/>\n<meta property=\"article:modified_time\" content=\"2026-04-24T09:14:53+00:00\" \/>\n<meta property=\"og:image\" content=\"https:\/\/visitcalvia.org\/wp-content\/uploads\/2020\/05\/bendinat-1.jpg\" \/>\n\t<meta property=\"og:image:width\" content=\"1325\" \/>\n\t<meta property=\"og:image:height\" content=\"716\" \/>\n\t<meta property=\"og:image:type\" content=\"image\/jpeg\" \/>\n<meta name=\"twitter:card\" content=\"summary_large_image\" \/>\n<meta name=\"twitter:label1\" content=\"Temps estimat de lectura\" \/>\n\t<meta name=\"twitter:data1\" content=\"3 minuts\" \/>\n<script type=\"application\/ld+json\" class=\"yoast-schema-graph\">{\"@context\":\"https:\\\/\\\/schema.org\",\"@graph\":[{\"@type\":\"WebPage\",\"@id\":\"https:\\\/\\\/visitcalvia.org\\\/ca\\\/bendinat\\\/\",\"url\":\"https:\\\/\\\/visitcalvia.org\\\/ca\\\/bendinat\\\/\",\"name\":\"Bendinat, zona tur\u00edstica de Calvi\u00e0 que compta amb tots els serveis\",\"isPartOf\":{\"@id\":\"https:\\\/\\\/visitcalvia.org\\\/ca\\\/#website\"},\"primaryImageOfPage\":{\"@id\":\"https:\\\/\\\/visitcalvia.org\\\/ca\\\/bendinat\\\/#primaryimage\"},\"image\":{\"@id\":\"https:\\\/\\\/visitcalvia.org\\\/ca\\\/bendinat\\\/#primaryimage\"},\"thumbnailUrl\":\"https:\\\/\\\/i0.wp.com\\\/visitcalvia.org\\\/wp-content\\\/uploads\\\/2020\\\/05\\\/bendinat-1.jpg?fit=1325%2C716&ssl=1\",\"datePublished\":\"2020-04-28T09:02:12+00:00\",\"dateModified\":\"2026-04-24T09:14:53+00:00\",\"description\":\"Bendinat, zona tur\u00edstica de Calvi\u00e0 que compta amb tots els serveis. Tranquil\u00b7litat, rep\u00f2s , una selecta oferta hotelera i platges espectaculars.\",\"breadcrumb\":{\"@id\":\"https:\\\/\\\/visitcalvia.org\\\/ca\\\/bendinat\\\/#breadcrumb\"},\"inLanguage\":\"ca\",\"potentialAction\":[{\"@type\":\"ReadAction\",\"target\":[\"https:\\\/\\\/visitcalvia.org\\\/ca\\\/bendinat\\\/\"]}]},{\"@type\":\"ImageObject\",\"inLanguage\":\"ca\",\"@id\":\"https:\\\/\\\/visitcalvia.org\\\/ca\\\/bendinat\\\/#primaryimage\",\"url\":\"https:\\\/\\\/i0.wp.com\\\/visitcalvia.org\\\/wp-content\\\/uploads\\\/2020\\\/05\\\/bendinat-1.jpg?fit=1325%2C716&ssl=1\",\"contentUrl\":\"https:\\\/\\\/i0.wp.com\\\/visitcalvia.org\\\/wp-content\\\/uploads\\\/2020\\\/05\\\/bendinat-1.jpg?fit=1325%2C716&ssl=1\",\"width\":1325,\"height\":716,\"caption\":\"bendinat hotel, bendinat beach, bendinat playa, bendinat beach, Bendinat, Mallorca,\"},{\"@type\":\"BreadcrumbList\",\"@id\":\"https:\\\/\\\/visitcalvia.org\\\/ca\\\/bendinat\\\/#breadcrumb\",\"itemListElement\":[{\"@type\":\"ListItem\",\"position\":1,\"name\":\"Portada\",\"item\":\"https:\\\/\\\/visitcalvia.org\\\/ca\\\/\"},{\"@type\":\"ListItem\",\"position\":2,\"name\":\"Bendinat\"}]},{\"@type\":\"WebSite\",\"@id\":\"https:\\\/\\\/visitcalvia.org\\\/ca\\\/#website\",\"url\":\"https:\\\/\\\/visitcalvia.org\\\/ca\\\/\",\"name\":\"visitcalvia\",\"description\":\"Vacaciones en Mallorca \u2013 Calvi\u00e0 m\u00faltiples destinos en uno s\u00f3lo lugar. Palmanova, Santa Pon\u00e7a, Magaluf, Peguera, Portals Nous, Costa d\u2019en Blanes, Cala Vinyes\",\"potentialAction\":[{\"@type\":\"SearchAction\",\"target\":{\"@type\":\"EntryPoint\",\"urlTemplate\":\"https:\\\/\\\/visitcalvia.org\\\/ca\\\/?s={search_term_string}\"},\"query-input\":{\"@type\":\"PropertyValueSpecification\",\"valueRequired\":true,\"valueName\":\"search_term_string\"}}],\"inLanguage\":\"ca\"}]}<\/script>\n<!-- \/ Yoast SEO plugin. -->","yoast_head_json":{"title":"Bendinat, zona tur\u00edstica de Calvi\u00e0 que compta amb tots els serveis","description":"Bendinat, zona tur\u00edstica de Calvi\u00e0 que compta amb tots els serveis. Tranquil\u00b7litat, rep\u00f2s , una selecta oferta hotelera i platges espectaculars.","robots":{"index":"index","follow":"follow","max-snippet":"max-snippet:-1","max-image-preview":"max-image-preview:large","max-video-preview":"max-video-preview:-1"},"canonical":"https:\/\/visitcalvia.org\/ca\/bendinat\/","og_locale":"ca_ES","og_type":"article","og_title":"Bendinat, zona tur\u00edstica de Calvi\u00e0 que compta amb tots els serveis","og_description":"Bendinat, zona tur\u00edstica de Calvi\u00e0 que compta amb tots els serveis. Tranquil\u00b7litat, rep\u00f2s , una selecta oferta hotelera i platges espectaculars.","og_url":"https:\/\/visitcalvia.org\/ca\/bendinat\/","og_site_name":"visitcalvia","article_modified_time":"2026-04-24T09:14:53+00:00","og_image":[{"width":1325,"height":716,"url":"https:\/\/visitcalvia.org\/wp-content\/uploads\/2020\/05\/bendinat-1.jpg","type":"image\/jpeg"}],"twitter_card":"summary_large_image","twitter_misc":{"Temps estimat de lectura":"3 minuts"},"schema":{"@context":"https:\/\/schema.org","@graph":[{"@type":"WebPage","@id":"https:\/\/visitcalvia.org\/ca\/bendinat\/","url":"https:\/\/visitcalvia.org\/ca\/bendinat\/","name":"Bendinat, zona tur\u00edstica de Calvi\u00e0 que compta amb tots els serveis","isPartOf":{"@id":"https:\/\/visitcalvia.org\/ca\/#website"},"primaryImageOfPage":{"@id":"https:\/\/visitcalvia.org\/ca\/bendinat\/#primaryimage"},"image":{"@id":"https:\/\/visitcalvia.org\/ca\/bendinat\/#primaryimage"},"thumbnailUrl":"https:\/\/i0.wp.com\/visitcalvia.org\/wp-content\/uploads\/2020\/05\/bendinat-1.jpg?fit=1325%2C716&ssl=1","datePublished":"2020-04-28T09:02:12+00:00","dateModified":"2026-04-24T09:14:53+00:00","description":"Bendinat, zona tur\u00edstica de Calvi\u00e0 que compta amb tots els serveis. Tranquil\u00b7litat, rep\u00f2s , una selecta oferta hotelera i platges espectaculars.","breadcrumb":{"@id":"https:\/\/visitcalvia.org\/ca\/bendinat\/#breadcrumb"},"inLanguage":"ca","potentialAction":[{"@type":"ReadAction","target":["https:\/\/visitcalvia.org\/ca\/bendinat\/"]}]},{"@type":"ImageObject","inLanguage":"ca","@id":"https:\/\/visitcalvia.org\/ca\/bendinat\/#primaryimage","url":"https:\/\/i0.wp.com\/visitcalvia.org\/wp-content\/uploads\/2020\/05\/bendinat-1.jpg?fit=1325%2C716&ssl=1","contentUrl":"https:\/\/i0.wp.com\/visitcalvia.org\/wp-content\/uploads\/2020\/05\/bendinat-1.jpg?fit=1325%2C716&ssl=1","width":1325,"height":716,"caption":"bendinat hotel, bendinat beach, bendinat playa, bendinat beach, Bendinat, Mallorca,"},{"@type":"BreadcrumbList","@id":"https:\/\/visitcalvia.org\/ca\/bendinat\/#breadcrumb","itemListElement":[{"@type":"ListItem","position":1,"name":"Portada","item":"https:\/\/visitcalvia.org\/ca\/"},{"@type":"ListItem","position":2,"name":"Bendinat"}]},{"@type":"WebSite","@id":"https:\/\/visitcalvia.org\/ca\/#website","url":"https:\/\/visitcalvia.org\/ca\/","name":"visitcalvia","description":"Vacaciones en Mallorca \u2013 Calvi\u00e0 m\u00faltiples destinos en uno s\u00f3lo lugar. Palmanova, Santa Pon\u00e7a, Magaluf, Peguera, Portals Nous, Costa d\u2019en Blanes, Cala Vinyes","potentialAction":[{"@type":"SearchAction","target":{"@type":"EntryPoint","urlTemplate":"https:\/\/visitcalvia.org\/ca\/?s={search_term_string}"},"query-input":{"@type":"PropertyValueSpecification","valueRequired":true,"valueName":"search_term_string"}}],"inLanguage":"ca"}]}},"jetpack_likes_enabled":false,"jetpack_sharing_enabled":false,"jetpack_shortlink":"https:\/\/wp.me\/PbP1bo-26J","amp_enabled":false,"_links":{"self":[{"href":"https:\/\/visitcalvia.org\/ca\/wp-json\/wp\/v2\/pages\/8105","targetHints":{"allow":["GET"]}}],"collection":[{"href":"https:\/\/visitcalvia.org\/ca\/wp-json\/wp\/v2\/pages"}],"about":[{"href":"https:\/\/visitcalvia.org\/ca\/wp-json\/wp\/v2\/types\/page"}],"author":[{"embeddable":true,"href":"https:\/\/visitcalvia.org\/ca\/wp-json\/wp\/v2\/users\/182516946"}],"replies":[{"embeddable":true,"href":"https:\/\/visitcalvia.org\/ca\/wp-json\/wp\/v2\/comments?post=8105"}],"version-history":[{"count":22,"href":"https:\/\/visitcalvia.org\/ca\/wp-json\/wp\/v2\/pages\/8105\/revisions"}],"predecessor-version":[{"id":30999,"href":"https:\/\/visitcalvia.org\/ca\/wp-json\/wp\/v2\/pages\/8105\/revisions\/30999"}],"wp:featuredmedia":[{"embeddable":true,"href":"https:\/\/visitcalvia.org\/ca\/wp-json\/wp\/v2\/media\/8403"}],"wp:attachment":[{"href":"https:\/\/visitcalvia.org\/ca\/wp-json\/wp\/v2\/media?parent=8105"}],"curies":[{"name":"wp","href":"https:\/\/api.w.org\/{rel}","templated":true}]}}