{"id":8240,"date":"2020-04-06T11:33:44","date_gmt":"2020-04-06T09:33:44","guid":{"rendered":"https:\/\/visitcalvia.org\/futbol\/"},"modified":"2022-07-04T10:34:33","modified_gmt":"2022-07-04T08:34:33","slug":"futbol","status":"publish","type":"page","link":"https:\/\/visitcalvia.org\/ca\/futbol\/","title":{"rendered":"Futbol"},"content":{"rendered":"<div class=\"wpb-content-wrapper\"><p>[vc_row css=&#8221;.vc_custom_1654606719235{background-image: url(<a href=\"https:\/\/visitcalvia.org\/wp-content\/uploads\/2020\/04\/futbol-banner.jpg?id=3356\">https:\/\/visitcalvia.org\/wp-content\/uploads\/2020\/04\/futbol-banner.jpg?id=3356<\/a>) !important;background-position: center !important;background-repeat: no-repeat !important;background-size: cover !important;}&#8221;][vc_column][vc_empty_space height=&#8221;255px&#8221;][\/vc_column][\/vc_row]<\/p>\n<p>[vc_row row_content_width=&#8221;grid&#8221; css=&#8221;.vc_custom_1585904022600{padding-top: 20px !important;padding-bottom: 20px !important;}&#8221;][vc_column][vc_empty_space height=&#8221;35px&#8221;]<div class=\"qodef-section-title-holder  qodef-st-standard qodef-st-title-left qodef-st-normal-space qodef-st-disable-title-break qodef-st-with-border\" style=\"text-align: left\">\n\t<div class=\"qodef-st-inner\">\n\t\t\t\t\t<h2 class=\"qodef-st-title\" >\n\t\t\t\t<span class=\"qodef-st-title-bold\">Juga<\/span> a futbol a<br \/> Calvi\u00e0!\t\t\t<\/h2>\n\t\t\t\t\t<\/div>\n<\/div>[vc_column_text]Amb <strong>6 camps<\/strong> de futbol en el municipi, Calvi\u00e0 \u00e9s un dels llocs preferits per a entrenar futbol a Mallorca.<\/p>\n<p>Aqu\u00ed tens algunes raons per les quals hauries de triar el municipi de Calvi\u00e0 quan cerques opcions per entrenar futbol a Mallorca.<\/p>\n<ul>\n<li><strong>Comoditat:<\/strong> a 20 minuts de l&#8217;Aeroport i a 15 de la capital Palma. Totes les zones de Calvi\u00e0 compten amb els serveis necessaris perqu\u00e8 no hagis de preocupar-te de res m\u00e9s que d&#8217;entrenar i competir.<\/li>\n<li><strong>Equipaments:<\/strong> Calvi\u00e0 \u00e9s un dels llocs d&#8217;Europa amb millor conjunt d&#8217;instal\u00b7lacions esportives p\u00fabliques. Camps de futbol, m\u00f2duls esportius interiors, piscines cobertes i exteriors, pista d&#8217;atletisme, pistes de tennis, gimnasos, camps de golf&#8230;<\/li>\n<li><strong>Oferta i serveis associats:<\/strong> una variada i potent oferta d&#8217;allotjament, gastronomia, cultura, esport i oci, t&#8217;espera. L&#8217;objectiu \u00e9s que gaudeixis del ciclisme i tamb\u00e9 d&#8217;unes vacances a l&#8217;illa.<\/li>\n<\/ul>\n<p>Entrenar futbol a Mallorca. Calvi\u00e0, el teu lloc ideal per a realitzar pretemporades[\/vc_column_text][\/vc_column][\/vc_row][vc_row equal_height=&#8221;yes&#8221; content_placement=&#8221;middle&#8221;][vc_column offset=&#8221;vc_col-lg-5 vc_col-md-12&#8243; css=&#8221;.vc_custom_1585820997663{margin-top: 0px !important;margin-right: 0px !important;margin-bottom: 0px !important;margin-left: 0px !important;padding-top: 0px !important;padding-right: 0px !important;padding-bottom: 0px !important;padding-left: 0px !important;background-color: #fcfcfc !important;}&#8221;]<div class=\"qodef-elements-holder   qodef-one-column  qodef-responsive-mode-768 qodef-one-column-alignment-right\" ><div class=\"qodef-eh-item   qodef-horizontal-alignment-right  \"  data-item-class=\"qodef-eh-custom-9249\" data-1280-1600=\"0 12% 15px 31%\" data-1024-1280=\"0 12% 15px 24%\" data-768-1024=\"48px 25% 70px 35%\" data-680-768=\"48px 12% 70px 35%\" data-680=\"50px 8% 70px 10%\">\n\t<div class=\"qodef-eh-item-inner\">\n\t\t<div class=\"qodef-eh-item-content qodef-eh-custom-9249\" style=\"padding: 0 12% 20px 35%\">\n\t\t\t[vc_column_text]<\/p>\n<h2 style=\"text-align: right;\">Camp de Futbol<\/h2>\n<p style=\"text-align: right; font-family: Montserrat; margin-top: -18px; margin-bottom: 16px;\"><span class=\"change-second-color\" style=\"color: #ff0030;\"><em>Visit Calvi\u00e0<\/em><\/span><\/p>\n<p style=\"text-align: right; margin-bottom: 16px;\">Aqu\u00ed pots fer la reserva<\/p>\n<p>[\/vc_column_text]<a itemprop=\"url\" href=\"https:\/\/docs.google.com\/forms\/d\/e\/1FAIpQLSdlN3_jfNXQmmvwJHWfeJ3wj8PZpU51KVQLOUTDJWVCFiPb2w\/viewform\" target=\"_self\" style=\"color: #000000;background-color: #9bc535\" class=\"qodef-btn qodef-btn-medium qodef-btn-solid qodef-btn-icon change-background\"  >\n    <span class=\"qodef-btn-text\">RESERVAR<\/span>\n    <i class=\"qodef-icon-font-awesome fa fa-chevron-right \" ><\/i><\/a>\t\t<\/div>\n\t<\/div>\n\t<\/div><\/div>[\/vc_column][vc_column offset=&#8221;vc_col-lg-7 vc_col-md-12&#8243; css=&#8221;.vc_custom_1504689016842{margin-top: 0px !important;margin-right: 0px !important;margin-bottom: 0px !important;margin-left: 0px !important;padding-top: 0px !important;padding-right: 0px !important;padding-bottom: 0px !important;padding-left: 0px !important;}&#8221;][vc_gmaps link=&#8221;#E-8_JTNDaWZyYW1lJTIwc3JjJTNEJTIyaHR0cHMlM0ElMkYlMkZ3d3cuZ29vZ2xlLmNvbSUyRm1hcHMlMkZkJTJGdSUyRjUlMkZlbWJlZCUzRm1pZCUzRDF1YnQ4TklMYnJIdGI2RTNleDlCc0R6cnNVVEdJT2dWYSUyMiUyMHdpZHRoJTNEJTIyNjQwJTIyJTIwaGVpZ2h0JTNEJTIyNDgwJTIyJTNFJTNDJTJGaWZyYW1lJTNF&#8221;][\/vc_column][\/vc_row][vc_row row_content_width=&#8221;grid&#8221; css=&#8221;.vc_custom_1585911485848{margin-top: 10px !important;padding-bottom: 50px !important;}&#8221;][vc_column][vc_empty_space height=&#8221;55px&#8221;]<div class=\"qodef-tabs  qodef-tabs-standard\">\n\t<ul class=\"qodef-tabs-nav clearfix\">\n\t\t\t\t\t<li>\n\t\t\t\t\t\t\t\t\t<a href=\"#tab-descripcio\">DESCRIPCI\u00d3<\/a>\n\t\t\t\t\t\t\t<\/li>\n\t\t\t\t\t<li>\n\t\t\t\t\t\t\t\t\t<a href=\"#tab-ubicacio\">UBICACI\u00d3<\/a>\n\t\t\t\t\t\t\t<\/li>\n\t\t\t\t\t<li>\n\t\t\t\t\t\t\t\t\t<a href=\"#tab-serveis\">SERVEIS<\/a>\n\t\t\t\t\t\t\t<\/li>\n\t\t\t\t\t<li>\n\t\t\t\t\t\t\t\t\t<a href=\"#tab-galeria\">GALERIA<\/a>\n\t\t\t\t\t\t\t<\/li>\n\t\t\t\t\t<li>\n\t\t\t\t\t\t\t\t\t<a href=\"#tab-reservar\">RESERVAR<\/a>\n\t\t\t\t\t\t\t<\/li>\n\t\t\t<\/ul>\n\t<div class=\"qodef-tab-container\" id=\"tab-descripcio-568\"><div class=\"qodef-section-title-holder  qodef-st-standard qodef-st-title-left qodef-st-normal-space qodef-st-disable-title-break qodef-st-with-border\" style=\"text-align: left\">\n\t<div class=\"qodef-st-inner\">\n\t\t\t\t\t<h2 class=\"qodef-st-title\" >\n\t\t\t\tCamp de <span class=\"qodef-st-title-bold\">Futbol<\/span> <span class=\"qodef-st-title-bold\">de<\/span><br \/> <span class=\"qodef-st-title-bold\">Magaluf<\/span>\t\t\t<\/h2>\n\t\t\t\t\t<\/div>\n<\/div>[vc_empty_space height=&#8221;20px&#8221;][vc_single_image image=&#8221;10272&#8243; img_size=&#8221;full&#8221;][vc_empty_space height=&#8221;20px&#8221;][vc_column_text]<\/p>\n<p class=\"titulo2\"><strong>Descripci\u00f3:<\/strong><\/p>\n<p>Situat dins dins del Poliesportiu de Magaluf (Camp de futbol, gimn\u00e0s de cardio i musculaci\u00f3, pistes de tennis, pistes d&#8217;esquaix, tatami de Karate, piscina a l&#8217;aire lliure, etc.) aquesta instal\u00b7laci\u00f3 \u00e9s perfecta per la realitzaci\u00f3 d&#8217;entrenaments i partits per les seves especialitats caracter\u00edstiques:<\/p>\n<ul>\n<li>Situat a <a href=\"https:\/\/visitcalvia.org\/magaluf\/\"><strong>Magaluf<\/strong>,<\/a> al costat de la planta hotelera de la zona<\/li>\n<li>A 100 metres de la <a href=\"https:\/\/visitcalvia.org\/atletismo\/\" target=\"_blank\" rel=\"noopener noreferrer\"><strong>pista de atletismo de Magaluf<\/strong><\/a><\/li>\n<li>Un espai amb tots els equipaments necessaris<\/li>\n<li>A 15 minuts de Palma<\/li>\n<li>A 20 minuts de l&#8217;Aeroport<\/li>\n<\/ul>\n<p>Entrenar futbol a Mallorca. Calvi\u00e0, m\u00faltiples opcions per al teu millor\u00a0stage\u00a0de pretemporada.[\/vc_column_text][vc_empty_space height=&#8221;10px&#8221;]<div class=\"qodef-iwt clearfix  qodef-iwt-icon-left-from-title qodef-iwt-icon-tiny\">\n\t<div class=\"qodef-iwt-content\" >\n\t\t\t\t\t<h5 class=\"qodef-iwt-title\" >\n\t\t\t\t\t\t\t\t\t<a itemprop=\"url\" href=\"#\" target=\"_self\">\n\t\t\t\t\t\t\t\t\t<span class=\"qodef-iwt-icon\">\n\t\t\t\t\t\t\t\t\t\t\t\t\t    <span class=\"qodef-icon-shortcode qodef-circle   qodef-icon-tiny\" style=\"width: 30px;height: 30px;line-height: 30px;background-color: #9bc535\" data-hover-color=\"#ffffff\" data-color=\"#ffffff\">\n                    <i class=\"qodef-icon-font-awesome fa fa-arrows-h qodef-icon-element\" style=\"color: #ffffff\" ><\/i>            <\/span>\n\t\t\t\t\t\t\t\t\t\t\t<\/span>\n\t\t\t\t\t<span class=\"qodef-iwt-title-text\">Mesures: 75 km<\/span>\n\t\t\t\t\t\t\t\t\t<\/a>\n\t\t\t\t\t\t\t<\/h5>\n\t\t\t\t\t<\/div>\n<\/div>[vc_empty_space height=&#8221;10px&#8221;]<div class=\"qodef-iwt clearfix  qodef-iwt-icon-left-from-title qodef-iwt-icon-tiny\">\n\t<div class=\"qodef-iwt-content\" >\n\t\t\t\t\t<h5 class=\"qodef-iwt-title\" >\n\t\t\t\t\t\t\t\t\t<a itemprop=\"url\" href=\"#\" target=\"_self\">\n\t\t\t\t\t\t\t\t\t<span class=\"qodef-iwt-icon\">\n\t\t\t\t\t\t\t\t\t\t\t\t\t    <span class=\"qodef-icon-shortcode qodef-circle   qodef-icon-tiny\" style=\"width: 30px;height: 30px;line-height: 30px;background-color: #9bc535\" data-hover-color=\"#ffffff\" data-color=\"#ffffff\">\n                    <i class=\"qodef-icon-font-awesome fa fa-futbol-o qodef-icon-element\" style=\"color: #ffffff\" ><\/i>            <\/span>\n\t\t\t\t\t\t\t\t\t\t\t<\/span>\n\t\t\t\t\t<span class=\"qodef-iwt-title-text\">Activitats: futbol 11 \/ futbol 7<\/span>\n\t\t\t\t\t\t\t\t\t<\/a>\n\t\t\t\t\t\t\t<\/h5>\n\t\t\t\t\t<\/div>\n<\/div>[vc_empty_space height=&#8221;10px&#8221;]<div class=\"qodef-iwt clearfix  qodef-iwt-icon-left-from-title qodef-iwt-icon-tiny\">\n\t<div class=\"qodef-iwt-content\" >\n\t\t\t\t\t<h5 class=\"qodef-iwt-title\" >\n\t\t\t\t\t\t\t\t\t<a itemprop=\"url\" href=\"#\" target=\"_self\">\n\t\t\t\t\t\t\t\t\t<span class=\"qodef-iwt-icon\">\n\t\t\t\t\t\t\t\t\t\t\t\t\t    <span class=\"qodef-icon-shortcode qodef-circle   qodef-icon-tiny\" style=\"width: 30px;height: 30px;line-height: 30px;background-color: #9bc535\" data-hover-color=\"#ffffff\" data-color=\"#ffffff\">\n                    <i class=\"qodef-icon-font-awesome fa fa-lightbulb-o qodef-icon-element\" style=\"color: #ffffff\" ><\/i>            <\/span>\n\t\t\t\t\t\t\t\t\t\t\t<\/span>\n\t\t\t\t\t<span class=\"qodef-iwt-title-text\">Il\u00b7luminaci\u00f3 artificial: s\u00ed<\/span>\n\t\t\t\t\t\t\t\t\t<\/a>\n\t\t\t\t\t\t\t<\/h5>\n\t\t\t\t\t<\/div>\n<\/div>[vc_empty_space height=&#8221;10px&#8221;]<div class=\"qodef-iwt clearfix  qodef-iwt-icon-left-from-title qodef-iwt-icon-tiny\">\n\t<div class=\"qodef-iwt-content\" >\n\t\t\t\t\t<h5 class=\"qodef-iwt-title\" >\n\t\t\t\t\t\t\t\t\t<a itemprop=\"url\" href=\"#\" target=\"_self\">\n\t\t\t\t\t\t\t\t\t<span class=\"qodef-iwt-icon\">\n\t\t\t\t\t\t\t\t\t\t\t\t\t    <span class=\"qodef-icon-shortcode qodef-circle   qodef-icon-tiny\" style=\"width: 30px;height: 30px;line-height: 30px;background-color: #9bc535\" data-hover-color=\"#ffffff\" data-color=\"#ffffff\">\n                    <i class=\"qodef-icon-font-awesome fa fa-compress qodef-icon-element\" style=\"color: #ffffff\" ><\/i>            <\/span>\n\t\t\t\t\t\t\t\t\t\t\t<\/span>\n\t\t\t\t\t<span class=\"qodef-iwt-title-text\">Graderies: s\u00ed (1500 places)<\/span>\n\t\t\t\t\t\t\t\t\t<\/a>\n\t\t\t\t\t\t\t<\/h5>\n\t\t\t\t\t<\/div>\n<\/div>[vc_empty_space height=&#8221;10px&#8221;]<div class=\"qodef-iwt clearfix  qodef-iwt-icon-left-from-title qodef-iwt-icon-tiny\">\n\t<div class=\"qodef-iwt-content\" >\n\t\t\t\t\t<h5 class=\"qodef-iwt-title\" >\n\t\t\t\t\t\t\t\t\t<a itemprop=\"url\" href=\"#\" target=\"_self\">\n\t\t\t\t\t\t\t\t\t<span class=\"qodef-iwt-icon\">\n\t\t\t\t\t\t\t\t\t\t\t\t\t    <span class=\"qodef-icon-shortcode qodef-circle   qodef-icon-tiny\" style=\"width: 30px;height: 30px;line-height: 30px;background-color: #9bc535\" data-hover-color=\"#ffffff\" data-color=\"#ffffff\">\n                    <i class=\"qodef-icon-font-awesome fa fa-shower qodef-icon-element\" style=\"color: #ffffff\" ><\/i>            <\/span>\n\t\t\t\t\t\t\t\t\t\t\t<\/span>\n\t\t\t\t\t<span class=\"qodef-iwt-title-text\">Vestidors: 5 vestidors col\u00b7lectius + \u00e0rbitres, fisios, etc.<\/span>\n\t\t\t\t\t\t\t\t\t<\/a>\n\t\t\t\t\t\t\t<\/h5>\n\t\t\t\t\t<\/div>\n<\/div>[vc_empty_space height=&#8221;10px&#8221;][vc_column_text]<\/p>\n<p class=\"titulo2\"><b>Contacte: <\/b>ice@calvia.com<\/p>\n<p>[\/vc_column_text][vc_empty_space height=&#8221;30px&#8221;]<\/div><div class=\"qodef-tab-container\" id=\"tab-ubicacio-9\"><div class=\"qodef-section-title-holder  qodef-st-standard qodef-st-title-left qodef-st-normal-space  qodef-st-with-border\" style=\"text-align: left\">\n\t<div class=\"qodef-st-inner\">\n\t\t\t\t\t<h2 class=\"qodef-st-title\" >\n\t\t\t\tUbicaci\u00f3 Camp de Futbol - Magaluf\t\t\t<\/h2>\n\t\t\t\t\t<\/div>\n<\/div>[vc_empty_space height=&#8221;20px&#8221;][vc_gmaps link=&#8221;#E-8_JTNDaWZyYW1lJTIwc3JjJTNEJTIyaHR0cHMlM0ElMkYlMkZ3d3cuZ29vZ2xlLmNvbSUyRm1hcHMlMkZlbWJlZCUzRnBiJTNEJTIxMW0xOCUyMTFtMTIlMjExbTMlMjExZDE5Njc3NS43ODkyMjk4NDExJTIxMmQyLjUxNzM4MDQxNjU2ODYwMiUyMTNkMzkuNTkwNjc1MzY5MzAxNjY0JTIxMm0zJTIxMWYwJTIxMmYwJTIxM2YwJTIxM20yJTIxMWkxMDI0JTIxMmk3NjglMjE0ZjEzLjElMjEzbTMlMjExbTIlMjExczB4MCUyNTNBMHg3NjUyNzEyMGQ5ZGRiNmYwJTIxMnNQYWxhdSUyNTIwZCUyNiUyMzM5JTNCRXNwb3J0cyUyNTIwZGUlMjUyMENhbHZpJTI1QzMlMjVBMCUyNTIwTWVsYW5pJTI1MjBDb3N0YSUyMTVlMCUyMTNtMiUyMTFzZXMlMjEyc2VzJTIxNHYxNTg2MTcyNTkzNDczJTIxNW0yJTIxMXNlcyUyMTJzZXMlMjIlMjB3aWR0aCUzRCUyMjYwMCUyMiUyMGhlaWdodCUzRCUyMjQ1MCUyMiUyMGZyYW1lYm9yZGVyJTNEJTIyMCUyMiUyMHN0eWxlJTNEJTIyYm9yZGVyJTNBMCUzQiUyMiUyMGFsbG93ZnVsbHNjcmVlbiUzRCUyMiUyMiUyMGFyaWEtaGlkZGVuJTNEJTIyZmFsc2UlMjIlMjB0YWJpbmRleCUzRCUyMjAlMjIlM0UlM0MlMkZpZnJhbWUlM0U=&#8221;][vc_empty_space height=&#8221;20px&#8221;][vc_column_text]Avinguda Les Palmeres, 23, Magaluf, Calvi\u00e0, Mallorca, Illes Balears, Espanya &#8211; CP 07182[\/vc_column_text][vc_empty_space height=&#8221;30px&#8221;]<\/div><div class=\"qodef-tab-container\" id=\"tab-serveis-810\"><div class=\"qodef-section-title-holder  qodef-st-standard qodef-st-title-left qodef-st-normal-space  qodef-st-with-border\" style=\"text-align: left\">\n\t<div class=\"qodef-st-inner\">\n\t\t\t\t\t<h2 class=\"qodef-st-title\" >\n\t\t\t\tServeis associats - Magaluf\t\t\t<\/h2>\n\t\t\t\t\t<\/div>\n<\/div>[vc_empty_space height=&#8221;20px&#8221;]<a itemprop=\"url\" href=\"https:\/\/visitcalvia.org\/ca\/atletisme\/\" target=\"_self\" style=\"color: #000000;text-transform: capitalize\" class=\"qodef-btn qodef-btn-medium qodef-btn-simple qodef-btn-icon change-background\"  >\n    <span class=\"qodef-btn-text\">Poliesportiu de Magaluf<\/span>\n    <i class=\"qodef-icon-font-awesome fa fa-chevron-right \" ><\/i><\/a>[vc_empty_space height=&#8221;10px&#8221;]<a itemprop=\"url\" href=\"https:\/\/visitcalvia.org\/ca\/atletisme\/\" target=\"_self\" style=\"color: #000000;text-transform: capitalize\" class=\"qodef-btn qodef-btn-medium qodef-btn-simple qodef-btn-icon change-background\"  >\n    <span class=\"qodef-btn-text\">Pista d\u2019atletisme de Magaluf<\/span>\n    <i class=\"qodef-icon-font-awesome fa fa-chevron-right \" ><\/i><\/a>[vc_empty_space height=&#8221;10px&#8221;]<a itemprop=\"url\" href=\"#\" target=\"_self\" style=\"color: #000000;text-transform: capitalize\" class=\"qodef-btn qodef-btn-medium qodef-btn-simple qodef-btn-icon change-background\"  >\n    <span class=\"qodef-btn-text\">Hotels en Magaluf<\/span>\n    <i class=\"qodef-icon-font-awesome fa fa-chevron-right \" ><\/i><\/a>[vc_empty_space height=&#8221;10px&#8221;]<a itemprop=\"url\" href=\"https:\/\/visitcalvia.org\/ca\/?cat=953\" target=\"_self\" style=\"color: #000000;text-transform: capitalize\" class=\"qodef-btn qodef-btn-medium qodef-btn-simple qodef-btn-icon change-background\"  >\n    <span class=\"qodef-btn-text\">Atraccions en Magaluf<\/span>\n    <i class=\"qodef-icon-font-awesome fa fa-chevron-right \" ><\/i><\/a>[vc_empty_space height=&#8221;10px&#8221;]<a itemprop=\"url\" href=\"https:\/\/visitcalvia.org\/ca\/magaluf\/\" target=\"_self\" style=\"color: #000000;text-transform: capitalize\" class=\"qodef-btn qodef-btn-medium qodef-btn-simple qodef-btn-icon change-background\"  >\n    <span class=\"qodef-btn-text\">Qu\u00e8 fer en Magaluf?<\/span>\n    <i class=\"qodef-icon-font-awesome fa fa-chevron-right \" ><\/i><\/a>[vc_empty_space height=&#8221;30px&#8221;]<\/div><div class=\"qodef-tab-container\" id=\"tab-galeria-139\"><div class=\"qodef-section-title-holder  qodef-st-standard qodef-st-title-left qodef-st-normal-space  qodef-st-with-border\" style=\"text-align: left\">\n\t<div class=\"qodef-st-inner\">\n\t\t\t\t\t<h2 class=\"qodef-st-title\" >\n\t\t\t\tGaleria Camp de Futbol Magaluf\t\t\t<\/h2>\n\t\t\t\t\t<\/div>\n<\/div>[vc_empty_space height=&#8221;20px&#8221;]<div class=\"qodef-image-gallery  qodef-ig-grid-type qodef-tiny-space  qodef-image-behavior-lightbox\">\n\t<div class=\"qodef-ig-inner qodef-outer-space qodef-ig-grid qodef-ig-two-columns\">\n\t\t\t<\/div>\n<\/div>[vc_empty_space height=&#8221;30px&#8221;]<\/div><div class=\"qodef-tab-container\" id=\"tab-reservar-583\"><div class=\"qodef-elements-holder   qodef-one-column  qodef-responsive-mode-768 qodef-one-column-alignment-right\" ><div class=\"qodef-eh-item   qodef-horizontal-alignment-right  \"  data-item-class=\"qodef-eh-custom-9833\" data-1280-1600=\"0 12% 15px 31%\" data-1024-1280=\"0 12% 15px 24%\" data-768-1024=\"48px 25% 70px 35%\" data-680-768=\"48px 12% 70px 35%\" data-680=\"50px 8% 70px 10%\">\n\t<div class=\"qodef-eh-item-inner\">\n\t\t<div class=\"qodef-eh-item-content qodef-eh-custom-9833\" style=\"padding: 0 12% 20px 35%\">\n\t\t\t[vc_column_text]<\/p>\n<h2 style=\"text-align: right;\">Camp de Futbol <strong>Magaluf<\/strong><\/h2>\n<p style=\"text-align: right; font-family: Montserrat; margin-top: -18px; margin-bottom: 16px;\"><span class=\"change-second-color\" style=\"color: #ff0030;\"><em>Visit Calvi\u00e0<\/em><\/span><\/p>\n<p style=\"text-align: right; margin-bottom: 16px;\">Aqu\u00ed pots fer la reserva<\/p>\n<p>[\/vc_column_text]<a itemprop=\"url\" href=\"https:\/\/docs.google.com\/forms\/d\/e\/1FAIpQLSdlN3_jfNXQmmvwJHWfeJ3wj8PZpU51KVQLOUTDJWVCFiPb2w\/viewform\" target=\"_self\" style=\"color: #000000;background-color: #9bc535\" class=\"qodef-btn qodef-btn-medium qodef-btn-solid qodef-btn-icon change-background\"  >\n    <span class=\"qodef-btn-text\">RESERVAR<\/span>\n    <i class=\"qodef-icon-font-awesome fa fa-chevron-right \" ><\/i><\/a>\t\t<\/div>\n\t<\/div>\n\t<\/div><\/div><\/div><\/div>[vc_empty_space height=&#8221;30px&#8221;]<div class=\"qodef-separator-holder clearfix  qodef-separator-center \">\n\t<div class=\"qodef-separator\" style=\"border-color: #868686;border-style: dashed;width: 100%;border-bottom-width: 1px\"><\/div>\n<\/div>\n<div class=\"qodef-separator-holder clearfix change-color qodef-separator-center \">\n\t<div class=\"qodef-separator\" style=\"border-color: #9bc535;border-style: solid;width: 100%;border-bottom-width: 3px\"><\/div>\n<\/div>\n[\/vc_column][\/vc_row][vc_row row_content_width=&#8221;grid&#8221; css=&#8221;.vc_custom_1585911485848{margin-top: 10px !important;padding-bottom: 50px !important;}&#8221;][vc_column]<div class=\"qodef-tabs  qodef-tabs-standard\">\n\t<ul class=\"qodef-tabs-nav clearfix\">\n\t\t\t\t\t<li>\n\t\t\t\t\t\t\t\t\t<a href=\"#tab-descripcio\">DESCRIPCI\u00d3<\/a>\n\t\t\t\t\t\t\t<\/li>\n\t\t\t\t\t<li>\n\t\t\t\t\t\t\t\t\t<a href=\"#tab-ubicacio\">UBICACI\u00d3<\/a>\n\t\t\t\t\t\t\t<\/li>\n\t\t\t\t\t<li>\n\t\t\t\t\t\t\t\t\t<a href=\"#tab-serveis\">SERVEIS<\/a>\n\t\t\t\t\t\t\t<\/li>\n\t\t\t\t\t<li>\n\t\t\t\t\t\t\t\t\t<a href=\"#tab-galeria\">GALERIA<\/a>\n\t\t\t\t\t\t\t<\/li>\n\t\t\t\t\t<li>\n\t\t\t\t\t\t\t\t\t<a href=\"#tab-reservar\">RESERVAR<\/a>\n\t\t\t\t\t\t\t<\/li>\n\t\t\t<\/ul>\n\t<div class=\"qodef-tab-container\" id=\"tab-descripcio-388\"><div class=\"qodef-section-title-holder  qodef-st-standard qodef-st-title-left qodef-st-normal-space qodef-st-disable-title-break qodef-st-with-border\" style=\"text-align: left\">\n\t<div class=\"qodef-st-inner\">\n\t\t\t\t\t<h2 class=\"qodef-st-title\" >\n\t\t\t\tCamp de <span class=\"qodef-st-title-bold\">Futbol<\/span> <span class=\"qodef-st-title-bold\">-<\/span><br \/> <span class=\"qodef-st-title-bold\">Son<\/span> <span class=\"qodef-st-title-bold\">Caliu<\/span> <span class=\"qodef-st-title-bold\">(Palmanova)<\/span>\t\t\t<\/h2>\n\t\t\t\t\t<\/div>\n<\/div>[vc_empty_space height=&#8221;20px&#8221;][vc_single_image image=&#8221;8273&#8243; img_size=&#8221;full&#8221;][vc_empty_space height=&#8221;20px&#8221;][vc_column_text]Situat a Son\u00a0Caliu\u00a0(Palmanova)\u00a0aquesta instal\u00b7laci\u00f3 compta amb un camp de rugbi \/ futbol, una piscina coberta i un camp de futbol 7 (a 800 m).<\/p>\n<p>Hotels, restaurants, supermercats, platges i altres serveis associats es troban entre 0 a 3 km d&#8217;aquesta instal\u00b7laci\u00f3. per la realitzaci\u00f3 d&#8217;entrenaments i partits a causa de les seves especials caracter\u00edstiques:<\/p>\n<ul>\n<li>Situat a Son Caliu, <a href=\"https:\/\/visitcalvia.org\/ca\/palmanova\/\">Palmanova<\/a>. La zona disposa d&#8217;una extensa, moderna i adaptada oferta d&#8217;allotjaments.<\/li>\n<li><a href=\"https:\/\/visitcalvia.org\/ca\/palmanova\/\">Palmanova<\/a> compta amb 3 platges i diverses cales situades en la zona.<\/li>\n<li><span style=\"font-weight: 400;\">La zona disposa d\u2019un passeig que la connecta a peu o en bici amb la resta del municipi.<\/span><\/li>\n<li>A 15 minuts de Palma.<\/li>\n<li>A 20 minuts de l&#8217;Aeroport.<\/li>\n<\/ul>\n<p>Entrenar futbol a Mallorca. Calvi\u00e0, la teva seu de pretemporada.[\/vc_column_text][vc_empty_space height=&#8221;10px&#8221;]<div class=\"qodef-iwt clearfix  qodef-iwt-icon-left-from-title qodef-iwt-icon-tiny\">\n\t<div class=\"qodef-iwt-content\" >\n\t\t\t\t\t<h5 class=\"qodef-iwt-title\" >\n\t\t\t\t\t\t\t\t\t<a itemprop=\"url\" href=\"#\" target=\"_self\">\n\t\t\t\t\t\t\t\t\t<span class=\"qodef-iwt-icon\">\n\t\t\t\t\t\t\t\t\t\t\t\t\t    <span class=\"qodef-icon-shortcode qodef-circle   qodef-icon-tiny\" style=\"width: 30px;height: 30px;line-height: 30px;background-color: #9bc535\" data-hover-color=\"#ffffff\" data-color=\"#ffffff\">\n                    <i class=\"qodef-icon-font-awesome fa fa-arrows-h qodef-icon-element\" style=\"color: #ffffff\" ><\/i>            <\/span>\n\t\t\t\t\t\t\t\t\t\t\t<\/span>\n\t\t\t\t\t<span class=\"qodef-iwt-title-text\">Mesures: 117 x 74 m \/ terreny de joc de rugbi: 117x67 m. \/ Terreny de joc futbol 100x69 m<\/span>\n\t\t\t\t\t\t\t\t\t<\/a>\n\t\t\t\t\t\t\t<\/h5>\n\t\t\t\t\t<\/div>\n<\/div>[vc_empty_space height=&#8221;10px&#8221;]<div class=\"qodef-iwt clearfix  qodef-iwt-icon-left-from-title qodef-iwt-icon-tiny\">\n\t<div class=\"qodef-iwt-content\" >\n\t\t\t\t\t<h5 class=\"qodef-iwt-title\" >\n\t\t\t\t\t\t\t\t\t<a itemprop=\"url\" href=\"#\" target=\"_self\">\n\t\t\t\t\t\t\t\t\t<span class=\"qodef-iwt-icon\">\n\t\t\t\t\t\t\t\t\t\t\t\t\t    <span class=\"qodef-icon-shortcode qodef-circle   qodef-icon-tiny\" style=\"width: 30px;height: 30px;line-height: 30px;background-color: #9bc535\" data-hover-color=\"#ffffff\" data-color=\"#ffffff\">\n                    <i class=\"qodef-icon-font-awesome fa fa-futbol-o qodef-icon-element\" style=\"color: #ffffff\" ><\/i>            <\/span>\n\t\t\t\t\t\t\t\t\t\t\t<\/span>\n\t\t\t\t\t<span class=\"qodef-iwt-title-text\">Activitats: Rugbi, futbol 11 \/ futbol 7<\/span>\n\t\t\t\t\t\t\t\t\t<\/a>\n\t\t\t\t\t\t\t<\/h5>\n\t\t\t\t\t<\/div>\n<\/div>[vc_empty_space height=&#8221;10px&#8221;]<div class=\"qodef-iwt clearfix  qodef-iwt-icon-left-from-title qodef-iwt-icon-tiny\">\n\t<div class=\"qodef-iwt-content\" >\n\t\t\t\t\t<h5 class=\"qodef-iwt-title\" >\n\t\t\t\t\t\t\t\t\t<a itemprop=\"url\" href=\"#\" target=\"_self\">\n\t\t\t\t\t\t\t\t\t<span class=\"qodef-iwt-icon\">\n\t\t\t\t\t\t\t\t\t\t\t\t\t    <span class=\"qodef-icon-shortcode qodef-circle   qodef-icon-tiny\" style=\"width: 30px;height: 30px;line-height: 30px;background-color: #9bc535\" data-hover-color=\"#ffffff\" data-color=\"#ffffff\">\n                    <i class=\"qodef-icon-font-awesome fa fa-lightbulb-o qodef-icon-element\" style=\"color: #ffffff\" ><\/i>            <\/span>\n\t\t\t\t\t\t\t\t\t\t\t<\/span>\n\t\t\t\t\t<span class=\"qodef-iwt-title-text\">Il\u00b7luminaci\u00f3 artificial: s\u00ed<\/span>\n\t\t\t\t\t\t\t\t\t<\/a>\n\t\t\t\t\t\t\t<\/h5>\n\t\t\t\t\t<\/div>\n<\/div>[vc_empty_space height=&#8221;10px&#8221;]<div class=\"qodef-iwt clearfix  qodef-iwt-icon-left-from-title qodef-iwt-icon-tiny\">\n\t<div class=\"qodef-iwt-content\" >\n\t\t\t\t\t<h5 class=\"qodef-iwt-title\" >\n\t\t\t\t\t\t\t\t\t<a itemprop=\"url\" href=\"#\" target=\"_self\">\n\t\t\t\t\t\t\t\t\t<span class=\"qodef-iwt-icon\">\n\t\t\t\t\t\t\t\t\t\t\t\t\t    <span class=\"qodef-icon-shortcode qodef-circle   qodef-icon-tiny\" style=\"width: 30px;height: 30px;line-height: 30px;background-color: #9bc535\" data-hover-color=\"#ffffff\" data-color=\"#ffffff\">\n                    <i class=\"qodef-icon-font-awesome fa fa-compress qodef-icon-element\" style=\"color: #ffffff\" ><\/i>            <\/span>\n\t\t\t\t\t\t\t\t\t\t\t<\/span>\n\t\t\t\t\t<span class=\"qodef-iwt-title-text\">Graderies: S\u00ed (500 pax)<\/span>\n\t\t\t\t\t\t\t\t\t<\/a>\n\t\t\t\t\t\t\t<\/h5>\n\t\t\t\t\t<\/div>\n<\/div>[vc_empty_space height=&#8221;10px&#8221;]<div class=\"qodef-iwt clearfix  qodef-iwt-icon-left-from-title qodef-iwt-icon-tiny\">\n\t<div class=\"qodef-iwt-content\" >\n\t\t\t\t\t<h5 class=\"qodef-iwt-title\" >\n\t\t\t\t\t\t\t\t\t<a itemprop=\"url\" href=\"#\" target=\"_self\">\n\t\t\t\t\t\t\t\t\t<span class=\"qodef-iwt-icon\">\n\t\t\t\t\t\t\t\t\t\t\t\t\t    <span class=\"qodef-icon-shortcode qodef-circle   qodef-icon-tiny\" style=\"width: 30px;height: 30px;line-height: 30px;background-color: #9bc535\" data-hover-color=\"#ffffff\" data-color=\"#ffffff\">\n                    <i class=\"qodef-icon-font-awesome fa fa-shower qodef-icon-element\" style=\"color: #ffffff\" ><\/i>            <\/span>\n\t\t\t\t\t\t\t\t\t\t\t<\/span>\n\t\t\t\t\t<span class=\"qodef-iwt-title-text\">4 col\u00b7lectius + 2 vestidors d&#039;\u00e0rbitres, fisios, etc.<\/span>\n\t\t\t\t\t\t\t\t\t<\/a>\n\t\t\t\t\t\t\t<\/h5>\n\t\t\t\t\t<\/div>\n<\/div>[vc_empty_space height=&#8221;10px&#8221;][vc_column_text]<\/p>\n<p class=\"titulo2\"><span class=\"descripcion\"><strong><span style=\"vertical-align: inherit;\"><span style=\"vertical-align: inherit;\">Contacte: <\/span><\/span><\/strong><span style=\"vertical-align: inherit;\"><span style=\"vertical-align: inherit;\">ice@calvia.com<\/span><\/span><\/span><\/p>\n<p>[\/vc_column_text][vc_empty_space height=&#8221;30px&#8221;]<\/div><div class=\"qodef-tab-container\" id=\"tab-ubicacio-326\"><div class=\"qodef-section-title-holder  qodef-st-standard qodef-st-title-left qodef-st-normal-space  qodef-st-with-border\" style=\"text-align: left\">\n\t<div class=\"qodef-st-inner\">\n\t\t\t\t\t<h2 class=\"qodef-st-title\" >\n\t\t\t\tUbicaci\u00f3 Camp de Futbol Son Caliu\t\t\t<\/h2>\n\t\t\t\t\t<\/div>\n<\/div>[vc_empty_space height=&#8221;20px&#8221;][vc_gmaps link=&#8221;#E-8_JTNDaWZyYW1lJTIwc3JjJTNEJTIyaHR0cHMlM0ElMkYlMkZ3d3cuZ29vZ2xlLmNvbSUyRm1hcHMlMkZlbWJlZCUzRnBiJTNEJTIxMW0xOCUyMTFtMTIlMjExbTMlMjExZDYxNTQuNTgxNTk1NDEwMDI1JTIxMmQyLjUzOTYwOTQ3MzA0MTkxNCUyMTNkMzkuNTMwNDkzNDY3OTExNTUlMjEybTMlMjExZjAlMjEyZjAlMjEzZjAlMjEzbTIlMjExaTEwMjQlMjEyaTc2OCUyMTRmMTMuMSUyMTNtMyUyMTFtMiUyMTFzMHgwJTI1M0EweGRiN2M3MmM1NzBjODBmYTElMjEyc1pvbmElMjUyMERlcG9ydGl2YSUyNTIwU29uJTI1MjBDYWxpdSUyNTIwSSUyMTVlMCUyMTNtMiUyMTFzZXMlMjEyc2VzJTIxNHYxNTg2MTcyOTI1NDM4JTIxNW0yJTIxMXNlcyUyMTJzZXMlMjIlMjB3aWR0aCUzRCUyMjYwMCUyMiUyMGhlaWdodCUzRCUyMjQ1MCUyMiUyMGZyYW1lYm9yZGVyJTNEJTIyMCUyMiUyMHN0eWxlJTNEJTIyYm9yZGVyJTNBMCUzQiUyMiUyMGFsbG93ZnVsbHNjcmVlbiUzRCUyMiUyMiUyMGFyaWEtaGlkZGVuJTNEJTIyZmFsc2UlMjIlMjB0YWJpbmRleCUzRCUyMjAlMjIlM0UlM0MlMkZpZnJhbWUlM0U=&#8221;][vc_empty_space height=&#8221;20px&#8221;][vc_column_text]C. Saragosa s\/n , Son Caliu, Calvi\u00e0, Mallorca, Illes Balears, Espa\u00f1a, CP: 07181[\/vc_column_text][vc_empty_space height=&#8221;30px&#8221;]<\/div><div class=\"qodef-tab-container\" id=\"tab-serveis-923\"><div class=\"qodef-section-title-holder  qodef-st-standard qodef-st-title-left qodef-st-normal-space  qodef-st-with-border\" style=\"text-align: left\">\n\t<div class=\"qodef-st-inner\">\n\t\t\t\t\t<h2 class=\"qodef-st-title\" >\n\t\t\t\tServeis associats - Son Caliu\t\t\t<\/h2>\n\t\t\t\t\t<\/div>\n<\/div>[vc_empty_space height=&#8221;20px&#8221;]<a itemprop=\"url\" href=\"https:\/\/visitcalvia.org\/ca\/piscines\/\" target=\"_self\" style=\"color: #000000;text-transform: capitalize\" class=\"qodef-btn qodef-btn-medium qodef-btn-simple qodef-btn-icon change-background\"  >\n    <span class=\"qodef-btn-text\">Piscina de Son Caliu<\/span>\n    <i class=\"qodef-icon-font-awesome fa fa-chevron-right \" ><\/i><\/a>[vc_empty_space height=&#8221;10px&#8221;]<a itemprop=\"url\" href=\"https:\/\/visitcalvia.org\/ca\/atletisme\/\" target=\"_self\" style=\"color: #000000;text-transform: capitalize\" class=\"qodef-btn qodef-btn-medium qodef-btn-simple qodef-btn-icon change-background\"  >\n    <span class=\"qodef-btn-text\">Pista de atletisme de Magaluf<\/span>\n    <i class=\"qodef-icon-font-awesome fa fa-chevron-right \" ><\/i><\/a>[vc_empty_space height=&#8221;10px&#8221;]<a itemprop=\"url\" href=\"#\" target=\"_self\" style=\"color: #000000;text-transform: capitalize\" class=\"qodef-btn qodef-btn-medium qodef-btn-simple qodef-btn-icon change-background\"  >\n    <span class=\"qodef-btn-text\">Hotels en Palmanova<\/span>\n    <i class=\"qodef-icon-font-awesome fa fa-chevron-right \" ><\/i><\/a>[vc_empty_space height=&#8221;10px&#8221;]<a itemprop=\"url\" href=\"https:\/\/visitcalvia.org\/ca\/?cat=908\" target=\"_self\" style=\"color: #000000;text-transform: capitalize\" class=\"qodef-btn qodef-btn-medium qodef-btn-simple qodef-btn-icon change-background\"  >\n    <span class=\"qodef-btn-text\">Atraccions a la zona<\/span>\n    <i class=\"qodef-icon-font-awesome fa fa-chevron-right \" ><\/i><\/a>[vc_empty_space height=&#8221;10px&#8221;]<a itemprop=\"url\" href=\"https:\/\/visitcalvia.org\/ca\/palmanova\/\" target=\"_self\" style=\"color: #000000;text-transform: capitalize\" class=\"qodef-btn qodef-btn-medium qodef-btn-simple qodef-btn-icon change-background\"  >\n    <span class=\"qodef-btn-text\">\u00bfQu\u00e9 fer a Palmanova?<\/span>\n    <i class=\"qodef-icon-font-awesome fa fa-chevron-right \" ><\/i><\/a>[vc_empty_space height=&#8221;10px&#8221;]<a itemprop=\"url\" href=\"#\" target=\"_self\" style=\"color: #000000;text-transform: capitalize\" class=\"qodef-btn qodef-btn-medium qodef-btn-simple qodef-btn-icon change-background\"  >\n    <span class=\"qodef-btn-text\">Esdeveniments esportius<\/span>\n    <i class=\"qodef-icon-font-awesome fa fa-chevron-right \" ><\/i><\/a>[vc_empty_space height=&#8221;30px&#8221;]<\/div><div class=\"qodef-tab-container\" id=\"tab-galeria-530\"><div class=\"qodef-section-title-holder  qodef-st-standard qodef-st-title-left qodef-st-normal-space  qodef-st-with-border\" style=\"text-align: left\">\n\t<div class=\"qodef-st-inner\">\n\t\t\t\t\t<h2 class=\"qodef-st-title\" >\n\t\t\t\tGaleria Camp de futbol Son Caliu\t\t\t<\/h2>\n\t\t\t\t\t<\/div>\n<\/div>[vc_empty_space height=&#8221;20px&#8221;]<div class=\"qodef-image-gallery  qodef-ig-grid-type qodef-tiny-space  qodef-image-behavior-lightbox\">\n\t<div class=\"qodef-ig-inner qodef-outer-space qodef-ig-grid qodef-ig-two-columns\">\n\t\t\t\t\t<div class=\"qodef-ig-image qodef-item-space\">\n\t\t\t\t<div class=\"qodef-ig-image-inner\">\n\t\t\t\t\t\t\t\t\t\t\t<a itemprop=\"image\" class=\"qodef-ig-lightbox\" href=\"https:\/\/i0.wp.com\/visitcalvia.org\/wp-content\/uploads\/2020\/04\/Son-Caliu-Futbol-04.jpg?fit=1600%2C898&#038;ssl=1\" data-rel=\"prettyPhoto[image_gallery_pretty_photo-87]\" title=\"Son Caliu -Futbol\">\n\t\t\t\t\t\t\t\t\t\t\t<img decoding=\"async\" width=\"1600\" height=\"898\" src=\"https:\/\/i0.wp.com\/visitcalvia.org\/wp-content\/uploads\/2020\/04\/Son-Caliu-Futbol-04.jpg?fit=1600%2C898&amp;ssl=1\" class=\"attachment-full size-full\" alt=\"Son Caliu -Futbol\" srcset=\"https:\/\/i0.wp.com\/visitcalvia.org\/wp-content\/uploads\/2020\/04\/Son-Caliu-Futbol-04.jpg?w=1600&amp;ssl=1 1600w, https:\/\/i0.wp.com\/visitcalvia.org\/wp-content\/uploads\/2020\/04\/Son-Caliu-Futbol-04.jpg?resize=300%2C168&amp;ssl=1 300w, https:\/\/i0.wp.com\/visitcalvia.org\/wp-content\/uploads\/2020\/04\/Son-Caliu-Futbol-04.jpg?resize=1024%2C575&amp;ssl=1 1024w, https:\/\/i0.wp.com\/visitcalvia.org\/wp-content\/uploads\/2020\/04\/Son-Caliu-Futbol-04.jpg?resize=768%2C431&amp;ssl=1 768w, https:\/\/i0.wp.com\/visitcalvia.org\/wp-content\/uploads\/2020\/04\/Son-Caliu-Futbol-04.jpg?resize=1536%2C862&amp;ssl=1 1536w, https:\/\/i0.wp.com\/visitcalvia.org\/wp-content\/uploads\/2020\/04\/Son-Caliu-Futbol-04.jpg?resize=1200%2C674&amp;ssl=1 1200w, https:\/\/i0.wp.com\/visitcalvia.org\/wp-content\/uploads\/2020\/04\/Son-Caliu-Futbol-04.jpg?resize=600%2C337&amp;ssl=1 600w, https:\/\/i0.wp.com\/visitcalvia.org\/wp-content\/uploads\/2020\/04\/Son-Caliu-Futbol-04.jpg?resize=64%2C36&amp;ssl=1 64w\" sizes=\"(max-width: 1100px) 100vw, 1100px\" data-attachment-id=\"3378\" data-permalink=\"https:\/\/visitcalvia.org\/ca\/futbol-en-calvia-mallorca\/son-caliu-futbol-04\/\" data-orig-file=\"https:\/\/i0.wp.com\/visitcalvia.org\/wp-content\/uploads\/2020\/04\/Son-Caliu-Futbol-04.jpg?fit=1600%2C898&amp;ssl=1\" data-orig-size=\"1600,898\" data-comments-opened=\"1\" data-image-meta=\"{&quot;aperture&quot;:&quot;0&quot;,&quot;credit&quot;:&quot;&quot;,&quot;camera&quot;:&quot;&quot;,&quot;caption&quot;:&quot;&quot;,&quot;created_timestamp&quot;:&quot;0&quot;,&quot;copyright&quot;:&quot;&quot;,&quot;focal_length&quot;:&quot;0&quot;,&quot;iso&quot;:&quot;0&quot;,&quot;shutter_speed&quot;:&quot;0&quot;,&quot;title&quot;:&quot;&quot;,&quot;orientation&quot;:&quot;1&quot;}\" data-image-title=\"Son Caliu -Futbol\" data-image-description=\"\" data-image-caption=\"\" data-large-file=\"https:\/\/i0.wp.com\/visitcalvia.org\/wp-content\/uploads\/2020\/04\/Son-Caliu-Futbol-04.jpg?fit=1024%2C575&amp;ssl=1\" \/>\t\t\t\t\t\t\t\t\t\t\t<\/a>\n\t\t\t\t\t\t\t\t\t<\/div>\n\t\t\t<\/div>\n\t\t\t\t\t<div class=\"qodef-ig-image qodef-item-space\">\n\t\t\t\t<div class=\"qodef-ig-image-inner\">\n\t\t\t\t\t\t\t\t\t\t\t<a itemprop=\"image\" class=\"qodef-ig-lightbox\" href=\"https:\/\/i0.wp.com\/visitcalvia.org\/wp-content\/uploads\/2020\/04\/Son-Caliu-Futbol-03.jpg?fit=1600%2C898&#038;ssl=1\" data-rel=\"prettyPhoto[image_gallery_pretty_photo-87]\" title=\"Son Caliu -Futbol\">\n\t\t\t\t\t\t\t\t\t\t\t<img decoding=\"async\" width=\"1600\" height=\"898\" src=\"https:\/\/i0.wp.com\/visitcalvia.org\/wp-content\/uploads\/2020\/04\/Son-Caliu-Futbol-03.jpg?fit=1600%2C898&amp;ssl=1\" class=\"attachment-full size-full\" alt=\"Son Caliu -Futbol\" srcset=\"https:\/\/i0.wp.com\/visitcalvia.org\/wp-content\/uploads\/2020\/04\/Son-Caliu-Futbol-03.jpg?w=1600&amp;ssl=1 1600w, https:\/\/i0.wp.com\/visitcalvia.org\/wp-content\/uploads\/2020\/04\/Son-Caliu-Futbol-03.jpg?resize=300%2C168&amp;ssl=1 300w, https:\/\/i0.wp.com\/visitcalvia.org\/wp-content\/uploads\/2020\/04\/Son-Caliu-Futbol-03.jpg?resize=1024%2C575&amp;ssl=1 1024w, https:\/\/i0.wp.com\/visitcalvia.org\/wp-content\/uploads\/2020\/04\/Son-Caliu-Futbol-03.jpg?resize=768%2C431&amp;ssl=1 768w, https:\/\/i0.wp.com\/visitcalvia.org\/wp-content\/uploads\/2020\/04\/Son-Caliu-Futbol-03.jpg?resize=1536%2C862&amp;ssl=1 1536w, https:\/\/i0.wp.com\/visitcalvia.org\/wp-content\/uploads\/2020\/04\/Son-Caliu-Futbol-03.jpg?resize=1200%2C674&amp;ssl=1 1200w, https:\/\/i0.wp.com\/visitcalvia.org\/wp-content\/uploads\/2020\/04\/Son-Caliu-Futbol-03.jpg?resize=600%2C337&amp;ssl=1 600w, https:\/\/i0.wp.com\/visitcalvia.org\/wp-content\/uploads\/2020\/04\/Son-Caliu-Futbol-03.jpg?resize=64%2C36&amp;ssl=1 64w\" sizes=\"(max-width: 1100px) 100vw, 1100px\" data-attachment-id=\"3377\" data-permalink=\"https:\/\/visitcalvia.org\/ca\/futbol-en-calvia-mallorca\/son-caliu-futbol-03\/\" data-orig-file=\"https:\/\/i0.wp.com\/visitcalvia.org\/wp-content\/uploads\/2020\/04\/Son-Caliu-Futbol-03.jpg?fit=1600%2C898&amp;ssl=1\" data-orig-size=\"1600,898\" data-comments-opened=\"1\" data-image-meta=\"{&quot;aperture&quot;:&quot;0&quot;,&quot;credit&quot;:&quot;&quot;,&quot;camera&quot;:&quot;&quot;,&quot;caption&quot;:&quot;&quot;,&quot;created_timestamp&quot;:&quot;0&quot;,&quot;copyright&quot;:&quot;&quot;,&quot;focal_length&quot;:&quot;0&quot;,&quot;iso&quot;:&quot;0&quot;,&quot;shutter_speed&quot;:&quot;0&quot;,&quot;title&quot;:&quot;&quot;,&quot;orientation&quot;:&quot;1&quot;}\" data-image-title=\"Son Caliu -Futbol\" data-image-description=\"\" data-image-caption=\"\" data-large-file=\"https:\/\/i0.wp.com\/visitcalvia.org\/wp-content\/uploads\/2020\/04\/Son-Caliu-Futbol-03.jpg?fit=1024%2C575&amp;ssl=1\" \/>\t\t\t\t\t\t\t\t\t\t\t<\/a>\n\t\t\t\t\t\t\t\t\t<\/div>\n\t\t\t<\/div>\n\t\t\t\t\t<div class=\"qodef-ig-image qodef-item-space\">\n\t\t\t\t<div class=\"qodef-ig-image-inner\">\n\t\t\t\t\t\t\t\t\t\t\t<a itemprop=\"image\" class=\"qodef-ig-lightbox\" href=\"https:\/\/i0.wp.com\/visitcalvia.org\/wp-content\/uploads\/2020\/04\/Son-Caliu-Futbol-02.jpg?fit=1600%2C898&#038;ssl=1\" data-rel=\"prettyPhoto[image_gallery_pretty_photo-87]\" title=\"Son Caliu -Futbol\">\n\t\t\t\t\t\t\t\t\t\t\t<img decoding=\"async\" width=\"1600\" height=\"898\" src=\"https:\/\/i0.wp.com\/visitcalvia.org\/wp-content\/uploads\/2020\/04\/Son-Caliu-Futbol-02.jpg?fit=1600%2C898&amp;ssl=1\" class=\"attachment-full size-full\" alt=\"Son Caliu -Futbol\" srcset=\"https:\/\/i0.wp.com\/visitcalvia.org\/wp-content\/uploads\/2020\/04\/Son-Caliu-Futbol-02.jpg?w=1600&amp;ssl=1 1600w, https:\/\/i0.wp.com\/visitcalvia.org\/wp-content\/uploads\/2020\/04\/Son-Caliu-Futbol-02.jpg?resize=300%2C168&amp;ssl=1 300w, https:\/\/i0.wp.com\/visitcalvia.org\/wp-content\/uploads\/2020\/04\/Son-Caliu-Futbol-02.jpg?resize=1024%2C575&amp;ssl=1 1024w, https:\/\/i0.wp.com\/visitcalvia.org\/wp-content\/uploads\/2020\/04\/Son-Caliu-Futbol-02.jpg?resize=768%2C431&amp;ssl=1 768w, https:\/\/i0.wp.com\/visitcalvia.org\/wp-content\/uploads\/2020\/04\/Son-Caliu-Futbol-02.jpg?resize=1536%2C862&amp;ssl=1 1536w, https:\/\/i0.wp.com\/visitcalvia.org\/wp-content\/uploads\/2020\/04\/Son-Caliu-Futbol-02.jpg?resize=1200%2C674&amp;ssl=1 1200w, https:\/\/i0.wp.com\/visitcalvia.org\/wp-content\/uploads\/2020\/04\/Son-Caliu-Futbol-02.jpg?resize=600%2C337&amp;ssl=1 600w, https:\/\/i0.wp.com\/visitcalvia.org\/wp-content\/uploads\/2020\/04\/Son-Caliu-Futbol-02.jpg?resize=64%2C36&amp;ssl=1 64w\" sizes=\"(max-width: 1100px) 100vw, 1100px\" data-attachment-id=\"3376\" data-permalink=\"https:\/\/visitcalvia.org\/ca\/futbol-en-calvia-mallorca\/son-caliu-futbol-02\/\" data-orig-file=\"https:\/\/i0.wp.com\/visitcalvia.org\/wp-content\/uploads\/2020\/04\/Son-Caliu-Futbol-02.jpg?fit=1600%2C898&amp;ssl=1\" data-orig-size=\"1600,898\" data-comments-opened=\"1\" data-image-meta=\"{&quot;aperture&quot;:&quot;0&quot;,&quot;credit&quot;:&quot;&quot;,&quot;camera&quot;:&quot;&quot;,&quot;caption&quot;:&quot;&quot;,&quot;created_timestamp&quot;:&quot;0&quot;,&quot;copyright&quot;:&quot;&quot;,&quot;focal_length&quot;:&quot;0&quot;,&quot;iso&quot;:&quot;0&quot;,&quot;shutter_speed&quot;:&quot;0&quot;,&quot;title&quot;:&quot;&quot;,&quot;orientation&quot;:&quot;1&quot;}\" data-image-title=\"Son Caliu -Futbol\" data-image-description=\"\" data-image-caption=\"\" data-large-file=\"https:\/\/i0.wp.com\/visitcalvia.org\/wp-content\/uploads\/2020\/04\/Son-Caliu-Futbol-02.jpg?fit=1024%2C575&amp;ssl=1\" \/>\t\t\t\t\t\t\t\t\t\t\t<\/a>\n\t\t\t\t\t\t\t\t\t<\/div>\n\t\t\t<\/div>\n\t\t\t\t\t<div class=\"qodef-ig-image qodef-item-space\">\n\t\t\t\t<div class=\"qodef-ig-image-inner\">\n\t\t\t\t\t\t\t\t\t\t\t<a itemprop=\"image\" class=\"qodef-ig-lightbox\" href=\"https:\/\/i0.wp.com\/visitcalvia.org\/wp-content\/uploads\/2020\/04\/Son-Caliu-Futbol-01.jpg?fit=1600%2C898&#038;ssl=1\" data-rel=\"prettyPhoto[image_gallery_pretty_photo-87]\" title=\"Son Caliu -Futbol\">\n\t\t\t\t\t\t\t\t\t\t\t<img decoding=\"async\" width=\"1600\" height=\"898\" src=\"https:\/\/i0.wp.com\/visitcalvia.org\/wp-content\/uploads\/2020\/04\/Son-Caliu-Futbol-01.jpg?fit=1600%2C898&amp;ssl=1\" class=\"attachment-full size-full\" alt=\"Son Caliu -Futbol\" srcset=\"https:\/\/i0.wp.com\/visitcalvia.org\/wp-content\/uploads\/2020\/04\/Son-Caliu-Futbol-01.jpg?w=1600&amp;ssl=1 1600w, https:\/\/i0.wp.com\/visitcalvia.org\/wp-content\/uploads\/2020\/04\/Son-Caliu-Futbol-01.jpg?resize=300%2C168&amp;ssl=1 300w, https:\/\/i0.wp.com\/visitcalvia.org\/wp-content\/uploads\/2020\/04\/Son-Caliu-Futbol-01.jpg?resize=1024%2C575&amp;ssl=1 1024w, https:\/\/i0.wp.com\/visitcalvia.org\/wp-content\/uploads\/2020\/04\/Son-Caliu-Futbol-01.jpg?resize=768%2C431&amp;ssl=1 768w, https:\/\/i0.wp.com\/visitcalvia.org\/wp-content\/uploads\/2020\/04\/Son-Caliu-Futbol-01.jpg?resize=1536%2C862&amp;ssl=1 1536w, https:\/\/i0.wp.com\/visitcalvia.org\/wp-content\/uploads\/2020\/04\/Son-Caliu-Futbol-01.jpg?resize=1200%2C674&amp;ssl=1 1200w, https:\/\/i0.wp.com\/visitcalvia.org\/wp-content\/uploads\/2020\/04\/Son-Caliu-Futbol-01.jpg?resize=600%2C337&amp;ssl=1 600w, https:\/\/i0.wp.com\/visitcalvia.org\/wp-content\/uploads\/2020\/04\/Son-Caliu-Futbol-01.jpg?resize=64%2C36&amp;ssl=1 64w\" sizes=\"(max-width: 1100px) 100vw, 1100px\" data-attachment-id=\"3375\" data-permalink=\"https:\/\/visitcalvia.org\/ca\/futbol-en-calvia-mallorca\/son-caliu-futbol-01\/\" data-orig-file=\"https:\/\/i0.wp.com\/visitcalvia.org\/wp-content\/uploads\/2020\/04\/Son-Caliu-Futbol-01.jpg?fit=1600%2C898&amp;ssl=1\" data-orig-size=\"1600,898\" data-comments-opened=\"1\" data-image-meta=\"{&quot;aperture&quot;:&quot;0&quot;,&quot;credit&quot;:&quot;&quot;,&quot;camera&quot;:&quot;&quot;,&quot;caption&quot;:&quot;&quot;,&quot;created_timestamp&quot;:&quot;0&quot;,&quot;copyright&quot;:&quot;&quot;,&quot;focal_length&quot;:&quot;0&quot;,&quot;iso&quot;:&quot;0&quot;,&quot;shutter_speed&quot;:&quot;0&quot;,&quot;title&quot;:&quot;&quot;,&quot;orientation&quot;:&quot;1&quot;}\" data-image-title=\"Son Caliu -Futbol\" data-image-description=\"\" data-image-caption=\"\" data-large-file=\"https:\/\/i0.wp.com\/visitcalvia.org\/wp-content\/uploads\/2020\/04\/Son-Caliu-Futbol-01.jpg?fit=1024%2C575&amp;ssl=1\" \/>\t\t\t\t\t\t\t\t\t\t\t<\/a>\n\t\t\t\t\t\t\t\t\t<\/div>\n\t\t\t<\/div>\n\t\t\t<\/div>\n<\/div>[vc_empty_space height=&#8221;30px&#8221;]<\/div><div class=\"qodef-tab-container\" id=\"tab-reservar-876\"><div class=\"qodef-elements-holder   qodef-one-column  qodef-responsive-mode-768 qodef-one-column-alignment-right\" ><div class=\"qodef-eh-item   qodef-horizontal-alignment-right  \"  data-item-class=\"qodef-eh-custom-2716\" data-1280-1600=\"0 12% 15px 31%\" data-1024-1280=\"0 12% 15px 24%\" data-768-1024=\"48px 25% 70px 35%\" data-680-768=\"48px 12% 70px 35%\" data-680=\"50px 8% 70px 10%\">\n\t<div class=\"qodef-eh-item-inner\">\n\t\t<div class=\"qodef-eh-item-content qodef-eh-custom-2716\" style=\"padding: 0 12% 20px 35%\">\n\t\t\t[vc_column_text]<\/p>\n<h2 style=\"text-align: right;\">Camp de futbol <strong>Son Caliu<\/strong><\/h2>\n<p style=\"text-align: right; font-family: Montserrat; margin-top: -18px; margin-bottom: 16px;\"><span class=\"change-second-color\" style=\"color: #ff0030;\"><em>Visit Calvi\u00e0<\/em><\/span><\/p>\n<p style=\"text-align: right; margin-bottom: 16px;\">Aqu\u00ed pots fer la reserva<\/p>\n<p>[\/vc_column_text]<a itemprop=\"url\" href=\"https:\/\/docs.google.com\/forms\/d\/e\/1FAIpQLSdlN3_jfNXQmmvwJHWfeJ3wj8PZpU51KVQLOUTDJWVCFiPb2w\/viewform\" target=\"_self\" style=\"color: #000000;background-color: #9bc535\" class=\"qodef-btn qodef-btn-medium qodef-btn-solid qodef-btn-icon change-background\"  >\n    <span class=\"qodef-btn-text\">RESERVAR<\/span>\n    <i class=\"qodef-icon-font-awesome fa fa-chevron-right \" ><\/i><\/a>\t\t<\/div>\n\t<\/div>\n\t<\/div><\/div><\/div><\/div>[vc_empty_space height=&#8221;30px&#8221;]<div class=\"qodef-separator-holder clearfix  qodef-separator-center \">\n\t<div class=\"qodef-separator\" style=\"border-color: #868686;border-style: dashed;width: 100%;border-bottom-width: 1px\"><\/div>\n<\/div>\n<div class=\"qodef-separator-holder clearfix change-color qodef-separator-center \">\n\t<div class=\"qodef-separator\" style=\"border-color: #9bc535;border-style: solid;width: 100%;border-bottom-width: 3px\"><\/div>\n<\/div>\n[\/vc_column][\/vc_row][vc_row row_content_width=&#8221;grid&#8221; css=&#8221;.vc_custom_1585911485848{margin-top: 10px !important;padding-bottom: 50px !important;}&#8221;][vc_column]<div class=\"qodef-tabs  qodef-tabs-standard\">\n\t<ul class=\"qodef-tabs-nav clearfix\">\n\t\t\t\t\t<li>\n\t\t\t\t\t\t\t\t\t<a href=\"#tab-descripcio\">DESCRIPCI\u00d3<\/a>\n\t\t\t\t\t\t\t<\/li>\n\t\t\t\t\t<li>\n\t\t\t\t\t\t\t\t\t<a href=\"#tab-ubicacio\">UBICACI\u00d3<\/a>\n\t\t\t\t\t\t\t<\/li>\n\t\t\t\t\t<li>\n\t\t\t\t\t\t\t\t\t<a href=\"#tab-servicios\">SERVICIOS<\/a>\n\t\t\t\t\t\t\t<\/li>\n\t\t\t\t\t<li>\n\t\t\t\t\t\t\t\t\t<a href=\"#tab-galeria\">GALERIA<\/a>\n\t\t\t\t\t\t\t<\/li>\n\t\t\t\t\t<li>\n\t\t\t\t\t\t\t\t\t<a href=\"#tab-reservar\">RESERVAR<\/a>\n\t\t\t\t\t\t\t<\/li>\n\t\t\t<\/ul>\n\t<div class=\"qodef-tab-container\" id=\"tab-descripcio-568\"><div class=\"qodef-section-title-holder  qodef-st-standard qodef-st-title-left qodef-st-normal-space qodef-st-disable-title-break qodef-st-with-border\" style=\"text-align: left\">\n\t<div class=\"qodef-st-inner\">\n\t\t\t\t\t<h2 class=\"qodef-st-title\" >\n\t\t\t\tCamp de <span class=\"qodef-st-title-bold\">futbol<\/span> <span class=\"qodef-st-title-bold\">-<\/span><br \/> <span class=\"qodef-st-title-bold\">Santa<\/span> <span class=\"qodef-st-title-bold\">Pon\u00e7a<\/span>\t\t\t<\/h2>\n\t\t\t\t\t<\/div>\n<\/div>[vc_empty_space height=&#8221;20px&#8221;][vc_single_image image=&#8221;8272&#8243; img_size=&#8221;full&#8221;][vc_empty_space height=&#8221;20px&#8221;][vc_column_text]Situat en el centre de <a href=\"https:\/\/visitcalvia.org\/ca\/santaponsa\/\">Santa\u00a0Pon\u00e7a<\/a>\u00a0(a 200 m de la platja i en plena zona de serveis tur\u00edstics), aquesta instal\u00b7laci\u00f3 \u00e9s una de les m\u00e9s completes del municipi.<\/p>\n<p>El camp de futbol de Santa\u00a0Pon\u00e7a\u00a0forma part del poliesportiu municipal de la localitat. La instal\u00b7laci\u00f3 compta amb: camp de futbol 11, camp de futbol 7, pista de patinatge coberta, parc infantil, front\u00f3, bar, recepci\u00f3.<\/p>\n<p>Hotels, restaurants, supermercats, platges i altres serveis associats es troben entre 0 a 3 km d&#8217;aquesta instal\u00b7laci\u00f3.<\/p>\n<p>Ideal per a la realitzaci\u00f3 d&#8217;entrenaments i partits a causa de les seves especialitats caracter\u00edstiques:<\/p>\n<ul>\n<li>Situat en Santa Pon\u00e7a. La zona disposa d&#8217;una extensa, moderna i adaptada oferta d&#8217;allotjaments.<\/li>\n<li>Santa Pon\u00e7a compta amb 2 platges i diverses cales situades en la zona.<\/li>\n<li><span style=\"font-weight: 400;\">La zona disposa d\u2019un passeig que la connecta a peu o en bici amb la resta del municipi.<\/span><\/li>\n<li>A 15 minuts de Palma.<\/li>\n<li>A 20 minuts de l&#8217;Aeroport.<\/li>\n<\/ul>\n<p>Entrenar futbol a Mallorca. Santa\u00a0Pon\u00e7a, entrena i competeix en qualsevol \u00e8poca de l&#8217;any al costat de la platja.[\/vc_column_text][vc_empty_space height=&#8221;10px&#8221;]<div class=\"qodef-iwt clearfix  qodef-iwt-icon-left-from-title qodef-iwt-icon-tiny\">\n\t<div class=\"qodef-iwt-content\" >\n\t\t\t\t\t<h5 class=\"qodef-iwt-title\" >\n\t\t\t\t\t\t\t\t\t<a itemprop=\"url\" href=\"#\" target=\"_self\">\n\t\t\t\t\t\t\t\t\t<span class=\"qodef-iwt-icon\">\n\t\t\t\t\t\t\t\t\t\t\t\t\t    <span class=\"qodef-icon-shortcode qodef-circle   qodef-icon-tiny\" style=\"width: 30px;height: 30px;line-height: 30px;background-color: #9bc535\" data-hover-color=\"#ffffff\" data-color=\"#ffffff\">\n                    <i class=\"qodef-icon-font-awesome fa fa-arrows-h qodef-icon-element\" style=\"color: #ffffff\" ><\/i>            <\/span>\n\t\t\t\t\t\t\t\t\t\t\t<\/span>\n\t\t\t\t\t<span class=\"qodef-iwt-title-text\">Mesures: camp 102 x 61 m \/ terreny de joc: 98X58 m<\/span>\n\t\t\t\t\t\t\t\t\t<\/a>\n\t\t\t\t\t\t\t<\/h5>\n\t\t\t\t\t<\/div>\n<\/div>[vc_empty_space height=&#8221;10px&#8221;]<div class=\"qodef-iwt clearfix  qodef-iwt-icon-left-from-title qodef-iwt-icon-tiny\">\n\t<div class=\"qodef-iwt-content\" >\n\t\t\t\t\t<h5 class=\"qodef-iwt-title\" >\n\t\t\t\t\t\t\t\t\t<a itemprop=\"url\" href=\"#\" target=\"_self\">\n\t\t\t\t\t\t\t\t\t<span class=\"qodef-iwt-icon\">\n\t\t\t\t\t\t\t\t\t\t\t\t\t    <span class=\"qodef-icon-shortcode qodef-circle   qodef-icon-tiny\" style=\"width: 30px;height: 30px;line-height: 30px;background-color: #9bc535\" data-hover-color=\"#ffffff\" data-color=\"#ffffff\">\n                    <i class=\"qodef-icon-font-awesome fa fa-futbol-o qodef-icon-element\" style=\"color: #ffffff\" ><\/i>            <\/span>\n\t\t\t\t\t\t\t\t\t\t\t<\/span>\n\t\t\t\t\t<span class=\"qodef-iwt-title-text\">Activitats: futbol 11 \/ futbol 7<\/span>\n\t\t\t\t\t\t\t\t\t<\/a>\n\t\t\t\t\t\t\t<\/h5>\n\t\t\t\t\t<\/div>\n<\/div>[vc_empty_space height=&#8221;10px&#8221;]<div class=\"qodef-iwt clearfix  qodef-iwt-icon-left-from-title qodef-iwt-icon-tiny\">\n\t<div class=\"qodef-iwt-content\" >\n\t\t\t\t\t<h5 class=\"qodef-iwt-title\" >\n\t\t\t\t\t\t\t\t\t<a itemprop=\"url\" href=\"#\" target=\"_self\">\n\t\t\t\t\t\t\t\t\t<span class=\"qodef-iwt-icon\">\n\t\t\t\t\t\t\t\t\t\t\t\t\t    <span class=\"qodef-icon-shortcode qodef-circle   qodef-icon-tiny\" style=\"width: 30px;height: 30px;line-height: 30px;background-color: #9bc535\" data-hover-color=\"#ffffff\" data-color=\"#ffffff\">\n                    <i class=\"qodef-icon-font-awesome fa fa-lightbulb-o qodef-icon-element\" style=\"color: #ffffff\" ><\/i>            <\/span>\n\t\t\t\t\t\t\t\t\t\t\t<\/span>\n\t\t\t\t\t<span class=\"qodef-iwt-title-text\">Il\u00b7luminaci\u00f3 artificial: s\u00ed<\/span>\n\t\t\t\t\t\t\t\t\t<\/a>\n\t\t\t\t\t\t\t<\/h5>\n\t\t\t\t\t<\/div>\n<\/div>[vc_empty_space height=&#8221;10px&#8221;]<div class=\"qodef-iwt clearfix  qodef-iwt-icon-left-from-title qodef-iwt-icon-tiny\">\n\t<div class=\"qodef-iwt-content\" >\n\t\t\t\t\t<h5 class=\"qodef-iwt-title\" >\n\t\t\t\t\t\t\t\t\t<a itemprop=\"url\" href=\"#\" target=\"_self\">\n\t\t\t\t\t\t\t\t\t<span class=\"qodef-iwt-icon\">\n\t\t\t\t\t\t\t\t\t\t\t\t\t    <span class=\"qodef-icon-shortcode qodef-circle   qodef-icon-tiny\" style=\"width: 30px;height: 30px;line-height: 30px;background-color: #9bc535\" data-hover-color=\"#ffffff\" data-color=\"#ffffff\">\n                    <i class=\"qodef-icon-font-awesome fa fa-compress qodef-icon-element\" style=\"color: #ffffff\" ><\/i>            <\/span>\n\t\t\t\t\t\t\t\t\t\t\t<\/span>\n\t\t\t\t\t<span class=\"qodef-iwt-title-text\">Graderies: S\u00ed (542 pax)<\/span>\n\t\t\t\t\t\t\t\t\t<\/a>\n\t\t\t\t\t\t\t<\/h5>\n\t\t\t\t\t<\/div>\n<\/div>[vc_empty_space height=&#8221;10px&#8221;]<div class=\"qodef-iwt clearfix  qodef-iwt-icon-left-from-title qodef-iwt-icon-tiny\">\n\t<div class=\"qodef-iwt-content\" >\n\t\t\t\t\t<h5 class=\"qodef-iwt-title\" >\n\t\t\t\t\t\t\t\t\t<a itemprop=\"url\" href=\"#\" target=\"_self\">\n\t\t\t\t\t\t\t\t\t<span class=\"qodef-iwt-icon\">\n\t\t\t\t\t\t\t\t\t\t\t\t\t    <span class=\"qodef-icon-shortcode qodef-circle   qodef-icon-tiny\" style=\"width: 30px;height: 30px;line-height: 30px;background-color: #9bc535\" data-hover-color=\"#ffffff\" data-color=\"#ffffff\">\n                    <i class=\"qodef-icon-font-awesome fa fa-shower qodef-icon-element\" style=\"color: #ffffff\" ><\/i>            <\/span>\n\t\t\t\t\t\t\t\t\t\t\t<\/span>\n\t\t\t\t\t<span class=\"qodef-iwt-title-text\">Vestidors: 7 col\u00b7lectius + vestidor d&#039;\u00e0rbitres, fisios, etc.<\/span>\n\t\t\t\t\t\t\t\t\t<\/a>\n\t\t\t\t\t\t\t<\/h5>\n\t\t\t\t\t<\/div>\n<\/div>[vc_empty_space height=&#8221;10px&#8221;][vc_column_text]<\/p>\n<p class=\"titulo2\"><span class=\"descripcion\"><strong><span style=\"vertical-align: inherit;\"><span style=\"vertical-align: inherit;\">contacte:<\/span><\/span><\/strong><span style=\"vertical-align: inherit;\"><span style=\"vertical-align: inherit;\"> ice@calvia.com<\/span><\/span><\/span><\/p>\n<p>[\/vc_column_text][vc_empty_space height=&#8221;30px&#8221;]<\/div><div class=\"qodef-tab-container\" id=\"tab-ubicacio-523\"><div class=\"qodef-section-title-holder  qodef-st-standard qodef-st-title-left qodef-st-normal-space  qodef-st-with-border\" style=\"text-align: left\">\n\t<div class=\"qodef-st-inner\">\n\t\t\t\t\t<h2 class=\"qodef-st-title\" >\n\t\t\t\tUbicaci\u00f3 Camp de futbol Santa Pon\u00e7a\t\t\t<\/h2>\n\t\t\t\t\t<\/div>\n<\/div>[vc_empty_space height=&#8221;20px&#8221;][vc_gmaps link=&#8221;#E-8_JTNDaWZyYW1lJTIwc3JjJTNEJTIyaHR0cHMlM0ElMkYlMkZ3d3cuZ29vZ2xlLmNvbSUyRm1hcHMlMkZlbWJlZCUzRnBiJTNEJTIxMW0xOCUyMTFtMTIlMjExbTMlMjExZDQ5MjM2LjY1NjU0NzI4OTclMjEyZDIuNTA4OTY3MTcwNjIxMTclMjEzZDM5LjUzMDQ4ODEzMTk3MDY4NSUyMTJtMyUyMTFmMCUyMTJmMCUyMTNmMCUyMTNtMiUyMTFpMTAyNCUyMTJpNzY4JTIxNGYxMy4xJTIxM20zJTIxMW0yJTIxMXMweDAlMjUzQTB4ZjVlM2VlZjcyYzlmMGY4MSUyMTJzQ2FtcG8lMjUyMEZ1dGJvbCUyNTIwU2FudGElMjUyMFBvbnNhJTIxNWUwJTIxM20yJTIxMXNlcyUyMTJzZXMlMjE0djE1ODYxNzMwMzIxMDklMjE1bTIlMjExc2VzJTIxMnNlcyUyMiUyMHdpZHRoJTNEJTIyNjAwJTIyJTIwaGVpZ2h0JTNEJTIyNDUwJTIyJTIwZnJhbWVib3JkZXIlM0QlMjIwJTIyJTIwc3R5bGUlM0QlMjJib3JkZXIlM0EwJTNCJTIyJTIwYWxsb3dmdWxsc2NyZWVuJTNEJTIyJTIyJTIwYXJpYS1oaWRkZW4lM0QlMjJmYWxzZSUyMiUyMHRhYmluZGV4JTNEJTIyMCUyMiUzRSUzQyUyRmlmcmFtZSUzRQ==&#8221;][vc_empty_space height=&#8221;20px&#8221;][vc_column_text]C\/ Sil, s\/n, Santa Pon\u00e7a, Calvi\u00e0, Mallorca, Illes Balears, Espa\u00f1a. CP: 07180[\/vc_column_text][vc_empty_space height=&#8221;30px&#8221;]<\/div><div class=\"qodef-tab-container\" id=\"tab-servicios-224\"><div class=\"qodef-section-title-holder  qodef-st-standard qodef-st-title-left qodef-st-normal-space  qodef-st-with-border\" style=\"text-align: left\">\n\t<div class=\"qodef-st-inner\">\n\t\t\t\t\t<h2 class=\"qodef-st-title\" >\n\t\t\t\tServeis associats - Santa Pon\u00e7a\t\t\t<\/h2>\n\t\t\t\t\t<\/div>\n<\/div>[vc_empty_space height=&#8221;20px&#8221;]<a itemprop=\"url\" href=\"#\" target=\"_self\" style=\"color: #000000;text-transform: capitalize\" class=\"qodef-btn qodef-btn-medium qodef-btn-simple qodef-btn-icon change-background\"  >\n    <span class=\"qodef-btn-text\">Camp de futbol 11 de gespa artificial (3 camps de futbol 7)<\/span>\n    <i class=\"qodef-icon-font-awesome fa fa-chevron-right \" ><\/i><\/a>[vc_empty_space height=&#8221;10px&#8221;]<a itemprop=\"url\" href=\"#\" target=\"_self\" style=\"color: #000000;text-transform: capitalize\" class=\"qodef-btn qodef-btn-medium qodef-btn-simple qodef-btn-icon change-background\"  >\n    <span class=\"qodef-btn-text\">Camp de futbol 7 de gespa artificial (1 camp)<\/span>\n    <i class=\"qodef-icon-font-awesome fa fa-chevron-right \" ><\/i><\/a>[vc_empty_space height=&#8221;10px&#8221;]<a itemprop=\"url\" href=\"#\" target=\"_self\" style=\"color: #000000;text-transform: capitalize\" class=\"qodef-btn qodef-btn-medium qodef-btn-simple qodef-btn-icon change-background\"  >\n    <span class=\"qodef-btn-text\">M\u00f2dul cobert d\u2019activitats (pilates, ioga, estiraments\u2026)<\/span>\n    <i class=\"qodef-icon-font-awesome fa fa-chevron-right \" ><\/i><\/a>[vc_empty_space height=&#8221;10px&#8221;]<a itemprop=\"url\" href=\"#\" target=\"_self\" style=\"color: #000000;text-transform: capitalize\" class=\"qodef-btn qodef-btn-medium qodef-btn-simple qodef-btn-icon change-background\"  >\n    <span class=\"qodef-btn-text\">Pista de patinatge coberta<\/span>\n    <i class=\"qodef-icon-font-awesome fa fa-chevron-right \" ><\/i><\/a>[vc_empty_space height=&#8221;10px&#8221;]<a itemprop=\"url\" href=\"#\" target=\"_self\" style=\"color: #000000;text-transform: capitalize\" class=\"qodef-btn qodef-btn-medium qodef-btn-simple qodef-btn-icon change-background\"  >\n    <span class=\"qodef-btn-text\">Pista de front\u00f3<\/span>\n    <i class=\"qodef-icon-font-awesome fa fa-chevron-right \" ><\/i><\/a>[vc_empty_space height=&#8221;10px&#8221;]<a itemprop=\"url\" href=\"#\" target=\"_self\" style=\"color: #000000;text-transform: capitalize\" class=\"qodef-btn qodef-btn-medium qodef-btn-simple qodef-btn-icon change-background\"  >\n    <span class=\"qodef-btn-text\">Pista de front\u00f3<\/span>\n    <i class=\"qodef-icon-font-awesome fa fa-chevron-right \" ><\/i><\/a>[vc_empty_space height=&#8221;10px&#8221;]<a itemprop=\"url\" href=\"#\" target=\"_self\" style=\"color: #000000;text-transform: capitalize\" class=\"qodef-btn qodef-btn-medium qodef-btn-simple qodef-btn-icon change-background\"  >\n    <span class=\"qodef-btn-text\">Parc Infantil<\/span>\n    <i class=\"qodef-icon-font-awesome fa fa-chevron-right \" ><\/i><\/a>[vc_empty_space height=&#8221;10px&#8221;]<a itemprop=\"url\" href=\"#\" target=\"_self\" style=\"color: #000000;text-transform: capitalize\" class=\"qodef-btn qodef-btn-medium qodef-btn-simple qodef-btn-icon change-background\"  >\n    <span class=\"qodef-btn-text\">\u00c0rea de recepci\u00f3<\/span>\n    <i class=\"qodef-icon-font-awesome fa fa-chevron-right \" ><\/i><\/a>[vc_empty_space height=&#8221;30px&#8221;]<\/div><div class=\"qodef-tab-container\" id=\"tab-galeria-658\"><div class=\"qodef-section-title-holder  qodef-st-standard qodef-st-title-left qodef-st-normal-space  qodef-st-with-border\" style=\"text-align: left\">\n\t<div class=\"qodef-st-inner\">\n\t\t\t\t\t<h2 class=\"qodef-st-title\" >\n\t\t\t\tGaleria Camp de futbol Santa Pon\u00e7a\t\t\t<\/h2>\n\t\t\t\t\t<\/div>\n<\/div>[vc_empty_space height=&#8221;20px&#8221;]<div class=\"qodef-image-gallery  qodef-ig-grid-type qodef-tiny-space  qodef-image-behavior-lightbox\">\n\t<div class=\"qodef-ig-inner qodef-outer-space qodef-ig-grid qodef-ig-two-columns\">\n\t\t\t\t\t<div class=\"qodef-ig-image qodef-item-space\">\n\t\t\t\t<div class=\"qodef-ig-image-inner\">\n\t\t\t\t\t\t\t\t\t\t\t<a itemprop=\"image\" class=\"qodef-ig-lightbox\" href=\"https:\/\/i0.wp.com\/visitcalvia.org\/wp-content\/uploads\/2020\/04\/Santa-ponc%CC%A7a-Futbol-02.jpg?fit=1600%2C898&#038;ssl=1\" data-rel=\"prettyPhoto[image_gallery_pretty_photo-495]\" title=\"Santa Ponc\u0327a Futbol\">\n\t\t\t\t\t\t\t\t\t\t\t<img decoding=\"async\" width=\"1600\" height=\"898\" src=\"https:\/\/i0.wp.com\/visitcalvia.org\/wp-content\/uploads\/2020\/04\/Santa-ponc%CC%A7a-Futbol-02.jpg?fit=1600%2C898&amp;ssl=1\" class=\"attachment-full size-full\" alt=\"Santa Ponc\u0327a Football. Preseason training in Mallorca. Football pitch. Entrenar f\u00fatbol en Mallorca\" data-attachment-id=\"3372\" data-permalink=\"https:\/\/visitcalvia.org\/ca\/futbol-en-calvia-mallorca\/santa-ponc%cc%a7a-futbol-02\/\" data-orig-file=\"https:\/\/i0.wp.com\/visitcalvia.org\/wp-content\/uploads\/2020\/04\/Santa-ponc%CC%A7a-Futbol-02.jpg?fit=1600%2C898&amp;ssl=1\" data-orig-size=\"1600,898\" data-comments-opened=\"1\" data-image-meta=\"{&quot;aperture&quot;:&quot;0&quot;,&quot;credit&quot;:&quot;&quot;,&quot;camera&quot;:&quot;&quot;,&quot;caption&quot;:&quot;&quot;,&quot;created_timestamp&quot;:&quot;0&quot;,&quot;copyright&quot;:&quot;&quot;,&quot;focal_length&quot;:&quot;0&quot;,&quot;iso&quot;:&quot;0&quot;,&quot;shutter_speed&quot;:&quot;0&quot;,&quot;title&quot;:&quot;&quot;,&quot;orientation&quot;:&quot;1&quot;}\" data-image-title=\"Santa Ponc\u0327a Futbol\" data-image-description=\"\" data-image-caption=\"\" data-large-file=\"https:\/\/i0.wp.com\/visitcalvia.org\/wp-content\/uploads\/2020\/04\/Santa-ponc%CC%A7a-Futbol-02.jpg?fit=1024%2C575&amp;ssl=1\" \/>\t\t\t\t\t\t\t\t\t\t\t<\/a>\n\t\t\t\t\t\t\t\t\t<\/div>\n\t\t\t<\/div>\n\t\t\t\t\t<div class=\"qodef-ig-image qodef-item-space\">\n\t\t\t\t<div class=\"qodef-ig-image-inner\">\n\t\t\t\t\t\t\t\t\t\t\t<a itemprop=\"image\" class=\"qodef-ig-lightbox\" href=\"https:\/\/i0.wp.com\/visitcalvia.org\/wp-content\/uploads\/2020\/04\/Santa-ponc%CC%A7a-Futbol-01.jpg?fit=1600%2C898&#038;ssl=1\" data-rel=\"prettyPhoto[image_gallery_pretty_photo-495]\" title=\"Santa Ponc\u0327a Futbol\">\n\t\t\t\t\t\t\t\t\t\t\t<img decoding=\"async\" width=\"1600\" height=\"898\" src=\"https:\/\/i0.wp.com\/visitcalvia.org\/wp-content\/uploads\/2020\/04\/Santa-ponc%CC%A7a-Futbol-01.jpg?fit=1600%2C898&amp;ssl=1\" class=\"attachment-full size-full\" alt=\"Campo de f\u00fatbol de Santa Ponsa . Entrenar futbol en Mallorca. Mallorca football tournament\" data-attachment-id=\"3371\" data-permalink=\"https:\/\/visitcalvia.org\/ca\/futbol-en-calvia-mallorca\/santa-ponc%cc%a7a-futbol-01\/\" data-orig-file=\"https:\/\/i0.wp.com\/visitcalvia.org\/wp-content\/uploads\/2020\/04\/Santa-ponc%CC%A7a-Futbol-01.jpg?fit=1600%2C898&amp;ssl=1\" data-orig-size=\"1600,898\" data-comments-opened=\"1\" data-image-meta=\"{&quot;aperture&quot;:&quot;0&quot;,&quot;credit&quot;:&quot;&quot;,&quot;camera&quot;:&quot;&quot;,&quot;caption&quot;:&quot;&quot;,&quot;created_timestamp&quot;:&quot;0&quot;,&quot;copyright&quot;:&quot;&quot;,&quot;focal_length&quot;:&quot;0&quot;,&quot;iso&quot;:&quot;0&quot;,&quot;shutter_speed&quot;:&quot;0&quot;,&quot;title&quot;:&quot;&quot;,&quot;orientation&quot;:&quot;1&quot;}\" data-image-title=\"Santa Ponc\u0327a Futbol\" data-image-description=\"\" data-image-caption=\"\" data-large-file=\"https:\/\/i0.wp.com\/visitcalvia.org\/wp-content\/uploads\/2020\/04\/Santa-ponc%CC%A7a-Futbol-01.jpg?fit=1024%2C575&amp;ssl=1\" \/>\t\t\t\t\t\t\t\t\t\t\t<\/a>\n\t\t\t\t\t\t\t\t\t<\/div>\n\t\t\t<\/div>\n\t\t\t\t\t<div class=\"qodef-ig-image qodef-item-space\">\n\t\t\t\t<div class=\"qodef-ig-image-inner\">\n\t\t\t\t\t\t\t\t\t\t\t<a itemprop=\"image\" class=\"qodef-ig-lightbox\" href=\"https:\/\/i0.wp.com\/visitcalvia.org\/wp-content\/uploads\/2020\/04\/Santa-ponc%CC%A7a-Futbol-03.jpg?fit=1600%2C898&#038;ssl=1\" data-rel=\"prettyPhoto[image_gallery_pretty_photo-495]\" title=\"Santa Ponc\u0327a Futbol\">\n\t\t\t\t\t\t\t\t\t\t\t<img decoding=\"async\" width=\"1600\" height=\"898\" src=\"https:\/\/i0.wp.com\/visitcalvia.org\/wp-content\/uploads\/2020\/04\/Santa-ponc%CC%A7a-Futbol-03.jpg?fit=1600%2C898&amp;ssl=1\" class=\"attachment-full size-full\" alt=\"Santa Ponc\u0327a Football pitch in Mallorca. Train football in Mallorca. Entrenar f\u00fatbol en Mallorca (Calvi\u00e0)\" data-attachment-id=\"3373\" data-permalink=\"https:\/\/visitcalvia.org\/ca\/futbol-en-calvia-mallorca\/santa-ponc%cc%a7a-futbol-03\/\" data-orig-file=\"https:\/\/i0.wp.com\/visitcalvia.org\/wp-content\/uploads\/2020\/04\/Santa-ponc%CC%A7a-Futbol-03.jpg?fit=1600%2C898&amp;ssl=1\" data-orig-size=\"1600,898\" data-comments-opened=\"1\" data-image-meta=\"{&quot;aperture&quot;:&quot;0&quot;,&quot;credit&quot;:&quot;&quot;,&quot;camera&quot;:&quot;&quot;,&quot;caption&quot;:&quot;&quot;,&quot;created_timestamp&quot;:&quot;0&quot;,&quot;copyright&quot;:&quot;&quot;,&quot;focal_length&quot;:&quot;0&quot;,&quot;iso&quot;:&quot;0&quot;,&quot;shutter_speed&quot;:&quot;0&quot;,&quot;title&quot;:&quot;&quot;,&quot;orientation&quot;:&quot;1&quot;}\" data-image-title=\"Santa Ponc\u0327a Futbol\" data-image-description=\"\" data-image-caption=\"\" data-large-file=\"https:\/\/i0.wp.com\/visitcalvia.org\/wp-content\/uploads\/2020\/04\/Santa-ponc%CC%A7a-Futbol-03.jpg?fit=1024%2C575&amp;ssl=1\" \/>\t\t\t\t\t\t\t\t\t\t\t<\/a>\n\t\t\t\t\t\t\t\t\t<\/div>\n\t\t\t<\/div>\n\t\t\t\t\t<div class=\"qodef-ig-image qodef-item-space\">\n\t\t\t\t<div class=\"qodef-ig-image-inner\">\n\t\t\t\t\t\t\t\t\t\t\t<a itemprop=\"image\" class=\"qodef-ig-lightbox\" href=\"https:\/\/i0.wp.com\/visitcalvia.org\/wp-content\/uploads\/2020\/04\/Santa-ponc%CC%A7a-Futbol-04.jpg?fit=1600%2C898&#038;ssl=1\" data-rel=\"prettyPhoto[image_gallery_pretty_photo-495]\" title=\"Santa Ponc\u0327a Futbol\">\n\t\t\t\t\t\t\t\t\t\t\t<img decoding=\"async\" width=\"1600\" height=\"898\" src=\"https:\/\/i0.wp.com\/visitcalvia.org\/wp-content\/uploads\/2020\/04\/Santa-ponc%CC%A7a-Futbol-04.jpg?fit=1600%2C898&amp;ssl=1\" class=\"attachment-full size-full\" alt=\"Santa Ponc\u0327a Futbol. Santa Ponsa football pitch in Mallorca. Entrenar f\u00fatbol en Mallorca\" data-attachment-id=\"3374\" data-permalink=\"https:\/\/visitcalvia.org\/ca\/futbol-en-calvia-mallorca\/santa-ponc%cc%a7a-futbol-04\/\" data-orig-file=\"https:\/\/i0.wp.com\/visitcalvia.org\/wp-content\/uploads\/2020\/04\/Santa-ponc%CC%A7a-Futbol-04.jpg?fit=1600%2C898&amp;ssl=1\" data-orig-size=\"1600,898\" data-comments-opened=\"1\" data-image-meta=\"{&quot;aperture&quot;:&quot;0&quot;,&quot;credit&quot;:&quot;&quot;,&quot;camera&quot;:&quot;&quot;,&quot;caption&quot;:&quot;&quot;,&quot;created_timestamp&quot;:&quot;0&quot;,&quot;copyright&quot;:&quot;&quot;,&quot;focal_length&quot;:&quot;0&quot;,&quot;iso&quot;:&quot;0&quot;,&quot;shutter_speed&quot;:&quot;0&quot;,&quot;title&quot;:&quot;&quot;,&quot;orientation&quot;:&quot;1&quot;}\" data-image-title=\"Santa Ponc\u0327a Futbol\" data-image-description=\"\" data-image-caption=\"\" data-large-file=\"https:\/\/i0.wp.com\/visitcalvia.org\/wp-content\/uploads\/2020\/04\/Santa-ponc%CC%A7a-Futbol-04.jpg?fit=1024%2C575&amp;ssl=1\" \/>\t\t\t\t\t\t\t\t\t\t\t<\/a>\n\t\t\t\t\t\t\t\t\t<\/div>\n\t\t\t<\/div>\n\t\t\t<\/div>\n<\/div>[vc_empty_space height=&#8221;30px&#8221;]<\/div><div class=\"qodef-tab-container\" id=\"tab-reservar-634\"><div class=\"qodef-elements-holder   qodef-one-column  qodef-responsive-mode-768 qodef-one-column-alignment-right\" ><div class=\"qodef-eh-item   qodef-horizontal-alignment-right  \"  data-item-class=\"qodef-eh-custom-1027\" data-1280-1600=\"0 12% 15px 31%\" data-1024-1280=\"0 12% 15px 24%\" data-768-1024=\"48px 25% 70px 35%\" data-680-768=\"48px 12% 70px 35%\" data-680=\"50px 8% 70px 10%\">\n\t<div class=\"qodef-eh-item-inner\">\n\t\t<div class=\"qodef-eh-item-content qodef-eh-custom-1027\" style=\"padding: 0 12% 20px 35%\">\n\t\t\t[vc_column_text]<\/p>\n<h2 style=\"text-align: right;\">Camp de futbol <b>Santa Pon\u00e7a<\/b><\/h2>\n<h2 style=\"text-align: right;\"><em style=\"color: #ff0030; font-family: Montserrat; font-size: 15px;\">Visit Calvi\u00e0<\/em><\/h2>\n<p style=\"text-align: right; margin-bottom: 16px;\">Aqu\u00ed pots fer la reserva<\/p>\n<p>[\/vc_column_text]<a itemprop=\"url\" href=\"https:\/\/docs.google.com\/forms\/d\/e\/1FAIpQLSdlN3_jfNXQmmvwJHWfeJ3wj8PZpU51KVQLOUTDJWVCFiPb2w\/viewform\" target=\"_self\" style=\"color: #000000;background-color: #9bc535\" class=\"qodef-btn qodef-btn-medium qodef-btn-solid qodef-btn-icon change-background\"  >\n    <span class=\"qodef-btn-text\">RESERVAR<\/span>\n    <i class=\"qodef-icon-font-awesome fa fa-chevron-right \" ><\/i><\/a>\t\t<\/div>\n\t<\/div>\n\t<\/div><\/div><\/div><\/div>[vc_empty_space height=&#8221;30px&#8221;]<div class=\"qodef-separator-holder clearfix  qodef-separator-center \">\n\t<div class=\"qodef-separator\" style=\"border-color: #868686;border-style: dashed;width: 100%;border-bottom-width: 1px\"><\/div>\n<\/div>\n<div class=\"qodef-separator-holder clearfix change-color qodef-separator-center \">\n\t<div class=\"qodef-separator\" style=\"border-color: #9bc535;border-style: solid;width: 100%;border-bottom-width: 3px\"><\/div>\n<\/div>\n[\/vc_column][\/vc_row][vc_row row_content_width=&#8221;grid&#8221; css=&#8221;.vc_custom_1585911485848{margin-top: 10px !important;padding-bottom: 50px !important;}&#8221;][vc_column]<div class=\"qodef-tabs  qodef-tabs-standard\">\n\t<ul class=\"qodef-tabs-nav clearfix\">\n\t\t\t\t\t<li>\n\t\t\t\t\t\t\t\t\t<a href=\"#tab-descripcio\">DESCRIPCI\u00d3<\/a>\n\t\t\t\t\t\t\t<\/li>\n\t\t\t\t\t<li>\n\t\t\t\t\t\t\t\t\t<a href=\"#tab-ubicacio\">UBICACI\u00d3<\/a>\n\t\t\t\t\t\t\t<\/li>\n\t\t\t\t\t<li>\n\t\t\t\t\t\t\t\t\t<a href=\"#tab-serveis\">SERVEIS<\/a>\n\t\t\t\t\t\t\t<\/li>\n\t\t\t\t\t<li>\n\t\t\t\t\t\t\t\t\t<a href=\"#tab-galeria\">GALERIA<\/a>\n\t\t\t\t\t\t\t<\/li>\n\t\t\t\t\t<li>\n\t\t\t\t\t\t\t\t\t<a href=\"#tab-reservar\">RESERVAR<\/a>\n\t\t\t\t\t\t\t<\/li>\n\t\t\t<\/ul>\n\t<div class=\"qodef-tab-container\" id=\"tab-descripcio-902\"><div class=\"qodef-section-title-holder  qodef-st-standard qodef-st-title-left qodef-st-normal-space qodef-st-disable-title-break qodef-st-with-border\" style=\"text-align: left\">\n\t<div class=\"qodef-st-inner\">\n\t\t\t\t\t<h2 class=\"qodef-st-title\" >\n\t\t\t\tCamp de <span class=\"qodef-st-title-bold\">futbol<\/span> <span class=\"qodef-st-title-bold\">-<\/span><br \/> <span class=\"qodef-st-title-bold\">Peguera<\/span>\t\t\t<\/h2>\n\t\t\t\t\t<\/div>\n<\/div>[vc_empty_space height=&#8221;20px&#8221;][vc_single_image image=&#8221;8271&#8243; img_size=&#8221;full&#8221;][vc_empty_space height=&#8221;20px&#8221;][vc_column_text]Situat en\u00a0<a href=\"https:\/\/visitcalvia.org\/ca\/peguera\/\">Peguera<\/a>\u00a0(a 400 m d&#8217;una de les seves <a href=\"https:\/\/visitcalvia.org\/ca\/platja-palmira\/\">platges<\/a> i en plena zona de serveis tur\u00edstics), es tracta d&#8217;una completa instal\u00b7laci\u00f3 esportiva<\/p>\n<p>El camp de futbol de Peguera forma part del poliesportiu municipal de la localitat. La instal\u00b7laci\u00f3 compta amb: camp de futbol 11, gimn\u00e0s (musculaci\u00f3 i cardio), piscina coberta, sala d&#8217;activitats dirigides, camp de futbol sala exterior, front\u00f3, erc.<\/p>\n<p>Hotels, restaurants, supermercats, platges i altres serveis associats es troben entre 0 a 3 km d&#8217;aquesta instal\u00b7laci\u00f3.<\/p>\n<p>Ideal per a la realitzaci\u00f3 d&#8217;entrenaments i partits a causa de les seves especialitats caracter\u00edstiques:<\/p>\n<ul>\n<li>La zona disposa d&#8217;una extensa, moderna i adaptada oferta d&#8217;allotjaments i serveis associats.<\/li>\n<li>Peguera compta amb 4 platges i diverses cales.<\/li>\n<li><span style=\"font-weight: 400;\">La zona disposa d\u2019un passeig que la connecta a peu o en bici amb la resta del municipi.<\/span><\/li>\n<li>A 15 minuts de Palma.<\/li>\n<li>A 20 minuts de l&#8217;Aeroport.<\/li>\n<\/ul>\n<p>Entrenar f\u00fatbol a Mallorca. Tria Calvi\u00e0[\/vc_column_text][vc_empty_space height=&#8221;10px&#8221;]<div class=\"qodef-iwt clearfix  qodef-iwt-icon-left-from-title qodef-iwt-icon-tiny\">\n\t<div class=\"qodef-iwt-content\" >\n\t\t\t\t\t<h5 class=\"qodef-iwt-title\" >\n\t\t\t\t\t\t\t\t\t<a itemprop=\"url\" href=\"#\" target=\"_self\">\n\t\t\t\t\t\t\t\t\t<span class=\"qodef-iwt-icon\">\n\t\t\t\t\t\t\t\t\t\t\t\t\t    <span class=\"qodef-icon-shortcode qodef-circle   qodef-icon-tiny\" style=\"width: 30px;height: 30px;line-height: 30px;background-color: #9bc535\" data-hover-color=\"#ffffff\" data-color=\"#ffffff\">\n                    <i class=\"qodef-icon-font-awesome fa fa-arrows-h qodef-icon-element\" style=\"color: #ffffff\" ><\/i>            <\/span>\n\t\t\t\t\t\t\t\t\t\t\t<\/span>\n\t\t\t\t\t<span class=\"qodef-iwt-title-text\">Mesures: camp 98 * 57 m \/ terreny de joc: 92x55 m<\/span>\n\t\t\t\t\t\t\t\t\t<\/a>\n\t\t\t\t\t\t\t<\/h5>\n\t\t\t\t\t<\/div>\n<\/div>[vc_empty_space height=&#8221;10px&#8221;]<div class=\"qodef-iwt clearfix  qodef-iwt-icon-left-from-title qodef-iwt-icon-tiny\">\n\t<div class=\"qodef-iwt-content\" >\n\t\t\t\t\t<h5 class=\"qodef-iwt-title\" >\n\t\t\t\t\t\t\t\t\t<a itemprop=\"url\" href=\"#\" target=\"_self\">\n\t\t\t\t\t\t\t\t\t<span class=\"qodef-iwt-icon\">\n\t\t\t\t\t\t\t\t\t\t\t\t\t    <span class=\"qodef-icon-shortcode qodef-circle   qodef-icon-tiny\" style=\"width: 30px;height: 30px;line-height: 30px;background-color: #9bc535\" data-hover-color=\"#ffffff\" data-color=\"#ffffff\">\n                    <i class=\"qodef-icon-font-awesome fa fa-futbol-o qodef-icon-element\" style=\"color: #ffffff\" ><\/i>            <\/span>\n\t\t\t\t\t\t\t\t\t\t\t<\/span>\n\t\t\t\t\t<span class=\"qodef-iwt-title-text\">Activitats: futbol 11 \/ futbol 7<\/span>\n\t\t\t\t\t\t\t\t\t<\/a>\n\t\t\t\t\t\t\t<\/h5>\n\t\t\t\t\t<\/div>\n<\/div>[vc_empty_space height=&#8221;10px&#8221;]<div class=\"qodef-iwt clearfix  qodef-iwt-icon-left-from-title qodef-iwt-icon-tiny\">\n\t<div class=\"qodef-iwt-content\" >\n\t\t\t\t\t<h5 class=\"qodef-iwt-title\" >\n\t\t\t\t\t\t\t\t\t<a itemprop=\"url\" href=\"#\" target=\"_self\">\n\t\t\t\t\t\t\t\t\t<span class=\"qodef-iwt-icon\">\n\t\t\t\t\t\t\t\t\t\t\t\t\t    <span class=\"qodef-icon-shortcode qodef-circle   qodef-icon-tiny\" style=\"width: 30px;height: 30px;line-height: 30px;background-color: #9bc535\" data-hover-color=\"#ffffff\" data-color=\"#ffffff\">\n                    <i class=\"qodef-icon-font-awesome fa fa-lightbulb-o qodef-icon-element\" style=\"color: #ffffff\" ><\/i>            <\/span>\n\t\t\t\t\t\t\t\t\t\t\t<\/span>\n\t\t\t\t\t<span class=\"qodef-iwt-title-text\">Il\u00b7luminaci\u00f3 artificial: s\u00ed<\/span>\n\t\t\t\t\t\t\t\t\t<\/a>\n\t\t\t\t\t\t\t<\/h5>\n\t\t\t\t\t<\/div>\n<\/div>[vc_empty_space height=&#8221;10px&#8221;]<div class=\"qodef-iwt clearfix  qodef-iwt-icon-left-from-title qodef-iwt-icon-tiny\">\n\t<div class=\"qodef-iwt-content\" >\n\t\t\t\t\t<h5 class=\"qodef-iwt-title\" >\n\t\t\t\t\t\t\t\t\t<a itemprop=\"url\" href=\"#\" target=\"_self\">\n\t\t\t\t\t\t\t\t\t<span class=\"qodef-iwt-icon\">\n\t\t\t\t\t\t\t\t\t\t\t\t\t    <span class=\"qodef-icon-shortcode qodef-circle   qodef-icon-tiny\" style=\"width: 30px;height: 30px;line-height: 30px;background-color: #9bc535\" data-hover-color=\"#ffffff\" data-color=\"#ffffff\">\n                    <i class=\"qodef-icon-font-awesome fa fa-compress qodef-icon-element\" style=\"color: #ffffff\" ><\/i>            <\/span>\n\t\t\t\t\t\t\t\t\t\t\t<\/span>\n\t\t\t\t\t<span class=\"qodef-iwt-title-text\">Graderies: s\u00ed (360 places)<\/span>\n\t\t\t\t\t\t\t\t\t<\/a>\n\t\t\t\t\t\t\t<\/h5>\n\t\t\t\t\t<\/div>\n<\/div>[vc_empty_space height=&#8221;10px&#8221;]<div class=\"qodef-iwt clearfix  qodef-iwt-icon-left-from-title qodef-iwt-icon-tiny\">\n\t<div class=\"qodef-iwt-content\" >\n\t\t\t\t\t<h5 class=\"qodef-iwt-title\" >\n\t\t\t\t\t\t\t\t\t<a itemprop=\"url\" href=\"#\" target=\"_self\">\n\t\t\t\t\t\t\t\t\t<span class=\"qodef-iwt-icon\">\n\t\t\t\t\t\t\t\t\t\t\t\t\t    <span class=\"qodef-icon-shortcode qodef-circle   qodef-icon-tiny\" style=\"width: 30px;height: 30px;line-height: 30px;background-color: #9bc535\" data-hover-color=\"#ffffff\" data-color=\"#ffffff\">\n                    <i class=\"qodef-icon-font-awesome fa fa-shower qodef-icon-element\" style=\"color: #ffffff\" ><\/i>            <\/span>\n\t\t\t\t\t\t\t\t\t\t\t<\/span>\n\t\t\t\t\t<span class=\"qodef-iwt-title-text\">Vestidors: 3 col\u00b7lectius + vestidor d&#039;\u00e0rbitres, fisios, etc.<\/span>\n\t\t\t\t\t\t\t\t\t<\/a>\n\t\t\t\t\t\t\t<\/h5>\n\t\t\t\t\t<\/div>\n<\/div>[vc_empty_space height=&#8221;10px&#8221;][vc_column_text]<\/p>\n<p class=\"titulo2\"><span class=\"descripcion\"><strong><span style=\"vertical-align: inherit;\"><span style=\"vertical-align: inherit;\">Contacte: <\/span><\/span><\/strong><span style=\"vertical-align: inherit;\"><span style=\"vertical-align: inherit;\">ice@calvia.com<\/span><\/span><\/span><\/p>\n<p>[\/vc_column_text][vc_empty_space height=&#8221;30px&#8221;]<\/div><div class=\"qodef-tab-container\" id=\"tab-ubicacio-795\"><div class=\"qodef-section-title-holder  qodef-st-standard qodef-st-title-left qodef-st-normal-space  qodef-st-with-border\" style=\"text-align: left\">\n\t<div class=\"qodef-st-inner\">\n\t\t\t\t\t<h2 class=\"qodef-st-title\" >\n\t\t\t\tUbicaci\u00f3 Camp de futbol Peguera\t\t\t<\/h2>\n\t\t\t\t\t<\/div>\n<\/div>[vc_empty_space height=&#8221;20px&#8221;][vc_gmaps link=&#8221;#E-8_JTNDaWZyYW1lJTIwc3JjJTNEJTIyaHR0cHMlM0ElMkYlMkZ3d3cuZ29vZ2xlLmNvbSUyRm1hcHMlMkZlbWJlZCUzRnBiJTNEJTIxMW0xOCUyMTFtMTIlMjExbTMlMjExZDQ5MjQ0Ljg2NjA5MzA3ODg4JTIxMmQyLjQ2MDA4MDU3MTIyNjQxJTIxM2QzOS41MTg5MTAxOTY1NTgxNSUyMTJtMyUyMTFmMCUyMTJmMCUyMTNmMCUyMTNtMiUyMTFpMTAyNCUyMTJpNzY4JTIxNGYxMy4xJTIxM20zJTIxMW0yJTIxMXMweDAlMjUzQTB4OGIyYmY5ZjM0NzhmOGNlNCUyMTJzUG9saWVzcG9ydGl1JTI1MjBtdW5pY2lwYWwlMjUyMGRlJTI1MjBQZWd1ZXJhJTIxNWUwJTIxM20yJTIxMXNlcyUyMTJzZXMlMjE0djE1ODYxNzMyOTA5NjUlMjE1bTIlMjExc2VzJTIxMnNlcyUyMiUyMHdpZHRoJTNEJTIyNjAwJTIyJTIwaGVpZ2h0JTNEJTIyNDUwJTIyJTIwZnJhbWVib3JkZXIlM0QlMjIwJTIyJTIwc3R5bGUlM0QlMjJib3JkZXIlM0EwJTNCJTIyJTIwYWxsb3dmdWxsc2NyZWVuJTNEJTIyJTIyJTIwYXJpYS1oaWRkZW4lM0QlMjJmYWxzZSUyMiUyMHRhYmluZGV4JTNEJTIyMCUyMiUzRSUzQyUyRmlmcmFtZSUzRQ==&#8221;][vc_empty_space height=&#8221;20px&#8221;][vc_column_text]C\/ Monte, 8, Peguera, Calvi\u00e0, Mallorca, Illes Balears, Espa\u00f1a, CP:07163[\/vc_column_text][vc_empty_space height=&#8221;30px&#8221;]<\/div><div class=\"qodef-tab-container\" id=\"tab-serveis-332\"><div class=\"qodef-section-title-holder  qodef-st-standard qodef-st-title-left qodef-st-normal-space  qodef-st-with-border\" style=\"text-align: left\">\n\t<div class=\"qodef-st-inner\">\n\t\t\t\t\t<h2 class=\"qodef-st-title\" >\n\t\t\t\tServeis associats - Peguera\t\t\t<\/h2>\n\t\t\t\t\t<\/div>\n<\/div>[vc_empty_space height=&#8221;20px&#8221;]<a itemprop=\"url\" href=\"#\" target=\"_self\" style=\"color: #000000;text-transform: capitalize\" class=\"qodef-btn qodef-btn-medium qodef-btn-simple qodef-btn-icon change-background\"  >\n    <span class=\"qodef-btn-text\">Gimn\u00e0s de fitness<\/span>\n    <i class=\"qodef-icon-font-awesome fa fa-chevron-right \" ><\/i><\/a>[vc_empty_space height=&#8221;10px&#8221;]<a itemprop=\"url\" href=\"#\" target=\"_self\" style=\"color: #000000;text-transform: capitalize\" class=\"qodef-btn qodef-btn-medium qodef-btn-simple qodef-btn-icon change-background\"  >\n    <span class=\"qodef-btn-text\">Sala d\u2019activitats dirigides (pilates, ioga, estiraments\u2026)<\/span>\n    <i class=\"qodef-icon-font-awesome fa fa-chevron-right \" ><\/i><\/a>[vc_empty_space height=&#8221;10px&#8221;]<a itemprop=\"url\" href=\"#\" target=\"_self\" style=\"color: #000000;text-transform: capitalize\" class=\"qodef-btn qodef-btn-medium qodef-btn-simple qodef-btn-icon change-background\"  >\n    <span class=\"qodef-btn-text\">Piscina coberta de 25 m<\/span>\n    <i class=\"qodef-icon-font-awesome fa fa-chevron-right \" ><\/i><\/a>[vc_empty_space height=&#8221;10px&#8221;]<a itemprop=\"url\" href=\"#\" target=\"_self\" style=\"color: #000000;text-transform: capitalize\" class=\"qodef-btn qodef-btn-medium qodef-btn-simple qodef-btn-icon change-background\"  >\n    <span class=\"qodef-btn-text\">Pista de front\u00f3<\/span>\n    <i class=\"qodef-icon-font-awesome fa fa-chevron-right \" ><\/i><\/a>[vc_empty_space height=&#8221;10px&#8221;]<a itemprop=\"url\" href=\"#\" target=\"_self\" style=\"color: #000000;text-transform: capitalize\" class=\"qodef-btn qodef-btn-medium qodef-btn-simple qodef-btn-icon change-background\"  >\n    <span class=\"qodef-btn-text\">\u00c0rea de recepci\u00f3<\/span>\n    <i class=\"qodef-icon-font-awesome fa fa-chevron-right \" ><\/i><\/a>[vc_empty_space height=&#8221;30px&#8221;]<\/div><div class=\"qodef-tab-container\" id=\"tab-galeria-875\"><div class=\"qodef-section-title-holder  qodef-st-standard qodef-st-title-left qodef-st-normal-space  qodef-st-with-border\" style=\"text-align: left\">\n\t<div class=\"qodef-st-inner\">\n\t\t\t\t\t<h2 class=\"qodef-st-title\" >\n\t\t\t\tGaleria camp de futbol Peguera\t\t\t<\/h2>\n\t\t\t\t\t<\/div>\n<\/div>[vc_empty_space height=&#8221;20px&#8221;]<div class=\"qodef-image-gallery  qodef-ig-grid-type qodef-tiny-space  qodef-image-behavior-lightbox\">\n\t<div class=\"qodef-ig-inner qodef-outer-space qodef-ig-grid qodef-ig-two-columns\">\n\t\t\t\t\t<div class=\"qodef-ig-image qodef-item-space\">\n\t\t\t\t<div class=\"qodef-ig-image-inner\">\n\t\t\t\t\t\t\t\t\t\t\t<a itemprop=\"image\" class=\"qodef-ig-lightbox\" href=\"https:\/\/i0.wp.com\/visitcalvia.org\/wp-content\/uploads\/2020\/04\/Peguera-Futbol-01.jpg?fit=1600%2C898&#038;ssl=1\" data-rel=\"prettyPhoto[image_gallery_pretty_photo-698]\" title=\"Peguera &#8211; Futbol\">\n\t\t\t\t\t\t\t\t\t\t\t<img decoding=\"async\" width=\"1600\" height=\"898\" src=\"https:\/\/i0.wp.com\/visitcalvia.org\/wp-content\/uploads\/2020\/04\/Peguera-Futbol-01.jpg?fit=1600%2C898&amp;ssl=1\" class=\"attachment-full size-full\" alt=\"Peguera - Futbol\" srcset=\"https:\/\/i0.wp.com\/visitcalvia.org\/wp-content\/uploads\/2020\/04\/Peguera-Futbol-01.jpg?w=1600&amp;ssl=1 1600w, https:\/\/i0.wp.com\/visitcalvia.org\/wp-content\/uploads\/2020\/04\/Peguera-Futbol-01.jpg?resize=300%2C168&amp;ssl=1 300w, https:\/\/i0.wp.com\/visitcalvia.org\/wp-content\/uploads\/2020\/04\/Peguera-Futbol-01.jpg?resize=1024%2C575&amp;ssl=1 1024w, https:\/\/i0.wp.com\/visitcalvia.org\/wp-content\/uploads\/2020\/04\/Peguera-Futbol-01.jpg?resize=768%2C431&amp;ssl=1 768w, https:\/\/i0.wp.com\/visitcalvia.org\/wp-content\/uploads\/2020\/04\/Peguera-Futbol-01.jpg?resize=1536%2C862&amp;ssl=1 1536w, https:\/\/i0.wp.com\/visitcalvia.org\/wp-content\/uploads\/2020\/04\/Peguera-Futbol-01.jpg?resize=1200%2C674&amp;ssl=1 1200w, https:\/\/i0.wp.com\/visitcalvia.org\/wp-content\/uploads\/2020\/04\/Peguera-Futbol-01.jpg?resize=600%2C337&amp;ssl=1 600w, https:\/\/i0.wp.com\/visitcalvia.org\/wp-content\/uploads\/2020\/04\/Peguera-Futbol-01.jpg?resize=64%2C36&amp;ssl=1 64w\" sizes=\"(max-width: 1100px) 100vw, 1100px\" data-attachment-id=\"3367\" data-permalink=\"https:\/\/visitcalvia.org\/ca\/futbol-en-calvia-mallorca\/peguera-futbol-01\/\" data-orig-file=\"https:\/\/i0.wp.com\/visitcalvia.org\/wp-content\/uploads\/2020\/04\/Peguera-Futbol-01.jpg?fit=1600%2C898&amp;ssl=1\" data-orig-size=\"1600,898\" data-comments-opened=\"1\" data-image-meta=\"{&quot;aperture&quot;:&quot;0&quot;,&quot;credit&quot;:&quot;&quot;,&quot;camera&quot;:&quot;&quot;,&quot;caption&quot;:&quot;&quot;,&quot;created_timestamp&quot;:&quot;0&quot;,&quot;copyright&quot;:&quot;&quot;,&quot;focal_length&quot;:&quot;0&quot;,&quot;iso&quot;:&quot;0&quot;,&quot;shutter_speed&quot;:&quot;0&quot;,&quot;title&quot;:&quot;&quot;,&quot;orientation&quot;:&quot;1&quot;}\" data-image-title=\"Peguera &amp;#8211; Futbol\" data-image-description=\"\" data-image-caption=\"\" data-large-file=\"https:\/\/i0.wp.com\/visitcalvia.org\/wp-content\/uploads\/2020\/04\/Peguera-Futbol-01.jpg?fit=1024%2C575&amp;ssl=1\" \/>\t\t\t\t\t\t\t\t\t\t\t<\/a>\n\t\t\t\t\t\t\t\t\t<\/div>\n\t\t\t<\/div>\n\t\t\t\t\t<div class=\"qodef-ig-image qodef-item-space\">\n\t\t\t\t<div class=\"qodef-ig-image-inner\">\n\t\t\t\t\t\t\t\t\t\t\t<a itemprop=\"image\" class=\"qodef-ig-lightbox\" href=\"https:\/\/i0.wp.com\/visitcalvia.org\/wp-content\/uploads\/2020\/04\/Peguera-Futbol-02.jpg?fit=1600%2C898&#038;ssl=1\" data-rel=\"prettyPhoto[image_gallery_pretty_photo-698]\" title=\"Peguera &#8211; Futbol\">\n\t\t\t\t\t\t\t\t\t\t\t<img decoding=\"async\" width=\"1600\" height=\"898\" src=\"https:\/\/i0.wp.com\/visitcalvia.org\/wp-content\/uploads\/2020\/04\/Peguera-Futbol-02.jpg?fit=1600%2C898&amp;ssl=1\" class=\"attachment-full size-full\" alt=\"Entrenar y competir en f\u00fatbol en Mallorca. football training camps in Peguera Mallorca. Entrenar f\u00fatbol en Mallorca\" srcset=\"https:\/\/i0.wp.com\/visitcalvia.org\/wp-content\/uploads\/2020\/04\/Peguera-Futbol-02.jpg?w=1600&amp;ssl=1 1600w, https:\/\/i0.wp.com\/visitcalvia.org\/wp-content\/uploads\/2020\/04\/Peguera-Futbol-02.jpg?resize=300%2C168&amp;ssl=1 300w, https:\/\/i0.wp.com\/visitcalvia.org\/wp-content\/uploads\/2020\/04\/Peguera-Futbol-02.jpg?resize=1024%2C575&amp;ssl=1 1024w, https:\/\/i0.wp.com\/visitcalvia.org\/wp-content\/uploads\/2020\/04\/Peguera-Futbol-02.jpg?resize=768%2C431&amp;ssl=1 768w, https:\/\/i0.wp.com\/visitcalvia.org\/wp-content\/uploads\/2020\/04\/Peguera-Futbol-02.jpg?resize=1536%2C862&amp;ssl=1 1536w, https:\/\/i0.wp.com\/visitcalvia.org\/wp-content\/uploads\/2020\/04\/Peguera-Futbol-02.jpg?resize=1200%2C674&amp;ssl=1 1200w, https:\/\/i0.wp.com\/visitcalvia.org\/wp-content\/uploads\/2020\/04\/Peguera-Futbol-02.jpg?resize=600%2C337&amp;ssl=1 600w, https:\/\/i0.wp.com\/visitcalvia.org\/wp-content\/uploads\/2020\/04\/Peguera-Futbol-02.jpg?resize=64%2C36&amp;ssl=1 64w\" sizes=\"(max-width: 1100px) 100vw, 1100px\" data-attachment-id=\"3368\" data-permalink=\"https:\/\/visitcalvia.org\/ca\/futbol-en-calvia-mallorca\/peguera-futbol-02\/\" data-orig-file=\"https:\/\/i0.wp.com\/visitcalvia.org\/wp-content\/uploads\/2020\/04\/Peguera-Futbol-02.jpg?fit=1600%2C898&amp;ssl=1\" data-orig-size=\"1600,898\" data-comments-opened=\"1\" data-image-meta=\"{&quot;aperture&quot;:&quot;0&quot;,&quot;credit&quot;:&quot;&quot;,&quot;camera&quot;:&quot;&quot;,&quot;caption&quot;:&quot;&quot;,&quot;created_timestamp&quot;:&quot;0&quot;,&quot;copyright&quot;:&quot;&quot;,&quot;focal_length&quot;:&quot;0&quot;,&quot;iso&quot;:&quot;0&quot;,&quot;shutter_speed&quot;:&quot;0&quot;,&quot;title&quot;:&quot;&quot;,&quot;orientation&quot;:&quot;1&quot;}\" data-image-title=\"Peguera &amp;#8211; Futbol\" data-image-description=\"\" data-image-caption=\"\" data-large-file=\"https:\/\/i0.wp.com\/visitcalvia.org\/wp-content\/uploads\/2020\/04\/Peguera-Futbol-02.jpg?fit=1024%2C575&amp;ssl=1\" \/>\t\t\t\t\t\t\t\t\t\t\t<\/a>\n\t\t\t\t\t\t\t\t\t<\/div>\n\t\t\t<\/div>\n\t\t\t\t\t<div class=\"qodef-ig-image qodef-item-space\">\n\t\t\t\t<div class=\"qodef-ig-image-inner\">\n\t\t\t\t\t\t\t\t\t\t\t<a itemprop=\"image\" class=\"qodef-ig-lightbox\" href=\"https:\/\/i0.wp.com\/visitcalvia.org\/wp-content\/uploads\/2020\/04\/Peguera-Futbol-03.jpg?fit=1600%2C898&#038;ssl=1\" data-rel=\"prettyPhoto[image_gallery_pretty_photo-698]\" title=\"Peguera &#8211; Futbol\">\n\t\t\t\t\t\t\t\t\t\t\t<img decoding=\"async\" width=\"1600\" height=\"898\" src=\"https:\/\/i0.wp.com\/visitcalvia.org\/wp-content\/uploads\/2020\/04\/Peguera-Futbol-03.jpg?fit=1600%2C898&amp;ssl=1\" class=\"attachment-full size-full\" alt=\"Football in Peguera Mallorca. Football Preseason training in Peguera. Entrenar f\u00fatbol en Mallorca\" srcset=\"https:\/\/i0.wp.com\/visitcalvia.org\/wp-content\/uploads\/2020\/04\/Peguera-Futbol-03.jpg?w=1600&amp;ssl=1 1600w, https:\/\/i0.wp.com\/visitcalvia.org\/wp-content\/uploads\/2020\/04\/Peguera-Futbol-03.jpg?resize=300%2C168&amp;ssl=1 300w, https:\/\/i0.wp.com\/visitcalvia.org\/wp-content\/uploads\/2020\/04\/Peguera-Futbol-03.jpg?resize=1024%2C575&amp;ssl=1 1024w, https:\/\/i0.wp.com\/visitcalvia.org\/wp-content\/uploads\/2020\/04\/Peguera-Futbol-03.jpg?resize=768%2C431&amp;ssl=1 768w, https:\/\/i0.wp.com\/visitcalvia.org\/wp-content\/uploads\/2020\/04\/Peguera-Futbol-03.jpg?resize=1536%2C862&amp;ssl=1 1536w, https:\/\/i0.wp.com\/visitcalvia.org\/wp-content\/uploads\/2020\/04\/Peguera-Futbol-03.jpg?resize=1200%2C674&amp;ssl=1 1200w, https:\/\/i0.wp.com\/visitcalvia.org\/wp-content\/uploads\/2020\/04\/Peguera-Futbol-03.jpg?resize=600%2C337&amp;ssl=1 600w, https:\/\/i0.wp.com\/visitcalvia.org\/wp-content\/uploads\/2020\/04\/Peguera-Futbol-03.jpg?resize=64%2C36&amp;ssl=1 64w\" sizes=\"(max-width: 1100px) 100vw, 1100px\" data-attachment-id=\"3369\" data-permalink=\"https:\/\/visitcalvia.org\/ca\/futbol-en-calvia-mallorca\/peguera-futbol-03\/\" data-orig-file=\"https:\/\/i0.wp.com\/visitcalvia.org\/wp-content\/uploads\/2020\/04\/Peguera-Futbol-03.jpg?fit=1600%2C898&amp;ssl=1\" data-orig-size=\"1600,898\" data-comments-opened=\"1\" data-image-meta=\"{&quot;aperture&quot;:&quot;0&quot;,&quot;credit&quot;:&quot;&quot;,&quot;camera&quot;:&quot;&quot;,&quot;caption&quot;:&quot;&quot;,&quot;created_timestamp&quot;:&quot;0&quot;,&quot;copyright&quot;:&quot;&quot;,&quot;focal_length&quot;:&quot;0&quot;,&quot;iso&quot;:&quot;0&quot;,&quot;shutter_speed&quot;:&quot;0&quot;,&quot;title&quot;:&quot;&quot;,&quot;orientation&quot;:&quot;1&quot;}\" data-image-title=\"Peguera &amp;#8211; Futbol\" data-image-description=\"\" data-image-caption=\"\" data-large-file=\"https:\/\/i0.wp.com\/visitcalvia.org\/wp-content\/uploads\/2020\/04\/Peguera-Futbol-03.jpg?fit=1024%2C575&amp;ssl=1\" \/>\t\t\t\t\t\t\t\t\t\t\t<\/a>\n\t\t\t\t\t\t\t\t\t<\/div>\n\t\t\t<\/div>\n\t\t\t\t\t<div class=\"qodef-ig-image qodef-item-space\">\n\t\t\t\t<div class=\"qodef-ig-image-inner\">\n\t\t\t\t\t\t\t\t\t\t\t<a itemprop=\"image\" class=\"qodef-ig-lightbox\" href=\"https:\/\/i0.wp.com\/visitcalvia.org\/wp-content\/uploads\/2020\/04\/Peguera-Futbol-04.jpg?fit=1600%2C898&#038;ssl=1\" data-rel=\"prettyPhoto[image_gallery_pretty_photo-698]\" title=\"Peguera &#8211; Futbol\">\n\t\t\t\t\t\t\t\t\t\t\t<img decoding=\"async\" width=\"1600\" height=\"898\" src=\"https:\/\/i0.wp.com\/visitcalvia.org\/wp-content\/uploads\/2020\/04\/Peguera-Futbol-04.jpg?fit=1600%2C898&amp;ssl=1\" class=\"attachment-full size-full\" alt=\"Football pitch in Peguera. Entrenar f\u00fatbol en Mallorca. Campo de f\u00fatbol de Peguera\" srcset=\"https:\/\/i0.wp.com\/visitcalvia.org\/wp-content\/uploads\/2020\/04\/Peguera-Futbol-04.jpg?w=1600&amp;ssl=1 1600w, https:\/\/i0.wp.com\/visitcalvia.org\/wp-content\/uploads\/2020\/04\/Peguera-Futbol-04.jpg?resize=300%2C168&amp;ssl=1 300w, https:\/\/i0.wp.com\/visitcalvia.org\/wp-content\/uploads\/2020\/04\/Peguera-Futbol-04.jpg?resize=1024%2C575&amp;ssl=1 1024w, https:\/\/i0.wp.com\/visitcalvia.org\/wp-content\/uploads\/2020\/04\/Peguera-Futbol-04.jpg?resize=768%2C431&amp;ssl=1 768w, https:\/\/i0.wp.com\/visitcalvia.org\/wp-content\/uploads\/2020\/04\/Peguera-Futbol-04.jpg?resize=1536%2C862&amp;ssl=1 1536w, https:\/\/i0.wp.com\/visitcalvia.org\/wp-content\/uploads\/2020\/04\/Peguera-Futbol-04.jpg?resize=1200%2C674&amp;ssl=1 1200w, https:\/\/i0.wp.com\/visitcalvia.org\/wp-content\/uploads\/2020\/04\/Peguera-Futbol-04.jpg?resize=600%2C337&amp;ssl=1 600w, https:\/\/i0.wp.com\/visitcalvia.org\/wp-content\/uploads\/2020\/04\/Peguera-Futbol-04.jpg?resize=64%2C36&amp;ssl=1 64w\" sizes=\"(max-width: 1100px) 100vw, 1100px\" data-attachment-id=\"3370\" data-permalink=\"https:\/\/visitcalvia.org\/ca\/futbol-en-calvia-mallorca\/peguera-futbol-04\/\" data-orig-file=\"https:\/\/i0.wp.com\/visitcalvia.org\/wp-content\/uploads\/2020\/04\/Peguera-Futbol-04.jpg?fit=1600%2C898&amp;ssl=1\" data-orig-size=\"1600,898\" data-comments-opened=\"1\" data-image-meta=\"{&quot;aperture&quot;:&quot;0&quot;,&quot;credit&quot;:&quot;&quot;,&quot;camera&quot;:&quot;&quot;,&quot;caption&quot;:&quot;&quot;,&quot;created_timestamp&quot;:&quot;0&quot;,&quot;copyright&quot;:&quot;&quot;,&quot;focal_length&quot;:&quot;0&quot;,&quot;iso&quot;:&quot;0&quot;,&quot;shutter_speed&quot;:&quot;0&quot;,&quot;title&quot;:&quot;&quot;,&quot;orientation&quot;:&quot;1&quot;}\" data-image-title=\"Peguera &amp;#8211; Futbol\" data-image-description=\"\" data-image-caption=\"\" data-large-file=\"https:\/\/i0.wp.com\/visitcalvia.org\/wp-content\/uploads\/2020\/04\/Peguera-Futbol-04.jpg?fit=1024%2C575&amp;ssl=1\" \/>\t\t\t\t\t\t\t\t\t\t\t<\/a>\n\t\t\t\t\t\t\t\t\t<\/div>\n\t\t\t<\/div>\n\t\t\t<\/div>\n<\/div>[vc_empty_space height=&#8221;30px&#8221;]<\/div><div class=\"qodef-tab-container\" id=\"tab-reservar-107\"><div class=\"qodef-elements-holder   qodef-one-column  qodef-responsive-mode-768 qodef-one-column-alignment-right\" ><div class=\"qodef-eh-item   qodef-horizontal-alignment-right  \"  data-item-class=\"qodef-eh-custom-2472\" data-1280-1600=\"0 12% 15px 31%\" data-1024-1280=\"0 12% 15px 24%\" data-768-1024=\"48px 25% 70px 35%\" data-680-768=\"48px 12% 70px 35%\" data-680=\"50px 8% 70px 10%\">\n\t<div class=\"qodef-eh-item-inner\">\n\t\t<div class=\"qodef-eh-item-content qodef-eh-custom-2472\" style=\"padding: 0 12% 20px 35%\">\n\t\t\t[vc_column_text]<\/p>\n<h2 style=\"text-align: right;\">Camp de futbol <strong>Peguera<\/strong><\/h2>\n<p style=\"text-align: right; font-family: Montserrat; margin-top: -18px; margin-bottom: 16px;\"><span class=\"change-second-color\" style=\"color: #ff0030;\"><em>Visit Calvi\u00e0<\/em><\/span><\/p>\n<p style=\"text-align: right; margin-bottom: 16px;\">Aqu\u00ed pots fer la reserva<\/p>\n<p>[\/vc_column_text]<a itemprop=\"url\" href=\"https:\/\/docs.google.com\/forms\/d\/e\/1FAIpQLSdlN3_jfNXQmmvwJHWfeJ3wj8PZpU51KVQLOUTDJWVCFiPb2w\/viewform\" target=\"_self\" style=\"color: #000000;background-color: #9bc535\" class=\"qodef-btn qodef-btn-medium qodef-btn-solid qodef-btn-icon change-background\"  >\n    <span class=\"qodef-btn-text\">RESERVAR<\/span>\n    <i class=\"qodef-icon-font-awesome fa fa-chevron-right \" ><\/i><\/a>\t\t<\/div>\n\t<\/div>\n\t<\/div><\/div><\/div><\/div>[vc_empty_space height=&#8221;30px&#8221;]<div class=\"qodef-separator-holder clearfix  qodef-separator-center \">\n\t<div class=\"qodef-separator\" style=\"border-color: #868686;border-style: dashed;width: 100%;border-bottom-width: 1px\"><\/div>\n<\/div>\n<div class=\"qodef-separator-holder clearfix change-color qodef-separator-center \">\n\t<div class=\"qodef-separator\" style=\"border-color: #9bc535;border-style: solid;width: 100%;border-bottom-width: 3px\"><\/div>\n<\/div>\n[\/vc_column][\/vc_row][vc_row row_content_width=&#8221;grid&#8221; css=&#8221;.vc_custom_1585911485848{margin-top: 10px !important;padding-bottom: 50px !important;}&#8221;][vc_column]<div class=\"qodef-tabs  qodef-tabs-standard\">\n\t<ul class=\"qodef-tabs-nav clearfix\">\n\t\t\t\t\t<li>\n\t\t\t\t\t\t\t\t\t<a href=\"#tab-descripcio\">DESCRIPCI\u00d3<\/a>\n\t\t\t\t\t\t\t<\/li>\n\t\t\t\t\t<li>\n\t\t\t\t\t\t\t\t\t<a href=\"#tab-ubicacio\">UBICACI\u00d3<\/a>\n\t\t\t\t\t\t\t<\/li>\n\t\t\t\t\t<li>\n\t\t\t\t\t\t\t\t\t<a href=\"#tab-serveis\">SERVEIS<\/a>\n\t\t\t\t\t\t\t<\/li>\n\t\t\t\t\t<li>\n\t\t\t\t\t\t\t\t\t<a href=\"#tab-galeria\">GALERIA<\/a>\n\t\t\t\t\t\t\t<\/li>\n\t\t\t\t\t<li>\n\t\t\t\t\t\t\t\t\t<a href=\"#tab-reservar\">RESERVAR<\/a>\n\t\t\t\t\t\t\t<\/li>\n\t\t\t<\/ul>\n\t<div class=\"qodef-tab-container\" id=\"tab-descripcio-329\"><div class=\"qodef-section-title-holder  qodef-st-standard qodef-st-title-left qodef-st-normal-space qodef-st-disable-title-break qodef-st-with-border\" style=\"text-align: left\">\n\t<div class=\"qodef-st-inner\">\n\t\t\t\t\t<h2 class=\"qodef-st-title\" >\n\t\t\t\tCamp de <span class=\"qodef-st-title-bold\">futbol<\/span> <span class=\"qodef-st-title-bold\">-<\/span><br \/> <span class=\"qodef-st-title-bold\">Son<\/span> <span class=\"qodef-st-title-bold\">Ferrer<\/span>\t\t\t<\/h2>\n\t\t\t\t\t<\/div>\n<\/div>[vc_empty_space height=&#8221;20px&#8221;][vc_single_image image=&#8221;8274&#8243; img_size=&#8221;full&#8221;][vc_empty_space height=&#8221;20px&#8221;][vc_column_text]Situat en 3 km de la zona tur\u00edstica de\u00a0<a href=\"https:\/\/visitcalvia.org\/magaluf\/\">Magaluf<\/a>, aquest camp de futbol es troba en l&#8217;entrada de la urbanitzaci\u00f3 Son Ferrer. La instal\u00b7laci\u00f3 disposa de Camp de futbol de gespa artificial i d&#8217;una piscina coberta de 25 m<\/p>\n<p>Ideal per a la realitzaci\u00f3 d&#8217;entrenaments i partits a causa de les seves especialitats caracter\u00edstiques:<\/p>\n<ul>\n<li>Tranquil\u00b7litat i a\u00efllament que ofereix la zona.<\/li>\n<li>Proximitat a les zones tur\u00edstiques per\u00f2 a un lloc apartat.<\/li>\n<li><span style=\"font-weight: 400;\">La zona disposa d\u2019un passeig que la connecta a peu o en bici amb la resta del municipi.<\/span><\/li>\n<li>A 15 minuts de Palma.<\/li>\n<li>A 20 minuts de l&#8217;Aeroport.<\/li>\n<\/ul>\n<p>Entrenar futbol a Mallorca. Calvi\u00e0, 7 camps de futbol a la teva disposici\u00f3.[\/vc_column_text][vc_empty_space height=&#8221;10px&#8221;]<div class=\"qodef-iwt clearfix  qodef-iwt-icon-left-from-title qodef-iwt-icon-tiny\">\n\t<div class=\"qodef-iwt-content\" >\n\t\t\t\t\t<h5 class=\"qodef-iwt-title\" >\n\t\t\t\t\t\t\t\t\t<a itemprop=\"url\" href=\"#\" target=\"_self\">\n\t\t\t\t\t\t\t\t\t<span class=\"qodef-iwt-icon\">\n\t\t\t\t\t\t\t\t\t\t\t\t\t    <span class=\"qodef-icon-shortcode qodef-circle   qodef-icon-tiny\" style=\"width: 30px;height: 30px;line-height: 30px;background-color: #9bc535\" data-hover-color=\"#ffffff\" data-color=\"#ffffff\">\n                    <i class=\"qodef-icon-font-awesome fa fa-arrows-h qodef-icon-element\" style=\"color: #ffffff\" ><\/i>            <\/span>\n\t\t\t\t\t\t\t\t\t\t\t<\/span>\n\t\t\t\t\t<span class=\"qodef-iwt-title-text\">Mesures: camp 105 x 69 m \/ terreny de joc: 101x65 m<\/span>\n\t\t\t\t\t\t\t\t\t<\/a>\n\t\t\t\t\t\t\t<\/h5>\n\t\t\t\t\t<\/div>\n<\/div>[vc_empty_space height=&#8221;10px&#8221;]<div class=\"qodef-iwt clearfix  qodef-iwt-icon-left-from-title qodef-iwt-icon-tiny\">\n\t<div class=\"qodef-iwt-content\" >\n\t\t\t\t\t<h5 class=\"qodef-iwt-title\" >\n\t\t\t\t\t\t\t\t\t<a itemprop=\"url\" href=\"#\" target=\"_self\">\n\t\t\t\t\t\t\t\t\t<span class=\"qodef-iwt-icon\">\n\t\t\t\t\t\t\t\t\t\t\t\t\t    <span class=\"qodef-icon-shortcode qodef-circle   qodef-icon-tiny\" style=\"width: 30px;height: 30px;line-height: 30px;background-color: #9bc535\" data-hover-color=\"#ffffff\" data-color=\"#ffffff\">\n                    <i class=\"qodef-icon-font-awesome fa fa-futbol-o qodef-icon-element\" style=\"color: #ffffff\" ><\/i>            <\/span>\n\t\t\t\t\t\t\t\t\t\t\t<\/span>\n\t\t\t\t\t<span class=\"qodef-iwt-title-text\">Activitats: futbol 11 \/ futbol 7<\/span>\n\t\t\t\t\t\t\t\t\t<\/a>\n\t\t\t\t\t\t\t<\/h5>\n\t\t\t\t\t<\/div>\n<\/div>[vc_empty_space height=&#8221;10px&#8221;]<div class=\"qodef-iwt clearfix  qodef-iwt-icon-left-from-title qodef-iwt-icon-tiny\">\n\t<div class=\"qodef-iwt-content\" >\n\t\t\t\t\t<h5 class=\"qodef-iwt-title\" >\n\t\t\t\t\t\t\t\t\t<a itemprop=\"url\" href=\"#\" target=\"_self\">\n\t\t\t\t\t\t\t\t\t<span class=\"qodef-iwt-icon\">\n\t\t\t\t\t\t\t\t\t\t\t\t\t    <span class=\"qodef-icon-shortcode qodef-circle   qodef-icon-tiny\" style=\"width: 30px;height: 30px;line-height: 30px;background-color: #9bc535\" data-hover-color=\"#ffffff\" data-color=\"#ffffff\">\n                    <i class=\"qodef-icon-font-awesome fa fa-lightbulb-o qodef-icon-element\" style=\"color: #ffffff\" ><\/i>            <\/span>\n\t\t\t\t\t\t\t\t\t\t\t<\/span>\n\t\t\t\t\t<span class=\"qodef-iwt-title-text\">Il\u00b7luminaci\u00f3 artificial: s\u00ed<\/span>\n\t\t\t\t\t\t\t\t\t<\/a>\n\t\t\t\t\t\t\t<\/h5>\n\t\t\t\t\t<\/div>\n<\/div>[vc_empty_space height=&#8221;10px&#8221;]<div class=\"qodef-iwt clearfix  qodef-iwt-icon-left-from-title qodef-iwt-icon-tiny\">\n\t<div class=\"qodef-iwt-content\" >\n\t\t\t\t\t<h5 class=\"qodef-iwt-title\" >\n\t\t\t\t\t\t\t\t\t<a itemprop=\"url\" href=\"#\" target=\"_self\">\n\t\t\t\t\t\t\t\t\t<span class=\"qodef-iwt-icon\">\n\t\t\t\t\t\t\t\t\t\t\t\t\t    <span class=\"qodef-icon-shortcode qodef-circle   qodef-icon-tiny\" style=\"width: 30px;height: 30px;line-height: 30px;background-color: #9bc535\" data-hover-color=\"#ffffff\" data-color=\"#ffffff\">\n                    <i class=\"qodef-icon-font-awesome fa fa-compress qodef-icon-element\" style=\"color: #ffffff\" ><\/i>            <\/span>\n\t\t\t\t\t\t\t\t\t\t\t<\/span>\n\t\t\t\t\t<span class=\"qodef-iwt-title-text\">Graderies: s\u00ed (500 places)<\/span>\n\t\t\t\t\t\t\t\t\t<\/a>\n\t\t\t\t\t\t\t<\/h5>\n\t\t\t\t\t<\/div>\n<\/div>[vc_empty_space height=&#8221;10px&#8221;]<div class=\"qodef-iwt clearfix  qodef-iwt-icon-left-from-title qodef-iwt-icon-tiny\">\n\t<div class=\"qodef-iwt-content\" >\n\t\t\t\t\t<h5 class=\"qodef-iwt-title\" >\n\t\t\t\t\t\t\t\t\t<a itemprop=\"url\" href=\"#\" target=\"_self\">\n\t\t\t\t\t\t\t\t\t<span class=\"qodef-iwt-icon\">\n\t\t\t\t\t\t\t\t\t\t\t\t\t    <span class=\"qodef-icon-shortcode qodef-circle   qodef-icon-tiny\" style=\"width: 30px;height: 30px;line-height: 30px;background-color: #9bc535\" data-hover-color=\"#ffffff\" data-color=\"#ffffff\">\n                    <i class=\"qodef-icon-font-awesome fa fa-shower qodef-icon-element\" style=\"color: #ffffff\" ><\/i>            <\/span>\n\t\t\t\t\t\t\t\t\t\t\t<\/span>\n\t\t\t\t\t<span class=\"qodef-iwt-title-text\">Vestidors: 4 col\u00b7lectius + vestidors d&#039;\u00e0rbitres, fisios, etc.<\/span>\n\t\t\t\t\t\t\t\t\t<\/a>\n\t\t\t\t\t\t\t<\/h5>\n\t\t\t\t\t<\/div>\n<\/div>[vc_empty_space height=&#8221;10px&#8221;][vc_column_text]<\/p>\n<p class=\"titulo2\"><span class=\"descripcion\"><strong><span style=\"vertical-align: inherit;\"><span style=\"vertical-align: inherit;\">Contacte: <\/span><\/span><\/strong><span style=\"vertical-align: inherit;\"><span style=\"vertical-align: inherit;\">ice@calvia.com<\/span><\/span><\/span><\/p>\n<p>[\/vc_column_text][vc_empty_space height=&#8221;30px&#8221;]<\/div><div class=\"qodef-tab-container\" id=\"tab-ubicacio-175\"><div class=\"qodef-section-title-holder  qodef-st-standard qodef-st-title-left qodef-st-normal-space  qodef-st-with-border\" style=\"text-align: left\">\n\t<div class=\"qodef-st-inner\">\n\t\t\t\t\t<h2 class=\"qodef-st-title\" >\n\t\t\t\tUbicaci\u00f3 Camp de futbol Son Ferrer\t\t\t<\/h2>\n\t\t\t\t\t<\/div>\n<\/div>[vc_empty_space height=&#8221;20px&#8221;][vc_gmaps link=&#8221;#E-8_JTNDaWZyYW1lJTIwc3JjJTNEJTIyaHR0cHMlM0ElMkYlMkZ3d3cuZ29vZ2xlLmNvbSUyRm1hcHMlMkZlbWJlZCUzRnBiJTNEJTIxMW0xOCUyMTFtMTIlMjExbTMlMjExZDMwNzguNzcyMDc0OTg2Mzk2NSUyMTJkMi41MDkyMzE5MTQ0ODA4NTE3JTIxM2QzOS40OTcwNjA5Nzk0ODI1NCUyMTJtMyUyMTFmMCUyMTJmMCUyMTNmMCUyMTNtMiUyMTFpMTAyNCUyMTJpNzY4JTIxNGYxMy4xJTIxM20zJTIxMW0yJTIxMXMweDEyOTc4OGUzNzJhZDQ0N2QlMjUzQTB4ZjA5ZDNhMjgxZWNlMTA0ZiUyMTJzQ2FtcG8lMjUyMERlJTI1MjBGJTI1QzMlMjVCQXRib2wlMjUyMFNvbiUyNTIwRmVycmVyJTIxNWUwJTIxM20yJTIxMXNlcyUyMTJzZXMlMjE0djE1ODYxNzM1NTE5ODQlMjE1bTIlMjExc2VzJTIxMnNlcyUyMiUyMHdpZHRoJTNEJTIyNjAwJTIyJTIwaGVpZ2h0JTNEJTIyNDUwJTIyJTIwZnJhbWVib3JkZXIlM0QlMjIwJTIyJTIwc3R5bGUlM0QlMjJib3JkZXIlM0EwJTNCJTIyJTIwYWxsb3dmdWxsc2NyZWVuJTNEJTIyJTIyJTIwYXJpYS1oaWRkZW4lM0QlMjJmYWxzZSUyMiUyMHRhYmluZGV4JTNEJTIyMCUyMiUzRSUzQyUyRmlmcmFtZSUzRQ==&#8221;][vc_empty_space height=&#8221;20px&#8221;][vc_column_text]Carretera del Toro, s.n , Son Ferrer, Calvi\u00e0, Mallorca, Illes Balears, Espanya. CP: 07181[\/vc_column_text][vc_empty_space height=&#8221;30px&#8221;]<\/div><div class=\"qodef-tab-container\" id=\"tab-serveis-609\"><div class=\"qodef-section-title-holder  qodef-st-standard qodef-st-title-left qodef-st-normal-space  qodef-st-with-border\" style=\"text-align: left\">\n\t<div class=\"qodef-st-inner\">\n\t\t\t\t\t<h2 class=\"qodef-st-title\" >\n\t\t\t\tServeis associats - Son Ferrer\t\t\t<\/h2>\n\t\t\t\t\t<\/div>\n<\/div>[vc_empty_space height=&#8221;20px&#8221;]<a itemprop=\"url\" href=\"#\" target=\"_self\" style=\"color: #000000;text-transform: capitalize\" class=\"qodef-btn qodef-btn-medium qodef-btn-simple qodef-btn-icon change-background\"  >\n    <span class=\"qodef-btn-text\">Piscina coberta de 25 m<\/span>\n    <i class=\"qodef-icon-font-awesome fa fa-chevron-right \" ><\/i><\/a>[vc_empty_space height=&#8221;10px&#8221;]<a itemprop=\"url\" href=\"#\" target=\"_self\" style=\"color: #000000;text-transform: capitalize\" class=\"qodef-btn qodef-btn-medium qodef-btn-simple qodef-btn-icon change-background\"  >\n    <span class=\"qodef-btn-text\">M\u00f2dul poliesportiu interior<\/span>\n    <i class=\"qodef-icon-font-awesome fa fa-chevron-right \" ><\/i><\/a>[vc_empty_space height=&#8221;10px&#8221;]<a itemprop=\"url\" href=\"#\" target=\"_self\" style=\"color: #000000;text-transform: capitalize\" class=\"qodef-btn qodef-btn-medium qodef-btn-simple qodef-btn-icon change-background\"  >\n    <span class=\"qodef-btn-text\">Gimnas<\/span>\n    <i class=\"qodef-icon-font-awesome fa fa-chevron-right \" ><\/i><\/a>[vc_empty_space height=&#8221;10px&#8221;]<a itemprop=\"url\" href=\"https:\/\/visitcalvia.org\/ca\/atletisme\/\" target=\"_self\" style=\"color: #000000;text-transform: capitalize\" class=\"qodef-btn qodef-btn-medium qodef-btn-simple qodef-btn-icon change-background\"  >\n    <span class=\"qodef-btn-text\">Pista d\u2019atletisme<\/span>\n    <i class=\"qodef-icon-font-awesome fa fa-chevron-right \" ><\/i><\/a>[vc_empty_space height=&#8221;30px&#8221;]<\/div><div class=\"qodef-tab-container\" id=\"tab-galeria-673\"><div class=\"qodef-section-title-holder  qodef-st-standard qodef-st-title-left qodef-st-normal-space  qodef-st-with-border\" style=\"text-align: left\">\n\t<div class=\"qodef-st-inner\">\n\t\t\t\t\t<h2 class=\"qodef-st-title\" >\n\t\t\t\tGaleria Camp de futbol Son Ferrer\t\t\t<\/h2>\n\t\t\t\t\t<\/div>\n<\/div>[vc_empty_space height=&#8221;20px&#8221;]<div class=\"qodef-image-gallery  qodef-ig-grid-type qodef-tiny-space  qodef-image-behavior-lightbox\">\n\t<div class=\"qodef-ig-inner qodef-outer-space qodef-ig-grid qodef-ig-two-columns\">\n\t\t\t\t\t<div class=\"qodef-ig-image qodef-item-space\">\n\t\t\t\t<div class=\"qodef-ig-image-inner\">\n\t\t\t\t\t\t\t\t\t\t\t<a itemprop=\"image\" class=\"qodef-ig-lightbox\" href=\"https:\/\/i0.wp.com\/visitcalvia.org\/wp-content\/uploads\/2020\/04\/Son-Ferrer-Futbol-03.jpg?fit=1600%2C898&#038;ssl=1\" data-rel=\"prettyPhoto[image_gallery_pretty_photo-391]\" title=\"Son Ferrer &#8211; Futbol\">\n\t\t\t\t\t\t\t\t\t\t\t<img decoding=\"async\" width=\"1600\" height=\"898\" src=\"https:\/\/i0.wp.com\/visitcalvia.org\/wp-content\/uploads\/2020\/04\/Son-Ferrer-Futbol-03.jpg?fit=1600%2C898&amp;ssl=1\" class=\"attachment-full size-full\" alt=\"Entrenar f\u00fatbol en Mallorca. Son Ferrer - Futbol\" srcset=\"https:\/\/i0.wp.com\/visitcalvia.org\/wp-content\/uploads\/2020\/04\/Son-Ferrer-Futbol-03.jpg?w=1600&amp;ssl=1 1600w, https:\/\/i0.wp.com\/visitcalvia.org\/wp-content\/uploads\/2020\/04\/Son-Ferrer-Futbol-03.jpg?resize=300%2C168&amp;ssl=1 300w, https:\/\/i0.wp.com\/visitcalvia.org\/wp-content\/uploads\/2020\/04\/Son-Ferrer-Futbol-03.jpg?resize=1024%2C575&amp;ssl=1 1024w, https:\/\/i0.wp.com\/visitcalvia.org\/wp-content\/uploads\/2020\/04\/Son-Ferrer-Futbol-03.jpg?resize=768%2C431&amp;ssl=1 768w, https:\/\/i0.wp.com\/visitcalvia.org\/wp-content\/uploads\/2020\/04\/Son-Ferrer-Futbol-03.jpg?resize=1536%2C862&amp;ssl=1 1536w, https:\/\/i0.wp.com\/visitcalvia.org\/wp-content\/uploads\/2020\/04\/Son-Ferrer-Futbol-03.jpg?resize=1200%2C674&amp;ssl=1 1200w, https:\/\/i0.wp.com\/visitcalvia.org\/wp-content\/uploads\/2020\/04\/Son-Ferrer-Futbol-03.jpg?resize=600%2C337&amp;ssl=1 600w, https:\/\/i0.wp.com\/visitcalvia.org\/wp-content\/uploads\/2020\/04\/Son-Ferrer-Futbol-03.jpg?resize=64%2C36&amp;ssl=1 64w\" sizes=\"(max-width: 1100px) 100vw, 1100px\" data-attachment-id=\"3381\" data-permalink=\"https:\/\/visitcalvia.org\/ca\/futbol-en-calvia-mallorca\/son-ferrer-futbol-03\/\" data-orig-file=\"https:\/\/i0.wp.com\/visitcalvia.org\/wp-content\/uploads\/2020\/04\/Son-Ferrer-Futbol-03.jpg?fit=1600%2C898&amp;ssl=1\" data-orig-size=\"1600,898\" data-comments-opened=\"1\" data-image-meta=\"{&quot;aperture&quot;:&quot;0&quot;,&quot;credit&quot;:&quot;&quot;,&quot;camera&quot;:&quot;&quot;,&quot;caption&quot;:&quot;&quot;,&quot;created_timestamp&quot;:&quot;0&quot;,&quot;copyright&quot;:&quot;&quot;,&quot;focal_length&quot;:&quot;0&quot;,&quot;iso&quot;:&quot;0&quot;,&quot;shutter_speed&quot;:&quot;0&quot;,&quot;title&quot;:&quot;&quot;,&quot;orientation&quot;:&quot;1&quot;}\" data-image-title=\"Son Ferrer &amp;#8211; Futbol\" data-image-description=\"\" data-image-caption=\"\" data-large-file=\"https:\/\/i0.wp.com\/visitcalvia.org\/wp-content\/uploads\/2020\/04\/Son-Ferrer-Futbol-03.jpg?fit=1024%2C575&amp;ssl=1\" \/>\t\t\t\t\t\t\t\t\t\t\t<\/a>\n\t\t\t\t\t\t\t\t\t<\/div>\n\t\t\t<\/div>\n\t\t\t\t\t<div class=\"qodef-ig-image qodef-item-space\">\n\t\t\t\t<div class=\"qodef-ig-image-inner\">\n\t\t\t\t\t\t\t\t\t\t\t<a itemprop=\"image\" class=\"qodef-ig-lightbox\" href=\"https:\/\/i0.wp.com\/visitcalvia.org\/wp-content\/uploads\/2020\/04\/Son-Ferrer-Futbol-04.jpg?fit=1600%2C898&#038;ssl=1\" data-rel=\"prettyPhoto[image_gallery_pretty_photo-391]\" title=\"Son Ferrer &#8211; Futbol\">\n\t\t\t\t\t\t\t\t\t\t\t<img decoding=\"async\" width=\"1600\" height=\"898\" src=\"https:\/\/i0.wp.com\/visitcalvia.org\/wp-content\/uploads\/2020\/04\/Son-Ferrer-Futbol-04.jpg?fit=1600%2C898&amp;ssl=1\" class=\"attachment-full size-full\" alt=\"Entrenar f\u00fatbol en Mallorca. Campo de f\u00fatbol Son Ferrer. Camp de futbol Son Ferrer\" srcset=\"https:\/\/i0.wp.com\/visitcalvia.org\/wp-content\/uploads\/2020\/04\/Son-Ferrer-Futbol-04.jpg?w=1600&amp;ssl=1 1600w, https:\/\/i0.wp.com\/visitcalvia.org\/wp-content\/uploads\/2020\/04\/Son-Ferrer-Futbol-04.jpg?resize=300%2C168&amp;ssl=1 300w, https:\/\/i0.wp.com\/visitcalvia.org\/wp-content\/uploads\/2020\/04\/Son-Ferrer-Futbol-04.jpg?resize=1024%2C575&amp;ssl=1 1024w, https:\/\/i0.wp.com\/visitcalvia.org\/wp-content\/uploads\/2020\/04\/Son-Ferrer-Futbol-04.jpg?resize=768%2C431&amp;ssl=1 768w, https:\/\/i0.wp.com\/visitcalvia.org\/wp-content\/uploads\/2020\/04\/Son-Ferrer-Futbol-04.jpg?resize=1536%2C862&amp;ssl=1 1536w, https:\/\/i0.wp.com\/visitcalvia.org\/wp-content\/uploads\/2020\/04\/Son-Ferrer-Futbol-04.jpg?resize=1200%2C674&amp;ssl=1 1200w, https:\/\/i0.wp.com\/visitcalvia.org\/wp-content\/uploads\/2020\/04\/Son-Ferrer-Futbol-04.jpg?resize=600%2C337&amp;ssl=1 600w, https:\/\/i0.wp.com\/visitcalvia.org\/wp-content\/uploads\/2020\/04\/Son-Ferrer-Futbol-04.jpg?resize=64%2C36&amp;ssl=1 64w\" sizes=\"(max-width: 1100px) 100vw, 1100px\" data-attachment-id=\"3382\" data-permalink=\"https:\/\/visitcalvia.org\/ca\/futbol-en-calvia-mallorca\/son-ferrer-futbol-04\/\" data-orig-file=\"https:\/\/i0.wp.com\/visitcalvia.org\/wp-content\/uploads\/2020\/04\/Son-Ferrer-Futbol-04.jpg?fit=1600%2C898&amp;ssl=1\" data-orig-size=\"1600,898\" data-comments-opened=\"1\" data-image-meta=\"{&quot;aperture&quot;:&quot;0&quot;,&quot;credit&quot;:&quot;&quot;,&quot;camera&quot;:&quot;&quot;,&quot;caption&quot;:&quot;&quot;,&quot;created_timestamp&quot;:&quot;0&quot;,&quot;copyright&quot;:&quot;&quot;,&quot;focal_length&quot;:&quot;0&quot;,&quot;iso&quot;:&quot;0&quot;,&quot;shutter_speed&quot;:&quot;0&quot;,&quot;title&quot;:&quot;&quot;,&quot;orientation&quot;:&quot;1&quot;}\" data-image-title=\"Son Ferrer &amp;#8211; Futbol\" data-image-description=\"\" data-image-caption=\"\" data-large-file=\"https:\/\/i0.wp.com\/visitcalvia.org\/wp-content\/uploads\/2020\/04\/Son-Ferrer-Futbol-04.jpg?fit=1024%2C575&amp;ssl=1\" \/>\t\t\t\t\t\t\t\t\t\t\t<\/a>\n\t\t\t\t\t\t\t\t\t<\/div>\n\t\t\t<\/div>\n\t\t\t\t\t<div class=\"qodef-ig-image qodef-item-space\">\n\t\t\t\t<div class=\"qodef-ig-image-inner\">\n\t\t\t\t\t\t\t\t\t\t\t<a itemprop=\"image\" class=\"qodef-ig-lightbox\" href=\"https:\/\/i0.wp.com\/visitcalvia.org\/wp-content\/uploads\/2020\/04\/Son-Ferrer-Futbol-02.jpg?fit=1600%2C898&#038;ssl=1\" data-rel=\"prettyPhoto[image_gallery_pretty_photo-391]\" title=\"Son Ferrer &#8211; Futbol\">\n\t\t\t\t\t\t\t\t\t\t\t<img decoding=\"async\" width=\"1600\" height=\"898\" src=\"https:\/\/i0.wp.com\/visitcalvia.org\/wp-content\/uploads\/2020\/04\/Son-Ferrer-Futbol-02.jpg?fit=1600%2C898&amp;ssl=1\" class=\"attachment-full size-full\" alt=\"Entrenar f\u00fatbol en Mallorca. Son Ferrer - Futbol. Entrenar futbol a Mallorca\" srcset=\"https:\/\/i0.wp.com\/visitcalvia.org\/wp-content\/uploads\/2020\/04\/Son-Ferrer-Futbol-02.jpg?w=1600&amp;ssl=1 1600w, https:\/\/i0.wp.com\/visitcalvia.org\/wp-content\/uploads\/2020\/04\/Son-Ferrer-Futbol-02.jpg?resize=300%2C168&amp;ssl=1 300w, https:\/\/i0.wp.com\/visitcalvia.org\/wp-content\/uploads\/2020\/04\/Son-Ferrer-Futbol-02.jpg?resize=1024%2C575&amp;ssl=1 1024w, https:\/\/i0.wp.com\/visitcalvia.org\/wp-content\/uploads\/2020\/04\/Son-Ferrer-Futbol-02.jpg?resize=768%2C431&amp;ssl=1 768w, https:\/\/i0.wp.com\/visitcalvia.org\/wp-content\/uploads\/2020\/04\/Son-Ferrer-Futbol-02.jpg?resize=1536%2C862&amp;ssl=1 1536w, https:\/\/i0.wp.com\/visitcalvia.org\/wp-content\/uploads\/2020\/04\/Son-Ferrer-Futbol-02.jpg?resize=1200%2C674&amp;ssl=1 1200w, https:\/\/i0.wp.com\/visitcalvia.org\/wp-content\/uploads\/2020\/04\/Son-Ferrer-Futbol-02.jpg?resize=600%2C337&amp;ssl=1 600w, https:\/\/i0.wp.com\/visitcalvia.org\/wp-content\/uploads\/2020\/04\/Son-Ferrer-Futbol-02.jpg?resize=64%2C36&amp;ssl=1 64w\" sizes=\"(max-width: 1100px) 100vw, 1100px\" data-attachment-id=\"3380\" data-permalink=\"https:\/\/visitcalvia.org\/ca\/futbol-en-calvia-mallorca\/son-ferrer-futbol-02\/\" data-orig-file=\"https:\/\/i0.wp.com\/visitcalvia.org\/wp-content\/uploads\/2020\/04\/Son-Ferrer-Futbol-02.jpg?fit=1600%2C898&amp;ssl=1\" data-orig-size=\"1600,898\" data-comments-opened=\"1\" data-image-meta=\"{&quot;aperture&quot;:&quot;0&quot;,&quot;credit&quot;:&quot;&quot;,&quot;camera&quot;:&quot;&quot;,&quot;caption&quot;:&quot;&quot;,&quot;created_timestamp&quot;:&quot;0&quot;,&quot;copyright&quot;:&quot;&quot;,&quot;focal_length&quot;:&quot;0&quot;,&quot;iso&quot;:&quot;0&quot;,&quot;shutter_speed&quot;:&quot;0&quot;,&quot;title&quot;:&quot;&quot;,&quot;orientation&quot;:&quot;1&quot;}\" data-image-title=\"Son Ferrer &amp;#8211; Futbol\" data-image-description=\"\" data-image-caption=\"\" data-large-file=\"https:\/\/i0.wp.com\/visitcalvia.org\/wp-content\/uploads\/2020\/04\/Son-Ferrer-Futbol-02.jpg?fit=1024%2C575&amp;ssl=1\" \/>\t\t\t\t\t\t\t\t\t\t\t<\/a>\n\t\t\t\t\t\t\t\t\t<\/div>\n\t\t\t<\/div>\n\t\t\t\t\t<div class=\"qodef-ig-image qodef-item-space\">\n\t\t\t\t<div class=\"qodef-ig-image-inner\">\n\t\t\t\t\t\t\t\t\t\t\t<a itemprop=\"image\" class=\"qodef-ig-lightbox\" href=\"https:\/\/i0.wp.com\/visitcalvia.org\/wp-content\/uploads\/2020\/04\/Son-Ferrer-Futbol-01.jpg?fit=1600%2C898&#038;ssl=1\" data-rel=\"prettyPhoto[image_gallery_pretty_photo-391]\" title=\"Son Ferrer &#8211; Futbol\">\n\t\t\t\t\t\t\t\t\t\t\t<img decoding=\"async\" width=\"1600\" height=\"898\" src=\"https:\/\/i0.wp.com\/visitcalvia.org\/wp-content\/uploads\/2020\/04\/Son-Ferrer-Futbol-01.jpg?fit=1600%2C898&amp;ssl=1\" class=\"attachment-full size-full\" alt=\"Entrenar f\u00fatbol en Mallorca. Son Ferrer - Futbol\" srcset=\"https:\/\/i0.wp.com\/visitcalvia.org\/wp-content\/uploads\/2020\/04\/Son-Ferrer-Futbol-01.jpg?w=1600&amp;ssl=1 1600w, https:\/\/i0.wp.com\/visitcalvia.org\/wp-content\/uploads\/2020\/04\/Son-Ferrer-Futbol-01.jpg?resize=300%2C168&amp;ssl=1 300w, https:\/\/i0.wp.com\/visitcalvia.org\/wp-content\/uploads\/2020\/04\/Son-Ferrer-Futbol-01.jpg?resize=1024%2C575&amp;ssl=1 1024w, https:\/\/i0.wp.com\/visitcalvia.org\/wp-content\/uploads\/2020\/04\/Son-Ferrer-Futbol-01.jpg?resize=768%2C431&amp;ssl=1 768w, https:\/\/i0.wp.com\/visitcalvia.org\/wp-content\/uploads\/2020\/04\/Son-Ferrer-Futbol-01.jpg?resize=1536%2C862&amp;ssl=1 1536w, https:\/\/i0.wp.com\/visitcalvia.org\/wp-content\/uploads\/2020\/04\/Son-Ferrer-Futbol-01.jpg?resize=1200%2C674&amp;ssl=1 1200w, https:\/\/i0.wp.com\/visitcalvia.org\/wp-content\/uploads\/2020\/04\/Son-Ferrer-Futbol-01.jpg?resize=600%2C337&amp;ssl=1 600w, https:\/\/i0.wp.com\/visitcalvia.org\/wp-content\/uploads\/2020\/04\/Son-Ferrer-Futbol-01.jpg?resize=64%2C36&amp;ssl=1 64w\" sizes=\"(max-width: 1100px) 100vw, 1100px\" data-attachment-id=\"3379\" data-permalink=\"https:\/\/visitcalvia.org\/ca\/futbol-en-calvia-mallorca\/son-ferrer-futbol-01\/\" data-orig-file=\"https:\/\/i0.wp.com\/visitcalvia.org\/wp-content\/uploads\/2020\/04\/Son-Ferrer-Futbol-01.jpg?fit=1600%2C898&amp;ssl=1\" data-orig-size=\"1600,898\" data-comments-opened=\"1\" data-image-meta=\"{&quot;aperture&quot;:&quot;0&quot;,&quot;credit&quot;:&quot;&quot;,&quot;camera&quot;:&quot;&quot;,&quot;caption&quot;:&quot;&quot;,&quot;created_timestamp&quot;:&quot;0&quot;,&quot;copyright&quot;:&quot;&quot;,&quot;focal_length&quot;:&quot;0&quot;,&quot;iso&quot;:&quot;0&quot;,&quot;shutter_speed&quot;:&quot;0&quot;,&quot;title&quot;:&quot;&quot;,&quot;orientation&quot;:&quot;1&quot;}\" data-image-title=\"Son Ferrer &amp;#8211; Futbol\" data-image-description=\"\" data-image-caption=\"\" data-large-file=\"https:\/\/i0.wp.com\/visitcalvia.org\/wp-content\/uploads\/2020\/04\/Son-Ferrer-Futbol-01.jpg?fit=1024%2C575&amp;ssl=1\" \/>\t\t\t\t\t\t\t\t\t\t\t<\/a>\n\t\t\t\t\t\t\t\t\t<\/div>\n\t\t\t<\/div>\n\t\t\t<\/div>\n<\/div>[vc_empty_space height=&#8221;30px&#8221;]<\/div><div class=\"qodef-tab-container\" id=\"tab-reservar-125\"><div class=\"qodef-elements-holder   qodef-one-column  qodef-responsive-mode-768 qodef-one-column-alignment-right\" ><div class=\"qodef-eh-item   qodef-horizontal-alignment-right  \"  data-item-class=\"qodef-eh-custom-1765\" data-1280-1600=\"0 12% 15px 31%\" data-1024-1280=\"0 12% 15px 24%\" data-768-1024=\"48px 25% 70px 35%\" data-680-768=\"48px 12% 70px 35%\" data-680=\"50px 8% 70px 10%\">\n\t<div class=\"qodef-eh-item-inner\">\n\t\t<div class=\"qodef-eh-item-content qodef-eh-custom-1765\" style=\"padding: 0 12% 20px 35%\">\n\t\t\t[vc_column_text]<\/p>\n<h2 style=\"text-align: right;\">Camp de futbol <strong>Son Ferrer<\/strong><\/h2>\n<p style=\"text-align: right; font-family: Montserrat; margin-top: -18px; margin-bottom: 16px;\"><span class=\"change-second-color\" style=\"color: #ff0030;\"><em>Visit Calvi\u00e0<\/em><\/span><\/p>\n<p style=\"text-align: right; margin-bottom: 16px;\">Aqu\u00ed pots fer la reserva<\/p>\n<p>[\/vc_column_text]<a itemprop=\"url\" href=\"https:\/\/docs.google.com\/forms\/d\/e\/1FAIpQLSdlN3_jfNXQmmvwJHWfeJ3wj8PZpU51KVQLOUTDJWVCFiPb2w\/viewform\" target=\"_self\" style=\"color: #000000;background-color: #9bc535\" class=\"qodef-btn qodef-btn-medium qodef-btn-solid qodef-btn-icon change-background\"  >\n    <span class=\"qodef-btn-text\">RESERVAR<\/span>\n    <i class=\"qodef-icon-font-awesome fa fa-chevron-right \" ><\/i><\/a>\t\t<\/div>\n\t<\/div>\n\t<\/div><\/div><\/div><\/div>[vc_empty_space height=&#8221;30px&#8221;]<div class=\"qodef-separator-holder clearfix  qodef-separator-center \">\n\t<div class=\"qodef-separator\" style=\"border-color: #868686;border-style: dashed;width: 100%;border-bottom-width: 1px\"><\/div>\n<\/div>\n<div class=\"qodef-separator-holder clearfix change-color qodef-separator-center \">\n\t<div class=\"qodef-separator\" style=\"border-color: #9bc535;border-style: solid;width: 100%;border-bottom-width: 3px\"><\/div>\n<\/div>\n[\/vc_column][\/vc_row][vc_row row_content_width=&#8221;grid&#8221; css=&#8221;.vc_custom_1585911485848{margin-top: 10px !important;padding-bottom: 50px !important;}&#8221;][vc_column]<div class=\"qodef-tabs  qodef-tabs-standard\">\n\t<ul class=\"qodef-tabs-nav clearfix\">\n\t\t\t\t\t<li>\n\t\t\t\t\t\t\t\t\t<a href=\"#tab-descripcio\">DESCRIPCI\u00d3<\/a>\n\t\t\t\t\t\t\t<\/li>\n\t\t\t\t\t<li>\n\t\t\t\t\t\t\t\t\t<a href=\"#tab-ubicacio\">UBICACI\u00d3<\/a>\n\t\t\t\t\t\t\t<\/li>\n\t\t\t\t\t<li>\n\t\t\t\t\t\t\t\t\t<a href=\"#tab-servicios\">SERVICIOS<\/a>\n\t\t\t\t\t\t\t<\/li>\n\t\t\t\t\t<li>\n\t\t\t\t\t\t\t\t\t<a href=\"#tab-galeria\">GALERIA<\/a>\n\t\t\t\t\t\t\t<\/li>\n\t\t\t\t\t<li>\n\t\t\t\t\t\t\t\t\t<a href=\"#tab-reservar\">RESERVAR<\/a>\n\t\t\t\t\t\t\t<\/li>\n\t\t\t<\/ul>\n\t<div class=\"qodef-tab-container\" id=\"tab-descripcio-764\"><div class=\"qodef-section-title-holder  qodef-st-standard qodef-st-title-left qodef-st-normal-space qodef-st-disable-title-break qodef-st-with-border\" style=\"text-align: left\">\n\t<div class=\"qodef-st-inner\">\n\t\t\t\t\t<h2 class=\"qodef-st-title\" >\n\t\t\t\tCampo de <span class=\"qodef-st-title-bold\">futbol<\/span> <span class=\"qodef-st-title-bold\">-<\/span><br \/> <span class=\"qodef-st-title-bold\">Calvi\u00e0<\/span>\t\t\t<\/h2>\n\t\t\t\t\t<\/div>\n<\/div>[vc_empty_space height=&#8221;20px&#8221;][vc_single_image image=&#8221;8269&#8243; img_size=&#8221;full&#8221;][vc_empty_space height=&#8221;20px&#8221;][vc_column_text]El petit poble de Calvi\u00e0 se situa a 7 km de <a href=\"https:\/\/visitcalvia.org\/ca\/santaponsa\/\">Santa\u00a0Pon\u00e7a<\/a>, 8 de\u00a0<a href=\"https:\/\/visitcalvia.org\/ca\/palmanova\/\">Palmanova<\/a>\u00a0i 10 des de\u00a0<a href=\"https:\/\/visitcalvia.org\/ca\/peguera\/\">Peguera<\/a>. \u00c9s all\u00e0 on trobam el camp de futbol de gespa artificial de Calvi\u00e0, que forma part d&#8217;un complex esportiu que inclou altres instal\u00b7lacions com: pista interior multiesport (futbol sala, b\u00e0squet, voley&#8230;), piscina coberta de 25 m, gimn\u00e0s, pistes de tennis, camp de futbol sala exterior i pista d&#8217;atletisme (per a desc\u00e0rrega).<\/p>\n<p>Un camp de futbol excel\u00b7lent a una ubicaci\u00f3 ideal per a dur a terme stages de pretemporada en les quals es busqui tranquil\u00b7litat, entorn natural i ser entrenaments i partits a causa de les seves especialitats caracter\u00edstiques:<\/p>\n<ul>\n<li>Tranquil\u00b7litat i a\u00efllament que ofereix la zona.<\/li>\n<li>Serveis associats (pistes interiors, gimn\u00e0s, piscina&#8230;).<\/li>\n<li>Entorn d&#8217;interior, privilegiat al peu de la Serra de Tramuntana.<\/li>\n<li>A 15 minuts de Palma.<\/li>\n<li>A 20 minuts de l&#8217;Aeroport.<\/li>\n<\/ul>\n<p>Entrenar futbol a Mallorca. Calvi\u00e0, tot el que necessites per a la teva pretemporada perfecta[\/vc_column_text][vc_empty_space height=&#8221;10px&#8221;]<div class=\"qodef-iwt clearfix  qodef-iwt-icon-left-from-title qodef-iwt-icon-tiny\">\n\t<div class=\"qodef-iwt-content\" >\n\t\t\t\t\t<h5 class=\"qodef-iwt-title\" >\n\t\t\t\t\t\t\t\t\t<a itemprop=\"url\" href=\"#\" target=\"_self\">\n\t\t\t\t\t\t\t\t\t<span class=\"qodef-iwt-icon\">\n\t\t\t\t\t\t\t\t\t\t\t\t\t    <span class=\"qodef-icon-shortcode qodef-circle   qodef-icon-tiny\" style=\"width: 30px;height: 30px;line-height: 30px;background-color: #9bc535\" data-hover-color=\"#ffffff\" data-color=\"#ffffff\">\n                    <i class=\"qodef-icon-font-awesome fa fa-arrows-h qodef-icon-element\" style=\"color: #ffffff\" ><\/i>            <\/span>\n\t\t\t\t\t\t\t\t\t\t\t<\/span>\n\t\t\t\t\t<span class=\"qodef-iwt-title-text\">Mesures: camp 100 x 60 m \/ terreny de joc: 99x59 m<\/span>\n\t\t\t\t\t\t\t\t\t<\/a>\n\t\t\t\t\t\t\t<\/h5>\n\t\t\t\t\t<\/div>\n<\/div>[vc_empty_space height=&#8221;10px&#8221;]<div class=\"qodef-iwt clearfix  qodef-iwt-icon-left-from-title qodef-iwt-icon-tiny\">\n\t<div class=\"qodef-iwt-content\" >\n\t\t\t\t\t<h5 class=\"qodef-iwt-title\" >\n\t\t\t\t\t\t\t\t\t<a itemprop=\"url\" href=\"#\" target=\"_self\">\n\t\t\t\t\t\t\t\t\t<span class=\"qodef-iwt-icon\">\n\t\t\t\t\t\t\t\t\t\t\t\t\t    <span class=\"qodef-icon-shortcode qodef-circle   qodef-icon-tiny\" style=\"width: 30px;height: 30px;line-height: 30px;background-color: #9bc535\" data-hover-color=\"#ffffff\" data-color=\"#ffffff\">\n                    <i class=\"qodef-icon-font-awesome fa fa-futbol-o qodef-icon-element\" style=\"color: #ffffff\" ><\/i>            <\/span>\n\t\t\t\t\t\t\t\t\t\t\t<\/span>\n\t\t\t\t\t<span class=\"qodef-iwt-title-text\">Activitats: futbol 11 \/ futbol 7<\/span>\n\t\t\t\t\t\t\t\t\t<\/a>\n\t\t\t\t\t\t\t<\/h5>\n\t\t\t\t\t<\/div>\n<\/div>[vc_empty_space height=&#8221;10px&#8221;]<div class=\"qodef-iwt clearfix  qodef-iwt-icon-left-from-title qodef-iwt-icon-tiny\">\n\t<div class=\"qodef-iwt-content\" >\n\t\t\t\t\t<h5 class=\"qodef-iwt-title\" >\n\t\t\t\t\t\t\t\t\t<a itemprop=\"url\" href=\"#\" target=\"_self\">\n\t\t\t\t\t\t\t\t\t<span class=\"qodef-iwt-icon\">\n\t\t\t\t\t\t\t\t\t\t\t\t\t    <span class=\"qodef-icon-shortcode qodef-circle   qodef-icon-tiny\" style=\"width: 30px;height: 30px;line-height: 30px;background-color: #9bc535\" data-hover-color=\"#ffffff\" data-color=\"#ffffff\">\n                    <i class=\"qodef-icon-font-awesome fa fa-lightbulb-o qodef-icon-element\" style=\"color: #ffffff\" ><\/i>            <\/span>\n\t\t\t\t\t\t\t\t\t\t\t<\/span>\n\t\t\t\t\t<span class=\"qodef-iwt-title-text\">Il\u00b7luminaci\u00f3 artificial: s\u00ed<\/span>\n\t\t\t\t\t\t\t\t\t<\/a>\n\t\t\t\t\t\t\t<\/h5>\n\t\t\t\t\t<\/div>\n<\/div>[vc_empty_space height=&#8221;10px&#8221;]<div class=\"qodef-iwt clearfix  qodef-iwt-icon-left-from-title qodef-iwt-icon-tiny\">\n\t<div class=\"qodef-iwt-content\" >\n\t\t\t\t\t<h5 class=\"qodef-iwt-title\" >\n\t\t\t\t\t\t\t\t\t<a itemprop=\"url\" href=\"#\" target=\"_self\">\n\t\t\t\t\t\t\t\t\t<span class=\"qodef-iwt-icon\">\n\t\t\t\t\t\t\t\t\t\t\t\t\t    <span class=\"qodef-icon-shortcode qodef-circle   qodef-icon-tiny\" style=\"width: 30px;height: 30px;line-height: 30px;background-color: #9bc535\" data-hover-color=\"#ffffff\" data-color=\"#ffffff\">\n                    <i class=\"qodef-icon-font-awesome fa fa-compress qodef-icon-element\" style=\"color: #ffffff\" ><\/i>            <\/span>\n\t\t\t\t\t\t\t\t\t\t\t<\/span>\n\t\t\t\t\t<span class=\"qodef-iwt-title-text\">Graderies: S\u00ed (300 pax)<\/span>\n\t\t\t\t\t\t\t\t\t<\/a>\n\t\t\t\t\t\t\t<\/h5>\n\t\t\t\t\t<\/div>\n<\/div>[vc_empty_space height=&#8221;10px&#8221;]<div class=\"qodef-iwt clearfix  qodef-iwt-icon-left-from-title qodef-iwt-icon-tiny\">\n\t<div class=\"qodef-iwt-content\" >\n\t\t\t\t\t<h5 class=\"qodef-iwt-title\" >\n\t\t\t\t\t\t\t\t\t<a itemprop=\"url\" href=\"#\" target=\"_self\">\n\t\t\t\t\t\t\t\t\t<span class=\"qodef-iwt-icon\">\n\t\t\t\t\t\t\t\t\t\t\t\t\t    <span class=\"qodef-icon-shortcode qodef-circle   qodef-icon-tiny\" style=\"width: 30px;height: 30px;line-height: 30px;background-color: #9bc535\" data-hover-color=\"#ffffff\" data-color=\"#ffffff\">\n                    <i class=\"qodef-icon-font-awesome fa fa-shower qodef-icon-element\" style=\"color: #ffffff\" ><\/i>            <\/span>\n\t\t\t\t\t\t\t\t\t\t\t<\/span>\n\t\t\t\t\t<span class=\"qodef-iwt-title-text\">Vestidors: 4 col\u00b7lectius + vestidor d&#039;\u00e0rbitres, fisios, etc.<\/span>\n\t\t\t\t\t\t\t\t\t<\/a>\n\t\t\t\t\t\t\t<\/h5>\n\t\t\t\t\t<\/div>\n<\/div>[vc_empty_space height=&#8221;10px&#8221;][vc_column_text]<\/p>\n<p class=\"titulo2\"><span class=\"descripcion\"><strong><span style=\"vertical-align: inherit;\"><span style=\"vertical-align: inherit;\">Contacte: <\/span><\/span><\/strong><span style=\"vertical-align: inherit;\"><span style=\"vertical-align: inherit;\">ice@calvia.com<\/span><\/span><\/span><\/p>\n<p>[\/vc_column_text][vc_empty_space height=&#8221;30px&#8221;]<\/div><div class=\"qodef-tab-container\" id=\"tab-ubicacio-228\"><div class=\"qodef-section-title-holder  qodef-st-standard qodef-st-title-left qodef-st-normal-space  qodef-st-with-border\" style=\"text-align: left\">\n\t<div class=\"qodef-st-inner\">\n\t\t\t\t\t<h2 class=\"qodef-st-title\" >\n\t\t\t\tUbicaci\u00f3 Camp de futbol Calvi\u00e0\t\t\t<\/h2>\n\t\t\t\t\t<\/div>\n<\/div>[vc_empty_space height=&#8221;20px&#8221;][vc_gmaps link=&#8221;#E-8_JTNDaWZyYW1lJTIwc3JjJTNEJTIyaHR0cHMlM0ElMkYlMkZ3d3cuZ29vZ2xlLmNvbSUyRm1hcHMlMkZkJTJGdSUyRjIlMkZlbWJlZCUzRm1pZCUzRDFLd1ptc2lEVGtfZlBHUXBmWmxIS2JtV3lpWVRSMWFpRCUyMiUyMHdpZHRoJTNEJTIyNjQwJTIyJTIwaGVpZ2h0JTNEJTIyNDgwJTIyJTNFJTNDJTJGaWZyYW1lJTNFZnJhbWVib3JkZXIlM0QlMjIwJTIyJTIwc3R5bGUlM0QlMjJib3JkZXIlM0EwJTNCJTIyJTIwYWxsb3dmdWxsc2NyZWVuJTNEJTIyJTIyJTIwYXJpYS1oaWRkZW4lM0QlMjJmYWxzZSUyMiUyMHRhYmluZGV4JTNEJTIyMCUyMiUzRSUzQyUyRmlmcmFtZSUzRQ==&#8221;][vc_empty_space height=&#8221;20px&#8221;][vc_column_text]Carretera Calvi\u00e0 &#8211; Es Capdell\u00e0, s\/n, Calvi\u00e0, Mallorca, Illes Balears, Espanya. CP: 07184[\/vc_column_text][vc_empty_space height=&#8221;30px&#8221;]<\/div><div class=\"qodef-tab-container\" id=\"tab-servicios-867\"><div class=\"qodef-section-title-holder  qodef-st-standard qodef-st-title-left qodef-st-normal-space  qodef-st-with-border\" style=\"text-align: left\">\n\t<div class=\"qodef-st-inner\">\n\t\t\t\t\t<h2 class=\"qodef-st-title\" >\n\t\t\t\tServeis associats - Calvi\u00e0\t\t\t<\/h2>\n\t\t\t\t\t<\/div>\n<\/div>[vc_empty_space height=&#8221;20px&#8221;]<a itemprop=\"url\" href=\"#\" target=\"_self\" style=\"color: #000000;text-transform: capitalize\" class=\"qodef-btn qodef-btn-medium qodef-btn-simple qodef-btn-icon change-background\"  >\n    <span class=\"qodef-btn-text\">Piscina coberta de 25 m (con 6 carrils)<\/span>\n    <i class=\"qodef-icon-font-awesome fa fa-chevron-right \" ><\/i><\/a>[vc_empty_space height=&#8221;10px&#8221;]<a itemprop=\"url\" href=\"#\" target=\"_self\" style=\"color: #000000;text-transform: capitalize\" class=\"qodef-btn qodef-btn-medium qodef-btn-simple qodef-btn-icon change-background\"  >\n    <span class=\"qodef-btn-text\">Gimn\u00e0s<\/span>\n    <i class=\"qodef-icon-font-awesome fa fa-chevron-right \" ><\/i><\/a>[vc_empty_space height=&#8221;10px&#8221;]<a itemprop=\"url\" href=\"#\" target=\"_self\" style=\"color: #000000;text-transform: capitalize\" class=\"qodef-btn qodef-btn-medium qodef-btn-simple qodef-btn-icon change-background\"  >\n    <span class=\"qodef-btn-text\">Roc\u00f2drom<\/span>\n    <i class=\"qodef-icon-font-awesome fa fa-chevron-right \" ><\/i><\/a>[vc_empty_space height=&#8221;10px&#8221;]<a itemprop=\"url\" href=\"#\" target=\"_self\" style=\"color: #000000;text-transform: capitalize\" class=\"qodef-btn qodef-btn-medium qodef-btn-simple qodef-btn-icon change-background\"  >\n    <span class=\"qodef-btn-text\">Recepci\u00f3<\/span>\n    <i class=\"qodef-icon-font-awesome fa fa-chevron-right \" ><\/i><\/a>[vc_empty_space height=&#8221;30px&#8221;]<\/div><div class=\"qodef-tab-container\" id=\"tab-galeria-894\"><div class=\"qodef-section-title-holder  qodef-st-standard qodef-st-title-left qodef-st-normal-space  qodef-st-with-border\" style=\"text-align: left\">\n\t<div class=\"qodef-st-inner\">\n\t\t\t\t\t<h2 class=\"qodef-st-title\" >\n\t\t\t\tGaleria Camp de futbol Calvi\u00e0\t\t\t<\/h2>\n\t\t\t\t\t<\/div>\n<\/div>[vc_empty_space height=&#8221;20px&#8221;]<div class=\"qodef-image-gallery  qodef-ig-grid-type qodef-tiny-space  qodef-image-behavior-lightbox\">\n\t<div class=\"qodef-ig-inner qodef-outer-space qodef-ig-grid qodef-ig-two-columns\">\n\t\t\t\t\t<div class=\"qodef-ig-image qodef-item-space\">\n\t\t\t\t<div class=\"qodef-ig-image-inner\">\n\t\t\t\t\t\t\t\t\t\t\t<a itemprop=\"image\" class=\"qodef-ig-lightbox\" href=\"https:\/\/i0.wp.com\/visitcalvia.org\/wp-content\/uploads\/2020\/04\/Futbol-calvia-02.jpg?fit=1600%2C898&#038;ssl=1\" data-rel=\"prettyPhoto[image_gallery_pretty_photo-839]\" title=\"Futbol-calvia\">\n\t\t\t\t\t\t\t\t\t\t\t<img decoding=\"async\" width=\"1600\" height=\"898\" src=\"https:\/\/i0.wp.com\/visitcalvia.org\/wp-content\/uploads\/2020\/04\/Futbol-calvia-02.jpg?fit=1600%2C898&amp;ssl=1\" class=\"attachment-full size-full\" alt=\"Futbol-calvia\" srcset=\"https:\/\/i0.wp.com\/visitcalvia.org\/wp-content\/uploads\/2020\/04\/Futbol-calvia-02.jpg?w=1600&amp;ssl=1 1600w, https:\/\/i0.wp.com\/visitcalvia.org\/wp-content\/uploads\/2020\/04\/Futbol-calvia-02.jpg?resize=300%2C168&amp;ssl=1 300w, https:\/\/i0.wp.com\/visitcalvia.org\/wp-content\/uploads\/2020\/04\/Futbol-calvia-02.jpg?resize=1024%2C575&amp;ssl=1 1024w, https:\/\/i0.wp.com\/visitcalvia.org\/wp-content\/uploads\/2020\/04\/Futbol-calvia-02.jpg?resize=768%2C431&amp;ssl=1 768w, https:\/\/i0.wp.com\/visitcalvia.org\/wp-content\/uploads\/2020\/04\/Futbol-calvia-02.jpg?resize=1536%2C862&amp;ssl=1 1536w, https:\/\/i0.wp.com\/visitcalvia.org\/wp-content\/uploads\/2020\/04\/Futbol-calvia-02.jpg?resize=1200%2C674&amp;ssl=1 1200w, https:\/\/i0.wp.com\/visitcalvia.org\/wp-content\/uploads\/2020\/04\/Futbol-calvia-02.jpg?resize=600%2C337&amp;ssl=1 600w, https:\/\/i0.wp.com\/visitcalvia.org\/wp-content\/uploads\/2020\/04\/Futbol-calvia-02.jpg?resize=64%2C36&amp;ssl=1 64w\" sizes=\"(max-width: 1100px) 100vw, 1100px\" data-attachment-id=\"3359\" data-permalink=\"https:\/\/visitcalvia.org\/ca\/futbol-en-calvia-mallorca\/futbol-calvia-02\/\" data-orig-file=\"https:\/\/i0.wp.com\/visitcalvia.org\/wp-content\/uploads\/2020\/04\/Futbol-calvia-02.jpg?fit=1600%2C898&amp;ssl=1\" data-orig-size=\"1600,898\" data-comments-opened=\"1\" data-image-meta=\"{&quot;aperture&quot;:&quot;0&quot;,&quot;credit&quot;:&quot;&quot;,&quot;camera&quot;:&quot;&quot;,&quot;caption&quot;:&quot;&quot;,&quot;created_timestamp&quot;:&quot;0&quot;,&quot;copyright&quot;:&quot;&quot;,&quot;focal_length&quot;:&quot;0&quot;,&quot;iso&quot;:&quot;0&quot;,&quot;shutter_speed&quot;:&quot;0&quot;,&quot;title&quot;:&quot;&quot;,&quot;orientation&quot;:&quot;1&quot;}\" data-image-title=\"Futbol-calvia\" data-image-description=\"\" data-image-caption=\"\" data-large-file=\"https:\/\/i0.wp.com\/visitcalvia.org\/wp-content\/uploads\/2020\/04\/Futbol-calvia-02.jpg?fit=1024%2C575&amp;ssl=1\" \/>\t\t\t\t\t\t\t\t\t\t\t<\/a>\n\t\t\t\t\t\t\t\t\t<\/div>\n\t\t\t<\/div>\n\t\t\t\t\t<div class=\"qodef-ig-image qodef-item-space\">\n\t\t\t\t<div class=\"qodef-ig-image-inner\">\n\t\t\t\t\t\t\t\t\t\t\t<a itemprop=\"image\" class=\"qodef-ig-lightbox\" href=\"https:\/\/i0.wp.com\/visitcalvia.org\/wp-content\/uploads\/2020\/04\/Futbol-calvia-01.jpg?fit=1600%2C898&#038;ssl=1\" data-rel=\"prettyPhoto[image_gallery_pretty_photo-839]\" title=\"Futbol-calvia\">\n\t\t\t\t\t\t\t\t\t\t\t<img decoding=\"async\" width=\"1600\" height=\"898\" src=\"https:\/\/i0.wp.com\/visitcalvia.org\/wp-content\/uploads\/2020\/04\/Futbol-calvia-01.jpg?fit=1600%2C898&amp;ssl=1\" class=\"attachment-full size-full\" alt=\"Futbol-calvia\" srcset=\"https:\/\/i0.wp.com\/visitcalvia.org\/wp-content\/uploads\/2020\/04\/Futbol-calvia-01.jpg?w=1600&amp;ssl=1 1600w, https:\/\/i0.wp.com\/visitcalvia.org\/wp-content\/uploads\/2020\/04\/Futbol-calvia-01.jpg?resize=300%2C168&amp;ssl=1 300w, https:\/\/i0.wp.com\/visitcalvia.org\/wp-content\/uploads\/2020\/04\/Futbol-calvia-01.jpg?resize=1024%2C575&amp;ssl=1 1024w, https:\/\/i0.wp.com\/visitcalvia.org\/wp-content\/uploads\/2020\/04\/Futbol-calvia-01.jpg?resize=768%2C431&amp;ssl=1 768w, https:\/\/i0.wp.com\/visitcalvia.org\/wp-content\/uploads\/2020\/04\/Futbol-calvia-01.jpg?resize=1536%2C862&amp;ssl=1 1536w, https:\/\/i0.wp.com\/visitcalvia.org\/wp-content\/uploads\/2020\/04\/Futbol-calvia-01.jpg?resize=1200%2C674&amp;ssl=1 1200w, https:\/\/i0.wp.com\/visitcalvia.org\/wp-content\/uploads\/2020\/04\/Futbol-calvia-01.jpg?resize=600%2C337&amp;ssl=1 600w, https:\/\/i0.wp.com\/visitcalvia.org\/wp-content\/uploads\/2020\/04\/Futbol-calvia-01.jpg?resize=64%2C36&amp;ssl=1 64w\" sizes=\"(max-width: 1100px) 100vw, 1100px\" data-attachment-id=\"3358\" data-permalink=\"https:\/\/visitcalvia.org\/ca\/futbol-en-calvia-mallorca\/futbol-calvia-01\/\" data-orig-file=\"https:\/\/i0.wp.com\/visitcalvia.org\/wp-content\/uploads\/2020\/04\/Futbol-calvia-01.jpg?fit=1600%2C898&amp;ssl=1\" data-orig-size=\"1600,898\" data-comments-opened=\"1\" data-image-meta=\"{&quot;aperture&quot;:&quot;0&quot;,&quot;credit&quot;:&quot;&quot;,&quot;camera&quot;:&quot;&quot;,&quot;caption&quot;:&quot;&quot;,&quot;created_timestamp&quot;:&quot;0&quot;,&quot;copyright&quot;:&quot;&quot;,&quot;focal_length&quot;:&quot;0&quot;,&quot;iso&quot;:&quot;0&quot;,&quot;shutter_speed&quot;:&quot;0&quot;,&quot;title&quot;:&quot;&quot;,&quot;orientation&quot;:&quot;1&quot;}\" data-image-title=\"Futbol-calvia\" data-image-description=\"\" data-image-caption=\"\" data-large-file=\"https:\/\/i0.wp.com\/visitcalvia.org\/wp-content\/uploads\/2020\/04\/Futbol-calvia-01.jpg?fit=1024%2C575&amp;ssl=1\" \/>\t\t\t\t\t\t\t\t\t\t\t<\/a>\n\t\t\t\t\t\t\t\t\t<\/div>\n\t\t\t<\/div>\n\t\t\t\t\t<div class=\"qodef-ig-image qodef-item-space\">\n\t\t\t\t<div class=\"qodef-ig-image-inner\">\n\t\t\t\t\t\t\t\t\t\t\t<a itemprop=\"image\" class=\"qodef-ig-lightbox\" href=\"https:\/\/i0.wp.com\/visitcalvia.org\/wp-content\/uploads\/2020\/04\/Futbol-calvia-04.jpg?fit=1600%2C898&#038;ssl=1\" data-rel=\"prettyPhoto[image_gallery_pretty_photo-839]\" title=\"Futbol-calvia\">\n\t\t\t\t\t\t\t\t\t\t\t<img decoding=\"async\" width=\"1600\" height=\"898\" src=\"https:\/\/i0.wp.com\/visitcalvia.org\/wp-content\/uploads\/2020\/04\/Futbol-calvia-04.jpg?fit=1600%2C898&amp;ssl=1\" class=\"attachment-full size-full\" alt=\"Futbol-calvia\" srcset=\"https:\/\/i0.wp.com\/visitcalvia.org\/wp-content\/uploads\/2020\/04\/Futbol-calvia-04.jpg?w=1600&amp;ssl=1 1600w, https:\/\/i0.wp.com\/visitcalvia.org\/wp-content\/uploads\/2020\/04\/Futbol-calvia-04.jpg?resize=300%2C168&amp;ssl=1 300w, https:\/\/i0.wp.com\/visitcalvia.org\/wp-content\/uploads\/2020\/04\/Futbol-calvia-04.jpg?resize=1024%2C575&amp;ssl=1 1024w, https:\/\/i0.wp.com\/visitcalvia.org\/wp-content\/uploads\/2020\/04\/Futbol-calvia-04.jpg?resize=768%2C431&amp;ssl=1 768w, https:\/\/i0.wp.com\/visitcalvia.org\/wp-content\/uploads\/2020\/04\/Futbol-calvia-04.jpg?resize=1536%2C862&amp;ssl=1 1536w, https:\/\/i0.wp.com\/visitcalvia.org\/wp-content\/uploads\/2020\/04\/Futbol-calvia-04.jpg?resize=1200%2C674&amp;ssl=1 1200w, https:\/\/i0.wp.com\/visitcalvia.org\/wp-content\/uploads\/2020\/04\/Futbol-calvia-04.jpg?resize=600%2C337&amp;ssl=1 600w, https:\/\/i0.wp.com\/visitcalvia.org\/wp-content\/uploads\/2020\/04\/Futbol-calvia-04.jpg?resize=64%2C36&amp;ssl=1 64w\" sizes=\"(max-width: 1100px) 100vw, 1100px\" data-attachment-id=\"3362\" data-permalink=\"https:\/\/visitcalvia.org\/ca\/futbol-en-calvia-mallorca\/futbol-calvia-04\/\" data-orig-file=\"https:\/\/i0.wp.com\/visitcalvia.org\/wp-content\/uploads\/2020\/04\/Futbol-calvia-04.jpg?fit=1600%2C898&amp;ssl=1\" data-orig-size=\"1600,898\" data-comments-opened=\"1\" data-image-meta=\"{&quot;aperture&quot;:&quot;0&quot;,&quot;credit&quot;:&quot;&quot;,&quot;camera&quot;:&quot;&quot;,&quot;caption&quot;:&quot;&quot;,&quot;created_timestamp&quot;:&quot;0&quot;,&quot;copyright&quot;:&quot;&quot;,&quot;focal_length&quot;:&quot;0&quot;,&quot;iso&quot;:&quot;0&quot;,&quot;shutter_speed&quot;:&quot;0&quot;,&quot;title&quot;:&quot;&quot;,&quot;orientation&quot;:&quot;1&quot;}\" data-image-title=\"Futbol-calvia\" data-image-description=\"\" data-image-caption=\"\" data-large-file=\"https:\/\/i0.wp.com\/visitcalvia.org\/wp-content\/uploads\/2020\/04\/Futbol-calvia-04.jpg?fit=1024%2C575&amp;ssl=1\" \/>\t\t\t\t\t\t\t\t\t\t\t<\/a>\n\t\t\t\t\t\t\t\t\t<\/div>\n\t\t\t<\/div>\n\t\t\t\t\t<div class=\"qodef-ig-image qodef-item-space\">\n\t\t\t\t<div class=\"qodef-ig-image-inner\">\n\t\t\t\t\t\t\t\t\t\t\t<a itemprop=\"image\" class=\"qodef-ig-lightbox\" href=\"https:\/\/i0.wp.com\/visitcalvia.org\/wp-content\/uploads\/2020\/04\/Futbol-calvia-03.jpg?fit=1600%2C898&#038;ssl=1\" data-rel=\"prettyPhoto[image_gallery_pretty_photo-839]\" title=\"Futbol-calvia\">\n\t\t\t\t\t\t\t\t\t\t\t<img decoding=\"async\" width=\"1600\" height=\"898\" src=\"https:\/\/i0.wp.com\/visitcalvia.org\/wp-content\/uploads\/2020\/04\/Futbol-calvia-03.jpg?fit=1600%2C898&amp;ssl=1\" class=\"attachment-full size-full\" alt=\"Futbol-calvia\" srcset=\"https:\/\/i0.wp.com\/visitcalvia.org\/wp-content\/uploads\/2020\/04\/Futbol-calvia-03.jpg?w=1600&amp;ssl=1 1600w, https:\/\/i0.wp.com\/visitcalvia.org\/wp-content\/uploads\/2020\/04\/Futbol-calvia-03.jpg?resize=300%2C168&amp;ssl=1 300w, https:\/\/i0.wp.com\/visitcalvia.org\/wp-content\/uploads\/2020\/04\/Futbol-calvia-03.jpg?resize=1024%2C575&amp;ssl=1 1024w, https:\/\/i0.wp.com\/visitcalvia.org\/wp-content\/uploads\/2020\/04\/Futbol-calvia-03.jpg?resize=768%2C431&amp;ssl=1 768w, https:\/\/i0.wp.com\/visitcalvia.org\/wp-content\/uploads\/2020\/04\/Futbol-calvia-03.jpg?resize=1536%2C862&amp;ssl=1 1536w, https:\/\/i0.wp.com\/visitcalvia.org\/wp-content\/uploads\/2020\/04\/Futbol-calvia-03.jpg?resize=1200%2C674&amp;ssl=1 1200w, https:\/\/i0.wp.com\/visitcalvia.org\/wp-content\/uploads\/2020\/04\/Futbol-calvia-03.jpg?resize=600%2C337&amp;ssl=1 600w, https:\/\/i0.wp.com\/visitcalvia.org\/wp-content\/uploads\/2020\/04\/Futbol-calvia-03.jpg?resize=64%2C36&amp;ssl=1 64w\" sizes=\"(max-width: 1100px) 100vw, 1100px\" data-attachment-id=\"3360\" data-permalink=\"https:\/\/visitcalvia.org\/ca\/futbol-en-calvia-mallorca\/futbol-calvia-03\/\" data-orig-file=\"https:\/\/i0.wp.com\/visitcalvia.org\/wp-content\/uploads\/2020\/04\/Futbol-calvia-03.jpg?fit=1600%2C898&amp;ssl=1\" data-orig-size=\"1600,898\" data-comments-opened=\"1\" data-image-meta=\"{&quot;aperture&quot;:&quot;0&quot;,&quot;credit&quot;:&quot;&quot;,&quot;camera&quot;:&quot;&quot;,&quot;caption&quot;:&quot;&quot;,&quot;created_timestamp&quot;:&quot;0&quot;,&quot;copyright&quot;:&quot;&quot;,&quot;focal_length&quot;:&quot;0&quot;,&quot;iso&quot;:&quot;0&quot;,&quot;shutter_speed&quot;:&quot;0&quot;,&quot;title&quot;:&quot;&quot;,&quot;orientation&quot;:&quot;1&quot;}\" data-image-title=\"Futbol-calvia\" data-image-description=\"\" data-image-caption=\"\" data-large-file=\"https:\/\/i0.wp.com\/visitcalvia.org\/wp-content\/uploads\/2020\/04\/Futbol-calvia-03.jpg?fit=1024%2C575&amp;ssl=1\" \/>\t\t\t\t\t\t\t\t\t\t\t<\/a>\n\t\t\t\t\t\t\t\t\t<\/div>\n\t\t\t<\/div>\n\t\t\t<\/div>\n<\/div>[vc_empty_space height=&#8221;30px&#8221;]<\/div><div class=\"qodef-tab-container\" id=\"tab-reservar-892\"><div class=\"qodef-elements-holder   qodef-one-column  qodef-responsive-mode-768 qodef-one-column-alignment-right\" ><div class=\"qodef-eh-item   qodef-horizontal-alignment-right  \"  data-item-class=\"qodef-eh-custom-2502\" data-1280-1600=\"0 12% 15px 31%\" data-1024-1280=\"0 12% 15px 24%\" data-768-1024=\"48px 25% 70px 35%\" data-680-768=\"48px 12% 70px 35%\" data-680=\"50px 8% 70px 10%\">\n\t<div class=\"qodef-eh-item-inner\">\n\t\t<div class=\"qodef-eh-item-content qodef-eh-custom-2502\" style=\"padding: 0 12% 20px 35%\">\n\t\t\t[vc_column_text]<\/p>\n<h2 style=\"text-align: right;\">Camp de futbol <strong>Calvi\u00e0<\/strong><\/h2>\n<p style=\"text-align: right; font-family: Montserrat; margin-top: -18px; margin-bottom: 16px;\"><span class=\"change-second-color\" style=\"color: #ff0030;\"><em>Visit Calvi\u00e0<\/em><\/span><\/p>\n<p style=\"text-align: right; margin-bottom: 16px;\">Aqu\u00ed pots fer la reserva<\/p>\n<p>[\/vc_column_text]<a itemprop=\"url\" href=\"https:\/\/docs.google.com\/forms\/d\/e\/1FAIpQLSdlN3_jfNXQmmvwJHWfeJ3wj8PZpU51KVQLOUTDJWVCFiPb2w\/viewform\" target=\"_self\" style=\"color: #000000;background-color: #9bc535\" class=\"qodef-btn qodef-btn-medium qodef-btn-solid qodef-btn-icon change-background\"  >\n    <span class=\"qodef-btn-text\">RESERVAR<\/span>\n    <i class=\"qodef-icon-font-awesome fa fa-chevron-right \" ><\/i><\/a>\t\t<\/div>\n\t<\/div>\n\t<\/div><\/div><\/div><\/div>[vc_empty_space height=&#8221;30px&#8221;]<div class=\"qodef-separator-holder clearfix  qodef-separator-center \">\n\t<div class=\"qodef-separator\" style=\"border-color: #868686;border-style: dashed;width: 100%;border-bottom-width: 1px\"><\/div>\n<\/div>\n<div class=\"qodef-separator-holder clearfix change-color qodef-separator-center \">\n\t<div class=\"qodef-separator\" style=\"border-color: #9bc535;border-style: solid;width: 100%;border-bottom-width: 3px\"><\/div>\n<\/div>\n[\/vc_column][\/vc_row][vc_row equal_height=&#8221;yes&#8221; content_placement=&#8221;middle&#8221;][vc_column offset=&#8221;vc_col-lg-5 vc_col-md-12&#8243; css=&#8221;.vc_custom_1585820997663{margin-top: 0px !important;margin-right: 0px !important;margin-bottom: 0px !important;margin-left: 0px !important;padding-top: 0px !important;padding-right: 0px !important;padding-bottom: 0px !important;padding-left: 0px !important;background-color: #fcfcfc !important;}&#8221;]<div class=\"qodef-elements-holder   qodef-one-column  qodef-responsive-mode-768 qodef-one-column-alignment-right\" ><div class=\"qodef-eh-item   qodef-horizontal-alignment-right  \"  data-item-class=\"qodef-eh-custom-7324\" data-1280-1600=\"0 12% 15px 31%\" data-1024-1280=\"0 12% 15px 24%\" data-768-1024=\"48px 25% 70px 35%\" data-680-768=\"48px 12% 70px 35%\" data-680=\"50px 8% 70px 10%\">\n\t<div class=\"qodef-eh-item-inner\">\n\t\t<div class=\"qodef-eh-item-content qodef-eh-custom-7324\" style=\"padding: 0 12% 20px 35%\">\n\t\t\t[vc_column_text]<\/p>\n<h2 style=\"text-align: right;\">Camps de <strong>Futbol<\/strong><\/h2>\n<p style=\"text-align: right; font-family: Montserrat; margin-top: -18px; margin-bottom: 16px;\"><span class=\"change-second-color\" style=\"color: #ff0030;\"><em>Visit Calvi\u00e0<\/em><\/span><\/p>\n<p style=\"text-align: right; margin-bottom: 16px;\">Aqu\u00ed pots fer la reservar<\/p>\n<p>[\/vc_column_text]<a itemprop=\"url\" href=\"https:\/\/docs.google.com\/forms\/d\/e\/1FAIpQLSdlN3_jfNXQmmvwJHWfeJ3wj8PZpU51KVQLOUTDJWVCFiPb2w\/viewform\" target=\"_self\" style=\"color: #000000;background-color: #9bc535\" class=\"qodef-btn qodef-btn-medium qodef-btn-solid qodef-btn-icon change-background\"  >\n    <span class=\"qodef-btn-text\">RESERVAR<\/span>\n    <i class=\"qodef-icon-font-awesome fa fa-chevron-right \" ><\/i><\/a>\t\t<\/div>\n\t<\/div>\n\t<\/div><\/div>[\/vc_column][vc_column offset=&#8221;vc_col-lg-7 vc_col-md-12&#8243; css=&#8221;.vc_custom_1504689016842{margin-top: 0px !important;margin-right: 0px !important;margin-bottom: 0px !important;margin-left: 0px !important;padding-top: 0px !important;padding-right: 0px !important;padding-bottom: 0px !important;padding-left: 0px !important;}&#8221;][vc_gallery interval=&#8221;3&#8243; images=&#8221;8249,8253,8254,8260,8262,8267&#8243; img_size=&#8221;full&#8221;][\/vc_column][\/vc_row][vc_row][vc_column][vc_empty_space height=&#8221;62px&#8221;][\/vc_column][\/vc_row]<\/p>\n<\/div>","protected":false},"excerpt":{"rendered":"<p>[vc_row css=&#8221;.vc_custom_1654606719235{background-image: url(<a href=\"https:\/\/visitcalvia.org\/wp-content\/uploads\/2020\/04\/futbol-banner.jpg?id=3356\">https:\/\/visitcalvia.org\/wp-content\/uploads\/2020\/04\/futbol-banner.jpg?id=3356<\/a>) !important;background-position: center !important;background-repeat: no-repeat !important;background-size: cover !important;}&#8221;][vc_column][vc_empty_space height=&#8221;255px&#8221;][\/vc_column][\/vc_row] [vc_row row_content_width=&#8221;grid&#8221; css=&#8221;.vc_custom_1585904022600{padding-top: 20px !important;padding-bottom: 20px !important;}&#8221;][vc_column][vc_empty_space height=&#8221;35px&#8221;][vc_column_text]Amb 6 camps de futbol en el municipi, Calvi\u00e0 \u00e9s un dels llocs preferits per a entrenar futbol a Mallorca. Aqu\u00ed tens algunes raons per les quals hauries de triar el municipi de Calvi\u00e0 quan cerques [&hellip;]<\/p>\n","protected":false},"author":182516946,"featured_media":8258,"parent":0,"menu_order":0,"comment_status":"closed","ping_status":"closed","template":"full-width.php","meta":{"_coblocks_attr":"","_coblocks_dimensions":"","_coblocks_responsive_height":"","_coblocks_accordion_ie_support":"","_crdt_document":"","footnotes":""},"class_list":["post-8240","page","type-page","status-publish","has-post-thumbnail","hentry"],"yoast_head":"<!-- This site is optimized with the Yoast SEO plugin v27.5 - https:\/\/yoast.com\/product\/yoast-seo-wordpress\/ -->\n<title>Entrenar futbol a Mallorca. Calvi\u00e0, el lloc ideal per fer les pretemporades<\/title>\n<meta name=\"description\" content=\"Vina amb el teu equip a entrenar Futbol a Mallorca. Calvi\u00e0 t&#039;ofereix tot el que has de menester per gaudir d&#039;una gran pretemporada (instal\u00b7lacions, serveis)\" \/>\n<meta name=\"robots\" content=\"index, follow, max-snippet:-1, max-image-preview:large, max-video-preview:-1\" \/>\n<link rel=\"canonical\" href=\"https:\/\/visitcalvia.org\/ca\/futbol\/\" \/>\n<meta property=\"og:locale\" content=\"ca_ES\" \/>\n<meta property=\"og:type\" content=\"article\" \/>\n<meta property=\"og:title\" content=\"Entrenar futbol a Mallorca. Calvi\u00e0, el lloc ideal per fer les pretemporades\" \/>\n<meta property=\"og:description\" content=\"Vina amb el teu equip a entrenar Futbol a Mallorca. Calvi\u00e0 t&#039;ofereix tot el que has de menester per gaudir d&#039;una gran pretemporada (instal\u00b7lacions, serveis)\" \/>\n<meta property=\"og:url\" content=\"https:\/\/visitcalvia.org\/ca\/futbol\/\" \/>\n<meta property=\"og:site_name\" content=\"visitcalvia\" \/>\n<meta property=\"article:modified_time\" content=\"2022-07-04T08:34:33+00:00\" \/>\n<meta property=\"og:image\" content=\"https:\/\/visitcalvia.org\/wp-content\/uploads\/2020\/04\/Santa-ponc\u0327a-Futbol-02.jpg\" \/>\n\t<meta property=\"og:image:width\" content=\"1600\" \/>\n\t<meta property=\"og:image:height\" content=\"898\" \/>\n\t<meta property=\"og:image:type\" content=\"image\/jpeg\" \/>\n<meta name=\"twitter:card\" content=\"summary_large_image\" \/>\n<meta name=\"twitter:label1\" content=\"Temps estimat de lectura\" \/>\n\t<meta name=\"twitter:data1\" content=\"14 minuts\" \/>\n<script type=\"application\/ld+json\" class=\"yoast-schema-graph\">{\"@context\":\"https:\\\/\\\/schema.org\",\"@graph\":[{\"@type\":\"WebPage\",\"@id\":\"https:\\\/\\\/visitcalvia.org\\\/ca\\\/futbol\\\/\",\"url\":\"https:\\\/\\\/visitcalvia.org\\\/ca\\\/futbol\\\/\",\"name\":\"Entrenar futbol a Mallorca. Calvi\u00e0, el lloc ideal per fer les pretemporades\",\"isPartOf\":{\"@id\":\"https:\\\/\\\/visitcalvia.org\\\/ca\\\/#website\"},\"primaryImageOfPage\":{\"@id\":\"https:\\\/\\\/visitcalvia.org\\\/ca\\\/futbol\\\/#primaryimage\"},\"image\":{\"@id\":\"https:\\\/\\\/visitcalvia.org\\\/ca\\\/futbol\\\/#primaryimage\"},\"thumbnailUrl\":\"https:\\\/\\\/i0.wp.com\\\/visitcalvia.org\\\/wp-content\\\/uploads\\\/2020\\\/04\\\/Santa-ponc%CC%A7a-Futbol-02.jpg?fit=1600%2C898&ssl=1\",\"datePublished\":\"2020-04-06T09:33:44+00:00\",\"dateModified\":\"2022-07-04T08:34:33+00:00\",\"description\":\"Vina amb el teu equip a entrenar Futbol a Mallorca. Calvi\u00e0 t'ofereix tot el que has de menester per gaudir d'una gran pretemporada (instal\u00b7lacions, serveis)\",\"breadcrumb\":{\"@id\":\"https:\\\/\\\/visitcalvia.org\\\/ca\\\/futbol\\\/#breadcrumb\"},\"inLanguage\":\"ca\",\"potentialAction\":[{\"@type\":\"ReadAction\",\"target\":[\"https:\\\/\\\/visitcalvia.org\\\/ca\\\/futbol\\\/\"]}]},{\"@type\":\"ImageObject\",\"inLanguage\":\"ca\",\"@id\":\"https:\\\/\\\/visitcalvia.org\\\/ca\\\/futbol\\\/#primaryimage\",\"url\":\"https:\\\/\\\/i0.wp.com\\\/visitcalvia.org\\\/wp-content\\\/uploads\\\/2020\\\/04\\\/Santa-ponc%CC%A7a-Futbol-02.jpg?fit=1600%2C898&ssl=1\",\"contentUrl\":\"https:\\\/\\\/i0.wp.com\\\/visitcalvia.org\\\/wp-content\\\/uploads\\\/2020\\\/04\\\/Santa-ponc%CC%A7a-Futbol-02.jpg?fit=1600%2C898&ssl=1\",\"width\":1600,\"height\":898,\"caption\":\"Santa Ponc\u0327a Football. Preseason training in Mallorca. Football pitch. Entrenar f\u00fatbol en Mallorca\"},{\"@type\":\"BreadcrumbList\",\"@id\":\"https:\\\/\\\/visitcalvia.org\\\/ca\\\/futbol\\\/#breadcrumb\",\"itemListElement\":[{\"@type\":\"ListItem\",\"position\":1,\"name\":\"Portada\",\"item\":\"https:\\\/\\\/visitcalvia.org\\\/ca\\\/\"},{\"@type\":\"ListItem\",\"position\":2,\"name\":\"Futbol\"}]},{\"@type\":\"WebSite\",\"@id\":\"https:\\\/\\\/visitcalvia.org\\\/ca\\\/#website\",\"url\":\"https:\\\/\\\/visitcalvia.org\\\/ca\\\/\",\"name\":\"visitcalvia\",\"description\":\"Vacaciones en Mallorca \u2013 Calvi\u00e0 m\u00faltiples destinos en uno s\u00f3lo lugar. Palmanova, Santa Pon\u00e7a, Magaluf, Peguera, Portals Nous, Costa d\u2019en Blanes, Cala Vinyes\",\"potentialAction\":[{\"@type\":\"SearchAction\",\"target\":{\"@type\":\"EntryPoint\",\"urlTemplate\":\"https:\\\/\\\/visitcalvia.org\\\/ca\\\/?s={search_term_string}\"},\"query-input\":{\"@type\":\"PropertyValueSpecification\",\"valueRequired\":true,\"valueName\":\"search_term_string\"}}],\"inLanguage\":\"ca\"}]}<\/script>\n<!-- \/ Yoast SEO plugin. -->","yoast_head_json":{"title":"Entrenar futbol a Mallorca. Calvi\u00e0, el lloc ideal per fer les pretemporades","description":"Vina amb el teu equip a entrenar Futbol a Mallorca. Calvi\u00e0 t'ofereix tot el que has de menester per gaudir d'una gran pretemporada (instal\u00b7lacions, serveis)","robots":{"index":"index","follow":"follow","max-snippet":"max-snippet:-1","max-image-preview":"max-image-preview:large","max-video-preview":"max-video-preview:-1"},"canonical":"https:\/\/visitcalvia.org\/ca\/futbol\/","og_locale":"ca_ES","og_type":"article","og_title":"Entrenar futbol a Mallorca. Calvi\u00e0, el lloc ideal per fer les pretemporades","og_description":"Vina amb el teu equip a entrenar Futbol a Mallorca. Calvi\u00e0 t'ofereix tot el que has de menester per gaudir d'una gran pretemporada (instal\u00b7lacions, serveis)","og_url":"https:\/\/visitcalvia.org\/ca\/futbol\/","og_site_name":"visitcalvia","article_modified_time":"2022-07-04T08:34:33+00:00","og_image":[{"width":1600,"height":898,"url":"https:\/\/visitcalvia.org\/wp-content\/uploads\/2020\/04\/Santa-ponc\u0327a-Futbol-02.jpg","type":"image\/jpeg"}],"twitter_card":"summary_large_image","twitter_misc":{"Temps estimat de lectura":"14 minuts"},"schema":{"@context":"https:\/\/schema.org","@graph":[{"@type":"WebPage","@id":"https:\/\/visitcalvia.org\/ca\/futbol\/","url":"https:\/\/visitcalvia.org\/ca\/futbol\/","name":"Entrenar futbol a Mallorca. Calvi\u00e0, el lloc ideal per fer les pretemporades","isPartOf":{"@id":"https:\/\/visitcalvia.org\/ca\/#website"},"primaryImageOfPage":{"@id":"https:\/\/visitcalvia.org\/ca\/futbol\/#primaryimage"},"image":{"@id":"https:\/\/visitcalvia.org\/ca\/futbol\/#primaryimage"},"thumbnailUrl":"https:\/\/i0.wp.com\/visitcalvia.org\/wp-content\/uploads\/2020\/04\/Santa-ponc%CC%A7a-Futbol-02.jpg?fit=1600%2C898&ssl=1","datePublished":"2020-04-06T09:33:44+00:00","dateModified":"2022-07-04T08:34:33+00:00","description":"Vina amb el teu equip a entrenar Futbol a Mallorca. Calvi\u00e0 t'ofereix tot el que has de menester per gaudir d'una gran pretemporada (instal\u00b7lacions, serveis)","breadcrumb":{"@id":"https:\/\/visitcalvia.org\/ca\/futbol\/#breadcrumb"},"inLanguage":"ca","potentialAction":[{"@type":"ReadAction","target":["https:\/\/visitcalvia.org\/ca\/futbol\/"]}]},{"@type":"ImageObject","inLanguage":"ca","@id":"https:\/\/visitcalvia.org\/ca\/futbol\/#primaryimage","url":"https:\/\/i0.wp.com\/visitcalvia.org\/wp-content\/uploads\/2020\/04\/Santa-ponc%CC%A7a-Futbol-02.jpg?fit=1600%2C898&ssl=1","contentUrl":"https:\/\/i0.wp.com\/visitcalvia.org\/wp-content\/uploads\/2020\/04\/Santa-ponc%CC%A7a-Futbol-02.jpg?fit=1600%2C898&ssl=1","width":1600,"height":898,"caption":"Santa Ponc\u0327a Football. Preseason training in Mallorca. Football pitch. Entrenar f\u00fatbol en Mallorca"},{"@type":"BreadcrumbList","@id":"https:\/\/visitcalvia.org\/ca\/futbol\/#breadcrumb","itemListElement":[{"@type":"ListItem","position":1,"name":"Portada","item":"https:\/\/visitcalvia.org\/ca\/"},{"@type":"ListItem","position":2,"name":"Futbol"}]},{"@type":"WebSite","@id":"https:\/\/visitcalvia.org\/ca\/#website","url":"https:\/\/visitcalvia.org\/ca\/","name":"visitcalvia","description":"Vacaciones en Mallorca \u2013 Calvi\u00e0 m\u00faltiples destinos en uno s\u00f3lo lugar. Palmanova, Santa Pon\u00e7a, Magaluf, Peguera, Portals Nous, Costa d\u2019en Blanes, Cala Vinyes","potentialAction":[{"@type":"SearchAction","target":{"@type":"EntryPoint","urlTemplate":"https:\/\/visitcalvia.org\/ca\/?s={search_term_string}"},"query-input":{"@type":"PropertyValueSpecification","valueRequired":true,"valueName":"search_term_string"}}],"inLanguage":"ca"}]}},"jetpack_likes_enabled":false,"jetpack_sharing_enabled":false,"jetpack_shortlink":"https:\/\/wp.me\/PbP1bo-28U","amp_enabled":false,"_links":{"self":[{"href":"https:\/\/visitcalvia.org\/ca\/wp-json\/wp\/v2\/pages\/8240","targetHints":{"allow":["GET"]}}],"collection":[{"href":"https:\/\/visitcalvia.org\/ca\/wp-json\/wp\/v2\/pages"}],"about":[{"href":"https:\/\/visitcalvia.org\/ca\/wp-json\/wp\/v2\/types\/page"}],"author":[{"embeddable":true,"href":"https:\/\/visitcalvia.org\/ca\/wp-json\/wp\/v2\/users\/182516946"}],"replies":[{"embeddable":true,"href":"https:\/\/visitcalvia.org\/ca\/wp-json\/wp\/v2\/comments?post=8240"}],"version-history":[{"count":28,"href":"https:\/\/visitcalvia.org\/ca\/wp-json\/wp\/v2\/pages\/8240\/revisions"}],"predecessor-version":[{"id":19790,"href":"https:\/\/visitcalvia.org\/ca\/wp-json\/wp\/v2\/pages\/8240\/revisions\/19790"}],"wp:featuredmedia":[{"embeddable":true,"href":"https:\/\/visitcalvia.org\/ca\/wp-json\/wp\/v2\/media\/8258"}],"wp:attachment":[{"href":"https:\/\/visitcalvia.org\/ca\/wp-json\/wp\/v2\/media?parent=8240"}],"curies":[{"name":"wp","href":"https:\/\/api.w.org\/{rel}","templated":true}]}}