{"id":8287,"date":"2025-07-22T09:36:52","date_gmt":"2025-07-22T07:36:52","guid":{"rendered":"https:\/\/visitcalvia.org\/fundacion-calvia\/"},"modified":"2026-07-15T12:57:09","modified_gmt":"2026-07-15T10:57:09","slug":"fundacion-calvia-cat","status":"publish","type":"page","link":"https:\/\/visitcalvia.org\/ca\/fundacion-calvia-cat\/","title":{"rendered":"Fundaci\u00f3n Calvi\u00e0"},"content":{"rendered":"<div class=\"wpb-content-wrapper\"><p>[vc_row][vc_column]\n\t\t\t\t<p class=\"rs-p-wp-fix\"><\/p>\n\t\t\t\t<sr7-module data-alias=\"Fundacin-Calvi\" data-id=\"7\" id=\"SR7_7_1\" class=\"rs-ov-hidden\" data-version=\"6.7.51\">\n\t\t\t\t\t<sr7-adjuster><\/sr7-adjuster>\n\t\t\t\t\t<sr7-content>\n\t\t\t\t\t\t<sr7-slide id=\"SR7_7_1-2\" data-key=\"2\">\n\t\t\t\t\t\t\t<sr7-bg id=\"SR7_7_1-2-2\" class=\"sr7-layer\"><noscript><img data-recalc-dims=\"1\" decoding=\"async\" src=\"https:\/\/i0.wp.com\/visitcalvia.org\/wp-content\/uploads\/2020\/04\/banner-cala-fornells.jpg?w=1100&#038;ssl=1\" alt=\"\" title=\"banner-cala-fornells\"><\/noscript><\/sr7-bg>\n\t\t\t\t\t\t\t<sr7-txt id=\"SR7_7_1-2-1\" class=\"sr7-layer\">FUNDACI\u00d3N CALVI\u00c0 365<\/sr7-txt>\n\t\t\t\t\t\t<\/sr7-slide>\n\t\t\t\t\t\t<sr7-slide id=\"SR7_7_1-30\" data-key=\"30\">\n\t\t\t\t\t\t\t<sr7-bg id=\"SR7_7_1-30-7\" class=\"sr7-layer\"><noscript><img data-recalc-dims=\"1\" decoding=\"async\" src=\"https:\/\/i0.wp.com\/visitcalvia.org\/wp-content\/uploads\/2017\/08\/banner-07.jpg?w=1100&#038;ssl=1\" alt=\"\" title=\"Calvia film office\"><\/noscript><\/sr7-bg>\n\t\t\t\t\t\t\t<sr7-txt id=\"SR7_7_1-30-6\" class=\"sr7-layer\">FUNDACI\u00d3N CALVI\u00c0 365<\/sr7-txt>\n\t\t\t\t\t\t<\/sr7-slide>\n\t\t\t\t\t\t<sr7-slide id=\"SR7_7_1-108\" data-key=\"108\">\n\t\t\t\t\t\t\t<sr7-bg id=\"SR7_7_1-108-2\" class=\"sr7-layer\"><noscript><img data-recalc-dims=\"1\" decoding=\"async\" src=\"https:\/\/i0.wp.com\/visitcalvia.org\/wp-content\/uploads\/2026\/05\/2024-06-21-calvia-cala-falco_dji_0139-1-seleccion-scaled.jpg?w=1100&#038;ssl=1\" alt=\"\" title=\"2024-06-21 CALVIA Cala Falco_DJI_0139-1 seleccion\"><\/noscript><\/sr7-bg>\n\t\t\t\t\t\t\t<sr7-txt id=\"SR7_7_1-108-1\" class=\"sr7-layer\">FUNDACI\u00d3N CALVI\u00c0 365<\/sr7-txt>\n\t\t\t\t\t\t<\/sr7-slide>\n\t\t\t\t\t\t<sr7-slide id=\"SR7_7_1-3\" data-key=\"3\">\n\t\t\t\t\t\t\t<sr7-bg id=\"SR7_7_1-3-7\" class=\"sr7-layer\"><noscript><img data-recalc-dims=\"1\" decoding=\"async\" src=\"https:\/\/i0.wp.com\/visitcalvia.org\/wp-content\/uploads\/2020\/08\/Mostra-de-cuines-foto3.png?w=1100&#038;ssl=1\" alt=\"\" title=\"Mostra de cuines-foto3\"><\/noscript><\/sr7-bg>\n\t\t\t\t\t\t\t<sr7-txt id=\"SR7_7_1-3-6\" class=\"sr7-layer\">FUNDACI\u00d3N CALVI\u00c0 365<\/sr7-txt>\n\t\t\t\t\t\t<\/sr7-slide>\n\t\t\t\t\t\t<sr7-slide id=\"SR7_7_1-109\" data-key=\"109\">\n\t\t\t\t\t\t\t<sr7-bg id=\"SR7_7_1-109-2\" class=\"sr7-layer\"><noscript><img data-recalc-dims=\"1\" decoding=\"async\" src=\"https:\/\/i0.wp.com\/visitcalvia.org\/wp-content\/uploads\/2026\/05\/el-toro-drone-3-scaled.jpg?w=1100&#038;ssl=1\" alt=\"\" title=\"EL TORO &#8211; DRONE 3\"><\/noscript><\/sr7-bg>\n\t\t\t\t\t\t\t<sr7-txt id=\"SR7_7_1-109-1\" class=\"sr7-layer\">FUNDACI\u00d3N CALVI\u00c0 365<\/sr7-txt>\n\t\t\t\t\t\t<\/sr7-slide>\n\t\t\t\t\t\t<sr7-slide id=\"SR7_7_1-110\" data-key=\"110\">\n\t\t\t\t\t\t\t<sr7-bg id=\"SR7_7_1-110-2\" class=\"sr7-layer\"><noscript><img data-recalc-dims=\"1\" decoding=\"async\" src=\"https:\/\/i0.wp.com\/visitcalvia.org\/wp-content\/uploads\/2026\/05\/illes-malgrats-drone-5-scaled.jpg?w=1100&#038;ssl=1\" alt=\"\" title=\"ILLES MALGRATS &#8211; DRONE 5\"><\/noscript><\/sr7-bg>\n\t\t\t\t\t\t\t<sr7-txt id=\"SR7_7_1-110-1\" class=\"sr7-layer\">FUNDACI\u00d3N CALVI\u00c0 365<\/sr7-txt>\n\t\t\t\t\t\t<\/sr7-slide>\n\t\t\t\t\t\t<sr7-slide id=\"SR7_7_1-34\" data-key=\"34\">\n\t\t\t\t\t\t<\/sr7-slide>\n\t\t\t\t\t<\/sr7-content>\n\t\t\t\t\t<image_lists style=\"display:none\">\n\t\t\t\t\t\t<img data-src=\"\/\/visitcalvia.org\/wp-content\/uploads\/2020\/04\/banner-cala-fornells.jpg\" data-libid=\"5240\" data-lib=\"medialibrary\" alt=\"banner-cala-fornells\" title=\"banner-cala-fornells\" width=\"0\" height=\"0\" data-dbsrc=\"Ly92aXNpdGNhbHZpYS5vcmcvd3AtY29udGVudC91cGxvYWRzLzIwMjAvMDQvYmFubmVyLWNhbGEtZm9ybmVsbHMuanBn\"\/>\n\t\t\t\t\t\t<img data-src=\"\/\/visitcalvia.org\/wp-content\/uploads\/2020\/08\/Mostra-de-cuines-foto3.png\" data-libid=\"13428\" data-lib=\"medialibrary\" title=\"Mostra de cuines-foto3\" width=\"0\" height=\"0\" data-dbsrc=\"Ly92aXNpdGNhbHZpYS5vcmcvd3AtY29udGVudC91cGxvYWRzLzIwMjAvMDgvTW9zdHJhLWRlLWN1aW5lcy1mb3RvMy5wbmc=\"\/>\n\t\t\t\t\t\t<img data-src=\"\/\/visitcalvia.org\/wp-content\/uploads\/2017\/08\/banner-07.jpg\" data-libid=\"13118\" data-lib=\"medialibrary\" alt=\"Calvia film office\" title=\"Calvia film office\" width=\"0\" height=\"0\" data-dbsrc=\"Ly92aXNpdGNhbHZpYS5vcmcvd3AtY29udGVudC91cGxvYWRzLzIwMTcvMDgvYmFubmVyLTA3LmpwZw==\"\/>\n\t\t\t\t\t\t<img data-src=\"\/\/visitcalvia.org\/wp-content\/uploads\/2026\/05\/2024-06-21-calvia-cala-falco_dji_0139-1-seleccion-scaled.jpg\" data-libid=\"31451\" data-lib=\"medialibrary\" alt=\"2024-06-21 CALVIA Cala Falco_DJI_0139-1 seleccion\" title=\"2024-06-21 CALVIA Cala Falco_DJI_0139-1 seleccion\" width=\"0\" height=\"0\" data-dbsrc=\"Ly92aXNpdGNhbHZpYS5vcmcvd3AtY29udGVudC91cGxvYWRzLzIwMjYvMDUvMjAyNC0wNi0yMS1jYWx2aWEtY2FsYS1mYWxjb19kamlfMDEzOS0xLXNlbGVjY2lvbi1zY2FsZWQuanBn\"\/>\n\t\t\t\t\t\t<img data-src=\"\/\/visitcalvia.org\/wp-content\/uploads\/2026\/05\/el-toro-drone-3-scaled.jpg\" data-libid=\"31447\" data-lib=\"medialibrary\" alt=\"EL TORO - DRONE 3\" title=\"EL TORO &#8211; DRONE 3\" width=\"0\" height=\"0\" data-dbsrc=\"Ly92aXNpdGNhbHZpYS5vcmcvd3AtY29udGVudC91cGxvYWRzLzIwMjYvMDUvZWwtdG9yby1kcm9uZS0zLXNjYWxlZC5qcGc=\"\/>\n\t\t\t\t\t\t<img data-src=\"\/\/visitcalvia.org\/wp-content\/uploads\/2026\/05\/illes-malgrats-drone-5-scaled.jpg\" data-libid=\"31443\" data-lib=\"medialibrary\" alt=\"ILLES MALGRATS - DRONE 5\" title=\"ILLES MALGRATS &#8211; DRONE 5\" width=\"0\" height=\"0\" data-dbsrc=\"Ly92aXNpdGNhbHZpYS5vcmcvd3AtY29udGVudC91cGxvYWRzLzIwMjYvMDUvaWxsZXMtbWFsZ3JhdHMtZHJvbmUtNS1zY2FsZWQuanBn\"\/>\n\t\t\t\t\t<\/image_lists>\n\t\t\t\t<\/sr7-module>\n\t\t\t\t<script>\n\t\t\t\t\twindow.SR7 ??={};SR7.PMH ??={}; SR7.PMH[\"SR7_7_1\"] = {cn:100,state:false,fn: function() { if (window._tpt!==undefined && window._tpt.prepareModuleHeight !== undefined) {  _tpt.prepareModuleHeight({id:\"SR7_7_1\",el:[400,400,400,400,520],type:'standard',shdw:'0',gh:[400,400,400,400,520],gw:[1240,1240,1240,1240,480],vpt:['20%&#039;,&#039;20%&#039;,&#039;20%&#039;,&#039;20%&#039;,&#039;20%'],size:{fullWidth:true, fullHeight:false},mh:'0',onh:0,onw:0,bg:{color:'{\"orig\":\"transparent\",\"type\":\"solid\",\"string\":\"transparent\"}'},plType:'0',plColor:'#FFFFFF'});   SR7.PMH[\"SR7_7_1\"].state=true;} else if(SR7.PMH[\"SR7_7_1\"].cn-->0)\tsetTimeout( SR7.PMH[\"SR7_7_1\"].fn,19);}};SR7.PMH[\"SR7_7_1\" ].fn();\n\t\t\t\t<\/script>\n[\/vc_column][\/vc_row][vc_row full_width=\u00bbstretch_row\u00bb css=\u00bb.vc_custom_1777550803215{background-color: #E4E4E4 !important;}\u00bb][vc_column][vc_column_text css=\u00bb.vc_custom_1784105177894{margin-bottom: 14px !important;}\u00bb]<\/p>\n<h1 style=\"text-align: center;\"><span class=\"change-second-color\" style=\"color: #0562a4; font-family: Montserrat;\"><strong>El que ens mou<\/strong><\/span><\/h1>\n<h3 style=\"text-align: center;\"><span class=\"change-second-color\" style=\"color: #0562a4; font-family: Montserrat;\">Coneix <strong>la Fundaci\u00f3n Calvi\u00e0 365.<\/strong> Els principis que orienten els nostres objectius i com s&#8217;organitza la nostra governan\u00e7a. Accedeix al perfil del contractant, les convocat\u00f2ries de patrocini i la informaci\u00f3 p\u00fablica recollida al Portal de Transpar\u00e8ncia<\/span><\/h3>\n<p>[\/vc_column_text][vc_empty_space height=\u00bb20px\u00bb][\/vc_column][\/vc_row][vc_row full_width=\u00bbstretch_row\u00bb css=\u00bb.vc_custom_1777544972618{background-color: #E4E4E4 !important;}\u00bb][vc_column][vc_row_inner][vc_column_inner width=\u00bb1\/3&#8243;][vc_single_image image=\u00bb32839&#8243; img_size=\u00bbfull\u00bb alignment=\u00bbcenter\u00bb css=\u00bb\u00bb]<div class=\"qodef-accordion-holder qodef-ac-default  qodef-toggle qodef-ac-boxed  clearfix\">\n\t<p class=\"qodef-accordion-title\">\n    <span class=\"qodef-accordion-mark\">\n\t\t<span class=\"qodef_icon_plus ion-chevron-down\"><\/span>\n\t\t<span class=\"qodef_icon_minus ion-chevron-up\"><\/span>\n\t<\/span>\n\t<span class=\"qodef-tab-title\">Qu\u00e8 som<\/span>\n<\/p>\n<div class=\"qodef-accordion-content\">\n\t<div class=\"qodef-accordion-content-inner\">\n\t\t[vc_column_text css=\u00bb\u00bb]<\/p>\n<h5 style=\"text-align: center;\"><span style=\"color: #4c4c4c; font-family: Montserrat;\"><span style=\"font-weight: 400;\">La Fundaci\u00f3n Calvi\u00e0 365 \u00e9s una entitat sense \u00e0nim de lucre constitu\u00efda en 2004 i destinada a la promoci\u00f3 tur\u00edstica de Calvi\u00e0 durant tot l&#8217;any<br \/>\n<\/span><\/span><\/h5>\n<p>[\/vc_column_text]\t<\/div>\n<\/div><\/div>[\/vc_column_inner][vc_column_inner width=\u00bb1\/3&#8243;][vc_single_image image=\u00bb32844&#8243; img_size=\u00bbfull\u00bb alignment=\u00bbcenter\u00bb css=\u00bb\u00bb]<div class=\"qodef-accordion-holder qodef-ac-default  qodef-toggle qodef-ac-boxed qodef-white-skin clearfix\">\n\t<p class=\"qodef-accordion-title\">\n    <span class=\"qodef-accordion-mark\">\n\t\t<span class=\"qodef_icon_plus ion-chevron-down\"><\/span>\n\t\t<span class=\"qodef_icon_minus ion-chevron-up\"><\/span>\n\t<\/span>\n\t<span class=\"qodef-tab-title\">Missi\u00f3<\/span>\n<\/p>\n<div class=\"qodef-accordion-content\">\n\t<div class=\"qodef-accordion-content-inner\">\n\t\t[vc_column_text css=\u00bb\u00bb]<\/p>\n<h5 style=\"text-align: center;\"><span style=\"color: #4c4c4c; font-family: Montserrat;\"><span style=\"font-weight: 400;\">Impulsar, organitzar i promoure activitats i esdeveniments tur\u00edstics que contribueixin a posicionar Calvi\u00e0 com a destinaci\u00f3 atractiva durant tot l&#8217;any, amb especial atenci\u00f3 a la temporada baixa<br \/>\n<\/span><\/span><\/h5>\n<p>[\/vc_column_text]\t<\/div>\n<\/div><\/div>[\/vc_column_inner][vc_column_inner width=\u00bb1\/3&#8243;][vc_single_image image=\u00bb32834&#8243; img_size=\u00bbfull\u00bb alignment=\u00bbcenter\u00bb css=\u00bb\u00bb]<div class=\"qodef-accordion-holder qodef-ac-default  qodef-toggle qodef-ac-boxed qodef-white-skin clearfix\">\n\t<p class=\"qodef-accordion-title\">\n    <span class=\"qodef-accordion-mark\">\n\t\t<span class=\"qodef_icon_plus ion-chevron-down\"><\/span>\n\t\t<span class=\"qodef_icon_minus ion-chevron-up\"><\/span>\n\t<\/span>\n\t<span class=\"qodef-tab-title\">Visi\u00f3<\/span>\n<\/p>\n<div class=\"qodef-accordion-content\">\n\t<div class=\"qodef-accordion-content-inner\">\n\t\t[vc_column_text css=\u00bb\u00bb]<\/p>\n<h5 style=\"text-align: center;\"><span style=\"color: #4c4c4c; font-family: Montserrat;\"><span style=\"font-weight: 400;\">Consolidar un model tur\u00edstic resilient i equilibrat, basat en la sostenibilitat social, ambiental i econ\u00f2mica, que se sustenti en la cooperaci\u00f3 entre l&#8217;administraci\u00f3 p\u00fablica i el teixit empresarial del municipi de Calvi\u00e0<br \/>\n<\/span><\/span><\/h5>\n<p>[\/vc_column_text]\t<\/div>\n<\/div><\/div>[\/vc_column_inner][\/vc_row_inner][vc_empty_space height=\u00bb20px\u00bb][vc_empty_space height=\u00bb40px\u00bb][\/vc_column][\/vc_row][vc_row full_width=\u00bbstretch_row\u00bb css=\u00bb.vc_custom_1777544972618{background-color: #E4E4E4 !important;}\u00bb][vc_column][vc_row_inner][vc_column_inner width=\u00bb1\/3&#8243;][vc_single_image image=\u00bb32829&#8243; img_size=\u00bbfull\u00bb alignment=\u00bbcenter\u00bb css=\u00bb\u00bb]<div class=\"qodef-accordion-holder qodef-ac-default  qodef-toggle qodef-ac-boxed  clearfix\">\n\t<p class=\"qodef-accordion-title\">\n    <span class=\"qodef-accordion-mark\">\n\t\t<span class=\"qodef_icon_plus ion-chevron-down\"><\/span>\n\t\t<span class=\"qodef_icon_minus ion-chevron-up\"><\/span>\n\t<\/span>\n\t<span class=\"qodef-tab-title\">Qui som<\/span>\n<\/p>\n<div class=\"qodef-accordion-content\">\n\t<div class=\"qodef-accordion-content-inner\">\n\t\t[vc_column_text css=\u00bb\u00bb]<\/p>\n<h5 style=\"text-align: center;\"><span style=\"color: #4c4c4c; font-family: Montserrat;\"><span style=\"font-weight: 400;\">Som una entitat constitu\u00efda per organitzacions p\u00fabliques i privades, l&#8217;\u00f2rgan de govern, administraci\u00f3 o representaci\u00f3 de la qual \u00e9s el Patronat, integrat per l&#8217;Ajuntament de Calvi\u00e0 i les cinc associacions hoteleres del terme:<br \/>\n<\/span><\/span><\/h5>\n<ul>\n<li>AAHH Illetes &#8211; Cas Catal\u00e0. Representada pel Sr. Mart\u00ed Xamena<\/li>\n<li>AAHH Portals Nous &#8211; Bendinat. Representada en funcions pel Sr. Alejandro Xamena<\/li>\n<li>AAHH Palmanova &#8211; Magaluf. Representada pel Sr. Mauricio Carballeda<\/li>\n<li>AAHH Bah\u00eda de Santa Pon\u00e7a. Representada per la Sra. Ana Nadal<\/li>\n<li>AAHH Peguera &#8211; Cala Fornells. Representada pel Sr. Antonio Mayol<\/li>\n<li>Ajuntament de Calvi\u00e0. Representada pel Sr. Juan Antonio Amengual i per la Sra. Elisa Monserrat<\/li>\n<\/ul>\n<p>President de la Fundaci\u00f3n Calvi\u00e0 365: Sr. Antonio Mayol<\/p>\n<p>Secret\u00e0ria de la Fundaci\u00f3n Calvi\u00e0 365: Sra. Elisa Monserrat<\/p>\n<p style=\"text-align: center;\"><a href=\"https:\/\/drive.google.com\/file\/d\/1tzAnoojWP6fs30pQcEXEnsdgMcStY0xr\/view?usp=sharing\">ESTATUTS<\/a><\/p>\n<p>[\/vc_column_text]\t<\/div>\n<\/div><\/div>[\/vc_column_inner][vc_column_inner width=\u00bb1\/3&#8243;][vc_single_image image=\u00bb32854&#8243; img_size=\u00bbfull\u00bb alignment=\u00bbcenter\u00bb css=\u00bb\u00bb]<div class=\"qodef-accordion-holder qodef-ac-default  qodef-toggle qodef-ac-boxed qodef-white-skin clearfix\">\n\t<p class=\"qodef-accordion-title\">\n    <span class=\"qodef-accordion-mark\">\n\t\t<span class=\"qodef_icon_plus ion-chevron-down\"><\/span>\n\t\t<span class=\"qodef_icon_minus ion-chevron-up\"><\/span>\n\t<\/span>\n\t<span class=\"qodef-tab-title\">Perfil del contractant<\/span>\n<\/p>\n<div class=\"qodef-accordion-content\">\n\t<div class=\"qodef-accordion-content-inner\">\n\t\t[vc_column_text css=\u00bb\u00bb]<\/p>\n<h5 style=\"text-align: center;\"><span style=\"color: #4c4c4c; font-family: Montserrat;\"><span style=\"font-weight: 400;\">Tota la informaci\u00f3 relativa als procedimients de contractaci\u00f3 de la Fundaci\u00f3n Calvi\u00e0 365 es troba disposici\u00f3 de les persones interessades a la Plataforma de Contrataci\u00f3n del Sector P\u00fablico en el seg\u00fcent enlla\u00e7:<br \/>\n<\/span><\/span><\/h5>\n<p style=\"text-align: center;\"><a href=\"https:\/\/contrataciondelestado.es\/wps\/portal\/plataforma\/perfil_contratante\/lista_perfiles\/!ut\/p\/z1\/hY_LbsJADEW_hUWWYJPH0HQ3UEgTFZWHSBlvqqGEMGpemgwR4usZoa5Qab2zfe6RDQRboEp2KpdG1ZUsQICg0SdPp0sehx5Gq8UU3fFqxPzZu20RNqU8q1Jdsj2sgYDUftyAGCILg9D1fSsUxB4K0IUUPv5DyK7xQXG0ebohgTfx0yRdsHUcIcavs5e3zTDAyGU_wB-OBCgv6p392B7Mq533lAPp7JDpTA9O2o6PxjTts4MOdqpV5ksWnZKDWucO_pY51q2B7R0KTZl0l0n_-zA3geC93hUxqiqe\/dz\/d5\/L2dBISEvZ0FBIS9nQSEh\/\">PLATAFORMA DE CONTRATACI\u00d3N DEL SECTOR P\u00daBLICO<\/a><\/p>\n<p>[\/vc_column_text]\t<\/div>\n<\/div><\/div>[\/vc_column_inner][vc_column_inner width=\u00bb1\/3&#8243;][vc_single_image image=\u00bb32849&#8243; img_size=\u00bbfull\u00bb alignment=\u00bbcenter\u00bb css=\u00bb\u00bb]<div class=\"qodef-accordion-holder qodef-ac-default  qodef-toggle qodef-ac-boxed qodef-white-skin clearfix\">\n\t<p class=\"qodef-accordion-title\">\n    <span class=\"qodef-accordion-mark\">\n\t\t<span class=\"qodef_icon_plus ion-chevron-down\"><\/span>\n\t\t<span class=\"qodef_icon_minus ion-chevron-up\"><\/span>\n\t<\/span>\n\t<span class=\"qodef-tab-title\">Contacte<\/span>\n<\/p>\n<div class=\"qodef-accordion-content\">\n\t<div class=\"qodef-accordion-content-inner\">\n\t\t[vc_column_text css=\u00bb\u00bb]<\/p>\n<h5 style=\"text-align: center;\"><span style=\"color: #4c4c4c; font-family: Montserrat;\"><span style=\"font-weight: 400;\">Correu electr\u00f2nic: info@fundacioncalvia.com<br \/>\n<\/span><\/span><\/h5>\n<p>[\/vc_column_text]\t<\/div>\n<\/div><\/div>[\/vc_column_inner][\/vc_row_inner][vc_empty_space height=\u00bb20px\u00bb][vc_empty_space height=\u00bb40px\u00bb][\/vc_column][\/vc_row][vc_row full_width=\u00bbstretch_row\u00bb css=\u00bb.vc_custom_1781866356853{background-image: url(<a href=\"https:\/\/visitcalvia.org\/wp-content\/uploads\/2026\/06\/foto-portada.png?id=32804\">https:\/\/visitcalvia.org\/wp-content\/uploads\/2026\/06\/foto-portada.png?id=32804<\/a>) !important;background-position: center !important;background-repeat: no-repeat !important;background-size: cover !important;}\u00bb][vc_column][vc_empty_space height=\u00bb150px\u00bb][vc_empty_space height=\u00bb150px\u00bb][\/vc_column][\/vc_row][vc_row full_width=\u00bbstretch_row\u00bb css=\u00bb.vc_custom_1775028541433{background-color: #E4E4E4 !important;}\u00bb][vc_column][vc_column_text css=\u00bb.vc_custom_1784109324191{margin-bottom: 14px !important;}\u00bb]<\/p>\n<h2 style=\"text-align: center;\"><strong><span class=\"change-second-color\" style=\"color: #0562a4; font-family: Montserrat;\">Desenvolupament de productes tur\u00edstics<\/span><\/strong><\/h2>\n<p>[\/vc_column_text][vc_column_text css=\u00bb.vc_custom_1784110068745{margin-bottom: 14px !important;}\u00bb]<\/p>\n<h4 style=\"text-align: center;\"><span class=\"change-second-color\" style=\"color: #0562a4; font-family: Montserrat;\">A la Fundaci\u00f3n Calvi\u00e0 365 apostams pel desenvolupament de productes tur\u00edstics com a eix estrat\u00e8gic per enfortir la destinaci\u00f3 i enriquir l&#8217;experi\u00e8ncia del visitant. Entenem el producte tur\u00edstic com una combinaci\u00f3 d&#8217;elements tangibles i intangibles &#8211; recursos naturals, culturals i patrimonials, juntament amb serveis, infraestructures i activitats &#8211; que, integrats entorn d&#8217;un inter\u00e8s com\u00fa, configuren experi\u00e8ncies completes i memorables. <\/span><\/h4>\n<h4 style=\"text-align: center;\"><span class=\"change-second-color\" style=\"color: #0562a4; font-family: Montserrat;\">La nostra feina se centra en dissenyar i potenciar propostes que connectin amb les motivacions del visitant, incorporant valors emocionals i diferenciadors. Tot aix\u00f2 tenint en compte la seva evoluci\u00f3 i adaptaci\u00f3 al llarg del temps, amb l&#8217;objetiu de consolidar un model tur\u00edstic competitiu.<\/span><\/h4>\n<p>[\/vc_column_text][vc_empty_space height=\u00bb20px\u00bb][\/vc_column][\/vc_row][vc_row full_width=\u00bbstretch_row_content\u00bb css=\u00bb.vc_custom_1777282248225{background-color: #E4E4E4 !important;}\u00bb][vc_column width=\u00bb1\/3&#8243;]<div class=\"qodef-team main-info-below-image\">\n\t<div class=\"qodef-team-inner\">\n\t\t\t\t\t<div class=\"qodef-team-image\">\n                <img loading=\"lazy\" decoding=\"async\" width=\"2000\" height=\"1333\" src=\"https:\/\/i0.wp.com\/visitcalvia.org\/wp-content\/uploads\/2026\/05\/gatz021-scaled.jpg?fit=2000%2C1333&amp;ssl=1\" class=\"attachment-full size-full\" alt=\"Galatz\u00f3 Trail\" srcset=\"https:\/\/i0.wp.com\/visitcalvia.org\/wp-content\/uploads\/2026\/05\/gatz021-scaled.jpg?w=2000&amp;ssl=1 2000w, https:\/\/i0.wp.com\/visitcalvia.org\/wp-content\/uploads\/2026\/05\/gatz021-scaled.jpg?resize=300%2C200&amp;ssl=1 300w, https:\/\/i0.wp.com\/visitcalvia.org\/wp-content\/uploads\/2026\/05\/gatz021-scaled.jpg?resize=1024%2C683&amp;ssl=1 1024w, https:\/\/i0.wp.com\/visitcalvia.org\/wp-content\/uploads\/2026\/05\/gatz021-scaled.jpg?resize=768%2C512&amp;ssl=1 768w, https:\/\/i0.wp.com\/visitcalvia.org\/wp-content\/uploads\/2026\/05\/gatz021-scaled.jpg?resize=391%2C260&amp;ssl=1 391w, https:\/\/i0.wp.com\/visitcalvia.org\/wp-content\/uploads\/2026\/05\/gatz021-scaled.jpg?resize=1536%2C1024&amp;ssl=1 1536w\" sizes=\"auto, (max-width: 1100px) 100vw, 1100px\" data-attachment-id=\"31503\" data-permalink=\"https:\/\/visitcalvia.org\/ca\/gatz021\/\" data-orig-file=\"https:\/\/i0.wp.com\/visitcalvia.org\/wp-content\/uploads\/2026\/05\/gatz021-scaled.jpg?fit=2000%2C1333&amp;ssl=1\" data-orig-size=\"2000,1333\" data-comments-opened=\"1\" data-image-meta=\"{&quot;aperture&quot;:&quot;5.6&quot;,&quot;credit&quot;:&quot;Rafa Babot&quot;,&quot;camera&quot;:&quot;ILCE-7M4&quot;,&quot;caption&quot;:&quot;&quot;,&quot;created_timestamp&quot;:&quot;1678614776&quot;,&quot;copyright&quot;:&quot;&quot;,&quot;focal_length&quot;:&quot;100&quot;,&quot;iso&quot;:&quot;320&quot;,&quot;shutter_speed&quot;:&quot;0.0005&quot;,&quot;title&quot;:&quot;&quot;,&quot;orientation&quot;:&quot;0&quot;}\" data-image-title=\"Galatz\u00f3 Trail\" data-image-description=\"\" data-image-caption=\"\" data-large-file=\"https:\/\/i0.wp.com\/visitcalvia.org\/wp-content\/uploads\/2026\/05\/gatz021-scaled.jpg?fit=1024%2C683&amp;ssl=1\" \/>                                <div class=\"qodef-team-info-outer\">\n                                        <div class=\"qodef-team-info-inner\">\n                    <div class=\"qodef-team-info\">\n                    <div class=\"qodef-team-title-holder clearfix\">\n                                                <h4 class=\"qodef-team-name\">\n                        Galatz\u00f3 Trail                    <\/h4>\n                                                        <\/div>\n                                        <\/div>\n                    <\/div>\n                        <\/div>\n                        <\/div>\n\t\t\t<\/div>\n<\/div>[vc_btn title=\u00bbM\u00e9s info\u00bb style=\u00bbcustom\u00bb custom_background=\u00bb#FFFFFF\u00bb custom_text=\u00bb#000000&#8243; shape=\u00bbsquare\u00bb align=\u00bbcenter\u00bb css=\u00bb\u00bb button_block=\u00bbtrue\u00bb link=\u00bburl:https%3A%2F%2Fgalatzotrail.com%2F\u00bb][\/vc_column][vc_column width=\u00bb1\/3&#8243;]<div class=\"qodef-team main-info-below-image\">\n\t<div class=\"qodef-team-inner\">\n\t\t\t\t\t<div class=\"qodef-team-image\">\n                <img loading=\"lazy\" decoding=\"async\" width=\"2000\" height=\"1333\" src=\"https:\/\/i0.wp.com\/visitcalvia.org\/wp-content\/uploads\/2026\/05\/vacinombre-66-scaled.jpg?fit=2000%2C1333&amp;ssl=1\" class=\"attachment-full size-full\" alt=\"HMM\" srcset=\"https:\/\/i0.wp.com\/visitcalvia.org\/wp-content\/uploads\/2026\/05\/vacinombre-66-scaled.jpg?w=2000&amp;ssl=1 2000w, https:\/\/i0.wp.com\/visitcalvia.org\/wp-content\/uploads\/2026\/05\/vacinombre-66-scaled.jpg?resize=300%2C200&amp;ssl=1 300w, https:\/\/i0.wp.com\/visitcalvia.org\/wp-content\/uploads\/2026\/05\/vacinombre-66-scaled.jpg?resize=1024%2C683&amp;ssl=1 1024w, https:\/\/i0.wp.com\/visitcalvia.org\/wp-content\/uploads\/2026\/05\/vacinombre-66-scaled.jpg?resize=768%2C512&amp;ssl=1 768w, https:\/\/i0.wp.com\/visitcalvia.org\/wp-content\/uploads\/2026\/05\/vacinombre-66-scaled.jpg?resize=391%2C260&amp;ssl=1 391w, https:\/\/i0.wp.com\/visitcalvia.org\/wp-content\/uploads\/2026\/05\/vacinombre-66-scaled.jpg?resize=1536%2C1024&amp;ssl=1 1536w\" sizes=\"auto, (max-width: 1100px) 100vw, 1100px\" data-attachment-id=\"31495\" data-permalink=\"https:\/\/visitcalvia.org\/ca\/vacinombre-66\/\" data-orig-file=\"https:\/\/i0.wp.com\/visitcalvia.org\/wp-content\/uploads\/2026\/05\/vacinombre-66-scaled.jpg?fit=2000%2C1333&amp;ssl=1\" data-orig-size=\"2000,1333\" data-comments-opened=\"1\" data-image-meta=\"{&quot;aperture&quot;:&quot;5.6&quot;,&quot;credit&quot;:&quot;Rafa Babot&quot;,&quot;camera&quot;:&quot;ILCE-7M3&quot;,&quot;caption&quot;:&quot;&quot;,&quot;created_timestamp&quot;:&quot;1650733399&quot;,&quot;copyright&quot;:&quot;&quot;,&quot;focal_length&quot;:&quot;400&quot;,&quot;iso&quot;:&quot;200&quot;,&quot;shutter_speed&quot;:&quot;0.0005&quot;,&quot;title&quot;:&quot;&quot;,&quot;orientation&quot;:&quot;0&quot;}\" data-image-title=\"HMM\" data-image-description=\"\" data-image-caption=\"\" data-large-file=\"https:\/\/i0.wp.com\/visitcalvia.org\/wp-content\/uploads\/2026\/05\/vacinombre-66-scaled.jpg?fit=1024%2C683&amp;ssl=1\" \/>                                <div class=\"qodef-team-info-outer\">\n                                        <div class=\"qodef-team-info-inner\">\n                    <div class=\"qodef-team-info\">\n                    <div class=\"qodef-team-title-holder clearfix\">\n                                                <h4 class=\"qodef-team-name\">\n                        Half Marathon Magaluf                    <\/h4>\n                                                        <\/div>\n                                        <\/div>\n                    <\/div>\n                        <\/div>\n                        <\/div>\n\t\t\t<\/div>\n<\/div>[vc_btn title=\u00bbM\u00e9s info\u00bb style=\u00bbcustom\u00bb custom_background=\u00bb#FFFFFF\u00bb custom_text=\u00bb#000000&#8243; shape=\u00bbsquare\u00bb align=\u00bbcenter\u00bb css=\u00bb\u00bb button_block=\u00bbtrue\u00bb link=\u00bburl:https%3A%2F%2Fhalfmarathonmagaluf.com%2F\u00bb][\/vc_column][vc_column width=\u00bb1\/3&#8243;]<div class=\"qodef-team main-info-below-image\">\n\t<div class=\"qodef-team-inner\">\n\t\t\t\t\t<div class=\"qodef-team-image\">\n                <img loading=\"lazy\" decoding=\"async\" width=\"1940\" height=\"1286\" src=\"https:\/\/i0.wp.com\/visitcalvia.org\/wp-content\/uploads\/2026\/06\/foto-5.png?fit=1940%2C1286&amp;ssl=1\" class=\"attachment-full size-full\" alt=\"La Mostra\" srcset=\"https:\/\/i0.wp.com\/visitcalvia.org\/wp-content\/uploads\/2026\/06\/foto-5.png?w=1940&amp;ssl=1 1940w, https:\/\/i0.wp.com\/visitcalvia.org\/wp-content\/uploads\/2026\/06\/foto-5.png?resize=300%2C199&amp;ssl=1 300w, https:\/\/i0.wp.com\/visitcalvia.org\/wp-content\/uploads\/2026\/06\/foto-5.png?resize=1024%2C679&amp;ssl=1 1024w, https:\/\/i0.wp.com\/visitcalvia.org\/wp-content\/uploads\/2026\/06\/foto-5.png?resize=768%2C509&amp;ssl=1 768w, https:\/\/i0.wp.com\/visitcalvia.org\/wp-content\/uploads\/2026\/06\/foto-5.png?resize=391%2C260&amp;ssl=1 391w, https:\/\/i0.wp.com\/visitcalvia.org\/wp-content\/uploads\/2026\/06\/foto-5.png?resize=1536%2C1018&amp;ssl=1 1536w\" sizes=\"auto, (max-width: 1100px) 100vw, 1100px\" data-attachment-id=\"32886\" data-permalink=\"https:\/\/visitcalvia.org\/ca\/?attachment_id=32886\" data-orig-file=\"https:\/\/i0.wp.com\/visitcalvia.org\/wp-content\/uploads\/2026\/06\/foto-5.png?fit=1940%2C1286&amp;ssl=1\" data-orig-size=\"1940,1286\" data-comments-opened=\"1\" data-image-meta=\"{&quot;aperture&quot;:&quot;0&quot;,&quot;credit&quot;:&quot;&quot;,&quot;camera&quot;:&quot;&quot;,&quot;caption&quot;:&quot;&quot;,&quot;created_timestamp&quot;:&quot;0&quot;,&quot;copyright&quot;:&quot;&quot;,&quot;focal_length&quot;:&quot;0&quot;,&quot;iso&quot;:&quot;0&quot;,&quot;shutter_speed&quot;:&quot;0&quot;,&quot;title&quot;:&quot;&quot;,&quot;orientation&quot;:&quot;0&quot;,&quot;alt&quot;:&quot;&quot;}\" data-image-title=\"La Mostra\" data-image-description=\"\" data-image-caption=\"&lt;p&gt;La Mostra&lt;\/p&gt;\n\" data-large-file=\"https:\/\/i0.wp.com\/visitcalvia.org\/wp-content\/uploads\/2026\/06\/foto-5.png?fit=1024%2C679&amp;ssl=1\" \/>                                <div class=\"qodef-team-info-outer\">\n                                        <div class=\"qodef-team-info-inner\">\n                    <div class=\"qodef-team-info\">\n                    <div class=\"qodef-team-title-holder clearfix\">\n                                                <h4 class=\"qodef-team-name\">\n                        La Mostra Calvi\u00e0                    <\/h4>\n                                                        <\/div>\n                                        <\/div>\n                    <\/div>\n                        <\/div>\n                        <\/div>\n\t\t\t<\/div>\n<\/div>[vc_btn title=\u00bbM\u00e9s info\u00bb style=\u00bbcustom\u00bb custom_background=\u00bb#FFFFFF\u00bb custom_text=\u00bb#000000&#8243; shape=\u00bbsquare\u00bb align=\u00bbcenter\u00bb css=\u00bb\u00bb button_block=\u00bbtrue\u00bb link=\u00bburl:https%3A%2F%2Flamostracalvia.com%2F\u00bb][\/vc_column][\/vc_row][vc_row full_width=\u00bbstretch_row_content\u00bb css=\u00bb.vc_custom_1777282248225{background-color: #E4E4E4 !important;}\u00bb][vc_column width=\u00bb1\/3&#8243;]<div class=\"qodef-team main-info-below-image\">\n\t<div class=\"qodef-team-inner\">\n\t\t\t\t\t<div class=\"qodef-team-image\">\n                <img loading=\"lazy\" decoding=\"async\" width=\"2000\" height=\"1333\" src=\"https:\/\/i0.wp.com\/visitcalvia.org\/wp-content\/uploads\/2026\/05\/pgr-18-scaled.jpg?fit=2000%2C1333&amp;ssl=1\" class=\"attachment-full size-full\" alt=\"Challenge Peguera Mallorca\" srcset=\"https:\/\/i0.wp.com\/visitcalvia.org\/wp-content\/uploads\/2026\/05\/pgr-18-scaled.jpg?w=2000&amp;ssl=1 2000w, https:\/\/i0.wp.com\/visitcalvia.org\/wp-content\/uploads\/2026\/05\/pgr-18-scaled.jpg?resize=300%2C200&amp;ssl=1 300w, https:\/\/i0.wp.com\/visitcalvia.org\/wp-content\/uploads\/2026\/05\/pgr-18-scaled.jpg?resize=1024%2C682&amp;ssl=1 1024w, https:\/\/i0.wp.com\/visitcalvia.org\/wp-content\/uploads\/2026\/05\/pgr-18-scaled.jpg?resize=768%2C512&amp;ssl=1 768w, https:\/\/i0.wp.com\/visitcalvia.org\/wp-content\/uploads\/2026\/05\/pgr-18-scaled.jpg?resize=391%2C260&amp;ssl=1 391w, https:\/\/i0.wp.com\/visitcalvia.org\/wp-content\/uploads\/2026\/05\/pgr-18-scaled.jpg?resize=1536%2C1024&amp;ssl=1 1536w\" sizes=\"auto, (max-width: 1100px) 100vw, 1100px\" data-attachment-id=\"31509\" data-permalink=\"https:\/\/visitcalvia.org\/ca\/pgr-18\/\" data-orig-file=\"https:\/\/i0.wp.com\/visitcalvia.org\/wp-content\/uploads\/2026\/05\/pgr-18-scaled.jpg?fit=2000%2C1333&amp;ssl=1\" data-orig-size=\"2000,1333\" data-comments-opened=\"1\" data-image-meta=\"{&quot;aperture&quot;:&quot;6.3&quot;,&quot;credit&quot;:&quot;&quot;,&quot;camera&quot;:&quot;ILCE-7M4&quot;,&quot;caption&quot;:&quot;&quot;,&quot;created_timestamp&quot;:&quot;1665824394&quot;,&quot;copyright&quot;:&quot;&quot;,&quot;focal_length&quot;:&quot;207&quot;,&quot;iso&quot;:&quot;250&quot;,&quot;shutter_speed&quot;:&quot;0.0005&quot;,&quot;title&quot;:&quot;&quot;,&quot;orientation&quot;:&quot;0&quot;}\" data-image-title=\"Challenge Peguera Mallorca\" data-image-description=\"\" data-image-caption=\"\" data-large-file=\"https:\/\/i0.wp.com\/visitcalvia.org\/wp-content\/uploads\/2026\/05\/pgr-18-scaled.jpg?fit=1024%2C682&amp;ssl=1\" \/>                                <div class=\"qodef-team-info-outer\">\n                                        <div class=\"qodef-team-info-inner\">\n                    <div class=\"qodef-team-info\">\n                    <div class=\"qodef-team-title-holder clearfix\">\n                                                <h4 class=\"qodef-team-name\">\n                        Challenge Peguera Mallorca                    <\/h4>\n                                                        <\/div>\n                                        <\/div>\n                    <\/div>\n                        <\/div>\n                        <\/div>\n\t\t\t<\/div>\n<\/div>[vc_btn title=\u00bbM\u00e9s info\u00bb style=\u00bbcustom\u00bb custom_background=\u00bb#FFFFFF\u00bb custom_text=\u00bb#000000&#8243; shape=\u00bbsquare\u00bb align=\u00bbcenter\u00bb css=\u00bb\u00bb button_block=\u00bbtrue\u00bb link=\u00bburl:https%3A%2F%2Fchallenge-mallorca.com%2F%3Flang%3Des\u00bb][\/vc_column][vc_column width=\u00bb1\/3&#8243;]<div class=\"qodef-team main-info-below-image\">\n\t<div class=\"qodef-team-inner\">\n\t\t\t\t\t<div class=\"qodef-team-image\">\n                <img loading=\"lazy\" decoding=\"async\" width=\"2000\" height=\"1331\" src=\"https:\/\/i0.wp.com\/visitcalvia.org\/wp-content\/uploads\/2026\/06\/37-scaled.jpg?fit=2000%2C1331&amp;ssl=1\" class=\"attachment-full size-full\" alt=\"Betart\" srcset=\"https:\/\/i0.wp.com\/visitcalvia.org\/wp-content\/uploads\/2026\/06\/37-scaled.jpg?w=2000&amp;ssl=1 2000w, https:\/\/i0.wp.com\/visitcalvia.org\/wp-content\/uploads\/2026\/06\/37-scaled.jpg?resize=300%2C200&amp;ssl=1 300w, https:\/\/i0.wp.com\/visitcalvia.org\/wp-content\/uploads\/2026\/06\/37-scaled.jpg?resize=1024%2C681&amp;ssl=1 1024w, https:\/\/i0.wp.com\/visitcalvia.org\/wp-content\/uploads\/2026\/06\/37-scaled.jpg?resize=768%2C511&amp;ssl=1 768w, https:\/\/i0.wp.com\/visitcalvia.org\/wp-content\/uploads\/2026\/06\/37-scaled.jpg?resize=391%2C260&amp;ssl=1 391w, https:\/\/i0.wp.com\/visitcalvia.org\/wp-content\/uploads\/2026\/06\/37-scaled.jpg?resize=1536%2C1022&amp;ssl=1 1536w\" sizes=\"auto, (max-width: 1100px) 100vw, 1100px\" data-attachment-id=\"32865\" data-permalink=\"https:\/\/visitcalvia.org\/ca\/?attachment_id=32865\" data-orig-file=\"https:\/\/i0.wp.com\/visitcalvia.org\/wp-content\/uploads\/2026\/06\/37-scaled.jpg?fit=2000%2C1331&amp;ssl=1\" data-orig-size=\"2000,1331\" data-comments-opened=\"1\" data-image-meta=\"{&quot;aperture&quot;:&quot;8&quot;,&quot;credit&quot;:&quot;&quot;,&quot;camera&quot;:&quot;NIKON D700&quot;,&quot;caption&quot;:&quot;&quot;,&quot;created_timestamp&quot;:&quot;1460020155&quot;,&quot;copyright&quot;:&quot;&quot;,&quot;focal_length&quot;:&quot;24&quot;,&quot;iso&quot;:&quot;100&quot;,&quot;shutter_speed&quot;:&quot;0.00625&quot;,&quot;title&quot;:&quot;&quot;,&quot;orientation&quot;:&quot;0&quot;,&quot;alt&quot;:&quot;&quot;}\" data-image-title=\"Betart\" data-image-description=\"&lt;p&gt;Betart&lt;\/p&gt;\n\" data-image-caption=\"&lt;p&gt;Betart&lt;\/p&gt;\n\" data-large-file=\"https:\/\/i0.wp.com\/visitcalvia.org\/wp-content\/uploads\/2026\/06\/37-scaled.jpg?fit=1024%2C681&amp;ssl=1\" \/>                                <div class=\"qodef-team-info-outer\">\n                                        <div class=\"qodef-team-info-inner\">\n                    <div class=\"qodef-team-info\">\n                    <div class=\"qodef-team-title-holder clearfix\">\n                                                <h4 class=\"qodef-team-name\">\n                        Betart                    <\/h4>\n                                                        <\/div>\n                                        <\/div>\n                    <\/div>\n                        <\/div>\n                        <\/div>\n\t\t\t<\/div>\n<\/div>[vc_btn title=\u00bbM\u00e9s info\u00bb style=\u00bbcustom\u00bb custom_background=\u00bb#FFFFFF\u00bb custom_text=\u00bb#000000&#8243; shape=\u00bbsquare\u00bb align=\u00bbcenter\u00bb css=\u00bb\u00bb button_block=\u00bbtrue\u00bb link=\u00bburl:https%3A%2F%2Fvisitcalvia.org%2Fbetart%2F\u00bb][\/vc_column][vc_column width=\u00bb1\/3&#8243;]<div class=\"qodef-team main-info-below-image\">\n\t<div class=\"qodef-team-inner\">\n\t\t\t\t\t<div class=\"qodef-team-image\">\n                <img loading=\"lazy\" decoding=\"async\" width=\"2000\" height=\"1333\" src=\"https:\/\/i0.wp.com\/visitcalvia.org\/wp-content\/uploads\/2026\/05\/ssc-47-scaled.jpg?fit=2000%2C1333&amp;ssl=1\" class=\"attachment-full size-full\" alt=\"HSSC\" srcset=\"https:\/\/i0.wp.com\/visitcalvia.org\/wp-content\/uploads\/2026\/05\/ssc-47-scaled.jpg?w=2000&amp;ssl=1 2000w, https:\/\/i0.wp.com\/visitcalvia.org\/wp-content\/uploads\/2026\/05\/ssc-47-scaled.jpg?resize=300%2C200&amp;ssl=1 300w, https:\/\/i0.wp.com\/visitcalvia.org\/wp-content\/uploads\/2026\/05\/ssc-47-scaled.jpg?resize=1024%2C683&amp;ssl=1 1024w, https:\/\/i0.wp.com\/visitcalvia.org\/wp-content\/uploads\/2026\/05\/ssc-47-scaled.jpg?resize=768%2C512&amp;ssl=1 768w, https:\/\/i0.wp.com\/visitcalvia.org\/wp-content\/uploads\/2026\/05\/ssc-47-scaled.jpg?resize=391%2C260&amp;ssl=1 391w, https:\/\/i0.wp.com\/visitcalvia.org\/wp-content\/uploads\/2026\/05\/ssc-47-scaled.jpg?resize=1536%2C1024&amp;ssl=1 1536w\" sizes=\"auto, (max-width: 1100px) 100vw, 1100px\" data-attachment-id=\"31514\" data-permalink=\"https:\/\/visitcalvia.org\/ca\/ssc-47\/\" data-orig-file=\"https:\/\/i0.wp.com\/visitcalvia.org\/wp-content\/uploads\/2026\/05\/ssc-47-scaled.jpg?fit=2000%2C1333&amp;ssl=1\" data-orig-size=\"2000,1333\" data-comments-opened=\"1\" data-image-meta=\"{&quot;aperture&quot;:&quot;5.6&quot;,&quot;credit&quot;:&quot;Rafa Babot&quot;,&quot;camera&quot;:&quot;ILCE-7M3&quot;,&quot;caption&quot;:&quot;&quot;,&quot;created_timestamp&quot;:&quot;1672509394&quot;,&quot;copyright&quot;:&quot;Rafa Babot&quot;,&quot;focal_length&quot;:&quot;135&quot;,&quot;iso&quot;:&quot;1000&quot;,&quot;shutter_speed&quot;:&quot;0.00125&quot;,&quot;title&quot;:&quot;&quot;,&quot;orientation&quot;:&quot;0&quot;}\" data-image-title=\"Sant Silvestre Calvianera\" data-image-description=\"\" data-image-caption=\"\" data-large-file=\"https:\/\/i0.wp.com\/visitcalvia.org\/wp-content\/uploads\/2026\/05\/ssc-47-scaled.jpg?fit=1024%2C683&amp;ssl=1\" \/>                                <div class=\"qodef-team-info-outer\">\n                                        <div class=\"qodef-team-info-inner\">\n                    <div class=\"qodef-team-info\">\n                    <div class=\"qodef-team-title-holder clearfix\">\n                                                <h4 class=\"qodef-team-name\">\n                        Sant Silvestre Calvianera                    <\/h4>\n                                                        <\/div>\n                                        <\/div>\n                    <\/div>\n                        <\/div>\n                        <\/div>\n\t\t\t<\/div>\n<\/div>[vc_btn title=\u00bbM\u00e9s info\u00bb style=\u00bbcustom\u00bb custom_background=\u00bb#FFFFFF\u00bb custom_text=\u00bb#000000&#8243; shape=\u00bbsquare\u00bb align=\u00bbcenter\u00bb css=\u00bb\u00bb button_block=\u00bbtrue\u00bb link=\u00bburl:https%3A%2F%2Fcalviadeportes.com%2Fsantsilvestre%2F\u00bb][\/vc_column][\/vc_row][vc_row disable_element=\u00bbyes\u00bb][vc_column][vc_empty_space height=\u00bb25px\u00bb][vc_empty_space height=\u00bb25px\u00bb][\/vc_column][\/vc_row][vc_row full_width=\u00bbstretch_row\u00bb css=\u00bb.vc_custom_1777283597439{background-color: #E4E4E4 !important;}\u00bb][vc_column][vc_empty_space height=\u00bb30px\u00bb][\/vc_column][\/vc_row][vc_row full_width=\u00bbstretch_row\u00bb disable_element=\u00bbyes\u00bb css=\u00bb.vc_custom_1781866736195{background-image: url(<a href=\"https:\/\/visitcalvia.org\/wp-content\/uploads\/2026\/03\/4-2024_19_finca-galatzo_campo-scaled.jpg?id=30399\">https:\/\/visitcalvia.org\/wp-content\/uploads\/2026\/03\/4-2024_19_finca-galatzo_campo-scaled.jpg?id=30399<\/a>) !important;background-position: center !important;background-repeat: no-repeat !important;background-size: cover !important;}\u00bb][vc_column][vc_empty_space height=\u00bb150px\u00bb][vc_empty_space height=\u00bb150px\u00bb][\/vc_column][\/vc_row][vc_row full_width=\u00bbstretch_row\u00bb css=\u00bb.vc_custom_1775028541433{background-color: #E4E4E4 !important;}\u00bb][vc_column][vc_column_text css=\u00bb.vc_custom_1784110227674{margin-bottom: 14px !important;}\u00bb]<\/p>\n<h2 style=\"text-align: center;\"><strong><span class=\"change-second-color\" style=\"color: #0562a4; font-family: Montserrat;\">Convocat\u00f2ria de patrocinis<\/span><\/strong><\/h2>\n<p>[\/vc_column_text][vc_column_text css=\u00bb.vc_custom_1784110471730{margin-bottom: 14px !important;}\u00bb]<\/p>\n<h4 style=\"text-align: center;\"><span class=\"change-second-color\" style=\"color: #0562a4; font-family: Montserrat;\">La Fundaci\u00f3n Calvi\u00e0 365 publica cada any una convocat\u00f2ria de patrocini dirigida a esdeveniments d&#8217;inter\u00e8s tur\u00edstic, amb l&#8217;objectiu de donar suport a iniciatives que contribueixin a la promoci\u00f3 i dinamitzaci\u00f3 del municipi, impulsant esdeveniments, especialment en els \u00e0mbits de l&#8217;esport, la gastronomia, la cultura i el producte MICE, entre d&#8217;altres.<\/span><\/h4>\n<p style=\"text-align: center;\">Pr\u00f3ximament se publicar\u00e0 la convocat\u00f2ria de patrocinis d&#8217;esdeveniments d&#8217;inter\u00e8s tur\u00edstic per l&#8217;any 2027 al municipi de Calvi\u00e0<\/p>\n<p>[\/vc_column_text][vc_empty_space height=\u00bb20px\u00bb][\/vc_column][\/vc_row][vc_row disable_element=\u00bbyes\u00bb][vc_column][vc_empty_space height=\u00bb25px\u00bb][vc_empty_space height=\u00bb25px\u00bb][\/vc_column][\/vc_row][vc_row full_width=\u00bbstretch_row\u00bb css=\u00bb.vc_custom_1777283597439{background-color: #E4E4E4 !important;}\u00bb][vc_column][vc_empty_space height=\u00bb30px\u00bb][\/vc_column][\/vc_row][vc_row full_width=\u00bbstretch_row\u00bb css=\u00bb.vc_custom_1775028541433{background-color: #E4E4E4 !important;}\u00bb][vc_column][vc_column_text css=\u00bb.vc_custom_1784110495411{margin-bottom: 14px !important;}\u00bb]<\/p>\n<h2 style=\"text-align: center;\"><strong><span class=\"change-second-color\" style=\"color: #0562a4; font-family: Montserrat;\">Portal de transpar\u00e8ncia<\/span><\/strong><\/h2>\n<p>[\/vc_column_text][vc_column_text css=\u00bb.vc_custom_1784110642243{margin-bottom: 14px !important;}\u00bb]<\/p>\n<h4 style=\"text-align: center;\"><span class=\"change-second-color\" style=\"color: #0562a4; font-family: Montserrat;\">La Fundaci\u00f3n Calvi\u00e0 365 posa a disposici\u00f3 aquest espai web de transpar\u00e8ncia com a mostra del seu comprom\u00eds amb una gesti\u00f3 clara, accessible i oberta a la ciutadania<\/span><\/h4>\n<p>[\/vc_column_text][vc_empty_space height=\u00bb20px\u00bb][\/vc_column][\/vc_row][vc_row][vc_column][vc_empty_space height=\u00bb25px\u00bb][vc_empty_space height=\u00bb25px\u00bb][\/vc_column][\/vc_row][vc_row row_content_width=\u00bbgrid\u00bb][vc_column width=\u00bb1\/2&#8243;]<div class=\"qodef-accordion-holder qodef-ac-default  qodef-toggle qodef-ac-boxed  clearfix\">\n\t<p class=\"qodef-accordion-title\">\n    <span class=\"qodef-accordion-mark\">\n\t\t<span class=\"qodef_icon_plus ion-chevron-down\"><\/span>\n\t\t<span class=\"qodef_icon_minus ion-chevron-up\"><\/span>\n\t<\/span>\n\t<span class=\"qodef-tab-title\">2026<\/span>\n<\/p>\n<div class=\"qodef-accordion-content\">\n\t<div class=\"qodef-accordion-content-inner\">\n\t\t[vc_column_text css=\u00bb\u00bb]<\/p>\n<div id=\"comp-k56e7f3z\" class=\"txtNew\" data-packed=\"true\">\n<ul>\n<li><a href=\"https:\/\/drive.google.com\/file\/d\/16JNE95bC1v-N0NPH57VproieCuqyj55k\/view?usp=sharing\"><span class=\"color_15\">Pla d&#8217;Activitats 2026<\/span><\/a><\/li>\n<\/ul>\n<\/div>\n<p>[\/vc_column_text]\t<\/div>\n<\/div><p class=\"qodef-accordion-title\">\n    <span class=\"qodef-accordion-mark\">\n\t\t<span class=\"qodef_icon_plus ion-chevron-down\"><\/span>\n\t\t<span class=\"qodef_icon_minus ion-chevron-up\"><\/span>\n\t<\/span>\n\t<span class=\"qodef-tab-title\">2025<\/span>\n<\/p>\n<div class=\"qodef-accordion-content\">\n\t<div class=\"qodef-accordion-content-inner\">\n\t\t[vc_column_text css=\u00bb\u00bb]<\/p>\n<div id=\"comp-k56e7f3z\" class=\"txtNew\" data-packed=\"true\">\n<ul>\n<li><a href=\"https:\/\/drive.google.com\/file\/d\/1so7XIXJRl8gryXQ7RfqNRCwT0RNskoYU\/view?usp=sharing\"><span class=\"color_15\">Pla d&#8217;Activitats 2025<\/span><\/a><\/li>\n<li><a href=\"https:\/\/drive.google.com\/file\/d\/1SwQPDbVKQo1En_VRjsvfbtyVSyB7LyBX\/view?usp=drive_link\"><span class=\"color_15\">Informe d&#8217;auditoria financera 2025<\/span><\/a><\/li>\n<li><a href=\"https:\/\/drive.google.com\/file\/d\/16mz4qLce8B789oqxf80Jd_5p-CLb4FVa\/view?usp=drive_link\"><span class=\"color_15\">Informe d&#8217;auditoria de compliment de contractaci\u00f3 2025<\/span><\/a><\/li>\n<li><a href=\"https:\/\/drive.google.com\/file\/d\/1gBiyt_SlFNPjpGjQsAl2RNPBf7k2sz4c\/view?usp=drive_link\">Comptes anuals 2025<\/a><\/li>\n<li><a href=\"https:\/\/drive.google.com\/file\/d\/1AIhJMtomEnvORhna-4GdQ3HX4zSlUFnB\/view?usp=drive_link\">Mem\u00f2ria t\u00e8cnica 2025<\/a><\/li>\n<\/ul>\n<\/div>\n<p>[\/vc_column_text]\t<\/div>\n<\/div><p class=\"qodef-accordion-title\">\n    <span class=\"qodef-accordion-mark\">\n\t\t<span class=\"qodef_icon_plus ion-chevron-down\"><\/span>\n\t\t<span class=\"qodef_icon_minus ion-chevron-up\"><\/span>\n\t<\/span>\n\t<span class=\"qodef-tab-title\">2024<\/span>\n<\/p>\n<div class=\"qodef-accordion-content\">\n\t<div class=\"qodef-accordion-content-inner\">\n\t\t[vc_column_text css=\u00bb\u00bb]<\/p>\n<div id=\"comp-k56e7f3z\" class=\"txtNew\" data-packed=\"true\">\n<ul>\n<li><a href=\"https:\/\/drive.google.com\/file\/d\/17vNXUHgSukvRrZVjr5DbhqvTZrGOqqca\/view?usp=sharing\"><span class=\"color_15\">Pla d&#8217;Activitats 2024<\/span><\/a><\/li>\n<li><a href=\"https:\/\/drive.google.com\/file\/d\/1i90ezol_bA0x9itPaw_m8l39ZEBkJT7s\/view?usp=sharing\">Certificat aprovaci\u00f3 pla d&#8217;actuaci\u00f3 2024<\/a><\/li>\n<li><a href=\"https:\/\/drive.google.com\/file\/d\/1c7cdD5enhKFz5FI-dpvm5Vu9a0qrOyLI\/view?usp=sharing\">Mem\u00f2ria t\u00e8cnica 2024<\/a><\/li>\n<li><a href=\"https:\/\/drive.google.com\/file\/d\/1Ti3fas0qbmaX3F5a9h-DwVIyI1uSD9RE\/view?usp=drive_link\">Comptes anuals 2024<\/a><\/li>\n<li><a href=\"https:\/\/drive.google.com\/file\/d\/1wMON0nVubg4GA4PHXZ43OR2yQkWFlU7s\/view?usp=sharing\">Informe d&#8217;auditoria financera 2024<\/a><\/li>\n<li><a href=\"https:\/\/drive.google.com\/file\/d\/1sOqrHfZdyV9J-D-GHCZoorLJyV1HboX3\/view?usp=drive_link\">Informe d&#8217;auditoria complimient contractaci\u00f3 2024<\/a><\/li>\n<\/ul>\n<\/div>\n<p>[\/vc_column_text]\t<\/div>\n<\/div><p class=\"qodef-accordion-title\">\n    <span class=\"qodef-accordion-mark\">\n\t\t<span class=\"qodef_icon_plus ion-chevron-down\"><\/span>\n\t\t<span class=\"qodef_icon_minus ion-chevron-up\"><\/span>\n\t<\/span>\n\t<span class=\"qodef-tab-title\">2023<\/span>\n<\/p>\n<div class=\"qodef-accordion-content\">\n\t<div class=\"qodef-accordion-content-inner\">\n\t\t[vc_column_text css=\u00bb\u00bb]<\/p>\n<div id=\"comp-k56e7f3z\" class=\"txtNew\" data-packed=\"true\">\n<ul>\n<li><a href=\"https:\/\/drive.google.com\/file\/d\/1IV5tJK8bZi5chhAIAZ0AC5snP8L0P-7n\/view?usp=sharing\"><span class=\"color_15\">Pla d&#8217;Activitats 2023<\/span><\/a><\/li>\n<li><a href=\"https:\/\/drive.google.com\/file\/d\/1m3jtV83SHeP2dqNDGwdExi-3HOXQ2rNy\/view?usp=sharing\">Certificat aprovaci\u00f3 pla d&#8217;actuaci\u00f3 2023<\/a><\/li>\n<li><a href=\"https:\/\/drive.google.com\/file\/d\/1MFQzdaoEx77HOw-5afw2c1medQkA8zfq\/view?usp=sharing\">Mem\u00f2ria t\u00e8cnica 2023<\/a><\/li>\n<li><a href=\"https:\/\/drive.google.com\/file\/d\/1PC1bg4wWJaVWOZ2mJE6Q3TqjBYiyZ-Zt\/view?usp=sharing\">Informe auditoria financera 2023<\/a><\/li>\n<li><a href=\"https:\/\/drive.google.com\/file\/d\/1x4DcPbfzmu9loc7ovwIk6NqcRsPdmezl\/view?usp=sharing\">Informe auditoria compliment contractaci\u00f3 2023<\/a><\/li>\n<\/ul>\n<\/div>\n<p>[\/vc_column_text]\t<\/div>\n<\/div><p class=\"qodef-accordion-title\">\n    <span class=\"qodef-accordion-mark\">\n\t\t<span class=\"qodef_icon_plus ion-chevron-down\"><\/span>\n\t\t<span class=\"qodef_icon_minus ion-chevron-up\"><\/span>\n\t<\/span>\n\t<span class=\"qodef-tab-title\">2022<\/span>\n<\/p>\n<div class=\"qodef-accordion-content\">\n\t<div class=\"qodef-accordion-content-inner\">\n\t\t[vc_column_text css=\u00bb\u00bb]<\/p>\n<div id=\"comp-k56e7f3z\" class=\"txtNew\" data-packed=\"true\">\n<ul>\n<li><a href=\"https:\/\/drive.google.com\/file\/d\/1WLSRv8vELWjp_M7XxvoDS0Lt_x1vrxja\/view?usp=sharing\"><span class=\"color_15\">Pla d&#8217;Activitats 2022<\/span><\/a><\/li>\n<li><a href=\"https:\/\/drive.google.com\/file\/d\/1--qo8l9ZuFTMWdVqPxNoS1kf5jzS6uC3\/view?usp=sharing\">Certificat aprovaci\u00f3 pla d&#8217;actuaci\u00f3 2022<\/a><\/li>\n<li><a href=\"https:\/\/drive.google.com\/file\/d\/1kOlu7rqAwmhCVwRMTJJha05Sf4njp9Sx\/view?usp=sharing\">Mem\u00f2ria t\u00e8cnica 2022<\/a><\/li>\n<li><a href=\"https:\/\/drive.google.com\/file\/d\/1ou5ZwT7GkLfY715p2x8dlIU_01XUXrMu\/view?usp=sharing\">Informe auditoria compliment de contractaci\u00f3 2022<\/a><\/li>\n<li><a href=\"https:\/\/drive.google.com\/file\/d\/1zFrllzsTpbhRmxmLOBDs4ANSdEHbyhoh\/view?usp=sharing\">Comptes anuals i informe d&#8217;auditoria 2022<\/a><\/li>\n<\/ul>\n<\/div>\n<p>[\/vc_column_text]\t<\/div>\n<\/div><p class=\"qodef-accordion-title\">\n    <span class=\"qodef-accordion-mark\">\n\t\t<span class=\"qodef_icon_plus ion-chevron-down\"><\/span>\n\t\t<span class=\"qodef_icon_minus ion-chevron-up\"><\/span>\n\t<\/span>\n\t<span class=\"qodef-tab-title\">2021<\/span>\n<\/p>\n<div class=\"qodef-accordion-content\">\n\t<div class=\"qodef-accordion-content-inner\">\n\t\t[vc_column_text css=\u00bb\u00bb]<\/p>\n<div id=\"comp-k56e7f3z\" class=\"txtNew\" data-packed=\"true\">\n<ul>\n<li><a href=\"https:\/\/drive.google.com\/file\/d\/1SmPssxR1rs0R-d6uKnZ9ZVGR319c2cdX\/view?usp=sharing\"><span class=\"color_15\">Pla d&#8217;Activitats 2021<\/span><\/a><\/li>\n<li><a href=\"https:\/\/drive.google.com\/file\/d\/1wH6qeo_jnab-NVYJUqKEbiQL-wjx3-AL\/view?usp=drive_link\"><span class=\"color_15\">Comptes anuals i mem\u00f2ria final 2021<\/span><\/a><\/li>\n<li><a href=\"https:\/\/drive.google.com\/file\/d\/1aaCvQ03Kf6K2L9TjtBh_O0N2FCtLtb40\/view?usp=drive_link\"><span class=\"color_15\">Informe auditoria comptes 2021<\/span><\/a><\/li>\n<li><a href=\"https:\/\/drive.google.com\/file\/d\/1_xf7MDQgYgEE2US_Ram8e9Dsu4UXKJqa\/view?usp=drive_link\">Informe auditoria procediments 2021<\/a><\/li>\n<\/ul>\n<\/div>\n<p>[\/vc_column_text]\t<\/div>\n<\/div><p class=\"qodef-accordion-title\">\n    <span class=\"qodef-accordion-mark\">\n\t\t<span class=\"qodef_icon_plus ion-chevron-down\"><\/span>\n\t\t<span class=\"qodef_icon_minus ion-chevron-up\"><\/span>\n\t<\/span>\n\t<span class=\"qodef-tab-title\">2020<\/span>\n<\/p>\n<div class=\"qodef-accordion-content\">\n\t<div class=\"qodef-accordion-content-inner\">\n\t\t[vc_column_text css=\u00bb\u00bb]<\/p>\n<div id=\"comp-k56e7f3z\" class=\"txtNew\" data-packed=\"true\">\n<ul>\n<li><a href=\"https:\/\/drive.google.com\/file\/d\/1HAN8EkI0CsGN8oeXQh0OOptArGNk250z\/view?usp=sharing\"><span class=\"color_15\">Pla d&#8217;Activitats 2020<\/span><\/a><\/li>\n<li><a href=\"https:\/\/drive.google.com\/file\/d\/1iDWolMi8-6PWMvvDRFh3Ri9N7b678BFH\/view?usp=sharing\">Comptes anuals 2020<\/a><\/li>\n<li><a href=\"https:\/\/drive.google.com\/file\/d\/1n_EaEVhMv6NcKo0oSBS4EosPB2jfSmx7\/view?usp=sharing\">Informe de auditoria comptes 2020<\/a><\/li>\n<li><a href=\"https:\/\/drive.google.com\/file\/d\/1meD2sYGMSFBlFKJljl0QiUNN1HGDZFdV\/view?usp=sharing\">Informe de procediment 2020<\/a><\/li>\n<\/ul>\n<\/div>\n<p>[\/vc_column_text]\t<\/div>\n<\/div><\/div>[\/vc_column][vc_column width=\u00bb1\/2&#8243;]<div class=\"qodef-accordion-holder qodef-ac-default  qodef-toggle qodef-ac-boxed  clearfix\">\n\t<p class=\"qodef-accordion-title\">\n    <span class=\"qodef-accordion-mark\">\n\t\t<span class=\"qodef_icon_plus ion-chevron-down\"><\/span>\n\t\t<span class=\"qodef_icon_minus ion-chevron-up\"><\/span>\n\t<\/span>\n\t<span class=\"qodef-tab-title\">2019<\/span>\n<\/p>\n<div class=\"qodef-accordion-content\">\n\t<div class=\"qodef-accordion-content-inner\">\n\t\t[vc_column_text css=\u00bb\u00bb]<\/p>\n<ul>\n<li class=\"font_8\"><a href=\"https:\/\/drive.google.com\/file\/d\/1VrHOgL64h7lo7ZBDbn4k5n-l-nZtQHSg\/view?usp=sharing\"><span class=\"color_15\">Pla d&#8217;Activitats 2019<\/span><\/a><\/li>\n<li class=\"font_8\"><a href=\"https:\/\/drive.google.com\/file\/d\/1kLENzxbKX6LKM_Kh6zoT0Wr6O3IL1Doh\/view?usp=sharing\"><span class=\"color_15\">Decret de batlia nou secretari Fundaci\u00f3n Calvi\u00e0<\/span><\/a><\/li>\n<li class=\"font_8\"><a href=\"https:\/\/drive.google.com\/file\/d\/1lNRXlGBTOcSgLWY34VZ7el1CkmIHihiR\/view?usp=sharing\"><span class=\"color_15\">Pressupost 2019<\/span><\/a><\/li>\n<li><a href=\"https:\/\/drive.google.com\/file\/d\/1sie01BXTciLXEU5Ydj3DEBfB4hKCh66j\/view?usp=sharing\"><span class=\"color_15\">Firma patrons aprovaci\u00f3 comptes 2019<\/span><\/a><\/li>\n<li><a href=\"https:\/\/drive.google.com\/file\/d\/1n06YCkN4n0qMHcffd3yPT_sbZbRxUd8L\/view?usp=sharing\">Certificat aprovaci\u00f3 comptes 2019<\/a><\/li>\n<li><a href=\"https:\/\/drive.google.com\/file\/d\/1bFAybQ7oq0W151QmuCqmCJ-2KeWibZER\/view?usp=sharing\"><span class=\"color_15\">Balan\u00e7 de situaci\u00f3 passiu<\/span><\/a><\/li>\n<li><a href=\"https:\/\/drive.google.com\/file\/d\/1YCbX9lPUB8ITkv1qrXTnWICmE3i8Jrl2\/view?usp=sharing\">Balan\u00e7 de situaci\u00f3 actiu<\/a><\/li>\n<li><a href=\"https:\/\/drive.google.com\/file\/d\/1gt3xba7NJJTEOWMKVI9M9GlCT87pSCH1\/view?usp=sharing\"><span class=\"color_15\">Compte de p\u00e8rdues i guanys 2019<\/span><\/a><\/li>\n<li><a href=\"https:\/\/drive.google.com\/file\/d\/1BEhhtt9moNaahbPeALAN-ZQsI4B_Wmxf\/view?usp=sharing\"><span class=\"color_15\">Mem\u00f2ria econ\u00f2mica abreujada 2019<\/span><\/a><\/li>\n<li><a href=\"https:\/\/drive.google.com\/file\/d\/1DmE_70Paa5zbQM215troruSjacfmIsNq\/view?usp=sharing\"><span class=\"color_15\">Mem\u00f2ria d&#8217;activitats 2019<\/span><\/a><\/li>\n<li><a href=\"https:\/\/drive.google.com\/file\/d\/17HBupUKjgxoE-RMdAEKBW-xZz1qtihbV\/view?usp=sharing\"><span class=\"color_15\">Informe auditoria comptes 2019<\/span><\/a><\/li>\n<li><a href=\"https:\/\/drive.google.com\/file\/d\/1Dt1HKmImGh7OpYn0LdhADRhRiUvl3xOj\/view?usp=sharing\"><span class=\"color_15\">Informe auditoria contractual 2019<\/span><\/a><\/li>\n<\/ul>\n<p>[\/vc_column_text]\t<\/div>\n<\/div><p class=\"qodef-accordion-title\">\n    <span class=\"qodef-accordion-mark\">\n\t\t<span class=\"qodef_icon_plus ion-chevron-down\"><\/span>\n\t\t<span class=\"qodef_icon_minus ion-chevron-up\"><\/span>\n\t<\/span>\n\t<span class=\"qodef-tab-title\">2018<\/span>\n<\/p>\n<div class=\"qodef-accordion-content\">\n\t<div class=\"qodef-accordion-content-inner\">\n\t\t[vc_column_text css=\u00bb\u00bb]<\/p>\n<ul>\n<li class=\"font_8\"><a href=\"https:\/\/drive.google.com\/file\/d\/1pthqLPeOZwhiXtg5dJj7MgZ9gi42qxZz\/view?usp=sharing\"><span class=\"color_15\">Pla d&#8217;Activitats 2018 i pressupost<\/span><\/a><\/li>\n<li class=\"font_8\"><a href=\"https:\/\/drive.google.com\/file\/d\/1gy5KicfmyUyOMDt5evlbgRvXRxIp_vLy\/view?usp=sharing\"><span class=\"color_15\">Conveni per al desenvolupament del Pla d&#8217;Activitats 2018 entre l&#8217;Ajuntament de Calvi\u00e0 i Fundaci\u00f3n Calvi\u00e0 365<\/span><\/a><\/li>\n<li class=\"font_8\"><a href=\"https:\/\/drive.google.com\/file\/d\/160URwTwyvshSImuz0TYQXuLHEBjtbDK7\/view?usp=sharing\"><span class=\"color_15\">Mem\u00f2ria d&#8217;activitats 2018<\/span><\/a><\/li>\n<li class=\"font_8\"><a href=\"https:\/\/drive.google.com\/file\/d\/1EF4rwb59yisBZzGP_DPhy8U_4l-m2hip\/view?usp=sharing\"><span class=\"color_15\">Informe auditoria de comptes<\/span><\/a><\/li>\n<li class=\"font_8\"><a href=\"https:\/\/drive.google.com\/file\/d\/1klXQgF6TJLgKP8yVgmw06bWu302N0XWt\/view?usp=sharing\">Informe auditoria sobre el compliment dels procediments de contractaci\u00f3<\/a><\/li>\n<\/ul>\n<p>[\/vc_column_text]\t<\/div>\n<\/div><p class=\"qodef-accordion-title\">\n    <span class=\"qodef-accordion-mark\">\n\t\t<span class=\"qodef_icon_plus ion-chevron-down\"><\/span>\n\t\t<span class=\"qodef_icon_minus ion-chevron-up\"><\/span>\n\t<\/span>\n\t<span class=\"qodef-tab-title\">2017<\/span>\n<\/p>\n<div class=\"qodef-accordion-content\">\n\t<div class=\"qodef-accordion-content-inner\">\n\t\t[vc_column_text css=\u00bb\u00bb]<\/p>\n<div id=\"comp-iylfr2m3\" class=\"txtNew\" data-packed=\"true\">\n<ul>\n<li class=\"font_8\"><a href=\"https:\/\/drive.google.com\/file\/d\/1hPv8TzORwRa2-D-RkhZHYX6fDP47QmK-\/view?usp=sharing\"><span class=\"color_15\">Pla d&#8217;Activitats 2017<\/span><\/a><\/li>\n<li class=\"font_8\"><a href=\"https:\/\/drive.google.com\/file\/d\/10Jg0RgSe7w7kSxtLHVMSt25OeI2DnzB7\/view?usp=sharing\"><span class=\"color_15\">Pressupost Pla d&#8217;activitats 2017<\/span><\/a><\/li>\n<li class=\"font_8\"><a href=\"https:\/\/drive.google.com\/file\/d\/1jNTai5DDrzPAFEPfkhjvdsUTOaKff70_\/view?usp=sharing\"><span class=\"color_15\">Conveni per al desenvolupament del Pla d&#8217;activitats 2017 entre l&#8217;Ajuntament de Calvi\u00e0 i Fundaci\u00f3n Calvi\u00e0 365<\/span><\/a><\/li>\n<li class=\"font_8\"><a href=\"https:\/\/drive.google.com\/file\/d\/1B957fbUpQ7tKeI6i_BH3Z2mOebVvKMw0\/view?usp=sharing\"><span class=\"color_15\">Mem\u00f2ria d&#8217;activitats 2017<\/span><\/a><\/li>\n<li class=\"font_8\"><a href=\"https:\/\/drive.google.com\/file\/d\/1dJjgIoV27lyM4Wu_FEBkuePgeYmhPiSX\/view?usp=sharing\"><span class=\"color_15\">Informe auditoria de comptes<\/span><\/a><\/li>\n<li class=\"font_8\"><a href=\"https:\/\/drive.google.com\/file\/d\/124MRgMiLcupIfhjemJpdipEhxEHdKxYi\/view?usp=sharing\"><span class=\"color_15\">Informe compliment normativa de contractes <\/span><\/a><\/li>\n<li class=\"font_8\"><a href=\"https:\/\/drive.google.com\/file\/d\/1MwCZCf_1CSscBROEBy9kFDzrmZs47kPi\/view?usp=sharing\"><span class=\"color_15\">Comptes abreujades<\/span><\/a><\/li>\n<li class=\"font_8\"><a href=\"https:\/\/drive.google.com\/file\/d\/1WPdYoNLsoBp2SgwIcfiJF5YET8x5YrMM\/view?usp=sharing\"><span class=\"color_15\">Mem\u00f2ria econ\u00f2mica<\/span><\/a><\/li>\n<\/ul>\n<\/div>\n<div id=\"WPht0-rby\" class=\"wp2\" title=\"transparencia.jpg\" data-is-responsive=\"false\" data-display-mode=\"fill\" data-content-padding-horizontal=\"0\" data-content-padding-vertical=\"0\" data-exact-height=\"139\">\n<div id=\"WPht0-rbylink\" class=\"wp2link\"><\/div>\n<\/div>\n<p>[\/vc_column_text]\t<\/div>\n<\/div><p class=\"qodef-accordion-title\">\n    <span class=\"qodef-accordion-mark\">\n\t\t<span class=\"qodef_icon_plus ion-chevron-down\"><\/span>\n\t\t<span class=\"qodef_icon_minus ion-chevron-up\"><\/span>\n\t<\/span>\n\t<span class=\"qodef-tab-title\">2016<\/span>\n<\/p>\n<div class=\"qodef-accordion-content\">\n\t<div class=\"qodef-accordion-content-inner\">\n\t\t[vc_column_text css=\u00bb\u00bb]<\/p>\n<ul>\n<li class=\"font_8\"><a href=\"https:\/\/drive.google.com\/file\/d\/1TO68m8mEgLJlyqxtMBfTsUYfK9eQnSBj\/view?usp=sharing\"><span class=\"color_15\">Pla d&#8217;Acci\u00f3 2016<\/span><\/a><\/li>\n<li class=\"font_8\"><a href=\"https:\/\/drive.google.com\/file\/d\/1mkwMhqQIDl4D0dD7lDw02w3UPTbmEP7L\/view?usp=sharing\"><span class=\"color_15\">Conveni per al desenvolupament Pla d&#8217;Activitats 2016 entre l&#8217;Ajuntament de Calvi\u00e0 i Fundaci\u00f3n Calvi\u00e0 365<\/span><\/a><\/li>\n<li class=\"font_8\"><span class=\"color_15\"><a href=\"https:\/\/drive.google.com\/file\/d\/1asQN_lKRSscPW1T1ilWaVMCek5EK4-c1\/view?usp=sharing\">Addenda al conveni per al desenvolupament del Pla d&#8217;Activitats 2016 entre l&#8217;Ajuntament de Calvi\u00e0 i Fundaci\u00f3n Calvi\u00e0 365 <\/a> <\/span><\/li>\n<li class=\"font_8\"><a href=\"https:\/\/drive.google.com\/file\/d\/1jIB3g-qVTmuX0Y47gzeNG35hk5mEAU4H\/view?usp=sharing\"><span class=\"color_15\">Mem\u00f2ria d&#8217;activitats 2016<\/span><\/a><\/li>\n<li class=\"font_8\"><a href=\"https:\/\/drive.google.com\/file\/d\/1RkcYGaNXYHDFISKnRLzPXsjiwfoL1v0_\/view?usp=sharing\"><span class=\"color_15\">Comptes abreujades ejercici 2016 i informe d&#8217;auditoria<\/span><\/a><\/li>\n<li class=\"font_8\"><a href=\"https:\/\/drive.google.com\/file\/d\/1m_aZNeF0PQljE2QP8yk0xksek0FyN_aY\/view?usp=sharing\"><span class=\"color_15\">Informe especial sobre compliment de la normativa aplicable a la legislaci\u00f3 de contractes del sector p\u00fablic 2016<\/span><\/a><\/li>\n<\/ul>\n<p>[\/vc_column_text]\t<\/div>\n<\/div><p class=\"qodef-accordion-title\">\n    <span class=\"qodef-accordion-mark\">\n\t\t<span class=\"qodef_icon_plus ion-chevron-down\"><\/span>\n\t\t<span class=\"qodef_icon_minus ion-chevron-up\"><\/span>\n\t<\/span>\n\t<span class=\"qodef-tab-title\">2015<\/span>\n<\/p>\n<div class=\"qodef-accordion-content\">\n\t<div class=\"qodef-accordion-content-inner\">\n\t\t[vc_column_text css=\u00bb\u00bb]<\/p>\n<ul>\n<li class=\"font_8\"><a href=\"https:\/\/drive.google.com\/file\/d\/1vvnDjeEGQqGpzI_rPQEIK-j-1t7mtsuH\/view?usp=sharing\"><span class=\"color_15\">Mem\u00f2ria d&#8217;activitats 2015<\/span><\/a><\/li>\n<li class=\"font_8\"><a href=\"https:\/\/drive.google.com\/file\/d\/1VCUky31uDxatwxN_PBK97HlAj0RrltNH\/view?usp=sharing\"><span class=\"color_15\">Comptes anuals abreujades de l&#8217;exercici 2015 i informe d&#8217;auditoria<\/span><\/a><\/li>\n<li class=\"font_8\"><a href=\"https:\/\/drive.google.com\/file\/d\/120BnyYMWINjAL4_CCx0CpDMq8CAakNvL\/view?usp=sharing\"><span class=\"color_15\">Informe especial sobre cumplimiento de la normativa relativa a la legislaci\u00f3n de contratos del sector p\u00fablico 2015<\/span><\/a><\/li>\n<\/ul>\n<p>[\/vc_column_text]\t<\/div>\n<\/div><p class=\"qodef-accordion-title\">\n    <span class=\"qodef-accordion-mark\">\n\t\t<span class=\"qodef_icon_plus ion-chevron-down\"><\/span>\n\t\t<span class=\"qodef_icon_minus ion-chevron-up\"><\/span>\n\t<\/span>\n\t<span class=\"qodef-tab-title\">2014<\/span>\n<\/p>\n<div class=\"qodef-accordion-content\">\n\t<div class=\"qodef-accordion-content-inner\">\n\t\t[vc_column_text css=\u00bb\u00bb]<\/p>\n<div id=\"comp-ir1zvat9\" class=\"txtNew\" data-packed=\"true\">\n<ul>\n<li><span style=\"color: #000000;\"><a style=\"color: #000000;\" href=\"https:\/\/drive.google.com\/file\/d\/1qiP3d1dlyE-44D9Rw8IfRiSJPSWprAeB\/view?usp=sharing\"><span style=\"font-size: 15px;\"><span class=\"color_15\">Mem\u00f2ria d&#8217;activitats<\/span><\/span><\/a><\/span><\/li>\n<li><a href=\"https:\/\/drive.google.com\/file\/d\/10eJAwKc9IZFEyVpaBxDhi81naGvHmQC1\/view?usp=sharing\"><span class=\"color_15\">Comptes anuals abreujades de l&#8217;exercici 2014 i informe d&#8217;auditoria<\/span><\/a><\/li>\n<li><a href=\"https:\/\/drive.google.com\/file\/d\/1m7yw-zkmJg7eyLXydiH3avGREFGVVeEp\/view?usp=sharing\"><span class=\"color_15\">Informe especial de compliment de la normativa aplicable a la legislaci\u00f3 de contractes del sector p\u00fablic<\/span><\/a><\/li>\n<\/ul>\n<\/div>\n<div id=\"comp-ir20e317\" class=\"txtNew\" data-packed=\"true\"><\/div>\n<p>[\/vc_column_text]\t<\/div>\n<\/div><\/div>[\/vc_column][\/vc_row][vc_row equal_height=\u00bbyes\u00bb content_placement=\u00bbmiddle\u00bb disable_element=\u00bbyes\u00bb row_content_width=\u00bbgrid\u00bb][vc_column offset=\u00bbvc_col-lg-5 vc_col-md-12&#8243; css=\u00bb.vc_custom_1585820997663{margin-top: 0px !important;margin-right: 0px !important;margin-bottom: 0px !important;margin-left: 0px !important;padding-top: 0px !important;padding-right: 0px !important;padding-bottom: 0px !important;padding-left: 0px !important;background-color: #fcfcfc !important;}\u00bb]<div class=\"qodef-elements-holder   qodef-one-column  qodef-responsive-mode-768 qodef-one-column-alignment-right\" ><div class=\"qodef-eh-item   qodef-horizontal-alignment-right  \"  data-item-class=\"qodef-eh-custom-1511\" data-1280-1600=\"0 12% 15px 31%\" data-1024-1280=\"0 12% 15px 24%\" data-768-1024=\"48px 25% 70px 35%\" data-680-768=\"48px 12% 70px 35%\" data-680=\"50px 8% 70px 10%\">\n\t<div class=\"qodef-eh-item-inner\">\n\t\t<div class=\"qodef-eh-item-content qodef-eh-custom-1511\" style=\"padding: 0 12% 20px 35%\">\n\t\t\t[vc_column_text]<\/p>\n<h2 style=\"text-align: right;\">Perfil del <strong>contratante<\/strong><\/h2>\n<p style=\"text-align: right; font-family: Montserrat; margin-top: -18px; margin-bottom: 16px;\"><span class=\"change-second-color\" style=\"color: #696a6b;\"><em>Fundaci\u00f3n Calvi\u00e0 365<\/em><\/span><\/p>\n<p>[\/vc_column_text][vc_empty_space height=\u00bb15px\u00bb]\t\t<\/div>\n\t<\/div>\n\t<\/div><\/div>[\/vc_column][vc_column offset=\u00bbvc_col-lg-7 vc_col-md-12&#8243; css=\u00bb.vc_custom_1586945320353{margin-top: 0px !important;margin-right: 0px !important;margin-bottom: 0px !important;margin-left: 0px !important;padding-top: 0px !important;padding-right: 0px !important;padding-bottom: 0px !important;padding-left: 0px !important;}\u00bb][vc_column_text]<span style=\"font-weight: 400;\">Toda la informaci\u00f3n relativa a los procedimientos de contrataci\u00f3n de Fundaci\u00f3n se encuentra a disposici\u00f3n de todos los interesados e interesadas en la Plataforma de Contrataci\u00f3n del Sector P\u00fablico en el siguiente enlace: <\/span>[\/vc_column_text][vc_empty_space height=\u00bb15px\u00bb]<a itemprop=\"url\" href=\"https:\/\/contrataciondelestado.es\/wps\/portal\/!ut\/p\/b0\/04_Sj9CPykssy0xPLMnMz0vMAfIjU1JTC3Iy87KtClKL0jJznPPzSooSSxLzSlL1w_Wj9KMyU5wK9CNLkrz90s1MjHw9MjNdvYrCggpz8isdbW31C3JzHQFQeltH\/\" target=\"_blank\" style=\"color: #ffffff;background-color: #2f5aa1;text-transform: capitalize\" class=\"qodef-btn qodef-btn-small qodef-btn-solid qodef-btn-icon change-background\"  >\n    <span class=\"qodef-btn-text\">PLATAFORMA DE CONTRATACI\u00d3N DEL SECTOR P\u00daBLICO<\/span>\n    <i class=\"qodef-icon-font-awesome fa fa-chevron-right \" ><\/i><\/a>[vc_empty_space height=\u00bb15px\u00bb][vc_column_text]<span style=\"font-weight: 400;\">Fundaci\u00f3n Calvi\u00e0 paga a proveedores en un m\u00e1ximo de 15 d\u00edas desde la recepci\u00f3n y conformidad de la factura.<\/span><\/p>\n<p><em><span style=\"font-weight: 400;\">Para cualquier consulta pueden dirigirse al tel\u00e9fono 971 139 190<\/span><span style=\"font-weight: 400;\">.<\/span><\/em>[\/vc_column_text][\/vc_column][\/vc_row][vc_row disable_element=\u00bbyes\u00bb][vc_column][vc_empty_space height=\u00bb25px\u00bb][vc_empty_space height=\u00bb25px\u00bb][\/vc_column][\/vc_row][vc_row disable_element=\u00bbyes\u00bb][vc_column][vc_empty_space height=\u00bb45px\u00bb]<div class=\"qodef-elements-holder   qodef-three-columns  qodef-responsive-mode-768 \" ><div class=\"qodef-eh-item     \"  data-item-class=\"qodef-eh-custom-8098\" data-680=\"0 0\">\n\t<div class=\"qodef-eh-item-inner\">\n\t\t<div class=\"qodef-eh-item-content qodef-eh-custom-8098\" >\n\t\t\t<div class=\"qodef-banner-holder  qodef-simple qodef-banner-info-default\">\n    <div class=\"qodef-banner-image\">\n        <img loading=\"lazy\" decoding=\"async\" width=\"2048\" height=\"1450\" src=\"https:\/\/i0.wp.com\/visitcalvia.org\/wp-content\/uploads\/2023\/04\/BetArt-02.jpg?fit=2048%2C1450&amp;ssl=1\" class=\"attachment-full size-full\" alt=\"BetArt-01\" srcset=\"https:\/\/i0.wp.com\/visitcalvia.org\/wp-content\/uploads\/2023\/04\/BetArt-02.jpg?w=2048&amp;ssl=1 2048w, https:\/\/i0.wp.com\/visitcalvia.org\/wp-content\/uploads\/2023\/04\/BetArt-02.jpg?resize=300%2C212&amp;ssl=1 300w, https:\/\/i0.wp.com\/visitcalvia.org\/wp-content\/uploads\/2023\/04\/BetArt-02.jpg?resize=1024%2C725&amp;ssl=1 1024w, https:\/\/i0.wp.com\/visitcalvia.org\/wp-content\/uploads\/2023\/04\/BetArt-02.jpg?resize=768%2C544&amp;ssl=1 768w, https:\/\/i0.wp.com\/visitcalvia.org\/wp-content\/uploads\/2023\/04\/BetArt-02.jpg?resize=1536%2C1088&amp;ssl=1 1536w, https:\/\/i0.wp.com\/visitcalvia.org\/wp-content\/uploads\/2023\/04\/BetArt-02.jpg?resize=1200%2C850&amp;ssl=1 1200w\" sizes=\"auto, (max-width: 1100px) 100vw, 1100px\" data-attachment-id=\"22915\" data-permalink=\"https:\/\/visitcalvia.org\/ca\/betart\/betart-02\/\" data-orig-file=\"https:\/\/i0.wp.com\/visitcalvia.org\/wp-content\/uploads\/2023\/04\/BetArt-02.jpg?fit=2048%2C1450&amp;ssl=1\" data-orig-size=\"2048,1450\" data-comments-opened=\"1\" data-image-meta=\"{&quot;aperture&quot;:&quot;0&quot;,&quot;credit&quot;:&quot;&quot;,&quot;camera&quot;:&quot;&quot;,&quot;caption&quot;:&quot;&quot;,&quot;created_timestamp&quot;:&quot;0&quot;,&quot;copyright&quot;:&quot;&quot;,&quot;focal_length&quot;:&quot;0&quot;,&quot;iso&quot;:&quot;0&quot;,&quot;shutter_speed&quot;:&quot;0&quot;,&quot;title&quot;:&quot;&quot;,&quot;orientation&quot;:&quot;0&quot;}\" data-image-title=\"BetArt-02\" data-image-description=\"\" data-image-caption=\"\" data-large-file=\"https:\/\/i0.wp.com\/visitcalvia.org\/wp-content\/uploads\/2023\/04\/BetArt-02.jpg?fit=1024%2C725&amp;ssl=1\" \/>    <\/div>\n    <div class=\"qodef-banner-text-holder\" >\n\t    <div class=\"qodef-banner-text-outer\">\n\t\t    <div class=\"qodef-banner-text-inner\">\n\t\t        \t\t        \t\t\t<\/div>\n\t\t<\/div>\n\t<\/div>\n\t        <a itemprop=\"url\" class=\"qodef-banner-link\" href=\"https:\/\/visitcalvia.org\/betart\/\" target=\"_self\"><\/a>\n    <\/div>\t\t<\/div>\n\t<\/div>\n\t<\/div><div class=\"qodef-eh-item     qodef-badge-enabled\" style=\"background-color: #fafafa\" data-item-class=\"qodef-eh-custom-1097\" data-1280-1600=\"0 10% 4% 12%\" data-1024-1280=\"0 15% 6% 10%\" data-768-1024=\"0 0 6% 5%\" data-680-768=\"15% 40% 10% 10%\" data-680=\"30% 10% 10% 5%\">\n\t<div class=\"qodef-eh-item-inner\">\n\t\t<div class=\"qodef-eh-item-content qodef-eh-custom-1097\" style=\"padding: 0 10% 4% 22%\">\n\t\t\t[vc_column_text]<\/p>\n<h3 style=\"text-align: left;\">BetArt 2023 Intervenciones de Arte Urbano en Calvi\u00e0<\/h3>\n<p style=\"font-family: Montserrat; margin-top: -18px; margin-bottom: 16px; text-align: left;\"><span class=\"change-second-color\" style=\"color: #ff0030;\"><em>Edici\u00f3n 2023<\/em><\/span><\/p>\n<p style=\"margin-bottom: 16px; text-align: left;\">La Fundaci\u00f3n Calvi\u00e0 365 y el Ajuntament de Calvi\u00e0 han publicado las Bases para artistas para participar en BetArt Calvi\u00e0 2023 para la realizaci\u00f3n de intervenciones art\u00edsticas en la calle, as\u00ed como el Cat\u00e1logo de espacios disponibles.<\/p>\n<p>[\/vc_column_text]<a itemprop=\"url\" href=\"https:\/\/visitcalvia.org\/betart\/\" target=\"_blank\" style=\"text-transform: capitalize\" class=\"qodef-btn qodef-btn-medium qodef-btn-simple qodef-btn-icon\"  >\n    <span class=\"qodef-btn-text\">VER M\u00c1S<\/span>\n    <i class=\"qodef-icon-font-awesome fa fa-chevron-right \" ><\/i><\/a>\t\t<\/div>\n\t<\/div>\n\t\t\t<div class=\"qodef-eh-badge-holder\">\n\t\t\t<div class=\"qodef-eh-badge\">\n\t\t\t\t<div class=\"qodef-eh-badge-text\">New<\/div>\n\t\t\t<\/div>\n\t\t<\/div>\n\t<\/div><div class=\"qodef-eh-item change-background  qodef-horizontal-alignment-center  \" style=\"background-color: #d74369\" data-item-class=\"qodef-eh-custom-5524\" data-1280-1600=\"0 0 4% 0\" data-1024-1280=\"0 0 9% 0\" data-768-1024=\"0 0 10% 0\" data-680-768=\"17% 0 20%\" data-680=\"9% 0 26% 0\">\n\t<div class=\"qodef-eh-item-inner\">\n\t\t<div class=\"qodef-eh-item-content qodef-eh-custom-5524\" style=\"padding: 0 0 5% 0\">\n\t\t\t<h2 class=\"qodef-custom-font-holder  qodef-cf-8511  qodef-double-text\" style=\"font-family: MarkMyWords;font-size: 165px;line-height: 185px;text-transform: capitalize;text-align: center\" data-item-class=\"qodef-cf-8511\" data-font-size-1440=\"135px\" data-font-size-1280=\"115px\" data-font-size-1024=\"75px\" data-font-size-768=\"165px\" data-font-size-680=\"60px\" data-line-height-1440=\"155px\" data-line-height-1024=\"95px\" data-line-height-768=\"210px\" data-line-height-680=\"87px\">\n\t\t\t<span class=\"qodef-cf-double-text-holder\">\n\t\t\t<span class=\"qodef-cf-double-text-above\">BetArt<\/span>\n\t\t\t<span class=\"qodef-cf-double-text-below\" style=\"color: #ffffff\">BetArt<\/span>\n\t\t<\/span>\n\t\t\t\t\t<a itemprop=\"url\" class=\"qodef-cf-double-text-link\" href=\"https:\/\/visitcalvia.org\/betart\/\" target=\"_self\"><\/a>\n\t\t\t<\/h2>\t\t<\/div>\n\t<\/div>\n\t<\/div><\/div>[\/vc_column][\/vc_row][vc_row disable_element=\u00bbyes\u00bb row_content_width=\u00bbgrid\u00bb][vc_column][vc_empty_space]<div class=\"qodef-accordion-holder qodef-ac-default change-background qodef-toggle qodef-ac-boxed  clearfix\">\n\t<p class=\"qodef-accordion-title\">\n    <span class=\"qodef-accordion-mark\">\n\t\t<span class=\"qodef_icon_plus ion-chevron-down\"><\/span>\n\t\t<span class=\"qodef_icon_minus ion-chevron-up\"><\/span>\n\t<\/span>\n\t<span class=\"qodef-tab-title\">QUI\u00c9NES SOMOS<\/span>\n<\/p>\n<div class=\"qodef-accordion-content\">\n\t<div class=\"qodef-accordion-content-inner\">\n\t\t[vc_column_text]<span style=\"font-weight: 400;\"><strong>Fundaci\u00f3n Calvi\u00e0 365<\/strong>, es una organizaci\u00f3n sin \u00e1nimo de lucro, constituida por organizaciones p\u00fablicas y privadas, que tiene vinculado su patrimonio a la consecuci\u00f3n de fines de inter\u00e9s general del municipio de Calvi\u00e0. Es de nacionalidad espa\u00f1ola, con domicilio en la Casa Consistorial del Ajuntament de Calvi\u00e0, calle Juli\u00e0 Bujosa Sans, batle, 1 de Calvi\u00e0 (Mallorca). <\/span><\/p>\n<p>&nbsp;<\/p>\n<p><span style=\"font-weight: 400;\">La Fundaci\u00f3n tiene como objetivo primordial la organizaci\u00f3n, promoci\u00f3n y realizaci\u00f3n de actividades y eventos de car\u00e1cter deportivo, cultural, social, etc&#8230; que contribuyan a promocionar Calvi\u00e0 como destino tur\u00edstico especialmente durante la temporada media y baja, as\u00ed como cuantas actuaciones de tipo preparatorio, de difusi\u00f3n, de promoci\u00f3n y captaci\u00f3n de recursos de todo tipo, y en especial y preferentemente de patrocinios privados y p\u00fablicos, que se destinar\u00e1n a la organizaci\u00f3n de las actividades que se lleven a cabo por la misma.<\/span>[\/vc_column_text]\t<\/div>\n<\/div><p class=\"qodef-accordion-title\">\n    <span class=\"qodef-accordion-mark\">\n\t\t<span class=\"qodef_icon_plus ion-chevron-down\"><\/span>\n\t\t<span class=\"qodef_icon_minus ion-chevron-up\"><\/span>\n\t<\/span>\n\t<span class=\"qodef-tab-title\">PATRONATO<\/span>\n<\/p>\n<div class=\"qodef-accordion-content\">\n\t<div class=\"qodef-accordion-content-inner\">\n\t\t[vc_column_text]El Patronato es el \u00f3rgano de gobierno, administraci\u00f3n y representaci\u00f3n de la Fundaci\u00f3n. Corresponde al Patronato cumplir y hacer cumplir los fines fundacionales, sus actividades y administrar los bienes y derechos que integran el patrimonio de la Fundaci\u00f3n, manteniendo plenamente el rendimiento y utilidad del mismo.<\/p>\n<p>Los\/as patronos son:<\/p>\n<ul>\n<li><strong>El Presidente de la Fundaci\u00f3<\/strong> es el Sr. Antonio Mayol Fiol<\/li>\n<li><strong><a href=\"http:\/\/www.fehm.info\/asociaciones\/illetas\">Asociaci\u00f3n de hoteleros de Illetes \u2013 Ca\u2019s Catal\u00e0<\/a>:<\/strong> \u00a0Representante:\u00a0 D. Mart\u00ed Xamena<\/li>\n<li><strong><a href=\"https:\/\/visitcalvia.org\/ca\/portalsnous\/\">Asociaci\u00f3n de hoteleros de Portals Nous \u2013 Bendinat<\/a>: <\/strong>Representante en funciones: D. Alejandro Xamena<\/li>\n<li><a href=\"https:\/\/www.palmanova-magaluf.com\/\"><strong>Asociaci\u00f3n de hoteleros de Palmanova \u2013 Magaluf<\/strong>:<\/a> Representante: D. Mauricio Carballeda<\/li>\n<li><a href=\"http:\/\/www.fehm.info\/asociaciones\/santa-ponsa\"><strong>Asociaci\u00f3n de hoteleros bah\u00eda de Santa Pon\u00e7a:<\/strong> <\/a>Representante: D. Christian Roses Stub-Larsen<\/li>\n<li><a href=\"https:\/\/visitpaguera.com\/\"><strong>Asociaci\u00f3n de hoteleros Peguera \u2013 Cala Fornells<\/strong>:<\/a> Representante: D. Antonio Mayol Fiol\u200b<\/li>\n<li><a href=\"https:\/\/calvia.com\/\"><strong>Ajuntament de Calvi\u00e0:<\/strong><\/a> Representantes: D. Juan Antonio Amengual y D\u00f1a. M\u00aa del Carmen Pe\u00f1as de Haro<\/li>\n<\/ul>\n<p>[\/vc_column_text][vc_empty_space height=\u00bb22px\u00bb]<a itemprop=\"url\" href=\"https:\/\/0febc432-5fbb-4f10-a515-a909a4e46667.filesusr.com\/ugd\/730c5e_3487f224a18c45a48115b88bdcbecd15.pdf\" target=\"_blank\" style=\"color: #ffffff;background-color: #2f5aa1;text-transform: capitalize\" class=\"qodef-btn qodef-btn-small qodef-btn-solid qodef-btn-icon change-background\"  >\n    <span class=\"qodef-btn-text\">Estatutos<\/span>\n    <i class=\"qodef-icon-font-awesome fa fa-chevron-right \" ><\/i><\/a>\t<\/div>\n<\/div><\/div>[\/vc_column][\/vc_row][vc_row disable_element=\u00bbyes\u00bb row_content_width=\u00bbgrid\u00bb][vc_column][vc_empty_space height=\u00bb20px\u00bb][vc_zigzag color=\u00bbcustom\u00bb el_border_width=\u00bb8&#8243; custom_color=\u00bb#dd3333&#8243;][\/vc_column][\/vc_row][vc_row disable_element=\u00bbyes\u00bb][vc_column][vc_empty_space height=\u00bb45px\u00bb]<div class=\"qodef-elements-holder   qodef-three-columns  qodef-responsive-mode-768 \" ><div class=\"qodef-eh-item     qodef-badge-enabled\" style=\"background-color: #fafafa\" data-item-class=\"qodef-eh-custom-2340\" data-1280-1600=\"0 10% 4% 12%\" data-1024-1280=\"0 15% 6% 10%\" data-768-1024=\"0 0 6% 5%\" data-680-768=\"15% 40% 10% 10%\" data-680=\"30% 10% 10% 5%\">\n\t<div class=\"qodef-eh-item-inner\">\n\t\t<div class=\"qodef-eh-item-content qodef-eh-custom-2340\" style=\"padding: 0 10% 4% 22%\">\n\t\t\t[vc_column_text css=\u00bb\u00bb]<\/p>\n<h3 style=\"text-align: left;\">La Mostra Calvi\u00e0<\/h3>\n<p style=\"font-family: Montserrat; margin-top: -18px; margin-bottom: 16px; text-align: left;\"><span class=\"change-second-color\" style=\"color: #ff0030;\"><em>Edici\u00f3n 2026<\/em><\/span><\/p>\n<p style=\"margin-bottom: 16px; text-align: left;\">La Mostra Calvi\u00e0 es un evento gastron\u00f3mico que se celebra en los restaurantes del municipio al inicio y finalizaci\u00f3n de la temporada estival, con la intenci\u00f3n de dar a conocer la calidad gastron\u00f3mica del t\u00e9rmino.<\/p>\n<p>[\/vc_column_text]<a itemprop=\"url\" href=\"https:\/\/visitcalvia.org\/la-mostra-calvia\/\" target=\"_blank\" style=\"text-transform: capitalize\" class=\"qodef-btn qodef-btn-medium qodef-btn-simple qodef-btn-icon\"  >\n    <span class=\"qodef-btn-text\">VER M\u00c1S<\/span>\n    <i class=\"qodef-icon-font-awesome fa fa-chevron-right \" ><\/i><\/a>\t\t<\/div>\n\t<\/div>\n\t\t\t<div class=\"qodef-eh-badge-holder\">\n\t\t\t<div class=\"qodef-eh-badge\">\n\t\t\t\t<div class=\"qodef-eh-badge-text\">New<\/div>\n\t\t\t<\/div>\n\t\t<\/div>\n\t<\/div><div class=\"qodef-eh-item     \"  data-item-class=\"qodef-eh-custom-7751\" data-680=\"0 0\">\n\t<div class=\"qodef-eh-item-inner\">\n\t\t<div class=\"qodef-eh-item-content qodef-eh-custom-7751\" >\n\t\t\t<div class=\"qodef-banner-holder  qodef-simple qodef-banner-info-default\">\n    <div class=\"qodef-banner-image\">\n        <img loading=\"lazy\" decoding=\"async\" width=\"1661\" height=\"1100\" src=\"https:\/\/i0.wp.com\/visitcalvia.org\/wp-content\/uploads\/2020\/05\/gastronomia-calvia-en-pareja.jpg?fit=1661%2C1100&amp;ssl=1\" class=\"attachment-full size-full\" alt=\"Calvi\u00e0 en pareja, gastronom\u00eda de calvi\u00e0, en pareja, juntos, mostra de cuines de calvi\u00e0\" srcset=\"https:\/\/i0.wp.com\/visitcalvia.org\/wp-content\/uploads\/2020\/05\/gastronomia-calvia-en-pareja.jpg?w=1661&amp;ssl=1 1661w, https:\/\/i0.wp.com\/visitcalvia.org\/wp-content\/uploads\/2020\/05\/gastronomia-calvia-en-pareja.jpg?resize=300%2C199&amp;ssl=1 300w, https:\/\/i0.wp.com\/visitcalvia.org\/wp-content\/uploads\/2020\/05\/gastronomia-calvia-en-pareja.jpg?resize=1024%2C678&amp;ssl=1 1024w, https:\/\/i0.wp.com\/visitcalvia.org\/wp-content\/uploads\/2020\/05\/gastronomia-calvia-en-pareja.jpg?resize=768%2C509&amp;ssl=1 768w, https:\/\/i0.wp.com\/visitcalvia.org\/wp-content\/uploads\/2020\/05\/gastronomia-calvia-en-pareja.jpg?resize=391%2C260&amp;ssl=1 391w, https:\/\/i0.wp.com\/visitcalvia.org\/wp-content\/uploads\/2020\/05\/gastronomia-calvia-en-pareja.jpg?resize=1536%2C1017&amp;ssl=1 1536w, https:\/\/i0.wp.com\/visitcalvia.org\/wp-content\/uploads\/2020\/05\/gastronomia-calvia-en-pareja.jpg?resize=1200%2C795&amp;ssl=1 1200w, https:\/\/i0.wp.com\/visitcalvia.org\/wp-content\/uploads\/2020\/05\/gastronomia-calvia-en-pareja.jpg?resize=600%2C397&amp;ssl=1 600w, https:\/\/i0.wp.com\/visitcalvia.org\/wp-content\/uploads\/2020\/05\/gastronomia-calvia-en-pareja.jpg?resize=64%2C42&amp;ssl=1 64w\" sizes=\"auto, (max-width: 1100px) 100vw, 1100px\" data-attachment-id=\"6531\" data-permalink=\"https:\/\/visitcalvia.org\/ca\/?attachment_id=6531\" data-orig-file=\"https:\/\/i0.wp.com\/visitcalvia.org\/wp-content\/uploads\/2020\/05\/gastronomia-calvia-en-pareja.jpg?fit=1661%2C1100&amp;ssl=1\" data-orig-size=\"1661,1100\" data-comments-opened=\"1\" data-image-meta=\"{&quot;aperture&quot;:&quot;0&quot;,&quot;credit&quot;:&quot;&quot;,&quot;camera&quot;:&quot;&quot;,&quot;caption&quot;:&quot;&quot;,&quot;created_timestamp&quot;:&quot;0&quot;,&quot;copyright&quot;:&quot;&quot;,&quot;focal_length&quot;:&quot;0&quot;,&quot;iso&quot;:&quot;0&quot;,&quot;shutter_speed&quot;:&quot;0&quot;,&quot;title&quot;:&quot;&quot;,&quot;orientation&quot;:&quot;1&quot;}\" data-image-title=\"gastronomia-calvia-en-pareja\" data-image-description=\"\" data-image-caption=\"\" data-large-file=\"https:\/\/i0.wp.com\/visitcalvia.org\/wp-content\/uploads\/2020\/05\/gastronomia-calvia-en-pareja.jpg?fit=1024%2C678&amp;ssl=1\" \/>    <\/div>\n    <div class=\"qodef-banner-text-holder\" >\n\t    <div class=\"qodef-banner-text-outer\">\n\t\t    <div class=\"qodef-banner-text-inner\">\n\t\t        \t\t        \t\t\t<\/div>\n\t\t<\/div>\n\t<\/div>\n\t        <a itemprop=\"url\" class=\"qodef-banner-link\" href=\"https:\/\/visitcalvia.org\/mostra-de-cuines-de-calvia\/\" target=\"_self\"><\/a>\n    <\/div>\t\t<\/div>\n\t<\/div>\n\t<\/div><div class=\"qodef-eh-item change-background  qodef-horizontal-alignment-center  \" style=\"background-color: #9bc535\" data-item-class=\"qodef-eh-custom-7721\" data-1280-1600=\"0 0 4% 0\" data-1024-1280=\"0 0 9% 0\" data-768-1024=\"0 0 10% 0\" data-680-768=\"17% 0 20%\" data-680=\"9% 0 26% 0\">\n\t<div class=\"qodef-eh-item-inner\">\n\t\t<div class=\"qodef-eh-item-content qodef-eh-custom-7721\" style=\"padding: 0 0 5% 0\">\n\t\t\t<h2 class=\"qodef-custom-font-holder  qodef-cf-8272  qodef-double-text\" style=\"font-family: MarkMyWords;font-size: 165px;line-height: 185px;text-transform: capitalize;text-align: center\" data-item-class=\"qodef-cf-8272\" data-font-size-1440=\"135px\" data-font-size-1280=\"115px\" data-font-size-1024=\"75px\" data-font-size-768=\"165px\" data-font-size-680=\"60px\" data-line-height-1440=\"155px\" data-line-height-1024=\"95px\" data-line-height-768=\"210px\" data-line-height-680=\"87px\">\n\t\t\t<span class=\"qodef-cf-double-text-holder\">\n\t\t\t<span class=\"qodef-cf-double-text-above\">2026<\/span>\n\t\t\t<span class=\"qodef-cf-double-text-below\" style=\"color: #ffffff\">2026<\/span>\n\t\t<\/span>\n\t\t\t\t\t<a itemprop=\"url\" class=\"qodef-cf-double-text-link\" href=\"https:\/\/visitcalvia.org\/la-mostra-calvia\/\" target=\"_self\"><\/a>\n\t\t\t<\/h2>\t\t<\/div>\n\t<\/div>\n\t<\/div><\/div>[\/vc_column][\/vc_row][vc_row disable_element=\u00bbyes\u00bb css=\u00bb.vc_custom_1707987886739{background-image: url(<a href=\"https:\/\/visitcalvia.org\/wp-content\/uploads\/2020\/04\/hmmweb.jpg?id=4304\">https:\/\/visitcalvia.org\/wp-content\/uploads\/2020\/04\/hmmweb.jpg?id=4304<\/a>) !important;background-position: center !important;background-repeat: no-repeat !important;background-size: cover !important;}\u00bb][vc_column][vc_empty_space height=\u00bb65px\u00bb][vc_row_inner row_content_width=\u00bbgrid\u00bb][vc_column_inner width=\u00bb3\/4&#8243;]<div class=\"qodef-section-title-holder  qodef-st-standard qodef-st-title-left qodef-st-normal-space qodef-st-disable-title-break \" style=\"text-align: left\">\n\t<div class=\"qodef-st-inner\">\n\t\t\t\t\t<h2 class=\"qodef-st-title\" style=\"color: #ffffff\">\n\t\t\t\t<span class=\"qodef-st-title-bold\">CONVOCATORIA<\/span> <span class=\"qodef-st-title-bold\">DE<\/span> <span class=\"qodef-st-title-bold\">PROYECTOS<\/span> PARA<br \/> FUNDACI\u00d3N CALVI\u00c0\t\t\t<\/h2>\n\t\t\t\t\t<\/div>\n<\/div>[\/vc_column_inner][vc_column_inner width=\u00bb1\/4&#8243;]<a itemprop=\"url\" href=\"https:\/\/visitcalvia.org\/convocatoria-de-proyectos-para-fundacion-calvia-2022\/\" target=\"_blank\" style=\"color: #ffffff;background-color: #dd3333;text-transform: capitalize\" class=\"qodef-btn qodef-btn-large qodef-btn-solid qodef-btn-icon change-background\"  >\n    <span class=\"qodef-btn-text\">M\u00c1S INFO<\/span>\n    <i class=\"qodef-icon-font-awesome fa fa-chevron-right \" ><\/i><\/a>[\/vc_column_inner][\/vc_row_inner][vc_empty_space height=\u00bb65px\u00bb][vc_empty_space height=\u00bb65px\u00bb][\/vc_column][\/vc_row][vc_row][vc_column][vc_empty_space height=\u00bb45px\u00bb][\/vc_column][\/vc_row][vc_row full_width=\u00bbstretch_row\u00bb css=\u00bb.vc_custom_1777281352324{margin-top: -30px !important;background-color: #0562A4 !important;}\u00bb][vc_column][vc_empty_space height=\u00bb10px\u00bb][vc_empty_space height=\u00bb10px\u00bb][\/vc_column][\/vc_row][vc_row disable_element=\u00bbyes\u00bb css=\u00bb.vc_custom_1642507398645{background-image: url(<a href=\"https:\/\/visitcalvia.org\/wp-content\/uploads\/2021\/07\/web-BetArt.jpg?id=17559\">https:\/\/visitcalvia.org\/wp-content\/uploads\/2021\/07\/web-BetArt.jpg?id=17559<\/a>) !important;background-position: center !important;background-repeat: no-repeat !important;background-size: cover !important;}\u00bb][vc_column][vc_empty_space height=\u00bb65px\u00bb][vc_row_inner row_content_width=\u00bbgrid\u00bb][vc_column_inner width=\u00bb3\/4&#8243;]<div class=\"qodef-section-title-holder  qodef-st-standard qodef-st-title-left qodef-st-normal-space qodef-st-disable-title-break \" style=\"text-align: left\">\n\t<div class=\"qodef-st-inner\">\n\t\t\t\t\t<h2 class=\"qodef-st-title\" style=\"color: #000000\">\n\t\t\t\t<span class=\"qodef-st-title-bold\">BetArt<\/span> <span class=\"qodef-st-title-bold\">Calvi\u00e0<\/span> <span class=\"qodef-st-title-bold\">2021<\/span>\t\t\t<\/h2>\n\t\t\t\t\t<\/div>\n<\/div>[\/vc_column_inner][vc_column_inner width=\u00bb1\/4&#8243;]<a itemprop=\"url\" href=\"https:\/\/drive.google.com\/file\/d\/1wRH6tNJNM1dh-yzIgYANwi8Loijr0dLi\/view?usp=sharing\" target=\"_blank\" style=\"color: #ffffff;background-color: #000000;text-transform: capitalize\" class=\"qodef-btn qodef-btn-large qodef-btn-solid qodef-btn-icon change-background\"  >\n    <span class=\"qodef-btn-text\">BASES<\/span>\n    <i class=\"qodef-icon-font-awesome fa fa-chevron-right \" ><\/i><\/a>[vc_empty_space height=\u00bb15px\u00bb]<a itemprop=\"url\" href=\"https:\/\/drive.google.com\/file\/d\/1Qnm1ti1_ARPAK34QyFGoJrV7XfDPdKRz\/view\" target=\"_blank\" style=\"color: #ffffff;background-color: #000000;text-transform: capitalize\" class=\"qodef-btn qodef-btn-large qodef-btn-solid qodef-btn-icon change-background\"  >\n    <span class=\"qodef-btn-text\">CAT\u00c1LOGO<\/span>\n    <i class=\"qodef-icon-font-awesome fa fa-chevron-right \" ><\/i><\/a>[\/vc_column_inner][\/vc_row_inner][vc_empty_space height=\u00bb65px\u00bb][vc_empty_space height=\u00bb65px\u00bb][\/vc_column][\/vc_row][vc_row disable_element=\u00bbyes\u00bb][vc_column][vc_empty_space height=\u00bb55px\u00bb][\/vc_column][\/vc_row][vc_row disable_element=\u00bbyes\u00bb content_width=\u00bbgrid\u00bb animate_rounded_tab=\u00bbyes\u00bb css=\u00bb.vc_custom_1781862940976{padding-top: 33px !important;padding-bottom: 52px !important;}\u00bb][vc_column][vc_text_separator title=\u00bbSABER M\u00c1S\u00bb color=\u00bbcustom\u00bb el_width=\u00bb80&#8243; accent_color=\u00bb#868686&#8243;][\/vc_column][\/vc_row][vc_row disable_element=\u00bbyes\u00bb row_content_width=\u00bbgrid\u00bb][vc_column width=\u00bb1\/3&#8243;][vc_single_image image=\u00bb8730&#8243; img_size=\u00bbfull\u00bb style=\u00bbvc_box_shadow\u00bb onclick=\u00bbcustom_link\u00bb css_animation=\u00bbnone\u00bb link=\u00bbhttps:\/\/visitcalvia.org\/mostra-de-cuines-de-calvia\/\u00bb][\/vc_column][vc_column width=\u00bb1\/3&#8243;][vc_single_image image=\u00bb8147&#8243; img_size=\u00bbfull\u00bb style=\u00bbvc_box_shadow\u00bb onclick=\u00bbcustom_link\u00bb css_animation=\u00bbnone\u00bb link=\u00bb#\u00bb][\/vc_column][vc_column width=\u00bb1\/3&#8243;][vc_single_image image=\u00bb8152&#8243; img_size=\u00bbfull\u00bb style=\u00bbvc_box_shadow\u00bb onclick=\u00bbcustom_link\u00bb css_animation=\u00bbnone\u00bb link=\u00bbhttps:\/\/visitcalvia.org\/historia-de-calvia\/\u00bb][\/vc_column][\/vc_row][vc_row disable_element=\u00bbyes\u00bb content_width=\u00bbgrid\u00bb animate_rounded_tab=\u00bbyes\u00bb][vc_column][vc_empty_space height=\u00bb30px\u00bb]<div class=\"qodef-separator-holder clearfix  qodef-separator-center \">\n\t<div class=\"qodef-separator\" style=\"border-color: #868686;border-style: dashed;width: 80%;border-bottom-width: 1px\"><\/div>\n<\/div>\n[\/vc_column][\/vc_row][vc_row disable_element=\u00bbyes\u00bb][vc_column][vc_empty_space height=\u00bb65px\u00bb][\/vc_column][\/vc_row][vc_row][vc_column][vc_empty_space height=\u00bb45px\u00bb][vc_empty_space height=\u00bb45px\u00bb][\/vc_column][\/vc_row][vc_row][vc_column width=\u00bb1\/4&#8243; css=\u00bb.vc_custom_1585731740146{margin-left: 50px !important;}\u00bb][vc_column_text css=\u00bb.vc_custom_1718177100260{padding-bottom: 20px !important;}\u00bb]<\/p>\n<h4>Fundaci\u00f3n Calvi\u00e0 365<\/h4>\n<p>[\/vc_column_text]<div class=\"qodef-iwt clearfix  qodef-iwt-icon-left qodef-iwt-icon-medium\">\n\t<div class=\"qodef-iwt-icon\">\n\t\t\t\t\t<a itemprop=\"url\" href=\"tel:971139190\" target=\"_self\">\n\t\t\t\t\t\t\t\t\t    <span class=\"qodef-icon-shortcode qodef-normal   qodef-icon-medium\"  data-color=\"#2f5aa1\">\n                    <span aria-hidden=\"true\" class=\"qodef-icon-font-elegant icon_phone qodef-icon-element\" style=\"color: #2f5aa1;font-size:17px\" ><\/span>            <\/span>\n\t\t\t\t\t\t\t\t<\/a>\n\t\t\t<\/div>\n\t<div class=\"qodef-iwt-content\" >\n\t\t\t\t\t<h5 class=\"qodef-iwt-title\" style=\"color: #868585;margin-top: 6px\">\n\t\t\t\t\t\t\t\t\t<a itemprop=\"url\" href=\"tel:971139190\" target=\"_self\">\n\t\t\t\t\t\t\t\t<span class=\"qodef-iwt-title-text\">971 13 91 90<\/span>\n\t\t\t\t\t\t\t\t\t<\/a>\n\t\t\t\t\t\t\t<\/h5>\n\t\t\t\t\t<\/div>\n<\/div>[vc_empty_space height=\u00bb13px\u00bb]<div class=\"qodef-iwt clearfix  qodef-iwt-icon-left qodef-iwt-icon-medium\">\n\t<div class=\"qodef-iwt-icon\">\n\t\t\t\t\t<a itemprop=\"url\" href=\"mailto:info@fundacioncalvia.com\" target=\"_self\">\n\t\t\t\t\t\t\t\t\t    <span class=\"qodef-icon-shortcode qodef-normal   qodef-icon-medium\"  data-color=\"#2f5aa1\">\n                    <span aria-hidden=\"true\" class=\"qodef-icon-font-elegant icon_comment qodef-icon-element\" style=\"color: #2f5aa1;font-size:17px\" ><\/span>            <\/span>\n\t\t\t\t\t\t\t\t<\/a>\n\t\t\t<\/div>\n\t<div class=\"qodef-iwt-content\" >\n\t\t\t\t\t<h5 class=\"qodef-iwt-title\" style=\"color: #868585;margin-top: 6px\">\n\t\t\t\t\t\t\t\t\t<a itemprop=\"url\" href=\"mailto:info@fundacioncalvia.com\" target=\"_self\">\n\t\t\t\t\t\t\t\t<span class=\"qodef-iwt-title-text\">info@fundacioncalvia.com<\/span>\n\t\t\t\t\t\t\t\t\t<\/a>\n\t\t\t\t\t\t\t<\/h5>\n\t\t\t\t\t<\/div>\n<\/div>[vc_empty_space height=\u00bb13px\u00bb]<div class=\"qodef-icon-list-holder \" >\n\t<div class=\"qodef-il-icon-holder\">\n\t\t<span aria-hidden=\"true\" class=\"qodef-icon-font-elegant icon_pin \" style=\"color: #2f5aa1;font-size: 17px\"><\/span>\t<\/div>\n\t<p class=\"qodef-il-text\" style=\"padding-left: 25px\">C\/ de Juli\u00e0 Bujosa Sans, batle, 1 - 07184 Calvi\u00e0 (Illes Balears)<\/p>\n<\/div>[vc_empty_space][\/vc_column][vc_column width=\u00bb3\/4&#8243;][vc_gmaps link=\u00bb#E-8_JTNDaWZyYW1lJTIwc3JjJTNEJTIyaHR0cHMlM0ElMkYlMkZ3d3cuZ29vZ2xlLmNvbSUyRm1hcHMlMkZlbWJlZCUzRnBiJTNEJTIxMW0xOCUyMTFtMTIlMjExbTMlMjExZDMwNzUuODI2NTM5NjEyOTkyNyUyMTJkMi41MDI5ODQ3MTQ1MzMwNzQlMjEzZDM5LjU2MzUxODYxNTAxMDQ0NSUyMTJtMyUyMTFmMCUyMTJmMCUyMTNmMCUyMTNtMiUyMTFpMTAyNCUyMTJpNzY4JTIxNGYxMy4xJTIxM20zJTIxMW0yJTIxMXMweDEyOTc4OTMyNTEyYjQxMTUlMjUzQTB4YWMzODk4ZGFhOWU5YzM3OCUyMTJzQWp1bnRhbWVudCUyNTIwZGUlMjUyMENhbHZpJTI1QzMlMjVBMCUyMTVlMCUyMTNtMiUyMTFzZXMlMjEyc3VzJTIxNHYxNTg2OTQ4OTg3NzYyJTIxNW0yJTIxMXNlcyUyMTJzdXMlMjIlMjB3aWR0aCUzRCUyMjYwMCUyMiUyMGhlaWdodCUzRCUyMjQ1MCUyMiUyMGZyYW1lYm9yZGVyJTNEJTIyMCUyMiUyMHN0eWxlJTNEJTIyYm9yZGVyJTNBMCUzQiUyMiUyMGFsbG93ZnVsbHNjcmVlbiUzRCUyMiUyMiUyMGFyaWEtaGlkZGVuJTNEJTIyZmFsc2UlMjIlMjB0YWJpbmRleCUzRCUyMjAlMjIlM0UlM0MlMkZpZnJhbWUlM0U=\u00bb][\/vc_column][\/vc_row]<\/p>\n<\/div>","protected":false},"excerpt":{"rendered":"<p>[vc_row][vc_column][\/vc_column][\/vc_row][vc_row full_width=\u00bbstretch_row\u00bb css=\u00bb.vc_custom_1777550803215{background-color: #E4E4E4 !important;}\u00bb][vc_column][vc_column_text css=\u00bb.vc_custom_1784105177894{margin-bottom: 14px !important;}\u00bb] El que ens mou Coneix la Fundaci\u00f3n Calvi\u00e0 365. Els principis que orienten els nostres objectius i com s&#8217;organitza la nostra governan\u00e7a. Accedeix al perfil del contractant, les convocat\u00f2ries de patrocini i la informaci\u00f3 p\u00fablica recollida al Portal de Transpar\u00e8ncia [\/vc_column_text][vc_empty_space height=\u00bb20px\u00bb][\/vc_column][\/vc_row][vc_row full_width=\u00bbstretch_row\u00bb css=\u00bb.vc_custom_1777544972618{background-color: #E4E4E4 !important;}\u00bb][vc_column][vc_row_inner][vc_column_inner [&hellip;]<\/p>\n","protected":false},"author":182516946,"featured_media":25738,"parent":0,"menu_order":0,"comment_status":"closed","ping_status":"closed","template":"full-width.php","meta":{"_coblocks_attr":"","_coblocks_dimensions":"","_coblocks_responsive_height":"","_coblocks_accordion_ie_support":"","_wpcom_ai_launchpad_about_page":false,"_wpcom_ai_launchpad_gallery_page":false,"_wpcom_ai_launchpad_contact_page":false,"_wpcom_ai_launchpad_events_page":false,"_wpcom_ai_launchpad_video_page":false,"_wpcom_ai_launchpad_portfolio_piece":false,"footnotes":""},"class_list":["post-8287","page","type-page","status-publish","has-post-thumbnail","hentry"],"yoast_head":"<!-- This site is optimized with the Yoast SEO plugin v28.3 - https:\/\/yoast.com\/product\/yoast-seo-wordpress\/ -->\n<title>Fundaci\u00f3 Calvi\u00e0, entitat que treballa pel desenvolupament tur\u00edstic<\/title>\n<meta name=\"description\" content=\"Fundaci\u00f3 Calvi\u00e0 - entitat que treballa pel desenvolupament tur\u00edstic municipal. El seu principal objectiu \u00e9s lluitar contra la estacionalitat tur\u00edstica.\" \/>\n<meta name=\"robots\" content=\"index, follow, max-snippet:-1, max-image-preview:large, max-video-preview:-1\" \/>\n<link rel=\"canonical\" href=\"https:\/\/visitcalvia.org\/ca\/fundacion-calvia-cat\/\" \/>\n<meta property=\"og:locale\" content=\"ca_ES\" \/>\n<meta property=\"og:type\" content=\"article\" \/>\n<meta property=\"og:title\" content=\"Fundaci\u00f3 Calvi\u00e0, entitat que treballa pel desenvolupament tur\u00edstic\" \/>\n<meta property=\"og:description\" content=\"Fundaci\u00f3 Calvi\u00e0 - entitat que treballa pel desenvolupament tur\u00edstic municipal. El seu principal objectiu \u00e9s lluitar contra la estacionalitat tur\u00edstica.\" \/>\n<meta property=\"og:url\" content=\"https:\/\/visitcalvia.org\/ca\/fundacion-calvia-cat\/\" \/>\n<meta property=\"og:site_name\" content=\"visitcalvia\" \/>\n<meta property=\"article:modified_time\" content=\"2026-07-15T10:57:09+00:00\" \/>\n<meta property=\"og:image\" content=\"https:\/\/visitcalvia.org\/wp-content\/uploads\/2024\/06\/fundacion-calvia-365.png\" \/>\n\t<meta property=\"og:image:width\" content=\"852\" \/>\n\t<meta property=\"og:image:height\" content=\"602\" \/>\n\t<meta property=\"og:image:type\" content=\"image\/png\" \/>\n<meta name=\"twitter:card\" content=\"summary_large_image\" \/>\n<meta name=\"twitter:label1\" content=\"Temps estimat de lectura\" \/>\n\t<meta name=\"twitter:data1\" content=\"12 minuts\" \/>\n<script type=\"application\/ld+json\" class=\"yoast-schema-graph\">{\"@context\":\"https:\\\/\\\/schema.org\",\"@graph\":[{\"@type\":\"WebPage\",\"@id\":\"https:\\\/\\\/visitcalvia.org\\\/ca\\\/fundacion-calvia-cat\\\/\",\"url\":\"https:\\\/\\\/visitcalvia.org\\\/ca\\\/fundacion-calvia-cat\\\/\",\"name\":\"Fundaci\u00f3 Calvi\u00e0, entitat que treballa pel desenvolupament tur\u00edstic\",\"isPartOf\":{\"@id\":\"https:\\\/\\\/visitcalvia.org\\\/ca\\\/#website\"},\"primaryImageOfPage\":{\"@id\":\"https:\\\/\\\/visitcalvia.org\\\/ca\\\/fundacion-calvia-cat\\\/#primaryimage\"},\"image\":{\"@id\":\"https:\\\/\\\/visitcalvia.org\\\/ca\\\/fundacion-calvia-cat\\\/#primaryimage\"},\"thumbnailUrl\":\"https:\\\/\\\/i0.wp.com\\\/visitcalvia.org\\\/wp-content\\\/uploads\\\/2024\\\/06\\\/fundacion-calvia-365.png?fit=852%2C602&ssl=1\",\"datePublished\":\"2025-07-22T07:36:52+00:00\",\"dateModified\":\"2026-07-15T10:57:09+00:00\",\"description\":\"Fundaci\u00f3 Calvi\u00e0 - entitat que treballa pel desenvolupament tur\u00edstic municipal. El seu principal objectiu \u00e9s lluitar contra la estacionalitat tur\u00edstica.\",\"breadcrumb\":{\"@id\":\"https:\\\/\\\/visitcalvia.org\\\/ca\\\/fundacion-calvia-cat\\\/#breadcrumb\"},\"inLanguage\":\"ca\",\"potentialAction\":[{\"@type\":\"ReadAction\",\"target\":[\"https:\\\/\\\/visitcalvia.org\\\/ca\\\/fundacion-calvia-cat\\\/\"]}]},{\"@type\":\"ImageObject\",\"inLanguage\":\"ca\",\"@id\":\"https:\\\/\\\/visitcalvia.org\\\/ca\\\/fundacion-calvia-cat\\\/#primaryimage\",\"url\":\"https:\\\/\\\/i0.wp.com\\\/visitcalvia.org\\\/wp-content\\\/uploads\\\/2024\\\/06\\\/fundacion-calvia-365.png?fit=852%2C602&ssl=1\",\"contentUrl\":\"https:\\\/\\\/i0.wp.com\\\/visitcalvia.org\\\/wp-content\\\/uploads\\\/2024\\\/06\\\/fundacion-calvia-365.png?fit=852%2C602&ssl=1\",\"width\":852,\"height\":602},{\"@type\":\"BreadcrumbList\",\"@id\":\"https:\\\/\\\/visitcalvia.org\\\/ca\\\/fundacion-calvia-cat\\\/#breadcrumb\",\"itemListElement\":[{\"@type\":\"ListItem\",\"position\":1,\"name\":\"Portada\",\"item\":\"https:\\\/\\\/visitcalvia.org\\\/ca\\\/\"},{\"@type\":\"ListItem\",\"position\":2,\"name\":\"Fundaci\u00f3n Calvi\u00e0\"}]},{\"@type\":\"WebSite\",\"@id\":\"https:\\\/\\\/visitcalvia.org\\\/ca\\\/#website\",\"url\":\"https:\\\/\\\/visitcalvia.org\\\/ca\\\/\",\"name\":\"visitcalvia\",\"description\":\"Vacaciones en Mallorca \u2013 Calvi\u00e0 m\u00faltiples destinos en uno s\u00f3lo lugar. Palmanova, Santa Pon\u00e7a, Magaluf, Peguera, Portals Nous, Costa d\u2019en Blanes, Cala Vinyes\",\"potentialAction\":[{\"@type\":\"SearchAction\",\"target\":{\"@type\":\"EntryPoint\",\"urlTemplate\":\"https:\\\/\\\/visitcalvia.org\\\/ca\\\/?s={search_term_string}\"},\"query-input\":{\"@type\":\"PropertyValueSpecification\",\"valueRequired\":true,\"valueName\":\"search_term_string\"}}],\"inLanguage\":\"ca\"}]}<\/script>\n<!-- \/ Yoast SEO plugin. -->","yoast_head_json":{"title":"Fundaci\u00f3 Calvi\u00e0, entitat que treballa pel desenvolupament tur\u00edstic","description":"Fundaci\u00f3 Calvi\u00e0 - entitat que treballa pel desenvolupament tur\u00edstic municipal. El seu principal objectiu \u00e9s lluitar contra la estacionalitat tur\u00edstica.","robots":{"index":"index","follow":"follow","max-snippet":"max-snippet:-1","max-image-preview":"max-image-preview:large","max-video-preview":"max-video-preview:-1"},"canonical":"https:\/\/visitcalvia.org\/ca\/fundacion-calvia-cat\/","og_locale":"ca_ES","og_type":"article","og_title":"Fundaci\u00f3 Calvi\u00e0, entitat que treballa pel desenvolupament tur\u00edstic","og_description":"Fundaci\u00f3 Calvi\u00e0 - entitat que treballa pel desenvolupament tur\u00edstic municipal. El seu principal objectiu \u00e9s lluitar contra la estacionalitat tur\u00edstica.","og_url":"https:\/\/visitcalvia.org\/ca\/fundacion-calvia-cat\/","og_site_name":"visitcalvia","article_modified_time":"2026-07-15T10:57:09+00:00","og_image":[{"width":852,"height":602,"url":"https:\/\/visitcalvia.org\/wp-content\/uploads\/2024\/06\/fundacion-calvia-365.png","type":"image\/png"}],"twitter_card":"summary_large_image","twitter_misc":{"Temps estimat de lectura":"12 minuts"},"schema":{"@context":"https:\/\/schema.org","@graph":[{"@type":"WebPage","@id":"https:\/\/visitcalvia.org\/ca\/fundacion-calvia-cat\/","url":"https:\/\/visitcalvia.org\/ca\/fundacion-calvia-cat\/","name":"Fundaci\u00f3 Calvi\u00e0, entitat que treballa pel desenvolupament tur\u00edstic","isPartOf":{"@id":"https:\/\/visitcalvia.org\/ca\/#website"},"primaryImageOfPage":{"@id":"https:\/\/visitcalvia.org\/ca\/fundacion-calvia-cat\/#primaryimage"},"image":{"@id":"https:\/\/visitcalvia.org\/ca\/fundacion-calvia-cat\/#primaryimage"},"thumbnailUrl":"https:\/\/i0.wp.com\/visitcalvia.org\/wp-content\/uploads\/2024\/06\/fundacion-calvia-365.png?fit=852%2C602&ssl=1","datePublished":"2025-07-22T07:36:52+00:00","dateModified":"2026-07-15T10:57:09+00:00","description":"Fundaci\u00f3 Calvi\u00e0 - entitat que treballa pel desenvolupament tur\u00edstic municipal. El seu principal objectiu \u00e9s lluitar contra la estacionalitat tur\u00edstica.","breadcrumb":{"@id":"https:\/\/visitcalvia.org\/ca\/fundacion-calvia-cat\/#breadcrumb"},"inLanguage":"ca","potentialAction":[{"@type":"ReadAction","target":["https:\/\/visitcalvia.org\/ca\/fundacion-calvia-cat\/"]}]},{"@type":"ImageObject","inLanguage":"ca","@id":"https:\/\/visitcalvia.org\/ca\/fundacion-calvia-cat\/#primaryimage","url":"https:\/\/i0.wp.com\/visitcalvia.org\/wp-content\/uploads\/2024\/06\/fundacion-calvia-365.png?fit=852%2C602&ssl=1","contentUrl":"https:\/\/i0.wp.com\/visitcalvia.org\/wp-content\/uploads\/2024\/06\/fundacion-calvia-365.png?fit=852%2C602&ssl=1","width":852,"height":602},{"@type":"BreadcrumbList","@id":"https:\/\/visitcalvia.org\/ca\/fundacion-calvia-cat\/#breadcrumb","itemListElement":[{"@type":"ListItem","position":1,"name":"Portada","item":"https:\/\/visitcalvia.org\/ca\/"},{"@type":"ListItem","position":2,"name":"Fundaci\u00f3n Calvi\u00e0"}]},{"@type":"WebSite","@id":"https:\/\/visitcalvia.org\/ca\/#website","url":"https:\/\/visitcalvia.org\/ca\/","name":"visitcalvia","description":"Vacaciones en Mallorca \u2013 Calvi\u00e0 m\u00faltiples destinos en uno s\u00f3lo lugar. Palmanova, Santa Pon\u00e7a, Magaluf, Peguera, Portals Nous, Costa d\u2019en Blanes, Cala Vinyes","potentialAction":[{"@type":"SearchAction","target":{"@type":"EntryPoint","urlTemplate":"https:\/\/visitcalvia.org\/ca\/?s={search_term_string}"},"query-input":{"@type":"PropertyValueSpecification","valueRequired":true,"valueName":"search_term_string"}}],"inLanguage":"ca"}]}},"jetpack_likes_enabled":false,"jetpack_sharing_enabled":false,"jetpack_shortlink":"https:\/\/wp.me\/PbP1bo-29F","_links":{"self":[{"href":"https:\/\/visitcalvia.org\/ca\/wp-json\/wp\/v2\/pages\/8287","targetHints":{"allow":["GET"]}}],"collection":[{"href":"https:\/\/visitcalvia.org\/ca\/wp-json\/wp\/v2\/pages"}],"about":[{"href":"https:\/\/visitcalvia.org\/ca\/wp-json\/wp\/v2\/types\/page"}],"author":[{"embeddable":true,"href":"https:\/\/visitcalvia.org\/ca\/wp-json\/wp\/v2\/users\/182516946"}],"replies":[{"embeddable":true,"href":"https:\/\/visitcalvia.org\/ca\/wp-json\/wp\/v2\/comments?post=8287"}],"version-history":[{"count":100,"href":"https:\/\/visitcalvia.org\/ca\/wp-json\/wp\/v2\/pages\/8287\/revisions"}],"predecessor-version":[{"id":32960,"href":"https:\/\/visitcalvia.org\/ca\/wp-json\/wp\/v2\/pages\/8287\/revisions\/32960"}],"wp:attachment":[{"href":"https:\/\/visitcalvia.org\/ca\/wp-json\/wp\/v2\/media?parent=8287"}],"curies":[{"name":"wp","href":"https:\/\/api.w.org\/{rel}","templated":true}]}}