{"id":8319,"date":"2020-04-17T10:31:25","date_gmt":"2020-04-17T08:31:25","guid":{"rendered":"https:\/\/visitcalvia.org\/historia-de-calvia\/"},"modified":"2025-01-22T12:52:38","modified_gmt":"2025-01-22T11:52:38","slug":"historia-de-calvia","status":"publish","type":"page","link":"https:\/\/visitcalvia.org\/ca\/historia-de-calvia\/","title":{"rendered":"Hist\u00f2ria de Calvi\u00e0"},"content":{"rendered":"<div class=\"wpb-content-wrapper\"><p>[vc_row css=&#8221;.vc_custom_1654583189787{background-image: url(<a href=\"https:\/\/visitcalvia.org\/wp-content\/uploads\/2020\/04\/CALVIA-12.jpg?id=5370\">https:\/\/visitcalvia.org\/wp-content\/uploads\/2020\/04\/CALVIA-12.jpg?id=5370<\/a>) !important;background-position: center !important;background-repeat: no-repeat !important;background-size: cover !important;}&#8221;][vc_column][vc_empty_space height=&#8221;255px&#8221;][\/vc_column][\/vc_row][vc_row row_content_width=&#8221;grid&#8221; css=&#8221;.vc_custom_1585726577981{padding-top: 20px !important;padding-bottom: 30px !important;}&#8221;][vc_column width=&#8221;1\/3&#8243;][vc_empty_space height=&#8221;35px&#8221;]<div class=\"qodef-section-title-holder  qodef-st-standard qodef-st-title-left qodef-st-normal-space qodef-st-disable-title-break qodef-st-with-border\" style=\"text-align: left\">\n\t<div class=\"qodef-st-inner\">\n\t\t\t\t\t<h2 class=\"qodef-st-title\" >\n\t\t\t\t<span class=\"qodef-st-title-bold\">Historia<\/span> de Calvi\u00e0\t\t\t<\/h2>\n\t\t\t\t\t<\/div>\n<\/div>[\/vc_column][vc_column width=&#8221;2\/3&#8243;][vc_empty_space height=&#8221;35px&#8221;][vc_column_text]En aquest apartat repassam la hist\u00f2ria de Calvi\u00e0. Des dels primers habitants que poblaren el <a href=\"https:\/\/www.calvia.com\" target=\"_blank\" rel=\"noopener noreferrer\">municipi<\/a>, a\u00a0l&#8217;\u00e8poca\u00a0contempor\u00e0nia. Esdeveniments crucials al nostre desenvolupament com a poble.<\/p>\n<p>Les <a href=\"https:\/\/www.illesbalears.travel\/es\/baleares\/\" target=\"_blank\" rel=\"noopener noreferrer\">Illes Balears<\/a>, per la seva posici\u00f3 central en el Mediterrani Occidental, han estat sempre connectades amb les principals din\u00e0miques hist\u00f2riques continentals, si b\u00e9 aquestes din\u00e0miques s&#8217;han concretat de manera espec\u00edfica a les Illes.[\/vc_column_text][\/vc_column][\/vc_row][vc_row row_content_width=&#8221;grid&#8221; css=&#8221;.vc_custom_1585726885959{padding-top: 20px !important;padding-bottom: 20px !important;}&#8221;][vc_column][vc_empty_space height=&#8221;40px&#8221;]<div class=\"qodef-accordion-holder qodef-ac-default  qodef-toggle qodef-ac-boxed  clearfix\">\n\t<p class=\"qodef-accordion-title\">\n    <span class=\"qodef-accordion-mark\">\n\t\t<span class=\"qodef_icon_plus ion-chevron-down\"><\/span>\n\t\t<span class=\"qodef_icon_minus ion-chevron-up\"><\/span>\n\t<\/span>\n\t<span class=\"qodef-tab-title\">Els primers habitants del municipi. Calvi\u00e0 durant la prehist\u00f2ria (des de l&#039;edat del coure fins a l&#039;\u00e8poca Post talai\u00f2tica)<\/span>\n<\/p>\n<div class=\"qodef-accordion-content\">\n\t<div class=\"qodef-accordion-content-inner\">\n\t\t[vc_column_text]<a href=\"https:\/\/www.visitcalvia.org\" target=\"_blank\" rel=\"noopener noreferrer\">Calvi\u00e0<\/a> t\u00e9 una gran riquesa arqueol\u00f2gica, amb 116 jaciments documentats. Aix\u00f2 converteix al municipi en un mirador privilegiat per a con\u00e8ixer la diversitat de cultures i pobles que, al llarg del temps, van habitar les Illes Balears. Les primeres evid\u00e8ncies de la pres\u00e8ncia humana en el municipi s&#8217;han trobat en la Cova d\u2019en Pellicer i es remuntarien a l&#8217;Edat del Coure (2500 i el 1900 A. C.). A partir d&#8217;aquest moment l&#8217;ocupaci\u00f3 prehist\u00f2rica de Calvi\u00e0 queda reflectida en molts jaciments. Durant l&#8217;\u00faltima fase de la prehist\u00f2ria (Segona Edat del Ferro), la zona de Calvi\u00e0, a trav\u00e9s del jaciment del Puig de Sa Morisca adquireix un especial protagonisme com a \u00e0rea d&#8217;intens contacte amb el m\u00f3n p\u00fanic i de redistribuci\u00f3 dels seus productes cap a l&#8217;interior de l&#8217;illa.<\/p>\n<p>En els seg\u00fcents enlla\u00e7os es desenvolupen els trets que defineixen les diferents fases de la prehist\u00f2ria del municipi i els jaciments arqueol\u00f2gics m\u00e9s destacats de Calvi\u00e0.[\/vc_column_text][vc_empty_space height=&#8221;10px&#8221;]<a itemprop=\"url\" href=\"http:\/\/www.calvia.com\/servlet\/model.web.ShowDoc?KDOCUMENTACIO=38252&#038;TABLENAME=WEB.DOCUMENTACIO&#038;pageProcessKey=LOADINGDOCUMENT&#038;ts=1523360245326\" target=\"_self\" style=\"text-transform: none\" class=\"qodef-btn qodef-btn-medium qodef-btn-simple qodef-btn-icon\"  >\n    <span class=\"qodef-btn-text\">Dels primers indicis d&#039;ocupaci\u00f3 humana a les Balears fins a l&#039;Edat del Bronze:<\/span>\n    <i class=\"qodef-icon-font-awesome fa fa-chevron-right \" ><\/i><\/a>[vc_empty_space height=&#8221;10px&#8221;]<a itemprop=\"url\" href=\"http:\/\/www.calvia.com\/servlet\/model.web.ShowDoc?KDOCUMENTACIO=38253&#038;TABLENAME=WEB.DOCUMENTACIO&#038;pageProcessKey=LOADINGDOCUMENT&#038;ts=1523360266598\" target=\"_self\" style=\"text-transform: none\" class=\"qodef-btn qodef-btn-medium qodef-btn-simple qodef-btn-icon\"  >\n    <span class=\"qodef-btn-text\">La cultura talai\u00f2tica:<\/span>\n    <i class=\"qodef-icon-font-awesome fa fa-chevron-right \" ><\/i><\/a>[vc_empty_space height=&#8221;10px&#8221;]<a itemprop=\"url\" href=\"http:\/\/www.calvia.com\/servlet\/model.web.ShowDoc?KDOCUMENTACIO=38254&#038;TABLENAME=WEB.DOCUMENTACIO&#038;pageProcessKey=LOADINGDOCUMENT&#038;ts=1523360291823\" target=\"_self\" style=\"text-transform: none\" class=\"qodef-btn qodef-btn-medium qodef-btn-simple qodef-btn-icon\"  >\n    <span class=\"qodef-btn-text\">La cultura postalai\u00f2tica:<\/span>\n    <i class=\"qodef-icon-font-awesome fa fa-chevron-right \" ><\/i><\/a>\t<\/div>\n<\/div><p class=\"qodef-accordion-title\">\n    <span class=\"qodef-accordion-mark\">\n\t\t<span class=\"qodef_icon_plus ion-chevron-down\"><\/span>\n\t\t<span class=\"qodef_icon_minus ion-chevron-up\"><\/span>\n\t<\/span>\n\t<span class=\"qodef-tab-title\">Romans, v\u00e0ndals i bizantins<\/span>\n<\/p>\n<div class=\"qodef-accordion-content\">\n\t<div class=\"qodef-accordion-content-inner\">\n\t\t[vc_column_text]Durant l&#8217;\u00e8poca antiga, des del 123 a. C. fins al 902-903 d. C., s&#8217;est\u00e9n un llarg per\u00edode, en el qual romans, v\u00e0ndals i bizantins van deixar la seva empremta en l&#8217;arxip\u00e8lag. Les insul\u00e6 Baliares (Mallorca i Menorca) van estar lligades a l&#8217;esdevenir de l&#8217;Imperi rom\u00e0 des del 123 a. C. fins al segle IV d. C. Aquest per\u00edode est\u00e0 clarament reflectit en el municipi amb el jaciment rom\u00e0 de sa Mesquida, una de les dues \u00faniques viles romanes excavades a Mallorca. Sabem que, a partir del segle V, Mallorca va sofrir l&#8217;acci\u00f3 dels v\u00e0ndals durant cent anys, moment en el qual el general bizant\u00ed Belisario la va conquistar, establint al seu poble per espai d&#8217;un altre segle. No obstant aix\u00f2, es compta amb escassa informaci\u00f3 en relaci\u00f3 als fets esdevinguts entre meitat del segle VII i la conquesta musulmana del segle X d. C., per la qual cosa aquesta ha estat denominada com l&#8217;\u00e8poca fosca.<br \/>\nPer a una visi\u00f3 m\u00e9s completa del llegat rom\u00e0 i tardoantic en el municipi i a les Illes Balears:[\/vc_column_text][vc_empty_space height=&#8221;10px&#8221;]<a itemprop=\"url\" href=\"http:\/\/www.calvia.com\/servlet\/model.web.ShowDoc?KDOCUMENTACIO=38255&#038;TABLENAME=WEB.DOCUMENTACIO&#038;pageProcessKey=LOADINGDOCUMENT&#038;ts=1523360316747\" target=\"_self\" style=\"text-transform: none\" class=\"qodef-btn qodef-btn-medium qodef-btn-simple qodef-btn-icon\"  >\n    <span class=\"qodef-btn-text\">Romans, v\u00e0ndals i bizantins. Esb\u00f3s hist\u00f2ric d&#039;unes illes dominades:<\/span>\n    <i class=\"qodef-icon-font-awesome fa fa-chevron-right \" ><\/i><\/a>\t<\/div>\n<\/div><p class=\"qodef-accordion-title\">\n    <span class=\"qodef-accordion-mark\">\n\t\t<span class=\"qodef_icon_plus ion-chevron-down\"><\/span>\n\t\t<span class=\"qodef_icon_minus ion-chevron-up\"><\/span>\n\t<\/span>\n\t<span class=\"qodef-tab-title\">Qalbiyan. El municipi en \u00e8poca medieval isl\u00e0mica<\/span>\n<\/p>\n<div class=\"qodef-accordion-content\">\n\t<div class=\"qodef-accordion-content-inner\">\n\t\t[vc_column_text]Una de les cultures que ha exercit major influ\u00e8ncia a Mallorca i als seus pobles \u00e9s la isl\u00e0mica. El califat Omeia de C\u00f3rdoba va conquistar Mallorca l&#8217;any 902 i Calvi\u00e0 va passar a formar part de la divisi\u00f3 administrativa Juz\u2019d\u2019*Ahwaz al-Madina. Podem dividir l&#8217;\u00e8poca isl\u00e0mica en cinc fases, en funci\u00f3 de raons d&#8217;hist\u00f2ria pol\u00edtica i institucional: \u00e8poca califal (903-1015), la taifa D\u00e9nia-Balears (1015-1087), taifa de les Illes Balears (1087-1115), \u00e8poca almor\u00e0vit (1115-1203) i, finalment, \u00e8poca almohade (1203-1229).<br \/>\nEn el seg\u00fcent arxiu es presenta una breu s\u00edntesi hist\u00f2rica del per\u00edode isl\u00e0mic a Mallorca:[\/vc_column_text][vc_empty_space height=&#8221;10px&#8221;]<a itemprop=\"url\" href=\"http:\/\/www.calvia.com\/servlet\/model.web.ShowDoc?KDOCUMENTACIO=38257&#038;TABLENAME=WEB.DOCUMENTACIO&#038;pageProcessKey=LOADINGDOCUMENT&#038;ts=1523360346049\" target=\"_self\" style=\"text-transform: none\" class=\"qodef-btn qodef-btn-medium qodef-btn-simple qodef-btn-icon\"  >\n    <span class=\"qodef-btn-text\">Qalbiyan. Calvi\u00e0 durant l&#039;\u00e8poca medieval isl\u00e0mica:<\/span>\n    <i class=\"qodef-icon-font-awesome fa fa-chevron-right \" ><\/i><\/a>\t<\/div>\n<\/div><p class=\"qodef-accordion-title\">\n    <span class=\"qodef-accordion-mark\">\n\t\t<span class=\"qodef_icon_plus ion-chevron-down\"><\/span>\n\t\t<span class=\"qodef_icon_minus ion-chevron-up\"><\/span>\n\t<\/span>\n\t<span class=\"qodef-tab-title\">La conquesta de Jaume I. Calvi\u00e0 en l&#039;Edat mitjana (1229- 1492 d. C.)<\/span>\n<\/p>\n<div class=\"qodef-accordion-content\">\n\t<div class=\"qodef-accordion-content-inner\">\n\t\t[vc_column_text]Un dels fets hist\u00f2rics que m\u00e9s ha marcat la cultura i la tradici\u00f3 de Calvi\u00e0 \u00e9s l&#8217;arribada del rei Jaume I d&#8217;Arag\u00f3 (Corona d&#8217;Arag\u00f3), que va desembarcar en <a href=\"https:\/\/www.visitcalvia.org\/santaponsa\" target=\"_blank\" rel=\"noopener noreferrer\">Santa\u00a0Pon\u00e7a<\/a>\u00a0el 10 de setembre de 1229. Despr\u00e9s del per\u00edode de conquesta, es va produir el\u00a0Repartiment\u00a0i es va concedir a Berenguer de Palou, bisbe de Barcelona, el terme de Calvi\u00e0 i els municipis confrontants. Durant aquests anys es van consolidar els nuclis de poblaci\u00f3 de Calvi\u00e0 i \u00c9s\u00a0Capdell\u00e0. El primer d&#8217;ells, Calvi\u00e0, va n\u00e9ixer com a vila en 1285, durant el regnat de Jaume II.<br \/>\nLa conquesta cristiana de Mallorca va suposar un canvi radical en tots els aspectes, des de l&#8217;economia, amb la introducci\u00f3 d&#8217;una agricultura de sec\u00e0, fins a l&#8217;arribada d&#8217;una nova llengua i religi\u00f3, passant per aspectes tan importants com l&#8217;estructura familiar, l&#8217;organitzaci\u00f3 social i un nou model pol\u00edtic, tot aix\u00f2 sota una estructura feudal.<br \/>\nEn els seg\u00fcents arxius s&#8217;expliquen de manera detallada la conquesta de Mallorca i els trets m\u00e9s significatius del municipi durant l&#8217;Edat mitjana[\/vc_column_text][vc_empty_space height=&#8221;10px&#8221;]<a itemprop=\"url\" href=\"http:\/\/www.calvia.com\/servlet\/model.web.ShowDoc?KDOCUMENTACIO=38258&#038;TABLENAME=WEB.DOCUMENTACIO&#038;pageProcessKey=LOADINGDOCUMENT&#038;ts=1523360368820\" target=\"_self\" style=\"text-transform: none\" class=\"qodef-btn qodef-btn-medium qodef-btn-simple qodef-btn-icon\"  >\n    <span class=\"qodef-btn-text\">Calvi\u00e0 i la conquista de Jaume I (1229):<\/span>\n    <i class=\"qodef-icon-font-awesome fa fa-chevron-right \" ><\/i><\/a>[vc_empty_space height=&#8221;10px&#8221;]<a itemprop=\"url\" href=\"http:\/\/www.calvia.com\/servlet\/model.web.ShowDoc?KDOCUMENTACIO=38259&#038;TABLENAME=WEB.DOCUMENTACIO&#038;pageProcessKey=LOADINGDOCUMENT&#038;ts=1523360395663\" target=\"_self\" style=\"text-transform: none\" class=\"qodef-btn qodef-btn-medium qodef-btn-simple qodef-btn-icon\"  >\n    <span class=\"qodef-btn-text\">Calvi\u00e0 durant l&#039;\u00e8poca medieval a Mallorca:<\/span>\n    <i class=\"qodef-icon-font-awesome fa fa-chevron-right \" ><\/i><\/a>\t<\/div>\n<\/div><p class=\"qodef-accordion-title\">\n    <span class=\"qodef-accordion-mark\">\n\t\t<span class=\"qodef_icon_plus ion-chevron-down\"><\/span>\n\t\t<span class=\"qodef_icon_minus ion-chevron-up\"><\/span>\n\t<\/span>\n\t<span class=\"qodef-tab-title\">Calvi\u00e0 en l&#039;\u00e8poca moderna (1491-1811 d. C.)<\/span>\n<\/p>\n<div class=\"qodef-accordion-content\">\n\t<div class=\"qodef-accordion-content-inner\">\n\t\t[vc_column_text]Factors com les dif\u00edcils comunicacions terrestres o el major grau de dispersi\u00f3 de la seva poblaci\u00f3 respecte a altres comarques insulars han fet que les aportacions sobre la hist\u00f2ria d&#8217;\u00e8poca moderna de Calvi\u00e0 siguin relativament escasses. Durant aquesta \u00e8poca, la poblaci\u00f3 de Calvi\u00e0 a penes va augmentar i la seva estructura econ\u00f2mica i social s&#8217;organitzava entorn de les possessions, aut\u00e8ntics eixos vertebradors de la vida del municipi.<br \/>\nEn el seg\u00fcent arxiu s&#8217;analitza el paper de Calvi\u00e0 en el moviment agermanat, la seva demografia i les seves principals activitats econ\u00f2miques durant l&#8217;edat moderna.[\/vc_column_text][vc_empty_space height=&#8221;10px&#8221;]<a itemprop=\"url\" href=\"http:\/\/www.calvia.com\/servlet\/model.web.ShowDoc?KDOCUMENTACIO=38260&#038;TABLENAME=WEB.DOCUMENTACIO&#038;pageProcessKey=LOADINGDOCUMENT&#038;ts=1523360418694\" target=\"_self\" style=\"text-transform: none\" class=\"qodef-btn qodef-btn-medium qodef-btn-simple qodef-btn-icon\"  >\n    <span class=\"qodef-btn-text\">Calvi\u00e0 en l&#039;\u00e8poca moderna:<\/span>\n    <i class=\"qodef-icon-font-awesome fa fa-chevron-right \" ><\/i><\/a>\t<\/div>\n<\/div><p class=\"qodef-accordion-title\">\n    <span class=\"qodef-accordion-mark\">\n\t\t<span class=\"qodef_icon_plus ion-chevron-down\"><\/span>\n\t\t<span class=\"qodef_icon_minus ion-chevron-up\"><\/span>\n\t<\/span>\n\t<span class=\"qodef-tab-title\">Calvi\u00e1 en l&#039;\u00e8poca contempor\u00e0nia<\/span>\n<\/p>\n<div class=\"qodef-accordion-content\">\n\t<div class=\"qodef-accordion-content-inner\">\n\t\t[vc_column_text]La hist\u00f2ria contempor\u00e0nia del terme de Calvi\u00e0 ha estat complexa, variada i plena de matisos. En ella, els marcs socioecon\u00f2mics i pol\u00edtics de Mallorca i del conjunt de l&#8217;Estat han condicionat l&#8217;esdevenir del terme i la seva pr\u00f2pia idiosincr\u00e0sia. D&#8217;especial import\u00e0ncia per a la configuraci\u00f3 territorial, econ\u00f2mica i social actual del municipi \u00e9s l&#8217;enorme desenvolupament que a partir dels anys 60 va tenir Calvi\u00e0, centrat principalment en un turisme de platja i oci.<br \/>\nLa lectura del seg\u00fcent text els servir\u00e0 per a comprendre l&#8217;evoluci\u00f3 hist\u00f2rica d&#8217;aquest per\u00edode.[\/vc_column_text][vc_empty_space height=&#8221;10px&#8221;]<a itemprop=\"url\" href=\"http:\/\/www.calvia.com\/servlet\/model.web.ShowDoc?KDOCUMENTACIO=38261&#038;TABLENAME=WEB.DOCUMENTACIO&#038;pageProcessKey=LOADINGDOCUMENT&#038;ts=1523360439520\" target=\"_self\" style=\"text-transform: none\" class=\"qodef-btn qodef-btn-medium qodef-btn-simple qodef-btn-icon\"  >\n    <span class=\"qodef-btn-text\">Calvi\u00e0 a l&#039;\u00e8poca contempor\u00e0nia:<\/span>\n    <i class=\"qodef-icon-font-awesome fa fa-chevron-right \" ><\/i><\/a>\t<\/div>\n<\/div><\/div>[vc_empty_space][\/vc_column][\/vc_row][vc_row equal_height=&#8221;yes&#8221; content_placement=&#8221;middle&#8221;][vc_column offset=&#8221;vc_col-lg-5 vc_col-md-12&#8243; css=&#8221;.vc_custom_1585820997663{margin-top: 0px !important;margin-right: 0px !important;margin-bottom: 0px !important;margin-left: 0px !important;padding-top: 0px !important;padding-right: 0px !important;padding-bottom: 0px !important;padding-left: 0px !important;background-color: #fcfcfc !important;}&#8221;]<div class=\"qodef-elements-holder   qodef-one-column  qodef-responsive-mode-768 qodef-one-column-alignment-right\" ><div class=\"qodef-eh-item   qodef-horizontal-alignment-right  \"  data-item-class=\"qodef-eh-custom-3680\" data-1280-1600=\"0 12% 15px 31%\" data-1024-1280=\"0 12% 15px 24%\" data-768-1024=\"48px 25% 70px 35%\" data-680-768=\"48px 12% 70px 35%\" data-680=\"50px 8% 70px 10%\">\n\t<div class=\"qodef-eh-item-inner\">\n\t\t<div class=\"qodef-eh-item-content qodef-eh-custom-3680\" style=\"padding: 0 12% 20px 35%\">\n\t\t\t[vc_column_text]<\/p>\n<h2 style=\"text-align: right;\">Hist\u00f2ria de <strong>Calvi\u00e0<\/strong><\/h2>\n<p style=\"text-align: right; font-family: Montserrat; margin-top: -18px; margin-bottom: 16px;\"><span class=\"change-second-color\" style=\"color: #ff0030;\"><em>Visit Magaluf<\/em><\/span><\/p>\n<p style=\"text-align: right; margin-bottom: 16px;\">Coneix Calvi\u00e0<\/p>\n<p>[\/vc_column_text]\t\t<\/div>\n\t<\/div>\n\t<\/div><\/div>[\/vc_column][vc_column offset=&#8221;vc_col-lg-7 vc_col-md-12&#8243; css=&#8221;.vc_custom_1504689016842{margin-top: 0px !important;margin-right: 0px !important;margin-bottom: 0px !important;margin-left: 0px !important;padding-top: 0px !important;padding-right: 0px !important;padding-bottom: 0px !important;padding-left: 0px !important;}&#8221;][vc_gallery interval=&#8221;3&#8243; images=&#8221;8321,8322,8323,8324&#8243; img_size=&#8221;full&#8221;][\/vc_column][\/vc_row][vc_row][vc_column width=&#8221;1\/4&#8243; css=&#8221;.vc_custom_1585731740146{margin-left: 50px !important;}&#8221;][vc_empty_space height=&#8221;20px&#8221;][vc_column_text css=&#8221;.vc_custom_1587114383691{padding-bottom: 20px !important;}&#8221;]<\/p>\n<h4>Calvi\u00e0<\/h4>\n<p>[\/vc_column_text]<div class=\"qodef-iwt clearfix  qodef-iwt-icon-left qodef-iwt-icon-medium\">\n\t<div class=\"qodef-iwt-icon\">\n\t\t\t\t\t<a itemprop=\"url\" href=\"tel:971670310\" target=\"_self\">\n\t\t\t\t\t\t\t\t\t    <span class=\"qodef-icon-shortcode qodef-normal   qodef-icon-medium\"  data-color=\"#9bc535\">\n                    <span aria-hidden=\"true\" class=\"qodef-icon-font-elegant icon_phone qodef-icon-element\" style=\"color: #9bc535;font-size:17px\" ><\/span>            <\/span>\n\t\t\t\t\t\t\t\t<\/a>\n\t\t\t<\/div>\n\t<div class=\"qodef-iwt-content\" >\n\t\t\t\t\t<h5 class=\"qodef-iwt-title\" style=\"color: #868585;margin-top: 6px\">\n\t\t\t\t\t\t\t\t\t<a itemprop=\"url\" href=\"tel:971670310\" target=\"_self\">\n\t\t\t\t\t\t\t\t<span class=\"qodef-iwt-title-text\">971 67 03 10<\/span>\n\t\t\t\t\t\t\t\t\t<\/a>\n\t\t\t\t\t\t\t<\/h5>\n\t\t\t\t\t<\/div>\n<\/div>[vc_empty_space height=&#8221;13px&#8221;]<div class=\"qodef-iwt clearfix  qodef-iwt-icon-left qodef-iwt-icon-medium\">\n\t<div class=\"qodef-iwt-icon\">\n\t\t\t\t\t<a itemprop=\"url\" href=\"mailto:calvia@calvia.com\" target=\"_self\">\n\t\t\t\t\t\t\t\t\t    <span class=\"qodef-icon-shortcode qodef-normal   qodef-icon-medium\"  data-color=\"#9bc535\">\n                    <span aria-hidden=\"true\" class=\"qodef-icon-font-elegant icon_comment qodef-icon-element\" style=\"color: #9bc535;font-size:17px\" ><\/span>            <\/span>\n\t\t\t\t\t\t\t\t<\/a>\n\t\t\t<\/div>\n\t<div class=\"qodef-iwt-content\" >\n\t\t\t\t\t<h5 class=\"qodef-iwt-title\" style=\"color: #868585;margin-top: 6px\">\n\t\t\t\t\t\t\t\t\t<a itemprop=\"url\" href=\"mailto:calvia@calvia.com\" target=\"_self\">\n\t\t\t\t\t\t\t\t<span class=\"qodef-iwt-title-text\">calvia@calvia.com<\/span>\n\t\t\t\t\t\t\t\t\t<\/a>\n\t\t\t\t\t\t\t<\/h5>\n\t\t\t\t\t<\/div>\n<\/div>[vc_empty_space height=&#8221;13px&#8221;]<div class=\"qodef-icon-list-holder \" >\n\t<div class=\"qodef-il-icon-holder\">\n\t\t<span aria-hidden=\"true\" class=\"qodef-icon-font-elegant icon_pin \" style=\"color: #9bc535;font-size: 17px\"><\/span>\t<\/div>\n\t<p class=\"qodef-il-text\" style=\"padding-left: 25px\">C\/ de Juli\u00e0 Bujosa Sans, batle, 1 - 07184 Calvi\u00e0 (Illes Balears)<\/p>\n<\/div>[vc_empty_space][\/vc_column][vc_column width=&#8221;3\/4&#8243;][vc_empty_space height=&#8221;20px&#8221;][vc_gmaps link=&#8221;#E-8_JTNDaWZyYW1lJTIwc3JjJTNEJTIyaHR0cHMlM0ElMkYlMkZ3d3cuZ29vZ2xlLmNvbSUyRm1hcHMlMkZlbWJlZCUzRnBiJTNEJTIxMW0xOCUyMTFtMTIlMjExbTMlMjExZDEyMzAzLjQ4MDQxMDExMzUzJTIxMmQyLjQ5NDc5OTQzNjYwMTI2MyUyMTNkMzkuNTYyNTM2NDIxNTc1MTYlMjEybTMlMjExZjAlMjEyZjAlMjEzZjAlMjEzbTIlMjExaTEwMjQlMjEyaTc2OCUyMTRmMTMuMSUyMTNtMyUyMTFtMiUyMTFzMHgxMjk3OGJiNDM1OTMzNmQxJTI1M0EweDFkNWY2OWJjM2MyYmRhY2UlMjEyczA3MTg0JTI1MjBDYWx2aSUyNUMzJTI1QTElMjUyQyUyNTIwSXNsYXMlMjUyMEJhbGVhcmVzJTIxNWUwJTIxM20yJTIxMXNlcyUyMTJzZXMlMjE0djE1ODcxMTI0OTM2NjclMjE1bTIlMjExc2VzJTIxMnNlcyUyMiUyMHdpZHRoJTNEJTIyNjAwJTIyJTIwaGVpZ2h0JTNEJTIyNDUwJTIyJTIwZnJhbWVib3JkZXIlM0QlMjIwJTIyJTIwc3R5bGUlM0QlMjJib3JkZXIlM0EwJTNCJTIyJTIwYWxsb3dmdWxsc2NyZWVuJTNEJTIyJTIyJTIwYXJpYS1oaWRkZW4lM0QlMjJmYWxzZSUyMiUyMHRhYmluZGV4JTNEJTIyMCUyMiUzRSUzQyUyRmlmcmFtZSUzRQ==&#8221;][\/vc_column][\/vc_row]<\/p>\n<\/div>","protected":false},"excerpt":{"rendered":"<p>[vc_row css=&#8221;.vc_custom_1654583189787{background-image: url(<a href=\"https:\/\/visitcalvia.org\/wp-content\/uploads\/2020\/04\/CALVIA-12.jpg?id=5370\">https:\/\/visitcalvia.org\/wp-content\/uploads\/2020\/04\/CALVIA-12.jpg?id=5370<\/a>) !important;background-position: center !important;background-repeat: no-repeat !important;background-size: cover !important;}&#8221;][vc_column][vc_empty_space height=&#8221;255px&#8221;][\/vc_column][\/vc_row][vc_row row_content_width=&#8221;grid&#8221; css=&#8221;.vc_custom_1585726577981{padding-top: 20px !important;padding-bottom: 30px !important;}&#8221;][vc_column width=&#8221;1\/3&#8243;][vc_empty_space height=&#8221;35px&#8221;][\/vc_column][vc_column width=&#8221;2\/3&#8243;][vc_empty_space height=&#8221;35px&#8221;][vc_column_text]En aquest apartat repassam la hist\u00f2ria de Calvi\u00e0. Des dels primers habitants que poblaren el municipi, a\u00a0l&#8217;\u00e8poca\u00a0contempor\u00e0nia. Esdeveniments crucials al nostre desenvolupament com a poble. Les Illes Balears, per la seva posici\u00f3 central en [&hellip;]<\/p>\n","protected":false},"author":182516946,"featured_media":5371,"parent":0,"menu_order":0,"comment_status":"closed","ping_status":"closed","template":"full-width.php","meta":{"_coblocks_attr":"","_coblocks_dimensions":"","_coblocks_responsive_height":"","_coblocks_accordion_ie_support":"","_crdt_document":"","footnotes":""},"class_list":["post-8319","page","type-page","status-publish","has-post-thumbnail","hentry"],"yoast_head":"<!-- This site is optimized with the Yoast SEO plugin v27.5 - https:\/\/yoast.com\/product\/yoast-seo-wordpress\/ -->\n<title>Hist\u00f2ria de Calvi\u00e0. Dels primers habitants a l&#039;\u00e8poca contempor\u00e0nia<\/title>\n<meta name=\"description\" content=\"hist\u00f2ria de Calvi\u00e0. Dels primers habitants que poblaren el municipi, a l&#039;\u00e8poca contempor\u00e0nia. Esdeveniments crucials al nostre desenvolupament com a poble.\" \/>\n<meta name=\"robots\" content=\"index, follow, max-snippet:-1, max-image-preview:large, max-video-preview:-1\" \/>\n<link rel=\"canonical\" href=\"https:\/\/visitcalvia.org\/ca\/historia-de-calvia\/\" \/>\n<meta property=\"og:locale\" content=\"ca_ES\" \/>\n<meta property=\"og:type\" content=\"article\" \/>\n<meta property=\"og:title\" content=\"Hist\u00f2ria de Calvi\u00e0. Dels primers habitants a l&#039;\u00e8poca contempor\u00e0nia\" \/>\n<meta property=\"og:description\" content=\"hist\u00f2ria de Calvi\u00e0. Dels primers habitants que poblaren el municipi, a l&#039;\u00e8poca contempor\u00e0nia. Esdeveniments crucials al nostre desenvolupament com a poble.\" \/>\n<meta property=\"og:url\" content=\"https:\/\/visitcalvia.org\/ca\/historia-de-calvia\/\" \/>\n<meta property=\"og:site_name\" content=\"visitcalvia\" \/>\n<meta property=\"article:modified_time\" content=\"2025-01-22T11:52:38+00:00\" \/>\n<meta property=\"og:image\" content=\"https:\/\/visitcalvia.org\/wp-content\/uploads\/2020\/04\/CALVIA-12.jpg\" \/>\n\t<meta property=\"og:image:width\" content=\"1710\" \/>\n\t<meta property=\"og:image:height\" content=\"1141\" \/>\n\t<meta property=\"og:image:type\" content=\"image\/jpeg\" \/>\n<meta name=\"twitter:card\" content=\"summary_large_image\" \/>\n<meta name=\"twitter:label1\" content=\"Temps estimat de lectura\" \/>\n\t<meta name=\"twitter:data1\" content=\"7 minuts\" \/>\n<script type=\"application\/ld+json\" class=\"yoast-schema-graph\">{\"@context\":\"https:\\\/\\\/schema.org\",\"@graph\":[{\"@type\":\"WebPage\",\"@id\":\"https:\\\/\\\/visitcalvia.org\\\/ca\\\/historia-de-calvia\\\/\",\"url\":\"https:\\\/\\\/visitcalvia.org\\\/ca\\\/historia-de-calvia\\\/\",\"name\":\"Hist\u00f2ria de Calvi\u00e0. Dels primers habitants a l'\u00e8poca contempor\u00e0nia\",\"isPartOf\":{\"@id\":\"https:\\\/\\\/visitcalvia.org\\\/ca\\\/#website\"},\"primaryImageOfPage\":{\"@id\":\"https:\\\/\\\/visitcalvia.org\\\/ca\\\/historia-de-calvia\\\/#primaryimage\"},\"image\":{\"@id\":\"https:\\\/\\\/visitcalvia.org\\\/ca\\\/historia-de-calvia\\\/#primaryimage\"},\"thumbnailUrl\":\"https:\\\/\\\/i0.wp.com\\\/visitcalvia.org\\\/wp-content\\\/uploads\\\/2020\\\/04\\\/CALVIA-12.jpg?fit=1710%2C1141&ssl=1\",\"datePublished\":\"2020-04-17T08:31:25+00:00\",\"dateModified\":\"2025-01-22T11:52:38+00:00\",\"description\":\"hist\u00f2ria de Calvi\u00e0. Dels primers habitants que poblaren el municipi, a l'\u00e8poca contempor\u00e0nia. Esdeveniments crucials al nostre desenvolupament com a poble.\",\"breadcrumb\":{\"@id\":\"https:\\\/\\\/visitcalvia.org\\\/ca\\\/historia-de-calvia\\\/#breadcrumb\"},\"inLanguage\":\"ca\",\"potentialAction\":[{\"@type\":\"ReadAction\",\"target\":[\"https:\\\/\\\/visitcalvia.org\\\/ca\\\/historia-de-calvia\\\/\"]}]},{\"@type\":\"ImageObject\",\"inLanguage\":\"ca\",\"@id\":\"https:\\\/\\\/visitcalvia.org\\\/ca\\\/historia-de-calvia\\\/#primaryimage\",\"url\":\"https:\\\/\\\/i0.wp.com\\\/visitcalvia.org\\\/wp-content\\\/uploads\\\/2020\\\/04\\\/CALVIA-12.jpg?fit=1710%2C1141&ssl=1\",\"contentUrl\":\"https:\\\/\\\/i0.wp.com\\\/visitcalvia.org\\\/wp-content\\\/uploads\\\/2020\\\/04\\\/CALVIA-12.jpg?fit=1710%2C1141&ssl=1\",\"width\":1710,\"height\":1141,\"caption\":\"Ruta 1 senderismo Calvi\u00e0 a Es Capdell\u00e0\"},{\"@type\":\"BreadcrumbList\",\"@id\":\"https:\\\/\\\/visitcalvia.org\\\/ca\\\/historia-de-calvia\\\/#breadcrumb\",\"itemListElement\":[{\"@type\":\"ListItem\",\"position\":1,\"name\":\"Portada\",\"item\":\"https:\\\/\\\/visitcalvia.org\\\/ca\\\/\"},{\"@type\":\"ListItem\",\"position\":2,\"name\":\"Hist\u00f2ria de Calvi\u00e0\"}]},{\"@type\":\"WebSite\",\"@id\":\"https:\\\/\\\/visitcalvia.org\\\/ca\\\/#website\",\"url\":\"https:\\\/\\\/visitcalvia.org\\\/ca\\\/\",\"name\":\"visitcalvia\",\"description\":\"Vacaciones en Mallorca \u2013 Calvi\u00e0 m\u00faltiples destinos en uno s\u00f3lo lugar. Palmanova, Santa Pon\u00e7a, Magaluf, Peguera, Portals Nous, Costa d\u2019en Blanes, Cala Vinyes\",\"potentialAction\":[{\"@type\":\"SearchAction\",\"target\":{\"@type\":\"EntryPoint\",\"urlTemplate\":\"https:\\\/\\\/visitcalvia.org\\\/ca\\\/?s={search_term_string}\"},\"query-input\":{\"@type\":\"PropertyValueSpecification\",\"valueRequired\":true,\"valueName\":\"search_term_string\"}}],\"inLanguage\":\"ca\"}]}<\/script>\n<!-- \/ Yoast SEO plugin. -->","yoast_head_json":{"title":"Hist\u00f2ria de Calvi\u00e0. Dels primers habitants a l'\u00e8poca contempor\u00e0nia","description":"hist\u00f2ria de Calvi\u00e0. Dels primers habitants que poblaren el municipi, a l'\u00e8poca contempor\u00e0nia. Esdeveniments crucials al nostre desenvolupament com a poble.","robots":{"index":"index","follow":"follow","max-snippet":"max-snippet:-1","max-image-preview":"max-image-preview:large","max-video-preview":"max-video-preview:-1"},"canonical":"https:\/\/visitcalvia.org\/ca\/historia-de-calvia\/","og_locale":"ca_ES","og_type":"article","og_title":"Hist\u00f2ria de Calvi\u00e0. Dels primers habitants a l'\u00e8poca contempor\u00e0nia","og_description":"hist\u00f2ria de Calvi\u00e0. Dels primers habitants que poblaren el municipi, a l'\u00e8poca contempor\u00e0nia. Esdeveniments crucials al nostre desenvolupament com a poble.","og_url":"https:\/\/visitcalvia.org\/ca\/historia-de-calvia\/","og_site_name":"visitcalvia","article_modified_time":"2025-01-22T11:52:38+00:00","og_image":[{"width":1710,"height":1141,"url":"https:\/\/visitcalvia.org\/wp-content\/uploads\/2020\/04\/CALVIA-12.jpg","type":"image\/jpeg"}],"twitter_card":"summary_large_image","twitter_misc":{"Temps estimat de lectura":"7 minuts"},"schema":{"@context":"https:\/\/schema.org","@graph":[{"@type":"WebPage","@id":"https:\/\/visitcalvia.org\/ca\/historia-de-calvia\/","url":"https:\/\/visitcalvia.org\/ca\/historia-de-calvia\/","name":"Hist\u00f2ria de Calvi\u00e0. Dels primers habitants a l'\u00e8poca contempor\u00e0nia","isPartOf":{"@id":"https:\/\/visitcalvia.org\/ca\/#website"},"primaryImageOfPage":{"@id":"https:\/\/visitcalvia.org\/ca\/historia-de-calvia\/#primaryimage"},"image":{"@id":"https:\/\/visitcalvia.org\/ca\/historia-de-calvia\/#primaryimage"},"thumbnailUrl":"https:\/\/i0.wp.com\/visitcalvia.org\/wp-content\/uploads\/2020\/04\/CALVIA-12.jpg?fit=1710%2C1141&ssl=1","datePublished":"2020-04-17T08:31:25+00:00","dateModified":"2025-01-22T11:52:38+00:00","description":"hist\u00f2ria de Calvi\u00e0. Dels primers habitants que poblaren el municipi, a l'\u00e8poca contempor\u00e0nia. Esdeveniments crucials al nostre desenvolupament com a poble.","breadcrumb":{"@id":"https:\/\/visitcalvia.org\/ca\/historia-de-calvia\/#breadcrumb"},"inLanguage":"ca","potentialAction":[{"@type":"ReadAction","target":["https:\/\/visitcalvia.org\/ca\/historia-de-calvia\/"]}]},{"@type":"ImageObject","inLanguage":"ca","@id":"https:\/\/visitcalvia.org\/ca\/historia-de-calvia\/#primaryimage","url":"https:\/\/i0.wp.com\/visitcalvia.org\/wp-content\/uploads\/2020\/04\/CALVIA-12.jpg?fit=1710%2C1141&ssl=1","contentUrl":"https:\/\/i0.wp.com\/visitcalvia.org\/wp-content\/uploads\/2020\/04\/CALVIA-12.jpg?fit=1710%2C1141&ssl=1","width":1710,"height":1141,"caption":"Ruta 1 senderismo Calvi\u00e0 a Es Capdell\u00e0"},{"@type":"BreadcrumbList","@id":"https:\/\/visitcalvia.org\/ca\/historia-de-calvia\/#breadcrumb","itemListElement":[{"@type":"ListItem","position":1,"name":"Portada","item":"https:\/\/visitcalvia.org\/ca\/"},{"@type":"ListItem","position":2,"name":"Hist\u00f2ria de Calvi\u00e0"}]},{"@type":"WebSite","@id":"https:\/\/visitcalvia.org\/ca\/#website","url":"https:\/\/visitcalvia.org\/ca\/","name":"visitcalvia","description":"Vacaciones en Mallorca \u2013 Calvi\u00e0 m\u00faltiples destinos en uno s\u00f3lo lugar. Palmanova, Santa Pon\u00e7a, Magaluf, Peguera, Portals Nous, Costa d\u2019en Blanes, Cala Vinyes","potentialAction":[{"@type":"SearchAction","target":{"@type":"EntryPoint","urlTemplate":"https:\/\/visitcalvia.org\/ca\/?s={search_term_string}"},"query-input":{"@type":"PropertyValueSpecification","valueRequired":true,"valueName":"search_term_string"}}],"inLanguage":"ca"}]}},"jetpack_likes_enabled":false,"jetpack_sharing_enabled":false,"jetpack_shortlink":"https:\/\/wp.me\/PbP1bo-2ab","amp_enabled":false,"_links":{"self":[{"href":"https:\/\/visitcalvia.org\/ca\/wp-json\/wp\/v2\/pages\/8319","targetHints":{"allow":["GET"]}}],"collection":[{"href":"https:\/\/visitcalvia.org\/ca\/wp-json\/wp\/v2\/pages"}],"about":[{"href":"https:\/\/visitcalvia.org\/ca\/wp-json\/wp\/v2\/types\/page"}],"author":[{"embeddable":true,"href":"https:\/\/visitcalvia.org\/ca\/wp-json\/wp\/v2\/users\/182516946"}],"replies":[{"embeddable":true,"href":"https:\/\/visitcalvia.org\/ca\/wp-json\/wp\/v2\/comments?post=8319"}],"version-history":[{"count":14,"href":"https:\/\/visitcalvia.org\/ca\/wp-json\/wp\/v2\/pages\/8319\/revisions"}],"predecessor-version":[{"id":28011,"href":"https:\/\/visitcalvia.org\/ca\/wp-json\/wp\/v2\/pages\/8319\/revisions\/28011"}],"wp:featuredmedia":[{"embeddable":true,"href":"https:\/\/visitcalvia.org\/ca\/wp-json\/wp\/v2\/media\/5371"}],"wp:attachment":[{"href":"https:\/\/visitcalvia.org\/ca\/wp-json\/wp\/v2\/media?parent=8319"}],"curies":[{"name":"wp","href":"https:\/\/api.w.org\/{rel}","templated":true}]}}