{"id":13096,"date":"2020-04-07T12:38:31","date_gmt":"2020-04-07T10:38:31","guid":{"rendered":"https:\/\/visitcalvia.org\/atracciones\/"},"modified":"2023-05-16T11:30:09","modified_gmt":"2023-05-16T09:30:09","slug":"planen-sie-ihre-reise","status":"publish","type":"page","link":"https:\/\/visitcalvia.org\/de\/planen-sie-ihre-reise\/","title":{"rendered":"Planen Sie Ihre Reise"},"content":{"rendered":"<div class=\"wpb-content-wrapper\"><p>[vc_row content_placement=&#8220;middle&#8220; content_text_aligment=&#8220;center&#8220; css=&#8220;.vc_custom_1587470209353{padding-top: 81px !important;background-image: url(<a href=\"https:\/\/visitcalvia.org\/wp-content\/uploads\/2020\/04\/atracciones-calvia01.jpg?id=3544\">https:\/\/visitcalvia.org\/wp-content\/uploads\/2020\/04\/atracciones-calvia01.jpg?id=3544<\/a>) !important;background-position: center !important;background-repeat: no-repeat !important;background-size: cover !important;}&#8220; simple_background_color=&#8220;#ffffff&#8220;][vc_column]<div class=\"qodef-elements-holder   qodef-one-column  qodef-responsive-mode-768 \" ><div class=\"qodef-eh-item     \"  data-item-class=\"qodef-eh-custom-6433\" data-1024-1280=\"0 21%\" data-768-1024=\"0 12%\" data-680-768=\"0 0\" data-680=\"0 0\">\n\t<div class=\"qodef-eh-item-inner\">\n\t\t<div class=\"qodef-eh-item-content qodef-eh-custom-6433\" style=\"padding: 0 25%\">\n\t\t\t<div class=\"qodef-section-title-holder  qodef-st-standard qodef-st-title-left qodef-st-normal-space qodef-st-disable-title-break \" >\n\t<div class=\"qodef-st-inner\">\n\t\t\t\t\t<h2 class=\"qodef-st-title\" >\n\t\t\t\t<span class=\"qodef-st-title-bold\">Planen<\/span> Sie Ihre<br \/> Reise - Calvi\u00e0\t\t\t<\/h2>\n\t\t\t\t\t<\/div>\n<\/div>[vc_empty_space height=&#8220;96px&#8220;]\t\t<\/div>\n\t<\/div>\n\t<\/div><\/div>[\/vc_column][\/vc_row][vc_row row_content_width=&#8220;grid&#8220;][vc_column][vc_empty_space height=&#8220;52px&#8220;][\/vc_column][\/vc_row][vc_row row_content_width=&#8220;grid&#8220;][vc_column]<div class=\"qodef-section-title-holder  qodef-st-standard qodef-st-title-left qodef-st-normal-space qodef-st-disable-title-break \" >\n\t<div class=\"qodef-st-inner\">\n\t\t\t\t\t<h2 class=\"qodef-st-title\" style=\"color: #0a0a0a\">\n\t\t\t\tFerienspa\u00df <span class=\"qodef-st-title-bold\">in<\/span> <span class=\"qodef-st-title-bold\">Calvi\u00e0<\/span><br \/>\t\t\t<\/h2>\n\t\t\t\t\t<\/div>\n<\/div>[vc_empty_space height=&#8220;20px&#8220;][vc_row_inner][vc_column_inner width=&#8220;1\/2&#8243;][vc_column_text]In Calvi\u00e0 finden Sie die gr\u00f6\u00dfte Auswahl an Attraktionen auf Mallorca. Schon viele Unternehmen haben sich daf\u00fcr entschieden, Produkte f\u00fcr die Freizeitgestaltung, Kultur, Sport, Abenteuer, Themen u.a. zu schaffen, um den Menschen, die unsere Insel besuchen, Alternativen f\u00fcr ihren Urlaub zu bieten.<\/p>\n<p>Themenparks (Aqua-Parks, Piratenspielparks, Multidisziplin\u00e4re Parks und 4D-Parks, Abenteuerparks, Meeresparks, Golfparks&#8230;), Ausfl\u00fcge auf dem Meer oder an Land (Segway, Fahrr\u00e4der, Dreirad-Motorr\u00e4der&#8230;), Wanderwege durch die wunderbare Finca Galatz\u00f3, Erholung und die Aussicht in den herrlichen Beachclubs und Strandlokalen genie\u00dfen, die schicksten Yachth\u00e4fen kennenlernen, oder das Nachtleben genie\u00dfen, das in den verschiedenen Clubs, Diskotheken und Pubs \u00fcberall in der Gemeinde stattfindet.<\/p>\n<p>Erleben Sie die besten Attraktionen auf Mallorca, entdecken Sie Calvi\u00e0.[\/vc_column_text][\/vc_column_inner][vc_column_inner width=&#8220;1\/2&#8243;]<div class=\"qodef-banner-holder  qodef-simple qodef-banner-info-default\">\n    <div class=\"qodef-banner-image\">\n        <img decoding=\"async\" width=\"912\" height=\"607\" src=\"https:\/\/i0.wp.com\/visitcalvia.org\/wp-content\/uploads\/2017\/08\/calviaconin%CC%83os01.jpg?fit=912%2C607&amp;ssl=1\" class=\"attachment-full size-full\" alt=\"Atracciones en Mallorca , atraccions a Mallorca, Atractions in Mallorca,\" data-attachment-id=\"3511\" data-permalink=\"https:\/\/visitcalvia.org\/de\/calviaconin%cc%83os01\/\" data-orig-file=\"https:\/\/i0.wp.com\/visitcalvia.org\/wp-content\/uploads\/2017\/08\/calviaconin%CC%83os01.jpg?fit=912%2C607&amp;ssl=1\" data-orig-size=\"912,607\" data-comments-opened=\"1\" data-image-meta=\"{&quot;aperture&quot;:&quot;0&quot;,&quot;credit&quot;:&quot;Picasa&quot;,&quot;camera&quot;:&quot;&quot;,&quot;caption&quot;:&quot;&quot;,&quot;created_timestamp&quot;:&quot;0&quot;,&quot;copyright&quot;:&quot;&quot;,&quot;focal_length&quot;:&quot;0&quot;,&quot;iso&quot;:&quot;0&quot;,&quot;shutter_speed&quot;:&quot;0&quot;,&quot;title&quot;:&quot;&quot;,&quot;orientation&quot;:&quot;0&quot;}\" data-image-title=\"Atracciones en Calvi\u00e0\" data-image-description=\"\" data-image-caption=\"\" data-large-file=\"https:\/\/i0.wp.com\/visitcalvia.org\/wp-content\/uploads\/2017\/08\/calviaconin%CC%83os01.jpg?fit=912%2C607&amp;ssl=1\" \/>    <\/div>\n    <div class=\"qodef-banner-text-holder\" >\n\t    <div class=\"qodef-banner-text-outer\">\n\t\t    <div class=\"qodef-banner-text-inner\">\n\t\t        \t\t        \t\t\t<\/div>\n\t\t<\/div>\n\t<\/div>\n\t        <a itemprop=\"url\" class=\"qodef-banner-link\" href=\"#\" target=\"_self\"><\/a>\n    <\/div>[\/vc_column_inner][\/vc_row_inner][\/vc_column][\/vc_row][vc_row][vc_column][vc_empty_space height=&#8220;45px&#8220;]<div class=\"qodef-elements-holder   qodef-three-columns  qodef-responsive-mode-768 \" ><div class=\"qodef-eh-item     qodef-badge-enabled\" style=\"background-color: #fafafa\" data-item-class=\"qodef-eh-custom-8847\" data-1280-1600=\"0 10% 4% 12%\" data-1024-1280=\"0 15% 6% 10%\" data-768-1024=\"0 0 6% 5%\" data-680-768=\"15% 40% 10% 10%\" data-680=\"30% 10% 10% 5%\">\n\t<div class=\"qodef-eh-item-inner\">\n\t\t<div class=\"qodef-eh-item-content qodef-eh-custom-8847\" style=\"padding: 0 10% 4% 22%\">\n\t\t\t[vc_column_text]<\/p>\n<h3 style=\"text-align: left;\">Erleben Sie den <strong>Radsport<\/strong><\/h3>\n<p style=\"font-family: Montserrat; margin-top: -18px; margin-bottom: 16px; text-align: left;\"><span class=\"change-second-color\" style=\"color: #ff0030;\"><em>Calvi\u00e0 Mallorca<\/em><\/span><\/p>\n<p style=\"margin-bottom: 16px; text-align: left;\">Wenn Sie Radrennfahrer sind, dann ist Mallorca Ihr Paradies. Die Insel verf\u00fcgt \u00fcber alles Notwendige, damit Sie Ihren Lieblingssport voll und ganz genie\u00dfen k\u00f6nnen. Ein warmes Klima die meiste Zeit des Jahres, Strecken auf Weltklasseniveau, bei denen sich Ebenen und durchgehende Gef\u00e4lle abwechseln, alle damit verbundenen Dienstleistungen, und weniger als 3 Stunden Flugreise von den meisten gro\u00dfen europ\u00e4ischen St\u00e4dten.<\/p>\n<p>[\/vc_column_text]<a itemprop=\"url\" href=\"https:\/\/visitcalvia.org\/de\/radsport\/\" target=\"_blank\" style=\"text-transform: capitalize\" class=\"qodef-btn qodef-btn-medium qodef-btn-simple qodef-btn-icon\"  >\n    <span class=\"qodef-btn-text\">Radsport Routen, siehe mehr<\/span>\n    <i class=\"qodef-icon-font-awesome fa fa-chevron-right \" ><\/i><\/a>\t\t<\/div>\n\t<\/div>\n\t\t\t<div class=\"qodef-eh-badge-holder\">\n\t\t\t<div class=\"qodef-eh-badge\">\n\t\t\t\t<div class=\"qodef-eh-badge-text\">Routen<\/div>\n\t\t\t<\/div>\n\t\t<\/div>\n\t<\/div><div class=\"qodef-eh-item     \"  data-item-class=\"qodef-eh-custom-6912\" data-680=\"0 0\">\n\t<div class=\"qodef-eh-item-inner\">\n\t\t<div class=\"qodef-eh-item-content qodef-eh-custom-6912\" >\n\t\t\t<div class=\"qodef-banner-holder  qodef-simple qodef-banner-info-default\">\n    <div class=\"qodef-banner-image\">\n        <img decoding=\"async\" width=\"1920\" height=\"1100\" src=\"https:\/\/i0.wp.com\/visitcalvia.org\/wp-content\/uploads\/2020\/07\/banner-deporte.jpg?fit=1920%2C1100&amp;ssl=1\" class=\"attachment-full size-full\" alt=\"banner-deporte\" srcset=\"https:\/\/i0.wp.com\/visitcalvia.org\/wp-content\/uploads\/2020\/07\/banner-deporte.jpg?w=1920&amp;ssl=1 1920w, https:\/\/i0.wp.com\/visitcalvia.org\/wp-content\/uploads\/2020\/07\/banner-deporte.jpg?resize=300%2C172&amp;ssl=1 300w, https:\/\/i0.wp.com\/visitcalvia.org\/wp-content\/uploads\/2020\/07\/banner-deporte.jpg?resize=1024%2C587&amp;ssl=1 1024w, https:\/\/i0.wp.com\/visitcalvia.org\/wp-content\/uploads\/2020\/07\/banner-deporte.jpg?resize=768%2C440&amp;ssl=1 768w, https:\/\/i0.wp.com\/visitcalvia.org\/wp-content\/uploads\/2020\/07\/banner-deporte.jpg?resize=1536%2C880&amp;ssl=1 1536w, https:\/\/i0.wp.com\/visitcalvia.org\/wp-content\/uploads\/2020\/07\/banner-deporte.jpg?resize=1200%2C688&amp;ssl=1 1200w, https:\/\/i0.wp.com\/visitcalvia.org\/wp-content\/uploads\/2020\/07\/banner-deporte.jpg?resize=150%2C86&amp;ssl=1 150w, https:\/\/i0.wp.com\/visitcalvia.org\/wp-content\/uploads\/2020\/07\/banner-deporte.jpg?resize=500%2C286&amp;ssl=1 500w, https:\/\/i0.wp.com\/visitcalvia.org\/wp-content\/uploads\/2020\/07\/banner-deporte.jpg?resize=600%2C344&amp;ssl=1 600w, https:\/\/i0.wp.com\/visitcalvia.org\/wp-content\/uploads\/2020\/07\/banner-deporte.jpg?resize=64%2C37&amp;ssl=1 64w\" sizes=\"(max-width: 1100px) 100vw, 1100px\" data-attachment-id=\"13366\" data-permalink=\"https:\/\/visitcalvia.org\/de\/deporte-en-calvia\/banner-deporte-2-2\/\" data-orig-file=\"https:\/\/i0.wp.com\/visitcalvia.org\/wp-content\/uploads\/2020\/07\/banner-deporte.jpg?fit=1920%2C1100&amp;ssl=1\" data-orig-size=\"1920,1100\" data-comments-opened=\"1\" data-image-meta=\"{&quot;aperture&quot;:&quot;0&quot;,&quot;credit&quot;:&quot;&quot;,&quot;camera&quot;:&quot;&quot;,&quot;caption&quot;:&quot;&quot;,&quot;created_timestamp&quot;:&quot;0&quot;,&quot;copyright&quot;:&quot;&quot;,&quot;focal_length&quot;:&quot;0&quot;,&quot;iso&quot;:&quot;0&quot;,&quot;shutter_speed&quot;:&quot;0&quot;,&quot;title&quot;:&quot;&quot;,&quot;orientation&quot;:&quot;0&quot;}\" data-image-title=\"banner-deporte\" data-image-description=\"\" data-image-caption=\"\" data-large-file=\"https:\/\/i0.wp.com\/visitcalvia.org\/wp-content\/uploads\/2020\/07\/banner-deporte.jpg?fit=1024%2C587&amp;ssl=1\" \/>    <\/div>\n    <div class=\"qodef-banner-text-holder\" >\n\t    <div class=\"qodef-banner-text-outer\">\n\t\t    <div class=\"qodef-banner-text-inner\">\n\t\t        \t\t        \t\t\t<\/div>\n\t\t<\/div>\n\t<\/div>\n\t        <a itemprop=\"url\" class=\"qodef-banner-link\" href=\"https:\/\/visitcalvia.org\/de\/radsport\/\" target=\"_self\"><\/a>\n    <\/div>\t\t<\/div>\n\t<\/div>\n\t<\/div><div class=\"qodef-eh-item change-background  qodef-horizontal-alignment-center  \" style=\"background-color: #9bc535\" data-item-class=\"qodef-eh-custom-8970\" data-1280-1600=\"0 0 4% 0\" data-1024-1280=\"0 0 9% 0\" data-768-1024=\"0 0 10% 0\" data-680-768=\"17% 0 20%\" data-680=\"9% 0 26% 0\">\n\t<div class=\"qodef-eh-item-inner\">\n\t\t<div class=\"qodef-eh-item-content qodef-eh-custom-8970\" style=\"padding: 0 0 5% 0\">\n\t\t\t<h2 class=\"qodef-custom-font-holder  qodef-cf-7854  qodef-double-text\" style=\"font-family: MarkMyWords;font-size: 165px;line-height: 185px;text-transform: capitalize;text-align: center\" data-item-class=\"qodef-cf-7854\" data-font-size-1440=\"135px\" data-font-size-1280=\"115px\" data-font-size-1024=\"75px\" data-font-size-768=\"165px\" data-font-size-680=\"60px\" data-line-height-1440=\"155px\" data-line-height-1024=\"95px\" data-line-height-768=\"210px\" data-line-height-680=\"87px\">\n\t\t\t<span class=\"qodef-cf-double-text-holder\">\n\t\t\t<span class=\"qodef-cf-double-text-above\">Sport<\/span>\n\t\t\t<span class=\"qodef-cf-double-text-below\" style=\"color: #ffffff\">Sport<\/span>\n\t\t<\/span>\n\t\t\t\t\t<a itemprop=\"url\" class=\"qodef-cf-double-text-link\" href=\"https:\/\/visitcalvia.org\/de\/radsport\/\" target=\"_self\"><\/a>\n\t\t\t<\/h2>\t\t<\/div>\n\t<\/div>\n\t<\/div><\/div>[\/vc_column][\/vc_row][vc_row][vc_column][vc_empty_space height=&#8220;45px&#8220;]<div class=\"qodef-elements-holder   qodef-three-columns  qodef-responsive-mode-768 \" ><div class=\"qodef-eh-item     \"  data-item-class=\"qodef-eh-custom-3404\" data-680=\"0 0\">\n\t<div class=\"qodef-eh-item-inner\">\n\t\t<div class=\"qodef-eh-item-content qodef-eh-custom-3404\" >\n\t\t\t<div class=\"qodef-banner-holder  qodef-simple qodef-banner-info-default\">\n    <div class=\"qodef-banner-image\">\n        <img decoding=\"async\" width=\"1920\" height=\"1100\" src=\"https:\/\/i0.wp.com\/visitcalvia.org\/wp-content\/uploads\/2020\/05\/Banner-senderismo.jpg?fit=1920%2C1100&amp;ssl=1\" class=\"attachment-full size-full\" alt=\"\" srcset=\"https:\/\/i0.wp.com\/visitcalvia.org\/wp-content\/uploads\/2020\/05\/Banner-senderismo.jpg?w=1920&amp;ssl=1 1920w, https:\/\/i0.wp.com\/visitcalvia.org\/wp-content\/uploads\/2020\/05\/Banner-senderismo.jpg?resize=300%2C172&amp;ssl=1 300w, https:\/\/i0.wp.com\/visitcalvia.org\/wp-content\/uploads\/2020\/05\/Banner-senderismo.jpg?resize=1024%2C587&amp;ssl=1 1024w, https:\/\/i0.wp.com\/visitcalvia.org\/wp-content\/uploads\/2020\/05\/Banner-senderismo.jpg?resize=768%2C440&amp;ssl=1 768w, https:\/\/i0.wp.com\/visitcalvia.org\/wp-content\/uploads\/2020\/05\/Banner-senderismo.jpg?resize=1536%2C880&amp;ssl=1 1536w, https:\/\/i0.wp.com\/visitcalvia.org\/wp-content\/uploads\/2020\/05\/Banner-senderismo.jpg?resize=1200%2C688&amp;ssl=1 1200w, https:\/\/i0.wp.com\/visitcalvia.org\/wp-content\/uploads\/2020\/05\/Banner-senderismo.jpg?resize=600%2C344&amp;ssl=1 600w, https:\/\/i0.wp.com\/visitcalvia.org\/wp-content\/uploads\/2020\/05\/Banner-senderismo.jpg?resize=64%2C37&amp;ssl=1 64w\" sizes=\"(max-width: 1100px) 100vw, 1100px\" data-attachment-id=\"5705\" data-permalink=\"https:\/\/visitcalvia.org\/de\/ciclismo\/banner-senderismo\/\" data-orig-file=\"https:\/\/i0.wp.com\/visitcalvia.org\/wp-content\/uploads\/2020\/05\/Banner-senderismo.jpg?fit=1920%2C1100&amp;ssl=1\" data-orig-size=\"1920,1100\" data-comments-opened=\"1\" data-image-meta=\"{&quot;aperture&quot;:&quot;0&quot;,&quot;credit&quot;:&quot;&quot;,&quot;camera&quot;:&quot;&quot;,&quot;caption&quot;:&quot;&quot;,&quot;created_timestamp&quot;:&quot;0&quot;,&quot;copyright&quot;:&quot;&quot;,&quot;focal_length&quot;:&quot;0&quot;,&quot;iso&quot;:&quot;0&quot;,&quot;shutter_speed&quot;:&quot;0&quot;,&quot;title&quot;:&quot;&quot;,&quot;orientation&quot;:&quot;0&quot;}\" data-image-title=\"Banner-senderismo\" data-image-description=\"\" data-image-caption=\"\" data-large-file=\"https:\/\/i0.wp.com\/visitcalvia.org\/wp-content\/uploads\/2020\/05\/Banner-senderismo.jpg?fit=1024%2C587&amp;ssl=1\" \/>    <\/div>\n    <div class=\"qodef-banner-text-holder\" >\n\t    <div class=\"qodef-banner-text-outer\">\n\t\t    <div class=\"qodef-banner-text-inner\">\n\t\t        \t\t        \t\t\t<\/div>\n\t\t<\/div>\n\t<\/div>\n\t        <a itemprop=\"url\" class=\"qodef-banner-link\" href=\"https:\/\/visitcalvia.org\/de\/wandern\/\" target=\"_self\"><\/a>\n    <\/div>\t\t<\/div>\n\t<\/div>\n\t<\/div><div class=\"qodef-eh-item     qodef-badge-enabled\" style=\"background-color: #fafafa\" data-item-class=\"qodef-eh-custom-7639\" data-1280-1600=\"0 10% 4% 12%\" data-1024-1280=\"0 15% 6% 10%\" data-768-1024=\"0 0 6% 5%\" data-680-768=\"15% 40% 10% 10%\" data-680=\"30% 10% 10% 5%\">\n\t<div class=\"qodef-eh-item-inner\">\n\t\t<div class=\"qodef-eh-item-content qodef-eh-custom-7639\" style=\"padding: 0 10% 4% 22%\">\n\t\t\t[vc_column_text]<\/p>\n<h3 style=\"text-align: left;\"><strong>Wandern <\/strong>in Calvi\u00e0<\/h3>\n<p style=\"font-family: Montserrat; margin-top: -18px; margin-bottom: 16px; text-align: left;\"><span class=\"change-second-color\" style=\"color: #ff0030;\"><em>Mallorca<\/em><\/span><\/p>\n<p style=\"margin-bottom: 16px; text-align: left;\">K\u00fcste, Gebirge, historisches, nat\u00fcrliches oder architektonisches Erbe, Flora und Fauna, Natur, traditionelle D\u00f6rfer und unterschiedliche st\u00e4dtische Siedlungen \u2013 das sind einige der Landschaften, die Sie bei einer Wanderung durch die Gemeinde Calvi\u00e0, einer der sch\u00f6nsten Wandergegenden auf Mallorca, sehen werden<\/p>\n<p>[\/vc_column_text]<a itemprop=\"url\" href=\"https:\/\/visitcalvia.org\/de\/wandern\/\" target=\"_blank\" style=\"text-transform: capitalize\" class=\"qodef-btn qodef-btn-medium qodef-btn-simple qodef-btn-icon\"  >\n    <span class=\"qodef-btn-text\">Wanderrouten, siehe mehr<\/span>\n    <i class=\"qodef-icon-font-awesome fa fa-chevron-right \" ><\/i><\/a>\t\t<\/div>\n\t<\/div>\n\t\t\t<div class=\"qodef-eh-badge-holder\">\n\t\t\t<div class=\"qodef-eh-badge\">\n\t\t\t\t<div class=\"qodef-eh-badge-text\">Routen<\/div>\n\t\t\t<\/div>\n\t\t<\/div>\n\t<\/div><div class=\"qodef-eh-item change-background  qodef-horizontal-alignment-center  \" style=\"background-color: #9bc535\" data-item-class=\"qodef-eh-custom-9898\" data-1280-1600=\"0 0 4% 0\" data-1024-1280=\"0 0 9% 0\" data-768-1024=\"0 0 10% 0\" data-680-768=\"17% 0 20%\" data-680=\"9% 0 26% 0\">\n\t<div class=\"qodef-eh-item-inner\">\n\t\t<div class=\"qodef-eh-item-content qodef-eh-custom-9898\" style=\"padding: 0 0 5% 0\">\n\t\t\t<h2 class=\"qodef-custom-font-holder  qodef-cf-9207  qodef-double-text\" style=\"font-family: MarkMyWords;font-size: 165px;line-height: 185px;text-transform: capitalize;text-align: center\" data-item-class=\"qodef-cf-9207\" data-font-size-1440=\"135px\" data-font-size-1280=\"115px\" data-font-size-1024=\"75px\" data-font-size-768=\"165px\" data-font-size-680=\"60px\" data-line-height-1440=\"155px\" data-line-height-1024=\"95px\" data-line-height-768=\"210px\" data-line-height-680=\"87px\">\n\t\t\t<span class=\"qodef-cf-double-text-holder\">\n\t\t\t<span class=\"qodef-cf-double-text-above\">Routen<\/span>\n\t\t\t<span class=\"qodef-cf-double-text-below\" style=\"color: #ffffff\">Routen<\/span>\n\t\t<\/span>\n\t\t\t\t\t<a itemprop=\"url\" class=\"qodef-cf-double-text-link\" href=\"https:\/\/visitcalvia.org\/de\/wandern\/\" target=\"_self\"><\/a>\n\t\t\t<\/h2>\t\t<\/div>\n\t<\/div>\n\t<\/div><\/div>[\/vc_column][\/vc_row][vc_row row_content_width=&#8220;grid&#8220;][vc_column width=&#8220;1\/2&#8243;][vc_empty_space height=&#8220;40px&#8220;]<div class=\"qodef-section-title-holder  qodef-st-standard qodef-st-title-left qodef-st-normal-space qodef-st-disable-title-break \" >\n\t<div class=\"qodef-st-inner\">\n\t\t\t\t\t<h2 class=\"qodef-st-title\" style=\"color: #0a0a0a\">\n\t\t\t\t<span class=\"qodef-st-title-bold\">Attraktionen<\/span> in Calvi\u00e0<br \/>\t\t\t<\/h2>\n\t\t\t\t\t<\/div>\n<\/div>[\/vc_column][vc_column width=&#8220;1\/2&#8243;][\/vc_column][\/vc_row][vc_row row_content_width=&#8220;grid&#8220;][vc_column width=&#8220;1\/2&#8243;][vc_empty_space height=&#8220;40px&#8220;]<div class=\"qodef-accordion-holder qodef-ac-default  qodef-toggle qodef-ac-boxed  clearfix\">\n\t<p class=\"qodef-accordion-title\">\n    <span class=\"qodef-accordion-mark\">\n\t\t<span class=\"qodef_icon_plus ion-chevron-down\"><\/span>\n\t\t<span class=\"qodef_icon_minus ion-chevron-up\"><\/span>\n\t<\/span>\n\t<span class=\"qodef-tab-title\">Ortsteile<\/span>\n<\/p>\n<div class=\"qodef-accordion-content\">\n\t<div class=\"qodef-accordion-content-inner\">\n\t\t<a itemprop=\"url\" href=\"https:\/\/visitcalvia.org\/?cat=834\" target=\"_self\" style=\"text-transform: capitalize\" class=\"qodef-btn qodef-btn-medium qodef-btn-simple qodef-btn-icon\"  >\n    <span class=\"qodef-btn-text\">Bendinat<\/span>\n    <i class=\"qodef-icon-font-awesome fa fa-chevron-right \" ><\/i><\/a>[vc_empty_space height=&#8220;10px&#8220;]<a itemprop=\"url\" href=\"https:\/\/visitcalvia.org\/?cat=833\" target=\"_self\" style=\"text-transform: capitalize\" class=\"qodef-btn qodef-btn-medium qodef-btn-simple qodef-btn-icon\"  >\n    <span class=\"qodef-btn-text\">Costa d\u2019en Blanes<\/span>\n    <i class=\"qodef-icon-font-awesome fa fa-chevron-right \" ><\/i><\/a>[vc_empty_space height=&#8220;10px&#8220;]<a itemprop=\"url\" href=\"https:\/\/visitcalvia.org\/?cat=832\" target=\"_self\" style=\"text-transform: capitalize\" class=\"qodef-btn qodef-btn-medium qodef-btn-simple qodef-btn-icon\"  >\n    <span class=\"qodef-btn-text\">Es Capdell\u00e0<\/span>\n    <i class=\"qodef-icon-font-awesome fa fa-chevron-right \" ><\/i><\/a>[vc_empty_space height=&#8220;10px&#8220;]<a itemprop=\"url\" href=\"https:\/\/visitcalvia.org\/?cat=828\" target=\"_self\" style=\"text-transform: capitalize\" class=\"qodef-btn qodef-btn-medium qodef-btn-simple qodef-btn-icon\"  >\n    <span class=\"qodef-btn-text\">Magaluf<\/span>\n    <i class=\"qodef-icon-font-awesome fa fa-chevron-right \" ><\/i><\/a>[vc_empty_space height=&#8220;10px&#8220;]<a itemprop=\"url\" href=\"https:\/\/visitcalvia.org\/?cat=830\" target=\"_self\" style=\"text-transform: capitalize\" class=\"qodef-btn qodef-btn-medium qodef-btn-simple qodef-btn-icon\"  >\n    <span class=\"qodef-btn-text\">Palmanova<\/span>\n    <i class=\"qodef-icon-font-awesome fa fa-chevron-right \" ><\/i><\/a>[vc_empty_space height=&#8220;10px&#8220;]<a itemprop=\"url\" href=\"https:\/\/visitcalvia.org\/?cat=829\" target=\"_self\" style=\"text-transform: capitalize\" class=\"qodef-btn qodef-btn-medium qodef-btn-simple qodef-btn-icon\"  >\n    <span class=\"qodef-btn-text\">Peguera<\/span>\n    <i class=\"qodef-icon-font-awesome fa fa-chevron-right \" ><\/i><\/a>[vc_empty_space height=&#8220;10px&#8220;]<a itemprop=\"url\" href=\"https:\/\/visitcalvia.org\/?cat=831\" target=\"_self\" style=\"text-transform: capitalize\" class=\"qodef-btn qodef-btn-medium qodef-btn-simple qodef-btn-icon\"  >\n    <span class=\"qodef-btn-text\">Santa Pon\u00e7a<\/span>\n    <i class=\"qodef-icon-font-awesome fa fa-chevron-right \" ><\/i><\/a>\t<\/div>\n<\/div><\/div>[\/vc_column][vc_column width=&#8220;1\/2&#8243;][vc_empty_space height=&#8220;40px&#8220;]<div class=\"qodef-accordion-holder qodef-ac-default  qodef-toggle qodef-ac-boxed  clearfix\">\n\t<p class=\"qodef-accordion-title\">\n    <span class=\"qodef-accordion-mark\">\n\t\t<span class=\"qodef_icon_plus ion-chevron-down\"><\/span>\n\t\t<span class=\"qodef_icon_minus ion-chevron-up\"><\/span>\n\t<\/span>\n\t<span class=\"qodef-tab-title\">Arten von Attraktionen<\/span>\n<\/p>\n<div class=\"qodef-accordion-content\">\n\t<div class=\"qodef-accordion-content-inner\">\n\t\t<a itemprop=\"url\" href=\"https:\/\/visitcalvia.org\/category\/circo\/\" target=\"_self\" style=\"text-transform: capitalize\" class=\"qodef-btn qodef-btn-medium qodef-btn-simple qodef-btn-icon\"  >\n    <span class=\"qodef-btn-text\">Zirkus<\/span>\n    <i class=\"qodef-icon-font-awesome fa fa-chevron-right \" ><\/i><\/a>[vc_empty_space height=&#8220;10px&#8220;]<a itemprop=\"url\" href=\"https:\/\/visitcalvia.org\/category\/ferias\/\" target=\"_self\" style=\"text-transform: capitalize\" class=\"qodef-btn qodef-btn-medium qodef-btn-simple qodef-btn-icon\"  >\n    <span class=\"qodef-btn-text\">Messen und Volksfeste<\/span>\n    <i class=\"qodef-icon-font-awesome fa fa-chevron-right \" ><\/i><\/a>[vc_empty_space height=&#8220;10px&#8220;]<a itemprop=\"url\" href=\"https:\/\/visitcalvia.org\/category\/musica\/\" target=\"_self\" style=\"text-transform: capitalize\" class=\"qodef-btn qodef-btn-medium qodef-btn-simple qodef-btn-icon\"  >\n    <span class=\"qodef-btn-text\">Musik<\/span>\n    <i class=\"qodef-icon-font-awesome fa fa-chevron-right \" ><\/i><\/a>[vc_empty_space height=&#8220;10px&#8220;]<a itemprop=\"url\" href=\"https:\/\/visitcalvia.org\/category\/parque-acuatico\/\" target=\"_self\" style=\"text-transform: capitalize\" class=\"qodef-btn qodef-btn-medium qodef-btn-simple qodef-btn-icon\"  >\n    <span class=\"qodef-btn-text\">Aqua-Park<\/span>\n    <i class=\"qodef-icon-font-awesome fa fa-chevron-right \" ><\/i><\/a>[vc_empty_space height=&#8220;10px&#8220;]<a itemprop=\"url\" href=\"https:\/\/visitcalvia.org\/category\/parque-tematico\/\" target=\"_self\" style=\"text-transform: capitalize\" class=\"qodef-btn qodef-btn-medium qodef-btn-simple qodef-btn-icon\"  >\n    <span class=\"qodef-btn-text\">Themenpark<\/span>\n    <i class=\"qodef-icon-font-awesome fa fa-chevron-right \" ><\/i><\/a>\t<\/div>\n<\/div><\/div>[\/vc_column][\/vc_row][vc_row row_content_width=&#8220;grid&#8220;][vc_column][vc_empty_space height=&#8220;30px&#8220;]<div class=\"qodef-blog-list-holder qodef-bl-standard qodef-bl-three-columns qodef-tiny-space qodef-bl-pag-standard-blog-list\"  data-type=\"standard\" data-number-of-posts=\"20\" data-number-of-columns=\"3\" data-space-between-items=\"tiny\" data-category=\"atracciones\" data-order-by=\"title\" data-order=\"DESC\" data-image-size=\"medium\" data-title-tag=\"h4\" data-enable-excerpt=\"no\" data-excerpt-length=\"40\" data-post-info-section=\"no\" data-post-info-image=\"yes\" data-post-info-author=\"no\" data-post-info-date=\"yes\" data-post-info-category=\"no\" data-post-info-comments=\"yes\" data-post-info-like=\"no\" data-post-info-share=\"no\" data-pagination-type=\"standard-blog-list\" data-link-tag=\"h4\" data-quote-tag=\"h4\" data-holder-classes=\"qodef-bl-standard qodef-bl-three-columns qodef-tiny-space qodef-bl-pag-standard-blog-list\" data-max-num-pages=\"2\" data-next-page=\"2\">\n\t<div class=\"qodef-bl-wrapper qodef-outer-space\">\n\t\t<ul class=\"qodef-blog-list\">\n\t\t\t<article class=\"qodef-bl-item qodef-item-space clearfix\">\n    <div class=\"qodef-bli-inner\">\n        \n\t<div class=\"qodef-post-image\">\n\t\t\t\t\t<a itemprop=\"url\" href=\"https:\/\/visitcalvia.org\/de\/windmill-of-santa-ponca\/\" title=\"Windmill of Santa Pon\u00e7a\">\n\t\t\t\t\t\t\t\t\t<img decoding=\"async\" width=\"300\" height=\"257\" src=\"https:\/\/i0.wp.com\/visitcalvia.org\/wp-content\/uploads\/2021\/03\/entrada-molino-santa-ponca-es.jpg?fit=300%2C257&amp;ssl=1\" class=\"attachment-medium size-medium wp-post-image\" alt=\"\" srcset=\"https:\/\/i0.wp.com\/visitcalvia.org\/wp-content\/uploads\/2021\/03\/entrada-molino-santa-ponca-es.jpg?w=700&amp;ssl=1 700w, https:\/\/i0.wp.com\/visitcalvia.org\/wp-content\/uploads\/2021\/03\/entrada-molino-santa-ponca-es.jpg?resize=300%2C257&amp;ssl=1 300w\" sizes=\"(max-width: 300px) 100vw, 300px\" data-attachment-id=\"15538\" data-permalink=\"https:\/\/visitcalvia.org\/de\/windmill-of-santa-ponca\/entrada-molino-santa-ponca-es-2\/\" data-orig-file=\"https:\/\/i0.wp.com\/visitcalvia.org\/wp-content\/uploads\/2021\/03\/entrada-molino-santa-ponca-es.jpg?fit=700%2C600&amp;ssl=1\" data-orig-size=\"700,600\" data-comments-opened=\"1\" data-image-meta=\"{&quot;aperture&quot;:&quot;0&quot;,&quot;credit&quot;:&quot;&quot;,&quot;camera&quot;:&quot;&quot;,&quot;caption&quot;:&quot;&quot;,&quot;created_timestamp&quot;:&quot;0&quot;,&quot;copyright&quot;:&quot;&quot;,&quot;focal_length&quot;:&quot;0&quot;,&quot;iso&quot;:&quot;0&quot;,&quot;shutter_speed&quot;:&quot;0&quot;,&quot;title&quot;:&quot;&quot;,&quot;orientation&quot;:&quot;0&quot;}\" data-image-title=\"entrada-molino-santa-pon\u00e7a-es\" data-image-description=\"\" data-image-caption=\"\" data-large-file=\"https:\/\/i0.wp.com\/visitcalvia.org\/wp-content\/uploads\/2021\/03\/entrada-molino-santa-ponca-es.jpg?fit=700%2C600&amp;ssl=1\" \/>\t\t\t\t\t\t\t\t<\/a>\n\t\t\t\t\t<\/div>\n        <div class=\"qodef-bli-content\">\n\n            \n<h4 itemprop=\"name\" class=\"entry-title qodef-post-title\" >\n            <a itemprop=\"url\" href=\"https:\/\/visitcalvia.org\/de\/windmill-of-santa-ponca\/\" title=\"Windmill of Santa Pon\u00e7a\">\n            Windmill of Santa Pon\u00e7a            <\/a>\n    <\/h4>            \n            \n        <\/div>\n    <\/div>\n<\/article><article class=\"qodef-bl-item qodef-item-space clearfix\">\n    <div class=\"qodef-bli-inner\">\n        \n\t<div class=\"qodef-post-image\">\n\t\t\t\t\t<a itemprop=\"url\" href=\"https:\/\/visitcalvia.org\/de\/western-park\/\" title=\"Western Park\">\n\t\t\t\t\t\t\t\t\t<img decoding=\"async\" width=\"300\" height=\"198\" src=\"https:\/\/i0.wp.com\/visitcalvia.org\/wp-content\/uploads\/2020\/04\/Western-Park.jpg?fit=300%2C198&amp;ssl=1\" class=\"attachment-medium size-medium wp-post-image\" alt=\"Calvi\u00e0 en familia, parque acu\u00e1tico en magaluf. Western Water Park en familia\" srcset=\"https:\/\/i0.wp.com\/visitcalvia.org\/wp-content\/uploads\/2020\/04\/Western-Park.jpg?w=700&amp;ssl=1 700w, https:\/\/i0.wp.com\/visitcalvia.org\/wp-content\/uploads\/2020\/04\/Western-Park.jpg?resize=300%2C198&amp;ssl=1 300w, https:\/\/i0.wp.com\/visitcalvia.org\/wp-content\/uploads\/2020\/04\/Western-Park.jpg?resize=600%2C395&amp;ssl=1 600w, https:\/\/i0.wp.com\/visitcalvia.org\/wp-content\/uploads\/2020\/04\/Western-Park.jpg?resize=64%2C42&amp;ssl=1 64w\" sizes=\"(max-width: 300px) 100vw, 300px\" data-attachment-id=\"8948\" data-permalink=\"https:\/\/visitcalvia.org\/de\/western-park\/western-park-2-2\/\" data-orig-file=\"https:\/\/i0.wp.com\/visitcalvia.org\/wp-content\/uploads\/2020\/04\/Western-Park.jpg?fit=700%2C461&amp;ssl=1\" data-orig-size=\"700,461\" data-comments-opened=\"1\" data-image-meta=\"{&quot;aperture&quot;:&quot;0&quot;,&quot;credit&quot;:&quot;&quot;,&quot;camera&quot;:&quot;&quot;,&quot;caption&quot;:&quot;&quot;,&quot;created_timestamp&quot;:&quot;0&quot;,&quot;copyright&quot;:&quot;&quot;,&quot;focal_length&quot;:&quot;0&quot;,&quot;iso&quot;:&quot;0&quot;,&quot;shutter_speed&quot;:&quot;0&quot;,&quot;title&quot;:&quot;&quot;,&quot;orientation&quot;:&quot;0&quot;}\" data-image-title=\"Western Park\" data-image-description=\"\" data-image-caption=\"\" data-large-file=\"https:\/\/i0.wp.com\/visitcalvia.org\/wp-content\/uploads\/2020\/04\/Western-Park.jpg?fit=700%2C461&amp;ssl=1\" \/>\t\t\t\t\t\t\t\t<\/a>\n\t\t\t\t\t<\/div>\n        <div class=\"qodef-bli-content\">\n\n            \n<h4 itemprop=\"name\" class=\"entry-title qodef-post-title\" >\n            <a itemprop=\"url\" href=\"https:\/\/visitcalvia.org\/de\/western-park\/\" title=\"Western Park\">\n            Western Park            <\/a>\n    <\/h4>            \n            \n        <\/div>\n    <\/div>\n<\/article><article class=\"qodef-bl-item qodef-item-space clearfix\">\n    <div class=\"qodef-bli-inner\">\n        \n\t<div class=\"qodef-post-image\">\n\t\t\t\t\t<a itemprop=\"url\" href=\"https:\/\/visitcalvia.org\/de\/wave-house-mallorca\/\" title=\"Wave House Mallorca\">\n\t\t\t\t\t\t\t\t\t<img decoding=\"async\" width=\"300\" height=\"198\" src=\"https:\/\/i0.wp.com\/visitcalvia.org\/wp-content\/uploads\/2020\/04\/Wave-House-Mallorca.jpg?fit=300%2C198&amp;ssl=1\" class=\"attachment-medium size-medium wp-post-image\" alt=\"atracciones en Mallorca, atraccions a Mallorca, Wave house Mallorca, surf en la playa de Magaluf\" srcset=\"https:\/\/i0.wp.com\/visitcalvia.org\/wp-content\/uploads\/2020\/04\/Wave-House-Mallorca.jpg?w=700&amp;ssl=1 700w, https:\/\/i0.wp.com\/visitcalvia.org\/wp-content\/uploads\/2020\/04\/Wave-House-Mallorca.jpg?resize=300%2C198&amp;ssl=1 300w, https:\/\/i0.wp.com\/visitcalvia.org\/wp-content\/uploads\/2020\/04\/Wave-House-Mallorca.jpg?resize=600%2C395&amp;ssl=1 600w, https:\/\/i0.wp.com\/visitcalvia.org\/wp-content\/uploads\/2020\/04\/Wave-House-Mallorca.jpg?resize=64%2C42&amp;ssl=1 64w\" sizes=\"(max-width: 300px) 100vw, 300px\" data-attachment-id=\"8954\" data-permalink=\"https:\/\/visitcalvia.org\/de\/wave-house-mallorca\/wave-house-mallorca-2-2\/\" data-orig-file=\"https:\/\/i0.wp.com\/visitcalvia.org\/wp-content\/uploads\/2020\/04\/Wave-House-Mallorca.jpg?fit=700%2C461&amp;ssl=1\" data-orig-size=\"700,461\" data-comments-opened=\"1\" data-image-meta=\"{&quot;aperture&quot;:&quot;0&quot;,&quot;credit&quot;:&quot;&quot;,&quot;camera&quot;:&quot;&quot;,&quot;caption&quot;:&quot;&quot;,&quot;created_timestamp&quot;:&quot;0&quot;,&quot;copyright&quot;:&quot;&quot;,&quot;focal_length&quot;:&quot;0&quot;,&quot;iso&quot;:&quot;0&quot;,&quot;shutter_speed&quot;:&quot;0&quot;,&quot;title&quot;:&quot;&quot;,&quot;orientation&quot;:&quot;1&quot;}\" data-image-title=\"Wave House Mallorca\" data-image-description=\"\" data-image-caption=\"\" data-large-file=\"https:\/\/i0.wp.com\/visitcalvia.org\/wp-content\/uploads\/2020\/04\/Wave-House-Mallorca.jpg?fit=700%2C461&amp;ssl=1\" \/>\t\t\t\t\t\t\t\t<\/a>\n\t\t\t\t\t<\/div>\n        <div class=\"qodef-bli-content\">\n\n            \n<h4 itemprop=\"name\" class=\"entry-title qodef-post-title\" >\n            <a itemprop=\"url\" href=\"https:\/\/visitcalvia.org\/de\/wave-house-mallorca\/\" title=\"Wave House Mallorca\">\n            Wave House Mallorca            <\/a>\n    <\/h4>            \n            \n        <\/div>\n    <\/div>\n<\/article><article class=\"qodef-bl-item qodef-item-space clearfix\">\n    <div class=\"qodef-bli-inner\">\n        \n\t<div class=\"qodef-post-image\">\n\t\t\t\t\t<a itemprop=\"url\" href=\"https:\/\/visitcalvia.org\/de\/water-park-bh-mallorca\/\" title=\"Water Park BH Mallorca\">\n\t\t\t\t\t\t\t\t\t<img decoding=\"async\" width=\"300\" height=\"186\" src=\"https:\/\/i0.wp.com\/visitcalvia.org\/wp-content\/uploads\/2020\/04\/Water-Park-BH-Mallorca.png?fit=300%2C186&amp;ssl=1\" class=\"attachment-medium size-medium wp-post-image\" alt=\"parque acu\u00e1tico en Magaluf, Toboganes, atracciones en Magaluf\" srcset=\"https:\/\/i0.wp.com\/visitcalvia.org\/wp-content\/uploads\/2020\/04\/Water-Park-BH-Mallorca.png?w=550&amp;ssl=1 550w, https:\/\/i0.wp.com\/visitcalvia.org\/wp-content\/uploads\/2020\/04\/Water-Park-BH-Mallorca.png?resize=300%2C186&amp;ssl=1 300w, https:\/\/i0.wp.com\/visitcalvia.org\/wp-content\/uploads\/2020\/04\/Water-Park-BH-Mallorca.png?resize=64%2C40&amp;ssl=1 64w\" sizes=\"(max-width: 300px) 100vw, 300px\" data-attachment-id=\"8960\" data-permalink=\"https:\/\/visitcalvia.org\/de\/water-park-bh-mallorca\/water-park-bh-mallorca-2-2\/\" data-orig-file=\"https:\/\/i0.wp.com\/visitcalvia.org\/wp-content\/uploads\/2020\/04\/Water-Park-BH-Mallorca.png?fit=550%2C341&amp;ssl=1\" data-orig-size=\"550,341\" data-comments-opened=\"1\" data-image-meta=\"{&quot;aperture&quot;:&quot;0&quot;,&quot;credit&quot;:&quot;&quot;,&quot;camera&quot;:&quot;&quot;,&quot;caption&quot;:&quot;&quot;,&quot;created_timestamp&quot;:&quot;0&quot;,&quot;copyright&quot;:&quot;&quot;,&quot;focal_length&quot;:&quot;0&quot;,&quot;iso&quot;:&quot;0&quot;,&quot;shutter_speed&quot;:&quot;0&quot;,&quot;title&quot;:&quot;&quot;,&quot;orientation&quot;:&quot;0&quot;}\" data-image-title=\"Water Park BH Mallorca\" data-image-description=\"\" data-image-caption=\"\" data-large-file=\"https:\/\/i0.wp.com\/visitcalvia.org\/wp-content\/uploads\/2020\/04\/Water-Park-BH-Mallorca.png?fit=550%2C341&amp;ssl=1\" \/>\t\t\t\t\t\t\t\t<\/a>\n\t\t\t\t\t<\/div>\n        <div class=\"qodef-bli-content\">\n\n            \n<h4 itemprop=\"name\" class=\"entry-title qodef-post-title\" >\n            <a itemprop=\"url\" href=\"https:\/\/visitcalvia.org\/de\/water-park-bh-mallorca\/\" title=\"Water Park BH Mallorca\">\n            Water Park BH Mallorca            <\/a>\n    <\/h4>            \n            \n        <\/div>\n    <\/div>\n<\/article><article class=\"qodef-bl-item qodef-item-space clearfix\">\n    <div class=\"qodef-bli-inner\">\n        \n\t<div class=\"qodef-post-image\">\n\t\t\t\t\t<a itemprop=\"url\" href=\"https:\/\/visitcalvia.org\/de\/viewpoint-of-the-malgrat-islands-cannon\/\" title=\"Viewpoint of the Malgrat Islands cannon\">\n\t\t\t\t\t\t\t\t\t<img decoding=\"async\" width=\"300\" height=\"200\" src=\"https:\/\/i0.wp.com\/visitcalvia.org\/wp-content\/uploads\/2021\/03\/Entrada-mirador-malgrats-es.jpg?fit=300%2C200&amp;ssl=1\" class=\"attachment-medium size-medium wp-post-image\" alt=\"\" srcset=\"https:\/\/i0.wp.com\/visitcalvia.org\/wp-content\/uploads\/2021\/03\/Entrada-mirador-malgrats-es.jpg?w=540&amp;ssl=1 540w, https:\/\/i0.wp.com\/visitcalvia.org\/wp-content\/uploads\/2021\/03\/Entrada-mirador-malgrats-es.jpg?resize=300%2C200&amp;ssl=1 300w, https:\/\/i0.wp.com\/visitcalvia.org\/wp-content\/uploads\/2021\/03\/Entrada-mirador-malgrats-es.jpg?resize=391%2C260&amp;ssl=1 391w\" sizes=\"(max-width: 300px) 100vw, 300px\" data-attachment-id=\"15523\" data-permalink=\"https:\/\/visitcalvia.org\/de\/viewpoint-of-the-malgrat-islands-cannon\/entrada-mirador-malgrats-es-2\/\" data-orig-file=\"https:\/\/i0.wp.com\/visitcalvia.org\/wp-content\/uploads\/2021\/03\/Entrada-mirador-malgrats-es.jpg?fit=540%2C360&amp;ssl=1\" data-orig-size=\"540,360\" data-comments-opened=\"1\" data-image-meta=\"{&quot;aperture&quot;:&quot;0&quot;,&quot;credit&quot;:&quot;&quot;,&quot;camera&quot;:&quot;&quot;,&quot;caption&quot;:&quot;&quot;,&quot;created_timestamp&quot;:&quot;0&quot;,&quot;copyright&quot;:&quot;&quot;,&quot;focal_length&quot;:&quot;0&quot;,&quot;iso&quot;:&quot;0&quot;,&quot;shutter_speed&quot;:&quot;0&quot;,&quot;title&quot;:&quot;&quot;,&quot;orientation&quot;:&quot;0&quot;}\" data-image-title=\"Entrada-mirador-malgrats-es\" data-image-description=\"\" data-image-caption=\"\" data-large-file=\"https:\/\/i0.wp.com\/visitcalvia.org\/wp-content\/uploads\/2021\/03\/Entrada-mirador-malgrats-es.jpg?fit=540%2C360&amp;ssl=1\" \/>\t\t\t\t\t\t\t\t<\/a>\n\t\t\t\t\t<\/div>\n        <div class=\"qodef-bli-content\">\n\n            \n<h4 itemprop=\"name\" class=\"entry-title qodef-post-title\" >\n            <a itemprop=\"url\" href=\"https:\/\/visitcalvia.org\/de\/viewpoint-of-the-malgrat-islands-cannon\/\" title=\"Viewpoint of the Malgrat Islands cannon\">\n            Viewpoint of the Malgrat Islands cannon            <\/a>\n    <\/h4>            \n            \n        <\/div>\n    <\/div>\n<\/article><article class=\"qodef-bl-item qodef-item-space clearfix\">\n    <div class=\"qodef-bli-inner\">\n        \n\t<div class=\"qodef-post-image\">\n\t\t\t\t\t<a itemprop=\"url\" href=\"https:\/\/visitcalvia.org\/de\/puig-de-sa-morisca\/\" title=\"Puig de Sa Morisca\">\n\t\t\t\t\t\t\t\t\t<img decoding=\"async\" width=\"300\" height=\"198\" src=\"https:\/\/i0.wp.com\/visitcalvia.org\/wp-content\/uploads\/2020\/04\/Puig-de-Sa-Morisca.jpg?fit=300%2C198&amp;ssl=1\" class=\"attachment-medium size-medium wp-post-image\" alt=\"Puig de Sa Morisca\" srcset=\"https:\/\/i0.wp.com\/visitcalvia.org\/wp-content\/uploads\/2020\/04\/Puig-de-Sa-Morisca.jpg?w=700&amp;ssl=1 700w, https:\/\/i0.wp.com\/visitcalvia.org\/wp-content\/uploads\/2020\/04\/Puig-de-Sa-Morisca.jpg?resize=300%2C198&amp;ssl=1 300w, https:\/\/i0.wp.com\/visitcalvia.org\/wp-content\/uploads\/2020\/04\/Puig-de-Sa-Morisca.jpg?resize=600%2C395&amp;ssl=1 600w, https:\/\/i0.wp.com\/visitcalvia.org\/wp-content\/uploads\/2020\/04\/Puig-de-Sa-Morisca.jpg?resize=64%2C42&amp;ssl=1 64w\" sizes=\"(max-width: 300px) 100vw, 300px\" data-attachment-id=\"8918\" data-permalink=\"https:\/\/visitcalvia.org\/de\/puig-de-sa-morisca\/puig-de-sa-morisca-2-2\/\" data-orig-file=\"https:\/\/i0.wp.com\/visitcalvia.org\/wp-content\/uploads\/2020\/04\/Puig-de-Sa-Morisca.jpg?fit=700%2C461&amp;ssl=1\" data-orig-size=\"700,461\" data-comments-opened=\"1\" data-image-meta=\"{&quot;aperture&quot;:&quot;0&quot;,&quot;credit&quot;:&quot;&quot;,&quot;camera&quot;:&quot;&quot;,&quot;caption&quot;:&quot;&quot;,&quot;created_timestamp&quot;:&quot;0&quot;,&quot;copyright&quot;:&quot;&quot;,&quot;focal_length&quot;:&quot;0&quot;,&quot;iso&quot;:&quot;0&quot;,&quot;shutter_speed&quot;:&quot;0&quot;,&quot;title&quot;:&quot;&quot;,&quot;orientation&quot;:&quot;0&quot;}\" data-image-title=\"Puig de Sa Morisca\" data-image-description=\"\" data-image-caption=\"\" data-large-file=\"https:\/\/i0.wp.com\/visitcalvia.org\/wp-content\/uploads\/2020\/04\/Puig-de-Sa-Morisca.jpg?fit=700%2C461&amp;ssl=1\" \/>\t\t\t\t\t\t\t\t<\/a>\n\t\t\t\t\t<\/div>\n        <div class=\"qodef-bli-content\">\n\n            \n<h4 itemprop=\"name\" class=\"entry-title qodef-post-title\" >\n            <a itemprop=\"url\" href=\"https:\/\/visitcalvia.org\/de\/puig-de-sa-morisca\/\" title=\"Puig de Sa Morisca\">\n            Puig de Sa Morisca            <\/a>\n    <\/h4>            \n            \n        <\/div>\n    <\/div>\n<\/article><article class=\"qodef-bl-item qodef-item-space clearfix\">\n    <div class=\"qodef-bli-inner\">\n        \n\t<div class=\"qodef-post-image\">\n\t\t\t\t\t<a itemprop=\"url\" href=\"https:\/\/visitcalvia.org\/de\/puerto-portals-christmas-market\/\" title=\"Puerto Portals Christmas Market\">\n\t\t\t\t\t\t\t\t\t<img decoding=\"async\" width=\"300\" height=\"200\" src=\"https:\/\/i0.wp.com\/visitcalvia.org\/wp-content\/uploads\/2020\/04\/01122019-mercado-santa-ponsa_-90-scaled.jpg?fit=300%2C200&amp;ssl=1\" class=\"attachment-medium size-medium wp-post-image\" alt=\"\" srcset=\"https:\/\/i0.wp.com\/visitcalvia.org\/wp-content\/uploads\/2020\/04\/01122019-mercado-santa-ponsa_-90-scaled.jpg?w=2000&amp;ssl=1 2000w, https:\/\/i0.wp.com\/visitcalvia.org\/wp-content\/uploads\/2020\/04\/01122019-mercado-santa-ponsa_-90-scaled.jpg?resize=300%2C200&amp;ssl=1 300w, https:\/\/i0.wp.com\/visitcalvia.org\/wp-content\/uploads\/2020\/04\/01122019-mercado-santa-ponsa_-90-scaled.jpg?resize=1024%2C683&amp;ssl=1 1024w, https:\/\/i0.wp.com\/visitcalvia.org\/wp-content\/uploads\/2020\/04\/01122019-mercado-santa-ponsa_-90-scaled.jpg?resize=768%2C513&amp;ssl=1 768w, https:\/\/i0.wp.com\/visitcalvia.org\/wp-content\/uploads\/2020\/04\/01122019-mercado-santa-ponsa_-90-scaled.jpg?resize=391%2C260&amp;ssl=1 391w, https:\/\/i0.wp.com\/visitcalvia.org\/wp-content\/uploads\/2020\/04\/01122019-mercado-santa-ponsa_-90-scaled.jpg?resize=1536%2C1025&amp;ssl=1 1536w\" sizes=\"(max-width: 300px) 100vw, 300px\" data-attachment-id=\"27279\" data-permalink=\"https:\/\/visitcalvia.org\/de\/puerto-portals-christmas-market\/01122019-mercado-santa-ponsa_-90-2\/\" data-orig-file=\"https:\/\/i0.wp.com\/visitcalvia.org\/wp-content\/uploads\/2020\/04\/01122019-mercado-santa-ponsa_-90-scaled.jpg?fit=2000%2C1335&amp;ssl=1\" data-orig-size=\"2000,1335\" data-comments-opened=\"1\" data-image-meta=\"{&quot;aperture&quot;:&quot;2.8&quot;,&quot;credit&quot;:&quot;&quot;,&quot;camera&quot;:&quot;NIKON D800&quot;,&quot;caption&quot;:&quot;&quot;,&quot;created_timestamp&quot;:&quot;1575206637&quot;,&quot;copyright&quot;:&quot;&quot;,&quot;focal_length&quot;:&quot;105&quot;,&quot;iso&quot;:&quot;100&quot;,&quot;shutter_speed&quot;:&quot;0.004&quot;,&quot;title&quot;:&quot;&quot;,&quot;orientation&quot;:&quot;0&quot;}\" data-image-title=\"01122019-mercado-santa-ponsa_-90\" data-image-description=\"\" data-image-caption=\"\" data-large-file=\"https:\/\/i0.wp.com\/visitcalvia.org\/wp-content\/uploads\/2020\/04\/01122019-mercado-santa-ponsa_-90-scaled.jpg?fit=1024%2C683&amp;ssl=1\" \/>\t\t\t\t\t\t\t\t<\/a>\n\t\t\t\t\t<\/div>\n        <div class=\"qodef-bli-content\">\n\n            \n<h4 itemprop=\"name\" class=\"entry-title qodef-post-title\" >\n            <a itemprop=\"url\" href=\"https:\/\/visitcalvia.org\/de\/puerto-portals-christmas-market\/\" title=\"Puerto Portals Christmas Market\">\n            Puerto Portals Christmas Market            <\/a>\n    <\/h4>            \n            \n        <\/div>\n    <\/div>\n<\/article><article class=\"qodef-bl-item qodef-item-space clearfix\">\n    <div class=\"qodef-bli-inner\">\n        \n\t<div class=\"qodef-post-image\">\n\t\t\t\t\t<a itemprop=\"url\" href=\"https:\/\/visitcalvia.org\/de\/puerto-portals\/\" title=\"Puerto Portals\">\n\t\t\t\t\t\t\t\t\t<img decoding=\"async\" width=\"300\" height=\"198\" src=\"https:\/\/i0.wp.com\/visitcalvia.org\/wp-content\/uploads\/2020\/04\/puertoportals.jpg?fit=300%2C198&amp;ssl=1\" class=\"attachment-medium size-medium wp-post-image\" alt=\"www.puertoportals.com , Puertos deportivos de Mallorca\" srcset=\"https:\/\/i0.wp.com\/visitcalvia.org\/wp-content\/uploads\/2020\/04\/puertoportals.jpg?w=700&amp;ssl=1 700w, https:\/\/i0.wp.com\/visitcalvia.org\/wp-content\/uploads\/2020\/04\/puertoportals.jpg?resize=300%2C198&amp;ssl=1 300w, https:\/\/i0.wp.com\/visitcalvia.org\/wp-content\/uploads\/2020\/04\/puertoportals.jpg?resize=600%2C395&amp;ssl=1 600w, https:\/\/i0.wp.com\/visitcalvia.org\/wp-content\/uploads\/2020\/04\/puertoportals.jpg?resize=64%2C42&amp;ssl=1 64w\" sizes=\"(max-width: 300px) 100vw, 300px\" data-attachment-id=\"10269\" data-permalink=\"https:\/\/visitcalvia.org\/de\/puerto-portals-christmas-market\/puertoportals-2\/\" data-orig-file=\"https:\/\/i0.wp.com\/visitcalvia.org\/wp-content\/uploads\/2020\/04\/puertoportals.jpg?fit=700%2C461&amp;ssl=1\" data-orig-size=\"700,461\" data-comments-opened=\"1\" data-image-meta=\"{&quot;aperture&quot;:&quot;0&quot;,&quot;credit&quot;:&quot;&quot;,&quot;camera&quot;:&quot;&quot;,&quot;caption&quot;:&quot;&quot;,&quot;created_timestamp&quot;:&quot;0&quot;,&quot;copyright&quot;:&quot;&quot;,&quot;focal_length&quot;:&quot;0&quot;,&quot;iso&quot;:&quot;0&quot;,&quot;shutter_speed&quot;:&quot;0&quot;,&quot;title&quot;:&quot;&quot;,&quot;orientation&quot;:&quot;0&quot;}\" data-image-title=\"puertoportals\" data-image-description=\"\" data-image-caption=\"\" data-large-file=\"https:\/\/i0.wp.com\/visitcalvia.org\/wp-content\/uploads\/2020\/04\/puertoportals.jpg?fit=700%2C461&amp;ssl=1\" \/>\t\t\t\t\t\t\t\t<\/a>\n\t\t\t\t\t<\/div>\n        <div class=\"qodef-bli-content\">\n\n            \n<h4 itemprop=\"name\" class=\"entry-title qodef-post-title\" >\n            <a itemprop=\"url\" href=\"https:\/\/visitcalvia.org\/de\/puerto-portals\/\" title=\"Puerto Portals\">\n            Puerto Portals            <\/a>\n    <\/h4>            \n            \n        <\/div>\n    <\/div>\n<\/article><article class=\"qodef-bl-item qodef-item-space clearfix\">\n    <div class=\"qodef-bli-inner\">\n        \n\t<div class=\"qodef-post-image\">\n\t\t\t\t\t<a itemprop=\"url\" href=\"https:\/\/visitcalvia.org\/de\/portals-vells-caves\/\" title=\"Portals Vells caves\">\n\t\t\t\t\t\t\t\t\t<img decoding=\"async\" width=\"300\" height=\"300\" src=\"https:\/\/i0.wp.com\/visitcalvia.org\/wp-content\/uploads\/2021\/03\/entrada-cuevas-portals-vells-es.png?fit=300%2C300&amp;ssl=1\" class=\"attachment-medium size-medium wp-post-image\" alt=\"\" srcset=\"https:\/\/i0.wp.com\/visitcalvia.org\/wp-content\/uploads\/2021\/03\/entrada-cuevas-portals-vells-es.png?w=1080&amp;ssl=1 1080w, https:\/\/i0.wp.com\/visitcalvia.org\/wp-content\/uploads\/2021\/03\/entrada-cuevas-portals-vells-es.png?resize=300%2C300&amp;ssl=1 300w, https:\/\/i0.wp.com\/visitcalvia.org\/wp-content\/uploads\/2021\/03\/entrada-cuevas-portals-vells-es.png?resize=1024%2C1024&amp;ssl=1 1024w, https:\/\/i0.wp.com\/visitcalvia.org\/wp-content\/uploads\/2021\/03\/entrada-cuevas-portals-vells-es.png?resize=150%2C150&amp;ssl=1 150w, https:\/\/i0.wp.com\/visitcalvia.org\/wp-content\/uploads\/2021\/03\/entrada-cuevas-portals-vells-es.png?resize=768%2C768&amp;ssl=1 768w, https:\/\/i0.wp.com\/visitcalvia.org\/wp-content\/uploads\/2021\/03\/entrada-cuevas-portals-vells-es.png?resize=800%2C800&amp;ssl=1 800w, https:\/\/i0.wp.com\/visitcalvia.org\/wp-content\/uploads\/2021\/03\/entrada-cuevas-portals-vells-es.png?resize=400%2C400&amp;ssl=1 400w, https:\/\/i0.wp.com\/visitcalvia.org\/wp-content\/uploads\/2021\/03\/entrada-cuevas-portals-vells-es.png?resize=200%2C200&amp;ssl=1 200w, https:\/\/i0.wp.com\/visitcalvia.org\/wp-content\/uploads\/2021\/03\/entrada-cuevas-portals-vells-es.png?resize=550%2C550&amp;ssl=1 550w\" sizes=\"(max-width: 300px) 100vw, 300px\" data-attachment-id=\"15556\" data-permalink=\"https:\/\/visitcalvia.org\/de\/portals-vells-caves\/entrada-cuevas-portals-vells-es-2\/\" data-orig-file=\"https:\/\/i0.wp.com\/visitcalvia.org\/wp-content\/uploads\/2021\/03\/entrada-cuevas-portals-vells-es.png?fit=1080%2C1080&amp;ssl=1\" data-orig-size=\"1080,1080\" data-comments-opened=\"1\" data-image-meta=\"{&quot;aperture&quot;:&quot;0&quot;,&quot;credit&quot;:&quot;&quot;,&quot;camera&quot;:&quot;&quot;,&quot;caption&quot;:&quot;&quot;,&quot;created_timestamp&quot;:&quot;0&quot;,&quot;copyright&quot;:&quot;&quot;,&quot;focal_length&quot;:&quot;0&quot;,&quot;iso&quot;:&quot;0&quot;,&quot;shutter_speed&quot;:&quot;0&quot;,&quot;title&quot;:&quot;&quot;,&quot;orientation&quot;:&quot;0&quot;}\" data-image-title=\"entrada-cuevas-portals-vells-es\" data-image-description=\"\" data-image-caption=\"\" data-large-file=\"https:\/\/i0.wp.com\/visitcalvia.org\/wp-content\/uploads\/2021\/03\/entrada-cuevas-portals-vells-es.png?fit=1024%2C1024&amp;ssl=1\" \/>\t\t\t\t\t\t\t\t<\/a>\n\t\t\t\t\t<\/div>\n        <div class=\"qodef-bli-content\">\n\n            \n<h4 itemprop=\"name\" class=\"entry-title qodef-post-title\" >\n            <a itemprop=\"url\" href=\"https:\/\/visitcalvia.org\/de\/portals-vells-caves\/\" title=\"Portals Vells caves\">\n            Portals Vells caves            <\/a>\n    <\/h4>            \n            \n        <\/div>\n    <\/div>\n<\/article><article class=\"qodef-bl-item qodef-item-space clearfix\">\n    <div class=\"qodef-bli-inner\">\n        \n\t<div class=\"qodef-post-image\">\n\t\t\t\t\t<a itemprop=\"url\" href=\"https:\/\/visitcalvia.org\/de\/port-adriano\/\" title=\"Port Adriano\">\n\t\t\t\t\t\t\t\t\t<img decoding=\"async\" width=\"300\" height=\"197\" src=\"https:\/\/i0.wp.com\/visitcalvia.org\/wp-content\/uploads\/2020\/04\/Port-Adriano-1-800x526-1.jpg?fit=300%2C197&amp;ssl=1\" class=\"attachment-medium size-medium wp-post-image\" alt=\"\" srcset=\"https:\/\/i0.wp.com\/visitcalvia.org\/wp-content\/uploads\/2020\/04\/Port-Adriano-1-800x526-1.jpg?w=800&amp;ssl=1 800w, https:\/\/i0.wp.com\/visitcalvia.org\/wp-content\/uploads\/2020\/04\/Port-Adriano-1-800x526-1.jpg?resize=300%2C197&amp;ssl=1 300w, https:\/\/i0.wp.com\/visitcalvia.org\/wp-content\/uploads\/2020\/04\/Port-Adriano-1-800x526-1.jpg?resize=768%2C505&amp;ssl=1 768w, https:\/\/i0.wp.com\/visitcalvia.org\/wp-content\/uploads\/2020\/04\/Port-Adriano-1-800x526-1.jpg?resize=600%2C395&amp;ssl=1 600w, https:\/\/i0.wp.com\/visitcalvia.org\/wp-content\/uploads\/2020\/04\/Port-Adriano-1-800x526-1.jpg?resize=64%2C42&amp;ssl=1 64w\" sizes=\"(max-width: 300px) 100vw, 300px\" data-attachment-id=\"13788\" data-permalink=\"https:\/\/visitcalvia.org\/de\/port-adriano\/port-adriano-1-800x526\/\" data-orig-file=\"https:\/\/i0.wp.com\/visitcalvia.org\/wp-content\/uploads\/2020\/04\/Port-Adriano-1-800x526-1.jpg?fit=800%2C526&amp;ssl=1\" data-orig-size=\"800,526\" data-comments-opened=\"1\" data-image-meta=\"{&quot;aperture&quot;:&quot;7.1&quot;,&quot;credit&quot;:&quot;Jesus Renedo&quot;,&quot;camera&quot;:&quot;Canon EOS 6D&quot;,&quot;caption&quot;:&quot;The Silver Bollard Regatta 2014, Baltic Yachts Rendezvous in Port Adriano, Mallorca. August 21-24 2014. \\u00a9 Jesus Renedo&quot;,&quot;created_timestamp&quot;:&quot;1408902349&quot;,&quot;copyright&quot;:&quot;Jesus Renedo&quot;,&quot;focal_length&quot;:&quot;17&quot;,&quot;iso&quot;:&quot;100&quot;,&quot;shutter_speed&quot;:&quot;0.002&quot;,&quot;title&quot;:&quot;&quot;,&quot;orientation&quot;:&quot;0&quot;}\" data-image-title=\"Port Adriano 1 (800&amp;#215;526)\" data-image-description=\"\" data-image-caption=\"&lt;p&gt;The Silver Bollard Regatta 2014, Baltic Yachts Rendezvous in Port Adriano, Mallorca. August 21-24 2014. \u00a9 Jesus Renedo&lt;\/p&gt;\n\" data-large-file=\"https:\/\/i0.wp.com\/visitcalvia.org\/wp-content\/uploads\/2020\/04\/Port-Adriano-1-800x526-1.jpg?fit=800%2C526&amp;ssl=1\" \/>\t\t\t\t\t\t\t\t<\/a>\n\t\t\t\t\t<\/div>\n        <div class=\"qodef-bli-content\">\n\n            \n<h4 itemprop=\"name\" class=\"entry-title qodef-post-title\" >\n            <a itemprop=\"url\" href=\"https:\/\/visitcalvia.org\/de\/port-adriano\/\" title=\"Port Adriano\">\n            Port Adriano            <\/a>\n    <\/h4>            \n            \n        <\/div>\n    <\/div>\n<\/article><article class=\"qodef-bl-item qodef-item-space clearfix\">\n    <div class=\"qodef-bli-inner\">\n        \n\t<div class=\"qodef-post-image\">\n\t\t\t\t\t<a itemprop=\"url\" href=\"https:\/\/visitcalvia.org\/de\/pirates-adventure\/\" title=\"Pirates Adventure\">\n\t\t\t\t\t\t\t\t\t<img decoding=\"async\" width=\"300\" height=\"198\" src=\"https:\/\/i0.wp.com\/visitcalvia.org\/wp-content\/uploads\/2020\/04\/Pirates-Adventure.jpg?fit=300%2C198&amp;ssl=1\" class=\"attachment-medium size-medium wp-post-image\" alt=\"pirates adventures, atracciones en Mallorca, atraccions a Mallorca,\" srcset=\"https:\/\/i0.wp.com\/visitcalvia.org\/wp-content\/uploads\/2020\/04\/Pirates-Adventure.jpg?w=700&amp;ssl=1 700w, https:\/\/i0.wp.com\/visitcalvia.org\/wp-content\/uploads\/2020\/04\/Pirates-Adventure.jpg?resize=300%2C198&amp;ssl=1 300w, https:\/\/i0.wp.com\/visitcalvia.org\/wp-content\/uploads\/2020\/04\/Pirates-Adventure.jpg?resize=600%2C395&amp;ssl=1 600w, https:\/\/i0.wp.com\/visitcalvia.org\/wp-content\/uploads\/2020\/04\/Pirates-Adventure.jpg?resize=64%2C42&amp;ssl=1 64w\" sizes=\"(max-width: 300px) 100vw, 300px\" data-attachment-id=\"8966\" data-permalink=\"https:\/\/visitcalvia.org\/de\/pirates-adventure\/pirates-adventure-2-2\/\" data-orig-file=\"https:\/\/i0.wp.com\/visitcalvia.org\/wp-content\/uploads\/2020\/04\/Pirates-Adventure.jpg?fit=700%2C461&amp;ssl=1\" data-orig-size=\"700,461\" data-comments-opened=\"1\" data-image-meta=\"{&quot;aperture&quot;:&quot;0&quot;,&quot;credit&quot;:&quot;&quot;,&quot;camera&quot;:&quot;&quot;,&quot;caption&quot;:&quot;&quot;,&quot;created_timestamp&quot;:&quot;0&quot;,&quot;copyright&quot;:&quot;&quot;,&quot;focal_length&quot;:&quot;0&quot;,&quot;iso&quot;:&quot;0&quot;,&quot;shutter_speed&quot;:&quot;0&quot;,&quot;title&quot;:&quot;&quot;,&quot;orientation&quot;:&quot;0&quot;}\" data-image-title=\"Pirates Adventure\" data-image-description=\"\" data-image-caption=\"\" data-large-file=\"https:\/\/i0.wp.com\/visitcalvia.org\/wp-content\/uploads\/2020\/04\/Pirates-Adventure.jpg?fit=700%2C461&amp;ssl=1\" \/>\t\t\t\t\t\t\t\t<\/a>\n\t\t\t\t\t<\/div>\n        <div class=\"qodef-bli-content\">\n\n            \n<h4 itemprop=\"name\" class=\"entry-title qodef-post-title\" >\n            <a itemprop=\"url\" href=\"https:\/\/visitcalvia.org\/de\/pirates-adventure\/\" title=\"Pirates Adventure\">\n            Pirates Adventure            <\/a>\n    <\/h4>            \n            \n        <\/div>\n    <\/div>\n<\/article><article class=\"qodef-bl-item qodef-item-space clearfix\">\n    <div class=\"qodef-bli-inner\">\n        \n\t<div class=\"qodef-post-image\">\n\t\t\t\t\t<a itemprop=\"url\" href=\"https:\/\/visitcalvia.org\/de\/parrish-church-of-sant-joan-baptista\/\" title=\"Parish Church of Sant Joan Baptista\">\n\t\t\t\t\t\t\t\t\t<img decoding=\"async\" width=\"300\" height=\"196\" src=\"https:\/\/i0.wp.com\/visitcalvia.org\/wp-content\/uploads\/2021\/03\/entrada-iglesia-es-01.jpg?fit=300%2C196&amp;ssl=1\" class=\"attachment-medium size-medium wp-post-image\" alt=\"\" srcset=\"https:\/\/i0.wp.com\/visitcalvia.org\/wp-content\/uploads\/2021\/03\/entrada-iglesia-es-01.jpg?w=2464&amp;ssl=1 2464w, https:\/\/i0.wp.com\/visitcalvia.org\/wp-content\/uploads\/2021\/03\/entrada-iglesia-es-01.jpg?resize=300%2C196&amp;ssl=1 300w, https:\/\/i0.wp.com\/visitcalvia.org\/wp-content\/uploads\/2021\/03\/entrada-iglesia-es-01.jpg?resize=1024%2C668&amp;ssl=1 1024w, https:\/\/i0.wp.com\/visitcalvia.org\/wp-content\/uploads\/2021\/03\/entrada-iglesia-es-01.jpg?resize=768%2C501&amp;ssl=1 768w, https:\/\/i0.wp.com\/visitcalvia.org\/wp-content\/uploads\/2021\/03\/entrada-iglesia-es-01.jpg?resize=1536%2C1002&amp;ssl=1 1536w, https:\/\/i0.wp.com\/visitcalvia.org\/wp-content\/uploads\/2021\/03\/entrada-iglesia-es-01.jpg?resize=1200%2C783&amp;ssl=1 1200w, https:\/\/i0.wp.com\/visitcalvia.org\/wp-content\/uploads\/2021\/03\/entrada-iglesia-es-01.jpg?w=2200&amp;ssl=1 2200w\" sizes=\"(max-width: 300px) 100vw, 300px\" data-attachment-id=\"15573\" data-permalink=\"https:\/\/visitcalvia.org\/de\/parrish-church-of-sant-joan-baptista\/entrada-iglesia-es-01-2\/\" data-orig-file=\"https:\/\/i0.wp.com\/visitcalvia.org\/wp-content\/uploads\/2021\/03\/entrada-iglesia-es-01.jpg?fit=2464%2C1608&amp;ssl=1\" data-orig-size=\"2464,1608\" data-comments-opened=\"1\" data-image-meta=\"{&quot;aperture&quot;:&quot;0&quot;,&quot;credit&quot;:&quot;&quot;,&quot;camera&quot;:&quot;&quot;,&quot;caption&quot;:&quot;&quot;,&quot;created_timestamp&quot;:&quot;0&quot;,&quot;copyright&quot;:&quot;&quot;,&quot;focal_length&quot;:&quot;0&quot;,&quot;iso&quot;:&quot;0&quot;,&quot;shutter_speed&quot;:&quot;0&quot;,&quot;title&quot;:&quot;&quot;,&quot;orientation&quot;:&quot;0&quot;}\" data-image-title=\"entrada-iglesia-es-01\" data-image-description=\"\" data-image-caption=\"\" data-large-file=\"https:\/\/i0.wp.com\/visitcalvia.org\/wp-content\/uploads\/2021\/03\/entrada-iglesia-es-01.jpg?fit=1024%2C668&amp;ssl=1\" \/>\t\t\t\t\t\t\t\t<\/a>\n\t\t\t\t\t<\/div>\n        <div class=\"qodef-bli-content\">\n\n            \n<h4 itemprop=\"name\" class=\"entry-title qodef-post-title\" >\n            <a itemprop=\"url\" href=\"https:\/\/visitcalvia.org\/de\/parrish-church-of-sant-joan-baptista\/\" title=\"Parish Church of Sant Joan Baptista\">\n            Parish Church of Sant Joan Baptista            <\/a>\n    <\/h4>            \n            \n        <\/div>\n    <\/div>\n<\/article><article class=\"qodef-bl-item qodef-item-space clearfix\">\n    <div class=\"qodef-bli-inner\">\n        \n\t<div class=\"qodef-post-image\">\n\t\t\t\t\t<a itemprop=\"url\" href=\"https:\/\/visitcalvia.org\/de\/mini-golf-miraflores\/\" title=\"Mini Golf Miraflores\">\n\t\t\t\t\t\t\t\t\t<img decoding=\"async\" width=\"300\" height=\"198\" src=\"https:\/\/i0.wp.com\/visitcalvia.org\/wp-content\/uploads\/2020\/04\/Mini-Golf-Miraflores.jpg?fit=300%2C198&amp;ssl=1\" class=\"attachment-medium size-medium wp-post-image\" alt=\"Mini Golf Miraflores\" srcset=\"https:\/\/i0.wp.com\/visitcalvia.org\/wp-content\/uploads\/2020\/04\/Mini-Golf-Miraflores.jpg?w=700&amp;ssl=1 700w, https:\/\/i0.wp.com\/visitcalvia.org\/wp-content\/uploads\/2020\/04\/Mini-Golf-Miraflores.jpg?resize=300%2C198&amp;ssl=1 300w, https:\/\/i0.wp.com\/visitcalvia.org\/wp-content\/uploads\/2020\/04\/Mini-Golf-Miraflores.jpg?resize=600%2C395&amp;ssl=1 600w, https:\/\/i0.wp.com\/visitcalvia.org\/wp-content\/uploads\/2020\/04\/Mini-Golf-Miraflores.jpg?resize=64%2C42&amp;ssl=1 64w\" sizes=\"(max-width: 300px) 100vw, 300px\" data-attachment-id=\"8972\" data-permalink=\"https:\/\/visitcalvia.org\/de\/mini-golf-miraflores\/mini-golf-miraflores-2-2\/\" data-orig-file=\"https:\/\/i0.wp.com\/visitcalvia.org\/wp-content\/uploads\/2020\/04\/Mini-Golf-Miraflores.jpg?fit=700%2C461&amp;ssl=1\" data-orig-size=\"700,461\" data-comments-opened=\"1\" data-image-meta=\"{&quot;aperture&quot;:&quot;0&quot;,&quot;credit&quot;:&quot;&quot;,&quot;camera&quot;:&quot;&quot;,&quot;caption&quot;:&quot;&quot;,&quot;created_timestamp&quot;:&quot;0&quot;,&quot;copyright&quot;:&quot;&quot;,&quot;focal_length&quot;:&quot;0&quot;,&quot;iso&quot;:&quot;0&quot;,&quot;shutter_speed&quot;:&quot;0&quot;,&quot;title&quot;:&quot;&quot;,&quot;orientation&quot;:&quot;1&quot;}\" data-image-title=\"Mini Golf Miraflores\" data-image-description=\"\" data-image-caption=\"\" data-large-file=\"https:\/\/i0.wp.com\/visitcalvia.org\/wp-content\/uploads\/2020\/04\/Mini-Golf-Miraflores.jpg?fit=700%2C461&amp;ssl=1\" \/>\t\t\t\t\t\t\t\t<\/a>\n\t\t\t\t\t<\/div>\n        <div class=\"qodef-bli-content\">\n\n            \n<h4 itemprop=\"name\" class=\"entry-title qodef-post-title\" >\n            <a itemprop=\"url\" href=\"https:\/\/visitcalvia.org\/de\/mini-golf-miraflores\/\" title=\"Mini Golf Miraflores\">\n            Mini Golf Miraflores            <\/a>\n    <\/h4>            \n            \n        <\/div>\n    <\/div>\n<\/article><article class=\"qodef-bl-item qodef-item-space clearfix\">\n    <div class=\"qodef-bli-inner\">\n        \n\t<div class=\"qodef-post-image\">\n\t\t\t\t\t<a itemprop=\"url\" href=\"https:\/\/visitcalvia.org\/de\/mercado-tradicional-de-calvia-vila\/\" title=\"Mercado tradicional de Calvi\u00e0 vila\">\n\t\t\t\t\t\t\t\t\t<img decoding=\"async\" width=\"300\" height=\"200\" src=\"https:\/\/i0.wp.com\/visitcalvia.org\/wp-content\/uploads\/2020\/04\/78798629_1500825483427709_6595121500771057664_n-scaled.jpg?fit=300%2C200&amp;ssl=1\" class=\"attachment-medium size-medium wp-post-image\" alt=\"\" srcset=\"https:\/\/i0.wp.com\/visitcalvia.org\/wp-content\/uploads\/2020\/04\/78798629_1500825483427709_6595121500771057664_n-scaled.jpg?w=2000&amp;ssl=1 2000w, https:\/\/i0.wp.com\/visitcalvia.org\/wp-content\/uploads\/2020\/04\/78798629_1500825483427709_6595121500771057664_n-scaled.jpg?resize=300%2C200&amp;ssl=1 300w, https:\/\/i0.wp.com\/visitcalvia.org\/wp-content\/uploads\/2020\/04\/78798629_1500825483427709_6595121500771057664_n-scaled.jpg?resize=1024%2C683&amp;ssl=1 1024w, https:\/\/i0.wp.com\/visitcalvia.org\/wp-content\/uploads\/2020\/04\/78798629_1500825483427709_6595121500771057664_n-scaled.jpg?resize=768%2C512&amp;ssl=1 768w, https:\/\/i0.wp.com\/visitcalvia.org\/wp-content\/uploads\/2020\/04\/78798629_1500825483427709_6595121500771057664_n-scaled.jpg?resize=391%2C260&amp;ssl=1 391w, https:\/\/i0.wp.com\/visitcalvia.org\/wp-content\/uploads\/2020\/04\/78798629_1500825483427709_6595121500771057664_n-scaled.jpg?resize=1536%2C1024&amp;ssl=1 1536w\" sizes=\"(max-width: 300px) 100vw, 300px\" data-attachment-id=\"27272\" data-permalink=\"https:\/\/visitcalvia.org\/de\/mercado-tradicional-de-calvia-vila\/78798629_1500825483427709_6595121500771057664_n-2\/\" data-orig-file=\"https:\/\/i0.wp.com\/visitcalvia.org\/wp-content\/uploads\/2020\/04\/78798629_1500825483427709_6595121500771057664_n-scaled.jpg?fit=2000%2C1333&amp;ssl=1\" data-orig-size=\"2000,1333\" data-comments-opened=\"1\" data-image-meta=\"{&quot;aperture&quot;:&quot;0&quot;,&quot;credit&quot;:&quot;&quot;,&quot;camera&quot;:&quot;&quot;,&quot;caption&quot;:&quot;&quot;,&quot;created_timestamp&quot;:&quot;0&quot;,&quot;copyright&quot;:&quot;&quot;,&quot;focal_length&quot;:&quot;0&quot;,&quot;iso&quot;:&quot;0&quot;,&quot;shutter_speed&quot;:&quot;0&quot;,&quot;title&quot;:&quot;&quot;,&quot;orientation&quot;:&quot;0&quot;}\" data-image-title=\"78798629_1500825483427709_6595121500771057664_n\" data-image-description=\"\" data-image-caption=\"\" data-large-file=\"https:\/\/i0.wp.com\/visitcalvia.org\/wp-content\/uploads\/2020\/04\/78798629_1500825483427709_6595121500771057664_n-scaled.jpg?fit=1024%2C683&amp;ssl=1\" \/>\t\t\t\t\t\t\t\t<\/a>\n\t\t\t\t\t<\/div>\n        <div class=\"qodef-bli-content\">\n\n            \n<h4 itemprop=\"name\" class=\"entry-title qodef-post-title\" >\n            <a itemprop=\"url\" href=\"https:\/\/visitcalvia.org\/de\/mercado-tradicional-de-calvia-vila\/\" title=\"Mercado tradicional de Calvi\u00e0 vila\">\n            Mercado tradicional de Calvi\u00e0 vila            <\/a>\n    <\/h4>            \n            \n        <\/div>\n    <\/div>\n<\/article><article class=\"qodef-bl-item qodef-item-space clearfix\">\n    <div class=\"qodef-bli-inner\">\n        \n\t<div class=\"qodef-post-image\">\n\t\t\t\t\t<a itemprop=\"url\" href=\"https:\/\/visitcalvia.org\/de\/mercado-de-son-ferrer\/\" title=\"Mercado de Son Ferrer\">\n\t\t\t\t\t\t\t\t\t<img decoding=\"async\" width=\"300\" height=\"200\" src=\"https:\/\/i0.wp.com\/visitcalvia.org\/wp-content\/uploads\/2020\/04\/5366.jpg?fit=300%2C200&amp;ssl=1\" class=\"attachment-medium size-medium wp-post-image\" alt=\"\" srcset=\"https:\/\/i0.wp.com\/visitcalvia.org\/wp-content\/uploads\/2020\/04\/5366.jpg?w=1536&amp;ssl=1 1536w, https:\/\/i0.wp.com\/visitcalvia.org\/wp-content\/uploads\/2020\/04\/5366.jpg?resize=300%2C200&amp;ssl=1 300w, https:\/\/i0.wp.com\/visitcalvia.org\/wp-content\/uploads\/2020\/04\/5366.jpg?resize=1024%2C683&amp;ssl=1 1024w, https:\/\/i0.wp.com\/visitcalvia.org\/wp-content\/uploads\/2020\/04\/5366.jpg?resize=768%2C512&amp;ssl=1 768w, https:\/\/i0.wp.com\/visitcalvia.org\/wp-content\/uploads\/2020\/04\/5366.jpg?resize=391%2C260&amp;ssl=1 391w\" sizes=\"(max-width: 300px) 100vw, 300px\" data-attachment-id=\"27283\" data-permalink=\"https:\/\/visitcalvia.org\/de\/mercado-de-son-ferrer\/5366-2\/\" data-orig-file=\"https:\/\/i0.wp.com\/visitcalvia.org\/wp-content\/uploads\/2020\/04\/5366.jpg?fit=1536%2C1024&amp;ssl=1\" data-orig-size=\"1536,1024\" data-comments-opened=\"1\" data-image-meta=\"{&quot;aperture&quot;:&quot;0&quot;,&quot;credit&quot;:&quot;&quot;,&quot;camera&quot;:&quot;&quot;,&quot;caption&quot;:&quot;&quot;,&quot;created_timestamp&quot;:&quot;0&quot;,&quot;copyright&quot;:&quot;&quot;,&quot;focal_length&quot;:&quot;0&quot;,&quot;iso&quot;:&quot;0&quot;,&quot;shutter_speed&quot;:&quot;0&quot;,&quot;title&quot;:&quot;&quot;,&quot;orientation&quot;:&quot;1&quot;}\" data-image-title=\"5366\" data-image-description=\"\" data-image-caption=\"\" data-large-file=\"https:\/\/i0.wp.com\/visitcalvia.org\/wp-content\/uploads\/2020\/04\/5366.jpg?fit=1024%2C683&amp;ssl=1\" \/>\t\t\t\t\t\t\t\t<\/a>\n\t\t\t\t\t<\/div>\n        <div class=\"qodef-bli-content\">\n\n            \n<h4 itemprop=\"name\" class=\"entry-title qodef-post-title\" >\n            <a itemprop=\"url\" href=\"https:\/\/visitcalvia.org\/de\/mercado-de-son-ferrer\/\" title=\"Mercado de Son Ferrer\">\n            Mercado de Son Ferrer            <\/a>\n    <\/h4>            \n            \n        <\/div>\n    <\/div>\n<\/article><article class=\"qodef-bl-item qodef-item-space clearfix\">\n    <div class=\"qodef-bli-inner\">\n        \n\t<div class=\"qodef-post-image\">\n\t\t\t\t\t<a itemprop=\"url\" href=\"https:\/\/visitcalvia.org\/de\/mercado-de-santa-ponca\/\" title=\"Mercado de Santa Pon\u00e7a\">\n\t\t\t\t\t\t\t\t\t<img decoding=\"async\" width=\"300\" height=\"200\" src=\"https:\/\/i0.wp.com\/visitcalvia.org\/wp-content\/uploads\/2020\/04\/1.png?fit=300%2C200&amp;ssl=1\" class=\"attachment-medium size-medium wp-post-image\" alt=\"\" srcset=\"https:\/\/i0.wp.com\/visitcalvia.org\/wp-content\/uploads\/2020\/04\/1.png?w=2048&amp;ssl=1 2048w, https:\/\/i0.wp.com\/visitcalvia.org\/wp-content\/uploads\/2020\/04\/1.png?resize=300%2C200&amp;ssl=1 300w, https:\/\/i0.wp.com\/visitcalvia.org\/wp-content\/uploads\/2020\/04\/1.png?resize=1024%2C683&amp;ssl=1 1024w, https:\/\/i0.wp.com\/visitcalvia.org\/wp-content\/uploads\/2020\/04\/1.png?resize=768%2C512&amp;ssl=1 768w, https:\/\/i0.wp.com\/visitcalvia.org\/wp-content\/uploads\/2020\/04\/1.png?resize=391%2C260&amp;ssl=1 391w, https:\/\/i0.wp.com\/visitcalvia.org\/wp-content\/uploads\/2020\/04\/1.png?resize=1536%2C1024&amp;ssl=1 1536w\" sizes=\"(max-width: 300px) 100vw, 300px\" data-attachment-id=\"27295\" data-permalink=\"https:\/\/visitcalvia.org\/de\/mercado-de-santa-ponca\/1-3\/\" data-orig-file=\"https:\/\/i0.wp.com\/visitcalvia.org\/wp-content\/uploads\/2020\/04\/1.png?fit=2048%2C1365&amp;ssl=1\" data-orig-size=\"2048,1365\" data-comments-opened=\"1\" data-image-meta=\"{&quot;aperture&quot;:&quot;0&quot;,&quot;credit&quot;:&quot;&quot;,&quot;camera&quot;:&quot;&quot;,&quot;caption&quot;:&quot;&quot;,&quot;created_timestamp&quot;:&quot;0&quot;,&quot;copyright&quot;:&quot;&quot;,&quot;focal_length&quot;:&quot;0&quot;,&quot;iso&quot;:&quot;0&quot;,&quot;shutter_speed&quot;:&quot;0&quot;,&quot;title&quot;:&quot;&quot;,&quot;orientation&quot;:&quot;0&quot;}\" data-image-title=\"1\" data-image-description=\"\" data-image-caption=\"\" data-large-file=\"https:\/\/i0.wp.com\/visitcalvia.org\/wp-content\/uploads\/2020\/04\/1.png?fit=1024%2C683&amp;ssl=1\" \/>\t\t\t\t\t\t\t\t<\/a>\n\t\t\t\t\t<\/div>\n        <div class=\"qodef-bli-content\">\n\n            \n<h4 itemprop=\"name\" class=\"entry-title qodef-post-title\" >\n            <a itemprop=\"url\" href=\"https:\/\/visitcalvia.org\/de\/mercado-de-santa-ponca\/\" title=\"Mercado de Santa Pon\u00e7a\">\n            Mercado de Santa Pon\u00e7a            <\/a>\n    <\/h4>            \n            \n        <\/div>\n    <\/div>\n<\/article><article class=\"qodef-bl-item qodef-item-space clearfix\">\n    <div class=\"qodef-bli-inner\">\n        \n\t<div class=\"qodef-post-image\">\n\t\t\t\t\t<a itemprop=\"url\" href=\"https:\/\/visitcalvia.org\/de\/mercado-de-peguera\/\" title=\"Mercado de Peguera\">\n\t\t\t\t\t\t\t\t\t<img decoding=\"async\" width=\"300\" height=\"200\" src=\"https:\/\/i0.wp.com\/visitcalvia.org\/wp-content\/uploads\/2020\/04\/2.png?fit=300%2C200&amp;ssl=1\" class=\"attachment-medium size-medium wp-post-image\" alt=\"\" srcset=\"https:\/\/i0.wp.com\/visitcalvia.org\/wp-content\/uploads\/2020\/04\/2.png?w=2048&amp;ssl=1 2048w, https:\/\/i0.wp.com\/visitcalvia.org\/wp-content\/uploads\/2020\/04\/2.png?resize=300%2C200&amp;ssl=1 300w, https:\/\/i0.wp.com\/visitcalvia.org\/wp-content\/uploads\/2020\/04\/2.png?resize=1024%2C683&amp;ssl=1 1024w, https:\/\/i0.wp.com\/visitcalvia.org\/wp-content\/uploads\/2020\/04\/2.png?resize=768%2C512&amp;ssl=1 768w, https:\/\/i0.wp.com\/visitcalvia.org\/wp-content\/uploads\/2020\/04\/2.png?resize=391%2C260&amp;ssl=1 391w, https:\/\/i0.wp.com\/visitcalvia.org\/wp-content\/uploads\/2020\/04\/2.png?resize=1536%2C1024&amp;ssl=1 1536w\" sizes=\"(max-width: 300px) 100vw, 300px\" data-attachment-id=\"27299\" data-permalink=\"https:\/\/visitcalvia.org\/de\/mercado-de-peguera\/2-5-2\/\" data-orig-file=\"https:\/\/i0.wp.com\/visitcalvia.org\/wp-content\/uploads\/2020\/04\/2.png?fit=2048%2C1365&amp;ssl=1\" data-orig-size=\"2048,1365\" data-comments-opened=\"1\" data-image-meta=\"{&quot;aperture&quot;:&quot;0&quot;,&quot;credit&quot;:&quot;&quot;,&quot;camera&quot;:&quot;&quot;,&quot;caption&quot;:&quot;&quot;,&quot;created_timestamp&quot;:&quot;0&quot;,&quot;copyright&quot;:&quot;&quot;,&quot;focal_length&quot;:&quot;0&quot;,&quot;iso&quot;:&quot;0&quot;,&quot;shutter_speed&quot;:&quot;0&quot;,&quot;title&quot;:&quot;&quot;,&quot;orientation&quot;:&quot;0&quot;}\" data-image-title=\"2\" data-image-description=\"\" data-image-caption=\"\" data-large-file=\"https:\/\/i0.wp.com\/visitcalvia.org\/wp-content\/uploads\/2020\/04\/2.png?fit=1024%2C683&amp;ssl=1\" \/>\t\t\t\t\t\t\t\t<\/a>\n\t\t\t\t\t<\/div>\n        <div class=\"qodef-bli-content\">\n\n            \n<h4 itemprop=\"name\" class=\"entry-title qodef-post-title\" >\n            <a itemprop=\"url\" href=\"https:\/\/visitcalvia.org\/de\/mercado-de-peguera\/\" title=\"Mercado de Peguera\">\n            Mercado de Peguera            <\/a>\n    <\/h4>            \n            \n        <\/div>\n    <\/div>\n<\/article><article class=\"qodef-bl-item qodef-item-space clearfix\">\n    <div class=\"qodef-bli-inner\">\n        \n\t<div class=\"qodef-post-image\">\n\t\t\t\t\t<a itemprop=\"url\" href=\"https:\/\/visitcalvia.org\/de\/mercadillo-navideno-de-santa-ponca\/\" title=\"Mercado de Navidad en Santa Pon\u00e7a\">\n\t\t\t\t\t\t\t\t\t<img decoding=\"async\" width=\"300\" height=\"200\" src=\"https:\/\/i0.wp.com\/visitcalvia.org\/wp-content\/uploads\/2020\/04\/319234465_522949753205181_1702365981438404253_n-scaled.jpg?fit=300%2C200&amp;ssl=1\" class=\"attachment-medium size-medium wp-post-image\" alt=\"\" srcset=\"https:\/\/i0.wp.com\/visitcalvia.org\/wp-content\/uploads\/2020\/04\/319234465_522949753205181_1702365981438404253_n-scaled.jpg?w=2000&amp;ssl=1 2000w, https:\/\/i0.wp.com\/visitcalvia.org\/wp-content\/uploads\/2020\/04\/319234465_522949753205181_1702365981438404253_n-scaled.jpg?resize=300%2C200&amp;ssl=1 300w, https:\/\/i0.wp.com\/visitcalvia.org\/wp-content\/uploads\/2020\/04\/319234465_522949753205181_1702365981438404253_n-scaled.jpg?resize=1024%2C683&amp;ssl=1 1024w, https:\/\/i0.wp.com\/visitcalvia.org\/wp-content\/uploads\/2020\/04\/319234465_522949753205181_1702365981438404253_n-scaled.jpg?resize=768%2C512&amp;ssl=1 768w, https:\/\/i0.wp.com\/visitcalvia.org\/wp-content\/uploads\/2020\/04\/319234465_522949753205181_1702365981438404253_n-scaled.jpg?resize=391%2C260&amp;ssl=1 391w, https:\/\/i0.wp.com\/visitcalvia.org\/wp-content\/uploads\/2020\/04\/319234465_522949753205181_1702365981438404253_n-scaled.jpg?resize=1536%2C1024&amp;ssl=1 1536w\" sizes=\"(max-width: 300px) 100vw, 300px\" data-attachment-id=\"27223\" data-permalink=\"https:\/\/visitcalvia.org\/de\/mercadillo-navideno-de-santa-ponca\/319234465_522949753205181_1702365981438404253_n-2\/\" data-orig-file=\"https:\/\/i0.wp.com\/visitcalvia.org\/wp-content\/uploads\/2020\/04\/319234465_522949753205181_1702365981438404253_n-scaled.jpg?fit=2000%2C1333&amp;ssl=1\" data-orig-size=\"2000,1333\" data-comments-opened=\"1\" data-image-meta=\"{&quot;aperture&quot;:&quot;0&quot;,&quot;credit&quot;:&quot;&quot;,&quot;camera&quot;:&quot;&quot;,&quot;caption&quot;:&quot;&quot;,&quot;created_timestamp&quot;:&quot;0&quot;,&quot;copyright&quot;:&quot;&quot;,&quot;focal_length&quot;:&quot;0&quot;,&quot;iso&quot;:&quot;0&quot;,&quot;shutter_speed&quot;:&quot;0&quot;,&quot;title&quot;:&quot;&quot;,&quot;orientation&quot;:&quot;0&quot;}\" data-image-title=\"319234465_522949753205181_1702365981438404253_n\" data-image-description=\"\" data-image-caption=\"\" data-large-file=\"https:\/\/i0.wp.com\/visitcalvia.org\/wp-content\/uploads\/2020\/04\/319234465_522949753205181_1702365981438404253_n-scaled.jpg?fit=1024%2C683&amp;ssl=1\" \/>\t\t\t\t\t\t\t\t<\/a>\n\t\t\t\t\t<\/div>\n        <div class=\"qodef-bli-content\">\n\n            \n<h4 itemprop=\"name\" class=\"entry-title qodef-post-title\" >\n            <a itemprop=\"url\" href=\"https:\/\/visitcalvia.org\/de\/mercadillo-navideno-de-santa-ponca\/\" title=\"Mercado de Navidad en Santa Pon\u00e7a\">\n            Mercado de Navidad en Santa Pon\u00e7a            <\/a>\n    <\/h4>            \n            \n        <\/div>\n    <\/div>\n<\/article><article class=\"qodef-bl-item qodef-item-space clearfix\">\n    <div class=\"qodef-bli-inner\">\n        \n\t<div class=\"qodef-post-image\">\n\t\t\t\t\t<a itemprop=\"url\" href=\"https:\/\/visitcalvia.org\/de\/mercadillo-navideno-de-calvia-vila\/\" title=\"Mercado de Navidad de Calvi\u00e0 Vila\">\n\t\t\t\t\t\t\t\t\t<img decoding=\"async\" width=\"300\" height=\"200\" src=\"https:\/\/i0.wp.com\/visitcalvia.org\/wp-content\/uploads\/2020\/04\/78090125_1500760393434218_6251695920077864960_n-scaled.jpg?fit=300%2C200&amp;ssl=1\" class=\"attachment-medium size-medium wp-post-image\" alt=\"\" srcset=\"https:\/\/i0.wp.com\/visitcalvia.org\/wp-content\/uploads\/2020\/04\/78090125_1500760393434218_6251695920077864960_n-scaled.jpg?w=2000&amp;ssl=1 2000w, https:\/\/i0.wp.com\/visitcalvia.org\/wp-content\/uploads\/2020\/04\/78090125_1500760393434218_6251695920077864960_n-scaled.jpg?resize=300%2C200&amp;ssl=1 300w, https:\/\/i0.wp.com\/visitcalvia.org\/wp-content\/uploads\/2020\/04\/78090125_1500760393434218_6251695920077864960_n-scaled.jpg?resize=1024%2C683&amp;ssl=1 1024w, https:\/\/i0.wp.com\/visitcalvia.org\/wp-content\/uploads\/2020\/04\/78090125_1500760393434218_6251695920077864960_n-scaled.jpg?resize=768%2C512&amp;ssl=1 768w, https:\/\/i0.wp.com\/visitcalvia.org\/wp-content\/uploads\/2020\/04\/78090125_1500760393434218_6251695920077864960_n-scaled.jpg?resize=391%2C260&amp;ssl=1 391w, https:\/\/i0.wp.com\/visitcalvia.org\/wp-content\/uploads\/2020\/04\/78090125_1500760393434218_6251695920077864960_n-scaled.jpg?resize=1536%2C1024&amp;ssl=1 1536w\" sizes=\"(max-width: 300px) 100vw, 300px\" data-attachment-id=\"27239\" data-permalink=\"https:\/\/visitcalvia.org\/de\/mercadillo-navideno-de-calvia-vila\/78090125_1500760393434218_6251695920077864960_n-2\/\" data-orig-file=\"https:\/\/i0.wp.com\/visitcalvia.org\/wp-content\/uploads\/2020\/04\/78090125_1500760393434218_6251695920077864960_n-scaled.jpg?fit=2000%2C1333&amp;ssl=1\" data-orig-size=\"2000,1333\" data-comments-opened=\"1\" data-image-meta=\"{&quot;aperture&quot;:&quot;0&quot;,&quot;credit&quot;:&quot;&quot;,&quot;camera&quot;:&quot;&quot;,&quot;caption&quot;:&quot;&quot;,&quot;created_timestamp&quot;:&quot;0&quot;,&quot;copyright&quot;:&quot;&quot;,&quot;focal_length&quot;:&quot;0&quot;,&quot;iso&quot;:&quot;0&quot;,&quot;shutter_speed&quot;:&quot;0&quot;,&quot;title&quot;:&quot;&quot;,&quot;orientation&quot;:&quot;0&quot;}\" data-image-title=\"78090125_1500760393434218_6251695920077864960_n\" data-image-description=\"\" data-image-caption=\"\" data-large-file=\"https:\/\/i0.wp.com\/visitcalvia.org\/wp-content\/uploads\/2020\/04\/78090125_1500760393434218_6251695920077864960_n-scaled.jpg?fit=1024%2C683&amp;ssl=1\" \/>\t\t\t\t\t\t\t\t<\/a>\n\t\t\t\t\t<\/div>\n        <div class=\"qodef-bli-content\">\n\n            \n<h4 itemprop=\"name\" class=\"entry-title qodef-post-title\" >\n            <a itemprop=\"url\" href=\"https:\/\/visitcalvia.org\/de\/mercadillo-navideno-de-calvia-vila\/\" title=\"Mercado de Navidad de Calvi\u00e0 Vila\">\n            Mercado de Navidad de Calvi\u00e0 Vila            <\/a>\n    <\/h4>            \n            \n        <\/div>\n    <\/div>\n<\/article><article class=\"qodef-bl-item qodef-item-space clearfix\">\n    <div class=\"qodef-bli-inner\">\n        \n\t<div class=\"qodef-post-image\">\n\t\t\t\t\t<a itemprop=\"url\" href=\"https:\/\/visitcalvia.org\/de\/marineland\/\" title=\"Marineland\">\n\t\t\t\t\t\t\t\t\t<img decoding=\"async\" width=\"300\" height=\"198\" src=\"https:\/\/i0.wp.com\/visitcalvia.org\/wp-content\/uploads\/2020\/04\/Marineland.jpg?fit=300%2C198&amp;ssl=1\" class=\"attachment-medium size-medium wp-post-image\" alt=\"atracci\u00f3n para familias, calvi\u00e0 en familia, zoo marino en costa d&#039;en blanes, portals nous, Delfinario, Calvi\u00e0 en Familia\" srcset=\"https:\/\/i0.wp.com\/visitcalvia.org\/wp-content\/uploads\/2020\/04\/Marineland.jpg?w=700&amp;ssl=1 700w, https:\/\/i0.wp.com\/visitcalvia.org\/wp-content\/uploads\/2020\/04\/Marineland.jpg?resize=300%2C198&amp;ssl=1 300w, https:\/\/i0.wp.com\/visitcalvia.org\/wp-content\/uploads\/2020\/04\/Marineland.jpg?resize=600%2C395&amp;ssl=1 600w, https:\/\/i0.wp.com\/visitcalvia.org\/wp-content\/uploads\/2020\/04\/Marineland.jpg?resize=64%2C42&amp;ssl=1 64w\" sizes=\"(max-width: 300px) 100vw, 300px\" data-attachment-id=\"8978\" data-permalink=\"https:\/\/visitcalvia.org\/de\/marineland\/marineland-2-2\/\" data-orig-file=\"https:\/\/i0.wp.com\/visitcalvia.org\/wp-content\/uploads\/2020\/04\/Marineland.jpg?fit=700%2C461&amp;ssl=1\" data-orig-size=\"700,461\" data-comments-opened=\"1\" data-image-meta=\"{&quot;aperture&quot;:&quot;0&quot;,&quot;credit&quot;:&quot;&quot;,&quot;camera&quot;:&quot;&quot;,&quot;caption&quot;:&quot;&quot;,&quot;created_timestamp&quot;:&quot;0&quot;,&quot;copyright&quot;:&quot;&quot;,&quot;focal_length&quot;:&quot;0&quot;,&quot;iso&quot;:&quot;0&quot;,&quot;shutter_speed&quot;:&quot;0&quot;,&quot;title&quot;:&quot;&quot;,&quot;orientation&quot;:&quot;0&quot;}\" data-image-title=\"Marineland\" data-image-description=\"\" data-image-caption=\"\" data-large-file=\"https:\/\/i0.wp.com\/visitcalvia.org\/wp-content\/uploads\/2020\/04\/Marineland.jpg?fit=700%2C461&amp;ssl=1\" \/>\t\t\t\t\t\t\t\t<\/a>\n\t\t\t\t\t<\/div>\n        <div class=\"qodef-bli-content\">\n\n            \n<h4 itemprop=\"name\" class=\"entry-title qodef-post-title\" >\n            <a itemprop=\"url\" href=\"https:\/\/visitcalvia.org\/de\/marineland\/\" title=\"Marineland\">\n            Marineland            <\/a>\n    <\/h4>            \n            \n        <\/div>\n    <\/div>\n<\/article>\t\t<\/ul>\n\t<\/div>\n\t\t<div class=\"qodef-blog-pag-loading\">\n\t\t<div class=\"qodef-blog-pag-bounce1\"><\/div>\n\t\t<div class=\"qodef-blog-pag-bounce2\"><\/div>\n\t\t<div class=\"qodef-blog-pag-bounce3\"><\/div>\n\t<\/div>\n\t\t\t\t<div class=\"qodef-bl-standard-pagination\">\n\t\t\t\t<ul>\n\t\t\t\t\t<li class=\"qodef-bl-pag-prev\">\n\t\t\t\t\t\t<a href=\"#\" data-paged=\"1\"><span class=\"icon-arrows-left\"><\/span><\/a>\n\t\t\t\t\t<\/li>\n\t\t\t\t\t\t\t\t\t\t\t\t\t\t\t\t\t<li class=\"qodef-bl-pag-number qodef-bl-pag-active\">\n\t\t\t\t\t\t\t<a href=\"#\" data-paged=\"1\">1<\/a>\n\t\t\t\t\t\t<\/li>\n\t\t\t\t\t\t\t\t\t\t\t\t\t\t\t\t\t<li class=\"qodef-bl-pag-number \">\n\t\t\t\t\t\t\t<a href=\"#\" data-paged=\"2\">2<\/a>\n\t\t\t\t\t\t<\/li>\n\t\t\t\t\t\t\t\t\t\t<li class=\"qodef-bl-pag-next\">\n\t\t\t\t\t\t<a href=\"#\" data-paged=\"2\"><span class=\"icon-arrows-right\"><\/span><\/a>\n\t\t\t\t\t<\/li>\n\t\t\t\t<\/ul>\n\t\t\t<\/div>\n\t\t<input type=\"hidden\" id=\"qodef_blog_load_more_nonce_8086\" name=\"qodef_blog_load_more_nonce_8086\" value=\"519a1bb910\" \/><input type=\"hidden\" name=\"_wp_http_referer\" value=\"\/de\/wp-json\/wp\/v2\/pages\/13096\" \/><\/div>[vc_empty_space height=&#8220;30px&#8220;][\/vc_column][\/vc_row]<\/p>\n<\/div>","protected":false},"excerpt":{"rendered":"<p>[vc_row content_placement=&#8220;middle&#8220; content_text_aligment=&#8220;center&#8220; css=&#8220;.vc_custom_1587470209353{padding-top: 81px !important;background-image: url(<a href=\"https:\/\/visitcalvia.org\/wp-content\/uploads\/2020\/04\/atracciones-calvia01.jpg?id=3544\">https:\/\/visitcalvia.org\/wp-content\/uploads\/2020\/04\/atracciones-calvia01.jpg?id=3544<\/a>) !important;background-position: center !important;background-repeat: no-repeat !important;background-size: cover !important;}&#8220; simple_background_color=&#8220;#ffffff&#8220;][vc_column][\/vc_column][\/vc_row][vc_row row_content_width=&#8220;grid&#8220;][vc_column][vc_empty_space height=&#8220;52px&#8220;][\/vc_column][\/vc_row][vc_row row_content_width=&#8220;grid&#8220;][vc_column][vc_empty_space height=&#8220;20px&#8220;][vc_row_inner][vc_column_inner width=&#8220;1\/2&#8243;][vc_column_text]In Calvi\u00e0 finden Sie die gr\u00f6\u00dfte Auswahl an Attraktionen auf Mallorca. Schon viele Unternehmen haben sich daf\u00fcr entschieden, Produkte f\u00fcr die Freizeitgestaltung, Kultur, Sport, Abenteuer, Themen u.a. zu schaffen, um den Menschen, die unsere Insel [&hellip;]<\/p>\n","protected":false},"author":182516946,"featured_media":8084,"parent":0,"menu_order":0,"comment_status":"closed","ping_status":"closed","template":"full-width.php","meta":{"_coblocks_attr":"","_coblocks_dimensions":"","_coblocks_responsive_height":"","_coblocks_accordion_ie_support":"","_crdt_document":"","footnotes":""},"class_list":["post-13096","page","type-page","status-publish","has-post-thumbnail","hentry"],"yoast_head":"<!-- This site is optimized with the Yoast SEO plugin v27.5 - https:\/\/yoast.com\/product\/yoast-seo-wordpress\/ -->\n<title>Planen Sie Ihre Reise - Calvi\u00e0, variedad y calidad de opciones para todos<\/title>\n<meta name=\"description\" content=\"Planen Sie Ihre Reise - Calvi\u00e0, variedad y calidad de opciones para toda la familia. Parques tem\u00e1ticos acu\u00e1ticos, de aventuras, festivales, mercados,...\" \/>\n<meta name=\"robots\" content=\"index, follow, max-snippet:-1, max-image-preview:large, max-video-preview:-1\" \/>\n<link rel=\"canonical\" href=\"https:\/\/visitcalvia.org\/de\/planen-sie-ihre-reise\/\" \/>\n<meta property=\"og:locale\" content=\"de_DE\" \/>\n<meta property=\"og:type\" content=\"article\" \/>\n<meta property=\"og:title\" content=\"Planen Sie Ihre Reise - Calvi\u00e0, variedad y calidad de opciones para todos\" \/>\n<meta property=\"og:description\" content=\"Planen Sie Ihre Reise - Calvi\u00e0, variedad y calidad de opciones para toda la familia. Parques tem\u00e1ticos acu\u00e1ticos, de aventuras, festivales, mercados,...\" \/>\n<meta property=\"og:url\" content=\"https:\/\/visitcalvia.org\/de\/planen-sie-ihre-reise\/\" \/>\n<meta property=\"og:site_name\" content=\"visitcalvia\" \/>\n<meta property=\"article:modified_time\" content=\"2023-05-16T09:30:09+00:00\" \/>\n<meta property=\"og:image\" content=\"https:\/\/visitcalvia.org\/wp-content\/uploads\/2020\/04\/atracciones-calvia01.jpg\" \/>\n\t<meta property=\"og:image:width\" content=\"1800\" \/>\n\t<meta property=\"og:image:height\" content=\"1031\" \/>\n\t<meta property=\"og:image:type\" content=\"image\/jpeg\" \/>\n<meta name=\"twitter:card\" content=\"summary_large_image\" \/>\n<meta name=\"twitter:label1\" content=\"Gesch\u00e4tzte Lesezeit\" \/>\n\t<meta name=\"twitter:data1\" content=\"2\u00a0Minuten\" \/>\n<script type=\"application\/ld+json\" class=\"yoast-schema-graph\">{\"@context\":\"https:\\\/\\\/schema.org\",\"@graph\":[{\"@type\":\"WebPage\",\"@id\":\"https:\\\/\\\/visitcalvia.org\\\/de\\\/planen-sie-ihre-reise\\\/\",\"url\":\"https:\\\/\\\/visitcalvia.org\\\/de\\\/planen-sie-ihre-reise\\\/\",\"name\":\"Planen Sie Ihre Reise - Calvi\u00e0, variedad y calidad de opciones para todos\",\"isPartOf\":{\"@id\":\"https:\\\/\\\/visitcalvia.org\\\/de\\\/#website\"},\"primaryImageOfPage\":{\"@id\":\"https:\\\/\\\/visitcalvia.org\\\/de\\\/planen-sie-ihre-reise\\\/#primaryimage\"},\"image\":{\"@id\":\"https:\\\/\\\/visitcalvia.org\\\/de\\\/planen-sie-ihre-reise\\\/#primaryimage\"},\"thumbnailUrl\":\"https:\\\/\\\/i0.wp.com\\\/visitcalvia.org\\\/wp-content\\\/uploads\\\/2020\\\/04\\\/atracciones-calvia01.jpg?fit=1800%2C1031&ssl=1\",\"datePublished\":\"2020-04-07T10:38:31+00:00\",\"dateModified\":\"2023-05-16T09:30:09+00:00\",\"description\":\"Planen Sie Ihre Reise - Calvi\u00e0, variedad y calidad de opciones para toda la familia. Parques tem\u00e1ticos acu\u00e1ticos, de aventuras, festivales, mercados,...\",\"breadcrumb\":{\"@id\":\"https:\\\/\\\/visitcalvia.org\\\/de\\\/planen-sie-ihre-reise\\\/#breadcrumb\"},\"inLanguage\":\"de\",\"potentialAction\":[{\"@type\":\"ReadAction\",\"target\":[\"https:\\\/\\\/visitcalvia.org\\\/de\\\/planen-sie-ihre-reise\\\/\"]}]},{\"@type\":\"ImageObject\",\"inLanguage\":\"de\",\"@id\":\"https:\\\/\\\/visitcalvia.org\\\/de\\\/planen-sie-ihre-reise\\\/#primaryimage\",\"url\":\"https:\\\/\\\/i0.wp.com\\\/visitcalvia.org\\\/wp-content\\\/uploads\\\/2020\\\/04\\\/atracciones-calvia01.jpg?fit=1800%2C1031&ssl=1\",\"contentUrl\":\"https:\\\/\\\/i0.wp.com\\\/visitcalvia.org\\\/wp-content\\\/uploads\\\/2020\\\/04\\\/atracciones-calvia01.jpg?fit=1800%2C1031&ssl=1\",\"width\":1800,\"height\":1031,\"caption\":\"Atracciones en Mallorca, western water park, parque acu\u00e1tico en Calvi\u00e0 Mallorca\"},{\"@type\":\"BreadcrumbList\",\"@id\":\"https:\\\/\\\/visitcalvia.org\\\/de\\\/planen-sie-ihre-reise\\\/#breadcrumb\",\"itemListElement\":[{\"@type\":\"ListItem\",\"position\":1,\"name\":\"Portada\",\"item\":\"https:\\\/\\\/visitcalvia.org\\\/de\\\/\"},{\"@type\":\"ListItem\",\"position\":2,\"name\":\"Planen Sie Ihre Reise\"}]},{\"@type\":\"WebSite\",\"@id\":\"https:\\\/\\\/visitcalvia.org\\\/de\\\/#website\",\"url\":\"https:\\\/\\\/visitcalvia.org\\\/de\\\/\",\"name\":\"visitcalvia\",\"description\":\"Vacaciones en Mallorca \u2013 Calvi\u00e0 m\u00faltiples destinos en uno s\u00f3lo lugar. Palmanova, Santa Pon\u00e7a, Magaluf, Peguera, Portals Nous, Costa d\u2019en Blanes, Cala Vinyes\",\"potentialAction\":[{\"@type\":\"SearchAction\",\"target\":{\"@type\":\"EntryPoint\",\"urlTemplate\":\"https:\\\/\\\/visitcalvia.org\\\/de\\\/?s={search_term_string}\"},\"query-input\":{\"@type\":\"PropertyValueSpecification\",\"valueRequired\":true,\"valueName\":\"search_term_string\"}}],\"inLanguage\":\"de\"}]}<\/script>\n<!-- \/ Yoast SEO plugin. -->","yoast_head_json":{"title":"Planen Sie Ihre Reise - Calvi\u00e0, variedad y calidad de opciones para todos","description":"Planen Sie Ihre Reise - Calvi\u00e0, variedad y calidad de opciones para toda la familia. Parques tem\u00e1ticos acu\u00e1ticos, de aventuras, festivales, mercados,...","robots":{"index":"index","follow":"follow","max-snippet":"max-snippet:-1","max-image-preview":"max-image-preview:large","max-video-preview":"max-video-preview:-1"},"canonical":"https:\/\/visitcalvia.org\/de\/planen-sie-ihre-reise\/","og_locale":"de_DE","og_type":"article","og_title":"Planen Sie Ihre Reise - Calvi\u00e0, variedad y calidad de opciones para todos","og_description":"Planen Sie Ihre Reise - Calvi\u00e0, variedad y calidad de opciones para toda la familia. Parques tem\u00e1ticos acu\u00e1ticos, de aventuras, festivales, mercados,...","og_url":"https:\/\/visitcalvia.org\/de\/planen-sie-ihre-reise\/","og_site_name":"visitcalvia","article_modified_time":"2023-05-16T09:30:09+00:00","og_image":[{"width":1800,"height":1031,"url":"https:\/\/visitcalvia.org\/wp-content\/uploads\/2020\/04\/atracciones-calvia01.jpg","type":"image\/jpeg"}],"twitter_card":"summary_large_image","twitter_misc":{"Gesch\u00e4tzte Lesezeit":"2\u00a0Minuten"},"schema":{"@context":"https:\/\/schema.org","@graph":[{"@type":"WebPage","@id":"https:\/\/visitcalvia.org\/de\/planen-sie-ihre-reise\/","url":"https:\/\/visitcalvia.org\/de\/planen-sie-ihre-reise\/","name":"Planen Sie Ihre Reise - Calvi\u00e0, variedad y calidad de opciones para todos","isPartOf":{"@id":"https:\/\/visitcalvia.org\/de\/#website"},"primaryImageOfPage":{"@id":"https:\/\/visitcalvia.org\/de\/planen-sie-ihre-reise\/#primaryimage"},"image":{"@id":"https:\/\/visitcalvia.org\/de\/planen-sie-ihre-reise\/#primaryimage"},"thumbnailUrl":"https:\/\/i0.wp.com\/visitcalvia.org\/wp-content\/uploads\/2020\/04\/atracciones-calvia01.jpg?fit=1800%2C1031&ssl=1","datePublished":"2020-04-07T10:38:31+00:00","dateModified":"2023-05-16T09:30:09+00:00","description":"Planen Sie Ihre Reise - Calvi\u00e0, variedad y calidad de opciones para toda la familia. Parques tem\u00e1ticos acu\u00e1ticos, de aventuras, festivales, mercados,...","breadcrumb":{"@id":"https:\/\/visitcalvia.org\/de\/planen-sie-ihre-reise\/#breadcrumb"},"inLanguage":"de","potentialAction":[{"@type":"ReadAction","target":["https:\/\/visitcalvia.org\/de\/planen-sie-ihre-reise\/"]}]},{"@type":"ImageObject","inLanguage":"de","@id":"https:\/\/visitcalvia.org\/de\/planen-sie-ihre-reise\/#primaryimage","url":"https:\/\/i0.wp.com\/visitcalvia.org\/wp-content\/uploads\/2020\/04\/atracciones-calvia01.jpg?fit=1800%2C1031&ssl=1","contentUrl":"https:\/\/i0.wp.com\/visitcalvia.org\/wp-content\/uploads\/2020\/04\/atracciones-calvia01.jpg?fit=1800%2C1031&ssl=1","width":1800,"height":1031,"caption":"Atracciones en Mallorca, western water park, parque acu\u00e1tico en Calvi\u00e0 Mallorca"},{"@type":"BreadcrumbList","@id":"https:\/\/visitcalvia.org\/de\/planen-sie-ihre-reise\/#breadcrumb","itemListElement":[{"@type":"ListItem","position":1,"name":"Portada","item":"https:\/\/visitcalvia.org\/de\/"},{"@type":"ListItem","position":2,"name":"Planen Sie Ihre Reise"}]},{"@type":"WebSite","@id":"https:\/\/visitcalvia.org\/de\/#website","url":"https:\/\/visitcalvia.org\/de\/","name":"visitcalvia","description":"Vacaciones en Mallorca \u2013 Calvi\u00e0 m\u00faltiples destinos en uno s\u00f3lo lugar. Palmanova, Santa Pon\u00e7a, Magaluf, Peguera, Portals Nous, Costa d\u2019en Blanes, Cala Vinyes","potentialAction":[{"@type":"SearchAction","target":{"@type":"EntryPoint","urlTemplate":"https:\/\/visitcalvia.org\/de\/?s={search_term_string}"},"query-input":{"@type":"PropertyValueSpecification","valueRequired":true,"valueName":"search_term_string"}}],"inLanguage":"de"}]}},"jetpack_likes_enabled":false,"jetpack_sharing_enabled":false,"jetpack_shortlink":"https:\/\/wp.me\/PbP1bo-3pe","amp_enabled":false,"_links":{"self":[{"href":"https:\/\/visitcalvia.org\/de\/wp-json\/wp\/v2\/pages\/13096","targetHints":{"allow":["GET"]}}],"collection":[{"href":"https:\/\/visitcalvia.org\/de\/wp-json\/wp\/v2\/pages"}],"about":[{"href":"https:\/\/visitcalvia.org\/de\/wp-json\/wp\/v2\/types\/page"}],"author":[{"embeddable":true,"href":"https:\/\/visitcalvia.org\/de\/wp-json\/wp\/v2\/users\/182516946"}],"replies":[{"embeddable":true,"href":"https:\/\/visitcalvia.org\/de\/wp-json\/wp\/v2\/comments?post=13096"}],"version-history":[{"count":8,"href":"https:\/\/visitcalvia.org\/de\/wp-json\/wp\/v2\/pages\/13096\/revisions"}],"predecessor-version":[{"id":23265,"href":"https:\/\/visitcalvia.org\/de\/wp-json\/wp\/v2\/pages\/13096\/revisions\/23265"}],"wp:featuredmedia":[{"embeddable":true,"href":"https:\/\/visitcalvia.org\/de\/wp-json\/wp\/v2\/media\/8084"}],"wp:attachment":[{"href":"https:\/\/visitcalvia.org\/de\/wp-json\/wp\/v2\/media?parent=13096"}],"curies":[{"name":"wp","href":"https:\/\/api.w.org\/{rel}","templated":true}]}}