{"id":13114,"date":"2020-06-16T11:04:23","date_gmt":"2020-06-16T09:04:23","guid":{"rendered":"https:\/\/visitcalvia.org\/alojamientos\/"},"modified":"2021-01-27T12:46:36","modified_gmt":"2021-01-27T11:46:36","slug":"unterkunftsmoeglichkeiten","status":"publish","type":"page","link":"https:\/\/visitcalvia.org\/de\/unterkunftsmoeglichkeiten\/","title":{"rendered":"Unterkunftsm\u00f6glichkeiten"},"content":{"rendered":"<div class=\"wpb-content-wrapper\"><p>[vc_row content_placement=&#8220;middle&#8220; content_text_aligment=&#8220;center&#8220; css=&#8220;.vc_custom_1594896402372{padding-top: 81px !important;background-image: url(<a href=\"https:\/\/visitcalvia.org\/wp-content\/uploads\/2020\/07\/Hotel-Magaluf.jpg?id=12494\">https:\/\/visitcalvia.org\/wp-content\/uploads\/2020\/07\/Hotel-Magaluf.jpg?id=12494<\/a>) !important;background-position: center !important;background-repeat: no-repeat !important;background-size: cover !important;}&#8220; simple_background_color=&#8220;#ffffff&#8220;][vc_column]<div class=\"qodef-elements-holder   qodef-one-column  qodef-responsive-mode-768 \" ><div class=\"qodef-eh-item     \"  data-item-class=\"qodef-eh-custom-8034\" data-1024-1280=\"0 21%\" data-768-1024=\"0 12%\" data-680-768=\"0 0\" data-680=\"0 0\">\n\t<div class=\"qodef-eh-item-inner\">\n\t\t<div class=\"qodef-eh-item-content qodef-eh-custom-8034\" style=\"padding: 0 25%\">\n\t\t\t<div class=\"qodef-section-title-holder  qodef-st-standard qodef-st-title-left qodef-st-normal-space qodef-st-disable-title-break \" >\n\t<div class=\"qodef-st-inner\">\n\t\t\t\t\t<h2 class=\"qodef-st-title\" style=\"color: #ffffff\">\n\t\t\t\t<span class=\"qodef-st-title-bold\">Unterkunftsm\u00f6glichkeiten<\/span> Calvi\u00e0\t\t\t<\/h2>\n\t\t\t\t\t<\/div>\n<\/div>[vc_empty_space height=&#8220;96px&#8220;]\t\t<\/div>\n\t<\/div>\n\t<\/div><\/div>[\/vc_column][\/vc_row][vc_row row_content_width=&#8220;grid&#8220;][vc_column][vc_empty_space height=&#8220;40px&#8220;]<div class=\"qodef-section-title-holder  qodef-st-standard qodef-st-title-left qodef-st-normal-space qodef-st-disable-title-break \" >\n\t<div class=\"qodef-st-inner\">\n\t\t\t\t\t<h2 class=\"qodef-st-title\" style=\"color: #0a0a0a\">\n\t\t\t\tEntdecken Sie alle<br \/> <span class=\"qodef-st-title-bold\">UNTERKUNFTSM\u00d6GLICHKEITEN<\/span> in <span class=\"qodef-st-title-bold\">Calvi\u00e0<\/span>\t\t\t<\/h2>\n\t\t\t\t\t<\/div>\n<\/div>[vc_empty_space height=&#8220;20px&#8220;][vc_row_inner][vc_column_inner width=&#8220;1\/3&#8243;][vc_empty_space height=&#8220;20px&#8220;][vc_column_text]<span style=\"font-weight: 400;\">Sie suchen Hotels auf Mallorca? &#8211; Calvi\u00e0 verf\u00fcgt \u00fcber das beste Unterkunftsangebot auf der Insel. <a href=\"https:\/\/visitcalvia.org\/palmanova\/\">Palmanova<\/a>, <a href=\"https:\/\/visitcalvia.org\/magaluf\/\">Magaluf<\/a>, <a href=\"https:\/\/visitcalvia.org\/santaponsa\/\">Santa Pon\u00e7a<\/a>, <a href=\"https:\/\/visitcalvia.org\/peguera\/\">Peguera<\/a>, <a href=\"https:\/\/visitcalvia.org\/portalsnous\/\">Portals Nous<\/a>, <a href=\"https:\/\/visitcalvia.org\/calavinyes\/\">Cala Vinyes<\/a>, Torrenova, <a href=\"https:\/\/visitcalvia.org\/cala-fornells\/\">Cala Fornells<\/a>, <a href=\"https:\/\/visitcalvia.org\/costadelacalma\/\">Costa de la Calma<\/a>, <a href=\"https:\/\/visitcalvia.org\/eltoro\/\">el Toro<\/a>, <a href=\"https:\/\/visitcalvia.org\/ses-illetes\/\">Ses Illetes<\/a>, das sind einige der Gegenden, in denen sich die Mehrzahl der Fremdenverkehrsunterk\u00fcnfte konzentriert.\u00a0<\/span><\/p>\n<p><span style=\"font-weight: 400;\">Der Katalog von Unterk\u00fcnften, den <a href=\"https:\/\/www.calvia.com\">Calvi\u00e0<\/a> dem Besucher anbietet, f\u00e4llt nicht nur wegen seines Umfangs auf, sondern auch wegen der Qualit\u00e4t seines Hotelangebots, bestehend aus 40 H\u00e4usern mit vier Sternen, 8 Hotels mit vier Sternen Superior und 8 Hotels mit 5 Sternen.<\/span><\/p>\n<div class=\"qodef-row-grid-section-wrapper \">\n<div class=\"qodef-row-grid-section\">\n<div class=\"vc_row wpb_row vc_row-fluid vc_custom_1590049337756\">\n<div class=\"wpb_column vc_column_container vc_col-sm-3\">\n<div class=\"vc_column-inner\">\n<div class=\"wpb_wrapper\">\n<div class=\"wpb_text_column wpb_content_element \">\n<div class=\"wpb_wrapper\"><\/div>\n<\/div>\n<\/div>\n<\/div>\n<\/div>\n<\/div>\n<\/div>\n<\/div>\n<p>[\/vc_column_text][\/vc_column_inner][vc_column_inner width=&#8220;2\/3&#8243;][vc_video link=&#8220;<a href=\"https:\/\/www.youtube.com\/watch?v=1n3ScMx1Pxs&#8220;%5D%5Bvc_empty_space\" rel=\"nofollow\">https:\/\/www.youtube.com\/watch?v=1n3ScMx1Pxs&#8220;%5D%5Bvc_empty_space<\/a> height=&#8220;20px&#8220;][\/vc_column_inner][\/vc_row_inner][vc_empty_space height=&#8220;30px&#8220;][\/vc_column][\/vc_row][vc_row row_content_width=&#8220;grid&#8220; css=&#8220;.vc_custom_1585726577981{padding-top: 20px !important;padding-bottom: 30px !important;}&#8220;][vc_column][vc_column_text]<\/p>\n<h2 style=\"font-size: 25px; margin-bottom: -8px; text-align: center;\"><strong>GR\u00dcNDE<\/strong>, um Unterkunft in Calvi\u00e0 zu nehmen<\/h2>\n<p style=\"text-align: center;\"><em><span class=\"change-second-color\" style=\"color: #f5031a; font-family: Montserrat;\">Hotels auf Mallorca \u2013 W\u00e4hlen Sie Calvi\u00e0<\/span><\/em><\/p>\n<p>[\/vc_column_text][\/vc_column][\/vc_row][vc_row row_content_width=&#8220;grid&#8220; css=&#8220;.vc_custom_1590049337756{padding-bottom: 30px !important;}&#8220;][vc_column width=&#8220;1\/4&#8243;][vc_column_text]<\/p>\n<h5><strong><img data-recalc-dims=\"1\" decoding=\"async\" class=\"alignleft wp-image-7643\" src=\"https:\/\/i0.wp.com\/visitcalvia.org\/wp-content\/uploads\/2020\/05\/01-iconos-mice.jpg?resize=80%2C73&#038;ssl=1\" alt=\"Hoteles en Mallorca , hotels in Mallorca , Hotels a Mallorca , flight to Mallorca\" width=\"80\" height=\"73\" srcset=\"https:\/\/i0.wp.com\/visitcalvia.org\/wp-content\/uploads\/2020\/05\/01-iconos-mice.jpg?w=179&amp;ssl=1 179w, https:\/\/i0.wp.com\/visitcalvia.org\/wp-content\/uploads\/2020\/05\/01-iconos-mice.jpg?resize=150%2C137&amp;ssl=1 150w, https:\/\/i0.wp.com\/visitcalvia.org\/wp-content\/uploads\/2020\/05\/01-iconos-mice.jpg?resize=64%2C58&amp;ssl=1 64w\" sizes=\"(max-width: 80px) 100vw, 80px\" \/><\/strong><\/h5>\n<p><span style=\"font-weight: 400;\"><strong>20 Minuten<\/strong> bis zum Flughafen und zum Zentrum von Palma<\/span>[\/vc_column_text][\/vc_column][vc_column width=&#8220;1\/4&#8243;][vc_column_text]<\/p>\n<h5><strong><img data-recalc-dims=\"1\" decoding=\"async\" class=\"alignleft wp-image-7647\" src=\"https:\/\/i0.wp.com\/visitcalvia.org\/wp-content\/uploads\/2020\/05\/02-iconos-mice.jpg?resize=80%2C73&#038;ssl=1\" alt=\"Hoteles en Mallorca , hotels in Mallorca , Hotels a Mallorca , Calvi\u00e0 more than 300 days of sun\" width=\"80\" height=\"73\" srcset=\"https:\/\/i0.wp.com\/visitcalvia.org\/wp-content\/uploads\/2020\/05\/02-iconos-mice.jpg?w=179&amp;ssl=1 179w, https:\/\/i0.wp.com\/visitcalvia.org\/wp-content\/uploads\/2020\/05\/02-iconos-mice.jpg?resize=150%2C137&amp;ssl=1 150w, https:\/\/i0.wp.com\/visitcalvia.org\/wp-content\/uploads\/2020\/05\/02-iconos-mice.jpg?resize=64%2C58&amp;ssl=1 64w\" sizes=\"(max-width: 80px) 100vw, 80px\" \/><\/strong><\/h5>\n<p><span style=\"font-weight: 400;\"><strong>Fantastisches Klima<\/strong>: 300 Sonnentage im Jahr und ein mildes Mittelmeerklima<\/span>[\/vc_column_text][\/vc_column][vc_column width=&#8220;1\/4&#8243;][vc_column_text]<\/p>\n<h5><strong><img data-recalc-dims=\"1\" decoding=\"async\" class=\"alignleft wp-image-7651\" src=\"https:\/\/i0.wp.com\/visitcalvia.org\/wp-content\/uploads\/2020\/05\/03-iconos-mice.jpg?resize=80%2C73&#038;ssl=1\" alt=\"Hoteles en Mallorca , hotels in Mallorca , Hotels a Mallorca , quality services\" width=\"80\" height=\"73\" srcset=\"https:\/\/i0.wp.com\/visitcalvia.org\/wp-content\/uploads\/2020\/05\/03-iconos-mice.jpg?w=179&amp;ssl=1 179w, https:\/\/i0.wp.com\/visitcalvia.org\/wp-content\/uploads\/2020\/05\/03-iconos-mice.jpg?resize=150%2C137&amp;ssl=1 150w, https:\/\/i0.wp.com\/visitcalvia.org\/wp-content\/uploads\/2020\/05\/03-iconos-mice.jpg?resize=64%2C58&amp;ssl=1 64w\" sizes=\"(max-width: 80px) 100vw, 80px\" \/><\/strong><\/h5>\n<p><span style=\"font-weight: 400;\">Erstklassiger <strong>Service<\/strong><\/span>[\/vc_column_text][\/vc_column][vc_column width=&#8220;1\/4&#8243;][vc_column_text]<\/p>\n<h5><strong><img data-recalc-dims=\"1\" decoding=\"async\" class=\"alignleft wp-image-7655\" src=\"https:\/\/i0.wp.com\/visitcalvia.org\/wp-content\/uploads\/2020\/05\/04-iconos-mice.jpg?resize=80%2C73&#038;ssl=1\" alt=\"Hoteles en Mallorca , hotels in Mallorca , Hotels a Mallorca\" width=\"80\" height=\"73\" srcset=\"https:\/\/i0.wp.com\/visitcalvia.org\/wp-content\/uploads\/2020\/05\/04-iconos-mice.jpg?w=179&amp;ssl=1 179w, https:\/\/i0.wp.com\/visitcalvia.org\/wp-content\/uploads\/2020\/05\/04-iconos-mice.jpg?resize=150%2C137&amp;ssl=1 150w, https:\/\/i0.wp.com\/visitcalvia.org\/wp-content\/uploads\/2020\/05\/04-iconos-mice.jpg?resize=64%2C58&amp;ssl=1 64w\" sizes=\"(max-width: 80px) 100vw, 80px\" \/><\/strong><\/h5>\n<p><span style=\"font-weight: 400;\"><strong>Moderne<\/strong> Infrastrukturen<\/span>[\/vc_column_text][\/vc_column][\/vc_row][vc_row row_content_width=&#8220;grid&#8220; css=&#8220;.vc_custom_1590049337756{padding-bottom: 30px !important;}&#8220;][vc_column width=&#8220;1\/4&#8243;][vc_column_text]<\/p>\n<h5><strong><img data-recalc-dims=\"1\" decoding=\"async\" class=\"alignleft wp-image-7659\" src=\"https:\/\/i0.wp.com\/visitcalvia.org\/wp-content\/uploads\/2020\/05\/05-iconos-mice.jpg?resize=80%2C73&#038;ssl=1\" alt=\"Hoteles en Mallorca , hotels in Mallorca , Hotels a Mallorca\" width=\"80\" height=\"73\" srcset=\"https:\/\/i0.wp.com\/visitcalvia.org\/wp-content\/uploads\/2020\/05\/05-iconos-mice.jpg?w=179&amp;ssl=1 179w, https:\/\/i0.wp.com\/visitcalvia.org\/wp-content\/uploads\/2020\/05\/05-iconos-mice.jpg?resize=150%2C137&amp;ssl=1 150w, https:\/\/i0.wp.com\/visitcalvia.org\/wp-content\/uploads\/2020\/05\/05-iconos-mice.jpg?resize=64%2C58&amp;ssl=1 64w\" sizes=\"(max-width: 80px) 100vw, 80px\" \/><\/strong><\/h5>\n<p><span style=\"font-weight: 400;\"><strong>Installationen<\/strong> f\u00fcr alle Arten von Firmenveranstaltungen<\/span>[\/vc_column_text][\/vc_column][vc_column width=&#8220;1\/4&#8243;][vc_column_text]<\/p>\n<h5><strong><img data-recalc-dims=\"1\" decoding=\"async\" class=\"alignleft wp-image-7663\" src=\"https:\/\/i0.wp.com\/visitcalvia.org\/wp-content\/uploads\/2020\/05\/06-iconos-mice.jpg?resize=80%2C73&#038;ssl=1\" alt=\"Hoteles en Mallorca , hotels in Mallorca , Hotels a Mallorca\" width=\"80\" height=\"73\" srcset=\"https:\/\/i0.wp.com\/visitcalvia.org\/wp-content\/uploads\/2020\/05\/06-iconos-mice.jpg?w=179&amp;ssl=1 179w, https:\/\/i0.wp.com\/visitcalvia.org\/wp-content\/uploads\/2020\/05\/06-iconos-mice.jpg?resize=150%2C137&amp;ssl=1 150w, https:\/\/i0.wp.com\/visitcalvia.org\/wp-content\/uploads\/2020\/05\/06-iconos-mice.jpg?resize=64%2C58&amp;ssl=1 64w\" sizes=\"(max-width: 80px) 100vw, 80px\" \/><\/strong><\/h5>\n<p><span style=\"font-weight: 400;\">Diverse <strong>Unterk\u00fcnfte<\/strong> mit Qualit\u00e4t<\/span>[\/vc_column_text][\/vc_column][vc_column width=&#8220;1\/4&#8243;][vc_column_text]<\/p>\n<h5><strong><img data-recalc-dims=\"1\" decoding=\"async\" class=\"alignleft wp-image-7667\" src=\"https:\/\/i0.wp.com\/visitcalvia.org\/wp-content\/uploads\/2020\/05\/07-iconos-mice.jpg?resize=80%2C73&#038;ssl=1\" alt=\"Hoteles en Mallorca , hotels in Mallorca , Hotels a Mallorca\" width=\"80\" height=\"73\" srcset=\"https:\/\/i0.wp.com\/visitcalvia.org\/wp-content\/uploads\/2020\/05\/07-iconos-mice.jpg?w=179&amp;ssl=1 179w, https:\/\/i0.wp.com\/visitcalvia.org\/wp-content\/uploads\/2020\/05\/07-iconos-mice.jpg?resize=150%2C137&amp;ssl=1 150w, https:\/\/i0.wp.com\/visitcalvia.org\/wp-content\/uploads\/2020\/05\/07-iconos-mice.jpg?resize=64%2C58&amp;ssl=1 64w\" sizes=\"(max-width: 80px) 100vw, 80px\" \/><\/strong><\/h5>\n<p><span style=\"font-weight: 400;\">Ideales <strong>Naturszenarium<\/strong> f\u00fcr Inzentivreisen<\/span>[\/vc_column_text][\/vc_column][vc_column width=&#8220;1\/4&#8243;][vc_column_text]<\/p>\n<h5><strong><img data-recalc-dims=\"1\" decoding=\"async\" class=\"alignleft wp-image-7671\" src=\"https:\/\/i0.wp.com\/visitcalvia.org\/wp-content\/uploads\/2020\/05\/08-iconos-mice.jpg?resize=80%2C73&#038;ssl=1\" alt=\"Hoteles en Mallorca , hotels in Mallorca , Hotels a Mallorca\" width=\"80\" height=\"73\" srcset=\"https:\/\/i0.wp.com\/visitcalvia.org\/wp-content\/uploads\/2020\/05\/08-iconos-mice.jpg?w=179&amp;ssl=1 179w, https:\/\/i0.wp.com\/visitcalvia.org\/wp-content\/uploads\/2020\/05\/08-iconos-mice.jpg?resize=150%2C137&amp;ssl=1 150w, https:\/\/i0.wp.com\/visitcalvia.org\/wp-content\/uploads\/2020\/05\/08-iconos-mice.jpg?resize=64%2C58&amp;ssl=1 64w\" sizes=\"(max-width: 80px) 100vw, 80px\" \/><\/strong><\/h5>\n<p><span style=\"font-weight: 400;\">Exzellentes <strong>gastronomisches Angebot<\/strong><\/span>[\/vc_column_text][\/vc_column][\/vc_row][vc_row row_content_width=&#8220;grid&#8220;][vc_column][vc_empty_space height=&#8220;30px&#8220;][vc_separator border_width=&#8220;2&#8243; el_width=&#8220;20&#8243;][\/vc_column][\/vc_row][vc_row row_content_width=&#8220;grid&#8220; css=&#8220;.vc_custom_1585726577981{padding-top: 20px !important;padding-bottom: 30px !important;}&#8220;][vc_column][vc_empty_space height=&#8220;40px&#8220;]<div class=\"qodef-section-title-holder  qodef-st-standard qodef-st-title-left qodef-st-normal-space qodef-st-disable-title-break \" >\n\t<div class=\"qodef-st-inner\">\n\t\t\t\t\t<h3 class=\"qodef-st-title\" style=\"color: #0a0a0a\">\n\t\t\t\t<span class=\"qodef-st-title-bold\">HOTELS<\/span> in <span class=\"qodef-st-title-bold\">den<\/span><br \/> Bereichen:\t\t\t<\/h3>\n\t\t\t\t\t<\/div>\n<\/div>[vc_empty_space height=&#8220;30px&#8220;][vc_separator border_width=&#8220;2&#8243; el_width=&#8220;80&#8243;][\/vc_column][\/vc_row][vc_row gap=&#8220;25&#8243;][vc_column width=&#8220;1\/3&#8243;][vc_row_inner css=&#8220;.vc_custom_1592304079354{padding-left: 20px !important;}&#8220;][vc_column_inner width=&#8220;1\/2&#8243;]<div class=\"qodef-banner-holder  qodef-simple qodef-banner-info-default\">\n    <div class=\"qodef-banner-image\">\n        <img decoding=\"async\" width=\"600\" height=\"600\" src=\"https:\/\/i0.wp.com\/visitcalvia.org\/wp-content\/uploads\/2020\/06\/01-BARCELO%CC%81-ILLETAS-ALBATROS.png?fit=600%2C600&amp;ssl=1\" class=\"attachment-full size-full\" alt=\"Hoteles en Mallorca , hotels in Mallorca , Hotels a Mallorca, Accommodation in Mallorca Illetes, Alojamiento en Mallorca Illetas\" data-attachment-id=\"10138\" data-permalink=\"https:\/\/visitcalvia.org\/de\/01-barcelo-illetas-albatros\/\" data-orig-file=\"https:\/\/i0.wp.com\/visitcalvia.org\/wp-content\/uploads\/2020\/06\/01-BARCELO%CC%81-ILLETAS-ALBATROS.png?fit=600%2C600&amp;ssl=1\" data-orig-size=\"600,600\" data-comments-opened=\"1\" data-image-meta=\"{&quot;aperture&quot;:&quot;0&quot;,&quot;credit&quot;:&quot;&quot;,&quot;camera&quot;:&quot;&quot;,&quot;caption&quot;:&quot;&quot;,&quot;created_timestamp&quot;:&quot;0&quot;,&quot;copyright&quot;:&quot;&quot;,&quot;focal_length&quot;:&quot;0&quot;,&quot;iso&quot;:&quot;0&quot;,&quot;shutter_speed&quot;:&quot;0&quot;,&quot;title&quot;:&quot;&quot;,&quot;orientation&quot;:&quot;0&quot;}\" data-image-title=\"01-BARCELO\u0301 ILLETAS ALBATROS\" data-image-description=\"\" data-image-caption=\"\" data-large-file=\"https:\/\/i0.wp.com\/visitcalvia.org\/wp-content\/uploads\/2020\/06\/01-BARCELO%CC%81-ILLETAS-ALBATROS.png?fit=600%2C600&amp;ssl=1\" \/>    <\/div>\n    <div class=\"qodef-banner-text-holder\" >\n\t    <div class=\"qodef-banner-text-outer\">\n\t\t    <div class=\"qodef-banner-text-inner\">\n\t\t        \t\t        \t\t\t<\/div>\n\t\t<\/div>\n\t<\/div>\n\t        <a itemprop=\"url\" class=\"qodef-banner-link\" href=\"https:\/\/visitcalvia.org\/alojamientos-cas-catala-illetas-portals-nous-costa-den-blanes\/\" target=\"_blank\"><\/a>\n    <\/div>[\/vc_column_inner][vc_column_inner width=&#8220;1\/2&#8243;][vc_column_text]<\/p>\n<h4><strong>Cas Catal\u00e0, Ses Illetes, Portals Nous, Costa d\u2019En Blanes<\/strong><\/h4>\n<p>[\/vc_column_text]<div class=\"qodef-progress-bar custom-progress\">\n\t<h4 class=\"qodef-pb-title-holder\" style=\"color: #000000\">\n\t\t<span class=\"qodef-pb-title\">Unterkunft<\/span>\n\t\t<span class=\"qodef-pb-percent\">0<\/span>\n\t<\/h4>\n\t<div class=\"qodef-pb-content-holder\" style=\"background-color: #35a992\">\n\t\t<div data-percentage=22 class=\"qodef-pb-content\" style=\"background-color: #2f2f2f\"><\/div>\n\t<\/div>\n<\/div><a itemprop=\"url\" href=\"https:\/\/visitcalvia.org\/de\/unterkuenfte-in-cas-catala-ses-illetas-portals-nous-und-costa-den-blanes\/\" target=\"_self\" style=\"text-transform: capitalize\" class=\"qodef-btn qodef-btn-small qodef-btn-solid qodef-btn-icon\"  >\n    <span class=\"qodef-btn-text\">Mehr sehen<\/span>\n    <span aria-hidden=\"true\" class=\"qodef-icon-font-elegant arrow_carrot-right_alt2 \" ><\/span><\/a>[\/vc_column_inner][\/vc_row_inner][\/vc_column][vc_column width=&#8220;1\/3&#8243;][vc_row_inner css=&#8220;.vc_custom_1592304079354{padding-left: 20px !important;}&#8220;][vc_column_inner width=&#8220;1\/2&#8243;]<div class=\"qodef-banner-holder  qodef-simple qodef-banner-info-default\">\n    <div class=\"qodef-banner-image\">\n        <img decoding=\"async\" width=\"600\" height=\"600\" src=\"https:\/\/i0.wp.com\/visitcalvia.org\/wp-content\/uploads\/2020\/06\/zafiro-palace-palmanova.jpg?fit=600%2C600&amp;ssl=1\" class=\"attachment-full size-full\" alt=\"\" srcset=\"https:\/\/i0.wp.com\/visitcalvia.org\/wp-content\/uploads\/2020\/06\/zafiro-palace-palmanova.jpg?w=600&amp;ssl=1 600w, https:\/\/i0.wp.com\/visitcalvia.org\/wp-content\/uploads\/2020\/06\/zafiro-palace-palmanova.jpg?resize=300%2C300&amp;ssl=1 300w, https:\/\/i0.wp.com\/visitcalvia.org\/wp-content\/uploads\/2020\/06\/zafiro-palace-palmanova.jpg?resize=150%2C150&amp;ssl=1 150w, https:\/\/i0.wp.com\/visitcalvia.org\/wp-content\/uploads\/2020\/06\/zafiro-palace-palmanova.jpg?resize=400%2C400&amp;ssl=1 400w, https:\/\/i0.wp.com\/visitcalvia.org\/wp-content\/uploads\/2020\/06\/zafiro-palace-palmanova.jpg?resize=200%2C200&amp;ssl=1 200w, https:\/\/i0.wp.com\/visitcalvia.org\/wp-content\/uploads\/2020\/06\/zafiro-palace-palmanova.jpg?resize=550%2C550&amp;ssl=1 550w, https:\/\/i0.wp.com\/visitcalvia.org\/wp-content\/uploads\/2020\/06\/zafiro-palace-palmanova.jpg?resize=50%2C50&amp;ssl=1 50w, https:\/\/i0.wp.com\/visitcalvia.org\/wp-content\/uploads\/2020\/06\/zafiro-palace-palmanova.jpg?resize=500%2C500&amp;ssl=1 500w, https:\/\/i0.wp.com\/visitcalvia.org\/wp-content\/uploads\/2020\/06\/zafiro-palace-palmanova.jpg?resize=100%2C100&amp;ssl=1 100w, https:\/\/i0.wp.com\/visitcalvia.org\/wp-content\/uploads\/2020\/06\/zafiro-palace-palmanova.jpg?resize=64%2C64&amp;ssl=1 64w\" sizes=\"(max-width: 600px) 100vw, 600px\" data-attachment-id=\"10684\" data-permalink=\"https:\/\/visitcalvia.org\/de\/zafiro-palace-palmanova\/\" data-orig-file=\"https:\/\/i0.wp.com\/visitcalvia.org\/wp-content\/uploads\/2020\/06\/zafiro-palace-palmanova.jpg?fit=600%2C600&amp;ssl=1\" data-orig-size=\"600,600\" data-comments-opened=\"1\" data-image-meta=\"{&quot;aperture&quot;:&quot;0&quot;,&quot;credit&quot;:&quot;&quot;,&quot;camera&quot;:&quot;&quot;,&quot;caption&quot;:&quot;&quot;,&quot;created_timestamp&quot;:&quot;0&quot;,&quot;copyright&quot;:&quot;&quot;,&quot;focal_length&quot;:&quot;0&quot;,&quot;iso&quot;:&quot;0&quot;,&quot;shutter_speed&quot;:&quot;0&quot;,&quot;title&quot;:&quot;&quot;,&quot;orientation&quot;:&quot;1&quot;}\" data-image-title=\"zafiro-palace-palmanova:\" data-image-description=\"\" data-image-caption=\"\" data-large-file=\"https:\/\/i0.wp.com\/visitcalvia.org\/wp-content\/uploads\/2020\/06\/zafiro-palace-palmanova.jpg?fit=600%2C600&amp;ssl=1\" \/>    <\/div>\n    <div class=\"qodef-banner-text-holder\" >\n\t    <div class=\"qodef-banner-text-outer\">\n\t\t    <div class=\"qodef-banner-text-inner\">\n\t\t        \t\t        \t\t\t<\/div>\n\t\t<\/div>\n\t<\/div>\n\t        <a itemprop=\"url\" class=\"qodef-banner-link\" href=\"https:\/\/visitcalvia.org\/alojamientos-palmanova-torrenova-magaluf-cala-vinyes\/\" target=\"_blank\"><\/a>\n    <\/div>[\/vc_column_inner][vc_column_inner width=&#8220;1\/2&#8243;][vc_column_text]<\/p>\n<h4><strong>Palmanova, Torrenova, Magaluf, Cala Vinyes<\/strong><\/h4>\n<p>[\/vc_column_text]<div class=\"qodef-progress-bar custom-progress\">\n\t<h4 class=\"qodef-pb-title-holder\" style=\"color: #000000\">\n\t\t<span class=\"qodef-pb-title\">Unterkunft<\/span>\n\t\t<span class=\"qodef-pb-percent\">0<\/span>\n\t<\/h4>\n\t<div class=\"qodef-pb-content-holder\" style=\"background-color: #35a992\">\n\t\t<div data-percentage=88 class=\"qodef-pb-content\" style=\"background-color: #2f2f2f\"><\/div>\n\t<\/div>\n<\/div><a itemprop=\"url\" href=\"https:\/\/visitcalvia.org\/de\/unterkuenfte-in-palmanova-torrenova-magaluf-und-cala-vinyes\/\" target=\"_self\" style=\"text-transform: capitalize\" class=\"qodef-btn qodef-btn-small qodef-btn-solid qodef-btn-icon\"  >\n    <span class=\"qodef-btn-text\">Mehr sehen<\/span>\n    <span aria-hidden=\"true\" class=\"qodef-icon-font-elegant arrow_carrot-right_alt2 \" ><\/span><\/a>[\/vc_column_inner][\/vc_row_inner][\/vc_column][vc_column width=&#8220;1\/3&#8243;][vc_row_inner css=&#8220;.vc_custom_1592304079354{padding-left: 20px !important;}&#8220;][vc_column_inner width=&#8220;1\/2&#8243;]<div class=\"qodef-banner-holder  qodef-simple qodef-banner-info-default\">\n    <div class=\"qodef-banner-image\">\n        <img decoding=\"async\" width=\"600\" height=\"600\" src=\"https:\/\/i0.wp.com\/visitcalvia.org\/wp-content\/uploads\/2020\/06\/GLOBALES-PALMANOVA-PALACE.png?fit=600%2C600&amp;ssl=1\" class=\"attachment-full size-full\" alt=\"Hotel Palmanova palace , alojamientos en Mallorca, Accomodations in Majorca , hotels in Majorca\" srcset=\"https:\/\/i0.wp.com\/visitcalvia.org\/wp-content\/uploads\/2020\/06\/GLOBALES-PALMANOVA-PALACE.png?w=600&amp;ssl=1 600w, https:\/\/i0.wp.com\/visitcalvia.org\/wp-content\/uploads\/2020\/06\/GLOBALES-PALMANOVA-PALACE.png?resize=300%2C300&amp;ssl=1 300w, https:\/\/i0.wp.com\/visitcalvia.org\/wp-content\/uploads\/2020\/06\/GLOBALES-PALMANOVA-PALACE.png?resize=150%2C150&amp;ssl=1 150w, https:\/\/i0.wp.com\/visitcalvia.org\/wp-content\/uploads\/2020\/06\/GLOBALES-PALMANOVA-PALACE.png?resize=400%2C400&amp;ssl=1 400w, https:\/\/i0.wp.com\/visitcalvia.org\/wp-content\/uploads\/2020\/06\/GLOBALES-PALMANOVA-PALACE.png?resize=200%2C200&amp;ssl=1 200w, https:\/\/i0.wp.com\/visitcalvia.org\/wp-content\/uploads\/2020\/06\/GLOBALES-PALMANOVA-PALACE.png?resize=550%2C550&amp;ssl=1 550w, https:\/\/i0.wp.com\/visitcalvia.org\/wp-content\/uploads\/2020\/06\/GLOBALES-PALMANOVA-PALACE.png?resize=50%2C50&amp;ssl=1 50w, https:\/\/i0.wp.com\/visitcalvia.org\/wp-content\/uploads\/2020\/06\/GLOBALES-PALMANOVA-PALACE.png?resize=500%2C500&amp;ssl=1 500w, https:\/\/i0.wp.com\/visitcalvia.org\/wp-content\/uploads\/2020\/06\/GLOBALES-PALMANOVA-PALACE.png?resize=100%2C100&amp;ssl=1 100w, https:\/\/i0.wp.com\/visitcalvia.org\/wp-content\/uploads\/2020\/06\/GLOBALES-PALMANOVA-PALACE.png?resize=64%2C64&amp;ssl=1 64w\" sizes=\"(max-width: 600px) 100vw, 600px\" data-attachment-id=\"10493\" data-permalink=\"https:\/\/visitcalvia.org\/de\/globales-palmanova-palace\/\" data-orig-file=\"https:\/\/i0.wp.com\/visitcalvia.org\/wp-content\/uploads\/2020\/06\/GLOBALES-PALMANOVA-PALACE.png?fit=600%2C600&amp;ssl=1\" data-orig-size=\"600,600\" data-comments-opened=\"1\" data-image-meta=\"{&quot;aperture&quot;:&quot;0&quot;,&quot;credit&quot;:&quot;&quot;,&quot;camera&quot;:&quot;&quot;,&quot;caption&quot;:&quot;&quot;,&quot;created_timestamp&quot;:&quot;0&quot;,&quot;copyright&quot;:&quot;&quot;,&quot;focal_length&quot;:&quot;0&quot;,&quot;iso&quot;:&quot;0&quot;,&quot;shutter_speed&quot;:&quot;0&quot;,&quot;title&quot;:&quot;&quot;,&quot;orientation&quot;:&quot;0&quot;}\" data-image-title=\"GLOBALES PALMANOVA PALACE\" data-image-description=\"\" data-image-caption=\"\" data-large-file=\"https:\/\/i0.wp.com\/visitcalvia.org\/wp-content\/uploads\/2020\/06\/GLOBALES-PALMANOVA-PALACE.png?fit=600%2C600&amp;ssl=1\" \/>    <\/div>\n    <div class=\"qodef-banner-text-holder\" >\n\t    <div class=\"qodef-banner-text-outer\">\n\t\t    <div class=\"qodef-banner-text-inner\">\n\t\t        \t\t        \t\t\t<\/div>\n\t\t<\/div>\n\t<\/div>\n\t        <a itemprop=\"url\" class=\"qodef-banner-link\" href=\"https:\/\/visitcalvia.org\/alojamientos-santa-ponc%cc%a7a-el-toro-costa-de-la-calma\/\" target=\"_blank\"><\/a>\n    <\/div>[\/vc_column_inner][vc_column_inner width=&#8220;1\/2&#8243;][vc_column_text]<\/p>\n<h4><strong>Santa Pon\u00e7a,\u00a0 El Toro,\u00a0 Costa de la Calma<\/strong><\/h4>\n<p>[\/vc_column_text]<div class=\"qodef-progress-bar custom-progress\">\n\t<h4 class=\"qodef-pb-title-holder\" style=\"color: #000000\">\n\t\t<span class=\"qodef-pb-title\">Unterkunft<\/span>\n\t\t<span class=\"qodef-pb-percent\">0<\/span>\n\t<\/h4>\n\t<div class=\"qodef-pb-content-holder\" style=\"background-color: #35a992\">\n\t\t<div data-percentage=37 class=\"qodef-pb-content\" style=\"background-color: #2f2f2f\"><\/div>\n\t<\/div>\n<\/div><a itemprop=\"url\" href=\"https:\/\/visitcalvia.org\/de\/unterkuenfte-in-santa-ponca-el-toro-und-costa-de-la-calma\/\" target=\"_self\" style=\"text-transform: capitalize\" class=\"qodef-btn qodef-btn-small qodef-btn-solid qodef-btn-icon\"  >\n    <span class=\"qodef-btn-text\">Mehr sehen<\/span>\n    <span aria-hidden=\"true\" class=\"qodef-icon-font-elegant arrow_carrot-right_alt2 \" ><\/span><\/a>[\/vc_column_inner][\/vc_row_inner][\/vc_column][\/vc_row][vc_row gap=&#8220;25&#8243;][vc_column width=&#8220;1\/3&#8243;][vc_row_inner css=&#8220;.vc_custom_1592304079354{padding-left: 20px !important;}&#8220;][vc_column_inner width=&#8220;1\/2&#8243;]<div class=\"qodef-banner-holder  qodef-simple qodef-banner-info-default\">\n    <div class=\"qodef-banner-image\">\n        <img decoding=\"async\" width=\"600\" height=\"600\" src=\"https:\/\/i0.wp.com\/visitcalvia.org\/wp-content\/uploads\/2020\/06\/RIU-PALACE-BONANZA-PLAYA.png?fit=600%2C600&amp;ssl=1\" class=\"attachment-full size-full\" alt=\"\" srcset=\"https:\/\/i0.wp.com\/visitcalvia.org\/wp-content\/uploads\/2020\/06\/RIU-PALACE-BONANZA-PLAYA.png?w=600&amp;ssl=1 600w, https:\/\/i0.wp.com\/visitcalvia.org\/wp-content\/uploads\/2020\/06\/RIU-PALACE-BONANZA-PLAYA.png?resize=300%2C300&amp;ssl=1 300w, https:\/\/i0.wp.com\/visitcalvia.org\/wp-content\/uploads\/2020\/06\/RIU-PALACE-BONANZA-PLAYA.png?resize=150%2C150&amp;ssl=1 150w, https:\/\/i0.wp.com\/visitcalvia.org\/wp-content\/uploads\/2020\/06\/RIU-PALACE-BONANZA-PLAYA.png?resize=400%2C400&amp;ssl=1 400w, https:\/\/i0.wp.com\/visitcalvia.org\/wp-content\/uploads\/2020\/06\/RIU-PALACE-BONANZA-PLAYA.png?resize=200%2C200&amp;ssl=1 200w, https:\/\/i0.wp.com\/visitcalvia.org\/wp-content\/uploads\/2020\/06\/RIU-PALACE-BONANZA-PLAYA.png?resize=550%2C550&amp;ssl=1 550w, https:\/\/i0.wp.com\/visitcalvia.org\/wp-content\/uploads\/2020\/06\/RIU-PALACE-BONANZA-PLAYA.png?resize=50%2C50&amp;ssl=1 50w, https:\/\/i0.wp.com\/visitcalvia.org\/wp-content\/uploads\/2020\/06\/RIU-PALACE-BONANZA-PLAYA.png?resize=500%2C500&amp;ssl=1 500w, https:\/\/i0.wp.com\/visitcalvia.org\/wp-content\/uploads\/2020\/06\/RIU-PALACE-BONANZA-PLAYA.png?resize=100%2C100&amp;ssl=1 100w, https:\/\/i0.wp.com\/visitcalvia.org\/wp-content\/uploads\/2020\/06\/RIU-PALACE-BONANZA-PLAYA.png?resize=64%2C64&amp;ssl=1 64w\" sizes=\"(max-width: 600px) 100vw, 600px\" data-attachment-id=\"10378\" data-permalink=\"https:\/\/visitcalvia.org\/de\/riu-palace-bonanza-playa\/\" data-orig-file=\"https:\/\/i0.wp.com\/visitcalvia.org\/wp-content\/uploads\/2020\/06\/RIU-PALACE-BONANZA-PLAYA.png?fit=600%2C600&amp;ssl=1\" data-orig-size=\"600,600\" data-comments-opened=\"1\" data-image-meta=\"{&quot;aperture&quot;:&quot;0&quot;,&quot;credit&quot;:&quot;&quot;,&quot;camera&quot;:&quot;&quot;,&quot;caption&quot;:&quot;&quot;,&quot;created_timestamp&quot;:&quot;0&quot;,&quot;copyright&quot;:&quot;&quot;,&quot;focal_length&quot;:&quot;0&quot;,&quot;iso&quot;:&quot;0&quot;,&quot;shutter_speed&quot;:&quot;0&quot;,&quot;title&quot;:&quot;&quot;,&quot;orientation&quot;:&quot;0&quot;}\" data-image-title=\"RIU PALACE BONANZA PLAYA\" data-image-description=\"\" data-image-caption=\"\" data-large-file=\"https:\/\/i0.wp.com\/visitcalvia.org\/wp-content\/uploads\/2020\/06\/RIU-PALACE-BONANZA-PLAYA.png?fit=600%2C600&amp;ssl=1\" \/>    <\/div>\n    <div class=\"qodef-banner-text-holder\" >\n\t    <div class=\"qodef-banner-text-outer\">\n\t\t    <div class=\"qodef-banner-text-inner\">\n\t\t        \t\t        \t\t\t<\/div>\n\t\t<\/div>\n\t<\/div>\n\t        <a itemprop=\"url\" class=\"qodef-banner-link\" href=\"https:\/\/visitcalvia.org\/alojamientos-peguera-cala-fornells\/\" target=\"_blank\"><\/a>\n    <\/div>[\/vc_column_inner][vc_column_inner width=&#8220;1\/2&#8243;][vc_column_text]<\/p>\n<h4><strong>Peguera, Cala Fornells<\/strong><\/h4>\n<p>[\/vc_column_text]<div class=\"qodef-progress-bar custom-progress\">\n\t<h4 class=\"qodef-pb-title-holder\" style=\"color: #000000\">\n\t\t<span class=\"qodef-pb-title\">Unterkunft<\/span>\n\t\t<span class=\"qodef-pb-percent\">0<\/span>\n\t<\/h4>\n\t<div class=\"qodef-pb-content-holder\" style=\"background-color: #35a992\">\n\t\t<div data-percentage=75 class=\"qodef-pb-content\" style=\"background-color: #2f2f2f\"><\/div>\n\t<\/div>\n<\/div><a itemprop=\"url\" href=\"https:\/\/visitcalvia.org\/de\/unterkuenfte-in-peguera-und-cala-fornells\/\" target=\"_self\" style=\"text-transform: capitalize\" class=\"qodef-btn qodef-btn-small qodef-btn-solid qodef-btn-icon\"  >\n    <span class=\"qodef-btn-text\">Mehr sehen<\/span>\n    <span aria-hidden=\"true\" class=\"qodef-icon-font-elegant arrow_carrot-right_alt2 \" ><\/span><\/a>[\/vc_column_inner][\/vc_row_inner][\/vc_column][vc_column width=&#8220;1\/3&#8243;][vc_row_inner css=&#8220;.vc_custom_1592304079354{padding-left: 20px !important;}&#8220;][vc_column_inner width=&#8220;1\/2&#8243;]<div class=\"qodef-banner-holder  qodef-simple qodef-banner-info-default\">\n    <div class=\"qodef-banner-image\">\n        <img decoding=\"async\" width=\"600\" height=\"600\" src=\"https:\/\/i0.wp.com\/visitcalvia.org\/wp-content\/uploads\/2020\/06\/HOSPES-MARICEL-SPA-1.png?fit=600%2C600&amp;ssl=1\" class=\"attachment-full size-full\" alt=\"Hotel Maricel, accommodation in Mallorca ses Illetes, Alojamiento en Mallorca en Ses Illetes\" srcset=\"https:\/\/i0.wp.com\/visitcalvia.org\/wp-content\/uploads\/2020\/06\/HOSPES-MARICEL-SPA-1.png?w=600&amp;ssl=1 600w, https:\/\/i0.wp.com\/visitcalvia.org\/wp-content\/uploads\/2020\/06\/HOSPES-MARICEL-SPA-1.png?resize=300%2C300&amp;ssl=1 300w, https:\/\/i0.wp.com\/visitcalvia.org\/wp-content\/uploads\/2020\/06\/HOSPES-MARICEL-SPA-1.png?resize=150%2C150&amp;ssl=1 150w, https:\/\/i0.wp.com\/visitcalvia.org\/wp-content\/uploads\/2020\/06\/HOSPES-MARICEL-SPA-1.png?resize=400%2C400&amp;ssl=1 400w, https:\/\/i0.wp.com\/visitcalvia.org\/wp-content\/uploads\/2020\/06\/HOSPES-MARICEL-SPA-1.png?resize=200%2C200&amp;ssl=1 200w, https:\/\/i0.wp.com\/visitcalvia.org\/wp-content\/uploads\/2020\/06\/HOSPES-MARICEL-SPA-1.png?resize=550%2C550&amp;ssl=1 550w, https:\/\/i0.wp.com\/visitcalvia.org\/wp-content\/uploads\/2020\/06\/HOSPES-MARICEL-SPA-1.png?resize=50%2C50&amp;ssl=1 50w, https:\/\/i0.wp.com\/visitcalvia.org\/wp-content\/uploads\/2020\/06\/HOSPES-MARICEL-SPA-1.png?resize=500%2C500&amp;ssl=1 500w, https:\/\/i0.wp.com\/visitcalvia.org\/wp-content\/uploads\/2020\/06\/HOSPES-MARICEL-SPA-1.png?resize=100%2C100&amp;ssl=1 100w, https:\/\/i0.wp.com\/visitcalvia.org\/wp-content\/uploads\/2020\/06\/HOSPES-MARICEL-SPA-1.png?resize=64%2C64&amp;ssl=1 64w\" sizes=\"(max-width: 600px) 100vw, 600px\" data-attachment-id=\"10334\" data-permalink=\"https:\/\/visitcalvia.org\/de\/hospes-maricel-spa-2\/\" data-orig-file=\"https:\/\/i0.wp.com\/visitcalvia.org\/wp-content\/uploads\/2020\/06\/HOSPES-MARICEL-SPA-1.png?fit=600%2C600&amp;ssl=1\" data-orig-size=\"600,600\" data-comments-opened=\"1\" data-image-meta=\"{&quot;aperture&quot;:&quot;0&quot;,&quot;credit&quot;:&quot;&quot;,&quot;camera&quot;:&quot;&quot;,&quot;caption&quot;:&quot;&quot;,&quot;created_timestamp&quot;:&quot;0&quot;,&quot;copyright&quot;:&quot;&quot;,&quot;focal_length&quot;:&quot;0&quot;,&quot;iso&quot;:&quot;0&quot;,&quot;shutter_speed&quot;:&quot;0&quot;,&quot;title&quot;:&quot;&quot;,&quot;orientation&quot;:&quot;0&quot;}\" data-image-title=\"HOSPES MARICEL SPA\" data-image-description=\"\" data-image-caption=\"\" data-large-file=\"https:\/\/i0.wp.com\/visitcalvia.org\/wp-content\/uploads\/2020\/06\/HOSPES-MARICEL-SPA-1.png?fit=600%2C600&amp;ssl=1\" \/>    <\/div>\n    <div class=\"qodef-banner-text-holder\" >\n\t    <div class=\"qodef-banner-text-outer\">\n\t\t    <div class=\"qodef-banner-text-inner\">\n\t\t        \t\t        \t\t\t<\/div>\n\t\t<\/div>\n\t<\/div>\n\t        <a itemprop=\"url\" class=\"qodef-banner-link\" href=\"https:\/\/visitcalvia.org\/alojamientos-calvia-vila-y-es-capdella\/\" target=\"_blank\"><\/a>\n    <\/div>[\/vc_column_inner][vc_column_inner width=&#8220;1\/2&#8243;][vc_column_text]<\/p>\n<h4><strong>Calvi\u00e0 Vila y Es Capdell\u00e0<\/strong><\/h4>\n<p>[\/vc_column_text]<div class=\"qodef-progress-bar custom-progress\">\n\t<h4 class=\"qodef-pb-title-holder\" style=\"color: #000000\">\n\t\t<span class=\"qodef-pb-title\">Unterkunft<\/span>\n\t\t<span class=\"qodef-pb-percent\">0<\/span>\n\t<\/h4>\n\t<div class=\"qodef-pb-content-holder\" style=\"background-color: #35a992\">\n\t\t<div data-percentage=4 class=\"qodef-pb-content\" style=\"background-color: #2f2f2f\"><\/div>\n\t<\/div>\n<\/div><a itemprop=\"url\" href=\"https:\/\/visitcalvia.org\/de\/unterkuenfte-in-calvia-vila-und-es-capdella\/\" target=\"_self\" style=\"text-transform: capitalize\" class=\"qodef-btn qodef-btn-small qodef-btn-solid qodef-btn-icon\"  >\n    <span class=\"qodef-btn-text\">Mehr sehen<\/span>\n    <span aria-hidden=\"true\" class=\"qodef-icon-font-elegant arrow_carrot-right_alt2 \" ><\/span><\/a>[\/vc_column_inner][\/vc_row_inner][\/vc_column][vc_column width=&#8220;1\/3&#8243;][\/vc_column][\/vc_row][vc_row row_content_width=&#8220;grid&#8220; css=&#8220;.vc_custom_1585726577981{padding-top: 20px !important;padding-bottom: 30px !important;}&#8220;][vc_column][vc_empty_space height=&#8220;40px&#8220;][\/vc_column][\/vc_row][vc_row][vc_column][vc_empty_space height=&#8220;60px&#8220;]<div class=\"qodef-elements-holder   qodef-three-columns  qodef-responsive-mode-768 \" ><div class=\"qodef-eh-item     qodef-badge-enabled\" style=\"background-color: #fafafa\" data-item-class=\"qodef-eh-custom-9309\" data-1280-1600=\"0 10% 4% 12%\" data-1024-1280=\"0 15% 6% 10%\" data-768-1024=\"0 0 6% 5%\" data-680-768=\"15% 40% 10% 10%\" data-680=\"30% 10% 10% 5%\">\n\t<div class=\"qodef-eh-item-inner\">\n\t\t<div class=\"qodef-eh-item-content qodef-eh-custom-9309\" style=\"padding: 0 10% 4% 22%\">\n\t\t\t[vc_column_text]<\/p>\n<h2 style=\"font-size: 25px; margin-bottom: -8px; text-align: left;\">EINZIGARTIGE <strong>R\u00c4UME<\/strong><\/h2>\n<p><em><span class=\"change-second-color\" style=\"color: #f5031a; font-family: Montserrat;\">VisitCalvi\u00e0<\/span><\/em><\/p>\n<ul>\n<li><span style=\"font-weight: 400;\">Gutsh\u00f6fe, historische Burgen usw. f\u00fcr spezielle Veranstaltungen<\/span><\/li>\n<li><span style=\"font-weight: 400;\">Service f\u00fcr Messen und Kongresse (MICE)<\/span><\/li>\n<li><span style=\"font-weight: 400;\">Transporte, Direct Marketing Center (DMC), Unterhaltung, Touren, Ausfl\u00fcge, Personal f\u00fcr Events usw.<\/span><\/li>\n<\/ul>\n<p>[\/vc_column_text]\t\t<\/div>\n\t<\/div>\n\t\t\t<div class=\"qodef-eh-badge-holder\">\n\t\t\t<div class=\"qodef-eh-badge\">\n\t\t\t\t<div class=\"qodef-eh-badge-text\">Calvi\u00e0<\/div>\n\t\t\t<\/div>\n\t\t<\/div>\n\t<\/div><div class=\"qodef-eh-item     \"  data-item-class=\"qodef-eh-custom-6331\" data-680=\"0 0\">\n\t<div class=\"qodef-eh-item-inner\">\n\t\t<div class=\"qodef-eh-item-content qodef-eh-custom-6331\" >\n\t\t\t<div class=\"qodef-banner-holder  qodef-simple qodef-banner-info-default\">\n    <div class=\"qodef-banner-image\">\n        <img decoding=\"async\" width=\"700\" height=\"461\" src=\"https:\/\/i0.wp.com\/visitcalvia.org\/wp-content\/uploads\/2020\/04\/Finca-galatzo%CC%81.jpg?fit=700%2C461&amp;ssl=1\" class=\"attachment-full size-full\" alt=\"\" data-attachment-id=\"3827\" data-permalink=\"https:\/\/visitcalvia.org\/de\/finca-galatzo-entrada\/finca-galatzo-2\/\" data-orig-file=\"https:\/\/i0.wp.com\/visitcalvia.org\/wp-content\/uploads\/2020\/04\/Finca-galatzo%CC%81.jpg?fit=700%2C461&amp;ssl=1\" data-orig-size=\"700,461\" data-comments-opened=\"1\" data-image-meta=\"{&quot;aperture&quot;:&quot;0&quot;,&quot;credit&quot;:&quot;&quot;,&quot;camera&quot;:&quot;&quot;,&quot;caption&quot;:&quot;&quot;,&quot;created_timestamp&quot;:&quot;0&quot;,&quot;copyright&quot;:&quot;&quot;,&quot;focal_length&quot;:&quot;0&quot;,&quot;iso&quot;:&quot;0&quot;,&quot;shutter_speed&quot;:&quot;0&quot;,&quot;title&quot;:&quot;&quot;,&quot;orientation&quot;:&quot;0&quot;}\" data-image-title=\"Finca-galatzo\u0301\" data-image-description=\"\" data-image-caption=\"\" data-large-file=\"https:\/\/i0.wp.com\/visitcalvia.org\/wp-content\/uploads\/2020\/04\/Finca-galatzo%CC%81.jpg?fit=700%2C461&amp;ssl=1\" \/>    <\/div>\n    <div class=\"qodef-banner-text-holder\" >\n\t    <div class=\"qodef-banner-text-outer\">\n\t\t    <div class=\"qodef-banner-text-inner\">\n\t\t        \t\t        \t\t\t<\/div>\n\t\t<\/div>\n\t<\/div>\n\t        <a itemprop=\"url\" class=\"qodef-banner-link\" href=\"https:\/\/visitcalvia.org\/finca-galatzo\/\" target=\"_blank\"><\/a>\n    <\/div>\t\t<\/div>\n\t<\/div>\n\t<\/div><div class=\"qodef-eh-item     \"  data-item-class=\"qodef-eh-custom-9794\" data-680=\"0 0\">\n\t<div class=\"qodef-eh-item-inner\">\n\t\t<div class=\"qodef-eh-item-content qodef-eh-custom-9794\" >\n\t\t\t<div class=\"qodef-banner-holder  qodef-simple qodef-banner-info-default\">\n    <div class=\"qodef-banner-image\">\n        <img decoding=\"async\" width=\"1575\" height=\"1029\" src=\"https:\/\/i0.wp.com\/visitcalvia.org\/wp-content\/uploads\/2020\/05\/cultura-can%CC%83via-mice-01.jpg?fit=1575%2C1029&amp;ssl=1\" class=\"attachment-full size-full\" alt=\"\" data-attachment-id=\"7598\" data-permalink=\"https:\/\/visitcalvia.org\/de\/mice\/cultura-can%cc%83via-mice-01\/\" data-orig-file=\"https:\/\/i0.wp.com\/visitcalvia.org\/wp-content\/uploads\/2020\/05\/cultura-can%CC%83via-mice-01.jpg?fit=1575%2C1029&amp;ssl=1\" data-orig-size=\"1575,1029\" data-comments-opened=\"1\" data-image-meta=\"{&quot;aperture&quot;:&quot;0&quot;,&quot;credit&quot;:&quot;&quot;,&quot;camera&quot;:&quot;&quot;,&quot;caption&quot;:&quot;&quot;,&quot;created_timestamp&quot;:&quot;0&quot;,&quot;copyright&quot;:&quot;&quot;,&quot;focal_length&quot;:&quot;0&quot;,&quot;iso&quot;:&quot;0&quot;,&quot;shutter_speed&quot;:&quot;0&quot;,&quot;title&quot;:&quot;&quot;,&quot;orientation&quot;:&quot;1&quot;}\" data-image-title=\"cultura-can\u0303via-mice-01\" data-image-description=\"\" data-image-caption=\"\" data-large-file=\"https:\/\/i0.wp.com\/visitcalvia.org\/wp-content\/uploads\/2020\/05\/cultura-can%CC%83via-mice-01.jpg?fit=1024%2C669&amp;ssl=1\" \/>    <\/div>\n    <div class=\"qodef-banner-text-holder\" >\n\t    <div class=\"qodef-banner-text-outer\">\n\t\t    <div class=\"qodef-banner-text-inner\">\n\t\t        \t\t        \t\t\t<\/div>\n\t\t<\/div>\n\t<\/div>\n\t        <a itemprop=\"url\" class=\"qodef-banner-link\" href=\"https:\/\/visitcalvia.org\/agenda\/\" target=\"_blank\"><\/a>\n    <\/div>\t\t<\/div>\n\t<\/div>\n\t<\/div><\/div>[vc_empty_space height=&#8220;50px&#8220;][\/vc_column][\/vc_row][vc_row simple_background_color=&#8220;#f9f5f2&#8243;][vc_column][vc_empty_space height=&#8220;60px&#8220;][vc_row_inner row_content_width=&#8220;grid&#8220; simple_background_color=&#8220;#f9f5f2&#8243;][vc_column_inner width=&#8220;1\/6&#8243;][vc_column_text]<\/p>\n<h5><strong><img data-recalc-dims=\"1\" decoding=\"async\" class=\"wp-image-7576 aligncenter\" src=\"https:\/\/i0.wp.com\/visitcalvia.org\/wp-content\/uploads\/2020\/05\/iconos-mice-extra_06.png?resize=100%2C92&#038;ssl=1\" alt=\"\" width=\"100\" height=\"92\" srcset=\"https:\/\/i0.wp.com\/visitcalvia.org\/wp-content\/uploads\/2020\/05\/iconos-mice-extra_06.png?w=220&amp;ssl=1 220w, https:\/\/i0.wp.com\/visitcalvia.org\/wp-content\/uploads\/2020\/05\/iconos-mice-extra_06.png?resize=150%2C138&amp;ssl=1 150w, https:\/\/i0.wp.com\/visitcalvia.org\/wp-content\/uploads\/2020\/05\/iconos-mice-extra_06.png?resize=64%2C59&amp;ssl=1 64w\" sizes=\"(max-width: 100px) 100vw, 100px\" \/><\/strong><\/h5>\n<h4 style=\"text-align: center;\"><\/h4>\n<p>[\/vc_column_text][vc_column_text]<\/p>\n<p style=\"text-align: center;\"><strong>5 Golfpl\u00e4tze<\/strong><\/p>\n<p>[\/vc_column_text][\/vc_column_inner][vc_column_inner width=&#8220;1\/6&#8243;][vc_column_text]<\/p>\n<h5><strong><img data-recalc-dims=\"1\" decoding=\"async\" class=\"aligncenter wp-image-7572\" src=\"https:\/\/i0.wp.com\/visitcalvia.org\/wp-content\/uploads\/2020\/05\/iconos-mice-extra_05.png?resize=100%2C92&#038;ssl=1\" alt=\"\" width=\"100\" height=\"92\" srcset=\"https:\/\/i0.wp.com\/visitcalvia.org\/wp-content\/uploads\/2020\/05\/iconos-mice-extra_05.png?w=220&amp;ssl=1 220w, https:\/\/i0.wp.com\/visitcalvia.org\/wp-content\/uploads\/2020\/05\/iconos-mice-extra_05.png?resize=150%2C138&amp;ssl=1 150w, https:\/\/i0.wp.com\/visitcalvia.org\/wp-content\/uploads\/2020\/05\/iconos-mice-extra_05.png?resize=64%2C59&amp;ssl=1 64w\" sizes=\"(max-width: 100px) 100vw, 100px\" \/><\/strong><\/h5>\n<h4 style=\"text-align: center;\"><\/h4>\n<p>[\/vc_column_text][vc_column_text]<\/p>\n<p style=\"text-align: center;\"><strong>5 Sporth\u00e4fen<\/strong><\/p>\n<p>[\/vc_column_text][\/vc_column_inner][vc_column_inner width=&#8220;1\/6&#8243;][vc_column_text]<\/p>\n<h5><strong><img data-recalc-dims=\"1\" decoding=\"async\" class=\"aligncenter wp-image-10578\" src=\"https:\/\/i0.wp.com\/visitcalvia.org\/wp-content\/uploads\/2020\/06\/iconos-mice-extra.png?resize=100%2C92&#038;ssl=1\" alt=\"\" width=\"100\" height=\"92\" srcset=\"https:\/\/i0.wp.com\/visitcalvia.org\/wp-content\/uploads\/2020\/06\/iconos-mice-extra.png?w=220&amp;ssl=1 220w, https:\/\/i0.wp.com\/visitcalvia.org\/wp-content\/uploads\/2020\/06\/iconos-mice-extra.png?resize=150%2C138&amp;ssl=1 150w, https:\/\/i0.wp.com\/visitcalvia.org\/wp-content\/uploads\/2020\/06\/iconos-mice-extra.png?resize=64%2C59&amp;ssl=1 64w\" sizes=\"(max-width: 100px) 100vw, 100px\" \/><\/strong><\/h5>\n<h4 style=\"text-align: center;\"><\/h4>\n<p>[\/vc_column_text][vc_column_text]<\/p>\n<h5 style=\"text-align: center;\"><span style=\"font-weight: 400;\">Umfangreicher Katalog an <strong>Sportinstallationen<\/strong><\/span><\/h5>\n<p>[\/vc_column_text][\/vc_column_inner][vc_column_inner width=&#8220;1\/6&#8243;][vc_column_text]<\/p>\n<h5><strong><img data-recalc-dims=\"1\" decoding=\"async\" class=\"aligncenter wp-image-7564\" src=\"https:\/\/i0.wp.com\/visitcalvia.org\/wp-content\/uploads\/2020\/05\/iconos-mice-extra_02.png?resize=100%2C92&#038;ssl=1\" alt=\"\" width=\"100\" height=\"92\" srcset=\"https:\/\/i0.wp.com\/visitcalvia.org\/wp-content\/uploads\/2020\/05\/iconos-mice-extra_02.png?w=220&amp;ssl=1 220w, https:\/\/i0.wp.com\/visitcalvia.org\/wp-content\/uploads\/2020\/05\/iconos-mice-extra_02.png?resize=150%2C138&amp;ssl=1 150w, https:\/\/i0.wp.com\/visitcalvia.org\/wp-content\/uploads\/2020\/05\/iconos-mice-extra_02.png?resize=64%2C59&amp;ssl=1 64w\" sizes=\"(max-width: 100px) 100vw, 100px\" \/><\/strong><\/h5>\n<h4 style=\"text-align: center;\"><\/h4>\n<p>[\/vc_column_text][vc_column_text]<\/p>\n<p style=\"text-align: center;\"><span style=\"font-weight: 400;\"><strong>36 Str\u00e4nde<\/strong> (56 km K\u00fcste)<\/span><\/p>\n<p>[\/vc_column_text][\/vc_column_inner][vc_column_inner width=&#8220;1\/6&#8243;][vc_column_text]<\/p>\n<h5><strong><img data-recalc-dims=\"1\" decoding=\"async\" class=\"aligncenter wp-image-7568\" src=\"https:\/\/i0.wp.com\/visitcalvia.org\/wp-content\/uploads\/2020\/05\/iconos-mice-extra_04.png?resize=100%2C92&#038;ssl=1\" alt=\"\" width=\"100\" height=\"92\" srcset=\"https:\/\/i0.wp.com\/visitcalvia.org\/wp-content\/uploads\/2020\/05\/iconos-mice-extra_04.png?w=220&amp;ssl=1 220w, https:\/\/i0.wp.com\/visitcalvia.org\/wp-content\/uploads\/2020\/05\/iconos-mice-extra_04.png?resize=150%2C138&amp;ssl=1 150w, https:\/\/i0.wp.com\/visitcalvia.org\/wp-content\/uploads\/2020\/05\/iconos-mice-extra_04.png?resize=64%2C59&amp;ssl=1 64w\" sizes=\"(max-width: 100px) 100vw, 100px\" \/><\/strong><\/h5>\n<h4 style=\"text-align: center;\"><\/h4>\n<p>[\/vc_column_text][vc_column_text]<\/p>\n<p style=\"text-align: center;\"><strong>Berge und T\u00e4ler<\/strong><\/p>\n<p>[\/vc_column_text][\/vc_column_inner][vc_column_inner width=&#8220;1\/6&#8243;][vc_column_text]<\/p>\n<h5><strong><img data-recalc-dims=\"1\" decoding=\"async\" class=\"aligncenter wp-image-7587\" src=\"https:\/\/i0.wp.com\/visitcalvia.org\/wp-content\/uploads\/2020\/05\/iconos-mice-extra03.png?resize=100%2C92&#038;ssl=1\" alt=\"\" width=\"100\" height=\"92\" srcset=\"https:\/\/i0.wp.com\/visitcalvia.org\/wp-content\/uploads\/2020\/05\/iconos-mice-extra03.png?w=220&amp;ssl=1 220w, https:\/\/i0.wp.com\/visitcalvia.org\/wp-content\/uploads\/2020\/05\/iconos-mice-extra03.png?resize=150%2C138&amp;ssl=1 150w, https:\/\/i0.wp.com\/visitcalvia.org\/wp-content\/uploads\/2020\/05\/iconos-mice-extra03.png?resize=64%2C59&amp;ssl=1 64w\" sizes=\"(max-width: 100px) 100vw, 100px\" \/><\/strong><\/h5>\n<h4 style=\"text-align: center;\"><\/h4>\n<p>[\/vc_column_text][vc_column_text]<\/p>\n<h5 style=\"text-align: center;\"><span style=\"font-weight: 400;\"><strong>Installationen angepasst<\/strong> an Personen mit eingeschr\u00e4nkter Mobilit\u00e4t<\/span><\/h5>\n<p>[\/vc_column_text][\/vc_column_inner][\/vc_row_inner][vc_empty_space height=&#8220;50px&#8220;][\/vc_column][\/vc_row]<\/p>\n<\/div>","protected":false},"excerpt":{"rendered":"<p>[vc_row content_placement=&#8220;middle&#8220; content_text_aligment=&#8220;center&#8220; css=&#8220;.vc_custom_1594896402372{padding-top: 81px !important;background-image: url(<a href=\"https:\/\/visitcalvia.org\/wp-content\/uploads\/2020\/07\/Hotel-Magaluf.jpg?id=12494\">https:\/\/visitcalvia.org\/wp-content\/uploads\/2020\/07\/Hotel-Magaluf.jpg?id=12494<\/a>) !important;background-position: center !important;background-repeat: no-repeat !important;background-size: cover !important;}&#8220; simple_background_color=&#8220;#ffffff&#8220;][vc_column][\/vc_column][\/vc_row][vc_row row_content_width=&#8220;grid&#8220;][vc_column][vc_empty_space height=&#8220;40px&#8220;][vc_empty_space height=&#8220;20px&#8220;][vc_row_inner][vc_column_inner width=&#8220;1\/3&#8243;][vc_empty_space height=&#8220;20px&#8220;][vc_column_text]Sie suchen Hotels auf Mallorca? &#8211; Calvi\u00e0 verf\u00fcgt \u00fcber das beste Unterkunftsangebot auf der Insel. Palmanova, Magaluf, Santa Pon\u00e7a, Peguera, Portals Nous, Cala Vinyes, Torrenova, Cala Fornells, Costa de la Calma, el Toro, Ses Illetes, [&hellip;]<\/p>\n","protected":false},"author":182516946,"featured_media":11722,"parent":0,"menu_order":0,"comment_status":"closed","ping_status":"closed","template":"full-width.php","meta":{"_coblocks_attr":"","_coblocks_dimensions":"","_coblocks_responsive_height":"","_coblocks_accordion_ie_support":"","_crdt_document":"","footnotes":""},"class_list":["post-13114","page","type-page","status-publish","has-post-thumbnail","hentry"],"yoast_head":"<!-- This site is optimized with the Yoast SEO plugin v27.5 - https:\/\/yoast.com\/product\/yoast-seo-wordpress\/ -->\n<title>Hoteles en Mallorca - Calvi\u00e0 cuenta con la mayor oferta de alojamientos<\/title>\n<meta name=\"description\" content=\"Hoteles en Mallorca - Calvi\u00e0 cuenta con la mayor oferta de alojamientos de les Illes Balears. Palmanova, Magaluf, Santa Pon\u00e7a, Peguera, Portals Nous,\" \/>\n<meta name=\"robots\" content=\"index, follow, max-snippet:-1, max-image-preview:large, max-video-preview:-1\" \/>\n<link rel=\"canonical\" href=\"https:\/\/visitcalvia.org\/de\/unterkunftsmoeglichkeiten\/\" \/>\n<meta property=\"og:locale\" content=\"de_DE\" \/>\n<meta property=\"og:type\" content=\"article\" \/>\n<meta property=\"og:title\" content=\"Hoteles en Mallorca - Calvi\u00e0 cuenta con la mayor oferta de alojamientos\" \/>\n<meta property=\"og:description\" content=\"Hoteles en Mallorca - Calvi\u00e0 cuenta con la mayor oferta de alojamientos de les Illes Balears. Palmanova, Magaluf, Santa Pon\u00e7a, Peguera, Portals Nous,\" \/>\n<meta property=\"og:url\" content=\"https:\/\/visitcalvia.org\/de\/unterkunftsmoeglichkeiten\/\" \/>\n<meta property=\"og:site_name\" content=\"visitcalvia\" \/>\n<meta property=\"article:modified_time\" content=\"2021-01-27T11:46:36+00:00\" \/>\n<meta property=\"og:image\" content=\"https:\/\/i1.wp.com\/visitcalvia.org\/wp-content\/uploads\/2020\/07\/UNIVERSAL-FLORIDA.jpg?fit=600%2C600&ssl=1\" \/>\n\t<meta property=\"og:image:width\" content=\"600\" \/>\n\t<meta property=\"og:image:height\" content=\"600\" \/>\n\t<meta property=\"og:image:type\" content=\"image\/jpeg\" \/>\n<meta name=\"twitter:card\" content=\"summary_large_image\" \/>\n<meta name=\"twitter:label1\" content=\"Gesch\u00e4tzte Lesezeit\" \/>\n\t<meta name=\"twitter:data1\" content=\"6\u00a0Minuten\" \/>\n<script type=\"application\/ld+json\" class=\"yoast-schema-graph\">{\"@context\":\"https:\\\/\\\/schema.org\",\"@graph\":[{\"@type\":\"WebPage\",\"@id\":\"https:\\\/\\\/visitcalvia.org\\\/de\\\/unterkunftsmoeglichkeiten\\\/\",\"url\":\"https:\\\/\\\/visitcalvia.org\\\/de\\\/unterkunftsmoeglichkeiten\\\/\",\"name\":\"Hoteles en Mallorca - Calvi\u00e0 cuenta con la mayor oferta de alojamientos\",\"isPartOf\":{\"@id\":\"https:\\\/\\\/visitcalvia.org\\\/de\\\/#website\"},\"primaryImageOfPage\":{\"@id\":\"https:\\\/\\\/visitcalvia.org\\\/de\\\/unterkunftsmoeglichkeiten\\\/#primaryimage\"},\"image\":{\"@id\":\"https:\\\/\\\/visitcalvia.org\\\/de\\\/unterkunftsmoeglichkeiten\\\/#primaryimage\"},\"thumbnailUrl\":\"https:\\\/\\\/i0.wp.com\\\/visitcalvia.org\\\/wp-content\\\/uploads\\\/2020\\\/07\\\/UNIVERSAL-FLORIDA.jpg?fit=600%2C600&ssl=1\",\"datePublished\":\"2020-06-16T09:04:23+00:00\",\"dateModified\":\"2021-01-27T11:46:36+00:00\",\"description\":\"Hoteles en Mallorca - Calvi\u00e0 cuenta con la mayor oferta de alojamientos de les Illes Balears. Palmanova, Magaluf, Santa Pon\u00e7a, Peguera, Portals Nous,\",\"breadcrumb\":{\"@id\":\"https:\\\/\\\/visitcalvia.org\\\/de\\\/unterkunftsmoeglichkeiten\\\/#breadcrumb\"},\"inLanguage\":\"de\",\"potentialAction\":[{\"@type\":\"ReadAction\",\"target\":[\"https:\\\/\\\/visitcalvia.org\\\/de\\\/unterkunftsmoeglichkeiten\\\/\"]}]},{\"@type\":\"ImageObject\",\"inLanguage\":\"de\",\"@id\":\"https:\\\/\\\/visitcalvia.org\\\/de\\\/unterkunftsmoeglichkeiten\\\/#primaryimage\",\"url\":\"https:\\\/\\\/i0.wp.com\\\/visitcalvia.org\\\/wp-content\\\/uploads\\\/2020\\\/07\\\/UNIVERSAL-FLORIDA.jpg?fit=600%2C600&ssl=1\",\"contentUrl\":\"https:\\\/\\\/i0.wp.com\\\/visitcalvia.org\\\/wp-content\\\/uploads\\\/2020\\\/07\\\/UNIVERSAL-FLORIDA.jpg?fit=600%2C600&ssl=1\",\"width\":600,\"height\":600,\"caption\":\"UNIVERSAL FLORIDA\"},{\"@type\":\"BreadcrumbList\",\"@id\":\"https:\\\/\\\/visitcalvia.org\\\/de\\\/unterkunftsmoeglichkeiten\\\/#breadcrumb\",\"itemListElement\":[{\"@type\":\"ListItem\",\"position\":1,\"name\":\"Portada\",\"item\":\"https:\\\/\\\/visitcalvia.org\\\/de\\\/\"},{\"@type\":\"ListItem\",\"position\":2,\"name\":\"Unterkunftsm\u00f6glichkeiten\"}]},{\"@type\":\"WebSite\",\"@id\":\"https:\\\/\\\/visitcalvia.org\\\/de\\\/#website\",\"url\":\"https:\\\/\\\/visitcalvia.org\\\/de\\\/\",\"name\":\"visitcalvia\",\"description\":\"Vacaciones en Mallorca \u2013 Calvi\u00e0 m\u00faltiples destinos en uno s\u00f3lo lugar. Palmanova, Santa Pon\u00e7a, Magaluf, Peguera, Portals Nous, Costa d\u2019en Blanes, Cala Vinyes\",\"potentialAction\":[{\"@type\":\"SearchAction\",\"target\":{\"@type\":\"EntryPoint\",\"urlTemplate\":\"https:\\\/\\\/visitcalvia.org\\\/de\\\/?s={search_term_string}\"},\"query-input\":{\"@type\":\"PropertyValueSpecification\",\"valueRequired\":true,\"valueName\":\"search_term_string\"}}],\"inLanguage\":\"de\"}]}<\/script>\n<!-- \/ Yoast SEO plugin. -->","yoast_head_json":{"title":"Hoteles en Mallorca - Calvi\u00e0 cuenta con la mayor oferta de alojamientos","description":"Hoteles en Mallorca - Calvi\u00e0 cuenta con la mayor oferta de alojamientos de les Illes Balears. Palmanova, Magaluf, Santa Pon\u00e7a, Peguera, Portals Nous,","robots":{"index":"index","follow":"follow","max-snippet":"max-snippet:-1","max-image-preview":"max-image-preview:large","max-video-preview":"max-video-preview:-1"},"canonical":"https:\/\/visitcalvia.org\/de\/unterkunftsmoeglichkeiten\/","og_locale":"de_DE","og_type":"article","og_title":"Hoteles en Mallorca - Calvi\u00e0 cuenta con la mayor oferta de alojamientos","og_description":"Hoteles en Mallorca - Calvi\u00e0 cuenta con la mayor oferta de alojamientos de les Illes Balears. Palmanova, Magaluf, Santa Pon\u00e7a, Peguera, Portals Nous,","og_url":"https:\/\/visitcalvia.org\/de\/unterkunftsmoeglichkeiten\/","og_site_name":"visitcalvia","article_modified_time":"2021-01-27T11:46:36+00:00","og_image":[{"width":600,"height":600,"url":"https:\/\/i1.wp.com\/visitcalvia.org\/wp-content\/uploads\/2020\/07\/UNIVERSAL-FLORIDA.jpg?fit=600%2C600&ssl=1","type":"image\/jpeg"}],"twitter_card":"summary_large_image","twitter_misc":{"Gesch\u00e4tzte Lesezeit":"6\u00a0Minuten"},"schema":{"@context":"https:\/\/schema.org","@graph":[{"@type":"WebPage","@id":"https:\/\/visitcalvia.org\/de\/unterkunftsmoeglichkeiten\/","url":"https:\/\/visitcalvia.org\/de\/unterkunftsmoeglichkeiten\/","name":"Hoteles en Mallorca - Calvi\u00e0 cuenta con la mayor oferta de alojamientos","isPartOf":{"@id":"https:\/\/visitcalvia.org\/de\/#website"},"primaryImageOfPage":{"@id":"https:\/\/visitcalvia.org\/de\/unterkunftsmoeglichkeiten\/#primaryimage"},"image":{"@id":"https:\/\/visitcalvia.org\/de\/unterkunftsmoeglichkeiten\/#primaryimage"},"thumbnailUrl":"https:\/\/i0.wp.com\/visitcalvia.org\/wp-content\/uploads\/2020\/07\/UNIVERSAL-FLORIDA.jpg?fit=600%2C600&ssl=1","datePublished":"2020-06-16T09:04:23+00:00","dateModified":"2021-01-27T11:46:36+00:00","description":"Hoteles en Mallorca - Calvi\u00e0 cuenta con la mayor oferta de alojamientos de les Illes Balears. Palmanova, Magaluf, Santa Pon\u00e7a, Peguera, Portals Nous,","breadcrumb":{"@id":"https:\/\/visitcalvia.org\/de\/unterkunftsmoeglichkeiten\/#breadcrumb"},"inLanguage":"de","potentialAction":[{"@type":"ReadAction","target":["https:\/\/visitcalvia.org\/de\/unterkunftsmoeglichkeiten\/"]}]},{"@type":"ImageObject","inLanguage":"de","@id":"https:\/\/visitcalvia.org\/de\/unterkunftsmoeglichkeiten\/#primaryimage","url":"https:\/\/i0.wp.com\/visitcalvia.org\/wp-content\/uploads\/2020\/07\/UNIVERSAL-FLORIDA.jpg?fit=600%2C600&ssl=1","contentUrl":"https:\/\/i0.wp.com\/visitcalvia.org\/wp-content\/uploads\/2020\/07\/UNIVERSAL-FLORIDA.jpg?fit=600%2C600&ssl=1","width":600,"height":600,"caption":"UNIVERSAL FLORIDA"},{"@type":"BreadcrumbList","@id":"https:\/\/visitcalvia.org\/de\/unterkunftsmoeglichkeiten\/#breadcrumb","itemListElement":[{"@type":"ListItem","position":1,"name":"Portada","item":"https:\/\/visitcalvia.org\/de\/"},{"@type":"ListItem","position":2,"name":"Unterkunftsm\u00f6glichkeiten"}]},{"@type":"WebSite","@id":"https:\/\/visitcalvia.org\/de\/#website","url":"https:\/\/visitcalvia.org\/de\/","name":"visitcalvia","description":"Vacaciones en Mallorca \u2013 Calvi\u00e0 m\u00faltiples destinos en uno s\u00f3lo lugar. Palmanova, Santa Pon\u00e7a, Magaluf, Peguera, Portals Nous, Costa d\u2019en Blanes, Cala Vinyes","potentialAction":[{"@type":"SearchAction","target":{"@type":"EntryPoint","urlTemplate":"https:\/\/visitcalvia.org\/de\/?s={search_term_string}"},"query-input":{"@type":"PropertyValueSpecification","valueRequired":true,"valueName":"search_term_string"}}],"inLanguage":"de"}]}},"jetpack_likes_enabled":false,"jetpack_sharing_enabled":false,"jetpack_shortlink":"https:\/\/wp.me\/PbP1bo-3pw","amp_enabled":false,"_links":{"self":[{"href":"https:\/\/visitcalvia.org\/de\/wp-json\/wp\/v2\/pages\/13114","targetHints":{"allow":["GET"]}}],"collection":[{"href":"https:\/\/visitcalvia.org\/de\/wp-json\/wp\/v2\/pages"}],"about":[{"href":"https:\/\/visitcalvia.org\/de\/wp-json\/wp\/v2\/types\/page"}],"author":[{"embeddable":true,"href":"https:\/\/visitcalvia.org\/de\/wp-json\/wp\/v2\/users\/182516946"}],"replies":[{"embeddable":true,"href":"https:\/\/visitcalvia.org\/de\/wp-json\/wp\/v2\/comments?post=13114"}],"version-history":[{"count":8,"href":"https:\/\/visitcalvia.org\/de\/wp-json\/wp\/v2\/pages\/13114\/revisions"}],"predecessor-version":[{"id":15182,"href":"https:\/\/visitcalvia.org\/de\/wp-json\/wp\/v2\/pages\/13114\/revisions\/15182"}],"wp:featuredmedia":[{"embeddable":true,"href":"https:\/\/visitcalvia.org\/de\/wp-json\/wp\/v2\/media\/11722"}],"wp:attachment":[{"href":"https:\/\/visitcalvia.org\/de\/wp-json\/wp\/v2\/media?parent=13114"}],"curies":[{"name":"wp","href":"https:\/\/api.w.org\/{rel}","templated":true}]}}