{"id":13158,"date":"2020-04-15T10:20:52","date_gmt":"2020-04-15T08:20:52","guid":{"rendered":"https:\/\/visitcalvia.org\/fundacion-calvia\/"},"modified":"2025-08-01T09:08:13","modified_gmt":"2025-08-01T07:08:13","slug":"fundacion-calvia-de","status":"publish","type":"page","link":"https:\/\/visitcalvia.org\/de\/fundacion-calvia-de\/","title":{"rendered":"Fundaci\u00f3n Calvi\u00e0"},"content":{"rendered":"<div class=\"wpb-content-wrapper\"><p>[vc_row][vc_column]\n\t\t\t<!-- START Fundaci\u00f3n Calvi\u00e0 REVOLUTION SLIDER 6.7.13 --><p class=\"rs-p-wp-fix\"><\/p>\n\t\t\t<rs-module-wrap id=\"rev_slider_7_1_wrapper\" data-source=\"gallery\" style=\"visibility:hidden;background:transparent;padding:0;margin:0px auto;margin-top:0;margin-bottom:0;\">\n\t\t\t\t<rs-module id=\"rev_slider_7_1\" style=\"\" data-version=\"6.7.13\">\n\t\t\t\t\t<rs-slides style=\"overflow: hidden; position: absolute;\">\n\t\t\t\t\t\t<rs-slide style=\"position: absolute;\" data-key=\"rs-19\" data-title=\"Slide\" data-thumb=\"\/\/visitcalvia.org\/wp-content\/uploads\/2020\/04\/banner-cala-fornells-60x60.jpg\" data-anim=\"ms:700ms;\" data-in=\"o:0;e:power3.inOut;\" data-out=\"e:power3.out;\">\n\t\t\t\t\t\t\t<img data-recalc-dims=\"1\" decoding=\"async\" src=\"https:\/\/i0.wp.com\/visitcalvia.org\/wp-content\/plugins\/revslider\/sr6\/assets\/assets\/dummy.png?resize=1100%2C630\" alt=\"\" width=\"1100\" height=\"630\" class=\"rev-slidebg tp-rs-img rs-lazyload\" data-lazyload=\"\/\/visitcalvia.org\/wp-content\/uploads\/2020\/04\/banner-cala-fornells.jpg\" data-parallax=\"off\" data-no-retina>\n<!--\n\t\t\t\t\t\t\t--><rs-layer\n\t\t\t\t\t\t\t\tid=\"slider-7-slide-19-layer-1\" \n\t\t\t\t\t\t\t\tdata-type=\"text\"\n\t\t\t\t\t\t\t\tdata-rsp_ch=\"on\"\n\t\t\t\t\t\t\t\tdata-xy=\"x:c;xo:0,0,0,107px;y:m;yo:0,0,0,69px;\"\n\t\t\t\t\t\t\t\tdata-text=\"w:normal;s:53,53,53,40;l:46,46,46,40;fw:700;\"\n\t\t\t\t\t\t\t\tdata-dim=\"w:auto,auto,auto,288px;h:auto,auto,auto,100px;\"\n\t\t\t\t\t\t\t\tdata-frame_999=\"o:0;st:w;\"\n\t\t\t\t\t\t\t\tstyle=\"z-index:11;font-family:'Montserrat';\"\n\t\t\t\t\t\t\t>FUNDACI\u00d3N CALVI\u00c0 365 \n\t\t\t\t\t\t\t<\/rs-layer><!--\n-->\t\t\t\t\t<\/rs-slide>\n\t\t\t\t\t\t<rs-slide style=\"position: absolute;\" data-key=\"rs-58\" data-title=\"Slide\" data-thumb=\"\/\/visitcalvia.org\/wp-content\/uploads\/2017\/08\/banner-07-60x60.jpg\" data-anim=\"ms:700ms;\" data-in=\"o:0;e:power3.inOut;\" data-out=\"e:power3.out;\">\n\t\t\t\t\t\t\t<img data-recalc-dims=\"1\" decoding=\"async\" src=\"https:\/\/i0.wp.com\/visitcalvia.org\/wp-content\/plugins\/revslider\/sr6\/assets\/assets\/dummy.png?resize=1100%2C630\" alt=\"\" width=\"1100\" height=\"630\" class=\"rev-slidebg tp-rs-img rs-lazyload\" data-lazyload=\"\/\/visitcalvia.org\/wp-content\/uploads\/2017\/08\/banner-07.jpg\" data-parallax=\"off\" data-no-retina>\n<!--\n\t\t\t\t\t\t\t--><rs-layer\n\t\t\t\t\t\t\t\tid=\"slider-7-slide-58-layer-6\" \n\t\t\t\t\t\t\t\tdata-type=\"text\"\n\t\t\t\t\t\t\t\tdata-rsp_ch=\"on\"\n\t\t\t\t\t\t\t\tdata-xy=\"x:c;xo:0,0,0,107px;y:m;yo:0,0,0,69px;\"\n\t\t\t\t\t\t\t\tdata-text=\"w:normal;s:53,53,53,40;l:46,46,46,40;fw:700;\"\n\t\t\t\t\t\t\t\tdata-dim=\"w:auto,auto,auto,288px;h:auto,auto,auto,100px;\"\n\t\t\t\t\t\t\t\tdata-frame_999=\"o:0;st:w;\"\n\t\t\t\t\t\t\t\tstyle=\"z-index:11;font-family:'Montserrat';\"\n\t\t\t\t\t\t\t>FUNDACI\u00d3N CALVI\u00c0 365 \n\t\t\t\t\t\t\t<\/rs-layer><!--\n-->\t\t\t\t\t<\/rs-slide>\n\t\t\t\t\t\t<rs-slide style=\"position: absolute;\" data-key=\"rs-116\" data-title=\"Slide\" data-thumb=\"\/\/visitcalvia.org\/wp-content\/uploads\/2026\/05\/2024-06-21-calvia-cala-falco_dji_0139-1-seleccion-scaled-60x60.jpg\" data-anim=\"ms:700ms;\" data-in=\"o:0;e:power3.inOut;\" data-out=\"e:power3.out;\">\n\t\t\t\t\t\t\t<img data-recalc-dims=\"1\" decoding=\"async\" src=\"https:\/\/i0.wp.com\/visitcalvia.org\/wp-content\/plugins\/revslider\/sr6\/assets\/assets\/dummy.png?resize=1100%2C825\" alt=\"\" width=\"1100\" height=\"825\" class=\"rev-slidebg tp-rs-img rs-lazyload\" data-lazyload=\"\/\/visitcalvia.org\/wp-content\/uploads\/2026\/05\/2024-06-21-calvia-cala-falco_dji_0139-1-seleccion-scaled.jpg\" data-parallax=\"off\" data-no-retina>\n<!--\n\t\t\t\t\t\t\t--><rs-layer\n\t\t\t\t\t\t\t\tid=\"slider-7-slide-116-layer-1\" \n\t\t\t\t\t\t\t\tdata-type=\"text\"\n\t\t\t\t\t\t\t\tdata-rsp_ch=\"on\"\n\t\t\t\t\t\t\t\tdata-xy=\"x:c;xo:0,0,0,107px;y:m;yo:0,0,0,69px;\"\n\t\t\t\t\t\t\t\tdata-text=\"w:normal;s:53,53,53,40;l:46,46,46,40;fw:700;\"\n\t\t\t\t\t\t\t\tdata-dim=\"w:auto,auto,auto,288px;h:auto,auto,auto,100px;\"\n\t\t\t\t\t\t\t\tdata-frame_999=\"o:0;st:w;\"\n\t\t\t\t\t\t\t\tstyle=\"z-index:11;font-family:'Montserrat';\"\n\t\t\t\t\t\t\t>FUNDACI\u00d3N CALVI\u00c0 365 \n\t\t\t\t\t\t\t<\/rs-layer><!--\n-->\t\t\t\t\t<\/rs-slide>\n\t\t\t\t\t\t<rs-slide style=\"position: absolute;\" data-key=\"rs-21\" data-title=\"Slide\" data-thumb=\"\/\/visitcalvia.org\/wp-content\/uploads\/2020\/08\/Mostra-de-cuines-foto3-60x60.png\" data-anim=\"ms:700ms;\" data-in=\"o:0;e:power3.inOut;\" data-out=\"e:power3.out;\">\n\t\t\t\t\t\t\t<img data-recalc-dims=\"1\" decoding=\"async\" src=\"https:\/\/i0.wp.com\/visitcalvia.org\/wp-content\/plugins\/revslider\/sr6\/assets\/assets\/dummy.png?resize=1100%2C726\" alt=\"\" width=\"1100\" height=\"726\" class=\"rev-slidebg tp-rs-img rs-lazyload\" data-lazyload=\"\/\/visitcalvia.org\/wp-content\/uploads\/2020\/08\/Mostra-de-cuines-foto3.png\" data-parallax=\"off\" data-no-retina>\n<!--\n\t\t\t\t\t\t\t--><rs-layer\n\t\t\t\t\t\t\t\tid=\"slider-7-slide-21-layer-6\" \n\t\t\t\t\t\t\t\tdata-type=\"text\"\n\t\t\t\t\t\t\t\tdata-color=\"#ffffff||#ffffff||#ffffff||#000000\"\n\t\t\t\t\t\t\t\tdata-rsp_ch=\"on\"\n\t\t\t\t\t\t\t\tdata-xy=\"x:c;xo:0,0,0,107px;y:m;yo:0,0,0,69px;\"\n\t\t\t\t\t\t\t\tdata-text=\"w:normal;s:53,53,53,40;l:46,46,46,40;fw:700;\"\n\t\t\t\t\t\t\t\tdata-dim=\"w:auto,auto,auto,288px;h:auto,auto,auto,100px;\"\n\t\t\t\t\t\t\t\tdata-frame_999=\"o:0;st:w;\"\n\t\t\t\t\t\t\t\tstyle=\"z-index:11;font-family:'Montserrat';\"\n\t\t\t\t\t\t\t>FUNDACI\u00d3N CALVI\u00c0 365 \n\t\t\t\t\t\t\t<\/rs-layer><!--\n-->\t\t\t\t\t<\/rs-slide>\n\t\t\t\t\t\t<rs-slide style=\"position: absolute;\" data-key=\"rs-117\" data-title=\"Slide\" data-thumb=\"\/\/visitcalvia.org\/wp-content\/uploads\/2026\/05\/el-toro-drone-3-scaled-60x60.jpg\" data-anim=\"ms:700ms;\" data-in=\"o:0;e:power3.inOut;\" data-out=\"e:power3.out;\">\n\t\t\t\t\t\t\t<img data-recalc-dims=\"1\" decoding=\"async\" src=\"https:\/\/i0.wp.com\/visitcalvia.org\/wp-content\/plugins\/revslider\/sr6\/assets\/assets\/dummy.png?resize=1100%2C825\" alt=\"\" width=\"1100\" height=\"825\" class=\"rev-slidebg tp-rs-img rs-lazyload\" data-lazyload=\"\/\/visitcalvia.org\/wp-content\/uploads\/2026\/05\/el-toro-drone-3-scaled.jpg\" data-parallax=\"off\" data-no-retina>\n<!--\n\t\t\t\t\t\t\t--><rs-layer\n\t\t\t\t\t\t\t\tid=\"slider-7-slide-117-layer-1\" \n\t\t\t\t\t\t\t\tdata-type=\"text\"\n\t\t\t\t\t\t\t\tdata-rsp_ch=\"on\"\n\t\t\t\t\t\t\t\tdata-xy=\"x:c;xo:0,0,0,107px;y:m;yo:0,0,0,69px;\"\n\t\t\t\t\t\t\t\tdata-text=\"w:normal;s:53,53,53,40;l:46,46,46,40;fw:700;\"\n\t\t\t\t\t\t\t\tdata-dim=\"w:auto,auto,auto,288px;h:auto,auto,auto,100px;\"\n\t\t\t\t\t\t\t\tdata-frame_999=\"o:0;st:w;\"\n\t\t\t\t\t\t\t\tstyle=\"z-index:11;font-family:'Montserrat';\"\n\t\t\t\t\t\t\t>FUNDACI\u00d3N CALVI\u00c0 365 \n\t\t\t\t\t\t\t<\/rs-layer><!--\n-->\t\t\t\t\t<\/rs-slide>\n\t\t\t\t\t\t<rs-slide style=\"position: absolute;\" data-key=\"rs-119\" data-title=\"Slide\" data-thumb=\"\/\/visitcalvia.org\/wp-content\/uploads\/2026\/05\/illes-malgrats-drone-5-scaled-60x60.jpg\" data-anim=\"ms:700ms;\" data-in=\"o:0;e:power3.inOut;\" data-out=\"e:power3.out;\">\n\t\t\t\t\t\t\t<img data-recalc-dims=\"1\" decoding=\"async\" src=\"https:\/\/i0.wp.com\/visitcalvia.org\/wp-content\/plugins\/revslider\/sr6\/assets\/assets\/dummy.png?resize=1100%2C825\" alt=\"\" width=\"1100\" height=\"825\" class=\"rev-slidebg tp-rs-img rs-lazyload\" data-lazyload=\"\/\/visitcalvia.org\/wp-content\/uploads\/2026\/05\/illes-malgrats-drone-5-scaled.jpg\" data-parallax=\"off\" data-no-retina>\n<!--\n\t\t\t\t\t\t\t--><rs-layer\n\t\t\t\t\t\t\t\tid=\"slider-7-slide-119-layer-1\" \n\t\t\t\t\t\t\t\tdata-type=\"text\"\n\t\t\t\t\t\t\t\tdata-rsp_ch=\"on\"\n\t\t\t\t\t\t\t\tdata-xy=\"x:c;xo:0,0,0,107px;y:m;yo:0,0,0,69px;\"\n\t\t\t\t\t\t\t\tdata-text=\"w:normal;s:53,53,53,40;l:46,46,46,40;fw:700;\"\n\t\t\t\t\t\t\t\tdata-dim=\"w:auto,auto,auto,288px;h:auto,auto,auto,100px;\"\n\t\t\t\t\t\t\t\tdata-frame_999=\"o:0;st:w;\"\n\t\t\t\t\t\t\t\tstyle=\"z-index:11;font-family:'Montserrat';\"\n\t\t\t\t\t\t\t>FUNDACI\u00d3N CALVI\u00c0 365 \n\t\t\t\t\t\t\t<\/rs-layer><!--\n-->\t\t\t\t\t<\/rs-slide>\n\t\t\t\t\t<\/rs-slides>\n\t\t\t\t\t<rs-static-layers><!--\n\t\t\t\t\t--><\/rs-static-layers>\n\t\t\t\t<\/rs-module>\n\t\t\t\t<script>\n\t\t\t\t\tsetREVStartSize({c: 'rev_slider_7_1',rl:[1240,1240,1240,480],el:[400,400,400,520],gw:[1240,1240,1240,480],gh:[400,400,400,520],type:'standard',justify:'',layout:'fullwidth',mh:\"0\"});if (window.RS_MODULES!==undefined && window.RS_MODULES.modules!==undefined && window.RS_MODULES.modules[\"revslider71\"]!==undefined) {window.RS_MODULES.modules[\"revslider71\"].once = false;window.revapi7 = undefined;if (window.RS_MODULES.checkMinimal!==undefined) window.RS_MODULES.checkMinimal()}\n\t\t\t\t<\/script>\n\t\t\t<\/rs-module-wrap>\n\t\t\t<!-- END REVOLUTION SLIDER -->\n[\/vc_column][\/vc_row][vc_row content_placement=&#8220;middle&#8220; row_content_width=&#8220;grid&#8220; disable_background_image=&#8220;&#8220; content_text_aligment=&#8220;center&#8220; css=&#8220;.vc_custom_1586943385291{padding-top: 41px !important;}&#8220; simple_background_image=&#8220;3917&#8243;][vc_column]<div class=\"qodef-elements-holder   qodef-one-column  qodef-responsive-mode-768 \" ><div class=\"qodef-eh-item     \"  data-item-class=\"qodef-eh-custom-8706\" data-1024-1280=\"0 21%\" data-768-1024=\"0 12%\" data-680-768=\"0 0\" data-680=\"0 0\">\n\t<div class=\"qodef-eh-item-inner\">\n\t\t<div class=\"qodef-eh-item-content qodef-eh-custom-8706\" style=\"padding: 0 25%\">\n\t\t\t\t\t<\/div>\n\t<\/div>\n\t<\/div><\/div>[\/vc_column][\/vc_row][vc_row disable_element=&#8220;yes&#8220;][vc_column][vc_empty_space height=&#8220;45px&#8220;]<div class=\"qodef-elements-holder   qodef-three-columns  qodef-responsive-mode-768 \" ><div class=\"qodef-eh-item     \"  data-item-class=\"qodef-eh-custom-4240\" data-680=\"0 0\">\n\t<div class=\"qodef-eh-item-inner\">\n\t\t<div class=\"qodef-eh-item-content qodef-eh-custom-4240\" >\n\t\t\t<div class=\"qodef-banner-holder  qodef-simple qodef-banner-info-default\">\n    <div class=\"qodef-banner-image\">\n        <img decoding=\"async\" width=\"2048\" height=\"1450\" src=\"https:\/\/i0.wp.com\/visitcalvia.org\/wp-content\/uploads\/2023\/04\/BetArt-02.jpg?fit=2048%2C1450&amp;ssl=1\" class=\"attachment-full size-full\" alt=\"BetArt-01\" srcset=\"https:\/\/i0.wp.com\/visitcalvia.org\/wp-content\/uploads\/2023\/04\/BetArt-02.jpg?w=2048&amp;ssl=1 2048w, https:\/\/i0.wp.com\/visitcalvia.org\/wp-content\/uploads\/2023\/04\/BetArt-02.jpg?resize=300%2C212&amp;ssl=1 300w, https:\/\/i0.wp.com\/visitcalvia.org\/wp-content\/uploads\/2023\/04\/BetArt-02.jpg?resize=1024%2C725&amp;ssl=1 1024w, https:\/\/i0.wp.com\/visitcalvia.org\/wp-content\/uploads\/2023\/04\/BetArt-02.jpg?resize=768%2C544&amp;ssl=1 768w, https:\/\/i0.wp.com\/visitcalvia.org\/wp-content\/uploads\/2023\/04\/BetArt-02.jpg?resize=1536%2C1088&amp;ssl=1 1536w, https:\/\/i0.wp.com\/visitcalvia.org\/wp-content\/uploads\/2023\/04\/BetArt-02.jpg?resize=1200%2C850&amp;ssl=1 1200w\" sizes=\"(max-width: 1100px) 100vw, 1100px\" data-attachment-id=\"22915\" data-permalink=\"https:\/\/visitcalvia.org\/de\/betart\/betart-02\/\" data-orig-file=\"https:\/\/i0.wp.com\/visitcalvia.org\/wp-content\/uploads\/2023\/04\/BetArt-02.jpg?fit=2048%2C1450&amp;ssl=1\" data-orig-size=\"2048,1450\" data-comments-opened=\"1\" data-image-meta=\"{&quot;aperture&quot;:&quot;0&quot;,&quot;credit&quot;:&quot;&quot;,&quot;camera&quot;:&quot;&quot;,&quot;caption&quot;:&quot;&quot;,&quot;created_timestamp&quot;:&quot;0&quot;,&quot;copyright&quot;:&quot;&quot;,&quot;focal_length&quot;:&quot;0&quot;,&quot;iso&quot;:&quot;0&quot;,&quot;shutter_speed&quot;:&quot;0&quot;,&quot;title&quot;:&quot;&quot;,&quot;orientation&quot;:&quot;0&quot;}\" data-image-title=\"BetArt-02\" data-image-description=\"\" data-image-caption=\"\" data-large-file=\"https:\/\/i0.wp.com\/visitcalvia.org\/wp-content\/uploads\/2023\/04\/BetArt-02.jpg?fit=1024%2C725&amp;ssl=1\" \/>    <\/div>\n    <div class=\"qodef-banner-text-holder\" >\n\t    <div class=\"qodef-banner-text-outer\">\n\t\t    <div class=\"qodef-banner-text-inner\">\n\t\t        \t\t        \t\t\t<\/div>\n\t\t<\/div>\n\t<\/div>\n\t        <a itemprop=\"url\" class=\"qodef-banner-link\" href=\"https:\/\/visitcalvia.org\/betart\/\" target=\"_self\"><\/a>\n    <\/div>\t\t<\/div>\n\t<\/div>\n\t<\/div><div class=\"qodef-eh-item     qodef-badge-enabled\" style=\"background-color: #fafafa\" data-item-class=\"qodef-eh-custom-2744\" data-1280-1600=\"0 10% 4% 12%\" data-1024-1280=\"0 15% 6% 10%\" data-768-1024=\"0 0 6% 5%\" data-680-768=\"15% 40% 10% 10%\" data-680=\"30% 10% 10% 5%\">\n\t<div class=\"qodef-eh-item-inner\">\n\t\t<div class=\"qodef-eh-item-content qodef-eh-custom-2744\" style=\"padding: 0 10% 4% 22%\">\n\t\t\t[vc_column_text]<\/p>\n<h3 style=\"text-align: left;\">BetArt 2023 Intervenciones de Arte Urbano en Calvi\u00e0<\/h3>\n<p style=\"font-family: Montserrat; margin-top: -18px; margin-bottom: 16px; text-align: left;\"><span class=\"change-second-color\" style=\"color: #ff0030;\"><em>Edici\u00f3n 2023<\/em><\/span><\/p>\n<p style=\"margin-bottom: 16px; text-align: left;\">La Fundaci\u00f3n Calvi\u00e0 365 y el Ajuntament de Calvi\u00e0 han publicado las Bases para artistas para participar en BetArt Calvi\u00e0 2023 para la realizaci\u00f3n de intervenciones art\u00edsticas en la calle, as\u00ed como el Cat\u00e1logo de espacios disponibles.<\/p>\n<p>[\/vc_column_text]<a itemprop=\"url\" href=\"https:\/\/visitcalvia.org\/betart\/\" target=\"_blank\" style=\"text-transform: capitalize\" class=\"qodef-btn qodef-btn-medium qodef-btn-simple qodef-btn-icon\"  >\n    <span class=\"qodef-btn-text\">VER M\u00c1S<\/span>\n    <i class=\"qodef-icon-font-awesome fa fa-chevron-right \" ><\/i><\/a>\t\t<\/div>\n\t<\/div>\n\t\t\t<div class=\"qodef-eh-badge-holder\">\n\t\t\t<div class=\"qodef-eh-badge\">\n\t\t\t\t<div class=\"qodef-eh-badge-text\">New<\/div>\n\t\t\t<\/div>\n\t\t<\/div>\n\t<\/div><div class=\"qodef-eh-item change-background  qodef-horizontal-alignment-center  \" style=\"background-color: #d74369\" data-item-class=\"qodef-eh-custom-7948\" data-1280-1600=\"0 0 4% 0\" data-1024-1280=\"0 0 9% 0\" data-768-1024=\"0 0 10% 0\" data-680-768=\"17% 0 20%\" data-680=\"9% 0 26% 0\">\n\t<div class=\"qodef-eh-item-inner\">\n\t\t<div class=\"qodef-eh-item-content qodef-eh-custom-7948\" style=\"padding: 0 0 5% 0\">\n\t\t\t<h2 class=\"qodef-custom-font-holder  qodef-cf-9726  qodef-double-text\" style=\"font-family: MarkMyWords;font-size: 165px;line-height: 185px;text-transform: capitalize;text-align: center\" data-item-class=\"qodef-cf-9726\" data-font-size-1440=\"135px\" data-font-size-1280=\"115px\" data-font-size-1024=\"75px\" data-font-size-768=\"165px\" data-font-size-680=\"60px\" data-line-height-1440=\"155px\" data-line-height-1024=\"95px\" data-line-height-768=\"210px\" data-line-height-680=\"87px\">\n\t\t\t<span class=\"qodef-cf-double-text-holder\">\n\t\t\t<span class=\"qodef-cf-double-text-above\">BetArt<\/span>\n\t\t\t<span class=\"qodef-cf-double-text-below\" style=\"color: #ffffff\">BetArt<\/span>\n\t\t<\/span>\n\t\t\t\t\t<a itemprop=\"url\" class=\"qodef-cf-double-text-link\" href=\"https:\/\/visitcalvia.org\/betart\/\" target=\"_self\"><\/a>\n\t\t\t<\/h2>\t\t<\/div>\n\t<\/div>\n\t<\/div><\/div>[\/vc_column][\/vc_row][vc_row row_content_width=&#8220;grid&#8220;][vc_column width=&#8220;1\/2&#8243;][vc_empty_space height=&#8220;80px&#8220;]<div class=\"qodef-section-title-holder  qodef-st-standard qodef-st-title-left qodef-st-normal-space qodef-st-disable-title-break qodef-st-with-border\" style=\"text-align: left\">\n\t<div class=\"qodef-st-inner\">\n\t\t\t\t\t<h2 class=\"qodef-st-title\" >\n\t\t\t\t<span class=\"qodef-st-title-bold\">Fundaci\u00f3n<\/span> Calvi\u00e0 365\t\t\t<\/h2>\n\t\t\t\t\t<\/div>\n<\/div>[\/vc_column][vc_column width=&#8220;1\/2&#8243;][vc_empty_space height=&#8220;45px&#8220;][vc_single_image image=&#8220;25740&#8243; img_size=&#8220;medium&#8220; alignment=&#8220;center&#8220;][vc_column_text]<span style=\"font-weight: 400;\">Das vorrangige Ziel der Stiftung Fundaci\u00f3n Calvi\u00e0 besteht in der F\u00f6rderung des Fremdenverkehrs in Calvi\u00e0 durch die Organisation, Promotion und Realisation von Aktivit\u00e4ten und Events von fremdenverkehrstechnischem, kulturellem, sozialem und sportlichen usw. Charakter, die dazu beitragen Calvi\u00e0 als Fremdenverkehrsziel zu f\u00f6rdern, insbesondere in der mittleren und der Hochsaison.<\/span>[\/vc_column_text][\/vc_column][\/vc_row][vc_row row_content_width=&#8220;grid&#8220;][vc_column][vc_empty_space]<div class=\"qodef-accordion-holder qodef-ac-default change-background qodef-toggle qodef-ac-boxed  clearfix\">\n\t<p class=\"qodef-accordion-title\">\n    <span class=\"qodef-accordion-mark\">\n\t\t<span class=\"qodef_icon_plus ion-chevron-down\"><\/span>\n\t\t<span class=\"qodef_icon_minus ion-chevron-up\"><\/span>\n\t<\/span>\n\t<span class=\"qodef-tab-title\">\u00dcBER UNS<\/span>\n<\/p>\n<div class=\"qodef-accordion-content\">\n\t<div class=\"qodef-accordion-content-inner\">\n\t\t[vc_column_text]<span style=\"font-weight: 400;\">Die <strong>Fundaci\u00f3n Calvi\u00e0 365<\/strong>\u00a0ist eine nicht auf Gewinnstreben ausgelegte Organisation, gegr\u00fcndet von \u00f6ffentlichen und privaten Organisationen, deren Interesse im Zusammenhang mit dem Erreichen allgemeiner Ziele der Gemeinde Calvi\u00e0 in Verbindung steht. Sie ist spanischer Nationalit\u00e4t mit Sitz im Rathaus von Calvi\u00e0, Calle Juli\u00e0 Bujosa Sans, batle, 1, in Calvi\u00e0 (Mallorca).<\/span><\/p>\n<p>&nbsp;<\/p>\n<p><span style=\"font-weight: 400;\">Das vorrangige Ziel der Fundaci\u00f3n Calvi\u00e0 besteht in der F\u00f6rderung des Fremdenverkehrs in Calvi\u00e0 durch die Organisation, Promotion und Realisation von Aktivit\u00e4ten und Events von fremdenverkehrstechnischem, kulturellem, sozialem und sportlichen usw. Charakter, die dazu beitragen Calvi\u00e0 als Fremdenverkehrsziel zu f\u00f6rdern, insbesondere in der mittleren und der Hochsaison, sowie in T\u00e4tigkeiten zur Vorbereitung, Verbreitung, Promotion und Erfassung von Ressourcen aller Art, insbesondere und vorzugsweise von privaten und \u00f6ffentlichen Schirmherrschaften, die f\u00fcr die Organisation der von ihr durchzuf\u00fchrenden Aktivit\u00e4ten bestimmt sind.<\/span>[\/vc_column_text]\t<\/div>\n<\/div><p class=\"qodef-accordion-title\">\n    <span class=\"qodef-accordion-mark\">\n\t\t<span class=\"qodef_icon_plus ion-chevron-down\"><\/span>\n\t\t<span class=\"qodef_icon_minus ion-chevron-up\"><\/span>\n\t<\/span>\n\t<span class=\"qodef-tab-title\">VORSTAND<\/span>\n<\/p>\n<div class=\"qodef-accordion-content\">\n\t<div class=\"qodef-accordion-content-inner\">\n\t\t[vc_column_text css=&#8220;&#8220;]<span style=\"font-weight: 400;\">Der Vorstand ist das Leitungs-, Verwaltungs- und Repr\u00e4sentationsorgan der Stiftung. Dem Vorstand obliegt es, die Ziele der Stiftung und ihre Aktivit\u00e4ten\u00a0 zu realisieren und realisieren zu lassen, ihre G\u00fcter und ihre Rechte, die das Verm\u00f6gen der Stiftung ausmachen, zu verwalten und dieses zu seiner vollen Leistung und Nutzen anzuwenden.<\/span><\/p>\n<p>&nbsp;<\/p>\n<p><span style=\"font-weight: 400;\">Die Personen des Vorstands sind:<\/span><\/p>\n<ul>\n<li><span style=\"font-weight: 400;\"><strong>Pr\u00e4sident der Stiftung<\/strong> ist Herr Antonio Mayol Fiol<\/span><\/li>\n<li><span style=\"font-weight: 400;\"><strong>Vereinigung der Hoteliers von Illetes \u2013 Ca\u2019s Catal\u00e0:<\/strong>\u00a0 Repr\u00e4sentant:\u00a0 Mart\u00ed Xamena<\/span><\/li>\n<li><span style=\"font-weight: 400;\"><strong>Vereinigung der Hoteliers von Portals Nous \u2013 Bendinat:<\/strong> Repr\u00e4sentant:\u00a0 Mart\u00ed Xamena<\/span><\/li>\n<li><span style=\"font-weight: 400;\"><strong>Vereinigung der Hoteliers von Palmanova \u2013 Magaluf:<\/strong> Repr\u00e4sentant: Mauricio Carballeda<\/span><\/li>\n<li><span style=\"font-weight: 400;\"><strong>Vereinigung der Hoteliers Bucht von Santa Pon\u00e7a:<\/strong> Repr\u00e4sentant: Christian Roses Stub-Larsen<\/span><\/li>\n<li><span style=\"font-weight: 400;\"><strong>Vereinigung der Hoteliers von Peguera \u2013 Cala Fornells:<\/strong> Repr\u00e4sentant: Antonio Mayol Fiol\u200b<\/span><\/li>\n<li><span style=\"font-weight: 400;\"><strong>Stadtverwaltung von Calvi\u00e0 Repr\u00e4sentanten:<\/strong> Juan Antonio Amengual und Elisa Monserrat Mayol<\/span><\/li>\n<\/ul>\n<p>[\/vc_column_text][vc_empty_space height=&#8220;22px&#8220;]<a itemprop=\"url\" href=\"https:\/\/0febc432-5fbb-4f10-a515-a909a4e46667.filesusr.com\/ugd\/730c5e_3487f224a18c45a48115b88bdcbecd15.pdf\" target=\"_blank\" style=\"color: #ffffff;background-color: #2f5aa1;text-transform: capitalize\" class=\"qodef-btn qodef-btn-small qodef-btn-solid qodef-btn-icon change-background\"  >\n    <span class=\"qodef-btn-text\">Satzung<\/span>\n    <i class=\"qodef-icon-font-awesome fa fa-chevron-right \" ><\/i><\/a>\t<\/div>\n<\/div><p class=\"qodef-accordion-title\">\n    <span class=\"qodef-accordion-mark\">\n\t\t<span class=\"qodef_icon_plus ion-chevron-down\"><\/span>\n\t\t<span class=\"qodef_icon_minus ion-chevron-up\"><\/span>\n\t<\/span>\n\t<span class=\"qodef-tab-title\">CALL FOR PROJECTS FOR THE FUNDACI\u00d3N CALVI\u00c0<\/span>\n<\/p>\n<div class=\"qodef-accordion-content\">\n\t<div class=\"qodef-accordion-content-inner\">\n\t\t[vc_column_text css=&#8220;&#8220;]Fundaci\u00f3n Calvi\u00e0 365 launches an annual sponsorship call aimed at events of tourist interest, with the goal of supporting initiatives that contribute to the promotion and revitalisation of the municipality, encouraging events that help consolidate Calvi\u00e0\u2019s strategic tourism products, particularly in the areas of sports, gastronomy, culture, and the MICE sector, among others.<\/p>\n<p>This action is part of the Fundaci\u00f3n Calvi\u00e0 overall strategy to reduce the seasonality of tourism and promote diversification within the municipality.<\/p>\n<p>The 2025 call for the sponsorship of 2026 projects closed on 31 July 2025[\/vc_column_text][vc_empty_space height=&#8220;22px&#8220;]\t<\/div>\n<\/div><\/div>[\/vc_column][\/vc_row][vc_row disable_element=&#8220;yes&#8220; row_content_width=&#8220;grid&#8220;][vc_column][vc_empty_space]<div class=\"qodef-accordion-holder qodef-ac-default change-background qodef-toggle qodef-ac-boxed  clearfix\">\n\t<p class=\"qodef-accordion-title\">\n    <span class=\"qodef-accordion-mark\">\n\t\t<span class=\"qodef_icon_plus ion-chevron-down\"><\/span>\n\t\t<span class=\"qodef_icon_minus ion-chevron-up\"><\/span>\n\t<\/span>\n\t<span class=\"qodef-tab-title\">\u00dcBER UNS<\/span>\n<\/p>\n<div class=\"qodef-accordion-content\">\n\t<div class=\"qodef-accordion-content-inner\">\n\t\t[vc_column_text]<span style=\"font-weight: 400;\">Die <strong>Fundaci\u00f3n Calvi\u00e0 365<\/strong>\u00a0ist eine nicht auf Gewinnstreben ausgelegte Organisation, gegr\u00fcndet von \u00f6ffentlichen und privaten Organisationen, deren Interesse im Zusammenhang mit dem Erreichen allgemeiner Ziele der Gemeinde Calvi\u00e0 in Verbindung steht. Sie ist spanischer Nationalit\u00e4t mit Sitz im Rathaus von Calvi\u00e0, Calle Juli\u00e0 Bujosa Sans, batle, 1, in Calvi\u00e0 (Mallorca).<\/span><\/p>\n<p>&nbsp;<\/p>\n<p><span style=\"font-weight: 400;\">Das vorrangige Ziel der Fundaci\u00f3n Calvi\u00e0 besteht in der F\u00f6rderung des Fremdenverkehrs in Calvi\u00e0 durch die Organisation, Promotion und Realisation von Aktivit\u00e4ten und Events von fremdenverkehrstechnischem, kulturellem, sozialem und sportlichen usw. Charakter, die dazu beitragen Calvi\u00e0 als Fremdenverkehrsziel zu f\u00f6rdern, insbesondere in der mittleren und der Hochsaison, sowie in T\u00e4tigkeiten zur Vorbereitung, Verbreitung, Promotion und Erfassung von Ressourcen aller Art, insbesondere und vorzugsweise von privaten und \u00f6ffentlichen Schirmherrschaften, die f\u00fcr die Organisation der von ihr durchzuf\u00fchrenden Aktivit\u00e4ten bestimmt sind.<\/span>[\/vc_column_text]\t<\/div>\n<\/div><p class=\"qodef-accordion-title\">\n    <span class=\"qodef-accordion-mark\">\n\t\t<span class=\"qodef_icon_plus ion-chevron-down\"><\/span>\n\t\t<span class=\"qodef_icon_minus ion-chevron-up\"><\/span>\n\t<\/span>\n\t<span class=\"qodef-tab-title\">VORSTAND<\/span>\n<\/p>\n<div class=\"qodef-accordion-content\">\n\t<div class=\"qodef-accordion-content-inner\">\n\t\t[vc_column_text css=&#8220;&#8220;]<span style=\"font-weight: 400;\">Der Vorstand ist das Leitungs-, Verwaltungs- und Repr\u00e4sentationsorgan der Stiftung. Dem Vorstand obliegt es, die Ziele der Stiftung und ihre Aktivit\u00e4ten\u00a0 zu realisieren und realisieren zu lassen, ihre G\u00fcter und ihre Rechte, die das Verm\u00f6gen der Stiftung ausmachen, zu verwalten und dieses zu seiner vollen Leistung und Nutzen anzuwenden.<\/span><\/p>\n<p>&nbsp;<\/p>\n<p><span style=\"font-weight: 400;\">Die Personen des Vorstands sind:<\/span><\/p>\n<ul>\n<li><span style=\"font-weight: 400;\"><strong>Pr\u00e4sident der Stiftung<\/strong> ist Herr Antonio Mayol Fiol<\/span><\/li>\n<li><span style=\"font-weight: 400;\"><strong>Vereinigung der Hoteliers von Illetes \u2013 Ca\u2019s Catal\u00e0:<\/strong>\u00a0 Repr\u00e4sentant:\u00a0 Mart\u00ed Xamena<\/span><\/li>\n<li><span style=\"font-weight: 400;\"><strong>Vereinigung der Hoteliers von Portals Nous \u2013 Bendinat:<\/strong> Repr\u00e4sentant:\u00a0 Mart\u00ed Xamena<\/span><\/li>\n<li><span style=\"font-weight: 400;\"><strong>Vereinigung der Hoteliers von Palmanova \u2013 Magaluf:<\/strong> Repr\u00e4sentant: Mauricio Carballeda<\/span><\/li>\n<li><span style=\"font-weight: 400;\"><strong>Vereinigung der Hoteliers Bucht von Santa Pon\u00e7a:<\/strong> Repr\u00e4sentant: Christian Roses Stub-Larsen<\/span><\/li>\n<li><span style=\"font-weight: 400;\"><strong>Vereinigung der Hoteliers von Peguera \u2013 Cala Fornells:<\/strong> Repr\u00e4sentant: Antonio Mayol Fiol\u200b<\/span><\/li>\n<li><span style=\"font-weight: 400;\"><strong>Stadtverwaltung von Calvi\u00e0 Repr\u00e4sentanten:<\/strong> Juan Antonio Amengual und Elisa Monserrat Mayol<\/span><\/li>\n<\/ul>\n<p>[\/vc_column_text][vc_empty_space height=&#8220;22px&#8220;]<a itemprop=\"url\" href=\"https:\/\/0febc432-5fbb-4f10-a515-a909a4e46667.filesusr.com\/ugd\/730c5e_3487f224a18c45a48115b88bdcbecd15.pdf\" target=\"_blank\" style=\"color: #ffffff;background-color: #2f5aa1;text-transform: capitalize\" class=\"qodef-btn qodef-btn-small qodef-btn-solid qodef-btn-icon change-background\"  >\n    <span class=\"qodef-btn-text\">Satzung<\/span>\n    <i class=\"qodef-icon-font-awesome fa fa-chevron-right \" ><\/i><\/a>\t<\/div>\n<\/div><p class=\"qodef-accordion-title\">\n    <span class=\"qodef-accordion-mark\">\n\t\t<span class=\"qodef_icon_plus ion-chevron-down\"><\/span>\n\t\t<span class=\"qodef_icon_minus ion-chevron-up\"><\/span>\n\t<\/span>\n\t<span class=\"qodef-tab-title\">CALL FOR PROJECTS FOR THE FUNDACI\u00d3N CALVI\u00c0<\/span>\n<\/p>\n<div class=\"qodef-accordion-content\">\n\t<div class=\"qodef-accordion-content-inner\">\n\t\t[vc_column_text css=&#8220;&#8220;]<b>REGULATORY GUIDELINES FOR THE CALL FOR SPONSORSHIP OF EVENTS OF TOURIST INTEREST FOR THE YEAR 2026 IN THE MUNICIPALITY OF CALVIA\u00a0<\/b><\/p>\n<p>&nbsp;<\/p>\n<ol>\n<li><b> Purpose of the call<\/b><\/li>\n<\/ol>\n<p><span style=\"font-weight: 400;\">The purpose of this call is to promote events of tourist interest for the Fundaci\u00f3 Calvi\u00e0 365 that contribute to consolidating the municipality\u2019s strategic tourism products, especially sports, gastronomy, culture, MICE, among others, during the year 2026. This initiative is part of the Foundation&#8217;s overall strategy to reduce the seasonality of tourism and to encourage the diversification of tourism in Calvi\u00e0.<\/span><\/p>\n<p><span style=\"font-weight: 400;\">Events shall be considered of tourist interest if they (1) Promote the brand Calvi\u00e0 as a tourist destination;(2) Have the capacity to impact international and\/or national markets and (3) Have an impact on the destination\u2019s target markets.\u00a0<\/span><\/p>\n<p>&nbsp;<\/p>\n<ol start=\"2\">\n<li><b> Managing entity\u00a0<\/b><\/li>\n<\/ol>\n<p><span style=\"font-weight: 400;\">The present call is managed by the<\/span><b> Fundaci\u00f3 Calvi\u00e0 365.\u00a0<\/b><\/p>\n<p>&nbsp;<\/p>\n<ol start=\"3\">\n<li><b> Legal framework\u00a0<\/b><\/li>\n<\/ol>\n<p><span style=\"font-weight: 400;\">The selection and granting of sponsorships is conducted <\/span><b>outside the general subsidy framework<\/b><span style=\"font-weight: 400;\">, based on sponsorship contracts, in accordance with the legislation set out in the Public Sector Contracts Law.\u00a0<\/span><\/p>\n<p>&nbsp;<\/p>\n<ol start=\"4\">\n<li><b> Financial allocation and limits<\/b><\/li>\n<\/ol>\n<p><span style=\"font-weight: 400;\">The total amount allocated to this call will be subject to the budgetary availability of the Fundaci\u00f3 Calvi\u00e0 365 for the 2026 financial year. The amount of each sponsorship will be determined based on an <\/span><b>individual assessment of the event<\/b><span style=\"font-weight: 400;\">, its impact, and the proposed return benefits.<\/span><\/p>\n<p>&nbsp;<\/p>\n<ol start=\"5\">\n<li><b> Submission of proposals and deadlines\u00a0<\/b><\/li>\n<\/ol>\n<ul>\n<li style=\"font-weight: 400;\" aria-level=\"1\"><span style=\"font-weight: 400;\">Event promoters interested in applying must complete <strong><a href=\"https:\/\/forms.gle\/UwHk2MixawZ621jbA\">this form<\/a><\/strong>, which includes relevant information for the evaluation process.\u00a0<\/span><\/li>\n<li style=\"font-weight: 400;\" aria-level=\"1\"><b>Deadline for submission<\/b><span style=\"font-weight: 400;\">: until <\/span><b>31 July\u00a0 2025.\u00a0<\/b><\/li>\n<\/ul>\n<ol start=\"6\">\n<li><b> Evaluation and selection\u00a0<\/b><\/li>\n<\/ol>\n<p><span style=\"font-weight: 400;\">Fundaci\u00f3 Calvi\u00e0 365 will evaluate the proposals received based on the information provided in the form.\u00a0<\/span><\/p>\n<p>&nbsp;<\/p>\n<ol start=\"7\">\n<li><b> Decision and Monitoring\u00a0<\/b><\/li>\n<\/ol>\n<p><span style=\"font-weight: 400;\">The Foundation will communicate the decisions on the awarded sponsorship individually. <\/span><b>\u00a0<\/b><span style=\"font-weight: 400;\">In the event of <\/span><b>withdrawals or surplus budget availability<\/b><span style=\"font-weight: 400;\">, the inclusion of new events or the extension of support to already sponsored events may be considered.<\/span><\/p>\n<p><span style=\"font-weight: 400;\">The implementation of the sponsored actions will be subject to <\/span><b>monitoring and control<\/b><span style=\"font-weight: 400;\">, to<\/span> <span style=\"font-weight: 400;\">ensure compliance with the agreed commitments.<\/span><\/p>\n<p>&nbsp;<\/p>\n<ol start=\"8\">\n<li><b> Acceptance and formalisation\u00a0<\/b><\/li>\n<\/ol>\n<p><span style=\"font-weight: 400;\">The awarding of sponsorships will be formalised through a <\/span><b>contract <\/b><span style=\"font-weight: 400;\">that will include, among others: the amount and method of payment, the obligations regarding the promotion and visibility of the brand Calvi\u00e0, and the clauses of monitoring, justifications, and overseight.\u00a0<\/span><\/p>\n<p>&nbsp;<\/p>\n<ol start=\"9\">\n<li><b> Other Considerations\u00a0<\/b><\/li>\n<\/ol>\n<ul>\n<li style=\"font-weight: 400;\" aria-level=\"1\"><span style=\"font-weight: 400;\">This call does not confer any automatic right to obtain sponsorship\u00a0<\/span><\/li>\n<li style=\"font-weight: 400;\" aria-level=\"1\"><span style=\"font-weight: 400;\">The Foundation reserves the right to interpret and modify the conditions of the call if necessary, with the appropriate public notification.\u00a0<\/span><\/li>\n<\/ul>\n<p>[\/vc_column_text][vc_empty_space height=&#8220;22px&#8220;]\t<\/div>\n<\/div><\/div>[\/vc_column][\/vc_row][vc_row disable_element=&#8220;yes&#8220; row_content_width=&#8220;grid&#8220;][vc_column][vc_empty_space]<div class=\"qodef-accordion-holder qodef-ac-default change-background qodef-toggle qodef-ac-boxed  clearfix\">\n\t<p class=\"qodef-accordion-title\">\n    <span class=\"qodef-accordion-mark\">\n\t\t<span class=\"qodef_icon_plus ion-chevron-down\"><\/span>\n\t\t<span class=\"qodef_icon_minus ion-chevron-up\"><\/span>\n\t<\/span>\n\t<span class=\"qodef-tab-title\">\u00dcBER UNS<\/span>\n<\/p>\n<div class=\"qodef-accordion-content\">\n\t<div class=\"qodef-accordion-content-inner\">\n\t\t[vc_column_text]<span style=\"font-weight: 400;\">Die <strong>Fundaci\u00f3n Calvi\u00e0 365<\/strong>\u00a0ist eine nicht auf Gewinnstreben ausgelegte Organisation, gegr\u00fcndet von \u00f6ffentlichen und privaten Organisationen, deren Interesse im Zusammenhang mit dem Erreichen allgemeiner Ziele der Gemeinde Calvi\u00e0 in Verbindung steht. Sie ist spanischer Nationalit\u00e4t mit Sitz im Rathaus von Calvi\u00e0, Calle Juli\u00e0 Bujosa Sans, batle, 1, in Calvi\u00e0 (Mallorca).<\/span><\/p>\n<p>&nbsp;<\/p>\n<p><span style=\"font-weight: 400;\">Das vorrangige Ziel der Fundaci\u00f3n Calvi\u00e0 besteht in der F\u00f6rderung des Fremdenverkehrs in Calvi\u00e0 durch die Organisation, Promotion und Realisation von Aktivit\u00e4ten und Events von fremdenverkehrstechnischem, kulturellem, sozialem und sportlichen usw. Charakter, die dazu beitragen Calvi\u00e0 als Fremdenverkehrsziel zu f\u00f6rdern, insbesondere in der mittleren und der Hochsaison, sowie in T\u00e4tigkeiten zur Vorbereitung, Verbreitung, Promotion und Erfassung von Ressourcen aller Art, insbesondere und vorzugsweise von privaten und \u00f6ffentlichen Schirmherrschaften, die f\u00fcr die Organisation der von ihr durchzuf\u00fchrenden Aktivit\u00e4ten bestimmt sind.<\/span>[\/vc_column_text]\t<\/div>\n<\/div><p class=\"qodef-accordion-title\">\n    <span class=\"qodef-accordion-mark\">\n\t\t<span class=\"qodef_icon_plus ion-chevron-down\"><\/span>\n\t\t<span class=\"qodef_icon_minus ion-chevron-up\"><\/span>\n\t<\/span>\n\t<span class=\"qodef-tab-title\">VORSTAND<\/span>\n<\/p>\n<div class=\"qodef-accordion-content\">\n\t<div class=\"qodef-accordion-content-inner\">\n\t\t[vc_column_text]<span style=\"font-weight: 400;\">Der Vorstand ist das Leitungs-, Verwaltungs- und Repr\u00e4sentationsorgan der Stiftung. Dem Vorstand obliegt es, die Ziele der Stiftung und ihre Aktivit\u00e4ten\u00a0 zu realisieren und realisieren zu lassen, ihre G\u00fcter und ihre Rechte, die das Verm\u00f6gen der Stiftung ausmachen, zu verwalten und dieses zu seiner vollen Leistung und Nutzen anzuwenden.<\/span><\/p>\n<p>&nbsp;<\/p>\n<p><span style=\"font-weight: 400;\">Die Personen des Vorstands sind:<\/span><\/p>\n<ul>\n<li><span style=\"font-weight: 400;\"><strong>Pr\u00e4sident der Stiftung<\/strong> ist Herr Antonio Mayol Fiol<\/span><\/li>\n<li><span style=\"font-weight: 400;\"><strong>Vereinigung der Hoteliers von Illetes \u2013 Ca\u2019s Catal\u00e0:<\/strong>\u00a0 Repr\u00e4sentant:\u00a0 Mart\u00ed Xamena<\/span><\/li>\n<li><span style=\"font-weight: 400;\"><strong>Vereinigung der Hoteliers von Portals Nous \u2013 Bendinat:\u00a0<\/strong>Repr\u00e4sentant:\u00a0 Alejandro Xamena<\/span><\/li>\n<li><span style=\"font-weight: 400;\"><strong>Vereinigung der Hoteliers von Palmanova \u2013 Magaluf:<\/strong> Repr\u00e4sentant: Mauricio Carballeda<\/span><\/li>\n<li><span style=\"font-weight: 400;\"><strong>Vereinigung der Hoteliers Bucht von Santa Pon\u00e7a:<\/strong> Repr\u00e4sentant: Christian Roses Stub-Larsen<\/span><\/li>\n<li><span style=\"font-weight: 400;\"><strong>Vereinigung der Hoteliers von Peguera \u2013 Cala Fornells:<\/strong> Repr\u00e4sentant: Antonio Mayol Fiol\u200b<\/span><\/li>\n<li><span style=\"font-weight: 400;\"><strong>Stadtverwaltung von Calvi\u00e0 Repr\u00e4sentanten:<\/strong> Juan Antonio Amengual und M\u00aa del Carmen Pe\u00f1as de Haro<\/span><\/li>\n<\/ul>\n<p>[\/vc_column_text][vc_empty_space height=&#8220;22px&#8220;]<a itemprop=\"url\" href=\"https:\/\/0febc432-5fbb-4f10-a515-a909a4e46667.filesusr.com\/ugd\/730c5e_3487f224a18c45a48115b88bdcbecd15.pdf\" target=\"_blank\" style=\"color: #ffffff;background-color: #2f5aa1;text-transform: capitalize\" class=\"qodef-btn qodef-btn-small qodef-btn-solid qodef-btn-icon change-background\"  >\n    <span class=\"qodef-btn-text\">Satzung<\/span>\n    <i class=\"qodef-icon-font-awesome fa fa-chevron-right \" ><\/i><\/a>\t<\/div>\n<\/div><\/div>[\/vc_column][\/vc_row][vc_row][vc_column][vc_empty_space height=&#8220;25px&#8220;][vc_empty_space height=&#8220;25px&#8220;][\/vc_column][\/vc_row][vc_row disable_element=&#8220;yes&#8220; css=&#8220;.vc_custom_1707997476654{background-image: url(<a href=\"https:\/\/visitcalvia.org\/wp-content\/uploads\/2020\/04\/hmmweb.jpg?id=4304\">https:\/\/visitcalvia.org\/wp-content\/uploads\/2020\/04\/hmmweb.jpg?id=4304<\/a>) !important;background-position: center !important;background-repeat: no-repeat !important;background-size: cover !important;}&#8220;][vc_column][vc_empty_space height=&#8220;65px&#8220;][vc_row_inner row_content_width=&#8220;grid&#8220;][vc_column_inner width=&#8220;3\/4&#8243;]<div class=\"qodef-section-title-holder  qodef-st-standard qodef-st-title-left qodef-st-normal-space qodef-st-disable-title-break \" style=\"text-align: left\">\n\t<div class=\"qodef-st-inner\">\n\t\t\t\t\t<h2 class=\"qodef-st-title\" style=\"color: #ffffff\">\n\t\t\t\t<span class=\"qodef-st-title-bold\">CALL<\/span> <span class=\"qodef-st-title-bold\">FOR<\/span> <span class=\"qodef-st-title-bold\">PROJECTS<\/span> FOR<br \/> THE FUNDACI\u00d3N CALVI\u00c0\t\t\t<\/h2>\n\t\t\t\t\t<\/div>\n<\/div>[\/vc_column_inner][vc_column_inner width=&#8220;1\/4&#8243;]<a itemprop=\"url\" href=\"https:\/\/visitcalvia.org\/de\/call-for-projects-for-the-calvia-foundation\/\" target=\"_self\" style=\"color: #ffffff;background-color: #dd3333;text-transform: capitalize\" class=\"qodef-btn qodef-btn-large qodef-btn-solid qodef-btn-icon change-background\"  >\n    <span class=\"qodef-btn-text\">MORE INFO<\/span>\n    <i class=\"qodef-icon-font-awesome fa fa-chevron-right \" ><\/i><\/a>[\/vc_column_inner][\/vc_row_inner][vc_empty_space height=&#8220;65px&#8220;][vc_empty_space height=&#8220;65px&#8220;][\/vc_column][\/vc_row][vc_row][vc_column][vc_empty_space height=&#8220;25px&#8220;][vc_empty_space height=&#8220;25px&#8220;][\/vc_column][\/vc_row][vc_row equal_height=&#8220;yes&#8220; content_placement=&#8220;middle&#8220; row_content_width=&#8220;grid&#8220;][vc_column offset=&#8220;vc_col-lg-5 vc_col-md-12&#8243; css=&#8220;.vc_custom_1585820997663{margin-top: 0px !important;margin-right: 0px !important;margin-bottom: 0px !important;margin-left: 0px !important;padding-top: 0px !important;padding-right: 0px !important;padding-bottom: 0px !important;padding-left: 0px !important;background-color: #fcfcfc !important;}&#8220;]<div class=\"qodef-elements-holder   qodef-one-column  qodef-responsive-mode-768 qodef-one-column-alignment-right\" ><div class=\"qodef-eh-item   qodef-horizontal-alignment-right  \"  data-item-class=\"qodef-eh-custom-4495\" data-1280-1600=\"0 12% 15px 31%\" data-1024-1280=\"0 12% 15px 24%\" data-768-1024=\"48px 25% 70px 35%\" data-680-768=\"48px 12% 70px 35%\" data-680=\"50px 8% 70px 10%\">\n\t<div class=\"qodef-eh-item-inner\">\n\t\t<div class=\"qodef-eh-item-content qodef-eh-custom-4495\" style=\"padding: 0 12% 20px 35%\">\n\t\t\t[vc_column_text]<\/p>\n<h2 style=\"text-align: right;\">Profil des <strong>vertragspartners<\/strong><\/h2>\n<p style=\"text-align: right; font-family: Montserrat; margin-top: -18px; margin-bottom: 16px;\"><span class=\"change-second-color\" style=\"color: #696a6b;\"><em>Fundaci\u00f3n Calvi\u00e0 365<\/em><\/span><\/p>\n<p>[\/vc_column_text][vc_empty_space height=&#8220;15px&#8220;]\t\t<\/div>\n\t<\/div>\n\t<\/div><\/div>[\/vc_column][vc_column offset=&#8220;vc_col-lg-7 vc_col-md-12&#8243; css=&#8220;.vc_custom_1586945320353{margin-top: 0px !important;margin-right: 0px !important;margin-bottom: 0px !important;margin-left: 0px !important;padding-top: 0px !important;padding-right: 0px !important;padding-bottom: 0px !important;padding-left: 0px !important;}&#8220;][vc_column_text]<span style=\"font-weight: 400;\">Alle Informationen zur Vorgehensweise bei Vertragsabschl\u00fcssen der Stiftung stehen den Interessenten auf der Plattform Vertragsabschl\u00fcsse des \u00f6ffentlichen Sektors unter dem folgenden Link zur Verf\u00fcgung:<\/span>[\/vc_column_text][vc_empty_space height=&#8220;15px&#8220;]<a itemprop=\"url\" href=\"https:\/\/contrataciondelestado.es\/wps\/portal\/!ut\/p\/b0\/04_Sj9CPykssy0xPLMnMz0vMAfIjU1JTC3Iy87KtClKL0jJznPPzSooSSxLzSlL1w_Wj9KMyU5wK9CNLkrz90s1MjHw9MjNdvYrCggpz8isdbW31C3JzHQFQeltH\/\" target=\"_blank\" style=\"color: #ffffff;background-color: #2f5aa1;text-transform: capitalize\" class=\"qodef-btn qodef-btn-small qodef-btn-solid qodef-btn-icon change-background\"  >\n    <span class=\"qodef-btn-text\">PLATTFORM F\u00dcR VERTRAGSABSCHL\u00dcSSE DES \u00d6FFENTLICHEN SEKTORS<\/span>\n    <i class=\"qodef-icon-font-awesome fa fa-chevron-right \" ><\/i><\/a>[vc_empty_space height=&#8220;15px&#8220;][vc_column_text]<span style=\"font-weight: 400;\">Die Fundaci\u00f3n Calvi\u00e0 bezahlt Zulieferer sp\u00e4testens 15 Tage nach Erhalt und Konformit\u00e4tserkl\u00e4rung der Rechnung.<\/span><\/p>\n<p><span style=\"font-weight: 400;\">F\u00fcr Fragen wenden Sie sich telefonisch unter der Nummer 971 139 190 an uns.<\/span>[\/vc_column_text][\/vc_column][\/vc_row][vc_row][vc_column][vc_empty_space height=&#8220;45px&#8220;]<div class=\"qodef-elements-holder   qodef-three-columns  qodef-responsive-mode-768 \" ><div class=\"qodef-eh-item     qodef-badge-enabled\" style=\"background-color: #fafafa\" data-item-class=\"qodef-eh-custom-3615\" data-1280-1600=\"0 10% 4% 12%\" data-1024-1280=\"0 15% 6% 10%\" data-768-1024=\"0 0 6% 5%\" data-680-768=\"15% 40% 10% 10%\" data-680=\"30% 10% 10% 5%\">\n\t<div class=\"qodef-eh-item-inner\">\n\t\t<div class=\"qodef-eh-item-content qodef-eh-custom-3615\" style=\"padding: 0 10% 4% 22%\">\n\t\t\t[vc_column_text css=&#8220;&#8220;]<\/p>\n<h3 style=\"text-align: left;\">La Mostra Calvi\u00e0<\/h3>\n<p style=\"font-family: Montserrat; margin-top: -18px; margin-bottom: 16px; text-align: left;\"><span class=\"change-second-color\" style=\"color: #ff0030;\"><em>ANMELDUNGEN Veranstaltung 2025<\/em><\/span><\/p>\n<p style=\"margin-bottom: 16px; text-align: left;\">La Mostra Calvi\u00e0 ist eine gastronomische Veranstaltung, die im Monat April in den Restaurants der Gemeinde stattfindet, um die gastronomische Qualit\u00e4t der Gemeinde zu f\u00f6rdern.<\/p>\n<p>[\/vc_column_text]<a itemprop=\"url\" href=\"https:\/\/visitcalvia.org\/la-mostra-calvia\/\" target=\"_self\" style=\"text-transform: capitalize\" class=\"qodef-btn qodef-btn-medium qodef-btn-simple qodef-btn-icon\"  >\n    <span class=\"qodef-btn-text\">MORE INFO<\/span>\n    <i class=\"qodef-icon-font-awesome fa fa-chevron-right \" ><\/i><\/a>\t\t<\/div>\n\t<\/div>\n\t\t\t<div class=\"qodef-eh-badge-holder\">\n\t\t\t<div class=\"qodef-eh-badge\">\n\t\t\t\t<div class=\"qodef-eh-badge-text\">New<\/div>\n\t\t\t<\/div>\n\t\t<\/div>\n\t<\/div><div class=\"qodef-eh-item     \"  data-item-class=\"qodef-eh-custom-9259\" data-680=\"0 0\">\n\t<div class=\"qodef-eh-item-inner\">\n\t\t<div class=\"qodef-eh-item-content qodef-eh-custom-9259\" >\n\t\t\t<div class=\"qodef-banner-holder  qodef-simple qodef-banner-info-default\">\n    <div class=\"qodef-banner-image\">\n        <img decoding=\"async\" width=\"1661\" height=\"1100\" src=\"https:\/\/i0.wp.com\/visitcalvia.org\/wp-content\/uploads\/2020\/05\/gastronomia-calvia-en-pareja.jpg?fit=1661%2C1100&amp;ssl=1\" class=\"attachment-full size-full\" alt=\"Calvi\u00e0 en pareja, gastronom\u00eda de calvi\u00e0, en pareja, juntos, mostra de cuines de calvi\u00e0\" srcset=\"https:\/\/i0.wp.com\/visitcalvia.org\/wp-content\/uploads\/2020\/05\/gastronomia-calvia-en-pareja.jpg?w=1661&amp;ssl=1 1661w, https:\/\/i0.wp.com\/visitcalvia.org\/wp-content\/uploads\/2020\/05\/gastronomia-calvia-en-pareja.jpg?resize=300%2C199&amp;ssl=1 300w, https:\/\/i0.wp.com\/visitcalvia.org\/wp-content\/uploads\/2020\/05\/gastronomia-calvia-en-pareja.jpg?resize=1024%2C678&amp;ssl=1 1024w, https:\/\/i0.wp.com\/visitcalvia.org\/wp-content\/uploads\/2020\/05\/gastronomia-calvia-en-pareja.jpg?resize=768%2C509&amp;ssl=1 768w, https:\/\/i0.wp.com\/visitcalvia.org\/wp-content\/uploads\/2020\/05\/gastronomia-calvia-en-pareja.jpg?resize=391%2C260&amp;ssl=1 391w, https:\/\/i0.wp.com\/visitcalvia.org\/wp-content\/uploads\/2020\/05\/gastronomia-calvia-en-pareja.jpg?resize=1536%2C1017&amp;ssl=1 1536w, https:\/\/i0.wp.com\/visitcalvia.org\/wp-content\/uploads\/2020\/05\/gastronomia-calvia-en-pareja.jpg?resize=1200%2C795&amp;ssl=1 1200w, https:\/\/i0.wp.com\/visitcalvia.org\/wp-content\/uploads\/2020\/05\/gastronomia-calvia-en-pareja.jpg?resize=600%2C397&amp;ssl=1 600w, https:\/\/i0.wp.com\/visitcalvia.org\/wp-content\/uploads\/2020\/05\/gastronomia-calvia-en-pareja.jpg?resize=64%2C42&amp;ssl=1 64w\" sizes=\"(max-width: 1100px) 100vw, 1100px\" data-attachment-id=\"6531\" data-permalink=\"https:\/\/visitcalvia.org\/de\/calvia-en-pareja\/gastronomia-calvia-en-pareja\/\" data-orig-file=\"https:\/\/i0.wp.com\/visitcalvia.org\/wp-content\/uploads\/2020\/05\/gastronomia-calvia-en-pareja.jpg?fit=1661%2C1100&amp;ssl=1\" data-orig-size=\"1661,1100\" data-comments-opened=\"1\" data-image-meta=\"{&quot;aperture&quot;:&quot;0&quot;,&quot;credit&quot;:&quot;&quot;,&quot;camera&quot;:&quot;&quot;,&quot;caption&quot;:&quot;&quot;,&quot;created_timestamp&quot;:&quot;0&quot;,&quot;copyright&quot;:&quot;&quot;,&quot;focal_length&quot;:&quot;0&quot;,&quot;iso&quot;:&quot;0&quot;,&quot;shutter_speed&quot;:&quot;0&quot;,&quot;title&quot;:&quot;&quot;,&quot;orientation&quot;:&quot;1&quot;}\" data-image-title=\"gastronomia-calvia-en-pareja\" data-image-description=\"\" data-image-caption=\"\" data-large-file=\"https:\/\/i0.wp.com\/visitcalvia.org\/wp-content\/uploads\/2020\/05\/gastronomia-calvia-en-pareja.jpg?fit=1024%2C678&amp;ssl=1\" \/>    <\/div>\n    <div class=\"qodef-banner-text-holder\" >\n\t    <div class=\"qodef-banner-text-outer\">\n\t\t    <div class=\"qodef-banner-text-inner\">\n\t\t        \t\t        \t\t\t<\/div>\n\t\t<\/div>\n\t<\/div>\n\t        <a itemprop=\"url\" class=\"qodef-banner-link\" href=\"https:\/\/visitcalvia.org\/de\/mostra-de-cuines-in-calvia\/\" target=\"_self\"><\/a>\n    <\/div>\t\t<\/div>\n\t<\/div>\n\t<\/div><div class=\"qodef-eh-item change-background  qodef-horizontal-alignment-center  \" style=\"background-color: #9bc535\" data-item-class=\"qodef-eh-custom-1651\" data-1280-1600=\"0 0 4% 0\" data-1024-1280=\"0 0 9% 0\" data-768-1024=\"0 0 10% 0\" data-680-768=\"17% 0 20%\" data-680=\"9% 0 26% 0\">\n\t<div class=\"qodef-eh-item-inner\">\n\t\t<div class=\"qodef-eh-item-content qodef-eh-custom-1651\" style=\"padding: 0 0 5% 0\">\n\t\t\t<h2 class=\"qodef-custom-font-holder  qodef-cf-3420  qodef-double-text\" style=\"font-family: MarkMyWords;font-size: 165px;line-height: 185px;text-transform: capitalize;text-align: center\" data-item-class=\"qodef-cf-3420\" data-font-size-1440=\"135px\" data-font-size-1280=\"115px\" data-font-size-1024=\"75px\" data-font-size-768=\"165px\" data-font-size-680=\"60px\" data-line-height-1440=\"155px\" data-line-height-1024=\"95px\" data-line-height-768=\"210px\" data-line-height-680=\"87px\">\n\t\t\t<span class=\"qodef-cf-double-text-holder\">\n\t\t\t<span class=\"qodef-cf-double-text-above\">2025<\/span>\n\t\t\t<span class=\"qodef-cf-double-text-below\" style=\"color: #ffffff\">2025<\/span>\n\t\t<\/span>\n\t\t\t\t\t<a itemprop=\"url\" class=\"qodef-cf-double-text-link\" href=\"https:\/\/visitcalvia.org\/de\/mostra-de-cuines-in-calvia\/\" target=\"_self\"><\/a>\n\t\t\t<\/h2>\t\t<\/div>\n\t<\/div>\n\t<\/div><\/div>[\/vc_column][\/vc_row][vc_row][vc_column][vc_empty_space height=&#8220;55px&#8220;][\/vc_column][\/vc_row][vc_row content_width=&#8220;grid&#8220; animate_rounded_tab=&#8220;yes&#8220; css=&#8220;.vc_custom_1475591773480{padding-top: 33px !important;padding-bottom: 52px !important;}&#8220;][vc_column][vc_text_separator title=&#8220;MEHR ERFAHREN&#8220; color=&#8220;custom&#8220; el_width=&#8220;80&#8243; accent_color=&#8220;#868686&#8243;][\/vc_column][\/vc_row][vc_row row_content_width=&#8220;grid&#8220;][vc_column width=&#8220;1\/3&#8243;][vc_single_image image=&#8220;8732&#8243; img_size=&#8220;full&#8220; style=&#8220;vc_box_shadow&#8220; onclick=&#8220;custom_link&#8220; css_animation=&#8220;none&#8220; link=&#8220;<a href=\"https:\/\/visitcalvia.org\/mostra-de-cuines-de-calvia\/&#8220;%5D%5B\/vc_column%5D%5Bvc_column\">https:\/\/visitcalvia.org\/mostra-de-cuines-de-calvia\/&#8220;%5D%5B\/vc_column%5D%5Bvc_column<\/a> width=&#8220;1\/3&#8243;][vc_single_image image=&#8220;8150&#8243; img_size=&#8220;full&#8220; style=&#8220;vc_box_shadow&#8220; onclick=&#8220;custom_link&#8220; css_animation=&#8220;none&#8220; link=&#8220;#&#8220;][\/vc_column][vc_column width=&#8220;1\/3&#8243;][vc_single_image image=&#8220;13121&#8243; img_size=&#8220;full&#8220; style=&#8220;vc_box_shadow&#8220; onclick=&#8220;custom_link&#8220; css_animation=&#8220;none&#8220; link=&#8220;<a href=\"https:\/\/visitcalvia.org\/historia-de-calvia\/&#8220;%5D%5B\/vc_column%5D%5B\/vc_row%5D%5Bvc_row\">https:\/\/visitcalvia.org\/historia-de-calvia\/&#8220;%5D%5B\/vc_column%5D%5B\/vc_row%5D%5Bvc_row<\/a> content_width=&#8220;grid&#8220; animate_rounded_tab=&#8220;yes&#8220;][vc_column][vc_empty_space height=&#8220;30px&#8220;]<div class=\"qodef-separator-holder clearfix  qodef-separator-center \">\n\t<div class=\"qodef-separator\" style=\"border-color: #868686;border-style: dashed;width: 80%;border-bottom-width: 1px\"><\/div>\n<\/div>\n[\/vc_column][\/vc_row][vc_row][vc_column][vc_empty_space height=&#8220;65px&#8220;][\/vc_column][\/vc_row][vc_row row_content_width=&#8220;grid&#8220;][vc_column][vc_column_text]<\/p>\n<h2 style=\"text-align: left;\"><span style=\"font-weight: 400;\">Portal f\u00fcr <strong>Transparenz<\/strong><\/span><\/h2>\n<p style=\"font-family: Montserrat; margin-top: -18px; margin-bottom: 16px; text-align: left;\"><span class=\"change-second-color\" style=\"color: #696a6b;\"><em>Fundaci\u00f3n Calvi\u00e0 365<\/em><\/span><\/p>\n<p>[\/vc_column_text][\/vc_column][\/vc_row][vc_row row_content_width=&#8220;grid&#8220;][vc_column width=&#8220;1\/2&#8243;]<div class=\"qodef-accordion-holder qodef-ac-default  qodef-toggle qodef-ac-boxed  clearfix\">\n\t<p class=\"qodef-accordion-title\">\n    <span class=\"qodef-accordion-mark\">\n\t\t<span class=\"qodef_icon_plus ion-chevron-down\"><\/span>\n\t\t<span class=\"qodef_icon_minus ion-chevron-up\"><\/span>\n\t<\/span>\n\t<span class=\"qodef-tab-title\">2024<\/span>\n<\/p>\n<div class=\"qodef-accordion-content\">\n\t<div class=\"qodef-accordion-content-inner\">\n\t\t[vc_column_text]<\/p>\n<div id=\"comp-k56e7f3z\" class=\"txtNew\" data-packed=\"true\">\n<ul>\n<li><a href=\"https:\/\/drive.google.com\/file\/d\/1eJnTYqGeaymH-eVEi1RdIGOjTVE_dEBh\/view?usp=drive_link\"><span class=\"color_15\">Plan de actividades 2024<\/span><\/a><\/li>\n<li><a href=\"https:\/\/drive.google.com\/file\/d\/1MZhV6Lk8mE3FqiRk48YBx7jv1shvSfm0\/view?usp=drive_link\">Certificado aprobaci\u00f3n plan de actuaci\u00f3n 2024<\/a><\/li>\n<\/ul>\n<\/div>\n<p>[\/vc_column_text]\t<\/div>\n<\/div><p class=\"qodef-accordion-title\">\n    <span class=\"qodef-accordion-mark\">\n\t\t<span class=\"qodef_icon_plus ion-chevron-down\"><\/span>\n\t\t<span class=\"qodef_icon_minus ion-chevron-up\"><\/span>\n\t<\/span>\n\t<span class=\"qodef-tab-title\">2023<\/span>\n<\/p>\n<div class=\"qodef-accordion-content\">\n\t<div class=\"qodef-accordion-content-inner\">\n\t\t[vc_column_text]<\/p>\n<div id=\"comp-k56e7f3z\" class=\"txtNew\" data-packed=\"true\">\n<ul>\n<li><a href=\"https:\/\/drive.google.com\/file\/d\/11gIjKvbGlHDZCi2atTJyUezVSdeB_Ej3\/view?usp=drive_link\"><span class=\"color_15\">Plan de actividades 2023<\/span><\/a><\/li>\n<li><a href=\"https:\/\/drive.google.com\/file\/d\/1sEgCJXklOezgjQWgcjZkpfd24BPw73Wq\/view?usp=drive_link\">Certificado aprobaci\u00f3n plan de actuaci\u00f3n 2023<\/a><\/li>\n<li><a href=\"https:\/\/drive.google.com\/file\/d\/1zyItv7Mp8il0w9vngJiiGhQdydNfaerp\/view?usp=drive_link\">Memoria t\u00e9cnica 2023<\/a><\/li>\n<li><a href=\"https:\/\/drive.google.com\/file\/d\/1GKlG6cJki3Pkh_dowwNbNodF_wWk7R7T\/view?usp=drive_link\">Informe auditor\u00eda financiera 2023<\/a><\/li>\n<li><a href=\"https:\/\/drive.google.com\/file\/d\/1tY3XTwuiygW44Lp5jh93oH9kpCCxS8Tw\/view?usp=drive_link\">Informe auditor\u00eda cumplimiento de contrataci\u00f3n 2023<\/a><\/li>\n<\/ul>\n<\/div>\n<p>[\/vc_column_text]\t<\/div>\n<\/div><p class=\"qodef-accordion-title\">\n    <span class=\"qodef-accordion-mark\">\n\t\t<span class=\"qodef_icon_plus ion-chevron-down\"><\/span>\n\t\t<span class=\"qodef_icon_minus ion-chevron-up\"><\/span>\n\t<\/span>\n\t<span class=\"qodef-tab-title\">2022<\/span>\n<\/p>\n<div class=\"qodef-accordion-content\">\n\t<div class=\"qodef-accordion-content-inner\">\n\t\t[vc_column_text]<\/p>\n<div id=\"comp-k56e7f3z\" class=\"txtNew\" data-packed=\"true\">\n<ul>\n<li><a href=\"https:\/\/drive.google.com\/file\/d\/1WLSRv8vELWjp_M7XxvoDS0Lt_x1vrxja\/view?usp=sharing\"><span class=\"color_15\">Plan de actividades 2022<\/span><\/a><\/li>\n<li><a href=\"https:\/\/drive.google.com\/file\/d\/1--qo8l9ZuFTMWdVqPxNoS1kf5jzS6uC3\/view?usp=sharing\">Certificado aprobaci\u00f3n plan de actuaci\u00f3n 2022<\/a><\/li>\n<li><a href=\"https:\/\/drive.google.com\/file\/d\/1-Ku353wMGsxklFrWFs1nPGL6SfKW3Ped\/view?usp=drive_link\">Memoria t\u00e9cnica 2022<\/a><\/li>\n<li><a href=\"https:\/\/drive.google.com\/file\/d\/1jOSFFOBB_GOHWMNGFNqpssgf4tEwbm6y\/view?usp=drive_link\">Informe auditor\u00eda financiera 2022<\/a><\/li>\n<li><a href=\"https:\/\/drive.google.com\/file\/d\/1jOSFFOBB_GOHWMNGFNqpssgf4tEwbm6y\/view?usp=drive_link\">Informe auditor\u00eda cumplimiento de contrataci\u00f3n 2022<\/a><\/li>\n<\/ul>\n<\/div>\n<p>[\/vc_column_text]\t<\/div>\n<\/div><p class=\"qodef-accordion-title\">\n    <span class=\"qodef-accordion-mark\">\n\t\t<span class=\"qodef_icon_plus ion-chevron-down\"><\/span>\n\t\t<span class=\"qodef_icon_minus ion-chevron-up\"><\/span>\n\t<\/span>\n\t<span class=\"qodef-tab-title\">2021<\/span>\n<\/p>\n<div class=\"qodef-accordion-content\">\n\t<div class=\"qodef-accordion-content-inner\">\n\t\t[vc_column_text]<\/p>\n<div id=\"comp-k56e7f3z\" class=\"txtNew\" data-packed=\"true\">\n<ul>\n<li><a href=\"https:\/\/drive.google.com\/file\/d\/1SmPssxR1rs0R-d6uKnZ9ZVGR319c2cdX\/view?usp=sharing\"><span class=\"color_15\">Plan de Actividades 2021<\/span><\/a><\/li>\n<li><a href=\"https:\/\/drive.google.com\/file\/d\/1l_ehDU6ocwCNwh-1T0hYwHQdQKmBIp80\/view?usp=sharing\">Cuentas anuales y memoria final 2021<\/a><\/li>\n<li><a href=\"https:\/\/drive.google.com\/file\/d\/1YY2d75PhyYnKBohrYXeiRercFGePU0qx\/view?usp=sharing\">Informe auditor\u00eda cuentas 2021<\/a><\/li>\n<li><a href=\"https:\/\/drive.google.com\/file\/d\/1dMGW4rn46eY5Kv1W26tVQa5z2u5E6JsM\/view?usp=sharing\">Informe auditor\u00eda procedimientos 2021<\/a><\/li>\n<\/ul>\n<\/div>\n<p>[\/vc_column_text]\t<\/div>\n<\/div><p class=\"qodef-accordion-title\">\n    <span class=\"qodef-accordion-mark\">\n\t\t<span class=\"qodef_icon_plus ion-chevron-down\"><\/span>\n\t\t<span class=\"qodef_icon_minus ion-chevron-up\"><\/span>\n\t<\/span>\n\t<span class=\"qodef-tab-title\">2020<\/span>\n<\/p>\n<div class=\"qodef-accordion-content\">\n\t<div class=\"qodef-accordion-content-inner\">\n\t\t[vc_column_text]<\/p>\n<div id=\"comp-k56e7f3z\" class=\"txtNew\" data-packed=\"true\">\n<ul>\n<li><a href=\"https:\/\/drive.google.com\/file\/d\/1HAN8EkI0CsGN8oeXQh0OOptArGNk250z\/view?usp=sharing\"><span class=\"color_15\">Plan de actividades 2020<\/span><\/a><\/li>\n<li><a href=\"https:\/\/drive.google.com\/file\/d\/1oQAen9Lkc_SEq58LNFKWgVaJkUMQvg-5\/view?usp=sharing\">Cuentas anuales 2020<\/a><\/li>\n<li><a href=\"https:\/\/drive.google.com\/file\/d\/1luT9No2Goy5vxtduBxhm9bhkfxWTA5fB\/view?usp=sharing\">Informe auditor\u00eda cuentas 2020<\/a><\/li>\n<li><a href=\"https:\/\/drive.google.com\/file\/d\/1ViI4dVAm8xagK9bQBEr1Ppmjit9simE5\/view?usp=sharing\">Informe de procedimiento 2020<\/a><\/li>\n<\/ul>\n<\/div>\n<p>[\/vc_column_text]\t<\/div>\n<\/div><\/div>[\/vc_column][vc_column width=&#8220;1\/2&#8243;]<div class=\"qodef-accordion-holder qodef-ac-default  qodef-toggle qodef-ac-boxed  clearfix\">\n\t<p class=\"qodef-accordion-title\">\n    <span class=\"qodef-accordion-mark\">\n\t\t<span class=\"qodef_icon_plus ion-chevron-down\"><\/span>\n\t\t<span class=\"qodef_icon_minus ion-chevron-up\"><\/span>\n\t<\/span>\n\t<span class=\"qodef-tab-title\">2019<\/span>\n<\/p>\n<div class=\"qodef-accordion-content\">\n\t<div class=\"qodef-accordion-content-inner\">\n\t\t[vc_column_text]<\/p>\n<ul>\n<li class=\"font_8\"><a href=\"https:\/\/drive.google.com\/file\/d\/1VrHOgL64h7lo7ZBDbn4k5n-l-nZtQHSg\/view?usp=sharing\"><span class=\"color_15\">Plan de actividades 2019<\/span><\/a><\/li>\n<li class=\"font_8\"><a href=\"https:\/\/drive.google.com\/file\/d\/1kLENzxbKX6LKM_Kh6zoT0Wr6O3IL1Doh\/view?usp=sharing\"><span class=\"color_15\">Decreto de alcald\u00eda asignaci\u00f3n nuevo secretario Fundaci\u00f3n Calvi\u00e0<\/span><\/a><\/li>\n<li class=\"font_8\"><a href=\"https:\/\/drive.google.com\/file\/d\/1lNRXlGBTOcSgLWY34VZ7el1CkmIHihiR\/view?usp=sharing\"><span class=\"color_15\">Presupuesto 2019<\/span><\/a><\/li>\n<li><a href=\"https:\/\/drive.google.com\/file\/d\/1sie01BXTciLXEU5Ydj3DEBfB4hKCh66j\/view?usp=sharing\"><span class=\"color_15\">Firma patronos aprobaci\u00f3n cuentas 2019<\/span><\/a><\/li>\n<li><a href=\"https:\/\/drive.google.com\/file\/d\/1n06YCkN4n0qMHcffd3yPT_sbZbRxUd8L\/view?usp=sharing\">Certificado aprobaci\u00f3n cuentas 2019<\/a><\/li>\n<li><a href=\"https:\/\/drive.google.com\/file\/d\/1eLqYnrfTWHTw-K-QygHYGUw9Rz6qP57f\/view?usp=sharing\"><span class=\"color_15\">Balance de situaci\u00f3n pasivo<\/span><\/a><\/li>\n<li><a href=\"https:\/\/drive.google.com\/file\/d\/1KG9RRLVkqPehRysEXvaUHbLUNO53qoet\/view?usp=sharing\">Balance de situaci\u00f3n activo<\/a><\/li>\n<li><a href=\"https:\/\/drive.google.com\/file\/d\/1qjkQipAQ4t49RO7Y8j-u_nXnTjVWqs4-\/view?usp=sharing\"><span class=\"color_15\">P\u00e9rdidas y ganancias 2019<\/span><\/a><\/li>\n<li><a href=\"https:\/\/drive.google.com\/file\/d\/1FXV3xBxiKP_gb6tl1ba7j-MYMrrCTLHH\/view?usp=sharing\"><span class=\"color_15\">Memoria econ\u00f3mica abreviada 2019<\/span><\/a><\/li>\n<li><a href=\"https:\/\/drive.google.com\/file\/d\/1DmE_70Paa5zbQM215troruSjacfmIsNq\/view?usp=sharing\"><span class=\"color_15\">Memoria final actividades 2019<\/span><\/a><\/li>\n<li><a href=\"https:\/\/drive.google.com\/file\/d\/1UgB7q1z8_Yj6h0OzA0BbXWn3xH3lhCMm\/view?usp=sharing\"><span class=\"color_15\">Informe auditor\u00eda cuentas 2019<\/span><\/a><\/li>\n<li><a href=\"https:\/\/drive.google.com\/file\/d\/1Jtojw0WGxutI8if9EoR32epFI54ey3i6\/view?usp=sharing\"><span class=\"color_15\">Informe auditor\u00eda contractual 2019<\/span><\/a><\/li>\n<\/ul>\n<p>[\/vc_column_text]\t<\/div>\n<\/div><p class=\"qodef-accordion-title\">\n    <span class=\"qodef-accordion-mark\">\n\t\t<span class=\"qodef_icon_plus ion-chevron-down\"><\/span>\n\t\t<span class=\"qodef_icon_minus ion-chevron-up\"><\/span>\n\t<\/span>\n\t<span class=\"qodef-tab-title\">2018<\/span>\n<\/p>\n<div class=\"qodef-accordion-content\">\n\t<div class=\"qodef-accordion-content-inner\">\n\t\t[vc_column_text]<\/p>\n<ul>\n<li class=\"font_8\"><a href=\"https:\/\/drive.google.com\/file\/d\/1pthqLPeOZwhiXtg5dJj7MgZ9gi42qxZz\/view?usp=sharing\"><span class=\"color_15\">Plan de actividades 2018 y presupuesto<\/span><\/a><\/li>\n<li class=\"font_8\"><a href=\"https:\/\/drive.google.com\/file\/d\/1vG7wL3gVDHp1ZZPFvSzOUASqskWpjyPo\/view?usp=sharing\"><span class=\"color_15\">Convenio para el desarrollo del plan de actividades 2018 entre Ajuntament de Calvi\u00e0 y Fundaci\u00f3n Calvi\u00e0 365<\/span><\/a><\/li>\n<li class=\"font_8\"><a href=\"https:\/\/drive.google.com\/file\/d\/160URwTwyvshSImuz0TYQXuLHEBjtbDK7\/view?usp=sharing\"><span class=\"color_15\">Memoria final de actividades 2018<\/span><\/a><\/li>\n<li class=\"font_8\"><a href=\"https:\/\/drive.google.com\/file\/d\/1ZojTO4YwnyyzmcNuVYGNc7yHwEmCMVri\/view?usp=sharing\"><span class=\"color_15\">Informe auditoria de cuentas 2018<\/span><\/a><\/li>\n<li class=\"font_8\"><a href=\"https:\/\/drive.google.com\/file\/d\/15DaNayx7aX1MM9pSBPKuPX32aFKJudrw\/view?usp=sharing\">Informe auditor\u00eda sobre el cumplimiento de los procedimientos de contrataci\u00f3n<\/a><\/li>\n<\/ul>\n<p>[\/vc_column_text]\t<\/div>\n<\/div><p class=\"qodef-accordion-title\">\n    <span class=\"qodef-accordion-mark\">\n\t\t<span class=\"qodef_icon_plus ion-chevron-down\"><\/span>\n\t\t<span class=\"qodef_icon_minus ion-chevron-up\"><\/span>\n\t<\/span>\n\t<span class=\"qodef-tab-title\">2017<\/span>\n<\/p>\n<div class=\"qodef-accordion-content\">\n\t<div class=\"qodef-accordion-content-inner\">\n\t\t[vc_column_text]<\/p>\n<div id=\"comp-iylfr2m3\" class=\"txtNew\" data-packed=\"true\">\n<ul>\n<li class=\"font_8\"><a href=\"https:\/\/drive.google.com\/file\/d\/1hPv8TzORwRa2-D-RkhZHYX6fDP47QmK-\/view?usp=sharing\"><span class=\"color_15\">Plan de actividades 2017<\/span><\/a><\/li>\n<li class=\"font_8\"><a href=\"https:\/\/drive.google.com\/file\/d\/10Jg0RgSe7w7kSxtLHVMSt25OeI2DnzB7\/view?usp=sharing\"><span class=\"color_15\">Presupuesto plan de actividades 2017<\/span><\/a><\/li>\n<li class=\"font_8\"><a href=\"https:\/\/drive.google.com\/file\/d\/1-gqJyoA5BpESl1JW9wAlEUIMZhe8Pu9C\/view?usp=sharing\"><span class=\"color_15\">Convenio para el desarrollo Plan de actividades 2017 entre Ajuntament de Calvi\u00e0 y Fundaci\u00f3n Calvi\u00e0 365<\/span><\/a><\/li>\n<li class=\"font_8\"><a href=\"https:\/\/drive.google.com\/file\/d\/1B957fbUpQ7tKeI6i_BH3Z2mOebVvKMw0\/view?usp=sharing\"><span class=\"color_15\">Memoria final de actividades 2017<\/span><\/a><\/li>\n<li class=\"font_8\"><a href=\"https:\/\/drive.google.com\/file\/d\/1dJjgIoV27lyM4Wu_FEBkuePgeYmhPiSX\/view?usp=sharing\"><span class=\"color_15\">Informe auditor\u00eda de cuentas<\/span><\/a><\/li>\n<li class=\"font_8\"><a href=\"https:\/\/drive.google.com\/file\/d\/124MRgMiLcupIfhjemJpdipEhxEHdKxYi\/view?usp=sharing\"><span class=\"color_15\">Informe cumplimiento normativa de contratos\u00a0<\/span><\/a><\/li>\n<li class=\"font_8\"><a href=\"https:\/\/drive.google.com\/file\/d\/1MwCZCf_1CSscBROEBy9kFDzrmZs47kPi\/view?usp=sharing\"><span class=\"color_15\">Cuentas abreviadas 2017<\/span><\/a><\/li>\n<li class=\"font_8\"><a href=\"https:\/\/drive.google.com\/file\/d\/1WPdYoNLsoBp2SgwIcfiJF5YET8x5YrMM\/view?usp=sharing\"><span class=\"color_15\">Memoria econ\u00f3mica<\/span><\/a><\/li>\n<\/ul>\n<\/div>\n<div id=\"WPht0-rby\" class=\"wp2\" title=\"transparencia.jpg\" data-is-responsive=\"false\" data-display-mode=\"fill\" data-content-padding-horizontal=\"0\" data-content-padding-vertical=\"0\" data-exact-height=\"139\">\n<div id=\"WPht0-rbylink\" class=\"wp2link\"><\/div>\n<\/div>\n<p>[\/vc_column_text]\t<\/div>\n<\/div><p class=\"qodef-accordion-title\">\n    <span class=\"qodef-accordion-mark\">\n\t\t<span class=\"qodef_icon_plus ion-chevron-down\"><\/span>\n\t\t<span class=\"qodef_icon_minus ion-chevron-up\"><\/span>\n\t<\/span>\n\t<span class=\"qodef-tab-title\">2016<\/span>\n<\/p>\n<div class=\"qodef-accordion-content\">\n\t<div class=\"qodef-accordion-content-inner\">\n\t\t[vc_column_text]<\/p>\n<ul>\n<li class=\"font_8\"><a href=\"https:\/\/drive.google.com\/file\/d\/1TO68m8mEgLJlyqxtMBfTsUYfK9eQnSBj\/view?usp=sharing\"><span class=\"color_15\">Plan acci\u00f3n 2016<\/span><\/a><\/li>\n<li class=\"font_8\"><a href=\"https:\/\/drive.google.com\/file\/d\/1OsaMZE_fW_qoip5PIgwVIsQdePOsWCsj\/view?usp=sharing\"><span class=\"color_15\">Convenio para el desarrollo plan actividades 2016 entre Ajuntament de Calvi\u00e0 y Fundaci\u00f3n Calvi\u00e0 365<\/span><\/a><\/li>\n<li class=\"font_8\"><a href=\"https:\/\/drive.google.com\/file\/d\/1fI4KO1fxFRsEk6tWCJ2duC9aY5o-kqS-\/view?usp=sharing\"><span class=\"color_15\">Adenda al convenio para el desarrollo del plan actividades 2016 entre Ajuntament de Calvi\u00e0 y Fundaci\u00f3n Calvi\u00e0 365\u00a0<\/span><\/a><\/li>\n<li class=\"font_8\"><a href=\"https:\/\/drive.google.com\/file\/d\/1jIB3g-qVTmuX0Y47gzeNG35hk5mEAU4H\/view?usp=sharing\"><span class=\"color_15\">Memoria final de actividades 2016<\/span><\/a><\/li>\n<li class=\"font_8\"><a href=\"https:\/\/drive.google.com\/file\/d\/1RkcYGaNXYHDFISKnRLzPXsjiwfoL1v0_\/view?usp=sharing\"><span class=\"color_15\">Informe auditor\u00eda de cuentas y cuentas abreviadas 2016<\/span><\/a><\/li>\n<li class=\"font_8\"><a href=\"https:\/\/drive.google.com\/file\/d\/1m_aZNeF0PQljE2QP8yk0xksek0FyN_aY\/view?usp=sharing\"><span class=\"color_15\">Informe especial sobre cumplimiento de la normativa relativa a la legislaci\u00f3n de contratos del sector p\u00fablico 2016<\/span><\/a><\/li>\n<\/ul>\n<p>[\/vc_column_text]\t<\/div>\n<\/div><p class=\"qodef-accordion-title\">\n    <span class=\"qodef-accordion-mark\">\n\t\t<span class=\"qodef_icon_plus ion-chevron-down\"><\/span>\n\t\t<span class=\"qodef_icon_minus ion-chevron-up\"><\/span>\n\t<\/span>\n\t<span class=\"qodef-tab-title\">2015<\/span>\n<\/p>\n<div class=\"qodef-accordion-content\">\n\t<div class=\"qodef-accordion-content-inner\">\n\t\t[vc_column_text]<\/p>\n<ul>\n<li class=\"font_8\"><a href=\"https:\/\/drive.google.com\/file\/d\/1vvnDjeEGQqGpzI_rPQEIK-j-1t7mtsuH\/view?usp=sharing\"><span class=\"color_15\">Memoria final de actividades 2015<\/span><\/a><\/li>\n<li class=\"font_8\"><a href=\"https:\/\/drive.google.com\/file\/d\/1VCUky31uDxatwxN_PBK97HlAj0RrltNH\/view?usp=sharing\"><span class=\"color_15\">Informe auditor\u00eda cuentas y cuentas anuales abreviadas 2015<\/span><\/a><\/li>\n<li class=\"font_8\"><a href=\"https:\/\/drive.google.com\/file\/d\/120BnyYMWINjAL4_CCx0CpDMq8CAakNvL\/view?usp=sharing\"><span class=\"color_15\">Informe especial sobre cumplimiento de la normativa relativa a la legislaci\u00f3n de contratos del sector p\u00fablico 2015<\/span><\/a><\/li>\n<\/ul>\n<p>[\/vc_column_text]\t<\/div>\n<\/div><p class=\"qodef-accordion-title\">\n    <span class=\"qodef-accordion-mark\">\n\t\t<span class=\"qodef_icon_plus ion-chevron-down\"><\/span>\n\t\t<span class=\"qodef_icon_minus ion-chevron-up\"><\/span>\n\t<\/span>\n\t<span class=\"qodef-tab-title\">2014<\/span>\n<\/p>\n<div class=\"qodef-accordion-content\">\n\t<div class=\"qodef-accordion-content-inner\">\n\t\t[vc_column_text]<\/p>\n<div id=\"comp-ir1zvat9\" class=\"txtNew\" data-packed=\"true\">\n<ul>\n<li><a href=\"https:\/\/drive.google.com\/file\/d\/1qiP3d1dlyE-44D9Rw8IfRiSJPSWprAeB\/view?usp=sharing\"><span style=\"color: #000000; font-size: 15px;\">Cuentas anuales y memoria final de actividades 2014<\/span><\/a><\/li>\n<li><a href=\"https:\/\/drive.google.com\/file\/d\/10eJAwKc9IZFEyVpaBxDhi81naGvHmQC1\/view?usp=sharing\"><span class=\"color_15\">Informe auditor\u00eda de cuentas 2014<\/span><\/a><\/li>\n<li><a href=\"https:\/\/drive.google.com\/file\/d\/1m7yw-zkmJg7eyLXydiH3avGREFGVVeEp\/view?usp=sharing\"><span class=\"color_15\">Informe especial sobre cumplimiento de la normativa relativa a la legislaci\u00f3n de contratos del sector p\u00fablico<\/span><\/a><\/li>\n<\/ul>\n<\/div>\n<div id=\"comp-ir20e317\" class=\"txtNew\" data-packed=\"true\"><\/div>\n<p>[\/vc_column_text]\t<\/div>\n<\/div><\/div>[\/vc_column][\/vc_row][vc_row][vc_column][vc_empty_space height=&#8220;45px&#8220;][vc_empty_space height=&#8220;45px&#8220;][\/vc_column][\/vc_row][vc_row][vc_column width=&#8220;1\/4&#8243; css=&#8220;.vc_custom_1585731740146{margin-left: 50px !important;}&#8220;][vc_column_text css=&#8220;.vc_custom_1586948859139{padding-bottom: 20px !important;}&#8220;]<\/p>\n<h4>Fundaci\u00f3n Calvi\u00e0 365<\/h4>\n<p>[\/vc_column_text]<div class=\"qodef-iwt clearfix  qodef-iwt-icon-left qodef-iwt-icon-medium\">\n\t<div class=\"qodef-iwt-icon\">\n\t\t\t\t\t<a itemprop=\"url\" href=\"tel:971139190\" target=\"_self\">\n\t\t\t\t\t\t\t\t\t    <span class=\"qodef-icon-shortcode qodef-normal   qodef-icon-medium\"  data-color=\"#2f5aa1\">\n                    <span aria-hidden=\"true\" class=\"qodef-icon-font-elegant icon_phone qodef-icon-element\" style=\"color: #2f5aa1;font-size:17px\" ><\/span>            <\/span>\n\t\t\t\t\t\t\t\t<\/a>\n\t\t\t<\/div>\n\t<div class=\"qodef-iwt-content\" >\n\t\t\t\t\t<h5 class=\"qodef-iwt-title\" style=\"color: #868585;margin-top: 6px\">\n\t\t\t\t\t\t\t\t\t<a itemprop=\"url\" href=\"tel:971139190\" target=\"_self\">\n\t\t\t\t\t\t\t\t<span class=\"qodef-iwt-title-text\">971 13 91 90<\/span>\n\t\t\t\t\t\t\t\t\t<\/a>\n\t\t\t\t\t\t\t<\/h5>\n\t\t\t\t\t<\/div>\n<\/div>[vc_empty_space height=&#8220;13px&#8220;]<div class=\"qodef-iwt clearfix  qodef-iwt-icon-left qodef-iwt-icon-medium\">\n\t<div class=\"qodef-iwt-icon\">\n\t\t\t\t\t<a itemprop=\"url\" href=\"mailto:info@fundacioncalvia.com\" target=\"_self\">\n\t\t\t\t\t\t\t\t\t    <span class=\"qodef-icon-shortcode qodef-normal   qodef-icon-medium\"  data-color=\"#2f5aa1\">\n                    <span aria-hidden=\"true\" class=\"qodef-icon-font-elegant icon_comment qodef-icon-element\" style=\"color: #2f5aa1;font-size:17px\" ><\/span>            <\/span>\n\t\t\t\t\t\t\t\t<\/a>\n\t\t\t<\/div>\n\t<div class=\"qodef-iwt-content\" >\n\t\t\t\t\t<h5 class=\"qodef-iwt-title\" style=\"color: #868585;margin-top: 6px\">\n\t\t\t\t\t\t\t\t\t<a itemprop=\"url\" href=\"mailto:info@fundacioncalvia.com\" target=\"_self\">\n\t\t\t\t\t\t\t\t<span class=\"qodef-iwt-title-text\">info@fundacioncalvia.com<\/span>\n\t\t\t\t\t\t\t\t\t<\/a>\n\t\t\t\t\t\t\t<\/h5>\n\t\t\t\t\t<\/div>\n<\/div>[vc_empty_space height=&#8220;13px&#8220;]<div class=\"qodef-icon-list-holder \" >\n\t<div class=\"qodef-il-icon-holder\">\n\t\t<span aria-hidden=\"true\" class=\"qodef-icon-font-elegant icon_pin \" style=\"color: #2f5aa1;font-size: 17px\"><\/span>\t<\/div>\n\t<p class=\"qodef-il-text\" style=\"padding-left: 25px\">C\/ de Juli\u00e0 Bujosa Sans, batle, 1 - 07184 Calvi\u00e0 (Illes Balears)<\/p>\n<\/div>[vc_empty_space][\/vc_column][vc_column width=&#8220;3\/4&#8243;][vc_gmaps link=&#8220;#E-8_JTNDaWZyYW1lJTIwc3JjJTNEJTIyaHR0cHMlM0ElMkYlMkZ3d3cuZ29vZ2xlLmNvbSUyRm1hcHMlMkZlbWJlZCUzRnBiJTNEJTIxMW0xOCUyMTFtMTIlMjExbTMlMjExZDMwNzUuODI2NTM5NjEyOTkyNyUyMTJkMi41MDI5ODQ3MTQ1MzMwNzQlMjEzZDM5LjU2MzUxODYxNTAxMDQ0NSUyMTJtMyUyMTFmMCUyMTJmMCUyMTNmMCUyMTNtMiUyMTFpMTAyNCUyMTJpNzY4JTIxNGYxMy4xJTIxM20zJTIxMW0yJTIxMXMweDEyOTc4OTMyNTEyYjQxMTUlMjUzQTB4YWMzODk4ZGFhOWU5YzM3OCUyMTJzQWp1bnRhbWVudCUyNTIwZGUlMjUyMENhbHZpJTI1QzMlMjVBMCUyMTVlMCUyMTNtMiUyMTFzZXMlMjEyc3VzJTIxNHYxNTg2OTQ4OTg3NzYyJTIxNW0yJTIxMXNlcyUyMTJzdXMlMjIlMjB3aWR0aCUzRCUyMjYwMCUyMiUyMGhlaWdodCUzRCUyMjQ1MCUyMiUyMGZyYW1lYm9yZGVyJTNEJTIyMCUyMiUyMHN0eWxlJTNEJTIyYm9yZGVyJTNBMCUzQiUyMiUyMGFsbG93ZnVsbHNjcmVlbiUzRCUyMiUyMiUyMGFyaWEtaGlkZGVuJTNEJTIyZmFsc2UlMjIlMjB0YWJpbmRleCUzRCUyMjAlMjIlM0UlM0MlMkZpZnJhbWUlM0U=&#8220;][\/vc_column][\/vc_row]<\/p>\n<\/div>","protected":false},"excerpt":{"rendered":"<p>[vc_row][vc_column][\/vc_column][\/vc_row][vc_row content_placement=&#8220;middle&#8220; row_content_width=&#8220;grid&#8220; disable_background_image=&#8220;&#8220; content_text_aligment=&#8220;center&#8220; css=&#8220;.vc_custom_1586943385291{padding-top: 41px !important;}&#8220; simple_background_image=&#8220;3917&#8243;][vc_column][\/vc_column][\/vc_row][vc_row disable_element=&#8220;yes&#8220;][vc_column][vc_empty_space height=&#8220;45px&#8220;][\/vc_column][\/vc_row][vc_row row_content_width=&#8220;grid&#8220;][vc_column width=&#8220;1\/2&#8243;][vc_empty_space height=&#8220;80px&#8220;][\/vc_column][vc_column width=&#8220;1\/2&#8243;][vc_empty_space height=&#8220;45px&#8220;][vc_single_image image=&#8220;25740&#8243; img_size=&#8220;medium&#8220; alignment=&#8220;center&#8220;][vc_column_text]Das vorrangige Ziel der Stiftung Fundaci\u00f3n Calvi\u00e0 besteht in der F\u00f6rderung des Fremdenverkehrs in Calvi\u00e0 durch die Organisation, Promotion und Realisation von Aktivit\u00e4ten und Events von fremdenverkehrstechnischem, kulturellem, sozialem und sportlichen usw. Charakter, die dazu beitragen [&hellip;]<\/p>\n","protected":false},"author":182516946,"featured_media":25740,"parent":0,"menu_order":0,"comment_status":"closed","ping_status":"closed","template":"full-width.php","meta":{"_coblocks_attr":"","_coblocks_dimensions":"","_coblocks_responsive_height":"","_coblocks_accordion_ie_support":"","_crdt_document":"","footnotes":""},"class_list":["post-13158","page","type-page","status-publish","has-post-thumbnail","hentry"],"yoast_head":"<!-- This site is optimized with the Yoast SEO plugin v27.5 - https:\/\/yoast.com\/product\/yoast-seo-wordpress\/ -->\n<title>Fundaci\u00f3n Calvi\u00e0, entidad que trabaja por el desarrollo tur\u00edstico<\/title>\n<meta name=\"description\" content=\"Fundaci\u00f3n Calvi\u00e0 - entidad que trabaja para el desarrollo tur\u00edstico municipal. Su principal objectivo es luchar contra la estacionalidad tur\u00edstica.\" \/>\n<meta name=\"robots\" content=\"index, follow, max-snippet:-1, max-image-preview:large, max-video-preview:-1\" \/>\n<link rel=\"canonical\" href=\"https:\/\/visitcalvia.org\/de\/fundacion-calvia-de\/\" \/>\n<meta property=\"og:locale\" content=\"de_DE\" \/>\n<meta property=\"og:type\" content=\"article\" \/>\n<meta property=\"og:title\" content=\"Fundaci\u00f3n Calvi\u00e0, entidad que trabaja por el desarrollo tur\u00edstico\" \/>\n<meta property=\"og:description\" content=\"Fundaci\u00f3n Calvi\u00e0 - entidad que trabaja para el desarrollo tur\u00edstico municipal. Su principal objectivo es luchar contra la estacionalidad tur\u00edstica.\" \/>\n<meta property=\"og:url\" content=\"https:\/\/visitcalvia.org\/de\/fundacion-calvia-de\/\" \/>\n<meta property=\"og:site_name\" content=\"visitcalvia\" \/>\n<meta property=\"article:modified_time\" content=\"2025-08-01T07:08:13+00:00\" \/>\n<meta property=\"og:image\" content=\"https:\/\/visitcalvia.org\/wp-content\/uploads\/2024\/06\/fundacion-calvia-365.png\" \/>\n\t<meta property=\"og:image:width\" content=\"852\" \/>\n\t<meta property=\"og:image:height\" content=\"602\" \/>\n\t<meta property=\"og:image:type\" content=\"image\/png\" \/>\n<meta name=\"twitter:card\" content=\"summary_large_image\" \/>\n<meta name=\"twitter:label1\" content=\"Gesch\u00e4tzte Lesezeit\" \/>\n\t<meta name=\"twitter:data1\" content=\"13\u00a0Minuten\" \/>\n<script type=\"application\/ld+json\" class=\"yoast-schema-graph\">{\"@context\":\"https:\\\/\\\/schema.org\",\"@graph\":[{\"@type\":\"WebPage\",\"@id\":\"https:\\\/\\\/visitcalvia.org\\\/de\\\/fundacion-calvia-de\\\/\",\"url\":\"https:\\\/\\\/visitcalvia.org\\\/de\\\/fundacion-calvia-de\\\/\",\"name\":\"Fundaci\u00f3n Calvi\u00e0, entidad que trabaja por el desarrollo tur\u00edstico\",\"isPartOf\":{\"@id\":\"https:\\\/\\\/visitcalvia.org\\\/de\\\/#website\"},\"primaryImageOfPage\":{\"@id\":\"https:\\\/\\\/visitcalvia.org\\\/de\\\/fundacion-calvia-de\\\/#primaryimage\"},\"image\":{\"@id\":\"https:\\\/\\\/visitcalvia.org\\\/de\\\/fundacion-calvia-de\\\/#primaryimage\"},\"thumbnailUrl\":\"https:\\\/\\\/i0.wp.com\\\/visitcalvia.org\\\/wp-content\\\/uploads\\\/2024\\\/06\\\/fundacion-calvia-365.png?fit=852%2C602&ssl=1\",\"datePublished\":\"2020-04-15T08:20:52+00:00\",\"dateModified\":\"2025-08-01T07:08:13+00:00\",\"description\":\"Fundaci\u00f3n Calvi\u00e0 - entidad que trabaja para el desarrollo tur\u00edstico municipal. Su principal objectivo es luchar contra la estacionalidad tur\u00edstica.\",\"breadcrumb\":{\"@id\":\"https:\\\/\\\/visitcalvia.org\\\/de\\\/fundacion-calvia-de\\\/#breadcrumb\"},\"inLanguage\":\"de\",\"potentialAction\":[{\"@type\":\"ReadAction\",\"target\":[\"https:\\\/\\\/visitcalvia.org\\\/de\\\/fundacion-calvia-de\\\/\"]}]},{\"@type\":\"ImageObject\",\"inLanguage\":\"de\",\"@id\":\"https:\\\/\\\/visitcalvia.org\\\/de\\\/fundacion-calvia-de\\\/#primaryimage\",\"url\":\"https:\\\/\\\/i0.wp.com\\\/visitcalvia.org\\\/wp-content\\\/uploads\\\/2024\\\/06\\\/fundacion-calvia-365.png?fit=852%2C602&ssl=1\",\"contentUrl\":\"https:\\\/\\\/i0.wp.com\\\/visitcalvia.org\\\/wp-content\\\/uploads\\\/2024\\\/06\\\/fundacion-calvia-365.png?fit=852%2C602&ssl=1\",\"width\":852,\"height\":602},{\"@type\":\"BreadcrumbList\",\"@id\":\"https:\\\/\\\/visitcalvia.org\\\/de\\\/fundacion-calvia-de\\\/#breadcrumb\",\"itemListElement\":[{\"@type\":\"ListItem\",\"position\":1,\"name\":\"Portada\",\"item\":\"https:\\\/\\\/visitcalvia.org\\\/de\\\/\"},{\"@type\":\"ListItem\",\"position\":2,\"name\":\"Fundaci\u00f3n Calvi\u00e0\"}]},{\"@type\":\"WebSite\",\"@id\":\"https:\\\/\\\/visitcalvia.org\\\/de\\\/#website\",\"url\":\"https:\\\/\\\/visitcalvia.org\\\/de\\\/\",\"name\":\"visitcalvia\",\"description\":\"Vacaciones en Mallorca \u2013 Calvi\u00e0 m\u00faltiples destinos en uno s\u00f3lo lugar. Palmanova, Santa Pon\u00e7a, Magaluf, Peguera, Portals Nous, Costa d\u2019en Blanes, Cala Vinyes\",\"potentialAction\":[{\"@type\":\"SearchAction\",\"target\":{\"@type\":\"EntryPoint\",\"urlTemplate\":\"https:\\\/\\\/visitcalvia.org\\\/de\\\/?s={search_term_string}\"},\"query-input\":{\"@type\":\"PropertyValueSpecification\",\"valueRequired\":true,\"valueName\":\"search_term_string\"}}],\"inLanguage\":\"de\"}]}<\/script>\n<!-- \/ Yoast SEO plugin. -->","yoast_head_json":{"title":"Fundaci\u00f3n Calvi\u00e0, entidad que trabaja por el desarrollo tur\u00edstico","description":"Fundaci\u00f3n Calvi\u00e0 - entidad que trabaja para el desarrollo tur\u00edstico municipal. Su principal objectivo es luchar contra la estacionalidad tur\u00edstica.","robots":{"index":"index","follow":"follow","max-snippet":"max-snippet:-1","max-image-preview":"max-image-preview:large","max-video-preview":"max-video-preview:-1"},"canonical":"https:\/\/visitcalvia.org\/de\/fundacion-calvia-de\/","og_locale":"de_DE","og_type":"article","og_title":"Fundaci\u00f3n Calvi\u00e0, entidad que trabaja por el desarrollo tur\u00edstico","og_description":"Fundaci\u00f3n Calvi\u00e0 - entidad que trabaja para el desarrollo tur\u00edstico municipal. Su principal objectivo es luchar contra la estacionalidad tur\u00edstica.","og_url":"https:\/\/visitcalvia.org\/de\/fundacion-calvia-de\/","og_site_name":"visitcalvia","article_modified_time":"2025-08-01T07:08:13+00:00","og_image":[{"width":852,"height":602,"url":"https:\/\/visitcalvia.org\/wp-content\/uploads\/2024\/06\/fundacion-calvia-365.png","type":"image\/png"}],"twitter_card":"summary_large_image","twitter_misc":{"Gesch\u00e4tzte Lesezeit":"13\u00a0Minuten"},"schema":{"@context":"https:\/\/schema.org","@graph":[{"@type":"WebPage","@id":"https:\/\/visitcalvia.org\/de\/fundacion-calvia-de\/","url":"https:\/\/visitcalvia.org\/de\/fundacion-calvia-de\/","name":"Fundaci\u00f3n Calvi\u00e0, entidad que trabaja por el desarrollo tur\u00edstico","isPartOf":{"@id":"https:\/\/visitcalvia.org\/de\/#website"},"primaryImageOfPage":{"@id":"https:\/\/visitcalvia.org\/de\/fundacion-calvia-de\/#primaryimage"},"image":{"@id":"https:\/\/visitcalvia.org\/de\/fundacion-calvia-de\/#primaryimage"},"thumbnailUrl":"https:\/\/i0.wp.com\/visitcalvia.org\/wp-content\/uploads\/2024\/06\/fundacion-calvia-365.png?fit=852%2C602&ssl=1","datePublished":"2020-04-15T08:20:52+00:00","dateModified":"2025-08-01T07:08:13+00:00","description":"Fundaci\u00f3n Calvi\u00e0 - entidad que trabaja para el desarrollo tur\u00edstico municipal. Su principal objectivo es luchar contra la estacionalidad tur\u00edstica.","breadcrumb":{"@id":"https:\/\/visitcalvia.org\/de\/fundacion-calvia-de\/#breadcrumb"},"inLanguage":"de","potentialAction":[{"@type":"ReadAction","target":["https:\/\/visitcalvia.org\/de\/fundacion-calvia-de\/"]}]},{"@type":"ImageObject","inLanguage":"de","@id":"https:\/\/visitcalvia.org\/de\/fundacion-calvia-de\/#primaryimage","url":"https:\/\/i0.wp.com\/visitcalvia.org\/wp-content\/uploads\/2024\/06\/fundacion-calvia-365.png?fit=852%2C602&ssl=1","contentUrl":"https:\/\/i0.wp.com\/visitcalvia.org\/wp-content\/uploads\/2024\/06\/fundacion-calvia-365.png?fit=852%2C602&ssl=1","width":852,"height":602},{"@type":"BreadcrumbList","@id":"https:\/\/visitcalvia.org\/de\/fundacion-calvia-de\/#breadcrumb","itemListElement":[{"@type":"ListItem","position":1,"name":"Portada","item":"https:\/\/visitcalvia.org\/de\/"},{"@type":"ListItem","position":2,"name":"Fundaci\u00f3n Calvi\u00e0"}]},{"@type":"WebSite","@id":"https:\/\/visitcalvia.org\/de\/#website","url":"https:\/\/visitcalvia.org\/de\/","name":"visitcalvia","description":"Vacaciones en Mallorca \u2013 Calvi\u00e0 m\u00faltiples destinos en uno s\u00f3lo lugar. Palmanova, Santa Pon\u00e7a, Magaluf, Peguera, Portals Nous, Costa d\u2019en Blanes, Cala Vinyes","potentialAction":[{"@type":"SearchAction","target":{"@type":"EntryPoint","urlTemplate":"https:\/\/visitcalvia.org\/de\/?s={search_term_string}"},"query-input":{"@type":"PropertyValueSpecification","valueRequired":true,"valueName":"search_term_string"}}],"inLanguage":"de"}]}},"jetpack_likes_enabled":false,"jetpack_sharing_enabled":false,"jetpack_shortlink":"https:\/\/wp.me\/PbP1bo-3qe","amp_enabled":false,"_links":{"self":[{"href":"https:\/\/visitcalvia.org\/de\/wp-json\/wp\/v2\/pages\/13158","targetHints":{"allow":["GET"]}}],"collection":[{"href":"https:\/\/visitcalvia.org\/de\/wp-json\/wp\/v2\/pages"}],"about":[{"href":"https:\/\/visitcalvia.org\/de\/wp-json\/wp\/v2\/types\/page"}],"author":[{"embeddable":true,"href":"https:\/\/visitcalvia.org\/de\/wp-json\/wp\/v2\/users\/182516946"}],"replies":[{"embeddable":true,"href":"https:\/\/visitcalvia.org\/de\/wp-json\/wp\/v2\/comments?post=13158"}],"version-history":[{"count":57,"href":"https:\/\/visitcalvia.org\/de\/wp-json\/wp\/v2\/pages\/13158\/revisions"}],"predecessor-version":[{"id":29210,"href":"https:\/\/visitcalvia.org\/de\/wp-json\/wp\/v2\/pages\/13158\/revisions\/29210"}],"wp:featuredmedia":[{"embeddable":true,"href":"https:\/\/visitcalvia.org\/de\/wp-json\/wp\/v2\/media\/25740"}],"wp:attachment":[{"href":"https:\/\/visitcalvia.org\/de\/wp-json\/wp\/v2\/media?parent=13158"}],"curies":[{"name":"wp","href":"https:\/\/api.w.org\/{rel}","templated":true}]}}