{"id":13217,"date":"2020-04-27T12:34:40","date_gmt":"2020-04-27T10:34:40","guid":{"rendered":"https:\/\/visitcalvia.org\/playa-cala-blanca\/"},"modified":"2025-07-07T09:16:28","modified_gmt":"2025-07-07T07:16:28","slug":"strand-cala-blanca","status":"publish","type":"page","link":"https:\/\/visitcalvia.org\/de\/strand-cala-blanca\/","title":{"rendered":"Strand Cala Blanca"},"content":{"rendered":"<div class=\"wpb-content-wrapper\"><p>[vc_row content_placement=&#8220;middle&#8220; content_text_aligment=&#8220;center&#8220; css=&#8220;.vc_custom_1588927993958{padding-top: 81px !important;background-image: url(<a href=\"https:\/\/visitcalvia.org\/wp-content\/uploads\/2020\/05\/portada-cala-blancap-laya.jpg?id=6166\">https:\/\/visitcalvia.org\/wp-content\/uploads\/2020\/05\/portada-cala-blancap-laya.jpg?id=6166<\/a>) !important;background-position: center !important;background-repeat: no-repeat !important;background-size: cover !important;}&#8220; simple_background_color=&#8220;#ffffff&#8220;][vc_column]<div class=\"qodef-elements-holder   qodef-one-column  qodef-responsive-mode-768 \" ><div class=\"qodef-eh-item     \"  data-item-class=\"qodef-eh-custom-9815\" data-1024-1280=\"0 21%\" data-768-1024=\"0 12%\" data-680-768=\"0 0\" data-680=\"0 0\">\n\t<div class=\"qodef-eh-item-inner\">\n\t\t<div class=\"qodef-eh-item-content qodef-eh-custom-9815\" style=\"padding: 0 25%\">\n\t\t\t[vc_empty_space height=&#8220;200px&#8220;]\t\t<\/div>\n\t<\/div>\n\t<\/div><\/div>[\/vc_column][\/vc_row][vc_row full_width=&#8220;stretch_row&#8220; css=&#8220;.vc_custom_1738054147413{background-color: #9bc535 !important;}&#8220;][vc_column][vc_row_inner row_content_width=&#8220;grid&#8220;][vc_column_inner width=&#8220;1\/2&#8243;]<div class=\"qodef-section-title-holder  qodef-st-standard qodef-st-title-left qodef-st-normal-space  \" style=\"text-align: right\">\n\t<div class=\"qodef-st-inner\">\n\t\t\t\t\t<h3 class=\"qodef-st-title\" style=\"color: #0a0a0a\">\n\t\t\t\t<span class=\"qodef-st-title-bold\">Strand-Datenblatt<\/span> <span class=\"qodef-st-title-bold\">-<\/span> <span class=\"qodef-st-title-bold\">Cala<\/span> <span class=\"qodef-st-title-bold\">Blanca<\/span><br \/>\t\t\t<\/h3>\n\t\t\t\t\t<\/div>\n<\/div>[vc_empty_space height=&#8220;10px&#8220;][\/vc_column_inner][vc_column_inner width=&#8220;1\/2&#8243;][vc_empty_space height=&#8220;7px&#8220;]<a itemprop=\"url\" href=\"https:\/\/drive.google.com\/file\/d\/1FhdfmIfO2z1b42duukaZnlB-z7UqlM-J\/view?usp=sharing\" target=\"_blank\" style=\"text-transform: capitalize\" class=\"qodef-btn qodef-btn-small qodef-btn-solid qodef-btn-icon\"  >\n    <span class=\"qodef-btn-text\">Weitere Informationen<\/span>\n    <i class=\"qodef-icon-font-awesome fa fa-chevron-right \" ><\/i><\/a>[vc_empty_space height=&#8220;7px&#8220;][\/vc_column_inner][\/vc_row_inner][vc_empty_space height=&#8220;20px&#8220;][\/vc_column][\/vc_row][vc_row row_content_width=&#8220;grid&#8220; css=&#8220;.vc_custom_1587458275105{margin-top: 35px !important;padding-bottom: 30px !important;}&#8220;][vc_column]<div class=\"qodef-section-title-holder  qodef-st-standard qodef-st-title-left qodef-st-normal-space qodef-st-disable-title-break qodef-st-with-border\" style=\"text-align: left\">\n\t<div class=\"qodef-st-inner\">\n\t\t\t\t\t<h2 class=\"qodef-st-title\" >\n\t\t\t\tStrand <span class=\"qodef-st-title-bold\">Cala<\/span> <span class=\"qodef-st-title-bold\">Blanca<\/span>\t\t\t<\/h2>\n\t\t\t\t\t<\/div>\n<\/div>[vc_column_text]Der Strand Cala Blanca &#8211; Mallorca oder Playa Es Castellot liegt an der <a href=\"https:\/\/visitcalvia.org\/de\/costadelacalma\/\"><strong>Costa de la Calma<\/strong><\/a>, einer Feriengegend f\u00fcr Familien, die an <a href=\"https:\/\/visitcalvia.org\/de\/santaponsa\/\"><strong>Santa Pon\u00e7a<\/strong><\/a> und <a href=\"https:\/\/visitcalvia.org\/de\/peguera\/\"><strong>Peguera<\/strong> <\/a>grenzt.<\/p>\n<p>Dieser Meeresarm endet an einem Strand, dessen B\u00f6schung aus Felsbrocken und Kies besteht. An den R\u00e4ndern befinden sich niedrige Felsen.<\/p>\n<p>Cala Blanca ist der sichtbarste Strand in dem Ortsteil. Er liegt zwischen Punta de los Gatos und Punta de Es Castellot. Knapp einen Kilometer entfernt liegt der Strand Monte de Oro (1 km).<\/p>\n<p>Auch in der N\u00e4he gibt es kleine Buchten zwischen den Klippen und Felsen, die zwischen den sandigen Fl\u00e4chen liegen.<\/p>\n<p>Achtung, vom Ankern von Booten vor dieser K\u00fcste wird abgeraten. Nur 0,2 Seemeilen weiter befindet sich der <a href=\"http:\/\/cnsp.es\/?lang=en\"><strong>Club N\u00e1utico Santa Pon\u00e7a<\/strong><\/a>.<\/p>\n<p>Die Zufahrt \u00fcber die Stra\u00dfe ist einfach. Von Palma aus f\u00e4hrt man auf der Autov\u00eda (Autobahn), vorbei an der Ausfahrt Santa Pon\u00e7a (El Molino) und weiter bis zur Ausfahrt Costa de la Calma. Anschlie\u00dfend sucht man die Kreuzung der Stra\u00dfen Ram\u00f3n de Moncada und Hueget des Far.<\/p>\n<p>Privatfahrzeuge k\u00f6nnen kostenlos in den angrenzenden Stra\u00dfen geparkt werden. Es besteht auch die M\u00f6glichkeit, mit \u00f6ffentlichen Verkehrsmitteln zu fahren. Die n\u00e4chste Bushaltestelle ist 100 m entfernt.[\/vc_column_text][vc_empty_space height=&#8220;10px&#8220;][\/vc_column][\/vc_row][vc_row row_content_width=&#8220;grid&#8220; css=&#8220;.vc_custom_1587460367699{padding-top: 20px !important;padding-bottom: 10px !important;}&#8220;][vc_column]<div class=\"qodef-section-title-holder  qodef-st-standard qodef-st-title-left qodef-st-normal-space qodef-st-disable-title-break qodef-st-with-border\" style=\"text-align: left\">\n\t<div class=\"qodef-st-inner\">\n\t\t\t\t\t<h2 class=\"qodef-st-title\" >\n\t\t\t\tDienstleistungen\t\t\t<\/h2>\n\t\t\t\t\t\t\t<h5 class=\"qodef-st-text\" >\n\t\t\t\tDer Strand ist mit folgenden Dienstleistungen ausgestattet:\t\t\t<\/h5>\n\t\t\t<\/div>\n<\/div>[\/vc_column][\/vc_row][vc_row row_content_width=&#8220;grid&#8220; css=&#8220;.vc_custom_1585726577981{padding-top: 20px !important;padding-bottom: 30px !important;}&#8220;][vc_column width=&#8220;1\/3&#8243;][vc_row_inner css=&#8220;.vc_custom_1587459893981{padding-top: -40px !important;}&#8220;][vc_column_inner width=&#8220;2\/3&#8243;][vc_column_text]<\/p>\n<h5><strong>4 Abfalleimer<\/strong><strong><img data-recalc-dims=\"1\" decoding=\"async\" class=\"alignleft wp-image-4453\" src=\"https:\/\/i0.wp.com\/visitcalvia.org\/wp-content\/uploads\/2020\/04\/papelera.jpg?resize=37%2C37&#038;ssl=1\" alt=\"Papelera \" width=\"37\" height=\"37\" srcset=\"https:\/\/i0.wp.com\/visitcalvia.org\/wp-content\/uploads\/2020\/04\/papelera.jpg?w=137&amp;ssl=1 137w, https:\/\/i0.wp.com\/visitcalvia.org\/wp-content\/uploads\/2020\/04\/papelera.jpg?resize=100%2C100&amp;ssl=1 100w, https:\/\/i0.wp.com\/visitcalvia.org\/wp-content\/uploads\/2020\/04\/papelera.jpg?resize=64%2C64&amp;ssl=1 64w\" sizes=\"(max-width: 37px) 100vw, 37px\" \/><\/strong><\/h5>\n<p>[\/vc_column_text][\/vc_column_inner][vc_column_inner width=&#8220;1\/3&#8243;][vc_icon icon_fontawesome=&#8220;fa fa-check&#8220; color=&#8220;green&#8220;][\/vc_column_inner][\/vc_row_inner][\/vc_column][vc_column width=&#8220;1\/3&#8243;][\/vc_column][vc_column width=&#8220;1\/3&#8243;][\/vc_column][\/vc_row][vc_row row_content_width=&#8220;grid&#8220; content_width=&#8220;grid&#8220; css=&#8220;.vc_custom_1587458288460{padding-bottom: 42px !important;}&#8220;][vc_column][vc_row_inner css=&#8220;.vc_custom_1587458140771{padding-left: 80px !important;}&#8220;][vc_column_inner width=&#8220;1\/4&#8243;]<div class=\"qodef-pie-chart-holder \">\n\t<div class=\"qodef-pc-percentage\" data-percent=\"40\" data-bar-color=\"#1e73be\" data-track-color=\"#0a0000\">\n\t\t<span class=\"qodef-pc-percent\" >40<\/span>\n\t<\/div>\n\t\t\t<div class=\"qodef-pc-text-holder\">\n\t\t\t\t\t\t\t<h4 class=\"qodef-pc-title\" >Meter - L\u00e4nge in Metern<\/h4>\n\t\t\t\t\t\t\t\t<\/div>\n\t<\/div>[\/vc_column_inner][vc_column_inner width=&#8220;1\/4&#8243;]<div class=\"qodef-pie-chart-holder \">\n\t<div class=\"qodef-pc-percentage\" data-percent=\"10\" data-bar-color=\"#1e73be\" data-track-color=\"#0a0000\">\n\t\t<span class=\"qodef-pc-percent\" >10<\/span>\n\t<\/div>\n\t\t\t<div class=\"qodef-pc-text-holder\">\n\t\t\t\t\t\t\t<h4 class=\"qodef-pc-title\" >L\u00e4nge in Metern - Breite<\/h4>\n\t\t\t\t\t\t\t\t<\/div>\n\t<\/div>[\/vc_column_inner][vc_column_inner width=&#8220;1\/2&#8243;][vc_column_text]<\/p>\n<blockquote>\n<h4 style=\"text-align: left;\"><strong>ALLGEMEINE ANGABEN<\/strong><\/h4>\n<\/blockquote>\n<p>[\/vc_column_text][vc_column_text]<\/p>\n<ul>\n<li><strong>Belegungsdichte: <span class=\"change-second-color\" style=\"color: #004d8a;\">HOCH<\/span><\/strong><\/li>\n<li><strong>Besiedlungsdichte:\u00a0<span class=\"change-second-color\" style=\"color: #004d8a;\">HALBST\u00c4DTISCH <\/span><\/strong><\/li>\n<li><strong>Zusammensetzung:\u00a0<span class=\"change-second-color\" style=\"color: #004d8a;\"><strong>SAND \/ KIESEL<\/strong><\/span><\/strong><\/li>\n<li><strong>Sandfarbe: <span class=\"change-second-color\" style=\"color: #004d8a;\">WEISS<\/span><\/strong><\/li>\n<li><strong>Sandk\u00f6rnung:\u00a0<span class=\"change-second-color\" style=\"color: #004d8a;\">GROB<\/span><\/strong><\/li>\n<\/ul>\n<p>[\/vc_column_text][\/vc_column_inner][\/vc_row_inner][\/vc_column][\/vc_row][vc_row equal_height=&#8220;yes&#8220; content_placement=&#8220;middle&#8220;][vc_column offset=&#8220;vc_col-lg-5 vc_col-md-12&#8243; css=&#8220;.vc_custom_1585820997663{margin-top: 0px !important;margin-right: 0px !important;margin-bottom: 0px !important;margin-left: 0px !important;padding-top: 0px !important;padding-right: 0px !important;padding-bottom: 0px !important;padding-left: 0px !important;background-color: #fcfcfc !important;}&#8220;]<div class=\"qodef-elements-holder   qodef-one-column  qodef-responsive-mode-768 qodef-one-column-alignment-right\" ><div class=\"qodef-eh-item   qodef-horizontal-alignment-right  \"  data-item-class=\"qodef-eh-custom-2336\" data-1280-1600=\"0 12% 15px 31%\" data-1024-1280=\"0 12% 15px 24%\" data-768-1024=\"48px 25% 70px 35%\" data-680-768=\"48px 12% 70px 35%\" data-680=\"50px 8% 70px 10%\">\n\t<div class=\"qodef-eh-item-inner\">\n\t\t<div class=\"qodef-eh-item-content qodef-eh-custom-2336\" style=\"padding: 0 12% 20px 35%\">\n\t\t\t[vc_column_text]<\/p>\n<h2 style=\"text-align: right;\">Fotogalerie<\/h2>\n<p style=\"text-align: right; font-family: Montserrat; margin-top: -18px; margin-bottom: 16px;\"><span class=\"change-second-color\" style=\"color: #ff0030;\"><em>Entdecken Sie Cala Blanca Str\u00e4nde im Ortsteil<\/em><\/span><\/p>\n<p>&nbsp;<\/p>\n<p>[\/vc_column_text]\t\t<\/div>\n\t<\/div>\n\t<\/div><\/div>[\/vc_column][vc_column offset=&#8220;vc_col-lg-7 vc_col-md-12&#8243; css=&#8220;.vc_custom_1504689016842{margin-top: 0px !important;margin-right: 0px !important;margin-bottom: 0px !important;margin-left: 0px !important;padding-top: 0px !important;padding-right: 0px !important;padding-bottom: 0px !important;padding-left: 0px !important;}&#8220;][vc_gallery interval=&#8220;3&#8243; images=&#8220;5417,5421&#8243; img_size=&#8220;full&#8220;][\/vc_column][\/vc_row][vc_row css=&#8220;.vc_custom_1587388774987{padding-top: 20px !important;}&#8220;][vc_column][vc_gmaps link=&#8220;#E-8_JTNDaWZyYW1lJTIwc3JjJTNEJTIyaHR0cHMlM0ElMkYlMkZ3d3cuZ29vZ2xlLmNvbSUyRm1hcHMlMkZlbWJlZCUzRnBiJTNEJTIxMW0xNCUyMTFtOCUyMTFtMyUyMTFkMTIzMTAuNjEwNjkzOTA1MTc3JTIxMmQyLjQ2ODM5MzclMjEzZDM5LjUyMjMyODElMjEzbTIlMjExaTEwMjQlMjEyaTc2OCUyMTRmMTMuMSUyMTNtMyUyMTFtMiUyMTFzMHgwJTI1M0EweDEwYmM3YzkyNDAwNDJjZCUyMTJzUGxheWElMjUyMENhbGElMjUyMEJsYW5jYSUyMTVlMCUyMTNtMiUyMTFzZXMlMjEyc2VzJTIxNHYxNTg3OTgzOTU5OTkyJTIxNW0yJTIxMXNlcyUyMTJzZXMlMjIlMjB3aWR0aCUzRCUyMjYwMCUyMiUyMGhlaWdodCUzRCUyMjQ1MCUyMiUyMGZyYW1lYm9yZGVyJTNEJTIyMCUyMiUyMHN0eWxlJTNEJTIyYm9yZGVyJTNBMCUzQiUyMiUyMGFsbG93ZnVsbHNjcmVlbiUzRCUyMiUyMiUyMGFyaWEtaGlkZGVuJTNEJTIyZmFsc2UlMjIlMjB0YWJpbmRleCUzRCUyMjAlMjIlM0UlM0MlMkZpZnJhbWUlM0U=&#8220;][\/vc_column][\/vc_row][vc_row row_content_width=&#8220;grid&#8220; css=&#8220;.vc_custom_1587127080469{padding-top: 40px !important;padding-bottom: 20px !important;}&#8220;][vc_column][vc_empty_space]<div class=\"qodef-section-title-holder  qodef-st-standard qodef-st-title-left qodef-st-normal-space  \" >\n\t<div class=\"qodef-st-inner\">\n\t\t\t\t\t<h2 class=\"qodef-st-title\" >\n\t\t\t\tStr\u00e4nde in der Umgebung\t\t\t<\/h2>\n\t\t\t\t\t\t\t<h5 class=\"qodef-st-text\" >\n\t\t\t\tSanta Pon\u00e7a - El Toro - Costa de la Calma\t\t\t<\/h5>\n\t\t\t<\/div>\n<\/div>[\/vc_column][\/vc_row][vc_row css=&#8220;.vc_custom_1587127069694{margin-left: 10px !important;}&#8220;][vc_column][vc_row_inner gap=&#8220;5&#8243;][vc_column_inner width=&#8220;1\/5&#8243;][\/vc_column_inner][vc_column_inner width=&#8220;1\/5&#8243;]<div class=\"qodef-banner-holder  qodef-simple qodef-banner-info-default\">\n    <div class=\"qodef-banner-image\">\n        <img decoding=\"async\" width=\"600\" height=\"600\" src=\"https:\/\/i0.wp.com\/visitcalvia.org\/wp-content\/uploads\/2020\/04\/CALO%CC%81-DEN-PELLISSER.jpg?fit=600%2C600&amp;ssl=1\" class=\"attachment-full size-full\" alt=\"Cal\u00f3 d&#039;en Pellisser en Peguera (Cala Fornells). Playa de Tor\u00e0 en Peguera. Calvi\u00e0: playas espectaculares en Mallorca\" data-attachment-id=\"4143\" data-permalink=\"https:\/\/visitcalvia.org\/de\/playas\/calo-den-pellisser\/\" data-orig-file=\"https:\/\/i0.wp.com\/visitcalvia.org\/wp-content\/uploads\/2020\/04\/CALO%CC%81-DEN-PELLISSER.jpg?fit=600%2C600&amp;ssl=1\" data-orig-size=\"600,600\" data-comments-opened=\"1\" data-image-meta=\"{&quot;aperture&quot;:&quot;0&quot;,&quot;credit&quot;:&quot;&quot;,&quot;camera&quot;:&quot;&quot;,&quot;caption&quot;:&quot;&quot;,&quot;created_timestamp&quot;:&quot;0&quot;,&quot;copyright&quot;:&quot;&quot;,&quot;focal_length&quot;:&quot;0&quot;,&quot;iso&quot;:&quot;0&quot;,&quot;shutter_speed&quot;:&quot;0&quot;,&quot;title&quot;:&quot;&quot;,&quot;orientation&quot;:&quot;0&quot;}\" data-image-title=\"CALO\u0301 D&amp;#8217;EN PELLISSER\" data-image-description=\"\" data-image-caption=\"\" data-large-file=\"https:\/\/i0.wp.com\/visitcalvia.org\/wp-content\/uploads\/2020\/04\/CALO%CC%81-DEN-PELLISSER.jpg?fit=600%2C600&amp;ssl=1\" \/>    <\/div>\n    <div class=\"qodef-banner-text-holder\" >\n\t    <div class=\"qodef-banner-text-outer\">\n\t\t    <div class=\"qodef-banner-text-inner\">\n\t\t        \t\t        \t\t\t<\/div>\n\t\t<\/div>\n\t<\/div>\n\t        <a itemprop=\"url\" class=\"qodef-banner-link\" href=\"https:\/\/visitcalvia.org\/de\/strand-calo-den-pellisser\/\" target=\"_self\"><\/a>\n    <\/div>[\/vc_column_inner][vc_column_inner width=&#8220;1\/5&#8243;]<div class=\"qodef-banner-holder  qodef-simple qodef-banner-info-default\">\n    <div class=\"qodef-banner-image\">\n        <img decoding=\"async\" width=\"600\" height=\"600\" src=\"https:\/\/i0.wp.com\/visitcalvia.org\/wp-content\/uploads\/2020\/07\/Playa-del-toro-banner.jpg?fit=600%2C600&amp;ssl=1\" class=\"attachment-full size-full\" alt=\"\" srcset=\"https:\/\/i0.wp.com\/visitcalvia.org\/wp-content\/uploads\/2020\/07\/Playa-del-toro-banner.jpg?w=600&amp;ssl=1 600w, https:\/\/i0.wp.com\/visitcalvia.org\/wp-content\/uploads\/2020\/07\/Playa-del-toro-banner.jpg?resize=300%2C300&amp;ssl=1 300w, https:\/\/i0.wp.com\/visitcalvia.org\/wp-content\/uploads\/2020\/07\/Playa-del-toro-banner.jpg?resize=150%2C150&amp;ssl=1 150w, https:\/\/i0.wp.com\/visitcalvia.org\/wp-content\/uploads\/2020\/07\/Playa-del-toro-banner.jpg?resize=400%2C400&amp;ssl=1 400w, https:\/\/i0.wp.com\/visitcalvia.org\/wp-content\/uploads\/2020\/07\/Playa-del-toro-banner.jpg?resize=200%2C200&amp;ssl=1 200w, https:\/\/i0.wp.com\/visitcalvia.org\/wp-content\/uploads\/2020\/07\/Playa-del-toro-banner.jpg?resize=550%2C550&amp;ssl=1 550w, https:\/\/i0.wp.com\/visitcalvia.org\/wp-content\/uploads\/2020\/07\/Playa-del-toro-banner.jpg?resize=50%2C50&amp;ssl=1 50w, https:\/\/i0.wp.com\/visitcalvia.org\/wp-content\/uploads\/2020\/07\/Playa-del-toro-banner.jpg?resize=500%2C500&amp;ssl=1 500w, https:\/\/i0.wp.com\/visitcalvia.org\/wp-content\/uploads\/2020\/07\/Playa-del-toro-banner.jpg?resize=100%2C100&amp;ssl=1 100w, https:\/\/i0.wp.com\/visitcalvia.org\/wp-content\/uploads\/2020\/07\/Playa-del-toro-banner.jpg?resize=64%2C64&amp;ssl=1 64w\" sizes=\"(max-width: 600px) 100vw, 600px\" data-attachment-id=\"10858\" data-permalink=\"https:\/\/visitcalvia.org\/de\/playas\/playa-del-toro-banner\/\" data-orig-file=\"https:\/\/i0.wp.com\/visitcalvia.org\/wp-content\/uploads\/2020\/07\/Playa-del-toro-banner.jpg?fit=600%2C600&amp;ssl=1\" data-orig-size=\"600,600\" data-comments-opened=\"1\" data-image-meta=\"{&quot;aperture&quot;:&quot;0&quot;,&quot;credit&quot;:&quot;&quot;,&quot;camera&quot;:&quot;&quot;,&quot;caption&quot;:&quot;&quot;,&quot;created_timestamp&quot;:&quot;0&quot;,&quot;copyright&quot;:&quot;&quot;,&quot;focal_length&quot;:&quot;0&quot;,&quot;iso&quot;:&quot;0&quot;,&quot;shutter_speed&quot;:&quot;0&quot;,&quot;title&quot;:&quot;&quot;,&quot;orientation&quot;:&quot;1&quot;}\" data-image-title=\"Playa del toro-banner\" data-image-description=\"\" data-image-caption=\"\" data-large-file=\"https:\/\/i0.wp.com\/visitcalvia.org\/wp-content\/uploads\/2020\/07\/Playa-del-toro-banner.jpg?fit=600%2C600&amp;ssl=1\" \/>    <\/div>\n    <div class=\"qodef-banner-text-holder\" >\n\t    <div class=\"qodef-banner-text-outer\">\n\t\t    <div class=\"qodef-banner-text-inner\">\n\t\t        \t\t        \t\t\t<\/div>\n\t\t<\/div>\n\t<\/div>\n\t        <a itemprop=\"url\" class=\"qodef-banner-link\" href=\"https:\/\/visitcalvia.org\/de\/strand-el-toro\/\" target=\"_self\"><\/a>\n    <\/div>[\/vc_column_inner][vc_column_inner width=&#8220;1\/5&#8243;]<div class=\"qodef-banner-holder  qodef-simple qodef-banner-info-default\">\n    <div class=\"qodef-banner-image\">\n        <img decoding=\"async\" width=\"600\" height=\"600\" src=\"https:\/\/i0.wp.com\/visitcalvia.org\/wp-content\/uploads\/2020\/04\/SANTA-PONC%CC%A7A.jpg?fit=600%2C600&amp;ssl=1\" class=\"attachment-full size-full\" alt=\"SANTA PONC\u0327A\" data-attachment-id=\"4144\" data-permalink=\"https:\/\/visitcalvia.org\/de\/playas\/santa-ponc%cc%a7a\/\" data-orig-file=\"https:\/\/i0.wp.com\/visitcalvia.org\/wp-content\/uploads\/2020\/04\/SANTA-PONC%CC%A7A.jpg?fit=600%2C600&amp;ssl=1\" data-orig-size=\"600,600\" data-comments-opened=\"1\" data-image-meta=\"{&quot;aperture&quot;:&quot;0&quot;,&quot;credit&quot;:&quot;&quot;,&quot;camera&quot;:&quot;&quot;,&quot;caption&quot;:&quot;&quot;,&quot;created_timestamp&quot;:&quot;0&quot;,&quot;copyright&quot;:&quot;&quot;,&quot;focal_length&quot;:&quot;0&quot;,&quot;iso&quot;:&quot;0&quot;,&quot;shutter_speed&quot;:&quot;0&quot;,&quot;title&quot;:&quot;&quot;,&quot;orientation&quot;:&quot;0&quot;}\" data-image-title=\"SANTA PONC\u0327A\" data-image-description=\"\" data-image-caption=\"\" data-large-file=\"https:\/\/i0.wp.com\/visitcalvia.org\/wp-content\/uploads\/2020\/04\/SANTA-PONC%CC%A7A.jpg?fit=600%2C600&amp;ssl=1\" \/>    <\/div>\n    <div class=\"qodef-banner-text-holder\" >\n\t    <div class=\"qodef-banner-text-outer\">\n\t\t    <div class=\"qodef-banner-text-inner\">\n\t\t        \t\t        \t\t\t<\/div>\n\t\t<\/div>\n\t<\/div>\n\t        <a itemprop=\"url\" class=\"qodef-banner-link\" href=\"https:\/\/visitcalvia.org\/de\/strand-santa-ponca\/\" target=\"_self\"><\/a>\n    <\/div>[\/vc_column_inner][vc_column_inner width=&#8220;1\/5&#8243;][\/vc_column_inner][\/vc_row_inner][\/vc_column][\/vc_row][vc_row][vc_column][vc_empty_space][vc_video link=&#8220;<a href=\"https:\/\/youtu.be\/UqE1etkov2w&#038;#8220\" rel=\"nofollow\">https:\/\/youtu.be\/UqE1etkov2w&#038;#8220<\/a>; align=&#8220;center&#8220;][\/vc_column][\/vc_row]<\/p>\n<\/div>","protected":false},"excerpt":{"rendered":"<p>[vc_row content_placement=&#8220;middle&#8220; content_text_aligment=&#8220;center&#8220; css=&#8220;.vc_custom_1588927993958{padding-top: 81px !important;background-image: url(<a href=\"https:\/\/visitcalvia.org\/wp-content\/uploads\/2020\/05\/portada-cala-blancap-laya.jpg?id=6166\">https:\/\/visitcalvia.org\/wp-content\/uploads\/2020\/05\/portada-cala-blancap-laya.jpg?id=6166<\/a>) !important;background-position: center !important;background-repeat: no-repeat !important;background-size: cover !important;}&#8220; simple_background_color=&#8220;#ffffff&#8220;][vc_column][\/vc_column][\/vc_row][vc_row full_width=&#8220;stretch_row&#8220; css=&#8220;.vc_custom_1738054147413{background-color: #9bc535 !important;}&#8220;][vc_column][vc_row_inner row_content_width=&#8220;grid&#8220;][vc_column_inner width=&#8220;1\/2&#8243;][vc_empty_space height=&#8220;10px&#8220;][\/vc_column_inner][vc_column_inner width=&#8220;1\/2&#8243;][vc_empty_space height=&#8220;7px&#8220;][vc_empty_space height=&#8220;7px&#8220;][\/vc_column_inner][\/vc_row_inner][vc_empty_space height=&#8220;20px&#8220;][\/vc_column][\/vc_row][vc_row row_content_width=&#8220;grid&#8220; css=&#8220;.vc_custom_1587458275105{margin-top: 35px !important;padding-bottom: 30px !important;}&#8220;][vc_column][vc_column_text]Der Strand Cala Blanca &#8211; Mallorca oder Playa Es Castellot liegt an der Costa de la Calma, einer Feriengegend f\u00fcr Familien, die an [&hellip;]<\/p>\n","protected":false},"author":182516946,"featured_media":5421,"parent":0,"menu_order":0,"comment_status":"closed","ping_status":"closed","template":"full-width.php","meta":{"_coblocks_attr":"","_coblocks_dimensions":"","_coblocks_responsive_height":"","_coblocks_accordion_ie_support":"","_crdt_document":"","footnotes":""},"class_list":["post-13217","page","type-page","status-publish","has-post-thumbnail","hentry"],"yoast_head":"<!-- This site is optimized with the Yoast SEO plugin v27.5 - https:\/\/yoast.com\/product\/yoast-seo-wordpress\/ -->\n<title>Playa Cala Blanca - Mallorca. Bienvenid@ a Costa de la Calma<\/title>\n<meta name=\"description\" content=\"Playa Cala Blanca - Mallorca. Situada en la zona de Costa de la Calma, a tan solo 2 km de Santa Pon\u00e7a, es una tranquila y bonita cala rodeada de acantilados\" \/>\n<meta name=\"robots\" content=\"index, follow, max-snippet:-1, max-image-preview:large, max-video-preview:-1\" \/>\n<link rel=\"canonical\" href=\"https:\/\/visitcalvia.org\/de\/strand-cala-blanca\/\" \/>\n<meta property=\"og:locale\" content=\"de_DE\" \/>\n<meta property=\"og:type\" content=\"article\" \/>\n<meta property=\"og:title\" content=\"Playa Cala Blanca - Mallorca. Bienvenid@ a Costa de la Calma\" \/>\n<meta property=\"og:description\" content=\"Playa Cala Blanca - Mallorca. Situada en la zona de Costa de la Calma, a tan solo 2 km de Santa Pon\u00e7a, es una tranquila y bonita cala rodeada de acantilados\" \/>\n<meta property=\"og:url\" content=\"https:\/\/visitcalvia.org\/de\/strand-cala-blanca\/\" \/>\n<meta property=\"og:site_name\" content=\"visitcalvia\" \/>\n<meta property=\"article:modified_time\" content=\"2025-07-07T07:16:28+00:00\" \/>\n<meta property=\"og:image\" content=\"https:\/\/visitcalvia.org\/wp-content\/uploads\/2020\/04\/CALA-BLANCA-COSTA-DE-LA-CALMA.png\" \/>\n\t<meta property=\"og:image:width\" content=\"861\" \/>\n\t<meta property=\"og:image:height\" content=\"571\" \/>\n\t<meta property=\"og:image:type\" content=\"image\/png\" \/>\n<meta name=\"twitter:card\" content=\"summary_large_image\" \/>\n<meta name=\"twitter:label1\" content=\"Gesch\u00e4tzte Lesezeit\" \/>\n\t<meta name=\"twitter:data1\" content=\"3\u00a0Minuten\" \/>\n<script type=\"application\/ld+json\" class=\"yoast-schema-graph\">{\"@context\":\"https:\\\/\\\/schema.org\",\"@graph\":[{\"@type\":\"WebPage\",\"@id\":\"https:\\\/\\\/visitcalvia.org\\\/de\\\/strand-cala-blanca\\\/\",\"url\":\"https:\\\/\\\/visitcalvia.org\\\/de\\\/strand-cala-blanca\\\/\",\"name\":\"Playa Cala Blanca - Mallorca. Bienvenid@ a Costa de la Calma\",\"isPartOf\":{\"@id\":\"https:\\\/\\\/visitcalvia.org\\\/de\\\/#website\"},\"primaryImageOfPage\":{\"@id\":\"https:\\\/\\\/visitcalvia.org\\\/de\\\/strand-cala-blanca\\\/#primaryimage\"},\"image\":{\"@id\":\"https:\\\/\\\/visitcalvia.org\\\/de\\\/strand-cala-blanca\\\/#primaryimage\"},\"thumbnailUrl\":\"https:\\\/\\\/i0.wp.com\\\/visitcalvia.org\\\/wp-content\\\/uploads\\\/2020\\\/04\\\/CALA-BLANCA-COSTA-DE-LA-CALMA.png?fit=861%2C571&ssl=1\",\"datePublished\":\"2020-04-27T10:34:40+00:00\",\"dateModified\":\"2025-07-07T07:16:28+00:00\",\"description\":\"Playa Cala Blanca - Mallorca. Situada en la zona de Costa de la Calma, a tan solo 2 km de Santa Pon\u00e7a, es una tranquila y bonita cala rodeada de acantilados\",\"breadcrumb\":{\"@id\":\"https:\\\/\\\/visitcalvia.org\\\/de\\\/strand-cala-blanca\\\/#breadcrumb\"},\"inLanguage\":\"de\",\"potentialAction\":[{\"@type\":\"ReadAction\",\"target\":[\"https:\\\/\\\/visitcalvia.org\\\/de\\\/strand-cala-blanca\\\/\"]}]},{\"@type\":\"ImageObject\",\"inLanguage\":\"de\",\"@id\":\"https:\\\/\\\/visitcalvia.org\\\/de\\\/strand-cala-blanca\\\/#primaryimage\",\"url\":\"https:\\\/\\\/i0.wp.com\\\/visitcalvia.org\\\/wp-content\\\/uploads\\\/2020\\\/04\\\/CALA-BLANCA-COSTA-DE-LA-CALMA.png?fit=861%2C571&ssl=1\",\"contentUrl\":\"https:\\\/\\\/i0.wp.com\\\/visitcalvia.org\\\/wp-content\\\/uploads\\\/2020\\\/04\\\/CALA-BLANCA-COSTA-DE-LA-CALMA.png?fit=861%2C571&ssl=1\",\"width\":861,\"height\":571,\"caption\":\"CALA BLANCA, COSTA DE LA CALMA-\"},{\"@type\":\"BreadcrumbList\",\"@id\":\"https:\\\/\\\/visitcalvia.org\\\/de\\\/strand-cala-blanca\\\/#breadcrumb\",\"itemListElement\":[{\"@type\":\"ListItem\",\"position\":1,\"name\":\"Portada\",\"item\":\"https:\\\/\\\/visitcalvia.org\\\/de\\\/\"},{\"@type\":\"ListItem\",\"position\":2,\"name\":\"Strand Cala Blanca\"}]},{\"@type\":\"WebSite\",\"@id\":\"https:\\\/\\\/visitcalvia.org\\\/de\\\/#website\",\"url\":\"https:\\\/\\\/visitcalvia.org\\\/de\\\/\",\"name\":\"visitcalvia\",\"description\":\"Vacaciones en Mallorca \u2013 Calvi\u00e0 m\u00faltiples destinos en uno s\u00f3lo lugar. Palmanova, Santa Pon\u00e7a, Magaluf, Peguera, Portals Nous, Costa d\u2019en Blanes, Cala Vinyes\",\"potentialAction\":[{\"@type\":\"SearchAction\",\"target\":{\"@type\":\"EntryPoint\",\"urlTemplate\":\"https:\\\/\\\/visitcalvia.org\\\/de\\\/?s={search_term_string}\"},\"query-input\":{\"@type\":\"PropertyValueSpecification\",\"valueRequired\":true,\"valueName\":\"search_term_string\"}}],\"inLanguage\":\"de\"}]}<\/script>\n<!-- \/ Yoast SEO plugin. -->","yoast_head_json":{"title":"Playa Cala Blanca - Mallorca. Bienvenid@ a Costa de la Calma","description":"Playa Cala Blanca - Mallorca. Situada en la zona de Costa de la Calma, a tan solo 2 km de Santa Pon\u00e7a, es una tranquila y bonita cala rodeada de acantilados","robots":{"index":"index","follow":"follow","max-snippet":"max-snippet:-1","max-image-preview":"max-image-preview:large","max-video-preview":"max-video-preview:-1"},"canonical":"https:\/\/visitcalvia.org\/de\/strand-cala-blanca\/","og_locale":"de_DE","og_type":"article","og_title":"Playa Cala Blanca - Mallorca. Bienvenid@ a Costa de la Calma","og_description":"Playa Cala Blanca - Mallorca. Situada en la zona de Costa de la Calma, a tan solo 2 km de Santa Pon\u00e7a, es una tranquila y bonita cala rodeada de acantilados","og_url":"https:\/\/visitcalvia.org\/de\/strand-cala-blanca\/","og_site_name":"visitcalvia","article_modified_time":"2025-07-07T07:16:28+00:00","og_image":[{"width":861,"height":571,"url":"https:\/\/visitcalvia.org\/wp-content\/uploads\/2020\/04\/CALA-BLANCA-COSTA-DE-LA-CALMA.png","type":"image\/png"}],"twitter_card":"summary_large_image","twitter_misc":{"Gesch\u00e4tzte Lesezeit":"3\u00a0Minuten"},"schema":{"@context":"https:\/\/schema.org","@graph":[{"@type":"WebPage","@id":"https:\/\/visitcalvia.org\/de\/strand-cala-blanca\/","url":"https:\/\/visitcalvia.org\/de\/strand-cala-blanca\/","name":"Playa Cala Blanca - Mallorca. Bienvenid@ a Costa de la Calma","isPartOf":{"@id":"https:\/\/visitcalvia.org\/de\/#website"},"primaryImageOfPage":{"@id":"https:\/\/visitcalvia.org\/de\/strand-cala-blanca\/#primaryimage"},"image":{"@id":"https:\/\/visitcalvia.org\/de\/strand-cala-blanca\/#primaryimage"},"thumbnailUrl":"https:\/\/i0.wp.com\/visitcalvia.org\/wp-content\/uploads\/2020\/04\/CALA-BLANCA-COSTA-DE-LA-CALMA.png?fit=861%2C571&ssl=1","datePublished":"2020-04-27T10:34:40+00:00","dateModified":"2025-07-07T07:16:28+00:00","description":"Playa Cala Blanca - Mallorca. Situada en la zona de Costa de la Calma, a tan solo 2 km de Santa Pon\u00e7a, es una tranquila y bonita cala rodeada de acantilados","breadcrumb":{"@id":"https:\/\/visitcalvia.org\/de\/strand-cala-blanca\/#breadcrumb"},"inLanguage":"de","potentialAction":[{"@type":"ReadAction","target":["https:\/\/visitcalvia.org\/de\/strand-cala-blanca\/"]}]},{"@type":"ImageObject","inLanguage":"de","@id":"https:\/\/visitcalvia.org\/de\/strand-cala-blanca\/#primaryimage","url":"https:\/\/i0.wp.com\/visitcalvia.org\/wp-content\/uploads\/2020\/04\/CALA-BLANCA-COSTA-DE-LA-CALMA.png?fit=861%2C571&ssl=1","contentUrl":"https:\/\/i0.wp.com\/visitcalvia.org\/wp-content\/uploads\/2020\/04\/CALA-BLANCA-COSTA-DE-LA-CALMA.png?fit=861%2C571&ssl=1","width":861,"height":571,"caption":"CALA BLANCA, COSTA DE LA CALMA-"},{"@type":"BreadcrumbList","@id":"https:\/\/visitcalvia.org\/de\/strand-cala-blanca\/#breadcrumb","itemListElement":[{"@type":"ListItem","position":1,"name":"Portada","item":"https:\/\/visitcalvia.org\/de\/"},{"@type":"ListItem","position":2,"name":"Strand Cala Blanca"}]},{"@type":"WebSite","@id":"https:\/\/visitcalvia.org\/de\/#website","url":"https:\/\/visitcalvia.org\/de\/","name":"visitcalvia","description":"Vacaciones en Mallorca \u2013 Calvi\u00e0 m\u00faltiples destinos en uno s\u00f3lo lugar. Palmanova, Santa Pon\u00e7a, Magaluf, Peguera, Portals Nous, Costa d\u2019en Blanes, Cala Vinyes","potentialAction":[{"@type":"SearchAction","target":{"@type":"EntryPoint","urlTemplate":"https:\/\/visitcalvia.org\/de\/?s={search_term_string}"},"query-input":{"@type":"PropertyValueSpecification","valueRequired":true,"valueName":"search_term_string"}}],"inLanguage":"de"}]}},"jetpack_likes_enabled":false,"jetpack_sharing_enabled":false,"jetpack_shortlink":"https:\/\/wp.me\/PbP1bo-3rb","amp_enabled":false,"_links":{"self":[{"href":"https:\/\/visitcalvia.org\/de\/wp-json\/wp\/v2\/pages\/13217","targetHints":{"allow":["GET"]}}],"collection":[{"href":"https:\/\/visitcalvia.org\/de\/wp-json\/wp\/v2\/pages"}],"about":[{"href":"https:\/\/visitcalvia.org\/de\/wp-json\/wp\/v2\/types\/page"}],"author":[{"embeddable":true,"href":"https:\/\/visitcalvia.org\/de\/wp-json\/wp\/v2\/users\/182516946"}],"replies":[{"embeddable":true,"href":"https:\/\/visitcalvia.org\/de\/wp-json\/wp\/v2\/comments?post=13217"}],"version-history":[{"count":11,"href":"https:\/\/visitcalvia.org\/de\/wp-json\/wp\/v2\/pages\/13217\/revisions"}],"predecessor-version":[{"id":29164,"href":"https:\/\/visitcalvia.org\/de\/wp-json\/wp\/v2\/pages\/13217\/revisions\/29164"}],"wp:featuredmedia":[{"embeddable":true,"href":"https:\/\/visitcalvia.org\/de\/wp-json\/wp\/v2\/media\/5421"}],"wp:attachment":[{"href":"https:\/\/visitcalvia.org\/de\/wp-json\/wp\/v2\/media?parent=13217"}],"curies":[{"name":"wp","href":"https:\/\/api.w.org\/{rel}","templated":true}]}}