{"id":13249,"date":"2020-05-15T10:07:58","date_gmt":"2020-05-15T08:07:58","guid":{"rendered":"https:\/\/visitcalvia.org\/playa-ses-illetes\/"},"modified":"2025-07-04T09:21:00","modified_gmt":"2025-07-04T07:21:00","slug":"strand-ses-illetes","status":"publish","type":"page","link":"https:\/\/visitcalvia.org\/de\/strand-ses-illetes\/","title":{"rendered":"Strand Ses Illetes"},"content":{"rendered":"<div class=\"wpb-content-wrapper\"><p>[vc_row content_placement=&#8220;middle&#8220; content_text_aligment=&#8220;center&#8220; css=&#8220;.vc_custom_1589531034676{padding-top: 81px !important;background-image: url(<a href=\"https:\/\/visitcalvia.org\/wp-content\/uploads\/2020\/05\/illetes-banner-playas.jpg?id=6802\">https:\/\/visitcalvia.org\/wp-content\/uploads\/2020\/05\/illetes-banner-playas.jpg?id=6802<\/a>) !important;background-position: center !important;background-repeat: no-repeat !important;background-size: cover !important;}&#8220; simple_background_color=&#8220;#ffffff&#8220;][vc_column]<div class=\"qodef-elements-holder   qodef-one-column  qodef-responsive-mode-768 \" ><div class=\"qodef-eh-item     \"  data-item-class=\"qodef-eh-custom-3465\" data-1024-1280=\"0 21%\" data-768-1024=\"0 12%\" data-680-768=\"0 0\" data-680=\"0 0\">\n\t<div class=\"qodef-eh-item-inner\">\n\t\t<div class=\"qodef-eh-item-content qodef-eh-custom-3465\" style=\"padding: 0 25%\">\n\t\t\t[vc_empty_space height=&#8220;80px&#8220;]\t\t<\/div>\n\t<\/div>\n\t<\/div><\/div>[\/vc_column][\/vc_row][vc_row full_width=&#8220;stretch_row&#8220; css=&#8220;.vc_custom_1738054147413{background-color: #9bc535 !important;}&#8220;][vc_column][vc_row_inner row_content_width=&#8220;grid&#8220;][vc_column_inner width=&#8220;1\/2&#8243;]<div class=\"qodef-section-title-holder  qodef-st-standard qodef-st-title-left qodef-st-normal-space  \" style=\"text-align: right\">\n\t<div class=\"qodef-st-inner\">\n\t\t\t\t\t<h3 class=\"qodef-st-title\" style=\"color: #0a0a0a\">\n\t\t\t\t<span class=\"qodef-st-title-bold\">Strand-Datenblatt<\/span> <span class=\"qodef-st-title-bold\">-<\/span> <span class=\"qodef-st-title-bold\">Playa<\/span> <span class=\"qodef-st-title-bold\">de<\/span><br \/> <span class=\"qodef-st-title-bold\">Ses<\/span> <span class=\"qodef-st-title-bold\">Illetes<\/span>\t\t\t<\/h3>\n\t\t\t\t\t<\/div>\n<\/div>[vc_empty_space height=&#8220;10px&#8220;][\/vc_column_inner][vc_column_inner width=&#8220;1\/2&#8243;][vc_empty_space height=&#8220;7px&#8220;]<a itemprop=\"url\" href=\"https:\/\/drive.google.com\/file\/d\/1ttVTMCZY9TXcP6suDghdU9q6MLYNqzqZ\/view?usp=sharing\" target=\"_blank\" style=\"text-transform: capitalize\" class=\"qodef-btn qodef-btn-small qodef-btn-solid qodef-btn-icon\"  >\n    <span class=\"qodef-btn-text\">Weitere Informationen<\/span>\n    <i class=\"qodef-icon-font-awesome fa fa-chevron-right \" ><\/i><\/a>[vc_empty_space height=&#8220;7px&#8220;][\/vc_column_inner][\/vc_row_inner][vc_empty_space height=&#8220;20px&#8220;][\/vc_column][\/vc_row][vc_row row_content_width=&#8220;grid&#8220; css=&#8220;.vc_custom_1587458275105{margin-top: 35px !important;padding-bottom: 30px !important;}&#8220;][vc_column]<div class=\"qodef-section-title-holder  qodef-st-standard qodef-st-title-left qodef-st-normal-space qodef-st-disable-title-break qodef-st-with-border\" style=\"text-align: left\">\n\t<div class=\"qodef-st-inner\">\n\t\t\t\t\t<h2 class=\"qodef-st-title\" >\n\t\t\t\tStrand <span class=\"qodef-st-title-bold\">Ses<\/span> <span class=\"qodef-st-title-bold\">Illetes<\/span>\t\t\t<\/h2>\n\t\t\t\t\t<\/div>\n<\/div>[vc_column_text]<\/p>\n<div>\n<p>Dieser h\u00fcbsche, zentral gelegene Strand mit wei\u00dfem, feinem Sand, kristallklarem Wasser und spektakul\u00e4rer Unterwasserwelt wurde nach dem gleichnamigen Ortsteil benannt, in dem er liegt: <a href=\"https:\/\/visitcalvia.org\/de\/ses-illetes\/\"><strong>Ses Illetes<\/strong><\/a>.<\/p>\n<p>Die kurze Entfernung nach Palma und seine Lage in einer st\u00e4dtischen und touristischen Umgebung machen ihn zur sicheren Wahl sowohl f\u00fcr Einwohner wie auch f\u00fcr Besucher der Insel.<\/p>\n<p>Der Strand verf\u00fcgt \u00fcber alle erforderlichen Dienstleistungen und Annehmlichkeiten, um einen au\u00dfergew\u00f6hnlichen Tag am Strand zu genie\u00dfen. Zu den \u00fcblichen Services an den Str\u00e4nden in Calvi\u00e0 (Rettungsschwimmer, Duschen, Sonnenliegen, Sonnenschirme, Stege&#8230;) kommen weitere, f\u00fcr den Ortsteil typische Dienstleistungen wie Freizeitangebote, Gastronomie, Unterk\u00fcnfte oder Beachclubs hinzu.<\/p>\n<p>Um von Palma nach Ses Illetes zu gelangen, f\u00e4hrt man am besten \u00fcber die Autobahn<\/p>\n<p>Palma-Andratx und nimmt die Ausfahrt Cala Mayor. Von dort f\u00e4hrt man \u00fcber die alte Landstra\u00dfe zwischen Calvi\u00e0 und Palma in Richtung Illetes. Nat\u00fcrlich besteht auch die M\u00f6glichkeit, mit \u00f6ffentlichen Verkehrsmitteln zu fahren, die \u00fcber Haltestellen in Strandn\u00e4he verf\u00fcgen.<\/p>\n<p>Die Meeres- und Unterwasserbedingungen an diesem Strand, der den Winden aus Nordosten, Osten, S\u00fcdosten ausgesetzt ist, sind zum Ankern von Booten geeignet. Der dem Strand am n\u00e4chsten gelegene Hafen innerhalb der Gemeinde Calvi\u00e0 ist <a href=\"https:\/\/puertoportals.com\/de\/\"><strong>Puerto Portals<\/strong><\/a>.<\/div>\n<div><\/div>\n<div><\/div>\n<p>[\/vc_column_text][vc_empty_space height=&#8220;10px&#8220;][\/vc_column][\/vc_row][vc_row row_content_width=&#8220;grid&#8220; css=&#8220;.vc_custom_1587460367699{padding-top: 20px !important;padding-bottom: 10px !important;}&#8220;][vc_column]<div class=\"qodef-section-title-holder  qodef-st-standard qodef-st-title-left qodef-st-normal-space qodef-st-disable-title-break qodef-st-with-border\" style=\"text-align: left\">\n\t<div class=\"qodef-st-inner\">\n\t\t\t\t\t<h2 class=\"qodef-st-title\" >\n\t\t\t\tDienstleistungen\t\t\t<\/h2>\n\t\t\t\t\t\t\t<h5 class=\"qodef-st-text\" >\n\t\t\t\tDer Strand ist mit folgenden Dienstleistungen ausgestattet:\t\t\t<\/h5>\n\t\t\t<\/div>\n<\/div>[\/vc_column][\/vc_row][vc_row row_content_width=&#8220;grid&#8220; css=&#8220;.vc_custom_1585726577981{padding-top: 20px !important;padding-bottom: 30px !important;}&#8220;][vc_column width=&#8220;1\/3&#8243;][vc_row_inner css=&#8220;.vc_custom_1587459893981{padding-top: -40px !important;}&#8220;][vc_column_inner width=&#8220;2\/3&#8243;][vc_column_text]<\/p>\n<h5><strong>Sonnenschirme <\/strong><strong><img data-recalc-dims=\"1\" decoding=\"async\" class=\"alignleft wp-image-4450\" src=\"https:\/\/i0.wp.com\/visitcalvia.org\/wp-content\/uploads\/2020\/04\/Sombrilla.png?resize=37%2C37&#038;ssl=1\" alt=\"Sombrilla\" width=\"37\" height=\"37\" srcset=\"https:\/\/i0.wp.com\/visitcalvia.org\/wp-content\/uploads\/2020\/04\/Sombrilla.png?w=137&amp;ssl=1 137w, https:\/\/i0.wp.com\/visitcalvia.org\/wp-content\/uploads\/2020\/04\/Sombrilla.png?resize=100%2C100&amp;ssl=1 100w, https:\/\/i0.wp.com\/visitcalvia.org\/wp-content\/uploads\/2020\/04\/Sombrilla.png?resize=64%2C64&amp;ssl=1 64w\" sizes=\"(max-width: 37px) 100vw, 37px\" \/><\/strong><\/h5>\n<p>[\/vc_column_text][\/vc_column_inner][vc_column_inner width=&#8220;1\/3&#8243;][vc_icon icon_fontawesome=&#8220;fa fa-check&#8220; color=&#8220;green&#8220;][\/vc_column_inner][\/vc_row_inner][vc_row_inner css=&#8220;.vc_custom_1587459893981{padding-top: -40px !important;}&#8220;][vc_column_inner width=&#8220;2\/3&#8243;][vc_column_text]<\/p>\n<h5><strong>Sonnenliegen<\/strong><strong><img data-recalc-dims=\"1\" decoding=\"async\" class=\"alignleft wp-image-4449\" src=\"https:\/\/i0.wp.com\/visitcalvia.org\/wp-content\/uploads\/2020\/04\/Hamaca.jpg?resize=37%2C38&#038;ssl=1\" alt=\"Hamaca\" width=\"37\" height=\"38\" srcset=\"https:\/\/i0.wp.com\/visitcalvia.org\/wp-content\/uploads\/2020\/04\/Hamaca.jpg?w=134&amp;ssl=1 134w, https:\/\/i0.wp.com\/visitcalvia.org\/wp-content\/uploads\/2020\/04\/Hamaca.jpg?resize=100%2C100&amp;ssl=1 100w, https:\/\/i0.wp.com\/visitcalvia.org\/wp-content\/uploads\/2020\/04\/Hamaca.jpg?resize=64%2C65&amp;ssl=1 64w\" sizes=\"(max-width: 37px) 100vw, 37px\" \/><\/strong><\/h5>\n<p>[\/vc_column_text][\/vc_column_inner][vc_column_inner width=&#8220;1\/3&#8243;][vc_icon icon_fontawesome=&#8220;fa fa-check&#8220; color=&#8220;green&#8220;][\/vc_column_inner][\/vc_row_inner][vc_row_inner css=&#8220;.vc_custom_1587459893981{padding-top: -40px !important;}&#8220;][vc_column_inner width=&#8220;2\/3&#8243;][vc_column_text]<\/p>\n<h5><strong>12 Abfalleimer<\/strong><strong><img data-recalc-dims=\"1\" decoding=\"async\" class=\"alignleft wp-image-4453\" src=\"https:\/\/i0.wp.com\/visitcalvia.org\/wp-content\/uploads\/2020\/04\/papelera.jpg?resize=37%2C37&#038;ssl=1\" alt=\"Papelera \" width=\"37\" height=\"37\" srcset=\"https:\/\/i0.wp.com\/visitcalvia.org\/wp-content\/uploads\/2020\/04\/papelera.jpg?w=137&amp;ssl=1 137w, https:\/\/i0.wp.com\/visitcalvia.org\/wp-content\/uploads\/2020\/04\/papelera.jpg?resize=100%2C100&amp;ssl=1 100w, https:\/\/i0.wp.com\/visitcalvia.org\/wp-content\/uploads\/2020\/04\/papelera.jpg?resize=64%2C64&amp;ssl=1 64w\" sizes=\"(max-width: 37px) 100vw, 37px\" \/><\/strong><\/h5>\n<p>[\/vc_column_text][\/vc_column_inner][vc_column_inner width=&#8220;1\/3&#8243;][vc_icon icon_fontawesome=&#8220;fa fa-check&#8220; color=&#8220;green&#8220;][\/vc_column_inner][\/vc_row_inner][\/vc_column][vc_column width=&#8220;1\/3&#8243;][vc_row_inner css=&#8220;.vc_custom_1587459893981{padding-top: -40px !important;}&#8220;][vc_column_inner width=&#8220;2\/3&#8243;][vc_column_text]<\/p>\n<h5><strong>3 Duschen<\/strong><strong><img data-recalc-dims=\"1\" decoding=\"async\" class=\"alignleft wp-image-4427\" src=\"https:\/\/i0.wp.com\/visitcalvia.org\/wp-content\/uploads\/2020\/04\/Duchas.png?resize=37%2C38&#038;ssl=1\" alt=\"Duchas\" width=\"37\" height=\"38\" srcset=\"https:\/\/i0.wp.com\/visitcalvia.org\/wp-content\/uploads\/2020\/04\/Duchas.png?w=136&amp;ssl=1 136w, https:\/\/i0.wp.com\/visitcalvia.org\/wp-content\/uploads\/2020\/04\/Duchas.png?resize=100%2C100&amp;ssl=1 100w, https:\/\/i0.wp.com\/visitcalvia.org\/wp-content\/uploads\/2020\/04\/Duchas.png?resize=64%2C66&amp;ssl=1 64w\" sizes=\"(max-width: 37px) 100vw, 37px\" \/><\/strong><\/h5>\n<p>[\/vc_column_text][\/vc_column_inner][vc_column_inner width=&#8220;1\/3&#8243;][vc_icon icon_fontawesome=&#8220;fa fa-check&#8220; color=&#8220;green&#8220;][\/vc_column_inner][\/vc_row_inner][vc_row_inner css=&#8220;.vc_custom_1587459893981{padding-top: -40px !important;}&#8220;][vc_column_inner width=&#8220;2\/3&#8243;][vc_column_text]<\/p>\n<h5><strong>4 Tretboote<\/strong><strong><img data-recalc-dims=\"1\" decoding=\"async\" class=\"alignleft wp-image-4437\" src=\"https:\/\/i0.wp.com\/visitcalvia.org\/wp-content\/uploads\/2020\/04\/Velomar.png?resize=37%2C38&#038;ssl=1\" alt=\"Velomar\" width=\"37\" height=\"38\" srcset=\"https:\/\/i0.wp.com\/visitcalvia.org\/wp-content\/uploads\/2020\/04\/Velomar.png?w=134&amp;ssl=1 134w, https:\/\/i0.wp.com\/visitcalvia.org\/wp-content\/uploads\/2020\/04\/Velomar.png?resize=100%2C100&amp;ssl=1 100w, https:\/\/i0.wp.com\/visitcalvia.org\/wp-content\/uploads\/2020\/04\/Velomar.png?resize=64%2C65&amp;ssl=1 64w\" sizes=\"(max-width: 37px) 100vw, 37px\" \/><\/strong><\/h5>\n<p>[\/vc_column_text][\/vc_column_inner][vc_column_inner width=&#8220;1\/3&#8243;][vc_icon icon_fontawesome=&#8220;fa fa-check&#8220; color=&#8220;green&#8220;][\/vc_column_inner][\/vc_row_inner][vc_row_inner css=&#8220;.vc_custom_1587459893981{padding-top: -40px !important;}&#8220;][vc_column_inner width=&#8220;2\/3&#8243;][vc_column_text]<\/p>\n<h5><strong>Bustransport<\/strong><strong><img data-recalc-dims=\"1\" decoding=\"async\" class=\"alignleft wp-image-4440\" src=\"https:\/\/i0.wp.com\/visitcalvia.org\/wp-content\/uploads\/2020\/04\/bus.png?resize=37%2C38&#038;ssl=1\" alt=\"bus\" width=\"37\" height=\"38\" srcset=\"https:\/\/i0.wp.com\/visitcalvia.org\/wp-content\/uploads\/2020\/04\/bus.png?w=134&amp;ssl=1 134w, https:\/\/i0.wp.com\/visitcalvia.org\/wp-content\/uploads\/2020\/04\/bus.png?resize=100%2C100&amp;ssl=1 100w, https:\/\/i0.wp.com\/visitcalvia.org\/wp-content\/uploads\/2020\/04\/bus.png?resize=64%2C65&amp;ssl=1 64w\" sizes=\"(max-width: 37px) 100vw, 37px\" \/><\/strong><\/h5>\n<p>[\/vc_column_text][\/vc_column_inner][vc_column_inner width=&#8220;1\/3&#8243;][vc_icon icon_fontawesome=&#8220;fa fa-check&#8220; color=&#8220;green&#8220;][\/vc_column_inner][\/vc_row_inner][\/vc_column][vc_column width=&#8220;1\/3&#8243;][vc_row_inner css=&#8220;.vc_custom_1587459893981{padding-top: -40px !important;}&#8220;][vc_column_inner width=&#8220;2\/3&#8243;][vc_column_text]<\/p>\n<h5><strong>Rettungsschwimmer<\/strong><strong><img data-recalc-dims=\"1\" decoding=\"async\" class=\"alignleft wp-image-4415\" src=\"https:\/\/i0.wp.com\/visitcalvia.org\/wp-content\/uploads\/2020\/04\/Socorrista.png?resize=37%2C37&#038;ssl=1\" alt=\"Socorrista\" width=\"37\" height=\"37\" srcset=\"https:\/\/i0.wp.com\/visitcalvia.org\/wp-content\/uploads\/2020\/04\/Socorrista.png?w=138&amp;ssl=1 138w, https:\/\/i0.wp.com\/visitcalvia.org\/wp-content\/uploads\/2020\/04\/Socorrista.png?resize=100%2C100&amp;ssl=1 100w, https:\/\/i0.wp.com\/visitcalvia.org\/wp-content\/uploads\/2020\/04\/Socorrista.png?resize=64%2C64&amp;ssl=1 64w\" sizes=\"(max-width: 37px) 100vw, 37px\" \/><\/strong><\/h5>\n<p>[\/vc_column_text][\/vc_column_inner][vc_column_inner width=&#8220;1\/3&#8243;][vc_icon icon_fontawesome=&#8220;fa fa-check&#8220; color=&#8220;green&#8220;][\/vc_column_inner][\/vc_row_inner][vc_row_inner css=&#8220;.vc_custom_1587459893981{padding-top: -40px !important;}&#8220;][vc_column_inner width=&#8220;2\/3&#8243;][vc_column_text]<\/p>\n<h5><strong>Restaurants<\/strong><strong><img data-recalc-dims=\"1\" decoding=\"async\" class=\"alignleft wp-image-4436\" src=\"https:\/\/i0.wp.com\/visitcalvia.org\/wp-content\/uploads\/2020\/04\/restaurantes.png?resize=37%2C38&#038;ssl=1\" alt=\"restaurantes\" width=\"37\" height=\"38\" srcset=\"https:\/\/i0.wp.com\/visitcalvia.org\/wp-content\/uploads\/2020\/04\/restaurantes.png?w=134&amp;ssl=1 134w, https:\/\/i0.wp.com\/visitcalvia.org\/wp-content\/uploads\/2020\/04\/restaurantes.png?resize=100%2C100&amp;ssl=1 100w, https:\/\/i0.wp.com\/visitcalvia.org\/wp-content\/uploads\/2020\/04\/restaurantes.png?resize=64%2C65&amp;ssl=1 64w\" sizes=\"(max-width: 37px) 100vw, 37px\" \/><\/strong><\/h5>\n<p>[\/vc_column_text][\/vc_column_inner][vc_column_inner width=&#8220;1\/3&#8243;][vc_icon icon_fontawesome=&#8220;fa fa-check&#8220; color=&#8220;green&#8220;][\/vc_column_inner][\/vc_row_inner][\/vc_column][\/vc_row][vc_row row_content_width=&#8220;grid&#8220; content_width=&#8220;grid&#8220; css=&#8220;.vc_custom_1587458288460{padding-bottom: 42px !important;}&#8220;][vc_column][vc_row_inner css=&#8220;.vc_custom_1587458140771{padding-left: 80px !important;}&#8220;][vc_column_inner width=&#8220;1\/4&#8243;]<div class=\"qodef-pie-chart-holder \">\n\t<div class=\"qodef-pc-percentage\" data-percent=\"80\" data-bar-color=\"#1e73be\" data-track-color=\"#0a0000\">\n\t\t<span class=\"qodef-pc-percent\" >80<\/span>\n\t<\/div>\n\t\t\t<div class=\"qodef-pc-text-holder\">\n\t\t\t\t\t\t\t<h4 class=\"qodef-pc-title\" >Meter - L\u00e4nge in Metern<\/h4>\n\t\t\t\t\t\t\t\t<\/div>\n\t<\/div>[\/vc_column_inner][vc_column_inner width=&#8220;1\/4&#8243;]<div class=\"qodef-pie-chart-holder \">\n\t<div class=\"qodef-pc-percentage\" data-percent=\"30\" data-bar-color=\"#1e73be\" data-track-color=\"#0a0000\">\n\t\t<span class=\"qodef-pc-percent\" >30<\/span>\n\t<\/div>\n\t\t\t<div class=\"qodef-pc-text-holder\">\n\t\t\t\t\t\t\t<h4 class=\"qodef-pc-title\" >L\u00e4nge in Metern - Breite<\/h4>\n\t\t\t\t\t\t\t\t<\/div>\n\t<\/div>[\/vc_column_inner][vc_column_inner width=&#8220;1\/2&#8243;][vc_column_text]<\/p>\n<blockquote>\n<h4 style=\"text-align: left;\"><strong>ALLGEMEINE ANGABEN<\/strong><\/h4>\n<\/blockquote>\n<p>[\/vc_column_text][vc_column_text]<\/p>\n<ul>\n<li><strong>Belegungsdichte:\u00a0<span class=\"change-second-color\" style=\"color: #004d8a;\">HOCH<\/span><\/strong><\/li>\n<li><strong>Besiedlungsdichte:\u00a0<span class=\"change-second-color\" style=\"color: #004d8a;\">ST\u00c4DTISCH<\/span><\/strong><\/li>\n<li><strong>Zusammensetzung:\u00a0<span class=\"change-second-color\" style=\"color: #004d8a;\">SAND<\/span><\/strong><\/li>\n<li><strong>Sandfarbe:\u00a0<span class=\"change-second-color\" style=\"color: #004d8a;\">WEISS<\/span><\/strong><\/li>\n<li><strong>Sandk\u00f6rnung:\u00a0<span class=\"change-second-color\" style=\"color: #004d8a;\">FEIN<\/span><\/strong><\/li>\n<\/ul>\n<p>[\/vc_column_text][\/vc_column_inner][\/vc_row_inner][\/vc_column][\/vc_row][vc_row equal_height=&#8220;yes&#8220; content_placement=&#8220;middle&#8220;][vc_column offset=&#8220;vc_col-lg-5 vc_col-md-12&#8243; css=&#8220;.vc_custom_1585820997663{margin-top: 0px !important;margin-right: 0px !important;margin-bottom: 0px !important;margin-left: 0px !important;padding-top: 0px !important;padding-right: 0px !important;padding-bottom: 0px !important;padding-left: 0px !important;background-color: #fcfcfc !important;}&#8220;]<div class=\"qodef-elements-holder   qodef-one-column  qodef-responsive-mode-768 qodef-one-column-alignment-right\" ><div class=\"qodef-eh-item   qodef-horizontal-alignment-right  \"  data-item-class=\"qodef-eh-custom-1750\" data-1280-1600=\"0 12% 15px 31%\" data-1024-1280=\"0 12% 15px 24%\" data-768-1024=\"48px 25% 70px 35%\" data-680-768=\"48px 12% 70px 35%\" data-680=\"50px 8% 70px 10%\">\n\t<div class=\"qodef-eh-item-inner\">\n\t\t<div class=\"qodef-eh-item-content qodef-eh-custom-1750\" style=\"padding: 0 12% 20px 35%\">\n\t\t\t[vc_column_text]<\/p>\n<h2 style=\"text-align: right;\">Fotogalerie<\/h2>\n<p style=\"text-align: right; font-family: Montserrat; margin-top: -18px; margin-bottom: 16px;\"><span class=\"change-second-color\" style=\"color: #ff0030;\"><em>Entdecken Sie Ses Illetes Str\u00e4nde im Ortsteil\u00a0<\/em><\/span><\/p>\n<p>[\/vc_column_text]\t\t<\/div>\n\t<\/div>\n\t<\/div><\/div>[\/vc_column][vc_column offset=&#8220;vc_col-lg-7 vc_col-md-12&#8243; css=&#8220;.vc_custom_1504689016842{margin-top: 0px !important;margin-right: 0px !important;margin-bottom: 0px !important;margin-left: 0px !important;padding-top: 0px !important;padding-right: 0px !important;padding-bottom: 0px !important;padding-left: 0px !important;}&#8220;][vc_gallery interval=&#8220;3&#8243; images=&#8220;5462,6801&#8243; img_size=&#8220;full&#8220;][\/vc_column][\/vc_row][vc_row css=&#8220;.vc_custom_1587388774987{padding-top: 20px !important;}&#8220;][vc_column][vc_gmaps link=&#8220;#E-8_JTNDaWZyYW1lJTIwc3JjJTNEJTIyaHR0cHMlM0ElMkYlMkZ3d3cuZ29vZ2xlLmNvbSUyRm1hcHMlMkZlbWJlZCUzRnBiJTNEJTIxMW0xOCUyMTFtMTIlMjExbTMlMjExZDMwNzcuMDEwNDYxMDgyMzU4NyUyMTJkMi41ODgyMzI0MTQ1MzIwNzElMjEzZDM5LjUzNjgxODAxNjYwNTklMjEybTMlMjExZjAlMjEyZjAlMjEzZjAlMjEzbTIlMjExaTEwMjQlMjEyaTc2OCUyMTRmMTMuMSUyMTNtMyUyMTFtMiUyMTFzMHgxMjk3OGU3NzE0MTU2ZTVkJTI1M0EweDQ2YzNlNjM5OWQ3NjcwNmUlMjEyc1BsYXRqYSUyNTIwZCUyNiUyMzM5JTNCSWxsZXRlcyUyMTVlMCUyMTNtMiUyMTFzZXMlMjEyc2VzJTIxNHYxNTg5NTMwNTA1NTc1JTIxNW0yJTIxMXNlcyUyMTJzZXMlMjIlMjB3aWR0aCUzRCUyMjYwMCUyMiUyMGhlaWdodCUzRCUyMjQ1MCUyMiUyMGZyYW1lYm9yZGVyJTNEJTIyMCUyMiUyMHN0eWxlJTNEJTIyYm9yZGVyJTNBMCUzQiUyMiUyMGFsbG93ZnVsbHNjcmVlbiUzRCUyMiUyMiUyMGFyaWEtaGlkZGVuJTNEJTIyZmFsc2UlMjIlMjB0YWJpbmRleCUzRCUyMjAlMjIlM0UlM0MlMkZpZnJhbWUlM0U=&#8220;][\/vc_column][\/vc_row][vc_row row_content_width=&#8220;grid&#8220; css=&#8220;.vc_custom_1587127080469{padding-top: 40px !important;padding-bottom: 20px !important;}&#8220;][vc_column][vc_empty_space]<div class=\"qodef-section-title-holder  qodef-st-standard qodef-st-title-left qodef-st-normal-space  \" >\n\t<div class=\"qodef-st-inner\">\n\t\t\t\t\t<h2 class=\"qodef-st-title\" >\n\t\t\t\tStr\u00e4nde in der Umgebung\t\t\t<\/h2>\n\t\t\t\t\t\t\t<h5 class=\"qodef-st-text\" >\n\t\t\t\tPortals Nous - Illetes - Cas Catal\u00e0 - Costa d'en Blanes - Bendinat\t\t\t<\/h5>\n\t\t\t<\/div>\n<\/div>[\/vc_column][\/vc_row][vc_row][vc_column][vc_row_inner gap=&#8220;5&#8243; css=&#8220;.vc_custom_1587126898864{margin-left: 10px !important;}&#8220;][vc_column_inner width=&#8220;1\/5&#8243;]<div class=\"qodef-banner-holder  qodef-simple qodef-banner-info-default\">\n    <div class=\"qodef-banner-image\">\n        <img decoding=\"async\" width=\"600\" height=\"600\" src=\"https:\/\/i0.wp.com\/visitcalvia.org\/wp-content\/uploads\/2020\/04\/CALA-PORTALS-NOUS.jpg?fit=600%2C600&amp;ssl=1\" class=\"attachment-full size-full\" alt=\"Calvi\u00e0: playas espectaculares en Mallorca. Cala Portals Nous\" srcset=\"https:\/\/i0.wp.com\/visitcalvia.org\/wp-content\/uploads\/2020\/04\/CALA-PORTALS-NOUS.jpg?w=600&amp;ssl=1 600w, https:\/\/i0.wp.com\/visitcalvia.org\/wp-content\/uploads\/2020\/04\/CALA-PORTALS-NOUS.jpg?resize=300%2C300&amp;ssl=1 300w, https:\/\/i0.wp.com\/visitcalvia.org\/wp-content\/uploads\/2020\/04\/CALA-PORTALS-NOUS.jpg?resize=150%2C150&amp;ssl=1 150w, https:\/\/i0.wp.com\/visitcalvia.org\/wp-content\/uploads\/2020\/04\/CALA-PORTALS-NOUS.jpg?resize=400%2C400&amp;ssl=1 400w, https:\/\/i0.wp.com\/visitcalvia.org\/wp-content\/uploads\/2020\/04\/CALA-PORTALS-NOUS.jpg?resize=200%2C200&amp;ssl=1 200w, https:\/\/i0.wp.com\/visitcalvia.org\/wp-content\/uploads\/2020\/04\/CALA-PORTALS-NOUS.jpg?resize=550%2C550&amp;ssl=1 550w, https:\/\/i0.wp.com\/visitcalvia.org\/wp-content\/uploads\/2020\/04\/CALA-PORTALS-NOUS.jpg?resize=100%2C100&amp;ssl=1 100w, https:\/\/i0.wp.com\/visitcalvia.org\/wp-content\/uploads\/2020\/04\/CALA-PORTALS-NOUS.jpg?resize=64%2C64&amp;ssl=1 64w\" sizes=\"(max-width: 600px) 100vw, 600px\" data-attachment-id=\"4198\" data-permalink=\"https:\/\/visitcalvia.org\/de\/playas\/cala-portals-nous\/\" data-orig-file=\"https:\/\/i0.wp.com\/visitcalvia.org\/wp-content\/uploads\/2020\/04\/CALA-PORTALS-NOUS.jpg?fit=600%2C600&amp;ssl=1\" data-orig-size=\"600,600\" data-comments-opened=\"1\" data-image-meta=\"{&quot;aperture&quot;:&quot;0&quot;,&quot;credit&quot;:&quot;&quot;,&quot;camera&quot;:&quot;&quot;,&quot;caption&quot;:&quot;&quot;,&quot;created_timestamp&quot;:&quot;0&quot;,&quot;copyright&quot;:&quot;&quot;,&quot;focal_length&quot;:&quot;0&quot;,&quot;iso&quot;:&quot;0&quot;,&quot;shutter_speed&quot;:&quot;0&quot;,&quot;title&quot;:&quot;&quot;,&quot;orientation&quot;:&quot;0&quot;}\" data-image-title=\"CALA PORTALS NOUS\" data-image-description=\"\" data-image-caption=\"\" data-large-file=\"https:\/\/i0.wp.com\/visitcalvia.org\/wp-content\/uploads\/2020\/04\/CALA-PORTALS-NOUS.jpg?fit=600%2C600&amp;ssl=1\" \/>    <\/div>\n    <div class=\"qodef-banner-text-holder\" >\n\t    <div class=\"qodef-banner-text-outer\">\n\t\t    <div class=\"qodef-banner-text-inner\">\n\t\t        \t\t        \t\t\t<\/div>\n\t\t<\/div>\n\t<\/div>\n\t        <a itemprop=\"url\" class=\"qodef-banner-link\" href=\"https:\/\/visitcalvia.org\/de\/strand-portals-nous-cala-bendinat\/\" target=\"_self\"><\/a>\n    <\/div>[\/vc_column_inner][vc_column_inner width=&#8220;1\/5&#8243;]<div class=\"qodef-banner-holder  qodef-simple qodef-banner-info-default\">\n    <div class=\"qodef-banner-image\">\n        <img decoding=\"async\" width=\"600\" height=\"600\" src=\"https:\/\/i0.wp.com\/visitcalvia.org\/wp-content\/uploads\/2020\/04\/SORATORI.jpg?fit=600%2C600&amp;ssl=1\" class=\"attachment-full size-full\" alt=\"S&#039;ORATORI\" srcset=\"https:\/\/i0.wp.com\/visitcalvia.org\/wp-content\/uploads\/2020\/04\/SORATORI.jpg?w=600&amp;ssl=1 600w, https:\/\/i0.wp.com\/visitcalvia.org\/wp-content\/uploads\/2020\/04\/SORATORI.jpg?resize=300%2C300&amp;ssl=1 300w, https:\/\/i0.wp.com\/visitcalvia.org\/wp-content\/uploads\/2020\/04\/SORATORI.jpg?resize=150%2C150&amp;ssl=1 150w, https:\/\/i0.wp.com\/visitcalvia.org\/wp-content\/uploads\/2020\/04\/SORATORI.jpg?resize=400%2C400&amp;ssl=1 400w, https:\/\/i0.wp.com\/visitcalvia.org\/wp-content\/uploads\/2020\/04\/SORATORI.jpg?resize=200%2C200&amp;ssl=1 200w, https:\/\/i0.wp.com\/visitcalvia.org\/wp-content\/uploads\/2020\/04\/SORATORI.jpg?resize=550%2C550&amp;ssl=1 550w, https:\/\/i0.wp.com\/visitcalvia.org\/wp-content\/uploads\/2020\/04\/SORATORI.jpg?resize=100%2C100&amp;ssl=1 100w, https:\/\/i0.wp.com\/visitcalvia.org\/wp-content\/uploads\/2020\/04\/SORATORI.jpg?resize=64%2C64&amp;ssl=1 64w\" sizes=\"(max-width: 600px) 100vw, 600px\" data-attachment-id=\"4200\" data-permalink=\"https:\/\/visitcalvia.org\/de\/playas\/soratori\/\" data-orig-file=\"https:\/\/i0.wp.com\/visitcalvia.org\/wp-content\/uploads\/2020\/04\/SORATORI.jpg?fit=600%2C600&amp;ssl=1\" data-orig-size=\"600,600\" data-comments-opened=\"1\" data-image-meta=\"{&quot;aperture&quot;:&quot;0&quot;,&quot;credit&quot;:&quot;&quot;,&quot;camera&quot;:&quot;&quot;,&quot;caption&quot;:&quot;&quot;,&quot;created_timestamp&quot;:&quot;0&quot;,&quot;copyright&quot;:&quot;&quot;,&quot;focal_length&quot;:&quot;0&quot;,&quot;iso&quot;:&quot;0&quot;,&quot;shutter_speed&quot;:&quot;0&quot;,&quot;title&quot;:&quot;&quot;,&quot;orientation&quot;:&quot;0&quot;}\" data-image-title=\"S&amp;#8217;ORATORI\" data-image-description=\"\" data-image-caption=\"\" data-large-file=\"https:\/\/i0.wp.com\/visitcalvia.org\/wp-content\/uploads\/2020\/04\/SORATORI.jpg?fit=600%2C600&amp;ssl=1\" \/>    <\/div>\n    <div class=\"qodef-banner-text-holder\" >\n\t    <div class=\"qodef-banner-text-outer\">\n\t\t    <div class=\"qodef-banner-text-inner\">\n\t\t        \t\t        \t\t\t<\/div>\n\t\t<\/div>\n\t<\/div>\n\t        <a itemprop=\"url\" class=\"qodef-banner-link\" href=\"https:\/\/visitcalvia.org\/de\/strand-loratori\/\" target=\"_self\"><\/a>\n    <\/div>[\/vc_column_inner][vc_column_inner width=&#8220;1\/5&#8243;]<div class=\"qodef-banner-holder  qodef-simple qodef-banner-info-default\">\n    <div class=\"qodef-banner-image\">\n        <img decoding=\"async\" width=\"600\" height=\"600\" src=\"https:\/\/i0.wp.com\/visitcalvia.org\/wp-content\/uploads\/2020\/04\/BUGUENVIL-LIA.jpg?fit=600%2C600&amp;ssl=1\" class=\"attachment-full size-full\" alt=\"BUGUENVIL-LIA\" srcset=\"https:\/\/i0.wp.com\/visitcalvia.org\/wp-content\/uploads\/2020\/04\/BUGUENVIL-LIA.jpg?w=600&amp;ssl=1 600w, https:\/\/i0.wp.com\/visitcalvia.org\/wp-content\/uploads\/2020\/04\/BUGUENVIL-LIA.jpg?resize=300%2C300&amp;ssl=1 300w, https:\/\/i0.wp.com\/visitcalvia.org\/wp-content\/uploads\/2020\/04\/BUGUENVIL-LIA.jpg?resize=150%2C150&amp;ssl=1 150w, https:\/\/i0.wp.com\/visitcalvia.org\/wp-content\/uploads\/2020\/04\/BUGUENVIL-LIA.jpg?resize=400%2C400&amp;ssl=1 400w, https:\/\/i0.wp.com\/visitcalvia.org\/wp-content\/uploads\/2020\/04\/BUGUENVIL-LIA.jpg?resize=200%2C200&amp;ssl=1 200w, https:\/\/i0.wp.com\/visitcalvia.org\/wp-content\/uploads\/2020\/04\/BUGUENVIL-LIA.jpg?resize=550%2C550&amp;ssl=1 550w, https:\/\/i0.wp.com\/visitcalvia.org\/wp-content\/uploads\/2020\/04\/BUGUENVIL-LIA.jpg?resize=100%2C100&amp;ssl=1 100w, https:\/\/i0.wp.com\/visitcalvia.org\/wp-content\/uploads\/2020\/04\/BUGUENVIL-LIA.jpg?resize=64%2C64&amp;ssl=1 64w\" sizes=\"(max-width: 600px) 100vw, 600px\" data-attachment-id=\"4163\" data-permalink=\"https:\/\/visitcalvia.org\/de\/playas\/buguenvil-lia\/\" data-orig-file=\"https:\/\/i0.wp.com\/visitcalvia.org\/wp-content\/uploads\/2020\/04\/BUGUENVIL-LIA.jpg?fit=600%2C600&amp;ssl=1\" data-orig-size=\"600,600\" data-comments-opened=\"1\" data-image-meta=\"{&quot;aperture&quot;:&quot;0&quot;,&quot;credit&quot;:&quot;&quot;,&quot;camera&quot;:&quot;&quot;,&quot;caption&quot;:&quot;&quot;,&quot;created_timestamp&quot;:&quot;0&quot;,&quot;copyright&quot;:&quot;&quot;,&quot;focal_length&quot;:&quot;0&quot;,&quot;iso&quot;:&quot;0&quot;,&quot;shutter_speed&quot;:&quot;0&quot;,&quot;title&quot;:&quot;&quot;,&quot;orientation&quot;:&quot;0&quot;}\" data-image-title=\"BUGUENVIL-LIA\" data-image-description=\"\" data-image-caption=\"\" data-large-file=\"https:\/\/i0.wp.com\/visitcalvia.org\/wp-content\/uploads\/2020\/04\/BUGUENVIL-LIA.jpg?fit=600%2C600&amp;ssl=1\" \/>    <\/div>\n    <div class=\"qodef-banner-text-holder\" >\n\t    <div class=\"qodef-banner-text-outer\">\n\t\t    <div class=\"qodef-banner-text-inner\">\n\t\t        \t\t        \t\t\t<\/div>\n\t\t<\/div>\n\t<\/div>\n\t        <a itemprop=\"url\" class=\"qodef-banner-link\" href=\"https:\/\/visitcalvia.org\/de\/strand-buguenvil%c2%b7lia\/\" target=\"_self\"><\/a>\n    <\/div>[\/vc_column_inner][vc_column_inner width=&#8220;1\/5&#8243;]<div class=\"qodef-banner-holder  qodef-simple qodef-banner-info-default\">\n    <div class=\"qodef-banner-image\">\n        <img decoding=\"async\" width=\"600\" height=\"600\" src=\"https:\/\/i0.wp.com\/visitcalvia.org\/wp-content\/uploads\/2020\/04\/COSTA-D%E2%80%99EN-BLANES.jpg?fit=600%2C600&amp;ssl=1\" class=\"attachment-full size-full\" alt=\"COSTA D\u2019EN BLANES\" data-attachment-id=\"4165\" data-permalink=\"https:\/\/visitcalvia.org\/de\/playas\/costa-den-blanes\/\" data-orig-file=\"https:\/\/i0.wp.com\/visitcalvia.org\/wp-content\/uploads\/2020\/04\/COSTA-D%E2%80%99EN-BLANES.jpg?fit=600%2C600&amp;ssl=1\" data-orig-size=\"600,600\" data-comments-opened=\"1\" data-image-meta=\"{&quot;aperture&quot;:&quot;0&quot;,&quot;credit&quot;:&quot;&quot;,&quot;camera&quot;:&quot;&quot;,&quot;caption&quot;:&quot;&quot;,&quot;created_timestamp&quot;:&quot;0&quot;,&quot;copyright&quot;:&quot;&quot;,&quot;focal_length&quot;:&quot;0&quot;,&quot;iso&quot;:&quot;0&quot;,&quot;shutter_speed&quot;:&quot;0&quot;,&quot;title&quot;:&quot;&quot;,&quot;orientation&quot;:&quot;0&quot;}\" data-image-title=\"COSTA D\u2019EN BLANES\" data-image-description=\"\" data-image-caption=\"\" data-large-file=\"https:\/\/i0.wp.com\/visitcalvia.org\/wp-content\/uploads\/2020\/04\/COSTA-D%E2%80%99EN-BLANES.jpg?fit=600%2C600&amp;ssl=1\" \/>    <\/div>\n    <div class=\"qodef-banner-text-holder\" >\n\t    <div class=\"qodef-banner-text-outer\">\n\t\t    <div class=\"qodef-banner-text-inner\">\n\t\t        \t\t        \t\t\t<\/div>\n\t\t<\/div>\n\t<\/div>\n\t        <a itemprop=\"url\" class=\"qodef-banner-link\" href=\"https:\/\/visitcalvia.org\/de\/strand-costa-den-blanes\/\" target=\"_self\"><\/a>\n    <\/div>[\/vc_column_inner][vc_column_inner width=&#8220;1\/5&#8243;]<div class=\"qodef-banner-holder  qodef-simple qodef-banner-info-default\">\n    <div class=\"qodef-banner-image\">\n        <img decoding=\"async\" width=\"600\" height=\"600\" src=\"https:\/\/i0.wp.com\/visitcalvia.org\/wp-content\/uploads\/2020\/04\/CALA-COMTESSA.jpg?fit=600%2C600&amp;ssl=1\" class=\"attachment-full size-full\" alt=\"Cala Comtessa en Ses Illetes, Calvi\u00e0: playas espectaculares en Mallorca\" srcset=\"https:\/\/i0.wp.com\/visitcalvia.org\/wp-content\/uploads\/2020\/04\/CALA-COMTESSA.jpg?w=600&amp;ssl=1 600w, https:\/\/i0.wp.com\/visitcalvia.org\/wp-content\/uploads\/2020\/04\/CALA-COMTESSA.jpg?resize=300%2C300&amp;ssl=1 300w, https:\/\/i0.wp.com\/visitcalvia.org\/wp-content\/uploads\/2020\/04\/CALA-COMTESSA.jpg?resize=150%2C150&amp;ssl=1 150w, https:\/\/i0.wp.com\/visitcalvia.org\/wp-content\/uploads\/2020\/04\/CALA-COMTESSA.jpg?resize=400%2C400&amp;ssl=1 400w, https:\/\/i0.wp.com\/visitcalvia.org\/wp-content\/uploads\/2020\/04\/CALA-COMTESSA.jpg?resize=200%2C200&amp;ssl=1 200w, https:\/\/i0.wp.com\/visitcalvia.org\/wp-content\/uploads\/2020\/04\/CALA-COMTESSA.jpg?resize=550%2C550&amp;ssl=1 550w, https:\/\/i0.wp.com\/visitcalvia.org\/wp-content\/uploads\/2020\/04\/CALA-COMTESSA.jpg?resize=100%2C100&amp;ssl=1 100w, https:\/\/i0.wp.com\/visitcalvia.org\/wp-content\/uploads\/2020\/04\/CALA-COMTESSA.jpg?resize=64%2C64&amp;ssl=1 64w\" sizes=\"(max-width: 600px) 100vw, 600px\" data-attachment-id=\"4166\" data-permalink=\"https:\/\/visitcalvia.org\/de\/playas\/cala-comtessa\/\" data-orig-file=\"https:\/\/i0.wp.com\/visitcalvia.org\/wp-content\/uploads\/2020\/04\/CALA-COMTESSA.jpg?fit=600%2C600&amp;ssl=1\" data-orig-size=\"600,600\" data-comments-opened=\"1\" data-image-meta=\"{&quot;aperture&quot;:&quot;0&quot;,&quot;credit&quot;:&quot;&quot;,&quot;camera&quot;:&quot;&quot;,&quot;caption&quot;:&quot;&quot;,&quot;created_timestamp&quot;:&quot;0&quot;,&quot;copyright&quot;:&quot;&quot;,&quot;focal_length&quot;:&quot;0&quot;,&quot;iso&quot;:&quot;0&quot;,&quot;shutter_speed&quot;:&quot;0&quot;,&quot;title&quot;:&quot;&quot;,&quot;orientation&quot;:&quot;0&quot;}\" data-image-title=\"CALA COMTESSA\" data-image-description=\"\" data-image-caption=\"\" data-large-file=\"https:\/\/i0.wp.com\/visitcalvia.org\/wp-content\/uploads\/2020\/04\/CALA-COMTESSA.jpg?fit=600%2C600&amp;ssl=1\" \/>    <\/div>\n    <div class=\"qodef-banner-text-holder\" >\n\t    <div class=\"qodef-banner-text-outer\">\n\t\t    <div class=\"qodef-banner-text-inner\">\n\t\t        \t\t        \t\t\t<\/div>\n\t\t<\/div>\n\t<\/div>\n\t        <a itemprop=\"url\" class=\"qodef-banner-link\" href=\"https:\/\/visitcalvia.org\/de\/strand-cala-contesa\/\" target=\"_self\"><\/a>\n    <\/div>[\/vc_column_inner][\/vc_row_inner][vc_empty_space][\/vc_column][\/vc_row][vc_row][vc_column][vc_video link=&#8220;<a href=\"https:\/\/youtu.be\/UqE1etkov2w&#038;#8220\" rel=\"nofollow\">https:\/\/youtu.be\/UqE1etkov2w&#038;#8220<\/a>; align=&#8220;center&#8220;][\/vc_column][\/vc_row]<\/p>\n<\/div>","protected":false},"excerpt":{"rendered":"<p>[vc_row content_placement=&#8220;middle&#8220; content_text_aligment=&#8220;center&#8220; css=&#8220;.vc_custom_1589531034676{padding-top: 81px !important;background-image: url(<a href=\"https:\/\/visitcalvia.org\/wp-content\/uploads\/2020\/05\/illetes-banner-playas.jpg?id=6802\">https:\/\/visitcalvia.org\/wp-content\/uploads\/2020\/05\/illetes-banner-playas.jpg?id=6802<\/a>) !important;background-position: center !important;background-repeat: no-repeat !important;background-size: cover !important;}&#8220; simple_background_color=&#8220;#ffffff&#8220;][vc_column][\/vc_column][\/vc_row][vc_row full_width=&#8220;stretch_row&#8220; css=&#8220;.vc_custom_1738054147413{background-color: #9bc535 !important;}&#8220;][vc_column][vc_row_inner row_content_width=&#8220;grid&#8220;][vc_column_inner width=&#8220;1\/2&#8243;][vc_empty_space height=&#8220;10px&#8220;][\/vc_column_inner][vc_column_inner width=&#8220;1\/2&#8243;][vc_empty_space height=&#8220;7px&#8220;][vc_empty_space height=&#8220;7px&#8220;][\/vc_column_inner][\/vc_row_inner][vc_empty_space height=&#8220;20px&#8220;][\/vc_column][\/vc_row][vc_row row_content_width=&#8220;grid&#8220; css=&#8220;.vc_custom_1587458275105{margin-top: 35px !important;padding-bottom: 30px !important;}&#8220;][vc_column][vc_column_text] Dieser h\u00fcbsche, zentral gelegene Strand mit wei\u00dfem, feinem Sand, kristallklarem Wasser und spektakul\u00e4rer Unterwasserwelt wurde nach dem gleichnamigen Ortsteil benannt, in dem [&hellip;]<\/p>\n","protected":false},"author":182516946,"featured_media":5462,"parent":0,"menu_order":0,"comment_status":"closed","ping_status":"closed","template":"full-width.php","meta":{"_coblocks_attr":"","_coblocks_dimensions":"","_coblocks_responsive_height":"","_coblocks_accordion_ie_support":"","_crdt_document":"","footnotes":""},"class_list":["post-13249","page","type-page","status-publish","has-post-thumbnail","hentry"],"yoast_head":"<!-- This site is optimized with the Yoast SEO plugin v27.5 - https:\/\/yoast.com\/product\/yoast-seo-wordpress\/ -->\n<title>Playa de Illetes - Mallorca . C\u00e9ntrica y bonita playa de arena blanca<\/title>\n<meta name=\"description\" content=\"Playa de Illetes - Mallorca . Bonita y c\u00e9ntrica playa de arena blanca y fina, aguas cristalinas y fondo espectacular, cercana a Palma, en Calvi\u00e0.\" \/>\n<meta name=\"robots\" content=\"index, follow, max-snippet:-1, max-image-preview:large, max-video-preview:-1\" \/>\n<link rel=\"canonical\" href=\"https:\/\/visitcalvia.org\/de\/strand-ses-illetes\/\" \/>\n<meta property=\"og:locale\" content=\"de_DE\" \/>\n<meta property=\"og:type\" content=\"article\" \/>\n<meta property=\"og:title\" content=\"Playa de Illetes - Mallorca . C\u00e9ntrica y bonita playa de arena blanca\" \/>\n<meta property=\"og:description\" content=\"Playa de Illetes - Mallorca . Bonita y c\u00e9ntrica playa de arena blanca y fina, aguas cristalinas y fondo espectacular, cercana a Palma, en Calvi\u00e0.\" \/>\n<meta property=\"og:url\" content=\"https:\/\/visitcalvia.org\/de\/strand-ses-illetes\/\" \/>\n<meta property=\"og:site_name\" content=\"visitcalvia\" \/>\n<meta property=\"article:modified_time\" content=\"2025-07-04T07:21:00+00:00\" \/>\n<meta property=\"og:image\" content=\"https:\/\/visitcalvia.org\/wp-content\/uploads\/2020\/04\/SES-ILLETES-ILLETES-3.png\" \/>\n\t<meta property=\"og:image:width\" content=\"865\" \/>\n\t<meta property=\"og:image:height\" content=\"574\" \/>\n\t<meta property=\"og:image:type\" content=\"image\/png\" \/>\n<meta name=\"twitter:card\" content=\"summary_large_image\" \/>\n<meta name=\"twitter:label1\" content=\"Gesch\u00e4tzte Lesezeit\" \/>\n\t<meta name=\"twitter:data1\" content=\"5\u00a0Minuten\" \/>\n<script type=\"application\/ld+json\" class=\"yoast-schema-graph\">{\"@context\":\"https:\\\/\\\/schema.org\",\"@graph\":[{\"@type\":\"WebPage\",\"@id\":\"https:\\\/\\\/visitcalvia.org\\\/de\\\/strand-ses-illetes\\\/\",\"url\":\"https:\\\/\\\/visitcalvia.org\\\/de\\\/strand-ses-illetes\\\/\",\"name\":\"Playa de Illetes - Mallorca . C\u00e9ntrica y bonita playa de arena blanca\",\"isPartOf\":{\"@id\":\"https:\\\/\\\/visitcalvia.org\\\/de\\\/#website\"},\"primaryImageOfPage\":{\"@id\":\"https:\\\/\\\/visitcalvia.org\\\/de\\\/strand-ses-illetes\\\/#primaryimage\"},\"image\":{\"@id\":\"https:\\\/\\\/visitcalvia.org\\\/de\\\/strand-ses-illetes\\\/#primaryimage\"},\"thumbnailUrl\":\"https:\\\/\\\/i0.wp.com\\\/visitcalvia.org\\\/wp-content\\\/uploads\\\/2020\\\/04\\\/SES-ILLETES-ILLETES-3.png?fit=865%2C574&ssl=1\",\"datePublished\":\"2020-05-15T08:07:58+00:00\",\"dateModified\":\"2025-07-04T07:21:00+00:00\",\"description\":\"Playa de Illetes - Mallorca . Bonita y c\u00e9ntrica playa de arena blanca y fina, aguas cristalinas y fondo espectacular, cercana a Palma, en Calvi\u00e0.\",\"breadcrumb\":{\"@id\":\"https:\\\/\\\/visitcalvia.org\\\/de\\\/strand-ses-illetes\\\/#breadcrumb\"},\"inLanguage\":\"de\",\"potentialAction\":[{\"@type\":\"ReadAction\",\"target\":[\"https:\\\/\\\/visitcalvia.org\\\/de\\\/strand-ses-illetes\\\/\"]}]},{\"@type\":\"ImageObject\",\"inLanguage\":\"de\",\"@id\":\"https:\\\/\\\/visitcalvia.org\\\/de\\\/strand-ses-illetes\\\/#primaryimage\",\"url\":\"https:\\\/\\\/i0.wp.com\\\/visitcalvia.org\\\/wp-content\\\/uploads\\\/2020\\\/04\\\/SES-ILLETES-ILLETES-3.png?fit=865%2C574&ssl=1\",\"contentUrl\":\"https:\\\/\\\/i0.wp.com\\\/visitcalvia.org\\\/wp-content\\\/uploads\\\/2020\\\/04\\\/SES-ILLETES-ILLETES-3.png?fit=865%2C574&ssl=1\",\"width\":865,\"height\":574,\"caption\":\"SES ILLETES, ILLETES\"},{\"@type\":\"BreadcrumbList\",\"@id\":\"https:\\\/\\\/visitcalvia.org\\\/de\\\/strand-ses-illetes\\\/#breadcrumb\",\"itemListElement\":[{\"@type\":\"ListItem\",\"position\":1,\"name\":\"Portada\",\"item\":\"https:\\\/\\\/visitcalvia.org\\\/de\\\/\"},{\"@type\":\"ListItem\",\"position\":2,\"name\":\"Strand Ses Illetes\"}]},{\"@type\":\"WebSite\",\"@id\":\"https:\\\/\\\/visitcalvia.org\\\/de\\\/#website\",\"url\":\"https:\\\/\\\/visitcalvia.org\\\/de\\\/\",\"name\":\"visitcalvia\",\"description\":\"Vacaciones en Mallorca \u2013 Calvi\u00e0 m\u00faltiples destinos en uno s\u00f3lo lugar. Palmanova, Santa Pon\u00e7a, Magaluf, Peguera, Portals Nous, Costa d\u2019en Blanes, Cala Vinyes\",\"potentialAction\":[{\"@type\":\"SearchAction\",\"target\":{\"@type\":\"EntryPoint\",\"urlTemplate\":\"https:\\\/\\\/visitcalvia.org\\\/de\\\/?s={search_term_string}\"},\"query-input\":{\"@type\":\"PropertyValueSpecification\",\"valueRequired\":true,\"valueName\":\"search_term_string\"}}],\"inLanguage\":\"de\"}]}<\/script>\n<!-- \/ Yoast SEO plugin. -->","yoast_head_json":{"title":"Playa de Illetes - Mallorca . C\u00e9ntrica y bonita playa de arena blanca","description":"Playa de Illetes - Mallorca . Bonita y c\u00e9ntrica playa de arena blanca y fina, aguas cristalinas y fondo espectacular, cercana a Palma, en Calvi\u00e0.","robots":{"index":"index","follow":"follow","max-snippet":"max-snippet:-1","max-image-preview":"max-image-preview:large","max-video-preview":"max-video-preview:-1"},"canonical":"https:\/\/visitcalvia.org\/de\/strand-ses-illetes\/","og_locale":"de_DE","og_type":"article","og_title":"Playa de Illetes - Mallorca . C\u00e9ntrica y bonita playa de arena blanca","og_description":"Playa de Illetes - Mallorca . Bonita y c\u00e9ntrica playa de arena blanca y fina, aguas cristalinas y fondo espectacular, cercana a Palma, en Calvi\u00e0.","og_url":"https:\/\/visitcalvia.org\/de\/strand-ses-illetes\/","og_site_name":"visitcalvia","article_modified_time":"2025-07-04T07:21:00+00:00","og_image":[{"width":865,"height":574,"url":"https:\/\/visitcalvia.org\/wp-content\/uploads\/2020\/04\/SES-ILLETES-ILLETES-3.png","type":"image\/png"}],"twitter_card":"summary_large_image","twitter_misc":{"Gesch\u00e4tzte Lesezeit":"5\u00a0Minuten"},"schema":{"@context":"https:\/\/schema.org","@graph":[{"@type":"WebPage","@id":"https:\/\/visitcalvia.org\/de\/strand-ses-illetes\/","url":"https:\/\/visitcalvia.org\/de\/strand-ses-illetes\/","name":"Playa de Illetes - Mallorca . C\u00e9ntrica y bonita playa de arena blanca","isPartOf":{"@id":"https:\/\/visitcalvia.org\/de\/#website"},"primaryImageOfPage":{"@id":"https:\/\/visitcalvia.org\/de\/strand-ses-illetes\/#primaryimage"},"image":{"@id":"https:\/\/visitcalvia.org\/de\/strand-ses-illetes\/#primaryimage"},"thumbnailUrl":"https:\/\/i0.wp.com\/visitcalvia.org\/wp-content\/uploads\/2020\/04\/SES-ILLETES-ILLETES-3.png?fit=865%2C574&ssl=1","datePublished":"2020-05-15T08:07:58+00:00","dateModified":"2025-07-04T07:21:00+00:00","description":"Playa de Illetes - Mallorca . Bonita y c\u00e9ntrica playa de arena blanca y fina, aguas cristalinas y fondo espectacular, cercana a Palma, en Calvi\u00e0.","breadcrumb":{"@id":"https:\/\/visitcalvia.org\/de\/strand-ses-illetes\/#breadcrumb"},"inLanguage":"de","potentialAction":[{"@type":"ReadAction","target":["https:\/\/visitcalvia.org\/de\/strand-ses-illetes\/"]}]},{"@type":"ImageObject","inLanguage":"de","@id":"https:\/\/visitcalvia.org\/de\/strand-ses-illetes\/#primaryimage","url":"https:\/\/i0.wp.com\/visitcalvia.org\/wp-content\/uploads\/2020\/04\/SES-ILLETES-ILLETES-3.png?fit=865%2C574&ssl=1","contentUrl":"https:\/\/i0.wp.com\/visitcalvia.org\/wp-content\/uploads\/2020\/04\/SES-ILLETES-ILLETES-3.png?fit=865%2C574&ssl=1","width":865,"height":574,"caption":"SES ILLETES, ILLETES"},{"@type":"BreadcrumbList","@id":"https:\/\/visitcalvia.org\/de\/strand-ses-illetes\/#breadcrumb","itemListElement":[{"@type":"ListItem","position":1,"name":"Portada","item":"https:\/\/visitcalvia.org\/de\/"},{"@type":"ListItem","position":2,"name":"Strand Ses Illetes"}]},{"@type":"WebSite","@id":"https:\/\/visitcalvia.org\/de\/#website","url":"https:\/\/visitcalvia.org\/de\/","name":"visitcalvia","description":"Vacaciones en Mallorca \u2013 Calvi\u00e0 m\u00faltiples destinos en uno s\u00f3lo lugar. Palmanova, Santa Pon\u00e7a, Magaluf, Peguera, Portals Nous, Costa d\u2019en Blanes, Cala Vinyes","potentialAction":[{"@type":"SearchAction","target":{"@type":"EntryPoint","urlTemplate":"https:\/\/visitcalvia.org\/de\/?s={search_term_string}"},"query-input":{"@type":"PropertyValueSpecification","valueRequired":true,"valueName":"search_term_string"}}],"inLanguage":"de"}]}},"jetpack_likes_enabled":false,"jetpack_sharing_enabled":false,"jetpack_shortlink":"https:\/\/wp.me\/PbP1bo-3rH","amp_enabled":false,"_links":{"self":[{"href":"https:\/\/visitcalvia.org\/de\/wp-json\/wp\/v2\/pages\/13249","targetHints":{"allow":["GET"]}}],"collection":[{"href":"https:\/\/visitcalvia.org\/de\/wp-json\/wp\/v2\/pages"}],"about":[{"href":"https:\/\/visitcalvia.org\/de\/wp-json\/wp\/v2\/types\/page"}],"author":[{"embeddable":true,"href":"https:\/\/visitcalvia.org\/de\/wp-json\/wp\/v2\/users\/182516946"}],"replies":[{"embeddable":true,"href":"https:\/\/visitcalvia.org\/de\/wp-json\/wp\/v2\/comments?post=13249"}],"version-history":[{"count":13,"href":"https:\/\/visitcalvia.org\/de\/wp-json\/wp\/v2\/pages\/13249\/revisions"}],"predecessor-version":[{"id":29023,"href":"https:\/\/visitcalvia.org\/de\/wp-json\/wp\/v2\/pages\/13249\/revisions\/29023"}],"wp:featuredmedia":[{"embeddable":true,"href":"https:\/\/visitcalvia.org\/de\/wp-json\/wp\/v2\/media\/5462"}],"wp:attachment":[{"href":"https:\/\/visitcalvia.org\/de\/wp-json\/wp\/v2\/media?parent=13249"}],"curies":[{"name":"wp","href":"https:\/\/api.w.org\/{rel}","templated":true}]}}