{"id":13261,"date":"2020-05-04T12:36:53","date_gmt":"2020-05-04T10:36:53","guid":{"rendered":"https:\/\/visitcalvia.org\/playa-palmanova\/"},"modified":"2026-07-29T09:59:59","modified_gmt":"2026-07-29T07:59:59","slug":"strand-palmanova","status":"publish","type":"page","link":"https:\/\/visitcalvia.org\/de\/strand-palmanova\/","title":{"rendered":"Strand Palmanova"},"content":{"rendered":"<div class=\"wpb-content-wrapper\"><p>[vc_row content_placement=&#8220;middle&#8220; content_text_aligment=&#8220;center&#8220; css=&#8220;.vc_custom_1588929718050{padding-top: 81px !important;background-image: url(<a href=\"https:\/\/visitcalvia.org\/wp-content\/uploads\/2020\/05\/portada-PALMANOVA-2.jpg?id=6212\">https:\/\/visitcalvia.org\/wp-content\/uploads\/2020\/05\/portada-PALMANOVA-2.jpg?id=6212<\/a>) !important;background-position: center !important;background-repeat: no-repeat !important;background-size: cover !important;}&#8220; simple_background_color=&#8220;#ffffff&#8220;][vc_column]<div class=\"qodef-elements-holder   qodef-one-column  qodef-responsive-mode-768 \" ><div class=\"qodef-eh-item     \"  data-item-class=\"qodef-eh-custom-1622\" data-1024-1280=\"0 21%\" data-768-1024=\"0 12%\" data-680-768=\"0 0\" data-680=\"0 0\">\n\t<div class=\"qodef-eh-item-inner\">\n\t\t<div class=\"qodef-eh-item-content qodef-eh-custom-1622\" style=\"padding: 0 25%\">\n\t\t\t[vc_empty_space height=&#8220;200px&#8220;]\t\t<\/div>\n\t<\/div>\n\t<\/div><\/div>[\/vc_column][\/vc_row][vc_row full_width=&#8220;stretch_row&#8220; css=&#8220;.vc_custom_1781075454790{background-color: #0562A4 !important;}&#8220;][vc_column][vc_row_inner row_content_width=&#8220;grid&#8220;][vc_column_inner width=&#8220;1\/2&#8243;]<div class=\"qodef-section-title-holder  qodef-st-standard qodef-st-title-left qodef-st-normal-space  \" style=\"text-align: right\">\n\t<div class=\"qodef-st-inner\">\n\t\t\t\t\t<h3 class=\"qodef-st-title\" style=\"color: #FFFFFF\">\n\t\t\t\t<span class=\"qodef-st-title-bold\">Strand-Datenblatt<\/span> <span class=\"qodef-st-title-bold\">Playa<\/span> <span class=\"qodef-st-title-bold\">de<\/span> <span class=\"qodef-st-title-bold\">Palmanova<\/span><br \/>\t\t\t<\/h3>\n\t\t\t\t\t<\/div>\n<\/div>[vc_empty_space height=&#8220;10px&#8220;][\/vc_column_inner][vc_column_inner width=&#8220;1\/2&#8243;][vc_empty_space height=&#8220;7px&#8220;]<a itemprop=\"url\" href=\"https:\/\/drive.google.com\/file\/d\/1-kfa9v8dcakLDNAiyjn30DuEdkhVOLak\/view?usp=sharing\" target=\"_blank\" style=\"text-transform: capitalize\" class=\"qodef-btn qodef-btn-small qodef-btn-solid qodef-btn-icon\"  >\n    <span class=\"qodef-btn-text\">Weitere Informationen<\/span>\n    <i class=\"qodef-icon-font-awesome fa fa-chevron-right \" ><\/i><\/a>[vc_empty_space height=&#8220;7px&#8220;][\/vc_column_inner][\/vc_row_inner][vc_empty_space height=&#8220;20px&#8220;][\/vc_column][\/vc_row][vc_row row_content_width=&#8220;grid&#8220;][vc_column][vc_empty_space height=&#8220;30px&#8220;]<div class=\"qodef-section-title-holder  qodef-st-standard qodef-st-title-left qodef-st-normal-space qodef-st-disable-title-break qodef-st-with-border\" style=\"text-align: left\">\n\t<div class=\"qodef-st-inner\">\n\t\t\t\t\t<h2 class=\"qodef-st-title\" >\n\t\t\t\tStrand <span class=\"qodef-st-title-bold\">Palmanova<\/span>\t\t\t<\/h2>\n\t\t\t\t\t<\/div>\n<\/div>[vc_empty_space height=&#8220;20px&#8220;]<div class=\"qodef-accordion-holder qodef-ac-default change-background qodef-toggle qodef-ac-boxed  clearfix\">\n\t<p class=\"qodef-accordion-title\">\n    <span class=\"qodef-accordion-mark\">\n\t\t<span class=\"qodef_icon_plus ion-chevron-down\"><\/span>\n\t\t<span class=\"qodef_icon_minus ion-chevron-up\"><\/span>\n\t<\/span>\n\t<span class=\"qodef-tab-title\">Mehr erfahren...<\/span>\n<\/p>\n<div class=\"qodef-accordion-content\">\n\t<div class=\"qodef-accordion-content-inner\">\n\t\t[vc_column_text]Der Strand von Palmanova ist einer der am besten ausgestatteten Str\u00e4nde auf Mallorca. Die breite Sandfl\u00e4che, der Kiefernwald, das transparente Wasser, das hervorragende Angebot an angeschlossenen und sekund\u00e4ren Dienstleistungen oder die Lage im neuralgischen Zentrum des Ortsteils <a href=\"https:\/\/visitcalvia.org\/de\/palmanova\/\"><strong>Palmanova<\/strong> <\/a>sind einige der wichtigsten Vorteile.<\/p>\n<p>Zusammen mit den Str\u00e4nden von <a href=\"https:\/\/visitcalvia.org\/de\/strand-es-carregador\/\"><strong>Es Carregador<\/strong><\/a> und <a href=\"https:\/\/visitcalvia.org\/de\/strand-son-maties\/\"><strong>Son Maties<\/strong><\/a> bildet er eine Gruppe von drei Str\u00e4nden, die durch eine attraktive und lebhafte Promenade verbunden sind. In der N\u00e4he befindet sich au\u00dferdem die Bucht <a href=\"https:\/\/visitcalvia.org\/de\/hundestrand-punta-marroig\/\"><strong>Cala Punta Marroig<\/strong><\/a>, die zum Baden mit Hunden geeignet ist.<\/p>\n<p>Der Ortsteil Palmanova liegt nur 15 Minuten von Palma entfernt. Dieser h\u00fcbsche Ortskern verf\u00fcgt \u00fcber alle angeschlossenen Dienstleistungen, die ein optimales Erlebnis gew\u00e4hrleisten: Gastronomie, Unterk\u00fcnfte, Beachclubs, Gesch\u00e4fte usw. Die Anfahrt nach Palmanova ist ganz einfach: Sie fahren \u00fcber die Autobahn Llevant in Richtung Andratx und nehmen die Ausfahrt Palmanova.<\/p>\n<p>Liebhaber von Strandsportarten (Beachvolleyball, Beachtennis) haben Playa Palmanova zu ihrem Lieblingsort auserkoren. W\u00e4hrend des ganzen Jahres kann man hier trainieren, Pachangas und internationale Beachvolleyball-Turniere erleben. Eines der bedeutendsten Turniere, das in der Regel im Mai stattfindet, ist der \u201e<a href=\"https:\/\/bvaw.org\/\"><strong>Beachvolley Around the World<\/strong><\/a>\u201c.<\/p>\n<p>Eine halbe Seemeile entfernt befindet sich der n\u00e4chstgelegene Hafen, der <a href=\"https:\/\/www.cnpalmanova.com\/\"><strong>Club Nautico von Palmanova<\/strong><\/a>.[\/vc_column_text]\t<\/div>\n<\/div><\/div>[\/vc_column][\/vc_row][vc_row row_content_width=&#8220;grid&#8220;][vc_column][vc_empty_space height=&#8220;30px&#8220;]<div class=\"qodef-section-title-holder  qodef-st-standard qodef-st-title-left qodef-st-normal-space qodef-st-disable-title-break qodef-st-with-border\" style=\"text-align: left\">\n\t<div class=\"qodef-st-inner\">\n\t\t\t\t\t<h2 class=\"qodef-st-title\" >\n\t\t\t\tStranddaten in Echtzeit \u2013 Calvi\u00e0 DTI\t\t\t<\/h2>\n\t\t\t\t\t\t\t<h5 class=\"qodef-st-text\" >\n\t\t\t\tDas DTI-Projekt erm\u00f6glicht es, Daten von verschiedenen Sensoren in Echtzeit zu erfassen, um unseren Einwohnern und Besuchern Informationen zur Verf\u00fcgung zu stellen.\t\t\t<\/h5>\n\t\t\t<\/div>\n<\/div>[\/vc_column][\/vc_row][vc_row row_content_width=&#8220;grid&#8220;][vc_column][vc_empty_space height=&#8220;40px&#8220;][\/vc_column][\/vc_row][vc_row row_content_width=&#8220;grid&#8220;][vc_column width=&#8220;1\/2&#8243;][vc_btn title=&#8220;Strand- und Wetterinformationen&#8220; shape=&#8220;square&#8220; color=&#8220;primary&#8220; size=&#8220;lg&#8220; align=&#8220;center&#8220; i_icon_fontawesome=&#8220;fa fa-solid fa-cloud-sun&#8220; css=&#8220;&#8220; button_block=&#8220;true&#8220; add_icon=&#8220;true&#8220; link=&#8220;url:%23&#8243;][vc_column_text css=&#8220;&#8220;]<\/p>\n<div style=\"flex-direction: row; display: flex;\"><iframe style=\"width: 1550px; height: 1104px;\" src=\"https:\/\/exploradatos.illesbalears.travel\/public\/Playa-arena?user=user_public&amp;service=dti_calvia&amp;theme=light&amp;scope=Playa de na Nadala\"><\/iframe><\/div>\n<p>[\/vc_column_text][\/vc_column][vc_column width=&#8220;1\/2&#8243;][vc_btn title=&#8220;Informationen zur Wasserqualit\u00e4t&#8220; shape=&#8220;square&#8220; color=&#8220;primary&#8220; size=&#8220;lg&#8220; align=&#8220;center&#8220; i_icon_fontawesome=&#8220;fa fa-solid fa-water&#8220; css=&#8220;&#8220; button_block=&#8220;true&#8220; add_icon=&#8220;true&#8220; link=&#8220;url:%23&#8243;][vc_column_text css=&#8220;&#8220;]<\/p>\n<div style=\"flex-direction: row; display: flex;\"><iframe style=\"width: 1550px; height: 904px;\" src=\"https:\/\/exploradatos.illesbalears.travel\/public\/Playa-agua?user=user_public&amp;service=dti_calvia&amp;theme=light&amp;scope=Playa de na Nadala\"><\/iframe><\/div>\n<p>[\/vc_column_text][\/vc_column][\/vc_row][vc_row row_content_width=&#8220;grid&#8220; css=&#8220;.vc_custom_1780052029792{padding-top: 20px !important;padding-bottom: 10px !important;}&#8220;][vc_column][vc_single_image image=&#8220;33423&#8243; img_size=&#8220;full&#8220; css=&#8220;&#8220;][\/vc_column][\/vc_row][vc_row row_content_width=&#8220;grid&#8220; css=&#8220;.vc_custom_1587458275105{margin-top: 35px !important;padding-bottom: 30px !important;}&#8220;][vc_column][vc_empty_space height=&#8220;10px&#8220;][\/vc_column][\/vc_row][vc_row row_content_width=&#8220;grid&#8220; css=&#8220;.vc_custom_1587460367699{padding-top: 20px !important;padding-bottom: 10px !important;}&#8220;][vc_column]<div class=\"qodef-section-title-holder  qodef-st-standard qodef-st-title-left qodef-st-normal-space qodef-st-disable-title-break qodef-st-with-border\" style=\"text-align: left\">\n\t<div class=\"qodef-st-inner\">\n\t\t\t\t\t<h2 class=\"qodef-st-title\" >\n\t\t\t\tDienstleistungen\t\t\t<\/h2>\n\t\t\t\t\t\t\t<h5 class=\"qodef-st-text\" >\n\t\t\t\tDer Strand ist mit folgenden Dienstleistungen ausgestattet:\t\t\t<\/h5>\n\t\t\t<\/div>\n<\/div>[\/vc_column][\/vc_row][vc_row row_content_width=&#8220;grid&#8220; css=&#8220;.vc_custom_1585726577981{padding-top: 20px !important;padding-bottom: 30px !important;}&#8220;][vc_column width=&#8220;1\/3&#8243;][vc_row_inner][vc_column_inner width=&#8220;2\/3&#8243;][vc_column_text]<\/p>\n<h5><strong>Unterk\u00fcnfte<\/strong><strong><img data-recalc-dims=\"1\" loading=\"lazy\" decoding=\"async\" class=\"alignleft wp-image-4425\" src=\"https:\/\/i0.wp.com\/visitcalvia.org\/wp-content\/uploads\/2020\/04\/alojamientos.png?resize=37%2C38&#038;ssl=1\" alt=\"alojamientos\" width=\"37\" height=\"38\" \/><\/strong><\/h5>\n<p>[\/vc_column_text][\/vc_column_inner][vc_column_inner width=&#8220;1\/3&#8243;][vc_icon icon_fontawesome=&#8220;fa fa-check&#8220; color=&#8220;green&#8220;][\/vc_column_inner][\/vc_row_inner][vc_row_inner css=&#8220;.vc_custom_1587459893981{padding-top: -40px !important;}&#8220;][vc_column_inner width=&#8220;2\/3&#8243;][vc_column_text]<\/p>\n<h5><strong>Rettungsschwimmer<\/strong><strong><img data-recalc-dims=\"1\" loading=\"lazy\" decoding=\"async\" class=\"alignleft wp-image-4415\" src=\"https:\/\/i0.wp.com\/visitcalvia.org\/wp-content\/uploads\/2020\/04\/Socorrista.png?resize=37%2C37&#038;ssl=1\" alt=\"\" width=\"37\" height=\"37\" srcset=\"https:\/\/i0.wp.com\/visitcalvia.org\/wp-content\/uploads\/2020\/04\/Socorrista.png?w=138&amp;ssl=1 138w, https:\/\/i0.wp.com\/visitcalvia.org\/wp-content\/uploads\/2020\/04\/Socorrista.png?resize=100%2C100&amp;ssl=1 100w, https:\/\/i0.wp.com\/visitcalvia.org\/wp-content\/uploads\/2020\/04\/Socorrista.png?resize=64%2C64&amp;ssl=1 64w\" sizes=\"auto, (max-width: 37px) 100vw, 37px\" \/><\/strong><\/h5>\n<p>[\/vc_column_text][\/vc_column_inner][vc_column_inner width=&#8220;1\/3&#8243;][vc_icon icon_fontawesome=&#8220;fa fa-check&#8220; color=&#8220;green&#8220;][\/vc_column_inner][\/vc_row_inner][vc_row_inner css=&#8220;.vc_custom_1587459893981{padding-top: -40px !important;}&#8220;][vc_column_inner width=&#8220;2\/3&#8243;][vc_column_text]<\/p>\n<h5><strong>Barrierefreiheit<\/strong><strong><img data-recalc-dims=\"1\" loading=\"lazy\" decoding=\"async\" class=\"alignleft wp-image-4424\" src=\"https:\/\/i0.wp.com\/visitcalvia.org\/wp-content\/uploads\/2020\/04\/Accesibilidad-minusva%CC%81lidos.png?resize=37%2C37&#038;ssl=1\" alt=\"Accesibilidad minusva\u0301lidos\" width=\"37\" height=\"37\" srcset=\"https:\/\/i0.wp.com\/visitcalvia.org\/wp-content\/uploads\/2020\/04\/Accesibilidad-minusva%CC%81lidos.png?w=134&amp;ssl=1 134w, https:\/\/i0.wp.com\/visitcalvia.org\/wp-content\/uploads\/2020\/04\/Accesibilidad-minusva%CC%81lidos.png?resize=100%2C100&amp;ssl=1 100w, https:\/\/i0.wp.com\/visitcalvia.org\/wp-content\/uploads\/2020\/04\/Accesibilidad-minusva%CC%81lidos.png?resize=64%2C64&amp;ssl=1 64w\" sizes=\"auto, (max-width: 37px) 100vw, 37px\" \/><\/strong><\/h5>\n<p>[\/vc_column_text][\/vc_column_inner][vc_column_inner width=&#8220;1\/3&#8243;][vc_icon icon_fontawesome=&#8220;fa fa-check&#8220; color=&#8220;green&#8220;][\/vc_column_inner][\/vc_row_inner][vc_row_inner css=&#8220;.vc_custom_1587459893981{padding-top: -40px !important;}&#8220;][vc_column_inner width=&#8220;2\/3&#8243;][vc_column_text]<\/p>\n<h5><strong>384 Sonnenschirme <\/strong><strong><img data-recalc-dims=\"1\" loading=\"lazy\" decoding=\"async\" class=\"alignleft wp-image-4450\" src=\"https:\/\/i0.wp.com\/visitcalvia.org\/wp-content\/uploads\/2020\/04\/Sombrilla.png?resize=37%2C37&#038;ssl=1\" alt=\"Sombrilla\" width=\"37\" height=\"37\" srcset=\"https:\/\/i0.wp.com\/visitcalvia.org\/wp-content\/uploads\/2020\/04\/Sombrilla.png?w=137&amp;ssl=1 137w, https:\/\/i0.wp.com\/visitcalvia.org\/wp-content\/uploads\/2020\/04\/Sombrilla.png?resize=100%2C100&amp;ssl=1 100w, https:\/\/i0.wp.com\/visitcalvia.org\/wp-content\/uploads\/2020\/04\/Sombrilla.png?resize=64%2C64&amp;ssl=1 64w\" sizes=\"auto, (max-width: 37px) 100vw, 37px\" \/><\/strong><\/h5>\n<p>[\/vc_column_text][\/vc_column_inner][vc_column_inner width=&#8220;1\/3&#8243;][vc_icon icon_fontawesome=&#8220;fa fa-check&#8220; color=&#8220;green&#8220;][\/vc_column_inner][\/vc_row_inner][vc_row_inner css=&#8220;.vc_custom_1587459893981{padding-top: -40px !important;}&#8220;][vc_column_inner width=&#8220;2\/3&#8243;][vc_column_text]<\/p>\n<h5><strong>61 Abfalleimer<\/strong><strong><img data-recalc-dims=\"1\" loading=\"lazy\" decoding=\"async\" class=\"alignleft wp-image-4453\" src=\"https:\/\/i0.wp.com\/visitcalvia.org\/wp-content\/uploads\/2020\/04\/papelera.jpg?resize=37%2C37&#038;ssl=1\" alt=\"Papelera \" width=\"37\" height=\"37\" srcset=\"https:\/\/i0.wp.com\/visitcalvia.org\/wp-content\/uploads\/2020\/04\/papelera.jpg?w=137&amp;ssl=1 137w, https:\/\/i0.wp.com\/visitcalvia.org\/wp-content\/uploads\/2020\/04\/papelera.jpg?resize=100%2C100&amp;ssl=1 100w, https:\/\/i0.wp.com\/visitcalvia.org\/wp-content\/uploads\/2020\/04\/papelera.jpg?resize=64%2C64&amp;ssl=1 64w\" sizes=\"auto, (max-width: 37px) 100vw, 37px\" \/><\/strong><\/h5>\n<p>[\/vc_column_text][\/vc_column_inner][vc_column_inner width=&#8220;1\/3&#8243;][vc_icon icon_fontawesome=&#8220;fa fa-check&#8220; color=&#8220;green&#8220;][\/vc_column_inner][\/vc_row_inner][\/vc_column][vc_column width=&#8220;1\/3&#8243;][vc_row_inner css=&#8220;.vc_custom_1587459893981{padding-top: -40px !important;}&#8220;][vc_column_inner width=&#8220;2\/3&#8243;][vc_column_text]<\/p>\n<h5><strong>WC<\/strong><strong><img data-recalc-dims=\"1\" loading=\"lazy\" decoding=\"async\" class=\"alignleft wp-image-4439\" src=\"https:\/\/i0.wp.com\/visitcalvia.org\/wp-content\/uploads\/2020\/04\/WC.png?resize=37%2C37&#038;ssl=1\" alt=\"WC\" width=\"37\" height=\"37\" srcset=\"https:\/\/i0.wp.com\/visitcalvia.org\/wp-content\/uploads\/2020\/04\/WC.png?w=136&amp;ssl=1 136w, https:\/\/i0.wp.com\/visitcalvia.org\/wp-content\/uploads\/2020\/04\/WC.png?resize=100%2C100&amp;ssl=1 100w, https:\/\/i0.wp.com\/visitcalvia.org\/wp-content\/uploads\/2020\/04\/WC.png?resize=64%2C64&amp;ssl=1 64w\" sizes=\"auto, (max-width: 37px) 100vw, 37px\" \/><\/strong><\/h5>\n<p>[\/vc_column_text][\/vc_column_inner][vc_column_inner width=&#8220;1\/3&#8243;][vc_icon icon_fontawesome=&#8220;fa fa-check&#8220; color=&#8220;green&#8220;][\/vc_column_inner][\/vc_row_inner][vc_row_inner css=&#8220;.vc_custom_1587459893981{padding-top: -40px !important;}&#8220;][vc_column_inner width=&#8220;2\/3&#8243;][vc_column_text]<\/p>\n<h5><strong>Parkpl\u00e4tze<\/strong><strong><img data-recalc-dims=\"1\" loading=\"lazy\" decoding=\"async\" class=\"alignleft wp-image-4441\" src=\"https:\/\/i0.wp.com\/visitcalvia.org\/wp-content\/uploads\/2020\/04\/parking.png?resize=37%2C38&#038;ssl=1\" alt=\"parking\" width=\"37\" height=\"38\" srcset=\"https:\/\/i0.wp.com\/visitcalvia.org\/wp-content\/uploads\/2020\/04\/parking.png?w=134&amp;ssl=1 134w, https:\/\/i0.wp.com\/visitcalvia.org\/wp-content\/uploads\/2020\/04\/parking.png?resize=100%2C100&amp;ssl=1 100w, https:\/\/i0.wp.com\/visitcalvia.org\/wp-content\/uploads\/2020\/04\/parking.png?resize=64%2C65&amp;ssl=1 64w\" sizes=\"auto, (max-width: 37px) 100vw, 37px\" \/><\/strong><\/h5>\n<p>[\/vc_column_text][\/vc_column_inner][vc_column_inner width=&#8220;1\/3&#8243;][vc_icon icon_fontawesome=&#8220;fa fa-check&#8220; color=&#8220;green&#8220;][\/vc_column_inner][\/vc_row_inner][vc_row_inner css=&#8220;.vc_custom_1587459893981{padding-top: -40px !important;}&#8220;][vc_column_inner width=&#8220;2\/3&#8243;][vc_column_text]<\/p>\n<h5><strong>Bustransport<\/strong><strong><img data-recalc-dims=\"1\" loading=\"lazy\" decoding=\"async\" class=\"alignleft wp-image-4440\" src=\"https:\/\/i0.wp.com\/visitcalvia.org\/wp-content\/uploads\/2020\/04\/bus.png?resize=37%2C38&#038;ssl=1\" alt=\"bus\" width=\"37\" height=\"38\" srcset=\"https:\/\/i0.wp.com\/visitcalvia.org\/wp-content\/uploads\/2020\/04\/bus.png?w=134&amp;ssl=1 134w, https:\/\/i0.wp.com\/visitcalvia.org\/wp-content\/uploads\/2020\/04\/bus.png?resize=100%2C100&amp;ssl=1 100w, https:\/\/i0.wp.com\/visitcalvia.org\/wp-content\/uploads\/2020\/04\/bus.png?resize=64%2C65&amp;ssl=1 64w\" sizes=\"auto, (max-width: 37px) 100vw, 37px\" \/><\/strong><\/h5>\n<p>[\/vc_column_text][\/vc_column_inner][vc_column_inner width=&#8220;1\/3&#8243;][vc_icon icon_fontawesome=&#8220;fa fa-check&#8220; color=&#8220;green&#8220;][\/vc_column_inner][\/vc_row_inner][vc_row_inner css=&#8220;.vc_custom_1587459893981{padding-top: -40px !important;}&#8220;][vc_column_inner width=&#8220;2\/3&#8243;][vc_column_text]<\/p>\n<h5><strong>Bereich f\u00fcr Kinder<\/strong><strong><img data-recalc-dims=\"1\" loading=\"lazy\" decoding=\"async\" class=\"alignleft wp-image-4433\" src=\"https:\/\/i0.wp.com\/visitcalvia.org\/wp-content\/uploads\/2020\/04\/Parque-infantiles.png?resize=37%2C38&#038;ssl=1\" alt=\"Parque infantiles\" width=\"37\" height=\"38\" srcset=\"https:\/\/i0.wp.com\/visitcalvia.org\/wp-content\/uploads\/2020\/04\/Parque-infantiles.png?w=120&amp;ssl=1 120w, https:\/\/i0.wp.com\/visitcalvia.org\/wp-content\/uploads\/2020\/04\/Parque-infantiles.png?resize=100%2C100&amp;ssl=1 100w, https:\/\/i0.wp.com\/visitcalvia.org\/wp-content\/uploads\/2020\/04\/Parque-infantiles.png?resize=64%2C65&amp;ssl=1 64w\" sizes=\"auto, (max-width: 37px) 100vw, 37px\" \/><\/strong><\/h5>\n<p>[\/vc_column_text][\/vc_column_inner][vc_column_inner width=&#8220;1\/3&#8243;][vc_icon icon_fontawesome=&#8220;fa fa-check&#8220; color=&#8220;green&#8220;][\/vc_column_inner][\/vc_row_inner][vc_row_inner css=&#8220;.vc_custom_1587459893981{padding-top: -40px !important;}&#8220;][vc_column_inner width=&#8220;2\/3&#8243;][vc_column_text]<\/p>\n<h5><strong>775 Sonnenliegen<\/strong><strong><img data-recalc-dims=\"1\" loading=\"lazy\" decoding=\"async\" class=\"alignleft wp-image-4449\" src=\"https:\/\/i0.wp.com\/visitcalvia.org\/wp-content\/uploads\/2020\/04\/Hamaca.jpg?resize=37%2C38&#038;ssl=1\" alt=\"Hamaca\" width=\"37\" height=\"38\" srcset=\"https:\/\/i0.wp.com\/visitcalvia.org\/wp-content\/uploads\/2020\/04\/Hamaca.jpg?w=134&amp;ssl=1 134w, https:\/\/i0.wp.com\/visitcalvia.org\/wp-content\/uploads\/2020\/04\/Hamaca.jpg?resize=100%2C100&amp;ssl=1 100w, https:\/\/i0.wp.com\/visitcalvia.org\/wp-content\/uploads\/2020\/04\/Hamaca.jpg?resize=64%2C65&amp;ssl=1 64w\" sizes=\"auto, (max-width: 37px) 100vw, 37px\" \/><\/strong><\/h5>\n<p>[\/vc_column_text][\/vc_column_inner][vc_column_inner width=&#8220;1\/3&#8243;][vc_icon icon_fontawesome=&#8220;fa fa-check&#8220; color=&#8220;green&#8220;][\/vc_column_inner][\/vc_row_inner][\/vc_column][vc_column width=&#8220;1\/3&#8243;][vc_row_inner css=&#8220;.vc_custom_1587459893981{padding-top: -40px !important;}&#8220;][vc_column_inner width=&#8220;2\/3&#8243;][vc_column_text]<\/p>\n<h5><strong>Restaurants<\/strong><strong><img data-recalc-dims=\"1\" loading=\"lazy\" decoding=\"async\" class=\"alignleft wp-image-4436\" src=\"https:\/\/i0.wp.com\/visitcalvia.org\/wp-content\/uploads\/2020\/04\/restaurantes.png?resize=37%2C38&#038;ssl=1\" alt=\"restaurantes\" width=\"37\" height=\"38\" srcset=\"https:\/\/i0.wp.com\/visitcalvia.org\/wp-content\/uploads\/2020\/04\/restaurantes.png?w=134&amp;ssl=1 134w, https:\/\/i0.wp.com\/visitcalvia.org\/wp-content\/uploads\/2020\/04\/restaurantes.png?resize=100%2C100&amp;ssl=1 100w, https:\/\/i0.wp.com\/visitcalvia.org\/wp-content\/uploads\/2020\/04\/restaurantes.png?resize=64%2C65&amp;ssl=1 64w\" sizes=\"auto, (max-width: 37px) 100vw, 37px\" \/><\/strong><\/h5>\n<p>[\/vc_column_text][\/vc_column_inner][vc_column_inner width=&#8220;1\/3&#8243;][vc_icon icon_fontawesome=&#8220;fa fa-check&#8220; color=&#8220;green&#8220;][\/vc_column_inner][\/vc_row_inner][vc_row_inner css=&#8220;.vc_custom_1587459893981{padding-top: -40px !important;}&#8220;][vc_column_inner width=&#8220;2\/3&#8243;][vc_column_text]<\/p>\n<h5><strong>Stege<\/strong><strong><img data-recalc-dims=\"1\" loading=\"lazy\" decoding=\"async\" class=\"alignleft wp-image-4434\" src=\"https:\/\/i0.wp.com\/visitcalvia.org\/wp-content\/uploads\/2020\/04\/Pasarelas.jpg?resize=37%2C38&#038;ssl=1\" alt=\"Pasarelas\" width=\"37\" height=\"38\" srcset=\"https:\/\/i0.wp.com\/visitcalvia.org\/wp-content\/uploads\/2020\/04\/Pasarelas.jpg?w=134&amp;ssl=1 134w, https:\/\/i0.wp.com\/visitcalvia.org\/wp-content\/uploads\/2020\/04\/Pasarelas.jpg?resize=100%2C100&amp;ssl=1 100w, https:\/\/i0.wp.com\/visitcalvia.org\/wp-content\/uploads\/2020\/04\/Pasarelas.jpg?resize=64%2C65&amp;ssl=1 64w\" sizes=\"auto, (max-width: 37px) 100vw, 37px\" \/><\/strong><\/h5>\n<p>[\/vc_column_text][\/vc_column_inner][vc_column_inner width=&#8220;1\/3&#8243;][vc_icon icon_fontawesome=&#8220;fa fa-check&#8220; color=&#8220;green&#8220;][\/vc_column_inner][\/vc_row_inner][vc_row_inner css=&#8220;.vc_custom_1587459893981{padding-top: -40px !important;}&#8220;][vc_column_inner width=&#8220;2\/3&#8243;][vc_column_text]<\/p>\n<h5><strong>3 Duschen<\/strong><strong><img data-recalc-dims=\"1\" loading=\"lazy\" decoding=\"async\" class=\"alignleft wp-image-4427\" src=\"https:\/\/i0.wp.com\/visitcalvia.org\/wp-content\/uploads\/2020\/04\/Duchas.png?resize=37%2C38&#038;ssl=1\" alt=\"Duchas\" width=\"37\" height=\"38\" srcset=\"https:\/\/i0.wp.com\/visitcalvia.org\/wp-content\/uploads\/2020\/04\/Duchas.png?w=136&amp;ssl=1 136w, https:\/\/i0.wp.com\/visitcalvia.org\/wp-content\/uploads\/2020\/04\/Duchas.png?resize=100%2C100&amp;ssl=1 100w, https:\/\/i0.wp.com\/visitcalvia.org\/wp-content\/uploads\/2020\/04\/Duchas.png?resize=64%2C66&amp;ssl=1 64w\" sizes=\"auto, (max-width: 37px) 100vw, 37px\" \/><\/strong><\/h5>\n<p>[\/vc_column_text][\/vc_column_inner][vc_column_inner width=&#8220;1\/3&#8243;][vc_icon icon_fontawesome=&#8220;fa fa-check&#8220; color=&#8220;green&#8220;][\/vc_column_inner][\/vc_row_inner][vc_row_inner css=&#8220;.vc_custom_1587459893981{padding-top: -40px !important;}&#8220;][vc_column_inner width=&#8220;2\/3&#8243;][vc_column_text]<\/p>\n<h5><strong>24 Tretboote<\/strong><strong><img data-recalc-dims=\"1\" loading=\"lazy\" decoding=\"async\" class=\"alignleft wp-image-4437\" src=\"https:\/\/i0.wp.com\/visitcalvia.org\/wp-content\/uploads\/2020\/04\/Velomar.png?resize=37%2C38&#038;ssl=1\" alt=\"Velomar\" width=\"37\" height=\"38\" srcset=\"https:\/\/i0.wp.com\/visitcalvia.org\/wp-content\/uploads\/2020\/04\/Velomar.png?w=134&amp;ssl=1 134w, https:\/\/i0.wp.com\/visitcalvia.org\/wp-content\/uploads\/2020\/04\/Velomar.png?resize=100%2C100&amp;ssl=1 100w, https:\/\/i0.wp.com\/visitcalvia.org\/wp-content\/uploads\/2020\/04\/Velomar.png?resize=64%2C65&amp;ssl=1 64w\" sizes=\"auto, (max-width: 37px) 100vw, 37px\" \/><\/strong><\/h5>\n<p>[\/vc_column_text][\/vc_column_inner][vc_column_inner width=&#8220;1\/3&#8243;][vc_icon icon_fontawesome=&#8220;fa fa-check&#8220; color=&#8220;green&#8220;][\/vc_column_inner][\/vc_row_inner][vc_row_inner css=&#8220;.vc_custom_1587459893981{padding-top: -40px !important;}&#8220;][vc_column_inner width=&#8220;2\/3&#8243;][vc_column_text]<\/p>\n<h5><strong>Rotes Kreuz<\/strong><strong><img data-recalc-dims=\"1\" loading=\"lazy\" decoding=\"async\" class=\"alignleft wp-image-4435\" src=\"https:\/\/i0.wp.com\/visitcalvia.org\/wp-content\/uploads\/2020\/04\/Punto-de-socorro.png?resize=37%2C38&#038;ssl=1\" alt=\"Punto de socorro\" width=\"37\" height=\"38\" srcset=\"https:\/\/i0.wp.com\/visitcalvia.org\/wp-content\/uploads\/2020\/04\/Punto-de-socorro.png?w=137&amp;ssl=1 137w, https:\/\/i0.wp.com\/visitcalvia.org\/wp-content\/uploads\/2020\/04\/Punto-de-socorro.png?resize=100%2C100&amp;ssl=1 100w, https:\/\/i0.wp.com\/visitcalvia.org\/wp-content\/uploads\/2020\/04\/Punto-de-socorro.png?resize=64%2C66&amp;ssl=1 64w\" sizes=\"auto, (max-width: 37px) 100vw, 37px\" \/><\/strong><\/h5>\n<p>[\/vc_column_text][\/vc_column_inner][vc_column_inner width=&#8220;1\/3&#8243;][vc_icon icon_fontawesome=&#8220;fa fa-check&#8220; color=&#8220;green&#8220;][\/vc_column_inner][\/vc_row_inner][\/vc_column][\/vc_row][vc_row row_content_width=&#8220;grid&#8220; css=&#8220;.vc_custom_1587127080469{padding-top: 40px !important;padding-bottom: 20px !important;}&#8220;][vc_column][vc_empty_space]<div class=\"qodef-section-title-holder  qodef-st-standard qodef-st-title-left qodef-st-normal-space  \" >\n\t<div class=\"qodef-st-inner\">\n\t\t\t\t\t<h2 class=\"qodef-st-title\" >\n\t\t\t\tStr\u00e4nde in der Umgebung\t\t\t<\/h2>\n\t\t\t\t\t\t\t<h5 class=\"qodef-st-text\" >\n\t\t\t\tCala Vinyes - Sol de Mallorca - Magaluf - Palmanova - Son Caliu - Portals Vells\t\t\t<\/h5>\n\t\t\t<\/div>\n<\/div>[\/vc_column][\/vc_row][vc_row][vc_column][vc_row_inner gap=&#8220;5&#8243; css=&#8220;.vc_custom_1587126898864{margin-left: 10px !important;}&#8220;][vc_column_inner width=&#8220;1\/5&#8243;]<div class=\"qodef-banner-holder  qodef-simple qodef-banner-info-default\">\n    <div class=\"qodef-banner-image\">\n        <img loading=\"lazy\" decoding=\"async\" width=\"600\" height=\"600\" src=\"https:\/\/i0.wp.com\/visitcalvia.org\/wp-content\/uploads\/2020\/04\/CALA-VINYES.jpg?fit=600%2C600&amp;ssl=1\" class=\"attachment-full size-full\" alt=\"Playa de CALA VINYES , Calvi\u00e0: playas espectaculares en Mallorca\" srcset=\"https:\/\/i0.wp.com\/visitcalvia.org\/wp-content\/uploads\/2020\/04\/CALA-VINYES.jpg?w=600&amp;ssl=1 600w, https:\/\/i0.wp.com\/visitcalvia.org\/wp-content\/uploads\/2020\/04\/CALA-VINYES.jpg?resize=300%2C300&amp;ssl=1 300w, https:\/\/i0.wp.com\/visitcalvia.org\/wp-content\/uploads\/2020\/04\/CALA-VINYES.jpg?resize=150%2C150&amp;ssl=1 150w, https:\/\/i0.wp.com\/visitcalvia.org\/wp-content\/uploads\/2020\/04\/CALA-VINYES.jpg?resize=400%2C400&amp;ssl=1 400w, https:\/\/i0.wp.com\/visitcalvia.org\/wp-content\/uploads\/2020\/04\/CALA-VINYES.jpg?resize=200%2C200&amp;ssl=1 200w, https:\/\/i0.wp.com\/visitcalvia.org\/wp-content\/uploads\/2020\/04\/CALA-VINYES.jpg?resize=550%2C550&amp;ssl=1 550w, https:\/\/i0.wp.com\/visitcalvia.org\/wp-content\/uploads\/2020\/04\/CALA-VINYES.jpg?resize=100%2C100&amp;ssl=1 100w, https:\/\/i0.wp.com\/visitcalvia.org\/wp-content\/uploads\/2020\/04\/CALA-VINYES.jpg?resize=64%2C64&amp;ssl=1 64w\" sizes=\"auto, (max-width: 600px) 100vw, 600px\" data-attachment-id=\"4161\" data-permalink=\"https:\/\/visitcalvia.org\/de\/playas\/cala-vinyes-2\/\" data-orig-file=\"https:\/\/i0.wp.com\/visitcalvia.org\/wp-content\/uploads\/2020\/04\/CALA-VINYES.jpg?fit=600%2C600&amp;ssl=1\" data-orig-size=\"600,600\" data-comments-opened=\"1\" data-image-meta=\"{&quot;aperture&quot;:&quot;0&quot;,&quot;credit&quot;:&quot;&quot;,&quot;camera&quot;:&quot;&quot;,&quot;caption&quot;:&quot;&quot;,&quot;created_timestamp&quot;:&quot;0&quot;,&quot;copyright&quot;:&quot;&quot;,&quot;focal_length&quot;:&quot;0&quot;,&quot;iso&quot;:&quot;0&quot;,&quot;shutter_speed&quot;:&quot;0&quot;,&quot;title&quot;:&quot;&quot;,&quot;orientation&quot;:&quot;0&quot;}\" data-image-title=\"CALA VINYES\" data-image-description=\"\" data-image-caption=\"\" data-large-file=\"https:\/\/i0.wp.com\/visitcalvia.org\/wp-content\/uploads\/2020\/04\/CALA-VINYES.jpg?fit=600%2C600&amp;ssl=1\" \/>    <\/div>\n    <div class=\"qodef-banner-text-holder\" >\n\t    <div class=\"qodef-banner-text-outer\">\n\t\t    <div class=\"qodef-banner-text-inner\">\n\t\t        \t\t        \t\t\t<\/div>\n\t\t<\/div>\n\t<\/div>\n\t        <a itemprop=\"url\" class=\"qodef-banner-link\" href=\"https:\/\/visitcalvia.org\/playa-cala-vinyes\/\" target=\"_self\"><\/a>\n    <\/div>[\/vc_column_inner][vc_column_inner width=&#8220;1\/5&#8243;]<div class=\"qodef-banner-holder  qodef-simple qodef-banner-info-default\">\n    <div class=\"qodef-banner-image\">\n        <img loading=\"lazy\" decoding=\"async\" width=\"600\" height=\"600\" src=\"https:\/\/i0.wp.com\/visitcalvia.org\/wp-content\/uploads\/2020\/04\/CALA-FALCO%CC%81.jpg?fit=600%2C600&amp;ssl=1\" class=\"attachment-full size-full\" alt=\"Cala Falc\u00f3, cerca de Magaluf, una de las playas m\u00e1s espectaculares de Mallorca\" data-attachment-id=\"4160\" data-permalink=\"https:\/\/visitcalvia.org\/de\/playas\/cala-falco\/\" data-orig-file=\"https:\/\/i0.wp.com\/visitcalvia.org\/wp-content\/uploads\/2020\/04\/CALA-FALCO%CC%81.jpg?fit=600%2C600&amp;ssl=1\" data-orig-size=\"600,600\" data-comments-opened=\"1\" data-image-meta=\"{&quot;aperture&quot;:&quot;0&quot;,&quot;credit&quot;:&quot;&quot;,&quot;camera&quot;:&quot;&quot;,&quot;caption&quot;:&quot;&quot;,&quot;created_timestamp&quot;:&quot;0&quot;,&quot;copyright&quot;:&quot;&quot;,&quot;focal_length&quot;:&quot;0&quot;,&quot;iso&quot;:&quot;0&quot;,&quot;shutter_speed&quot;:&quot;0&quot;,&quot;title&quot;:&quot;&quot;,&quot;orientation&quot;:&quot;0&quot;}\" data-image-title=\"CALA FALCO\u0301\" data-image-description=\"\" data-image-caption=\"\" data-large-file=\"https:\/\/i0.wp.com\/visitcalvia.org\/wp-content\/uploads\/2020\/04\/CALA-FALCO%CC%81.jpg?fit=600%2C600&amp;ssl=1\" \/>    <\/div>\n    <div class=\"qodef-banner-text-holder\" >\n\t    <div class=\"qodef-banner-text-outer\">\n\t\t    <div class=\"qodef-banner-text-inner\">\n\t\t        \t\t        \t\t\t<\/div>\n\t\t<\/div>\n\t<\/div>\n\t        <a itemprop=\"url\" class=\"qodef-banner-link\" href=\"https:\/\/visitcalvia.org\/playa-cala-falco\/\" target=\"_self\"><\/a>\n    <\/div>[\/vc_column_inner][vc_column_inner width=&#8220;1\/5&#8243;]<div class=\"qodef-banner-holder  qodef-simple qodef-banner-info-default\">\n    <div class=\"qodef-banner-image\">\n        <img loading=\"lazy\" decoding=\"async\" width=\"600\" height=\"600\" src=\"https:\/\/i0.wp.com\/visitcalvia.org\/wp-content\/uploads\/2020\/04\/Magaluf.jpg?fit=600%2C600&amp;ssl=1\" class=\"attachment-full size-full\" alt=\"Magaluf\" srcset=\"https:\/\/i0.wp.com\/visitcalvia.org\/wp-content\/uploads\/2020\/04\/Magaluf.jpg?w=600&amp;ssl=1 600w, https:\/\/i0.wp.com\/visitcalvia.org\/wp-content\/uploads\/2020\/04\/Magaluf.jpg?resize=300%2C300&amp;ssl=1 300w, https:\/\/i0.wp.com\/visitcalvia.org\/wp-content\/uploads\/2020\/04\/Magaluf.jpg?resize=150%2C150&amp;ssl=1 150w, https:\/\/i0.wp.com\/visitcalvia.org\/wp-content\/uploads\/2020\/04\/Magaluf.jpg?resize=400%2C400&amp;ssl=1 400w, https:\/\/i0.wp.com\/visitcalvia.org\/wp-content\/uploads\/2020\/04\/Magaluf.jpg?resize=200%2C200&amp;ssl=1 200w, https:\/\/i0.wp.com\/visitcalvia.org\/wp-content\/uploads\/2020\/04\/Magaluf.jpg?resize=550%2C550&amp;ssl=1 550w, https:\/\/i0.wp.com\/visitcalvia.org\/wp-content\/uploads\/2020\/04\/Magaluf.jpg?resize=100%2C100&amp;ssl=1 100w, https:\/\/i0.wp.com\/visitcalvia.org\/wp-content\/uploads\/2020\/04\/Magaluf.jpg?resize=64%2C64&amp;ssl=1 64w\" sizes=\"auto, (max-width: 600px) 100vw, 600px\" data-attachment-id=\"4172\" data-permalink=\"https:\/\/visitcalvia.org\/de\/playas\/magaluf-2\/\" data-orig-file=\"https:\/\/i0.wp.com\/visitcalvia.org\/wp-content\/uploads\/2020\/04\/Magaluf.jpg?fit=600%2C600&amp;ssl=1\" data-orig-size=\"600,600\" data-comments-opened=\"1\" data-image-meta=\"{&quot;aperture&quot;:&quot;0&quot;,&quot;credit&quot;:&quot;&quot;,&quot;camera&quot;:&quot;&quot;,&quot;caption&quot;:&quot;&quot;,&quot;created_timestamp&quot;:&quot;0&quot;,&quot;copyright&quot;:&quot;&quot;,&quot;focal_length&quot;:&quot;0&quot;,&quot;iso&quot;:&quot;0&quot;,&quot;shutter_speed&quot;:&quot;0&quot;,&quot;title&quot;:&quot;&quot;,&quot;orientation&quot;:&quot;0&quot;}\" data-image-title=\"Magaluf\" data-image-description=\"\" data-image-caption=\"\" data-large-file=\"https:\/\/i0.wp.com\/visitcalvia.org\/wp-content\/uploads\/2020\/04\/Magaluf.jpg?fit=600%2C600&amp;ssl=1\" \/>    <\/div>\n    <div class=\"qodef-banner-text-holder\" >\n\t    <div class=\"qodef-banner-text-outer\">\n\t\t    <div class=\"qodef-banner-text-inner\">\n\t\t        \t\t        \t\t\t<\/div>\n\t\t<\/div>\n\t<\/div>\n\t        <a itemprop=\"url\" class=\"qodef-banner-link\" href=\"https:\/\/visitcalvia.org\/playa-magaluf\/\" target=\"_blank\"><\/a>\n    <\/div>[\/vc_column_inner][vc_column_inner width=&#8220;1\/5&#8243;]<div class=\"qodef-banner-holder  qodef-simple qodef-banner-info-default\">\n    <div class=\"qodef-banner-image\">\n        <img loading=\"lazy\" decoding=\"async\" width=\"600\" height=\"600\" src=\"https:\/\/i0.wp.com\/visitcalvia.org\/wp-content\/uploads\/2020\/04\/ES-CARREGADOR.jpg?fit=600%2C600&amp;ssl=1\" class=\"attachment-full size-full\" alt=\"ES CARREGADOR\" srcset=\"https:\/\/i0.wp.com\/visitcalvia.org\/wp-content\/uploads\/2020\/04\/ES-CARREGADOR.jpg?w=600&amp;ssl=1 600w, https:\/\/i0.wp.com\/visitcalvia.org\/wp-content\/uploads\/2020\/04\/ES-CARREGADOR.jpg?resize=300%2C300&amp;ssl=1 300w, https:\/\/i0.wp.com\/visitcalvia.org\/wp-content\/uploads\/2020\/04\/ES-CARREGADOR.jpg?resize=150%2C150&amp;ssl=1 150w, https:\/\/i0.wp.com\/visitcalvia.org\/wp-content\/uploads\/2020\/04\/ES-CARREGADOR.jpg?resize=400%2C400&amp;ssl=1 400w, https:\/\/i0.wp.com\/visitcalvia.org\/wp-content\/uploads\/2020\/04\/ES-CARREGADOR.jpg?resize=200%2C200&amp;ssl=1 200w, https:\/\/i0.wp.com\/visitcalvia.org\/wp-content\/uploads\/2020\/04\/ES-CARREGADOR.jpg?resize=550%2C550&amp;ssl=1 550w, https:\/\/i0.wp.com\/visitcalvia.org\/wp-content\/uploads\/2020\/04\/ES-CARREGADOR.jpg?resize=100%2C100&amp;ssl=1 100w, https:\/\/i0.wp.com\/visitcalvia.org\/wp-content\/uploads\/2020\/04\/ES-CARREGADOR.jpg?resize=64%2C64&amp;ssl=1 64w\" sizes=\"auto, (max-width: 600px) 100vw, 600px\" data-attachment-id=\"4188\" data-permalink=\"https:\/\/visitcalvia.org\/de\/playas\/es-carregador\/\" data-orig-file=\"https:\/\/i0.wp.com\/visitcalvia.org\/wp-content\/uploads\/2020\/04\/ES-CARREGADOR.jpg?fit=600%2C600&amp;ssl=1\" data-orig-size=\"600,600\" data-comments-opened=\"1\" data-image-meta=\"{&quot;aperture&quot;:&quot;0&quot;,&quot;credit&quot;:&quot;&quot;,&quot;camera&quot;:&quot;&quot;,&quot;caption&quot;:&quot;&quot;,&quot;created_timestamp&quot;:&quot;0&quot;,&quot;copyright&quot;:&quot;&quot;,&quot;focal_length&quot;:&quot;0&quot;,&quot;iso&quot;:&quot;0&quot;,&quot;shutter_speed&quot;:&quot;0&quot;,&quot;title&quot;:&quot;&quot;,&quot;orientation&quot;:&quot;0&quot;}\" data-image-title=\"ES CARREGADOR\" data-image-description=\"\" data-image-caption=\"\" data-large-file=\"https:\/\/i0.wp.com\/visitcalvia.org\/wp-content\/uploads\/2020\/04\/ES-CARREGADOR.jpg?fit=600%2C600&amp;ssl=1\" \/>    <\/div>\n    <div class=\"qodef-banner-text-holder\" >\n\t    <div class=\"qodef-banner-text-outer\">\n\t\t    <div class=\"qodef-banner-text-inner\">\n\t\t        \t\t        \t\t\t<\/div>\n\t\t<\/div>\n\t<\/div>\n\t        <a itemprop=\"url\" class=\"qodef-banner-link\" href=\"https:\/\/visitcalvia.org\/playa-es-carregador\/\" target=\"_blank\"><\/a>\n    <\/div>[\/vc_column_inner][vc_column_inner width=&#8220;1\/5&#8243;]<div class=\"qodef-banner-holder  qodef-simple qodef-banner-info-default\">\n    <div class=\"qodef-banner-image\">\n        <img loading=\"lazy\" decoding=\"async\" width=\"600\" height=\"600\" src=\"https:\/\/i0.wp.com\/visitcalvia.org\/wp-content\/uploads\/2020\/04\/Son-mati%CC%81es.jpg?fit=600%2C600&amp;ssl=1\" class=\"attachment-full size-full\" alt=\"Son mati\u0301es\" data-attachment-id=\"4190\" data-permalink=\"https:\/\/visitcalvia.org\/de\/playas\/son-maties\/\" data-orig-file=\"https:\/\/i0.wp.com\/visitcalvia.org\/wp-content\/uploads\/2020\/04\/Son-mati%CC%81es.jpg?fit=600%2C600&amp;ssl=1\" data-orig-size=\"600,600\" data-comments-opened=\"1\" data-image-meta=\"{&quot;aperture&quot;:&quot;0&quot;,&quot;credit&quot;:&quot;&quot;,&quot;camera&quot;:&quot;&quot;,&quot;caption&quot;:&quot;&quot;,&quot;created_timestamp&quot;:&quot;0&quot;,&quot;copyright&quot;:&quot;&quot;,&quot;focal_length&quot;:&quot;0&quot;,&quot;iso&quot;:&quot;0&quot;,&quot;shutter_speed&quot;:&quot;0&quot;,&quot;title&quot;:&quot;&quot;,&quot;orientation&quot;:&quot;0&quot;}\" data-image-title=\"Son mati\u0301es\" data-image-description=\"\" data-image-caption=\"\" data-large-file=\"https:\/\/i0.wp.com\/visitcalvia.org\/wp-content\/uploads\/2020\/04\/Son-mati%CC%81es.jpg?fit=600%2C600&amp;ssl=1\" \/>    <\/div>\n    <div class=\"qodef-banner-text-holder\" >\n\t    <div class=\"qodef-banner-text-outer\">\n\t\t    <div class=\"qodef-banner-text-inner\">\n\t\t        \t\t        \t\t\t<\/div>\n\t\t<\/div>\n\t<\/div>\n\t        <a itemprop=\"url\" class=\"qodef-banner-link\" href=\"https:\/\/visitcalvia.org\/playa-son-maties\/\" target=\"_blank\"><\/a>\n    <\/div>[\/vc_column_inner][\/vc_row_inner][vc_empty_space height=&#8220;25px&#8220;][vc_row_inner gap=&#8220;5&#8243; css=&#8220;.vc_custom_1587126913960{margin-left: 10px !important;}&#8220;][vc_column_inner width=&#8220;1\/5&#8243;]<div class=\"qodef-banner-holder  qodef-simple qodef-banner-info-default\">\n    <div class=\"qodef-banner-image\">\n        <img loading=\"lazy\" decoding=\"async\" width=\"600\" height=\"600\" src=\"https:\/\/i0.wp.com\/visitcalvia.org\/wp-content\/uploads\/2020\/06\/Playa-del-mago.jpg?fit=600%2C600&amp;ssl=1\" class=\"attachment-full size-full\" alt=\"Playa de aguas turquesas en Portals Vells. Calvi\u00e0: playas espectaculares en Mallorca\" srcset=\"https:\/\/i0.wp.com\/visitcalvia.org\/wp-content\/uploads\/2020\/06\/Playa-del-mago.jpg?w=600&amp;ssl=1 600w, https:\/\/i0.wp.com\/visitcalvia.org\/wp-content\/uploads\/2020\/06\/Playa-del-mago.jpg?resize=300%2C300&amp;ssl=1 300w, https:\/\/i0.wp.com\/visitcalvia.org\/wp-content\/uploads\/2020\/06\/Playa-del-mago.jpg?resize=150%2C150&amp;ssl=1 150w, https:\/\/i0.wp.com\/visitcalvia.org\/wp-content\/uploads\/2020\/06\/Playa-del-mago.jpg?resize=400%2C400&amp;ssl=1 400w, https:\/\/i0.wp.com\/visitcalvia.org\/wp-content\/uploads\/2020\/06\/Playa-del-mago.jpg?resize=200%2C200&amp;ssl=1 200w, https:\/\/i0.wp.com\/visitcalvia.org\/wp-content\/uploads\/2020\/06\/Playa-del-mago.jpg?resize=550%2C550&amp;ssl=1 550w, https:\/\/i0.wp.com\/visitcalvia.org\/wp-content\/uploads\/2020\/06\/Playa-del-mago.jpg?resize=50%2C50&amp;ssl=1 50w, https:\/\/i0.wp.com\/visitcalvia.org\/wp-content\/uploads\/2020\/06\/Playa-del-mago.jpg?resize=500%2C500&amp;ssl=1 500w, https:\/\/i0.wp.com\/visitcalvia.org\/wp-content\/uploads\/2020\/06\/Playa-del-mago.jpg?resize=100%2C100&amp;ssl=1 100w, https:\/\/i0.wp.com\/visitcalvia.org\/wp-content\/uploads\/2020\/06\/Playa-del-mago.jpg?resize=64%2C64&amp;ssl=1 64w\" sizes=\"auto, (max-width: 600px) 100vw, 600px\" data-attachment-id=\"9880\" data-permalink=\"https:\/\/visitcalvia.org\/de\/playas\/playa-del-mago\/\" data-orig-file=\"https:\/\/i0.wp.com\/visitcalvia.org\/wp-content\/uploads\/2020\/06\/Playa-del-mago.jpg?fit=600%2C600&amp;ssl=1\" data-orig-size=\"600,600\" data-comments-opened=\"1\" data-image-meta=\"{&quot;aperture&quot;:&quot;0&quot;,&quot;credit&quot;:&quot;&quot;,&quot;camera&quot;:&quot;&quot;,&quot;caption&quot;:&quot;&quot;,&quot;created_timestamp&quot;:&quot;0&quot;,&quot;copyright&quot;:&quot;&quot;,&quot;focal_length&quot;:&quot;0&quot;,&quot;iso&quot;:&quot;0&quot;,&quot;shutter_speed&quot;:&quot;0&quot;,&quot;title&quot;:&quot;&quot;,&quot;orientation&quot;:&quot;0&quot;}\" data-image-title=\"Playa del mago\" data-image-description=\"\" data-image-caption=\"\" data-large-file=\"https:\/\/i0.wp.com\/visitcalvia.org\/wp-content\/uploads\/2020\/06\/Playa-del-mago.jpg?fit=600%2C600&amp;ssl=1\" \/>    <\/div>\n    <div class=\"qodef-banner-text-holder\" >\n\t    <div class=\"qodef-banner-text-outer\">\n\t\t    <div class=\"qodef-banner-text-inner\">\n\t\t        \t\t        \t\t\t<\/div>\n\t\t<\/div>\n\t<\/div>\n\t        <a itemprop=\"url\" class=\"qodef-banner-link\" href=\"https:\/\/visitcalvia.org\/playa-del-mago\/\" target=\"_self\"><\/a>\n    <\/div>[\/vc_column_inner][vc_column_inner width=&#8220;1\/5&#8243;]<div class=\"qodef-banner-holder  qodef-simple qodef-banner-info-default\">\n    <div class=\"qodef-banner-image\">\n        <img loading=\"lazy\" decoding=\"async\" width=\"600\" height=\"600\" src=\"https:\/\/i0.wp.com\/visitcalvia.org\/wp-content\/uploads\/2020\/06\/playa-del-rey.jpg?fit=600%2C600&amp;ssl=1\" class=\"attachment-full size-full\" alt=\"Playa de Portals Vells en Calvi\u00e0: playas espectaculares en Mallorca\" srcset=\"https:\/\/i0.wp.com\/visitcalvia.org\/wp-content\/uploads\/2020\/06\/playa-del-rey.jpg?w=600&amp;ssl=1 600w, https:\/\/i0.wp.com\/visitcalvia.org\/wp-content\/uploads\/2020\/06\/playa-del-rey.jpg?resize=300%2C300&amp;ssl=1 300w, https:\/\/i0.wp.com\/visitcalvia.org\/wp-content\/uploads\/2020\/06\/playa-del-rey.jpg?resize=150%2C150&amp;ssl=1 150w, https:\/\/i0.wp.com\/visitcalvia.org\/wp-content\/uploads\/2020\/06\/playa-del-rey.jpg?resize=400%2C400&amp;ssl=1 400w, https:\/\/i0.wp.com\/visitcalvia.org\/wp-content\/uploads\/2020\/06\/playa-del-rey.jpg?resize=200%2C200&amp;ssl=1 200w, https:\/\/i0.wp.com\/visitcalvia.org\/wp-content\/uploads\/2020\/06\/playa-del-rey.jpg?resize=550%2C550&amp;ssl=1 550w, https:\/\/i0.wp.com\/visitcalvia.org\/wp-content\/uploads\/2020\/06\/playa-del-rey.jpg?resize=50%2C50&amp;ssl=1 50w, https:\/\/i0.wp.com\/visitcalvia.org\/wp-content\/uploads\/2020\/06\/playa-del-rey.jpg?resize=500%2C500&amp;ssl=1 500w, https:\/\/i0.wp.com\/visitcalvia.org\/wp-content\/uploads\/2020\/06\/playa-del-rey.jpg?resize=100%2C100&amp;ssl=1 100w, https:\/\/i0.wp.com\/visitcalvia.org\/wp-content\/uploads\/2020\/06\/playa-del-rey.jpg?resize=64%2C64&amp;ssl=1 64w\" sizes=\"auto, (max-width: 600px) 100vw, 600px\" data-attachment-id=\"9886\" data-permalink=\"https:\/\/visitcalvia.org\/de\/playas\/playa-del-rey\/\" data-orig-file=\"https:\/\/i0.wp.com\/visitcalvia.org\/wp-content\/uploads\/2020\/06\/playa-del-rey.jpg?fit=600%2C600&amp;ssl=1\" data-orig-size=\"600,600\" data-comments-opened=\"1\" data-image-meta=\"{&quot;aperture&quot;:&quot;0&quot;,&quot;credit&quot;:&quot;&quot;,&quot;camera&quot;:&quot;&quot;,&quot;caption&quot;:&quot;&quot;,&quot;created_timestamp&quot;:&quot;0&quot;,&quot;copyright&quot;:&quot;&quot;,&quot;focal_length&quot;:&quot;0&quot;,&quot;iso&quot;:&quot;0&quot;,&quot;shutter_speed&quot;:&quot;0&quot;,&quot;title&quot;:&quot;&quot;,&quot;orientation&quot;:&quot;0&quot;}\" data-image-title=\"playa del rey\" data-image-description=\"\" data-image-caption=\"\" data-large-file=\"https:\/\/i0.wp.com\/visitcalvia.org\/wp-content\/uploads\/2020\/06\/playa-del-rey.jpg?fit=600%2C600&amp;ssl=1\" \/>    <\/div>\n    <div class=\"qodef-banner-text-holder\" >\n\t    <div class=\"qodef-banner-text-outer\">\n\t\t    <div class=\"qodef-banner-text-inner\">\n\t\t        \t\t        \t\t\t<\/div>\n\t\t<\/div>\n\t<\/div>\n\t        <a itemprop=\"url\" class=\"qodef-banner-link\" href=\"https:\/\/visitcalvia.org\/playa-del-rey\/\" target=\"_self\"><\/a>\n    <\/div>[\/vc_column_inner][vc_column_inner width=&#8220;1\/5&#8243;]<div class=\"qodef-banner-holder  qodef-simple qodef-banner-info-default\">\n    <div class=\"qodef-banner-image\">\n        <img loading=\"lazy\" decoding=\"async\" width=\"600\" height=\"600\" src=\"https:\/\/i0.wp.com\/visitcalvia.org\/wp-content\/uploads\/2020\/04\/Son-Caliu.jpg?fit=600%2C600&amp;ssl=1\" class=\"attachment-full size-full\" alt=\"Son Caliu\" srcset=\"https:\/\/i0.wp.com\/visitcalvia.org\/wp-content\/uploads\/2020\/04\/Son-Caliu.jpg?w=600&amp;ssl=1 600w, https:\/\/i0.wp.com\/visitcalvia.org\/wp-content\/uploads\/2020\/04\/Son-Caliu.jpg?resize=300%2C300&amp;ssl=1 300w, https:\/\/i0.wp.com\/visitcalvia.org\/wp-content\/uploads\/2020\/04\/Son-Caliu.jpg?resize=150%2C150&amp;ssl=1 150w, https:\/\/i0.wp.com\/visitcalvia.org\/wp-content\/uploads\/2020\/04\/Son-Caliu.jpg?resize=400%2C400&amp;ssl=1 400w, https:\/\/i0.wp.com\/visitcalvia.org\/wp-content\/uploads\/2020\/04\/Son-Caliu.jpg?resize=200%2C200&amp;ssl=1 200w, https:\/\/i0.wp.com\/visitcalvia.org\/wp-content\/uploads\/2020\/04\/Son-Caliu.jpg?resize=550%2C550&amp;ssl=1 550w, https:\/\/i0.wp.com\/visitcalvia.org\/wp-content\/uploads\/2020\/04\/Son-Caliu.jpg?resize=100%2C100&amp;ssl=1 100w, https:\/\/i0.wp.com\/visitcalvia.org\/wp-content\/uploads\/2020\/04\/Son-Caliu.jpg?resize=64%2C64&amp;ssl=1 64w\" sizes=\"auto, (max-width: 600px) 100vw, 600px\" data-attachment-id=\"4191\" data-permalink=\"https:\/\/visitcalvia.org\/de\/playas\/son-caliu\/\" data-orig-file=\"https:\/\/i0.wp.com\/visitcalvia.org\/wp-content\/uploads\/2020\/04\/Son-Caliu.jpg?fit=600%2C600&amp;ssl=1\" data-orig-size=\"600,600\" data-comments-opened=\"1\" data-image-meta=\"{&quot;aperture&quot;:&quot;0&quot;,&quot;credit&quot;:&quot;&quot;,&quot;camera&quot;:&quot;&quot;,&quot;caption&quot;:&quot;&quot;,&quot;created_timestamp&quot;:&quot;0&quot;,&quot;copyright&quot;:&quot;&quot;,&quot;focal_length&quot;:&quot;0&quot;,&quot;iso&quot;:&quot;0&quot;,&quot;shutter_speed&quot;:&quot;0&quot;,&quot;title&quot;:&quot;&quot;,&quot;orientation&quot;:&quot;0&quot;}\" data-image-title=\"Son Caliu\" data-image-description=\"\" data-image-caption=\"\" data-large-file=\"https:\/\/i0.wp.com\/visitcalvia.org\/wp-content\/uploads\/2020\/04\/Son-Caliu.jpg?fit=600%2C600&amp;ssl=1\" \/>    <\/div>\n    <div class=\"qodef-banner-text-holder\" >\n\t    <div class=\"qodef-banner-text-outer\">\n\t\t    <div class=\"qodef-banner-text-inner\">\n\t\t        \t\t        \t\t\t<\/div>\n\t\t<\/div>\n\t<\/div>\n\t        <a itemprop=\"url\" class=\"qodef-banner-link\" href=\"https:\/\/visitcalvia.org\/playa-son-caliu\/\" target=\"_self\"><\/a>\n    <\/div>[\/vc_column_inner][vc_column_inner width=&#8220;1\/5&#8243;]<div class=\"qodef-banner-holder  qodef-simple qodef-banner-info-default\">\n    <div class=\"qodef-banner-image\">\n        <img loading=\"lazy\" decoding=\"async\" width=\"600\" height=\"600\" src=\"https:\/\/i0.wp.com\/visitcalvia.org\/wp-content\/uploads\/2020\/06\/Portals-vells-1.jpg?fit=600%2C600&amp;ssl=1\" class=\"attachment-full size-full\" alt=\"PORTALS VELLS I. Playa de arena y rocas en un entorno natural impresionante en Calvi\u00e0: playas espectaculares en Mallorca\" srcset=\"https:\/\/i0.wp.com\/visitcalvia.org\/wp-content\/uploads\/2020\/06\/Portals-vells-1.jpg?w=600&amp;ssl=1 600w, https:\/\/i0.wp.com\/visitcalvia.org\/wp-content\/uploads\/2020\/06\/Portals-vells-1.jpg?resize=300%2C300&amp;ssl=1 300w, https:\/\/i0.wp.com\/visitcalvia.org\/wp-content\/uploads\/2020\/06\/Portals-vells-1.jpg?resize=150%2C150&amp;ssl=1 150w, https:\/\/i0.wp.com\/visitcalvia.org\/wp-content\/uploads\/2020\/06\/Portals-vells-1.jpg?resize=400%2C400&amp;ssl=1 400w, https:\/\/i0.wp.com\/visitcalvia.org\/wp-content\/uploads\/2020\/06\/Portals-vells-1.jpg?resize=200%2C200&amp;ssl=1 200w, https:\/\/i0.wp.com\/visitcalvia.org\/wp-content\/uploads\/2020\/06\/Portals-vells-1.jpg?resize=550%2C550&amp;ssl=1 550w, https:\/\/i0.wp.com\/visitcalvia.org\/wp-content\/uploads\/2020\/06\/Portals-vells-1.jpg?resize=50%2C50&amp;ssl=1 50w, https:\/\/i0.wp.com\/visitcalvia.org\/wp-content\/uploads\/2020\/06\/Portals-vells-1.jpg?resize=500%2C500&amp;ssl=1 500w, https:\/\/i0.wp.com\/visitcalvia.org\/wp-content\/uploads\/2020\/06\/Portals-vells-1.jpg?resize=100%2C100&amp;ssl=1 100w, https:\/\/i0.wp.com\/visitcalvia.org\/wp-content\/uploads\/2020\/06\/Portals-vells-1.jpg?resize=64%2C64&amp;ssl=1 64w\" sizes=\"auto, (max-width: 600px) 100vw, 600px\" data-attachment-id=\"9890\" data-permalink=\"https:\/\/visitcalvia.org\/de\/playas\/portals-vells-1\/\" data-orig-file=\"https:\/\/i0.wp.com\/visitcalvia.org\/wp-content\/uploads\/2020\/06\/Portals-vells-1.jpg?fit=600%2C600&amp;ssl=1\" data-orig-size=\"600,600\" data-comments-opened=\"1\" data-image-meta=\"{&quot;aperture&quot;:&quot;0&quot;,&quot;credit&quot;:&quot;&quot;,&quot;camera&quot;:&quot;&quot;,&quot;caption&quot;:&quot;&quot;,&quot;created_timestamp&quot;:&quot;0&quot;,&quot;copyright&quot;:&quot;&quot;,&quot;focal_length&quot;:&quot;0&quot;,&quot;iso&quot;:&quot;0&quot;,&quot;shutter_speed&quot;:&quot;0&quot;,&quot;title&quot;:&quot;&quot;,&quot;orientation&quot;:&quot;0&quot;}\" data-image-title=\"Portals vells (1)\" data-image-description=\"\" data-image-caption=\"\" data-large-file=\"https:\/\/i0.wp.com\/visitcalvia.org\/wp-content\/uploads\/2020\/06\/Portals-vells-1.jpg?fit=600%2C600&amp;ssl=1\" \/>    <\/div>\n    <div class=\"qodef-banner-text-holder\" >\n\t    <div class=\"qodef-banner-text-outer\">\n\t\t    <div class=\"qodef-banner-text-inner\">\n\t\t        \t\t        \t\t\t<\/div>\n\t\t<\/div>\n\t<\/div>\n\t        <a itemprop=\"url\" class=\"qodef-banner-link\" href=\"https:\/\/visitcalvia.org\/playa-portals-vells-i\/\" target=\"_self\"><\/a>\n    <\/div>[\/vc_column_inner][vc_column_inner width=&#8220;1\/5&#8243;][\/vc_column_inner][\/vc_row_inner][\/vc_column][\/vc_row][vc_row][vc_column][vc_empty_space][\/vc_column][\/vc_row]<\/p>\n<\/div>","protected":false},"excerpt":{"rendered":"<p>[vc_row content_placement=&#8220;middle&#8220; content_text_aligment=&#8220;center&#8220; css=&#8220;.vc_custom_1588929718050{padding-top: 81px !important;background-image: url(<a href=\"https:\/\/visitcalvia.org\/wp-content\/uploads\/2020\/05\/portada-PALMANOVA-2.jpg?id=6212\">https:\/\/visitcalvia.org\/wp-content\/uploads\/2020\/05\/portada-PALMANOVA-2.jpg?id=6212<\/a>) !important;background-position: center !important;background-repeat: no-repeat !important;background-size: cover !important;}&#8220; simple_background_color=&#8220;#ffffff&#8220;][vc_column][\/vc_column][\/vc_row][vc_row full_width=&#8220;stretch_row&#8220; css=&#8220;.vc_custom_1781075454790{background-color: #0562A4 !important;}&#8220;][vc_column][vc_row_inner row_content_width=&#8220;grid&#8220;][vc_column_inner width=&#8220;1\/2&#8243;][vc_empty_space height=&#8220;10px&#8220;][\/vc_column_inner][vc_column_inner width=&#8220;1\/2&#8243;][vc_empty_space height=&#8220;7px&#8220;][vc_empty_space height=&#8220;7px&#8220;][\/vc_column_inner][\/vc_row_inner][vc_empty_space height=&#8220;20px&#8220;][\/vc_column][\/vc_row][vc_row row_content_width=&#8220;grid&#8220;][vc_column][vc_empty_space height=&#8220;30px&#8220;][vc_empty_space height=&#8220;20px&#8220;][\/vc_column][\/vc_row][vc_row row_content_width=&#8220;grid&#8220;][vc_column][vc_empty_space height=&#8220;30px&#8220;][\/vc_column][\/vc_row][vc_row row_content_width=&#8220;grid&#8220;][vc_column][vc_empty_space height=&#8220;40px&#8220;][\/vc_column][\/vc_row][vc_row row_content_width=&#8220;grid&#8220;][vc_column width=&#8220;1\/2&#8243;][vc_btn title=&#8220;Strand- und Wetterinformationen&#8220; shape=&#8220;square&#8220; color=&#8220;primary&#8220; size=&#8220;lg&#8220; align=&#8220;center&#8220; i_icon_fontawesome=&#8220;fa fa-solid fa-cloud-sun&#8220; css=&#8220;&#8220; button_block=&#8220;true&#8220; add_icon=&#8220;true&#8220; link=&#8220;url:%23&#8243;][vc_column_text css=&#8220;&#8220;] [\/vc_column_text][\/vc_column][vc_column width=&#8220;1\/2&#8243;][vc_btn title=&#8220;Informationen zur [&hellip;]<\/p>\n","protected":false},"author":182516946,"featured_media":5497,"parent":0,"menu_order":0,"comment_status":"closed","ping_status":"closed","template":"full-width.php","meta":{"_coblocks_attr":"","_coblocks_dimensions":"","_coblocks_responsive_height":"","_coblocks_accordion_ie_support":"","_wpcom_ai_launchpad_about_page":false,"_wpcom_ai_launchpad_gallery_page":false,"_wpcom_ai_launchpad_contact_page":false,"_wpcom_ai_launchpad_events_page":false,"_wpcom_ai_launchpad_video_page":false,"_wpcom_ai_launchpad_portfolio_piece":false,"footnotes":""},"class_list":["post-13261","page","type-page","status-publish","has-post-thumbnail","hentry"],"yoast_head":"<!-- This site is optimized with the Yoast SEO plugin v28.4 - https:\/\/yoast.com\/product\/yoast-seo-wordpress\/ -->\n<title>Palmanova - Mejores playas en Mallorca . Entorno, servicios y ubicaci\u00f3n<\/title>\n<meta name=\"description\" content=\"La playa de Palmanova est\u00e1 entre las Mejores playas en Mallorca . Entorno, amplitud, completa carta de servicios, comodidad y ubicaci\u00f3n ideal.\" \/>\n<meta name=\"robots\" content=\"index, follow, max-snippet:-1, max-image-preview:large, max-video-preview:-1\" \/>\n<link rel=\"canonical\" href=\"https:\/\/visitcalvia.org\/de\/strand-palmanova\/\" \/>\n<meta property=\"og:locale\" content=\"de_DE\" \/>\n<meta property=\"og:type\" content=\"article\" \/>\n<meta property=\"og:title\" content=\"Palmanova - Mejores playas en Mallorca . Entorno, servicios y ubicaci\u00f3n\" \/>\n<meta property=\"og:description\" content=\"La playa de Palmanova est\u00e1 entre las Mejores playas en Mallorca . Entorno, amplitud, completa carta de servicios, comodidad y ubicaci\u00f3n ideal.\" \/>\n<meta property=\"og:url\" content=\"https:\/\/visitcalvia.org\/de\/strand-palmanova\/\" \/>\n<meta property=\"og:site_name\" content=\"visitcalvia\" \/>\n<meta property=\"article:modified_time\" content=\"2026-07-29T07:59:59+00:00\" \/>\n<meta property=\"og:image\" content=\"https:\/\/visitcalvia.org\/wp-content\/uploads\/2020\/04\/SON-MATIES-PALMANOVA01.png\" \/>\n\t<meta property=\"og:image:width\" content=\"861\" \/>\n\t<meta property=\"og:image:height\" content=\"571\" \/>\n\t<meta property=\"og:image:type\" content=\"image\/png\" \/>\n<meta name=\"twitter:card\" content=\"summary_large_image\" \/>\n<meta name=\"twitter:label1\" content=\"Gesch\u00e4tzte Lesezeit\" \/>\n\t<meta name=\"twitter:data1\" content=\"8\u00a0Minuten\" \/>\n<script type=\"application\/ld+json\" class=\"yoast-schema-graph\">{\"@context\":\"https:\\\/\\\/schema.org\",\"@graph\":[{\"@type\":\"WebPage\",\"@id\":\"https:\\\/\\\/visitcalvia.org\\\/de\\\/strand-palmanova\\\/\",\"url\":\"https:\\\/\\\/visitcalvia.org\\\/de\\\/strand-palmanova\\\/\",\"name\":\"Palmanova - Mejores playas en Mallorca . Entorno, servicios y ubicaci\u00f3n\",\"isPartOf\":{\"@id\":\"https:\\\/\\\/visitcalvia.org\\\/de\\\/#website\"},\"primaryImageOfPage\":{\"@id\":\"https:\\\/\\\/visitcalvia.org\\\/de\\\/strand-palmanova\\\/#primaryimage\"},\"image\":{\"@id\":\"https:\\\/\\\/visitcalvia.org\\\/de\\\/strand-palmanova\\\/#primaryimage\"},\"thumbnailUrl\":\"https:\\\/\\\/i0.wp.com\\\/visitcalvia.org\\\/wp-content\\\/uploads\\\/2020\\\/04\\\/SON-MATIES-PALMANOVA01.png?fit=861%2C571&ssl=1\",\"datePublished\":\"2020-05-04T10:36:53+00:00\",\"dateModified\":\"2026-07-29T07:59:59+00:00\",\"description\":\"La playa de Palmanova est\u00e1 entre las Mejores playas en Mallorca . Entorno, amplitud, completa carta de servicios, comodidad y ubicaci\u00f3n ideal.\",\"breadcrumb\":{\"@id\":\"https:\\\/\\\/visitcalvia.org\\\/de\\\/strand-palmanova\\\/#breadcrumb\"},\"inLanguage\":\"de\",\"potentialAction\":[{\"@type\":\"ReadAction\",\"target\":[\"https:\\\/\\\/visitcalvia.org\\\/de\\\/strand-palmanova\\\/\"]}]},{\"@type\":\"ImageObject\",\"inLanguage\":\"de\",\"@id\":\"https:\\\/\\\/visitcalvia.org\\\/de\\\/strand-palmanova\\\/#primaryimage\",\"url\":\"https:\\\/\\\/i0.wp.com\\\/visitcalvia.org\\\/wp-content\\\/uploads\\\/2020\\\/04\\\/SON-MATIES-PALMANOVA01.png?fit=861%2C571&ssl=1\",\"contentUrl\":\"https:\\\/\\\/i0.wp.com\\\/visitcalvia.org\\\/wp-content\\\/uploads\\\/2020\\\/04\\\/SON-MATIES-PALMANOVA01.png?fit=861%2C571&ssl=1\",\"width\":861,\"height\":571,\"caption\":\"Playa Son Maties, Palmanova\"},{\"@type\":\"BreadcrumbList\",\"@id\":\"https:\\\/\\\/visitcalvia.org\\\/de\\\/strand-palmanova\\\/#breadcrumb\",\"itemListElement\":[{\"@type\":\"ListItem\",\"position\":1,\"name\":\"Portada\",\"item\":\"https:\\\/\\\/visitcalvia.org\\\/de\\\/\"},{\"@type\":\"ListItem\",\"position\":2,\"name\":\"Strand Palmanova\"}]},{\"@type\":\"WebSite\",\"@id\":\"https:\\\/\\\/visitcalvia.org\\\/de\\\/#website\",\"url\":\"https:\\\/\\\/visitcalvia.org\\\/de\\\/\",\"name\":\"visitcalvia\",\"description\":\"Vacaciones en Mallorca \u2013 Calvi\u00e0 m\u00faltiples destinos en uno s\u00f3lo lugar. Palmanova, Santa Pon\u00e7a, Magaluf, Peguera, Portals Nous, Costa d\u2019en Blanes, Cala Vinyes\",\"potentialAction\":[{\"@type\":\"SearchAction\",\"target\":{\"@type\":\"EntryPoint\",\"urlTemplate\":\"https:\\\/\\\/visitcalvia.org\\\/de\\\/?s={search_term_string}\"},\"query-input\":{\"@type\":\"PropertyValueSpecification\",\"valueRequired\":true,\"valueName\":\"search_term_string\"}}],\"inLanguage\":\"de\"}]}<\/script>\n<!-- \/ Yoast SEO plugin. -->","yoast_head_json":{"title":"Palmanova - Mejores playas en Mallorca . Entorno, servicios y ubicaci\u00f3n","description":"La playa de Palmanova est\u00e1 entre las Mejores playas en Mallorca . Entorno, amplitud, completa carta de servicios, comodidad y ubicaci\u00f3n ideal.","robots":{"index":"index","follow":"follow","max-snippet":"max-snippet:-1","max-image-preview":"max-image-preview:large","max-video-preview":"max-video-preview:-1"},"canonical":"https:\/\/visitcalvia.org\/de\/strand-palmanova\/","og_locale":"de_DE","og_type":"article","og_title":"Palmanova - Mejores playas en Mallorca . Entorno, servicios y ubicaci\u00f3n","og_description":"La playa de Palmanova est\u00e1 entre las Mejores playas en Mallorca . Entorno, amplitud, completa carta de servicios, comodidad y ubicaci\u00f3n ideal.","og_url":"https:\/\/visitcalvia.org\/de\/strand-palmanova\/","og_site_name":"visitcalvia","article_modified_time":"2026-07-29T07:59:59+00:00","og_image":[{"width":861,"height":571,"url":"https:\/\/visitcalvia.org\/wp-content\/uploads\/2020\/04\/SON-MATIES-PALMANOVA01.png","type":"image\/png"}],"twitter_card":"summary_large_image","twitter_misc":{"Gesch\u00e4tzte Lesezeit":"8\u00a0Minuten"},"schema":{"@context":"https:\/\/schema.org","@graph":[{"@type":"WebPage","@id":"https:\/\/visitcalvia.org\/de\/strand-palmanova\/","url":"https:\/\/visitcalvia.org\/de\/strand-palmanova\/","name":"Palmanova - Mejores playas en Mallorca . Entorno, servicios y ubicaci\u00f3n","isPartOf":{"@id":"https:\/\/visitcalvia.org\/de\/#website"},"primaryImageOfPage":{"@id":"https:\/\/visitcalvia.org\/de\/strand-palmanova\/#primaryimage"},"image":{"@id":"https:\/\/visitcalvia.org\/de\/strand-palmanova\/#primaryimage"},"thumbnailUrl":"https:\/\/i0.wp.com\/visitcalvia.org\/wp-content\/uploads\/2020\/04\/SON-MATIES-PALMANOVA01.png?fit=861%2C571&ssl=1","datePublished":"2020-05-04T10:36:53+00:00","dateModified":"2026-07-29T07:59:59+00:00","description":"La playa de Palmanova est\u00e1 entre las Mejores playas en Mallorca . Entorno, amplitud, completa carta de servicios, comodidad y ubicaci\u00f3n ideal.","breadcrumb":{"@id":"https:\/\/visitcalvia.org\/de\/strand-palmanova\/#breadcrumb"},"inLanguage":"de","potentialAction":[{"@type":"ReadAction","target":["https:\/\/visitcalvia.org\/de\/strand-palmanova\/"]}]},{"@type":"ImageObject","inLanguage":"de","@id":"https:\/\/visitcalvia.org\/de\/strand-palmanova\/#primaryimage","url":"https:\/\/i0.wp.com\/visitcalvia.org\/wp-content\/uploads\/2020\/04\/SON-MATIES-PALMANOVA01.png?fit=861%2C571&ssl=1","contentUrl":"https:\/\/i0.wp.com\/visitcalvia.org\/wp-content\/uploads\/2020\/04\/SON-MATIES-PALMANOVA01.png?fit=861%2C571&ssl=1","width":861,"height":571,"caption":"Playa Son Maties, Palmanova"},{"@type":"BreadcrumbList","@id":"https:\/\/visitcalvia.org\/de\/strand-palmanova\/#breadcrumb","itemListElement":[{"@type":"ListItem","position":1,"name":"Portada","item":"https:\/\/visitcalvia.org\/de\/"},{"@type":"ListItem","position":2,"name":"Strand Palmanova"}]},{"@type":"WebSite","@id":"https:\/\/visitcalvia.org\/de\/#website","url":"https:\/\/visitcalvia.org\/de\/","name":"visitcalvia","description":"Vacaciones en Mallorca \u2013 Calvi\u00e0 m\u00faltiples destinos en uno s\u00f3lo lugar. Palmanova, Santa Pon\u00e7a, Magaluf, Peguera, Portals Nous, Costa d\u2019en Blanes, Cala Vinyes","potentialAction":[{"@type":"SearchAction","target":{"@type":"EntryPoint","urlTemplate":"https:\/\/visitcalvia.org\/de\/?s={search_term_string}"},"query-input":{"@type":"PropertyValueSpecification","valueRequired":true,"valueName":"search_term_string"}}],"inLanguage":"de"}]}},"jetpack_likes_enabled":false,"jetpack_sharing_enabled":false,"jetpack_shortlink":"https:\/\/wp.me\/PbP1bo-3rT","_links":{"self":[{"href":"https:\/\/visitcalvia.org\/de\/wp-json\/wp\/v2\/pages\/13261","targetHints":{"allow":["GET"]}}],"collection":[{"href":"https:\/\/visitcalvia.org\/de\/wp-json\/wp\/v2\/pages"}],"about":[{"href":"https:\/\/visitcalvia.org\/de\/wp-json\/wp\/v2\/types\/page"}],"author":[{"embeddable":true,"href":"https:\/\/visitcalvia.org\/de\/wp-json\/wp\/v2\/users\/182516946"}],"replies":[{"embeddable":true,"href":"https:\/\/visitcalvia.org\/de\/wp-json\/wp\/v2\/comments?post=13261"}],"version-history":[{"count":12,"href":"https:\/\/visitcalvia.org\/de\/wp-json\/wp\/v2\/pages\/13261\/revisions"}],"predecessor-version":[{"id":33524,"href":"https:\/\/visitcalvia.org\/de\/wp-json\/wp\/v2\/pages\/13261\/revisions\/33524"}],"wp:featuredmedia":[{"embeddable":true,"href":"https:\/\/visitcalvia.org\/de\/wp-json\/wp\/v2\/media\/5497"}],"wp:attachment":[{"href":"https:\/\/visitcalvia.org\/de\/wp-json\/wp\/v2\/media?parent=13261"}],"curies":[{"name":"wp","href":"https:\/\/api.w.org\/{rel}","templated":true}]}}