{"id":13263,"date":"2020-04-27T13:46:08","date_gmt":"2020-04-27T11:46:08","guid":{"rendered":"https:\/\/visitcalvia.org\/playa-palmira\/"},"modified":"2026-07-28T12:37:51","modified_gmt":"2026-07-28T10:37:51","slug":"strand-palmira","status":"publish","type":"page","link":"https:\/\/visitcalvia.org\/de\/strand-palmira\/","title":{"rendered":"Strand Palmira"},"content":{"rendered":"<div class=\"wpb-content-wrapper\"><p>[vc_row content_placement=&#8220;middle&#8220; content_text_aligment=&#8220;center&#8220; css=&#8220;.vc_custom_1588929906505{padding-top: 81px !important;background-image: url(<a href=\"https:\/\/visitcalvia.org\/wp-content\/uploads\/2020\/05\/Portada-PALMIRA-PEGUER.jpg?id=6221\">https:\/\/visitcalvia.org\/wp-content\/uploads\/2020\/05\/Portada-PALMIRA-PEGUER.jpg?id=6221<\/a>) !important;background-position: center !important;background-repeat: no-repeat !important;background-size: cover !important;}&#8220; simple_background_color=&#8220;#ffffff&#8220;][vc_column]<div class=\"qodef-elements-holder   qodef-one-column  qodef-responsive-mode-768 \" ><div class=\"qodef-eh-item     \"  data-item-class=\"qodef-eh-custom-1315\" data-1024-1280=\"0 21%\" data-768-1024=\"0 12%\" data-680-768=\"0 0\" data-680=\"0 0\">\n\t<div class=\"qodef-eh-item-inner\">\n\t\t<div class=\"qodef-eh-item-content qodef-eh-custom-1315\" style=\"padding: 0 25%\">\n\t\t\t[vc_empty_space height=&#8220;200px&#8220;]\t\t<\/div>\n\t<\/div>\n\t<\/div><\/div>[\/vc_column][\/vc_row][vc_row full_width=&#8220;stretch_row&#8220; css=&#8220;.vc_custom_1785234812255{background-color: #0562A4 !important;}&#8220;][vc_column][vc_row_inner row_content_width=&#8220;grid&#8220;][vc_column_inner width=&#8220;1\/2&#8243;]<div class=\"qodef-section-title-holder  qodef-st-standard qodef-st-title-left qodef-st-normal-space  \" style=\"text-align: right\">\n\t<div class=\"qodef-st-inner\">\n\t\t\t\t\t<h3 class=\"qodef-st-title\" style=\"color: #0a0a0a\">\n\t\t\t\t<span class=\"qodef-st-title-bold\">Strand-Datenblatt<\/span> <span class=\"qodef-st-title-bold\">-<\/span> <span class=\"qodef-st-title-bold\">Playa<\/span> <span class=\"qodef-st-title-bold\">de<\/span><br \/> <span class=\"qodef-st-title-bold\">Palmira<\/span>\t\t\t<\/h3>\n\t\t\t\t\t<\/div>\n<\/div>[vc_empty_space height=&#8220;10px&#8220;][\/vc_column_inner][vc_column_inner width=&#8220;1\/2&#8243;][vc_empty_space height=&#8220;7px&#8220;]<a itemprop=\"url\" href=\"https:\/\/drive.google.com\/file\/d\/1lVy-XTf_Js5fdXRBbkvRR6nIh-bqLoQt\/view?usp=sharing\" target=\"_blank\" style=\"text-transform: capitalize\" class=\"qodef-btn qodef-btn-small qodef-btn-solid qodef-btn-icon\"  >\n    <span class=\"qodef-btn-text\">Weitere Informationen<\/span>\n    <i class=\"qodef-icon-font-awesome fa fa-chevron-right \" ><\/i><\/a>[vc_empty_space height=&#8220;7px&#8220;][\/vc_column_inner][\/vc_row_inner][vc_empty_space height=&#8220;20px&#8220;][\/vc_column][\/vc_row][vc_row row_content_width=&#8220;grid&#8220;][vc_column][vc_empty_space height=&#8220;30px&#8220;]<div class=\"qodef-section-title-holder  qodef-st-standard qodef-st-title-left qodef-st-normal-space qodef-st-disable-title-break qodef-st-with-border\" style=\"text-align: left\">\n\t<div class=\"qodef-st-inner\">\n\t\t\t\t\t<h2 class=\"qodef-st-title\" >\n\t\t\t\t<span class=\"qodef-st-title-bold\">Palmira<\/span> Strand \t\t\t<\/h2>\n\t\t\t\t\t<\/div>\n<\/div>[vc_empty_space height=&#8220;20px&#8220;]<div class=\"qodef-accordion-holder qodef-ac-default change-background qodef-toggle qodef-ac-boxed  clearfix\">\n\t<p class=\"qodef-accordion-title\">\n    <span class=\"qodef-accordion-mark\">\n\t\t<span class=\"qodef_icon_plus ion-chevron-down\"><\/span>\n\t\t<span class=\"qodef_icon_minus ion-chevron-up\"><\/span>\n\t<\/span>\n\t<span class=\"qodef-tab-title\">Mehr erfahren...  <\/span>\n<\/p>\n<div class=\"qodef-accordion-content\">\n\t<div class=\"qodef-accordion-content-inner\">\n\t\t[vc_column_text]Der Playa Palmira (Peguera &#8211; Mallorca) ist einer der weitl\u00e4ufigsten Str\u00e4nde in der Gemeinde Calvi\u00e0. Von den drei Str\u00e4nden entlang der K\u00fcste von <a href=\"https:\/\/visitcalvia.org\/de\/peguera\/\"><strong>Peguera<\/strong> <\/a>(Palmira, <a href=\"https:\/\/visitcalvia.org\/de\/strand-tora\/\"><strong>Tor\u00e0<\/strong><\/a>, <a href=\"https:\/\/visitcalvia.org\/de\/strand-la-romana\/\"><strong>La Romana<\/strong><\/a>) ist der Playa de Palmira der gr\u00f6\u00dfte.<\/p>\n<p>Diese ausgedehnte Sandfl\u00e4che ist von einer mit Palmen ges\u00e4umten Strandpromenade begrenzt, die parallel zum Boulevard von Peguera, dem lebhaftesten Einkaufszentrum der Ortschaft, verl\u00e4uft.<\/p>\n<p>Der Strand von Palmira ist ideal f\u00fcr alle, die einen \u201eeinfachen\u201c und bequemen Strand suchen. Er verf\u00fcgt \u00fcber alle grundlegenden Dienstleistungen (Duschen, Rettungsschwimmer, Sonnenliegen, Sonnenschirme usw.) und bietet ausreichend Platz f\u00fcr alle Besucher. Nur wenige Schritte entfernt finden wir zahlreiche Restaurants, Gesch\u00e4fte usw.<\/p>\n<p>Dieser Strand ist mit dem internationalen Triathlon-Event <a href=\"https:\/\/challenge-mallorca.com\/?lang=de\"><strong>Challenge Peguera Mallorca<\/strong><\/a> verkn\u00fcpft, denn am benachbarten Strand Playa de Tor\u00e0 findet der Wettbewerb im Schwimmen statt, w\u00e4hrend an der Strandpromenade von Palmira ein gro\u00dfer Teil der Laufstrecke absolviert wird.<\/p>\n<p>Die Stra\u00dfenzufahrt ist einfach, wenn Sie der Stra\u00dfenbeschilderung folgen. Privatfahrzeuge k\u00f6nnen kostenlos in den angrenzenden Stra\u00dfen zum Strand geparkt werden. Die Avenida de Peguera f\u00fchrt zu diesem Strand. Es besteht auch die M\u00f6glichkeit, mit \u00f6ffentlichen Verkehrsmitteln zu fahren. Der Bus h\u00e4lt in der N\u00e4he des Strandes.<\/p>\n<p>Da der Strand v\u00f6llig den Winden aus S\u00fcdosten, S\u00fcden und S\u00fcdwesten ausgesetzt ist, wird den Bootsf\u00fchrern empfohlen, ihre Boote tags\u00fcber auf dem sandigen Meeresboden zu ankern, der eine Tiefe zwischen drei und f\u00fcnf Metern hat. Nur 2,1 Seemeilen weiter befindet sich der <a href=\"http:\/\/cnsp.es\/?lang=en\"><strong>Club N\u00e1utico Santa Pon\u00e7a<\/strong><\/a>.[\/vc_column_text]\t<\/div>\n<\/div><\/div>[\/vc_column][\/vc_row][vc_row row_content_width=&#8220;grid&#8220;][vc_column][vc_empty_space height=&#8220;30px&#8220;]<div class=\"qodef-section-title-holder  qodef-st-standard qodef-st-title-left qodef-st-normal-space qodef-st-disable-title-break qodef-st-with-border\" style=\"text-align: left\">\n\t<div class=\"qodef-st-inner\">\n\t\t\t\t\t<h2 class=\"qodef-st-title\" >\n\t\t\t\tStranddaten in Echtzeit \u2013 Calvi\u00e0 DTI \t\t\t<\/h2>\n\t\t\t\t\t\t\t<h5 class=\"qodef-st-text\" >\n\t\t\t\tDTI-Projekt erm\u00f6glicht es, Daten von verschiedenen Sensoren in Echtzeit zu erfassen, um unseren Einwohnern und Besuchern Informationen zur Verf\u00fcgung zu stellen.\t\t\t<\/h5>\n\t\t\t<\/div>\n<\/div>[\/vc_column][\/vc_row][vc_row row_content_width=&#8220;grid&#8220;][vc_column][vc_empty_space height=&#8220;40px&#8220;][\/vc_column][\/vc_row][vc_row row_content_width=&#8220;grid&#8220;][vc_column width=&#8220;1\/2&#8243;][vc_btn title=&#8220;Strand- und Wetterinformationen&#8220; shape=&#8220;square&#8220; color=&#8220;primary&#8220; size=&#8220;lg&#8220; align=&#8220;center&#8220; i_icon_fontawesome=&#8220;fa fa-solid fa-cloud-sun&#8220; css=&#8220;&#8220; button_block=&#8220;true&#8220; add_icon=&#8220;true&#8220; link=&#8220;url:%23&#8243;][vc_column_text css=&#8220;&#8220;]<\/p>\n<div style=\"flex-direction: row; display: flex;\"><iframe style=\"width: 1550px; height: 1104px;\" src=\"https:\/\/exploradatos.illesbalears.travel\/public\/Playa-arena?user=user_public&amp;service=dti_calvia&amp;theme=light&amp;scope=Playa de Palmira\"><\/iframe><\/div>\n<p>[\/vc_column_text][\/vc_column][vc_column width=&#8220;1\/2&#8243;][vc_btn title=&#8220;Informationen zur Wasserqualit\u00e4t&#8220; shape=&#8220;square&#8220; color=&#8220;primary&#8220; size=&#8220;lg&#8220; align=&#8220;center&#8220; i_icon_fontawesome=&#8220;fa fa-solid fa-water&#8220; css=&#8220;&#8220; button_block=&#8220;true&#8220; add_icon=&#8220;true&#8220; link=&#8220;url:%23&#8243;][vc_column_text css=&#8220;&#8220;]<\/p>\n<div style=\"flex-direction: row; display: flex;\"><iframe style=\"width: 1550px; height: 904px;\" src=\"https:\/\/exploradatos.illesbalears.travel\/public\/Playa-agua?user=user_public&amp;service=dti_calvia&amp;theme=light&amp;scope=Playa de Palmira\"><\/iframe><\/div>\n<p>[\/vc_column_text][\/vc_column][\/vc_row][vc_row row_content_width=&#8220;grid&#8220; css=&#8220;.vc_custom_1780052029792{padding-top: 20px !important;padding-bottom: 10px !important;}&#8220;][vc_column][vc_single_image image=&#8220;33423&#8243; img_size=&#8220;full&#8220; css=&#8220;&#8220;][\/vc_column][\/vc_row][vc_row row_content_width=&#8220;grid&#8220; css=&#8220;.vc_custom_1587458275105{margin-top: 35px !important;padding-bottom: 30px !important;}&#8220;][vc_column]<div class=\"qodef-section-title-holder  qodef-st-standard qodef-st-title-left qodef-st-normal-space qodef-st-disable-title-break qodef-st-with-border\" style=\"text-align: left\">\n\t<div class=\"qodef-st-inner\">\n\t\t\t\t\t<h2 class=\"qodef-st-title\" >\n\t\t\t\tStrand <span class=\"qodef-st-title-bold\">Palmira<\/span>\t\t\t<\/h2>\n\t\t\t\t\t<\/div>\n<\/div>[vc_empty_space height=&#8220;10px&#8220;][\/vc_column][\/vc_row][vc_row row_content_width=&#8220;grid&#8220; css=&#8220;.vc_custom_1587460367699{padding-top: 20px !important;padding-bottom: 10px !important;}&#8220;][vc_column]<div class=\"qodef-section-title-holder  qodef-st-standard qodef-st-title-left qodef-st-normal-space qodef-st-disable-title-break qodef-st-with-border\" style=\"text-align: left\">\n\t<div class=\"qodef-st-inner\">\n\t\t\t\t\t<h2 class=\"qodef-st-title\" >\n\t\t\t\tDienstleistungen\t\t\t<\/h2>\n\t\t\t\t\t\t\t<h5 class=\"qodef-st-text\" >\n\t\t\t\tDer Strand ist mit folgenden Dienstleistungen ausgestattet:\t\t\t<\/h5>\n\t\t\t<\/div>\n<\/div>[\/vc_column][\/vc_row][vc_row row_content_width=&#8220;grid&#8220; css=&#8220;.vc_custom_1585726577981{padding-top: 20px !important;padding-bottom: 30px !important;}&#8220;][vc_column width=&#8220;1\/3&#8243;][vc_row_inner][vc_column_inner width=&#8220;2\/3&#8243;][vc_column_text]<\/p>\n<h5><strong>Unterk\u00fcnfte<\/strong><strong><img data-recalc-dims=\"1\" loading=\"lazy\" decoding=\"async\" class=\"alignleft wp-image-4425\" src=\"https:\/\/i0.wp.com\/visitcalvia.org\/wp-content\/uploads\/2020\/04\/alojamientos.png?resize=37%2C38&#038;ssl=1\" alt=\"alojamientos\" width=\"37\" height=\"38\" \/><\/strong><\/h5>\n<p>[\/vc_column_text][\/vc_column_inner][vc_column_inner width=&#8220;1\/3&#8243;][vc_icon icon_fontawesome=&#8220;fa fa-check&#8220; color=&#8220;green&#8220;][\/vc_column_inner][\/vc_row_inner][vc_row_inner css=&#8220;.vc_custom_1587459893981{padding-top: -40px !important;}&#8220;][vc_column_inner width=&#8220;2\/3&#8243;][vc_column_text]<\/p>\n<h5><strong>355 Sonnenschirme <\/strong><strong><img data-recalc-dims=\"1\" loading=\"lazy\" decoding=\"async\" class=\"alignleft wp-image-4450\" src=\"https:\/\/i0.wp.com\/visitcalvia.org\/wp-content\/uploads\/2020\/04\/Sombrilla.png?resize=37%2C37&#038;ssl=1\" alt=\"Sombrilla\" width=\"37\" height=\"37\" srcset=\"https:\/\/i0.wp.com\/visitcalvia.org\/wp-content\/uploads\/2020\/04\/Sombrilla.png?w=137&amp;ssl=1 137w, https:\/\/i0.wp.com\/visitcalvia.org\/wp-content\/uploads\/2020\/04\/Sombrilla.png?resize=100%2C100&amp;ssl=1 100w, https:\/\/i0.wp.com\/visitcalvia.org\/wp-content\/uploads\/2020\/04\/Sombrilla.png?resize=64%2C64&amp;ssl=1 64w\" sizes=\"auto, (max-width: 37px) 100vw, 37px\" \/><\/strong><\/h5>\n<p>[\/vc_column_text][\/vc_column_inner][vc_column_inner width=&#8220;1\/3&#8243;][vc_icon icon_fontawesome=&#8220;fa fa-check&#8220; color=&#8220;green&#8220;][\/vc_column_inner][\/vc_row_inner][vc_row_inner css=&#8220;.vc_custom_1587459893981{padding-top: -40px !important;}&#8220;][vc_column_inner width=&#8220;2\/3&#8243;][vc_column_text]<\/p>\n<h5><strong>175 Sonnenliegen<\/strong><strong><img data-recalc-dims=\"1\" loading=\"lazy\" decoding=\"async\" class=\"alignleft wp-image-4449\" src=\"https:\/\/i0.wp.com\/visitcalvia.org\/wp-content\/uploads\/2020\/04\/Hamaca.jpg?resize=37%2C38&#038;ssl=1\" alt=\"Hamaca\" width=\"37\" height=\"38\" srcset=\"https:\/\/i0.wp.com\/visitcalvia.org\/wp-content\/uploads\/2020\/04\/Hamaca.jpg?w=134&amp;ssl=1 134w, https:\/\/i0.wp.com\/visitcalvia.org\/wp-content\/uploads\/2020\/04\/Hamaca.jpg?resize=100%2C100&amp;ssl=1 100w, https:\/\/i0.wp.com\/visitcalvia.org\/wp-content\/uploads\/2020\/04\/Hamaca.jpg?resize=64%2C65&amp;ssl=1 64w\" sizes=\"auto, (max-width: 37px) 100vw, 37px\" \/><\/strong><\/h5>\n<p>[\/vc_column_text][\/vc_column_inner][vc_column_inner width=&#8220;1\/3&#8243;][vc_icon icon_fontawesome=&#8220;fa fa-check&#8220; color=&#8220;green&#8220;][\/vc_column_inner][\/vc_row_inner][vc_row_inner css=&#8220;.vc_custom_1587459893981{padding-top: -40px !important;}&#8220;][vc_column_inner width=&#8220;2\/3&#8243;][vc_column_text]<\/p>\n<h5><strong>Barrierefreiheit<\/strong><strong><img data-recalc-dims=\"1\" loading=\"lazy\" decoding=\"async\" class=\"alignleft wp-image-4424\" src=\"https:\/\/i0.wp.com\/visitcalvia.org\/wp-content\/uploads\/2020\/04\/Accesibilidad-minusva%CC%81lidos.png?resize=37%2C37&#038;ssl=1\" alt=\"Accesibilidad minusva\u0301lidos\" width=\"37\" height=\"37\" srcset=\"https:\/\/i0.wp.com\/visitcalvia.org\/wp-content\/uploads\/2020\/04\/Accesibilidad-minusva%CC%81lidos.png?w=134&amp;ssl=1 134w, https:\/\/i0.wp.com\/visitcalvia.org\/wp-content\/uploads\/2020\/04\/Accesibilidad-minusva%CC%81lidos.png?resize=100%2C100&amp;ssl=1 100w, https:\/\/i0.wp.com\/visitcalvia.org\/wp-content\/uploads\/2020\/04\/Accesibilidad-minusva%CC%81lidos.png?resize=64%2C64&amp;ssl=1 64w\" sizes=\"auto, (max-width: 37px) 100vw, 37px\" \/><\/strong><\/h5>\n<p>[\/vc_column_text][\/vc_column_inner][vc_column_inner width=&#8220;1\/3&#8243;][vc_icon icon_fontawesome=&#8220;fa fa-check&#8220; color=&#8220;green&#8220;][\/vc_column_inner][\/vc_row_inner][vc_row_inner css=&#8220;.vc_custom_1587459893981{padding-top: -40px !important;}&#8220;][vc_column_inner width=&#8220;2\/3&#8243;][vc_column_text]<\/p>\n<h5><strong>Rotes Kreuz<\/strong><strong><img data-recalc-dims=\"1\" loading=\"lazy\" decoding=\"async\" class=\"alignleft wp-image-4435\" src=\"https:\/\/i0.wp.com\/visitcalvia.org\/wp-content\/uploads\/2020\/04\/Punto-de-socorro.png?resize=37%2C38&#038;ssl=1\" alt=\"Punto de socorro\" width=\"37\" height=\"38\" srcset=\"https:\/\/i0.wp.com\/visitcalvia.org\/wp-content\/uploads\/2020\/04\/Punto-de-socorro.png?w=137&amp;ssl=1 137w, https:\/\/i0.wp.com\/visitcalvia.org\/wp-content\/uploads\/2020\/04\/Punto-de-socorro.png?resize=100%2C100&amp;ssl=1 100w, https:\/\/i0.wp.com\/visitcalvia.org\/wp-content\/uploads\/2020\/04\/Punto-de-socorro.png?resize=64%2C66&amp;ssl=1 64w\" sizes=\"auto, (max-width: 37px) 100vw, 37px\" \/><\/strong><\/h5>\n<p>[\/vc_column_text][\/vc_column_inner][vc_column_inner width=&#8220;1\/3&#8243;][vc_icon icon_fontawesome=&#8220;fa fa-check&#8220; color=&#8220;green&#8220;][\/vc_column_inner][\/vc_row_inner][\/vc_column][vc_column width=&#8220;1\/3&#8243;][vc_row_inner css=&#8220;.vc_custom_1587459893981{padding-top: -40px !important;}&#8220;][vc_column_inner width=&#8220;2\/3&#8243;][vc_column_text]<\/p>\n<h5><strong>7 Duschen<\/strong><strong><img data-recalc-dims=\"1\" loading=\"lazy\" decoding=\"async\" class=\"alignleft wp-image-4427\" src=\"https:\/\/i0.wp.com\/visitcalvia.org\/wp-content\/uploads\/2020\/04\/Duchas.png?resize=37%2C38&#038;ssl=1\" alt=\"Duchas\" width=\"37\" height=\"38\" srcset=\"https:\/\/i0.wp.com\/visitcalvia.org\/wp-content\/uploads\/2020\/04\/Duchas.png?w=136&amp;ssl=1 136w, https:\/\/i0.wp.com\/visitcalvia.org\/wp-content\/uploads\/2020\/04\/Duchas.png?resize=100%2C100&amp;ssl=1 100w, https:\/\/i0.wp.com\/visitcalvia.org\/wp-content\/uploads\/2020\/04\/Duchas.png?resize=64%2C66&amp;ssl=1 64w\" sizes=\"auto, (max-width: 37px) 100vw, 37px\" \/><\/strong><\/h5>\n<p>[\/vc_column_text][\/vc_column_inner][vc_column_inner width=&#8220;1\/3&#8243;][vc_icon icon_fontawesome=&#8220;fa fa-check&#8220; color=&#8220;green&#8220;][\/vc_column_inner][\/vc_row_inner][vc_row_inner css=&#8220;.vc_custom_1587459893981{padding-top: -40px !important;}&#8220;][vc_column_inner width=&#8220;2\/3&#8243;][vc_column_text]<\/p>\n<h5><strong>Bustransport<\/strong><strong><img data-recalc-dims=\"1\" loading=\"lazy\" decoding=\"async\" class=\"alignleft wp-image-4440\" src=\"https:\/\/i0.wp.com\/visitcalvia.org\/wp-content\/uploads\/2020\/04\/bus.png?resize=37%2C38&#038;ssl=1\" alt=\"bus\" width=\"37\" height=\"38\" srcset=\"https:\/\/i0.wp.com\/visitcalvia.org\/wp-content\/uploads\/2020\/04\/bus.png?w=134&amp;ssl=1 134w, https:\/\/i0.wp.com\/visitcalvia.org\/wp-content\/uploads\/2020\/04\/bus.png?resize=100%2C100&amp;ssl=1 100w, https:\/\/i0.wp.com\/visitcalvia.org\/wp-content\/uploads\/2020\/04\/bus.png?resize=64%2C65&amp;ssl=1 64w\" sizes=\"auto, (max-width: 37px) 100vw, 37px\" \/><\/strong><\/h5>\n<p>[\/vc_column_text][\/vc_column_inner][vc_column_inner width=&#8220;1\/3&#8243;][vc_icon icon_fontawesome=&#8220;fa fa-check&#8220; color=&#8220;green&#8220;][\/vc_column_inner][\/vc_row_inner][vc_row_inner css=&#8220;.vc_custom_1587459893981{padding-top: -40px !important;}&#8220;][vc_column_inner width=&#8220;2\/3&#8243;][vc_column_text]<\/p>\n<h5><strong>33 Abfalleimer<\/strong><strong><img data-recalc-dims=\"1\" loading=\"lazy\" decoding=\"async\" class=\"alignleft wp-image-4453\" src=\"https:\/\/i0.wp.com\/visitcalvia.org\/wp-content\/uploads\/2020\/04\/papelera.jpg?resize=37%2C37&#038;ssl=1\" alt=\"Papelera \" width=\"37\" height=\"37\" srcset=\"https:\/\/i0.wp.com\/visitcalvia.org\/wp-content\/uploads\/2020\/04\/papelera.jpg?w=137&amp;ssl=1 137w, https:\/\/i0.wp.com\/visitcalvia.org\/wp-content\/uploads\/2020\/04\/papelera.jpg?resize=100%2C100&amp;ssl=1 100w, https:\/\/i0.wp.com\/visitcalvia.org\/wp-content\/uploads\/2020\/04\/papelera.jpg?resize=64%2C64&amp;ssl=1 64w\" sizes=\"auto, (max-width: 37px) 100vw, 37px\" \/><\/strong><\/h5>\n<p>[\/vc_column_text][\/vc_column_inner][vc_column_inner width=&#8220;1\/3&#8243;][vc_icon icon_fontawesome=&#8220;fa fa-check&#8220; color=&#8220;green&#8220;][\/vc_column_inner][\/vc_row_inner][vc_row_inner css=&#8220;.vc_custom_1587459893981{padding-top: -40px !important;}&#8220;][vc_column_inner width=&#8220;2\/3&#8243;][vc_column_text]<\/p>\n<h5><strong>Stege<\/strong><strong><img data-recalc-dims=\"1\" loading=\"lazy\" decoding=\"async\" class=\"alignleft wp-image-4434\" src=\"https:\/\/i0.wp.com\/visitcalvia.org\/wp-content\/uploads\/2020\/04\/Pasarelas.jpg?resize=37%2C38&#038;ssl=1\" alt=\"Pasarelas\" width=\"37\" height=\"38\" srcset=\"https:\/\/i0.wp.com\/visitcalvia.org\/wp-content\/uploads\/2020\/04\/Pasarelas.jpg?w=134&amp;ssl=1 134w, https:\/\/i0.wp.com\/visitcalvia.org\/wp-content\/uploads\/2020\/04\/Pasarelas.jpg?resize=100%2C100&amp;ssl=1 100w, https:\/\/i0.wp.com\/visitcalvia.org\/wp-content\/uploads\/2020\/04\/Pasarelas.jpg?resize=64%2C65&amp;ssl=1 64w\" sizes=\"auto, (max-width: 37px) 100vw, 37px\" \/><\/strong><\/h5>\n<p>[\/vc_column_text][\/vc_column_inner][vc_column_inner width=&#8220;1\/3&#8243;][vc_icon icon_fontawesome=&#8220;fa fa-check&#8220; color=&#8220;green&#8220;][\/vc_column_inner][\/vc_row_inner][vc_row_inner css=&#8220;.vc_custom_1587459893981{padding-top: -40px !important;}&#8220;][vc_column_inner width=&#8220;2\/3&#8243;][vc_column_text]<\/p>\n<h5><strong>Parkpl\u00e4tze<\/strong><strong><img data-recalc-dims=\"1\" loading=\"lazy\" decoding=\"async\" class=\"alignleft wp-image-4441\" src=\"https:\/\/i0.wp.com\/visitcalvia.org\/wp-content\/uploads\/2020\/04\/parking.png?resize=37%2C38&#038;ssl=1\" alt=\"parking\" width=\"37\" height=\"38\" srcset=\"https:\/\/i0.wp.com\/visitcalvia.org\/wp-content\/uploads\/2020\/04\/parking.png?w=134&amp;ssl=1 134w, https:\/\/i0.wp.com\/visitcalvia.org\/wp-content\/uploads\/2020\/04\/parking.png?resize=100%2C100&amp;ssl=1 100w, https:\/\/i0.wp.com\/visitcalvia.org\/wp-content\/uploads\/2020\/04\/parking.png?resize=64%2C65&amp;ssl=1 64w\" sizes=\"auto, (max-width: 37px) 100vw, 37px\" \/><\/strong><\/h5>\n<p>[\/vc_column_text][\/vc_column_inner][vc_column_inner width=&#8220;1\/3&#8243;][vc_icon icon_fontawesome=&#8220;fa fa-check&#8220; color=&#8220;green&#8220;][\/vc_column_inner][\/vc_row_inner][\/vc_column][vc_column width=&#8220;1\/3&#8243;][vc_row_inner css=&#8220;.vc_custom_1587459893981{padding-top: -40px !important;}&#8220;][vc_column_inner width=&#8220;2\/3&#8243;][vc_column_text]<\/p>\n<h5><strong>WC<\/strong><strong><img data-recalc-dims=\"1\" loading=\"lazy\" decoding=\"async\" class=\"alignleft wp-image-4439\" src=\"https:\/\/i0.wp.com\/visitcalvia.org\/wp-content\/uploads\/2020\/04\/WC.png?resize=37%2C37&#038;ssl=1\" alt=\"WC\" width=\"37\" height=\"37\" srcset=\"https:\/\/i0.wp.com\/visitcalvia.org\/wp-content\/uploads\/2020\/04\/WC.png?w=136&amp;ssl=1 136w, https:\/\/i0.wp.com\/visitcalvia.org\/wp-content\/uploads\/2020\/04\/WC.png?resize=100%2C100&amp;ssl=1 100w, https:\/\/i0.wp.com\/visitcalvia.org\/wp-content\/uploads\/2020\/04\/WC.png?resize=64%2C64&amp;ssl=1 64w\" sizes=\"auto, (max-width: 37px) 100vw, 37px\" \/><\/strong><\/h5>\n<p>[\/vc_column_text][\/vc_column_inner][vc_column_inner width=&#8220;1\/3&#8243;][vc_icon icon_fontawesome=&#8220;fa fa-check&#8220; color=&#8220;green&#8220;][\/vc_column_inner][\/vc_row_inner][vc_row_inner css=&#8220;.vc_custom_1587459893981{padding-top: -40px !important;}&#8220;][vc_column_inner width=&#8220;2\/3&#8243;][vc_column_text]<\/p>\n<h5><strong>Rettungsschwimmer<\/strong><strong><img data-recalc-dims=\"1\" loading=\"lazy\" decoding=\"async\" class=\"alignleft wp-image-4415\" src=\"https:\/\/i0.wp.com\/visitcalvia.org\/wp-content\/uploads\/2020\/04\/Socorrista.png?resize=37%2C37&#038;ssl=1\" alt=\"Socorrista\" width=\"37\" height=\"37\" srcset=\"https:\/\/i0.wp.com\/visitcalvia.org\/wp-content\/uploads\/2020\/04\/Socorrista.png?w=138&amp;ssl=1 138w, https:\/\/i0.wp.com\/visitcalvia.org\/wp-content\/uploads\/2020\/04\/Socorrista.png?resize=100%2C100&amp;ssl=1 100w, https:\/\/i0.wp.com\/visitcalvia.org\/wp-content\/uploads\/2020\/04\/Socorrista.png?resize=64%2C64&amp;ssl=1 64w\" sizes=\"auto, (max-width: 37px) 100vw, 37px\" \/><\/strong><\/h5>\n<p>[\/vc_column_text][\/vc_column_inner][vc_column_inner width=&#8220;1\/3&#8243;][vc_icon icon_fontawesome=&#8220;fa fa-check&#8220; color=&#8220;green&#8220;][\/vc_column_inner][\/vc_row_inner][vc_row_inner css=&#8220;.vc_custom_1587459893981{padding-top: -40px !important;}&#8220;][vc_column_inner width=&#8220;2\/3&#8243;][vc_column_text]<\/p>\n<h5><strong>Restaurants<\/strong><strong><img data-recalc-dims=\"1\" loading=\"lazy\" decoding=\"async\" class=\"alignleft wp-image-4436\" src=\"https:\/\/i0.wp.com\/visitcalvia.org\/wp-content\/uploads\/2020\/04\/restaurantes.png?resize=37%2C38&#038;ssl=1\" alt=\"restaurantes\" width=\"37\" height=\"38\" srcset=\"https:\/\/i0.wp.com\/visitcalvia.org\/wp-content\/uploads\/2020\/04\/restaurantes.png?w=134&amp;ssl=1 134w, https:\/\/i0.wp.com\/visitcalvia.org\/wp-content\/uploads\/2020\/04\/restaurantes.png?resize=100%2C100&amp;ssl=1 100w, https:\/\/i0.wp.com\/visitcalvia.org\/wp-content\/uploads\/2020\/04\/restaurantes.png?resize=64%2C65&amp;ssl=1 64w\" sizes=\"auto, (max-width: 37px) 100vw, 37px\" \/><\/strong><\/h5>\n<p>[\/vc_column_text][\/vc_column_inner][vc_column_inner width=&#8220;1\/3&#8243;][vc_icon icon_fontawesome=&#8220;fa fa-check&#8220; color=&#8220;green&#8220;][\/vc_column_inner][\/vc_row_inner][vc_row_inner css=&#8220;.vc_custom_1587459893981{padding-top: -40px !important;}&#8220;][vc_column_inner width=&#8220;2\/3&#8243;][vc_column_text]<\/p>\n<h5><strong>9 Tretboote<\/strong><strong><img data-recalc-dims=\"1\" loading=\"lazy\" decoding=\"async\" class=\"alignleft wp-image-4437\" src=\"https:\/\/i0.wp.com\/visitcalvia.org\/wp-content\/uploads\/2020\/04\/Velomar.png?resize=37%2C38&#038;ssl=1\" alt=\"Velomar\" width=\"37\" height=\"38\" srcset=\"https:\/\/i0.wp.com\/visitcalvia.org\/wp-content\/uploads\/2020\/04\/Velomar.png?w=134&amp;ssl=1 134w, https:\/\/i0.wp.com\/visitcalvia.org\/wp-content\/uploads\/2020\/04\/Velomar.png?resize=100%2C100&amp;ssl=1 100w, https:\/\/i0.wp.com\/visitcalvia.org\/wp-content\/uploads\/2020\/04\/Velomar.png?resize=64%2C65&amp;ssl=1 64w\" sizes=\"auto, (max-width: 37px) 100vw, 37px\" \/><\/strong><\/h5>\n<p>[\/vc_column_text][\/vc_column_inner][vc_column_inner width=&#8220;1\/3&#8243;][vc_icon icon_fontawesome=&#8220;fa fa-check&#8220; color=&#8220;green&#8220;][\/vc_column_inner][\/vc_row_inner][vc_row_inner css=&#8220;.vc_custom_1587459893981{padding-top: -40px !important;}&#8220;][vc_column_inner width=&#8220;2\/3&#8243;][vc_column_text]<\/p>\n<h5><strong>Paddel Surf<\/strong><strong><img data-recalc-dims=\"1\" loading=\"lazy\" decoding=\"async\" class=\"alignleft wp-image-4432\" src=\"https:\/\/i0.wp.com\/visitcalvia.org\/wp-content\/uploads\/2020\/04\/Padel-Surf.png?resize=37%2C38&#038;ssl=1\" alt=\"Padel Surf\" width=\"37\" height=\"38\" srcset=\"https:\/\/i0.wp.com\/visitcalvia.org\/wp-content\/uploads\/2020\/04\/Padel-Surf.png?w=136&amp;ssl=1 136w, https:\/\/i0.wp.com\/visitcalvia.org\/wp-content\/uploads\/2020\/04\/Padel-Surf.png?resize=100%2C100&amp;ssl=1 100w, https:\/\/i0.wp.com\/visitcalvia.org\/wp-content\/uploads\/2020\/04\/Padel-Surf.png?resize=64%2C65&amp;ssl=1 64w\" sizes=\"auto, (max-width: 37px) 100vw, 37px\" \/><\/strong><\/h5>\n<p>[\/vc_column_text][\/vc_column_inner][vc_column_inner width=&#8220;1\/3&#8243;][vc_icon icon_fontawesome=&#8220;fa fa-check&#8220; color=&#8220;green&#8220;][\/vc_column_inner][\/vc_row_inner][\/vc_column][\/vc_row][vc_row row_content_width=&#8220;grid&#8220; css=&#8220;.vc_custom_1587127080469{padding-top: 40px !important;padding-bottom: 20px !important;}&#8220;][vc_column][vc_empty_space]<div class=\"qodef-section-title-holder  qodef-st-standard qodef-st-title-left qodef-st-normal-space  \" >\n\t<div class=\"qodef-st-inner\">\n\t\t\t\t\t<h2 class=\"qodef-st-title\" >\n\t\t\t\tStr\u00e4nde in der Umgebung\t\t\t<\/h2>\n\t\t\t\t\t\t\t<h5 class=\"qodef-st-text\" >\n\t\t\t\tPeguera - Cala Fornells\t\t\t<\/h5>\n\t\t\t<\/div>\n<\/div>[\/vc_column][\/vc_row][vc_row][vc_column][vc_row_inner gap=&#8220;5&#8243; css=&#8220;.vc_custom_1587126898864{margin-left: 10px !important;}&#8220;][vc_column_inner width=&#8220;1\/5&#8243;]<div class=\"qodef-banner-holder  qodef-simple qodef-banner-info-default\">\n    <div class=\"qodef-banner-image\">\n        <img loading=\"lazy\" decoding=\"async\" width=\"600\" height=\"600\" src=\"https:\/\/i0.wp.com\/visitcalvia.org\/wp-content\/uploads\/2020\/04\/TORA%CC%80.jpg?fit=600%2C600&amp;ssl=1\" class=\"attachment-full size-full\" alt=\"Playa de Tor\u00e0 en Peguera. Calvi\u00e0: playas espectaculares en Mallorca. Tor\u00e0 beach\" data-attachment-id=\"4151\" data-permalink=\"https:\/\/visitcalvia.org\/de\/playas\/tora\/\" data-orig-file=\"https:\/\/i0.wp.com\/visitcalvia.org\/wp-content\/uploads\/2020\/04\/TORA%CC%80.jpg?fit=600%2C600&amp;ssl=1\" data-orig-size=\"600,600\" data-comments-opened=\"1\" data-image-meta=\"{&quot;aperture&quot;:&quot;0&quot;,&quot;credit&quot;:&quot;&quot;,&quot;camera&quot;:&quot;&quot;,&quot;caption&quot;:&quot;&quot;,&quot;created_timestamp&quot;:&quot;0&quot;,&quot;copyright&quot;:&quot;&quot;,&quot;focal_length&quot;:&quot;0&quot;,&quot;iso&quot;:&quot;0&quot;,&quot;shutter_speed&quot;:&quot;0&quot;,&quot;title&quot;:&quot;&quot;,&quot;orientation&quot;:&quot;0&quot;}\" data-image-title=\"TORA\u0300\" data-image-description=\"\" data-image-caption=\"\" data-large-file=\"https:\/\/i0.wp.com\/visitcalvia.org\/wp-content\/uploads\/2020\/04\/TORA%CC%80.jpg?fit=600%2C600&amp;ssl=1\" \/>    <\/div>\n    <div class=\"qodef-banner-text-holder\" >\n\t    <div class=\"qodef-banner-text-outer\">\n\t\t    <div class=\"qodef-banner-text-inner\">\n\t\t        \t\t        \t\t\t<\/div>\n\t\t<\/div>\n\t<\/div>\n\t        <a itemprop=\"url\" class=\"qodef-banner-link\" href=\"https:\/\/visitcalvia.org\/de\/strand-tora\/\" target=\"_self\"><\/a>\n    <\/div>[\/vc_column_inner][vc_column_inner width=&#8220;1\/5&#8243;]<div class=\"qodef-banner-holder  qodef-simple qodef-banner-info-default\">\n    <div class=\"qodef-banner-image\">\n        <img loading=\"lazy\" decoding=\"async\" width=\"600\" height=\"600\" src=\"https:\/\/i0.wp.com\/visitcalvia.org\/wp-content\/uploads\/2020\/04\/LA-ROMANA.jpg?fit=600%2C600&amp;ssl=1\" class=\"attachment-full size-full\" alt=\"La romana beach in peguera. La bonita playa de la Romana en Peguera, Calvi\u00e0, Mallorca. Playa de Tor\u00e0 en Peguera. Calvi\u00e0: playas espectaculares en Mallorca\" srcset=\"https:\/\/i0.wp.com\/visitcalvia.org\/wp-content\/uploads\/2020\/04\/LA-ROMANA.jpg?w=600&amp;ssl=1 600w, https:\/\/i0.wp.com\/visitcalvia.org\/wp-content\/uploads\/2020\/04\/LA-ROMANA.jpg?resize=300%2C300&amp;ssl=1 300w, https:\/\/i0.wp.com\/visitcalvia.org\/wp-content\/uploads\/2020\/04\/LA-ROMANA.jpg?resize=150%2C150&amp;ssl=1 150w, https:\/\/i0.wp.com\/visitcalvia.org\/wp-content\/uploads\/2020\/04\/LA-ROMANA.jpg?resize=400%2C400&amp;ssl=1 400w, https:\/\/i0.wp.com\/visitcalvia.org\/wp-content\/uploads\/2020\/04\/LA-ROMANA.jpg?resize=200%2C200&amp;ssl=1 200w, https:\/\/i0.wp.com\/visitcalvia.org\/wp-content\/uploads\/2020\/04\/LA-ROMANA.jpg?resize=550%2C550&amp;ssl=1 550w, https:\/\/i0.wp.com\/visitcalvia.org\/wp-content\/uploads\/2020\/04\/LA-ROMANA.jpg?resize=100%2C100&amp;ssl=1 100w, https:\/\/i0.wp.com\/visitcalvia.org\/wp-content\/uploads\/2020\/04\/LA-ROMANA.jpg?resize=64%2C64&amp;ssl=1 64w\" sizes=\"auto, (max-width: 600px) 100vw, 600px\" data-attachment-id=\"4148\" data-permalink=\"https:\/\/visitcalvia.org\/de\/playas\/la-romana\/\" data-orig-file=\"https:\/\/i0.wp.com\/visitcalvia.org\/wp-content\/uploads\/2020\/04\/LA-ROMANA.jpg?fit=600%2C600&amp;ssl=1\" data-orig-size=\"600,600\" data-comments-opened=\"1\" data-image-meta=\"{&quot;aperture&quot;:&quot;0&quot;,&quot;credit&quot;:&quot;&quot;,&quot;camera&quot;:&quot;&quot;,&quot;caption&quot;:&quot;&quot;,&quot;created_timestamp&quot;:&quot;0&quot;,&quot;copyright&quot;:&quot;&quot;,&quot;focal_length&quot;:&quot;0&quot;,&quot;iso&quot;:&quot;0&quot;,&quot;shutter_speed&quot;:&quot;0&quot;,&quot;title&quot;:&quot;&quot;,&quot;orientation&quot;:&quot;0&quot;}\" data-image-title=\"LA ROMANA\" data-image-description=\"\" data-image-caption=\"\" data-large-file=\"https:\/\/i0.wp.com\/visitcalvia.org\/wp-content\/uploads\/2020\/04\/LA-ROMANA.jpg?fit=600%2C600&amp;ssl=1\" \/>    <\/div>\n    <div class=\"qodef-banner-text-holder\" >\n\t    <div class=\"qodef-banner-text-outer\">\n\t\t    <div class=\"qodef-banner-text-inner\">\n\t\t        \t\t        \t\t\t<\/div>\n\t\t<\/div>\n\t<\/div>\n\t        <a itemprop=\"url\" class=\"qodef-banner-link\" href=\"https:\/\/visitcalvia.org\/de\/strand-la-romana\/\" target=\"_blank\"><\/a>\n    <\/div>[\/vc_column_inner][vc_column_inner width=&#8220;1\/5&#8243;]<div class=\"qodef-banner-holder  qodef-simple qodef-banner-info-default\">\n    <div class=\"qodef-banner-image\">\n        <img loading=\"lazy\" decoding=\"async\" width=\"600\" height=\"600\" src=\"https:\/\/i0.wp.com\/visitcalvia.org\/wp-content\/uploads\/2020\/04\/Calo%CC%81-den-Monjo.jpg?fit=600%2C600&amp;ssl=1\" class=\"attachment-full size-full\" alt=\"Calo\u0301 d&#039;en Monjo\" data-attachment-id=\"4146\" data-permalink=\"https:\/\/visitcalvia.org\/de\/playas\/calo-den-monjo\/\" data-orig-file=\"https:\/\/i0.wp.com\/visitcalvia.org\/wp-content\/uploads\/2020\/04\/Calo%CC%81-den-Monjo.jpg?fit=600%2C600&amp;ssl=1\" data-orig-size=\"600,600\" data-comments-opened=\"1\" data-image-meta=\"{&quot;aperture&quot;:&quot;0&quot;,&quot;credit&quot;:&quot;&quot;,&quot;camera&quot;:&quot;&quot;,&quot;caption&quot;:&quot;&quot;,&quot;created_timestamp&quot;:&quot;0&quot;,&quot;copyright&quot;:&quot;&quot;,&quot;focal_length&quot;:&quot;0&quot;,&quot;iso&quot;:&quot;0&quot;,&quot;shutter_speed&quot;:&quot;0&quot;,&quot;title&quot;:&quot;&quot;,&quot;orientation&quot;:&quot;0&quot;}\" data-image-title=\"Calo\u0301 d&amp;#8217;en Monjo\" data-image-description=\"\" data-image-caption=\"\" data-large-file=\"https:\/\/i0.wp.com\/visitcalvia.org\/wp-content\/uploads\/2020\/04\/Calo%CC%81-den-Monjo.jpg?fit=600%2C600&amp;ssl=1\" \/>    <\/div>\n    <div class=\"qodef-banner-text-holder\" >\n\t    <div class=\"qodef-banner-text-outer\">\n\t\t    <div class=\"qodef-banner-text-inner\">\n\t\t        \t\t        \t\t\t<\/div>\n\t\t<\/div>\n\t<\/div>\n\t        <a itemprop=\"url\" class=\"qodef-banner-link\" href=\"https:\/\/visitcalvia.org\/de\/strand-calo-den-monjo\/\" target=\"_self\"><\/a>\n    <\/div>[\/vc_column_inner][vc_column_inner width=&#8220;1\/5&#8243;]<div class=\"qodef-banner-holder  qodef-simple qodef-banner-info-default\">\n    <div class=\"qodef-banner-image\">\n        <img loading=\"lazy\" decoding=\"async\" width=\"600\" height=\"600\" src=\"https:\/\/i0.wp.com\/visitcalvia.org\/wp-content\/uploads\/2020\/04\/Calo%CC%81-ses-Llisses.jpg?fit=600%2C600&amp;ssl=1\" class=\"attachment-full size-full\" alt=\"Calo\u0301 ses Llisses, cala paradisiaca en Cala Fornells, en Peguera. Playa de Tor\u00e0 en Peguera. Calvi\u00e0: playas espectaculares en Mallorca\" data-attachment-id=\"4147\" data-permalink=\"https:\/\/visitcalvia.org\/de\/playas\/calo-ses-llisses\/\" data-orig-file=\"https:\/\/i0.wp.com\/visitcalvia.org\/wp-content\/uploads\/2020\/04\/Calo%CC%81-ses-Llisses.jpg?fit=600%2C600&amp;ssl=1\" data-orig-size=\"600,600\" data-comments-opened=\"1\" data-image-meta=\"{&quot;aperture&quot;:&quot;0&quot;,&quot;credit&quot;:&quot;&quot;,&quot;camera&quot;:&quot;&quot;,&quot;caption&quot;:&quot;&quot;,&quot;created_timestamp&quot;:&quot;0&quot;,&quot;copyright&quot;:&quot;&quot;,&quot;focal_length&quot;:&quot;0&quot;,&quot;iso&quot;:&quot;0&quot;,&quot;shutter_speed&quot;:&quot;0&quot;,&quot;title&quot;:&quot;&quot;,&quot;orientation&quot;:&quot;0&quot;}\" data-image-title=\"Calo\u0301 ses Llisses\" data-image-description=\"\" data-image-caption=\"\" data-large-file=\"https:\/\/i0.wp.com\/visitcalvia.org\/wp-content\/uploads\/2020\/04\/Calo%CC%81-ses-Llisses.jpg?fit=600%2C600&amp;ssl=1\" \/>    <\/div>\n    <div class=\"qodef-banner-text-holder\" >\n\t    <div class=\"qodef-banner-text-outer\">\n\t\t    <div class=\"qodef-banner-text-inner\">\n\t\t        \t\t        \t\t\t<\/div>\n\t\t<\/div>\n\t<\/div>\n\t        <a itemprop=\"url\" class=\"qodef-banner-link\" href=\"https:\/\/visitcalvia.org\/de\/strand-calo-de-ses-llisses\/\" target=\"_self\"><\/a>\n    <\/div>[\/vc_column_inner][vc_column_inner width=&#8220;1\/5&#8243;]<div class=\"qodef-banner-holder  qodef-simple qodef-banner-info-default\">\n    <div class=\"qodef-banner-image\">\n        <img loading=\"lazy\" decoding=\"async\" width=\"600\" height=\"600\" src=\"https:\/\/i0.wp.com\/visitcalvia.org\/wp-content\/uploads\/2020\/04\/Cala-fornells.jpg?fit=600%2C600&amp;ssl=1\" class=\"attachment-full size-full\" alt=\"Cala fornells\" srcset=\"https:\/\/i0.wp.com\/visitcalvia.org\/wp-content\/uploads\/2020\/04\/Cala-fornells.jpg?w=600&amp;ssl=1 600w, https:\/\/i0.wp.com\/visitcalvia.org\/wp-content\/uploads\/2020\/04\/Cala-fornells.jpg?resize=300%2C300&amp;ssl=1 300w, https:\/\/i0.wp.com\/visitcalvia.org\/wp-content\/uploads\/2020\/04\/Cala-fornells.jpg?resize=150%2C150&amp;ssl=1 150w, https:\/\/i0.wp.com\/visitcalvia.org\/wp-content\/uploads\/2020\/04\/Cala-fornells.jpg?resize=400%2C400&amp;ssl=1 400w, https:\/\/i0.wp.com\/visitcalvia.org\/wp-content\/uploads\/2020\/04\/Cala-fornells.jpg?resize=200%2C200&amp;ssl=1 200w, https:\/\/i0.wp.com\/visitcalvia.org\/wp-content\/uploads\/2020\/04\/Cala-fornells.jpg?resize=550%2C550&amp;ssl=1 550w, https:\/\/i0.wp.com\/visitcalvia.org\/wp-content\/uploads\/2020\/04\/Cala-fornells.jpg?resize=100%2C100&amp;ssl=1 100w, https:\/\/i0.wp.com\/visitcalvia.org\/wp-content\/uploads\/2020\/04\/Cala-fornells.jpg?resize=64%2C64&amp;ssl=1 64w\" sizes=\"auto, (max-width: 600px) 100vw, 600px\" data-attachment-id=\"4145\" data-permalink=\"https:\/\/visitcalvia.org\/de\/playas\/cala-fornells-2\/\" data-orig-file=\"https:\/\/i0.wp.com\/visitcalvia.org\/wp-content\/uploads\/2020\/04\/Cala-fornells.jpg?fit=600%2C600&amp;ssl=1\" data-orig-size=\"600,600\" data-comments-opened=\"1\" data-image-meta=\"{&quot;aperture&quot;:&quot;0&quot;,&quot;credit&quot;:&quot;&quot;,&quot;camera&quot;:&quot;&quot;,&quot;caption&quot;:&quot;&quot;,&quot;created_timestamp&quot;:&quot;0&quot;,&quot;copyright&quot;:&quot;&quot;,&quot;focal_length&quot;:&quot;0&quot;,&quot;iso&quot;:&quot;0&quot;,&quot;shutter_speed&quot;:&quot;0&quot;,&quot;title&quot;:&quot;&quot;,&quot;orientation&quot;:&quot;0&quot;}\" data-image-title=\"Cala fornells\" data-image-description=\"\" data-image-caption=\"\" data-large-file=\"https:\/\/i0.wp.com\/visitcalvia.org\/wp-content\/uploads\/2020\/04\/Cala-fornells.jpg?fit=600%2C600&amp;ssl=1\" \/>    <\/div>\n    <div class=\"qodef-banner-text-holder\" >\n\t    <div class=\"qodef-banner-text-outer\">\n\t\t    <div class=\"qodef-banner-text-inner\">\n\t\t        \t\t        \t\t\t<\/div>\n\t\t<\/div>\n\t<\/div>\n\t        <a itemprop=\"url\" class=\"qodef-banner-link\" href=\"https:\/\/visitcalvia.org\/de\/strand-cala-fornells\/\" target=\"_self\"><\/a>\n    <\/div>[\/vc_column_inner][\/vc_row_inner][\/vc_column][\/vc_row]<\/p>\n<\/div>","protected":false},"excerpt":{"rendered":"<p>[vc_row content_placement=&#8220;middle&#8220; content_text_aligment=&#8220;center&#8220; css=&#8220;.vc_custom_1588929906505{padding-top: 81px !important;background-image: url(<a href=\"https:\/\/visitcalvia.org\/wp-content\/uploads\/2020\/05\/Portada-PALMIRA-PEGUER.jpg?id=6221\">https:\/\/visitcalvia.org\/wp-content\/uploads\/2020\/05\/Portada-PALMIRA-PEGUER.jpg?id=6221<\/a>) !important;background-position: center !important;background-repeat: no-repeat !important;background-size: cover !important;}&#8220; simple_background_color=&#8220;#ffffff&#8220;][vc_column][\/vc_column][\/vc_row][vc_row full_width=&#8220;stretch_row&#8220; css=&#8220;.vc_custom_1785234812255{background-color: #0562A4 !important;}&#8220;][vc_column][vc_row_inner row_content_width=&#8220;grid&#8220;][vc_column_inner width=&#8220;1\/2&#8243;][vc_empty_space height=&#8220;10px&#8220;][\/vc_column_inner][vc_column_inner width=&#8220;1\/2&#8243;][vc_empty_space height=&#8220;7px&#8220;][vc_empty_space height=&#8220;7px&#8220;][\/vc_column_inner][\/vc_row_inner][vc_empty_space height=&#8220;20px&#8220;][\/vc_column][\/vc_row][vc_row row_content_width=&#8220;grid&#8220;][vc_column][vc_empty_space height=&#8220;30px&#8220;][vc_empty_space height=&#8220;20px&#8220;][\/vc_column][\/vc_row][vc_row row_content_width=&#8220;grid&#8220;][vc_column][vc_empty_space height=&#8220;30px&#8220;][\/vc_column][\/vc_row][vc_row row_content_width=&#8220;grid&#8220;][vc_column][vc_empty_space height=&#8220;40px&#8220;][\/vc_column][\/vc_row][vc_row row_content_width=&#8220;grid&#8220;][vc_column width=&#8220;1\/2&#8243;][vc_btn title=&#8220;Strand- und Wetterinformationen&#8220; shape=&#8220;square&#8220; color=&#8220;primary&#8220; size=&#8220;lg&#8220; align=&#8220;center&#8220; i_icon_fontawesome=&#8220;fa fa-solid fa-cloud-sun&#8220; css=&#8220;&#8220; button_block=&#8220;true&#8220; add_icon=&#8220;true&#8220; link=&#8220;url:%23&#8243;][vc_column_text css=&#8220;&#8220;] [\/vc_column_text][\/vc_column][vc_column width=&#8220;1\/2&#8243;][vc_btn title=&#8220;Informationen zur [&hellip;]<\/p>\n","protected":false},"author":182516946,"featured_media":5096,"parent":0,"menu_order":0,"comment_status":"closed","ping_status":"closed","template":"full-width.php","meta":{"_coblocks_attr":"","_coblocks_dimensions":"","_coblocks_responsive_height":"","_coblocks_accordion_ie_support":"","_wpcom_ai_launchpad_about_page":false,"_wpcom_ai_launchpad_gallery_page":false,"_wpcom_ai_launchpad_contact_page":false,"_wpcom_ai_launchpad_events_page":false,"_wpcom_ai_launchpad_video_page":false,"_wpcom_ai_launchpad_portfolio_piece":false,"footnotes":""},"class_list":["post-13263","page","type-page","status-publish","has-post-thumbnail","hentry"],"yoast_head":"<!-- This site is optimized with the Yoast SEO plugin v28.3 - https:\/\/yoast.com\/product\/yoast-seo-wordpress\/ -->\n<title>Playa Palmira (Peguera - Mallorca) Amplia playa en medio del bulevard<\/title>\n<meta name=\"description\" content=\"Playa Palmira (Peguera - Mallorca) Esta amplia playa en medio del bulevard de Peguera ofrece comodidad, servicios y entorno urbano, ideal para familias.\" \/>\n<meta name=\"robots\" content=\"index, follow, max-snippet:-1, max-image-preview:large, max-video-preview:-1\" \/>\n<link rel=\"canonical\" href=\"https:\/\/visitcalvia.org\/de\/strand-palmira\/\" \/>\n<meta property=\"og:locale\" content=\"de_DE\" \/>\n<meta property=\"og:type\" content=\"article\" \/>\n<meta property=\"og:title\" content=\"Playa Palmira (Peguera - Mallorca) Amplia playa en medio del bulevard\" \/>\n<meta property=\"og:description\" content=\"Playa Palmira (Peguera - Mallorca) Esta amplia playa en medio del bulevard de Peguera ofrece comodidad, servicios y entorno urbano, ideal para familias.\" \/>\n<meta property=\"og:url\" content=\"https:\/\/visitcalvia.org\/de\/strand-palmira\/\" \/>\n<meta property=\"og:site_name\" content=\"visitcalvia\" \/>\n<meta property=\"article:modified_time\" content=\"2026-07-28T10:37:51+00:00\" \/>\n<meta property=\"og:image\" content=\"https:\/\/visitcalvia.org\/wp-content\/uploads\/2020\/04\/PALMIRA-PEGUERA-2.png\" \/>\n\t<meta property=\"og:image:width\" content=\"862\" \/>\n\t<meta property=\"og:image:height\" content=\"570\" \/>\n\t<meta property=\"og:image:type\" content=\"image\/png\" \/>\n<meta name=\"twitter:card\" content=\"summary_large_image\" \/>\n<meta name=\"twitter:label1\" content=\"Gesch\u00e4tzte Lesezeit\" \/>\n\t<meta name=\"twitter:data1\" content=\"8\u00a0Minuten\" \/>\n<script type=\"application\/ld+json\" class=\"yoast-schema-graph\">{\"@context\":\"https:\\\/\\\/schema.org\",\"@graph\":[{\"@type\":\"WebPage\",\"@id\":\"https:\\\/\\\/visitcalvia.org\\\/de\\\/strand-palmira\\\/\",\"url\":\"https:\\\/\\\/visitcalvia.org\\\/de\\\/strand-palmira\\\/\",\"name\":\"Playa Palmira (Peguera - Mallorca) Amplia playa en medio del bulevard\",\"isPartOf\":{\"@id\":\"https:\\\/\\\/visitcalvia.org\\\/de\\\/#website\"},\"primaryImageOfPage\":{\"@id\":\"https:\\\/\\\/visitcalvia.org\\\/de\\\/strand-palmira\\\/#primaryimage\"},\"image\":{\"@id\":\"https:\\\/\\\/visitcalvia.org\\\/de\\\/strand-palmira\\\/#primaryimage\"},\"thumbnailUrl\":\"https:\\\/\\\/i0.wp.com\\\/visitcalvia.org\\\/wp-content\\\/uploads\\\/2020\\\/04\\\/PALMIRA-PEGUERA-2.png?fit=862%2C570&ssl=1\",\"datePublished\":\"2020-04-27T11:46:08+00:00\",\"dateModified\":\"2026-07-28T10:37:51+00:00\",\"description\":\"Playa Palmira (Peguera - Mallorca) Esta amplia playa en medio del bulevard de Peguera ofrece comodidad, servicios y entorno urbano, ideal para familias.\",\"breadcrumb\":{\"@id\":\"https:\\\/\\\/visitcalvia.org\\\/de\\\/strand-palmira\\\/#breadcrumb\"},\"inLanguage\":\"de\",\"potentialAction\":[{\"@type\":\"ReadAction\",\"target\":[\"https:\\\/\\\/visitcalvia.org\\\/de\\\/strand-palmira\\\/\"]}]},{\"@type\":\"ImageObject\",\"inLanguage\":\"de\",\"@id\":\"https:\\\/\\\/visitcalvia.org\\\/de\\\/strand-palmira\\\/#primaryimage\",\"url\":\"https:\\\/\\\/i0.wp.com\\\/visitcalvia.org\\\/wp-content\\\/uploads\\\/2020\\\/04\\\/PALMIRA-PEGUERA-2.png?fit=862%2C570&ssl=1\",\"contentUrl\":\"https:\\\/\\\/i0.wp.com\\\/visitcalvia.org\\\/wp-content\\\/uploads\\\/2020\\\/04\\\/PALMIRA-PEGUERA-2.png?fit=862%2C570&ssl=1\",\"width\":862,\"height\":570,\"caption\":\"Playa de Palmira, Peguera\"},{\"@type\":\"BreadcrumbList\",\"@id\":\"https:\\\/\\\/visitcalvia.org\\\/de\\\/strand-palmira\\\/#breadcrumb\",\"itemListElement\":[{\"@type\":\"ListItem\",\"position\":1,\"name\":\"Portada\",\"item\":\"https:\\\/\\\/visitcalvia.org\\\/de\\\/\"},{\"@type\":\"ListItem\",\"position\":2,\"name\":\"Strand Palmira\"}]},{\"@type\":\"WebSite\",\"@id\":\"https:\\\/\\\/visitcalvia.org\\\/de\\\/#website\",\"url\":\"https:\\\/\\\/visitcalvia.org\\\/de\\\/\",\"name\":\"visitcalvia\",\"description\":\"Vacaciones en Mallorca \u2013 Calvi\u00e0 m\u00faltiples destinos en uno s\u00f3lo lugar. Palmanova, Santa Pon\u00e7a, Magaluf, Peguera, Portals Nous, Costa d\u2019en Blanes, Cala Vinyes\",\"potentialAction\":[{\"@type\":\"SearchAction\",\"target\":{\"@type\":\"EntryPoint\",\"urlTemplate\":\"https:\\\/\\\/visitcalvia.org\\\/de\\\/?s={search_term_string}\"},\"query-input\":{\"@type\":\"PropertyValueSpecification\",\"valueRequired\":true,\"valueName\":\"search_term_string\"}}],\"inLanguage\":\"de\"}]}<\/script>\n<!-- \/ Yoast SEO plugin. -->","yoast_head_json":{"title":"Playa Palmira (Peguera - Mallorca) Amplia playa en medio del bulevard","description":"Playa Palmira (Peguera - Mallorca) Esta amplia playa en medio del bulevard de Peguera ofrece comodidad, servicios y entorno urbano, ideal para familias.","robots":{"index":"index","follow":"follow","max-snippet":"max-snippet:-1","max-image-preview":"max-image-preview:large","max-video-preview":"max-video-preview:-1"},"canonical":"https:\/\/visitcalvia.org\/de\/strand-palmira\/","og_locale":"de_DE","og_type":"article","og_title":"Playa Palmira (Peguera - Mallorca) Amplia playa en medio del bulevard","og_description":"Playa Palmira (Peguera - Mallorca) Esta amplia playa en medio del bulevard de Peguera ofrece comodidad, servicios y entorno urbano, ideal para familias.","og_url":"https:\/\/visitcalvia.org\/de\/strand-palmira\/","og_site_name":"visitcalvia","article_modified_time":"2026-07-28T10:37:51+00:00","og_image":[{"width":862,"height":570,"url":"https:\/\/visitcalvia.org\/wp-content\/uploads\/2020\/04\/PALMIRA-PEGUERA-2.png","type":"image\/png"}],"twitter_card":"summary_large_image","twitter_misc":{"Gesch\u00e4tzte Lesezeit":"8\u00a0Minuten"},"schema":{"@context":"https:\/\/schema.org","@graph":[{"@type":"WebPage","@id":"https:\/\/visitcalvia.org\/de\/strand-palmira\/","url":"https:\/\/visitcalvia.org\/de\/strand-palmira\/","name":"Playa Palmira (Peguera - Mallorca) Amplia playa en medio del bulevard","isPartOf":{"@id":"https:\/\/visitcalvia.org\/de\/#website"},"primaryImageOfPage":{"@id":"https:\/\/visitcalvia.org\/de\/strand-palmira\/#primaryimage"},"image":{"@id":"https:\/\/visitcalvia.org\/de\/strand-palmira\/#primaryimage"},"thumbnailUrl":"https:\/\/i0.wp.com\/visitcalvia.org\/wp-content\/uploads\/2020\/04\/PALMIRA-PEGUERA-2.png?fit=862%2C570&ssl=1","datePublished":"2020-04-27T11:46:08+00:00","dateModified":"2026-07-28T10:37:51+00:00","description":"Playa Palmira (Peguera - Mallorca) Esta amplia playa en medio del bulevard de Peguera ofrece comodidad, servicios y entorno urbano, ideal para familias.","breadcrumb":{"@id":"https:\/\/visitcalvia.org\/de\/strand-palmira\/#breadcrumb"},"inLanguage":"de","potentialAction":[{"@type":"ReadAction","target":["https:\/\/visitcalvia.org\/de\/strand-palmira\/"]}]},{"@type":"ImageObject","inLanguage":"de","@id":"https:\/\/visitcalvia.org\/de\/strand-palmira\/#primaryimage","url":"https:\/\/i0.wp.com\/visitcalvia.org\/wp-content\/uploads\/2020\/04\/PALMIRA-PEGUERA-2.png?fit=862%2C570&ssl=1","contentUrl":"https:\/\/i0.wp.com\/visitcalvia.org\/wp-content\/uploads\/2020\/04\/PALMIRA-PEGUERA-2.png?fit=862%2C570&ssl=1","width":862,"height":570,"caption":"Playa de Palmira, Peguera"},{"@type":"BreadcrumbList","@id":"https:\/\/visitcalvia.org\/de\/strand-palmira\/#breadcrumb","itemListElement":[{"@type":"ListItem","position":1,"name":"Portada","item":"https:\/\/visitcalvia.org\/de\/"},{"@type":"ListItem","position":2,"name":"Strand Palmira"}]},{"@type":"WebSite","@id":"https:\/\/visitcalvia.org\/de\/#website","url":"https:\/\/visitcalvia.org\/de\/","name":"visitcalvia","description":"Vacaciones en Mallorca \u2013 Calvi\u00e0 m\u00faltiples destinos en uno s\u00f3lo lugar. Palmanova, Santa Pon\u00e7a, Magaluf, Peguera, Portals Nous, Costa d\u2019en Blanes, Cala Vinyes","potentialAction":[{"@type":"SearchAction","target":{"@type":"EntryPoint","urlTemplate":"https:\/\/visitcalvia.org\/de\/?s={search_term_string}"},"query-input":{"@type":"PropertyValueSpecification","valueRequired":true,"valueName":"search_term_string"}}],"inLanguage":"de"}]}},"jetpack_likes_enabled":false,"jetpack_sharing_enabled":false,"jetpack_shortlink":"https:\/\/wp.me\/PbP1bo-3rV","_links":{"self":[{"href":"https:\/\/visitcalvia.org\/de\/wp-json\/wp\/v2\/pages\/13263","targetHints":{"allow":["GET"]}}],"collection":[{"href":"https:\/\/visitcalvia.org\/de\/wp-json\/wp\/v2\/pages"}],"about":[{"href":"https:\/\/visitcalvia.org\/de\/wp-json\/wp\/v2\/types\/page"}],"author":[{"embeddable":true,"href":"https:\/\/visitcalvia.org\/de\/wp-json\/wp\/v2\/users\/182516946"}],"replies":[{"embeddable":true,"href":"https:\/\/visitcalvia.org\/de\/wp-json\/wp\/v2\/comments?post=13263"}],"version-history":[{"count":14,"href":"https:\/\/visitcalvia.org\/de\/wp-json\/wp\/v2\/pages\/13263\/revisions"}],"predecessor-version":[{"id":33480,"href":"https:\/\/visitcalvia.org\/de\/wp-json\/wp\/v2\/pages\/13263\/revisions\/33480"}],"wp:featuredmedia":[{"embeddable":true,"href":"https:\/\/visitcalvia.org\/de\/wp-json\/wp\/v2\/media\/5096"}],"wp:attachment":[{"href":"https:\/\/visitcalvia.org\/de\/wp-json\/wp\/v2\/media?parent=13263"}],"curies":[{"name":"wp","href":"https:\/\/api.w.org\/{rel}","templated":true}]}}