{"id":13267,"date":"2020-05-05T08:27:34","date_gmt":"2020-05-05T06:27:34","guid":{"rendered":"https:\/\/visitcalvia.org\/playa-portals-vells-i\/"},"modified":"2025-07-04T12:50:38","modified_gmt":"2025-07-04T10:50:38","slug":"strand-portals-vells-i","status":"publish","type":"page","link":"https:\/\/visitcalvia.org\/de\/strand-portals-vells-i\/","title":{"rendered":"Strand Portals Vells I"},"content":{"rendered":"<div class=\"wpb-content-wrapper\"><p>[vc_row content_placement=&#8220;middle&#8220; content_text_aligment=&#8220;center&#8220; css=&#8220;.vc_custom_1588930542564{padding-top: 81px !important;background-image: url(<a href=\"https:\/\/visitcalvia.org\/wp-content\/uploads\/2020\/05\/portada-PORTALS-VELLS-I.jpg?id=6231\">https:\/\/visitcalvia.org\/wp-content\/uploads\/2020\/05\/portada-PORTALS-VELLS-I.jpg?id=6231<\/a>) !important;background-position: center !important;background-repeat: no-repeat !important;background-size: cover !important;}&#8220; simple_background_color=&#8220;#ffffff&#8220;][vc_column]<div class=\"qodef-elements-holder   qodef-one-column  qodef-responsive-mode-768 \" ><div class=\"qodef-eh-item     \"  data-item-class=\"qodef-eh-custom-1791\" data-1024-1280=\"0 21%\" data-768-1024=\"0 12%\" data-680-768=\"0 0\" data-680=\"0 0\">\n\t<div class=\"qodef-eh-item-inner\">\n\t\t<div class=\"qodef-eh-item-content qodef-eh-custom-1791\" style=\"padding: 0 25%\">\n\t\t\t[vc_empty_space height=&#8220;200px&#8220;]\t\t<\/div>\n\t<\/div>\n\t<\/div><\/div>[\/vc_column][\/vc_row][vc_row full_width=&#8220;stretch_row&#8220; css=&#8220;.vc_custom_1738054147413{background-color: #9bc535 !important;}&#8220;][vc_column][vc_row_inner row_content_width=&#8220;grid&#8220;][vc_column_inner width=&#8220;1\/2&#8243;]<div class=\"qodef-section-title-holder  qodef-st-standard qodef-st-title-left qodef-st-normal-space  \" style=\"text-align: right\">\n\t<div class=\"qodef-st-inner\">\n\t\t\t\t\t<h3 class=\"qodef-st-title\" style=\"color: #0a0a0a\">\n\t\t\t\t<span class=\"qodef-st-title-bold\">Strand-Datenblatt<\/span> <span class=\"qodef-st-title-bold\">Cala<\/span> <span class=\"qodef-st-title-bold\">Portals<\/span> <span class=\"qodef-st-title-bold\">Vells<\/span><br \/>\t\t\t<\/h3>\n\t\t\t\t\t<\/div>\n<\/div>[vc_empty_space height=&#8220;10px&#8220;][\/vc_column_inner][vc_column_inner width=&#8220;1\/2&#8243;][vc_empty_space height=&#8220;7px&#8220;]<a itemprop=\"url\" href=\"https:\/\/drive.google.com\/file\/d\/1jkfhR3y8IKvilutlKhzP52ntvknwmvC4\/view?usp=sharing\" target=\"_blank\" style=\"text-transform: capitalize\" class=\"qodef-btn qodef-btn-small qodef-btn-solid qodef-btn-icon\"  >\n    <span class=\"qodef-btn-text\">Weitere Informationen<\/span>\n    <i class=\"qodef-icon-font-awesome fa fa-chevron-right \" ><\/i><\/a>[vc_empty_space height=&#8220;7px&#8220;][\/vc_column_inner][\/vc_row_inner][vc_empty_space height=&#8220;20px&#8220;][\/vc_column][\/vc_row][vc_row row_content_width=&#8220;grid&#8220; css=&#8220;.vc_custom_1587458275105{margin-top: 35px !important;padding-bottom: 30px !important;}&#8220;][vc_column]<div class=\"qodef-section-title-holder  qodef-st-standard qodef-st-title-left qodef-st-normal-space qodef-st-disable-title-break qodef-st-with-border\" style=\"text-align: left\">\n\t<div class=\"qodef-st-inner\">\n\t\t\t\t\t<h2 class=\"qodef-st-title\" >\n\t\t\t\tStrand <span class=\"qodef-st-title-bold\">Portals<\/span> <span class=\"qodef-st-title-bold\">Vells<\/span> <span class=\"qodef-st-title-bold\">I<\/span><br \/>\t\t\t<\/h2>\n\t\t\t\t\t<\/div>\n<\/div>[vc_column_text]Der spektakul\u00e4re Strand Portals Vells auf Mallorca oder Sa Caleta ist eine naturbelassene Umgebung von unglaublicher Sch\u00f6nheit und landschaftlicher Bedeutung.<\/p>\n<p>Dieses Naturwunder befindet sich neun Kilometer vom Ortsteil <a href=\"https:\/\/visitcalvia.org\/de\/magaluf\/\"><strong>Magaluf<\/strong> <\/a>entfernt. Es handelt sich um einen Meeresarm zwischen Punta des Xisclet und Punta S\u2018Estaca, der sich wiederum in mehrere Arme aufteilt, die alle an diesem Strand enden. Hier befinden sich drei Str\u00e4nde: Playa de Portals Vells, <a href=\"https:\/\/visitcalvia.org\/de\/strand-del-mago-strand-portals-vells-ii\/\"><strong>Playa del Mago<\/strong><\/a> und <a href=\"https:\/\/visitcalvia.org\/de\/strand-rey-strand-portals-vells-iii\/\"><strong>Playa del Rey<\/strong><\/a>.<\/p>\n<p>Ein dichter Kiefernwald umringt diesen wundersch\u00f6nen Strand, der sich zwischen H\u00f6hlen, Klippen und Meeresarmen entfaltet. Die Waldmasse erstreckt sich zwischen dem Kap Cala Figuera und Refaubetx, die zusammen mit der vorgelagerten Insel El Toro einen Eintrag im Katalog der <a href=\"https:\/\/www.caib.es\/sites\/espaisnaturalsprotegits\/es\/definicion_y_figuras-21475\/\"><strong>Naturgebiete von besonderem Interesse<\/strong><\/a>, der vom Parlament der Balearischen Inseln verabschiedet wurde, sowie der Besonderen Vogelschutzzonen der Europ\u00e4ischen Union bilden.<\/p>\n<p>In unmittelbarer Strandn\u00e4he gibt es viele landschaftliche Sehensw\u00fcrdigkeiten, unter denen die \u201e<a href=\"http:\/\/www.pluscalvia.com\/historic\/28\/oratorio-de-portals-vells\"><strong>Cova de la Mare de D\u00e9u<\/strong><\/a> (Grotte der Muttergottes) besonders zu erw\u00e4hnen ist.<br \/>\nEhemalige Mares-Sandsteingrube, aus deren Steinbl\u00f6cke, die im 14. und 15. Jahrhundert gef\u00f6rdert wurden, die Kathedrale von Palma und die Kirche Santa Eul\u00e0lia gebaut wurden<\/p>\n<p>Die Stra\u00dfenzufahrt zum Strand von Portals Vells ist einfach, wenn Sie der Stra\u00dfenbeschilderung folgen. Man passiert Magaluf und f\u00e4hrt weiter in Richtung Son Ferrer. 1,5 km vor Ankunft in dieser Ortschaft m\u00fcssen Sie sich an der Beschilderung orientieren, die den Weg nach Portals Vells angibt. Der Strand verf\u00fcgt \u00fcber kostenlose Parkpl\u00e4tze in unmittelbarer N\u00e4he. Von hier aus erreicht man Sa Caleta zu Fu\u00df.<\/p>\n<p>Die Bedingungen zum Ankern von Booten und zum Tauchen an der Oberfl\u00e4che sind hervorragend. Dieser Strand ist den Winden von Osten und S\u00fcdosten ausgesetzt und besitzt einen Meeresboden aus Sand und Algen mit einer Tiefe von f\u00fcnf Metern. Informationen \u00fcber nahe gelegene H\u00e4fen finden Sie <a href=\"https:\/\/visitcalvia.org\/de\/sporthaefen\/\">hier<\/a>.[\/vc_column_text][vc_empty_space height=&#8220;10px&#8220;][\/vc_column][\/vc_row][vc_row row_content_width=&#8220;grid&#8220; css=&#8220;.vc_custom_1587460367699{padding-top: 20px !important;padding-bottom: 10px !important;}&#8220;][vc_column]<div class=\"qodef-section-title-holder  qodef-st-standard qodef-st-title-left qodef-st-normal-space qodef-st-disable-title-break qodef-st-with-border\" style=\"text-align: left\">\n\t<div class=\"qodef-st-inner\">\n\t\t\t\t\t<h2 class=\"qodef-st-title\" >\n\t\t\t\tDienstleistungen\t\t\t<\/h2>\n\t\t\t\t\t\t\t<h5 class=\"qodef-st-text\" >\n\t\t\t\tDer Strand ist mit folgenden Dienstleistungen ausgestattet:\t\t\t<\/h5>\n\t\t\t<\/div>\n<\/div>[\/vc_column][\/vc_row][vc_row row_content_width=&#8220;grid&#8220; css=&#8220;.vc_custom_1585726577981{padding-top: 20px !important;padding-bottom: 30px !important;}&#8220;][vc_column width=&#8220;1\/3&#8243;][vc_row_inner css=&#8220;.vc_custom_1587459893981{padding-top: -40px !important;}&#8220;][vc_column_inner width=&#8220;2\/3&#8243;][vc_column_text]<\/p>\n<h5><strong>60 Sonnenliegen<\/strong><strong><img data-recalc-dims=\"1\" decoding=\"async\" class=\"alignleft wp-image-4449\" src=\"https:\/\/i0.wp.com\/visitcalvia.org\/wp-content\/uploads\/2020\/04\/Hamaca.jpg?resize=37%2C38&#038;ssl=1\" alt=\"Hamaca\" width=\"37\" height=\"38\" srcset=\"https:\/\/i0.wp.com\/visitcalvia.org\/wp-content\/uploads\/2020\/04\/Hamaca.jpg?w=134&amp;ssl=1 134w, https:\/\/i0.wp.com\/visitcalvia.org\/wp-content\/uploads\/2020\/04\/Hamaca.jpg?resize=100%2C100&amp;ssl=1 100w, https:\/\/i0.wp.com\/visitcalvia.org\/wp-content\/uploads\/2020\/04\/Hamaca.jpg?resize=64%2C65&amp;ssl=1 64w\" sizes=\"(max-width: 37px) 100vw, 37px\" \/><\/strong><\/h5>\n<p>[\/vc_column_text][\/vc_column_inner][vc_column_inner width=&#8220;1\/3&#8243;][vc_icon icon_fontawesome=&#8220;fa fa-check&#8220; color=&#8220;green&#8220;][\/vc_column_inner][\/vc_row_inner][\/vc_column][vc_column width=&#8220;1\/3&#8243;][vc_row_inner css=&#8220;.vc_custom_1587459893981{padding-top: -40px !important;}&#8220;][vc_column_inner width=&#8220;2\/3&#8243;][vc_column_text]<\/p>\n<h5><strong>30 Sonnenschirme <\/strong><strong><img data-recalc-dims=\"1\" decoding=\"async\" class=\"alignleft wp-image-4450\" src=\"https:\/\/i0.wp.com\/visitcalvia.org\/wp-content\/uploads\/2020\/04\/Sombrilla.png?resize=37%2C37&#038;ssl=1\" alt=\"Sombrilla\" width=\"37\" height=\"37\" srcset=\"https:\/\/i0.wp.com\/visitcalvia.org\/wp-content\/uploads\/2020\/04\/Sombrilla.png?w=137&amp;ssl=1 137w, https:\/\/i0.wp.com\/visitcalvia.org\/wp-content\/uploads\/2020\/04\/Sombrilla.png?resize=100%2C100&amp;ssl=1 100w, https:\/\/i0.wp.com\/visitcalvia.org\/wp-content\/uploads\/2020\/04\/Sombrilla.png?resize=64%2C64&amp;ssl=1 64w\" sizes=\"(max-width: 37px) 100vw, 37px\" \/><\/strong><\/h5>\n<p>[\/vc_column_text][\/vc_column_inner][vc_column_inner width=&#8220;1\/3&#8243;][vc_icon icon_fontawesome=&#8220;fa fa-check&#8220; color=&#8220;green&#8220;][\/vc_column_inner][\/vc_row_inner][\/vc_column][vc_column width=&#8220;1\/3&#8243;][vc_row_inner css=&#8220;.vc_custom_1587459893981{padding-top: -40px !important;}&#8220;][vc_column_inner width=&#8220;2\/3&#8243;][vc_column_text]<\/p>\n<h5><strong>7 Abfalleimer<\/strong><strong><img data-recalc-dims=\"1\" decoding=\"async\" class=\"alignleft wp-image-4453\" src=\"https:\/\/i0.wp.com\/visitcalvia.org\/wp-content\/uploads\/2020\/04\/papelera.jpg?resize=37%2C37&#038;ssl=1\" alt=\"Papelera \" width=\"37\" height=\"37\" srcset=\"https:\/\/i0.wp.com\/visitcalvia.org\/wp-content\/uploads\/2020\/04\/papelera.jpg?w=137&amp;ssl=1 137w, https:\/\/i0.wp.com\/visitcalvia.org\/wp-content\/uploads\/2020\/04\/papelera.jpg?resize=100%2C100&amp;ssl=1 100w, https:\/\/i0.wp.com\/visitcalvia.org\/wp-content\/uploads\/2020\/04\/papelera.jpg?resize=64%2C64&amp;ssl=1 64w\" sizes=\"(max-width: 37px) 100vw, 37px\" \/><\/strong><\/h5>\n<p>[\/vc_column_text][\/vc_column_inner][vc_column_inner width=&#8220;1\/3&#8243;][vc_icon icon_fontawesome=&#8220;fa fa-check&#8220; color=&#8220;green&#8220;][\/vc_column_inner][\/vc_row_inner][\/vc_column][\/vc_row][vc_row row_content_width=&#8220;grid&#8220; content_width=&#8220;grid&#8220; css=&#8220;.vc_custom_1587458288460{padding-bottom: 42px !important;}&#8220;][vc_column][vc_row_inner css=&#8220;.vc_custom_1587458140771{padding-left: 80px !important;}&#8220;][vc_column_inner width=&#8220;1\/4&#8243;]<div class=\"qodef-pie-chart-holder \">\n\t<div class=\"qodef-pc-percentage\" data-percent=\"30\" data-bar-color=\"#1e73be\" data-track-color=\"#0a0000\">\n\t\t<span class=\"qodef-pc-percent\" >30<\/span>\n\t<\/div>\n\t\t\t<div class=\"qodef-pc-text-holder\">\n\t\t\t\t\t\t\t<h4 class=\"qodef-pc-title\" >Meter - L\u00e4nge in Metern<\/h4>\n\t\t\t\t\t\t\t\t<\/div>\n\t<\/div>[\/vc_column_inner][vc_column_inner width=&#8220;1\/4&#8243;]<div class=\"qodef-pie-chart-holder \">\n\t<div class=\"qodef-pc-percentage\" data-percent=\"20\" data-bar-color=\"#1e73be\" data-track-color=\"#0a0000\">\n\t\t<span class=\"qodef-pc-percent\" >20<\/span>\n\t<\/div>\n\t\t\t<div class=\"qodef-pc-text-holder\">\n\t\t\t\t\t\t\t<h4 class=\"qodef-pc-title\" >L\u00e4nge in Metern - Breite<\/h4>\n\t\t\t\t\t\t\t\t<\/div>\n\t<\/div>[\/vc_column_inner][vc_column_inner width=&#8220;1\/2&#8243;][vc_column_text]<\/p>\n<blockquote>\n<h4 style=\"text-align: left;\"><strong>ALLGEMEINE ANGABEN<\/strong><\/h4>\n<\/blockquote>\n<p>[\/vc_column_text][vc_column_text]<\/p>\n<ul>\n<li><strong>Belegungsdichte: <span style=\"color: #004d8a;\">MITTEL<\/span><\/strong><\/li>\n<li><strong>Besiedlungsdichte: <span style=\"color: #004d8a;\">HALBST\u00c4DTISCH\u00a0<\/span><\/strong><\/li>\n<li><strong>Zusammensetzung:<span style=\"color: #004d8a;\">\u00a0<span class=\"change-second-color\">SAND<\/span><\/span><\/strong><\/li>\n<li><strong>Sandfarbe: <span style=\"color: #004d8a;\">GOLDGELB<\/span><\/strong><\/li>\n<li><strong>Sandk\u00f6rnung:\u00a0<span class=\"change-second-color\" style=\"color: #004d8a;\">FEIN<\/span><\/strong><\/li>\n<\/ul>\n<p>[\/vc_column_text][\/vc_column_inner][\/vc_row_inner][\/vc_column][\/vc_row][vc_row equal_height=&#8220;yes&#8220; content_placement=&#8220;middle&#8220;][vc_column offset=&#8220;vc_col-lg-5 vc_col-md-12&#8243; css=&#8220;.vc_custom_1585820997663{margin-top: 0px !important;margin-right: 0px !important;margin-bottom: 0px !important;margin-left: 0px !important;padding-top: 0px !important;padding-right: 0px !important;padding-bottom: 0px !important;padding-left: 0px !important;background-color: #fcfcfc !important;}&#8220;]<div class=\"qodef-elements-holder   qodef-one-column  qodef-responsive-mode-768 qodef-one-column-alignment-right\" ><div class=\"qodef-eh-item   qodef-horizontal-alignment-right  \"  data-item-class=\"qodef-eh-custom-5227\" data-1280-1600=\"0 12% 15px 31%\" data-1024-1280=\"0 12% 15px 24%\" data-768-1024=\"48px 25% 70px 35%\" data-680-768=\"48px 12% 70px 35%\" data-680=\"50px 8% 70px 10%\">\n\t<div class=\"qodef-eh-item-inner\">\n\t\t<div class=\"qodef-eh-item-content qodef-eh-custom-5227\" style=\"padding: 0 12% 20px 35%\">\n\t\t\t[vc_column_text]<\/p>\n<h2 style=\"text-align: right;\">\u00a0Fotogalerie<\/h2>\n<p style=\"text-align: right; font-family: Montserrat; margin-top: -18px; margin-bottom: 16px;\"><span class=\"change-second-color\" style=\"color: #ff0030;\"><em>Entdecken Sie Playa Portals Vells I Str\u00e4nde im Ortsteil<\/em><\/span><\/p>\n<p>[\/vc_column_text]\t\t<\/div>\n\t<\/div>\n\t<\/div><\/div>[\/vc_column][vc_column offset=&#8220;vc_col-lg-7 vc_col-md-12&#8243; css=&#8220;.vc_custom_1504689016842{margin-top: 0px !important;margin-right: 0px !important;margin-bottom: 0px !important;margin-left: 0px !important;padding-top: 0px !important;padding-right: 0px !important;padding-bottom: 0px !important;padding-left: 0px !important;}&#8220;][vc_gallery interval=&#8220;3&#8243; images=&#8220;6238,6242,6246&#8243; img_size=&#8220;full&#8220;][\/vc_column][\/vc_row][vc_row css=&#8220;.vc_custom_1587388774987{padding-top: 20px !important;}&#8220;][vc_column][vc_gmaps link=&#8220;#E-8_JTNDaWZyYW1lJTIwc3JjJTNEJTIyaHR0cHMlM0ElMkYlMkZ3d3cuZ29vZ2xlLmNvbSUyRm1hcHMlMkZlbWJlZCUzRnBiJTNEJTIxMW0xOCUyMTFtMTIlMjExbTMlMjExZDYxNTkuNTU1NjAxNjQ3MDg2JTIxMmQyLjUxODcyNDk5MTEwMTM2NiUyMTNkMzkuNDc0MzQ4MjEwNzcyMTg1JTIxMm0zJTIxMWYwJTIxMmYwJTIxM2YwJTIxM20yJTIxMWkxMDI0JTIxMmk3NjglMjE0ZjEzLjElMjEzbTMlMjExbTIlMjExczB4MCUyNTNBMHg2OGVmZDA1NmNlNTZkYmUzJTIxMnNDYWxldGElMjUyMGRlJTI1MjBQb3J0YWxzJTI1MjBWZWxscyUyMTVlMCUyMTNtMiUyMTFzZXMlMjEyc2VzJTIxNHYxNTg4NjYwNTYyMTEwJTIxNW0yJTIxMXNlcyUyMTJzZXMlMjIlMjB3aWR0aCUzRCUyMjYwMCUyMiUyMGhlaWdodCUzRCUyMjQ1MCUyMiUyMGZyYW1lYm9yZGVyJTNEJTIyMCUyMiUyMHN0eWxlJTNEJTIyYm9yZGVyJTNBMCUzQiUyMiUyMGFsbG93ZnVsbHNjcmVlbiUzRCUyMiUyMiUyMGFyaWEtaGlkZGVuJTNEJTIyZmFsc2UlMjIlMjB0YWJpbmRleCUzRCUyMjAlMjIlM0UlM0MlMkZpZnJhbWUlM0U=&#8220;][\/vc_column][\/vc_row][vc_row][vc_column][vc_column_text]<\/p>\n<p>[\/vc_column_text][\/vc_column][\/vc_row][vc_row row_content_width=&#8220;grid&#8220; css=&#8220;.vc_custom_1587127080469{padding-top: 40px !important;padding-bottom: 20px !important;}&#8220;][vc_column][vc_empty_space]<div class=\"qodef-section-title-holder  qodef-st-standard qodef-st-title-left qodef-st-normal-space  \" >\n\t<div class=\"qodef-st-inner\">\n\t\t\t\t\t<h2 class=\"qodef-st-title\" >\n\t\t\t\tStr\u00e4nde in der Umgebung\t\t\t<\/h2>\n\t\t\t\t\t\t\t<h5 class=\"qodef-st-text\" >\n\t\t\t\tCala Vinyes - Sol de Mallorca - Magaluf - Palmanova - Son Caliu - Portals Vells\t\t\t<\/h5>\n\t\t\t<\/div>\n<\/div>[\/vc_column][\/vc_row][vc_row][vc_column][vc_row_inner gap=&#8220;5&#8243; css=&#8220;.vc_custom_1587126898864{margin-left: 10px !important;}&#8220;][vc_column_inner width=&#8220;1\/5&#8243;]<div class=\"qodef-banner-holder  qodef-simple qodef-banner-info-default\">\n    <div class=\"qodef-banner-image\">\n        <img decoding=\"async\" width=\"600\" height=\"600\" src=\"https:\/\/i0.wp.com\/visitcalvia.org\/wp-content\/uploads\/2020\/04\/CALA-VINYES.jpg?fit=600%2C600&amp;ssl=1\" class=\"attachment-full size-full\" alt=\"Playa de CALA VINYES , Calvi\u00e0: playas espectaculares en Mallorca\" srcset=\"https:\/\/i0.wp.com\/visitcalvia.org\/wp-content\/uploads\/2020\/04\/CALA-VINYES.jpg?w=600&amp;ssl=1 600w, https:\/\/i0.wp.com\/visitcalvia.org\/wp-content\/uploads\/2020\/04\/CALA-VINYES.jpg?resize=300%2C300&amp;ssl=1 300w, https:\/\/i0.wp.com\/visitcalvia.org\/wp-content\/uploads\/2020\/04\/CALA-VINYES.jpg?resize=150%2C150&amp;ssl=1 150w, https:\/\/i0.wp.com\/visitcalvia.org\/wp-content\/uploads\/2020\/04\/CALA-VINYES.jpg?resize=400%2C400&amp;ssl=1 400w, https:\/\/i0.wp.com\/visitcalvia.org\/wp-content\/uploads\/2020\/04\/CALA-VINYES.jpg?resize=200%2C200&amp;ssl=1 200w, https:\/\/i0.wp.com\/visitcalvia.org\/wp-content\/uploads\/2020\/04\/CALA-VINYES.jpg?resize=550%2C550&amp;ssl=1 550w, https:\/\/i0.wp.com\/visitcalvia.org\/wp-content\/uploads\/2020\/04\/CALA-VINYES.jpg?resize=100%2C100&amp;ssl=1 100w, https:\/\/i0.wp.com\/visitcalvia.org\/wp-content\/uploads\/2020\/04\/CALA-VINYES.jpg?resize=64%2C64&amp;ssl=1 64w\" sizes=\"(max-width: 600px) 100vw, 600px\" data-attachment-id=\"4161\" data-permalink=\"https:\/\/visitcalvia.org\/de\/playas\/cala-vinyes-2\/\" data-orig-file=\"https:\/\/i0.wp.com\/visitcalvia.org\/wp-content\/uploads\/2020\/04\/CALA-VINYES.jpg?fit=600%2C600&amp;ssl=1\" data-orig-size=\"600,600\" data-comments-opened=\"1\" data-image-meta=\"{&quot;aperture&quot;:&quot;0&quot;,&quot;credit&quot;:&quot;&quot;,&quot;camera&quot;:&quot;&quot;,&quot;caption&quot;:&quot;&quot;,&quot;created_timestamp&quot;:&quot;0&quot;,&quot;copyright&quot;:&quot;&quot;,&quot;focal_length&quot;:&quot;0&quot;,&quot;iso&quot;:&quot;0&quot;,&quot;shutter_speed&quot;:&quot;0&quot;,&quot;title&quot;:&quot;&quot;,&quot;orientation&quot;:&quot;0&quot;}\" data-image-title=\"CALA VINYES\" data-image-description=\"\" data-image-caption=\"\" data-large-file=\"https:\/\/i0.wp.com\/visitcalvia.org\/wp-content\/uploads\/2020\/04\/CALA-VINYES.jpg?fit=600%2C600&amp;ssl=1\" \/>    <\/div>\n    <div class=\"qodef-banner-text-holder\" >\n\t    <div class=\"qodef-banner-text-outer\">\n\t\t    <div class=\"qodef-banner-text-inner\">\n\t\t        \t\t        \t\t\t<\/div>\n\t\t<\/div>\n\t<\/div>\n\t        <a itemprop=\"url\" class=\"qodef-banner-link\" href=\"https:\/\/visitcalvia.org\/de\/strand-cala-vinyes\/\" target=\"_self\"><\/a>\n    <\/div>[\/vc_column_inner][vc_column_inner width=&#8220;1\/5&#8243;]<div class=\"qodef-banner-holder  qodef-simple qodef-banner-info-default\">\n    <div class=\"qodef-banner-image\">\n        <img decoding=\"async\" width=\"600\" height=\"600\" src=\"https:\/\/i0.wp.com\/visitcalvia.org\/wp-content\/uploads\/2020\/04\/CALA-FALCO%CC%81.jpg?fit=600%2C600&amp;ssl=1\" class=\"attachment-full size-full\" alt=\"Cala Falc\u00f3, cerca de Magaluf, una de las playas m\u00e1s espectaculares de Mallorca\" data-attachment-id=\"4160\" data-permalink=\"https:\/\/visitcalvia.org\/de\/playas\/cala-falco\/\" data-orig-file=\"https:\/\/i0.wp.com\/visitcalvia.org\/wp-content\/uploads\/2020\/04\/CALA-FALCO%CC%81.jpg?fit=600%2C600&amp;ssl=1\" data-orig-size=\"600,600\" data-comments-opened=\"1\" data-image-meta=\"{&quot;aperture&quot;:&quot;0&quot;,&quot;credit&quot;:&quot;&quot;,&quot;camera&quot;:&quot;&quot;,&quot;caption&quot;:&quot;&quot;,&quot;created_timestamp&quot;:&quot;0&quot;,&quot;copyright&quot;:&quot;&quot;,&quot;focal_length&quot;:&quot;0&quot;,&quot;iso&quot;:&quot;0&quot;,&quot;shutter_speed&quot;:&quot;0&quot;,&quot;title&quot;:&quot;&quot;,&quot;orientation&quot;:&quot;0&quot;}\" data-image-title=\"CALA FALCO\u0301\" data-image-description=\"\" data-image-caption=\"\" data-large-file=\"https:\/\/i0.wp.com\/visitcalvia.org\/wp-content\/uploads\/2020\/04\/CALA-FALCO%CC%81.jpg?fit=600%2C600&amp;ssl=1\" \/>    <\/div>\n    <div class=\"qodef-banner-text-holder\" >\n\t    <div class=\"qodef-banner-text-outer\">\n\t\t    <div class=\"qodef-banner-text-inner\">\n\t\t        \t\t        \t\t\t<\/div>\n\t\t<\/div>\n\t<\/div>\n\t        <a itemprop=\"url\" class=\"qodef-banner-link\" href=\"https:\/\/visitcalvia.org\/de\/strand-cala-falco\/\" target=\"_self\"><\/a>\n    <\/div>[\/vc_column_inner][vc_column_inner width=&#8220;1\/5&#8243;]<div class=\"qodef-banner-holder  qodef-simple qodef-banner-info-default\">\n    <div class=\"qodef-banner-image\">\n        <img decoding=\"async\" width=\"600\" height=\"600\" src=\"https:\/\/i0.wp.com\/visitcalvia.org\/wp-content\/uploads\/2020\/04\/Magaluf.jpg?fit=600%2C600&amp;ssl=1\" class=\"attachment-full size-full\" alt=\"Magaluf\" srcset=\"https:\/\/i0.wp.com\/visitcalvia.org\/wp-content\/uploads\/2020\/04\/Magaluf.jpg?w=600&amp;ssl=1 600w, https:\/\/i0.wp.com\/visitcalvia.org\/wp-content\/uploads\/2020\/04\/Magaluf.jpg?resize=300%2C300&amp;ssl=1 300w, https:\/\/i0.wp.com\/visitcalvia.org\/wp-content\/uploads\/2020\/04\/Magaluf.jpg?resize=150%2C150&amp;ssl=1 150w, https:\/\/i0.wp.com\/visitcalvia.org\/wp-content\/uploads\/2020\/04\/Magaluf.jpg?resize=400%2C400&amp;ssl=1 400w, https:\/\/i0.wp.com\/visitcalvia.org\/wp-content\/uploads\/2020\/04\/Magaluf.jpg?resize=200%2C200&amp;ssl=1 200w, https:\/\/i0.wp.com\/visitcalvia.org\/wp-content\/uploads\/2020\/04\/Magaluf.jpg?resize=550%2C550&amp;ssl=1 550w, https:\/\/i0.wp.com\/visitcalvia.org\/wp-content\/uploads\/2020\/04\/Magaluf.jpg?resize=100%2C100&amp;ssl=1 100w, https:\/\/i0.wp.com\/visitcalvia.org\/wp-content\/uploads\/2020\/04\/Magaluf.jpg?resize=64%2C64&amp;ssl=1 64w\" sizes=\"(max-width: 600px) 100vw, 600px\" data-attachment-id=\"4172\" data-permalink=\"https:\/\/visitcalvia.org\/de\/playas\/magaluf-2\/\" data-orig-file=\"https:\/\/i0.wp.com\/visitcalvia.org\/wp-content\/uploads\/2020\/04\/Magaluf.jpg?fit=600%2C600&amp;ssl=1\" data-orig-size=\"600,600\" data-comments-opened=\"1\" data-image-meta=\"{&quot;aperture&quot;:&quot;0&quot;,&quot;credit&quot;:&quot;&quot;,&quot;camera&quot;:&quot;&quot;,&quot;caption&quot;:&quot;&quot;,&quot;created_timestamp&quot;:&quot;0&quot;,&quot;copyright&quot;:&quot;&quot;,&quot;focal_length&quot;:&quot;0&quot;,&quot;iso&quot;:&quot;0&quot;,&quot;shutter_speed&quot;:&quot;0&quot;,&quot;title&quot;:&quot;&quot;,&quot;orientation&quot;:&quot;0&quot;}\" data-image-title=\"Magaluf\" data-image-description=\"\" data-image-caption=\"\" data-large-file=\"https:\/\/i0.wp.com\/visitcalvia.org\/wp-content\/uploads\/2020\/04\/Magaluf.jpg?fit=600%2C600&amp;ssl=1\" \/>    <\/div>\n    <div class=\"qodef-banner-text-holder\" >\n\t    <div class=\"qodef-banner-text-outer\">\n\t\t    <div class=\"qodef-banner-text-inner\">\n\t\t        \t\t        \t\t\t<\/div>\n\t\t<\/div>\n\t<\/div>\n\t        <a itemprop=\"url\" class=\"qodef-banner-link\" href=\"https:\/\/visitcalvia.org\/de\/strand-magaluf\/\" target=\"_blank\"><\/a>\n    <\/div>[\/vc_column_inner][vc_column_inner width=&#8220;1\/5&#8243;]<div class=\"qodef-banner-holder  qodef-simple qodef-banner-info-default\">\n    <div class=\"qodef-banner-image\">\n        <img decoding=\"async\" width=\"600\" height=\"600\" src=\"https:\/\/i0.wp.com\/visitcalvia.org\/wp-content\/uploads\/2020\/04\/Palmanova.jpg?fit=600%2C600&amp;ssl=1\" class=\"attachment-full size-full\" alt=\"Palmanova\" srcset=\"https:\/\/i0.wp.com\/visitcalvia.org\/wp-content\/uploads\/2020\/04\/Palmanova.jpg?w=600&amp;ssl=1 600w, https:\/\/i0.wp.com\/visitcalvia.org\/wp-content\/uploads\/2020\/04\/Palmanova.jpg?resize=300%2C300&amp;ssl=1 300w, https:\/\/i0.wp.com\/visitcalvia.org\/wp-content\/uploads\/2020\/04\/Palmanova.jpg?resize=150%2C150&amp;ssl=1 150w, https:\/\/i0.wp.com\/visitcalvia.org\/wp-content\/uploads\/2020\/04\/Palmanova.jpg?resize=400%2C400&amp;ssl=1 400w, https:\/\/i0.wp.com\/visitcalvia.org\/wp-content\/uploads\/2020\/04\/Palmanova.jpg?resize=200%2C200&amp;ssl=1 200w, https:\/\/i0.wp.com\/visitcalvia.org\/wp-content\/uploads\/2020\/04\/Palmanova.jpg?resize=550%2C550&amp;ssl=1 550w, https:\/\/i0.wp.com\/visitcalvia.org\/wp-content\/uploads\/2020\/04\/Palmanova.jpg?resize=100%2C100&amp;ssl=1 100w, https:\/\/i0.wp.com\/visitcalvia.org\/wp-content\/uploads\/2020\/04\/Palmanova.jpg?resize=64%2C64&amp;ssl=1 64w\" sizes=\"(max-width: 600px) 100vw, 600px\" data-attachment-id=\"4189\" data-permalink=\"https:\/\/visitcalvia.org\/de\/playas\/palmanova-2\/\" data-orig-file=\"https:\/\/i0.wp.com\/visitcalvia.org\/wp-content\/uploads\/2020\/04\/Palmanova.jpg?fit=600%2C600&amp;ssl=1\" data-orig-size=\"600,600\" data-comments-opened=\"1\" data-image-meta=\"{&quot;aperture&quot;:&quot;0&quot;,&quot;credit&quot;:&quot;&quot;,&quot;camera&quot;:&quot;&quot;,&quot;caption&quot;:&quot;&quot;,&quot;created_timestamp&quot;:&quot;0&quot;,&quot;copyright&quot;:&quot;&quot;,&quot;focal_length&quot;:&quot;0&quot;,&quot;iso&quot;:&quot;0&quot;,&quot;shutter_speed&quot;:&quot;0&quot;,&quot;title&quot;:&quot;&quot;,&quot;orientation&quot;:&quot;0&quot;}\" data-image-title=\"Palmanova\" data-image-description=\"\" data-image-caption=\"\" data-large-file=\"https:\/\/i0.wp.com\/visitcalvia.org\/wp-content\/uploads\/2020\/04\/Palmanova.jpg?fit=600%2C600&amp;ssl=1\" \/>    <\/div>\n    <div class=\"qodef-banner-text-holder\" >\n\t    <div class=\"qodef-banner-text-outer\">\n\t\t    <div class=\"qodef-banner-text-inner\">\n\t\t        \t\t        \t\t\t<\/div>\n\t\t<\/div>\n\t<\/div>\n\t        <a itemprop=\"url\" class=\"qodef-banner-link\" href=\"https:\/\/visitcalvia.org\/de\/strand-palmanova\/\" target=\"_blank\"><\/a>\n    <\/div>[\/vc_column_inner][vc_column_inner width=&#8220;1\/5&#8243;]<div class=\"qodef-banner-holder  qodef-simple qodef-banner-info-default\">\n    <div class=\"qodef-banner-image\">\n        <img decoding=\"async\" width=\"600\" height=\"600\" src=\"https:\/\/i0.wp.com\/visitcalvia.org\/wp-content\/uploads\/2020\/04\/ES-CARREGADOR.jpg?fit=600%2C600&amp;ssl=1\" class=\"attachment-full size-full\" alt=\"ES CARREGADOR\" srcset=\"https:\/\/i0.wp.com\/visitcalvia.org\/wp-content\/uploads\/2020\/04\/ES-CARREGADOR.jpg?w=600&amp;ssl=1 600w, https:\/\/i0.wp.com\/visitcalvia.org\/wp-content\/uploads\/2020\/04\/ES-CARREGADOR.jpg?resize=300%2C300&amp;ssl=1 300w, https:\/\/i0.wp.com\/visitcalvia.org\/wp-content\/uploads\/2020\/04\/ES-CARREGADOR.jpg?resize=150%2C150&amp;ssl=1 150w, https:\/\/i0.wp.com\/visitcalvia.org\/wp-content\/uploads\/2020\/04\/ES-CARREGADOR.jpg?resize=400%2C400&amp;ssl=1 400w, https:\/\/i0.wp.com\/visitcalvia.org\/wp-content\/uploads\/2020\/04\/ES-CARREGADOR.jpg?resize=200%2C200&amp;ssl=1 200w, https:\/\/i0.wp.com\/visitcalvia.org\/wp-content\/uploads\/2020\/04\/ES-CARREGADOR.jpg?resize=550%2C550&amp;ssl=1 550w, https:\/\/i0.wp.com\/visitcalvia.org\/wp-content\/uploads\/2020\/04\/ES-CARREGADOR.jpg?resize=100%2C100&amp;ssl=1 100w, https:\/\/i0.wp.com\/visitcalvia.org\/wp-content\/uploads\/2020\/04\/ES-CARREGADOR.jpg?resize=64%2C64&amp;ssl=1 64w\" sizes=\"(max-width: 600px) 100vw, 600px\" data-attachment-id=\"4188\" data-permalink=\"https:\/\/visitcalvia.org\/de\/playas\/es-carregador\/\" data-orig-file=\"https:\/\/i0.wp.com\/visitcalvia.org\/wp-content\/uploads\/2020\/04\/ES-CARREGADOR.jpg?fit=600%2C600&amp;ssl=1\" data-orig-size=\"600,600\" data-comments-opened=\"1\" data-image-meta=\"{&quot;aperture&quot;:&quot;0&quot;,&quot;credit&quot;:&quot;&quot;,&quot;camera&quot;:&quot;&quot;,&quot;caption&quot;:&quot;&quot;,&quot;created_timestamp&quot;:&quot;0&quot;,&quot;copyright&quot;:&quot;&quot;,&quot;focal_length&quot;:&quot;0&quot;,&quot;iso&quot;:&quot;0&quot;,&quot;shutter_speed&quot;:&quot;0&quot;,&quot;title&quot;:&quot;&quot;,&quot;orientation&quot;:&quot;0&quot;}\" data-image-title=\"ES CARREGADOR\" data-image-description=\"\" data-image-caption=\"\" data-large-file=\"https:\/\/i0.wp.com\/visitcalvia.org\/wp-content\/uploads\/2020\/04\/ES-CARREGADOR.jpg?fit=600%2C600&amp;ssl=1\" \/>    <\/div>\n    <div class=\"qodef-banner-text-holder\" >\n\t    <div class=\"qodef-banner-text-outer\">\n\t\t    <div class=\"qodef-banner-text-inner\">\n\t\t        \t\t        \t\t\t<\/div>\n\t\t<\/div>\n\t<\/div>\n\t        <a itemprop=\"url\" class=\"qodef-banner-link\" href=\"https:\/\/visitcalvia.org\/de\/strand-es-carregador\/\" target=\"_blank\"><\/a>\n    <\/div>[\/vc_column_inner][\/vc_row_inner][vc_empty_space][vc_row_inner gap=&#8220;5&#8243; css=&#8220;.vc_custom_1587126913960{margin-left: 10px !important;}&#8220;][vc_column_inner width=&#8220;1\/5&#8243;]<div class=\"qodef-banner-holder  qodef-simple qodef-banner-info-default\">\n    <div class=\"qodef-banner-image\">\n        <img decoding=\"async\" width=\"600\" height=\"600\" src=\"https:\/\/i0.wp.com\/visitcalvia.org\/wp-content\/uploads\/2020\/06\/Playa-del-mago.jpg?fit=600%2C600&amp;ssl=1\" class=\"attachment-full size-full\" alt=\"Playa de aguas turquesas en Portals Vells. Calvi\u00e0: playas espectaculares en Mallorca\" srcset=\"https:\/\/i0.wp.com\/visitcalvia.org\/wp-content\/uploads\/2020\/06\/Playa-del-mago.jpg?w=600&amp;ssl=1 600w, https:\/\/i0.wp.com\/visitcalvia.org\/wp-content\/uploads\/2020\/06\/Playa-del-mago.jpg?resize=300%2C300&amp;ssl=1 300w, https:\/\/i0.wp.com\/visitcalvia.org\/wp-content\/uploads\/2020\/06\/Playa-del-mago.jpg?resize=150%2C150&amp;ssl=1 150w, https:\/\/i0.wp.com\/visitcalvia.org\/wp-content\/uploads\/2020\/06\/Playa-del-mago.jpg?resize=400%2C400&amp;ssl=1 400w, https:\/\/i0.wp.com\/visitcalvia.org\/wp-content\/uploads\/2020\/06\/Playa-del-mago.jpg?resize=200%2C200&amp;ssl=1 200w, https:\/\/i0.wp.com\/visitcalvia.org\/wp-content\/uploads\/2020\/06\/Playa-del-mago.jpg?resize=550%2C550&amp;ssl=1 550w, https:\/\/i0.wp.com\/visitcalvia.org\/wp-content\/uploads\/2020\/06\/Playa-del-mago.jpg?resize=50%2C50&amp;ssl=1 50w, https:\/\/i0.wp.com\/visitcalvia.org\/wp-content\/uploads\/2020\/06\/Playa-del-mago.jpg?resize=500%2C500&amp;ssl=1 500w, https:\/\/i0.wp.com\/visitcalvia.org\/wp-content\/uploads\/2020\/06\/Playa-del-mago.jpg?resize=100%2C100&amp;ssl=1 100w, https:\/\/i0.wp.com\/visitcalvia.org\/wp-content\/uploads\/2020\/06\/Playa-del-mago.jpg?resize=64%2C64&amp;ssl=1 64w\" sizes=\"(max-width: 600px) 100vw, 600px\" data-attachment-id=\"9880\" data-permalink=\"https:\/\/visitcalvia.org\/de\/playas\/playa-del-mago\/\" data-orig-file=\"https:\/\/i0.wp.com\/visitcalvia.org\/wp-content\/uploads\/2020\/06\/Playa-del-mago.jpg?fit=600%2C600&amp;ssl=1\" data-orig-size=\"600,600\" data-comments-opened=\"1\" data-image-meta=\"{&quot;aperture&quot;:&quot;0&quot;,&quot;credit&quot;:&quot;&quot;,&quot;camera&quot;:&quot;&quot;,&quot;caption&quot;:&quot;&quot;,&quot;created_timestamp&quot;:&quot;0&quot;,&quot;copyright&quot;:&quot;&quot;,&quot;focal_length&quot;:&quot;0&quot;,&quot;iso&quot;:&quot;0&quot;,&quot;shutter_speed&quot;:&quot;0&quot;,&quot;title&quot;:&quot;&quot;,&quot;orientation&quot;:&quot;0&quot;}\" data-image-title=\"Playa del mago\" data-image-description=\"\" data-image-caption=\"\" data-large-file=\"https:\/\/i0.wp.com\/visitcalvia.org\/wp-content\/uploads\/2020\/06\/Playa-del-mago.jpg?fit=600%2C600&amp;ssl=1\" \/>    <\/div>\n    <div class=\"qodef-banner-text-holder\" >\n\t    <div class=\"qodef-banner-text-outer\">\n\t\t    <div class=\"qodef-banner-text-inner\">\n\t\t        \t\t        \t\t\t<\/div>\n\t\t<\/div>\n\t<\/div>\n\t        <a itemprop=\"url\" class=\"qodef-banner-link\" href=\"https:\/\/visitcalvia.org\/de\/strand-del-mago-strand-portals-vells-ii\/\" target=\"_self\"><\/a>\n    <\/div>[\/vc_column_inner][vc_column_inner width=&#8220;1\/5&#8243;]<div class=\"qodef-banner-holder  qodef-simple qodef-banner-info-default\">\n    <div class=\"qodef-banner-image\">\n        <img decoding=\"async\" width=\"600\" height=\"600\" src=\"https:\/\/i0.wp.com\/visitcalvia.org\/wp-content\/uploads\/2020\/06\/playa-del-rey.jpg?fit=600%2C600&amp;ssl=1\" class=\"attachment-full size-full\" alt=\"Playa de Portals Vells en Calvi\u00e0: playas espectaculares en Mallorca\" srcset=\"https:\/\/i0.wp.com\/visitcalvia.org\/wp-content\/uploads\/2020\/06\/playa-del-rey.jpg?w=600&amp;ssl=1 600w, https:\/\/i0.wp.com\/visitcalvia.org\/wp-content\/uploads\/2020\/06\/playa-del-rey.jpg?resize=300%2C300&amp;ssl=1 300w, https:\/\/i0.wp.com\/visitcalvia.org\/wp-content\/uploads\/2020\/06\/playa-del-rey.jpg?resize=150%2C150&amp;ssl=1 150w, https:\/\/i0.wp.com\/visitcalvia.org\/wp-content\/uploads\/2020\/06\/playa-del-rey.jpg?resize=400%2C400&amp;ssl=1 400w, https:\/\/i0.wp.com\/visitcalvia.org\/wp-content\/uploads\/2020\/06\/playa-del-rey.jpg?resize=200%2C200&amp;ssl=1 200w, https:\/\/i0.wp.com\/visitcalvia.org\/wp-content\/uploads\/2020\/06\/playa-del-rey.jpg?resize=550%2C550&amp;ssl=1 550w, https:\/\/i0.wp.com\/visitcalvia.org\/wp-content\/uploads\/2020\/06\/playa-del-rey.jpg?resize=50%2C50&amp;ssl=1 50w, https:\/\/i0.wp.com\/visitcalvia.org\/wp-content\/uploads\/2020\/06\/playa-del-rey.jpg?resize=500%2C500&amp;ssl=1 500w, https:\/\/i0.wp.com\/visitcalvia.org\/wp-content\/uploads\/2020\/06\/playa-del-rey.jpg?resize=100%2C100&amp;ssl=1 100w, https:\/\/i0.wp.com\/visitcalvia.org\/wp-content\/uploads\/2020\/06\/playa-del-rey.jpg?resize=64%2C64&amp;ssl=1 64w\" sizes=\"(max-width: 600px) 100vw, 600px\" data-attachment-id=\"9886\" data-permalink=\"https:\/\/visitcalvia.org\/de\/playas\/playa-del-rey\/\" data-orig-file=\"https:\/\/i0.wp.com\/visitcalvia.org\/wp-content\/uploads\/2020\/06\/playa-del-rey.jpg?fit=600%2C600&amp;ssl=1\" data-orig-size=\"600,600\" data-comments-opened=\"1\" data-image-meta=\"{&quot;aperture&quot;:&quot;0&quot;,&quot;credit&quot;:&quot;&quot;,&quot;camera&quot;:&quot;&quot;,&quot;caption&quot;:&quot;&quot;,&quot;created_timestamp&quot;:&quot;0&quot;,&quot;copyright&quot;:&quot;&quot;,&quot;focal_length&quot;:&quot;0&quot;,&quot;iso&quot;:&quot;0&quot;,&quot;shutter_speed&quot;:&quot;0&quot;,&quot;title&quot;:&quot;&quot;,&quot;orientation&quot;:&quot;0&quot;}\" data-image-title=\"playa del rey\" data-image-description=\"\" data-image-caption=\"\" data-large-file=\"https:\/\/i0.wp.com\/visitcalvia.org\/wp-content\/uploads\/2020\/06\/playa-del-rey.jpg?fit=600%2C600&amp;ssl=1\" \/>    <\/div>\n    <div class=\"qodef-banner-text-holder\" >\n\t    <div class=\"qodef-banner-text-outer\">\n\t\t    <div class=\"qodef-banner-text-inner\">\n\t\t        \t\t        \t\t\t<\/div>\n\t\t<\/div>\n\t<\/div>\n\t        <a itemprop=\"url\" class=\"qodef-banner-link\" href=\"https:\/\/visitcalvia.org\/de\/strand-rey-strand-portals-vells-iii\/\" target=\"_self\"><\/a>\n    <\/div>[\/vc_column_inner][vc_column_inner width=&#8220;1\/5&#8243;]<div class=\"qodef-banner-holder  qodef-simple qodef-banner-info-default\">\n    <div class=\"qodef-banner-image\">\n        <img decoding=\"async\" width=\"600\" height=\"600\" src=\"https:\/\/i0.wp.com\/visitcalvia.org\/wp-content\/uploads\/2020\/04\/Son-Caliu.jpg?fit=600%2C600&amp;ssl=1\" class=\"attachment-full size-full\" alt=\"Son Caliu\" srcset=\"https:\/\/i0.wp.com\/visitcalvia.org\/wp-content\/uploads\/2020\/04\/Son-Caliu.jpg?w=600&amp;ssl=1 600w, https:\/\/i0.wp.com\/visitcalvia.org\/wp-content\/uploads\/2020\/04\/Son-Caliu.jpg?resize=300%2C300&amp;ssl=1 300w, https:\/\/i0.wp.com\/visitcalvia.org\/wp-content\/uploads\/2020\/04\/Son-Caliu.jpg?resize=150%2C150&amp;ssl=1 150w, https:\/\/i0.wp.com\/visitcalvia.org\/wp-content\/uploads\/2020\/04\/Son-Caliu.jpg?resize=400%2C400&amp;ssl=1 400w, https:\/\/i0.wp.com\/visitcalvia.org\/wp-content\/uploads\/2020\/04\/Son-Caliu.jpg?resize=200%2C200&amp;ssl=1 200w, https:\/\/i0.wp.com\/visitcalvia.org\/wp-content\/uploads\/2020\/04\/Son-Caliu.jpg?resize=550%2C550&amp;ssl=1 550w, https:\/\/i0.wp.com\/visitcalvia.org\/wp-content\/uploads\/2020\/04\/Son-Caliu.jpg?resize=100%2C100&amp;ssl=1 100w, https:\/\/i0.wp.com\/visitcalvia.org\/wp-content\/uploads\/2020\/04\/Son-Caliu.jpg?resize=64%2C64&amp;ssl=1 64w\" sizes=\"(max-width: 600px) 100vw, 600px\" data-attachment-id=\"4191\" data-permalink=\"https:\/\/visitcalvia.org\/de\/playas\/son-caliu\/\" data-orig-file=\"https:\/\/i0.wp.com\/visitcalvia.org\/wp-content\/uploads\/2020\/04\/Son-Caliu.jpg?fit=600%2C600&amp;ssl=1\" data-orig-size=\"600,600\" data-comments-opened=\"1\" data-image-meta=\"{&quot;aperture&quot;:&quot;0&quot;,&quot;credit&quot;:&quot;&quot;,&quot;camera&quot;:&quot;&quot;,&quot;caption&quot;:&quot;&quot;,&quot;created_timestamp&quot;:&quot;0&quot;,&quot;copyright&quot;:&quot;&quot;,&quot;focal_length&quot;:&quot;0&quot;,&quot;iso&quot;:&quot;0&quot;,&quot;shutter_speed&quot;:&quot;0&quot;,&quot;title&quot;:&quot;&quot;,&quot;orientation&quot;:&quot;0&quot;}\" data-image-title=\"Son Caliu\" data-image-description=\"\" data-image-caption=\"\" data-large-file=\"https:\/\/i0.wp.com\/visitcalvia.org\/wp-content\/uploads\/2020\/04\/Son-Caliu.jpg?fit=600%2C600&amp;ssl=1\" \/>    <\/div>\n    <div class=\"qodef-banner-text-holder\" >\n\t    <div class=\"qodef-banner-text-outer\">\n\t\t    <div class=\"qodef-banner-text-inner\">\n\t\t        \t\t        \t\t\t<\/div>\n\t\t<\/div>\n\t<\/div>\n\t        <a itemprop=\"url\" class=\"qodef-banner-link\" href=\"https:\/\/visitcalvia.org\/de\/strand-son-caliu\/\" target=\"_self\"><\/a>\n    <\/div>[\/vc_column_inner][vc_column_inner width=&#8220;1\/5&#8243;]<div class=\"qodef-banner-holder  qodef-simple qodef-banner-info-default\">\n    <div class=\"qodef-banner-image\">\n        <img decoding=\"async\" width=\"600\" height=\"600\" src=\"https:\/\/i0.wp.com\/visitcalvia.org\/wp-content\/uploads\/2020\/04\/Son-mati%CC%81es.jpg?fit=600%2C600&amp;ssl=1\" class=\"attachment-full size-full\" alt=\"Son mati\u0301es\" data-attachment-id=\"4190\" data-permalink=\"https:\/\/visitcalvia.org\/de\/playas\/son-maties\/\" data-orig-file=\"https:\/\/i0.wp.com\/visitcalvia.org\/wp-content\/uploads\/2020\/04\/Son-mati%CC%81es.jpg?fit=600%2C600&amp;ssl=1\" data-orig-size=\"600,600\" data-comments-opened=\"1\" data-image-meta=\"{&quot;aperture&quot;:&quot;0&quot;,&quot;credit&quot;:&quot;&quot;,&quot;camera&quot;:&quot;&quot;,&quot;caption&quot;:&quot;&quot;,&quot;created_timestamp&quot;:&quot;0&quot;,&quot;copyright&quot;:&quot;&quot;,&quot;focal_length&quot;:&quot;0&quot;,&quot;iso&quot;:&quot;0&quot;,&quot;shutter_speed&quot;:&quot;0&quot;,&quot;title&quot;:&quot;&quot;,&quot;orientation&quot;:&quot;0&quot;}\" data-image-title=\"Son mati\u0301es\" data-image-description=\"\" data-image-caption=\"\" data-large-file=\"https:\/\/i0.wp.com\/visitcalvia.org\/wp-content\/uploads\/2020\/04\/Son-mati%CC%81es.jpg?fit=600%2C600&amp;ssl=1\" \/>    <\/div>\n    <div class=\"qodef-banner-text-holder\" >\n\t    <div class=\"qodef-banner-text-outer\">\n\t\t    <div class=\"qodef-banner-text-inner\">\n\t\t        \t\t        \t\t\t<\/div>\n\t\t<\/div>\n\t<\/div>\n\t        <a itemprop=\"url\" class=\"qodef-banner-link\" href=\"https:\/\/visitcalvia.org\/de\/strand-son-maties\/\" target=\"_self\"><\/a>\n    <\/div>[\/vc_column_inner][vc_column_inner width=&#8220;1\/5&#8243;][\/vc_column_inner][\/vc_row_inner][\/vc_column][\/vc_row][vc_row][vc_column][vc_empty_space][vc_video link=&#8220;<a href=\"https:\/\/youtu.be\/UqE1etkov2w&#038;#8220\" rel=\"nofollow\">https:\/\/youtu.be\/UqE1etkov2w&#038;#8220<\/a>; align=&#8220;center&#8220;][\/vc_column][\/vc_row]<\/p>\n<\/div>","protected":false},"excerpt":{"rendered":"<p>[vc_row content_placement=&#8220;middle&#8220; content_text_aligment=&#8220;center&#8220; css=&#8220;.vc_custom_1588930542564{padding-top: 81px !important;background-image: url(<a href=\"https:\/\/visitcalvia.org\/wp-content\/uploads\/2020\/05\/portada-PORTALS-VELLS-I.jpg?id=6231\">https:\/\/visitcalvia.org\/wp-content\/uploads\/2020\/05\/portada-PORTALS-VELLS-I.jpg?id=6231<\/a>) !important;background-position: center !important;background-repeat: no-repeat !important;background-size: cover !important;}&#8220; simple_background_color=&#8220;#ffffff&#8220;][vc_column][\/vc_column][\/vc_row][vc_row full_width=&#8220;stretch_row&#8220; css=&#8220;.vc_custom_1738054147413{background-color: #9bc535 !important;}&#8220;][vc_column][vc_row_inner row_content_width=&#8220;grid&#8220;][vc_column_inner width=&#8220;1\/2&#8243;][vc_empty_space height=&#8220;10px&#8220;][\/vc_column_inner][vc_column_inner width=&#8220;1\/2&#8243;][vc_empty_space height=&#8220;7px&#8220;][vc_empty_space height=&#8220;7px&#8220;][\/vc_column_inner][\/vc_row_inner][vc_empty_space height=&#8220;20px&#8220;][\/vc_column][\/vc_row][vc_row row_content_width=&#8220;grid&#8220; css=&#8220;.vc_custom_1587458275105{margin-top: 35px !important;padding-bottom: 30px !important;}&#8220;][vc_column][vc_column_text]Der spektakul\u00e4re Strand Portals Vells auf Mallorca oder Sa Caleta ist eine naturbelassene Umgebung von unglaublicher Sch\u00f6nheit und landschaftlicher Bedeutung. Dieses Naturwunder befindet [&hellip;]<\/p>\n","protected":false},"author":182516946,"featured_media":6246,"parent":0,"menu_order":0,"comment_status":"closed","ping_status":"closed","template":"full-width.php","meta":{"_coblocks_attr":"","_coblocks_dimensions":"","_coblocks_responsive_height":"","_coblocks_accordion_ie_support":"","_crdt_document":"","footnotes":""},"class_list":["post-13267","page","type-page","status-publish","has-post-thumbnail","hentry"],"yoast_head":"<!-- This site is optimized with the Yoast SEO plugin v27.5 - https:\/\/yoast.com\/product\/yoast-seo-wordpress\/ -->\n<title>Playa Portals Vells - Mallorca . Entorno espectaular, 3 playas y cuevas<\/title>\n<meta name=\"description\" content=\"Descubre la Playa Portals Vells - Mallorca . Un entorno natural espectacular y de alto inter\u00e9s paisaj\u00edstico. Tres playas, calas, impresionantes cuevas...\" \/>\n<meta name=\"robots\" content=\"index, follow, max-snippet:-1, max-image-preview:large, max-video-preview:-1\" \/>\n<link rel=\"canonical\" href=\"https:\/\/visitcalvia.org\/de\/strand-portals-vells-i\/\" \/>\n<meta property=\"og:locale\" content=\"de_DE\" \/>\n<meta property=\"og:type\" content=\"article\" \/>\n<meta property=\"og:title\" content=\"Playa Portals Vells - Mallorca . Entorno espectaular, 3 playas y cuevas\" \/>\n<meta property=\"og:description\" content=\"Descubre la Playa Portals Vells - Mallorca . Un entorno natural espectacular y de alto inter\u00e9s paisaj\u00edstico. Tres playas, calas, impresionantes cuevas...\" \/>\n<meta property=\"og:url\" content=\"https:\/\/visitcalvia.org\/de\/strand-portals-vells-i\/\" \/>\n<meta property=\"og:site_name\" content=\"visitcalvia\" \/>\n<meta property=\"article:modified_time\" content=\"2025-07-04T10:50:38+00:00\" \/>\n<meta property=\"og:image\" content=\"https:\/\/visitcalvia.org\/wp-content\/uploads\/2020\/05\/PORTALS-VELLS-I-PORTALS-VELLS.png\" \/>\n\t<meta property=\"og:image:width\" content=\"855\" \/>\n\t<meta property=\"og:image:height\" content=\"575\" \/>\n\t<meta property=\"og:image:type\" content=\"image\/png\" \/>\n<meta name=\"twitter:card\" content=\"summary_large_image\" \/>\n<meta name=\"twitter:label1\" content=\"Gesch\u00e4tzte Lesezeit\" \/>\n\t<meta name=\"twitter:data1\" content=\"4\u00a0Minuten\" \/>\n<script type=\"application\/ld+json\" class=\"yoast-schema-graph\">{\"@context\":\"https:\\\/\\\/schema.org\",\"@graph\":[{\"@type\":\"WebPage\",\"@id\":\"https:\\\/\\\/visitcalvia.org\\\/de\\\/strand-portals-vells-i\\\/\",\"url\":\"https:\\\/\\\/visitcalvia.org\\\/de\\\/strand-portals-vells-i\\\/\",\"name\":\"Playa Portals Vells - Mallorca . Entorno espectaular, 3 playas y cuevas\",\"isPartOf\":{\"@id\":\"https:\\\/\\\/visitcalvia.org\\\/de\\\/#website\"},\"primaryImageOfPage\":{\"@id\":\"https:\\\/\\\/visitcalvia.org\\\/de\\\/strand-portals-vells-i\\\/#primaryimage\"},\"image\":{\"@id\":\"https:\\\/\\\/visitcalvia.org\\\/de\\\/strand-portals-vells-i\\\/#primaryimage\"},\"thumbnailUrl\":\"https:\\\/\\\/i0.wp.com\\\/visitcalvia.org\\\/wp-content\\\/uploads\\\/2020\\\/05\\\/PORTALS-VELLS-I-PORTALS-VELLS.png?fit=855%2C575&ssl=1\",\"datePublished\":\"2020-05-05T06:27:34+00:00\",\"dateModified\":\"2025-07-04T10:50:38+00:00\",\"description\":\"Descubre la Playa Portals Vells - Mallorca . Un entorno natural espectacular y de alto inter\u00e9s paisaj\u00edstico. Tres playas, calas, impresionantes cuevas...\",\"breadcrumb\":{\"@id\":\"https:\\\/\\\/visitcalvia.org\\\/de\\\/strand-portals-vells-i\\\/#breadcrumb\"},\"inLanguage\":\"de\",\"potentialAction\":[{\"@type\":\"ReadAction\",\"target\":[\"https:\\\/\\\/visitcalvia.org\\\/de\\\/strand-portals-vells-i\\\/\"]}]},{\"@type\":\"ImageObject\",\"inLanguage\":\"de\",\"@id\":\"https:\\\/\\\/visitcalvia.org\\\/de\\\/strand-portals-vells-i\\\/#primaryimage\",\"url\":\"https:\\\/\\\/i0.wp.com\\\/visitcalvia.org\\\/wp-content\\\/uploads\\\/2020\\\/05\\\/PORTALS-VELLS-I-PORTALS-VELLS.png?fit=855%2C575&ssl=1\",\"contentUrl\":\"https:\\\/\\\/i0.wp.com\\\/visitcalvia.org\\\/wp-content\\\/uploads\\\/2020\\\/05\\\/PORTALS-VELLS-I-PORTALS-VELLS.png?fit=855%2C575&ssl=1\",\"width\":855,\"height\":575,\"caption\":\"PORTALS VELLS I\"},{\"@type\":\"BreadcrumbList\",\"@id\":\"https:\\\/\\\/visitcalvia.org\\\/de\\\/strand-portals-vells-i\\\/#breadcrumb\",\"itemListElement\":[{\"@type\":\"ListItem\",\"position\":1,\"name\":\"Portada\",\"item\":\"https:\\\/\\\/visitcalvia.org\\\/de\\\/\"},{\"@type\":\"ListItem\",\"position\":2,\"name\":\"Strand Portals Vells I\"}]},{\"@type\":\"WebSite\",\"@id\":\"https:\\\/\\\/visitcalvia.org\\\/de\\\/#website\",\"url\":\"https:\\\/\\\/visitcalvia.org\\\/de\\\/\",\"name\":\"visitcalvia\",\"description\":\"Vacaciones en Mallorca \u2013 Calvi\u00e0 m\u00faltiples destinos en uno s\u00f3lo lugar. Palmanova, Santa Pon\u00e7a, Magaluf, Peguera, Portals Nous, Costa d\u2019en Blanes, Cala Vinyes\",\"potentialAction\":[{\"@type\":\"SearchAction\",\"target\":{\"@type\":\"EntryPoint\",\"urlTemplate\":\"https:\\\/\\\/visitcalvia.org\\\/de\\\/?s={search_term_string}\"},\"query-input\":{\"@type\":\"PropertyValueSpecification\",\"valueRequired\":true,\"valueName\":\"search_term_string\"}}],\"inLanguage\":\"de\"}]}<\/script>\n<!-- \/ Yoast SEO plugin. -->","yoast_head_json":{"title":"Playa Portals Vells - Mallorca . Entorno espectaular, 3 playas y cuevas","description":"Descubre la Playa Portals Vells - Mallorca . Un entorno natural espectacular y de alto inter\u00e9s paisaj\u00edstico. Tres playas, calas, impresionantes cuevas...","robots":{"index":"index","follow":"follow","max-snippet":"max-snippet:-1","max-image-preview":"max-image-preview:large","max-video-preview":"max-video-preview:-1"},"canonical":"https:\/\/visitcalvia.org\/de\/strand-portals-vells-i\/","og_locale":"de_DE","og_type":"article","og_title":"Playa Portals Vells - Mallorca . Entorno espectaular, 3 playas y cuevas","og_description":"Descubre la Playa Portals Vells - Mallorca . Un entorno natural espectacular y de alto inter\u00e9s paisaj\u00edstico. Tres playas, calas, impresionantes cuevas...","og_url":"https:\/\/visitcalvia.org\/de\/strand-portals-vells-i\/","og_site_name":"visitcalvia","article_modified_time":"2025-07-04T10:50:38+00:00","og_image":[{"width":855,"height":575,"url":"https:\/\/visitcalvia.org\/wp-content\/uploads\/2020\/05\/PORTALS-VELLS-I-PORTALS-VELLS.png","type":"image\/png"}],"twitter_card":"summary_large_image","twitter_misc":{"Gesch\u00e4tzte Lesezeit":"4\u00a0Minuten"},"schema":{"@context":"https:\/\/schema.org","@graph":[{"@type":"WebPage","@id":"https:\/\/visitcalvia.org\/de\/strand-portals-vells-i\/","url":"https:\/\/visitcalvia.org\/de\/strand-portals-vells-i\/","name":"Playa Portals Vells - Mallorca . Entorno espectaular, 3 playas y cuevas","isPartOf":{"@id":"https:\/\/visitcalvia.org\/de\/#website"},"primaryImageOfPage":{"@id":"https:\/\/visitcalvia.org\/de\/strand-portals-vells-i\/#primaryimage"},"image":{"@id":"https:\/\/visitcalvia.org\/de\/strand-portals-vells-i\/#primaryimage"},"thumbnailUrl":"https:\/\/i0.wp.com\/visitcalvia.org\/wp-content\/uploads\/2020\/05\/PORTALS-VELLS-I-PORTALS-VELLS.png?fit=855%2C575&ssl=1","datePublished":"2020-05-05T06:27:34+00:00","dateModified":"2025-07-04T10:50:38+00:00","description":"Descubre la Playa Portals Vells - Mallorca . Un entorno natural espectacular y de alto inter\u00e9s paisaj\u00edstico. Tres playas, calas, impresionantes cuevas...","breadcrumb":{"@id":"https:\/\/visitcalvia.org\/de\/strand-portals-vells-i\/#breadcrumb"},"inLanguage":"de","potentialAction":[{"@type":"ReadAction","target":["https:\/\/visitcalvia.org\/de\/strand-portals-vells-i\/"]}]},{"@type":"ImageObject","inLanguage":"de","@id":"https:\/\/visitcalvia.org\/de\/strand-portals-vells-i\/#primaryimage","url":"https:\/\/i0.wp.com\/visitcalvia.org\/wp-content\/uploads\/2020\/05\/PORTALS-VELLS-I-PORTALS-VELLS.png?fit=855%2C575&ssl=1","contentUrl":"https:\/\/i0.wp.com\/visitcalvia.org\/wp-content\/uploads\/2020\/05\/PORTALS-VELLS-I-PORTALS-VELLS.png?fit=855%2C575&ssl=1","width":855,"height":575,"caption":"PORTALS VELLS I"},{"@type":"BreadcrumbList","@id":"https:\/\/visitcalvia.org\/de\/strand-portals-vells-i\/#breadcrumb","itemListElement":[{"@type":"ListItem","position":1,"name":"Portada","item":"https:\/\/visitcalvia.org\/de\/"},{"@type":"ListItem","position":2,"name":"Strand Portals Vells I"}]},{"@type":"WebSite","@id":"https:\/\/visitcalvia.org\/de\/#website","url":"https:\/\/visitcalvia.org\/de\/","name":"visitcalvia","description":"Vacaciones en Mallorca \u2013 Calvi\u00e0 m\u00faltiples destinos en uno s\u00f3lo lugar. Palmanova, Santa Pon\u00e7a, Magaluf, Peguera, Portals Nous, Costa d\u2019en Blanes, Cala Vinyes","potentialAction":[{"@type":"SearchAction","target":{"@type":"EntryPoint","urlTemplate":"https:\/\/visitcalvia.org\/de\/?s={search_term_string}"},"query-input":{"@type":"PropertyValueSpecification","valueRequired":true,"valueName":"search_term_string"}}],"inLanguage":"de"}]}},"jetpack_likes_enabled":false,"jetpack_sharing_enabled":false,"jetpack_shortlink":"https:\/\/wp.me\/PbP1bo-3rZ","amp_enabled":false,"_links":{"self":[{"href":"https:\/\/visitcalvia.org\/de\/wp-json\/wp\/v2\/pages\/13267","targetHints":{"allow":["GET"]}}],"collection":[{"href":"https:\/\/visitcalvia.org\/de\/wp-json\/wp\/v2\/pages"}],"about":[{"href":"https:\/\/visitcalvia.org\/de\/wp-json\/wp\/v2\/types\/page"}],"author":[{"embeddable":true,"href":"https:\/\/visitcalvia.org\/de\/wp-json\/wp\/v2\/users\/182516946"}],"replies":[{"embeddable":true,"href":"https:\/\/visitcalvia.org\/de\/wp-json\/wp\/v2\/comments?post=13267"}],"version-history":[{"count":13,"href":"https:\/\/visitcalvia.org\/de\/wp-json\/wp\/v2\/pages\/13267\/revisions"}],"predecessor-version":[{"id":29089,"href":"https:\/\/visitcalvia.org\/de\/wp-json\/wp\/v2\/pages\/13267\/revisions\/29089"}],"wp:featuredmedia":[{"embeddable":true,"href":"https:\/\/visitcalvia.org\/de\/wp-json\/wp\/v2\/media\/6246"}],"wp:attachment":[{"href":"https:\/\/visitcalvia.org\/de\/wp-json\/wp\/v2\/media?parent=13267"}],"curies":[{"name":"wp","href":"https:\/\/api.w.org\/{rel}","templated":true}]}}