{"id":13306,"date":"2020-04-23T12:20:16","date_gmt":"2020-04-23T10:20:16","guid":{"rendered":"https:\/\/visitcalvia.org\/senderismo\/"},"modified":"2023-01-26T13:34:37","modified_gmt":"2023-01-26T12:34:37","slug":"wandern","status":"publish","type":"page","link":"https:\/\/visitcalvia.org\/de\/wandern\/","title":{"rendered":"Wandern"},"content":{"rendered":"<div class=\"wpb-content-wrapper\"><p>[vc_row css=&#8220;.vc_custom_1674569590312{background-image: url(<a href=\"https:\/\/visitcalvia.org\/wp-content\/uploads\/2020\/05\/Banner-senderismo.jpg?id=5705\">https:\/\/visitcalvia.org\/wp-content\/uploads\/2020\/05\/Banner-senderismo.jpg?id=5705<\/a>) !important;background-position: center !important;background-repeat: no-repeat !important;background-size: cover !important;}&#8220;][vc_column][vc_empty_space height=&#8220;255px&#8220;][\/vc_column][\/vc_row][vc_row row_content_width=&#8220;grid&#8220; css=&#8220;.vc_custom_1585312308080{padding-top: 20px !important;padding-bottom: 50px !important;}&#8220;][vc_column][vc_empty_space height=&#8220;35px&#8220;]<div class=\"qodef-section-title-holder  qodef-st-standard qodef-st-title-left qodef-st-normal-space qodef-st-disable-title-break qodef-st-with-border\" style=\"text-align: left\">\n\t<div class=\"qodef-st-inner\">\n\t\t\t\t\t<h2 class=\"qodef-st-title\" >\n\t\t\t\tWandern in <span class=\"qodef-st-title-bold\">Calvi\u00e0<\/span> <span class=\"qodef-st-title-bold\">(Mallorca)<\/span><br \/>\t\t\t<\/h2>\n\t\t\t\t\t<\/div>\n<\/div>[vc_column_text]<span style=\"font-weight: 400;\">K\u00fcste, Gebirge, historisches, nat\u00fcrliches oder architektonisches Erbe, Flora und Fauna, Natur, traditionelle D\u00f6rfer und unterschiedliche st\u00e4dtische Siedlungen &#8211; das sind einige der Landschaften, die Sie bei einer Wanderung durch die Gemeinde Calvi\u00e0, einer der sch\u00f6nsten Wandergegenden auf Mallorca, sehen werden<\/span><\/p>\n<p><span style=\"font-weight: 400;\">Jeder Ortsteil der Gemeinde hat seinen eigenen Charme und seine eigenen Besonderheiten, aber alle teilen ein wesentliches Merkmal: alle bieten s\u00e4mtliche angepassten Dienstleistungen, die Sie w\u00fcnschen k\u00f6nnen.<\/span><\/p>\n<h3><strong>Warum Calvi\u00e0?<\/strong><\/h3>\n<p><span style=\"font-weight: 400;\">Wenn Sie das hier suchen:<\/span><\/p>\n<ul>\n<li><span style=\"font-weight: 400;\"><strong>ABWECHSLUNGSREICHE LANDSCHAFTEN:<\/strong> Natur, Traditionen, K\u00fcste, st\u00e4dtische Siedlungen, Kulturerbe<\/span><\/li>\n<li><span style=\"font-weight: 400;\"><strong>SERRA DE TRAMUNTANA:<\/strong> Calvi\u00e0 ist eins der Zugangstore zum Gebirge.<\/span><\/li>\n<li><span style=\"font-weight: 400;\"><strong>VERBUNDENE ANGEBOTE:<\/strong> Umfangreiches Zimmerangebot, Restaurants und verbundene Dienstleistungen<\/span><\/li>\n<li><span style=\"font-weight: 400;\"><strong>KOMFORT:<\/strong> Nur 3 Flugstunden von den wichtigsten St\u00e4dten Europas entfernt. Nur 20 Autominuten vom Flughafen Mallorca.<\/span><\/li>\n<li><span style=\"font-weight: 400;\"><strong>INFRASTRUKTUR:<\/strong> gekennzeichnete Wanderwege, Promenaden, ein \u00f6ffentliches l\u00e4ndliches Anwesen, usw.<\/span><\/li>\n<\/ul>\n<p><span style=\"font-weight: 400;\">In diesem Kapitel zeigen wir Ihnen einige der spektakul\u00e4rsten Wanderungen auf Mallorca, die Sie von Calvi\u00e0 aus unternehmen k\u00f6nnen.<\/span>[\/vc_column_text][\/vc_column][\/vc_row][vc_row row_content_width=&#8220;grid&#8220; css=&#8220;.vc_custom_1674631076108{padding-top: 0px !important;padding-bottom: 0px !important;}&#8220;][vc_column][vc_tta_accordion color=&#8220;green&#8220; active_section=&#8220;0&#8243; collapsible_all=&#8220;true&#8220;][vc_tta_section i_icon_fontawesome=&#8220;fas fa-hiking&#8220; add_icon=&#8220;true&#8220; title=&#8220;RS1 &#8211; Calvi\u00e0 und Es Capdell\u00e0 kennenlernen&#8220; tab_id=&#8220;RS1&#8243;]<div class=\"qodef-section-title-holder  qodef-st-standard qodef-st-title-left qodef-st-normal-space qodef-st-disable-title-break qodef-st-with-border\" style=\"text-align: left\">\n\t<div class=\"qodef-st-inner\">\n\t\t\t\t\t<h2 class=\"qodef-st-title\" >\n\t\t\t\tRS1 - <span class=\"qodef-st-title-bold\">Calvi\u00e0<\/span> <span class=\"qodef-st-title-bold\">und<\/span><br \/> <span class=\"qodef-st-title-bold\">Es<\/span> <span class=\"qodef-st-title-bold\">Capdell\u00e0<\/span> kennenlernen\t\t\t<\/h2>\n\t\t\t\t\t<\/div>\n<\/div>[vc_single_image image=&#8220;4877&#8243; img_size=&#8220;full&#8220;][vc_row_inner][vc_column_inner][vc_column_text]<\/p>\n<div class=\"wpb_text_column wpb_content_element \">\n<div class=\"wpb_wrapper\">\n<h5><strong>Start und Ende: Rathaus von Calvi\u00e0<\/strong><\/h5>\n<\/div>\n<\/div>\n<div class=\"vc_empty_space\"><a style=\"font-size: 17px;\" href=\"https:\/\/www.google.com\/maps\/place\/Oficina+de+Turismo+de+Magaluf\/@39.5090167,2.5330145,17z\/data=!3m1!4b1!4m5!3m4!1s0x1297892dd9b33e0f:0x78c934efc99bbb3c!8m2!3d39.5090126!4d2.5352032\"><span class=\"qodef-iwt-title-text\">C\/ Juli\u00e0 Bujosa Sans, Batle, 1, Calvi\u00e0, Mallorca, Illes Balears, Espa\u00f1a. 07184<\/span><\/a><\/div>\n<p>[\/vc_column_text][vc_empty_space height=&#8220;20px&#8220;]<div class=\"qodef-iwt clearfix  qodef-iwt-icon-left-from-title qodef-iwt-icon-tiny\">\n\t<div class=\"qodef-iwt-content\" >\n\t\t\t\t\t<h5 class=\"qodef-iwt-title\" >\n\t\t\t\t\t\t\t\t\t<a itemprop=\"url\" href=\"#\" target=\"_self\">\n\t\t\t\t\t\t\t\t\t<span class=\"qodef-iwt-icon\">\n\t\t\t\t\t\t\t\t\t\t\t\t\t    <span class=\"qodef-icon-shortcode qodef-circle   qodef-icon-tiny\" style=\"width: 30px;height: 30px;line-height: 30px;background-color: #9bc535\" data-hover-color=\"#ffffff\" data-color=\"#ffffff\">\n                    <i class=\"qodef-icon-font-awesome fa fa-arrows-h qodef-icon-element\" style=\"color: #ffffff\" ><\/i>            <\/span>\n\t\t\t\t\t\t\t\t\t\t\t<\/span>\n\t\t\t\t\t<span class=\"qodef-iwt-title-text\">L\u00e4nge: 9 km<\/span>\n\t\t\t\t\t\t\t\t\t<\/a>\n\t\t\t\t\t\t\t<\/h5>\n\t\t\t\t\t<\/div>\n<\/div>[vc_empty_space height=&#8220;10px&#8220;]<div class=\"qodef-iwt clearfix  qodef-iwt-icon-left-from-title qodef-iwt-icon-tiny\">\n\t<div class=\"qodef-iwt-content\" >\n\t\t\t\t\t<h5 class=\"qodef-iwt-title\" >\n\t\t\t\t\t\t\t\t\t<a itemprop=\"url\" href=\"#\" target=\"_self\">\n\t\t\t\t\t\t\t\t\t<span class=\"qodef-iwt-icon\">\n\t\t\t\t\t\t\t\t\t\t\t\t\t    <span class=\"qodef-icon-shortcode qodef-circle   qodef-icon-tiny\" style=\"width: 30px;height: 30px;line-height: 30px;background-color: #9bc535\" data-hover-color=\"#ffffff\" data-color=\"#ffffff\">\n                    <i class=\"qodef-icon-font-awesome fa fa-history qodef-icon-element\" style=\"color: #ffffff\" ><\/i>            <\/span>\n\t\t\t\t\t\t\t\t\t\t\t<\/span>\n\t\t\t\t\t<span class=\"qodef-iwt-title-text\">Gesch\u00e4tzter Zeitaufwand: 3 h<\/span>\n\t\t\t\t\t\t\t\t\t<\/a>\n\t\t\t\t\t\t\t<\/h5>\n\t\t\t\t\t<\/div>\n<\/div>[vc_empty_space height=&#8220;10px&#8220;]<div class=\"qodef-iwt clearfix  qodef-iwt-icon-left-from-title qodef-iwt-icon-tiny\">\n\t<div class=\"qodef-iwt-content\" >\n\t\t\t\t\t<h5 class=\"qodef-iwt-title\" >\n\t\t\t\t\t\t\t\t\t<a itemprop=\"url\" href=\"#\" target=\"_self\">\n\t\t\t\t\t\t\t\t\t<span class=\"qodef-iwt-icon\">\n\t\t\t\t\t\t\t\t\t\t\t\t\t    <span class=\"qodef-icon-shortcode qodef-circle   qodef-icon-tiny\" style=\"width: 30px;height: 30px;line-height: 30px;background-color: #9bc535\" data-hover-color=\"#ffffff\" data-color=\"#ffffff\">\n                    <i class=\"qodef-icon-font-awesome fa fa-align-left qodef-icon-element\" style=\"color: #ffffff\" ><\/i>            <\/span>\n\t\t\t\t\t\t\t\t\t\t\t<\/span>\n\t\t\t\t\t<span class=\"qodef-iwt-title-text\">Schwierigkeitsgrad: baja<\/span>\n\t\t\t\t\t\t\t\t\t<\/a>\n\t\t\t\t\t\t\t<\/h5>\n\t\t\t\t\t<\/div>\n<\/div>[vc_empty_space height=&#8220;10px&#8220;]<div class=\"qodef-iwt clearfix  qodef-iwt-icon-left-from-title qodef-iwt-icon-tiny\">\n\t<div class=\"qodef-iwt-content\" >\n\t\t\t\t\t<h5 class=\"qodef-iwt-title\" >\n\t\t\t\t\t\t\t\t\t<a itemprop=\"url\" href=\"#\" target=\"_self\">\n\t\t\t\t\t\t\t\t\t<span class=\"qodef-iwt-icon\">\n\t\t\t\t\t\t\t\t\t\t\t\t\t    <span class=\"qodef-icon-shortcode qodef-circle   qodef-icon-tiny\" style=\"width: 30px;height: 30px;line-height: 30px;background-color: #9bc535\" data-hover-color=\"#ffffff\" data-color=\"#ffffff\">\n                    <i class=\"qodef-icon-font-awesome fa fa-arrow-up qodef-icon-element\" style=\"color: #ffffff\" ><\/i>            <\/span>\n\t\t\t\t\t\t\t\t\t\t\t<\/span>\n\t\t\t\t\t<span class=\"qodef-iwt-title-text\">Maximale H\u00f6he: 133 m<\/span>\n\t\t\t\t\t\t\t\t\t<\/a>\n\t\t\t\t\t\t\t<\/h5>\n\t\t\t\t\t<\/div>\n<\/div>[vc_empty_space height=&#8220;10px&#8220;]<div class=\"qodef-iwt clearfix  qodef-iwt-icon-left-from-title qodef-iwt-icon-tiny\">\n\t<div class=\"qodef-iwt-content\" >\n\t\t\t\t\t<h5 class=\"qodef-iwt-title\" >\n\t\t\t\t\t\t\t\t\t<a itemprop=\"url\" href=\"#\" target=\"_self\">\n\t\t\t\t\t\t\t\t\t<span class=\"qodef-iwt-icon\">\n\t\t\t\t\t\t\t\t\t\t\t\t\t    <span class=\"qodef-icon-shortcode qodef-circle   qodef-icon-tiny\" style=\"width: 30px;height: 30px;line-height: 30px;background-color: #9bc535\" data-hover-color=\"#ffffff\" data-color=\"#ffffff\">\n                    <i class=\"qodef-icon-font-awesome fa fa-plus qodef-icon-element\" style=\"color: #ffffff\" ><\/i>            <\/span>\n\t\t\t\t\t\t\t\t\t\t\t<\/span>\n\t\t\t\t\t<span class=\"qodef-iwt-title-text\">Positiver H\u00f6henunterschied: 400 m<\/span>\n\t\t\t\t\t\t\t\t\t<\/a>\n\t\t\t\t\t\t\t<\/h5>\n\t\t\t\t\t<\/div>\n<\/div>[vc_empty_space height=&#8220;10px&#8220;][vc_column_text]<span style=\"font-weight: 400;\">Beschreibung<\/span><\/p>\n<p><span style=\"font-weight: 400;\">Auf dieser Wanderstrecke kann man die traditionellen D\u00f6rfer der Gemeinde Calvi\u00e0 kennenlernen. Wir sprechen von Calvi\u00e0 und Es Capdell\u00e0.<\/span><\/p>\n<p><span style=\"font-weight: 400;\">Die Strecke beginnt am Parkplatz des Rathauses von Calvi\u00e0, einem gro\u00dfen modernen Geb\u00e4ude. Von dort aus erkunden wir Calvi\u00e0, gehen zur Kirche und zum Hauptplatz.<\/span><\/p>\n<p><span style=\"font-weight: 400;\">Dann wandern wir hinunter in Richtung Es Capdell\u00e0. Dieser Weg verl\u00e4uft entlang der Avenida von Calvi\u00e0 und bietet wundersch\u00f6ne Blick auf die Felder mit Johannisbrot- und Mandelb\u00e4umen, auf die Gipfel des Puig de Galatz\u00f3 und die Mola de s\u2019Esclop, den Wildbach von Galatz\u00f3 und die traditionellen Anwesen Mofar\u00e9s und Son Alfonso, bis wir Es Capdell\u00e0 erreichen.<\/span><\/p>\n<p><span style=\"font-weight: 400;\">Nach einer Besichtigung der wichtigsten Sehensw\u00fcrdigkeiten von Es Capdell\u00e0 oder einer st\u00e4rkenden Pause in einem der Lokale, kehren wir auf dem gleichen Weg nach Calvi\u00e0 zur\u00fcck.<\/span><\/p>\n<p><span style=\"font-weight: 400;\">Es handelt sich um eine Strecke mit famili\u00e4rem Charakter, der sehr gut hergerichtet ist und sowohl zu Fu\u00df als auch mit dem Fahrrad absolviert werden kann.<\/span><\/p>\n<p><span style=\"font-weight: 400;\">Wandern auf Mallorca &#8211; Zu Fu\u00df unterwegs in Calvi\u00e0.<\/span>[\/vc_column_text][vc_empty_space height=&#8220;30px&#8220;]<div class=\"qodef-section-title-holder  qodef-st-standard qodef-st-title-left qodef-st-normal-space  qodef-st-with-border\" style=\"text-align: left\">\n\t<div class=\"qodef-st-inner\">\n\t\t\t\t\t<h2 class=\"qodef-st-title\" >\n\t\t\t\tRuta Wikiloc | Altimetr\u00eda RS1 | Archivos GPX\t\t\t<\/h2>\n\t\t\t\t\t<\/div>\n<\/div>[vc_empty_space height=&#8220;20px&#8220;][vc_btn title=&#8220;Ruta en Wikiloc&#8220; style=&#8220;classic&#8220; shape=&#8220;square&#8220; color=&#8220;green&#8220; size=&#8220;lg&#8220; align=&#8220;center&#8220; i_icon_fontawesome=&#8220;fas fa-map-marked-alt&#8220; button_block=&#8220;true&#8220; add_icon=&#8220;true&#8220; link=&#8220;url:https%3A%2F%2Fes.wikiloc.com%2Frutas-senderismo%2Frs1-conociendo-calvia-y-es-capdella-124106652|target:_blank&#8220;][vc_btn title=&#8220;Altimetr\u00eda RS1&#8243; style=&#8220;classic&#8220; shape=&#8220;square&#8220; color=&#8220;inverse&#8220; size=&#8220;lg&#8220; align=&#8220;center&#8220; i_icon_fontawesome=&#8220;fas fa-map-marked-alt&#8220; button_block=&#8220;true&#8220; add_icon=&#8220;true&#8220; link=&#8220;url:https%3A%2F%2Fwww.alltrails.com%2Fwidget%2Fmap%2Fmapa-06eb61b&#8211;2%3Fu%3Dm||target:%20_blank|&#8220;][vc_btn title=&#8220;Archivo GPX RS1&#8243; style=&#8220;classic&#8220; shape=&#8220;square&#8220; color=&#8220;chino&#8220; size=&#8220;lg&#8220; align=&#8220;center&#8220; i_icon_fontawesome=&#8220;fas fa-map-marked-alt&#8220; button_block=&#8220;true&#8220; add_icon=&#8220;true&#8220; link=&#8220;url:https%3A%2F%2Fdrive.google.com%2Fdrive%2Ffolders%2F1Q4yvLA_lDvJNMyxJFR21ZZP_1ijqPk0C%3Fusp%3Dsharing|target:_blank&#8220;][vc_single_image image=&#8220;13307&#8243; img_size=&#8220;full&#8220;][vc_empty_space height=&#8220;30px&#8220;]<div class=\"qodef-section-title-holder  qodef-st-standard qodef-st-title-left qodef-st-normal-space  qodef-st-with-border\" style=\"text-align: left\">\n\t<div class=\"qodef-st-inner\">\n\t\t\t\t\t<h2 class=\"qodef-st-title\" >\n\t\t\t\tGaler\u00eda de fotos - RB1\t\t\t<\/h2>\n\t\t\t\t\t<\/div>\n<\/div>[vc_empty_space height=&#8220;20px&#8220;]<div class=\"qodef-image-gallery  qodef-ig-grid-type qodef-tiny-space  qodef-image-behavior-lightbox\">\n\t<div class=\"qodef-ig-inner qodef-outer-space qodef-ig-grid qodef-ig-two-columns\">\n\t\t\t\t\t<div class=\"qodef-ig-image qodef-item-space\">\n\t\t\t\t<div class=\"qodef-ig-image-inner\">\n\t\t\t\t\t\t\t\t\t\t\t<a itemprop=\"image\" class=\"qodef-ig-lightbox\" href=\"https:\/\/i0.wp.com\/visitcalvia.org\/wp-content\/uploads\/2020\/04\/es-capdella%CC%80.jpg?fit=2448%2C2448&#038;ssl=1\" data-rel=\"prettyPhoto[image_gallery_pretty_photo-251]\" title=\"Calvi\u00e0 es Capdell\u00e0 ruta\">\n\t\t\t\t\t\t\t\t\t\t\t<img decoding=\"async\" width=\"2448\" height=\"2448\" src=\"https:\/\/i0.wp.com\/visitcalvia.org\/wp-content\/uploads\/2020\/04\/es-capdella%CC%80.jpg?fit=2448%2C2448&amp;ssl=1\" class=\"attachment-full size-full\" alt=\"Ruta 1 senderismo Calvi\u00e0 a Es Capdell\u00e0\" data-attachment-id=\"5374\" data-permalink=\"https:\/\/visitcalvia.org\/de\/senderismo\/es-capdella\/\" data-orig-file=\"https:\/\/i0.wp.com\/visitcalvia.org\/wp-content\/uploads\/2020\/04\/es-capdella%CC%80.jpg?fit=2448%2C2448&amp;ssl=1\" data-orig-size=\"2448,2448\" data-comments-opened=\"1\" data-image-meta=\"{&quot;aperture&quot;:&quot;0&quot;,&quot;credit&quot;:&quot;&quot;,&quot;camera&quot;:&quot;&quot;,&quot;caption&quot;:&quot;&quot;,&quot;created_timestamp&quot;:&quot;0&quot;,&quot;copyright&quot;:&quot;&quot;,&quot;focal_length&quot;:&quot;0&quot;,&quot;iso&quot;:&quot;0&quot;,&quot;shutter_speed&quot;:&quot;0&quot;,&quot;title&quot;:&quot;&quot;,&quot;orientation&quot;:&quot;0&quot;}\" data-image-title=\"Calvi\u00e0 es Capdell\u00e0 ruta\" data-image-description=\"\" data-image-caption=\"\" data-large-file=\"https:\/\/i0.wp.com\/visitcalvia.org\/wp-content\/uploads\/2020\/04\/es-capdella%CC%80.jpg?fit=1024%2C1024&amp;ssl=1\" \/>\t\t\t\t\t\t\t\t\t\t\t<\/a>\n\t\t\t\t\t\t\t\t\t<\/div>\n\t\t\t<\/div>\n\t\t\t\t\t<div class=\"qodef-ig-image qodef-item-space\">\n\t\t\t\t<div class=\"qodef-ig-image-inner\">\n\t\t\t\t\t\t\t\t\t\t\t<a itemprop=\"image\" class=\"qodef-ig-lightbox\" href=\"https:\/\/i0.wp.com\/visitcalvia.org\/wp-content\/uploads\/2020\/04\/2.jpg?fit=2649%2C1236&#038;ssl=1\" data-rel=\"prettyPhoto[image_gallery_pretty_photo-251]\" title=\"Calvi\u00e0 a Es Capdella 1\">\n\t\t\t\t\t\t\t\t\t\t\t<img decoding=\"async\" width=\"2649\" height=\"1236\" src=\"https:\/\/i0.wp.com\/visitcalvia.org\/wp-content\/uploads\/2020\/04\/2.jpg?fit=2649%2C1236&amp;ssl=1\" class=\"attachment-full size-full\" alt=\"Ruta 1 senderismo Calvi\u00e0 a Es Capdell\u00e0\" srcset=\"https:\/\/i0.wp.com\/visitcalvia.org\/wp-content\/uploads\/2020\/04\/2.jpg?w=2649&amp;ssl=1 2649w, https:\/\/i0.wp.com\/visitcalvia.org\/wp-content\/uploads\/2020\/04\/2.jpg?resize=300%2C140&amp;ssl=1 300w, https:\/\/i0.wp.com\/visitcalvia.org\/wp-content\/uploads\/2020\/04\/2.jpg?resize=1024%2C478&amp;ssl=1 1024w, https:\/\/i0.wp.com\/visitcalvia.org\/wp-content\/uploads\/2020\/04\/2.jpg?resize=768%2C358&amp;ssl=1 768w, https:\/\/i0.wp.com\/visitcalvia.org\/wp-content\/uploads\/2020\/04\/2.jpg?resize=1536%2C717&amp;ssl=1 1536w, https:\/\/i0.wp.com\/visitcalvia.org\/wp-content\/uploads\/2020\/04\/2.jpg?resize=1200%2C560&amp;ssl=1 1200w, https:\/\/i0.wp.com\/visitcalvia.org\/wp-content\/uploads\/2020\/04\/2.jpg?resize=600%2C280&amp;ssl=1 600w, https:\/\/i0.wp.com\/visitcalvia.org\/wp-content\/uploads\/2020\/04\/2.jpg?resize=64%2C30&amp;ssl=1 64w, https:\/\/i0.wp.com\/visitcalvia.org\/wp-content\/uploads\/2020\/04\/2.jpg?w=2200&amp;ssl=1 2200w\" sizes=\"(max-width: 1100px) 100vw, 1100px\" data-attachment-id=\"5366\" data-permalink=\"https:\/\/visitcalvia.org\/de\/senderismo\/attachment\/2\/\" data-orig-file=\"https:\/\/i0.wp.com\/visitcalvia.org\/wp-content\/uploads\/2020\/04\/2.jpg?fit=2649%2C1236&amp;ssl=1\" data-orig-size=\"2649,1236\" data-comments-opened=\"1\" data-image-meta=\"{&quot;aperture&quot;:&quot;0&quot;,&quot;credit&quot;:&quot;&quot;,&quot;camera&quot;:&quot;&quot;,&quot;caption&quot;:&quot;&quot;,&quot;created_timestamp&quot;:&quot;0&quot;,&quot;copyright&quot;:&quot;&quot;,&quot;focal_length&quot;:&quot;0&quot;,&quot;iso&quot;:&quot;0&quot;,&quot;shutter_speed&quot;:&quot;0&quot;,&quot;title&quot;:&quot;&quot;,&quot;orientation&quot;:&quot;0&quot;}\" data-image-title=\"Calvi\u00e0 a Es Capdella 1\" data-image-description=\"\" data-image-caption=\"\" data-large-file=\"https:\/\/i0.wp.com\/visitcalvia.org\/wp-content\/uploads\/2020\/04\/2.jpg?fit=1024%2C478&amp;ssl=1\" \/>\t\t\t\t\t\t\t\t\t\t\t<\/a>\n\t\t\t\t\t\t\t\t\t<\/div>\n\t\t\t<\/div>\n\t\t\t\t\t<div class=\"qodef-ig-image qodef-item-space\">\n\t\t\t\t<div class=\"qodef-ig-image-inner\">\n\t\t\t\t\t\t\t\t\t\t\t<a itemprop=\"image\" class=\"qodef-ig-lightbox\" href=\"https:\/\/i0.wp.com\/visitcalvia.org\/wp-content\/uploads\/2020\/04\/CALVIA-12.jpg?fit=1710%2C1141&#038;ssl=1\" data-rel=\"prettyPhoto[image_gallery_pretty_photo-251]\" title=\"Calvi\u00e0 desde arriba\">\n\t\t\t\t\t\t\t\t\t\t\t<img decoding=\"async\" width=\"1710\" height=\"1141\" src=\"https:\/\/i0.wp.com\/visitcalvia.org\/wp-content\/uploads\/2020\/04\/CALVIA-12.jpg?fit=1710%2C1141&amp;ssl=1\" class=\"attachment-full size-full\" alt=\"Ruta 1 senderismo Calvi\u00e0 a Es Capdell\u00e0\" srcset=\"https:\/\/i0.wp.com\/visitcalvia.org\/wp-content\/uploads\/2020\/04\/CALVIA-12.jpg?w=1710&amp;ssl=1 1710w, https:\/\/i0.wp.com\/visitcalvia.org\/wp-content\/uploads\/2020\/04\/CALVIA-12.jpg?resize=300%2C200&amp;ssl=1 300w, https:\/\/i0.wp.com\/visitcalvia.org\/wp-content\/uploads\/2020\/04\/CALVIA-12.jpg?resize=1024%2C683&amp;ssl=1 1024w, https:\/\/i0.wp.com\/visitcalvia.org\/wp-content\/uploads\/2020\/04\/CALVIA-12.jpg?resize=768%2C512&amp;ssl=1 768w, https:\/\/i0.wp.com\/visitcalvia.org\/wp-content\/uploads\/2020\/04\/CALVIA-12.jpg?resize=391%2C260&amp;ssl=1 391w, https:\/\/i0.wp.com\/visitcalvia.org\/wp-content\/uploads\/2020\/04\/CALVIA-12.jpg?resize=1536%2C1025&amp;ssl=1 1536w, https:\/\/i0.wp.com\/visitcalvia.org\/wp-content\/uploads\/2020\/04\/CALVIA-12.jpg?resize=1200%2C801&amp;ssl=1 1200w, https:\/\/i0.wp.com\/visitcalvia.org\/wp-content\/uploads\/2020\/04\/CALVIA-12.jpg?resize=600%2C400&amp;ssl=1 600w, https:\/\/i0.wp.com\/visitcalvia.org\/wp-content\/uploads\/2020\/04\/CALVIA-12.jpg?resize=64%2C43&amp;ssl=1 64w\" sizes=\"(max-width: 1100px) 100vw, 1100px\" data-attachment-id=\"5370\" data-permalink=\"https:\/\/visitcalvia.org\/de\/senderismo\/calvia-12\/\" data-orig-file=\"https:\/\/i0.wp.com\/visitcalvia.org\/wp-content\/uploads\/2020\/04\/CALVIA-12.jpg?fit=1710%2C1141&amp;ssl=1\" data-orig-size=\"1710,1141\" data-comments-opened=\"1\" data-image-meta=\"{&quot;aperture&quot;:&quot;0&quot;,&quot;credit&quot;:&quot;&quot;,&quot;camera&quot;:&quot;&quot;,&quot;caption&quot;:&quot;&quot;,&quot;created_timestamp&quot;:&quot;0&quot;,&quot;copyright&quot;:&quot;&quot;,&quot;focal_length&quot;:&quot;0&quot;,&quot;iso&quot;:&quot;0&quot;,&quot;shutter_speed&quot;:&quot;0&quot;,&quot;title&quot;:&quot;&quot;,&quot;orientation&quot;:&quot;0&quot;}\" data-image-title=\"Calvi\u00e0 desde arriba\" data-image-description=\"\" data-image-caption=\"\" data-large-file=\"https:\/\/i0.wp.com\/visitcalvia.org\/wp-content\/uploads\/2020\/04\/CALVIA-12.jpg?fit=1024%2C683&amp;ssl=1\" \/>\t\t\t\t\t\t\t\t\t\t\t<\/a>\n\t\t\t\t\t\t\t\t\t<\/div>\n\t\t\t<\/div>\n\t\t\t\t\t<div class=\"qodef-ig-image qodef-item-space\">\n\t\t\t\t<div class=\"qodef-ig-image-inner\">\n\t\t\t\t\t\t\t\t\t\t\t<a itemprop=\"image\" class=\"qodef-ig-lightbox\" href=\"https:\/\/i0.wp.com\/visitcalvia.org\/wp-content\/uploads\/2020\/04\/GR4-CALVIA%CC%80-VILA-ES-CAPDELLA%CC%80.png?fit=749%2C453&#038;ssl=1\" data-rel=\"prettyPhoto[image_gallery_pretty_photo-251]\" title=\"Es Capdell\u00e0 ruta senderismo\">\n\t\t\t\t\t\t\t\t\t\t\t<img decoding=\"async\" width=\"749\" height=\"453\" src=\"https:\/\/i0.wp.com\/visitcalvia.org\/wp-content\/uploads\/2020\/04\/GR4-CALVIA%CC%80-VILA-ES-CAPDELLA%CC%80.png?fit=749%2C453&amp;ssl=1\" class=\"attachment-full size-full\" alt=\"Es Capdella. Ruta 1 senderismo Calvi\u00e0 a Es Capdell\u00e0\" data-attachment-id=\"5386\" data-permalink=\"https:\/\/visitcalvia.org\/de\/senderismo\/gr4-calvia-vila-es-capdella\/\" data-orig-file=\"https:\/\/i0.wp.com\/visitcalvia.org\/wp-content\/uploads\/2020\/04\/GR4-CALVIA%CC%80-VILA-ES-CAPDELLA%CC%80.png?fit=749%2C453&amp;ssl=1\" data-orig-size=\"749,453\" data-comments-opened=\"1\" data-image-meta=\"{&quot;aperture&quot;:&quot;0&quot;,&quot;credit&quot;:&quot;&quot;,&quot;camera&quot;:&quot;&quot;,&quot;caption&quot;:&quot;&quot;,&quot;created_timestamp&quot;:&quot;0&quot;,&quot;copyright&quot;:&quot;&quot;,&quot;focal_length&quot;:&quot;0&quot;,&quot;iso&quot;:&quot;0&quot;,&quot;shutter_speed&quot;:&quot;0&quot;,&quot;title&quot;:&quot;&quot;,&quot;orientation&quot;:&quot;0&quot;}\" data-image-title=\"Es Capdell\u00e0 ruta senderismo\" data-image-description=\"\" data-image-caption=\"\" data-large-file=\"https:\/\/i0.wp.com\/visitcalvia.org\/wp-content\/uploads\/2020\/04\/GR4-CALVIA%CC%80-VILA-ES-CAPDELLA%CC%80.png?fit=749%2C453&amp;ssl=1\" \/>\t\t\t\t\t\t\t\t\t\t\t<\/a>\n\t\t\t\t\t\t\t\t\t<\/div>\n\t\t\t<\/div>\n\t\t\t\t\t<div class=\"qodef-ig-image qodef-item-space\">\n\t\t\t\t<div class=\"qodef-ig-image-inner\">\n\t\t\t\t\t\t\t\t\t\t\t<a itemprop=\"image\" class=\"qodef-ig-lightbox\" href=\"https:\/\/i0.wp.com\/visitcalvia.org\/wp-content\/uploads\/2020\/04\/garrovers.jpg?fit=1797%2C1536&#038;ssl=1\" data-rel=\"prettyPhoto[image_gallery_pretty_photo-251]\" title=\"Garrovers de Calvi\u00e0 a Es Capdell\u00e0\">\n\t\t\t\t\t\t\t\t\t\t\t<img decoding=\"async\" width=\"1797\" height=\"1536\" src=\"https:\/\/i0.wp.com\/visitcalvia.org\/wp-content\/uploads\/2020\/04\/garrovers.jpg?fit=1797%2C1536&amp;ssl=1\" class=\"attachment-full size-full\" alt=\"Ruta 1 senderismo Calvi\u00e0 a Es Capdell\u00e0\" srcset=\"https:\/\/i0.wp.com\/visitcalvia.org\/wp-content\/uploads\/2020\/04\/garrovers.jpg?w=1797&amp;ssl=1 1797w, https:\/\/i0.wp.com\/visitcalvia.org\/wp-content\/uploads\/2020\/04\/garrovers.jpg?resize=300%2C256&amp;ssl=1 300w, https:\/\/i0.wp.com\/visitcalvia.org\/wp-content\/uploads\/2020\/04\/garrovers.jpg?resize=1024%2C875&amp;ssl=1 1024w, https:\/\/i0.wp.com\/visitcalvia.org\/wp-content\/uploads\/2020\/04\/garrovers.jpg?resize=768%2C656&amp;ssl=1 768w, https:\/\/i0.wp.com\/visitcalvia.org\/wp-content\/uploads\/2020\/04\/garrovers.jpg?resize=1536%2C1313&amp;ssl=1 1536w, https:\/\/i0.wp.com\/visitcalvia.org\/wp-content\/uploads\/2020\/04\/garrovers.jpg?resize=1200%2C1026&amp;ssl=1 1200w, https:\/\/i0.wp.com\/visitcalvia.org\/wp-content\/uploads\/2020\/04\/garrovers.jpg?resize=600%2C513&amp;ssl=1 600w, https:\/\/i0.wp.com\/visitcalvia.org\/wp-content\/uploads\/2020\/04\/garrovers.jpg?resize=64%2C55&amp;ssl=1 64w\" sizes=\"(max-width: 1100px) 100vw, 1100px\" data-attachment-id=\"5378\" data-permalink=\"https:\/\/visitcalvia.org\/de\/senderismo\/garrovers\/\" data-orig-file=\"https:\/\/i0.wp.com\/visitcalvia.org\/wp-content\/uploads\/2020\/04\/garrovers.jpg?fit=1797%2C1536&amp;ssl=1\" data-orig-size=\"1797,1536\" data-comments-opened=\"1\" data-image-meta=\"{&quot;aperture&quot;:&quot;0&quot;,&quot;credit&quot;:&quot;&quot;,&quot;camera&quot;:&quot;&quot;,&quot;caption&quot;:&quot;&quot;,&quot;created_timestamp&quot;:&quot;0&quot;,&quot;copyright&quot;:&quot;&quot;,&quot;focal_length&quot;:&quot;0&quot;,&quot;iso&quot;:&quot;0&quot;,&quot;shutter_speed&quot;:&quot;0&quot;,&quot;title&quot;:&quot;&quot;,&quot;orientation&quot;:&quot;0&quot;}\" data-image-title=\"Garrovers de Calvi\u00e0 a Es Capdell\u00e0\" data-image-description=\"\" data-image-caption=\"\" data-large-file=\"https:\/\/i0.wp.com\/visitcalvia.org\/wp-content\/uploads\/2020\/04\/garrovers.jpg?fit=1024%2C875&amp;ssl=1\" \/>\t\t\t\t\t\t\t\t\t\t\t<\/a>\n\t\t\t\t\t\t\t\t\t<\/div>\n\t\t\t<\/div>\n\t\t\t\t\t<div class=\"qodef-ig-image qodef-item-space\">\n\t\t\t\t<div class=\"qodef-ig-image-inner\">\n\t\t\t\t\t\t\t\t\t\t\t<a itemprop=\"image\" class=\"qodef-ig-lightbox\" href=\"https:\/\/i0.wp.com\/visitcalvia.org\/wp-content\/uploads\/2020\/04\/GR3-ES-CAPDELLA%CC%80-SA-VALL-VERDA.png?fit=749%2C453&#038;ssl=1\" data-rel=\"prettyPhoto[image_gallery_pretty_photo-251]\" title=\"Ruta 1 senderismo Calvi\u00e0 a Es Capdell\u00e0\">\n\t\t\t\t\t\t\t\t\t\t\t<img decoding=\"async\" width=\"749\" height=\"453\" src=\"https:\/\/i0.wp.com\/visitcalvia.org\/wp-content\/uploads\/2020\/04\/GR3-ES-CAPDELLA%CC%80-SA-VALL-VERDA.png?fit=749%2C453&amp;ssl=1\" class=\"attachment-full size-full\" alt=\"Ruta 1 senderismo Calvi\u00e0 a Es Capdell\u00e0\" data-attachment-id=\"5382\" data-permalink=\"https:\/\/visitcalvia.org\/de\/senderismo\/gr3-es-capdella-sa-vall-verda\/\" data-orig-file=\"https:\/\/i0.wp.com\/visitcalvia.org\/wp-content\/uploads\/2020\/04\/GR3-ES-CAPDELLA%CC%80-SA-VALL-VERDA.png?fit=749%2C453&amp;ssl=1\" data-orig-size=\"749,453\" data-comments-opened=\"1\" data-image-meta=\"{&quot;aperture&quot;:&quot;0&quot;,&quot;credit&quot;:&quot;&quot;,&quot;camera&quot;:&quot;&quot;,&quot;caption&quot;:&quot;&quot;,&quot;created_timestamp&quot;:&quot;0&quot;,&quot;copyright&quot;:&quot;&quot;,&quot;focal_length&quot;:&quot;0&quot;,&quot;iso&quot;:&quot;0&quot;,&quot;shutter_speed&quot;:&quot;0&quot;,&quot;title&quot;:&quot;&quot;,&quot;orientation&quot;:&quot;0&quot;}\" data-image-title=\"Ruta 1 senderismo Calvi\u00e0 a Es Capdell\u00e0\" data-image-description=\"\" data-image-caption=\"\" data-large-file=\"https:\/\/i0.wp.com\/visitcalvia.org\/wp-content\/uploads\/2020\/04\/GR3-ES-CAPDELLA%CC%80-SA-VALL-VERDA.png?fit=749%2C453&amp;ssl=1\" \/>\t\t\t\t\t\t\t\t\t\t\t<\/a>\n\t\t\t\t\t\t\t\t\t<\/div>\n\t\t\t<\/div>\n\t\t\t<\/div>\n<\/div>[\/vc_column_inner][\/vc_row_inner][\/vc_tta_section][vc_tta_section i_icon_fontawesome=&#8220;fas fa-hiking&#8220; add_icon=&#8220;true&#8220; title=&#8220;RS2 &#8211; Cala Fornells &#8211; Cap Andritxol&#8220; tab_id=&#8220;RS2&#8243;]<div class=\"qodef-section-title-holder  qodef-st-standard qodef-st-title-left qodef-st-normal-space qodef-st-disable-title-break qodef-st-with-border\" style=\"text-align: left\">\n\t<div class=\"qodef-st-inner\">\n\t\t\t\t\t<h2 class=\"qodef-st-title\" >\n\t\t\t\tRS2 - <span class=\"qodef-st-title-bold\">Cala<\/span> <span class=\"qodef-st-title-bold\">Fornells<\/span><br \/> <span class=\"qodef-st-title-bold\">-<\/span> <span class=\"qodef-st-title-bold\">Cap<\/span> Andritxol\t\t\t<\/h2>\n\t\t\t\t\t<\/div>\n<\/div>[vc_single_image image=&#8220;5308&#8243; img_size=&#8220;full&#8220;][vc_row_inner][vc_column_inner][vc_column_text]<\/p>\n<p class=\"titulo2\"><a style=\"font-size: 17px;\" href=\"http:\/\/www.calafornells.com\/\" target=\"_blank\" rel=\"noopener noreferrer\"><strong>Start und Ende:\u00a0Hotel Cala Fornells<\/strong><\/a><\/p>\n<div class=\"vc_empty_space\">\n<div class=\"section-share-summary\">\n<div class=\"section-share-summary-text\">\n<div class=\"section-share-summary-subtitle\"><a href=\"https:\/\/goo.gl\/maps\/68vQUakBpnsMpya98\" target=\"_blank\" rel=\"noopener noreferrer\">Carretera de Cala Fornells, 76, 07160 Peguera, Illes Balears, Espa\u00f1a<\/a><\/div>\n<\/div>\n<\/div>\n<\/div>\n<p>[\/vc_column_text][vc_empty_space height=&#8220;10px&#8220;]<div class=\"qodef-iwt clearfix  qodef-iwt-icon-left-from-title qodef-iwt-icon-tiny\">\n\t<div class=\"qodef-iwt-content\" >\n\t\t\t\t\t<h5 class=\"qodef-iwt-title\" >\n\t\t\t\t\t\t\t\t\t<a itemprop=\"url\" href=\"#\" target=\"_self\">\n\t\t\t\t\t\t\t\t\t<span class=\"qodef-iwt-icon\">\n\t\t\t\t\t\t\t\t\t\t\t\t\t    <span class=\"qodef-icon-shortcode qodef-circle   qodef-icon-tiny\" style=\"width: 30px;height: 30px;line-height: 30px;background-color: #9bc535\" data-hover-color=\"#ffffff\" data-color=\"#ffffff\">\n                    <i class=\"qodef-icon-font-awesome fa fa-arrows-h qodef-icon-element\" style=\"color: #ffffff\" ><\/i>            <\/span>\n\t\t\t\t\t\t\t\t\t\t\t<\/span>\n\t\t\t\t\t<span class=\"qodef-iwt-title-text\">L\u00e4nge: 7,5 km<\/span>\n\t\t\t\t\t\t\t\t\t<\/a>\n\t\t\t\t\t\t\t<\/h5>\n\t\t\t\t\t<\/div>\n<\/div>[vc_empty_space height=&#8220;10px&#8220;]<div class=\"qodef-iwt clearfix  qodef-iwt-icon-left-from-title qodef-iwt-icon-tiny\">\n\t<div class=\"qodef-iwt-content\" >\n\t\t\t\t\t<h5 class=\"qodef-iwt-title\" >\n\t\t\t\t\t\t\t\t\t<a itemprop=\"url\" href=\"#\" target=\"_self\">\n\t\t\t\t\t\t\t\t\t<span class=\"qodef-iwt-icon\">\n\t\t\t\t\t\t\t\t\t\t\t\t\t    <span class=\"qodef-icon-shortcode qodef-circle   qodef-icon-tiny\" style=\"width: 30px;height: 30px;line-height: 30px;background-color: #9bc535\" data-hover-color=\"#ffffff\" data-color=\"#ffffff\">\n                    <i class=\"qodef-icon-font-awesome fa fa-history qodef-icon-element\" style=\"color: #ffffff\" ><\/i>            <\/span>\n\t\t\t\t\t\t\t\t\t\t\t<\/span>\n\t\t\t\t\t<span class=\"qodef-iwt-title-text\">Gesch\u00e4tzter Zeitaufwand:<\/span>\n\t\t\t\t\t\t\t\t\t<\/a>\n\t\t\t\t\t\t\t<\/h5>\n\t\t\t\t\t<\/div>\n<\/div>[vc_empty_space height=&#8220;10px&#8220;]<div class=\"qodef-iwt clearfix  qodef-iwt-icon-left-from-title qodef-iwt-icon-tiny\">\n\t<div class=\"qodef-iwt-content\" >\n\t\t\t\t\t<h5 class=\"qodef-iwt-title\" >\n\t\t\t\t\t\t\t\t\t<a itemprop=\"url\" href=\"#\" target=\"_self\">\n\t\t\t\t\t\t\t\t\t<span class=\"qodef-iwt-icon\">\n\t\t\t\t\t\t\t\t\t\t\t\t\t    <span class=\"qodef-icon-shortcode qodef-circle   qodef-icon-tiny\" style=\"width: 30px;height: 30px;line-height: 30px;background-color: #9bc535\" data-hover-color=\"#ffffff\" data-color=\"#ffffff\">\n                    <i class=\"qodef-icon-font-awesome fa fa-sort-amount-desc qodef-icon-element\" style=\"color: #ffffff\" ><\/i>            <\/span>\n\t\t\t\t\t\t\t\t\t\t\t<\/span>\n\t\t\t\t\t<span class=\"qodef-iwt-title-text\">Schwierigkeitsgrad: baja<\/span>\n\t\t\t\t\t\t\t\t\t<\/a>\n\t\t\t\t\t\t\t<\/h5>\n\t\t\t\t\t<\/div>\n<\/div>[vc_empty_space height=&#8220;10px&#8220;]<div class=\"qodef-iwt clearfix  qodef-iwt-icon-left-from-title qodef-iwt-icon-tiny\">\n\t<div class=\"qodef-iwt-content\" >\n\t\t\t\t\t<h5 class=\"qodef-iwt-title\" >\n\t\t\t\t\t\t\t\t\t<a itemprop=\"url\" href=\"#\" target=\"_self\">\n\t\t\t\t\t\t\t\t\t<span class=\"qodef-iwt-icon\">\n\t\t\t\t\t\t\t\t\t\t\t\t\t    <span class=\"qodef-icon-shortcode qodef-circle   qodef-icon-tiny\" style=\"width: 30px;height: 30px;line-height: 30px;background-color: #9bc535\" data-hover-color=\"#ffffff\" data-color=\"#ffffff\">\n                    <i class=\"qodef-icon-font-awesome fa fa-arrow-up qodef-icon-element\" style=\"color: #ffffff\" ><\/i>            <\/span>\n\t\t\t\t\t\t\t\t\t\t\t<\/span>\n\t\t\t\t\t<span class=\"qodef-iwt-title-text\">Maximale H\u00f6he: 169 m<\/span>\n\t\t\t\t\t\t\t\t\t<\/a>\n\t\t\t\t\t\t\t<\/h5>\n\t\t\t\t\t<\/div>\n<\/div>[vc_empty_space height=&#8220;10px&#8220;]<div class=\"qodef-iwt clearfix  qodef-iwt-icon-left-from-title qodef-iwt-icon-tiny\">\n\t<div class=\"qodef-iwt-content\" >\n\t\t\t\t\t<h5 class=\"qodef-iwt-title\" >\n\t\t\t\t\t\t\t\t\t<a itemprop=\"url\" href=\"#\" target=\"_self\">\n\t\t\t\t\t\t\t\t\t<span class=\"qodef-iwt-icon\">\n\t\t\t\t\t\t\t\t\t\t\t\t\t    <span class=\"qodef-icon-shortcode qodef-circle   qodef-icon-tiny\" style=\"width: 30px;height: 30px;line-height: 30px;background-color: #9bc535\" data-hover-color=\"#ffffff\" data-color=\"#ffffff\">\n                    <i class=\"qodef-icon-font-awesome fa fa-plus qodef-icon-element\" style=\"color: #ffffff\" ><\/i>            <\/span>\n\t\t\t\t\t\t\t\t\t\t\t<\/span>\n\t\t\t\t\t<span class=\"qodef-iwt-title-text\">Positiver H\u00f6henunterschied: 368 m<\/span>\n\t\t\t\t\t\t\t\t\t<\/a>\n\t\t\t\t\t\t\t<\/h5>\n\t\t\t\t\t<\/div>\n<\/div>[vc_empty_space height=&#8220;10px&#8220;][vc_column_text]<strong>Beschreibung<\/strong><\/p>\n<p><span style=\"font-weight: 400;\">Die Strecke beginnt am Ende der Landstra\u00dfe nach Cala Fornells (Peguera),<\/span><\/p>\n<p><span style=\"font-weight: 400;\">Ab dieser Stelle sieht man die Tafeln mit Erl\u00e4uterungen und den Beginn des Weges, der \u00fcber einen Waldpfad zwischen Kiefern und Oleastern f\u00fchrt.<\/span><\/p>\n<p><span style=\"font-weight: 400;\">Kurz nach dem Start sto\u00dfen wir auf eine Gabelung, die an der Punta de na Cardona und an der Bucht Cal\u00f3 des Monjo endet. Diese ruhige Bucht ist ber\u00fchmt, weil sie einer der Schaupl\u00e4tze des Thrillers \u201eDas B\u00f6se unter der Sonne\u201c unter der Regie von Guy Hamilton war. Von hier aus kann man eine kleine Insel sehen, die als s\u2018Illeta bekannt ist.<\/span><\/p>\n<p><span style=\"font-weight: 400;\">Man muss auf den Hauptweg zur\u00fcckkehren, um anschlie\u00dfend die Steigung in Richtung Cap Andritxol zu meistern, das zum Naturgebiet von besonderem Interesse (ANEI) erkl\u00e4rt wurde. Es umfasst eine gesch\u00fctzte Fl\u00e4che von 184 Hektar. Wir erreichen den Turm von Cap Andritxol, von dem aus man eine herrliche Aussicht auf die K\u00fcste von Calvi\u00e0, Camp de Mar und das Cap de Llamp genie\u00dft.<\/span>[\/vc_column_text][vc_empty_space height=&#8220;30px&#8220;]<div class=\"qodef-section-title-holder  qodef-st-standard qodef-st-title-left qodef-st-normal-space  qodef-st-with-border\" style=\"text-align: left\">\n\t<div class=\"qodef-st-inner\">\n\t\t\t\t\t<h2 class=\"qodef-st-title\" >\n\t\t\t\tRuta Wikiloc | Altimetr\u00eda RS | Archivos GPX\t\t\t<\/h2>\n\t\t\t\t\t<\/div>\n<\/div>[vc_empty_space height=&#8220;20px&#8220;][vc_btn title=&#8220;Ruta en Wikiloc&#8220; style=&#8220;classic&#8220; shape=&#8220;square&#8220; color=&#8220;green&#8220; size=&#8220;lg&#8220; align=&#8220;center&#8220; i_icon_fontawesome=&#8220;fas fa-map-marked-alt&#8220; button_block=&#8220;true&#8220; add_icon=&#8220;true&#8220; link=&#8220;url:https%3A%2F%2Fes.wikiloc.com%2Frutas-senderismo%2Frs2-cala-fornells-cap-andritxol-124106808|target:_blank&#8220;][vc_btn title=&#8220;Altimetr\u00eda RS2&#8243; style=&#8220;classic&#8220; shape=&#8220;square&#8220; color=&#8220;inverse&#8220; size=&#8220;lg&#8220; align=&#8220;center&#8220; i_icon_fontawesome=&#8220;fas fa-map-marked-alt&#8220; button_block=&#8220;true&#8220; add_icon=&#8220;true&#8220; link=&#8220;url:https%3A%2F%2Fwww.alltrails.com%2Fwidget%2Fmap%2Fmapa-0690901%3Fu%3Dm||target:%20_blank|&#8220;][vc_btn title=&#8220;Archivo GPX RS2&#8243; style=&#8220;classic&#8220; shape=&#8220;square&#8220; color=&#8220;chino&#8220; size=&#8220;lg&#8220; align=&#8220;center&#8220; i_icon_fontawesome=&#8220;fas fa-map-marked-alt&#8220; button_block=&#8220;true&#8220; add_icon=&#8220;true&#8220; link=&#8220;url:https%3A%2F%2Fdrive.google.com%2Fopen%3Fid%3D196QXnLweJ7pDsXpqdACjDngm9UfLinSp|target:_blank&#8220;][vc_single_image image=&#8220;4098&#8243; img_size=&#8220;full&#8220; alignment=&#8220;center&#8220; onclick=&#8220;link_image&#8220; css_animation=&#8220;none&#8220;][vc_empty_space height=&#8220;30px&#8220;]<div class=\"qodef-section-title-holder  qodef-st-standard qodef-st-title-left qodef-st-normal-space  qodef-st-with-border\" style=\"text-align: left\">\n\t<div class=\"qodef-st-inner\">\n\t\t\t\t\t<h2 class=\"qodef-st-title\" >\n\t\t\t\tGaler\u00eda de fotos - RB2\t\t\t<\/h2>\n\t\t\t\t\t<\/div>\n<\/div>[vc_empty_space height=&#8220;20px&#8220;]<div class=\"qodef-image-gallery  qodef-ig-grid-type qodef-tiny-space  qodef-image-behavior-lightbox\">\n\t<div class=\"qodef-ig-inner qodef-outer-space qodef-ig-grid qodef-ig-two-columns\">\n\t\t\t\t\t<div class=\"qodef-ig-image qodef-item-space\">\n\t\t\t\t<div class=\"qodef-ig-image-inner\">\n\t\t\t\t\t\t\t\t\t\t\t<a itemprop=\"image\" class=\"qodef-ig-lightbox\" href=\"https:\/\/i0.wp.com\/visitcalvia.org\/wp-content\/uploads\/2020\/04\/CALO%CC%81-DE-SES-LLISSES-PEGUERA.png?fit=862%2C572&#038;ssl=1\" data-rel=\"prettyPhoto[image_gallery_pretty_photo-336]\" title=\"CALO\u0301 DE SES LLISSES, PEGUERA\">\n\t\t\t\t\t\t\t\t\t\t\t<img decoding=\"async\" width=\"862\" height=\"572\" src=\"https:\/\/i0.wp.com\/visitcalvia.org\/wp-content\/uploads\/2020\/04\/CALO%CC%81-DE-SES-LLISSES-PEGUERA.png?fit=862%2C572&amp;ssl=1\" class=\"attachment-full size-full\" alt=\"Cal\u00f3 de ses llises de Cala Fornells, ruta Cala Fornells (Calvi\u00e0) a cap andritxol\" data-attachment-id=\"5328\" data-permalink=\"https:\/\/visitcalvia.org\/de\/senderismo\/calo-de-ses-llisses-peguera\/\" data-orig-file=\"https:\/\/i0.wp.com\/visitcalvia.org\/wp-content\/uploads\/2020\/04\/CALO%CC%81-DE-SES-LLISSES-PEGUERA.png?fit=862%2C572&amp;ssl=1\" data-orig-size=\"862,572\" data-comments-opened=\"1\" data-image-meta=\"{&quot;aperture&quot;:&quot;0&quot;,&quot;credit&quot;:&quot;&quot;,&quot;camera&quot;:&quot;&quot;,&quot;caption&quot;:&quot;&quot;,&quot;created_timestamp&quot;:&quot;0&quot;,&quot;copyright&quot;:&quot;&quot;,&quot;focal_length&quot;:&quot;0&quot;,&quot;iso&quot;:&quot;0&quot;,&quot;shutter_speed&quot;:&quot;0&quot;,&quot;title&quot;:&quot;&quot;,&quot;orientation&quot;:&quot;0&quot;}\" data-image-title=\"CALO\u0301 DE SES LLISSES, PEGUERA\" data-image-description=\"\" data-image-caption=\"\" data-large-file=\"https:\/\/i0.wp.com\/visitcalvia.org\/wp-content\/uploads\/2020\/04\/CALO%CC%81-DE-SES-LLISSES-PEGUERA.png?fit=862%2C572&amp;ssl=1\" \/>\t\t\t\t\t\t\t\t\t\t\t<\/a>\n\t\t\t\t\t\t\t\t\t<\/div>\n\t\t\t<\/div>\n\t\t\t\t\t<div class=\"qodef-ig-image qodef-item-space\">\n\t\t\t\t<div class=\"qodef-ig-image-inner\">\n\t\t\t\t\t\t\t\t\t\t\t<a itemprop=\"image\" class=\"qodef-ig-lightbox\" href=\"https:\/\/i0.wp.com\/visitcalvia.org\/wp-content\/uploads\/2020\/04\/Captura-de-pantalla-2020-04-29-a-las-11.46.12.png?fit=672%2C429&#038;ssl=1\" data-rel=\"prettyPhoto[image_gallery_pretty_photo-336]\" title=\"Paisaje ruta senderismo Cala Fornells a Cap andritxol\">\n\t\t\t\t\t\t\t\t\t\t\t<img decoding=\"async\" width=\"672\" height=\"429\" src=\"https:\/\/i0.wp.com\/visitcalvia.org\/wp-content\/uploads\/2020\/04\/Captura-de-pantalla-2020-04-29-a-las-11.46.12.png?fit=672%2C429&amp;ssl=1\" class=\"attachment-full size-full\" alt=\"Paisaje en la ruta de Cala Fornells (Calvi\u00e0) a cap andritxol\" srcset=\"https:\/\/i0.wp.com\/visitcalvia.org\/wp-content\/uploads\/2020\/04\/Captura-de-pantalla-2020-04-29-a-las-11.46.12.png?w=672&amp;ssl=1 672w, https:\/\/i0.wp.com\/visitcalvia.org\/wp-content\/uploads\/2020\/04\/Captura-de-pantalla-2020-04-29-a-las-11.46.12.png?resize=300%2C192&amp;ssl=1 300w, https:\/\/i0.wp.com\/visitcalvia.org\/wp-content\/uploads\/2020\/04\/Captura-de-pantalla-2020-04-29-a-las-11.46.12.png?resize=600%2C383&amp;ssl=1 600w, https:\/\/i0.wp.com\/visitcalvia.org\/wp-content\/uploads\/2020\/04\/Captura-de-pantalla-2020-04-29-a-las-11.46.12.png?resize=64%2C41&amp;ssl=1 64w\" sizes=\"(max-width: 672px) 100vw, 672px\" data-attachment-id=\"5336\" data-permalink=\"https:\/\/visitcalvia.org\/de\/senderismo\/captura-de-pantalla-2020-04-29-a-las-11-46-12\/\" data-orig-file=\"https:\/\/i0.wp.com\/visitcalvia.org\/wp-content\/uploads\/2020\/04\/Captura-de-pantalla-2020-04-29-a-las-11.46.12.png?fit=672%2C429&amp;ssl=1\" data-orig-size=\"672,429\" data-comments-opened=\"1\" data-image-meta=\"{&quot;aperture&quot;:&quot;0&quot;,&quot;credit&quot;:&quot;&quot;,&quot;camera&quot;:&quot;&quot;,&quot;caption&quot;:&quot;&quot;,&quot;created_timestamp&quot;:&quot;0&quot;,&quot;copyright&quot;:&quot;&quot;,&quot;focal_length&quot;:&quot;0&quot;,&quot;iso&quot;:&quot;0&quot;,&quot;shutter_speed&quot;:&quot;0&quot;,&quot;title&quot;:&quot;&quot;,&quot;orientation&quot;:&quot;0&quot;}\" data-image-title=\"Paisaje ruta senderismo Cala Fornells a Cap andritxol\" data-image-description=\"\" data-image-caption=\"\" data-large-file=\"https:\/\/i0.wp.com\/visitcalvia.org\/wp-content\/uploads\/2020\/04\/Captura-de-pantalla-2020-04-29-a-las-11.46.12.png?fit=672%2C429&amp;ssl=1\" \/>\t\t\t\t\t\t\t\t\t\t\t<\/a>\n\t\t\t\t\t\t\t\t\t<\/div>\n\t\t\t<\/div>\n\t\t\t\t\t<div class=\"qodef-ig-image qodef-item-space\">\n\t\t\t\t<div class=\"qodef-ig-image-inner\">\n\t\t\t\t\t\t\t\t\t\t\t<a itemprop=\"image\" class=\"qodef-ig-lightbox\" href=\"https:\/\/i0.wp.com\/visitcalvia.org\/wp-content\/uploads\/2020\/04\/cap-andritxol.jpg?fit=800%2C530&#038;ssl=1\" data-rel=\"prettyPhoto[image_gallery_pretty_photo-336]\" title=\"cap andritxol\">\n\t\t\t\t\t\t\t\t\t\t\t<img decoding=\"async\" width=\"800\" height=\"530\" src=\"https:\/\/i0.wp.com\/visitcalvia.org\/wp-content\/uploads\/2020\/04\/cap-andritxol.jpg?fit=800%2C530&amp;ssl=1\" class=\"attachment-full size-full\" alt=\"\" srcset=\"https:\/\/i0.wp.com\/visitcalvia.org\/wp-content\/uploads\/2020\/04\/cap-andritxol.jpg?w=800&amp;ssl=1 800w, https:\/\/i0.wp.com\/visitcalvia.org\/wp-content\/uploads\/2020\/04\/cap-andritxol.jpg?resize=300%2C199&amp;ssl=1 300w, https:\/\/i0.wp.com\/visitcalvia.org\/wp-content\/uploads\/2020\/04\/cap-andritxol.jpg?resize=768%2C509&amp;ssl=1 768w, https:\/\/i0.wp.com\/visitcalvia.org\/wp-content\/uploads\/2020\/04\/cap-andritxol.jpg?resize=391%2C260&amp;ssl=1 391w, https:\/\/i0.wp.com\/visitcalvia.org\/wp-content\/uploads\/2020\/04\/cap-andritxol.jpg?resize=600%2C398&amp;ssl=1 600w, https:\/\/i0.wp.com\/visitcalvia.org\/wp-content\/uploads\/2020\/04\/cap-andritxol.jpg?resize=64%2C42&amp;ssl=1 64w\" sizes=\"(max-width: 800px) 100vw, 800px\" data-attachment-id=\"5320\" data-permalink=\"https:\/\/visitcalvia.org\/de\/senderismo\/cap-andritxol\/\" data-orig-file=\"https:\/\/i0.wp.com\/visitcalvia.org\/wp-content\/uploads\/2020\/04\/cap-andritxol.jpg?fit=800%2C530&amp;ssl=1\" data-orig-size=\"800,530\" data-comments-opened=\"1\" data-image-meta=\"{&quot;aperture&quot;:&quot;0&quot;,&quot;credit&quot;:&quot;&quot;,&quot;camera&quot;:&quot;&quot;,&quot;caption&quot;:&quot;&quot;,&quot;created_timestamp&quot;:&quot;0&quot;,&quot;copyright&quot;:&quot;&quot;,&quot;focal_length&quot;:&quot;0&quot;,&quot;iso&quot;:&quot;0&quot;,&quot;shutter_speed&quot;:&quot;0&quot;,&quot;title&quot;:&quot;&quot;,&quot;orientation&quot;:&quot;0&quot;}\" data-image-title=\"cap andritxol\" data-image-description=\"\" data-image-caption=\"\" data-large-file=\"https:\/\/i0.wp.com\/visitcalvia.org\/wp-content\/uploads\/2020\/04\/cap-andritxol.jpg?fit=800%2C530&amp;ssl=1\" \/>\t\t\t\t\t\t\t\t\t\t\t<\/a>\n\t\t\t\t\t\t\t\t\t<\/div>\n\t\t\t<\/div>\n\t\t\t\t\t<div class=\"qodef-ig-image qodef-item-space\">\n\t\t\t\t<div class=\"qodef-ig-image-inner\">\n\t\t\t\t\t\t\t\t\t\t\t<a itemprop=\"image\" class=\"qodef-ig-lightbox\" href=\"https:\/\/i0.wp.com\/visitcalvia.org\/wp-content\/uploads\/2020\/04\/CALO%CC%81-DEN-MOJO-PEGUERA-1.png?fit=862%2C569&#038;ssl=1\" data-rel=\"prettyPhoto[image_gallery_pretty_photo-336]\" title=\"CALO\u0301 DES MONJO, PEGUERA\">\n\t\t\t\t\t\t\t\t\t\t\t<img decoding=\"async\" width=\"862\" height=\"569\" src=\"https:\/\/i0.wp.com\/visitcalvia.org\/wp-content\/uploads\/2020\/04\/CALO%CC%81-DEN-MOJO-PEGUERA-1.png?fit=862%2C569&amp;ssl=1\" class=\"attachment-full size-full\" alt=\"Cal\u00f3 des monjo de Cala Fornells, ruta Cala Fornells (Calvi\u00e0) a cap andritxol\" data-attachment-id=\"5332\" data-permalink=\"https:\/\/visitcalvia.org\/de\/senderismo\/calo-den-mojo-peguera\/\" data-orig-file=\"https:\/\/i0.wp.com\/visitcalvia.org\/wp-content\/uploads\/2020\/04\/CALO%CC%81-DEN-MOJO-PEGUERA-1.png?fit=862%2C569&amp;ssl=1\" data-orig-size=\"862,569\" data-comments-opened=\"1\" data-image-meta=\"{&quot;aperture&quot;:&quot;0&quot;,&quot;credit&quot;:&quot;&quot;,&quot;camera&quot;:&quot;&quot;,&quot;caption&quot;:&quot;&quot;,&quot;created_timestamp&quot;:&quot;0&quot;,&quot;copyright&quot;:&quot;&quot;,&quot;focal_length&quot;:&quot;0&quot;,&quot;iso&quot;:&quot;0&quot;,&quot;shutter_speed&quot;:&quot;0&quot;,&quot;title&quot;:&quot;&quot;,&quot;orientation&quot;:&quot;0&quot;}\" data-image-title=\"CALO\u0301 DES MONJO, PEGUERA\" data-image-description=\"\" data-image-caption=\"\" data-large-file=\"https:\/\/i0.wp.com\/visitcalvia.org\/wp-content\/uploads\/2020\/04\/CALO%CC%81-DEN-MOJO-PEGUERA-1.png?fit=862%2C569&amp;ssl=1\" \/>\t\t\t\t\t\t\t\t\t\t\t<\/a>\n\t\t\t\t\t\t\t\t\t<\/div>\n\t\t\t<\/div>\n\t\t\t<\/div>\n<\/div>[\/vc_column_inner][\/vc_row_inner][\/vc_tta_section][vc_tta_section i_icon_fontawesome=&#8220;fas fa-hiking&#8220; add_icon=&#8220;true&#8220; title=&#8220;RS3 &#8211; Ses S\u00ednies (Finca de Galatz\u00f3)&#8220; tab_id=&#8220;RS3&#8243;]<div class=\"qodef-section-title-holder  qodef-st-standard qodef-st-title-left qodef-st-normal-space qodef-st-disable-title-break qodef-st-with-border\" style=\"text-align: left\">\n\t<div class=\"qodef-st-inner\">\n\t\t\t\t\t<h2 class=\"qodef-st-title\" >\n\t\t\t\tRS3 - <span class=\"qodef-st-title-bold\">Ses<\/span> <span class=\"qodef-st-title-bold\">S\u00ednies<\/span><br \/> <span class=\"qodef-st-title-bold\">(Finca<\/span> <span class=\"qodef-st-title-bold\">de<\/span> Galatz\u00f3)\t\t\t<\/h2>\n\t\t\t\t\t<\/div>\n<\/div>[vc_single_image image=&#8220;5425&#8243; img_size=&#8220;full&#8220;][vc_row_inner][vc_column_inner][vc_column_text]<\/p>\n<p class=\"titulo2\"><strong style=\"color: #000000; font-size: 17px;\">Start und Ende:\u00a0Finca p\u00fablica de Galatz\u00f3<\/strong><\/p>\n<div class=\"vc_empty_space\"><a href=\"https:\/\/www.google.com\/maps\/place\/Finca+P%C3%BAblica+Galatz%C3%B3\/@39.6070025,2.4704004,15z\/data=!4m5!3m4!1s0x0:0x7d121272d170bac!8m2!3d39.6070025!4d2.4704004\"><span class=\"qodef-iwt-title-text\">Carretera de Es Capdell\u00e0 a Galilea, Km 2.2, 07196 Calvi\u00e0, Balearic Islands<\/span><\/a><\/div>\n<p>[\/vc_column_text][vc_empty_space height=&#8220;20px&#8220;]<div class=\"qodef-iwt clearfix  qodef-iwt-icon-left-from-title qodef-iwt-icon-tiny\">\n\t<div class=\"qodef-iwt-content\" >\n\t\t\t\t\t<h5 class=\"qodef-iwt-title\" >\n\t\t\t\t\t\t\t\t\t<a itemprop=\"url\" href=\"#\" target=\"_self\">\n\t\t\t\t\t\t\t\t\t<span class=\"qodef-iwt-icon\">\n\t\t\t\t\t\t\t\t\t\t\t\t\t    <span class=\"qodef-icon-shortcode qodef-circle   qodef-icon-tiny\" style=\"width: 30px;height: 30px;line-height: 30px;background-color: #9bc535\" data-hover-color=\"#ffffff\" data-color=\"#ffffff\">\n                    <i class=\"qodef-icon-font-awesome fa fa-arrows-h qodef-icon-element\" style=\"color: #ffffff\" ><\/i>            <\/span>\n\t\t\t\t\t\t\t\t\t\t\t<\/span>\n\t\t\t\t\t<span class=\"qodef-iwt-title-text\">L\u00e4nge: 9 km<\/span>\n\t\t\t\t\t\t\t\t\t<\/a>\n\t\t\t\t\t\t\t<\/h5>\n\t\t\t\t\t<\/div>\n<\/div>[vc_empty_space height=&#8220;10px&#8220;]<div class=\"qodef-iwt clearfix  qodef-iwt-icon-left-from-title qodef-iwt-icon-tiny\">\n\t<div class=\"qodef-iwt-content\" >\n\t\t\t\t\t<h5 class=\"qodef-iwt-title\" >\n\t\t\t\t\t\t\t\t\t<a itemprop=\"url\" href=\"#\" target=\"_self\">\n\t\t\t\t\t\t\t\t\t<span class=\"qodef-iwt-icon\">\n\t\t\t\t\t\t\t\t\t\t\t\t\t    <span class=\"qodef-icon-shortcode qodef-circle   qodef-icon-tiny\" style=\"width: 30px;height: 30px;line-height: 30px;background-color: #9bc535\" data-hover-color=\"#ffffff\" data-color=\"#ffffff\">\n                    <i class=\"qodef-icon-font-awesome fa fa-history qodef-icon-element\" style=\"color: #ffffff\" ><\/i>            <\/span>\n\t\t\t\t\t\t\t\t\t\t\t<\/span>\n\t\t\t\t\t<span class=\"qodef-iwt-title-text\">Gesch\u00e4tzter Zeitaufwand: 3 horas<\/span>\n\t\t\t\t\t\t\t\t\t<\/a>\n\t\t\t\t\t\t\t<\/h5>\n\t\t\t\t\t<\/div>\n<\/div>[vc_empty_space height=&#8220;10px&#8220;]<div class=\"qodef-iwt clearfix  qodef-iwt-icon-left-from-title qodef-iwt-icon-tiny\">\n\t<div class=\"qodef-iwt-content\" >\n\t\t\t\t\t<h5 class=\"qodef-iwt-title\" >\n\t\t\t\t\t\t\t\t\t<a itemprop=\"url\" href=\"#\" target=\"_self\">\n\t\t\t\t\t\t\t\t\t<span class=\"qodef-iwt-icon\">\n\t\t\t\t\t\t\t\t\t\t\t\t\t    <span class=\"qodef-icon-shortcode qodef-circle   qodef-icon-tiny\" style=\"width: 30px;height: 30px;line-height: 30px;background-color: #9bc535\" data-hover-color=\"#ffffff\" data-color=\"#ffffff\">\n                    <i class=\"qodef-icon-font-awesome fa fa-sort-amount-desc qodef-icon-element\" style=\"color: #ffffff\" ><\/i>            <\/span>\n\t\t\t\t\t\t\t\t\t\t\t<\/span>\n\t\t\t\t\t<span class=\"qodef-iwt-title-text\">Schwierigkeitsgrad: f\u00e1cil<\/span>\n\t\t\t\t\t\t\t\t\t<\/a>\n\t\t\t\t\t\t\t<\/h5>\n\t\t\t\t\t<\/div>\n<\/div>[vc_empty_space height=&#8220;10px&#8220;]<div class=\"qodef-iwt clearfix  qodef-iwt-icon-left-from-title qodef-iwt-icon-tiny\">\n\t<div class=\"qodef-iwt-content\" >\n\t\t\t\t\t<h5 class=\"qodef-iwt-title\" >\n\t\t\t\t\t\t\t\t\t<a itemprop=\"url\" href=\"#\" target=\"_self\">\n\t\t\t\t\t\t\t\t\t<span class=\"qodef-iwt-icon\">\n\t\t\t\t\t\t\t\t\t\t\t\t\t    <span class=\"qodef-icon-shortcode qodef-circle   qodef-icon-tiny\" style=\"width: 30px;height: 30px;line-height: 30px;background-color: #9bc535\" data-hover-color=\"#ffffff\" data-color=\"#ffffff\">\n                    <i class=\"qodef-icon-font-awesome fa fa-arrow-up qodef-icon-element\" style=\"color: #ffffff\" ><\/i>            <\/span>\n\t\t\t\t\t\t\t\t\t\t\t<\/span>\n\t\t\t\t\t<span class=\"qodef-iwt-title-text\">Maximale H\u00f6he: 304 m<\/span>\n\t\t\t\t\t\t\t\t\t<\/a>\n\t\t\t\t\t\t\t<\/h5>\n\t\t\t\t\t<\/div>\n<\/div>[vc_empty_space height=&#8220;10px&#8220;]<div class=\"qodef-iwt clearfix  qodef-iwt-icon-left-from-title qodef-iwt-icon-tiny\">\n\t<div class=\"qodef-iwt-content\" >\n\t\t\t\t\t<h5 class=\"qodef-iwt-title\" >\n\t\t\t\t\t\t\t\t\t<a itemprop=\"url\" href=\"#\" target=\"_self\">\n\t\t\t\t\t\t\t\t\t<span class=\"qodef-iwt-icon\">\n\t\t\t\t\t\t\t\t\t\t\t\t\t    <span class=\"qodef-icon-shortcode qodef-circle   qodef-icon-tiny\" style=\"width: 30px;height: 30px;line-height: 30px;background-color: #9bc535\" data-hover-color=\"#ffffff\" data-color=\"#ffffff\">\n                    <i class=\"qodef-icon-font-awesome fa fa-plus qodef-icon-element\" style=\"color: #ffffff\" ><\/i>            <\/span>\n\t\t\t\t\t\t\t\t\t\t\t<\/span>\n\t\t\t\t\t<span class=\"qodef-iwt-title-text\">Positiver H\u00f6henunterschied: 232 m<\/span>\n\t\t\t\t\t\t\t\t\t<\/a>\n\t\t\t\t\t\t\t<\/h5>\n\t\t\t\t\t<\/div>\n<\/div>[vc_empty_space height=&#8220;30px&#8220;][vc_column_text]<strong>Wichtige Hinweise:<\/strong><\/p>\n<p><span style=\"font-weight: 400;\">Achten Sie auf geeignete Kleidung und Schuhwerk f\u00fcr diese Strecke. Es wird empfohlen, ausreichend Getr\u00e4nke und Essen mitzunehmen. Sch\u00fctzen Sie die Umwelt und achten Sie darauf, keine Sch\u00e4den zu verursachen. Hinterlassen Sie die Schranken so, wie Sie sie vorgefunden haben und bleiben Sie auf den gekennzeichneten Wegen. Feuer machen ist verboten. Das Errichten von Steint\u00fcrmchen ist untersagt. Das Passieren mit Pferden und auf Fahrr\u00e4dern ist gesetzlich geregelt. Haustiere sind nicht gestattet. Bitte nehmen Sie Ihr aufgeladenes Handy mit und rufen Sie im Notfall die 112 an.<\/span><\/p>\n<p><strong>Beschreibung:<\/strong><\/p>\n<p><span style=\"font-weight: 400;\">Die Strecke beginnt im Finca Galatz\u00f3 in Es Capdell\u00e0 und dort finden wir die ausgeschilderte Route nach Ses S\u00ednies.<\/span><\/p>\n<p><span style=\"font-weight: 400;\">Die Wanderstrecke zeichnet sich durch ihre gro\u00dfe landschaftliche, arch\u00e4ologische und ethnografische Bedeutung aus, ist leicht zu verfolgen, gut ausgeschildert und f\u00fcr Familien geeignet. Die Strecke, sowohl hin wie auch zur\u00fcck, beginnt auf einem Trockensteinweg bei den H\u00e4usern des Anwesens und verl\u00e4uft in n\u00f6rdlicher Richtung, durchquert das Waldgebiet Bosc de sa Madona und Comellar de na Llaneres parallel zum Wildbach Galatz\u00f3, und endet schlie\u00dflich im Ortsteil Ses S\u00ednies.<\/span><\/p>\n<p><span style=\"font-weight: 400;\">Bei einer Wanderung von etwas \u00fcber einer Stunde innerhalb des Anwesens Finca Galatz\u00f3 beobachten wir eine interessante Wandlung der Landschaften, von traditionellen Anbaufl\u00e4chen und Olivenhainen bis hin zur typisch mediterranen Vegetation mit Zwergpalmen, Schilfgras, schwarze Steppe, Gestr\u00fcpp, Kiefern und Oleaster, ethnografischen \u00dcberresten (z.B. Quanats, Kalk\u00f6fen, Kohlemeiler, Brunnen usw.), einem Rastplatz und dem Dorf Ses Sinies, einem arch\u00e4ologischen Siedlungskern aus der Bronzezeit.<\/span><\/p>\n<p><span style=\"font-weight: 400;\">Zum Abschluss des Ausflugs wird empfohlen, zum Aussichtspunkt Ses S\u00ednies zu gehen, der sich etwa 250 Meter entfernt an einem Waldweg befindet und von dem aus Sie von links nach rechts sehen k\u00f6nnen: Ses Males Roques, Comellar des Lladres, Sa Moleta Rassa, Puig de Galatz\u00f3 und Serra de Na Burguesa sowie das Galatz\u00f3-Tal. Von Ses S\u00ednies aus beginnt eine schwierigere Strecke, mit Anschluss an La Mola de S&#8217;Esclop.<\/span><\/p>\n<p><span style=\"font-weight: 400;\">Weitere Informationen \u00fcber diese Wanderstrecke finden Sie in diesem Blog: FINCA GALATZ\u00d3<\/span>[\/vc_column_text]<div class=\"qodef-section-title-holder  qodef-st-standard qodef-st-title-left qodef-st-normal-space  qodef-st-with-border\" style=\"text-align: left\">\n\t<div class=\"qodef-st-inner\">\n\t\t\t\t\t<h2 class=\"qodef-st-title\" >\n\t\t\t\tRuta Wikiloc | Altimetr\u00eda RS | Archivos GPX\t\t\t<\/h2>\n\t\t\t\t\t<\/div>\n<\/div>[vc_empty_space height=&#8220;20px&#8220;][vc_btn title=&#8220;Ruta en Wikiloc&#8220; style=&#8220;classic&#8220; shape=&#8220;square&#8220; color=&#8220;green&#8220; size=&#8220;lg&#8220; align=&#8220;center&#8220; i_icon_fontawesome=&#8220;fas fa-map-marked-alt&#8220; button_block=&#8220;true&#8220; add_icon=&#8220;true&#8220; link=&#8220;url:https%3A%2F%2Fes.wikiloc.com%2Frutas-senderismo%2Frs3-ses-sinies-finca-de-galatzo-69162465|target:_blank&#8220;][vc_btn title=&#8220;Altimetr\u00eda RS3&#8243; style=&#8220;classic&#8220; shape=&#8220;square&#8220; color=&#8220;inverse&#8220; size=&#8220;lg&#8220; align=&#8220;center&#8220; i_icon_fontawesome=&#8220;fas fa-map-marked-alt&#8220; button_block=&#8220;true&#8220; add_icon=&#8220;true&#8220; link=&#8220;url:https%3A%2F%2Fes.wikiloc.com%2Frutas-senderismo%2Frs3-ses-sinies-finca-de-galatzo-69162465||target:%20_blank|&#8220;][vc_btn title=&#8220;Archivo GPX RS3&#8243; style=&#8220;classic&#8220; shape=&#8220;square&#8220; color=&#8220;chino&#8220; size=&#8220;lg&#8220; align=&#8220;center&#8220; i_icon_fontawesome=&#8220;fas fa-map-marked-alt&#8220; button_block=&#8220;true&#8220; add_icon=&#8220;true&#8220; link=&#8220;url:https%3A%2F%2Fdrive.google.com%2Ffile%2Fd%2F1JMQHhXFB72Es2qpPP9B3ccLK3A9JWzJw%2Fview%3Fusp%3Dsharing|target:_blank&#8220;][vc_single_image image=&#8220;16273&#8243; img_size=&#8220;full&#8220; alignment=&#8220;center&#8220; onclick=&#8220;link_image&#8220; css_animation=&#8220;none&#8220;][vc_empty_space height=&#8220;30px&#8220;]<div class=\"qodef-section-title-holder  qodef-st-standard qodef-st-title-left qodef-st-normal-space  qodef-st-with-border\" style=\"text-align: left\">\n\t<div class=\"qodef-st-inner\">\n\t\t\t\t\t<h2 class=\"qodef-st-title\" >\n\t\t\t\tGaler\u00eda de fotos - RB3\t\t\t<\/h2>\n\t\t\t\t\t<\/div>\n<\/div>[vc_empty_space height=&#8220;20px&#8220;]<div class=\"qodef-image-gallery  qodef-ig-grid-type qodef-tiny-space  qodef-image-behavior-lightbox\">\n\t<div class=\"qodef-ig-inner qodef-outer-space qodef-ig-grid qodef-ig-two-columns\">\n\t\t\t\t\t<div class=\"qodef-ig-image qodef-item-space\">\n\t\t\t\t<div class=\"qodef-ig-image-inner\">\n\t\t\t\t\t\t\t\t\t\t\t<a itemprop=\"image\" class=\"qodef-ig-lightbox\" href=\"https:\/\/i0.wp.com\/visitcalvia.org\/wp-content\/uploads\/2020\/04\/casa-galatzo.png?fit=1192%2C675&#038;ssl=1\" data-rel=\"prettyPhoto[image_gallery_pretty_photo-497]\" title=\"casa galatzo\">\n\t\t\t\t\t\t\t\t\t\t\t<img decoding=\"async\" width=\"1192\" height=\"675\" src=\"https:\/\/i0.wp.com\/visitcalvia.org\/wp-content\/uploads\/2020\/04\/casa-galatzo.png?fit=1192%2C675&amp;ssl=1\" class=\"attachment-full size-full\" alt=\"\" srcset=\"https:\/\/i0.wp.com\/visitcalvia.org\/wp-content\/uploads\/2020\/04\/casa-galatzo.png?w=1192&amp;ssl=1 1192w, https:\/\/i0.wp.com\/visitcalvia.org\/wp-content\/uploads\/2020\/04\/casa-galatzo.png?resize=300%2C170&amp;ssl=1 300w, https:\/\/i0.wp.com\/visitcalvia.org\/wp-content\/uploads\/2020\/04\/casa-galatzo.png?resize=1024%2C580&amp;ssl=1 1024w, https:\/\/i0.wp.com\/visitcalvia.org\/wp-content\/uploads\/2020\/04\/casa-galatzo.png?resize=768%2C435&amp;ssl=1 768w, https:\/\/i0.wp.com\/visitcalvia.org\/wp-content\/uploads\/2020\/04\/casa-galatzo.png?resize=600%2C340&amp;ssl=1 600w, https:\/\/i0.wp.com\/visitcalvia.org\/wp-content\/uploads\/2020\/04\/casa-galatzo.png?resize=64%2C36&amp;ssl=1 64w\" sizes=\"(max-width: 1100px) 100vw, 1100px\" data-attachment-id=\"5556\" data-permalink=\"https:\/\/visitcalvia.org\/de\/senderismo\/casa-galatzo\/\" data-orig-file=\"https:\/\/i0.wp.com\/visitcalvia.org\/wp-content\/uploads\/2020\/04\/casa-galatzo.png?fit=1192%2C675&amp;ssl=1\" data-orig-size=\"1192,675\" data-comments-opened=\"1\" data-image-meta=\"{&quot;aperture&quot;:&quot;0&quot;,&quot;credit&quot;:&quot;&quot;,&quot;camera&quot;:&quot;&quot;,&quot;caption&quot;:&quot;&quot;,&quot;created_timestamp&quot;:&quot;0&quot;,&quot;copyright&quot;:&quot;&quot;,&quot;focal_length&quot;:&quot;0&quot;,&quot;iso&quot;:&quot;0&quot;,&quot;shutter_speed&quot;:&quot;0&quot;,&quot;title&quot;:&quot;&quot;,&quot;orientation&quot;:&quot;0&quot;}\" data-image-title=\"casa galatzo\" data-image-description=\"\" data-image-caption=\"\" data-large-file=\"https:\/\/i0.wp.com\/visitcalvia.org\/wp-content\/uploads\/2020\/04\/casa-galatzo.png?fit=1024%2C580&amp;ssl=1\" \/>\t\t\t\t\t\t\t\t\t\t\t<\/a>\n\t\t\t\t\t\t\t\t\t<\/div>\n\t\t\t<\/div>\n\t\t\t\t\t<div class=\"qodef-ig-image qodef-item-space\">\n\t\t\t\t<div class=\"qodef-ig-image-inner\">\n\t\t\t\t\t\t\t\t\t\t\t<a itemprop=\"image\" class=\"qodef-ig-lightbox\" href=\"https:\/\/i0.wp.com\/visitcalvia.org\/wp-content\/uploads\/2023\/01\/RS3-2.jpg?fit=700%2C469&#038;ssl=1\" data-rel=\"prettyPhoto[image_gallery_pretty_photo-497]\" title=\"RS3 &#8211; 2\">\n\t\t\t\t\t\t\t\t\t\t\t<img decoding=\"async\" width=\"700\" height=\"469\" src=\"https:\/\/i0.wp.com\/visitcalvia.org\/wp-content\/uploads\/2023\/01\/RS3-2.jpg?fit=700%2C469&amp;ssl=1\" class=\"attachment-full size-full\" alt=\"\" srcset=\"https:\/\/i0.wp.com\/visitcalvia.org\/wp-content\/uploads\/2023\/01\/RS3-2.jpg?w=700&amp;ssl=1 700w, https:\/\/i0.wp.com\/visitcalvia.org\/wp-content\/uploads\/2023\/01\/RS3-2.jpg?resize=300%2C201&amp;ssl=1 300w\" sizes=\"(max-width: 700px) 100vw, 700px\" data-attachment-id=\"21036\" data-permalink=\"https:\/\/visitcalvia.org\/de\/senderismo\/rs3-2\/\" data-orig-file=\"https:\/\/i0.wp.com\/visitcalvia.org\/wp-content\/uploads\/2023\/01\/RS3-2.jpg?fit=700%2C469&amp;ssl=1\" data-orig-size=\"700,469\" data-comments-opened=\"1\" data-image-meta=\"{&quot;aperture&quot;:&quot;0&quot;,&quot;credit&quot;:&quot;&quot;,&quot;camera&quot;:&quot;&quot;,&quot;caption&quot;:&quot;&quot;,&quot;created_timestamp&quot;:&quot;0&quot;,&quot;copyright&quot;:&quot;&quot;,&quot;focal_length&quot;:&quot;0&quot;,&quot;iso&quot;:&quot;0&quot;,&quot;shutter_speed&quot;:&quot;0&quot;,&quot;title&quot;:&quot;&quot;,&quot;orientation&quot;:&quot;0&quot;}\" data-image-title=\"RS3 &amp;#8211; 2\" data-image-description=\"\" data-image-caption=\"\" data-large-file=\"https:\/\/i0.wp.com\/visitcalvia.org\/wp-content\/uploads\/2023\/01\/RS3-2.jpg?fit=700%2C469&amp;ssl=1\" \/>\t\t\t\t\t\t\t\t\t\t\t<\/a>\n\t\t\t\t\t\t\t\t\t<\/div>\n\t\t\t<\/div>\n\t\t\t\t\t<div class=\"qodef-ig-image qodef-item-space\">\n\t\t\t\t<div class=\"qodef-ig-image-inner\">\n\t\t\t\t\t\t\t\t\t\t\t<a itemprop=\"image\" class=\"qodef-ig-lightbox\" href=\"https:\/\/i0.wp.com\/visitcalvia.org\/wp-content\/uploads\/2023\/01\/RS3-3.jpg?fit=700%2C468&#038;ssl=1\" data-rel=\"prettyPhoto[image_gallery_pretty_photo-497]\" title=\"RS3 &#8211; 3\">\n\t\t\t\t\t\t\t\t\t\t\t<img decoding=\"async\" width=\"700\" height=\"468\" src=\"https:\/\/i0.wp.com\/visitcalvia.org\/wp-content\/uploads\/2023\/01\/RS3-3.jpg?fit=700%2C468&amp;ssl=1\" class=\"attachment-full size-full\" alt=\"\" srcset=\"https:\/\/i0.wp.com\/visitcalvia.org\/wp-content\/uploads\/2023\/01\/RS3-3.jpg?w=700&amp;ssl=1 700w, https:\/\/i0.wp.com\/visitcalvia.org\/wp-content\/uploads\/2023\/01\/RS3-3.jpg?resize=300%2C201&amp;ssl=1 300w, https:\/\/i0.wp.com\/visitcalvia.org\/wp-content\/uploads\/2023\/01\/RS3-3.jpg?resize=391%2C260&amp;ssl=1 391w\" sizes=\"(max-width: 700px) 100vw, 700px\" data-attachment-id=\"21040\" data-permalink=\"https:\/\/visitcalvia.org\/de\/senderismo\/rs3-3\/\" data-orig-file=\"https:\/\/i0.wp.com\/visitcalvia.org\/wp-content\/uploads\/2023\/01\/RS3-3.jpg?fit=700%2C468&amp;ssl=1\" data-orig-size=\"700,468\" data-comments-opened=\"1\" data-image-meta=\"{&quot;aperture&quot;:&quot;0&quot;,&quot;credit&quot;:&quot;&quot;,&quot;camera&quot;:&quot;&quot;,&quot;caption&quot;:&quot;&quot;,&quot;created_timestamp&quot;:&quot;0&quot;,&quot;copyright&quot;:&quot;&quot;,&quot;focal_length&quot;:&quot;0&quot;,&quot;iso&quot;:&quot;0&quot;,&quot;shutter_speed&quot;:&quot;0&quot;,&quot;title&quot;:&quot;&quot;,&quot;orientation&quot;:&quot;0&quot;}\" data-image-title=\"RS3 &amp;#8211; 3\" data-image-description=\"\" data-image-caption=\"\" data-large-file=\"https:\/\/i0.wp.com\/visitcalvia.org\/wp-content\/uploads\/2023\/01\/RS3-3.jpg?fit=700%2C468&amp;ssl=1\" \/>\t\t\t\t\t\t\t\t\t\t\t<\/a>\n\t\t\t\t\t\t\t\t\t<\/div>\n\t\t\t<\/div>\n\t\t\t\t\t<div class=\"qodef-ig-image qodef-item-space\">\n\t\t\t\t<div class=\"qodef-ig-image-inner\">\n\t\t\t\t\t\t\t\t\t\t\t<a itemprop=\"image\" class=\"qodef-ig-lightbox\" href=\"https:\/\/i0.wp.com\/visitcalvia.org\/wp-content\/uploads\/2023\/01\/RS3-4.jpg?fit=700%2C469&#038;ssl=1\" data-rel=\"prettyPhoto[image_gallery_pretty_photo-497]\" title=\"RS3 &#8211; 4\">\n\t\t\t\t\t\t\t\t\t\t\t<img decoding=\"async\" width=\"700\" height=\"469\" src=\"https:\/\/i0.wp.com\/visitcalvia.org\/wp-content\/uploads\/2023\/01\/RS3-4.jpg?fit=700%2C469&amp;ssl=1\" class=\"attachment-full size-full\" alt=\"\" srcset=\"https:\/\/i0.wp.com\/visitcalvia.org\/wp-content\/uploads\/2023\/01\/RS3-4.jpg?w=700&amp;ssl=1 700w, https:\/\/i0.wp.com\/visitcalvia.org\/wp-content\/uploads\/2023\/01\/RS3-4.jpg?resize=300%2C201&amp;ssl=1 300w\" sizes=\"(max-width: 700px) 100vw, 700px\" data-attachment-id=\"21044\" data-permalink=\"https:\/\/visitcalvia.org\/de\/senderismo\/rs3-4\/\" data-orig-file=\"https:\/\/i0.wp.com\/visitcalvia.org\/wp-content\/uploads\/2023\/01\/RS3-4.jpg?fit=700%2C469&amp;ssl=1\" data-orig-size=\"700,469\" data-comments-opened=\"1\" data-image-meta=\"{&quot;aperture&quot;:&quot;0&quot;,&quot;credit&quot;:&quot;&quot;,&quot;camera&quot;:&quot;&quot;,&quot;caption&quot;:&quot;&quot;,&quot;created_timestamp&quot;:&quot;0&quot;,&quot;copyright&quot;:&quot;&quot;,&quot;focal_length&quot;:&quot;0&quot;,&quot;iso&quot;:&quot;0&quot;,&quot;shutter_speed&quot;:&quot;0&quot;,&quot;title&quot;:&quot;&quot;,&quot;orientation&quot;:&quot;0&quot;}\" data-image-title=\"RS3 &amp;#8211; 4\" data-image-description=\"\" data-image-caption=\"\" data-large-file=\"https:\/\/i0.wp.com\/visitcalvia.org\/wp-content\/uploads\/2023\/01\/RS3-4.jpg?fit=700%2C469&amp;ssl=1\" \/>\t\t\t\t\t\t\t\t\t\t\t<\/a>\n\t\t\t\t\t\t\t\t\t<\/div>\n\t\t\t<\/div>\n\t\t\t<\/div>\n<\/div>[\/vc_column_inner][\/vc_row_inner][\/vc_tta_section][vc_tta_section i_icon_fontawesome=&#8220;fas fa-hiking&#8220; add_icon=&#8220;true&#8220; title=&#8220;RS4 &#8211; Peguera &#8211; Galatz\u00f3&#8220; tab_id=&#8220;RS4&#8243;]<div class=\"qodef-section-title-holder  qodef-st-standard qodef-st-title-left qodef-st-normal-space qodef-st-disable-title-break qodef-st-with-border\" style=\"text-align: left\">\n\t<div class=\"qodef-st-inner\">\n\t\t\t\t\t<h2 class=\"qodef-st-title\" >\n\t\t\t\tRS4 - <span class=\"qodef-st-title-bold\">Peguera<\/span> <span class=\"qodef-st-title-bold\">-<\/span><br \/> <span class=\"qodef-st-title-bold\">Galatz\u00f3<\/span>\t\t\t<\/h2>\n\t\t\t\t\t<\/div>\n<\/div>[vc_single_image image=&#8220;5555&#8243; img_size=&#8220;full&#8220;][vc_row_inner][vc_column_inner][vc_empty_space height=&#8220;20px&#8220;][vc_column_text]<\/p>\n<div class=\"wpb_text_column wpb_content_element \">\n<div class=\"wpb_wrapper\">\n<h5><strong>Start und Ende: <\/strong><strong>St\u00e4dtisches B\u00fcro f\u00fcr Tourismusinformation in Peguera<\/strong><\/h5>\n<\/div>\n<\/div>\n<div class=\"vc_empty_space\"><a style=\"font-size: 17px;\" href=\"https:\/\/www.google.com\/maps\/place\/Oficina+de+Turismo+de+Magaluf\/@39.5090167,2.5330145,17z\/data=!3m1!4b1!4m5!3m4!1s0x1297892dd9b33e0f:0x78c934efc99bbb3c!8m2!3d39.5090126!4d2.5352032\" target=\"_self\" rel=\"noopener noreferrer\"><span class=\"qodef-iwt-title-text\">C\/ Ratol\u00ed, 1 \u00b7 07160 Peguera, Calvi\u00e0, Mallorca, Illes Balears, Espa\u00f1a<\/span><\/a><\/div>\n<p>[\/vc_column_text][vc_empty_space height=&#8220;10px&#8220;]<div class=\"qodef-iwt clearfix  qodef-iwt-icon-left-from-title qodef-iwt-icon-tiny\">\n\t<div class=\"qodef-iwt-content\" >\n\t\t\t\t\t<h5 class=\"qodef-iwt-title\" >\n\t\t\t\t\t\t\t\t\t<a itemprop=\"url\" href=\"#\" target=\"_self\">\n\t\t\t\t\t\t\t\t\t<span class=\"qodef-iwt-icon\">\n\t\t\t\t\t\t\t\t\t\t\t\t\t    <span class=\"qodef-icon-shortcode qodef-circle   qodef-icon-tiny\" style=\"width: 30px;height: 30px;line-height: 30px;background-color: #9bc535\" data-hover-color=\"#ffffff\" data-color=\"#ffffff\">\n                    <i class=\"qodef-icon-font-awesome fa fa-arrows-h qodef-icon-element\" style=\"color: #ffffff\" ><\/i>            <\/span>\n\t\t\t\t\t\t\t\t\t\t\t<\/span>\n\t\t\t\t\t<span class=\"qodef-iwt-title-text\">L\u00e4nge: 18,25 km<\/span>\n\t\t\t\t\t\t\t\t\t<\/a>\n\t\t\t\t\t\t\t<\/h5>\n\t\t\t\t\t<\/div>\n<\/div>[vc_empty_space height=&#8220;10px&#8220;]<div class=\"qodef-iwt clearfix  qodef-iwt-icon-left-from-title qodef-iwt-icon-tiny\">\n\t<div class=\"qodef-iwt-content\" >\n\t\t\t\t\t<h5 class=\"qodef-iwt-title\" >\n\t\t\t\t\t\t\t\t\t<a itemprop=\"url\" href=\"#\" target=\"_self\">\n\t\t\t\t\t\t\t\t\t<span class=\"qodef-iwt-icon\">\n\t\t\t\t\t\t\t\t\t\t\t\t\t    <span class=\"qodef-icon-shortcode qodef-circle   qodef-icon-tiny\" style=\"width: 30px;height: 30px;line-height: 30px;background-color: #9bc535\" data-hover-color=\"#ffffff\" data-color=\"#ffffff\">\n                    <i class=\"qodef-icon-font-awesome fa fa-history qodef-icon-element\" style=\"color: #ffffff\" ><\/i>            <\/span>\n\t\t\t\t\t\t\t\t\t\t\t<\/span>\n\t\t\t\t\t<span class=\"qodef-iwt-title-text\">Gesch\u00e4tzter Zeitaufwand:<\/span>\n\t\t\t\t\t\t\t\t\t<\/a>\n\t\t\t\t\t\t\t<\/h5>\n\t\t\t\t\t<\/div>\n<\/div>[vc_empty_space height=&#8220;10px&#8220;]<div class=\"qodef-iwt clearfix  qodef-iwt-icon-left-from-title qodef-iwt-icon-tiny\">\n\t<div class=\"qodef-iwt-content\" >\n\t\t\t\t\t<h5 class=\"qodef-iwt-title\" >\n\t\t\t\t\t\t\t\t\t<a itemprop=\"url\" href=\"#\" target=\"_self\">\n\t\t\t\t\t\t\t\t\t<span class=\"qodef-iwt-icon\">\n\t\t\t\t\t\t\t\t\t\t\t\t\t    <span class=\"qodef-icon-shortcode qodef-circle   qodef-icon-tiny\" style=\"width: 30px;height: 30px;line-height: 30px;background-color: #9bc535\" data-hover-color=\"#ffffff\" data-color=\"#ffffff\">\n                    <i class=\"qodef-icon-font-awesome fa fa-sort-amount-desc qodef-icon-element\" style=\"color: #ffffff\" ><\/i>            <\/span>\n\t\t\t\t\t\t\t\t\t\t\t<\/span>\n\t\t\t\t\t<span class=\"qodef-iwt-title-text\">Schwierigkeitsgrad: F\u00e1cil<\/span>\n\t\t\t\t\t\t\t\t\t<\/a>\n\t\t\t\t\t\t\t<\/h5>\n\t\t\t\t\t<\/div>\n<\/div>[vc_empty_space height=&#8220;10px&#8220;]<div class=\"qodef-iwt clearfix  qodef-iwt-icon-left-from-title qodef-iwt-icon-tiny\">\n\t<div class=\"qodef-iwt-content\" >\n\t\t\t\t\t<h5 class=\"qodef-iwt-title\" >\n\t\t\t\t\t\t\t\t\t<a itemprop=\"url\" href=\"#\" target=\"_self\">\n\t\t\t\t\t\t\t\t\t<span class=\"qodef-iwt-icon\">\n\t\t\t\t\t\t\t\t\t\t\t\t\t    <span class=\"qodef-icon-shortcode qodef-circle   qodef-icon-tiny\" style=\"width: 30px;height: 30px;line-height: 30px;background-color: #9bc535\" data-hover-color=\"#ffffff\" data-color=\"#ffffff\">\n                    <i class=\"qodef-icon-font-awesome fa fa-arrow-up qodef-icon-element\" style=\"color: #ffffff\" ><\/i>            <\/span>\n\t\t\t\t\t\t\t\t\t\t\t<\/span>\n\t\t\t\t\t<span class=\"qodef-iwt-title-text\">Maximale H\u00f6he: 210 m<\/span>\n\t\t\t\t\t\t\t\t\t<\/a>\n\t\t\t\t\t\t\t<\/h5>\n\t\t\t\t\t<\/div>\n<\/div>[vc_empty_space height=&#8220;10px&#8220;]<div class=\"qodef-iwt clearfix  qodef-iwt-icon-left-from-title qodef-iwt-icon-tiny\">\n\t<div class=\"qodef-iwt-content\" >\n\t\t\t\t\t<h5 class=\"qodef-iwt-title\" >\n\t\t\t\t\t\t\t\t\t<a itemprop=\"url\" href=\"#\" target=\"_self\">\n\t\t\t\t\t\t\t\t\t<span class=\"qodef-iwt-icon\">\n\t\t\t\t\t\t\t\t\t\t\t\t\t    <span class=\"qodef-icon-shortcode qodef-circle   qodef-icon-tiny\" style=\"width: 30px;height: 30px;line-height: 30px;background-color: #9bc535\" data-hover-color=\"#ffffff\" data-color=\"#ffffff\">\n                    <i class=\"qodef-icon-font-awesome fa fa-plus qodef-icon-element\" style=\"color: #ffffff\" ><\/i>            <\/span>\n\t\t\t\t\t\t\t\t\t\t\t<\/span>\n\t\t\t\t\t<span class=\"qodef-iwt-title-text\">Positiver H\u00f6henunterschied: 280 m<\/span>\n\t\t\t\t\t\t\t\t\t<\/a>\n\t\t\t\t\t\t\t<\/h5>\n\t\t\t\t\t<\/div>\n<\/div>[vc_empty_space height=&#8220;10px&#8220;][vc_column_text]Beschreibung.<\/p>\n<p><span style=\"font-weight: 400;\">Ziel ist es, das \u00f6ffentliche Anwesen Finca de Galatz\u00f3 (Es Capdell\u00e0) zu besichtigen, eins der Wanderparadiese auf Mallorca. Ausgangspunkt und Zielpunkt ist Peguera.<\/span><\/p>\n<p><span style=\"font-weight: 400;\">Wir beginnen die Route in Peguera, von dort wandern wir auf dem sch\u00f6nen Spazierweg, der die beiden Ortschaften verbindet, nach Es Capdell\u00e0. Am Ortsrand von Es Capdell\u00e0 befindet sich das \u00f6ffentliche Anwesen Galatz\u00f3, das gr\u00f6\u00dfte Naturerbe der Gemeinde.<\/span><\/p>\n<p><span style=\"font-weight: 400;\">Das \u00f6ffentliche Anwesen Galatz\u00f3 ist ein l\u00e4ndliches Anwesen im n\u00f6rdlichen Teil der Gemeinde, das 2006 vom Stadtrat von Calvi\u00e0 gekauft wurde und das einzige Anwesen dieser Art in der Gemeinde ist. Galatz\u00f3 hat eine Fl\u00e4che von 1401 Hektar und ist somit eines der gr\u00f6\u00dften Anwesen der Balearen. Es ist Teil der Ausl\u00e4ufer der Serra de Tramuntana, die zum UNESCO-Weltkulturerbe erkl\u00e4rt wurde, und grenzt an die Gemeinden Puigpunyent, Estellencs und Andratx.<\/span><\/p>\n<p><span style=\"font-weight: 400;\">Es gibt dort vier ausgeschilderte Wanderstrecken: die Strecke von s&#8217;Esclop, die Strecke von Sa Vinya, die Strecke von Ses Planes und die Strecke von Ses S\u00ednies. Insgesamt umfassen sie 35 Streckenkilometer, auf denen man eine gro\u00dfe Anzahl von Pflanzen- und Tiergemeinschaften sowie ein reiches architektonisches, ethnologisches und arch\u00e4ologisches Erbe entdecken kann.<\/span>[\/vc_column_text][vc_empty_space height=&#8220;30px&#8220;]<div class=\"qodef-section-title-holder  qodef-st-standard qodef-st-title-left qodef-st-normal-space  qodef-st-with-border\" style=\"text-align: left\">\n\t<div class=\"qodef-st-inner\">\n\t\t\t\t\t<h2 class=\"qodef-st-title\" >\n\t\t\t\tRuta Wikiloc | Altimetr\u00eda RS | Archivos GPX\t\t\t<\/h2>\n\t\t\t\t\t<\/div>\n<\/div>[vc_empty_space height=&#8220;20px&#8220;][vc_btn title=&#8220;Ruta en Wikiloc&#8220; style=&#8220;classic&#8220; shape=&#8220;square&#8220; color=&#8220;green&#8220; size=&#8220;lg&#8220; align=&#8220;center&#8220; i_icon_fontawesome=&#8220;fas fa-map-marked-alt&#8220; button_block=&#8220;true&#8220; add_icon=&#8220;true&#8220; link=&#8220;url:https%3A%2F%2Fes.wikiloc.com%2Frutas-senderismo%2Frs4-peguera-galatzo-124107447|target:_blank&#8220;][vc_btn title=&#8220;Altimetr\u00eda RS4&#8243; style=&#8220;classic&#8220; shape=&#8220;square&#8220; color=&#8220;inverse&#8220; size=&#8220;lg&#8220; align=&#8220;center&#8220; i_icon_fontawesome=&#8220;fas fa-map-marked-alt&#8220; button_block=&#8220;true&#8220; add_icon=&#8220;true&#8220; link=&#8220;url:https%3A%2F%2Fwww.alltrails.com%2Fwidget%2Fmap%2Fmapa-4be2c8f&#8211;2%3Fu%3Dm||target:%20_blank|&#8220;][vc_btn title=&#8220;Archivo GPX RS4&#8243; style=&#8220;classic&#8220; shape=&#8220;square&#8220; color=&#8220;chino&#8220; size=&#8220;lg&#8220; align=&#8220;center&#8220; i_icon_fontawesome=&#8220;fas fa-map-marked-alt&#8220; button_block=&#8220;true&#8220; add_icon=&#8220;true&#8220; link=&#8220;url:https%3A%2F%2Fdrive.google.com%2Fopen%3Fid%3D1i8LfyusGnXZVZo7TJdWKey7h-0yPsNLX|target:_blank&#8220;][vc_single_image image=&#8220;5234&#8243; img_size=&#8220;full&#8220; alignment=&#8220;center&#8220; onclick=&#8220;link_image&#8220; css_animation=&#8220;none&#8220;][vc_empty_space height=&#8220;30px&#8220;]<div class=\"qodef-section-title-holder  qodef-st-standard qodef-st-title-left qodef-st-normal-space  qodef-st-with-border\" style=\"text-align: left\">\n\t<div class=\"qodef-st-inner\">\n\t\t\t\t\t<h2 class=\"qodef-st-title\" >\n\t\t\t\tGaler\u00eda de fotos - RB4\t\t\t<\/h2>\n\t\t\t\t\t<\/div>\n<\/div>[vc_empty_space height=&#8220;20px&#8220;]<div class=\"qodef-image-gallery  qodef-ig-grid-type qodef-tiny-space  qodef-image-behavior-lightbox\">\n\t<div class=\"qodef-ig-inner qodef-outer-space qodef-ig-grid qodef-ig-two-columns\">\n\t\t\t\t\t<div class=\"qodef-ig-image qodef-item-space\">\n\t\t\t\t<div class=\"qodef-ig-image-inner\">\n\t\t\t\t\t\t\t\t\t\t\t<a itemprop=\"image\" class=\"qodef-ig-lightbox\" href=\"https:\/\/i0.wp.com\/visitcalvia.org\/wp-content\/uploads\/2020\/04\/casa-galatzo.png?fit=1192%2C675&#038;ssl=1\" data-rel=\"prettyPhoto[image_gallery_pretty_photo-929]\" title=\"casa galatzo\">\n\t\t\t\t\t\t\t\t\t\t\t<img decoding=\"async\" width=\"1192\" height=\"675\" src=\"https:\/\/i0.wp.com\/visitcalvia.org\/wp-content\/uploads\/2020\/04\/casa-galatzo.png?fit=1192%2C675&amp;ssl=1\" class=\"attachment-full size-full\" alt=\"\" srcset=\"https:\/\/i0.wp.com\/visitcalvia.org\/wp-content\/uploads\/2020\/04\/casa-galatzo.png?w=1192&amp;ssl=1 1192w, https:\/\/i0.wp.com\/visitcalvia.org\/wp-content\/uploads\/2020\/04\/casa-galatzo.png?resize=300%2C170&amp;ssl=1 300w, https:\/\/i0.wp.com\/visitcalvia.org\/wp-content\/uploads\/2020\/04\/casa-galatzo.png?resize=1024%2C580&amp;ssl=1 1024w, https:\/\/i0.wp.com\/visitcalvia.org\/wp-content\/uploads\/2020\/04\/casa-galatzo.png?resize=768%2C435&amp;ssl=1 768w, https:\/\/i0.wp.com\/visitcalvia.org\/wp-content\/uploads\/2020\/04\/casa-galatzo.png?resize=600%2C340&amp;ssl=1 600w, https:\/\/i0.wp.com\/visitcalvia.org\/wp-content\/uploads\/2020\/04\/casa-galatzo.png?resize=64%2C36&amp;ssl=1 64w\" sizes=\"(max-width: 1100px) 100vw, 1100px\" data-attachment-id=\"5556\" data-permalink=\"https:\/\/visitcalvia.org\/de\/senderismo\/casa-galatzo\/\" data-orig-file=\"https:\/\/i0.wp.com\/visitcalvia.org\/wp-content\/uploads\/2020\/04\/casa-galatzo.png?fit=1192%2C675&amp;ssl=1\" data-orig-size=\"1192,675\" data-comments-opened=\"1\" data-image-meta=\"{&quot;aperture&quot;:&quot;0&quot;,&quot;credit&quot;:&quot;&quot;,&quot;camera&quot;:&quot;&quot;,&quot;caption&quot;:&quot;&quot;,&quot;created_timestamp&quot;:&quot;0&quot;,&quot;copyright&quot;:&quot;&quot;,&quot;focal_length&quot;:&quot;0&quot;,&quot;iso&quot;:&quot;0&quot;,&quot;shutter_speed&quot;:&quot;0&quot;,&quot;title&quot;:&quot;&quot;,&quot;orientation&quot;:&quot;0&quot;}\" data-image-title=\"casa galatzo\" data-image-description=\"\" data-image-caption=\"\" data-large-file=\"https:\/\/i0.wp.com\/visitcalvia.org\/wp-content\/uploads\/2020\/04\/casa-galatzo.png?fit=1024%2C580&amp;ssl=1\" \/>\t\t\t\t\t\t\t\t\t\t\t<\/a>\n\t\t\t\t\t\t\t\t\t<\/div>\n\t\t\t<\/div>\n\t\t\t\t\t<div class=\"qodef-ig-image qodef-item-space\">\n\t\t\t\t<div class=\"qodef-ig-image-inner\">\n\t\t\t\t\t\t\t\t\t\t\t<a itemprop=\"image\" class=\"qodef-ig-lightbox\" href=\"https:\/\/i0.wp.com\/visitcalvia.org\/wp-content\/uploads\/2020\/04\/FOTO-2-PEGUERA-GALATZO-copia.png?fit=1250%2C686&#038;ssl=1\" data-rel=\"prettyPhoto[image_gallery_pretty_photo-929]\" title=\"FOTO 2 PEGUERA GALATZO copia\">\n\t\t\t\t\t\t\t\t\t\t\t<img decoding=\"async\" width=\"1250\" height=\"686\" src=\"https:\/\/i0.wp.com\/visitcalvia.org\/wp-content\/uploads\/2020\/04\/FOTO-2-PEGUERA-GALATZO-copia.png?fit=1250%2C686&amp;ssl=1\" class=\"attachment-full size-full\" alt=\"es Galatz\u00f3, ruta desde peguera a Galatz\u00f3\" srcset=\"https:\/\/i0.wp.com\/visitcalvia.org\/wp-content\/uploads\/2020\/04\/FOTO-2-PEGUERA-GALATZO-copia.png?w=1250&amp;ssl=1 1250w, https:\/\/i0.wp.com\/visitcalvia.org\/wp-content\/uploads\/2020\/04\/FOTO-2-PEGUERA-GALATZO-copia.png?resize=300%2C165&amp;ssl=1 300w, https:\/\/i0.wp.com\/visitcalvia.org\/wp-content\/uploads\/2020\/04\/FOTO-2-PEGUERA-GALATZO-copia.png?resize=1024%2C562&amp;ssl=1 1024w, https:\/\/i0.wp.com\/visitcalvia.org\/wp-content\/uploads\/2020\/04\/FOTO-2-PEGUERA-GALATZO-copia.png?resize=768%2C421&amp;ssl=1 768w, https:\/\/i0.wp.com\/visitcalvia.org\/wp-content\/uploads\/2020\/04\/FOTO-2-PEGUERA-GALATZO-copia.png?resize=1200%2C659&amp;ssl=1 1200w, https:\/\/i0.wp.com\/visitcalvia.org\/wp-content\/uploads\/2020\/04\/FOTO-2-PEGUERA-GALATZO-copia.png?resize=600%2C329&amp;ssl=1 600w, https:\/\/i0.wp.com\/visitcalvia.org\/wp-content\/uploads\/2020\/04\/FOTO-2-PEGUERA-GALATZO-copia.png?resize=64%2C35&amp;ssl=1 64w\" sizes=\"(max-width: 1100px) 100vw, 1100px\" data-attachment-id=\"5560\" data-permalink=\"https:\/\/visitcalvia.org\/de\/senderismo\/foto-2-peguera-galatzo-copia\/\" data-orig-file=\"https:\/\/i0.wp.com\/visitcalvia.org\/wp-content\/uploads\/2020\/04\/FOTO-2-PEGUERA-GALATZO-copia.png?fit=1250%2C686&amp;ssl=1\" data-orig-size=\"1250,686\" data-comments-opened=\"1\" data-image-meta=\"{&quot;aperture&quot;:&quot;0&quot;,&quot;credit&quot;:&quot;&quot;,&quot;camera&quot;:&quot;&quot;,&quot;caption&quot;:&quot;&quot;,&quot;created_timestamp&quot;:&quot;0&quot;,&quot;copyright&quot;:&quot;&quot;,&quot;focal_length&quot;:&quot;0&quot;,&quot;iso&quot;:&quot;0&quot;,&quot;shutter_speed&quot;:&quot;0&quot;,&quot;title&quot;:&quot;&quot;,&quot;orientation&quot;:&quot;0&quot;}\" data-image-title=\"FOTO 2 PEGUERA GALATZO copia\" data-image-description=\"\" data-image-caption=\"\" data-large-file=\"https:\/\/i0.wp.com\/visitcalvia.org\/wp-content\/uploads\/2020\/04\/FOTO-2-PEGUERA-GALATZO-copia.png?fit=1024%2C562&amp;ssl=1\" \/>\t\t\t\t\t\t\t\t\t\t\t<\/a>\n\t\t\t\t\t\t\t\t\t<\/div>\n\t\t\t<\/div>\n\t\t\t\t\t<div class=\"qodef-ig-image qodef-item-space\">\n\t\t\t\t<div class=\"qodef-ig-image-inner\">\n\t\t\t\t\t\t\t\t\t\t\t<a itemprop=\"image\" class=\"qodef-ig-lightbox\" href=\"https:\/\/i0.wp.com\/visitcalvia.org\/wp-content\/uploads\/2020\/04\/patio-interior-galatzo.png?fit=1260%2C682&#038;ssl=1\" data-rel=\"prettyPhoto[image_gallery_pretty_photo-929]\" title=\"patio interior galatzo\">\n\t\t\t\t\t\t\t\t\t\t\t<img decoding=\"async\" width=\"1260\" height=\"682\" src=\"https:\/\/i0.wp.com\/visitcalvia.org\/wp-content\/uploads\/2020\/04\/patio-interior-galatzo.png?fit=1260%2C682&amp;ssl=1\" class=\"attachment-full size-full\" alt=\"patio interior galatz\u00f3\" srcset=\"https:\/\/i0.wp.com\/visitcalvia.org\/wp-content\/uploads\/2020\/04\/patio-interior-galatzo.png?w=1260&amp;ssl=1 1260w, https:\/\/i0.wp.com\/visitcalvia.org\/wp-content\/uploads\/2020\/04\/patio-interior-galatzo.png?resize=300%2C162&amp;ssl=1 300w, https:\/\/i0.wp.com\/visitcalvia.org\/wp-content\/uploads\/2020\/04\/patio-interior-galatzo.png?resize=1024%2C554&amp;ssl=1 1024w, https:\/\/i0.wp.com\/visitcalvia.org\/wp-content\/uploads\/2020\/04\/patio-interior-galatzo.png?resize=768%2C416&amp;ssl=1 768w, https:\/\/i0.wp.com\/visitcalvia.org\/wp-content\/uploads\/2020\/04\/patio-interior-galatzo.png?resize=1200%2C650&amp;ssl=1 1200w, https:\/\/i0.wp.com\/visitcalvia.org\/wp-content\/uploads\/2020\/04\/patio-interior-galatzo.png?resize=600%2C325&amp;ssl=1 600w, https:\/\/i0.wp.com\/visitcalvia.org\/wp-content\/uploads\/2020\/04\/patio-interior-galatzo.png?resize=64%2C35&amp;ssl=1 64w\" sizes=\"(max-width: 1100px) 100vw, 1100px\" data-attachment-id=\"5564\" data-permalink=\"https:\/\/visitcalvia.org\/de\/senderismo\/patio-interior-galatzo\/\" data-orig-file=\"https:\/\/i0.wp.com\/visitcalvia.org\/wp-content\/uploads\/2020\/04\/patio-interior-galatzo.png?fit=1260%2C682&amp;ssl=1\" data-orig-size=\"1260,682\" data-comments-opened=\"1\" data-image-meta=\"{&quot;aperture&quot;:&quot;0&quot;,&quot;credit&quot;:&quot;&quot;,&quot;camera&quot;:&quot;&quot;,&quot;caption&quot;:&quot;&quot;,&quot;created_timestamp&quot;:&quot;0&quot;,&quot;copyright&quot;:&quot;&quot;,&quot;focal_length&quot;:&quot;0&quot;,&quot;iso&quot;:&quot;0&quot;,&quot;shutter_speed&quot;:&quot;0&quot;,&quot;title&quot;:&quot;&quot;,&quot;orientation&quot;:&quot;0&quot;}\" data-image-title=\"patio interior galatzo\" data-image-description=\"\" data-image-caption=\"\" data-large-file=\"https:\/\/i0.wp.com\/visitcalvia.org\/wp-content\/uploads\/2020\/04\/patio-interior-galatzo.png?fit=1024%2C554&amp;ssl=1\" \/>\t\t\t\t\t\t\t\t\t\t\t<\/a>\n\t\t\t\t\t\t\t\t\t<\/div>\n\t\t\t<\/div>\n\t\t\t\t\t<div class=\"qodef-ig-image qodef-item-space\">\n\t\t\t\t<div class=\"qodef-ig-image-inner\">\n\t\t\t\t\t\t\t\t\t\t\t<a itemprop=\"image\" class=\"qodef-ig-lightbox\" href=\"https:\/\/i0.wp.com\/visitcalvia.org\/wp-content\/uploads\/2020\/04\/patio-interior-galatzo2.jpg?fit=2448%2C2448&#038;ssl=1\" data-rel=\"prettyPhoto[image_gallery_pretty_photo-929]\" title=\"patio interior galatzo2\">\n\t\t\t\t\t\t\t\t\t\t\t<img decoding=\"async\" width=\"2448\" height=\"2448\" src=\"https:\/\/i0.wp.com\/visitcalvia.org\/wp-content\/uploads\/2020\/04\/patio-interior-galatzo2.jpg?fit=2448%2C2448&amp;ssl=1\" class=\"attachment-full size-full\" alt=\"clastra es Galatz\u00f3, ruta desde peguera a Galatz\u00f3\" srcset=\"https:\/\/i0.wp.com\/visitcalvia.org\/wp-content\/uploads\/2020\/04\/patio-interior-galatzo2.jpg?w=2448&amp;ssl=1 2448w, https:\/\/i0.wp.com\/visitcalvia.org\/wp-content\/uploads\/2020\/04\/patio-interior-galatzo2.jpg?resize=300%2C300&amp;ssl=1 300w, https:\/\/i0.wp.com\/visitcalvia.org\/wp-content\/uploads\/2020\/04\/patio-interior-galatzo2.jpg?resize=1024%2C1024&amp;ssl=1 1024w, https:\/\/i0.wp.com\/visitcalvia.org\/wp-content\/uploads\/2020\/04\/patio-interior-galatzo2.jpg?resize=150%2C150&amp;ssl=1 150w, https:\/\/i0.wp.com\/visitcalvia.org\/wp-content\/uploads\/2020\/04\/patio-interior-galatzo2.jpg?resize=768%2C768&amp;ssl=1 768w, https:\/\/i0.wp.com\/visitcalvia.org\/wp-content\/uploads\/2020\/04\/patio-interior-galatzo2.jpg?resize=1536%2C1536&amp;ssl=1 1536w, https:\/\/i0.wp.com\/visitcalvia.org\/wp-content\/uploads\/2020\/04\/patio-interior-galatzo2.jpg?resize=1200%2C1200&amp;ssl=1 1200w, https:\/\/i0.wp.com\/visitcalvia.org\/wp-content\/uploads\/2020\/04\/patio-interior-galatzo2.jpg?resize=800%2C800&amp;ssl=1 800w, https:\/\/i0.wp.com\/visitcalvia.org\/wp-content\/uploads\/2020\/04\/patio-interior-galatzo2.jpg?resize=400%2C400&amp;ssl=1 400w, https:\/\/i0.wp.com\/visitcalvia.org\/wp-content\/uploads\/2020\/04\/patio-interior-galatzo2.jpg?resize=200%2C200&amp;ssl=1 200w, https:\/\/i0.wp.com\/visitcalvia.org\/wp-content\/uploads\/2020\/04\/patio-interior-galatzo2.jpg?resize=550%2C550&amp;ssl=1 550w, https:\/\/i0.wp.com\/visitcalvia.org\/wp-content\/uploads\/2020\/04\/patio-interior-galatzo2.jpg?resize=1100%2C1100&amp;ssl=1 1100w, https:\/\/i0.wp.com\/visitcalvia.org\/wp-content\/uploads\/2020\/04\/patio-interior-galatzo2.jpg?resize=600%2C600&amp;ssl=1 600w, https:\/\/i0.wp.com\/visitcalvia.org\/wp-content\/uploads\/2020\/04\/patio-interior-galatzo2.jpg?resize=100%2C100&amp;ssl=1 100w, https:\/\/i0.wp.com\/visitcalvia.org\/wp-content\/uploads\/2020\/04\/patio-interior-galatzo2.jpg?resize=64%2C64&amp;ssl=1 64w, https:\/\/i0.wp.com\/visitcalvia.org\/wp-content\/uploads\/2020\/04\/patio-interior-galatzo2.jpg?w=2200&amp;ssl=1 2200w\" sizes=\"(max-width: 1100px) 100vw, 1100px\" data-attachment-id=\"5568\" data-permalink=\"https:\/\/visitcalvia.org\/de\/senderismo\/patio-interior-galatzo2\/\" data-orig-file=\"https:\/\/i0.wp.com\/visitcalvia.org\/wp-content\/uploads\/2020\/04\/patio-interior-galatzo2.jpg?fit=2448%2C2448&amp;ssl=1\" data-orig-size=\"2448,2448\" data-comments-opened=\"1\" data-image-meta=\"{&quot;aperture&quot;:&quot;0&quot;,&quot;credit&quot;:&quot;&quot;,&quot;camera&quot;:&quot;&quot;,&quot;caption&quot;:&quot;&quot;,&quot;created_timestamp&quot;:&quot;0&quot;,&quot;copyright&quot;:&quot;&quot;,&quot;focal_length&quot;:&quot;0&quot;,&quot;iso&quot;:&quot;0&quot;,&quot;shutter_speed&quot;:&quot;0&quot;,&quot;title&quot;:&quot;&quot;,&quot;orientation&quot;:&quot;1&quot;}\" data-image-title=\"patio interior galatzo2\" data-image-description=\"\" data-image-caption=\"\" data-large-file=\"https:\/\/i0.wp.com\/visitcalvia.org\/wp-content\/uploads\/2020\/04\/patio-interior-galatzo2.jpg?fit=1024%2C1024&amp;ssl=1\" \/>\t\t\t\t\t\t\t\t\t\t\t<\/a>\n\t\t\t\t\t\t\t\t\t<\/div>\n\t\t\t<\/div>\n\t\t\t\t\t<div class=\"qodef-ig-image qodef-item-space\">\n\t\t\t\t<div class=\"qodef-ig-image-inner\">\n\t\t\t\t\t\t\t\t\t\t\t<a itemprop=\"image\" class=\"qodef-ig-lightbox\" href=\"https:\/\/i0.wp.com\/visitcalvia.org\/wp-content\/uploads\/2020\/04\/RUTA-PEGUERA-GALATZO-3.png?fit=1274%2C661&#038;ssl=1\" data-rel=\"prettyPhoto[image_gallery_pretty_photo-929]\" title=\"RUTA PEGUERA GALATZO 3\">\n\t\t\t\t\t\t\t\t\t\t\t<img decoding=\"async\" width=\"1274\" height=\"661\" src=\"https:\/\/i0.wp.com\/visitcalvia.org\/wp-content\/uploads\/2020\/04\/RUTA-PEGUERA-GALATZO-3.png?fit=1274%2C661&amp;ssl=1\" class=\"attachment-full size-full\" alt=\"es Galatz\u00f3, ruta desde peguera a Galatz\u00f3\" srcset=\"https:\/\/i0.wp.com\/visitcalvia.org\/wp-content\/uploads\/2020\/04\/RUTA-PEGUERA-GALATZO-3.png?w=1274&amp;ssl=1 1274w, https:\/\/i0.wp.com\/visitcalvia.org\/wp-content\/uploads\/2020\/04\/RUTA-PEGUERA-GALATZO-3.png?resize=300%2C156&amp;ssl=1 300w, https:\/\/i0.wp.com\/visitcalvia.org\/wp-content\/uploads\/2020\/04\/RUTA-PEGUERA-GALATZO-3.png?resize=1024%2C531&amp;ssl=1 1024w, https:\/\/i0.wp.com\/visitcalvia.org\/wp-content\/uploads\/2020\/04\/RUTA-PEGUERA-GALATZO-3.png?resize=768%2C398&amp;ssl=1 768w, https:\/\/i0.wp.com\/visitcalvia.org\/wp-content\/uploads\/2020\/04\/RUTA-PEGUERA-GALATZO-3.png?resize=1200%2C623&amp;ssl=1 1200w, https:\/\/i0.wp.com\/visitcalvia.org\/wp-content\/uploads\/2020\/04\/RUTA-PEGUERA-GALATZO-3.png?resize=600%2C311&amp;ssl=1 600w, https:\/\/i0.wp.com\/visitcalvia.org\/wp-content\/uploads\/2020\/04\/RUTA-PEGUERA-GALATZO-3.png?resize=64%2C33&amp;ssl=1 64w\" sizes=\"(max-width: 1100px) 100vw, 1100px\" data-attachment-id=\"5572\" data-permalink=\"https:\/\/visitcalvia.org\/de\/senderismo\/ruta-peguera-galatzo-3\/\" data-orig-file=\"https:\/\/i0.wp.com\/visitcalvia.org\/wp-content\/uploads\/2020\/04\/RUTA-PEGUERA-GALATZO-3.png?fit=1274%2C661&amp;ssl=1\" data-orig-size=\"1274,661\" data-comments-opened=\"1\" data-image-meta=\"{&quot;aperture&quot;:&quot;0&quot;,&quot;credit&quot;:&quot;&quot;,&quot;camera&quot;:&quot;&quot;,&quot;caption&quot;:&quot;&quot;,&quot;created_timestamp&quot;:&quot;0&quot;,&quot;copyright&quot;:&quot;&quot;,&quot;focal_length&quot;:&quot;0&quot;,&quot;iso&quot;:&quot;0&quot;,&quot;shutter_speed&quot;:&quot;0&quot;,&quot;title&quot;:&quot;&quot;,&quot;orientation&quot;:&quot;0&quot;}\" data-image-title=\"RUTA PEGUERA GALATZO 3\" data-image-description=\"\" data-image-caption=\"\" data-large-file=\"https:\/\/i0.wp.com\/visitcalvia.org\/wp-content\/uploads\/2020\/04\/RUTA-PEGUERA-GALATZO-3.png?fit=1024%2C531&amp;ssl=1\" \/>\t\t\t\t\t\t\t\t\t\t\t<\/a>\n\t\t\t\t\t\t\t\t\t<\/div>\n\t\t\t<\/div>\n\t\t\t\t\t<div class=\"qodef-ig-image qodef-item-space\">\n\t\t\t\t<div class=\"qodef-ig-image-inner\">\n\t\t\t\t\t\t\t\t\t\t\t<a itemprop=\"image\" class=\"qodef-ig-lightbox\" href=\"https:\/\/i0.wp.com\/visitcalvia.org\/wp-content\/uploads\/2020\/04\/tafona-galatzo.png?fit=1249%2C701&#038;ssl=1\" data-rel=\"prettyPhoto[image_gallery_pretty_photo-929]\" title=\"tafona galatzo\">\n\t\t\t\t\t\t\t\t\t\t\t<img decoding=\"async\" width=\"1249\" height=\"701\" src=\"https:\/\/i0.wp.com\/visitcalvia.org\/wp-content\/uploads\/2020\/04\/tafona-galatzo.png?fit=1249%2C701&amp;ssl=1\" class=\"attachment-full size-full\" alt=\"\" srcset=\"https:\/\/i0.wp.com\/visitcalvia.org\/wp-content\/uploads\/2020\/04\/tafona-galatzo.png?w=1249&amp;ssl=1 1249w, https:\/\/i0.wp.com\/visitcalvia.org\/wp-content\/uploads\/2020\/04\/tafona-galatzo.png?resize=300%2C168&amp;ssl=1 300w, https:\/\/i0.wp.com\/visitcalvia.org\/wp-content\/uploads\/2020\/04\/tafona-galatzo.png?resize=1024%2C575&amp;ssl=1 1024w, https:\/\/i0.wp.com\/visitcalvia.org\/wp-content\/uploads\/2020\/04\/tafona-galatzo.png?resize=768%2C431&amp;ssl=1 768w, https:\/\/i0.wp.com\/visitcalvia.org\/wp-content\/uploads\/2020\/04\/tafona-galatzo.png?resize=1200%2C673&amp;ssl=1 1200w, https:\/\/i0.wp.com\/visitcalvia.org\/wp-content\/uploads\/2020\/04\/tafona-galatzo.png?resize=600%2C337&amp;ssl=1 600w, https:\/\/i0.wp.com\/visitcalvia.org\/wp-content\/uploads\/2020\/04\/tafona-galatzo.png?resize=64%2C36&amp;ssl=1 64w\" sizes=\"(max-width: 1100px) 100vw, 1100px\" data-attachment-id=\"5576\" data-permalink=\"https:\/\/visitcalvia.org\/de\/senderismo\/tafona-galatzo\/\" data-orig-file=\"https:\/\/i0.wp.com\/visitcalvia.org\/wp-content\/uploads\/2020\/04\/tafona-galatzo.png?fit=1249%2C701&amp;ssl=1\" data-orig-size=\"1249,701\" data-comments-opened=\"1\" data-image-meta=\"{&quot;aperture&quot;:&quot;0&quot;,&quot;credit&quot;:&quot;&quot;,&quot;camera&quot;:&quot;&quot;,&quot;caption&quot;:&quot;&quot;,&quot;created_timestamp&quot;:&quot;0&quot;,&quot;copyright&quot;:&quot;&quot;,&quot;focal_length&quot;:&quot;0&quot;,&quot;iso&quot;:&quot;0&quot;,&quot;shutter_speed&quot;:&quot;0&quot;,&quot;title&quot;:&quot;&quot;,&quot;orientation&quot;:&quot;0&quot;}\" data-image-title=\"tafona galatzo\" data-image-description=\"\" data-image-caption=\"\" data-large-file=\"https:\/\/i0.wp.com\/visitcalvia.org\/wp-content\/uploads\/2020\/04\/tafona-galatzo.png?fit=1024%2C575&amp;ssl=1\" \/>\t\t\t\t\t\t\t\t\t\t\t<\/a>\n\t\t\t\t\t\t\t\t\t<\/div>\n\t\t\t<\/div>\n\t\t\t<\/div>\n<\/div>[\/vc_column_inner][\/vc_row_inner][\/vc_tta_section][vc_tta_section i_icon_fontawesome=&#8220;fas fa-hiking&#8220; add_icon=&#8220;true&#8220; title=&#8220;RS5: Von Galatz\u00f3 nach Sa Vinya&#8220; tab_id=&#8220;RS5&#8243;]<div class=\"qodef-section-title-holder  qodef-st-standard qodef-st-title-left qodef-st-normal-space qodef-st-disable-title-break qodef-st-with-border\" style=\"text-align: left\">\n\t<div class=\"qodef-st-inner\">\n\t\t\t\t\t<h2 class=\"qodef-st-title\" >\n\t\t\t\tRS5: Von <span class=\"qodef-st-title-bold\">Galatz\u00f3<\/span> <span class=\"qodef-st-title-bold\">nach<\/span><br \/> <span class=\"qodef-st-title-bold\">Sa<\/span> <span class=\"qodef-st-title-bold\">Vinya<\/span>\t\t\t<\/h2>\n\t\t\t\t\t<\/div>\n<\/div>[vc_single_image image=&#8220;5611&#8243; img_size=&#8220;full&#8220;][vc_row_inner][vc_column_inner][vc_empty_space height=&#8220;20px&#8220;][vc_column_text]<\/p>\n<div class=\"wpb_text_column wpb_content_element \">\n<div class=\"wpb_wrapper\">\n<h5><strong>Start und Ende:\u00a0Finca Galatz\u00f3<\/strong><\/h5>\n<\/div>\n<\/div>\n<div class=\"qodef-iwt clearfix qodef-iwt-icon-left qodef-iwt-icon-medium\">\n<div class=\"qodef-iwt-content\">\n<h5 class=\"qodef-iwt-title\"><a href=\"https:\/\/goo.gl\/maps\/krKdFwQePmMsaGtD8\">Carretera de Es Capdell\u00e0 a Galilea, Km 2.2, 07196 Calvi\u00e0, Balearic Islands<\/a><\/h5>\n<\/div>\n<\/div>\n<p>[\/vc_column_text][vc_empty_space height=&#8220;10px&#8220;]<div class=\"qodef-iwt clearfix  qodef-iwt-icon-left-from-title qodef-iwt-icon-tiny\">\n\t<div class=\"qodef-iwt-content\" >\n\t\t\t\t\t<h5 class=\"qodef-iwt-title\" >\n\t\t\t\t\t\t\t\t\t<a itemprop=\"url\" href=\"#\" target=\"_self\">\n\t\t\t\t\t\t\t\t\t<span class=\"qodef-iwt-icon\">\n\t\t\t\t\t\t\t\t\t\t\t\t\t    <span class=\"qodef-icon-shortcode qodef-circle   qodef-icon-tiny\" style=\"width: 30px;height: 30px;line-height: 30px;background-color: #9bc535\" data-hover-color=\"#ffffff\" data-color=\"#ffffff\">\n                    <i class=\"qodef-icon-font-awesome fa fa-arrows-h qodef-icon-element\" style=\"color: #ffffff\" ><\/i>            <\/span>\n\t\t\t\t\t\t\t\t\t\t\t<\/span>\n\t\t\t\t\t<span class=\"qodef-iwt-title-text\">L\u00e4nge: 7,40 km<\/span>\n\t\t\t\t\t\t\t\t\t<\/a>\n\t\t\t\t\t\t\t<\/h5>\n\t\t\t\t\t<\/div>\n<\/div>[vc_empty_space height=&#8220;10px&#8220;]<div class=\"qodef-iwt clearfix  qodef-iwt-icon-left-from-title qodef-iwt-icon-tiny\">\n\t<div class=\"qodef-iwt-content\" >\n\t\t\t\t\t<h5 class=\"qodef-iwt-title\" >\n\t\t\t\t\t\t\t\t\t<a itemprop=\"url\" href=\"#\" target=\"_self\">\n\t\t\t\t\t\t\t\t\t<span class=\"qodef-iwt-icon\">\n\t\t\t\t\t\t\t\t\t\t\t\t\t    <span class=\"qodef-icon-shortcode qodef-circle   qodef-icon-tiny\" style=\"width: 30px;height: 30px;line-height: 30px;background-color: #9bc535\" data-hover-color=\"#ffffff\" data-color=\"#ffffff\">\n                    <i class=\"qodef-icon-font-awesome fa fa-history qodef-icon-element\" style=\"color: #ffffff\" ><\/i>            <\/span>\n\t\t\t\t\t\t\t\t\t\t\t<\/span>\n\t\t\t\t\t<span class=\"qodef-iwt-title-text\">Gesch\u00e4tzter Zeitaufwand:<\/span>\n\t\t\t\t\t\t\t\t\t<\/a>\n\t\t\t\t\t\t\t<\/h5>\n\t\t\t\t\t<\/div>\n<\/div>[vc_empty_space height=&#8220;10px&#8220;]<div class=\"qodef-iwt clearfix  qodef-iwt-icon-left-from-title qodef-iwt-icon-tiny\">\n\t<div class=\"qodef-iwt-content\" >\n\t\t\t\t\t<h5 class=\"qodef-iwt-title\" >\n\t\t\t\t\t\t\t\t\t<a itemprop=\"url\" href=\"#\" target=\"_self\">\n\t\t\t\t\t\t\t\t\t<span class=\"qodef-iwt-icon\">\n\t\t\t\t\t\t\t\t\t\t\t\t\t    <span class=\"qodef-icon-shortcode qodef-circle   qodef-icon-tiny\" style=\"width: 30px;height: 30px;line-height: 30px;background-color: #9bc535\" data-hover-color=\"#ffffff\" data-color=\"#ffffff\">\n                    <i class=\"qodef-icon-font-awesome fa fa-sort-amount-desc qodef-icon-element\" style=\"color: #ffffff\" ><\/i>            <\/span>\n\t\t\t\t\t\t\t\t\t\t\t<\/span>\n\t\t\t\t\t<span class=\"qodef-iwt-title-text\">Schwierigkeitsgrad: f\u00e1cil<\/span>\n\t\t\t\t\t\t\t\t\t<\/a>\n\t\t\t\t\t\t\t<\/h5>\n\t\t\t\t\t<\/div>\n<\/div>[vc_empty_space height=&#8220;10px&#8220;]<div class=\"qodef-iwt clearfix  qodef-iwt-icon-left-from-title qodef-iwt-icon-tiny\">\n\t<div class=\"qodef-iwt-content\" >\n\t\t\t\t\t<h5 class=\"qodef-iwt-title\" >\n\t\t\t\t\t\t\t\t\t<a itemprop=\"url\" href=\"#\" target=\"_self\">\n\t\t\t\t\t\t\t\t\t<span class=\"qodef-iwt-icon\">\n\t\t\t\t\t\t\t\t\t\t\t\t\t    <span class=\"qodef-icon-shortcode qodef-circle   qodef-icon-tiny\" style=\"width: 30px;height: 30px;line-height: 30px;background-color: #9bc535\" data-hover-color=\"#ffffff\" data-color=\"#ffffff\">\n                    <i class=\"qodef-icon-font-awesome fa fa-arrow-up qodef-icon-element\" style=\"color: #ffffff\" ><\/i>            <\/span>\n\t\t\t\t\t\t\t\t\t\t\t<\/span>\n\t\t\t\t\t<span class=\"qodef-iwt-title-text\">Maximale H\u00f6he: 385 m<\/span>\n\t\t\t\t\t\t\t\t\t<\/a>\n\t\t\t\t\t\t\t<\/h5>\n\t\t\t\t\t<\/div>\n<\/div>[vc_empty_space height=&#8220;10px&#8220;]<div class=\"qodef-iwt clearfix  qodef-iwt-icon-left-from-title qodef-iwt-icon-tiny\">\n\t<div class=\"qodef-iwt-content\" >\n\t\t\t\t\t<h5 class=\"qodef-iwt-title\" >\n\t\t\t\t\t\t\t\t\t<a itemprop=\"url\" href=\"#\" target=\"_self\">\n\t\t\t\t\t\t\t\t\t<span class=\"qodef-iwt-icon\">\n\t\t\t\t\t\t\t\t\t\t\t\t\t    <span class=\"qodef-icon-shortcode qodef-circle   qodef-icon-tiny\" style=\"width: 30px;height: 30px;line-height: 30px;background-color: #9bc535\" data-hover-color=\"#ffffff\" data-color=\"#ffffff\">\n                    <i class=\"qodef-icon-font-awesome fa fa-plus qodef-icon-element\" style=\"color: #ffffff\" ><\/i>            <\/span>\n\t\t\t\t\t\t\t\t\t\t\t<\/span>\n\t\t\t\t\t<span class=\"qodef-iwt-title-text\">Positiver H\u00f6henunterschied: 322 m<\/span>\n\t\t\t\t\t\t\t\t\t<\/a>\n\t\t\t\t\t\t\t<\/h5>\n\t\t\t\t\t<\/div>\n<\/div>[vc_empty_space height=&#8220;10px&#8220;][vc_column_text]<span style=\"font-weight: 400;\">Wanderstrecke im S\u00fcdwesten der Finca Galatz\u00f3.<\/span><\/p>\n<p><span style=\"font-weight: 400;\">Diese Route mit Hin- und R\u00fcckweg beginnt bei den H\u00e4usern des Anwesens und verbindet sie mit einem alten landwirtschaftlichen Betrieb namens Sa Vinya.<\/span><\/p>\n<p><span style=\"font-weight: 400;\">Es ist eine sehr gut ausgeschilderte Route, leicht zug\u00e4nglich und f\u00fcr jede Art von Publikum geeignet. Die Route f\u00fchrt durch die typischen Anbaufl\u00e4chen eines Landguts in den Bergen,mit Mandel- und Johannisbrotb\u00e4umen, und man geht in ein Waldgebiet aus Kiefern und Buschland.<\/span><\/p>\n<p><span style=\"font-weight: 400;\">Nach ungef\u00e4hr 1 km Strecke gabelt sich der Weg und bietet die M\u00f6glichkeit, nach links in das Gebiet von Es Tramuntanal und S&#8217;Argolla zu gehen, ein Berg, auf dem ein kleiner Rastplatz eingerichtet wurde. In dieser Gegend sind einige ethnografische und arch\u00e4ologische Elemente zu sehen.<\/span><\/p>\n<p><span style=\"font-weight: 400;\">Wenn Sie auf den urspr\u00fcnglichen Weg zur\u00fcck gehen, werden Sie durch einen Wald und eine stillgelegte Fl\u00e4che mit Terrassenanbau wandern, die f\u00fcr die Bewirtschaftung von Weinbergen bestimmt war, wodurch der Ort seinen Namen erhalten hat. Die Route endet an einem Aussichtspunkt an der Spitze eines Tals, der, unter dem Schutz des Puig de Sa Panada, unseren Blick auf das Ackerland des Anwesens lenkt.<\/span><\/p>\n<p><span style=\"font-weight: 400;\">Entlang der Strecke sehen Sie sehr interessante Beispiele der Trockensteintechnik (Terrassen, Tennen, Brunnen, Tr\u00f6ge, Holzkohlegruben und sogar \u00d6fen). Wir k\u00f6nnen auch die charakteristische Fauna und Flora der Serra de Tramuntana betrachten, wobei die Pr\u00e4senz mallorquinischer Ziegen und des gelegentlich sichtbaren Zwergadlers hervorzuheben ist.<\/span><\/p>\n<p><span style=\"font-weight: 400;\">Weitere Informationen zu dieser Route finden Sie im Blog FINCA GALATZ\u00d3 (hier klicken)<\/span>[\/vc_column_text][vc_empty_space height=&#8220;30px&#8220;]<div class=\"qodef-section-title-holder  qodef-st-standard qodef-st-title-left qodef-st-normal-space  qodef-st-with-border\" style=\"text-align: left\">\n\t<div class=\"qodef-st-inner\">\n\t\t\t\t\t<h2 class=\"qodef-st-title\" >\n\t\t\t\tRuta Wikiloc | Altimetr\u00eda RS5 | Archivos GPX\t\t\t<\/h2>\n\t\t\t\t\t<\/div>\n<\/div>[vc_empty_space height=&#8220;20px&#8220;][vc_btn title=&#8220;Ruta en Wikiloc&#8220; style=&#8220;classic&#8220; shape=&#8220;square&#8220; color=&#8220;green&#8220; size=&#8220;lg&#8220; align=&#8220;center&#8220; i_icon_fontawesome=&#8220;fas fa-map-marked-alt&#8220; button_block=&#8220;true&#8220; add_icon=&#8220;true&#8220; link=&#8220;url:https%3A%2F%2Fes.wikiloc.com%2Frutas-senderismo%2Frs5-galatzo-a-sa-vinya-124107874|target:_blank&#8220;][vc_btn title=&#8220;Altimetr\u00eda RS5&#8243; style=&#8220;classic&#8220; shape=&#8220;square&#8220; color=&#8220;inverse&#8220; size=&#8220;lg&#8220; align=&#8220;center&#8220; i_icon_fontawesome=&#8220;fas fa-map-marked-alt&#8220; button_block=&#8220;true&#8220; add_icon=&#8220;true&#8220; link=&#8220;url:https%3A%2F%2Fwww.alltrails.com%2Fwidget%2Fmap%2Fmapa-f1b0775%3Fu%3Dm||target:%20_blank|&#8220;][vc_btn title=&#8220;Archivo GPX RS5&#8243; style=&#8220;classic&#8220; shape=&#8220;square&#8220; color=&#8220;chino&#8220; size=&#8220;lg&#8220; align=&#8220;center&#8220; i_icon_fontawesome=&#8220;fas fa-map-marked-alt&#8220; button_block=&#8220;true&#8220; add_icon=&#8220;true&#8220; link=&#8220;url:https%3A%2F%2Fdrive.google.com%2Fopen%3Fid%3D1OiXSGG2dZYXLq5NeFy5SIsBe_cM-slyr|target:_blank&#8220;][vc_single_image image=&#8220;5246&#8243; img_size=&#8220;full&#8220; alignment=&#8220;center&#8220; onclick=&#8220;link_image&#8220; css_animation=&#8220;none&#8220;][vc_empty_space height=&#8220;30px&#8220;]<div class=\"qodef-section-title-holder  qodef-st-standard qodef-st-title-left qodef-st-normal-space  qodef-st-with-border\" style=\"text-align: left\">\n\t<div class=\"qodef-st-inner\">\n\t\t\t\t\t<h2 class=\"qodef-st-title\" >\n\t\t\t\tGaler\u00eda de fotos - RB5\t\t\t<\/h2>\n\t\t\t\t\t<\/div>\n<\/div>[vc_empty_space height=&#8220;20px&#8220;]<div class=\"qodef-image-gallery  qodef-ig-grid-type qodef-tiny-space  qodef-image-behavior-lightbox\">\n\t<div class=\"qodef-ig-inner qodef-outer-space qodef-ig-grid qodef-ig-two-columns\">\n\t\t\t\t\t<div class=\"qodef-ig-image qodef-item-space\">\n\t\t\t\t<div class=\"qodef-ig-image-inner\">\n\t\t\t\t\t\t\t\t\t\t\t<a itemprop=\"image\" class=\"qodef-ig-lightbox\" href=\"https:\/\/i0.wp.com\/visitcalvia.org\/wp-content\/uploads\/2020\/04\/CRW_0230.jpg?fit=1536%2C1024&#038;ssl=1\" data-rel=\"prettyPhoto[image_gallery_pretty_photo-693]\" title=\"Es Galatz\u00f3 monta\u00f1a\">\n\t\t\t\t\t\t\t\t\t\t\t<img decoding=\"async\" width=\"1536\" height=\"1024\" src=\"https:\/\/i0.wp.com\/visitcalvia.org\/wp-content\/uploads\/2020\/04\/CRW_0230.jpg?fit=1536%2C1024&amp;ssl=1\" class=\"attachment-full size-full\" alt=\"Ruta Galatz\u00f3 Sa Vinya\" srcset=\"https:\/\/i0.wp.com\/visitcalvia.org\/wp-content\/uploads\/2020\/04\/CRW_0230.jpg?w=1536&amp;ssl=1 1536w, https:\/\/i0.wp.com\/visitcalvia.org\/wp-content\/uploads\/2020\/04\/CRW_0230.jpg?resize=300%2C200&amp;ssl=1 300w, https:\/\/i0.wp.com\/visitcalvia.org\/wp-content\/uploads\/2020\/04\/CRW_0230.jpg?resize=1024%2C683&amp;ssl=1 1024w, https:\/\/i0.wp.com\/visitcalvia.org\/wp-content\/uploads\/2020\/04\/CRW_0230.jpg?resize=768%2C512&amp;ssl=1 768w, https:\/\/i0.wp.com\/visitcalvia.org\/wp-content\/uploads\/2020\/04\/CRW_0230.jpg?resize=391%2C260&amp;ssl=1 391w, https:\/\/i0.wp.com\/visitcalvia.org\/wp-content\/uploads\/2020\/04\/CRW_0230.jpg?resize=1200%2C800&amp;ssl=1 1200w, https:\/\/i0.wp.com\/visitcalvia.org\/wp-content\/uploads\/2020\/04\/CRW_0230.jpg?resize=600%2C400&amp;ssl=1 600w, https:\/\/i0.wp.com\/visitcalvia.org\/wp-content\/uploads\/2020\/04\/CRW_0230.jpg?resize=64%2C43&amp;ssl=1 64w\" sizes=\"(max-width: 1100px) 100vw, 1100px\" data-attachment-id=\"5584\" data-permalink=\"https:\/\/visitcalvia.org\/de\/senderismo\/crw_0230\/\" data-orig-file=\"https:\/\/i0.wp.com\/visitcalvia.org\/wp-content\/uploads\/2020\/04\/CRW_0230.jpg?fit=1536%2C1024&amp;ssl=1\" data-orig-size=\"1536,1024\" data-comments-opened=\"1\" data-image-meta=\"{&quot;aperture&quot;:&quot;0&quot;,&quot;credit&quot;:&quot;&quot;,&quot;camera&quot;:&quot;&quot;,&quot;caption&quot;:&quot;&quot;,&quot;created_timestamp&quot;:&quot;0&quot;,&quot;copyright&quot;:&quot;&quot;,&quot;focal_length&quot;:&quot;0&quot;,&quot;iso&quot;:&quot;0&quot;,&quot;shutter_speed&quot;:&quot;0&quot;,&quot;title&quot;:&quot;&quot;,&quot;orientation&quot;:&quot;0&quot;}\" data-image-title=\"Es Galatz\u00f3 monta\u00f1a\" data-image-description=\"\" data-image-caption=\"\" data-large-file=\"https:\/\/i0.wp.com\/visitcalvia.org\/wp-content\/uploads\/2020\/04\/CRW_0230.jpg?fit=1024%2C683&amp;ssl=1\" \/>\t\t\t\t\t\t\t\t\t\t\t<\/a>\n\t\t\t\t\t\t\t\t\t<\/div>\n\t\t\t<\/div>\n\t\t\t\t\t<div class=\"qodef-ig-image qodef-item-space\">\n\t\t\t\t<div class=\"qodef-ig-image-inner\">\n\t\t\t\t\t\t\t\t\t\t\t<a itemprop=\"image\" class=\"qodef-ig-lightbox\" href=\"https:\/\/i0.wp.com\/visitcalvia.org\/wp-content\/uploads\/2020\/04\/SAVINYA1.jpg?fit=300%2C218&#038;ssl=1\" data-rel=\"prettyPhoto[image_gallery_pretty_photo-693]\" title=\"SAVINYA1\">\n\t\t\t\t\t\t\t\t\t\t\t<img decoding=\"async\" width=\"300\" height=\"218\" src=\"https:\/\/i0.wp.com\/visitcalvia.org\/wp-content\/uploads\/2020\/04\/SAVINYA1.jpg?fit=300%2C218&amp;ssl=1\" class=\"attachment-full size-full\" alt=\"Ruta Galatz\u00f3 Sa Vinya\" srcset=\"https:\/\/i0.wp.com\/visitcalvia.org\/wp-content\/uploads\/2020\/04\/SAVINYA1.jpg?w=300&amp;ssl=1 300w, https:\/\/i0.wp.com\/visitcalvia.org\/wp-content\/uploads\/2020\/04\/SAVINYA1.jpg?resize=64%2C47&amp;ssl=1 64w\" sizes=\"(max-width: 300px) 100vw, 300px\" data-attachment-id=\"5604\" data-permalink=\"https:\/\/visitcalvia.org\/de\/senderismo\/savinya1\/\" data-orig-file=\"https:\/\/i0.wp.com\/visitcalvia.org\/wp-content\/uploads\/2020\/04\/SAVINYA1.jpg?fit=300%2C218&amp;ssl=1\" data-orig-size=\"300,218\" data-comments-opened=\"1\" data-image-meta=\"{&quot;aperture&quot;:&quot;8&quot;,&quot;credit&quot;:&quot;&quot;,&quot;camera&quot;:&quot;Canon EOS 300D DIGITAL&quot;,&quot;caption&quot;:&quot;&quot;,&quot;created_timestamp&quot;:&quot;315532950&quot;,&quot;copyright&quot;:&quot;&quot;,&quot;focal_length&quot;:&quot;55&quot;,&quot;iso&quot;:&quot;100&quot;,&quot;shutter_speed&quot;:&quot;0.008&quot;,&quot;title&quot;:&quot;&quot;,&quot;orientation&quot;:&quot;0&quot;}\" data-image-title=\"SAVINYA1\" data-image-description=\"\" data-image-caption=\"\" data-large-file=\"https:\/\/i0.wp.com\/visitcalvia.org\/wp-content\/uploads\/2020\/04\/SAVINYA1.jpg?fit=300%2C218&amp;ssl=1\" \/>\t\t\t\t\t\t\t\t\t\t\t<\/a>\n\t\t\t\t\t\t\t\t\t<\/div>\n\t\t\t<\/div>\n\t\t\t\t\t<div class=\"qodef-ig-image qodef-item-space\">\n\t\t\t\t<div class=\"qodef-ig-image-inner\">\n\t\t\t\t\t\t\t\t\t\t\t<a itemprop=\"image\" class=\"qodef-ig-lightbox\" href=\"https:\/\/i0.wp.com\/visitcalvia.org\/wp-content\/uploads\/2020\/04\/SA-VINYA-4.jpg?fit=300%2C201&#038;ssl=1\" data-rel=\"prettyPhoto[image_gallery_pretty_photo-693]\" title=\"sa vinya en finca galatz\u00f3\">\n\t\t\t\t\t\t\t\t\t\t\t<img decoding=\"async\" width=\"300\" height=\"201\" src=\"https:\/\/i0.wp.com\/visitcalvia.org\/wp-content\/uploads\/2020\/04\/SA-VINYA-4.jpg?fit=300%2C201&amp;ssl=1\" class=\"attachment-full size-full\" alt=\"Ruta Galatz\u00f3 Sa Vinya\" srcset=\"https:\/\/i0.wp.com\/visitcalvia.org\/wp-content\/uploads\/2020\/04\/SA-VINYA-4.jpg?w=300&amp;ssl=1 300w, https:\/\/i0.wp.com\/visitcalvia.org\/wp-content\/uploads\/2020\/04\/SA-VINYA-4.jpg?resize=64%2C43&amp;ssl=1 64w\" sizes=\"(max-width: 300px) 100vw, 300px\" data-attachment-id=\"5588\" data-permalink=\"https:\/\/visitcalvia.org\/de\/senderismo\/sony-dsc\/\" data-orig-file=\"https:\/\/i0.wp.com\/visitcalvia.org\/wp-content\/uploads\/2020\/04\/SA-VINYA-4.jpg?fit=300%2C201&amp;ssl=1\" data-orig-size=\"300,201\" data-comments-opened=\"1\" data-image-meta=\"{&quot;aperture&quot;:&quot;7.1&quot;,&quot;credit&quot;:&quot;&quot;,&quot;camera&quot;:&quot;DSLR-A100&quot;,&quot;caption&quot;:&quot;SONY DSC&quot;,&quot;created_timestamp&quot;:&quot;1203683278&quot;,&quot;copyright&quot;:&quot;&quot;,&quot;focal_length&quot;:&quot;18&quot;,&quot;iso&quot;:&quot;100&quot;,&quot;shutter_speed&quot;:&quot;0.016666666666667&quot;,&quot;title&quot;:&quot;SONY DSC&quot;,&quot;orientation&quot;:&quot;1&quot;}\" data-image-title=\"sa vinya en finca galatz\u00f3\" data-image-description=\"\" data-image-caption=\"&lt;p&gt;SONY DSC&lt;\/p&gt;\n\" data-large-file=\"https:\/\/i0.wp.com\/visitcalvia.org\/wp-content\/uploads\/2020\/04\/SA-VINYA-4.jpg?fit=300%2C201&amp;ssl=1\" \/>\t\t\t\t\t\t\t\t\t\t\t<\/a>\n\t\t\t\t\t\t\t\t\t<\/div>\n\t\t\t<\/div>\n\t\t\t\t\t<div class=\"qodef-ig-image qodef-item-space\">\n\t\t\t\t<div class=\"qodef-ig-image-inner\">\n\t\t\t\t\t\t\t\t\t\t\t<a itemprop=\"image\" class=\"qodef-ig-lightbox\" href=\"https:\/\/i0.wp.com\/visitcalvia.org\/wp-content\/uploads\/2020\/04\/SAVINYA3.jpg?fit=300%2C168&#038;ssl=1\" data-rel=\"prettyPhoto[image_gallery_pretty_photo-693]\" title=\"SAVINYA3\">\n\t\t\t\t\t\t\t\t\t\t\t<img decoding=\"async\" width=\"300\" height=\"168\" src=\"https:\/\/i0.wp.com\/visitcalvia.org\/wp-content\/uploads\/2020\/04\/SAVINYA3.jpg?fit=300%2C168&amp;ssl=1\" class=\"attachment-full size-full\" alt=\"Ruta Galatz\u00f3 Sa Vinya\" srcset=\"https:\/\/i0.wp.com\/visitcalvia.org\/wp-content\/uploads\/2020\/04\/SAVINYA3.jpg?w=300&amp;ssl=1 300w, https:\/\/i0.wp.com\/visitcalvia.org\/wp-content\/uploads\/2020\/04\/SAVINYA3.jpg?resize=64%2C36&amp;ssl=1 64w\" sizes=\"(max-width: 300px) 100vw, 300px\" data-attachment-id=\"5592\" data-permalink=\"https:\/\/visitcalvia.org\/de\/senderismo\/savinya3\/\" data-orig-file=\"https:\/\/i0.wp.com\/visitcalvia.org\/wp-content\/uploads\/2020\/04\/SAVINYA3.jpg?fit=300%2C168&amp;ssl=1\" data-orig-size=\"300,168\" data-comments-opened=\"1\" data-image-meta=\"{&quot;aperture&quot;:&quot;7.1&quot;,&quot;credit&quot;:&quot;&quot;,&quot;camera&quot;:&quot;DSC-W40&quot;,&quot;caption&quot;:&quot;&quot;,&quot;created_timestamp&quot;:&quot;1173446342&quot;,&quot;copyright&quot;:&quot;&quot;,&quot;focal_length&quot;:&quot;6.3&quot;,&quot;iso&quot;:&quot;80&quot;,&quot;shutter_speed&quot;:&quot;0.005&quot;,&quot;title&quot;:&quot;&quot;,&quot;orientation&quot;:&quot;1&quot;}\" data-image-title=\"SAVINYA3\" data-image-description=\"\" data-image-caption=\"\" data-large-file=\"https:\/\/i0.wp.com\/visitcalvia.org\/wp-content\/uploads\/2020\/04\/SAVINYA3.jpg?fit=300%2C168&amp;ssl=1\" \/>\t\t\t\t\t\t\t\t\t\t\t<\/a>\n\t\t\t\t\t\t\t\t\t<\/div>\n\t\t\t<\/div>\n\t\t\t\t\t<div class=\"qodef-ig-image qodef-item-space\">\n\t\t\t\t<div class=\"qodef-ig-image-inner\">\n\t\t\t\t\t\t\t\t\t\t\t<a itemprop=\"image\" class=\"qodef-ig-lightbox\" href=\"https:\/\/i0.wp.com\/visitcalvia.org\/wp-content\/uploads\/2020\/04\/SAVINYA2-1.jpg?fit=300%2C201&#038;ssl=1\" data-rel=\"prettyPhoto[image_gallery_pretty_photo-693]\" title=\"SONY DSC\">\n\t\t\t\t\t\t\t\t\t\t\t<img decoding=\"async\" width=\"300\" height=\"201\" src=\"https:\/\/i0.wp.com\/visitcalvia.org\/wp-content\/uploads\/2020\/04\/SAVINYA2-1.jpg?fit=300%2C201&amp;ssl=1\" class=\"attachment-full size-full\" alt=\"Ruta Galatz\u00f3 Sa Vinya\" srcset=\"https:\/\/i0.wp.com\/visitcalvia.org\/wp-content\/uploads\/2020\/04\/SAVINYA2-1.jpg?w=300&amp;ssl=1 300w, https:\/\/i0.wp.com\/visitcalvia.org\/wp-content\/uploads\/2020\/04\/SAVINYA2-1.jpg?resize=64%2C43&amp;ssl=1 64w\" sizes=\"(max-width: 300px) 100vw, 300px\" data-attachment-id=\"5600\" data-permalink=\"https:\/\/visitcalvia.org\/de\/senderismo\/sony-dsc-3\/\" data-orig-file=\"https:\/\/i0.wp.com\/visitcalvia.org\/wp-content\/uploads\/2020\/04\/SAVINYA2-1.jpg?fit=300%2C201&amp;ssl=1\" data-orig-size=\"300,201\" data-comments-opened=\"1\" data-image-meta=\"{&quot;aperture&quot;:&quot;8&quot;,&quot;credit&quot;:&quot;&quot;,&quot;camera&quot;:&quot;DSLR-A100&quot;,&quot;caption&quot;:&quot;SONY DSC&quot;,&quot;created_timestamp&quot;:&quot;1188994064&quot;,&quot;copyright&quot;:&quot;&quot;,&quot;focal_length&quot;:&quot;18&quot;,&quot;iso&quot;:&quot;100&quot;,&quot;shutter_speed&quot;:&quot;0.016666666666667&quot;,&quot;title&quot;:&quot;SONY DSC&quot;,&quot;orientation&quot;:&quot;1&quot;}\" data-image-title=\"SONY DSC\" data-image-description=\"\" data-image-caption=\"&lt;p&gt;SONY DSC&lt;\/p&gt;\n\" data-large-file=\"https:\/\/i0.wp.com\/visitcalvia.org\/wp-content\/uploads\/2020\/04\/SAVINYA2-1.jpg?fit=300%2C201&amp;ssl=1\" \/>\t\t\t\t\t\t\t\t\t\t\t<\/a>\n\t\t\t\t\t\t\t\t\t<\/div>\n\t\t\t<\/div>\n\t\t\t<\/div>\n<\/div>[\/vc_column_inner][\/vc_row_inner][\/vc_tta_section][vc_tta_section i_icon_fontawesome=&#8220;fas fa-hiking&#8220; add_icon=&#8220;true&#8220; title=&#8220;RS6 &#8211; Von Galatz\u00f3 nach Ses Planes&#8220; tab_id=&#8220;RS6&#8243;]<div class=\"qodef-section-title-holder  qodef-st-standard qodef-st-title-left qodef-st-normal-space qodef-st-disable-title-break qodef-st-with-border\" style=\"text-align: left\">\n\t<div class=\"qodef-st-inner\">\n\t\t\t\t\t<h2 class=\"qodef-st-title\" >\n\t\t\t\tRS6 - <span class=\"qodef-st-title-bold\">Von<\/span> <span class=\"qodef-st-title-bold\">Galatz\u00f3<\/span><br \/> <span class=\"qodef-st-title-bold\">nach<\/span> <span class=\"qodef-st-title-bold\">Ses<\/span> Planes\t\t\t<\/h2>\n\t\t\t\t\t<\/div>\n<\/div>[vc_single_image image=&#8220;5618&#8243; img_size=&#8220;full&#8220;][vc_row_inner][vc_column_inner][vc_column_text]<\/p>\n<p class=\"titulo2\"><strong style=\"color: #000000; font-size: 17px;\">Start und Ende:\u00a0Finca Galatz\u00f3<\/strong><\/p>\n<div class=\"qodef-iwt clearfix qodef-iwt-icon-left qodef-iwt-icon-medium\">\n<div class=\"qodef-iwt-content\">\n<h5 class=\"qodef-iwt-title\"><a href=\"https:\/\/goo.gl\/maps\/krKdFwQePmMsaGtD8\">Carretera de Es Capdell\u00e0 a Galilea, Km 2.2, 07196 Calvi\u00e0, Balearic Islands<\/a><\/h5>\n<\/div>\n<\/div>\n<p>[\/vc_column_text][vc_empty_space height=&#8220;10px&#8220;]<div class=\"qodef-iwt clearfix  qodef-iwt-icon-left-from-title qodef-iwt-icon-tiny\">\n\t<div class=\"qodef-iwt-content\" >\n\t\t\t\t\t<h5 class=\"qodef-iwt-title\" >\n\t\t\t\t\t\t\t\t\t<a itemprop=\"url\" href=\"#\" target=\"_self\">\n\t\t\t\t\t\t\t\t\t<span class=\"qodef-iwt-icon\">\n\t\t\t\t\t\t\t\t\t\t\t\t\t    <span class=\"qodef-icon-shortcode qodef-circle   qodef-icon-tiny\" style=\"width: 30px;height: 30px;line-height: 30px;background-color: #9bc535\" data-hover-color=\"#ffffff\" data-color=\"#ffffff\">\n                    <i class=\"qodef-icon-font-awesome fa fa-arrows-h qodef-icon-element\" style=\"color: #ffffff\" ><\/i>            <\/span>\n\t\t\t\t\t\t\t\t\t\t\t<\/span>\n\t\t\t\t\t<span class=\"qodef-iwt-title-text\">L\u00e4nge: 8,51 km<\/span>\n\t\t\t\t\t\t\t\t\t<\/a>\n\t\t\t\t\t\t\t<\/h5>\n\t\t\t\t\t<\/div>\n<\/div>[vc_empty_space height=&#8220;10px&#8220;]<div class=\"qodef-iwt clearfix  qodef-iwt-icon-left-from-title qodef-iwt-icon-tiny\">\n\t<div class=\"qodef-iwt-content\" >\n\t\t\t\t\t<h5 class=\"qodef-iwt-title\" >\n\t\t\t\t\t\t\t\t\t<a itemprop=\"url\" href=\"#\" target=\"_self\">\n\t\t\t\t\t\t\t\t\t<span class=\"qodef-iwt-icon\">\n\t\t\t\t\t\t\t\t\t\t\t\t\t    <span class=\"qodef-icon-shortcode qodef-circle   qodef-icon-tiny\" style=\"width: 30px;height: 30px;line-height: 30px;background-color: #9bc535\" data-hover-color=\"#ffffff\" data-color=\"#ffffff\">\n                    <i class=\"qodef-icon-font-awesome fa fa-history qodef-icon-element\" style=\"color: #ffffff\" ><\/i>            <\/span>\n\t\t\t\t\t\t\t\t\t\t\t<\/span>\n\t\t\t\t\t<span class=\"qodef-iwt-title-text\">Gesch\u00e4tzter Zeitaufwand:<\/span>\n\t\t\t\t\t\t\t\t\t<\/a>\n\t\t\t\t\t\t\t<\/h5>\n\t\t\t\t\t<\/div>\n<\/div>[vc_empty_space height=&#8220;10px&#8220;]<div class=\"qodef-iwt clearfix  qodef-iwt-icon-left-from-title qodef-iwt-icon-tiny\">\n\t<div class=\"qodef-iwt-content\" >\n\t\t\t\t\t<h5 class=\"qodef-iwt-title\" >\n\t\t\t\t\t\t\t\t\t<a itemprop=\"url\" href=\"#\" target=\"_self\">\n\t\t\t\t\t\t\t\t\t<span class=\"qodef-iwt-icon\">\n\t\t\t\t\t\t\t\t\t\t\t\t\t    <span class=\"qodef-icon-shortcode qodef-circle   qodef-icon-tiny\" style=\"width: 30px;height: 30px;line-height: 30px;background-color: #9bc535\" data-hover-color=\"#ffffff\" data-color=\"#ffffff\">\n                    <i class=\"qodef-icon-font-awesome fa fa-sort-amount-desc qodef-icon-element\" style=\"color: #ffffff\" ><\/i>            <\/span>\n\t\t\t\t\t\t\t\t\t\t\t<\/span>\n\t\t\t\t\t<span class=\"qodef-iwt-title-text\">Schwierigkeitsgrad: baja<\/span>\n\t\t\t\t\t\t\t\t\t<\/a>\n\t\t\t\t\t\t\t<\/h5>\n\t\t\t\t\t<\/div>\n<\/div>[vc_empty_space height=&#8220;10px&#8220;]<div class=\"qodef-iwt clearfix  qodef-iwt-icon-left-from-title qodef-iwt-icon-tiny\">\n\t<div class=\"qodef-iwt-content\" >\n\t\t\t\t\t<h5 class=\"qodef-iwt-title\" >\n\t\t\t\t\t\t\t\t\t<a itemprop=\"url\" href=\"#\" target=\"_self\">\n\t\t\t\t\t\t\t\t\t<span class=\"qodef-iwt-icon\">\n\t\t\t\t\t\t\t\t\t\t\t\t\t    <span class=\"qodef-icon-shortcode qodef-circle   qodef-icon-tiny\" style=\"width: 30px;height: 30px;line-height: 30px;background-color: #9bc535\" data-hover-color=\"#ffffff\" data-color=\"#ffffff\">\n                    <i class=\"qodef-icon-font-awesome fa fa-arrow-up qodef-icon-element\" style=\"color: #ffffff\" ><\/i>            <\/span>\n\t\t\t\t\t\t\t\t\t\t\t<\/span>\n\t\t\t\t\t<span class=\"qodef-iwt-title-text\">Maximale H\u00f6he: 487 m<\/span>\n\t\t\t\t\t\t\t\t\t<\/a>\n\t\t\t\t\t\t\t<\/h5>\n\t\t\t\t\t<\/div>\n<\/div>[vc_empty_space height=&#8220;10px&#8220;]<div class=\"qodef-iwt clearfix  qodef-iwt-icon-left-from-title qodef-iwt-icon-tiny\">\n\t<div class=\"qodef-iwt-content\" >\n\t\t\t\t\t<h5 class=\"qodef-iwt-title\" >\n\t\t\t\t\t\t\t\t\t<a itemprop=\"url\" href=\"#\" target=\"_self\">\n\t\t\t\t\t\t\t\t\t<span class=\"qodef-iwt-icon\">\n\t\t\t\t\t\t\t\t\t\t\t\t\t    <span class=\"qodef-icon-shortcode qodef-circle   qodef-icon-tiny\" style=\"width: 30px;height: 30px;line-height: 30px;background-color: #9bc535\" data-hover-color=\"#ffffff\" data-color=\"#ffffff\">\n                    <i class=\"qodef-icon-font-awesome fa fa-plus qodef-icon-element\" style=\"color: #ffffff\" ><\/i>            <\/span>\n\t\t\t\t\t\t\t\t\t\t\t<\/span>\n\t\t\t\t\t<span class=\"qodef-iwt-title-text\">Positiver H\u00f6henunterschied: 423 m<\/span>\n\t\t\t\t\t\t\t\t\t<\/a>\n\t\t\t\t\t\t\t<\/h5>\n\t\t\t\t\t<\/div>\n<\/div>[vc_empty_space height=&#8220;10px&#8220;][vc_column_text]<span style=\"font-weight: 400;\">Eine aus landschaftlicher, biogeografischer und ethnografischer Sicht sehr umfassende und abwechslungsreiche Strecke. Es handelt sich um einen Weg, der von Trockensteinmauern begrenzt ist und die H\u00e4user der Finca Galatz\u00f3 mit dem ehemaligen landwirtschaftlichen Betrieb in den Bergen von Ses Planes verbindet.<\/span><\/p>\n<p><span style=\"font-weight: 400;\">Entlang der Route kann man die H\u00e4user des Anwesens, die Wasserm\u00fchlen und das alte Ackerland sehen, auf dem Feigen- und Johannisbrotb\u00e4ume vorherrschen (die inzwischen Teil der Garrigue geworden sind), den Bew\u00e4sserungsgraben von Es Ratxo, zahlreiche Anbauterrassen, K\u00f6hlerh\u00e4user und -pl\u00e4tze, und vor allem die Landschaft des Galatz\u00f3-Tals auf der Nordseite, an den steilen H\u00e4ngen des Galatz\u00f3 und der Mola de s&#8217;Esclop, bis zum S\u00fcden in der Bucht von Santa Pon\u00e7a. Die Route endet in der Hochebene von Ses Planes, wo man die Spuren eines landwirtschaftlichen Betriebs erkennen kann.<\/span><\/p>\n<p><span style=\"font-weight: 400;\">Der Ausflug l\u00e4sst sich bis zum 515 Meter hohen Gipfel Moleta de Galatz\u00f3 verl\u00e4ngern, von dem aus man einen Gro\u00dfteil der Gemeinde Calvi\u00e0 \u00fcberblickt.<\/span><\/p>\n<p><span style=\"font-weight: 400;\">Weitere Informationen \u00fcber diese Route finden Sie im Blog FINCA DE GALATZ\u00d3<\/span>[\/vc_column_text][vc_column_text]<strong>Cotas y puntos significativos<\/strong><\/p>\n<p><b>Mirador de Ses Planes:<\/b><\/p>\n<p><span style=\"font-weight: 400;\">39.62519, 2.47767<\/span>[\/vc_column_text][vc_empty_space height=&#8220;30px&#8220;]<div class=\"qodef-section-title-holder  qodef-st-standard qodef-st-title-left qodef-st-normal-space  qodef-st-with-border\" style=\"text-align: left\">\n\t<div class=\"qodef-st-inner\">\n\t\t\t\t\t<h2 class=\"qodef-st-title\" >\n\t\t\t\tRuta Wikiloc | Altimetr\u00eda RS6 | Archivos GPX\t\t\t<\/h2>\n\t\t\t\t\t<\/div>\n<\/div>[vc_empty_space height=&#8220;20px&#8220;][vc_btn title=&#8220;Ruta en Wikiloc&#8220; style=&#8220;classic&#8220; shape=&#8220;square&#8220; color=&#8220;green&#8220; size=&#8220;lg&#8220; align=&#8220;center&#8220; i_icon_fontawesome=&#8220;fas fa-map-marked-alt&#8220; button_block=&#8220;true&#8220; add_icon=&#8220;true&#8220; link=&#8220;url:https%3A%2F%2Fes.wikiloc.com%2Frutas-senderismo%2Frs6-galatzo-a-ses-planes-124108203|target:_blank&#8220;][vc_btn title=&#8220;Altimetr\u00eda RS6&#8243; style=&#8220;classic&#8220; shape=&#8220;square&#8220; color=&#8220;inverse&#8220; size=&#8220;lg&#8220; align=&#8220;center&#8220; i_icon_fontawesome=&#8220;fas fa-map-marked-alt&#8220; button_block=&#8220;true&#8220; add_icon=&#8220;true&#8220; link=&#8220;url:https%3A%2F%2Fwww.alltrails.com%2Fwidget%2Fmap%2Fmapa-e7acfd7%3Fu%3Dm||target:%20_blank|&#8220;][vc_btn title=&#8220;Archivo GPX RS6&#8243; style=&#8220;classic&#8220; shape=&#8220;square&#8220; color=&#8220;chino&#8220; size=&#8220;lg&#8220; align=&#8220;center&#8220; i_icon_fontawesome=&#8220;fas fa-map-marked-alt&#8220; button_block=&#8220;true&#8220; add_icon=&#8220;true&#8220; link=&#8220;url:https%3A%2F%2Fdrive.google.com%2Fopen%3Fid%3D1f4pUpGsIs&#8211;GeaJDjCWCG-c0tyFUDfjU|target:_blank&#8220;][vc_single_image image=&#8220;5256&#8243; img_size=&#8220;full&#8220; alignment=&#8220;center&#8220; onclick=&#8220;link_image&#8220; css_animation=&#8220;none&#8220;][vc_empty_space height=&#8220;30px&#8220;]<div class=\"qodef-section-title-holder  qodef-st-standard qodef-st-title-left qodef-st-normal-space  qodef-st-with-border\" style=\"text-align: left\">\n\t<div class=\"qodef-st-inner\">\n\t\t\t\t\t<h2 class=\"qodef-st-title\" >\n\t\t\t\tGaler\u00eda de fotos - RB6\t\t\t<\/h2>\n\t\t\t\t\t<\/div>\n<\/div><div class=\"qodef-image-gallery  qodef-ig-grid-type qodef-tiny-space  qodef-image-behavior-lightbox\">\n\t<div class=\"qodef-ig-inner qodef-outer-space qodef-ig-grid qodef-ig-two-columns\">\n\t\t\t\t\t<div class=\"qodef-ig-image qodef-item-space\">\n\t\t\t\t<div class=\"qodef-ig-image-inner\">\n\t\t\t\t\t\t\t\t\t\t\t<a itemprop=\"image\" class=\"qodef-ig-lightbox\" href=\"https:\/\/i0.wp.com\/visitcalvia.org\/wp-content\/uploads\/2020\/04\/RUTA-SES-PLANES.png?fit=1267%2C680&#038;ssl=1\" data-rel=\"prettyPhoto[image_gallery_pretty_photo-492]\" title=\"RUTA SES PLANES\">\n\t\t\t\t\t\t\t\t\t\t\t<img decoding=\"async\" width=\"1267\" height=\"680\" src=\"https:\/\/i0.wp.com\/visitcalvia.org\/wp-content\/uploads\/2020\/04\/RUTA-SES-PLANES.png?fit=1267%2C680&amp;ssl=1\" class=\"attachment-full size-full\" alt=\"Galatz\u00f3 a Ses Planes ruta senderismo\" srcset=\"https:\/\/i0.wp.com\/visitcalvia.org\/wp-content\/uploads\/2020\/04\/RUTA-SES-PLANES.png?w=1267&amp;ssl=1 1267w, https:\/\/i0.wp.com\/visitcalvia.org\/wp-content\/uploads\/2020\/04\/RUTA-SES-PLANES.png?resize=300%2C161&amp;ssl=1 300w, https:\/\/i0.wp.com\/visitcalvia.org\/wp-content\/uploads\/2020\/04\/RUTA-SES-PLANES.png?resize=1024%2C550&amp;ssl=1 1024w, https:\/\/i0.wp.com\/visitcalvia.org\/wp-content\/uploads\/2020\/04\/RUTA-SES-PLANES.png?resize=768%2C412&amp;ssl=1 768w, https:\/\/i0.wp.com\/visitcalvia.org\/wp-content\/uploads\/2020\/04\/RUTA-SES-PLANES.png?resize=1200%2C644&amp;ssl=1 1200w, https:\/\/i0.wp.com\/visitcalvia.org\/wp-content\/uploads\/2020\/04\/RUTA-SES-PLANES.png?resize=600%2C322&amp;ssl=1 600w, https:\/\/i0.wp.com\/visitcalvia.org\/wp-content\/uploads\/2020\/04\/RUTA-SES-PLANES.png?resize=64%2C34&amp;ssl=1 64w\" sizes=\"(max-width: 1100px) 100vw, 1100px\" data-attachment-id=\"5621\" data-permalink=\"https:\/\/visitcalvia.org\/de\/senderismo\/ruta-ses-planes\/\" data-orig-file=\"https:\/\/i0.wp.com\/visitcalvia.org\/wp-content\/uploads\/2020\/04\/RUTA-SES-PLANES.png?fit=1267%2C680&amp;ssl=1\" data-orig-size=\"1267,680\" data-comments-opened=\"1\" data-image-meta=\"{&quot;aperture&quot;:&quot;0&quot;,&quot;credit&quot;:&quot;&quot;,&quot;camera&quot;:&quot;&quot;,&quot;caption&quot;:&quot;&quot;,&quot;created_timestamp&quot;:&quot;0&quot;,&quot;copyright&quot;:&quot;&quot;,&quot;focal_length&quot;:&quot;0&quot;,&quot;iso&quot;:&quot;0&quot;,&quot;shutter_speed&quot;:&quot;0&quot;,&quot;title&quot;:&quot;&quot;,&quot;orientation&quot;:&quot;0&quot;}\" data-image-title=\"RUTA SES PLANES\" data-image-description=\"\" data-image-caption=\"\" data-large-file=\"https:\/\/i0.wp.com\/visitcalvia.org\/wp-content\/uploads\/2020\/04\/RUTA-SES-PLANES.png?fit=1024%2C550&amp;ssl=1\" \/>\t\t\t\t\t\t\t\t\t\t\t<\/a>\n\t\t\t\t\t\t\t\t\t<\/div>\n\t\t\t<\/div>\n\t\t\t\t\t<div class=\"qodef-ig-image qodef-item-space\">\n\t\t\t\t<div class=\"qodef-ig-image-inner\">\n\t\t\t\t\t\t\t\t\t\t\t<a itemprop=\"image\" class=\"qodef-ig-lightbox\" href=\"https:\/\/i0.wp.com\/visitcalvia.org\/wp-content\/uploads\/2020\/04\/ses-planes-3.jpg?fit=700%2C393&#038;ssl=1\" data-rel=\"prettyPhoto[image_gallery_pretty_photo-492]\" title=\"ses planes 3\">\n\t\t\t\t\t\t\t\t\t\t\t<img decoding=\"async\" width=\"700\" height=\"393\" src=\"https:\/\/i0.wp.com\/visitcalvia.org\/wp-content\/uploads\/2020\/04\/ses-planes-3.jpg?fit=700%2C393&amp;ssl=1\" class=\"attachment-full size-full\" alt=\"Galatz\u00f3 a Ses Planes ruta senderismo\" srcset=\"https:\/\/i0.wp.com\/visitcalvia.org\/wp-content\/uploads\/2020\/04\/ses-planes-3.jpg?w=700&amp;ssl=1 700w, https:\/\/i0.wp.com\/visitcalvia.org\/wp-content\/uploads\/2020\/04\/ses-planes-3.jpg?resize=300%2C168&amp;ssl=1 300w, https:\/\/i0.wp.com\/visitcalvia.org\/wp-content\/uploads\/2020\/04\/ses-planes-3.jpg?resize=600%2C337&amp;ssl=1 600w, https:\/\/i0.wp.com\/visitcalvia.org\/wp-content\/uploads\/2020\/04\/ses-planes-3.jpg?resize=64%2C36&amp;ssl=1 64w\" sizes=\"(max-width: 700px) 100vw, 700px\" data-attachment-id=\"5625\" data-permalink=\"https:\/\/visitcalvia.org\/de\/senderismo\/ses-planes-3\/\" data-orig-file=\"https:\/\/i0.wp.com\/visitcalvia.org\/wp-content\/uploads\/2020\/04\/ses-planes-3.jpg?fit=700%2C393&amp;ssl=1\" data-orig-size=\"700,393\" data-comments-opened=\"1\" data-image-meta=\"{&quot;aperture&quot;:&quot;0&quot;,&quot;credit&quot;:&quot;&quot;,&quot;camera&quot;:&quot;&quot;,&quot;caption&quot;:&quot;&quot;,&quot;created_timestamp&quot;:&quot;0&quot;,&quot;copyright&quot;:&quot;&quot;,&quot;focal_length&quot;:&quot;0&quot;,&quot;iso&quot;:&quot;0&quot;,&quot;shutter_speed&quot;:&quot;0&quot;,&quot;title&quot;:&quot;&quot;,&quot;orientation&quot;:&quot;0&quot;}\" data-image-title=\"ses planes 3\" data-image-description=\"\" data-image-caption=\"\" data-large-file=\"https:\/\/i0.wp.com\/visitcalvia.org\/wp-content\/uploads\/2020\/04\/ses-planes-3.jpg?fit=700%2C393&amp;ssl=1\" \/>\t\t\t\t\t\t\t\t\t\t\t<\/a>\n\t\t\t\t\t\t\t\t\t<\/div>\n\t\t\t<\/div>\n\t\t\t\t\t<div class=\"qodef-ig-image qodef-item-space\">\n\t\t\t\t<div class=\"qodef-ig-image-inner\">\n\t\t\t\t\t\t\t\t\t\t\t<a itemprop=\"image\" class=\"qodef-ig-lightbox\" href=\"https:\/\/i0.wp.com\/visitcalvia.org\/wp-content\/uploads\/2020\/04\/ses-planes.jpg?fit=700%2C525&#038;ssl=1\" data-rel=\"prettyPhoto[image_gallery_pretty_photo-492]\" title=\"ses planes\">\n\t\t\t\t\t\t\t\t\t\t\t<img decoding=\"async\" width=\"700\" height=\"525\" src=\"https:\/\/i0.wp.com\/visitcalvia.org\/wp-content\/uploads\/2020\/04\/ses-planes.jpg?fit=700%2C525&amp;ssl=1\" class=\"attachment-full size-full\" alt=\"Galatz\u00f3 a Ses Planes ruta senderismo\" srcset=\"https:\/\/i0.wp.com\/visitcalvia.org\/wp-content\/uploads\/2020\/04\/ses-planes.jpg?w=700&amp;ssl=1 700w, https:\/\/i0.wp.com\/visitcalvia.org\/wp-content\/uploads\/2020\/04\/ses-planes.jpg?resize=300%2C225&amp;ssl=1 300w, https:\/\/i0.wp.com\/visitcalvia.org\/wp-content\/uploads\/2020\/04\/ses-planes.jpg?resize=400%2C300&amp;ssl=1 400w, https:\/\/i0.wp.com\/visitcalvia.org\/wp-content\/uploads\/2020\/04\/ses-planes.jpg?resize=200%2C150&amp;ssl=1 200w, https:\/\/i0.wp.com\/visitcalvia.org\/wp-content\/uploads\/2020\/04\/ses-planes.jpg?resize=600%2C450&amp;ssl=1 600w, https:\/\/i0.wp.com\/visitcalvia.org\/wp-content\/uploads\/2020\/04\/ses-planes.jpg?resize=64%2C48&amp;ssl=1 64w\" sizes=\"(max-width: 700px) 100vw, 700px\" data-attachment-id=\"5629\" data-permalink=\"https:\/\/visitcalvia.org\/de\/senderismo\/ses-planes\/\" data-orig-file=\"https:\/\/i0.wp.com\/visitcalvia.org\/wp-content\/uploads\/2020\/04\/ses-planes.jpg?fit=700%2C525&amp;ssl=1\" data-orig-size=\"700,525\" data-comments-opened=\"1\" data-image-meta=\"{&quot;aperture&quot;:&quot;0&quot;,&quot;credit&quot;:&quot;&quot;,&quot;camera&quot;:&quot;&quot;,&quot;caption&quot;:&quot;&quot;,&quot;created_timestamp&quot;:&quot;0&quot;,&quot;copyright&quot;:&quot;&quot;,&quot;focal_length&quot;:&quot;0&quot;,&quot;iso&quot;:&quot;0&quot;,&quot;shutter_speed&quot;:&quot;0&quot;,&quot;title&quot;:&quot;&quot;,&quot;orientation&quot;:&quot;0&quot;}\" data-image-title=\"ses planes\" data-image-description=\"\" data-image-caption=\"\" data-large-file=\"https:\/\/i0.wp.com\/visitcalvia.org\/wp-content\/uploads\/2020\/04\/ses-planes.jpg?fit=700%2C525&amp;ssl=1\" \/>\t\t\t\t\t\t\t\t\t\t\t<\/a>\n\t\t\t\t\t\t\t\t\t<\/div>\n\t\t\t<\/div>\n\t\t\t\t\t<div class=\"qodef-ig-image qodef-item-space\">\n\t\t\t\t<div class=\"qodef-ig-image-inner\">\n\t\t\t\t\t\t\t\t\t\t\t<a itemprop=\"image\" class=\"qodef-ig-lightbox\" href=\"https:\/\/i0.wp.com\/visitcalvia.org\/wp-content\/uploads\/2020\/04\/ses-planes2.jpg?fit=700%2C468&#038;ssl=1\" data-rel=\"prettyPhoto[image_gallery_pretty_photo-492]\" title=\"ses planes2\">\n\t\t\t\t\t\t\t\t\t\t\t<img decoding=\"async\" width=\"700\" height=\"468\" src=\"https:\/\/i0.wp.com\/visitcalvia.org\/wp-content\/uploads\/2020\/04\/ses-planes2.jpg?fit=700%2C468&amp;ssl=1\" class=\"attachment-full size-full\" alt=\"\" srcset=\"https:\/\/i0.wp.com\/visitcalvia.org\/wp-content\/uploads\/2020\/04\/ses-planes2.jpg?w=700&amp;ssl=1 700w, https:\/\/i0.wp.com\/visitcalvia.org\/wp-content\/uploads\/2020\/04\/ses-planes2.jpg?resize=300%2C201&amp;ssl=1 300w, https:\/\/i0.wp.com\/visitcalvia.org\/wp-content\/uploads\/2020\/04\/ses-planes2.jpg?resize=391%2C260&amp;ssl=1 391w, https:\/\/i0.wp.com\/visitcalvia.org\/wp-content\/uploads\/2020\/04\/ses-planes2.jpg?resize=600%2C401&amp;ssl=1 600w, https:\/\/i0.wp.com\/visitcalvia.org\/wp-content\/uploads\/2020\/04\/ses-planes2.jpg?resize=64%2C43&amp;ssl=1 64w\" sizes=\"(max-width: 700px) 100vw, 700px\" data-attachment-id=\"5633\" data-permalink=\"https:\/\/visitcalvia.org\/de\/senderismo\/ses-planes2\/\" data-orig-file=\"https:\/\/i0.wp.com\/visitcalvia.org\/wp-content\/uploads\/2020\/04\/ses-planes2.jpg?fit=700%2C468&amp;ssl=1\" data-orig-size=\"700,468\" data-comments-opened=\"1\" data-image-meta=\"{&quot;aperture&quot;:&quot;0&quot;,&quot;credit&quot;:&quot;&quot;,&quot;camera&quot;:&quot;&quot;,&quot;caption&quot;:&quot;&quot;,&quot;created_timestamp&quot;:&quot;0&quot;,&quot;copyright&quot;:&quot;&quot;,&quot;focal_length&quot;:&quot;0&quot;,&quot;iso&quot;:&quot;0&quot;,&quot;shutter_speed&quot;:&quot;0&quot;,&quot;title&quot;:&quot;&quot;,&quot;orientation&quot;:&quot;0&quot;}\" data-image-title=\"ses planes2\" data-image-description=\"\" data-image-caption=\"\" data-large-file=\"https:\/\/i0.wp.com\/visitcalvia.org\/wp-content\/uploads\/2020\/04\/ses-planes2.jpg?fit=700%2C468&amp;ssl=1\" \/>\t\t\t\t\t\t\t\t\t\t\t<\/a>\n\t\t\t\t\t\t\t\t\t<\/div>\n\t\t\t<\/div>\n\t\t\t<\/div>\n<\/div>[vc_empty_space height=&#8220;20px&#8220;][\/vc_column_inner][\/vc_row_inner][\/vc_tta_section][\/vc_tta_accordion][\/vc_column][\/vc_row][vc_row][vc_column][vc_empty_space height=&#8220;62px&#8220;][\/vc_column][\/vc_row]<\/p>\n<\/div>","protected":false},"excerpt":{"rendered":"<p>[vc_row css=&#8220;.vc_custom_1674569590312{background-image: url(<a href=\"https:\/\/visitcalvia.org\/wp-content\/uploads\/2020\/05\/Banner-senderismo.jpg?id=5705\">https:\/\/visitcalvia.org\/wp-content\/uploads\/2020\/05\/Banner-senderismo.jpg?id=5705<\/a>) !important;background-position: center !important;background-repeat: no-repeat !important;background-size: cover !important;}&#8220;][vc_column][vc_empty_space height=&#8220;255px&#8220;][\/vc_column][\/vc_row][vc_row row_content_width=&#8220;grid&#8220; css=&#8220;.vc_custom_1585312308080{padding-top: 20px !important;padding-bottom: 50px !important;}&#8220;][vc_column][vc_empty_space height=&#8220;35px&#8220;][vc_column_text]K\u00fcste, Gebirge, historisches, nat\u00fcrliches oder architektonisches Erbe, Flora und Fauna, Natur, traditionelle D\u00f6rfer und unterschiedliche st\u00e4dtische Siedlungen &#8211; das sind einige der Landschaften, die Sie bei einer Wanderung durch die Gemeinde Calvi\u00e0, einer der sch\u00f6nsten Wandergegenden auf [&hellip;]<\/p>\n","protected":false},"author":182516946,"featured_media":5708,"parent":0,"menu_order":0,"comment_status":"closed","ping_status":"closed","template":"full-width.php","meta":{"_coblocks_attr":"","_coblocks_dimensions":"","_coblocks_responsive_height":"","_coblocks_accordion_ie_support":"","_crdt_document":"","footnotes":""},"class_list":["post-13306","page","type-page","status-publish","has-post-thumbnail","hentry"],"yoast_head":"<!-- This site is optimized with the Yoast SEO plugin v27.5 - https:\/\/yoast.com\/product\/yoast-seo-wordpress\/ -->\n<title>Senderismo en Mallorca - las mejores rutas a pie por Calvi\u00e0 - Naturaleza<\/title>\n<meta name=\"description\" content=\"Senderismo en Mallorca - las mejores rutas a pie por Calvi\u00e0 - Naturaleza mar, monta\u00f1a, pueblos tradicionales. Descubre el patrimonio hist\u00f3rico y cultural\" \/>\n<meta name=\"robots\" content=\"index, follow, max-snippet:-1, max-image-preview:large, max-video-preview:-1\" \/>\n<link rel=\"canonical\" href=\"https:\/\/visitcalvia.org\/de\/wandern\/\" \/>\n<meta property=\"og:locale\" content=\"de_DE\" \/>\n<meta property=\"og:type\" content=\"article\" \/>\n<meta property=\"og:title\" content=\"Senderismo en Mallorca - las mejores rutas a pie por Calvi\u00e0 - Naturaleza\" \/>\n<meta property=\"og:description\" content=\"Senderismo en Mallorca - las mejores rutas a pie por Calvi\u00e0 - Naturaleza mar, monta\u00f1a, pueblos tradicionales. Descubre el patrimonio hist\u00f3rico y cultural\" \/>\n<meta property=\"og:url\" content=\"https:\/\/visitcalvia.org\/de\/wandern\/\" \/>\n<meta property=\"og:site_name\" content=\"visitcalvia\" \/>\n<meta property=\"article:modified_time\" content=\"2023-01-26T12:34:37+00:00\" \/>\n<meta property=\"og:image\" content=\"https:\/\/visitcalvia.org\/wp-content\/uploads\/2020\/05\/Banner-senderismo.jpg\" \/>\n\t<meta property=\"og:image:width\" content=\"1920\" \/>\n\t<meta property=\"og:image:height\" content=\"1100\" \/>\n\t<meta property=\"og:image:type\" content=\"image\/jpeg\" \/>\n<meta name=\"twitter:card\" content=\"summary_large_image\" \/>\n<meta name=\"twitter:label1\" content=\"Gesch\u00e4tzte Lesezeit\" \/>\n\t<meta name=\"twitter:data1\" content=\"13\u00a0Minuten\" \/>\n<script type=\"application\/ld+json\" class=\"yoast-schema-graph\">{\"@context\":\"https:\\\/\\\/schema.org\",\"@graph\":[{\"@type\":\"WebPage\",\"@id\":\"https:\\\/\\\/visitcalvia.org\\\/de\\\/wandern\\\/\",\"url\":\"https:\\\/\\\/visitcalvia.org\\\/de\\\/wandern\\\/\",\"name\":\"Senderismo en Mallorca - las mejores rutas a pie por Calvi\u00e0 - Naturaleza\",\"isPartOf\":{\"@id\":\"https:\\\/\\\/visitcalvia.org\\\/de\\\/#website\"},\"primaryImageOfPage\":{\"@id\":\"https:\\\/\\\/visitcalvia.org\\\/de\\\/wandern\\\/#primaryimage\"},\"image\":{\"@id\":\"https:\\\/\\\/visitcalvia.org\\\/de\\\/wandern\\\/#primaryimage\"},\"thumbnailUrl\":\"https:\\\/\\\/i0.wp.com\\\/visitcalvia.org\\\/wp-content\\\/uploads\\\/2020\\\/05\\\/Banner-senderismo.jpg?fit=1920%2C1100&ssl=1\",\"datePublished\":\"2020-04-23T10:20:16+00:00\",\"dateModified\":\"2023-01-26T12:34:37+00:00\",\"description\":\"Senderismo en Mallorca - las mejores rutas a pie por Calvi\u00e0 - Naturaleza mar, monta\u00f1a, pueblos tradicionales. Descubre el patrimonio hist\u00f3rico y cultural\",\"breadcrumb\":{\"@id\":\"https:\\\/\\\/visitcalvia.org\\\/de\\\/wandern\\\/#breadcrumb\"},\"inLanguage\":\"de\",\"potentialAction\":[{\"@type\":\"ReadAction\",\"target\":[\"https:\\\/\\\/visitcalvia.org\\\/de\\\/wandern\\\/\"]}]},{\"@type\":\"ImageObject\",\"inLanguage\":\"de\",\"@id\":\"https:\\\/\\\/visitcalvia.org\\\/de\\\/wandern\\\/#primaryimage\",\"url\":\"https:\\\/\\\/i0.wp.com\\\/visitcalvia.org\\\/wp-content\\\/uploads\\\/2020\\\/05\\\/Banner-senderismo.jpg?fit=1920%2C1100&ssl=1\",\"contentUrl\":\"https:\\\/\\\/i0.wp.com\\\/visitcalvia.org\\\/wp-content\\\/uploads\\\/2020\\\/05\\\/Banner-senderismo.jpg?fit=1920%2C1100&ssl=1\",\"width\":1920,\"height\":1100,\"caption\":\"Banner-senderismo\"},{\"@type\":\"BreadcrumbList\",\"@id\":\"https:\\\/\\\/visitcalvia.org\\\/de\\\/wandern\\\/#breadcrumb\",\"itemListElement\":[{\"@type\":\"ListItem\",\"position\":1,\"name\":\"Portada\",\"item\":\"https:\\\/\\\/visitcalvia.org\\\/de\\\/\"},{\"@type\":\"ListItem\",\"position\":2,\"name\":\"Wandern\"}]},{\"@type\":\"WebSite\",\"@id\":\"https:\\\/\\\/visitcalvia.org\\\/de\\\/#website\",\"url\":\"https:\\\/\\\/visitcalvia.org\\\/de\\\/\",\"name\":\"visitcalvia\",\"description\":\"Vacaciones en Mallorca \u2013 Calvi\u00e0 m\u00faltiples destinos en uno s\u00f3lo lugar. Palmanova, Santa Pon\u00e7a, Magaluf, Peguera, Portals Nous, Costa d\u2019en Blanes, Cala Vinyes\",\"potentialAction\":[{\"@type\":\"SearchAction\",\"target\":{\"@type\":\"EntryPoint\",\"urlTemplate\":\"https:\\\/\\\/visitcalvia.org\\\/de\\\/?s={search_term_string}\"},\"query-input\":{\"@type\":\"PropertyValueSpecification\",\"valueRequired\":true,\"valueName\":\"search_term_string\"}}],\"inLanguage\":\"de\"}]}<\/script>\n<!-- \/ Yoast SEO plugin. -->","yoast_head_json":{"title":"Senderismo en Mallorca - las mejores rutas a pie por Calvi\u00e0 - Naturaleza","description":"Senderismo en Mallorca - las mejores rutas a pie por Calvi\u00e0 - Naturaleza mar, monta\u00f1a, pueblos tradicionales. Descubre el patrimonio hist\u00f3rico y cultural","robots":{"index":"index","follow":"follow","max-snippet":"max-snippet:-1","max-image-preview":"max-image-preview:large","max-video-preview":"max-video-preview:-1"},"canonical":"https:\/\/visitcalvia.org\/de\/wandern\/","og_locale":"de_DE","og_type":"article","og_title":"Senderismo en Mallorca - las mejores rutas a pie por Calvi\u00e0 - Naturaleza","og_description":"Senderismo en Mallorca - las mejores rutas a pie por Calvi\u00e0 - Naturaleza mar, monta\u00f1a, pueblos tradicionales. Descubre el patrimonio hist\u00f3rico y cultural","og_url":"https:\/\/visitcalvia.org\/de\/wandern\/","og_site_name":"visitcalvia","article_modified_time":"2023-01-26T12:34:37+00:00","og_image":[{"width":1920,"height":1100,"url":"https:\/\/visitcalvia.org\/wp-content\/uploads\/2020\/05\/Banner-senderismo.jpg","type":"image\/jpeg"}],"twitter_card":"summary_large_image","twitter_misc":{"Gesch\u00e4tzte Lesezeit":"13\u00a0Minuten"},"schema":{"@context":"https:\/\/schema.org","@graph":[{"@type":"WebPage","@id":"https:\/\/visitcalvia.org\/de\/wandern\/","url":"https:\/\/visitcalvia.org\/de\/wandern\/","name":"Senderismo en Mallorca - las mejores rutas a pie por Calvi\u00e0 - Naturaleza","isPartOf":{"@id":"https:\/\/visitcalvia.org\/de\/#website"},"primaryImageOfPage":{"@id":"https:\/\/visitcalvia.org\/de\/wandern\/#primaryimage"},"image":{"@id":"https:\/\/visitcalvia.org\/de\/wandern\/#primaryimage"},"thumbnailUrl":"https:\/\/i0.wp.com\/visitcalvia.org\/wp-content\/uploads\/2020\/05\/Banner-senderismo.jpg?fit=1920%2C1100&ssl=1","datePublished":"2020-04-23T10:20:16+00:00","dateModified":"2023-01-26T12:34:37+00:00","description":"Senderismo en Mallorca - las mejores rutas a pie por Calvi\u00e0 - Naturaleza mar, monta\u00f1a, pueblos tradicionales. Descubre el patrimonio hist\u00f3rico y cultural","breadcrumb":{"@id":"https:\/\/visitcalvia.org\/de\/wandern\/#breadcrumb"},"inLanguage":"de","potentialAction":[{"@type":"ReadAction","target":["https:\/\/visitcalvia.org\/de\/wandern\/"]}]},{"@type":"ImageObject","inLanguage":"de","@id":"https:\/\/visitcalvia.org\/de\/wandern\/#primaryimage","url":"https:\/\/i0.wp.com\/visitcalvia.org\/wp-content\/uploads\/2020\/05\/Banner-senderismo.jpg?fit=1920%2C1100&ssl=1","contentUrl":"https:\/\/i0.wp.com\/visitcalvia.org\/wp-content\/uploads\/2020\/05\/Banner-senderismo.jpg?fit=1920%2C1100&ssl=1","width":1920,"height":1100,"caption":"Banner-senderismo"},{"@type":"BreadcrumbList","@id":"https:\/\/visitcalvia.org\/de\/wandern\/#breadcrumb","itemListElement":[{"@type":"ListItem","position":1,"name":"Portada","item":"https:\/\/visitcalvia.org\/de\/"},{"@type":"ListItem","position":2,"name":"Wandern"}]},{"@type":"WebSite","@id":"https:\/\/visitcalvia.org\/de\/#website","url":"https:\/\/visitcalvia.org\/de\/","name":"visitcalvia","description":"Vacaciones en Mallorca \u2013 Calvi\u00e0 m\u00faltiples destinos en uno s\u00f3lo lugar. Palmanova, Santa Pon\u00e7a, Magaluf, Peguera, Portals Nous, Costa d\u2019en Blanes, Cala Vinyes","potentialAction":[{"@type":"SearchAction","target":{"@type":"EntryPoint","urlTemplate":"https:\/\/visitcalvia.org\/de\/?s={search_term_string}"},"query-input":{"@type":"PropertyValueSpecification","valueRequired":true,"valueName":"search_term_string"}}],"inLanguage":"de"}]}},"jetpack_likes_enabled":false,"jetpack_sharing_enabled":false,"jetpack_shortlink":"https:\/\/wp.me\/PbP1bo-3sC","amp_enabled":false,"_links":{"self":[{"href":"https:\/\/visitcalvia.org\/de\/wp-json\/wp\/v2\/pages\/13306","targetHints":{"allow":["GET"]}}],"collection":[{"href":"https:\/\/visitcalvia.org\/de\/wp-json\/wp\/v2\/pages"}],"about":[{"href":"https:\/\/visitcalvia.org\/de\/wp-json\/wp\/v2\/types\/page"}],"author":[{"embeddable":true,"href":"https:\/\/visitcalvia.org\/de\/wp-json\/wp\/v2\/users\/182516946"}],"replies":[{"embeddable":true,"href":"https:\/\/visitcalvia.org\/de\/wp-json\/wp\/v2\/comments?post=13306"}],"version-history":[{"count":32,"href":"https:\/\/visitcalvia.org\/de\/wp-json\/wp\/v2\/pages\/13306\/revisions"}],"predecessor-version":[{"id":21100,"href":"https:\/\/visitcalvia.org\/de\/wp-json\/wp\/v2\/pages\/13306\/revisions\/21100"}],"wp:featuredmedia":[{"embeddable":true,"href":"https:\/\/visitcalvia.org\/de\/wp-json\/wp\/v2\/media\/5708"}],"wp:attachment":[{"href":"https:\/\/visitcalvia.org\/de\/wp-json\/wp\/v2\/media?parent=13306"}],"curies":[{"name":"wp","href":"https:\/\/api.w.org\/{rel}","templated":true}]}}