{"id":13313,"date":"2020-04-28T08:08:20","date_gmt":"2020-04-28T06:08:20","guid":{"rendered":"https:\/\/visitcalvia.org\/ses-illetes\/"},"modified":"2026-04-24T11:14:30","modified_gmt":"2026-04-24T09:14:30","slug":"ses-illetes","status":"publish","type":"page","link":"https:\/\/visitcalvia.org\/de\/ses-illetes\/","title":{"rendered":"Ses Illetes"},"content":{"rendered":"<div class=\"wpb-content-wrapper\"><p>[vc_row css=&#8220;.vc_custom_1654771707352{background-image: url(<a href=\"https:\/\/visitcalvia.org\/wp-content\/uploads\/2020\/05\/illetes-banner-playas.jpg?id=6802\">https:\/\/visitcalvia.org\/wp-content\/uploads\/2020\/05\/illetes-banner-playas.jpg?id=6802<\/a>) !important;background-position: center !important;background-repeat: no-repeat !important;background-size: cover !important;}&#8220;][vc_column][vc_empty_space height=&#8220;255px&#8220;][\/vc_column][\/vc_row][vc_row full_width=&#8220;stretch_row&#8220; css=&#8220;.vc_custom_1654259767008{background-color: #a5c34f !important;}&#8220;][vc_column][vc_row_inner][vc_column_inner width=&#8220;1\/2&#8243;][vc_column_text]<\/p>\n<h3 style=\"text-align: right;\"><span style=\"color: #ffffff;\"><strong>MAPA ZONA<\/strong><\/span><\/h3>\n<p style=\"font-family: Montserrat; margin-top: -18px; margin-bottom: 16px; text-align: right;\"><span style=\"color: #ffffff;\"><strong><span class=\"change-second-color\"><em> Cas catal\u00e0 -Ses Illetes &#8211; Bendinat &#8211; Portals Nous<\/em><\/span><\/strong><\/span><\/p>\n<p>[\/vc_column_text][\/vc_column_inner][vc_column_inner width=&#8220;1\/2&#8243;][vc_empty_space height=&#8220;15px&#8220;]<a itemprop=\"url\" href=\"https:\/\/drive.google.com\/file\/d\/11Wk6staqBdxstOGKI_CZS7HKazF-FtBv\/view?usp=drive_link\" target=\"_blank\" style=\"text-transform: capitalize\" class=\"qodef-btn qodef-btn-small qodef-btn-solid qodef-btn-icon\"  >\n    <span class=\"qodef-btn-text\">VER AQU\u00cd<\/span>\n    <i class=\"qodef-icon-font-awesome fa fa-chevron-right \" ><\/i><\/a>[vc_empty_space height=&#8220;7px&#8220;][\/vc_column_inner][\/vc_row_inner][\/vc_column][\/vc_row][vc_row row_content_width=&#8220;grid&#8220; css=&#8220;.vc_custom_1656917749301{margin-top: 20px !important;padding-top: 0px !important;padding-bottom: 100px !important;}&#8220;][vc_column width=&#8220;3\/4&#8243;]<div class=\"qodef-tabs  qodef-tabs-standard\">\n\t<ul class=\"qodef-tabs-nav clearfix\">\n\t\t\t\t\t<li>\n\t\t\t\t\t\t\t\t\t<a href=\"#tab-information\">INFORMATION<\/a>\n\t\t\t\t\t\t\t<\/li>\n\t\t\t\t\t<li>\n\t\t\t\t\t\t\t\t\t<a href=\"#tab-lage\">LAGE<\/a>\n\t\t\t\t\t\t\t<\/li>\n\t\t\t\t\t<li>\n\t\t\t\t\t\t\t\t\t<a href=\"#tab-galerie\">GALERIE<\/a>\n\t\t\t\t\t\t\t<\/li>\n\t\t\t\t\t<li>\n\t\t\t\t\t\t\t\t\t<a href=\"#tab-services\">SERVICES<\/a>\n\t\t\t\t\t\t\t<\/li>\n\t\t\t<\/ul>\n\t<div class=\"qodef-tab-container\" id=\"tab-information-527\"><div class=\"qodef-section-title-holder  qodef-st-standard qodef-st-title-left qodef-st-normal-space  qodef-st-with-border\" style=\"text-align: left\">\n\t<div class=\"qodef-st-inner\">\n\t\t\t\t\t<h2 class=\"qodef-st-title\" >\n\t\t\t\tInformationen zu Ses Illetes\t\t\t<\/h2>\n\t\t\t\t\t<\/div>\n<\/div>[vc_empty_space height=&#8220;20px&#8220;][vc_column_text]<span style=\"font-weight: 400;\">Willkommen in <strong>Illetes<\/strong>, einer privilegierten, zur Gemeinde Calvi\u00e0 geh\u00f6renden Enklave westlich der Bucht von Palma.<\/span><\/p>\n<p><span style=\"font-weight: 400;\">Illetes zeichnet sich durch wundersch\u00f6ne Buchten mit feinem Sand und felsigen Gegenden am Meer aus. Die N\u00e4he zur mond\u00e4nen Stadt <strong>Palma<\/strong>, der Hauptstadt der Balearen, und zu anderen Sehensw\u00fcrdigkeiten der Natur wie die <strong>Serra de Na Burguesa<\/strong> oder die unmittelbare N\u00e4he des <a href=\"http:\/\/www.realgolfbendinat.com\/de\"><strong>Real Club de Golf Bendinat<\/strong><\/a> machen Illetes sowohl im Sommer wie auch in der ruhigen Wintersaison zu einem der Favoriten unserer Besucher. Der nahe gelegene Sporthafen Cala Nova, der als Treffpunkt f\u00fcr Liebhaber des Segelsports gilt, belohnt uns jeden Tag mit malerischen Bildern seiner in den Hafen zur\u00fcckkehrenden Boote. Illetes hingegen verf\u00fcgt \u00fcber eine au\u00dfergew\u00f6hnliche Hotelinfrastruktur und ein hervorragendes Angebot an Restaurants und ist somit ein ideales Ziel f\u00fcr <a href=\"https:\/\/visitcalvia.org\/de\/mice\/\"><strong>MICE<\/strong><\/a>-Veranstaltungen auf der Insel Mallorca.<\/span>[\/vc_column_text][vc_empty_space height=&#8220;30px&#8220;]<div class=\"qodef-iwt clearfix  qodef-iwt-icon-left-from-title qodef-iwt-icon-tiny\">\n\t<div class=\"qodef-iwt-content\" >\n\t\t\t\t\t<h4 class=\"qodef-iwt-title\" >\n\t\t\t\t\t\t\t\t\t<span class=\"qodef-iwt-icon\">\n\t\t\t\t\t\t\t\t\t\t\t\t\t    <span class=\"qodef-icon-shortcode qodef-circle   qodef-icon-tiny\" style=\"background-color: #9bc535\" data-hover-color=\"#ffffff\" data-color=\"#ffffff\">\n                    <i class=\"qodef-icon-font-awesome fa fa-child qodef-icon-element\" style=\"color: #ffffff\" ><\/i>            <\/span>\n\t\t\t\t\t\t\t\t\t\t\t<\/span>\n\t\t\t\t\t<span class=\"qodef-iwt-title-text\">ATTRAKTIONEN<\/span>\n\t\t\t\t\t\t\t<\/h4>\n\t\t\t\t\t<\/div>\n<\/div>[vc_empty_space height=&#8220;15px&#8220;]<div class=\"qodef-accordion-holder qodef-ac-default  qodef-toggle qodef-ac-boxed  clearfix\">\n\t<p class=\"qodef-accordion-title\">\n    <span class=\"qodef-accordion-mark\">\n\t\t<span class=\"qodef_icon_plus ion-chevron-down\"><\/span>\n\t\t<span class=\"qodef_icon_minus ion-chevron-up\"><\/span>\n\t<\/span>\n\t<span class=\"qodef-tab-title\">Erleben Sie alle Attraktionen in der Gemeinde<\/span>\n<\/p>\n<div class=\"qodef-accordion-content\">\n\t<div class=\"qodef-accordion-content-inner\">\n\t\t<div class=\"qodef-blog-list-holder qodef-bl-standard qodef-bl-two-columns qodef-tiny-space qodef-bl-pag-standard-blog-list\"  data-type=\"standard\" data-number-of-posts=\"6\" data-number-of-columns=\"2\" data-space-between-items=\"tiny\" data-category=\"atracciones\" data-order-by=\"title\" data-order=\"DESC\" data-image-size=\"medium\" data-title-tag=\"h4\" data-enable-excerpt=\"no\" data-excerpt-length=\"40\" data-post-info-section=\"no\" data-post-info-image=\"yes\" data-post-info-author=\"no\" data-post-info-date=\"yes\" data-post-info-category=\"no\" data-post-info-comments=\"yes\" data-post-info-like=\"no\" data-post-info-share=\"no\" data-pagination-type=\"standard-blog-list\" data-link-tag=\"h4\" data-quote-tag=\"h4\" data-holder-classes=\"qodef-bl-standard qodef-bl-two-columns qodef-tiny-space qodef-bl-pag-standard-blog-list\" data-max-num-pages=\"7\" data-next-page=\"2\">\n\t<div class=\"qodef-bl-wrapper qodef-outer-space\">\n\t\t<ul class=\"qodef-blog-list\">\n\t\t\t<article class=\"qodef-bl-item qodef-item-space clearfix\">\n    <div class=\"qodef-bli-inner\">\n        \n\t<div class=\"qodef-post-image\">\n\t\t\t\t\t<a itemprop=\"url\" href=\"https:\/\/visitcalvia.org\/de\/windmill-of-santa-ponca\/\" title=\"Windmill of Santa Pon\u00e7a\">\n\t\t\t\t\t\t\t\t\t<img decoding=\"async\" width=\"300\" height=\"257\" src=\"https:\/\/i0.wp.com\/visitcalvia.org\/wp-content\/uploads\/2021\/03\/entrada-molino-santa-ponca-es.jpg?fit=300%2C257&amp;ssl=1\" class=\"attachment-medium size-medium wp-post-image\" alt=\"\" srcset=\"https:\/\/i0.wp.com\/visitcalvia.org\/wp-content\/uploads\/2021\/03\/entrada-molino-santa-ponca-es.jpg?w=700&amp;ssl=1 700w, https:\/\/i0.wp.com\/visitcalvia.org\/wp-content\/uploads\/2021\/03\/entrada-molino-santa-ponca-es.jpg?resize=300%2C257&amp;ssl=1 300w\" sizes=\"(max-width: 300px) 100vw, 300px\" data-attachment-id=\"15538\" data-permalink=\"https:\/\/visitcalvia.org\/de\/windmill-of-santa-ponca\/entrada-molino-santa-ponca-es-2\/\" data-orig-file=\"https:\/\/i0.wp.com\/visitcalvia.org\/wp-content\/uploads\/2021\/03\/entrada-molino-santa-ponca-es.jpg?fit=700%2C600&amp;ssl=1\" data-orig-size=\"700,600\" data-comments-opened=\"1\" data-image-meta=\"{&quot;aperture&quot;:&quot;0&quot;,&quot;credit&quot;:&quot;&quot;,&quot;camera&quot;:&quot;&quot;,&quot;caption&quot;:&quot;&quot;,&quot;created_timestamp&quot;:&quot;0&quot;,&quot;copyright&quot;:&quot;&quot;,&quot;focal_length&quot;:&quot;0&quot;,&quot;iso&quot;:&quot;0&quot;,&quot;shutter_speed&quot;:&quot;0&quot;,&quot;title&quot;:&quot;&quot;,&quot;orientation&quot;:&quot;0&quot;}\" data-image-title=\"entrada-molino-santa-pon\u00e7a-es\" data-image-description=\"\" data-image-caption=\"\" data-large-file=\"https:\/\/i0.wp.com\/visitcalvia.org\/wp-content\/uploads\/2021\/03\/entrada-molino-santa-ponca-es.jpg?fit=700%2C600&amp;ssl=1\" \/>\t\t\t\t\t\t\t\t<\/a>\n\t\t\t\t\t<\/div>\n        <div class=\"qodef-bli-content\">\n\n            \n<h4 itemprop=\"name\" class=\"entry-title qodef-post-title\" >\n            <a itemprop=\"url\" href=\"https:\/\/visitcalvia.org\/de\/windmill-of-santa-ponca\/\" title=\"Windmill of Santa Pon\u00e7a\">\n            Windmill of Santa Pon\u00e7a            <\/a>\n    <\/h4>            \n            \n        <\/div>\n    <\/div>\n<\/article><article class=\"qodef-bl-item qodef-item-space clearfix\">\n    <div class=\"qodef-bli-inner\">\n        \n\t<div class=\"qodef-post-image\">\n\t\t\t\t\t<a itemprop=\"url\" href=\"https:\/\/visitcalvia.org\/de\/western-park\/\" title=\"Western Park\">\n\t\t\t\t\t\t\t\t\t<img decoding=\"async\" width=\"300\" height=\"198\" src=\"https:\/\/i0.wp.com\/visitcalvia.org\/wp-content\/uploads\/2020\/04\/Western-Park.jpg?fit=300%2C198&amp;ssl=1\" class=\"attachment-medium size-medium wp-post-image\" alt=\"Calvi\u00e0 en familia, parque acu\u00e1tico en magaluf. Western Water Park en familia\" srcset=\"https:\/\/i0.wp.com\/visitcalvia.org\/wp-content\/uploads\/2020\/04\/Western-Park.jpg?w=700&amp;ssl=1 700w, https:\/\/i0.wp.com\/visitcalvia.org\/wp-content\/uploads\/2020\/04\/Western-Park.jpg?resize=300%2C198&amp;ssl=1 300w, https:\/\/i0.wp.com\/visitcalvia.org\/wp-content\/uploads\/2020\/04\/Western-Park.jpg?resize=600%2C395&amp;ssl=1 600w, https:\/\/i0.wp.com\/visitcalvia.org\/wp-content\/uploads\/2020\/04\/Western-Park.jpg?resize=64%2C42&amp;ssl=1 64w\" sizes=\"(max-width: 300px) 100vw, 300px\" data-attachment-id=\"8948\" data-permalink=\"https:\/\/visitcalvia.org\/de\/western-park\/western-park-2-2\/\" data-orig-file=\"https:\/\/i0.wp.com\/visitcalvia.org\/wp-content\/uploads\/2020\/04\/Western-Park.jpg?fit=700%2C461&amp;ssl=1\" data-orig-size=\"700,461\" data-comments-opened=\"1\" data-image-meta=\"{&quot;aperture&quot;:&quot;0&quot;,&quot;credit&quot;:&quot;&quot;,&quot;camera&quot;:&quot;&quot;,&quot;caption&quot;:&quot;&quot;,&quot;created_timestamp&quot;:&quot;0&quot;,&quot;copyright&quot;:&quot;&quot;,&quot;focal_length&quot;:&quot;0&quot;,&quot;iso&quot;:&quot;0&quot;,&quot;shutter_speed&quot;:&quot;0&quot;,&quot;title&quot;:&quot;&quot;,&quot;orientation&quot;:&quot;0&quot;}\" data-image-title=\"Western Park\" data-image-description=\"\" data-image-caption=\"\" data-large-file=\"https:\/\/i0.wp.com\/visitcalvia.org\/wp-content\/uploads\/2020\/04\/Western-Park.jpg?fit=700%2C461&amp;ssl=1\" \/>\t\t\t\t\t\t\t\t<\/a>\n\t\t\t\t\t<\/div>\n        <div class=\"qodef-bli-content\">\n\n            \n<h4 itemprop=\"name\" class=\"entry-title qodef-post-title\" >\n            <a itemprop=\"url\" href=\"https:\/\/visitcalvia.org\/de\/western-park\/\" title=\"Western Park\">\n            Western Park            <\/a>\n    <\/h4>            \n            \n        <\/div>\n    <\/div>\n<\/article><article class=\"qodef-bl-item qodef-item-space clearfix\">\n    <div class=\"qodef-bli-inner\">\n        \n\t<div class=\"qodef-post-image\">\n\t\t\t\t\t<a itemprop=\"url\" href=\"https:\/\/visitcalvia.org\/de\/wave-house-mallorca\/\" title=\"Wave House Mallorca\">\n\t\t\t\t\t\t\t\t\t<img decoding=\"async\" width=\"300\" height=\"198\" src=\"https:\/\/i0.wp.com\/visitcalvia.org\/wp-content\/uploads\/2020\/04\/Wave-House-Mallorca.jpg?fit=300%2C198&amp;ssl=1\" class=\"attachment-medium size-medium wp-post-image\" alt=\"atracciones en Mallorca, atraccions a Mallorca, Wave house Mallorca, surf en la playa de Magaluf\" srcset=\"https:\/\/i0.wp.com\/visitcalvia.org\/wp-content\/uploads\/2020\/04\/Wave-House-Mallorca.jpg?w=700&amp;ssl=1 700w, https:\/\/i0.wp.com\/visitcalvia.org\/wp-content\/uploads\/2020\/04\/Wave-House-Mallorca.jpg?resize=300%2C198&amp;ssl=1 300w, https:\/\/i0.wp.com\/visitcalvia.org\/wp-content\/uploads\/2020\/04\/Wave-House-Mallorca.jpg?resize=600%2C395&amp;ssl=1 600w, https:\/\/i0.wp.com\/visitcalvia.org\/wp-content\/uploads\/2020\/04\/Wave-House-Mallorca.jpg?resize=64%2C42&amp;ssl=1 64w\" sizes=\"(max-width: 300px) 100vw, 300px\" data-attachment-id=\"8954\" data-permalink=\"https:\/\/visitcalvia.org\/de\/wave-house-mallorca\/wave-house-mallorca-2-2\/\" data-orig-file=\"https:\/\/i0.wp.com\/visitcalvia.org\/wp-content\/uploads\/2020\/04\/Wave-House-Mallorca.jpg?fit=700%2C461&amp;ssl=1\" data-orig-size=\"700,461\" data-comments-opened=\"1\" data-image-meta=\"{&quot;aperture&quot;:&quot;0&quot;,&quot;credit&quot;:&quot;&quot;,&quot;camera&quot;:&quot;&quot;,&quot;caption&quot;:&quot;&quot;,&quot;created_timestamp&quot;:&quot;0&quot;,&quot;copyright&quot;:&quot;&quot;,&quot;focal_length&quot;:&quot;0&quot;,&quot;iso&quot;:&quot;0&quot;,&quot;shutter_speed&quot;:&quot;0&quot;,&quot;title&quot;:&quot;&quot;,&quot;orientation&quot;:&quot;1&quot;}\" data-image-title=\"Wave House Mallorca\" data-image-description=\"\" data-image-caption=\"\" data-large-file=\"https:\/\/i0.wp.com\/visitcalvia.org\/wp-content\/uploads\/2020\/04\/Wave-House-Mallorca.jpg?fit=700%2C461&amp;ssl=1\" \/>\t\t\t\t\t\t\t\t<\/a>\n\t\t\t\t\t<\/div>\n        <div class=\"qodef-bli-content\">\n\n            \n<h4 itemprop=\"name\" class=\"entry-title qodef-post-title\" >\n            <a itemprop=\"url\" href=\"https:\/\/visitcalvia.org\/de\/wave-house-mallorca\/\" title=\"Wave House Mallorca\">\n            Wave House Mallorca            <\/a>\n    <\/h4>            \n            \n        <\/div>\n    <\/div>\n<\/article><article class=\"qodef-bl-item qodef-item-space clearfix\">\n    <div class=\"qodef-bli-inner\">\n        \n\t<div class=\"qodef-post-image\">\n\t\t\t\t\t<a itemprop=\"url\" href=\"https:\/\/visitcalvia.org\/de\/water-park-bh-mallorca\/\" title=\"Water Park BH Mallorca\">\n\t\t\t\t\t\t\t\t\t<img decoding=\"async\" width=\"300\" height=\"186\" src=\"https:\/\/i0.wp.com\/visitcalvia.org\/wp-content\/uploads\/2020\/04\/Water-Park-BH-Mallorca.png?fit=300%2C186&amp;ssl=1\" class=\"attachment-medium size-medium wp-post-image\" alt=\"parque acu\u00e1tico en Magaluf, Toboganes, atracciones en Magaluf\" srcset=\"https:\/\/i0.wp.com\/visitcalvia.org\/wp-content\/uploads\/2020\/04\/Water-Park-BH-Mallorca.png?w=550&amp;ssl=1 550w, https:\/\/i0.wp.com\/visitcalvia.org\/wp-content\/uploads\/2020\/04\/Water-Park-BH-Mallorca.png?resize=300%2C186&amp;ssl=1 300w, https:\/\/i0.wp.com\/visitcalvia.org\/wp-content\/uploads\/2020\/04\/Water-Park-BH-Mallorca.png?resize=64%2C40&amp;ssl=1 64w\" sizes=\"(max-width: 300px) 100vw, 300px\" data-attachment-id=\"8960\" data-permalink=\"https:\/\/visitcalvia.org\/de\/water-park-bh-mallorca\/water-park-bh-mallorca-2-2\/\" data-orig-file=\"https:\/\/i0.wp.com\/visitcalvia.org\/wp-content\/uploads\/2020\/04\/Water-Park-BH-Mallorca.png?fit=550%2C341&amp;ssl=1\" data-orig-size=\"550,341\" data-comments-opened=\"1\" data-image-meta=\"{&quot;aperture&quot;:&quot;0&quot;,&quot;credit&quot;:&quot;&quot;,&quot;camera&quot;:&quot;&quot;,&quot;caption&quot;:&quot;&quot;,&quot;created_timestamp&quot;:&quot;0&quot;,&quot;copyright&quot;:&quot;&quot;,&quot;focal_length&quot;:&quot;0&quot;,&quot;iso&quot;:&quot;0&quot;,&quot;shutter_speed&quot;:&quot;0&quot;,&quot;title&quot;:&quot;&quot;,&quot;orientation&quot;:&quot;0&quot;}\" data-image-title=\"Water Park BH Mallorca\" data-image-description=\"\" data-image-caption=\"\" data-large-file=\"https:\/\/i0.wp.com\/visitcalvia.org\/wp-content\/uploads\/2020\/04\/Water-Park-BH-Mallorca.png?fit=550%2C341&amp;ssl=1\" \/>\t\t\t\t\t\t\t\t<\/a>\n\t\t\t\t\t<\/div>\n        <div class=\"qodef-bli-content\">\n\n            \n<h4 itemprop=\"name\" class=\"entry-title qodef-post-title\" >\n            <a itemprop=\"url\" href=\"https:\/\/visitcalvia.org\/de\/water-park-bh-mallorca\/\" title=\"Water Park BH Mallorca\">\n            Water Park BH Mallorca            <\/a>\n    <\/h4>            \n            \n        <\/div>\n    <\/div>\n<\/article><article class=\"qodef-bl-item qodef-item-space clearfix\">\n    <div class=\"qodef-bli-inner\">\n        \n\t<div class=\"qodef-post-image\">\n\t\t\t\t\t<a itemprop=\"url\" href=\"https:\/\/visitcalvia.org\/de\/viewpoint-of-the-malgrat-islands-cannon\/\" title=\"Viewpoint of the Malgrat Islands cannon\">\n\t\t\t\t\t\t\t\t\t<img decoding=\"async\" width=\"300\" height=\"200\" src=\"https:\/\/i0.wp.com\/visitcalvia.org\/wp-content\/uploads\/2021\/03\/Entrada-mirador-malgrats-es.jpg?fit=300%2C200&amp;ssl=1\" class=\"attachment-medium size-medium wp-post-image\" alt=\"\" srcset=\"https:\/\/i0.wp.com\/visitcalvia.org\/wp-content\/uploads\/2021\/03\/Entrada-mirador-malgrats-es.jpg?w=540&amp;ssl=1 540w, https:\/\/i0.wp.com\/visitcalvia.org\/wp-content\/uploads\/2021\/03\/Entrada-mirador-malgrats-es.jpg?resize=300%2C200&amp;ssl=1 300w, https:\/\/i0.wp.com\/visitcalvia.org\/wp-content\/uploads\/2021\/03\/Entrada-mirador-malgrats-es.jpg?resize=391%2C260&amp;ssl=1 391w\" sizes=\"(max-width: 300px) 100vw, 300px\" data-attachment-id=\"15523\" data-permalink=\"https:\/\/visitcalvia.org\/de\/viewpoint-of-the-malgrat-islands-cannon\/entrada-mirador-malgrats-es-2\/\" data-orig-file=\"https:\/\/i0.wp.com\/visitcalvia.org\/wp-content\/uploads\/2021\/03\/Entrada-mirador-malgrats-es.jpg?fit=540%2C360&amp;ssl=1\" data-orig-size=\"540,360\" data-comments-opened=\"1\" data-image-meta=\"{&quot;aperture&quot;:&quot;0&quot;,&quot;credit&quot;:&quot;&quot;,&quot;camera&quot;:&quot;&quot;,&quot;caption&quot;:&quot;&quot;,&quot;created_timestamp&quot;:&quot;0&quot;,&quot;copyright&quot;:&quot;&quot;,&quot;focal_length&quot;:&quot;0&quot;,&quot;iso&quot;:&quot;0&quot;,&quot;shutter_speed&quot;:&quot;0&quot;,&quot;title&quot;:&quot;&quot;,&quot;orientation&quot;:&quot;0&quot;}\" data-image-title=\"Entrada-mirador-malgrats-es\" data-image-description=\"\" data-image-caption=\"\" data-large-file=\"https:\/\/i0.wp.com\/visitcalvia.org\/wp-content\/uploads\/2021\/03\/Entrada-mirador-malgrats-es.jpg?fit=540%2C360&amp;ssl=1\" \/>\t\t\t\t\t\t\t\t<\/a>\n\t\t\t\t\t<\/div>\n        <div class=\"qodef-bli-content\">\n\n            \n<h4 itemprop=\"name\" class=\"entry-title qodef-post-title\" >\n            <a itemprop=\"url\" href=\"https:\/\/visitcalvia.org\/de\/viewpoint-of-the-malgrat-islands-cannon\/\" title=\"Viewpoint of the Malgrat Islands cannon\">\n            Viewpoint of the Malgrat Islands cannon            <\/a>\n    <\/h4>            \n            \n        <\/div>\n    <\/div>\n<\/article><article class=\"qodef-bl-item qodef-item-space clearfix\">\n    <div class=\"qodef-bli-inner\">\n        \n\t<div class=\"qodef-post-image\">\n\t\t\t\t\t<a itemprop=\"url\" href=\"https:\/\/visitcalvia.org\/de\/puig-de-sa-morisca\/\" title=\"Puig de Sa Morisca\">\n\t\t\t\t\t\t\t\t\t<img decoding=\"async\" width=\"300\" height=\"198\" src=\"https:\/\/i0.wp.com\/visitcalvia.org\/wp-content\/uploads\/2020\/04\/Puig-de-Sa-Morisca.jpg?fit=300%2C198&amp;ssl=1\" class=\"attachment-medium size-medium wp-post-image\" alt=\"Puig de Sa Morisca\" srcset=\"https:\/\/i0.wp.com\/visitcalvia.org\/wp-content\/uploads\/2020\/04\/Puig-de-Sa-Morisca.jpg?w=700&amp;ssl=1 700w, https:\/\/i0.wp.com\/visitcalvia.org\/wp-content\/uploads\/2020\/04\/Puig-de-Sa-Morisca.jpg?resize=300%2C198&amp;ssl=1 300w, https:\/\/i0.wp.com\/visitcalvia.org\/wp-content\/uploads\/2020\/04\/Puig-de-Sa-Morisca.jpg?resize=600%2C395&amp;ssl=1 600w, https:\/\/i0.wp.com\/visitcalvia.org\/wp-content\/uploads\/2020\/04\/Puig-de-Sa-Morisca.jpg?resize=64%2C42&amp;ssl=1 64w\" sizes=\"(max-width: 300px) 100vw, 300px\" data-attachment-id=\"8918\" data-permalink=\"https:\/\/visitcalvia.org\/de\/puig-de-sa-morisca\/puig-de-sa-morisca-2-2\/\" data-orig-file=\"https:\/\/i0.wp.com\/visitcalvia.org\/wp-content\/uploads\/2020\/04\/Puig-de-Sa-Morisca.jpg?fit=700%2C461&amp;ssl=1\" data-orig-size=\"700,461\" data-comments-opened=\"1\" data-image-meta=\"{&quot;aperture&quot;:&quot;0&quot;,&quot;credit&quot;:&quot;&quot;,&quot;camera&quot;:&quot;&quot;,&quot;caption&quot;:&quot;&quot;,&quot;created_timestamp&quot;:&quot;0&quot;,&quot;copyright&quot;:&quot;&quot;,&quot;focal_length&quot;:&quot;0&quot;,&quot;iso&quot;:&quot;0&quot;,&quot;shutter_speed&quot;:&quot;0&quot;,&quot;title&quot;:&quot;&quot;,&quot;orientation&quot;:&quot;0&quot;}\" data-image-title=\"Puig de Sa Morisca\" data-image-description=\"\" data-image-caption=\"\" data-large-file=\"https:\/\/i0.wp.com\/visitcalvia.org\/wp-content\/uploads\/2020\/04\/Puig-de-Sa-Morisca.jpg?fit=700%2C461&amp;ssl=1\" \/>\t\t\t\t\t\t\t\t<\/a>\n\t\t\t\t\t<\/div>\n        <div class=\"qodef-bli-content\">\n\n            \n<h4 itemprop=\"name\" class=\"entry-title qodef-post-title\" >\n            <a itemprop=\"url\" href=\"https:\/\/visitcalvia.org\/de\/puig-de-sa-morisca\/\" title=\"Puig de Sa Morisca\">\n            Puig de Sa Morisca            <\/a>\n    <\/h4>            \n            \n        <\/div>\n    <\/div>\n<\/article>\t\t<\/ul>\n\t<\/div>\n\t\t<div class=\"qodef-blog-pag-loading\">\n\t\t<div class=\"qodef-blog-pag-bounce1\"><\/div>\n\t\t<div class=\"qodef-blog-pag-bounce2\"><\/div>\n\t\t<div class=\"qodef-blog-pag-bounce3\"><\/div>\n\t<\/div>\n\t\t\t\t<div class=\"qodef-bl-standard-pagination\">\n\t\t\t\t<ul>\n\t\t\t\t\t<li class=\"qodef-bl-pag-prev\">\n\t\t\t\t\t\t<a href=\"#\" data-paged=\"1\"><span class=\"icon-arrows-left\"><\/span><\/a>\n\t\t\t\t\t<\/li>\n\t\t\t\t\t\t\t\t\t\t\t\t\t\t\t\t\t<li class=\"qodef-bl-pag-number qodef-bl-pag-active\">\n\t\t\t\t\t\t\t<a href=\"#\" data-paged=\"1\">1<\/a>\n\t\t\t\t\t\t<\/li>\n\t\t\t\t\t\t\t\t\t\t\t\t\t\t\t\t\t<li class=\"qodef-bl-pag-number \">\n\t\t\t\t\t\t\t<a href=\"#\" data-paged=\"2\">2<\/a>\n\t\t\t\t\t\t<\/li>\n\t\t\t\t\t\t\t\t\t\t\t\t\t\t\t\t\t<li class=\"qodef-bl-pag-number \">\n\t\t\t\t\t\t\t<a href=\"#\" data-paged=\"3\">3<\/a>\n\t\t\t\t\t\t<\/li>\n\t\t\t\t\t\t\t\t\t\t\t\t\t\t\t\t\t<li class=\"qodef-bl-pag-number \">\n\t\t\t\t\t\t\t<a href=\"#\" data-paged=\"4\">4<\/a>\n\t\t\t\t\t\t<\/li>\n\t\t\t\t\t\t\t\t\t\t\t\t\t\t\t\t\t<li class=\"qodef-bl-pag-number \">\n\t\t\t\t\t\t\t<a href=\"#\" data-paged=\"5\">5<\/a>\n\t\t\t\t\t\t<\/li>\n\t\t\t\t\t\t\t\t\t\t\t\t\t\t\t\t\t<li class=\"qodef-bl-pag-number \">\n\t\t\t\t\t\t\t<a href=\"#\" data-paged=\"6\">6<\/a>\n\t\t\t\t\t\t<\/li>\n\t\t\t\t\t\t\t\t\t\t\t\t\t\t\t\t\t<li class=\"qodef-bl-pag-number \">\n\t\t\t\t\t\t\t<a href=\"#\" data-paged=\"7\">7<\/a>\n\t\t\t\t\t\t<\/li>\n\t\t\t\t\t\t\t\t\t\t<li class=\"qodef-bl-pag-next\">\n\t\t\t\t\t\t<a href=\"#\" data-paged=\"2\"><span class=\"icon-arrows-right\"><\/span><\/a>\n\t\t\t\t\t<\/li>\n\t\t\t\t<\/ul>\n\t\t\t<\/div>\n\t\t<input type=\"hidden\" id=\"qodef_blog_load_more_nonce_2444\" name=\"qodef_blog_load_more_nonce_2444\" value=\"12b4a7f00e\" \/><input type=\"hidden\" name=\"_wp_http_referer\" value=\"\/de\/wp-json\/wp\/v2\/pages\/13313\" \/><\/div>\t<\/div>\n<\/div><\/div>[vc_empty_space height=&#8220;15px&#8220;]<div class=\"qodef-iwt clearfix  qodef-iwt-icon-left-from-title qodef-iwt-icon-tiny\">\n\t<div class=\"qodef-iwt-content\" >\n\t\t\t\t\t<h4 class=\"qodef-iwt-title\" >\n\t\t\t\t\t\t\t\t\t<span class=\"qodef-iwt-icon\">\n\t\t\t\t\t\t\t\t\t\t\t\t\t    <span class=\"qodef-icon-shortcode qodef-circle   qodef-icon-tiny\" style=\"background-color: #9bc535\" data-hover-color=\"#ffffff\" data-color=\"#ffffff\">\n                    <i class=\"qodef-icon-font-awesome fa fa-calendar qodef-icon-element\" style=\"color: #ffffff\" ><\/i>            <\/span>\n\t\t\t\t\t\t\t\t\t\t\t<\/span>\n\t\t\t\t\t<span class=\"qodef-iwt-title-text\">VERANSTALTUNGEN<\/span>\n\t\t\t\t\t\t\t<\/h4>\n\t\t\t\t\t<\/div>\n<\/div>[vc_empty_space height=&#8220;15px&#8220;]<div class=\"qodef-accordion-holder qodef-ac-default  qodef-toggle qodef-ac-boxed  clearfix\">\n\t<p class=\"qodef-accordion-title\">\n    <span class=\"qodef-accordion-mark\">\n\t\t<span class=\"qodef_icon_plus ion-chevron-down\"><\/span>\n\t\t<span class=\"qodef_icon_minus ion-chevron-up\"><\/span>\n\t<\/span>\n\t<span class=\"qodef-tab-title\">Genie\u00dfen Sie die Veranstaltungen in der Gemeinde<\/span>\n<\/p>\n<div class=\"qodef-accordion-content\">\n\t<div class=\"qodef-accordion-content-inner\">\n\t\t[vc_column_text]<div class=\"mec-wrap mec-skin-carousel-container  \" id=\"mec_skin_4223\">\r\n        <div class=\"mec-skin-carousel-events-container\" id=\"mec_skin_events_4223\">\r\n        Keine Veranstaltung gefunden!    <\/div>\r\n    <\/div>[\/vc_column_text]\t<\/div>\n<\/div><\/div>[vc_empty_space height=&#8220;15px&#8220;][vc_empty_space height=&#8220;15px&#8220;][vc_empty_space height=&#8220;30px&#8220;]<\/div><div class=\"qodef-tab-container\" id=\"tab-lage-908\"><div class=\"qodef-section-title-holder  qodef-st-standard qodef-st-title-left qodef-st-normal-space  qodef-st-with-border\" style=\"text-align: left\">\n\t<div class=\"qodef-st-inner\">\n\t\t\t\t\t<h2 class=\"qodef-st-title\" >\n\t\t\t\tLage von Ses Illetes\t\t\t<\/h2>\n\t\t\t\t\t<\/div>\n<\/div>[vc_empty_space height=&#8220;20px&#8220;][vc_gmaps link=&#8220;#E-8_JTNDaWZyYW1lJTIwc3JjJTNEJTIyaHR0cHMlM0ElMkYlMkZ3d3cuZ29vZ2xlLmNvbSUyRm1hcHMlMkZlbWJlZCUzRnBiJTNEJTIxMW0xOCUyMTFtMTIlMjExbTMlMjExZDEyMzA3LjczMzA2NjM5NTI1NiUyMTJkMi41ODIxMjY3NjU4Mzg5NDUzJTIxM2QzOS41Mzg1NTk0MTgxODA4JTIxMm0zJTIxMWYwJTIxMmYwJTIxM2YwJTIxM20yJTIxMWkxMDI0JTIxMmk3NjglMjE0ZjEzLjElMjEzbTMlMjExbTIlMjExczB4MTI5NzhlNzYzMTVlYjQxNyUyNTNBMHhhOGQ5YzBmMTEyNDkxNDlmJTIxMnMwNzE4MSUyNTIwSWxsZXRlcyUyNTJDJTI1MjBJc2xhcyUyNTIwQmFsZWFyZXMlMjE1ZTAlMjEzbTIlMjExc2VzJTIxMnNlcyUyMTR2MTU4ODA1Mzk3NDA5NCUyMTVtMiUyMTFzZXMlMjEyc2VzJTIyJTIwd2lkdGglM0QlMjI2MDAlMjIlMjBoZWlnaHQlM0QlMjI0NTAlMjIlMjBmcmFtZWJvcmRlciUzRCUyMjAlMjIlMjBzdHlsZSUzRCUyMmJvcmRlciUzQTAlM0IlMjIlMjBhbGxvd2Z1bGxzY3JlZW4lM0QlMjIlMjIlMjBhcmlhLWhpZGRlbiUzRCUyMmZhbHNlJTIyJTIwdGFiaW5kZXglM0QlMjIwJTIyJTNFJTNDJTJGaWZyYW1lJTNF&#8220;][vc_empty_space height=&#8220;20px&#8220;]<\/div><div class=\"qodef-tab-container\" id=\"tab-galerie-839\"><div class=\"qodef-section-title-holder  qodef-st-standard qodef-st-title-left qodef-st-normal-space  qodef-st-with-border\" style=\"text-align: left\">\n\t<div class=\"qodef-st-inner\">\n\t\t\t\t\t<h2 class=\"qodef-st-title\" >\n\t\t\t\tGalerie Ses Illetes\t\t\t<\/h2>\n\t\t\t\t\t<\/div>\n<\/div>[vc_empty_space height=&#8220;20px&#8220;]<div class=\"qodef-image-gallery  qodef-ig-grid-type qodef-tiny-space  qodef-image-behavior-lightbox\">\n\t<div class=\"qodef-ig-inner qodef-outer-space qodef-ig-grid qodef-ig-two-columns\">\n\t\t\t\t\t<div class=\"qodef-ig-image qodef-item-space\">\n\t\t\t\t<div class=\"qodef-ig-image-inner\">\n\t\t\t\t\t\t\t\t\t\t\t<a itemprop=\"image\" class=\"qodef-ig-lightbox\" href=\"https:\/\/i0.wp.com\/visitcalvia.org\/wp-content\/uploads\/2020\/04\/CALA-COMTESSA-ILLETES.png?fit=862%2C571&#038;ssl=1\" data-rel=\"prettyPhoto[image_gallery_pretty_photo-95]\" title=\"CALA COMTESSA, ILLETES\">\n\t\t\t\t\t\t\t\t\t\t\t<img decoding=\"async\" width=\"862\" height=\"571\" src=\"https:\/\/i0.wp.com\/visitcalvia.org\/wp-content\/uploads\/2020\/04\/CALA-COMTESSA-ILLETES.png?fit=862%2C571&amp;ssl=1\" class=\"attachment-full size-full\" alt=\"CALA COMTESSA, ILLETES\" srcset=\"https:\/\/i0.wp.com\/visitcalvia.org\/wp-content\/uploads\/2020\/04\/CALA-COMTESSA-ILLETES.png?w=862&amp;ssl=1 862w, https:\/\/i0.wp.com\/visitcalvia.org\/wp-content\/uploads\/2020\/04\/CALA-COMTESSA-ILLETES.png?resize=300%2C199&amp;ssl=1 300w, https:\/\/i0.wp.com\/visitcalvia.org\/wp-content\/uploads\/2020\/04\/CALA-COMTESSA-ILLETES.png?resize=768%2C509&amp;ssl=1 768w, https:\/\/i0.wp.com\/visitcalvia.org\/wp-content\/uploads\/2020\/04\/CALA-COMTESSA-ILLETES.png?resize=391%2C260&amp;ssl=1 391w, https:\/\/i0.wp.com\/visitcalvia.org\/wp-content\/uploads\/2020\/04\/CALA-COMTESSA-ILLETES.png?resize=600%2C397&amp;ssl=1 600w, https:\/\/i0.wp.com\/visitcalvia.org\/wp-content\/uploads\/2020\/04\/CALA-COMTESSA-ILLETES.png?resize=64%2C42&amp;ssl=1 64w\" sizes=\"(max-width: 862px) 100vw, 862px\" data-attachment-id=\"5439\" data-permalink=\"https:\/\/visitcalvia.org\/de\/ses-illetes\/cala-comtessa-illetes\/\" data-orig-file=\"https:\/\/i0.wp.com\/visitcalvia.org\/wp-content\/uploads\/2020\/04\/CALA-COMTESSA-ILLETES.png?fit=862%2C571&amp;ssl=1\" data-orig-size=\"862,571\" data-comments-opened=\"1\" data-image-meta=\"{&quot;aperture&quot;:&quot;0&quot;,&quot;credit&quot;:&quot;&quot;,&quot;camera&quot;:&quot;&quot;,&quot;caption&quot;:&quot;&quot;,&quot;created_timestamp&quot;:&quot;0&quot;,&quot;copyright&quot;:&quot;&quot;,&quot;focal_length&quot;:&quot;0&quot;,&quot;iso&quot;:&quot;0&quot;,&quot;shutter_speed&quot;:&quot;0&quot;,&quot;title&quot;:&quot;&quot;,&quot;orientation&quot;:&quot;0&quot;}\" data-image-title=\"CALA COMTESSA, ILLETES\" data-image-description=\"\" data-image-caption=\"\" data-large-file=\"https:\/\/i0.wp.com\/visitcalvia.org\/wp-content\/uploads\/2020\/04\/CALA-COMTESSA-ILLETES.png?fit=862%2C571&amp;ssl=1\" \/>\t\t\t\t\t\t\t\t\t\t\t<\/a>\n\t\t\t\t\t\t\t\t\t<\/div>\n\t\t\t<\/div>\n\t\t\t\t\t<div class=\"qodef-ig-image qodef-item-space\">\n\t\t\t\t<div class=\"qodef-ig-image-inner\">\n\t\t\t\t\t\t\t\t\t\t\t<a itemprop=\"image\" class=\"qodef-ig-lightbox\" href=\"https:\/\/i0.wp.com\/visitcalvia.org\/wp-content\/uploads\/2020\/04\/CALA-COMTESSA-ILLETES02.png?fit=865%2C572&#038;ssl=1\" data-rel=\"prettyPhoto[image_gallery_pretty_photo-95]\" title=\"CALA COMTESSA, ILLETES02\">\n\t\t\t\t\t\t\t\t\t\t\t<img decoding=\"async\" width=\"865\" height=\"572\" src=\"https:\/\/i0.wp.com\/visitcalvia.org\/wp-content\/uploads\/2020\/04\/CALA-COMTESSA-ILLETES02.png?fit=865%2C572&amp;ssl=1\" class=\"attachment-full size-full\" alt=\"CALA COMTESSA, ILLETES\" srcset=\"https:\/\/i0.wp.com\/visitcalvia.org\/wp-content\/uploads\/2020\/04\/CALA-COMTESSA-ILLETES02.png?w=865&amp;ssl=1 865w, https:\/\/i0.wp.com\/visitcalvia.org\/wp-content\/uploads\/2020\/04\/CALA-COMTESSA-ILLETES02.png?resize=300%2C198&amp;ssl=1 300w, https:\/\/i0.wp.com\/visitcalvia.org\/wp-content\/uploads\/2020\/04\/CALA-COMTESSA-ILLETES02.png?resize=768%2C508&amp;ssl=1 768w, https:\/\/i0.wp.com\/visitcalvia.org\/wp-content\/uploads\/2020\/04\/CALA-COMTESSA-ILLETES02.png?resize=391%2C260&amp;ssl=1 391w, https:\/\/i0.wp.com\/visitcalvia.org\/wp-content\/uploads\/2020\/04\/CALA-COMTESSA-ILLETES02.png?resize=600%2C397&amp;ssl=1 600w, https:\/\/i0.wp.com\/visitcalvia.org\/wp-content\/uploads\/2020\/04\/CALA-COMTESSA-ILLETES02.png?resize=64%2C42&amp;ssl=1 64w\" sizes=\"(max-width: 865px) 100vw, 865px\" data-attachment-id=\"5443\" data-permalink=\"https:\/\/visitcalvia.org\/de\/ses-illetes\/cala-comtessa-illetes02\/\" data-orig-file=\"https:\/\/i0.wp.com\/visitcalvia.org\/wp-content\/uploads\/2020\/04\/CALA-COMTESSA-ILLETES02.png?fit=865%2C572&amp;ssl=1\" data-orig-size=\"865,572\" data-comments-opened=\"1\" data-image-meta=\"{&quot;aperture&quot;:&quot;0&quot;,&quot;credit&quot;:&quot;&quot;,&quot;camera&quot;:&quot;&quot;,&quot;caption&quot;:&quot;&quot;,&quot;created_timestamp&quot;:&quot;0&quot;,&quot;copyright&quot;:&quot;&quot;,&quot;focal_length&quot;:&quot;0&quot;,&quot;iso&quot;:&quot;0&quot;,&quot;shutter_speed&quot;:&quot;0&quot;,&quot;title&quot;:&quot;&quot;,&quot;orientation&quot;:&quot;0&quot;}\" data-image-title=\"CALA COMTESSA, ILLETES02\" data-image-description=\"\" data-image-caption=\"\" data-large-file=\"https:\/\/i0.wp.com\/visitcalvia.org\/wp-content\/uploads\/2020\/04\/CALA-COMTESSA-ILLETES02.png?fit=865%2C572&amp;ssl=1\" \/>\t\t\t\t\t\t\t\t\t\t\t<\/a>\n\t\t\t\t\t\t\t\t\t<\/div>\n\t\t\t<\/div>\n\t\t\t\t\t<div class=\"qodef-ig-image qodef-item-space\">\n\t\t\t\t<div class=\"qodef-ig-image-inner\">\n\t\t\t\t\t\t\t\t\t\t\t<a itemprop=\"image\" class=\"qodef-ig-lightbox\" href=\"https:\/\/i0.wp.com\/visitcalvia.org\/wp-content\/uploads\/2020\/04\/CALA-XINXELL-ILLETES.png?fit=865%2C573&#038;ssl=1\" data-rel=\"prettyPhoto[image_gallery_pretty_photo-95]\" title=\"CALA XINXELL, ILLETES\">\n\t\t\t\t\t\t\t\t\t\t\t<img decoding=\"async\" width=\"865\" height=\"573\" src=\"https:\/\/i0.wp.com\/visitcalvia.org\/wp-content\/uploads\/2020\/04\/CALA-XINXELL-ILLETES.png?fit=865%2C573&amp;ssl=1\" class=\"attachment-full size-full\" alt=\"CALA XINXELL, ILLETES\" srcset=\"https:\/\/i0.wp.com\/visitcalvia.org\/wp-content\/uploads\/2020\/04\/CALA-XINXELL-ILLETES.png?w=865&amp;ssl=1 865w, https:\/\/i0.wp.com\/visitcalvia.org\/wp-content\/uploads\/2020\/04\/CALA-XINXELL-ILLETES.png?resize=300%2C199&amp;ssl=1 300w, https:\/\/i0.wp.com\/visitcalvia.org\/wp-content\/uploads\/2020\/04\/CALA-XINXELL-ILLETES.png?resize=768%2C509&amp;ssl=1 768w, https:\/\/i0.wp.com\/visitcalvia.org\/wp-content\/uploads\/2020\/04\/CALA-XINXELL-ILLETES.png?resize=391%2C260&amp;ssl=1 391w, https:\/\/i0.wp.com\/visitcalvia.org\/wp-content\/uploads\/2020\/04\/CALA-XINXELL-ILLETES.png?resize=600%2C397&amp;ssl=1 600w, https:\/\/i0.wp.com\/visitcalvia.org\/wp-content\/uploads\/2020\/04\/CALA-XINXELL-ILLETES.png?resize=64%2C42&amp;ssl=1 64w\" sizes=\"(max-width: 865px) 100vw, 865px\" data-attachment-id=\"5447\" data-permalink=\"https:\/\/visitcalvia.org\/de\/ses-illetes\/cala-xinxell-illetes\/\" data-orig-file=\"https:\/\/i0.wp.com\/visitcalvia.org\/wp-content\/uploads\/2020\/04\/CALA-XINXELL-ILLETES.png?fit=865%2C573&amp;ssl=1\" data-orig-size=\"865,573\" data-comments-opened=\"1\" data-image-meta=\"{&quot;aperture&quot;:&quot;0&quot;,&quot;credit&quot;:&quot;&quot;,&quot;camera&quot;:&quot;&quot;,&quot;caption&quot;:&quot;&quot;,&quot;created_timestamp&quot;:&quot;0&quot;,&quot;copyright&quot;:&quot;&quot;,&quot;focal_length&quot;:&quot;0&quot;,&quot;iso&quot;:&quot;0&quot;,&quot;shutter_speed&quot;:&quot;0&quot;,&quot;title&quot;:&quot;&quot;,&quot;orientation&quot;:&quot;0&quot;}\" data-image-title=\"CALA XINXELL, ILLETES\" data-image-description=\"\" data-image-caption=\"\" data-large-file=\"https:\/\/i0.wp.com\/visitcalvia.org\/wp-content\/uploads\/2020\/04\/CALA-XINXELL-ILLETES.png?fit=865%2C573&amp;ssl=1\" \/>\t\t\t\t\t\t\t\t\t\t\t<\/a>\n\t\t\t\t\t\t\t\t\t<\/div>\n\t\t\t<\/div>\n\t\t\t\t\t<div class=\"qodef-ig-image qodef-item-space\">\n\t\t\t\t<div class=\"qodef-ig-image-inner\">\n\t\t\t\t\t\t\t\t\t\t\t<a itemprop=\"image\" class=\"qodef-ig-lightbox\" href=\"https:\/\/i0.wp.com\/visitcalvia.org\/wp-content\/uploads\/2020\/04\/CALA-XINXELL-ILLETES03.png?fit=866%2C568&#038;ssl=1\" data-rel=\"prettyPhoto[image_gallery_pretty_photo-95]\" title=\"CALA XINXELL, ILLETES03\">\n\t\t\t\t\t\t\t\t\t\t\t<img decoding=\"async\" width=\"866\" height=\"568\" src=\"https:\/\/i0.wp.com\/visitcalvia.org\/wp-content\/uploads\/2020\/04\/CALA-XINXELL-ILLETES03.png?fit=866%2C568&amp;ssl=1\" class=\"attachment-full size-full\" alt=\"CALA XINXELL, ILLETES\" srcset=\"https:\/\/i0.wp.com\/visitcalvia.org\/wp-content\/uploads\/2020\/04\/CALA-XINXELL-ILLETES03.png?w=866&amp;ssl=1 866w, https:\/\/i0.wp.com\/visitcalvia.org\/wp-content\/uploads\/2020\/04\/CALA-XINXELL-ILLETES03.png?resize=300%2C197&amp;ssl=1 300w, https:\/\/i0.wp.com\/visitcalvia.org\/wp-content\/uploads\/2020\/04\/CALA-XINXELL-ILLETES03.png?resize=768%2C504&amp;ssl=1 768w, https:\/\/i0.wp.com\/visitcalvia.org\/wp-content\/uploads\/2020\/04\/CALA-XINXELL-ILLETES03.png?resize=600%2C394&amp;ssl=1 600w, https:\/\/i0.wp.com\/visitcalvia.org\/wp-content\/uploads\/2020\/04\/CALA-XINXELL-ILLETES03.png?resize=64%2C42&amp;ssl=1 64w\" sizes=\"(max-width: 866px) 100vw, 866px\" data-attachment-id=\"5451\" data-permalink=\"https:\/\/visitcalvia.org\/de\/ses-illetes\/cala-xinxell-illetes03\/\" data-orig-file=\"https:\/\/i0.wp.com\/visitcalvia.org\/wp-content\/uploads\/2020\/04\/CALA-XINXELL-ILLETES03.png?fit=866%2C568&amp;ssl=1\" data-orig-size=\"866,568\" data-comments-opened=\"1\" data-image-meta=\"{&quot;aperture&quot;:&quot;0&quot;,&quot;credit&quot;:&quot;&quot;,&quot;camera&quot;:&quot;&quot;,&quot;caption&quot;:&quot;&quot;,&quot;created_timestamp&quot;:&quot;0&quot;,&quot;copyright&quot;:&quot;&quot;,&quot;focal_length&quot;:&quot;0&quot;,&quot;iso&quot;:&quot;0&quot;,&quot;shutter_speed&quot;:&quot;0&quot;,&quot;title&quot;:&quot;&quot;,&quot;orientation&quot;:&quot;0&quot;}\" data-image-title=\"CALA XINXELL, ILLETES03\" data-image-description=\"\" data-image-caption=\"\" data-large-file=\"https:\/\/i0.wp.com\/visitcalvia.org\/wp-content\/uploads\/2020\/04\/CALA-XINXELL-ILLETES03.png?fit=866%2C568&amp;ssl=1\" \/>\t\t\t\t\t\t\t\t\t\t\t<\/a>\n\t\t\t\t\t\t\t\t\t<\/div>\n\t\t\t<\/div>\n\t\t\t\t\t<div class=\"qodef-ig-image qodef-item-space\">\n\t\t\t\t<div class=\"qodef-ig-image-inner\">\n\t\t\t\t\t\t\t\t\t\t\t<a itemprop=\"image\" class=\"qodef-ig-lightbox\" href=\"https:\/\/i0.wp.com\/visitcalvia.org\/wp-content\/uploads\/2020\/04\/SES-ILLETES-ILLETES-2.png?fit=866%2C575&#038;ssl=1\" data-rel=\"prettyPhoto[image_gallery_pretty_photo-95]\" title=\"SES ILLETES, ILLETES-2\">\n\t\t\t\t\t\t\t\t\t\t\t<img decoding=\"async\" width=\"866\" height=\"575\" src=\"https:\/\/i0.wp.com\/visitcalvia.org\/wp-content\/uploads\/2020\/04\/SES-ILLETES-ILLETES-2.png?fit=866%2C575&amp;ssl=1\" class=\"attachment-full size-full\" alt=\"SES ILLETES, ILLETES\" srcset=\"https:\/\/i0.wp.com\/visitcalvia.org\/wp-content\/uploads\/2020\/04\/SES-ILLETES-ILLETES-2.png?w=866&amp;ssl=1 866w, https:\/\/i0.wp.com\/visitcalvia.org\/wp-content\/uploads\/2020\/04\/SES-ILLETES-ILLETES-2.png?resize=300%2C199&amp;ssl=1 300w, https:\/\/i0.wp.com\/visitcalvia.org\/wp-content\/uploads\/2020\/04\/SES-ILLETES-ILLETES-2.png?resize=768%2C510&amp;ssl=1 768w, https:\/\/i0.wp.com\/visitcalvia.org\/wp-content\/uploads\/2020\/04\/SES-ILLETES-ILLETES-2.png?resize=391%2C260&amp;ssl=1 391w, https:\/\/i0.wp.com\/visitcalvia.org\/wp-content\/uploads\/2020\/04\/SES-ILLETES-ILLETES-2.png?resize=600%2C398&amp;ssl=1 600w, https:\/\/i0.wp.com\/visitcalvia.org\/wp-content\/uploads\/2020\/04\/SES-ILLETES-ILLETES-2.png?resize=64%2C42&amp;ssl=1 64w\" sizes=\"(max-width: 866px) 100vw, 866px\" data-attachment-id=\"5455\" data-permalink=\"https:\/\/visitcalvia.org\/de\/ses-illetes\/ses-illetes-illetes-2\/\" data-orig-file=\"https:\/\/i0.wp.com\/visitcalvia.org\/wp-content\/uploads\/2020\/04\/SES-ILLETES-ILLETES-2.png?fit=866%2C575&amp;ssl=1\" data-orig-size=\"866,575\" data-comments-opened=\"1\" data-image-meta=\"{&quot;aperture&quot;:&quot;0&quot;,&quot;credit&quot;:&quot;&quot;,&quot;camera&quot;:&quot;&quot;,&quot;caption&quot;:&quot;&quot;,&quot;created_timestamp&quot;:&quot;0&quot;,&quot;copyright&quot;:&quot;&quot;,&quot;focal_length&quot;:&quot;0&quot;,&quot;iso&quot;:&quot;0&quot;,&quot;shutter_speed&quot;:&quot;0&quot;,&quot;title&quot;:&quot;&quot;,&quot;orientation&quot;:&quot;0&quot;}\" data-image-title=\"SES ILLETES, ILLETES-2\" data-image-description=\"\" data-image-caption=\"\" data-large-file=\"https:\/\/i0.wp.com\/visitcalvia.org\/wp-content\/uploads\/2020\/04\/SES-ILLETES-ILLETES-2.png?fit=866%2C575&amp;ssl=1\" \/>\t\t\t\t\t\t\t\t\t\t\t<\/a>\n\t\t\t\t\t\t\t\t\t<\/div>\n\t\t\t<\/div>\n\t\t\t\t\t<div class=\"qodef-ig-image qodef-item-space\">\n\t\t\t\t<div class=\"qodef-ig-image-inner\">\n\t\t\t\t\t\t\t\t\t\t\t<a itemprop=\"image\" class=\"qodef-ig-lightbox\" href=\"https:\/\/i0.wp.com\/visitcalvia.org\/wp-content\/uploads\/2020\/04\/SES-ILLETES-ILLETES-3.png?fit=865%2C574&#038;ssl=1\" data-rel=\"prettyPhoto[image_gallery_pretty_photo-95]\" title=\"SES ILLETES, ILLETES-3\">\n\t\t\t\t\t\t\t\t\t\t\t<img decoding=\"async\" width=\"865\" height=\"574\" src=\"https:\/\/i0.wp.com\/visitcalvia.org\/wp-content\/uploads\/2020\/04\/SES-ILLETES-ILLETES-3.png?fit=865%2C574&amp;ssl=1\" class=\"attachment-full size-full\" alt=\"SES ILLETES, ILLETES\" srcset=\"https:\/\/i0.wp.com\/visitcalvia.org\/wp-content\/uploads\/2020\/04\/SES-ILLETES-ILLETES-3.png?w=865&amp;ssl=1 865w, https:\/\/i0.wp.com\/visitcalvia.org\/wp-content\/uploads\/2020\/04\/SES-ILLETES-ILLETES-3.png?resize=300%2C199&amp;ssl=1 300w, https:\/\/i0.wp.com\/visitcalvia.org\/wp-content\/uploads\/2020\/04\/SES-ILLETES-ILLETES-3.png?resize=768%2C510&amp;ssl=1 768w, https:\/\/i0.wp.com\/visitcalvia.org\/wp-content\/uploads\/2020\/04\/SES-ILLETES-ILLETES-3.png?resize=391%2C260&amp;ssl=1 391w, https:\/\/i0.wp.com\/visitcalvia.org\/wp-content\/uploads\/2020\/04\/SES-ILLETES-ILLETES-3.png?resize=600%2C398&amp;ssl=1 600w, https:\/\/i0.wp.com\/visitcalvia.org\/wp-content\/uploads\/2020\/04\/SES-ILLETES-ILLETES-3.png?resize=64%2C42&amp;ssl=1 64w\" sizes=\"(max-width: 865px) 100vw, 865px\" data-attachment-id=\"5459\" data-permalink=\"https:\/\/visitcalvia.org\/de\/ses-illetes\/ses-illetes-illetes-3\/\" data-orig-file=\"https:\/\/i0.wp.com\/visitcalvia.org\/wp-content\/uploads\/2020\/04\/SES-ILLETES-ILLETES-3.png?fit=865%2C574&amp;ssl=1\" data-orig-size=\"865,574\" data-comments-opened=\"1\" data-image-meta=\"{&quot;aperture&quot;:&quot;0&quot;,&quot;credit&quot;:&quot;&quot;,&quot;camera&quot;:&quot;&quot;,&quot;caption&quot;:&quot;&quot;,&quot;created_timestamp&quot;:&quot;0&quot;,&quot;copyright&quot;:&quot;&quot;,&quot;focal_length&quot;:&quot;0&quot;,&quot;iso&quot;:&quot;0&quot;,&quot;shutter_speed&quot;:&quot;0&quot;,&quot;title&quot;:&quot;&quot;,&quot;orientation&quot;:&quot;0&quot;}\" data-image-title=\"SES ILLETES, ILLETES-3\" data-image-description=\"\" data-image-caption=\"\" data-large-file=\"https:\/\/i0.wp.com\/visitcalvia.org\/wp-content\/uploads\/2020\/04\/SES-ILLETES-ILLETES-3.png?fit=865%2C574&amp;ssl=1\" \/>\t\t\t\t\t\t\t\t\t\t\t<\/a>\n\t\t\t\t\t\t\t\t\t<\/div>\n\t\t\t<\/div>\n\t\t\t<\/div>\n<\/div>[vc_video link=&#8220;<a href=\"https:\/\/www.youtube.com\/watch?v=genyWk6nBb8&#8243;%5D\" rel=\"nofollow\">https:\/\/www.youtube.com\/watch?v=genyWk6nBb8&#8243;%5D<\/a><\/div><div class=\"qodef-tab-container\" id=\"tab-services-653\"><div class=\"qodef-section-title-holder  qodef-st-standard qodef-st-title-left qodef-st-normal-space  qodef-st-with-border\" style=\"text-align: left\">\n\t<div class=\"qodef-st-inner\">\n\t\t\t\t\t<h2 class=\"qodef-st-title\" >\n\t\t\t\tDienstleistungen in Ses Illetes\t\t\t<\/h2>\n\t\t\t\t\t<\/div>\n<\/div>[vc_empty_space height=&#8220;20px&#8220;][vc_empty_space height=&#8220;20px&#8220;]<div class=\"qodef-accordion-holder qodef-ac-default  qodef-toggle qodef-ac-boxed  clearfix\">\n\t<p class=\"qodef-accordion-title\">\n    <span class=\"qodef-accordion-mark\">\n\t\t<span class=\"qodef_icon_plus ion-chevron-down\"><\/span>\n\t\t<span class=\"qodef_icon_minus ion-chevron-up\"><\/span>\n\t<\/span>\n\t<span class=\"qodef-tab-title\">REISEB\u00dcROS<\/span>\n<\/p>\n<div class=\"qodef-accordion-content\">\n\t<div class=\"qodef-accordion-content-inner\">\n\t\t[vc_column_text]<\/p>\n<ul>\n<li><strong>CLINICA MARIDENT (DENTAL INTERNC)<\/strong><br \/>\nAnschrift: Paseig d\u2019Illetes, 87 \u2013 Illetes<br \/>\nTelefon: 971 401060<\/li>\n<li><strong>DR DIETER BOHL (Internista)<\/strong><br \/>\nAnschrift: Passeig d\u2019Illetes, 2 loc. 10. Illetes<br \/>\nTelefon: 971 703133 \u2013 639942820<\/li>\n<li><strong>THE DOCTOR\u2019S Medical Centre <\/strong><br \/>\nAnschrift: Passeig Illetes, 16,<br \/>\nTelefon: 871 903182<\/li>\n<\/ul>\n<p>[\/vc_column_text]\t<\/div>\n<\/div><p class=\"qodef-accordion-title\">\n    <span class=\"qodef-accordion-mark\">\n\t\t<span class=\"qodef_icon_plus ion-chevron-down\"><\/span>\n\t\t<span class=\"qodef_icon_minus ion-chevron-up\"><\/span>\n\t<\/span>\n\t<span class=\"qodef-tab-title\">APOTHEKE<\/span>\n<\/p>\n<div class=\"qodef-accordion-content\">\n\t<div class=\"qodef-accordion-content-inner\">\n\t\t[vc_column_text]<\/p>\n<ul>\n<li><strong>HERN\u00c1NDEZ TOUS<\/strong><br \/>\nAnschrift: Ps. d\u2019Illetes, 2 local 5 \u2013 Illetes<br \/>\nTelefon: 971 401427<\/li>\n<\/ul>\n<p>[\/vc_column_text]\t<\/div>\n<\/div><p class=\"qodef-accordion-title\">\n    <span class=\"qodef-accordion-mark\">\n\t\t<span class=\"qodef_icon_plus ion-chevron-down\"><\/span>\n\t\t<span class=\"qodef_icon_minus ion-chevron-up\"><\/span>\n\t<\/span>\n\t<span class=\"qodef-tab-title\">BERATUNGSB\u00dcROS F\u00dcR BEH\u00d6RDLICHE ANGELEGENHEITEN<\/span>\n<\/p>\n<div class=\"qodef-accordion-content\">\n\t<div class=\"qodef-accordion-content-inner\">\n\t\t[vc_column_text]<\/p>\n<ul>\n<li><strong>ASESORIA YOLANDA PROVENZAL<\/strong><br \/>\nAnschrift: Passeig d\u2019 Illetes, 4 Local 7 \u2013 Illetes<br \/>\nTelefon: 971 404230<\/li>\n<\/ul>\n<p>[\/vc_column_text]\t<\/div>\n<\/div><p class=\"qodef-accordion-title\">\n    <span class=\"qodef-accordion-mark\">\n\t\t<span class=\"qodef_icon_plus ion-chevron-down\"><\/span>\n\t\t<span class=\"qodef_icon_minus ion-chevron-up\"><\/span>\n\t<\/span>\n\t<span class=\"qodef-tab-title\">INMOBILIARIAS<\/span>\n<\/p>\n<div class=\"qodef-accordion-content\">\n\t<div class=\"qodef-accordion-content-inner\">\n\t\t[vc_column_text]<\/p>\n<ul>\n<li><strong>ANCHORAGE ESTATES<\/strong><br \/>\nDirecci\u00f3n: C\/ Cala Comtessa, 1 -Anchorage- Illetes<br \/>\nTel\u00e9fono: 971 405000<\/li>\n<\/ul>\n<p>[\/vc_column_text]\t<\/div>\n<\/div><p class=\"qodef-accordion-title\">\n    <span class=\"qodef-accordion-mark\">\n\t\t<span class=\"qodef_icon_plus ion-chevron-down\"><\/span>\n\t\t<span class=\"qodef_icon_minus ion-chevron-up\"><\/span>\n\t<\/span>\n\t<span class=\"qodef-tab-title\">AUTOVERMIETUNG<\/span>\n<\/p>\n<div class=\"qodef-accordion-content\">\n\t<div class=\"qodef-accordion-content-inner\">\n\t\t[vc_column_text]<\/p>\n<ul>\n<li><strong>BELMAR RENT A CAR<\/strong><br \/>\nAnschrift: Passeig d\u2019Illetes, 12-Local 1 A-Illetes<br \/>\nTelefon: 971 702827<\/li>\n<li><strong>FALC\u00d3 RENT<\/strong><br \/>\nAnschrift: Ps. D\u2019Illetes, 6- Local 8. Illetes<br \/>\nTelefon: 971 405968<\/li>\n<li><strong>SEMA <\/strong><br \/>\nAnschrift: Ps. D\u2019Illetes, 32 local 2 \u2013 Illetes<br \/>\nTelefon: 971 401768<\/li>\n<li><strong>LIBERTY SPORT <\/strong><br \/>\nAnschrift: Ps. D\u2019Illetes, 4- Illetes<br \/>\nTelefon: 971 405527<\/li>\n<\/ul>\n<p>[\/vc_column_text]\t<\/div>\n<\/div><\/div>[vc_empty_space height=&#8220;30px&#8220;]<\/div><\/div>[\/vc_column][vc_column width=&#8220;1\/4&#8243;][vc_empty_space height=&#8220;80px&#8220;][vc_column_text css=&#8220;.vc_custom_1598000884978{padding-bottom: 20px !important;}&#8220;]<\/p>\n<h4>Die Gemeinde Calvi\u00e0 verf\u00fcgt \u00fcber 5 Touristeninformationen.<\/h4>\n<p>[\/vc_column_text][vc_empty_space height=&#8220;13px&#8220;][vc_btn title=&#8220;Kontakt Fremdenverkehrsb\u00fcros&#8220; style=&#8220;classic&#8220; shape=&#8220;square&#8220; color=&#8220;black&#8220; link=&#8220;url:https%3A%2F%2Fvisitcalvia.org%2Foficinas-de-turismo%2F|title:Oficinas%20de%20turismo||&#8220;][vc_empty_space height=&#8220;20px&#8220;][vc_raw_html]JTNDYSUyMGNsYXNzJTNEJTIyd2VhdGhlcndpZGdldC1pbyUyMiUyMGhyZWYlM0QlMjJodHRwcyUzQSUyRiUyRmZvcmVjYXN0Ny5jb20lMkZkZSUyRjM5ZDU0MmQ1OSUyRnNlcy1pbGxldGVzJTJGJTIyJTIwZGF0YS1sYWJlbF8xJTNEJTIySUxMRVRFUyUyMiUyMGRhdGEtbGFiZWxfMiUzRCUyMldFQVRIRVIlMjIlMjBkYXRhLXRoZW1lJTNEJTIyb3JpZ2luYWwlMjIlMjAlM0VJTExFVEVTJTIwV0VBVEhFUiUzQyUyRmElM0UlMEElM0NzY3JpcHQlM0UlMEElMjFmdW5jdGlvbiUyOGQlMkNzJTJDaWQlMjklN0J2YXIlMjBqcyUyQ2ZqcyUzRGQuZ2V0RWxlbWVudHNCeVRhZ05hbWUlMjhzJTI5JTVCMCU1RCUzQmlmJTI4JTIxZC5nZXRFbGVtZW50QnlJZCUyOGlkJTI5JTI5JTdCanMlM0RkLmNyZWF0ZUVsZW1lbnQlMjhzJTI5JTNCanMuaWQlM0RpZCUzQmpzLnNyYyUzRCUyN2h0dHBzJTNBJTJGJTJGd2VhdGhlcndpZGdldC5pbyUyRmpzJTJGd2lkZ2V0Lm1pbi5qcyUyNyUzQmZqcy5wYXJlbnROb2RlLmluc2VydEJlZm9yZSUyOGpzJTJDZmpzJTI5JTNCJTdEJTdEJTI4ZG9jdW1lbnQlMkMlMjdzY3JpcHQlMjclMkMlMjd3ZWF0aGVyd2lkZ2V0LWlvLWpzJTI3JTI5JTNCJTBBJTNDJTJGc2NyaXB0JTNF[\/vc_raw_html][\/vc_column][\/vc_row]<\/p>\n<\/div>","protected":false},"excerpt":{"rendered":"<p>[vc_row css=&#8220;.vc_custom_1654771707352{background-image: url(<a href=\"https:\/\/visitcalvia.org\/wp-content\/uploads\/2020\/05\/illetes-banner-playas.jpg?id=6802\">https:\/\/visitcalvia.org\/wp-content\/uploads\/2020\/05\/illetes-banner-playas.jpg?id=6802<\/a>) !important;background-position: center !important;background-repeat: no-repeat !important;background-size: cover !important;}&#8220;][vc_column][vc_empty_space height=&#8220;255px&#8220;][\/vc_column][\/vc_row][vc_row full_width=&#8220;stretch_row&#8220; css=&#8220;.vc_custom_1654259767008{background-color: #a5c34f !important;}&#8220;][vc_column][vc_row_inner][vc_column_inner width=&#8220;1\/2&#8243;][vc_column_text] MAPA ZONA Cas catal\u00e0 -Ses Illetes &#8211; Bendinat &#8211; Portals Nous [\/vc_column_text][\/vc_column_inner][vc_column_inner width=&#8220;1\/2&#8243;][vc_empty_space height=&#8220;15px&#8220;][vc_empty_space height=&#8220;7px&#8220;][\/vc_column_inner][\/vc_row_inner][\/vc_column][\/vc_row][vc_row row_content_width=&#8220;grid&#8220; css=&#8220;.vc_custom_1656917749301{margin-top: 20px !important;padding-top: 0px !important;padding-bottom: 100px !important;}&#8220;][vc_column width=&#8220;3\/4&#8243;][\/vc_column][vc_column width=&#8220;1\/4&#8243;][vc_empty_space height=&#8220;80px&#8220;][vc_column_text css=&#8220;.vc_custom_1598000884978{padding-bottom: 20px !important;}&#8220;] Die Gemeinde Calvi\u00e0 verf\u00fcgt \u00fcber 5 Touristeninformationen. [\/vc_column_text][vc_empty_space height=&#8220;13px&#8220;][vc_btn [&hellip;]<\/p>\n","protected":false},"author":182516946,"featured_media":5458,"parent":0,"menu_order":0,"comment_status":"closed","ping_status":"closed","template":"full-width.php","meta":{"_coblocks_attr":"","_coblocks_dimensions":"","_coblocks_responsive_height":"","_coblocks_accordion_ie_support":"","_crdt_document":"","footnotes":""},"class_list":["post-13313","page","type-page","status-publish","has-post-thumbnail","hentry"],"yoast_head":"<!-- This site is optimized with the Yoast SEO plugin v27.5 - https:\/\/yoast.com\/product\/yoast-seo-wordpress\/ -->\n<title>Ses Illetes - visitcalvia<\/title>\n<meta name=\"robots\" content=\"index, follow, max-snippet:-1, max-image-preview:large, max-video-preview:-1\" \/>\n<link rel=\"canonical\" href=\"https:\/\/visitcalvia.org\/de\/ses-illetes\/\" \/>\n<meta property=\"og:locale\" content=\"de_DE\" \/>\n<meta property=\"og:type\" content=\"article\" \/>\n<meta property=\"og:title\" content=\"Ses Illetes - visitcalvia\" \/>\n<meta property=\"og:description\" content=\"[vc_row css=&#8220;.vc_custom_1654771707352{background-image: url(https:\/\/visitcalvia.org\/wp-content\/uploads\/2020\/05\/illetes-banner-playas.jpg?id=6802) !important;background-position: center !important;background-repeat: no-repeat !important;background-size: cover !important;}&#8220;][vc_column][vc_empty_space height=&#8220;255px&#8220;][\/vc_column][\/vc_row][vc_row full_width=&#8220;stretch_row&#8220; css=&#8220;.vc_custom_1654259767008{background-color: #a5c34f !important;}&#8220;][vc_column][vc_row_inner][vc_column_inner width=&#8220;1\/2&#8243;][vc_column_text] MAPA ZONA Cas catal\u00e0 -Ses Illetes &#8211; Bendinat &#8211; Portals Nous [\/vc_column_text][\/vc_column_inner][vc_column_inner width=&#8220;1\/2&#8243;][vc_empty_space height=&#8220;15px&#8220;][vc_empty_space height=&#8220;7px&#8220;][\/vc_column_inner][\/vc_row_inner][\/vc_column][\/vc_row][vc_row row_content_width=&#8220;grid&#8220; css=&#8220;.vc_custom_1656917749301{margin-top: 20px !important;padding-top: 0px !important;padding-bottom: 100px !important;}&#8220;][vc_column width=&#8220;3\/4&#8243;][\/vc_column][vc_column width=&#8220;1\/4&#8243;][vc_empty_space height=&#8220;80px&#8220;][vc_column_text css=&#8220;.vc_custom_1598000884978{padding-bottom: 20px !important;}&#8220;] Die Gemeinde Calvi\u00e0 verf\u00fcgt \u00fcber 5 Touristeninformationen. [\/vc_column_text][vc_empty_space height=&#8220;13px&#8220;][vc_btn [&hellip;]\" \/>\n<meta property=\"og:url\" content=\"https:\/\/visitcalvia.org\/de\/ses-illetes\/\" \/>\n<meta property=\"og:site_name\" content=\"visitcalvia\" \/>\n<meta property=\"article:modified_time\" content=\"2026-04-24T09:14:30+00:00\" \/>\n<meta property=\"og:image\" content=\"https:\/\/visitcalvia.org\/wp-content\/uploads\/2020\/04\/SES-ILLETES-ILLETES-2.png\" \/>\n\t<meta property=\"og:image:width\" content=\"866\" \/>\n\t<meta property=\"og:image:height\" content=\"575\" \/>\n\t<meta property=\"og:image:type\" content=\"image\/png\" \/>\n<meta name=\"twitter:card\" content=\"summary_large_image\" \/>\n<meta name=\"twitter:label1\" content=\"Gesch\u00e4tzte Lesezeit\" \/>\n\t<meta name=\"twitter:data1\" content=\"3\u00a0Minuten\" \/>\n<script type=\"application\/ld+json\" class=\"yoast-schema-graph\">{\"@context\":\"https:\\\/\\\/schema.org\",\"@graph\":[{\"@type\":\"WebPage\",\"@id\":\"https:\\\/\\\/visitcalvia.org\\\/de\\\/ses-illetes\\\/\",\"url\":\"https:\\\/\\\/visitcalvia.org\\\/de\\\/ses-illetes\\\/\",\"name\":\"Ses Illetes - visitcalvia\",\"isPartOf\":{\"@id\":\"https:\\\/\\\/visitcalvia.org\\\/de\\\/#website\"},\"primaryImageOfPage\":{\"@id\":\"https:\\\/\\\/visitcalvia.org\\\/de\\\/ses-illetes\\\/#primaryimage\"},\"image\":{\"@id\":\"https:\\\/\\\/visitcalvia.org\\\/de\\\/ses-illetes\\\/#primaryimage\"},\"thumbnailUrl\":\"https:\\\/\\\/i0.wp.com\\\/visitcalvia.org\\\/wp-content\\\/uploads\\\/2020\\\/04\\\/SES-ILLETES-ILLETES-2.png?fit=866%2C575&ssl=1\",\"datePublished\":\"2020-04-28T06:08:20+00:00\",\"dateModified\":\"2026-04-24T09:14:30+00:00\",\"breadcrumb\":{\"@id\":\"https:\\\/\\\/visitcalvia.org\\\/de\\\/ses-illetes\\\/#breadcrumb\"},\"inLanguage\":\"de\",\"potentialAction\":[{\"@type\":\"ReadAction\",\"target\":[\"https:\\\/\\\/visitcalvia.org\\\/de\\\/ses-illetes\\\/\"]}]},{\"@type\":\"ImageObject\",\"inLanguage\":\"de\",\"@id\":\"https:\\\/\\\/visitcalvia.org\\\/de\\\/ses-illetes\\\/#primaryimage\",\"url\":\"https:\\\/\\\/i0.wp.com\\\/visitcalvia.org\\\/wp-content\\\/uploads\\\/2020\\\/04\\\/SES-ILLETES-ILLETES-2.png?fit=866%2C575&ssl=1\",\"contentUrl\":\"https:\\\/\\\/i0.wp.com\\\/visitcalvia.org\\\/wp-content\\\/uploads\\\/2020\\\/04\\\/SES-ILLETES-ILLETES-2.png?fit=866%2C575&ssl=1\",\"width\":866,\"height\":575,\"caption\":\"SES ILLETES, ILLETES\"},{\"@type\":\"BreadcrumbList\",\"@id\":\"https:\\\/\\\/visitcalvia.org\\\/de\\\/ses-illetes\\\/#breadcrumb\",\"itemListElement\":[{\"@type\":\"ListItem\",\"position\":1,\"name\":\"Portada\",\"item\":\"https:\\\/\\\/visitcalvia.org\\\/de\\\/\"},{\"@type\":\"ListItem\",\"position\":2,\"name\":\"Ses Illetes\"}]},{\"@type\":\"WebSite\",\"@id\":\"https:\\\/\\\/visitcalvia.org\\\/de\\\/#website\",\"url\":\"https:\\\/\\\/visitcalvia.org\\\/de\\\/\",\"name\":\"visitcalvia\",\"description\":\"Vacaciones en Mallorca \u2013 Calvi\u00e0 m\u00faltiples destinos en uno s\u00f3lo lugar. Palmanova, Santa Pon\u00e7a, Magaluf, Peguera, Portals Nous, Costa d\u2019en Blanes, Cala Vinyes\",\"potentialAction\":[{\"@type\":\"SearchAction\",\"target\":{\"@type\":\"EntryPoint\",\"urlTemplate\":\"https:\\\/\\\/visitcalvia.org\\\/de\\\/?s={search_term_string}\"},\"query-input\":{\"@type\":\"PropertyValueSpecification\",\"valueRequired\":true,\"valueName\":\"search_term_string\"}}],\"inLanguage\":\"de\"}]}<\/script>\n<!-- \/ Yoast SEO plugin. -->","yoast_head_json":{"title":"Ses Illetes - visitcalvia","robots":{"index":"index","follow":"follow","max-snippet":"max-snippet:-1","max-image-preview":"max-image-preview:large","max-video-preview":"max-video-preview:-1"},"canonical":"https:\/\/visitcalvia.org\/de\/ses-illetes\/","og_locale":"de_DE","og_type":"article","og_title":"Ses Illetes - visitcalvia","og_description":"[vc_row css=&#8220;.vc_custom_1654771707352{background-image: url(https:\/\/visitcalvia.org\/wp-content\/uploads\/2020\/05\/illetes-banner-playas.jpg?id=6802) !important;background-position: center !important;background-repeat: no-repeat !important;background-size: cover !important;}&#8220;][vc_column][vc_empty_space height=&#8220;255px&#8220;][\/vc_column][\/vc_row][vc_row full_width=&#8220;stretch_row&#8220; css=&#8220;.vc_custom_1654259767008{background-color: #a5c34f !important;}&#8220;][vc_column][vc_row_inner][vc_column_inner width=&#8220;1\/2&#8243;][vc_column_text] MAPA ZONA Cas catal\u00e0 -Ses Illetes &#8211; Bendinat &#8211; Portals Nous [\/vc_column_text][\/vc_column_inner][vc_column_inner width=&#8220;1\/2&#8243;][vc_empty_space height=&#8220;15px&#8220;][vc_empty_space height=&#8220;7px&#8220;][\/vc_column_inner][\/vc_row_inner][\/vc_column][\/vc_row][vc_row row_content_width=&#8220;grid&#8220; css=&#8220;.vc_custom_1656917749301{margin-top: 20px !important;padding-top: 0px !important;padding-bottom: 100px !important;}&#8220;][vc_column width=&#8220;3\/4&#8243;][\/vc_column][vc_column width=&#8220;1\/4&#8243;][vc_empty_space height=&#8220;80px&#8220;][vc_column_text css=&#8220;.vc_custom_1598000884978{padding-bottom: 20px !important;}&#8220;] Die Gemeinde Calvi\u00e0 verf\u00fcgt \u00fcber 5 Touristeninformationen. [\/vc_column_text][vc_empty_space height=&#8220;13px&#8220;][vc_btn [&hellip;]","og_url":"https:\/\/visitcalvia.org\/de\/ses-illetes\/","og_site_name":"visitcalvia","article_modified_time":"2026-04-24T09:14:30+00:00","og_image":[{"width":866,"height":575,"url":"https:\/\/visitcalvia.org\/wp-content\/uploads\/2020\/04\/SES-ILLETES-ILLETES-2.png","type":"image\/png"}],"twitter_card":"summary_large_image","twitter_misc":{"Gesch\u00e4tzte Lesezeit":"3\u00a0Minuten"},"schema":{"@context":"https:\/\/schema.org","@graph":[{"@type":"WebPage","@id":"https:\/\/visitcalvia.org\/de\/ses-illetes\/","url":"https:\/\/visitcalvia.org\/de\/ses-illetes\/","name":"Ses Illetes - visitcalvia","isPartOf":{"@id":"https:\/\/visitcalvia.org\/de\/#website"},"primaryImageOfPage":{"@id":"https:\/\/visitcalvia.org\/de\/ses-illetes\/#primaryimage"},"image":{"@id":"https:\/\/visitcalvia.org\/de\/ses-illetes\/#primaryimage"},"thumbnailUrl":"https:\/\/i0.wp.com\/visitcalvia.org\/wp-content\/uploads\/2020\/04\/SES-ILLETES-ILLETES-2.png?fit=866%2C575&ssl=1","datePublished":"2020-04-28T06:08:20+00:00","dateModified":"2026-04-24T09:14:30+00:00","breadcrumb":{"@id":"https:\/\/visitcalvia.org\/de\/ses-illetes\/#breadcrumb"},"inLanguage":"de","potentialAction":[{"@type":"ReadAction","target":["https:\/\/visitcalvia.org\/de\/ses-illetes\/"]}]},{"@type":"ImageObject","inLanguage":"de","@id":"https:\/\/visitcalvia.org\/de\/ses-illetes\/#primaryimage","url":"https:\/\/i0.wp.com\/visitcalvia.org\/wp-content\/uploads\/2020\/04\/SES-ILLETES-ILLETES-2.png?fit=866%2C575&ssl=1","contentUrl":"https:\/\/i0.wp.com\/visitcalvia.org\/wp-content\/uploads\/2020\/04\/SES-ILLETES-ILLETES-2.png?fit=866%2C575&ssl=1","width":866,"height":575,"caption":"SES ILLETES, ILLETES"},{"@type":"BreadcrumbList","@id":"https:\/\/visitcalvia.org\/de\/ses-illetes\/#breadcrumb","itemListElement":[{"@type":"ListItem","position":1,"name":"Portada","item":"https:\/\/visitcalvia.org\/de\/"},{"@type":"ListItem","position":2,"name":"Ses Illetes"}]},{"@type":"WebSite","@id":"https:\/\/visitcalvia.org\/de\/#website","url":"https:\/\/visitcalvia.org\/de\/","name":"visitcalvia","description":"Vacaciones en Mallorca \u2013 Calvi\u00e0 m\u00faltiples destinos en uno s\u00f3lo lugar. Palmanova, Santa Pon\u00e7a, Magaluf, Peguera, Portals Nous, Costa d\u2019en Blanes, Cala Vinyes","potentialAction":[{"@type":"SearchAction","target":{"@type":"EntryPoint","urlTemplate":"https:\/\/visitcalvia.org\/de\/?s={search_term_string}"},"query-input":{"@type":"PropertyValueSpecification","valueRequired":true,"valueName":"search_term_string"}}],"inLanguage":"de"}]}},"jetpack_likes_enabled":false,"jetpack_sharing_enabled":false,"jetpack_shortlink":"https:\/\/wp.me\/PbP1bo-3sJ","amp_enabled":false,"_links":{"self":[{"href":"https:\/\/visitcalvia.org\/de\/wp-json\/wp\/v2\/pages\/13313","targetHints":{"allow":["GET"]}}],"collection":[{"href":"https:\/\/visitcalvia.org\/de\/wp-json\/wp\/v2\/pages"}],"about":[{"href":"https:\/\/visitcalvia.org\/de\/wp-json\/wp\/v2\/types\/page"}],"author":[{"embeddable":true,"href":"https:\/\/visitcalvia.org\/de\/wp-json\/wp\/v2\/users\/182516946"}],"replies":[{"embeddable":true,"href":"https:\/\/visitcalvia.org\/de\/wp-json\/wp\/v2\/comments?post=13313"}],"version-history":[{"count":11,"href":"https:\/\/visitcalvia.org\/de\/wp-json\/wp\/v2\/pages\/13313\/revisions"}],"predecessor-version":[{"id":30996,"href":"https:\/\/visitcalvia.org\/de\/wp-json\/wp\/v2\/pages\/13313\/revisions\/30996"}],"wp:featuredmedia":[{"embeddable":true,"href":"https:\/\/visitcalvia.org\/de\/wp-json\/wp\/v2\/media\/5458"}],"wp:attachment":[{"href":"https:\/\/visitcalvia.org\/de\/wp-json\/wp\/v2\/media?parent=13313"}],"curies":[{"name":"wp","href":"https:\/\/api.w.org\/{rel}","templated":true}]}}