{"id":30903,"date":"2026-04-22T14:09:48","date_gmt":"2026-04-22T12:09:48","guid":{"rendered":"https:\/\/visitcalvia.org\/pr-ma-3-sa-vinya\/"},"modified":"2026-04-23T10:30:03","modified_gmt":"2026-04-23T08:30:03","slug":"wandern_calvia_savinya","status":"publish","type":"page","link":"https:\/\/visitcalvia.org\/de\/wandern_calvia_savinya\/","title":{"rendered":"PR-MA 3 Sa Vinya"},"content":{"rendered":"<div class=\"wpb-content-wrapper\"><p>[vc_row row_content_width=&#8220;grid&#8220;][vc_column]\n\t\t\t<!-- START PRMA 3 Sa Vinya REVOLUTION SLIDER 6.7.13 --><p class=\"rs-p-wp-fix\"><\/p>\n\t\t\t<rs-module-wrap id=\"rev_slider_24_1_wrapper\" data-source=\"gallery\" style=\"visibility:hidden;background:transparent;padding:0;margin:0px auto;margin-top:0;margin-bottom:0;\">\n\t\t\t\t<rs-module id=\"rev_slider_24_1\" style=\"\" data-version=\"6.7.13\">\n\t\t\t\t\t<rs-slides style=\"overflow: hidden; position: absolute;\">\n\t\t\t\t\t\t<rs-slide style=\"position: absolute;\" data-key=\"rs-89\" data-title=\"Slide\" data-thumb=\"\/\/visitcalvia.org\/wp-content\/uploads\/2026\/04\/pr-ma-3-sa-vinya2-scaled-60x60.jpeg\" data-anim=\"ms:700ms;\" data-in=\"o:0;e:power3.inOut;\" data-out=\"e:power3.out;\">\n\t\t\t\t\t\t\t<img data-recalc-dims=\"1\" decoding=\"async\" src=\"https:\/\/i0.wp.com\/visitcalvia.org\/wp-content\/plugins\/revslider\/sr6\/assets\/assets\/dummy.png?resize=1100%2C736\" alt=\"\" width=\"1100\" height=\"736\" class=\"rev-slidebg tp-rs-img rs-lazyload\" data-lazyload=\"\/\/visitcalvia.org\/wp-content\/uploads\/2026\/04\/pr-ma-3-sa-vinya2-scaled.jpeg\" data-parallax=\"off\" data-no-retina>\n<!--\n\t\t\t\t\t\t\t--><rs-layer\n\t\t\t\t\t\t\t\tid=\"slider-24-slide-89-layer-1\" \n\t\t\t\t\t\t\t\tdata-type=\"text\"\n\t\t\t\t\t\t\t\tdata-color=\"#fff\"\n\t\t\t\t\t\t\t\tdata-tsh=\"c:rgba(0,0,0,0.75);h:5px,5px,5px,1px;b:10px,10px,10px,3px;\"\n\t\t\t\t\t\t\t\tdata-rsp_ch=\"on\"\n\t\t\t\t\t\t\t\tdata-xy=\"xo:171px,171px,171px,61px;yo:235px,235px,235px,215px;\"\n\t\t\t\t\t\t\t\tdata-text=\"w:normal;s:41,41,41,35;l:46,46,46,39;ls:-2,-2,-2,0;fw:800;\"\n\t\t\t\t\t\t\t\tdata-dim=\"minh:0,0,0,none;\"\n\t\t\t\t\t\t\t\tdata-frame_999=\"o:0;st:w;\"\n\t\t\t\t\t\t\t\tstyle=\"z-index:8;font-family:'Poppins';\"\n\t\t\t\t\t\t\t>PR-MA 3: Sa Vinya \n\t\t\t\t\t\t\t<\/rs-layer><!--\n-->\t\t\t\t\t<\/rs-slide>\n\t\t\t\t\t\t<rs-slide style=\"position: absolute;\" data-key=\"rs-88\" data-title=\"Slide\" data-thumb=\"\/\/visitcalvia.org\/wp-content\/uploads\/2026\/04\/pr-ma-3-sa-vinya5-scaled-60x60.jpeg\" data-anim=\"ms:700ms;\" data-in=\"o:0;e:power3.inOut;\" data-out=\"e:power3.out;\">\n\t\t\t\t\t\t\t<img data-recalc-dims=\"1\" decoding=\"async\" src=\"https:\/\/i0.wp.com\/visitcalvia.org\/wp-content\/plugins\/revslider\/sr6\/assets\/assets\/dummy.png?resize=1100%2C825\" alt=\"\" width=\"1100\" height=\"825\" class=\"rev-slidebg tp-rs-img rs-lazyload\" data-lazyload=\"\/\/visitcalvia.org\/wp-content\/uploads\/2026\/04\/pr-ma-3-sa-vinya5-scaled.jpeg\" data-parallax=\"off\" data-no-retina>\n<!--\n\t\t\t\t\t\t\t--><rs-layer\n\t\t\t\t\t\t\t\tid=\"slider-24-slide-88-layer-2\" \n\t\t\t\t\t\t\t\tdata-type=\"text\"\n\t\t\t\t\t\t\t\tdata-color=\"#fff\"\n\t\t\t\t\t\t\t\tdata-tsh=\"c:rgba(0,0,0,0.75);h:5px,5px,5px,1px;b:10px,10px,10px,3px;\"\n\t\t\t\t\t\t\t\tdata-rsp_ch=\"on\"\n\t\t\t\t\t\t\t\tdata-xy=\"xo:171px,171px,171px,63px;yo:235px,235px,235px,226px;\"\n\t\t\t\t\t\t\t\tdata-text=\"w:normal;s:41,41,41,38;l:46,46,46,43;ls:-2,-2,-2,0;fw:800;\"\n\t\t\t\t\t\t\t\tdata-dim=\"minh:0,0,0,none;\"\n\t\t\t\t\t\t\t\tdata-frame_999=\"o:0;st:w;\"\n\t\t\t\t\t\t\t\tstyle=\"z-index:8;font-family:'Poppins';\"\n\t\t\t\t\t\t\t>PR-MA 3: Sa Vinya \n\t\t\t\t\t\t\t<\/rs-layer><!--\n-->\t\t\t\t\t<\/rs-slide>\n\t\t\t\t\t\t<rs-slide style=\"position: absolute;\" data-key=\"rs-87\" data-title=\"Slide\" data-thumb=\"\/\/visitcalvia.org\/wp-content\/uploads\/2026\/04\/pr-ma-3-sa-vinya1-scaled-60x60.jpeg\" data-anim=\"ms:700ms;\" data-in=\"o:0;e:power3.inOut;\" data-out=\"e:power3.out;\">\n\t\t\t\t\t\t\t<img data-recalc-dims=\"1\" decoding=\"async\" src=\"https:\/\/i0.wp.com\/visitcalvia.org\/wp-content\/plugins\/revslider\/sr6\/assets\/assets\/dummy.png?resize=1100%2C733\" alt=\"\" width=\"1100\" height=\"733\" class=\"rev-slidebg tp-rs-img rs-lazyload\" data-lazyload=\"\/\/visitcalvia.org\/wp-content\/uploads\/2026\/04\/pr-ma-3-sa-vinya1-scaled.jpeg\" data-parallax=\"off\" data-no-retina>\n<!--\n\t\t\t\t\t\t\t--><rs-layer\n\t\t\t\t\t\t\t\tid=\"slider-24-slide-87-layer-3\" \n\t\t\t\t\t\t\t\tdata-type=\"text\"\n\t\t\t\t\t\t\t\tdata-color=\"#fff\"\n\t\t\t\t\t\t\t\tdata-tsh=\"c:rgba(0,0,0,0.75);h:5px,5px,5px,1px;b:10px,10px,10px,3px;\"\n\t\t\t\t\t\t\t\tdata-rsp_ch=\"on\"\n\t\t\t\t\t\t\t\tdata-xy=\"xo:171px,171px,171px,61px;yo:235px,235px,235px,229px;\"\n\t\t\t\t\t\t\t\tdata-text=\"w:normal;s:41,41,41,36;l:46,46,46,41;ls:-2,-2,-2,0;fw:800;\"\n\t\t\t\t\t\t\t\tdata-dim=\"minh:0,0,0,none;\"\n\t\t\t\t\t\t\t\tdata-frame_999=\"o:0;st:w;\"\n\t\t\t\t\t\t\t\tstyle=\"z-index:8;font-family:'Poppins';\"\n\t\t\t\t\t\t\t>PR-MA 3: Sa Vinya \n\t\t\t\t\t\t\t<\/rs-layer><!--\n-->\t\t\t\t\t<\/rs-slide>\n\t\t\t\t\t<\/rs-slides>\n\t\t\t\t<\/rs-module>\n\t\t\t\t<script>\n\t\t\t\t\tsetREVStartSize({c: 'rev_slider_24_1',rl:[1240,1240,1240,480],el:[600,600,600,520],gw:[1240,1240,1240,480],gh:[600,600,600,520],type:'standard',justify:'',layout:'fullwidth',mh:\"0\"});if (window.RS_MODULES!==undefined && window.RS_MODULES.modules!==undefined && window.RS_MODULES.modules[\"revslider241\"]!==undefined) {window.RS_MODULES.modules[\"revslider241\"].once = false;window.revapi24 = undefined;if (window.RS_MODULES.checkMinimal!==undefined) window.RS_MODULES.checkMinimal()}\n\t\t\t\t<\/script>\n\t\t\t<\/rs-module-wrap>\n\t\t\t<!-- END REVOLUTION SLIDER -->\n[\/vc_column][\/vc_row][vc_row full_width=&#8220;stretch_row&#8220; css=&#8220;.vc_custom_1775628750379{background-color: #E4E4E4 !important;}&#8220;][vc_column][vc_column_text css=&#8220;.vc_custom_1774950773705{margin-bottom: 14px !important;}&#8220;]<\/p>\n<h1 style=\"text-align: center;\"><span class=\"change-second-color\" style=\"color: #0562a4; font-family: Montserrat;\"><strong>CALVI\u00c0 SCHRITT F\u00dcR<\/strong> SCHRITT ERLEBEN<\/span><\/h1>\n<p>[\/vc_column_text][vc_empty_space height=&#8220;20px&#8220;][\/vc_column][\/vc_row][vc_row full_width=&#8220;stretch_row&#8220; css=&#8220;.vc_custom_1775628739721{background-color: #E4E4E4 !important;}&#8220;][vc_column][vc_row_inner][vc_column_inner width=&#8220;1\/3&#8243;][vc_single_image image=&#8220;30740&#8243; img_size=&#8220;80&#215;80&#8243; alignment=&#8220;center&#8220; css=&#8220;&#8220;][vc_column_text css=&#8220;.vc_custom_1775628714008{margin-bottom: 14px !important;}&#8220;]<\/p>\n<h3 style=\"text-align: center;\"><span style=\"color: #0562a4; font-family: Montserrat;\"><span style=\"font-weight: 400;\">Wanderweg von <strong>historisch-k\u00fcnstlerischem Interesse<\/strong><\/span><\/span><\/h3>\n<p>[\/vc_column_text][\/vc_column_inner][vc_column_inner width=&#8220;1\/3&#8243;][vc_single_image image=&#8220;30744&#8243; img_size=&#8220;80&#215;80&#8243; alignment=&#8220;center&#8220; css=&#8220;&#8220;][vc_column_text css=&#8220;.vc_custom_1775643216739{margin-bottom: 14px !important;}&#8220;]<\/p>\n<h3 style=\"text-align: center;\"><span style=\"color: #0562a4; font-family: Montserrat;\">Familienfreundlicher <strong>Weg f\u00fcr Kinder von 7 bis 9 Jahren geeignet<\/strong><\/span><\/h3>\n<p>[\/vc_column_text][\/vc_column_inner][vc_column_inner width=&#8220;1\/3&#8243;][vc_single_image image=&#8220;30748&#8243; img_size=&#8220;80&#215;80&#8243; alignment=&#8220;center&#8220; css=&#8220;&#8220;][vc_column_text css=&#8220;.vc_custom_1775643234620{margin-bottom: 14px !important;}&#8220;]<\/p>\n<h3 style=\"text-align: center;\"><span style=\"color: #0562a4; font-family: Montserrat;\"><span style=\"font-weight: 400;\">Route mit <strong>hohem Naturwert<\/strong><\/span><\/span><\/h3>\n<p>[\/vc_column_text][\/vc_column_inner][\/vc_row_inner][vc_row_inner][vc_column_inner width=&#8220;1\/3&#8243;][vc_single_image image=&#8220;30757&#8243; img_size=&#8220;80&#215;80&#8243; alignment=&#8220;center&#8220; css=&#8220;&#8220;][vc_column_text css=&#8220;.vc_custom_1775643251480{margin-bottom: 14px !important;}&#8220;]<\/p>\n<h3 style=\"text-align: center;\"><span style=\"color: #0562a4; font-family: Montserrat;\"><span style=\"font-weight: 400;\">Strecke: <strong>6,50 km<br \/>\n<\/strong><br \/>\n<\/span><\/span><\/h3>\n<p>[\/vc_column_text][\/vc_column_inner][vc_column_inner width=&#8220;1\/3&#8243;][vc_single_image image=&#8220;30761&#8243; img_size=&#8220;80&#215;80&#8243; alignment=&#8220;center&#8220; css=&#8220;&#8220;][vc_column_text css=&#8220;.vc_custom_1775643263780{margin-bottom: 14px !important;}&#8220;]<\/p>\n<h3 style=\"text-align: center;\"><span style=\"color: #0562a4; font-family: Montserrat;\"><span style=\"font-weight: 400;\">Dauer: <strong>2:40Std.<br \/>\n<\/strong><\/span><\/span><\/h3>\n<p>[\/vc_column_text][\/vc_column_inner][vc_column_inner width=&#8220;1\/3&#8243;][vc_single_image image=&#8220;30752&#8243; img_size=&#8220;80&#215;80&#8243; alignment=&#8220;center&#8220; css=&#8220;&#8220;][vc_column_text css=&#8220;.vc_custom_1775643276136{margin-bottom: 14px !important;}&#8220;]<\/p>\n<h3 style=\"text-align: center;\"><span style=\"color: #0562a4; font-family: Montserrat;\"><span style=\"font-weight: 400;\"><strong>Rundweg<\/strong><\/span><\/span><\/h3>\n<p>[\/vc_column_text][\/vc_column_inner][\/vc_row_inner][vc_empty_space height=&#8220;20px&#8220;][\/vc_column][\/vc_row][vc_row full_width=&#8220;stretch_row&#8220; css=&#8220;.vc_custom_1774950787382{background-color: #0562A4 !important;}&#8220;][vc_column][vc_column_text css=&#8220;.vc_custom_1776859939248{margin-bottom: 14px !important;}&#8220;]<\/p>\n<h2 style=\"text-align: center;\"><span class=\"change-second-color\" style=\"color: #ffffff; font-family: Montserrat;\">ENTDECKEN SIE DIE <strong> SEHENSW\u00dcRDIGKEITEN<\/strong><\/span><\/h2>\n<p>[\/vc_column_text][vc_empty_space height=&#8220;20px&#8220;][\/vc_column][\/vc_row][vc_row full_width=&#8220;stretch_row_content&#8220;][vc_column][vc_column_text css=&#8220;&#8220;]<\/p>\n<p style=\"text-align: center;\"><iframe style=\"border: 0;\" tabindex=\"0\" src=\"https:\/\/www.google.com\/maps\/embed?pb=!1m18!1m12!1m3!1d3075.8265396129927!2d2.502984714533074!3d39.563518615010445!2m3!1f0!2f0!3f0!3m2!1i1024!2i768!4f13.1!3m3!1m2!1s0x12978932512b4115%3A0xac3898daa9e9c378!2sAjuntament%20de%20Calvi%C3%A0!5e0!3m2!1ses!2sus!4v1586948987762!5m2!1ses!2sus\" width=\"1800\" height=\"500\" frameborder=\"0\" allowfullscreen=\"allowfullscreen\" aria-hidden=\"false\"><span data-mce-type=\"bookmark\" style=\"display: inline-block; width: 0px; overflow: hidden; line-height: 0;\" class=\"mce_SELRES_start\"><\/span><\/iframe><\/p>\n<p>[\/vc_column_text][\/vc_column][\/vc_row][vc_row full_width=&#8220;stretch_row&#8220; css=&#8220;.vc_custom_1775562247022{background-position: center !important;background-repeat: no-repeat !important;background-size: cover !important;}&#8220;][vc_column][vc_empty_space height=&#8220;10px&#8220;][\/vc_column][\/vc_row][vc_row full_width=&#8220;stretch_row&#8220; css=&#8220;.vc_custom_1774951842589{background-color: #E4E4E4 !important;}&#8220;][vc_column][vc_row_inner][vc_column_inner][vc_column_text css=&#8220;.vc_custom_1776859987790{margin-bottom: 14px !important;}&#8220;]<\/p>\n<h2 style=\"text-align: center;\"><strong>ROUTENBESCHREIBUNG<\/strong><\/h2>\n<p>[\/vc_column_text][vc_column_text css=&#8220;&#8220;]Diese Route befindet sich im S\u00fcdwesten der \u00f6ffentlichen Finca Galatz\u00f3 und verband fr\u00fcher das Haupthaus der Besitzung mit einem landwirtschaftlich genutzten Gebiet namens Sa Vinya an der Grenze zur benachbarten Finca s\u2019Alqueria.<\/p>\n<p>Der Weg f\u00fchrt durch typische landwirtschaftliche Bereiche einer Bergpossessi\u00f3, in denen wertvolle ethnografische Elemente erhalten sind, die mit landwirtschaftlichen, Vieh- und Forstwirtschaftst\u00e4tigkeiten verbunden sind. Entlang der Strecke befinden sich bedeutende Orte wie Es Tramuntanal, Font des Obis und Sa Vinya, wo Terrassenfelder, alte Wassersysteme, Kohlemeiler, Bauernh\u00fctten und sogar ein traditioneller Brotbackofen zu sehen sind \u2013 Zeugnisse der historischen Landnutzung.<\/p>\n<p>Die Route besitzt zudem einen hohen arch\u00e4ologischen Wert mit drei talayotischen Fundst\u00e4tten, die verschiedene Formen der Besiedlung in dieser historischen Epoche belegen.<\/p>\n<p>Aus nat\u00fcrlicher Sicht erm\u00f6glicht der Weg das Erleben der typischen Flora und Fauna der Serra de Tramuntana, darunter die mallorquinische Ziege und der Schlangenadler, in einer Landschaft, die Steineichenw\u00e4lder, Kiefernw\u00e4lder und Buschland abwechselt.<\/p>\n<p>Die Route erreicht eine maximale H\u00f6he von 345 Metern und bietet herrliche Ausblicke auf die landwirtschaftlich genutzten Fl\u00e4chen der Besitzung sowie die umliegende Berglandschaft, wobei der Puig de Galatz\u00f3 und die Mola de s\u2019Esclop das Tal von Galatz\u00f3 eindrucksvoll einrahmen.[\/vc_column_text][\/vc_column_inner][\/vc_row_inner][vc_empty_space height=&#8220;20px&#8220;][vc_row_inner][vc_column_inner width=&#8220;1\/4&#8243;][vc_single_image image=&#8220;30787&#8243; img_size=&#8220;full&#8220; alignment=&#8220;center&#8220; onclick=&#8220;img_link_large&#8220; css=&#8220;&#8220;][\/vc_column_inner][vc_column_inner width=&#8220;1\/4&#8243;][vc_single_image image=&#8220;30795&#8243; img_size=&#8220;full&#8220; alignment=&#8220;center&#8220; onclick=&#8220;img_link_large&#8220; css=&#8220;&#8220;][\/vc_column_inner][vc_column_inner width=&#8220;1\/4&#8243;][vc_single_image image=&#8220;30783&#8243; img_size=&#8220;full&#8220; alignment=&#8220;center&#8220; onclick=&#8220;img_link_large&#8220; css=&#8220;&#8220;][\/vc_column_inner][vc_column_inner width=&#8220;1\/4&#8243;][vc_single_image image=&#8220;30791&#8243; img_size=&#8220;full&#8220; alignment=&#8220;center&#8220; onclick=&#8220;img_link_large&#8220; css=&#8220;&#8220;][\/vc_column_inner][\/vc_row_inner][vc_empty_space height=&#8220;20px&#8220;][\/vc_column][\/vc_row][vc_row full_width=&#8220;stretch_row&#8220;][vc_column][vc_empty_space height=&#8220;10px&#8220;][\/vc_column][\/vc_row][vc_row full_width=&#8220;stretch_row&#8220; css=&#8220;.vc_custom_1775562395308{background-color: #000000 !important;}&#8220;][vc_column][vc_column_text css=&#8220;.vc_custom_1776859955022{margin-bottom: 14px !important;}&#8220;]<\/p>\n<h2 style=\"text-align: center;\"><span class=\"change-second-color\" style=\"color: #ffffff; font-family: Montserrat;\">You might also<strong> be interested in<\/strong><\/span><\/h2>\n<p>[\/vc_column_text][vc_empty_space height=&#8220;20px&#8220;][\/vc_column][\/vc_row][vc_row full_width=&#8220;stretch_row_content&#8220;][vc_column width=&#8220;1\/3&#8243;][vc_single_image image=&#8220;30471&#8243; img_size=&#8220;full&#8220; alignment=&#8220;center&#8220; css=&#8220;&#8220;][vc_btn title=&#8220;PR-MA 1: Peguera &#8211; Es Capdell\u00e0&#8220; shape=&#8220;square&#8220; color=&#8220;black&#8220; size=&#8220;lg&#8220; align=&#8220;center&#8220; i_icon_fontawesome=&#8220;fas fa-walking&#8220; css=&#8220;&#8220; button_block=&#8220;true&#8220; add_icon=&#8220;true&#8220; link=&#8220;url:https%3A%2F%2Fvisitcalvia.org%2Fde%2Fwandern_calvia_peguera_escapdella%2F&#8220;][\/vc_column][vc_column width=&#8220;1\/3&#8243;][vc_single_image image=&#8220;30475&#8243; img_size=&#8220;full&#8220; alignment=&#8220;center&#8220; css=&#8220;&#8220;][vc_btn title=&#8220;PR-MA 2: La Vall Verda&#8220; shape=&#8220;square&#8220; color=&#8220;black&#8220; size=&#8220;lg&#8220; align=&#8220;center&#8220; i_icon_fontawesome=&#8220;fas fa-walking&#8220; css=&#8220;&#8220; button_block=&#8220;true&#8220; add_icon=&#8220;true&#8220; link=&#8220;url:https%3A%2F%2Fvisitcalvia.org%2Fde%2Fwandern_calvia_lavallverda%2F&#8220;][\/vc_column][vc_column width=&#8220;1\/3&#8243;][vc_single_image image=&#8220;30483&#8243; img_size=&#8220;full&#8220; alignment=&#8220;center&#8220; css=&#8220;&#8220;][vc_btn title=&#8220;PR-MA 4: Sa Font de Sa Cometa&#8220; shape=&#8220;square&#8220; color=&#8220;black&#8220; size=&#8220;lg&#8220; align=&#8220;center&#8220; i_icon_fontawesome=&#8220;fas fa-walking&#8220; css=&#8220;&#8220; button_block=&#8220;true&#8220; add_icon=&#8220;true&#8220; link=&#8220;url:https%3A%2F%2Fvisitcalvia.org%2Fde%2Fwandern_calvia_sacometa%2F&#8220;][\/vc_column][\/vc_row][vc_row full_width=&#8220;stretch_row&#8220; css=&#8220;.vc_custom_1774618055698{background-color: #FFFFFF !important;}&#8220;][vc_column][vc_empty_space height=&#8220;20px&#8220;][\/vc_column][\/vc_row]<\/p>\n<\/div>","protected":false},"excerpt":{"rendered":"<p>[vc_row row_content_width=&#8220;grid&#8220;][vc_column][\/vc_column][\/vc_row][vc_row full_width=&#8220;stretch_row&#8220; css=&#8220;.vc_custom_1775628750379{background-color: #E4E4E4 !important;}&#8220;][vc_column][vc_column_text css=&#8220;.vc_custom_1774950773705{margin-bottom: 14px !important;}&#8220;] CALVI\u00c0 SCHRITT F\u00dcR SCHRITT ERLEBEN [\/vc_column_text][vc_empty_space height=&#8220;20px&#8220;][\/vc_column][\/vc_row][vc_row full_width=&#8220;stretch_row&#8220; css=&#8220;.vc_custom_1775628739721{background-color: #E4E4E4 !important;}&#8220;][vc_column][vc_row_inner][vc_column_inner width=&#8220;1\/3&#8243;][vc_single_image image=&#8220;30740&#8243; img_size=&#8220;80&#215;80&#8243; alignment=&#8220;center&#8220; css=&#8220;&#8220;][vc_column_text css=&#8220;.vc_custom_1775628714008{margin-bottom: 14px !important;}&#8220;] Wanderweg von historisch-k\u00fcnstlerischem Interesse [\/vc_column_text][\/vc_column_inner][vc_column_inner width=&#8220;1\/3&#8243;][vc_single_image image=&#8220;30744&#8243; img_size=&#8220;80&#215;80&#8243; alignment=&#8220;center&#8220; css=&#8220;&#8220;][vc_column_text css=&#8220;.vc_custom_1775643216739{margin-bottom: 14px !important;}&#8220;] Familienfreundlicher Weg f\u00fcr Kinder von 7 bis 9 Jahren geeignet [\/vc_column_text][\/vc_column_inner][vc_column_inner width=&#8220;1\/3&#8243;][vc_single_image image=&#8220;30748&#8243; [&hellip;]<\/p>\n","protected":false},"author":182516987,"featured_media":0,"parent":0,"menu_order":0,"comment_status":"closed","ping_status":"closed","template":"","meta":{"_coblocks_attr":"","_coblocks_dimensions":"","_coblocks_responsive_height":"","_coblocks_accordion_ie_support":"","_crdt_document":"","footnotes":""},"class_list":["post-30903","page","type-page","status-publish","hentry"],"yoast_head":"<!-- This site is optimized with the Yoast SEO plugin v27.4 - https:\/\/yoast.com\/product\/yoast-seo-wordpress\/ -->\n<title>PR-MA 3 Sa Vinya - visitcalvia<\/title>\n<meta name=\"robots\" content=\"index, follow, max-snippet:-1, max-image-preview:large, max-video-preview:-1\" \/>\n<link rel=\"canonical\" href=\"https:\/\/visitcalvia.org\/de\/wandern_calvia_savinya\/\" \/>\n<meta property=\"og:locale\" content=\"de_DE\" \/>\n<meta property=\"og:type\" content=\"article\" \/>\n<meta property=\"og:title\" content=\"PR-MA 3 Sa Vinya - visitcalvia\" \/>\n<meta property=\"og:description\" content=\"[vc_row row_content_width=&#8220;grid&#8220;][vc_column][\/vc_column][\/vc_row][vc_row full_width=&#8220;stretch_row&#8220; css=&#8220;.vc_custom_1775628750379{background-color: #E4E4E4 !important;}&#8220;][vc_column][vc_column_text css=&#8220;.vc_custom_1774950773705{margin-bottom: 14px !important;}&#8220;] CALVI\u00c0 SCHRITT F\u00dcR SCHRITT ERLEBEN [\/vc_column_text][vc_empty_space height=&#8220;20px&#8220;][\/vc_column][\/vc_row][vc_row full_width=&#8220;stretch_row&#8220; css=&#8220;.vc_custom_1775628739721{background-color: #E4E4E4 !important;}&#8220;][vc_column][vc_row_inner][vc_column_inner width=&#8220;1\/3&#8243;][vc_single_image image=&#8220;30740&#8243; img_size=&#8220;80&#215;80&#8243; alignment=&#8220;center&#8220; css=&#8220;&#8220;][vc_column_text css=&#8220;.vc_custom_1775628714008{margin-bottom: 14px !important;}&#8220;] Wanderweg von historisch-k\u00fcnstlerischem Interesse [\/vc_column_text][\/vc_column_inner][vc_column_inner width=&#8220;1\/3&#8243;][vc_single_image image=&#8220;30744&#8243; img_size=&#8220;80&#215;80&#8243; alignment=&#8220;center&#8220; css=&#8220;&#8220;][vc_column_text css=&#8220;.vc_custom_1775643216739{margin-bottom: 14px !important;}&#8220;] Familienfreundlicher Weg f\u00fcr Kinder von 7 bis 9 Jahren geeignet [\/vc_column_text][\/vc_column_inner][vc_column_inner width=&#8220;1\/3&#8243;][vc_single_image image=&#8220;30748&#8243; [&hellip;]\" \/>\n<meta property=\"og:url\" content=\"https:\/\/visitcalvia.org\/de\/wandern_calvia_savinya\/\" \/>\n<meta property=\"og:site_name\" content=\"visitcalvia\" \/>\n<meta property=\"article:modified_time\" content=\"2026-04-23T08:30:03+00:00\" \/>\n<meta name=\"twitter:card\" content=\"summary_large_image\" \/>\n<meta name=\"twitter:label1\" content=\"Gesch\u00e4tzte Lesezeit\" \/>\n\t<meta name=\"twitter:data1\" content=\"2\u00a0Minuten\" \/>\n<script type=\"application\/ld+json\" class=\"yoast-schema-graph\">{\"@context\":\"https:\\\/\\\/schema.org\",\"@graph\":[{\"@type\":\"WebPage\",\"@id\":\"https:\\\/\\\/visitcalvia.org\\\/de\\\/wandern_calvia_savinya\\\/\",\"url\":\"https:\\\/\\\/visitcalvia.org\\\/de\\\/wandern_calvia_savinya\\\/\",\"name\":\"PR-MA 3 Sa Vinya - visitcalvia\",\"isPartOf\":{\"@id\":\"https:\\\/\\\/visitcalvia.org\\\/de\\\/#website\"},\"datePublished\":\"2026-04-22T12:09:48+00:00\",\"dateModified\":\"2026-04-23T08:30:03+00:00\",\"breadcrumb\":{\"@id\":\"https:\\\/\\\/visitcalvia.org\\\/de\\\/wandern_calvia_savinya\\\/#breadcrumb\"},\"inLanguage\":\"de\",\"potentialAction\":[{\"@type\":\"ReadAction\",\"target\":[\"https:\\\/\\\/visitcalvia.org\\\/de\\\/wandern_calvia_savinya\\\/\"]}]},{\"@type\":\"BreadcrumbList\",\"@id\":\"https:\\\/\\\/visitcalvia.org\\\/de\\\/wandern_calvia_savinya\\\/#breadcrumb\",\"itemListElement\":[{\"@type\":\"ListItem\",\"position\":1,\"name\":\"Portada\",\"item\":\"https:\\\/\\\/visitcalvia.org\\\/de\\\/\"},{\"@type\":\"ListItem\",\"position\":2,\"name\":\"PR-MA 3 Sa Vinya\"}]},{\"@type\":\"WebSite\",\"@id\":\"https:\\\/\\\/visitcalvia.org\\\/de\\\/#website\",\"url\":\"https:\\\/\\\/visitcalvia.org\\\/de\\\/\",\"name\":\"visitcalvia\",\"description\":\"Vacaciones en Mallorca \u2013 Calvi\u00e0 m\u00faltiples destinos en uno s\u00f3lo lugar. Palmanova, Santa Pon\u00e7a, Magaluf, Peguera, Portals Nous, Costa d\u2019en Blanes, Cala Vinyes\",\"potentialAction\":[{\"@type\":\"SearchAction\",\"target\":{\"@type\":\"EntryPoint\",\"urlTemplate\":\"https:\\\/\\\/visitcalvia.org\\\/de\\\/?s={search_term_string}\"},\"query-input\":{\"@type\":\"PropertyValueSpecification\",\"valueRequired\":true,\"valueName\":\"search_term_string\"}}],\"inLanguage\":\"de\"}]}<\/script>\n<!-- \/ Yoast SEO plugin. -->","yoast_head_json":{"title":"PR-MA 3 Sa Vinya - visitcalvia","robots":{"index":"index","follow":"follow","max-snippet":"max-snippet:-1","max-image-preview":"max-image-preview:large","max-video-preview":"max-video-preview:-1"},"canonical":"https:\/\/visitcalvia.org\/de\/wandern_calvia_savinya\/","og_locale":"de_DE","og_type":"article","og_title":"PR-MA 3 Sa Vinya - visitcalvia","og_description":"[vc_row row_content_width=&#8220;grid&#8220;][vc_column][\/vc_column][\/vc_row][vc_row full_width=&#8220;stretch_row&#8220; css=&#8220;.vc_custom_1775628750379{background-color: #E4E4E4 !important;}&#8220;][vc_column][vc_column_text css=&#8220;.vc_custom_1774950773705{margin-bottom: 14px !important;}&#8220;] CALVI\u00c0 SCHRITT F\u00dcR SCHRITT ERLEBEN [\/vc_column_text][vc_empty_space height=&#8220;20px&#8220;][\/vc_column][\/vc_row][vc_row full_width=&#8220;stretch_row&#8220; css=&#8220;.vc_custom_1775628739721{background-color: #E4E4E4 !important;}&#8220;][vc_column][vc_row_inner][vc_column_inner width=&#8220;1\/3&#8243;][vc_single_image image=&#8220;30740&#8243; img_size=&#8220;80&#215;80&#8243; alignment=&#8220;center&#8220; css=&#8220;&#8220;][vc_column_text css=&#8220;.vc_custom_1775628714008{margin-bottom: 14px !important;}&#8220;] Wanderweg von historisch-k\u00fcnstlerischem Interesse [\/vc_column_text][\/vc_column_inner][vc_column_inner width=&#8220;1\/3&#8243;][vc_single_image image=&#8220;30744&#8243; img_size=&#8220;80&#215;80&#8243; alignment=&#8220;center&#8220; css=&#8220;&#8220;][vc_column_text css=&#8220;.vc_custom_1775643216739{margin-bottom: 14px !important;}&#8220;] Familienfreundlicher Weg f\u00fcr Kinder von 7 bis 9 Jahren geeignet [\/vc_column_text][\/vc_column_inner][vc_column_inner width=&#8220;1\/3&#8243;][vc_single_image image=&#8220;30748&#8243; [&hellip;]","og_url":"https:\/\/visitcalvia.org\/de\/wandern_calvia_savinya\/","og_site_name":"visitcalvia","article_modified_time":"2026-04-23T08:30:03+00:00","twitter_card":"summary_large_image","twitter_misc":{"Gesch\u00e4tzte Lesezeit":"2\u00a0Minuten"},"schema":{"@context":"https:\/\/schema.org","@graph":[{"@type":"WebPage","@id":"https:\/\/visitcalvia.org\/de\/wandern_calvia_savinya\/","url":"https:\/\/visitcalvia.org\/de\/wandern_calvia_savinya\/","name":"PR-MA 3 Sa Vinya - visitcalvia","isPartOf":{"@id":"https:\/\/visitcalvia.org\/de\/#website"},"datePublished":"2026-04-22T12:09:48+00:00","dateModified":"2026-04-23T08:30:03+00:00","breadcrumb":{"@id":"https:\/\/visitcalvia.org\/de\/wandern_calvia_savinya\/#breadcrumb"},"inLanguage":"de","potentialAction":[{"@type":"ReadAction","target":["https:\/\/visitcalvia.org\/de\/wandern_calvia_savinya\/"]}]},{"@type":"BreadcrumbList","@id":"https:\/\/visitcalvia.org\/de\/wandern_calvia_savinya\/#breadcrumb","itemListElement":[{"@type":"ListItem","position":1,"name":"Portada","item":"https:\/\/visitcalvia.org\/de\/"},{"@type":"ListItem","position":2,"name":"PR-MA 3 Sa Vinya"}]},{"@type":"WebSite","@id":"https:\/\/visitcalvia.org\/de\/#website","url":"https:\/\/visitcalvia.org\/de\/","name":"visitcalvia","description":"Vacaciones en Mallorca \u2013 Calvi\u00e0 m\u00faltiples destinos en uno s\u00f3lo lugar. Palmanova, Santa Pon\u00e7a, Magaluf, Peguera, Portals Nous, Costa d\u2019en Blanes, Cala Vinyes","potentialAction":[{"@type":"SearchAction","target":{"@type":"EntryPoint","urlTemplate":"https:\/\/visitcalvia.org\/de\/?s={search_term_string}"},"query-input":{"@type":"PropertyValueSpecification","valueRequired":true,"valueName":"search_term_string"}}],"inLanguage":"de"}]}},"jetpack_likes_enabled":false,"jetpack_sharing_enabled":false,"jetpack_shortlink":"https:\/\/wp.me\/PbP1bo-82r","amp_enabled":true,"_links":{"self":[{"href":"https:\/\/visitcalvia.org\/de\/wp-json\/wp\/v2\/pages\/30903","targetHints":{"allow":["GET"]}}],"collection":[{"href":"https:\/\/visitcalvia.org\/de\/wp-json\/wp\/v2\/pages"}],"about":[{"href":"https:\/\/visitcalvia.org\/de\/wp-json\/wp\/v2\/types\/page"}],"author":[{"embeddable":true,"href":"https:\/\/visitcalvia.org\/de\/wp-json\/wp\/v2\/users\/182516987"}],"replies":[{"embeddable":true,"href":"https:\/\/visitcalvia.org\/de\/wp-json\/wp\/v2\/comments?post=30903"}],"version-history":[{"count":9,"href":"https:\/\/visitcalvia.org\/de\/wp-json\/wp\/v2\/pages\/30903\/revisions"}],"predecessor-version":[{"id":30947,"href":"https:\/\/visitcalvia.org\/de\/wp-json\/wp\/v2\/pages\/30903\/revisions\/30947"}],"wp:attachment":[{"href":"https:\/\/visitcalvia.org\/de\/wp-json\/wp\/v2\/media?parent=30903"}],"curies":[{"name":"wp","href":"https:\/\/api.w.org\/{rel}","templated":true}]}}