{"id":30923,"date":"2026-04-23T09:54:19","date_gmt":"2026-04-23T07:54:19","guid":{"rendered":"https:\/\/visitcalvia.org\/?page_id=30923"},"modified":"2026-04-23T10:32:35","modified_gmt":"2026-04-23T08:32:35","slug":"wandern_calvia_sacometa","status":"publish","type":"page","link":"https:\/\/visitcalvia.org\/de\/wandern_calvia_sacometa\/","title":{"rendered":"PR-MA 4 Sa Font de Sa Cometa de"},"content":{"rendered":"<div class=\"wpb-content-wrapper\"><p>[vc_row row_content_width=&#8220;grid&#8220;][vc_column]\n\t\t\t<!-- START PRMA 4 Sa Font de Sa Cometa REVOLUTION SLIDER 6.7.13 --><p class=\"rs-p-wp-fix\"><\/p>\n\t\t\t<rs-module-wrap id=\"rev_slider_25_1_wrapper\" data-source=\"gallery\" style=\"visibility:hidden;background:transparent;padding:0;margin:0px auto;margin-top:0;margin-bottom:0;\">\n\t\t\t\t<rs-module id=\"rev_slider_25_1\" style=\"\" data-version=\"6.7.13\">\n\t\t\t\t\t<rs-slides style=\"overflow: hidden; position: absolute;\">\n\t\t\t\t\t\t<rs-slide style=\"position: absolute;\" data-key=\"rs-90\" data-title=\"Slide\" data-thumb=\"\/\/visitcalvia.org\/wp-content\/uploads\/2026\/04\/pr-ma-4-sa-font-de-sa-cometa3-60x60.jpg\" data-anim=\"ms:700ms;\" data-in=\"o:0;e:power3.inOut;\" data-out=\"e:power3.out;\">\n\t\t\t\t\t\t\t<img data-recalc-dims=\"1\" decoding=\"async\" src=\"https:\/\/i0.wp.com\/visitcalvia.org\/wp-content\/plugins\/revslider\/sr6\/assets\/assets\/dummy.png?resize=1100%2C736\" alt=\"\" width=\"1100\" height=\"736\" class=\"rev-slidebg tp-rs-img rs-lazyload\" data-lazyload=\"\/\/visitcalvia.org\/wp-content\/uploads\/2026\/04\/pr-ma-4-sa-font-de-sa-cometa3.jpg\" data-parallax=\"off\" data-no-retina>\n<!--\n\t\t\t\t\t\t\t--><rs-layer\n\t\t\t\t\t\t\t\tid=\"slider-25-slide-90-layer-2\" \n\t\t\t\t\t\t\t\tdata-type=\"text\"\n\t\t\t\t\t\t\t\tdata-color=\"#fff\"\n\t\t\t\t\t\t\t\tdata-tsh=\"c:rgba(0,0,0,0.75);h:5px,5px,5px,1px;b:10px,10px,10px,3px;\"\n\t\t\t\t\t\t\t\tdata-rsp_ch=\"on\"\n\t\t\t\t\t\t\t\tdata-xy=\"xo:118px,118px,118px,50px;yo:233px,233px,233px,209px;\"\n\t\t\t\t\t\t\t\tdata-text=\"w:normal;s:40,40,40,34;l:45,45,45,38;ls:-2,-2,-2,0;fw:800;\"\n\t\t\t\t\t\t\t\tdata-dim=\"minh:0,0,0,none;\"\n\t\t\t\t\t\t\t\tdata-frame_999=\"o:0;st:w;\"\n\t\t\t\t\t\t\t\tstyle=\"z-index:13;font-family:'Poppins';\"\n\t\t\t\t\t\t\t>PR-MA 4:<br \/>\n Sa Font de Sa Cometa \n\t\t\t\t\t\t\t<\/rs-layer><!--\n-->\t\t\t\t\t<\/rs-slide>\n\t\t\t\t\t\t<rs-slide style=\"position: absolute;\" data-key=\"rs-92\" data-title=\"Slide\" data-thumb=\"\/\/visitcalvia.org\/wp-content\/uploads\/2026\/04\/pr-ma-4-sa-font-de-sa-cometa2-60x60.png\" data-anim=\"ms:700ms;\" data-in=\"o:0;e:power3.inOut;\" data-out=\"e:power3.out;\">\n\t\t\t\t\t\t\t<img data-recalc-dims=\"1\" decoding=\"async\" src=\"https:\/\/i0.wp.com\/visitcalvia.org\/wp-content\/plugins\/revslider\/sr6\/assets\/assets\/dummy.png?resize=1100%2C729\" alt=\"\" width=\"1100\" height=\"729\" class=\"rev-slidebg tp-rs-img rs-lazyload\" data-lazyload=\"\/\/visitcalvia.org\/wp-content\/uploads\/2026\/04\/pr-ma-4-sa-font-de-sa-cometa2.png\" data-parallax=\"off\" data-no-retina>\n<!--\n\t\t\t\t\t\t\t--><rs-layer\n\t\t\t\t\t\t\t\tid=\"slider-25-slide-92-layer-3\" \n\t\t\t\t\t\t\t\tdata-type=\"text\"\n\t\t\t\t\t\t\t\tdata-color=\"#fff\"\n\t\t\t\t\t\t\t\tdata-tsh=\"c:rgba(0,0,0,0.75);h:5px,5px,5px,1px;b:10px,10px,10px,3px;\"\n\t\t\t\t\t\t\t\tdata-rsp_ch=\"on\"\n\t\t\t\t\t\t\t\tdata-xy=\"xo:118px,118px,118px,49px;yo:233px,233px,233px,199px;\"\n\t\t\t\t\t\t\t\tdata-text=\"w:normal;s:40,40,40,34;l:45,45,45,38;ls:-2,-2,-2,0;fw:800;\"\n\t\t\t\t\t\t\t\tdata-dim=\"minh:0,0,0,none;\"\n\t\t\t\t\t\t\t\tdata-frame_999=\"o:0;st:w;\"\n\t\t\t\t\t\t\t\tstyle=\"z-index:13;font-family:'Poppins';\"\n\t\t\t\t\t\t\t>PR-MA 4:<br \/>\n Sa Font de Sa Cometa \n\t\t\t\t\t\t\t<\/rs-layer><!--\n-->\t\t\t\t\t<\/rs-slide>\n\t\t\t\t\t\t<rs-slide style=\"position: absolute;\" data-key=\"rs-91\" data-title=\"Slide\" data-thumb=\"\/\/visitcalvia.org\/wp-content\/uploads\/2026\/04\/pr-ma-4-sa-font-de-sa-cometa1-60x60.png\" data-anim=\"ms:700ms;\" data-in=\"o:0;e:power3.inOut;\" data-out=\"e:power3.out;\">\n\t\t\t\t\t\t\t<img data-recalc-dims=\"1\" decoding=\"async\" src=\"https:\/\/i0.wp.com\/visitcalvia.org\/wp-content\/plugins\/revslider\/sr6\/assets\/assets\/dummy.png?resize=1100%2C729\" alt=\"\" width=\"1100\" height=\"729\" class=\"rev-slidebg tp-rs-img rs-lazyload\" data-lazyload=\"\/\/visitcalvia.org\/wp-content\/uploads\/2026\/04\/pr-ma-4-sa-font-de-sa-cometa1.png\" data-parallax=\"off\" data-no-retina>\n<!--\n\t\t\t\t\t\t\t--><rs-layer\n\t\t\t\t\t\t\t\tid=\"slider-25-slide-91-layer-4\" \n\t\t\t\t\t\t\t\tdata-type=\"text\"\n\t\t\t\t\t\t\t\tdata-color=\"#fff\"\n\t\t\t\t\t\t\t\tdata-tsh=\"c:rgba(0,0,0,0.75);h:5px,5px,5px,1px;b:10px,10px,10px,3px;\"\n\t\t\t\t\t\t\t\tdata-rsp_ch=\"on\"\n\t\t\t\t\t\t\t\tdata-xy=\"xo:118px,118px,118px,47px;yo:233px,233px,233px,193px;\"\n\t\t\t\t\t\t\t\tdata-text=\"w:normal;s:40,40,40,34;l:45,45,45,39;ls:-2,-2,-2,0;fw:800;\"\n\t\t\t\t\t\t\t\tdata-dim=\"minh:0,0,0,none;\"\n\t\t\t\t\t\t\t\tdata-frame_999=\"o:0;st:w;\"\n\t\t\t\t\t\t\t\tstyle=\"z-index:13;font-family:'Poppins';\"\n\t\t\t\t\t\t\t>PR-MA 4:<br \/>\n Sa Font de Sa Cometa \n\t\t\t\t\t\t\t<\/rs-layer><!--\n-->\t\t\t\t\t<\/rs-slide>\n\t\t\t\t\t<\/rs-slides>\n\t\t\t\t<\/rs-module>\n\t\t\t\t<script>\n\t\t\t\t\tsetREVStartSize({c: 'rev_slider_25_1',rl:[1240,1240,1240,480],el:[600,600,600,520],gw:[1240,1240,1240,480],gh:[600,600,600,520],type:'standard',justify:'',layout:'fullwidth',mh:\"0\"});if (window.RS_MODULES!==undefined && window.RS_MODULES.modules!==undefined && window.RS_MODULES.modules[\"revslider251\"]!==undefined) {window.RS_MODULES.modules[\"revslider251\"].once = false;window.revapi25 = undefined;if (window.RS_MODULES.checkMinimal!==undefined) window.RS_MODULES.checkMinimal()}\n\t\t\t\t<\/script>\n\t\t\t<\/rs-module-wrap>\n\t\t\t<!-- END REVOLUTION SLIDER -->\n[\/vc_column][\/vc_row][vc_row full_width=&#8220;stretch_row&#8220; css=&#8220;.vc_custom_1775628750379{background-color: #E4E4E4 !important;}&#8220;][vc_column][vc_column_text css=&#8220;.vc_custom_1774950773705{margin-bottom: 14px !important;}&#8220;]<\/p>\n<h1 style=\"text-align: center;\"><span class=\"change-second-color\" style=\"color: #0562a4; font-family: Montserrat;\">CALVI\u00c0 SCHRITT <strong>F\u00dcR SCHRITT ERLEBEN<\/strong><\/span><\/h1>\n<p>[\/vc_column_text][vc_empty_space height=&#8220;20px&#8220;][\/vc_column][\/vc_row][vc_row full_width=&#8220;stretch_row&#8220; css=&#8220;.vc_custom_1775628739721{background-color: #E4E4E4 !important;}&#8220;][vc_column][vc_row_inner][vc_column_inner width=&#8220;1\/3&#8243;][vc_single_image image=&#8220;30740&#8243; img_size=&#8220;80&#215;80&#8243; alignment=&#8220;center&#8220; css=&#8220;&#8220;][vc_column_text css=&#8220;.vc_custom_1775628714008{margin-bottom: 14px !important;}&#8220;]<\/p>\n<h3 style=\"text-align: center;\"><span style=\"color: #0562a4; font-family: Montserrat;\"><span style=\"font-weight: 400;\">Wanderweg von <strong>historisch-k\u00fcnstlerischem Interesse<\/strong><\/span><\/span><\/h3>\n<p>[\/vc_column_text][\/vc_column_inner][vc_column_inner width=&#8220;1\/3&#8243;][vc_single_image image=&#8220;30744&#8243; img_size=&#8220;80&#215;80&#8243; alignment=&#8220;center&#8220; css=&#8220;&#8220;][vc_column_text css=&#8220;.vc_custom_1775628702966{margin-bottom: 14px !important;}&#8220;]<\/p>\n<h3 style=\"text-align: center;\"><span style=\"color: #0562a4; font-family: Montserrat;\"><span style=\"font-weight: 400;\"><strong>Familienfreundlicher Weg f\u00fcr Kinder<\/strong> von 3 bis 6 Jahren geeignet<\/span><strong><span style=\"font-weight: 400;\"><strong><br \/>\n<\/strong><\/span><\/strong><\/span><\/h3>\n<p>[\/vc_column_text][\/vc_column_inner][vc_column_inner width=&#8220;1\/3&#8243;][vc_single_image image=&#8220;30748&#8243; img_size=&#8220;80&#215;80&#8243; alignment=&#8220;center&#8220; css=&#8220;&#8220;][vc_column_text css=&#8220;.vc_custom_1775643861157{margin-bottom: 14px !important;}&#8220;]<\/p>\n<h3 style=\"text-align: center;\"><span style=\"color: #0562a4; font-family: Montserrat;\"><span style=\"font-weight: 400;\">Route mit <strong>hohem Naturwert<\/strong><\/span><\/span><\/h3>\n<p>[\/vc_column_text][\/vc_column_inner][\/vc_row_inner][vc_row_inner][vc_column_inner width=&#8220;1\/3&#8243;][vc_single_image image=&#8220;30757&#8243; img_size=&#8220;80&#215;80&#8243; alignment=&#8220;center&#8220; css=&#8220;&#8220;][vc_column_text css=&#8220;.vc_custom_1775643878933{margin-bottom: 14px !important;}&#8220;]<\/p>\n<h3 style=\"text-align: center;\"><span style=\"color: #0562a4; font-family: Montserrat;\"><span style=\"font-weight: 400;\">Strecke: <strong>3,40 Km<br \/>\n<\/strong><br \/>\n<\/span><\/span><\/h3>\n<p>[\/vc_column_text][\/vc_column_inner][vc_column_inner width=&#8220;1\/3&#8243;][vc_single_image image=&#8220;30761&#8243; img_size=&#8220;80&#215;80&#8243; alignment=&#8220;center&#8220; css=&#8220;&#8220;][vc_column_text css=&#8220;.vc_custom_1775643892028{margin-bottom: 14px !important;}&#8220;]<\/p>\n<h3 style=\"text-align: center;\"><span style=\"color: #0562a4; font-family: Montserrat;\"><span style=\"font-weight: 400;\">Dauer: <strong>1:20 Std.<br \/>\n<\/strong><\/span><\/span><\/h3>\n<p>[\/vc_column_text][\/vc_column_inner][vc_column_inner width=&#8220;1\/3&#8243;][vc_single_image image=&#8220;30752&#8243; img_size=&#8220;80&#215;80&#8243; alignment=&#8220;center&#8220; css=&#8220;&#8220;][vc_column_text css=&#8220;.vc_custom_1775643904239{margin-bottom: 14px !important;}&#8220;]<\/p>\n<h3 style=\"text-align: center;\"><span style=\"color: #0562a4; font-family: Montserrat;\"><b>Rundweg<\/b><\/span><\/h3>\n<p>[\/vc_column_text][\/vc_column_inner][\/vc_row_inner][vc_empty_space height=&#8220;20px&#8220;][\/vc_column][\/vc_row][vc_row full_width=&#8220;stretch_row&#8220; css=&#8220;.vc_custom_1774950787382{background-color: #0562A4 !important;}&#8220;][vc_column][vc_column_text css=&#8220;.vc_custom_1776931059548{margin-bottom: 14px !important;}&#8220;]<\/p>\n<h2 style=\"text-align: center;\"><span class=\"change-second-color\" style=\"color: #ffffff; font-family: Montserrat;\">ENTDECKEN SIE DIE<strong> SEHENSW\u00dcRDIGKEITEN<\/strong><\/span><\/h2>\n<p>[\/vc_column_text][vc_empty_space height=&#8220;20px&#8220;][\/vc_column][\/vc_row][vc_row full_width=&#8220;stretch_row_content&#8220;][vc_column][vc_column_text css=&#8220;&#8220;]<\/p>\n<p style=\"text-align: center;\"><iframe style=\"border: 0;\" tabindex=\"0\" src=\"https:\/\/www.google.com\/maps\/embed?pb=!1m18!1m12!1m3!1d3075.8265396129927!2d2.502984714533074!3d39.563518615010445!2m3!1f0!2f0!3f0!3m2!1i1024!2i768!4f13.1!3m3!1m2!1s0x12978932512b4115%3A0xac3898daa9e9c378!2sAjuntament%20de%20Calvi%C3%A0!5e0!3m2!1ses!2sus!4v1586948987762!5m2!1ses!2sus\" width=\"1800\" height=\"500\" frameborder=\"0\" allowfullscreen=\"allowfullscreen\" aria-hidden=\"false\"><span data-mce-type=\"bookmark\" style=\"display: inline-block; width: 0px; overflow: hidden; line-height: 0;\" class=\"mce_SELRES_start\">\ufeff<\/span><\/iframe><\/p>\n<p>[\/vc_column_text][\/vc_column][\/vc_row][vc_row full_width=&#8220;stretch_row&#8220; css=&#8220;.vc_custom_1775562247022{background-position: center !important;background-repeat: no-repeat !important;background-size: cover !important;}&#8220;][vc_column][vc_empty_space height=&#8220;10px&#8220;][\/vc_column][\/vc_row][vc_row full_width=&#8220;stretch_row&#8220; css=&#8220;.vc_custom_1774951842589{background-color: #E4E4E4 !important;}&#8220;][vc_column][vc_row_inner][vc_column_inner][vc_column_text css=&#8220;.vc_custom_1776930999067{margin-bottom: 14px !important;}&#8220;]<\/p>\n<h2 style=\"text-align: center;\">ROUTENBESCHREIBUNG<\/h2>\n<p>[\/vc_column_text][vc_column_text css=&#8220;&#8220;]Dieser Rundweg ist leicht begehbar und f\u00fcr Familien geeignet und verl\u00e4uft vollst\u00e4ndig innerhalb der \u00f6ffentlichen Finca Galatz\u00f3 in Es Capdell\u00e0. Er verbindet Landschaft, historische und ethnografische Elemente.<\/p>\n<p>Die Route beginnt am Hauptgeb\u00e4ude der Besitzung und f\u00fchrt durch den Comellar de na Llaneres bis zur Quelle Sa Cometa, einem herausragenden Beispiel traditioneller mallorquinischer Wasserbaukunst, die bereits seit der islamischen Zeit genutzt wurde. Das Wasser wurde \u00fcber Qanate und unterirdische Stollen zu den Geb\u00e4uden der Besitzung geleitet und dort bis ins 19. Jahrhundert genutzt.<\/p>\n<p>W\u00e4hrend des etwa einst\u00fcndigen Spaziergangs passiert man Terrassenfelder, Steineichenhaine und Kiefernw\u00e4lder und entdeckt ethnografische Elemente wie Kalk\u00f6fen, Kohlemeiler und Quellen. Zudem kann die typische mediterrane Flora und Fauna der Region beobachtet werden.<\/p>\n<p>Die Route endet mit dem R\u00fcckweg durch den Bosc de Sa Madona und bildet so einen Rundweg, der Natur, Geschichte und Kulturerbe vereint.[\/vc_column_text][\/vc_column_inner][\/vc_row_inner][vc_empty_space height=&#8220;20px&#8220;][vc_row_inner][vc_column_inner width=&#8220;1\/4&#8243;][vc_single_image image=&#8220;30811&#8243; img_size=&#8220;full&#8220; alignment=&#8220;center&#8220; onclick=&#8220;img_link_large&#8220; css=&#8220;&#8220;][\/vc_column_inner][vc_column_inner width=&#8220;1\/4&#8243;][vc_single_image image=&#8220;30807&#8243; img_size=&#8220;full&#8220; alignment=&#8220;center&#8220; onclick=&#8220;img_link_large&#8220; css=&#8220;&#8220;][\/vc_column_inner][vc_column_inner width=&#8220;1\/4&#8243;][vc_single_image image=&#8220;30803&#8243; img_size=&#8220;full&#8220; alignment=&#8220;center&#8220; onclick=&#8220;img_link_large&#8220; css=&#8220;&#8220;][\/vc_column_inner][vc_column_inner width=&#8220;1\/4&#8243;][vc_single_image image=&#8220;30702&#8243; img_size=&#8220;full&#8220; alignment=&#8220;center&#8220; onclick=&#8220;img_link_large&#8220; css=&#8220;&#8220;][\/vc_column_inner][\/vc_row_inner][vc_empty_space height=&#8220;20px&#8220;][\/vc_column][\/vc_row][vc_row full_width=&#8220;stretch_row&#8220;][vc_column][vc_empty_space height=&#8220;10px&#8220;][\/vc_column][\/vc_row][vc_row full_width=&#8220;stretch_row&#8220; css=&#8220;.vc_custom_1775562395308{background-color: #000000 !important;}&#8220;][vc_column][vc_column_text css=&#8220;.vc_custom_1776931036477{margin-bottom: 14px !important;}&#8220;]<\/p>\n<h2 style=\"text-align: center;\"><span class=\"change-second-color\" style=\"color: #ffffff; font-family: Montserrat;\">Das k\u00f6nnte dich <strong>auch interessieren<\/strong><\/span><\/h2>\n<p>[\/vc_column_text][vc_empty_space height=&#8220;20px&#8220;][\/vc_column][\/vc_row][vc_row full_width=&#8220;stretch_row_content&#8220;][vc_column width=&#8220;1\/3&#8243;][vc_single_image image=&#8220;30471&#8243; img_size=&#8220;full&#8220; alignment=&#8220;center&#8220; css=&#8220;&#8220;][vc_btn title=&#8220;PR-MA 1 Peguera &#8211; Es Capdell\u00e0&#8220; shape=&#8220;square&#8220; color=&#8220;black&#8220; size=&#8220;lg&#8220; align=&#8220;center&#8220; i_icon_fontawesome=&#8220;fas fa-walking&#8220; css=&#8220;&#8220; button_block=&#8220;true&#8220; add_icon=&#8220;true&#8220; link=&#8220;url:https%3A%2F%2Fvisitcalvia.org%2Fde%2Fwandern_calvia_peguera_escapdella%2F&#8220;][\/vc_column][vc_column width=&#8220;1\/3&#8243;][vc_single_image image=&#8220;30475&#8243; img_size=&#8220;full&#8220; alignment=&#8220;center&#8220; css=&#8220;&#8220;][vc_btn title=&#8220;PR-MA 2: La Vall Verda&#8220; shape=&#8220;square&#8220; color=&#8220;black&#8220; size=&#8220;lg&#8220; align=&#8220;center&#8220; i_icon_fontawesome=&#8220;fas fa-walking&#8220; css=&#8220;&#8220; button_block=&#8220;true&#8220; add_icon=&#8220;true&#8220; link=&#8220;url:https%3A%2F%2Fvisitcalvia.org%2Fde%2Fwandern_calvia_lavallverda%2F&#8220;][\/vc_column][vc_column width=&#8220;1\/3&#8243;][vc_single_image image=&#8220;30479&#8243; img_size=&#8220;full&#8220; alignment=&#8220;center&#8220; css=&#8220;&#8220;][vc_btn title=&#8220;PR-MA 3: Sa Vinya&#8220; shape=&#8220;square&#8220; color=&#8220;black&#8220; size=&#8220;lg&#8220; align=&#8220;center&#8220; i_icon_fontawesome=&#8220;fas fa-walking&#8220; css=&#8220;&#8220; button_block=&#8220;true&#8220; add_icon=&#8220;true&#8220; link=&#8220;url:https%3A%2F%2Fvisitcalvia.org%2Fde%2Fwandern_calvia_savinya%2F&#8220;][\/vc_column][\/vc_row][vc_row full_width=&#8220;stretch_row&#8220; css=&#8220;.vc_custom_1774618055698{background-color: #FFFFFF !important;}&#8220;][vc_column][vc_empty_space height=&#8220;20px&#8220;][\/vc_column][\/vc_row][vc_row full_width=&#8220;stretch_row&#8220; disable_element=&#8220;yes&#8220; css=&#8220;.vc_custom_1775628794222{background-color: #000000 !important;}&#8220;][vc_column][vc_column_text css=&#8220;.vc_custom_1774950773705{margin-bottom: 14px !important;}&#8220;]<\/p>\n<h1 style=\"text-align: center;\"><span class=\"change-second-color\" style=\"color: #0562a4; font-family: Montserrat;\"><strong>EXPLORA<\/strong> CALVI\u00c0 A PIE<\/span><\/h1>\n<p>[\/vc_column_text][vc_empty_space height=&#8220;20px&#8220;][vc_row_inner][vc_column_inner width=&#8220;1\/3&#8243;][vc_single_image image=&#8220;30436&#8243; img_size=&#8220;80&#215;80&#8243; alignment=&#8220;center&#8220; css=&#8220;&#8220;][vc_column_text css=&#8220;.vc_custom_1775556004687{margin-bottom: 14px !important;}&#8220;]<\/p>\n<h3 style=\"text-align: center;\"><span style=\"color: #f1f1f1; font-family: Montserrat;\"><span style=\"font-weight: 400;\">Sendero de inter\u00e9s <strong> hist\u00f3rico-art\u00edstico<\/strong><\/span><\/span><\/h3>\n<p>[\/vc_column_text][\/vc_column_inner][vc_column_inner width=&#8220;1\/3&#8243;][vc_single_image image=&#8220;30710&#8243; img_size=&#8220;80&#215;80&#8243; alignment=&#8220;center&#8220; css=&#8220;&#8220;][vc_column_text css=&#8220;.vc_custom_1775556261956{margin-bottom: 14px !important;}&#8220;]<\/p>\n<h3 style=\"text-align: center;\"><span style=\"color: #f1f1f1; font-family: Montserrat;\"><span style=\"font-weight: 400;\">Sendero accesible <\/span><strong><span style=\"font-weight: 400;\"><strong>para familias con ni\u00f1os de 3 a 6 a\u00f1os<br \/>\n<\/strong><\/span><\/strong><\/span><\/h3>\n<p>[\/vc_column_text][\/vc_column_inner][vc_column_inner width=&#8220;1\/3&#8243;][vc_single_image image=&#8220;30452&#8243; img_size=&#8220;80&#215;80&#8243; alignment=&#8220;center&#8220; css=&#8220;&#8220;][vc_column_text css=&#8220;.vc_custom_1775561559038{margin-bottom: 14px !important;}&#8220;]<\/p>\n<h3 style=\"text-align: center;\"><span style=\"color: #f1f1f1; font-family: Montserrat;\"><span style=\"font-weight: 400;\">Ruta perfecta para la <strong>pr\u00e1ctica de Marcha N\u00f3rdica<\/strong><\/span><\/span><\/h3>\n<p>[\/vc_column_text][\/vc_column_inner][\/vc_row_inner][vc_row_inner][vc_column_inner width=&#8220;1\/3&#8243;][vc_single_image image=&#8220;30718&#8243; img_size=&#8220;80&#215;80&#8243; alignment=&#8220;center&#8220; css=&#8220;&#8220;][vc_column_text css=&#8220;.vc_custom_1775561753457{margin-bottom: 14px !important;}&#8220;]<\/p>\n<h3 style=\"text-align: center;\"><span style=\"color: #f1f1f1; font-family: Montserrat;\"><span style=\"font-weight: 400;\">Distancia <strong>5,80 km<br \/>\n<\/strong><br \/>\n<\/span><\/span><\/h3>\n<p>[\/vc_column_text][\/vc_column_inner][vc_column_inner width=&#8220;1\/3&#8243;][vc_single_image image=&#8220;30722&#8243; img_size=&#8220;80&#215;80&#8243; alignment=&#8220;center&#8220; css=&#8220;&#8220;][vc_column_text css=&#8220;.vc_custom_1775561806892{margin-bottom: 14px !important;}&#8220;]<\/p>\n<h3 style=\"text-align: center;\"><span style=\"color: #f1f1f1; font-family: Montserrat;\"><span style=\"font-weight: 400;\">Hora <strong>1:45 h<br \/>\n<\/strong><\/span><\/span><\/h3>\n<p>[\/vc_column_text][\/vc_column_inner][vc_column_inner width=&#8220;1\/3&#8243;][vc_single_image image=&#8220;30460&#8243; img_size=&#8220;80&#215;80&#8243; alignment=&#8220;center&#8220; css=&#8220;&#8220;][vc_column_text css=&#8220;.vc_custom_1775561829477{margin-bottom: 14px !important;}&#8220;]<\/p>\n<h3 style=\"text-align: center;\"><span style=\"color: #f1f1f1; font-family: Montserrat;\"><span style=\"font-weight: 400;\"><strong>Traves\u00eda <\/strong>(solo ida)<\/span><\/span><\/h3>\n<p>[\/vc_column_text][\/vc_column_inner][\/vc_row_inner][vc_empty_space height=&#8220;20px&#8220;][\/vc_column][\/vc_row]<\/p>\n<\/div>","protected":false},"excerpt":{"rendered":"<p>[vc_row row_content_width=&#8220;grid&#8220;][vc_column][\/vc_column][\/vc_row][vc_row full_width=&#8220;stretch_row&#8220; css=&#8220;.vc_custom_1775628750379{background-color: #E4E4E4 !important;}&#8220;][vc_column][vc_column_text css=&#8220;.vc_custom_1774950773705{margin-bottom: 14px !important;}&#8220;] CALVI\u00c0 SCHRITT F\u00dcR SCHRITT ERLEBEN [\/vc_column_text][vc_empty_space height=&#8220;20px&#8220;][\/vc_column][\/vc_row][vc_row full_width=&#8220;stretch_row&#8220; css=&#8220;.vc_custom_1775628739721{background-color: #E4E4E4 !important;}&#8220;][vc_column][vc_row_inner][vc_column_inner width=&#8220;1\/3&#8243;][vc_single_image image=&#8220;30740&#8243; img_size=&#8220;80&#215;80&#8243; alignment=&#8220;center&#8220; css=&#8220;&#8220;][vc_column_text css=&#8220;.vc_custom_1775628714008{margin-bottom: 14px !important;}&#8220;] Wanderweg von historisch-k\u00fcnstlerischem Interesse [\/vc_column_text][\/vc_column_inner][vc_column_inner width=&#8220;1\/3&#8243;][vc_single_image image=&#8220;30744&#8243; img_size=&#8220;80&#215;80&#8243; alignment=&#8220;center&#8220; css=&#8220;&#8220;][vc_column_text css=&#8220;.vc_custom_1775628702966{margin-bottom: 14px !important;}&#8220;] Familienfreundlicher Weg f\u00fcr Kinder von 3 bis 6 Jahren geeignet [\/vc_column_text][\/vc_column_inner][vc_column_inner width=&#8220;1\/3&#8243;][vc_single_image image=&#8220;30748&#8243; [&hellip;]<\/p>\n","protected":false},"author":182516987,"featured_media":0,"parent":0,"menu_order":0,"comment_status":"closed","ping_status":"closed","template":"","meta":{"_coblocks_attr":"","_coblocks_dimensions":"","_coblocks_responsive_height":"","_coblocks_accordion_ie_support":"","_crdt_document":"","footnotes":""},"class_list":["post-30923","page","type-page","status-publish","hentry"],"yoast_head":"<!-- This site is optimized with the Yoast SEO plugin v27.4 - https:\/\/yoast.com\/product\/yoast-seo-wordpress\/ -->\n<title>PR-MA 4 Sa Font de Sa Cometa de - visitcalvia<\/title>\n<meta name=\"robots\" content=\"index, follow, max-snippet:-1, max-image-preview:large, max-video-preview:-1\" \/>\n<link rel=\"canonical\" href=\"https:\/\/visitcalvia.org\/de\/wandern_calvia_sacometa\/\" \/>\n<meta property=\"og:locale\" content=\"de_DE\" \/>\n<meta property=\"og:type\" content=\"article\" \/>\n<meta property=\"og:title\" content=\"PR-MA 4 Sa Font de Sa Cometa de - visitcalvia\" \/>\n<meta property=\"og:description\" content=\"[vc_row row_content_width=&#8220;grid&#8220;][vc_column][\/vc_column][\/vc_row][vc_row full_width=&#8220;stretch_row&#8220; css=&#8220;.vc_custom_1775628750379{background-color: #E4E4E4 !important;}&#8220;][vc_column][vc_column_text css=&#8220;.vc_custom_1774950773705{margin-bottom: 14px !important;}&#8220;] CALVI\u00c0 SCHRITT F\u00dcR SCHRITT ERLEBEN [\/vc_column_text][vc_empty_space height=&#8220;20px&#8220;][\/vc_column][\/vc_row][vc_row full_width=&#8220;stretch_row&#8220; css=&#8220;.vc_custom_1775628739721{background-color: #E4E4E4 !important;}&#8220;][vc_column][vc_row_inner][vc_column_inner width=&#8220;1\/3&#8243;][vc_single_image image=&#8220;30740&#8243; img_size=&#8220;80&#215;80&#8243; alignment=&#8220;center&#8220; css=&#8220;&#8220;][vc_column_text css=&#8220;.vc_custom_1775628714008{margin-bottom: 14px !important;}&#8220;] Wanderweg von historisch-k\u00fcnstlerischem Interesse [\/vc_column_text][\/vc_column_inner][vc_column_inner width=&#8220;1\/3&#8243;][vc_single_image image=&#8220;30744&#8243; img_size=&#8220;80&#215;80&#8243; alignment=&#8220;center&#8220; css=&#8220;&#8220;][vc_column_text css=&#8220;.vc_custom_1775628702966{margin-bottom: 14px !important;}&#8220;] Familienfreundlicher Weg f\u00fcr Kinder von 3 bis 6 Jahren geeignet [\/vc_column_text][\/vc_column_inner][vc_column_inner width=&#8220;1\/3&#8243;][vc_single_image image=&#8220;30748&#8243; [&hellip;]\" \/>\n<meta property=\"og:url\" content=\"https:\/\/visitcalvia.org\/de\/wandern_calvia_sacometa\/\" \/>\n<meta property=\"og:site_name\" content=\"visitcalvia\" \/>\n<meta property=\"article:modified_time\" content=\"2026-04-23T08:32:35+00:00\" \/>\n<meta name=\"twitter:card\" content=\"summary_large_image\" \/>\n<meta name=\"twitter:label1\" content=\"Gesch\u00e4tzte Lesezeit\" \/>\n\t<meta name=\"twitter:data1\" content=\"3\u00a0Minuten\" \/>\n<script type=\"application\/ld+json\" class=\"yoast-schema-graph\">{\"@context\":\"https:\\\/\\\/schema.org\",\"@graph\":[{\"@type\":\"WebPage\",\"@id\":\"https:\\\/\\\/visitcalvia.org\\\/de\\\/wandern_calvia_sacometa\\\/\",\"url\":\"https:\\\/\\\/visitcalvia.org\\\/de\\\/wandern_calvia_sacometa\\\/\",\"name\":\"PR-MA 4 Sa Font de Sa Cometa de - visitcalvia\",\"isPartOf\":{\"@id\":\"https:\\\/\\\/visitcalvia.org\\\/de\\\/#website\"},\"datePublished\":\"2026-04-23T07:54:19+00:00\",\"dateModified\":\"2026-04-23T08:32:35+00:00\",\"breadcrumb\":{\"@id\":\"https:\\\/\\\/visitcalvia.org\\\/de\\\/wandern_calvia_sacometa\\\/#breadcrumb\"},\"inLanguage\":\"de\",\"potentialAction\":[{\"@type\":\"ReadAction\",\"target\":[\"https:\\\/\\\/visitcalvia.org\\\/de\\\/wandern_calvia_sacometa\\\/\"]}]},{\"@type\":\"BreadcrumbList\",\"@id\":\"https:\\\/\\\/visitcalvia.org\\\/de\\\/wandern_calvia_sacometa\\\/#breadcrumb\",\"itemListElement\":[{\"@type\":\"ListItem\",\"position\":1,\"name\":\"Portada\",\"item\":\"https:\\\/\\\/visitcalvia.org\\\/de\\\/\"},{\"@type\":\"ListItem\",\"position\":2,\"name\":\"PR-MA 4 Sa Font de Sa Cometa de\"}]},{\"@type\":\"WebSite\",\"@id\":\"https:\\\/\\\/visitcalvia.org\\\/de\\\/#website\",\"url\":\"https:\\\/\\\/visitcalvia.org\\\/de\\\/\",\"name\":\"visitcalvia\",\"description\":\"Vacaciones en Mallorca \u2013 Calvi\u00e0 m\u00faltiples destinos en uno s\u00f3lo lugar. Palmanova, Santa Pon\u00e7a, Magaluf, Peguera, Portals Nous, Costa d\u2019en Blanes, Cala Vinyes\",\"potentialAction\":[{\"@type\":\"SearchAction\",\"target\":{\"@type\":\"EntryPoint\",\"urlTemplate\":\"https:\\\/\\\/visitcalvia.org\\\/de\\\/?s={search_term_string}\"},\"query-input\":{\"@type\":\"PropertyValueSpecification\",\"valueRequired\":true,\"valueName\":\"search_term_string\"}}],\"inLanguage\":\"de\"}]}<\/script>\n<!-- \/ Yoast SEO plugin. -->","yoast_head_json":{"title":"PR-MA 4 Sa Font de Sa Cometa de - visitcalvia","robots":{"index":"index","follow":"follow","max-snippet":"max-snippet:-1","max-image-preview":"max-image-preview:large","max-video-preview":"max-video-preview:-1"},"canonical":"https:\/\/visitcalvia.org\/de\/wandern_calvia_sacometa\/","og_locale":"de_DE","og_type":"article","og_title":"PR-MA 4 Sa Font de Sa Cometa de - visitcalvia","og_description":"[vc_row row_content_width=&#8220;grid&#8220;][vc_column][\/vc_column][\/vc_row][vc_row full_width=&#8220;stretch_row&#8220; css=&#8220;.vc_custom_1775628750379{background-color: #E4E4E4 !important;}&#8220;][vc_column][vc_column_text css=&#8220;.vc_custom_1774950773705{margin-bottom: 14px !important;}&#8220;] CALVI\u00c0 SCHRITT F\u00dcR SCHRITT ERLEBEN [\/vc_column_text][vc_empty_space height=&#8220;20px&#8220;][\/vc_column][\/vc_row][vc_row full_width=&#8220;stretch_row&#8220; css=&#8220;.vc_custom_1775628739721{background-color: #E4E4E4 !important;}&#8220;][vc_column][vc_row_inner][vc_column_inner width=&#8220;1\/3&#8243;][vc_single_image image=&#8220;30740&#8243; img_size=&#8220;80&#215;80&#8243; alignment=&#8220;center&#8220; css=&#8220;&#8220;][vc_column_text css=&#8220;.vc_custom_1775628714008{margin-bottom: 14px !important;}&#8220;] Wanderweg von historisch-k\u00fcnstlerischem Interesse [\/vc_column_text][\/vc_column_inner][vc_column_inner width=&#8220;1\/3&#8243;][vc_single_image image=&#8220;30744&#8243; img_size=&#8220;80&#215;80&#8243; alignment=&#8220;center&#8220; css=&#8220;&#8220;][vc_column_text css=&#8220;.vc_custom_1775628702966{margin-bottom: 14px !important;}&#8220;] Familienfreundlicher Weg f\u00fcr Kinder von 3 bis 6 Jahren geeignet [\/vc_column_text][\/vc_column_inner][vc_column_inner width=&#8220;1\/3&#8243;][vc_single_image image=&#8220;30748&#8243; [&hellip;]","og_url":"https:\/\/visitcalvia.org\/de\/wandern_calvia_sacometa\/","og_site_name":"visitcalvia","article_modified_time":"2026-04-23T08:32:35+00:00","twitter_card":"summary_large_image","twitter_misc":{"Gesch\u00e4tzte Lesezeit":"3\u00a0Minuten"},"schema":{"@context":"https:\/\/schema.org","@graph":[{"@type":"WebPage","@id":"https:\/\/visitcalvia.org\/de\/wandern_calvia_sacometa\/","url":"https:\/\/visitcalvia.org\/de\/wandern_calvia_sacometa\/","name":"PR-MA 4 Sa Font de Sa Cometa de - visitcalvia","isPartOf":{"@id":"https:\/\/visitcalvia.org\/de\/#website"},"datePublished":"2026-04-23T07:54:19+00:00","dateModified":"2026-04-23T08:32:35+00:00","breadcrumb":{"@id":"https:\/\/visitcalvia.org\/de\/wandern_calvia_sacometa\/#breadcrumb"},"inLanguage":"de","potentialAction":[{"@type":"ReadAction","target":["https:\/\/visitcalvia.org\/de\/wandern_calvia_sacometa\/"]}]},{"@type":"BreadcrumbList","@id":"https:\/\/visitcalvia.org\/de\/wandern_calvia_sacometa\/#breadcrumb","itemListElement":[{"@type":"ListItem","position":1,"name":"Portada","item":"https:\/\/visitcalvia.org\/de\/"},{"@type":"ListItem","position":2,"name":"PR-MA 4 Sa Font de Sa Cometa de"}]},{"@type":"WebSite","@id":"https:\/\/visitcalvia.org\/de\/#website","url":"https:\/\/visitcalvia.org\/de\/","name":"visitcalvia","description":"Vacaciones en Mallorca \u2013 Calvi\u00e0 m\u00faltiples destinos en uno s\u00f3lo lugar. Palmanova, Santa Pon\u00e7a, Magaluf, Peguera, Portals Nous, Costa d\u2019en Blanes, Cala Vinyes","potentialAction":[{"@type":"SearchAction","target":{"@type":"EntryPoint","urlTemplate":"https:\/\/visitcalvia.org\/de\/?s={search_term_string}"},"query-input":{"@type":"PropertyValueSpecification","valueRequired":true,"valueName":"search_term_string"}}],"inLanguage":"de"}]}},"jetpack_likes_enabled":false,"jetpack_sharing_enabled":false,"jetpack_shortlink":"https:\/\/wp.me\/PbP1bo-82L","amp_enabled":true,"_links":{"self":[{"href":"https:\/\/visitcalvia.org\/de\/wp-json\/wp\/v2\/pages\/30923","targetHints":{"allow":["GET"]}}],"collection":[{"href":"https:\/\/visitcalvia.org\/de\/wp-json\/wp\/v2\/pages"}],"about":[{"href":"https:\/\/visitcalvia.org\/de\/wp-json\/wp\/v2\/types\/page"}],"author":[{"embeddable":true,"href":"https:\/\/visitcalvia.org\/de\/wp-json\/wp\/v2\/users\/182516987"}],"replies":[{"embeddable":true,"href":"https:\/\/visitcalvia.org\/de\/wp-json\/wp\/v2\/comments?post=30923"}],"version-history":[{"count":6,"href":"https:\/\/visitcalvia.org\/de\/wp-json\/wp\/v2\/pages\/30923\/revisions"}],"predecessor-version":[{"id":30949,"href":"https:\/\/visitcalvia.org\/de\/wp-json\/wp\/v2\/pages\/30923\/revisions\/30949"}],"wp:attachment":[{"href":"https:\/\/visitcalvia.org\/de\/wp-json\/wp\/v2\/media?parent=30923"}],"curies":[{"name":"wp","href":"https:\/\/api.w.org\/{rel}","templated":true}]}}