{"id":30918,"date":"2026-04-23T09:45:21","date_gmt":"2026-04-23T07:45:21","guid":{"rendered":"https:\/\/visitcalvia.org\/?page_id=30918"},"modified":"2026-04-23T10:24:37","modified_gmt":"2026-04-23T08:24:37","slug":"hiking_calvia_sacometa","status":"publish","type":"page","link":"https:\/\/visitcalvia.org\/en\/hiking_calvia_sacometa\/","title":{"rendered":"PR-MA 4 Sa Font de Sa Cometa"},"content":{"rendered":"<div class=\"wpb-content-wrapper\"><p>[vc_row row_content_width=&#8221;grid&#8221;][vc_column]\n\t\t\t<!-- START PRMA 4 Sa Font de Sa Cometa REVOLUTION SLIDER 6.7.13 --><p class=\"rs-p-wp-fix\"><\/p>\n\t\t\t<rs-module-wrap id=\"rev_slider_25_1_wrapper\" data-source=\"gallery\" style=\"visibility:hidden;background:transparent;padding:0;margin:0px auto;margin-top:0;margin-bottom:0;\">\n\t\t\t\t<rs-module id=\"rev_slider_25_1\" style=\"\" data-version=\"6.7.13\">\n\t\t\t\t\t<rs-slides style=\"overflow: hidden; position: absolute;\">\n\t\t\t\t\t\t<rs-slide style=\"position: absolute;\" data-key=\"rs-90\" data-title=\"Slide\" data-thumb=\"\/\/visitcalvia.org\/wp-content\/uploads\/2026\/04\/pr-ma-4-sa-font-de-sa-cometa3-60x60.jpg\" data-anim=\"ms:700ms;\" data-in=\"o:0;e:power3.inOut;\" data-out=\"e:power3.out;\">\n\t\t\t\t\t\t\t<img data-recalc-dims=\"1\" decoding=\"async\" src=\"https:\/\/i0.wp.com\/visitcalvia.org\/wp-content\/plugins\/revslider\/sr6\/assets\/assets\/dummy.png?resize=1100%2C736\" alt=\"\" width=\"1100\" height=\"736\" class=\"rev-slidebg tp-rs-img rs-lazyload\" data-lazyload=\"\/\/visitcalvia.org\/wp-content\/uploads\/2026\/04\/pr-ma-4-sa-font-de-sa-cometa3.jpg\" data-parallax=\"off\" data-no-retina>\n<!--\n\t\t\t\t\t\t\t--><rs-layer\n\t\t\t\t\t\t\t\tid=\"slider-25-slide-90-layer-2\" \n\t\t\t\t\t\t\t\tdata-type=\"text\"\n\t\t\t\t\t\t\t\tdata-color=\"#fff\"\n\t\t\t\t\t\t\t\tdata-tsh=\"c:rgba(0,0,0,0.75);h:5px,5px,5px,1px;b:10px,10px,10px,3px;\"\n\t\t\t\t\t\t\t\tdata-rsp_ch=\"on\"\n\t\t\t\t\t\t\t\tdata-xy=\"xo:118px,118px,118px,50px;yo:233px,233px,233px,209px;\"\n\t\t\t\t\t\t\t\tdata-text=\"w:normal;s:40,40,40,34;l:45,45,45,38;ls:-2,-2,-2,0;fw:800;\"\n\t\t\t\t\t\t\t\tdata-dim=\"minh:0,0,0,none;\"\n\t\t\t\t\t\t\t\tdata-frame_999=\"o:0;st:w;\"\n\t\t\t\t\t\t\t\tstyle=\"z-index:13;font-family:'Poppins';\"\n\t\t\t\t\t\t\t>PR-MA 4:<br \/>\n Sa Font de Sa Cometa \n\t\t\t\t\t\t\t<\/rs-layer><!--\n-->\t\t\t\t\t<\/rs-slide>\n\t\t\t\t\t\t<rs-slide style=\"position: absolute;\" data-key=\"rs-92\" data-title=\"Slide\" data-thumb=\"\/\/visitcalvia.org\/wp-content\/uploads\/2026\/04\/pr-ma-4-sa-font-de-sa-cometa2-60x60.png\" data-anim=\"ms:700ms;\" data-in=\"o:0;e:power3.inOut;\" data-out=\"e:power3.out;\">\n\t\t\t\t\t\t\t<img data-recalc-dims=\"1\" decoding=\"async\" src=\"https:\/\/i0.wp.com\/visitcalvia.org\/wp-content\/plugins\/revslider\/sr6\/assets\/assets\/dummy.png?resize=1100%2C729\" alt=\"\" width=\"1100\" height=\"729\" class=\"rev-slidebg tp-rs-img rs-lazyload\" data-lazyload=\"\/\/visitcalvia.org\/wp-content\/uploads\/2026\/04\/pr-ma-4-sa-font-de-sa-cometa2.png\" data-parallax=\"off\" data-no-retina>\n<!--\n\t\t\t\t\t\t\t--><rs-layer\n\t\t\t\t\t\t\t\tid=\"slider-25-slide-92-layer-3\" \n\t\t\t\t\t\t\t\tdata-type=\"text\"\n\t\t\t\t\t\t\t\tdata-color=\"#fff\"\n\t\t\t\t\t\t\t\tdata-tsh=\"c:rgba(0,0,0,0.75);h:5px,5px,5px,1px;b:10px,10px,10px,3px;\"\n\t\t\t\t\t\t\t\tdata-rsp_ch=\"on\"\n\t\t\t\t\t\t\t\tdata-xy=\"xo:118px,118px,118px,49px;yo:233px,233px,233px,199px;\"\n\t\t\t\t\t\t\t\tdata-text=\"w:normal;s:40,40,40,34;l:45,45,45,38;ls:-2,-2,-2,0;fw:800;\"\n\t\t\t\t\t\t\t\tdata-dim=\"minh:0,0,0,none;\"\n\t\t\t\t\t\t\t\tdata-frame_999=\"o:0;st:w;\"\n\t\t\t\t\t\t\t\tstyle=\"z-index:13;font-family:'Poppins';\"\n\t\t\t\t\t\t\t>PR-MA 4:<br \/>\n Sa Font de Sa Cometa \n\t\t\t\t\t\t\t<\/rs-layer><!--\n-->\t\t\t\t\t<\/rs-slide>\n\t\t\t\t\t\t<rs-slide style=\"position: absolute;\" data-key=\"rs-91\" data-title=\"Slide\" data-thumb=\"\/\/visitcalvia.org\/wp-content\/uploads\/2026\/04\/pr-ma-4-sa-font-de-sa-cometa1-60x60.png\" data-anim=\"ms:700ms;\" data-in=\"o:0;e:power3.inOut;\" data-out=\"e:power3.out;\">\n\t\t\t\t\t\t\t<img data-recalc-dims=\"1\" decoding=\"async\" src=\"https:\/\/i0.wp.com\/visitcalvia.org\/wp-content\/plugins\/revslider\/sr6\/assets\/assets\/dummy.png?resize=1100%2C729\" alt=\"\" width=\"1100\" height=\"729\" class=\"rev-slidebg tp-rs-img rs-lazyload\" data-lazyload=\"\/\/visitcalvia.org\/wp-content\/uploads\/2026\/04\/pr-ma-4-sa-font-de-sa-cometa1.png\" data-parallax=\"off\" data-no-retina>\n<!--\n\t\t\t\t\t\t\t--><rs-layer\n\t\t\t\t\t\t\t\tid=\"slider-25-slide-91-layer-4\" \n\t\t\t\t\t\t\t\tdata-type=\"text\"\n\t\t\t\t\t\t\t\tdata-color=\"#fff\"\n\t\t\t\t\t\t\t\tdata-tsh=\"c:rgba(0,0,0,0.75);h:5px,5px,5px,1px;b:10px,10px,10px,3px;\"\n\t\t\t\t\t\t\t\tdata-rsp_ch=\"on\"\n\t\t\t\t\t\t\t\tdata-xy=\"xo:118px,118px,118px,47px;yo:233px,233px,233px,193px;\"\n\t\t\t\t\t\t\t\tdata-text=\"w:normal;s:40,40,40,34;l:45,45,45,39;ls:-2,-2,-2,0;fw:800;\"\n\t\t\t\t\t\t\t\tdata-dim=\"minh:0,0,0,none;\"\n\t\t\t\t\t\t\t\tdata-frame_999=\"o:0;st:w;\"\n\t\t\t\t\t\t\t\tstyle=\"z-index:13;font-family:'Poppins';\"\n\t\t\t\t\t\t\t>PR-MA 4:<br \/>\n Sa Font de Sa Cometa \n\t\t\t\t\t\t\t<\/rs-layer><!--\n-->\t\t\t\t\t<\/rs-slide>\n\t\t\t\t\t<\/rs-slides>\n\t\t\t\t<\/rs-module>\n\t\t\t\t<script>\n\t\t\t\t\tsetREVStartSize({c: 'rev_slider_25_1',rl:[1240,1240,1240,480],el:[600,600,600,520],gw:[1240,1240,1240,480],gh:[600,600,600,520],type:'standard',justify:'',layout:'fullwidth',mh:\"0\"});if (window.RS_MODULES!==undefined && window.RS_MODULES.modules!==undefined && window.RS_MODULES.modules[\"revslider251\"]!==undefined) {window.RS_MODULES.modules[\"revslider251\"].once = false;window.revapi25 = undefined;if (window.RS_MODULES.checkMinimal!==undefined) window.RS_MODULES.checkMinimal()}\n\t\t\t\t<\/script>\n\t\t\t<\/rs-module-wrap>\n\t\t\t<!-- END REVOLUTION SLIDER -->\n[\/vc_column][\/vc_row][vc_row full_width=&#8221;stretch_row&#8221; css=&#8221;.vc_custom_1775628750379{background-color: #E4E4E4 !important;}&#8221;][vc_column][vc_column_text css=&#8221;.vc_custom_1774950773705{margin-bottom: 14px !important;}&#8221;]<\/p>\n<h1 style=\"text-align: center;\"><span class=\"change-second-color\" style=\"color: #0562a4; font-family: Montserrat;\"><strong>DISCOVER <\/strong>CALVI\u00c0 ON FOOT<\/span><\/h1>\n<p>[\/vc_column_text][vc_empty_space height=&#8221;20px&#8221;][\/vc_column][\/vc_row][vc_row full_width=&#8221;stretch_row&#8221; css=&#8221;.vc_custom_1775628739721{background-color: #E4E4E4 !important;}&#8221;][vc_column][vc_row_inner][vc_column_inner width=&#8221;1\/3&#8243;][vc_single_image image=&#8221;30739&#8243; img_size=&#8221;80&#215;80&#8243; alignment=&#8221;center&#8221; css=&#8221;&#8221;][vc_column_text css=&#8221;.vc_custom_1775628714008{margin-bottom: 14px !important;}&#8221;]<\/p>\n<h3 style=\"text-align: center;\"><span style=\"color: #0562a4; font-family: Montserrat;\"><span style=\"font-weight: 400;\">Trail of <strong>historical and artistic<\/strong> interest<\/span><\/span><\/h3>\n<p>[\/vc_column_text][\/vc_column_inner][vc_column_inner width=&#8221;1\/3&#8243;][vc_single_image image=&#8221;30743&#8243; img_size=&#8221;80&#215;80&#8243; alignment=&#8221;center&#8221; css=&#8221;&#8221;][vc_column_text css=&#8221;.vc_custom_1775628702966{margin-bottom: 14px !important;}&#8221;]<\/p>\n<h3 style=\"text-align: center;\"><span style=\"color: #0562a4; font-family: Montserrat;\"><span style=\"font-weight: 400;\"><strong>Family-friendly trail suitable<\/strong> for children aged 3 to 6<\/span><strong><span style=\"font-weight: 400;\"><strong><br \/>\n<\/strong><\/span><\/strong><\/span><\/h3>\n<p>[\/vc_column_text][\/vc_column_inner][vc_column_inner width=&#8221;1\/3&#8243;][vc_single_image image=&#8221;30747&#8243; img_size=&#8221;80&#215;80&#8243; alignment=&#8221;center&#8221; css=&#8221;&#8221;][vc_column_text css=&#8221;.vc_custom_1775643861157{margin-bottom: 14px !important;}&#8221;]<\/p>\n<h3 style=\"text-align: center;\"><span style=\"color: #0562a4; font-family: Montserrat;\"><span style=\"font-weight: 400;\">Route of high <strong>natural value<\/strong><\/span><\/span><\/h3>\n<p>[\/vc_column_text][\/vc_column_inner][\/vc_row_inner][vc_row_inner][vc_column_inner width=&#8221;1\/3&#8243;][vc_single_image image=&#8221;30756&#8243; img_size=&#8221;80&#215;80&#8243; alignment=&#8221;center&#8221; css=&#8221;&#8221;][vc_column_text css=&#8221;.vc_custom_1775643878933{margin-bottom: 14px !important;}&#8221;]<\/p>\n<h3 style=\"text-align: center;\"><span style=\"color: #0562a4; font-family: Montserrat;\"><span style=\"font-weight: 400;\">Distance <strong>3,40 km<br \/>\n<\/strong><br \/>\n<\/span><\/span><\/h3>\n<p>[\/vc_column_text][\/vc_column_inner][vc_column_inner width=&#8221;1\/3&#8243;][vc_single_image image=&#8221;30760&#8243; img_size=&#8221;80&#215;80&#8243; alignment=&#8221;center&#8221; css=&#8221;&#8221;][vc_column_text css=&#8221;.vc_custom_1775643892028{margin-bottom: 14px !important;}&#8221;]<\/p>\n<h3 style=\"text-align: center;\"><span style=\"color: #0562a4; font-family: Montserrat;\"><span style=\"font-weight: 400;\">Duration <strong>1:20 h<br \/>\n<\/strong><\/span><\/span><\/h3>\n<p>[\/vc_column_text][\/vc_column_inner][vc_column_inner width=&#8221;1\/3&#8243;][vc_single_image image=&#8221;30751&#8243; img_size=&#8221;80&#215;80&#8243; alignment=&#8221;center&#8221; css=&#8221;&#8221;][vc_column_text css=&#8221;.vc_custom_1775643904239{margin-bottom: 14px !important;}&#8221;]<\/p>\n<h3 style=\"text-align: center;\"><span style=\"color: #0562a4; font-family: Montserrat;\"><b>Circular <\/b>rote<\/span><\/h3>\n<p>[\/vc_column_text][\/vc_column_inner][\/vc_row_inner][vc_empty_space height=&#8221;20px&#8221;][\/vc_column][\/vc_row][vc_row full_width=&#8221;stretch_row&#8221; css=&#8221;.vc_custom_1774950787382{background-color: #0562A4 !important;}&#8221;][vc_column][vc_column_text css=&#8221;.vc_custom_1776930761554{margin-bottom: 14px !important;}&#8221;]<\/p>\n<h2 style=\"text-align: center;\"><span class=\"change-second-color\" style=\"color: #ffffff; font-family: Montserrat;\">DISCOVER<strong> THE POINTS OF INTEREST<\/strong><\/span><\/h2>\n<p>[\/vc_column_text][vc_empty_space height=&#8221;20px&#8221;][\/vc_column][\/vc_row][vc_row full_width=&#8221;stretch_row_content&#8221;][vc_column][vc_column_text css=&#8221;&#8221;]<\/p>\n<p style=\"text-align: center;\"><iframe style=\"border: 0;\" tabindex=\"0\" src=\"https:\/\/www.google.com\/maps\/embed?pb=!1m18!1m12!1m3!1d3075.8265396129927!2d2.502984714533074!3d39.563518615010445!2m3!1f0!2f0!3f0!3m2!1i1024!2i768!4f13.1!3m3!1m2!1s0x12978932512b4115%3A0xac3898daa9e9c378!2sAjuntament%20de%20Calvi%C3%A0!5e0!3m2!1ses!2sus!4v1586948987762!5m2!1ses!2sus\" width=\"1800\" height=\"500\" frameborder=\"0\" allowfullscreen=\"allowfullscreen\" aria-hidden=\"false\"><span data-mce-type=\"bookmark\" style=\"display: inline-block; width: 0px; overflow: hidden; line-height: 0;\" class=\"mce_SELRES_start\">\ufeff<\/span><\/iframe><\/p>\n<p>[\/vc_column_text][\/vc_column][\/vc_row][vc_row full_width=&#8221;stretch_row&#8221; css=&#8221;.vc_custom_1775562247022{background-position: center !important;background-repeat: no-repeat !important;background-size: cover !important;}&#8221;][vc_column][vc_empty_space height=&#8221;10px&#8221;][\/vc_column][\/vc_row][vc_row full_width=&#8221;stretch_row&#8221; css=&#8221;.vc_custom_1774951842589{background-color: #E4E4E4 !important;}&#8221;][vc_column][vc_row_inner][vc_column_inner width=&#8221;1\/3&#8243;][vc_column_text css=&#8221;.vc_custom_1775562325323{margin-bottom: 14px !important;}&#8221;]<\/p>\n<h2 style=\"text-align: right;\">ABOUT<\/h2>\n<h2 style=\"text-align: right;\"><span style=\"color: #000000; font-family: Montserrat;\"><strong><span style=\"font-weight: 400;\"><strong>THE TRAIL<\/strong><\/span><\/strong><\/span><\/h2>\n<p>[\/vc_column_text][\/vc_column_inner][vc_column_inner width=&#8221;2\/3&#8243;][vc_column_text css=&#8221;&#8221;]This circular route, easy to follow and suitable for families, is located entirely within the Galatz\u00f3 Public Estate in Es Capdell\u00e0, combining landscapes, historical heritage, and ethnographic elements.<\/p>\n<p>The route starts at the main farmhouse of the estate and crosses the Comellar de na Llaneres to reach the Sa Cometa spring, a remarkable example of traditional Mallorcan hydraulic engineering, used since Islamic times. Its water was channelled through qanats and underground mines to the estate buildings, supplying them until the 19th century.<\/p>\n<p>During the walk, which takes just over an hour, visitors pass terraced fields, holm oak groves, and pine forests, while discovering ethnographic features such as lime kilns, charcoal pits, and springs. The typical Mediterranean flora and fauna of the area can also be observed.<\/p>\n<p>The route ends by returning through the Bosc de Sa Madona, completing an itinerary that combines nature, history, and cultural heritage.[\/vc_column_text][\/vc_column_inner][\/vc_row_inner][vc_empty_space height=&#8221;20px&#8221;][vc_row_inner][vc_column_inner width=&#8221;1\/4&#8243;][vc_single_image image=&#8221;30810&#8243; img_size=&#8221;full&#8221; alignment=&#8221;center&#8221; onclick=&#8221;img_link_large&#8221; css=&#8221;&#8221;][\/vc_column_inner][vc_column_inner width=&#8221;1\/4&#8243;][vc_single_image image=&#8221;30806&#8243; img_size=&#8221;full&#8221; alignment=&#8221;center&#8221; onclick=&#8221;img_link_large&#8221; css=&#8221;&#8221;][\/vc_column_inner][vc_column_inner width=&#8221;1\/4&#8243;][vc_single_image image=&#8221;30802&#8243; img_size=&#8221;full&#8221; alignment=&#8221;center&#8221; onclick=&#8221;img_link_large&#8221; css=&#8221;&#8221;][\/vc_column_inner][vc_column_inner width=&#8221;1\/4&#8243;][vc_single_image image=&#8221;30701&#8243; img_size=&#8221;full&#8221; alignment=&#8221;center&#8221; onclick=&#8221;img_link_large&#8221; css=&#8221;&#8221;][\/vc_column_inner][\/vc_row_inner][vc_empty_space height=&#8221;20px&#8221;][\/vc_column][\/vc_row][vc_row full_width=&#8221;stretch_row&#8221;][vc_column][vc_empty_space height=&#8221;10px&#8221;][\/vc_column][\/vc_row][vc_row full_width=&#8221;stretch_row&#8221; css=&#8221;.vc_custom_1775562395308{background-color: #000000 !important;}&#8221;][vc_column][vc_column_text css=&#8221;.vc_custom_1776930732926{margin-bottom: 14px !important;}&#8221;]<\/p>\n<h2 style=\"text-align: center;\"><span class=\"change-second-color\" style=\"color: #ffffff; font-family: Montserrat;\">You might <strong>also be interested in<\/strong><\/span><\/h2>\n<p>[\/vc_column_text][vc_empty_space height=&#8221;20px&#8221;][\/vc_column][\/vc_row][vc_row full_width=&#8221;stretch_row_content&#8221;][vc_column width=&#8221;1\/3&#8243;][vc_single_image image=&#8221;30470&#8243; img_size=&#8221;full&#8221; alignment=&#8221;center&#8221; css=&#8221;&#8221;][vc_btn title=&#8221;PR-MA 1 Peguera &#8211; Es Capdell\u00e0&#8221; shape=&#8221;square&#8221; color=&#8221;black&#8221; size=&#8221;lg&#8221; align=&#8221;center&#8221; i_icon_fontawesome=&#8221;fas fa-walking&#8221; css=&#8221;&#8221; button_block=&#8221;true&#8221; add_icon=&#8221;true&#8221; link=&#8221;url:https%3A%2F%2Fvisitcalvia.org%2Fen%2Fhiking_calvia_peguera_escapdella%2F&#8221;][\/vc_column][vc_column width=&#8221;1\/3&#8243;][vc_single_image image=&#8221;30474&#8243; img_size=&#8221;full&#8221; alignment=&#8221;center&#8221; css=&#8221;&#8221;][vc_btn title=&#8221;PR-MA 2: La Vall Verda&#8221; shape=&#8221;square&#8221; color=&#8221;black&#8221; size=&#8221;lg&#8221; align=&#8221;center&#8221; i_icon_fontawesome=&#8221;fas fa-walking&#8221; css=&#8221;&#8221; button_block=&#8221;true&#8221; add_icon=&#8221;true&#8221; link=&#8221;url:https%3A%2F%2Fvisitcalvia.org%2Fen%2Fhiking_calvia_lavallverda%2F&#8221;][\/vc_column][vc_column width=&#8221;1\/3&#8243;][vc_single_image image=&#8221;30478&#8243; img_size=&#8221;full&#8221; alignment=&#8221;center&#8221; css=&#8221;&#8221;][vc_btn title=&#8221;PR-MA 3: Sa Vinya&#8221; shape=&#8221;square&#8221; color=&#8221;black&#8221; size=&#8221;lg&#8221; align=&#8221;center&#8221; i_icon_fontawesome=&#8221;fas fa-walking&#8221; css=&#8221;&#8221; button_block=&#8221;true&#8221; add_icon=&#8221;true&#8221; link=&#8221;url:https%3A%2F%2Fvisitcalvia.org%2Fen%2Fhiking_calvia_savinya%2F&#8221;][\/vc_column][\/vc_row][vc_row full_width=&#8221;stretch_row&#8221; css=&#8221;.vc_custom_1774618055698{background-color: #FFFFFF !important;}&#8221;][vc_column][vc_empty_space height=&#8221;20px&#8221;][\/vc_column][\/vc_row][vc_row full_width=&#8221;stretch_row&#8221; disable_element=&#8221;yes&#8221; css=&#8221;.vc_custom_1775628794222{background-color: #000000 !important;}&#8221;][vc_column][vc_column_text css=&#8221;.vc_custom_1774950773705{margin-bottom: 14px !important;}&#8221;]<\/p>\n<h1 style=\"text-align: center;\"><span class=\"change-second-color\" style=\"color: #0562a4; font-family: Montserrat;\"><strong>EXPLORA<\/strong> CALVI\u00c0 A PIE<\/span><\/h1>\n<p>[\/vc_column_text][vc_empty_space height=&#8221;20px&#8221;][vc_row_inner][vc_column_inner width=&#8221;1\/3&#8243;][vc_single_image image=&#8221;30435&#8243; img_size=&#8221;80&#215;80&#8243; alignment=&#8221;center&#8221; css=&#8221;&#8221;][vc_column_text css=&#8221;.vc_custom_1775556004687{margin-bottom: 14px !important;}&#8221;]<\/p>\n<h3 style=\"text-align: center;\"><span style=\"color: #f1f1f1; font-family: Montserrat;\"><span style=\"font-weight: 400;\">Sendero de inter\u00e9s <strong> hist\u00f3rico-art\u00edstico<\/strong><\/span><\/span><\/h3>\n<p>[\/vc_column_text][\/vc_column_inner][vc_column_inner width=&#8221;1\/3&#8243;][vc_single_image image=&#8221;30709&#8243; img_size=&#8221;80&#215;80&#8243; alignment=&#8221;center&#8221; css=&#8221;&#8221;][vc_column_text css=&#8221;.vc_custom_1775556261956{margin-bottom: 14px !important;}&#8221;]<\/p>\n<h3 style=\"text-align: center;\"><span style=\"color: #f1f1f1; font-family: Montserrat;\"><span style=\"font-weight: 400;\">Sendero accesible <\/span><strong><span style=\"font-weight: 400;\"><strong>para familias con ni\u00f1os de 3 a 6 a\u00f1os<br \/>\n<\/strong><\/span><\/strong><\/span><\/h3>\n<p>[\/vc_column_text][\/vc_column_inner][vc_column_inner width=&#8221;1\/3&#8243;][vc_single_image image=&#8221;30451&#8243; img_size=&#8221;80&#215;80&#8243; alignment=&#8221;center&#8221; css=&#8221;&#8221;][vc_column_text css=&#8221;.vc_custom_1775561559038{margin-bottom: 14px !important;}&#8221;]<\/p>\n<h3 style=\"text-align: center;\"><span style=\"color: #f1f1f1; font-family: Montserrat;\"><span style=\"font-weight: 400;\">Ruta perfecta para la <strong>pr\u00e1ctica de Marcha N\u00f3rdica<\/strong><\/span><\/span><\/h3>\n<p>[\/vc_column_text][\/vc_column_inner][\/vc_row_inner][vc_row_inner][vc_column_inner width=&#8221;1\/3&#8243;][vc_single_image image=&#8221;30717&#8243; img_size=&#8221;80&#215;80&#8243; alignment=&#8221;center&#8221; css=&#8221;&#8221;][vc_column_text css=&#8221;.vc_custom_1775561753457{margin-bottom: 14px !important;}&#8221;]<\/p>\n<h3 style=\"text-align: center;\"><span style=\"color: #f1f1f1; font-family: Montserrat;\"><span style=\"font-weight: 400;\">Distancia <strong>5,80 km<br \/>\n<\/strong><br \/>\n<\/span><\/span><\/h3>\n<p>[\/vc_column_text][\/vc_column_inner][vc_column_inner width=&#8221;1\/3&#8243;][vc_single_image image=&#8221;30721&#8243; img_size=&#8221;80&#215;80&#8243; alignment=&#8221;center&#8221; css=&#8221;&#8221;][vc_column_text css=&#8221;.vc_custom_1775561806892{margin-bottom: 14px !important;}&#8221;]<\/p>\n<h3 style=\"text-align: center;\"><span style=\"color: #f1f1f1; font-family: Montserrat;\"><span style=\"font-weight: 400;\">Hora <strong>1:45 h<br \/>\n<\/strong><\/span><\/span><\/h3>\n<p>[\/vc_column_text][\/vc_column_inner][vc_column_inner width=&#8221;1\/3&#8243;][vc_single_image image=&#8221;30459&#8243; img_size=&#8221;80&#215;80&#8243; alignment=&#8221;center&#8221; css=&#8221;&#8221;][vc_column_text css=&#8221;.vc_custom_1775561829477{margin-bottom: 14px !important;}&#8221;]<\/p>\n<h3 style=\"text-align: center;\"><span style=\"color: #f1f1f1; font-family: Montserrat;\"><span style=\"font-weight: 400;\"><strong>Traves\u00eda <\/strong>(solo ida)<\/span><\/span><\/h3>\n<p>[\/vc_column_text][\/vc_column_inner][\/vc_row_inner][vc_empty_space height=&#8221;20px&#8221;][\/vc_column][\/vc_row]<\/p>\n<\/div>","protected":false},"excerpt":{"rendered":"<p>[vc_row row_content_width=&#8221;grid&#8221;][vc_column][\/vc_column][\/vc_row][vc_row full_width=&#8221;stretch_row&#8221; css=&#8221;.vc_custom_1775628750379{background-color: #E4E4E4 !important;}&#8221;][vc_column][vc_column_text css=&#8221;.vc_custom_1774950773705{margin-bottom: 14px !important;}&#8221;] DISCOVER CALVI\u00c0 ON FOOT [\/vc_column_text][vc_empty_space height=&#8221;20px&#8221;][\/vc_column][\/vc_row][vc_row full_width=&#8221;stretch_row&#8221; css=&#8221;.vc_custom_1775628739721{background-color: #E4E4E4 !important;}&#8221;][vc_column][vc_row_inner][vc_column_inner width=&#8221;1\/3&#8243;][vc_single_image image=&#8221;30739&#8243; img_size=&#8221;80&#215;80&#8243; alignment=&#8221;center&#8221; css=&#8221;&#8221;][vc_column_text css=&#8221;.vc_custom_1775628714008{margin-bottom: 14px !important;}&#8221;] Trail of historical and artistic interest [\/vc_column_text][\/vc_column_inner][vc_column_inner width=&#8221;1\/3&#8243;][vc_single_image image=&#8221;30743&#8243; img_size=&#8221;80&#215;80&#8243; alignment=&#8221;center&#8221; css=&#8221;&#8221;][vc_column_text css=&#8221;.vc_custom_1775628702966{margin-bottom: 14px !important;}&#8221;] Family-friendly trail suitable for children aged 3 to 6 [\/vc_column_text][\/vc_column_inner][vc_column_inner width=&#8221;1\/3&#8243;][vc_single_image image=&#8221;30747&#8243; [&hellip;]<\/p>\n","protected":false},"author":182516987,"featured_media":0,"parent":0,"menu_order":0,"comment_status":"closed","ping_status":"closed","template":"","meta":{"_coblocks_attr":"","_coblocks_dimensions":"","_coblocks_responsive_height":"","_coblocks_accordion_ie_support":"","_crdt_document":"","footnotes":""},"class_list":["post-30918","page","type-page","status-publish","hentry"],"yoast_head":"<!-- This site is optimized with the Yoast SEO plugin v27.5 - https:\/\/yoast.com\/product\/yoast-seo-wordpress\/ -->\n<title>PR-MA 4 Sa Font de Sa Cometa - visitcalvia<\/title>\n<meta name=\"robots\" content=\"index, follow, max-snippet:-1, max-image-preview:large, max-video-preview:-1\" \/>\n<link rel=\"canonical\" href=\"https:\/\/visitcalvia.org\/en\/hiking_calvia_sacometa\/\" \/>\n<meta property=\"og:locale\" content=\"en_US\" \/>\n<meta property=\"og:type\" content=\"article\" \/>\n<meta property=\"og:title\" content=\"PR-MA 4 Sa Font de Sa Cometa - visitcalvia\" \/>\n<meta property=\"og:description\" content=\"[vc_row row_content_width=&#8221;grid&#8221;][vc_column][\/vc_column][\/vc_row][vc_row full_width=&#8221;stretch_row&#8221; css=&#8221;.vc_custom_1775628750379{background-color: #E4E4E4 !important;}&#8221;][vc_column][vc_column_text css=&#8221;.vc_custom_1774950773705{margin-bottom: 14px !important;}&#8221;] DISCOVER CALVI\u00c0 ON FOOT [\/vc_column_text][vc_empty_space height=&#8221;20px&#8221;][\/vc_column][\/vc_row][vc_row full_width=&#8221;stretch_row&#8221; css=&#8221;.vc_custom_1775628739721{background-color: #E4E4E4 !important;}&#8221;][vc_column][vc_row_inner][vc_column_inner width=&#8221;1\/3&#8243;][vc_single_image image=&#8221;30739&#8243; img_size=&#8221;80&#215;80&#8243; alignment=&#8221;center&#8221; css=&#8221;&#8221;][vc_column_text css=&#8221;.vc_custom_1775628714008{margin-bottom: 14px !important;}&#8221;] Trail of historical and artistic interest [\/vc_column_text][\/vc_column_inner][vc_column_inner width=&#8221;1\/3&#8243;][vc_single_image image=&#8221;30743&#8243; img_size=&#8221;80&#215;80&#8243; alignment=&#8221;center&#8221; css=&#8221;&#8221;][vc_column_text css=&#8221;.vc_custom_1775628702966{margin-bottom: 14px !important;}&#8221;] Family-friendly trail suitable for children aged 3 to 6 [\/vc_column_text][\/vc_column_inner][vc_column_inner width=&#8221;1\/3&#8243;][vc_single_image image=&#8221;30747&#8243; [&hellip;]\" \/>\n<meta property=\"og:url\" content=\"https:\/\/visitcalvia.org\/en\/hiking_calvia_sacometa\/\" \/>\n<meta property=\"og:site_name\" content=\"visitcalvia\" \/>\n<meta property=\"article:modified_time\" content=\"2026-04-23T08:24:37+00:00\" \/>\n<meta name=\"twitter:card\" content=\"summary_large_image\" \/>\n<meta name=\"twitter:label1\" content=\"Est. reading time\" \/>\n\t<meta name=\"twitter:data1\" content=\"3 minutes\" \/>\n<script type=\"application\/ld+json\" class=\"yoast-schema-graph\">{\"@context\":\"https:\\\/\\\/schema.org\",\"@graph\":[{\"@type\":\"WebPage\",\"@id\":\"https:\\\/\\\/visitcalvia.org\\\/en\\\/hiking_calvia_sacometa\\\/\",\"url\":\"https:\\\/\\\/visitcalvia.org\\\/en\\\/hiking_calvia_sacometa\\\/\",\"name\":\"PR-MA 4 Sa Font de Sa Cometa - visitcalvia\",\"isPartOf\":{\"@id\":\"https:\\\/\\\/visitcalvia.org\\\/en\\\/#website\"},\"datePublished\":\"2026-04-23T07:45:21+00:00\",\"dateModified\":\"2026-04-23T08:24:37+00:00\",\"breadcrumb\":{\"@id\":\"https:\\\/\\\/visitcalvia.org\\\/en\\\/hiking_calvia_sacometa\\\/#breadcrumb\"},\"inLanguage\":\"en-US\",\"potentialAction\":[{\"@type\":\"ReadAction\",\"target\":[\"https:\\\/\\\/visitcalvia.org\\\/en\\\/hiking_calvia_sacometa\\\/\"]}]},{\"@type\":\"BreadcrumbList\",\"@id\":\"https:\\\/\\\/visitcalvia.org\\\/en\\\/hiking_calvia_sacometa\\\/#breadcrumb\",\"itemListElement\":[{\"@type\":\"ListItem\",\"position\":1,\"name\":\"Portada\",\"item\":\"https:\\\/\\\/visitcalvia.org\\\/en\\\/\"},{\"@type\":\"ListItem\",\"position\":2,\"name\":\"PR-MA 4 Sa Font de Sa Cometa\"}]},{\"@type\":\"WebSite\",\"@id\":\"https:\\\/\\\/visitcalvia.org\\\/en\\\/#website\",\"url\":\"https:\\\/\\\/visitcalvia.org\\\/en\\\/\",\"name\":\"visitcalvia\",\"description\":\"Vacaciones en Mallorca \u2013 Calvi\u00e0 m\u00faltiples destinos en uno s\u00f3lo lugar. Palmanova, Santa Pon\u00e7a, Magaluf, Peguera, Portals Nous, Costa d\u2019en Blanes, Cala Vinyes\",\"potentialAction\":[{\"@type\":\"SearchAction\",\"target\":{\"@type\":\"EntryPoint\",\"urlTemplate\":\"https:\\\/\\\/visitcalvia.org\\\/en\\\/?s={search_term_string}\"},\"query-input\":{\"@type\":\"PropertyValueSpecification\",\"valueRequired\":true,\"valueName\":\"search_term_string\"}}],\"inLanguage\":\"en-US\"}]}<\/script>\n<!-- \/ Yoast SEO plugin. -->","yoast_head_json":{"title":"PR-MA 4 Sa Font de Sa Cometa - visitcalvia","robots":{"index":"index","follow":"follow","max-snippet":"max-snippet:-1","max-image-preview":"max-image-preview:large","max-video-preview":"max-video-preview:-1"},"canonical":"https:\/\/visitcalvia.org\/en\/hiking_calvia_sacometa\/","og_locale":"en_US","og_type":"article","og_title":"PR-MA 4 Sa Font de Sa Cometa - visitcalvia","og_description":"[vc_row row_content_width=&#8221;grid&#8221;][vc_column][\/vc_column][\/vc_row][vc_row full_width=&#8221;stretch_row&#8221; css=&#8221;.vc_custom_1775628750379{background-color: #E4E4E4 !important;}&#8221;][vc_column][vc_column_text css=&#8221;.vc_custom_1774950773705{margin-bottom: 14px !important;}&#8221;] DISCOVER CALVI\u00c0 ON FOOT [\/vc_column_text][vc_empty_space height=&#8221;20px&#8221;][\/vc_column][\/vc_row][vc_row full_width=&#8221;stretch_row&#8221; css=&#8221;.vc_custom_1775628739721{background-color: #E4E4E4 !important;}&#8221;][vc_column][vc_row_inner][vc_column_inner width=&#8221;1\/3&#8243;][vc_single_image image=&#8221;30739&#8243; img_size=&#8221;80&#215;80&#8243; alignment=&#8221;center&#8221; css=&#8221;&#8221;][vc_column_text css=&#8221;.vc_custom_1775628714008{margin-bottom: 14px !important;}&#8221;] Trail of historical and artistic interest [\/vc_column_text][\/vc_column_inner][vc_column_inner width=&#8221;1\/3&#8243;][vc_single_image image=&#8221;30743&#8243; img_size=&#8221;80&#215;80&#8243; alignment=&#8221;center&#8221; css=&#8221;&#8221;][vc_column_text css=&#8221;.vc_custom_1775628702966{margin-bottom: 14px !important;}&#8221;] Family-friendly trail suitable for children aged 3 to 6 [\/vc_column_text][\/vc_column_inner][vc_column_inner width=&#8221;1\/3&#8243;][vc_single_image image=&#8221;30747&#8243; [&hellip;]","og_url":"https:\/\/visitcalvia.org\/en\/hiking_calvia_sacometa\/","og_site_name":"visitcalvia","article_modified_time":"2026-04-23T08:24:37+00:00","twitter_card":"summary_large_image","twitter_misc":{"Est. reading time":"3 minutes"},"schema":{"@context":"https:\/\/schema.org","@graph":[{"@type":"WebPage","@id":"https:\/\/visitcalvia.org\/en\/hiking_calvia_sacometa\/","url":"https:\/\/visitcalvia.org\/en\/hiking_calvia_sacometa\/","name":"PR-MA 4 Sa Font de Sa Cometa - visitcalvia","isPartOf":{"@id":"https:\/\/visitcalvia.org\/en\/#website"},"datePublished":"2026-04-23T07:45:21+00:00","dateModified":"2026-04-23T08:24:37+00:00","breadcrumb":{"@id":"https:\/\/visitcalvia.org\/en\/hiking_calvia_sacometa\/#breadcrumb"},"inLanguage":"en-US","potentialAction":[{"@type":"ReadAction","target":["https:\/\/visitcalvia.org\/en\/hiking_calvia_sacometa\/"]}]},{"@type":"BreadcrumbList","@id":"https:\/\/visitcalvia.org\/en\/hiking_calvia_sacometa\/#breadcrumb","itemListElement":[{"@type":"ListItem","position":1,"name":"Portada","item":"https:\/\/visitcalvia.org\/en\/"},{"@type":"ListItem","position":2,"name":"PR-MA 4 Sa Font de Sa Cometa"}]},{"@type":"WebSite","@id":"https:\/\/visitcalvia.org\/en\/#website","url":"https:\/\/visitcalvia.org\/en\/","name":"visitcalvia","description":"Vacaciones en Mallorca \u2013 Calvi\u00e0 m\u00faltiples destinos en uno s\u00f3lo lugar. Palmanova, Santa Pon\u00e7a, Magaluf, Peguera, Portals Nous, Costa d\u2019en Blanes, Cala Vinyes","potentialAction":[{"@type":"SearchAction","target":{"@type":"EntryPoint","urlTemplate":"https:\/\/visitcalvia.org\/en\/?s={search_term_string}"},"query-input":{"@type":"PropertyValueSpecification","valueRequired":true,"valueName":"search_term_string"}}],"inLanguage":"en-US"}]}},"jetpack_likes_enabled":false,"jetpack_sharing_enabled":false,"jetpack_shortlink":"https:\/\/wp.me\/PbP1bo-82G","amp_enabled":true,"_links":{"self":[{"href":"https:\/\/visitcalvia.org\/en\/wp-json\/wp\/v2\/pages\/30918","targetHints":{"allow":["GET"]}}],"collection":[{"href":"https:\/\/visitcalvia.org\/en\/wp-json\/wp\/v2\/pages"}],"about":[{"href":"https:\/\/visitcalvia.org\/en\/wp-json\/wp\/v2\/types\/page"}],"author":[{"embeddable":true,"href":"https:\/\/visitcalvia.org\/en\/wp-json\/wp\/v2\/users\/182516987"}],"replies":[{"embeddable":true,"href":"https:\/\/visitcalvia.org\/en\/wp-json\/wp\/v2\/comments?post=30918"}],"version-history":[{"count":5,"href":"https:\/\/visitcalvia.org\/en\/wp-json\/wp\/v2\/pages\/30918\/revisions"}],"predecessor-version":[{"id":30942,"href":"https:\/\/visitcalvia.org\/en\/wp-json\/wp\/v2\/pages\/30918\/revisions\/30942"}],"wp:attachment":[{"href":"https:\/\/visitcalvia.org\/en\/wp-json\/wp\/v2\/media?parent=30918"}],"curies":[{"name":"wp","href":"https:\/\/api.w.org\/{rel}","templated":true}]}}