{"id":31704,"date":"2026-05-07T10:21:58","date_gmt":"2026-05-07T08:21:58","guid":{"rendered":"https:\/\/visitcalvia.org\/cine-evil-under-the-sun-muerte-bajo-el-sol\/"},"modified":"2026-05-07T12:38:32","modified_gmt":"2026-05-07T10:38:32","slug":"film-evil-under-the-sun","status":"publish","type":"page","link":"https:\/\/visitcalvia.org\/en\/film-evil-under-the-sun\/","title":{"rendered":"Film Evil Under The Sun"},"content":{"rendered":"<div class=\"wpb-content-wrapper\"><p>[vc_row full_width=&#8221;stretch_row_content&#8221; css=&#8221;.vc_custom_1777890940537{background-image: url(<a href=\"https:\/\/visitcalvia.org\/wp-content\/uploads\/2025\/12\/muerte-bajo-el-sol-banner.png?id=29915\">https:\/\/visitcalvia.org\/wp-content\/uploads\/2025\/12\/muerte-bajo-el-sol-banner.png?id=29915<\/a>) !important;background-position: center !important;background-repeat: no-repeat !important;background-size: cover !important;}&#8221;][vc_column][vc_empty_space height=&#8221;255px&#8221;][\/vc_column][\/vc_row][vc_row full_width=&#8221;stretch_row_content&#8221; css=&#8221;.vc_custom_1774951366153{background-color: #E4E4E4 !important;}&#8221;][vc_column][vc_empty_space height=&#8221;10px&#8221;][\/vc_column][\/vc_row][vc_row row_content_width=&#8221;grid&#8221;][vc_column][vc_empty_space height=&#8221;10px&#8221;][\/vc_column][\/vc_row][vc_row row_content_width=&#8221;grid&#8221;][vc_column width=&#8221;1\/4&#8243;][vc_empty_space height=&#8221;50px&#8221;][vc_single_image image=&#8221;30325&#8243; img_size=&#8221;full&#8221; alignment=&#8221;right&#8221; css=&#8221;&#8221;][\/vc_column][vc_column width=&#8221;3\/4&#8243;][vc_column_text css=&#8221;&#8221;]<\/p>\n<h2 style=\"text-align: left;\">Title: <strong>Evil Under the Sun <\/strong><\/h2>\n<p style=\"font-family: Montserrat; margin-top: -18px; margin-bottom: 20px; text-align: left;\"><span class=\"change-second-color\" style=\"color: ##004984;\"><em>Calvi\u00e0 film set<\/em><\/span><\/p>\n<p>[\/vc_column_text][vc_btn title=&#8221;Filming location: Cala d\u2019en Monjo (Cala Fornells)&#8221; style=&#8221;outline&#8221; shape=&#8221;square&#8221; color=&#8221;black&#8221; align=&#8221;left&#8221; i_icon_fontawesome=&#8221;fas fa-map-marker-alt&#8221; css=&#8221;&#8221; add_icon=&#8221;true&#8221; link=&#8221;url:https%3A%2F%2Fwww.google.com%2Fmaps%2Fdir%2F%2F39.5284624%2C2.4304193|&#8221;][\/vc_column][\/vc_row][vc_row full_width=&#8221;stretch_row&#8221;][vc_column][vc_empty_space height=&#8221;20px&#8221;][\/vc_column][\/vc_row][vc_row full_width=&#8221;stretch_row&#8221;][vc_column width=&#8221;2\/3&#8243;][vc_column_text css=&#8221;&#8221;]<\/p>\n<ul>\n<li>Location: Cala d\u2019en Monjo (Cala Fornells)<\/li>\n<li>Title: <strong>Evil Under the Sun<\/strong><\/li>\n<li>Year: 1982<\/li>\n<li>Director: Guy Hamilton<\/li>\n<li>Main cast: Peter Ustinov, Maggie Smith, Jane Birkin<\/li>\n<li>The natural gem Cal\u00f3 d\u2019en Monjo, the natural set for an Agatha Christie plot<\/li>\n<\/ul>\n<p>This is one of the most pristine and cinematic spots in Calvi\u00e0. Cal\u00f3 d\u2019en Monjo is a U-shaped natural gem, surrounded by mid-height cliffs and a lush pine forest that extends right to the pebble and rocky shore. This privileged setting, now part of a hiking route from Cala Fornells, captivated director Guy Hamilton (known for directing four iconic James Bond films) in 1982, who eventually settled in Mallorca after retiring.[\/vc_column_text][\/vc_column][vc_column width=&#8221;1\/3&#8243;][vc_empty_space height=&#8221;20px&#8221;][vc_single_image image=&#8221;29946&#8243; img_size=&#8221;medium&#8221; alignment=&#8221;center&#8221; onclick=&#8221;link_image&#8221; css=&#8221;&#8221;][\/vc_column][\/vc_row][vc_row full_width=&#8221;stretch_row&#8221;][vc_column][vc_column_text css=&#8221;&#8221;]<\/p>\n<h4><strong>Filming: From Mallorca to the Adriatic<\/strong><\/h4>\n<p>Although Agatha Christie\u2019s novel is set on an exclusive Adriatic island, the production team chose this location to film the exterior shots of Daphne Castle\u2019s luxurious hotel (played by Maggie Smith).<\/p>\n<p>In these scenes, the Cal\u00f3 d\u2019en Monjo serves as the natural entrance to the island. While the panoramic views of the island seen in the film are of Dragonera, it is here, in these crystal-clear waters and under these pine trees, that the famous Belgian detective Hercule Poirot (Peter Ustinov) attempts to solve the murder of the frivolous actress Arlena Stuart.<\/p>\n<p>The film boasts a cast of legendary stars, including Jane Birkin, James Mason, and Diana Rigg. The plot begins when actress Arlena Stuart is found strangled on a secluded beach. Poirot discovers that all the hotel guests had reasons to hate her, but all present seemingly airtight alibis. The detective will have to use his ingenuity to unravel the enigma in this paradisiacal setting.<\/p>\n<p>The Cal\u00f3 d\u2019en Monjo is notable for its connection to the world of cinema. Located on the border between Calvi\u00e0 and Andratx, it is one of the municipality\u2019s two officially nudist beaches, along with Playa del Mago beach. Dominating Cal\u00f3 d\u2019en Monjo, on the border with Andratx, stood a 1952 building designed by architect Joaqu\u00edn Izquierdo Sancho and developed by Roberto Merl\u00edn, which would gain international fame in 1982. The house, with its rectangular floor plan and symmetrical design, featuring a large porch opening onto the cove, was the main setting for \u201cEvil Under the Sun.\u201d An attempt was made to renovate the house in 1986, but since the intention was to rebuild it, permission could no longer be obtained, as it is located within a protected natural area of special interest where new construction is prohibited.[\/vc_column_text][vc_empty_space height=&#8221;20px&#8221;][\/vc_column][\/vc_row][vc_row full_width=&#8221;stretch_row_content&#8221; css=&#8221;.vc_custom_1774951366153{background-color: #E4E4E4 !important;}&#8221;][vc_column][vc_empty_space height=&#8221;10px&#8221;][\/vc_column][\/vc_row]<br \/>\n[vc_row full_width=&#8221;stretch_row_content&#8221; css=&#8221;.vc_custom_1774951366153{background-color: #E4E4E4 !important;}&#8221;][vc_column][vc_empty_space height=&#8221;20px&#8221;][\/vc_column][\/vc_row][vc_row full_width=&#8221;stretch_row&#8221; css=&#8221;.vc_custom_1774610091408{background-color: #000000 !important;}&#8221;][vc_column][vc_column_text css=&#8221;&#8221;]<\/p>\n<h5 style=\"text-align: center;\"><em><span class=\"change-second-color\" style=\"color: #ffffff; font-family: Montserrat;\"><strong>Galatz\u00f3 Public Estate, Malgrats Islands viewpoint, Puerto Portals, Cal\u00f3 d\u2019en Monjo, Cala Comtessa, Cala Xinxell, and Portals Vells cliffs.Calvi\u00e0 remains an active filming location. Its locations are frequent favourites in numerous productions, sought after by major production companies, fashion brands, foreign television crews, documentary filmmakers, and top-tier advertising campaigns. <\/strong><\/span><\/em><\/h5>\n<h5 style=\"text-align: center;\"><em><span class=\"change-second-color\" style=\"color: #ffffff; font-family: Montserrat;\"><strong>The Galatz\u00f3 Public Estate, Malgrats Islands viewpoint, Puerto Portals, Cal\u00f3 d\u2019en Monjo, Cala Comtessa, Cala Xinxell, and the cliffs of Portals Vells are recurring favourite locations in many productions.<\/strong><\/span><\/em><\/h5>\n<p>[\/vc_column_text][vc_empty_space height=&#8221;40px&#8221;][\/vc_column][\/vc_row][vc_row full_width=&#8221;stretch_row&#8221; css=&#8221;.vc_custom_1774950787382{background-color: #0562A4 !important;}&#8221;][vc_column][vc_column_text css=&#8221;.vc_custom_1778138810767{margin-bottom: 14px !important;}&#8221;]<\/p>\n<h1 style=\"text-align: center;\"><span class=\"change-second-color\" style=\"color: #ffffff; font-family: Montserrat;\"><strong>Calvi\u00e0 Film <\/strong> Set route<\/span><\/h1>\n<p>[\/vc_column_text][vc_btn title=&#8221;Follow the trail of these film shoots.&#8221; shape=&#8221;square&#8221; color=&#8221;black&#8221; size=&#8221;lg&#8221; align=&#8221;center&#8221; i_icon_fontawesome=&#8221;fas fa-film&#8221; css=&#8221;&#8221; add_icon=&#8221;true&#8221;][vc_empty_space height=&#8221;25px&#8221;][\/vc_column][\/vc_row][vc_row full_width=&#8221;stretch_row&#8221; css=&#8221;.vc_custom_1774609459429{background-color: #E4E4E4 !important;}&#8221;][vc_column][vc_row_inner][vc_column_inner width=&#8221;1\/2&#8243; offset=&#8221;vc_col-lg-3 vc_col-md-6&#8243;]<div class=\"qodef-team main-info-below-image\">\n\t<div class=\"qodef-team-inner\">\n\t\t\t\t\t<div class=\"qodef-team-image\">\n                <img loading=\"lazy\" decoding=\"async\" width=\"1080\" height=\"1350\" src=\"https:\/\/i0.wp.com\/visitcalvia.org\/wp-content\/uploads\/2026\/04\/1-bahia-de-palma.png?fit=1080%2C1350&amp;ssl=1\" class=\"attachment-full size-full\" alt=\"1-Bahi\u0301a de Palma\" srcset=\"https:\/\/i0.wp.com\/visitcalvia.org\/wp-content\/uploads\/2026\/04\/1-bahia-de-palma.png?w=1080&amp;ssl=1 1080w, https:\/\/i0.wp.com\/visitcalvia.org\/wp-content\/uploads\/2026\/04\/1-bahia-de-palma.png?resize=240%2C300&amp;ssl=1 240w, https:\/\/i0.wp.com\/visitcalvia.org\/wp-content\/uploads\/2026\/04\/1-bahia-de-palma.png?resize=819%2C1024&amp;ssl=1 819w, https:\/\/i0.wp.com\/visitcalvia.org\/wp-content\/uploads\/2026\/04\/1-bahia-de-palma.png?resize=768%2C960&amp;ssl=1 768w\" sizes=\"auto, (max-width: 1080px) 100vw, 1080px\" data-attachment-id=\"30568\" data-permalink=\"https:\/\/visitcalvia.org\/en\/?attachment_id=30568\" data-orig-file=\"https:\/\/i0.wp.com\/visitcalvia.org\/wp-content\/uploads\/2026\/04\/1-bahia-de-palma.png?fit=1080%2C1350&amp;ssl=1\" data-orig-size=\"1080,1350\" data-comments-opened=\"1\" data-image-meta=\"{&quot;aperture&quot;:&quot;0&quot;,&quot;credit&quot;:&quot;&quot;,&quot;camera&quot;:&quot;&quot;,&quot;caption&quot;:&quot;&quot;,&quot;created_timestamp&quot;:&quot;0&quot;,&quot;copyright&quot;:&quot;&quot;,&quot;focal_length&quot;:&quot;0&quot;,&quot;iso&quot;:&quot;0&quot;,&quot;shutter_speed&quot;:&quot;0&quot;,&quot;title&quot;:&quot;&quot;,&quot;orientation&quot;:&quot;0&quot;}\" data-image-title=\"1-Bahi\u0301a de Palma\" data-image-description=\"&lt;p&gt;1-Bahi\u0301a de Palma&lt;\/p&gt;\n\" data-image-caption=\"&lt;p&gt;1-Bahi\u0301a de Palma&lt;\/p&gt;\n\" data-large-file=\"https:\/\/i0.wp.com\/visitcalvia.org\/wp-content\/uploads\/2026\/04\/1-bahia-de-palma.png?fit=819%2C1024&amp;ssl=1\" \/>                                <div class=\"qodef-team-info-outer\">\n                                        <div class=\"qodef-team-info-inner\">\n                    <div class=\"qodef-team-info\">\n                    <div class=\"qodef-team-title-holder clearfix\">\n                                                <h4 class=\"qodef-team-name\">\n                        Bah\u00eda de Palma                    <\/h4>\n                                                        <\/div>\n                                            <div class='qodef-team-text'>\n                            <div class='qodef-team-text-inner'>\n                                <div class='qodef-team-description'>\n                                    <p>Location: Santa Pon\u00e7a beach. Year: 1962. Director: Juan BoschMain Cast: Arturo Fern\u00e1ndez &amp; Elke Sommer<\/p>\n                                <\/div>\n                            <\/div>\n                        <\/div>\n                                        <\/div>\n                    <\/div>\n                        <\/div>\n                        <\/div>\n\t\t\t<\/div>\n<\/div>[vc_btn title=&#8221;Filming information:&#8221; shape=&#8221;square&#8221; color=&#8221;black&#8221; align=&#8221;center&#8221; i_icon_fontawesome=&#8221;fas fa-film&#8221; css=&#8221;&#8221; button_block=&#8221;true&#8221; add_icon=&#8221;true&#8221; link=&#8221;url:https%3A%2F%2Fvisitcalvia.org%2Fen%2Ffilm-bahia-de-palma%2F&#8221;][vc_empty_space height=&#8221;30px&#8221;][\/vc_column_inner][vc_column_inner width=&#8221;1\/2&#8243; offset=&#8221;vc_col-lg-3 vc_col-md-6&#8243;]<div class=\"qodef-team main-info-below-image\">\n\t<div class=\"qodef-team-inner\">\n\t\t\t\t\t<div class=\"qodef-team-image\">\n                <img loading=\"lazy\" decoding=\"async\" width=\"1080\" height=\"1350\" src=\"https:\/\/i0.wp.com\/visitcalvia.org\/wp-content\/uploads\/2026\/04\/2-the-magus.png?fit=1080%2C1350&amp;ssl=1\" class=\"attachment-full size-full\" alt=\"2-The Magus\" srcset=\"https:\/\/i0.wp.com\/visitcalvia.org\/wp-content\/uploads\/2026\/04\/2-the-magus.png?w=1080&amp;ssl=1 1080w, https:\/\/i0.wp.com\/visitcalvia.org\/wp-content\/uploads\/2026\/04\/2-the-magus.png?resize=240%2C300&amp;ssl=1 240w, https:\/\/i0.wp.com\/visitcalvia.org\/wp-content\/uploads\/2026\/04\/2-the-magus.png?resize=819%2C1024&amp;ssl=1 819w, https:\/\/i0.wp.com\/visitcalvia.org\/wp-content\/uploads\/2026\/04\/2-the-magus.png?resize=768%2C960&amp;ssl=1 768w\" sizes=\"auto, (max-width: 1080px) 100vw, 1080px\" data-attachment-id=\"30572\" data-permalink=\"https:\/\/visitcalvia.org\/en\/?attachment_id=30572\" data-orig-file=\"https:\/\/i0.wp.com\/visitcalvia.org\/wp-content\/uploads\/2026\/04\/2-the-magus.png?fit=1080%2C1350&amp;ssl=1\" data-orig-size=\"1080,1350\" data-comments-opened=\"1\" data-image-meta=\"{&quot;aperture&quot;:&quot;0&quot;,&quot;credit&quot;:&quot;&quot;,&quot;camera&quot;:&quot;&quot;,&quot;caption&quot;:&quot;&quot;,&quot;created_timestamp&quot;:&quot;0&quot;,&quot;copyright&quot;:&quot;&quot;,&quot;focal_length&quot;:&quot;0&quot;,&quot;iso&quot;:&quot;0&quot;,&quot;shutter_speed&quot;:&quot;0&quot;,&quot;title&quot;:&quot;&quot;,&quot;orientation&quot;:&quot;0&quot;}\" data-image-title=\"2-The Magus\" data-image-description=\"&lt;p&gt;2-The Magus&lt;\/p&gt;\n\" data-image-caption=\"&lt;p&gt;2-The Magus&lt;\/p&gt;\n\" data-large-file=\"https:\/\/i0.wp.com\/visitcalvia.org\/wp-content\/uploads\/2026\/04\/2-the-magus.png?fit=819%2C1024&amp;ssl=1\" \/>                                <div class=\"qodef-team-info-outer\">\n                                        <div class=\"qodef-team-info-inner\">\n                    <div class=\"qodef-team-info\">\n                    <div class=\"qodef-team-title-holder clearfix\">\n                                                <h4 class=\"qodef-team-name\">\n                        The Magus                    <\/h4>\n                                                        <\/div>\n                                            <div class='qodef-team-text'>\n                            <div class='qodef-team-text-inner'>\n                                <div class='qodef-team-description'>\n                                    <p>Location: Playa del Mago (Portals Vells). Year: 1968. Director: Guy Green. Main actors: Michael Caine &amp; Anthony Quinn<\/p>\n                                <\/div>\n                            <\/div>\n                        <\/div>\n                                        <\/div>\n                    <\/div>\n                        <\/div>\n                        <\/div>\n\t\t\t<\/div>\n<\/div>[vc_btn title=&#8221;Filming information:&#8221; shape=&#8221;square&#8221; color=&#8221;black&#8221; align=&#8221;center&#8221; i_icon_fontawesome=&#8221;fas fa-film&#8221; css=&#8221;&#8221; button_block=&#8221;true&#8221; add_icon=&#8221;true&#8221; link=&#8221;url:https%3A%2F%2Fvisitcalvia.org%2Fen%2Ffilm-the-magus%2F&#8221;][vc_empty_space height=&#8221;30px&#8221;][\/vc_column_inner][vc_column_inner width=&#8221;1\/2&#8243; offset=&#8221;vc_col-lg-3 vc_col-md-6&#8243;]<div class=\"qodef-team main-info-below-image\">\n\t<div class=\"qodef-team-inner\">\n\t\t\t\t\t<div class=\"qodef-team-image\">\n                <img loading=\"lazy\" decoding=\"async\" width=\"1080\" height=\"1350\" src=\"https:\/\/i0.wp.com\/visitcalvia.org\/wp-content\/uploads\/2026\/04\/3-evil-under-the-sun-muerte-bajo-el-sol.png?fit=1080%2C1350&amp;ssl=1\" class=\"attachment-full size-full\" alt=\"3-Evil Under The Sun (Muerte bajo el sol)\" srcset=\"https:\/\/i0.wp.com\/visitcalvia.org\/wp-content\/uploads\/2026\/04\/3-evil-under-the-sun-muerte-bajo-el-sol.png?w=1080&amp;ssl=1 1080w, https:\/\/i0.wp.com\/visitcalvia.org\/wp-content\/uploads\/2026\/04\/3-evil-under-the-sun-muerte-bajo-el-sol.png?resize=240%2C300&amp;ssl=1 240w, https:\/\/i0.wp.com\/visitcalvia.org\/wp-content\/uploads\/2026\/04\/3-evil-under-the-sun-muerte-bajo-el-sol.png?resize=819%2C1024&amp;ssl=1 819w, https:\/\/i0.wp.com\/visitcalvia.org\/wp-content\/uploads\/2026\/04\/3-evil-under-the-sun-muerte-bajo-el-sol.png?resize=768%2C960&amp;ssl=1 768w\" sizes=\"auto, (max-width: 1080px) 100vw, 1080px\" data-attachment-id=\"30576\" data-permalink=\"https:\/\/visitcalvia.org\/en\/?attachment_id=30576\" data-orig-file=\"https:\/\/i0.wp.com\/visitcalvia.org\/wp-content\/uploads\/2026\/04\/3-evil-under-the-sun-muerte-bajo-el-sol.png?fit=1080%2C1350&amp;ssl=1\" data-orig-size=\"1080,1350\" data-comments-opened=\"1\" data-image-meta=\"{&quot;aperture&quot;:&quot;0&quot;,&quot;credit&quot;:&quot;&quot;,&quot;camera&quot;:&quot;&quot;,&quot;caption&quot;:&quot;&quot;,&quot;created_timestamp&quot;:&quot;0&quot;,&quot;copyright&quot;:&quot;&quot;,&quot;focal_length&quot;:&quot;0&quot;,&quot;iso&quot;:&quot;0&quot;,&quot;shutter_speed&quot;:&quot;0&quot;,&quot;title&quot;:&quot;&quot;,&quot;orientation&quot;:&quot;0&quot;}\" data-image-title=\"3-Evil Under The Sun (Muerte bajo el sol)\" data-image-description=\"&lt;p&gt;3-Evil Under The Sun (Muerte bajo el sol)&lt;\/p&gt;\n\" data-image-caption=\"&lt;p&gt;3-Evil Under The Sun (Muerte bajo el sol)&lt;\/p&gt;\n\" data-large-file=\"https:\/\/i0.wp.com\/visitcalvia.org\/wp-content\/uploads\/2026\/04\/3-evil-under-the-sun-muerte-bajo-el-sol.png?fit=819%2C1024&amp;ssl=1\" \/>                                <div class=\"qodef-team-info-outer\">\n                                        <div class=\"qodef-team-info-inner\">\n                    <div class=\"qodef-team-info\">\n                    <div class=\"qodef-team-title-holder clearfix\">\n                                                <h4 class=\"qodef-team-name\">\n                        Evil Under The Sun                    <\/h4>\n                                                        <\/div>\n                                            <div class='qodef-team-text'>\n                            <div class='qodef-team-text-inner'>\n                                <div class='qodef-team-description'>\n                                    <p>Cala d\u2019en Monjo (Cala Fornells). Year: 1982. Director: Guy Hamilton. Main cast: Peter Ustinov, Maggie Smith, Jane Birkin<\/p>\n                                <\/div>\n                            <\/div>\n                        <\/div>\n                                        <\/div>\n                    <\/div>\n                        <\/div>\n                        <\/div>\n\t\t\t<\/div>\n<\/div>[vc_btn title=&#8221;Filming information:&#8221; shape=&#8221;square&#8221; color=&#8221;black&#8221; align=&#8221;center&#8221; i_icon_fontawesome=&#8221;fas fa-film&#8221; css=&#8221;&#8221; button_block=&#8221;true&#8221; add_icon=&#8221;true&#8221; link=&#8221;url:https%3A%2F%2Fvisitcalvia.org%2Fen%2Ffilm-evil-under-the-sun%2F&#8221;][vc_empty_space height=&#8221;30px&#8221;][\/vc_column_inner][vc_column_inner width=&#8221;1\/2&#8243; offset=&#8221;vc_col-lg-3 vc_col-md-6&#8243;]<div class=\"qodef-team main-info-below-image\">\n\t<div class=\"qodef-team-inner\">\n\t\t\t\t\t<div class=\"qodef-team-image\">\n                <img loading=\"lazy\" decoding=\"async\" width=\"1080\" height=\"1350\" src=\"https:\/\/i0.wp.com\/visitcalvia.org\/wp-content\/uploads\/2026\/04\/4-busqueme-a-esa-chica.png?fit=1080%2C1350&amp;ssl=1\" class=\"attachment-full size-full\" alt=\"4-Bu\u0301squeme a esa chica\" srcset=\"https:\/\/i0.wp.com\/visitcalvia.org\/wp-content\/uploads\/2026\/04\/4-busqueme-a-esa-chica.png?w=1080&amp;ssl=1 1080w, https:\/\/i0.wp.com\/visitcalvia.org\/wp-content\/uploads\/2026\/04\/4-busqueme-a-esa-chica.png?resize=240%2C300&amp;ssl=1 240w, https:\/\/i0.wp.com\/visitcalvia.org\/wp-content\/uploads\/2026\/04\/4-busqueme-a-esa-chica.png?resize=819%2C1024&amp;ssl=1 819w, https:\/\/i0.wp.com\/visitcalvia.org\/wp-content\/uploads\/2026\/04\/4-busqueme-a-esa-chica.png?resize=768%2C960&amp;ssl=1 768w\" sizes=\"auto, (max-width: 1080px) 100vw, 1080px\" data-attachment-id=\"30580\" data-permalink=\"https:\/\/visitcalvia.org\/en\/?attachment_id=30580\" data-orig-file=\"https:\/\/i0.wp.com\/visitcalvia.org\/wp-content\/uploads\/2026\/04\/4-busqueme-a-esa-chica.png?fit=1080%2C1350&amp;ssl=1\" data-orig-size=\"1080,1350\" data-comments-opened=\"1\" data-image-meta=\"{&quot;aperture&quot;:&quot;0&quot;,&quot;credit&quot;:&quot;&quot;,&quot;camera&quot;:&quot;&quot;,&quot;caption&quot;:&quot;&quot;,&quot;created_timestamp&quot;:&quot;0&quot;,&quot;copyright&quot;:&quot;&quot;,&quot;focal_length&quot;:&quot;0&quot;,&quot;iso&quot;:&quot;0&quot;,&quot;shutter_speed&quot;:&quot;0&quot;,&quot;title&quot;:&quot;&quot;,&quot;orientation&quot;:&quot;0&quot;}\" data-image-title=\"4-Bu\u0301squeme a esa chica\" data-image-description=\"&lt;p&gt;4-Bu\u0301squeme a esa chica&lt;\/p&gt;\n\" data-image-caption=\"&lt;p&gt;4-Bu\u0301squeme a esa chica&lt;\/p&gt;\n\" data-large-file=\"https:\/\/i0.wp.com\/visitcalvia.org\/wp-content\/uploads\/2026\/04\/4-busqueme-a-esa-chica.png?fit=819%2C1024&amp;ssl=1\" \/>                                <div class=\"qodef-team-info-outer\">\n                                        <div class=\"qodef-team-info-inner\">\n                    <div class=\"qodef-team-info\">\n                    <div class=\"qodef-team-title-holder clearfix\">\n                                                <h4 class=\"qodef-team-name\">\n                        B\u00fasqueme a esa chica                    <\/h4>\n                                                        <\/div>\n                                            <div class='qodef-team-text'>\n                            <div class='qodef-team-text-inner'>\n                                <div class='qodef-team-description'>\n                                    <p>Location: Santa Pon\u00e7a beach. Year: 1964. Director: Fernando Palacios. Main cast: Marisol &amp; D\u00fao Din\u00e1mico<\/p>\n                                <\/div>\n                            <\/div>\n                        <\/div>\n                                        <\/div>\n                    <\/div>\n                        <\/div>\n                        <\/div>\n\t\t\t<\/div>\n<\/div>[vc_btn title=&#8221;Filming information:&#8221; shape=&#8221;square&#8221; color=&#8221;black&#8221; align=&#8221;center&#8221; i_icon_fontawesome=&#8221;fas fa-film&#8221; css=&#8221;&#8221; button_block=&#8221;true&#8221; add_icon=&#8221;true&#8221; link=&#8221;url:https%3A%2F%2Fvisitcalvia.org%2Fen%2Ffilm-busqueme-a-esa-chica%2F&#8221;][vc_empty_space height=&#8221;30px&#8221;][\/vc_column_inner][\/vc_row_inner][vc_row_inner][vc_column_inner width=&#8221;1\/2&#8243; offset=&#8221;vc_col-lg-3 vc_col-md-6&#8243;]<div class=\"qodef-team main-info-below-image\">\n\t<div class=\"qodef-team-inner\">\n\t\t\t\t\t<div class=\"qodef-team-image\">\n                <img loading=\"lazy\" decoding=\"async\" width=\"1080\" height=\"1350\" src=\"https:\/\/i0.wp.com\/visitcalvia.org\/wp-content\/uploads\/2026\/04\/5-the-hustle.png?fit=1080%2C1350&amp;ssl=1\" class=\"attachment-full size-full\" alt=\"5-The Hustle\" srcset=\"https:\/\/i0.wp.com\/visitcalvia.org\/wp-content\/uploads\/2026\/04\/5-the-hustle.png?w=1080&amp;ssl=1 1080w, https:\/\/i0.wp.com\/visitcalvia.org\/wp-content\/uploads\/2026\/04\/5-the-hustle.png?resize=240%2C300&amp;ssl=1 240w, https:\/\/i0.wp.com\/visitcalvia.org\/wp-content\/uploads\/2026\/04\/5-the-hustle.png?resize=819%2C1024&amp;ssl=1 819w, https:\/\/i0.wp.com\/visitcalvia.org\/wp-content\/uploads\/2026\/04\/5-the-hustle.png?resize=768%2C960&amp;ssl=1 768w\" sizes=\"auto, (max-width: 1080px) 100vw, 1080px\" data-attachment-id=\"30584\" data-permalink=\"https:\/\/visitcalvia.org\/en\/?attachment_id=30584\" data-orig-file=\"https:\/\/i0.wp.com\/visitcalvia.org\/wp-content\/uploads\/2026\/04\/5-the-hustle.png?fit=1080%2C1350&amp;ssl=1\" data-orig-size=\"1080,1350\" data-comments-opened=\"1\" data-image-meta=\"{&quot;aperture&quot;:&quot;0&quot;,&quot;credit&quot;:&quot;&quot;,&quot;camera&quot;:&quot;&quot;,&quot;caption&quot;:&quot;&quot;,&quot;created_timestamp&quot;:&quot;0&quot;,&quot;copyright&quot;:&quot;&quot;,&quot;focal_length&quot;:&quot;0&quot;,&quot;iso&quot;:&quot;0&quot;,&quot;shutter_speed&quot;:&quot;0&quot;,&quot;title&quot;:&quot;&quot;,&quot;orientation&quot;:&quot;0&quot;}\" data-image-title=\"5-The Hustle\" data-image-description=\"&lt;p&gt;5-The Hustle&lt;\/p&gt;\n\" data-image-caption=\"&lt;p&gt;5-The Hustle&lt;\/p&gt;\n\" data-large-file=\"https:\/\/i0.wp.com\/visitcalvia.org\/wp-content\/uploads\/2026\/04\/5-the-hustle.png?fit=819%2C1024&amp;ssl=1\" \/>                                <div class=\"qodef-team-info-outer\">\n                                        <div class=\"qodef-team-info-inner\">\n                    <div class=\"qodef-team-info\">\n                    <div class=\"qodef-team-title-holder clearfix\">\n                                                <h4 class=\"qodef-team-name\">\n                        The Hustle                    <\/h4>\n                                                        <\/div>\n                                            <div class='qodef-team-text'>\n                            <div class='qodef-team-text-inner'>\n                                <div class='qodef-team-description'>\n                                    <p>Location: Hotel Hospes Maricel &amp; Spa Mallorca and Puerto Portals. Year: 2017. Director: Chris Addison. Main cast: Anne Hathaway &amp; Rebel Wilson<\/p>\n                                <\/div>\n                            <\/div>\n                        <\/div>\n                                        <\/div>\n                    <\/div>\n                        <\/div>\n                        <\/div>\n\t\t\t<\/div>\n<\/div>[vc_btn title=&#8221;Filming information:&#8221; shape=&#8221;square&#8221; color=&#8221;black&#8221; align=&#8221;center&#8221; i_icon_fontawesome=&#8221;fas fa-film&#8221; css=&#8221;&#8221; button_block=&#8221;true&#8221; add_icon=&#8221;true&#8221; link=&#8221;url:https%3A%2F%2Fvisitcalvia.org%2Fen%2Ffilm-the-hustle%2F&#8221;][vc_empty_space height=&#8221;30px&#8221;][\/vc_column_inner][vc_column_inner width=&#8221;1\/2&#8243; offset=&#8221;vc_col-lg-3 vc_col-md-6&#8243;]<div class=\"qodef-team main-info-below-image\">\n\t<div class=\"qodef-team-inner\">\n\t\t\t\t\t<div class=\"qodef-team-image\">\n                <img loading=\"lazy\" decoding=\"async\" width=\"1080\" height=\"1350\" src=\"https:\/\/i0.wp.com\/visitcalvia.org\/wp-content\/uploads\/2026\/04\/6-the-mallorca-files.png?fit=1080%2C1350&amp;ssl=1\" class=\"attachment-full size-full\" alt=\"6-The Mallorca Files\" srcset=\"https:\/\/i0.wp.com\/visitcalvia.org\/wp-content\/uploads\/2026\/04\/6-the-mallorca-files.png?w=1080&amp;ssl=1 1080w, https:\/\/i0.wp.com\/visitcalvia.org\/wp-content\/uploads\/2026\/04\/6-the-mallorca-files.png?resize=240%2C300&amp;ssl=1 240w, https:\/\/i0.wp.com\/visitcalvia.org\/wp-content\/uploads\/2026\/04\/6-the-mallorca-files.png?resize=819%2C1024&amp;ssl=1 819w, https:\/\/i0.wp.com\/visitcalvia.org\/wp-content\/uploads\/2026\/04\/6-the-mallorca-files.png?resize=768%2C960&amp;ssl=1 768w\" sizes=\"auto, (max-width: 1080px) 100vw, 1080px\" data-attachment-id=\"30588\" data-permalink=\"https:\/\/visitcalvia.org\/en\/?attachment_id=30588\" data-orig-file=\"https:\/\/i0.wp.com\/visitcalvia.org\/wp-content\/uploads\/2026\/04\/6-the-mallorca-files.png?fit=1080%2C1350&amp;ssl=1\" data-orig-size=\"1080,1350\" data-comments-opened=\"1\" data-image-meta=\"{&quot;aperture&quot;:&quot;0&quot;,&quot;credit&quot;:&quot;&quot;,&quot;camera&quot;:&quot;&quot;,&quot;caption&quot;:&quot;&quot;,&quot;created_timestamp&quot;:&quot;0&quot;,&quot;copyright&quot;:&quot;&quot;,&quot;focal_length&quot;:&quot;0&quot;,&quot;iso&quot;:&quot;0&quot;,&quot;shutter_speed&quot;:&quot;0&quot;,&quot;title&quot;:&quot;&quot;,&quot;orientation&quot;:&quot;0&quot;}\" data-image-title=\"6-The Mallorca Files\" data-image-description=\"&lt;p&gt;6-The Mallorca Files&lt;\/p&gt;\n\" data-image-caption=\"&lt;p&gt;6-The Mallorca Files&lt;\/p&gt;\n\" data-large-file=\"https:\/\/i0.wp.com\/visitcalvia.org\/wp-content\/uploads\/2026\/04\/6-the-mallorca-files.png?fit=819%2C1024&amp;ssl=1\" \/>                                <div class=\"qodef-team-info-outer\">\n                                        <div class=\"qodef-team-info-inner\">\n                    <div class=\"qodef-team-info\">\n                    <div class=\"qodef-team-title-holder clearfix\">\n                                                <h4 class=\"qodef-team-name\">\n                        The Mallorca Files                    <\/h4>\n                                                        <\/div>\n                                            <div class='qodef-team-text'>\n                            <div class='qodef-team-text-inner'>\n                                <div class='qodef-team-description'>\n                                    <p>Location: Portals Vells and Cal\u00f3 d\u2019es Monjo. Year: 2023. Director: Dan Sefton. Main cast: Elen Rhys &amp; Julian Looman<\/p>\n                                <\/div>\n                            <\/div>\n                        <\/div>\n                                        <\/div>\n                    <\/div>\n                        <\/div>\n                        <\/div>\n\t\t\t<\/div>\n<\/div>[vc_btn title=&#8221;Filming information:&#8221; shape=&#8221;square&#8221; color=&#8221;black&#8221; align=&#8221;center&#8221; i_icon_fontawesome=&#8221;fas fa-film&#8221; css=&#8221;&#8221; button_block=&#8221;true&#8221; add_icon=&#8221;true&#8221; link=&#8221;url:https%3A%2F%2Fvisitcalvia.org%2Fen%2Ffilm-the-mallorca-files%2F&#8221;][vc_empty_space height=&#8221;30px&#8221;][\/vc_column_inner][vc_column_inner width=&#8221;1\/2&#8243; offset=&#8221;vc_col-lg-3 vc_col-md-6&#8243;]<div class=\"qodef-team main-info-below-image\">\n\t<div class=\"qodef-team-inner\">\n\t\t\t\t\t<div class=\"qodef-team-image\">\n                <img loading=\"lazy\" decoding=\"async\" width=\"1080\" height=\"1350\" src=\"https:\/\/i0.wp.com\/visitcalvia.org\/wp-content\/uploads\/2026\/04\/7-maria-enganxa.png?fit=1080%2C1350&amp;ssl=1\" class=\"attachment-full size-full\" alt=\"7-Maria Enganxa\" srcset=\"https:\/\/i0.wp.com\/visitcalvia.org\/wp-content\/uploads\/2026\/04\/7-maria-enganxa.png?w=1080&amp;ssl=1 1080w, https:\/\/i0.wp.com\/visitcalvia.org\/wp-content\/uploads\/2026\/04\/7-maria-enganxa.png?resize=240%2C300&amp;ssl=1 240w, https:\/\/i0.wp.com\/visitcalvia.org\/wp-content\/uploads\/2026\/04\/7-maria-enganxa.png?resize=819%2C1024&amp;ssl=1 819w, https:\/\/i0.wp.com\/visitcalvia.org\/wp-content\/uploads\/2026\/04\/7-maria-enganxa.png?resize=768%2C960&amp;ssl=1 768w\" sizes=\"auto, (max-width: 1080px) 100vw, 1080px\" data-attachment-id=\"30592\" data-permalink=\"https:\/\/visitcalvia.org\/en\/?attachment_id=30592\" data-orig-file=\"https:\/\/i0.wp.com\/visitcalvia.org\/wp-content\/uploads\/2026\/04\/7-maria-enganxa.png?fit=1080%2C1350&amp;ssl=1\" data-orig-size=\"1080,1350\" data-comments-opened=\"1\" data-image-meta=\"{&quot;aperture&quot;:&quot;0&quot;,&quot;credit&quot;:&quot;&quot;,&quot;camera&quot;:&quot;&quot;,&quot;caption&quot;:&quot;&quot;,&quot;created_timestamp&quot;:&quot;0&quot;,&quot;copyright&quot;:&quot;&quot;,&quot;focal_length&quot;:&quot;0&quot;,&quot;iso&quot;:&quot;0&quot;,&quot;shutter_speed&quot;:&quot;0&quot;,&quot;title&quot;:&quot;&quot;,&quot;orientation&quot;:&quot;0&quot;}\" data-image-title=\"7-Maria Enganxa\" data-image-description=\"&lt;p&gt;7-Maria Enganxa&lt;\/p&gt;\n\" data-image-caption=\"&lt;p&gt;7-Maria Enganxa&lt;\/p&gt;\n\" data-large-file=\"https:\/\/i0.wp.com\/visitcalvia.org\/wp-content\/uploads\/2026\/04\/7-maria-enganxa.png?fit=819%2C1024&amp;ssl=1\" \/>                                <div class=\"qodef-team-info-outer\">\n                                        <div class=\"qodef-team-info-inner\">\n                    <div class=\"qodef-team-info\">\n                    <div class=\"qodef-team-title-holder clearfix\">\n                                                <h4 class=\"qodef-team-name\">\n                        Maria Enganxa                    <\/h4>\n                                                        <\/div>\n                                            <div class='qodef-team-text'>\n                            <div class='qodef-team-text-inner'>\n                                <div class='qodef-team-description'>\n                                    <p>Location: Galatz\u00f3 Public Estate. Year: 2024 Director: Luis Ortas. Main performers: Guiomar Caiado, Catalina Carrasco and Marta Gr\u00e0cia<\/p>\n                                <\/div>\n                            <\/div>\n                        <\/div>\n                                        <\/div>\n                    <\/div>\n                        <\/div>\n                        <\/div>\n\t\t\t<\/div>\n<\/div>[vc_btn title=&#8221;Filming information:&#8221; shape=&#8221;square&#8221; color=&#8221;black&#8221; align=&#8221;center&#8221; i_icon_fontawesome=&#8221;fas fa-film&#8221; css=&#8221;&#8221; button_block=&#8221;true&#8221; add_icon=&#8221;true&#8221; link=&#8221;url:https%3A%2F%2Fvisitcalvia.org%2Fen%2Ffilm-maria-enganxa%2F&#8221;][vc_empty_space height=&#8221;30px&#8221;][\/vc_column_inner][vc_column_inner width=&#8221;1\/2&#8243; offset=&#8221;vc_col-lg-3 vc_col-md-6&#8243;]<div class=\"qodef-team main-info-below-image\">\n\t<div class=\"qodef-team-inner\">\n\t\t\t\t\t<div class=\"qodef-team-image\">\n                <img loading=\"lazy\" decoding=\"async\" width=\"1080\" height=\"1350\" src=\"https:\/\/i0.wp.com\/visitcalvia.org\/wp-content\/uploads\/2026\/04\/8-springsummer-2022-season-hm.png?fit=1080%2C1350&amp;ssl=1\" class=\"attachment-full size-full\" alt=\"8-Spring:Summer 2022 season H&amp;M\" srcset=\"https:\/\/i0.wp.com\/visitcalvia.org\/wp-content\/uploads\/2026\/04\/8-springsummer-2022-season-hm.png?w=1080&amp;ssl=1 1080w, https:\/\/i0.wp.com\/visitcalvia.org\/wp-content\/uploads\/2026\/04\/8-springsummer-2022-season-hm.png?resize=240%2C300&amp;ssl=1 240w, https:\/\/i0.wp.com\/visitcalvia.org\/wp-content\/uploads\/2026\/04\/8-springsummer-2022-season-hm.png?resize=819%2C1024&amp;ssl=1 819w, https:\/\/i0.wp.com\/visitcalvia.org\/wp-content\/uploads\/2026\/04\/8-springsummer-2022-season-hm.png?resize=768%2C960&amp;ssl=1 768w\" sizes=\"auto, (max-width: 1080px) 100vw, 1080px\" data-attachment-id=\"30596\" data-permalink=\"https:\/\/visitcalvia.org\/en\/?attachment_id=30596\" data-orig-file=\"https:\/\/i0.wp.com\/visitcalvia.org\/wp-content\/uploads\/2026\/04\/8-springsummer-2022-season-hm.png?fit=1080%2C1350&amp;ssl=1\" data-orig-size=\"1080,1350\" data-comments-opened=\"1\" data-image-meta=\"{&quot;aperture&quot;:&quot;0&quot;,&quot;credit&quot;:&quot;&quot;,&quot;camera&quot;:&quot;&quot;,&quot;caption&quot;:&quot;&quot;,&quot;created_timestamp&quot;:&quot;0&quot;,&quot;copyright&quot;:&quot;&quot;,&quot;focal_length&quot;:&quot;0&quot;,&quot;iso&quot;:&quot;0&quot;,&quot;shutter_speed&quot;:&quot;0&quot;,&quot;title&quot;:&quot;&quot;,&quot;orientation&quot;:&quot;0&quot;}\" data-image-title=\"8-Spring:Summer 2022 season H&amp;#038;M\" data-image-description=\"&lt;p&gt;8-Spring:Summer 2022 season H&amp;#038;M&lt;\/p&gt;\n\" data-image-caption=\"&lt;p&gt;8-Spring:Summer 2022 season H&amp;#038;M&lt;\/p&gt;\n\" data-large-file=\"https:\/\/i0.wp.com\/visitcalvia.org\/wp-content\/uploads\/2026\/04\/8-springsummer-2022-season-hm.png?fit=819%2C1024&amp;ssl=1\" \/>                                <div class=\"qodef-team-info-outer\">\n                                        <div class=\"qodef-team-info-inner\">\n                    <div class=\"qodef-team-info\">\n                    <div class=\"qodef-team-title-holder clearfix\">\n                                                <h4 class=\"qodef-team-name\">\n                        Spring\/Summer 2022 season H&amp;M                    <\/h4>\n                                                        <\/div>\n                                            <div class='qodef-team-text'>\n                            <div class='qodef-team-text-inner'>\n                                <div class='qodef-team-description'>\n                                    <p>Location: Cala Comtessa. Short film title: H\u00f4tel Hennes Spring. Year: 2022. Director: Bardia Zeinali. Main cast: Gigi Hadid, Jill Kortleve &amp; Precious Lee<\/p>\n                                <\/div>\n                            <\/div>\n                        <\/div>\n                                        <\/div>\n                    <\/div>\n                        <\/div>\n                        <\/div>\n\t\t\t<\/div>\n<\/div>[vc_btn title=&#8221;Filming information:&#8221; shape=&#8221;square&#8221; color=&#8221;black&#8221; align=&#8221;center&#8221; i_icon_fontawesome=&#8221;fas fa-film&#8221; css=&#8221;&#8221; button_block=&#8221;true&#8221; add_icon=&#8221;true&#8221; link=&#8221;url:https%3A%2F%2Fvisitcalvia.org%2Fen%2Ffilm-summer-2022-season-hm%2F&#8221;][vc_empty_space height=&#8221;30px&#8221;][\/vc_column_inner][\/vc_row_inner][vc_row_inner][vc_column_inner width=&#8221;1\/2&#8243; offset=&#8221;vc_col-lg-3 vc_col-md-6&#8243;]<div class=\"qodef-team main-info-below-image\">\n\t<div class=\"qodef-team-inner\">\n\t\t\t\t\t<div class=\"qodef-team-image\">\n                <img loading=\"lazy\" decoding=\"async\" width=\"1080\" height=\"1350\" src=\"https:\/\/i0.wp.com\/visitcalvia.org\/wp-content\/uploads\/2026\/04\/9-videoclip-slow-dancing.png?fit=1080%2C1350&amp;ssl=1\" class=\"attachment-full size-full\" alt=\"9-Videoclip Slow Dancing\" srcset=\"https:\/\/i0.wp.com\/visitcalvia.org\/wp-content\/uploads\/2026\/04\/9-videoclip-slow-dancing.png?w=1080&amp;ssl=1 1080w, https:\/\/i0.wp.com\/visitcalvia.org\/wp-content\/uploads\/2026\/04\/9-videoclip-slow-dancing.png?resize=240%2C300&amp;ssl=1 240w, https:\/\/i0.wp.com\/visitcalvia.org\/wp-content\/uploads\/2026\/04\/9-videoclip-slow-dancing.png?resize=819%2C1024&amp;ssl=1 819w, https:\/\/i0.wp.com\/visitcalvia.org\/wp-content\/uploads\/2026\/04\/9-videoclip-slow-dancing.png?resize=768%2C960&amp;ssl=1 768w\" sizes=\"auto, (max-width: 1080px) 100vw, 1080px\" data-attachment-id=\"30600\" data-permalink=\"https:\/\/visitcalvia.org\/en\/?attachment_id=30600\" data-orig-file=\"https:\/\/i0.wp.com\/visitcalvia.org\/wp-content\/uploads\/2026\/04\/9-videoclip-slow-dancing.png?fit=1080%2C1350&amp;ssl=1\" data-orig-size=\"1080,1350\" data-comments-opened=\"1\" data-image-meta=\"{&quot;aperture&quot;:&quot;0&quot;,&quot;credit&quot;:&quot;&quot;,&quot;camera&quot;:&quot;&quot;,&quot;caption&quot;:&quot;&quot;,&quot;created_timestamp&quot;:&quot;0&quot;,&quot;copyright&quot;:&quot;&quot;,&quot;focal_length&quot;:&quot;0&quot;,&quot;iso&quot;:&quot;0&quot;,&quot;shutter_speed&quot;:&quot;0&quot;,&quot;title&quot;:&quot;&quot;,&quot;orientation&quot;:&quot;0&quot;}\" data-image-title=\"9-Videoclip Slow Dancing\" data-image-description=\"&lt;p&gt;9-Videoclip Slow Dancing&lt;\/p&gt;\n\" data-image-caption=\"&lt;p&gt;9-Videoclip Slow Dancing&lt;\/p&gt;\n\" data-large-file=\"https:\/\/i0.wp.com\/visitcalvia.org\/wp-content\/uploads\/2026\/04\/9-videoclip-slow-dancing.png?fit=819%2C1024&amp;ssl=1\" \/>                                <div class=\"qodef-team-info-outer\">\n                                        <div class=\"qodef-team-info-inner\">\n                    <div class=\"qodef-team-info\">\n                    <div class=\"qodef-team-title-holder clearfix\">\n                                                <h4 class=\"qodef-team-name\">\n                        Videoclip Slow Dancing                    <\/h4>\n                                                        <\/div>\n                                            <div class='qodef-team-text'>\n                            <div class='qodef-team-text-inner'>\n                                <div class='qodef-team-description'>\n                                    <p>Location: Portals Vells. Year: 2023. Producer and director: Min Hee Jin &amp; Shin Dongle. Main actor: Kim Tae-Hyung<\/p>\n                                <\/div>\n                            <\/div>\n                        <\/div>\n                                        <\/div>\n                    <\/div>\n                        <\/div>\n                        <\/div>\n\t\t\t<\/div>\n<\/div>[vc_btn title=&#8221;Filming information:&#8221; shape=&#8221;square&#8221; color=&#8221;black&#8221; align=&#8221;center&#8221; i_icon_fontawesome=&#8221;fas fa-film&#8221; css=&#8221;&#8221; button_block=&#8221;true&#8221; add_icon=&#8221;true&#8221; link=&#8221;url:https%3A%2F%2Fvisitcalvia.org%2Fen%2Ffilm-videoclip-slow-dancing%2F&#8221;][vc_empty_space height=&#8221;30px&#8221;][\/vc_column_inner][vc_column_inner width=&#8221;1\/2&#8243; offset=&#8221;vc_col-lg-3 vc_col-md-6&#8243;]<div class=\"qodef-team main-info-below-image\">\n\t<div class=\"qodef-team-inner\">\n\t\t\t\t\t<div class=\"qodef-team-image\">\n                <img loading=\"lazy\" decoding=\"async\" width=\"1080\" height=\"1350\" src=\"https:\/\/i0.wp.com\/visitcalvia.org\/wp-content\/uploads\/2026\/04\/10-white-lines.png?fit=1080%2C1350&amp;ssl=1\" class=\"attachment-full size-full\" alt=\"10-White Lines\" srcset=\"https:\/\/i0.wp.com\/visitcalvia.org\/wp-content\/uploads\/2026\/04\/10-white-lines.png?w=1080&amp;ssl=1 1080w, https:\/\/i0.wp.com\/visitcalvia.org\/wp-content\/uploads\/2026\/04\/10-white-lines.png?resize=240%2C300&amp;ssl=1 240w, https:\/\/i0.wp.com\/visitcalvia.org\/wp-content\/uploads\/2026\/04\/10-white-lines.png?resize=819%2C1024&amp;ssl=1 819w, https:\/\/i0.wp.com\/visitcalvia.org\/wp-content\/uploads\/2026\/04\/10-white-lines.png?resize=768%2C960&amp;ssl=1 768w\" sizes=\"auto, (max-width: 1080px) 100vw, 1080px\" data-attachment-id=\"30604\" data-permalink=\"https:\/\/visitcalvia.org\/en\/?attachment_id=30604\" data-orig-file=\"https:\/\/i0.wp.com\/visitcalvia.org\/wp-content\/uploads\/2026\/04\/10-white-lines.png?fit=1080%2C1350&amp;ssl=1\" data-orig-size=\"1080,1350\" data-comments-opened=\"1\" data-image-meta=\"{&quot;aperture&quot;:&quot;0&quot;,&quot;credit&quot;:&quot;&quot;,&quot;camera&quot;:&quot;&quot;,&quot;caption&quot;:&quot;&quot;,&quot;created_timestamp&quot;:&quot;0&quot;,&quot;copyright&quot;:&quot;&quot;,&quot;focal_length&quot;:&quot;0&quot;,&quot;iso&quot;:&quot;0&quot;,&quot;shutter_speed&quot;:&quot;0&quot;,&quot;title&quot;:&quot;&quot;,&quot;orientation&quot;:&quot;0&quot;}\" data-image-title=\"10-White Lines\" data-image-description=\"&lt;p&gt;10-White Lines&lt;\/p&gt;\n\" data-image-caption=\"&lt;p&gt;10-White Lines&lt;\/p&gt;\n\" data-large-file=\"https:\/\/i0.wp.com\/visitcalvia.org\/wp-content\/uploads\/2026\/04\/10-white-lines.png?fit=819%2C1024&amp;ssl=1\" \/>                                <div class=\"qodef-team-info-outer\">\n                                        <div class=\"qodef-team-info-inner\">\n                    <div class=\"qodef-team-info\">\n                    <div class=\"qodef-team-title-holder clearfix\">\n                                                <h4 class=\"qodef-team-name\">\n                        White Lines                    <\/h4>\n                                                        <\/div>\n                                            <div class='qodef-team-text'>\n                            <div class='qodef-team-text-inner'>\n                                <div class='qodef-team-description'>\n                                    <p>Location: Cal\u00f3 des Monjo. Year: 2019. Directors: Nick Hamm, Luis Prieto, and Ashley Way. Production company: Netflix<\/p>\n                                <\/div>\n                            <\/div>\n                        <\/div>\n                                        <\/div>\n                    <\/div>\n                        <\/div>\n                        <\/div>\n\t\t\t<\/div>\n<\/div>[vc_btn title=&#8221;Filming information:&#8221; shape=&#8221;square&#8221; color=&#8221;black&#8221; align=&#8221;center&#8221; i_icon_fontawesome=&#8221;fas fa-film&#8221; css=&#8221;&#8221; button_block=&#8221;true&#8221; add_icon=&#8221;true&#8221; link=&#8221;url:https%3A%2F%2Fvisitcalvia.org%2Fen%2Ffilm-white-lines%2F&#8221;][vc_empty_space height=&#8221;30px&#8221;][\/vc_column_inner][vc_column_inner width=&#8221;1\/2&#8243; offset=&#8221;vc_col-lg-3 vc_col-md-6&#8243;][vc_empty_space height=&#8221;30px&#8221;][\/vc_column_inner][vc_column_inner width=&#8221;1\/2&#8243; offset=&#8221;vc_col-lg-3 vc_col-md-6&#8243;][vc_empty_space height=&#8221;30px&#8221;][\/vc_column_inner][\/vc_row_inner][\/vc_column][\/vc_row][vc_row full_width=&#8221;stretch_row_content&#8221; css=&#8221;.vc_custom_1775029876084{background-color: #E4E4E4 !important;}&#8221;][vc_column][vc_column_text css=&#8221;&#8221;]<\/p>\n<p style=\"text-align: center;\"><iframe loading=\"lazy\" style=\"border: 0;\" tabindex=\"0\" src=\"https:\/\/www.google.com\/maps\/d\/embed?mid=1t11YGoDCWrH6nvmBb2C5685M59BKRTg&amp;ehbc=2E312F\" width=\"1800\" height=\"500\" frameborder=\"0\" allowfullscreen=\"allowfullscreen\" aria-hidden=\"false\"><span data-mce-type=\"bookmark\" style=\"display: inline-block; width: 0px; overflow: hidden; line-height: 0;\" class=\"mce_SELRES_start\">\ufeff<\/span><\/iframe><\/p>\n<p>[\/vc_column_text][vc_empty_space height=&#8221;10px&#8221;][\/vc_column][\/vc_row]<\/p>\n<\/div>","protected":false},"excerpt":{"rendered":"<p>[vc_row full_width=&#8221;stretch_row_content&#8221; css=&#8221;.vc_custom_1777890940537{background-image: url(<a href=\"https:\/\/visitcalvia.org\/wp-content\/uploads\/2025\/12\/muerte-bajo-el-sol-banner.png?id=29915\">https:\/\/visitcalvia.org\/wp-content\/uploads\/2025\/12\/muerte-bajo-el-sol-banner.png?id=29915<\/a>) !important;background-position: center !important;background-repeat: no-repeat !important;background-size: cover !important;}&#8221;][vc_column][vc_empty_space height=&#8221;255px&#8221;][\/vc_column][\/vc_row][vc_row full_width=&#8221;stretch_row_content&#8221; css=&#8221;.vc_custom_1774951366153{background-color: #E4E4E4 !important;}&#8221;][vc_column][vc_empty_space height=&#8221;10px&#8221;][\/vc_column][\/vc_row][vc_row row_content_width=&#8221;grid&#8221;][vc_column][vc_empty_space height=&#8221;10px&#8221;][\/vc_column][\/vc_row][vc_row row_content_width=&#8221;grid&#8221;][vc_column width=&#8221;1\/4&#8243;][vc_empty_space height=&#8221;50px&#8221;][vc_single_image image=&#8221;30325&#8243; img_size=&#8221;full&#8221; alignment=&#8221;right&#8221; css=&#8221;&#8221;][\/vc_column][vc_column width=&#8221;3\/4&#8243;][vc_column_text css=&#8221;&#8221;] Title: Evil Under the Sun Calvi\u00e0 film set [\/vc_column_text][vc_btn title=&#8221;Filming location: Cala d\u2019en Monjo (Cala Fornells)&#8221; style=&#8221;outline&#8221; shape=&#8221;square&#8221; color=&#8221;black&#8221; align=&#8221;left&#8221; i_icon_fontawesome=&#8221;fas fa-map-marker-alt&#8221; css=&#8221;&#8221; add_icon=&#8221;true&#8221; link=&#8221;url:https%3A%2F%2Fwww.google.com%2Fmaps%2Fdir%2F%2F39.5284624%2C2.4304193|&#8221;][\/vc_column][\/vc_row][vc_row full_width=&#8221;stretch_row&#8221;][vc_column][vc_empty_space [&hellip;]<\/p>\n","protected":false},"author":182516987,"featured_media":29946,"parent":0,"menu_order":0,"comment_status":"closed","ping_status":"closed","template":"","meta":{"_coblocks_attr":"","_coblocks_dimensions":"","_coblocks_responsive_height":"","_coblocks_accordion_ie_support":"","_wpcom_ai_launchpad_about_page":false,"_wpcom_ai_launchpad_gallery_page":false,"_wpcom_ai_launchpad_contact_page":false,"_wpcom_ai_launchpad_events_page":false,"_wpcom_ai_launchpad_video_page":false,"_wpcom_ai_launchpad_portfolio_piece":false,"footnotes":""},"class_list":["post-31704","page","type-page","status-publish","has-post-thumbnail","hentry"],"yoast_head":"<!-- This site is optimized with the Yoast SEO plugin v28.4 - https:\/\/yoast.com\/product\/yoast-seo-wordpress\/ -->\n<title>Film Evil Under The Sun - visitcalvia<\/title>\n<meta name=\"robots\" content=\"index, follow, max-snippet:-1, max-image-preview:large, max-video-preview:-1\" \/>\n<link rel=\"canonical\" href=\"https:\/\/visitcalvia.org\/en\/film-evil-under-the-sun\/\" \/>\n<meta property=\"og:locale\" content=\"en_US\" \/>\n<meta property=\"og:type\" content=\"article\" \/>\n<meta property=\"og:title\" content=\"Film Evil Under The Sun - visitcalvia\" \/>\n<meta property=\"og:description\" content=\"[vc_row full_width=&#8221;stretch_row_content&#8221; css=&#8221;.vc_custom_1777890940537{background-image: url(https:\/\/visitcalvia.org\/wp-content\/uploads\/2025\/12\/muerte-bajo-el-sol-banner.png?id=29915) !important;background-position: center !important;background-repeat: no-repeat !important;background-size: cover !important;}&#8221;][vc_column][vc_empty_space height=&#8221;255px&#8221;][\/vc_column][\/vc_row][vc_row full_width=&#8221;stretch_row_content&#8221; css=&#8221;.vc_custom_1774951366153{background-color: #E4E4E4 !important;}&#8221;][vc_column][vc_empty_space height=&#8221;10px&#8221;][\/vc_column][\/vc_row][vc_row row_content_width=&#8221;grid&#8221;][vc_column][vc_empty_space height=&#8221;10px&#8221;][\/vc_column][\/vc_row][vc_row row_content_width=&#8221;grid&#8221;][vc_column width=&#8221;1\/4&#8243;][vc_empty_space height=&#8221;50px&#8221;][vc_single_image image=&#8221;30325&#8243; img_size=&#8221;full&#8221; alignment=&#8221;right&#8221; css=&#8221;&#8221;][\/vc_column][vc_column width=&#8221;3\/4&#8243;][vc_column_text css=&#8221;&#8221;] Title: Evil Under the Sun Calvi\u00e0 film set [\/vc_column_text][vc_btn title=&#8221;Filming location: Cala d\u2019en Monjo (Cala Fornells)&#8221; style=&#8221;outline&#8221; shape=&#8221;square&#8221; color=&#8221;black&#8221; align=&#8221;left&#8221; i_icon_fontawesome=&#8221;fas fa-map-marker-alt&#8221; css=&#8221;&#8221; add_icon=&#8221;true&#8221; link=&#8221;url:https%3A%2F%2Fwww.google.com%2Fmaps%2Fdir%2F%2F39.5284624%2C2.4304193|&#8221;][\/vc_column][\/vc_row][vc_row full_width=&#8221;stretch_row&#8221;][vc_column][vc_empty_space [&hellip;]\" \/>\n<meta property=\"og:url\" content=\"https:\/\/visitcalvia.org\/en\/film-evil-under-the-sun\/\" \/>\n<meta property=\"og:site_name\" content=\"visitcalvia\" \/>\n<meta property=\"article:modified_time\" content=\"2026-05-07T10:38:32+00:00\" \/>\n<meta property=\"og:image\" content=\"https:\/\/visitcalvia.org\/wp-content\/uploads\/2025\/12\/evil-under-the-sun.png\" \/>\n\t<meta property=\"og:image:width\" content=\"1414\" \/>\n\t<meta property=\"og:image:height\" content=\"1892\" \/>\n\t<meta property=\"og:image:type\" content=\"image\/png\" \/>\n<meta name=\"twitter:card\" content=\"summary_large_image\" \/>\n<meta name=\"twitter:label1\" content=\"Est. reading time\" \/>\n\t<meta name=\"twitter:data1\" content=\"3 minutes\" \/>\n<script type=\"application\/ld+json\" class=\"yoast-schema-graph\">{\"@context\":\"https:\\\/\\\/schema.org\",\"@graph\":[{\"@type\":\"WebPage\",\"@id\":\"https:\\\/\\\/visitcalvia.org\\\/en\\\/film-evil-under-the-sun\\\/\",\"url\":\"https:\\\/\\\/visitcalvia.org\\\/en\\\/film-evil-under-the-sun\\\/\",\"name\":\"Film Evil Under The Sun - visitcalvia\",\"isPartOf\":{\"@id\":\"https:\\\/\\\/visitcalvia.org\\\/en\\\/#website\"},\"primaryImageOfPage\":{\"@id\":\"https:\\\/\\\/visitcalvia.org\\\/en\\\/film-evil-under-the-sun\\\/#primaryimage\"},\"image\":{\"@id\":\"https:\\\/\\\/visitcalvia.org\\\/en\\\/film-evil-under-the-sun\\\/#primaryimage\"},\"thumbnailUrl\":\"https:\\\/\\\/i0.wp.com\\\/visitcalvia.org\\\/wp-content\\\/uploads\\\/2025\\\/12\\\/evil-under-the-sun.png?fit=1414%2C1892&ssl=1\",\"datePublished\":\"2026-05-07T08:21:58+00:00\",\"dateModified\":\"2026-05-07T10:38:32+00:00\",\"breadcrumb\":{\"@id\":\"https:\\\/\\\/visitcalvia.org\\\/en\\\/film-evil-under-the-sun\\\/#breadcrumb\"},\"inLanguage\":\"en-US\",\"potentialAction\":[{\"@type\":\"ReadAction\",\"target\":[\"https:\\\/\\\/visitcalvia.org\\\/en\\\/film-evil-under-the-sun\\\/\"]}]},{\"@type\":\"ImageObject\",\"inLanguage\":\"en-US\",\"@id\":\"https:\\\/\\\/visitcalvia.org\\\/en\\\/film-evil-under-the-sun\\\/#primaryimage\",\"url\":\"https:\\\/\\\/i0.wp.com\\\/visitcalvia.org\\\/wp-content\\\/uploads\\\/2025\\\/12\\\/evil-under-the-sun.png?fit=1414%2C1892&ssl=1\",\"contentUrl\":\"https:\\\/\\\/i0.wp.com\\\/visitcalvia.org\\\/wp-content\\\/uploads\\\/2025\\\/12\\\/evil-under-the-sun.png?fit=1414%2C1892&ssl=1\",\"width\":1414,\"height\":1892},{\"@type\":\"BreadcrumbList\",\"@id\":\"https:\\\/\\\/visitcalvia.org\\\/en\\\/film-evil-under-the-sun\\\/#breadcrumb\",\"itemListElement\":[{\"@type\":\"ListItem\",\"position\":1,\"name\":\"Portada\",\"item\":\"https:\\\/\\\/visitcalvia.org\\\/en\\\/\"},{\"@type\":\"ListItem\",\"position\":2,\"name\":\"Film Evil Under The Sun\"}]},{\"@type\":\"WebSite\",\"@id\":\"https:\\\/\\\/visitcalvia.org\\\/en\\\/#website\",\"url\":\"https:\\\/\\\/visitcalvia.org\\\/en\\\/\",\"name\":\"visitcalvia\",\"description\":\"Vacaciones en Mallorca \u2013 Calvi\u00e0 m\u00faltiples destinos en uno s\u00f3lo lugar. Palmanova, Santa Pon\u00e7a, Magaluf, Peguera, Portals Nous, Costa d\u2019en Blanes, Cala Vinyes\",\"potentialAction\":[{\"@type\":\"SearchAction\",\"target\":{\"@type\":\"EntryPoint\",\"urlTemplate\":\"https:\\\/\\\/visitcalvia.org\\\/en\\\/?s={search_term_string}\"},\"query-input\":{\"@type\":\"PropertyValueSpecification\",\"valueRequired\":true,\"valueName\":\"search_term_string\"}}],\"inLanguage\":\"en-US\"}]}<\/script>\n<!-- \/ Yoast SEO plugin. -->","yoast_head_json":{"title":"Film Evil Under The Sun - visitcalvia","robots":{"index":"index","follow":"follow","max-snippet":"max-snippet:-1","max-image-preview":"max-image-preview:large","max-video-preview":"max-video-preview:-1"},"canonical":"https:\/\/visitcalvia.org\/en\/film-evil-under-the-sun\/","og_locale":"en_US","og_type":"article","og_title":"Film Evil Under The Sun - visitcalvia","og_description":"[vc_row full_width=&#8221;stretch_row_content&#8221; css=&#8221;.vc_custom_1777890940537{background-image: url(https:\/\/visitcalvia.org\/wp-content\/uploads\/2025\/12\/muerte-bajo-el-sol-banner.png?id=29915) !important;background-position: center !important;background-repeat: no-repeat !important;background-size: cover !important;}&#8221;][vc_column][vc_empty_space height=&#8221;255px&#8221;][\/vc_column][\/vc_row][vc_row full_width=&#8221;stretch_row_content&#8221; css=&#8221;.vc_custom_1774951366153{background-color: #E4E4E4 !important;}&#8221;][vc_column][vc_empty_space height=&#8221;10px&#8221;][\/vc_column][\/vc_row][vc_row row_content_width=&#8221;grid&#8221;][vc_column][vc_empty_space height=&#8221;10px&#8221;][\/vc_column][\/vc_row][vc_row row_content_width=&#8221;grid&#8221;][vc_column width=&#8221;1\/4&#8243;][vc_empty_space height=&#8221;50px&#8221;][vc_single_image image=&#8221;30325&#8243; img_size=&#8221;full&#8221; alignment=&#8221;right&#8221; css=&#8221;&#8221;][\/vc_column][vc_column width=&#8221;3\/4&#8243;][vc_column_text css=&#8221;&#8221;] Title: Evil Under the Sun Calvi\u00e0 film set [\/vc_column_text][vc_btn title=&#8221;Filming location: Cala d\u2019en Monjo (Cala Fornells)&#8221; style=&#8221;outline&#8221; shape=&#8221;square&#8221; color=&#8221;black&#8221; align=&#8221;left&#8221; i_icon_fontawesome=&#8221;fas fa-map-marker-alt&#8221; css=&#8221;&#8221; add_icon=&#8221;true&#8221; link=&#8221;url:https%3A%2F%2Fwww.google.com%2Fmaps%2Fdir%2F%2F39.5284624%2C2.4304193|&#8221;][\/vc_column][\/vc_row][vc_row full_width=&#8221;stretch_row&#8221;][vc_column][vc_empty_space [&hellip;]","og_url":"https:\/\/visitcalvia.org\/en\/film-evil-under-the-sun\/","og_site_name":"visitcalvia","article_modified_time":"2026-05-07T10:38:32+00:00","og_image":[{"width":1414,"height":1892,"url":"https:\/\/visitcalvia.org\/wp-content\/uploads\/2025\/12\/evil-under-the-sun.png","type":"image\/png"}],"twitter_card":"summary_large_image","twitter_misc":{"Est. reading time":"3 minutes"},"schema":{"@context":"https:\/\/schema.org","@graph":[{"@type":"WebPage","@id":"https:\/\/visitcalvia.org\/en\/film-evil-under-the-sun\/","url":"https:\/\/visitcalvia.org\/en\/film-evil-under-the-sun\/","name":"Film Evil Under The Sun - visitcalvia","isPartOf":{"@id":"https:\/\/visitcalvia.org\/en\/#website"},"primaryImageOfPage":{"@id":"https:\/\/visitcalvia.org\/en\/film-evil-under-the-sun\/#primaryimage"},"image":{"@id":"https:\/\/visitcalvia.org\/en\/film-evil-under-the-sun\/#primaryimage"},"thumbnailUrl":"https:\/\/i0.wp.com\/visitcalvia.org\/wp-content\/uploads\/2025\/12\/evil-under-the-sun.png?fit=1414%2C1892&ssl=1","datePublished":"2026-05-07T08:21:58+00:00","dateModified":"2026-05-07T10:38:32+00:00","breadcrumb":{"@id":"https:\/\/visitcalvia.org\/en\/film-evil-under-the-sun\/#breadcrumb"},"inLanguage":"en-US","potentialAction":[{"@type":"ReadAction","target":["https:\/\/visitcalvia.org\/en\/film-evil-under-the-sun\/"]}]},{"@type":"ImageObject","inLanguage":"en-US","@id":"https:\/\/visitcalvia.org\/en\/film-evil-under-the-sun\/#primaryimage","url":"https:\/\/i0.wp.com\/visitcalvia.org\/wp-content\/uploads\/2025\/12\/evil-under-the-sun.png?fit=1414%2C1892&ssl=1","contentUrl":"https:\/\/i0.wp.com\/visitcalvia.org\/wp-content\/uploads\/2025\/12\/evil-under-the-sun.png?fit=1414%2C1892&ssl=1","width":1414,"height":1892},{"@type":"BreadcrumbList","@id":"https:\/\/visitcalvia.org\/en\/film-evil-under-the-sun\/#breadcrumb","itemListElement":[{"@type":"ListItem","position":1,"name":"Portada","item":"https:\/\/visitcalvia.org\/en\/"},{"@type":"ListItem","position":2,"name":"Film Evil Under The Sun"}]},{"@type":"WebSite","@id":"https:\/\/visitcalvia.org\/en\/#website","url":"https:\/\/visitcalvia.org\/en\/","name":"visitcalvia","description":"Vacaciones en Mallorca \u2013 Calvi\u00e0 m\u00faltiples destinos en uno s\u00f3lo lugar. Palmanova, Santa Pon\u00e7a, Magaluf, Peguera, Portals Nous, Costa d\u2019en Blanes, Cala Vinyes","potentialAction":[{"@type":"SearchAction","target":{"@type":"EntryPoint","urlTemplate":"https:\/\/visitcalvia.org\/en\/?s={search_term_string}"},"query-input":{"@type":"PropertyValueSpecification","valueRequired":true,"valueName":"search_term_string"}}],"inLanguage":"en-US"}]}},"jetpack_likes_enabled":false,"jetpack_sharing_enabled":false,"jetpack_shortlink":"https:\/\/wp.me\/PbP1bo-8fm","_links":{"self":[{"href":"https:\/\/visitcalvia.org\/en\/wp-json\/wp\/v2\/pages\/31704","targetHints":{"allow":["GET"]}}],"collection":[{"href":"https:\/\/visitcalvia.org\/en\/wp-json\/wp\/v2\/pages"}],"about":[{"href":"https:\/\/visitcalvia.org\/en\/wp-json\/wp\/v2\/types\/page"}],"author":[{"embeddable":true,"href":"https:\/\/visitcalvia.org\/en\/wp-json\/wp\/v2\/users\/182516987"}],"replies":[{"embeddable":true,"href":"https:\/\/visitcalvia.org\/en\/wp-json\/wp\/v2\/comments?post=31704"}],"version-history":[{"count":10,"href":"https:\/\/visitcalvia.org\/en\/wp-json\/wp\/v2\/pages\/31704\/revisions"}],"predecessor-version":[{"id":31822,"href":"https:\/\/visitcalvia.org\/en\/wp-json\/wp\/v2\/pages\/31704\/revisions\/31822"}],"wp:featuredmedia":[{"embeddable":true,"href":"https:\/\/visitcalvia.org\/en\/wp-json\/wp\/v2\/media\/29946"}],"wp:attachment":[{"href":"https:\/\/visitcalvia.org\/en\/wp-json\/wp\/v2\/media?parent=31704"}],"curies":[{"name":"wp","href":"https:\/\/api.w.org\/{rel}","templated":true}]}}