{"id":9213,"date":"2020-05-05T13:39:03","date_gmt":"2020-05-05T11:39:03","guid":{"rendered":"https:\/\/visitcalvia.org\/calvia-con-amigos\/"},"modified":"2023-05-16T11:16:08","modified_gmt":"2023-05-16T09:16:08","slug":"calvia-with-friends","status":"publish","type":"page","link":"https:\/\/visitcalvia.org\/en\/calvia-with-friends\/","title":{"rendered":"Calvi\u00e0 with friends"},"content":{"rendered":"<div class=\"wpb-content-wrapper\"><p>[vc_row content_placement=&#8221;middle&#8221; content_text_aligment=&#8221;center&#8221; css=&#8221;.vc_custom_1589192870572{padding-top: 81px !important;background-image: url(<a href=\"https:\/\/visitcalvia.org\/wp-content\/uploads\/2020\/05\/con-amigos-foto.jpg?id=6440\">https:\/\/visitcalvia.org\/wp-content\/uploads\/2020\/05\/con-amigos-foto.jpg?id=6440<\/a>) !important;background-position: center !important;background-repeat: no-repeat !important;background-size: cover !important;}&#8221; simple_background_color=&#8221;#ffffff&#8221;][vc_column]<div class=\"qodef-elements-holder   qodef-one-column  qodef-responsive-mode-768 \" ><div class=\"qodef-eh-item     \"  data-item-class=\"qodef-eh-custom-9754\" data-1024-1280=\"0 21%\" data-768-1024=\"0 12%\" data-680-768=\"0 0\" data-680=\"0 0\">\n\t<div class=\"qodef-eh-item-inner\">\n\t\t<div class=\"qodef-eh-item-content qodef-eh-custom-9754\" style=\"padding: 0 25%\">\n\t\t\t<div class=\"qodef-section-title-holder  qodef-st-standard qodef-st-title-left qodef-st-normal-space qodef-st-disable-title-break \" >\n\t<div class=\"qodef-st-inner\">\n\t\t\t\t\t<h2 class=\"qodef-st-title\" style=\"color: #0a0a0a\">\n\t\t\t\tExperience <span class=\"qodef-st-title-bold\">Calvi\u00e0<\/span> <span class=\"qodef-st-title-bold\">with<\/span><br \/> <span class=\"qodef-st-title-bold\">friends<\/span>\t\t\t<\/h2>\n\t\t\t\t\t\t\t<h5 class=\"qodef-st-text\" >\n\t\t\t\tEnjoy Mallorca with friends\t\t\t<\/h5>\n\t\t\t<\/div>\n<\/div>[vc_empty_space height=&#8221;96px&#8221;]\t\t<\/div>\n\t<\/div>\n\t<\/div><\/div>[\/vc_column][\/vc_row][vc_row row_content_width=&#8221;grid&#8221;][vc_column][vc_empty_space height=&#8221;30px&#8221;]<div class=\"qodef-section-title-holder  qodef-st-standard qodef-st-title-left qodef-st-normal-space qodef-st-disable-title-break \" >\n\t<div class=\"qodef-st-inner\">\n\t\t\t\t\t<h2 class=\"qodef-st-title\" style=\"color: #0a0a0a\">\n\t\t\t\tExperience Calvi\u00e0 <span class=\"qodef-st-title-bold\">with<\/span><br \/> <span class=\"qodef-st-title-bold\">friends<\/span>\t\t\t<\/h2>\n\t\t\t\t\t<\/div>\n<\/div>[vc_empty_space height=&#8221;20px&#8221;][vc_row_inner][vc_column_inner width=&#8221;1\/2&#8243;][vc_column_text]<span style=\"font-weight: 400;\">Get to know some of the best beaches and coves on the island, enjoy the different nightlife options in some of the most emblematic or exclusive destinations in the world, compete or train in the best environment and with all associated services, attend an international music festival or sessions of the world&#8217;s best DJs, rest and regain your strength in some of the best beach clubs or beach bars on the <a href=\"https:\/\/www.illesbalears.travel\/en\/mallorca\/\">island<\/a>, or enjoy a meal in spectacular surroundings, with your preferred choice of gastronomy.<\/span><\/p>\n<p><span style=\"font-weight: 400;\">These are just a few ideas of what Calvi\u00e0 offers you when visiting with friends. Enjoy Mallorca with friends<\/span>[\/vc_column_text][\/vc_column_inner][vc_column_inner width=&#8221;1\/2&#8243;]<div class=\"qodef-banner-holder  qodef-simple qodef-banner-info-default\">\n    <div class=\"qodef-banner-image\">\n        <img decoding=\"async\" width=\"1400\" height=\"908\" src=\"https:\/\/i0.wp.com\/visitcalvia.org\/wp-content\/uploads\/2020\/05\/calvia-con-amigos-1.jpeg?fit=1400%2C908&amp;ssl=1\" class=\"attachment-full size-full\" alt=\"vive calvi\u00e0 con amigos, magaluf, mallorca, palmanova, fiesta, party, ocio\" srcset=\"https:\/\/i0.wp.com\/visitcalvia.org\/wp-content\/uploads\/2020\/05\/calvia-con-amigos-1.jpeg?w=1400&amp;ssl=1 1400w, https:\/\/i0.wp.com\/visitcalvia.org\/wp-content\/uploads\/2020\/05\/calvia-con-amigos-1.jpeg?resize=300%2C195&amp;ssl=1 300w, https:\/\/i0.wp.com\/visitcalvia.org\/wp-content\/uploads\/2020\/05\/calvia-con-amigos-1.jpeg?resize=1024%2C664&amp;ssl=1 1024w, https:\/\/i0.wp.com\/visitcalvia.org\/wp-content\/uploads\/2020\/05\/calvia-con-amigos-1.jpeg?resize=768%2C498&amp;ssl=1 768w, https:\/\/i0.wp.com\/visitcalvia.org\/wp-content\/uploads\/2020\/05\/calvia-con-amigos-1.jpeg?resize=1200%2C778&amp;ssl=1 1200w, https:\/\/i0.wp.com\/visitcalvia.org\/wp-content\/uploads\/2020\/05\/calvia-con-amigos-1.jpeg?resize=600%2C389&amp;ssl=1 600w, https:\/\/i0.wp.com\/visitcalvia.org\/wp-content\/uploads\/2020\/05\/calvia-con-amigos-1.jpeg?resize=64%2C42&amp;ssl=1 64w\" sizes=\"(max-width: 1100px) 100vw, 1100px\" data-attachment-id=\"6451\" data-permalink=\"https:\/\/visitcalvia.org\/en\/calvia-con-amigos\/calvia-con-amigos-2\/\" data-orig-file=\"https:\/\/i0.wp.com\/visitcalvia.org\/wp-content\/uploads\/2020\/05\/calvia-con-amigos-1.jpeg?fit=1400%2C908&amp;ssl=1\" data-orig-size=\"1400,908\" data-comments-opened=\"1\" data-image-meta=\"{&quot;aperture&quot;:&quot;0&quot;,&quot;credit&quot;:&quot;&quot;,&quot;camera&quot;:&quot;&quot;,&quot;caption&quot;:&quot;&quot;,&quot;created_timestamp&quot;:&quot;0&quot;,&quot;copyright&quot;:&quot;&quot;,&quot;focal_length&quot;:&quot;0&quot;,&quot;iso&quot;:&quot;0&quot;,&quot;shutter_speed&quot;:&quot;0&quot;,&quot;title&quot;:&quot;&quot;,&quot;orientation&quot;:&quot;0&quot;}\" data-image-title=\"calvia-con-amigos\" data-image-description=\"\" data-image-caption=\"\" data-medium-file=\"https:\/\/i0.wp.com\/visitcalvia.org\/wp-content\/uploads\/2020\/05\/calvia-con-amigos-1.jpeg?fit=300%2C195&amp;ssl=1\" data-large-file=\"https:\/\/i0.wp.com\/visitcalvia.org\/wp-content\/uploads\/2020\/05\/calvia-con-amigos-1.jpeg?fit=1024%2C664&amp;ssl=1\" \/>    <\/div>\n    <div class=\"qodef-banner-text-holder\" >\n\t    <div class=\"qodef-banner-text-outer\">\n\t\t    <div class=\"qodef-banner-text-inner\">\n\t\t        \t\t        \t\t\t<\/div>\n\t\t<\/div>\n\t<\/div>\n\t<\/div>[\/vc_column_inner][\/vc_row_inner][vc_empty_space height=&#8221;50px&#8221;][vc_column_text]<\/p>\n<h2 style=\"font-size: 25px; margin-bottom: -8px;\"><b>Enjoy the best plans <\/b>with friends<\/h2>\n<p><em><span class=\"change-second-color\" style=\"color: #f5031a; font-family: Montserrat;\">VistCalvi\u00e0<\/span><\/em>[\/vc_column_text][vc_empty_space height=&#8221;10px&#8221;][\/vc_column][\/vc_row][vc_row][vc_column][vc_empty_space height=&#8221;45px&#8221;]<div class=\"qodef-elements-holder   qodef-three-columns  qodef-responsive-mode-768 \" ><div class=\"qodef-eh-item     qodef-badge-enabled\" style=\"background-color: #fafafa\" data-item-class=\"qodef-eh-custom-8761\" data-1280-1600=\"0 10% 4% 12%\" data-1024-1280=\"0 15% 6% 10%\" data-768-1024=\"0 0 6% 5%\" data-680-768=\"15% 40% 10% 10%\" data-680=\"30% 10% 10% 5%\">\n\t<div class=\"qodef-eh-item-inner\">\n\t\t<div class=\"qodef-eh-item-content qodef-eh-custom-8761\" style=\"padding: 0 10% 4% 22%\">\n\t\t\t[vc_column_text]<\/p>\n<h3 style=\"text-align: left;\">Enjoy <strong>cycling<\/strong><\/h3>\n<p style=\"font-family: Montserrat; margin-top: -18px; margin-bottom: 16px; text-align: left;\"><span class=\"change-second-color\" style=\"color: #ff0030;\"><em>Calvi\u00e0 Mallorca<\/em><\/span><\/p>\n<p style=\"margin-bottom: 16px; text-align: left;\">If you are a cyclist, then Mallorca is your paradise. The island has everything you need to enjoy your sport to the full. Warm weather for most of the year, world class routes alternating flat and consistent gradients, all associated services, and a short (less than 3 hour) flight from most European capitals.<\/p>\n<p>[\/vc_column_text]<a itemprop=\"url\" href=\"https:\/\/visitcalvia.org\/en\/cycling\/\" target=\"_blank\" style=\"text-transform: capitalize\" class=\"qodef-btn qodef-btn-medium qodef-btn-simple qodef-btn-icon\"  >\n    <span class=\"qodef-btn-text\">Cycling routes, see more<\/span>\n    <i class=\"qodef-icon-font-awesome fa fa-chevron-right \" ><\/i><\/a>\t\t<\/div>\n\t<\/div>\n\t\t\t<div class=\"qodef-eh-badge-holder\">\n\t\t\t<div class=\"qodef-eh-badge\">\n\t\t\t\t<div class=\"qodef-eh-badge-text\">Routes<\/div>\n\t\t\t<\/div>\n\t\t<\/div>\n\t<\/div><div class=\"qodef-eh-item     \"  data-item-class=\"qodef-eh-custom-5735\" data-680=\"0 0\">\n\t<div class=\"qodef-eh-item-inner\">\n\t\t<div class=\"qodef-eh-item-content qodef-eh-custom-5735\" >\n\t\t\t<div class=\"qodef-banner-holder  qodef-simple qodef-banner-info-default\">\n    <div class=\"qodef-banner-image\">\n        <img decoding=\"async\" width=\"1920\" height=\"1100\" src=\"https:\/\/i0.wp.com\/visitcalvia.org\/wp-content\/uploads\/2020\/07\/banner-deporte.jpg?fit=1920%2C1100&amp;ssl=1\" class=\"attachment-full size-full\" alt=\"banner-deporte\" srcset=\"https:\/\/i0.wp.com\/visitcalvia.org\/wp-content\/uploads\/2020\/07\/banner-deporte.jpg?w=1920&amp;ssl=1 1920w, https:\/\/i0.wp.com\/visitcalvia.org\/wp-content\/uploads\/2020\/07\/banner-deporte.jpg?resize=300%2C172&amp;ssl=1 300w, https:\/\/i0.wp.com\/visitcalvia.org\/wp-content\/uploads\/2020\/07\/banner-deporte.jpg?resize=1024%2C587&amp;ssl=1 1024w, https:\/\/i0.wp.com\/visitcalvia.org\/wp-content\/uploads\/2020\/07\/banner-deporte.jpg?resize=768%2C440&amp;ssl=1 768w, https:\/\/i0.wp.com\/visitcalvia.org\/wp-content\/uploads\/2020\/07\/banner-deporte.jpg?resize=1536%2C880&amp;ssl=1 1536w, https:\/\/i0.wp.com\/visitcalvia.org\/wp-content\/uploads\/2020\/07\/banner-deporte.jpg?resize=1200%2C688&amp;ssl=1 1200w, https:\/\/i0.wp.com\/visitcalvia.org\/wp-content\/uploads\/2020\/07\/banner-deporte.jpg?resize=150%2C86&amp;ssl=1 150w, https:\/\/i0.wp.com\/visitcalvia.org\/wp-content\/uploads\/2020\/07\/banner-deporte.jpg?resize=500%2C286&amp;ssl=1 500w, https:\/\/i0.wp.com\/visitcalvia.org\/wp-content\/uploads\/2020\/07\/banner-deporte.jpg?resize=600%2C344&amp;ssl=1 600w, https:\/\/i0.wp.com\/visitcalvia.org\/wp-content\/uploads\/2020\/07\/banner-deporte.jpg?resize=64%2C37&amp;ssl=1 64w\" sizes=\"(max-width: 1100px) 100vw, 1100px\" data-attachment-id=\"13366\" data-permalink=\"https:\/\/visitcalvia.org\/en\/deporte-en-calvia\/banner-deporte-2-2\/\" data-orig-file=\"https:\/\/i0.wp.com\/visitcalvia.org\/wp-content\/uploads\/2020\/07\/banner-deporte.jpg?fit=1920%2C1100&amp;ssl=1\" data-orig-size=\"1920,1100\" data-comments-opened=\"1\" data-image-meta=\"{&quot;aperture&quot;:&quot;0&quot;,&quot;credit&quot;:&quot;&quot;,&quot;camera&quot;:&quot;&quot;,&quot;caption&quot;:&quot;&quot;,&quot;created_timestamp&quot;:&quot;0&quot;,&quot;copyright&quot;:&quot;&quot;,&quot;focal_length&quot;:&quot;0&quot;,&quot;iso&quot;:&quot;0&quot;,&quot;shutter_speed&quot;:&quot;0&quot;,&quot;title&quot;:&quot;&quot;,&quot;orientation&quot;:&quot;0&quot;}\" data-image-title=\"banner-deporte\" data-image-description=\"\" data-image-caption=\"\" data-medium-file=\"https:\/\/i0.wp.com\/visitcalvia.org\/wp-content\/uploads\/2020\/07\/banner-deporte.jpg?fit=300%2C172&amp;ssl=1\" data-large-file=\"https:\/\/i0.wp.com\/visitcalvia.org\/wp-content\/uploads\/2020\/07\/banner-deporte.jpg?fit=1024%2C587&amp;ssl=1\" \/>    <\/div>\n    <div class=\"qodef-banner-text-holder\" >\n\t    <div class=\"qodef-banner-text-outer\">\n\t\t    <div class=\"qodef-banner-text-inner\">\n\t\t        \t\t        \t\t\t<\/div>\n\t\t<\/div>\n\t<\/div>\n\t        <a itemprop=\"url\" class=\"qodef-banner-link\" href=\"https:\/\/visitcalvia.org\/en\/cycling\/\" target=\"_self\"><\/a>\n    <\/div>\t\t<\/div>\n\t<\/div>\n\t<\/div><div class=\"qodef-eh-item change-background  qodef-horizontal-alignment-center  \" style=\"background-color: #9bc535\" data-item-class=\"qodef-eh-custom-8335\" data-1280-1600=\"0 0 4% 0\" data-1024-1280=\"0 0 9% 0\" data-768-1024=\"0 0 10% 0\" data-680-768=\"17% 0 20%\" data-680=\"9% 0 26% 0\">\n\t<div class=\"qodef-eh-item-inner\">\n\t\t<div class=\"qodef-eh-item-content qodef-eh-custom-8335\" style=\"padding: 0 0 5% 0\">\n\t\t\t<h2 class=\"qodef-custom-font-holder  qodef-cf-9522  qodef-double-text\" style=\"font-family: MarkMyWords;font-size: 165px;line-height: 185px;text-transform: capitalize;text-align: center\" data-item-class=\"qodef-cf-9522\" data-font-size-1440=\"135px\" data-font-size-1280=\"115px\" data-font-size-1024=\"75px\" data-font-size-768=\"165px\" data-font-size-680=\"60px\" data-line-height-1440=\"155px\" data-line-height-1024=\"95px\" data-line-height-768=\"210px\" data-line-height-680=\"87px\">\n\t\t\t<span class=\"qodef-cf-double-text-holder\">\n\t\t\t<span class=\"qodef-cf-double-text-above\">Sport<\/span>\n\t\t\t<span class=\"qodef-cf-double-text-below\" style=\"color: #ffffff\">Sport<\/span>\n\t\t<\/span>\n\t\t\t\t\t<a itemprop=\"url\" class=\"qodef-cf-double-text-link\" href=\"https:\/\/visitcalvia.org\/en\/cycling\/\" target=\"_self\"><\/a>\n\t\t\t<\/h2>\t\t<\/div>\n\t<\/div>\n\t<\/div><\/div>[\/vc_column][\/vc_row][vc_row][vc_column][vc_empty_space height=&#8221;45px&#8221;]<div class=\"qodef-elements-holder   qodef-three-columns  qodef-responsive-mode-768 \" ><div class=\"qodef-eh-item     \"  data-item-class=\"qodef-eh-custom-2616\" data-680=\"0 0\">\n\t<div class=\"qodef-eh-item-inner\">\n\t\t<div class=\"qodef-eh-item-content qodef-eh-custom-2616\" >\n\t\t\t<div class=\"qodef-banner-holder  qodef-simple qodef-banner-info-default\">\n    <div class=\"qodef-banner-image\">\n        <img decoding=\"async\" width=\"1920\" height=\"1100\" src=\"https:\/\/i0.wp.com\/visitcalvia.org\/wp-content\/uploads\/2020\/05\/Banner-senderismo.jpg?fit=1920%2C1100&amp;ssl=1\" class=\"attachment-full size-full\" alt=\"\" srcset=\"https:\/\/i0.wp.com\/visitcalvia.org\/wp-content\/uploads\/2020\/05\/Banner-senderismo.jpg?w=1920&amp;ssl=1 1920w, https:\/\/i0.wp.com\/visitcalvia.org\/wp-content\/uploads\/2020\/05\/Banner-senderismo.jpg?resize=300%2C172&amp;ssl=1 300w, https:\/\/i0.wp.com\/visitcalvia.org\/wp-content\/uploads\/2020\/05\/Banner-senderismo.jpg?resize=1024%2C587&amp;ssl=1 1024w, https:\/\/i0.wp.com\/visitcalvia.org\/wp-content\/uploads\/2020\/05\/Banner-senderismo.jpg?resize=768%2C440&amp;ssl=1 768w, https:\/\/i0.wp.com\/visitcalvia.org\/wp-content\/uploads\/2020\/05\/Banner-senderismo.jpg?resize=1536%2C880&amp;ssl=1 1536w, https:\/\/i0.wp.com\/visitcalvia.org\/wp-content\/uploads\/2020\/05\/Banner-senderismo.jpg?resize=1200%2C688&amp;ssl=1 1200w, https:\/\/i0.wp.com\/visitcalvia.org\/wp-content\/uploads\/2020\/05\/Banner-senderismo.jpg?resize=600%2C344&amp;ssl=1 600w, https:\/\/i0.wp.com\/visitcalvia.org\/wp-content\/uploads\/2020\/05\/Banner-senderismo.jpg?resize=64%2C37&amp;ssl=1 64w\" sizes=\"(max-width: 1100px) 100vw, 1100px\" data-attachment-id=\"5705\" data-permalink=\"https:\/\/visitcalvia.org\/en\/ciclismo\/banner-senderismo\/\" data-orig-file=\"https:\/\/i0.wp.com\/visitcalvia.org\/wp-content\/uploads\/2020\/05\/Banner-senderismo.jpg?fit=1920%2C1100&amp;ssl=1\" data-orig-size=\"1920,1100\" data-comments-opened=\"1\" data-image-meta=\"{&quot;aperture&quot;:&quot;0&quot;,&quot;credit&quot;:&quot;&quot;,&quot;camera&quot;:&quot;&quot;,&quot;caption&quot;:&quot;&quot;,&quot;created_timestamp&quot;:&quot;0&quot;,&quot;copyright&quot;:&quot;&quot;,&quot;focal_length&quot;:&quot;0&quot;,&quot;iso&quot;:&quot;0&quot;,&quot;shutter_speed&quot;:&quot;0&quot;,&quot;title&quot;:&quot;&quot;,&quot;orientation&quot;:&quot;0&quot;}\" data-image-title=\"Banner-senderismo\" data-image-description=\"\" data-image-caption=\"\" data-medium-file=\"https:\/\/i0.wp.com\/visitcalvia.org\/wp-content\/uploads\/2020\/05\/Banner-senderismo.jpg?fit=300%2C172&amp;ssl=1\" data-large-file=\"https:\/\/i0.wp.com\/visitcalvia.org\/wp-content\/uploads\/2020\/05\/Banner-senderismo.jpg?fit=1024%2C587&amp;ssl=1\" \/>    <\/div>\n    <div class=\"qodef-banner-text-holder\" >\n\t    <div class=\"qodef-banner-text-outer\">\n\t\t    <div class=\"qodef-banner-text-inner\">\n\t\t        \t\t        \t\t\t<\/div>\n\t\t<\/div>\n\t<\/div>\n\t        <a itemprop=\"url\" class=\"qodef-banner-link\" href=\"https:\/\/visitcalvia.org\/en\/hiking\/\" target=\"_self\"><\/a>\n    <\/div>\t\t<\/div>\n\t<\/div>\n\t<\/div><div class=\"qodef-eh-item     qodef-badge-enabled\" style=\"background-color: #fafafa\" data-item-class=\"qodef-eh-custom-2590\" data-1280-1600=\"0 10% 4% 12%\" data-1024-1280=\"0 15% 6% 10%\" data-768-1024=\"0 0 6% 5%\" data-680-768=\"15% 40% 10% 10%\" data-680=\"30% 10% 10% 5%\">\n\t<div class=\"qodef-eh-item-inner\">\n\t\t<div class=\"qodef-eh-item-content qodef-eh-custom-2590\" style=\"padding: 0 10% 4% 22%\">\n\t\t\t[vc_column_text]<\/p>\n<h3 style=\"text-align: left;\"><strong>Hiking <\/strong>in Calvi\u00e0<\/h3>\n<p style=\"font-family: Montserrat; margin-top: -18px; margin-bottom: 16px; text-align: left;\"><span class=\"change-second-color\" style=\"color: #ff0030;\"><em>Mallorca<\/em><\/span><\/p>\n<p style=\"margin-bottom: 16px; text-align: left;\">Coast, mountains, historical, natural or architectural heritage, flora and fauna, nature, traditional villages, and distinct urban centres. These are just some of the landscapes you will find as you walk through Calvi\u00e0.<\/p>\n<p>[\/vc_column_text]<a itemprop=\"url\" href=\"https:\/\/visitcalvia.org\/en\/hiking\/\" target=\"_blank\" style=\"text-transform: capitalize\" class=\"qodef-btn qodef-btn-medium qodef-btn-simple qodef-btn-icon\"  >\n    <span class=\"qodef-btn-text\">Hiking routes, see more<\/span>\n    <i class=\"qodef-icon-font-awesome fa fa-chevron-right \" ><\/i><\/a>\t\t<\/div>\n\t<\/div>\n\t\t\t<div class=\"qodef-eh-badge-holder\">\n\t\t\t<div class=\"qodef-eh-badge\">\n\t\t\t\t<div class=\"qodef-eh-badge-text\">Routes<\/div>\n\t\t\t<\/div>\n\t\t<\/div>\n\t<\/div><div class=\"qodef-eh-item change-background  qodef-horizontal-alignment-center  \" style=\"background-color: #9bc535\" data-item-class=\"qodef-eh-custom-6004\" data-1280-1600=\"0 0 4% 0\" data-1024-1280=\"0 0 9% 0\" data-768-1024=\"0 0 10% 0\" data-680-768=\"17% 0 20%\" data-680=\"9% 0 26% 0\">\n\t<div class=\"qodef-eh-item-inner\">\n\t\t<div class=\"qodef-eh-item-content qodef-eh-custom-6004\" style=\"padding: 0 0 5% 0\">\n\t\t\t<h2 class=\"qodef-custom-font-holder  qodef-cf-6013  qodef-double-text\" style=\"font-family: MarkMyWords;font-size: 165px;line-height: 185px;text-transform: capitalize;text-align: center\" data-item-class=\"qodef-cf-6013\" data-font-size-1440=\"135px\" data-font-size-1280=\"115px\" data-font-size-1024=\"75px\" data-font-size-768=\"165px\" data-font-size-680=\"60px\" data-line-height-1440=\"155px\" data-line-height-1024=\"95px\" data-line-height-768=\"210px\" data-line-height-680=\"87px\">\n\t\t\t<span class=\"qodef-cf-double-text-holder\">\n\t\t\t<span class=\"qodef-cf-double-text-above\">Routes<\/span>\n\t\t\t<span class=\"qodef-cf-double-text-below\" style=\"color: #ffffff\">Routes<\/span>\n\t\t<\/span>\n\t\t\t\t\t<a itemprop=\"url\" class=\"qodef-cf-double-text-link\" href=\"https:\/\/visitcalvia.org\/en\/hiking\/\" target=\"_self\"><\/a>\n\t\t\t<\/h2>\t\t<\/div>\n\t<\/div>\n\t<\/div><\/div>[\/vc_column][\/vc_row][vc_row row_content_width=&#8221;grid&#8221;][vc_column][vc_empty_space height=&#8221;50px&#8221;][vc_column_text]<\/p>\n<h2 style=\"font-size: 25px; margin-bottom: -8px;\"><b>Enjoy the best plans <\/b>with friends<\/h2>\n<p><em><span class=\"change-second-color\" style=\"color: #f5031a; font-family: Montserrat;\">VistCalvi\u00e0<\/span><\/em>[\/vc_column_text][vc_empty_space height=&#8221;10px&#8221;][\/vc_column][\/vc_row][vc_row gap=&#8221;10&#8243; row_content_width=&#8221;grid&#8221;][vc_column width=&#8221;1\/3&#8243;]<div class=\"qodef-banner-holder  qodef-simple qodef-banner-info-default\">\n    <div class=\"qodef-banner-image\">\n        <img decoding=\"async\" width=\"861\" height=\"571\" src=\"https:\/\/i0.wp.com\/visitcalvia.org\/wp-content\/uploads\/2020\/04\/CALA-BLANCA-COSTA-DE-LA-CALMA.png?fit=861%2C571&amp;ssl=1\" class=\"attachment-full size-full\" alt=\"Playa Cala Blanca - Mallorca. Cala Blanca beach - Majorca. Costa de la Calma , Santa Pon\u00e7a\" srcset=\"https:\/\/i0.wp.com\/visitcalvia.org\/wp-content\/uploads\/2020\/04\/CALA-BLANCA-COSTA-DE-LA-CALMA.png?w=861&amp;ssl=1 861w, https:\/\/i0.wp.com\/visitcalvia.org\/wp-content\/uploads\/2020\/04\/CALA-BLANCA-COSTA-DE-LA-CALMA.png?resize=300%2C199&amp;ssl=1 300w, https:\/\/i0.wp.com\/visitcalvia.org\/wp-content\/uploads\/2020\/04\/CALA-BLANCA-COSTA-DE-LA-CALMA.png?resize=768%2C509&amp;ssl=1 768w, https:\/\/i0.wp.com\/visitcalvia.org\/wp-content\/uploads\/2020\/04\/CALA-BLANCA-COSTA-DE-LA-CALMA.png?resize=391%2C260&amp;ssl=1 391w, https:\/\/i0.wp.com\/visitcalvia.org\/wp-content\/uploads\/2020\/04\/CALA-BLANCA-COSTA-DE-LA-CALMA.png?resize=600%2C398&amp;ssl=1 600w, https:\/\/i0.wp.com\/visitcalvia.org\/wp-content\/uploads\/2020\/04\/CALA-BLANCA-COSTA-DE-LA-CALMA.png?resize=64%2C42&amp;ssl=1 64w\" sizes=\"(max-width: 861px) 100vw, 861px\" data-attachment-id=\"5418\" data-permalink=\"https:\/\/visitcalvia.org\/en\/costa-la-calma\/cala-blanca-costa-de-la-calma-2\/\" data-orig-file=\"https:\/\/i0.wp.com\/visitcalvia.org\/wp-content\/uploads\/2020\/04\/CALA-BLANCA-COSTA-DE-LA-CALMA.png?fit=861%2C571&amp;ssl=1\" data-orig-size=\"861,571\" data-comments-opened=\"1\" data-image-meta=\"{&quot;aperture&quot;:&quot;0&quot;,&quot;credit&quot;:&quot;&quot;,&quot;camera&quot;:&quot;&quot;,&quot;caption&quot;:&quot;&quot;,&quot;created_timestamp&quot;:&quot;0&quot;,&quot;copyright&quot;:&quot;&quot;,&quot;focal_length&quot;:&quot;0&quot;,&quot;iso&quot;:&quot;0&quot;,&quot;shutter_speed&quot;:&quot;0&quot;,&quot;title&quot;:&quot;&quot;,&quot;orientation&quot;:&quot;0&quot;}\" data-image-title=\"CALA BLANCA, COSTA DE LA CALMA\" data-image-description=\"\" data-image-caption=\"\" data-medium-file=\"https:\/\/i0.wp.com\/visitcalvia.org\/wp-content\/uploads\/2020\/04\/CALA-BLANCA-COSTA-DE-LA-CALMA.png?fit=300%2C199&amp;ssl=1\" data-large-file=\"https:\/\/i0.wp.com\/visitcalvia.org\/wp-content\/uploads\/2020\/04\/CALA-BLANCA-COSTA-DE-LA-CALMA.png?fit=861%2C571&amp;ssl=1\" \/>    <\/div>\n    <div class=\"qodef-banner-text-holder\" >\n\t    <div class=\"qodef-banner-text-outer\">\n\t\t    <div class=\"qodef-banner-text-inner\">\n\t\t        \t\t        \t\t\t<\/div>\n\t\t<\/div>\n\t<\/div>\n\t        <a itemprop=\"url\" class=\"qodef-banner-link\" href=\"https:\/\/visitcalvia.org\/en\/beach\/\" target=\"_self\"><\/a>\n    <\/div>[vc_column_text]<b>Enjoy the beaches and coves:<\/b><span style=\"font-weight: 400;\"> You won&#8217;t be able to visit all of them. Calvi\u00e0 has 30 beaches and coves in its surroundings. Therefore, if you stay in the municipality, you are guaranteed to have a nearby option. Via this link you can find all the beaches within your reach.<\/span>[\/vc_column_text]<a itemprop=\"url\" href=\"https:\/\/visitcalvia.org\/en\/beach\/\" target=\"_self\" style=\"text-transform: none\" class=\"qodef-btn qodef-btn-medium qodef-btn-simple qodef-btn-icon\"  >\n    <span class=\"qodef-btn-text\">See more<\/span>\n    <i class=\"qodef-icon-font-awesome fa fa-chevron-right \" ><\/i><\/a>[vc_empty_space height=&#8221;20px&#8221;][\/vc_column][vc_column width=&#8221;1\/3&#8243;]<div class=\"qodef-banner-holder  qodef-simple qodef-banner-info-default\">\n    <div class=\"qodef-banner-image\">\n        <img decoding=\"async\" width=\"1400\" height=\"928\" src=\"https:\/\/i0.wp.com\/visitcalvia.org\/wp-content\/uploads\/2020\/05\/ocionocturno-calvia.jpg?fit=1400%2C928&amp;ssl=1\" class=\"attachment-full size-full\" alt=\"ocio nocturno en calvi\u00e0 , vive Calvi\u00e0 con amigos, fiesta, party, Mallorca , dJ&#039;S\" srcset=\"https:\/\/i0.wp.com\/visitcalvia.org\/wp-content\/uploads\/2020\/05\/ocionocturno-calvia.jpg?w=1400&amp;ssl=1 1400w, https:\/\/i0.wp.com\/visitcalvia.org\/wp-content\/uploads\/2020\/05\/ocionocturno-calvia.jpg?resize=300%2C199&amp;ssl=1 300w, https:\/\/i0.wp.com\/visitcalvia.org\/wp-content\/uploads\/2020\/05\/ocionocturno-calvia.jpg?resize=1024%2C679&amp;ssl=1 1024w, https:\/\/i0.wp.com\/visitcalvia.org\/wp-content\/uploads\/2020\/05\/ocionocturno-calvia.jpg?resize=768%2C509&amp;ssl=1 768w, https:\/\/i0.wp.com\/visitcalvia.org\/wp-content\/uploads\/2020\/05\/ocionocturno-calvia.jpg?resize=391%2C260&amp;ssl=1 391w, https:\/\/i0.wp.com\/visitcalvia.org\/wp-content\/uploads\/2020\/05\/ocionocturno-calvia.jpg?resize=1200%2C795&amp;ssl=1 1200w, https:\/\/i0.wp.com\/visitcalvia.org\/wp-content\/uploads\/2020\/05\/ocionocturno-calvia.jpg?resize=600%2C398&amp;ssl=1 600w, https:\/\/i0.wp.com\/visitcalvia.org\/wp-content\/uploads\/2020\/05\/ocionocturno-calvia.jpg?resize=64%2C42&amp;ssl=1 64w\" sizes=\"(max-width: 1100px) 100vw, 1100px\" data-attachment-id=\"6473\" data-permalink=\"https:\/\/visitcalvia.org\/en\/calvia-con-amigos\/ocionocturno-calvia\/\" data-orig-file=\"https:\/\/i0.wp.com\/visitcalvia.org\/wp-content\/uploads\/2020\/05\/ocionocturno-calvia.jpg?fit=1400%2C928&amp;ssl=1\" data-orig-size=\"1400,928\" data-comments-opened=\"1\" data-image-meta=\"{&quot;aperture&quot;:&quot;0&quot;,&quot;credit&quot;:&quot;&quot;,&quot;camera&quot;:&quot;&quot;,&quot;caption&quot;:&quot;&quot;,&quot;created_timestamp&quot;:&quot;0&quot;,&quot;copyright&quot;:&quot;&quot;,&quot;focal_length&quot;:&quot;0&quot;,&quot;iso&quot;:&quot;0&quot;,&quot;shutter_speed&quot;:&quot;0&quot;,&quot;title&quot;:&quot;&quot;,&quot;orientation&quot;:&quot;0&quot;}\" data-image-title=\"ocionocturno-calvia\" data-image-description=\"\" data-image-caption=\"\" data-medium-file=\"https:\/\/i0.wp.com\/visitcalvia.org\/wp-content\/uploads\/2020\/05\/ocionocturno-calvia.jpg?fit=300%2C199&amp;ssl=1\" data-large-file=\"https:\/\/i0.wp.com\/visitcalvia.org\/wp-content\/uploads\/2020\/05\/ocionocturno-calvia.jpg?fit=1024%2C679&amp;ssl=1\" \/>    <\/div>\n    <div class=\"qodef-banner-text-holder\" >\n\t    <div class=\"qodef-banner-text-outer\">\n\t\t    <div class=\"qodef-banner-text-inner\">\n\t\t        \t\t        \t\t\t<\/div>\n\t\t<\/div>\n\t<\/div>\n\t        <a itemprop=\"url\" class=\"qodef-banner-link\" href=\"https:\/\/visitcalvia.org\/en\/category\/nightlife-en\/\" target=\"_self\"><\/a>\n    <\/div>[vc_column_text]<span style=\"font-weight: 400;\"><strong>Nightlife:<\/strong> Calvi\u00e0 has a great and innovative range of nightlife. Areas such as Magaluf, Puerto Portals (Portals Nous) Santa Pon\u00e7a or Peguera have a range of nightlife options adapted to different preferences.<\/span>[\/vc_column_text]<a itemprop=\"url\" href=\"https:\/\/visitcalvia.org\/en\/category\/nightlife-en\/\" target=\"_self\" style=\"text-transform: none\" class=\"qodef-btn qodef-btn-medium qodef-btn-simple qodef-btn-icon\"  >\n    <span class=\"qodef-btn-text\">See more<\/span>\n    <i class=\"qodef-icon-font-awesome fa fa-chevron-right \" ><\/i><\/a>[vc_empty_space height=&#8221;20px&#8221;][\/vc_column][vc_column width=&#8221;1\/3&#8243;]<div class=\"qodef-banner-holder  qodef-simple qodef-banner-info-default\">\n    <div class=\"qodef-banner-image\">\n        <img decoding=\"async\" width=\"858\" height=\"570\" src=\"https:\/\/i0.wp.com\/visitcalvia.org\/wp-content\/uploads\/2020\/04\/MAGALUF3.png?fit=858%2C570&amp;ssl=1\" class=\"attachment-full size-full\" alt=\"Playa Magaluf en Mallorca , Magaluf beach in Majorca\" srcset=\"https:\/\/i0.wp.com\/visitcalvia.org\/wp-content\/uploads\/2020\/04\/MAGALUF3.png?w=858&amp;ssl=1 858w, https:\/\/i0.wp.com\/visitcalvia.org\/wp-content\/uploads\/2020\/04\/MAGALUF3.png?resize=300%2C199&amp;ssl=1 300w, https:\/\/i0.wp.com\/visitcalvia.org\/wp-content\/uploads\/2020\/04\/MAGALUF3.png?resize=768%2C510&amp;ssl=1 768w, https:\/\/i0.wp.com\/visitcalvia.org\/wp-content\/uploads\/2020\/04\/MAGALUF3.png?resize=391%2C260&amp;ssl=1 391w, https:\/\/i0.wp.com\/visitcalvia.org\/wp-content\/uploads\/2020\/04\/MAGALUF3.png?resize=600%2C399&amp;ssl=1 600w, https:\/\/i0.wp.com\/visitcalvia.org\/wp-content\/uploads\/2020\/04\/MAGALUF3.png?resize=64%2C43&amp;ssl=1 64w\" sizes=\"(max-width: 858px) 100vw, 858px\" data-attachment-id=\"5472\" data-permalink=\"https:\/\/visitcalvia.org\/en\/magaluf\/magaluf3\/\" data-orig-file=\"https:\/\/i0.wp.com\/visitcalvia.org\/wp-content\/uploads\/2020\/04\/MAGALUF3.png?fit=858%2C570&amp;ssl=1\" data-orig-size=\"858,570\" data-comments-opened=\"1\" data-image-meta=\"{&quot;aperture&quot;:&quot;0&quot;,&quot;credit&quot;:&quot;&quot;,&quot;camera&quot;:&quot;&quot;,&quot;caption&quot;:&quot;&quot;,&quot;created_timestamp&quot;:&quot;0&quot;,&quot;copyright&quot;:&quot;&quot;,&quot;focal_length&quot;:&quot;0&quot;,&quot;iso&quot;:&quot;0&quot;,&quot;shutter_speed&quot;:&quot;0&quot;,&quot;title&quot;:&quot;&quot;,&quot;orientation&quot;:&quot;0&quot;}\" data-image-title=\"Playa Magaluf\" data-image-description=\"\" data-image-caption=\"\" data-medium-file=\"https:\/\/i0.wp.com\/visitcalvia.org\/wp-content\/uploads\/2020\/04\/MAGALUF3.png?fit=300%2C199&amp;ssl=1\" data-large-file=\"https:\/\/i0.wp.com\/visitcalvia.org\/wp-content\/uploads\/2020\/04\/MAGALUF3.png?fit=858%2C570&amp;ssl=1\" \/>    <\/div>\n    <div class=\"qodef-banner-text-holder\" >\n\t    <div class=\"qodef-banner-text-outer\">\n\t\t    <div class=\"qodef-banner-text-inner\">\n\t\t        \t\t        \t\t\t<\/div>\n\t\t<\/div>\n\t<\/div>\n\t        <a itemprop=\"url\" class=\"qodef-banner-link\" href=\"https:\/\/visitcalvia.org\/en\/magaluf\/\" target=\"_self\"><\/a>\n    <\/div>[vc_column_text]<b>Magaluf:<\/b><span style=\"font-weight: 400;\"> its nightlife area is one of the most visited in the world.\u00a0 Discotheques, cocktail bars, themed bars, beach clubs and only adult hotels make up a very complete and state-of-the-art nightlife choice in terms of innovation and equipment.<\/span>[\/vc_column_text]<a itemprop=\"url\" href=\"https:\/\/visitcalvia.org\/en\/magaluf\/\" target=\"_self\" style=\"text-transform: none\" class=\"qodef-btn qodef-btn-medium qodef-btn-simple qodef-btn-icon\"  >\n    <span class=\"qodef-btn-text\">See more<\/span>\n    <i class=\"qodef-icon-font-awesome fa fa-chevron-right \" ><\/i><\/a>[vc_empty_space height=&#8221;20px&#8221;][\/vc_column][\/vc_row][vc_row gap=&#8221;10&#8243; row_content_width=&#8221;grid&#8221;][vc_column width=&#8221;1\/3&#8243;]<div class=\"qodef-banner-holder  qodef-simple qodef-banner-info-default\">\n    <div class=\"qodef-banner-image\">\n        <img decoding=\"async\" width=\"865\" height=\"571\" src=\"https:\/\/i0.wp.com\/visitcalvia.org\/wp-content\/uploads\/2020\/05\/Puerto-deportivo-port-adriano.png?fit=865%2C571&amp;ssl=1\" class=\"attachment-full size-full\" alt=\"Puerto deportivo port adriano , Puertos deportivos de Mallorca\" srcset=\"https:\/\/i0.wp.com\/visitcalvia.org\/wp-content\/uploads\/2020\/05\/Puerto-deportivo-port-adriano.png?w=865&amp;ssl=1 865w, https:\/\/i0.wp.com\/visitcalvia.org\/wp-content\/uploads\/2020\/05\/Puerto-deportivo-port-adriano.png?resize=300%2C198&amp;ssl=1 300w, https:\/\/i0.wp.com\/visitcalvia.org\/wp-content\/uploads\/2020\/05\/Puerto-deportivo-port-adriano.png?resize=768%2C507&amp;ssl=1 768w, https:\/\/i0.wp.com\/visitcalvia.org\/wp-content\/uploads\/2020\/05\/Puerto-deportivo-port-adriano.png?resize=600%2C396&amp;ssl=1 600w, https:\/\/i0.wp.com\/visitcalvia.org\/wp-content\/uploads\/2020\/05\/Puerto-deportivo-port-adriano.png?resize=64%2C42&amp;ssl=1 64w\" sizes=\"(max-width: 865px) 100vw, 865px\" data-attachment-id=\"6340\" data-permalink=\"https:\/\/visitcalvia.org\/en\/visitcalvia\/puerto-deportivo-port-adriano\/\" data-orig-file=\"https:\/\/i0.wp.com\/visitcalvia.org\/wp-content\/uploads\/2020\/05\/Puerto-deportivo-port-adriano.png?fit=865%2C571&amp;ssl=1\" data-orig-size=\"865,571\" data-comments-opened=\"1\" data-image-meta=\"{&quot;aperture&quot;:&quot;0&quot;,&quot;credit&quot;:&quot;&quot;,&quot;camera&quot;:&quot;&quot;,&quot;caption&quot;:&quot;&quot;,&quot;created_timestamp&quot;:&quot;0&quot;,&quot;copyright&quot;:&quot;&quot;,&quot;focal_length&quot;:&quot;0&quot;,&quot;iso&quot;:&quot;0&quot;,&quot;shutter_speed&quot;:&quot;0&quot;,&quot;title&quot;:&quot;&quot;,&quot;orientation&quot;:&quot;0&quot;}\" data-image-title=\"Puerto deportivo port adriano\" data-image-description=\"\" data-image-caption=\"\" data-medium-file=\"https:\/\/i0.wp.com\/visitcalvia.org\/wp-content\/uploads\/2020\/05\/Puerto-deportivo-port-adriano.png?fit=300%2C198&amp;ssl=1\" data-large-file=\"https:\/\/i0.wp.com\/visitcalvia.org\/wp-content\/uploads\/2020\/05\/Puerto-deportivo-port-adriano.png?fit=865%2C571&amp;ssl=1\" \/>    <\/div>\n    <div class=\"qodef-banner-text-holder\" >\n\t    <div class=\"qodef-banner-text-outer\">\n\t\t    <div class=\"qodef-banner-text-inner\">\n\t\t        \t\t        \t\t\t<\/div>\n\t\t<\/div>\n\t<\/div>\n\t        <a itemprop=\"url\" class=\"qodef-banner-link\" href=\"https:\/\/visitcalvia.org\/en\/category\/ports-en\/\" target=\"_self\"><\/a>\n    <\/div>[vc_column_text]<b>Puerto Portals and Port Adriano:<\/b><span style=\"font-weight: 400;\"> in both ports, we find exclusive nightlife possibilities. Restaurants, themed bars, and nightclubs are all integrated into the landscape of the port, surrounded by luxurious yachts and\u00a0 boats.\u00a0 In addition, both ports have international events (concerts, night markets&#8230;) that serve to make the area even more dynamic.<\/span>[\/vc_column_text]<a itemprop=\"url\" href=\"https:\/\/visitcalvia.org\/en\/category\/ports-en\/\" target=\"_self\" style=\"text-transform: none\" class=\"qodef-btn qodef-btn-medium qodef-btn-simple qodef-btn-icon\"  >\n    <span class=\"qodef-btn-text\">See more<\/span>\n    <i class=\"qodef-icon-font-awesome fa fa-chevron-right \" ><\/i><\/a>[\/vc_column][vc_column width=&#8221;1\/3&#8243;]<div class=\"qodef-banner-holder  qodef-simple qodef-banner-info-default\">\n    <div class=\"qodef-banner-image\">\n        <img decoding=\"async\" width=\"863\" height=\"569\" src=\"https:\/\/i0.wp.com\/visitcalvia.org\/wp-content\/uploads\/2020\/04\/SANTA-PONC%CC%A7A.png?fit=863%2C569&amp;ssl=1\" class=\"attachment-full size-full\" alt=\"Santa Pon\u00e7a en familia, vacaciones ideales. Enjoy your family holidays in Santa Pon\u00e7a , Mallorca tourism\" data-attachment-id=\"5547\" data-permalink=\"https:\/\/visitcalvia.org\/en\/santaponsa\/santa-ponc%cc%a7a-2\/\" data-orig-file=\"https:\/\/i0.wp.com\/visitcalvia.org\/wp-content\/uploads\/2020\/04\/SANTA-PONC%CC%A7A.png?fit=863%2C569&amp;ssl=1\" data-orig-size=\"863,569\" data-comments-opened=\"1\" data-image-meta=\"{&quot;aperture&quot;:&quot;0&quot;,&quot;credit&quot;:&quot;&quot;,&quot;camera&quot;:&quot;&quot;,&quot;caption&quot;:&quot;&quot;,&quot;created_timestamp&quot;:&quot;0&quot;,&quot;copyright&quot;:&quot;&quot;,&quot;focal_length&quot;:&quot;0&quot;,&quot;iso&quot;:&quot;0&quot;,&quot;shutter_speed&quot;:&quot;0&quot;,&quot;title&quot;:&quot;&quot;,&quot;orientation&quot;:&quot;0&quot;}\" data-image-title=\"SANTA PONC\u0327A\" data-image-description=\"\" data-image-caption=\"\" data-medium-file=\"https:\/\/i0.wp.com\/visitcalvia.org\/wp-content\/uploads\/2020\/04\/SANTA-PONC%CC%A7A.png?fit=300%2C198&amp;ssl=1\" data-large-file=\"https:\/\/i0.wp.com\/visitcalvia.org\/wp-content\/uploads\/2020\/04\/SANTA-PONC%CC%A7A.png?fit=863%2C569&amp;ssl=1\" \/>    <\/div>\n    <div class=\"qodef-banner-text-holder\" >\n\t    <div class=\"qodef-banner-text-outer\">\n\t\t    <div class=\"qodef-banner-text-inner\">\n\t\t        \t\t        \t\t\t<\/div>\n\t\t<\/div>\n\t<\/div>\n\t        <a itemprop=\"url\" class=\"qodef-banner-link\" href=\"https:\/\/visitcalvia.org\/en\/santaponsa\/\" target=\"_self\"><\/a>\n    <\/div>[vc_column_text]<b>Santa Pon\u00e7a:<\/b><span style=\"font-weight: 400;\"> the upper part of Santa Pon\u00e7a is where most of the area&#8217;s nightlife is concentrated. Bars, pubs with live music and discotheques to choose from.<\/span>[\/vc_column_text]<a itemprop=\"url\" href=\"https:\/\/visitcalvia.org\/en\/santaponsa\/\" target=\"_self\" style=\"text-transform: none\" class=\"qodef-btn qodef-btn-medium qodef-btn-simple qodef-btn-icon\"  >\n    <span class=\"qodef-btn-text\">See more<\/span>\n    <i class=\"qodef-icon-font-awesome fa fa-chevron-right \" ><\/i><\/a>[\/vc_column][vc_column width=&#8221;1\/3&#8243;]<div class=\"qodef-banner-holder  qodef-simple qodef-banner-info-default\">\n    <div class=\"qodef-banner-image\">\n        <img decoding=\"async\" width=\"864\" height=\"574\" src=\"https:\/\/i0.wp.com\/visitcalvia.org\/wp-content\/uploads\/2020\/05\/LA-ROMANA-PEGUERA.png?fit=864%2C574&amp;ssl=1\" class=\"attachment-full size-full\" alt=\"Playa de la romana en Peguera. Peguera destaca por playas, Romana beach in Peguera\" srcset=\"https:\/\/i0.wp.com\/visitcalvia.org\/wp-content\/uploads\/2020\/05\/LA-ROMANA-PEGUERA.png?w=864&amp;ssl=1 864w, https:\/\/i0.wp.com\/visitcalvia.org\/wp-content\/uploads\/2020\/05\/LA-ROMANA-PEGUERA.png?resize=300%2C199&amp;ssl=1 300w, https:\/\/i0.wp.com\/visitcalvia.org\/wp-content\/uploads\/2020\/05\/LA-ROMANA-PEGUERA.png?resize=768%2C510&amp;ssl=1 768w, https:\/\/i0.wp.com\/visitcalvia.org\/wp-content\/uploads\/2020\/05\/LA-ROMANA-PEGUERA.png?resize=391%2C260&amp;ssl=1 391w, https:\/\/i0.wp.com\/visitcalvia.org\/wp-content\/uploads\/2020\/05\/LA-ROMANA-PEGUERA.png?resize=600%2C399&amp;ssl=1 600w, https:\/\/i0.wp.com\/visitcalvia.org\/wp-content\/uploads\/2020\/05\/LA-ROMANA-PEGUERA.png?resize=64%2C43&amp;ssl=1 64w\" sizes=\"(max-width: 864px) 100vw, 864px\" data-attachment-id=\"6196\" data-permalink=\"https:\/\/visitcalvia.org\/en\/playa-la-romana\/la-romana-peguera\/\" data-orig-file=\"https:\/\/i0.wp.com\/visitcalvia.org\/wp-content\/uploads\/2020\/05\/LA-ROMANA-PEGUERA.png?fit=864%2C574&amp;ssl=1\" data-orig-size=\"864,574\" data-comments-opened=\"1\" data-image-meta=\"{&quot;aperture&quot;:&quot;0&quot;,&quot;credit&quot;:&quot;&quot;,&quot;camera&quot;:&quot;&quot;,&quot;caption&quot;:&quot;&quot;,&quot;created_timestamp&quot;:&quot;0&quot;,&quot;copyright&quot;:&quot;&quot;,&quot;focal_length&quot;:&quot;0&quot;,&quot;iso&quot;:&quot;0&quot;,&quot;shutter_speed&quot;:&quot;0&quot;,&quot;title&quot;:&quot;&quot;,&quot;orientation&quot;:&quot;0&quot;}\" data-image-title=\"LA ROMANA, PEGUERA\" data-image-description=\"\" data-image-caption=\"\" data-medium-file=\"https:\/\/i0.wp.com\/visitcalvia.org\/wp-content\/uploads\/2020\/05\/LA-ROMANA-PEGUERA.png?fit=300%2C199&amp;ssl=1\" data-large-file=\"https:\/\/i0.wp.com\/visitcalvia.org\/wp-content\/uploads\/2020\/05\/LA-ROMANA-PEGUERA.png?fit=864%2C574&amp;ssl=1\" \/>    <\/div>\n    <div class=\"qodef-banner-text-holder\" >\n\t    <div class=\"qodef-banner-text-outer\">\n\t\t    <div class=\"qodef-banner-text-inner\">\n\t\t        \t\t        \t\t\t<\/div>\n\t\t<\/div>\n\t<\/div>\n\t        <a itemprop=\"url\" class=\"qodef-banner-link\" href=\"https:\/\/visitcalvia.org\/en\/peguera\/\" target=\"_self\"><\/a>\n    <\/div>[vc_column_text]<b>Peguera: <\/b><span style=\"font-weight: 400;\">the Peguera boulevard and its connections (the beach promenades and their adjacent streets) bring together most of the nightlife options in the area, consisting of beach clubs and beach bars, live music venues, \u201cbiergarten\u201d (beer gardens) and nightclubs.<\/span>[\/vc_column_text]<a itemprop=\"url\" href=\"https:\/\/visitcalvia.org\/en\/peguera\/\" target=\"_self\" style=\"text-transform: none\" class=\"qodef-btn qodef-btn-medium qodef-btn-simple qodef-btn-icon\"  >\n    <span class=\"qodef-btn-text\">See more<\/span>\n    <i class=\"qodef-icon-font-awesome fa fa-chevron-right \" ><\/i><\/a>[\/vc_column][\/vc_row][vc_row][vc_column][vc_empty_space height=&#8221;45px&#8221;]<div class=\"qodef-elements-holder   qodef-three-columns  qodef-responsive-mode-768 \" ><div class=\"qodef-eh-item     \" style=\"background-color: #fafafa\" data-item-class=\"qodef-eh-custom-5038\" data-1280-1600=\"0 10% 4% 12%\" data-1024-1280=\"0 15% 6% 10%\" data-768-1024=\"0 0 6% 5%\" data-680-768=\"15% 40% 10% 10%\" data-680=\"30% 10% 10% 5%\">\n\t<div class=\"qodef-eh-item-inner\">\n\t\t<div class=\"qodef-eh-item-content qodef-eh-custom-5038\" style=\"padding: 0 10% 4% 22%\">\n\t\t\t[vc_column_text]<\/p>\n<h2 style=\"font-size: 25px; margin-bottom: -8px; text-align: right;\"><strong><b>BEACH CLUBS AND \u201cCHIRINGUITOS\u201d (BEACH BARS)<\/b><\/strong><\/h2>\n<p style=\"text-align: right;\"><em><span class=\"change-second-color\" style=\"color: #f5031a; font-family: Montserrat;\">VistCalvi\u00e0<\/span><\/em><\/p>\n<p style=\"text-align: right;\"><span style=\"font-weight: 400;\">One of the \u201cmust do\u201d plans if you visit Calvi\u00e0 with friends is to enjoy a sunset at one of the municipality&#8217;s beach clubs or \u201cchiringuitos.\u201d We won&#8217;t recommend any of them in this section as the best idea is to make your way along the Calvian coast to discover them.<\/span><\/p>\n<p style=\"text-align: right;\"><span style=\"font-weight: 400;\">However, we must mention Illetes and Costa de la Calma, being two of the most spectacular.\u00a0<\/span><\/p>\n<p style=\"text-align: right;\"><span style=\"font-weight: 400;\">Visit our sports section to find out about all the facilities you can enjoy during your stay in the municipality<\/span><\/p>\n<p>[\/vc_column_text]\t\t<\/div>\n\t<\/div>\n\t<\/div><div class=\"qodef-eh-item     \"  data-item-class=\"qodef-eh-custom-7691\" data-680=\"0 0\">\n\t<div class=\"qodef-eh-item-inner\">\n\t\t<div class=\"qodef-eh-item-content qodef-eh-custom-7691\" >\n\t\t\t<div class=\"qodef-banner-holder  qodef-simple qodef-banner-info-default\">\n    <div class=\"qodef-banner-image\">\n        <img decoding=\"async\" width=\"550\" height=\"306\" src=\"https:\/\/i0.wp.com\/visitcalvia.org\/wp-content\/uploads\/2020\/05\/party-on-the-beach.jpg?fit=550%2C306&amp;ssl=1\" class=\"attachment-full size-full\" alt=\"calvi\u00e0 con amigos, beach club, Magaluf, pool party, Mallorca, Fiesta\" srcset=\"https:\/\/i0.wp.com\/visitcalvia.org\/wp-content\/uploads\/2020\/05\/party-on-the-beach.jpg?w=550&amp;ssl=1 550w, https:\/\/i0.wp.com\/visitcalvia.org\/wp-content\/uploads\/2020\/05\/party-on-the-beach.jpg?resize=300%2C167&amp;ssl=1 300w, https:\/\/i0.wp.com\/visitcalvia.org\/wp-content\/uploads\/2020\/05\/party-on-the-beach.jpg?resize=64%2C36&amp;ssl=1 64w\" sizes=\"(max-width: 550px) 100vw, 550px\" data-attachment-id=\"6490\" data-permalink=\"https:\/\/visitcalvia.org\/en\/calvia-con-amigos\/party-on-the-beach\/\" data-orig-file=\"https:\/\/i0.wp.com\/visitcalvia.org\/wp-content\/uploads\/2020\/05\/party-on-the-beach.jpg?fit=550%2C306&amp;ssl=1\" data-orig-size=\"550,306\" data-comments-opened=\"1\" data-image-meta=\"{&quot;aperture&quot;:&quot;0&quot;,&quot;credit&quot;:&quot;&quot;,&quot;camera&quot;:&quot;&quot;,&quot;caption&quot;:&quot;&quot;,&quot;created_timestamp&quot;:&quot;0&quot;,&quot;copyright&quot;:&quot;&quot;,&quot;focal_length&quot;:&quot;0&quot;,&quot;iso&quot;:&quot;0&quot;,&quot;shutter_speed&quot;:&quot;0&quot;,&quot;title&quot;:&quot;&quot;,&quot;orientation&quot;:&quot;0&quot;}\" data-image-title=\"beach club oceans\" data-image-description=\"\" data-image-caption=\"\" data-medium-file=\"https:\/\/i0.wp.com\/visitcalvia.org\/wp-content\/uploads\/2020\/05\/party-on-the-beach.jpg?fit=300%2C167&amp;ssl=1\" data-large-file=\"https:\/\/i0.wp.com\/visitcalvia.org\/wp-content\/uploads\/2020\/05\/party-on-the-beach.jpg?fit=550%2C306&amp;ssl=1\" \/>    <\/div>\n    <div class=\"qodef-banner-text-holder\" >\n\t    <div class=\"qodef-banner-text-outer\">\n\t\t    <div class=\"qodef-banner-text-inner\">\n\t\t        \t\t        \t\t\t<\/div>\n\t\t<\/div>\n\t<\/div>\n\t<\/div>\t\t<\/div>\n\t<\/div>\n\t<\/div><\/div>[vc_empty_space height=&#8221;50px&#8221;][\/vc_column][\/vc_row][vc_row row_content_width=&#8221;grid&#8221;][vc_column][vc_column_text]<\/p>\n<h2 style=\"font-size: 25px; margin-bottom: -8px;\">Do some <b>sport:<\/b><\/h2>\n<p><em><span class=\"change-second-color\" style=\"color: #f5031a; font-family: Montserrat;\">VistCalvi\u00e0<\/span><\/em>[\/vc_column_text][vc_row_inner][vc_column_inner width=&#8221;1\/3&#8243;][vc_column_text]<span style=\"font-weight: 400;\">Many groups of friends choose Calvi\u00e0 as a base to hold <\/span><b>training camps or<\/b> <b>competitions<\/b><span style=\"font-weight: 400;\"> (cycling, triathlon, football, rugby, athletics) during the autumn, winter or spring months.<\/span><\/p>\n<p><span style=\"font-weight: 400;\">Others choose the municipality to carry out <\/span><b>nautical sports, motor racing<\/b> <b>competitions, hiking<\/b><span style=\"font-weight: 400;\">, etc.<\/span>[\/vc_column_text][\/vc_column_inner][vc_column_inner width=&#8221;1\/3&#8243;][vc_column_text]<span style=\"font-weight: 400;\">However, in all cases, choosing Calvi\u00e0 is based on a combination of factors:<\/span><\/p>\n<ul>\n<li style=\"font-weight: 400;\"><span style=\"font-weight: 400;\">A mild Mediterranean climate throughout the entire year, with <\/span><b>more than 300 days of sunshine.<\/b><\/li>\n<li style=\"font-weight: 400;\"><b>A spectacular environment<\/b><span style=\"font-weight: 400;\"> and accessible first class <\/span><b>sports facilities<\/b><span style=\"font-weight: 400;\"> for training in almost any sport.<\/span><\/li>\n<li style=\"font-weight: 400;\"><b>All associated services<\/b><span style=\"font-weight: 400;\"> that the athlete may need.<\/span><\/li>\n<\/ul>\n<p>[\/vc_column_text][\/vc_column_inner][vc_column_inner width=&#8221;1\/3&#8243;][vc_column_text]<span style=\"font-weight: 400;\">Visit our <\/span><b>sports section <\/b><span style=\"font-weight: 400;\">to find out about all the various options.<\/span>[\/vc_column_text][vc_empty_space height=&#8221;10px&#8221;]<div class=\"qodef-banner-holder  qodef-simple qodef-banner-info-default\">\n    <div class=\"qodef-banner-image\">\n        <img decoding=\"async\" width=\"600\" height=\"428\" src=\"https:\/\/i0.wp.com\/visitcalvia.org\/wp-content\/uploads\/2020\/06\/Banner-home-SPORT.jpg?fit=600%2C428&amp;ssl=1\" class=\"attachment-full size-full\" alt=\"\" srcset=\"https:\/\/i0.wp.com\/visitcalvia.org\/wp-content\/uploads\/2020\/06\/Banner-home-SPORT.jpg?w=600&amp;ssl=1 600w, https:\/\/i0.wp.com\/visitcalvia.org\/wp-content\/uploads\/2020\/06\/Banner-home-SPORT.jpg?resize=300%2C214&amp;ssl=1 300w, https:\/\/i0.wp.com\/visitcalvia.org\/wp-content\/uploads\/2020\/06\/Banner-home-SPORT.jpg?resize=150%2C107&amp;ssl=1 150w, https:\/\/i0.wp.com\/visitcalvia.org\/wp-content\/uploads\/2020\/06\/Banner-home-SPORT.jpg?resize=500%2C357&amp;ssl=1 500w, https:\/\/i0.wp.com\/visitcalvia.org\/wp-content\/uploads\/2020\/06\/Banner-home-SPORT.jpg?resize=64%2C46&amp;ssl=1 64w\" sizes=\"(max-width: 600px) 100vw, 600px\" data-attachment-id=\"9454\" data-permalink=\"https:\/\/visitcalvia.org\/en\/visitcalvia\/banner-home-sport\/\" data-orig-file=\"https:\/\/i0.wp.com\/visitcalvia.org\/wp-content\/uploads\/2020\/06\/Banner-home-SPORT.jpg?fit=600%2C428&amp;ssl=1\" data-orig-size=\"600,428\" data-comments-opened=\"1\" data-image-meta=\"{&quot;aperture&quot;:&quot;0&quot;,&quot;credit&quot;:&quot;&quot;,&quot;camera&quot;:&quot;&quot;,&quot;caption&quot;:&quot;&quot;,&quot;created_timestamp&quot;:&quot;0&quot;,&quot;copyright&quot;:&quot;&quot;,&quot;focal_length&quot;:&quot;0&quot;,&quot;iso&quot;:&quot;0&quot;,&quot;shutter_speed&quot;:&quot;0&quot;,&quot;title&quot;:&quot;&quot;,&quot;orientation&quot;:&quot;0&quot;}\" data-image-title=\"Banner-home-SPORT\" data-image-description=\"\" data-image-caption=\"\" data-medium-file=\"https:\/\/i0.wp.com\/visitcalvia.org\/wp-content\/uploads\/2020\/06\/Banner-home-SPORT.jpg?fit=300%2C214&amp;ssl=1\" data-large-file=\"https:\/\/i0.wp.com\/visitcalvia.org\/wp-content\/uploads\/2020\/06\/Banner-home-SPORT.jpg?fit=600%2C428&amp;ssl=1\" \/>    <\/div>\n    <div class=\"qodef-banner-text-holder\" >\n\t    <div class=\"qodef-banner-text-outer\">\n\t\t    <div class=\"qodef-banner-text-inner\">\n\t\t        \t\t        \t\t\t<\/div>\n\t\t<\/div>\n\t<\/div>\n\t        <a itemprop=\"url\" class=\"qodef-banner-link\" href=\"https:\/\/visitcalvia.org\/en\/sport\/\" target=\"_self\"><\/a>\n    <\/div>[\/vc_column_inner][\/vc_row_inner][\/vc_column][\/vc_row][vc_row row_content_width=&#8221;grid&#8221;][vc_column][vc_empty_space height=&#8221;65px&#8221;]<div class=\"qodef-elements-holder   qodef-three-columns  qodef-responsive-mode-768 \" ><div class=\"qodef-eh-item     qodef-badge-enabled\" style=\"background-color: #fafafa\" data-item-class=\"qodef-eh-custom-2475\" data-1280-1600=\"0 10% 4% 12%\" data-1024-1280=\"0 15% 6% 10%\" data-768-1024=\"0 0 6% 5%\" data-680-768=\"15% 40% 10% 10%\" data-680=\"30% 10% 10% 5%\">\n\t<div class=\"qodef-eh-item-inner\">\n\t\t<div class=\"qodef-eh-item-content qodef-eh-custom-2475\" style=\"padding: 0 10% 4% 22%\">\n\t\t\t[vc_column_text]<\/p>\n<h2 style=\"font-size: 25px; margin-bottom: -8px;\">EVENTS<\/h2>\n<p><em><span class=\"change-second-color\" style=\"color: #f5031a; font-family: Montserrat;\">VistCalvi\u00e0<\/span><\/em>[\/vc_column_text][vc_column_text]<span style=\"font-weight: 400;\">The offer of musical, festive, cultural, gastronomic events, etc., in Calvi\u00e0 is extense, varied and continual. Some of them stand out, such as the international music festival \u201cMallorca Live Festival\u201d (May) or the \u201cFiestas del Rei en Jaume\u201d (King James Festivities \u2013 August\/September). Visit our DIARY to find out about the outstanding possibilities you can enjoy during the time you are visiting the municipality.<\/span>[\/vc_column_text][vc_empty_space height=&#8221;5px&#8221;]<a itemprop=\"url\" href=\"https:\/\/visitcalvia.org\/en\/schedule\/\" target=\"_self\" style=\"text-transform: none\" class=\"qodef-btn qodef-btn-medium qodef-btn-simple qodef-btn-icon\"  >\n    <span class=\"qodef-btn-text\">See more events<\/span>\n    <i class=\"qodef-icon-font-awesome fa fa-chevron-right \" ><\/i><\/a>\t\t<\/div>\n\t<\/div>\n\t\t\t<div class=\"qodef-eh-badge-holder\">\n\t\t\t<div class=\"qodef-eh-badge\">\n\t\t\t\t<div class=\"qodef-eh-badge-text\">Ver<\/div>\n\t\t\t<\/div>\n\t\t<\/div>\n\t<\/div><div class=\"qodef-eh-item     \"  data-item-class=\"qodef-eh-custom-3733\" data-680=\"0 0\">\n\t<div class=\"qodef-eh-item-inner\">\n\t\t<div class=\"qodef-eh-item-content qodef-eh-custom-3733\" >\n\t\t\t<div class=\"qodef-banner-holder  qodef-simple qodef-banner-info-default\">\n    <div class=\"qodef-banner-image\">\n        <img decoding=\"async\" width=\"932\" height=\"613\" src=\"https:\/\/i0.wp.com\/visitcalvia.org\/wp-content\/uploads\/2020\/04\/Captura-de-pantalla-2020-04-28-a-las-10.17.52.png?fit=932%2C613&amp;ssl=1\" class=\"attachment-full size-full\" alt=\"Majorca Beach rugby 2021\" srcset=\"https:\/\/i0.wp.com\/visitcalvia.org\/wp-content\/uploads\/2020\/04\/Captura-de-pantalla-2020-04-28-a-las-10.17.52.png?w=932&amp;ssl=1 932w, https:\/\/i0.wp.com\/visitcalvia.org\/wp-content\/uploads\/2020\/04\/Captura-de-pantalla-2020-04-28-a-las-10.17.52.png?resize=300%2C197&amp;ssl=1 300w, https:\/\/i0.wp.com\/visitcalvia.org\/wp-content\/uploads\/2020\/04\/Captura-de-pantalla-2020-04-28-a-las-10.17.52.png?resize=768%2C505&amp;ssl=1 768w, https:\/\/i0.wp.com\/visitcalvia.org\/wp-content\/uploads\/2020\/04\/Captura-de-pantalla-2020-04-28-a-las-10.17.52.png?resize=600%2C395&amp;ssl=1 600w, https:\/\/i0.wp.com\/visitcalvia.org\/wp-content\/uploads\/2020\/04\/Captura-de-pantalla-2020-04-28-a-las-10.17.52.png?resize=64%2C42&amp;ssl=1 64w\" sizes=\"(max-width: 932px) 100vw, 932px\" data-attachment-id=\"5036\" data-permalink=\"https:\/\/visitcalvia.org\/en\/events\/majorca-beach-rugby-2023\/captura-de-pantalla-2020-04-28-a-las-10-17-52\/\" data-orig-file=\"https:\/\/i0.wp.com\/visitcalvia.org\/wp-content\/uploads\/2020\/04\/Captura-de-pantalla-2020-04-28-a-las-10.17.52.png?fit=932%2C613&amp;ssl=1\" data-orig-size=\"932,613\" data-comments-opened=\"1\" data-image-meta=\"{&quot;aperture&quot;:&quot;0&quot;,&quot;credit&quot;:&quot;&quot;,&quot;camera&quot;:&quot;&quot;,&quot;caption&quot;:&quot;&quot;,&quot;created_timestamp&quot;:&quot;0&quot;,&quot;copyright&quot;:&quot;&quot;,&quot;focal_length&quot;:&quot;0&quot;,&quot;iso&quot;:&quot;0&quot;,&quot;shutter_speed&quot;:&quot;0&quot;,&quot;title&quot;:&quot;&quot;,&quot;orientation&quot;:&quot;0&quot;}\" data-image-title=\"Majorca Beach rugby 2021\" data-image-description=\"\" data-image-caption=\"\" data-medium-file=\"https:\/\/i0.wp.com\/visitcalvia.org\/wp-content\/uploads\/2020\/04\/Captura-de-pantalla-2020-04-28-a-las-10.17.52.png?fit=300%2C197&amp;ssl=1\" data-large-file=\"https:\/\/i0.wp.com\/visitcalvia.org\/wp-content\/uploads\/2020\/04\/Captura-de-pantalla-2020-04-28-a-las-10.17.52.png?fit=932%2C613&amp;ssl=1\" \/>    <\/div>\n    <div class=\"qodef-banner-text-holder\" >\n\t    <div class=\"qodef-banner-text-outer\">\n\t\t    <div class=\"qodef-banner-text-inner\">\n\t\t        \t\t        \t\t\t<\/div>\n\t\t<\/div>\n\t<\/div>\n\t        <a itemprop=\"url\" class=\"qodef-banner-link\" href=\"https:\/\/visitcalvia.org\/en\/sport\/\" target=\"_self\"><\/a>\n    <\/div>\t\t<\/div>\n\t<\/div>\n\t<\/div><\/div>[\/vc_column][\/vc_row][vc_row row_content_width=&#8221;grid&#8221;][vc_column]<div class=\"qodef-elements-holder   qodef-three-columns  qodef-responsive-mode-768 \" ><div class=\"qodef-eh-item     \"  data-item-class=\"qodef-eh-custom-6802\" data-680=\"0 0\">\n\t<div class=\"qodef-eh-item-inner\">\n\t\t<div class=\"qodef-eh-item-content qodef-eh-custom-6802\" >\n\t\t\t<div class=\"qodef-banner-holder  qodef-simple qodef-banner-info-default\">\n    <div class=\"qodef-banner-image\">\n        <img decoding=\"async\" width=\"700\" height=\"461\" src=\"https:\/\/i0.wp.com\/visitcalvia.org\/wp-content\/uploads\/2020\/04\/Western-Park.jpg?fit=700%2C461&amp;ssl=1\" class=\"attachment-full size-full\" alt=\"Calvi\u00e0 en familia, vive calvi\u00e0 con amigos, parque acu\u00e1tico en magaluf. Western Water Park en familia\" srcset=\"https:\/\/i0.wp.com\/visitcalvia.org\/wp-content\/uploads\/2020\/04\/Western-Park.jpg?w=700&amp;ssl=1 700w, https:\/\/i0.wp.com\/visitcalvia.org\/wp-content\/uploads\/2020\/04\/Western-Park.jpg?resize=300%2C198&amp;ssl=1 300w, https:\/\/i0.wp.com\/visitcalvia.org\/wp-content\/uploads\/2020\/04\/Western-Park.jpg?resize=600%2C395&amp;ssl=1 600w, https:\/\/i0.wp.com\/visitcalvia.org\/wp-content\/uploads\/2020\/04\/Western-Park.jpg?resize=64%2C42&amp;ssl=1 64w\" sizes=\"(max-width: 700px) 100vw, 700px\" data-attachment-id=\"3792\" data-permalink=\"https:\/\/visitcalvia.org\/en\/western-park\/western-park-2\/\" data-orig-file=\"https:\/\/i0.wp.com\/visitcalvia.org\/wp-content\/uploads\/2020\/04\/Western-Park.jpg?fit=700%2C461&amp;ssl=1\" data-orig-size=\"700,461\" data-comments-opened=\"1\" data-image-meta=\"{&quot;aperture&quot;:&quot;0&quot;,&quot;credit&quot;:&quot;&quot;,&quot;camera&quot;:&quot;&quot;,&quot;caption&quot;:&quot;&quot;,&quot;created_timestamp&quot;:&quot;0&quot;,&quot;copyright&quot;:&quot;&quot;,&quot;focal_length&quot;:&quot;0&quot;,&quot;iso&quot;:&quot;0&quot;,&quot;shutter_speed&quot;:&quot;0&quot;,&quot;title&quot;:&quot;&quot;,&quot;orientation&quot;:&quot;0&quot;}\" data-image-title=\"Western water Park Magaluf\" data-image-description=\"\" data-image-caption=\"\" data-medium-file=\"https:\/\/i0.wp.com\/visitcalvia.org\/wp-content\/uploads\/2020\/04\/Western-Park.jpg?fit=300%2C198&amp;ssl=1\" data-large-file=\"https:\/\/i0.wp.com\/visitcalvia.org\/wp-content\/uploads\/2020\/04\/Western-Park.jpg?fit=700%2C461&amp;ssl=1\" \/>    <\/div>\n    <div class=\"qodef-banner-text-holder\" >\n\t    <div class=\"qodef-banner-text-outer\">\n\t\t    <div class=\"qodef-banner-text-inner\">\n\t\t        \t\t        \t\t\t<\/div>\n\t\t<\/div>\n\t<\/div>\n\t        <a itemprop=\"url\" class=\"qodef-banner-link\" href=\"https:\/\/visitcalvia.org\/en\/category\/with-friends-en\/\" target=\"_self\"><\/a>\n    <\/div>\t\t<\/div>\n\t<\/div>\n\t<\/div><div class=\"qodef-eh-item     qodef-badge-enabled\" style=\"background-color: #fafafa\" data-item-class=\"qodef-eh-custom-8351\" data-1280-1600=\"0 10% 4% 12%\" data-1024-1280=\"0 15% 6% 10%\" data-768-1024=\"0 0 6% 5%\" data-680-768=\"15% 40% 10% 10%\" data-680=\"30% 10% 10% 5%\">\n\t<div class=\"qodef-eh-item-inner\">\n\t\t<div class=\"qodef-eh-item-content qodef-eh-custom-8351\" style=\"padding: 0 10% 4% 22%\">\n\t\t\t[vc_column_text]<\/p>\n<h2 style=\"font-size: 25px; margin-bottom: -8px;\"><span style=\"font-weight: 400;\">ATTRACTIONS AND SERVICES<\/span><\/h2>\n<p><em><span class=\"change-second-color\" style=\"color: #f5031a; font-family: Montserrat;\">VistCalvi\u00e0<\/span><\/em>[\/vc_column_text][vc_column_text]<span style=\"font-weight: 400;\">Going on nautical excursions or renting boats, going around the island in special vehicles, practising paddle surfing or other water sports, visiting water parks (Western Park Magaluf, or Water Park Mallorca BH), attending one of the pool parties or DJ sessions that take place in some of the hotels in the area, are just a few options that will undoubtedly add a lot of fun to your holiday.\u00a0<\/span>[\/vc_column_text][vc_empty_space height=&#8221;5px&#8221;]<a itemprop=\"url\" href=\"https:\/\/visitcalvia.org\/en\/category\/with-friends-en\/\" target=\"_self\" style=\"text-transform: none\" class=\"qodef-btn qodef-btn-medium qodef-btn-simple qodef-btn-icon\"  >\n    <span class=\"qodef-btn-text\">See more attractions<\/span>\n    <i class=\"qodef-icon-font-awesome fa fa-chevron-right \" ><\/i><\/a>\t\t<\/div>\n\t<\/div>\n\t\t\t<div class=\"qodef-eh-badge-holder\">\n\t\t\t<div class=\"qodef-eh-badge\">\n\t\t\t\t<div class=\"qodef-eh-badge-text\">M\u00e1s<\/div>\n\t\t\t<\/div>\n\t\t<\/div>\n\t<\/div><\/div>[vc_empty_space height=&#8221;42px&#8221;][vc_empty_space height=&#8221;42px&#8221;][\/vc_column][\/vc_row][vc_row row_content_width=&#8221;grid&#8221;][vc_column]<div class=\"qodef-section-title-holder  qodef-st-standard qodef-st-title-left qodef-st-normal-space qodef-st-disable-title-break \" >\n\t<div class=\"qodef-st-inner\">\n\t\t\t\t\t<h2 class=\"qodef-st-title\" style=\"color: #0a0a0a\">\n\t\t\t\t<span class=\"qodef-st-title-bold\">Attractions<\/span> with friends<br \/>\t\t\t<\/h2>\n\t\t\t\t\t<\/div>\n<\/div>[vc_empty_space height=&#8221;20px&#8221;]<div class=\"qodef-blog-list-holder qodef-bl-standard qodef-bl-three-columns qodef-tiny-space qodef-bl-pag-standard-blog-list\"  data-type=\"standard\" data-number-of-posts=\"-1\" data-number-of-columns=\"3\" data-space-between-items=\"tiny\" data-category=\"con-amigos\" data-order-by=\"menu_order\" data-order=\"ASC\" data-image-size=\"full\" data-title-tag=\"h4\" data-enable-excerpt=\"yes\" data-excerpt-length=\"40\" data-post-info-section=\"yes\" data-post-info-image=\"yes\" data-post-info-author=\"no\" data-post-info-date=\"yes\" data-post-info-category=\"no\" data-post-info-comments=\"yes\" data-post-info-like=\"no\" data-post-info-share=\"no\" data-pagination-type=\"standard-blog-list\" data-link-tag=\"h4\" data-quote-tag=\"h4\" data-holder-classes=\"qodef-bl-standard qodef-bl-three-columns qodef-tiny-space qodef-bl-pag-standard-blog-list\" data-max-num-pages=\"0\" data-next-page=\"2\">\n\t<div class=\"qodef-bl-wrapper qodef-outer-space\">\n\t\t<ul class=\"qodef-blog-list\">\n\t\t\t<article class=\"qodef-bl-item qodef-item-space clearfix\">\n    <div class=\"qodef-bli-inner\">\n        \n\t<div class=\"qodef-post-image\">\n\t\t\t\t\t<a itemprop=\"url\" href=\"https:\/\/visitcalvia.org\/en\/wave-house-mallorca\/\" title=\"Wave House Mallorca\">\n\t\t\t\t\t\t\t\t\t<img decoding=\"async\" width=\"700\" height=\"461\" src=\"https:\/\/i0.wp.com\/visitcalvia.org\/wp-content\/uploads\/2020\/04\/Wave-House-Mallorca.jpg?fit=700%2C461&amp;ssl=1\" class=\"attachment-full size-full wp-post-image\" alt=\"atracciones en Mallorca, atraccions a Mallorca, Wave house Mallorca, surf en la playa de Magaluf\" srcset=\"https:\/\/i0.wp.com\/visitcalvia.org\/wp-content\/uploads\/2020\/04\/Wave-House-Mallorca.jpg?w=700&amp;ssl=1 700w, https:\/\/i0.wp.com\/visitcalvia.org\/wp-content\/uploads\/2020\/04\/Wave-House-Mallorca.jpg?resize=300%2C198&amp;ssl=1 300w, https:\/\/i0.wp.com\/visitcalvia.org\/wp-content\/uploads\/2020\/04\/Wave-House-Mallorca.jpg?resize=600%2C395&amp;ssl=1 600w, https:\/\/i0.wp.com\/visitcalvia.org\/wp-content\/uploads\/2020\/04\/Wave-House-Mallorca.jpg?resize=64%2C42&amp;ssl=1 64w\" sizes=\"(max-width: 700px) 100vw, 700px\" data-attachment-id=\"8953\" data-permalink=\"https:\/\/visitcalvia.org\/en\/wave-house-mallorca\/wave-house-mallorca-2-2\/\" data-orig-file=\"https:\/\/i0.wp.com\/visitcalvia.org\/wp-content\/uploads\/2020\/04\/Wave-House-Mallorca.jpg?fit=700%2C461&amp;ssl=1\" data-orig-size=\"700,461\" data-comments-opened=\"1\" data-image-meta=\"{&quot;aperture&quot;:&quot;0&quot;,&quot;credit&quot;:&quot;&quot;,&quot;camera&quot;:&quot;&quot;,&quot;caption&quot;:&quot;&quot;,&quot;created_timestamp&quot;:&quot;0&quot;,&quot;copyright&quot;:&quot;&quot;,&quot;focal_length&quot;:&quot;0&quot;,&quot;iso&quot;:&quot;0&quot;,&quot;shutter_speed&quot;:&quot;0&quot;,&quot;title&quot;:&quot;&quot;,&quot;orientation&quot;:&quot;1&quot;}\" data-image-title=\"Wave House Mallorca\" data-image-description=\"\" data-image-caption=\"\" data-medium-file=\"https:\/\/i0.wp.com\/visitcalvia.org\/wp-content\/uploads\/2020\/04\/Wave-House-Mallorca.jpg?fit=300%2C198&amp;ssl=1\" data-large-file=\"https:\/\/i0.wp.com\/visitcalvia.org\/wp-content\/uploads\/2020\/04\/Wave-House-Mallorca.jpg?fit=700%2C461&amp;ssl=1\" \/>\t\t\t\t\t\t\t\t<\/a>\n\t\t\t\t\t<\/div>\n        <div class=\"qodef-bli-content\">\n\n            \n<h4 itemprop=\"name\" class=\"entry-title qodef-post-title\" >\n            <a itemprop=\"url\" href=\"https:\/\/visitcalvia.org\/en\/wave-house-mallorca\/\" title=\"Wave House Mallorca\">\n            Wave House Mallorca            <\/a>\n    <\/h4>                            <div class=\"qodef-bli-excerpt\">\n                    \t\t<div class=\"qodef-post-excerpt-holder\">\n\t\t\t<p itemprop=\"description\" class=\"qodef-post-excerpt\">\n\t\t\t\tFirst \"social experience\" hotel in the world: artificial wave, surf shop, DJ sessions and a privileged location by the sea\r\n\r\nFacebook: wavehousemallorca\t\t\t<\/p>\n\t\t<\/div>\n\t                <\/div>\n            \n                            <div class=\"qodef-bli-info\">\n                    <div itemprop=\"dateCreated\" class=\"qodef-post-info-date entry-date published updated\">\n    <span class=\"qodef-post-info-icon icon_calendar\"><\/span>\n            <a itemprop=\"url\" href=\"https:\/\/visitcalvia.org\/en\/2020\/04\/\">\n    \n        14 April, 2020        <\/a>\n    <meta itemprop=\"interactionCount\" content=\"UserComments: 0\"\/>\n<\/div>                <\/div>\n            \n        <\/div>\n    <\/div>\n<\/article><article class=\"qodef-bl-item qodef-item-space clearfix\">\n    <div class=\"qodef-bli-inner\">\n        \n\t<div class=\"qodef-post-image\">\n\t\t\t\t\t<a itemprop=\"url\" href=\"https:\/\/visitcalvia.org\/en\/xmas-market-mercadet-de-nadal\/\" title=\"Xmas Market\/Mercadet de Nadal\">\n\t\t\t\t\t\t\t\t\t<img decoding=\"async\" width=\"2000\" height=\"1333\" src=\"https:\/\/i0.wp.com\/visitcalvia.org\/wp-content\/uploads\/2020\/04\/78805092_1500822616761329_7695594642875613184_n-scaled.jpg?fit=2000%2C1333&amp;ssl=1\" class=\"attachment-full size-full wp-post-image\" alt=\"\" srcset=\"https:\/\/i0.wp.com\/visitcalvia.org\/wp-content\/uploads\/2020\/04\/78805092_1500822616761329_7695594642875613184_n-scaled.jpg?w=2000&amp;ssl=1 2000w, https:\/\/i0.wp.com\/visitcalvia.org\/wp-content\/uploads\/2020\/04\/78805092_1500822616761329_7695594642875613184_n-scaled.jpg?resize=300%2C200&amp;ssl=1 300w, https:\/\/i0.wp.com\/visitcalvia.org\/wp-content\/uploads\/2020\/04\/78805092_1500822616761329_7695594642875613184_n-scaled.jpg?resize=1024%2C683&amp;ssl=1 1024w, https:\/\/i0.wp.com\/visitcalvia.org\/wp-content\/uploads\/2020\/04\/78805092_1500822616761329_7695594642875613184_n-scaled.jpg?resize=768%2C512&amp;ssl=1 768w, https:\/\/i0.wp.com\/visitcalvia.org\/wp-content\/uploads\/2020\/04\/78805092_1500822616761329_7695594642875613184_n-scaled.jpg?resize=391%2C260&amp;ssl=1 391w, https:\/\/i0.wp.com\/visitcalvia.org\/wp-content\/uploads\/2020\/04\/78805092_1500822616761329_7695594642875613184_n-scaled.jpg?resize=1536%2C1024&amp;ssl=1 1536w\" sizes=\"(max-width: 1100px) 100vw, 1100px\" data-attachment-id=\"27244\" data-permalink=\"https:\/\/visitcalvia.org\/en\/xmas-market-mercadet-de-nadal\/78805092_1500822616761329_7695594642875613184_n-2\/\" data-orig-file=\"https:\/\/i0.wp.com\/visitcalvia.org\/wp-content\/uploads\/2020\/04\/78805092_1500822616761329_7695594642875613184_n-scaled.jpg?fit=2000%2C1333&amp;ssl=1\" data-orig-size=\"2000,1333\" data-comments-opened=\"1\" data-image-meta=\"{&quot;aperture&quot;:&quot;0&quot;,&quot;credit&quot;:&quot;&quot;,&quot;camera&quot;:&quot;&quot;,&quot;caption&quot;:&quot;&quot;,&quot;created_timestamp&quot;:&quot;0&quot;,&quot;copyright&quot;:&quot;&quot;,&quot;focal_length&quot;:&quot;0&quot;,&quot;iso&quot;:&quot;0&quot;,&quot;shutter_speed&quot;:&quot;0&quot;,&quot;title&quot;:&quot;&quot;,&quot;orientation&quot;:&quot;0&quot;}\" data-image-title=\"78805092_1500822616761329_7695594642875613184_n\" data-image-description=\"\" data-image-caption=\"\" data-medium-file=\"https:\/\/i0.wp.com\/visitcalvia.org\/wp-content\/uploads\/2020\/04\/78805092_1500822616761329_7695594642875613184_n-scaled.jpg?fit=300%2C200&amp;ssl=1\" data-large-file=\"https:\/\/i0.wp.com\/visitcalvia.org\/wp-content\/uploads\/2020\/04\/78805092_1500822616761329_7695594642875613184_n-scaled.jpg?fit=1024%2C683&amp;ssl=1\" \/>\t\t\t\t\t\t\t\t<\/a>\n\t\t\t\t\t<\/div>\n        <div class=\"qodef-bli-content\">\n\n            \n<h4 itemprop=\"name\" class=\"entry-title qodef-post-title\" >\n            <a itemprop=\"url\" href=\"https:\/\/visitcalvia.org\/en\/xmas-market-mercadet-de-nadal\/\" title=\"Xmas Market\/Mercadet de Nadal\">\n            Xmas Market\/Mercadet de Nadal            <\/a>\n    <\/h4>                            <div class=\"qodef-bli-excerpt\">\n                    \t\t<div class=\"qodef-post-excerpt-holder\">\n\t\t\t<p itemprop=\"description\" class=\"qodef-post-excerpt\">\n\t\t\t\tIt is a family event with the main elements being the craft market and the stage with live music, entertainment, magic, dancing, show cooking, etc\t\t\t<\/p>\n\t\t<\/div>\n\t                <\/div>\n            \n                            <div class=\"qodef-bli-info\">\n                    <div itemprop=\"dateCreated\" class=\"qodef-post-info-date entry-date published updated\">\n    <span class=\"qodef-post-info-icon icon_calendar\"><\/span>\n            <a itemprop=\"url\" href=\"https:\/\/visitcalvia.org\/en\/2020\/04\/\">\n    \n        22 April, 2020        <\/a>\n    <meta itemprop=\"interactionCount\" content=\"UserComments: 0\"\/>\n<\/div>                <\/div>\n            \n        <\/div>\n    <\/div>\n<\/article><article class=\"qodef-bl-item qodef-item-space clearfix\">\n    <div class=\"qodef-bli-inner\">\n        \n\t<div class=\"qodef-post-image\">\n\t\t\t\t\t<a itemprop=\"url\" href=\"https:\/\/visitcalvia.org\/en\/water-park-bh-mallorca\/\" title=\"Water Park BH Mallorca\">\n\t\t\t\t\t\t\t\t\t<img decoding=\"async\" width=\"550\" height=\"341\" src=\"https:\/\/i0.wp.com\/visitcalvia.org\/wp-content\/uploads\/2020\/04\/Water-Park-BH-Mallorca.png?fit=550%2C341&amp;ssl=1\" class=\"attachment-full size-full wp-post-image\" alt=\"parque acu\u00e1tico en Magaluf, Toboganes, atracciones en Magaluf\" srcset=\"https:\/\/i0.wp.com\/visitcalvia.org\/wp-content\/uploads\/2020\/04\/Water-Park-BH-Mallorca.png?w=550&amp;ssl=1 550w, https:\/\/i0.wp.com\/visitcalvia.org\/wp-content\/uploads\/2020\/04\/Water-Park-BH-Mallorca.png?resize=300%2C186&amp;ssl=1 300w, https:\/\/i0.wp.com\/visitcalvia.org\/wp-content\/uploads\/2020\/04\/Water-Park-BH-Mallorca.png?resize=64%2C40&amp;ssl=1 64w\" sizes=\"(max-width: 550px) 100vw, 550px\" data-attachment-id=\"8959\" data-permalink=\"https:\/\/visitcalvia.org\/en\/water-park-bh-mallorca\/water-park-bh-mallorca-2-2\/\" data-orig-file=\"https:\/\/i0.wp.com\/visitcalvia.org\/wp-content\/uploads\/2020\/04\/Water-Park-BH-Mallorca.png?fit=550%2C341&amp;ssl=1\" data-orig-size=\"550,341\" data-comments-opened=\"1\" data-image-meta=\"{&quot;aperture&quot;:&quot;0&quot;,&quot;credit&quot;:&quot;&quot;,&quot;camera&quot;:&quot;&quot;,&quot;caption&quot;:&quot;&quot;,&quot;created_timestamp&quot;:&quot;0&quot;,&quot;copyright&quot;:&quot;&quot;,&quot;focal_length&quot;:&quot;0&quot;,&quot;iso&quot;:&quot;0&quot;,&quot;shutter_speed&quot;:&quot;0&quot;,&quot;title&quot;:&quot;&quot;,&quot;orientation&quot;:&quot;0&quot;}\" data-image-title=\"Water Park BH Mallorca\" data-image-description=\"\" data-image-caption=\"\" data-medium-file=\"https:\/\/i0.wp.com\/visitcalvia.org\/wp-content\/uploads\/2020\/04\/Water-Park-BH-Mallorca.png?fit=300%2C186&amp;ssl=1\" data-large-file=\"https:\/\/i0.wp.com\/visitcalvia.org\/wp-content\/uploads\/2020\/04\/Water-Park-BH-Mallorca.png?fit=550%2C341&amp;ssl=1\" \/>\t\t\t\t\t\t\t\t<\/a>\n\t\t\t\t\t<\/div>\n        <div class=\"qodef-bli-content\">\n\n            \n<h4 itemprop=\"name\" class=\"entry-title qodef-post-title\" >\n            <a itemprop=\"url\" href=\"https:\/\/visitcalvia.org\/en\/water-park-bh-mallorca\/\" title=\"Water Park BH Mallorca\">\n            Water Park BH Mallorca            <\/a>\n    <\/h4>                            <div class=\"qodef-bli-excerpt\">\n                    \t\t<div class=\"qodef-post-excerpt-holder\">\n\t\t\t<p itemprop=\"description\" class=\"qodef-post-excerpt\">\n\t\t\t\tMallorca's first adults only water park, with 9 spectacular slides that reach speeds of up to 60 km. \/ h.\r\n\r\n<a href=\"http:\/\/www.bhmallorca.com\" rel=\"nofollow\">http:\/\/www.bhmallorca.com<\/a>\t\t\t<\/p>\n\t\t<\/div>\n\t                <\/div>\n            \n                            <div class=\"qodef-bli-info\">\n                    <div itemprop=\"dateCreated\" class=\"qodef-post-info-date entry-date published updated\">\n    <span class=\"qodef-post-info-icon icon_calendar\"><\/span>\n            <a itemprop=\"url\" href=\"https:\/\/visitcalvia.org\/en\/2020\/04\/\">\n    \n        14 April, 2020        <\/a>\n    <meta itemprop=\"interactionCount\" content=\"UserComments: 0\"\/>\n<\/div>                <\/div>\n            \n        <\/div>\n    <\/div>\n<\/article><article class=\"qodef-bl-item qodef-item-space clearfix\">\n    <div class=\"qodef-bli-inner\">\n        \n\t<div class=\"qodef-post-image\">\n\t\t\t\t\t<a itemprop=\"url\" href=\"https:\/\/visitcalvia.org\/en\/santa-ponca-market\/\" title=\"Santa Pon\u00e7a Market\">\n\t\t\t\t\t\t\t\t\t<img decoding=\"async\" width=\"760\" height=\"531\" src=\"https:\/\/i0.wp.com\/visitcalvia.org\/wp-content\/uploads\/2020\/04\/navidad_0005_20181111_103729.jpg?fit=760%2C531&amp;ssl=1\" class=\"attachment-full size-full wp-post-image\" alt=\"Navidad Calvi\u00e0\" srcset=\"https:\/\/i0.wp.com\/visitcalvia.org\/wp-content\/uploads\/2020\/04\/navidad_0005_20181111_103729.jpg?w=760&amp;ssl=1 760w, https:\/\/i0.wp.com\/visitcalvia.org\/wp-content\/uploads\/2020\/04\/navidad_0005_20181111_103729.jpg?resize=300%2C210&amp;ssl=1 300w, https:\/\/i0.wp.com\/visitcalvia.org\/wp-content\/uploads\/2020\/04\/navidad_0005_20181111_103729.jpg?resize=600%2C419&amp;ssl=1 600w, https:\/\/i0.wp.com\/visitcalvia.org\/wp-content\/uploads\/2020\/04\/navidad_0005_20181111_103729.jpg?resize=64%2C45&amp;ssl=1 64w\" sizes=\"(max-width: 760px) 100vw, 760px\" data-attachment-id=\"6072\" data-permalink=\"https:\/\/visitcalvia.org\/en\/traditional-market-of-calvia-village\/navidad_0005_20181111_103729-2\/\" data-orig-file=\"https:\/\/i0.wp.com\/visitcalvia.org\/wp-content\/uploads\/2020\/04\/navidad_0005_20181111_103729.jpg?fit=760%2C531&amp;ssl=1\" data-orig-size=\"760,531\" data-comments-opened=\"1\" data-image-meta=\"{&quot;aperture&quot;:&quot;0&quot;,&quot;credit&quot;:&quot;&quot;,&quot;camera&quot;:&quot;&quot;,&quot;caption&quot;:&quot;&quot;,&quot;created_timestamp&quot;:&quot;0&quot;,&quot;copyright&quot;:&quot;&quot;,&quot;focal_length&quot;:&quot;0&quot;,&quot;iso&quot;:&quot;0&quot;,&quot;shutter_speed&quot;:&quot;0&quot;,&quot;title&quot;:&quot;&quot;,&quot;orientation&quot;:&quot;1&quot;}\" data-image-title=\"navidad_0005_20181111_103729\" data-image-description=\"\" data-image-caption=\"\" data-medium-file=\"https:\/\/i0.wp.com\/visitcalvia.org\/wp-content\/uploads\/2020\/04\/navidad_0005_20181111_103729.jpg?fit=300%2C210&amp;ssl=1\" data-large-file=\"https:\/\/i0.wp.com\/visitcalvia.org\/wp-content\/uploads\/2020\/04\/navidad_0005_20181111_103729.jpg?fit=760%2C531&amp;ssl=1\" \/>\t\t\t\t\t\t\t\t<\/a>\n\t\t\t\t\t<\/div>\n        <div class=\"qodef-bli-content\">\n\n            \n<h4 itemprop=\"name\" class=\"entry-title qodef-post-title\" >\n            <a itemprop=\"url\" href=\"https:\/\/visitcalvia.org\/en\/santa-ponca-market\/\" title=\"Santa Pon\u00e7a Market\">\n            Santa Pon\u00e7a Market            <\/a>\n    <\/h4>                            <div class=\"qodef-bli-excerpt\">\n                    \t\t<div class=\"qodef-post-excerpt-holder\">\n\t\t\t<p itemprop=\"description\" class=\"qodef-post-excerpt\">\n\t\t\t\tSATURDAY - Santa Pon\u00e7a Market. Sale of handicraft and food products.\r\nOpening hours: from 8.30am to 1pm\r\nIt is located on Avinguda Hort des, between the Post Office and the Santa Pon\u00e7a fire station.\t\t\t<\/p>\n\t\t<\/div>\n\t                <\/div>\n            \n                            <div class=\"qodef-bli-info\">\n                    <div itemprop=\"dateCreated\" class=\"qodef-post-info-date entry-date published updated\">\n    <span class=\"qodef-post-info-icon icon_calendar\"><\/span>\n            <a itemprop=\"url\" href=\"https:\/\/visitcalvia.org\/en\/2020\/04\/\">\n    \n        22 April, 2020        <\/a>\n    <meta itemprop=\"interactionCount\" content=\"UserComments: 0\"\/>\n<\/div>                <\/div>\n            \n        <\/div>\n    <\/div>\n<\/article><article class=\"qodef-bl-item qodef-item-space clearfix\">\n    <div class=\"qodef-bli-inner\">\n        \n\t<div class=\"qodef-post-image\">\n\t\t\t\t\t<a itemprop=\"url\" href=\"https:\/\/visitcalvia.org\/en\/pirates-adventure\/\" title=\"Pirates Adventure\">\n\t\t\t\t\t\t\t\t\t<img decoding=\"async\" width=\"700\" height=\"461\" src=\"https:\/\/i0.wp.com\/visitcalvia.org\/wp-content\/uploads\/2020\/04\/Pirates-Adventure.jpg?fit=700%2C461&amp;ssl=1\" class=\"attachment-full size-full wp-post-image\" alt=\"pirates adventures, atracciones en Mallorca, atraccions a Mallorca,\" srcset=\"https:\/\/i0.wp.com\/visitcalvia.org\/wp-content\/uploads\/2020\/04\/Pirates-Adventure.jpg?w=700&amp;ssl=1 700w, https:\/\/i0.wp.com\/visitcalvia.org\/wp-content\/uploads\/2020\/04\/Pirates-Adventure.jpg?resize=300%2C198&amp;ssl=1 300w, https:\/\/i0.wp.com\/visitcalvia.org\/wp-content\/uploads\/2020\/04\/Pirates-Adventure.jpg?resize=600%2C395&amp;ssl=1 600w, https:\/\/i0.wp.com\/visitcalvia.org\/wp-content\/uploads\/2020\/04\/Pirates-Adventure.jpg?resize=64%2C42&amp;ssl=1 64w\" sizes=\"(max-width: 700px) 100vw, 700px\" data-attachment-id=\"8965\" data-permalink=\"https:\/\/visitcalvia.org\/en\/pirates-adventure\/pirates-adventure-2-2\/\" data-orig-file=\"https:\/\/i0.wp.com\/visitcalvia.org\/wp-content\/uploads\/2020\/04\/Pirates-Adventure.jpg?fit=700%2C461&amp;ssl=1\" data-orig-size=\"700,461\" data-comments-opened=\"1\" data-image-meta=\"{&quot;aperture&quot;:&quot;0&quot;,&quot;credit&quot;:&quot;&quot;,&quot;camera&quot;:&quot;&quot;,&quot;caption&quot;:&quot;&quot;,&quot;created_timestamp&quot;:&quot;0&quot;,&quot;copyright&quot;:&quot;&quot;,&quot;focal_length&quot;:&quot;0&quot;,&quot;iso&quot;:&quot;0&quot;,&quot;shutter_speed&quot;:&quot;0&quot;,&quot;title&quot;:&quot;&quot;,&quot;orientation&quot;:&quot;0&quot;}\" data-image-title=\"Pirates Adventure\" data-image-description=\"\" data-image-caption=\"\" data-medium-file=\"https:\/\/i0.wp.com\/visitcalvia.org\/wp-content\/uploads\/2020\/04\/Pirates-Adventure.jpg?fit=300%2C198&amp;ssl=1\" data-large-file=\"https:\/\/i0.wp.com\/visitcalvia.org\/wp-content\/uploads\/2020\/04\/Pirates-Adventure.jpg?fit=700%2C461&amp;ssl=1\" \/>\t\t\t\t\t\t\t\t<\/a>\n\t\t\t\t\t<\/div>\n        <div class=\"qodef-bli-content\">\n\n            \n<h4 itemprop=\"name\" class=\"entry-title qodef-post-title\" >\n            <a itemprop=\"url\" href=\"https:\/\/visitcalvia.org\/en\/pirates-adventure\/\" title=\"Pirates Adventure\">\n            Pirates Adventure            <\/a>\n    <\/h4>                            <div class=\"qodef-bli-excerpt\">\n                    \t\t<div class=\"qodef-post-excerpt-holder\">\n\t\t\t<p itemprop=\"description\" class=\"qodef-post-excerpt\">\n\t\t\t\tAcrobatic show set in the times when pirates ruled the 7 seas. *(Completely in English\r\n\r\n\r\n<a href=\"http:\/\/www.piratesadventure.com\" rel=\"nofollow\">http:\/\/www.piratesadventure.com<\/a>\t\t\t<\/p>\n\t\t<\/div>\n\t                <\/div>\n            \n                            <div class=\"qodef-bli-info\">\n                    <div itemprop=\"dateCreated\" class=\"qodef-post-info-date entry-date published updated\">\n    <span class=\"qodef-post-info-icon icon_calendar\"><\/span>\n            <a itemprop=\"url\" href=\"https:\/\/visitcalvia.org\/en\/2020\/04\/\">\n    \n        14 April, 2020        <\/a>\n    <meta itemprop=\"interactionCount\" content=\"UserComments: 0\"\/>\n<\/div>                <\/div>\n            \n        <\/div>\n    <\/div>\n<\/article><article class=\"qodef-bl-item qodef-item-space clearfix\">\n    <div class=\"qodef-bli-inner\">\n        \n\t<div class=\"qodef-post-image\">\n\t\t\t\t\t<a itemprop=\"url\" href=\"https:\/\/visitcalvia.org\/en\/son-ferrer-market\/\" title=\"Son Ferrer Market\">\n\t\t\t\t\t\t\t\t\t<img decoding=\"async\" width=\"760\" height=\"531\" src=\"https:\/\/i0.wp.com\/visitcalvia.org\/wp-content\/uploads\/2020\/04\/navidad_0003_IMG_0670.jpg?fit=760%2C531&amp;ssl=1\" class=\"attachment-full size-full wp-post-image\" alt=\"mercado artesanal , mercado navide\u00f1o, atracciones en Mallorca, atraccions a Mallorca\" srcset=\"https:\/\/i0.wp.com\/visitcalvia.org\/wp-content\/uploads\/2020\/04\/navidad_0003_IMG_0670.jpg?w=760&amp;ssl=1 760w, https:\/\/i0.wp.com\/visitcalvia.org\/wp-content\/uploads\/2020\/04\/navidad_0003_IMG_0670.jpg?resize=300%2C210&amp;ssl=1 300w, https:\/\/i0.wp.com\/visitcalvia.org\/wp-content\/uploads\/2020\/04\/navidad_0003_IMG_0670.jpg?resize=600%2C419&amp;ssl=1 600w, https:\/\/i0.wp.com\/visitcalvia.org\/wp-content\/uploads\/2020\/04\/navidad_0003_IMG_0670.jpg?resize=64%2C45&amp;ssl=1 64w\" sizes=\"(max-width: 760px) 100vw, 760px\" data-attachment-id=\"6068\" data-permalink=\"https:\/\/visitcalvia.org\/en\/traditional-market-of-calvia-village\/navidad_0003_img_0670-2\/\" data-orig-file=\"https:\/\/i0.wp.com\/visitcalvia.org\/wp-content\/uploads\/2020\/04\/navidad_0003_IMG_0670.jpg?fit=760%2C531&amp;ssl=1\" data-orig-size=\"760,531\" data-comments-opened=\"1\" data-image-meta=\"{&quot;aperture&quot;:&quot;0&quot;,&quot;credit&quot;:&quot;&quot;,&quot;camera&quot;:&quot;&quot;,&quot;caption&quot;:&quot;&quot;,&quot;created_timestamp&quot;:&quot;0&quot;,&quot;copyright&quot;:&quot;&quot;,&quot;focal_length&quot;:&quot;0&quot;,&quot;iso&quot;:&quot;0&quot;,&quot;shutter_speed&quot;:&quot;0&quot;,&quot;title&quot;:&quot;&quot;,&quot;orientation&quot;:&quot;1&quot;}\" data-image-title=\"navidad_0003_IMG_0670\" data-image-description=\"\" data-image-caption=\"\" data-medium-file=\"https:\/\/i0.wp.com\/visitcalvia.org\/wp-content\/uploads\/2020\/04\/navidad_0003_IMG_0670.jpg?fit=300%2C210&amp;ssl=1\" data-large-file=\"https:\/\/i0.wp.com\/visitcalvia.org\/wp-content\/uploads\/2020\/04\/navidad_0003_IMG_0670.jpg?fit=760%2C531&amp;ssl=1\" \/>\t\t\t\t\t\t\t\t<\/a>\n\t\t\t\t\t<\/div>\n        <div class=\"qodef-bli-content\">\n\n            \n<h4 itemprop=\"name\" class=\"entry-title qodef-post-title\" >\n            <a itemprop=\"url\" href=\"https:\/\/visitcalvia.org\/en\/son-ferrer-market\/\" title=\"Son Ferrer Market\">\n            Son Ferrer Market            <\/a>\n    <\/h4>                            <div class=\"qodef-bli-excerpt\">\n                    \t\t<div class=\"qodef-post-excerpt-holder\">\n\t\t\t<p itemprop=\"description\" class=\"qodef-post-excerpt\">\n\t\t\t\tFRIDAY - Son Ferrer Market. Typical of this market are the stalls selling fruit, vegetables, sausages and other typical products of the Balearic Islands, clothing and crafts.\r\n\r\nOpening hours: from 8.30am to 1pm\r\n\r\nIt is located in carrer Colom, carrer Rossinyol and\t\t\t<\/p>\n\t\t<\/div>\n\t                <\/div>\n            \n                            <div class=\"qodef-bli-info\">\n                    <div itemprop=\"dateCreated\" class=\"qodef-post-info-date entry-date published updated\">\n    <span class=\"qodef-post-info-icon icon_calendar\"><\/span>\n            <a itemprop=\"url\" href=\"https:\/\/visitcalvia.org\/en\/2020\/04\/\">\n    \n        22 April, 2020        <\/a>\n    <meta itemprop=\"interactionCount\" content=\"UserComments: 0\"\/>\n<\/div>                <\/div>\n            \n        <\/div>\n    <\/div>\n<\/article><article class=\"qodef-bl-item qodef-item-space clearfix\">\n    <div class=\"qodef-bli-inner\">\n        \n\t<div class=\"qodef-post-image\">\n\t\t\t\t\t<a itemprop=\"url\" href=\"https:\/\/visitcalvia.org\/en\/karting-magaluf\/\" title=\"Karting Magaluf\">\n\t\t\t\t\t\t\t\t\t<img decoding=\"async\" width=\"700\" height=\"461\" src=\"https:\/\/i0.wp.com\/visitcalvia.org\/wp-content\/uploads\/2020\/04\/Karting-magaluf.jpg?fit=700%2C461&amp;ssl=1\" class=\"attachment-full size-full wp-post-image\" alt=\"Karting-magaluf\" srcset=\"https:\/\/i0.wp.com\/visitcalvia.org\/wp-content\/uploads\/2020\/04\/Karting-magaluf.jpg?w=700&amp;ssl=1 700w, https:\/\/i0.wp.com\/visitcalvia.org\/wp-content\/uploads\/2020\/04\/Karting-magaluf.jpg?resize=300%2C198&amp;ssl=1 300w, https:\/\/i0.wp.com\/visitcalvia.org\/wp-content\/uploads\/2020\/04\/Karting-magaluf.jpg?resize=600%2C395&amp;ssl=1 600w, https:\/\/i0.wp.com\/visitcalvia.org\/wp-content\/uploads\/2020\/04\/Karting-magaluf.jpg?resize=64%2C42&amp;ssl=1 64w\" sizes=\"(max-width: 700px) 100vw, 700px\" data-attachment-id=\"8983\" data-permalink=\"https:\/\/visitcalvia.org\/en\/karting-magaluf\/karting-magaluf-2-2\/\" data-orig-file=\"https:\/\/i0.wp.com\/visitcalvia.org\/wp-content\/uploads\/2020\/04\/Karting-magaluf.jpg?fit=700%2C461&amp;ssl=1\" data-orig-size=\"700,461\" data-comments-opened=\"1\" data-image-meta=\"{&quot;aperture&quot;:&quot;0&quot;,&quot;credit&quot;:&quot;&quot;,&quot;camera&quot;:&quot;&quot;,&quot;caption&quot;:&quot;&quot;,&quot;created_timestamp&quot;:&quot;0&quot;,&quot;copyright&quot;:&quot;&quot;,&quot;focal_length&quot;:&quot;0&quot;,&quot;iso&quot;:&quot;0&quot;,&quot;shutter_speed&quot;:&quot;0&quot;,&quot;title&quot;:&quot;&quot;,&quot;orientation&quot;:&quot;0&quot;}\" data-image-title=\"Karting-magaluf\" data-image-description=\"\" data-image-caption=\"\" data-medium-file=\"https:\/\/i0.wp.com\/visitcalvia.org\/wp-content\/uploads\/2020\/04\/Karting-magaluf.jpg?fit=300%2C198&amp;ssl=1\" data-large-file=\"https:\/\/i0.wp.com\/visitcalvia.org\/wp-content\/uploads\/2020\/04\/Karting-magaluf.jpg?fit=700%2C461&amp;ssl=1\" \/>\t\t\t\t\t\t\t\t<\/a>\n\t\t\t\t\t<\/div>\n        <div class=\"qodef-bli-content\">\n\n            \n<h4 itemprop=\"name\" class=\"entry-title qodef-post-title\" >\n            <a itemprop=\"url\" href=\"https:\/\/visitcalvia.org\/en\/karting-magaluf\/\" title=\"Karting Magaluf\">\n            Karting Magaluf            <\/a>\n    <\/h4>                            <div class=\"qodef-bli-excerpt\">\n                    \t\t<div class=\"qodef-post-excerpt-holder\">\n\t\t\t<p itemprop=\"description\" class=\"qodef-post-excerpt\">\n\t\t\t\tGo-karting for all ages. Both individual and group rental. The best way to experience the sensations of F1 during your holiday.\r\n\r\n<a href=\"http:\/\/www.kartingmagaluf.com\" rel=\"nofollow\">http:\/\/www.kartingmagaluf.com<\/a>\t\t\t<\/p>\n\t\t<\/div>\n\t                <\/div>\n            \n                            <div class=\"qodef-bli-info\">\n                    <div itemprop=\"dateCreated\" class=\"qodef-post-info-date entry-date published updated\">\n    <span class=\"qodef-post-info-icon icon_calendar\"><\/span>\n            <a itemprop=\"url\" href=\"https:\/\/visitcalvia.org\/en\/2020\/04\/\">\n    \n        14 April, 2020        <\/a>\n    <meta itemprop=\"interactionCount\" content=\"UserComments: 0\"\/>\n<\/div>                <\/div>\n            \n        <\/div>\n    <\/div>\n<\/article><article class=\"qodef-bl-item qodef-item-space clearfix\">\n    <div class=\"qodef-bli-inner\">\n        \n\t<div class=\"qodef-post-image\">\n\t\t\t\t\t<a itemprop=\"url\" href=\"https:\/\/visitcalvia.org\/en\/peguera-market\/\" title=\"Peguera Market\">\n\t\t\t\t\t\t\t\t\t<img decoding=\"async\" width=\"760\" height=\"531\" src=\"https:\/\/i0.wp.com\/visitcalvia.org\/wp-content\/uploads\/2020\/04\/navidad_0002_IMG_2336.jpg?fit=760%2C531&amp;ssl=1\" class=\"attachment-full size-full wp-post-image\" alt=\"mercado tradicional, atracciones en Mallorca, atraccions a Mallorca\" srcset=\"https:\/\/i0.wp.com\/visitcalvia.org\/wp-content\/uploads\/2020\/04\/navidad_0002_IMG_2336.jpg?w=760&amp;ssl=1 760w, https:\/\/i0.wp.com\/visitcalvia.org\/wp-content\/uploads\/2020\/04\/navidad_0002_IMG_2336.jpg?resize=300%2C210&amp;ssl=1 300w, https:\/\/i0.wp.com\/visitcalvia.org\/wp-content\/uploads\/2020\/04\/navidad_0002_IMG_2336.jpg?resize=600%2C419&amp;ssl=1 600w, https:\/\/i0.wp.com\/visitcalvia.org\/wp-content\/uploads\/2020\/04\/navidad_0002_IMG_2336.jpg?resize=64%2C45&amp;ssl=1 64w\" sizes=\"(max-width: 760px) 100vw, 760px\" data-attachment-id=\"6064\" data-permalink=\"https:\/\/visitcalvia.org\/en\/traditional-market-of-calvia-village\/navidad_0002_img_2336-2\/\" data-orig-file=\"https:\/\/i0.wp.com\/visitcalvia.org\/wp-content\/uploads\/2020\/04\/navidad_0002_IMG_2336.jpg?fit=760%2C531&amp;ssl=1\" data-orig-size=\"760,531\" data-comments-opened=\"1\" data-image-meta=\"{&quot;aperture&quot;:&quot;0&quot;,&quot;credit&quot;:&quot;&quot;,&quot;camera&quot;:&quot;&quot;,&quot;caption&quot;:&quot;&quot;,&quot;created_timestamp&quot;:&quot;0&quot;,&quot;copyright&quot;:&quot;&quot;,&quot;focal_length&quot;:&quot;0&quot;,&quot;iso&quot;:&quot;0&quot;,&quot;shutter_speed&quot;:&quot;0&quot;,&quot;title&quot;:&quot;&quot;,&quot;orientation&quot;:&quot;1&quot;}\" data-image-title=\"navidad_0002_IMG_2336\" data-image-description=\"\" data-image-caption=\"\" data-medium-file=\"https:\/\/i0.wp.com\/visitcalvia.org\/wp-content\/uploads\/2020\/04\/navidad_0002_IMG_2336.jpg?fit=300%2C210&amp;ssl=1\" data-large-file=\"https:\/\/i0.wp.com\/visitcalvia.org\/wp-content\/uploads\/2020\/04\/navidad_0002_IMG_2336.jpg?fit=760%2C531&amp;ssl=1\" \/>\t\t\t\t\t\t\t\t<\/a>\n\t\t\t\t\t<\/div>\n        <div class=\"qodef-bli-content\">\n\n            \n<h4 itemprop=\"name\" class=\"entry-title qodef-post-title\" >\n            <a itemprop=\"url\" href=\"https:\/\/visitcalvia.org\/en\/peguera-market\/\" title=\"Peguera Market\">\n            Peguera Market            <\/a>\n    <\/h4>                            <div class=\"qodef-bli-excerpt\">\n                    \t\t<div class=\"qodef-post-excerpt-holder\">\n\t\t\t<p itemprop=\"description\" class=\"qodef-post-excerpt\">\n\t\t\t\tTUESDAY - Peguera Market.  This is a market of food and craft products.\r\nOpening hours: from 8.30am to 1pm\r\nIt is situated at the end of the Peguera Boulevard (Bulevar de Peguera), between the \u201cCasa Pepe\u201d supermarket and the \u201cMercadona\u201d roundabouts.\t\t\t<\/p>\n\t\t<\/div>\n\t                <\/div>\n            \n                            <div class=\"qodef-bli-info\">\n                    <div itemprop=\"dateCreated\" class=\"qodef-post-info-date entry-date published updated\">\n    <span class=\"qodef-post-info-icon icon_calendar\"><\/span>\n            <a itemprop=\"url\" href=\"https:\/\/visitcalvia.org\/en\/2020\/04\/\">\n    \n        22 April, 2020        <\/a>\n    <meta itemprop=\"interactionCount\" content=\"UserComments: 0\"\/>\n<\/div>                <\/div>\n            \n        <\/div>\n    <\/div>\n<\/article><article class=\"qodef-bl-item qodef-item-space clearfix\">\n    <div class=\"qodef-bli-inner\">\n        \n\t<div class=\"qodef-post-image\">\n\t\t\t\t\t<a itemprop=\"url\" href=\"https:\/\/visitcalvia.org\/en\/jungle-parc\/\" title=\"Jungle Parc\">\n\t\t\t\t\t\t\t\t\t<img decoding=\"async\" width=\"700\" height=\"461\" src=\"https:\/\/i0.wp.com\/visitcalvia.org\/wp-content\/uploads\/2020\/04\/jungelpark.jpg?fit=700%2C461&amp;ssl=1\" class=\"attachment-full size-full wp-post-image\" alt=\"jungle parc, atracci\u00f3n en familia, calvi\u00e0 en familia, santa pon\u00e7a, Bendinat, para toda la familia\" srcset=\"https:\/\/i0.wp.com\/visitcalvia.org\/wp-content\/uploads\/2020\/04\/jungelpark.jpg?w=700&amp;ssl=1 700w, https:\/\/i0.wp.com\/visitcalvia.org\/wp-content\/uploads\/2020\/04\/jungelpark.jpg?resize=300%2C198&amp;ssl=1 300w, https:\/\/i0.wp.com\/visitcalvia.org\/wp-content\/uploads\/2020\/04\/jungelpark.jpg?resize=600%2C395&amp;ssl=1 600w, https:\/\/i0.wp.com\/visitcalvia.org\/wp-content\/uploads\/2020\/04\/jungelpark.jpg?resize=64%2C42&amp;ssl=1 64w\" sizes=\"(max-width: 700px) 100vw, 700px\" data-attachment-id=\"8995\" data-permalink=\"https:\/\/visitcalvia.org\/en\/jungle-parc\/jungelpark-2\/\" data-orig-file=\"https:\/\/i0.wp.com\/visitcalvia.org\/wp-content\/uploads\/2020\/04\/jungelpark.jpg?fit=700%2C461&amp;ssl=1\" data-orig-size=\"700,461\" data-comments-opened=\"1\" data-image-meta=\"{&quot;aperture&quot;:&quot;0&quot;,&quot;credit&quot;:&quot;&quot;,&quot;camera&quot;:&quot;&quot;,&quot;caption&quot;:&quot;&quot;,&quot;created_timestamp&quot;:&quot;0&quot;,&quot;copyright&quot;:&quot;&quot;,&quot;focal_length&quot;:&quot;0&quot;,&quot;iso&quot;:&quot;0&quot;,&quot;shutter_speed&quot;:&quot;0&quot;,&quot;title&quot;:&quot;&quot;,&quot;orientation&quot;:&quot;0&quot;}\" data-image-title=\"jungelpark\" data-image-description=\"\" data-image-caption=\"\" data-medium-file=\"https:\/\/i0.wp.com\/visitcalvia.org\/wp-content\/uploads\/2020\/04\/jungelpark.jpg?fit=300%2C198&amp;ssl=1\" data-large-file=\"https:\/\/i0.wp.com\/visitcalvia.org\/wp-content\/uploads\/2020\/04\/jungelpark.jpg?fit=700%2C461&amp;ssl=1\" \/>\t\t\t\t\t\t\t\t<\/a>\n\t\t\t\t\t<\/div>\n        <div class=\"qodef-bli-content\">\n\n            \n<h4 itemprop=\"name\" class=\"entry-title qodef-post-title\" >\n            <a itemprop=\"url\" href=\"https:\/\/visitcalvia.org\/en\/jungle-parc\/\" title=\"Jungle Parc\">\n            Jungle Parc            <\/a>\n    <\/h4>                            <div class=\"qodef-bli-excerpt\">\n                    \t\t<div class=\"qodef-post-excerpt-holder\">\n\t\t\t<p itemprop=\"description\" class=\"qodef-post-excerpt\">\n\t\t\t\tSe trata del mayor parque de aventuras con tirolinas de Baleares. Comprende un espacio de 9 hect\u00e1reas de pinar con diversos circuitos, 134 plataformas y deportes de altura.\r\n\r\n<a href=\"http:\/\/www.jungleparc.es\" rel=\"nofollow\">http:\/\/www.jungleparc.es<\/a>\t\t\t<\/p>\n\t\t<\/div>\n\t                <\/div>\n            \n                            <div class=\"qodef-bli-info\">\n                    <div itemprop=\"dateCreated\" class=\"qodef-post-info-date entry-date published updated\">\n    <span class=\"qodef-post-info-icon icon_calendar\"><\/span>\n            <a itemprop=\"url\" href=\"https:\/\/visitcalvia.org\/en\/2020\/04\/\">\n    \n        8 April, 2020        <\/a>\n    <meta itemprop=\"interactionCount\" content=\"UserComments: 0\"\/>\n<\/div>                <\/div>\n            \n        <\/div>\n    <\/div>\n<\/article><article class=\"qodef-bl-item qodef-item-space clearfix\">\n    <div class=\"qodef-bli-inner\">\n        \n\t<div class=\"qodef-post-image\">\n\t\t\t\t\t<a itemprop=\"url\" href=\"https:\/\/visitcalvia.org\/en\/traditional-market-of-calvia-village\/\" title=\"Traditional market of Calvi\u00e0 village\">\n\t\t\t\t\t\t\t\t\t<img decoding=\"async\" width=\"2000\" height=\"1333\" src=\"https:\/\/i0.wp.com\/visitcalvia.org\/wp-content\/uploads\/2020\/04\/78798629_1500825483427709_6595121500771057664_n-scaled.jpg?fit=2000%2C1333&amp;ssl=1\" class=\"attachment-full size-full wp-post-image\" alt=\"\" srcset=\"https:\/\/i0.wp.com\/visitcalvia.org\/wp-content\/uploads\/2020\/04\/78798629_1500825483427709_6595121500771057664_n-scaled.jpg?w=2000&amp;ssl=1 2000w, https:\/\/i0.wp.com\/visitcalvia.org\/wp-content\/uploads\/2020\/04\/78798629_1500825483427709_6595121500771057664_n-scaled.jpg?resize=300%2C200&amp;ssl=1 300w, https:\/\/i0.wp.com\/visitcalvia.org\/wp-content\/uploads\/2020\/04\/78798629_1500825483427709_6595121500771057664_n-scaled.jpg?resize=1024%2C683&amp;ssl=1 1024w, https:\/\/i0.wp.com\/visitcalvia.org\/wp-content\/uploads\/2020\/04\/78798629_1500825483427709_6595121500771057664_n-scaled.jpg?resize=768%2C512&amp;ssl=1 768w, https:\/\/i0.wp.com\/visitcalvia.org\/wp-content\/uploads\/2020\/04\/78798629_1500825483427709_6595121500771057664_n-scaled.jpg?resize=391%2C260&amp;ssl=1 391w, https:\/\/i0.wp.com\/visitcalvia.org\/wp-content\/uploads\/2020\/04\/78798629_1500825483427709_6595121500771057664_n-scaled.jpg?resize=1536%2C1024&amp;ssl=1 1536w\" sizes=\"(max-width: 1100px) 100vw, 1100px\" data-attachment-id=\"27271\" data-permalink=\"https:\/\/visitcalvia.org\/en\/traditional-market-of-calvia-village\/78798629_1500825483427709_6595121500771057664_n-2\/\" data-orig-file=\"https:\/\/i0.wp.com\/visitcalvia.org\/wp-content\/uploads\/2020\/04\/78798629_1500825483427709_6595121500771057664_n-scaled.jpg?fit=2000%2C1333&amp;ssl=1\" data-orig-size=\"2000,1333\" data-comments-opened=\"1\" data-image-meta=\"{&quot;aperture&quot;:&quot;0&quot;,&quot;credit&quot;:&quot;&quot;,&quot;camera&quot;:&quot;&quot;,&quot;caption&quot;:&quot;&quot;,&quot;created_timestamp&quot;:&quot;0&quot;,&quot;copyright&quot;:&quot;&quot;,&quot;focal_length&quot;:&quot;0&quot;,&quot;iso&quot;:&quot;0&quot;,&quot;shutter_speed&quot;:&quot;0&quot;,&quot;title&quot;:&quot;&quot;,&quot;orientation&quot;:&quot;0&quot;}\" data-image-title=\"78798629_1500825483427709_6595121500771057664_n\" data-image-description=\"\" data-image-caption=\"\" data-medium-file=\"https:\/\/i0.wp.com\/visitcalvia.org\/wp-content\/uploads\/2020\/04\/78798629_1500825483427709_6595121500771057664_n-scaled.jpg?fit=300%2C200&amp;ssl=1\" data-large-file=\"https:\/\/i0.wp.com\/visitcalvia.org\/wp-content\/uploads\/2020\/04\/78798629_1500825483427709_6595121500771057664_n-scaled.jpg?fit=1024%2C683&amp;ssl=1\" \/>\t\t\t\t\t\t\t\t<\/a>\n\t\t\t\t\t<\/div>\n        <div class=\"qodef-bli-content\">\n\n            \n<h4 itemprop=\"name\" class=\"entry-title qodef-post-title\" >\n            <a itemprop=\"url\" href=\"https:\/\/visitcalvia.org\/en\/traditional-market-of-calvia-village\/\" title=\"Traditional market of Calvi\u00e0 village\">\n            Traditional market of Calvi\u00e0 village            <\/a>\n    <\/h4>                            <div class=\"qodef-bli-excerpt\">\n                    \t\t<div class=\"qodef-post-excerpt-holder\">\n\t\t\t<p itemprop=\"description\" class=\"qodef-post-excerpt\">\n\t\t\t\tMONDAY - Calvi\u00e0 village traditional market. To the foreground are the stalls selling food, clothing, footwear and handicrafts.\r\nOpening hours: from 8.30am to 1pm\t\t\t<\/p>\n\t\t<\/div>\n\t                <\/div>\n            \n                            <div class=\"qodef-bli-info\">\n                    <div itemprop=\"dateCreated\" class=\"qodef-post-info-date entry-date published updated\">\n    <span class=\"qodef-post-info-icon icon_calendar\"><\/span>\n            <a itemprop=\"url\" href=\"https:\/\/visitcalvia.org\/en\/2020\/04\/\">\n    \n        22 April, 2020        <\/a>\n    <meta itemprop=\"interactionCount\" content=\"UserComments: 0\"\/>\n<\/div>                <\/div>\n            \n        <\/div>\n    <\/div>\n<\/article><article class=\"qodef-bl-item qodef-item-space clearfix\">\n    <div class=\"qodef-bli-inner\">\n        \n\t<div class=\"qodef-post-image\">\n\t\t\t\t\t<a itemprop=\"url\" href=\"https:\/\/visitcalvia.org\/en\/mallorca-cruises\/\" title=\"Mallorca Cruises\">\n\t\t\t\t\t\t\t\t\t<img decoding=\"async\" width=\"700\" height=\"461\" src=\"https:\/\/i0.wp.com\/visitcalvia.org\/wp-content\/uploads\/2020\/04\/Cruceros-de-Mallorca-1.jpg?fit=700%2C461&amp;ssl=1\" class=\"attachment-full size-full wp-post-image\" alt=\"Cruceros de Mallorca\" srcset=\"https:\/\/i0.wp.com\/visitcalvia.org\/wp-content\/uploads\/2020\/04\/Cruceros-de-Mallorca-1.jpg?w=700&amp;ssl=1 700w, https:\/\/i0.wp.com\/visitcalvia.org\/wp-content\/uploads\/2020\/04\/Cruceros-de-Mallorca-1.jpg?resize=300%2C198&amp;ssl=1 300w, https:\/\/i0.wp.com\/visitcalvia.org\/wp-content\/uploads\/2020\/04\/Cruceros-de-Mallorca-1.jpg?resize=600%2C395&amp;ssl=1 600w, https:\/\/i0.wp.com\/visitcalvia.org\/wp-content\/uploads\/2020\/04\/Cruceros-de-Mallorca-1.jpg?resize=64%2C42&amp;ssl=1 64w\" sizes=\"(max-width: 700px) 100vw, 700px\" data-attachment-id=\"9011\" data-permalink=\"https:\/\/visitcalvia.org\/en\/mallorca-cruises\/cruceros-de-mallorca-3-2\/\" data-orig-file=\"https:\/\/i0.wp.com\/visitcalvia.org\/wp-content\/uploads\/2020\/04\/Cruceros-de-Mallorca-1.jpg?fit=700%2C461&amp;ssl=1\" data-orig-size=\"700,461\" data-comments-opened=\"1\" data-image-meta=\"{&quot;aperture&quot;:&quot;0&quot;,&quot;credit&quot;:&quot;&quot;,&quot;camera&quot;:&quot;&quot;,&quot;caption&quot;:&quot;&quot;,&quot;created_timestamp&quot;:&quot;0&quot;,&quot;copyright&quot;:&quot;&quot;,&quot;focal_length&quot;:&quot;0&quot;,&quot;iso&quot;:&quot;0&quot;,&quot;shutter_speed&quot;:&quot;0&quot;,&quot;title&quot;:&quot;&quot;,&quot;orientation&quot;:&quot;0&quot;}\" data-image-title=\"Cruceros de Mallorca\" data-image-description=\"\" data-image-caption=\"\" data-medium-file=\"https:\/\/i0.wp.com\/visitcalvia.org\/wp-content\/uploads\/2020\/04\/Cruceros-de-Mallorca-1.jpg?fit=300%2C198&amp;ssl=1\" data-large-file=\"https:\/\/i0.wp.com\/visitcalvia.org\/wp-content\/uploads\/2020\/04\/Cruceros-de-Mallorca-1.jpg?fit=700%2C461&amp;ssl=1\" \/>\t\t\t\t\t\t\t\t<\/a>\n\t\t\t\t\t<\/div>\n        <div class=\"qodef-bli-content\">\n\n            \n<h4 itemprop=\"name\" class=\"entry-title qodef-post-title\" >\n            <a itemprop=\"url\" href=\"https:\/\/visitcalvia.org\/en\/mallorca-cruises\/\" title=\"Mallorca Cruises\">\n            Mallorca Cruises            <\/a>\n    <\/h4>                            <div class=\"qodef-bli-excerpt\">\n                    \t\t<div class=\"qodef-post-excerpt-holder\">\n\t\t\t<p itemprop=\"description\" class=\"qodef-post-excerpt\">\n\t\t\t\tThey have 3 excursions along the Calvia and Ponent coast. Daily departures from May to October from Santa Pon\u00e7a and Peguera.\r\nMallorca Cruises\r\n\r\n\r\n<a href=\"http:\/\/www.crucerosdemallorca.com\" rel=\"nofollow\">http:\/\/www.crucerosdemallorca.com<\/a>\t\t\t<\/p>\n\t\t<\/div>\n\t                <\/div>\n            \n                            <div class=\"qodef-bli-info\">\n                    <div itemprop=\"dateCreated\" class=\"qodef-post-info-date entry-date published updated\">\n    <span class=\"qodef-post-info-icon icon_calendar\"><\/span>\n            <a itemprop=\"url\" href=\"https:\/\/visitcalvia.org\/en\/2020\/04\/\">\n    \n        8 April, 2020        <\/a>\n    <meta itemprop=\"interactionCount\" content=\"UserComments: 0\"\/>\n<\/div>                <\/div>\n            \n        <\/div>\n    <\/div>\n<\/article><article class=\"qodef-bl-item qodef-item-space clearfix\">\n    <div class=\"qodef-bli-inner\">\n        \n\t<div class=\"qodef-post-image\">\n\t\t\t\t\t<a itemprop=\"url\" href=\"https:\/\/visitcalvia.org\/en\/palmanova-marina\/\" title=\"Palmanova Marina\">\n\t\t\t\t\t\t\t\t\t<img decoding=\"async\" width=\"4032\" height=\"3024\" src=\"https:\/\/i0.wp.com\/visitcalvia.org\/wp-content\/uploads\/2020\/04\/IMG_0766.jpg?fit=4032%2C3024&amp;ssl=1\" class=\"attachment-full size-full wp-post-image\" alt=\"Puerto deportivo x\" srcset=\"https:\/\/i0.wp.com\/visitcalvia.org\/wp-content\/uploads\/2020\/04\/IMG_0766.jpg?w=4032&amp;ssl=1 4032w, https:\/\/i0.wp.com\/visitcalvia.org\/wp-content\/uploads\/2020\/04\/IMG_0766.jpg?resize=300%2C225&amp;ssl=1 300w, https:\/\/i0.wp.com\/visitcalvia.org\/wp-content\/uploads\/2020\/04\/IMG_0766.jpg?resize=1024%2C768&amp;ssl=1 1024w, https:\/\/i0.wp.com\/visitcalvia.org\/wp-content\/uploads\/2020\/04\/IMG_0766.jpg?resize=768%2C576&amp;ssl=1 768w, https:\/\/i0.wp.com\/visitcalvia.org\/wp-content\/uploads\/2020\/04\/IMG_0766.jpg?resize=1536%2C1152&amp;ssl=1 1536w, https:\/\/i0.wp.com\/visitcalvia.org\/wp-content\/uploads\/2020\/04\/IMG_0766.jpg?resize=1200%2C900&amp;ssl=1 1200w, https:\/\/i0.wp.com\/visitcalvia.org\/wp-content\/uploads\/2020\/04\/IMG_0766.jpg?resize=800%2C600&amp;ssl=1 800w, https:\/\/i0.wp.com\/visitcalvia.org\/wp-content\/uploads\/2020\/04\/IMG_0766.jpg?resize=400%2C300&amp;ssl=1 400w, https:\/\/i0.wp.com\/visitcalvia.org\/wp-content\/uploads\/2020\/04\/IMG_0766.jpg?resize=200%2C150&amp;ssl=1 200w, https:\/\/i0.wp.com\/visitcalvia.org\/wp-content\/uploads\/2020\/04\/IMG_0766.jpg?resize=600%2C450&amp;ssl=1 600w, https:\/\/i0.wp.com\/visitcalvia.org\/wp-content\/uploads\/2020\/04\/IMG_0766.jpg?resize=64%2C48&amp;ssl=1 64w, https:\/\/i0.wp.com\/visitcalvia.org\/wp-content\/uploads\/2020\/04\/IMG_0766.jpg?w=2200&amp;ssl=1 2200w, https:\/\/i0.wp.com\/visitcalvia.org\/wp-content\/uploads\/2020\/04\/IMG_0766.jpg?w=3300&amp;ssl=1 3300w\" sizes=\"(max-width: 1100px) 100vw, 1100px\" data-attachment-id=\"8895\" data-permalink=\"https:\/\/visitcalvia.org\/en\/palmanova-marina\/img_0766-2\/\" data-orig-file=\"https:\/\/i0.wp.com\/visitcalvia.org\/wp-content\/uploads\/2020\/04\/IMG_0766.jpg?fit=4032%2C3024&amp;ssl=1\" data-orig-size=\"4032,3024\" data-comments-opened=\"1\" data-image-meta=\"{&quot;aperture&quot;:&quot;0&quot;,&quot;credit&quot;:&quot;&quot;,&quot;camera&quot;:&quot;&quot;,&quot;caption&quot;:&quot;&quot;,&quot;created_timestamp&quot;:&quot;0&quot;,&quot;copyright&quot;:&quot;&quot;,&quot;focal_length&quot;:&quot;0&quot;,&quot;iso&quot;:&quot;0&quot;,&quot;shutter_speed&quot;:&quot;0&quot;,&quot;title&quot;:&quot;&quot;,&quot;orientation&quot;:&quot;0&quot;}\" data-image-title=\"IMG_0766\" data-image-description=\"\" data-image-caption=\"\" data-medium-file=\"https:\/\/i0.wp.com\/visitcalvia.org\/wp-content\/uploads\/2020\/04\/IMG_0766.jpg?fit=300%2C225&amp;ssl=1\" data-large-file=\"https:\/\/i0.wp.com\/visitcalvia.org\/wp-content\/uploads\/2020\/04\/IMG_0766.jpg?fit=1024%2C768&amp;ssl=1\" \/>\t\t\t\t\t\t\t\t<\/a>\n\t\t\t\t\t<\/div>\n        <div class=\"qodef-bli-content\">\n\n            \n<h4 itemprop=\"name\" class=\"entry-title qodef-post-title\" >\n            <a itemprop=\"url\" href=\"https:\/\/visitcalvia.org\/en\/palmanova-marina\/\" title=\"Palmanova Marina\">\n            Palmanova Marina            <\/a>\n    <\/h4>                            <div class=\"qodef-bli-excerpt\">\n                    \t\t<div class=\"qodef-post-excerpt-holder\">\n\t\t\t<p itemprop=\"description\" class=\"qodef-post-excerpt\">\n\t\t\t\tIt is a leisure port with a relaxed and family atmosphere, with a respectful integration to its environment and very close to the main beaches and accommodation of the resort.\r\n\r\n<a href=\"http:\/\/www.cnpalmanova.com\" rel=\"nofollow\">http:\/\/www.cnpalmanova.com<\/a>\t\t\t<\/p>\n\t\t<\/div>\n\t                <\/div>\n            \n                            <div class=\"qodef-bli-info\">\n                    <div itemprop=\"dateCreated\" class=\"qodef-post-info-date entry-date published updated\">\n    <span class=\"qodef-post-info-icon icon_calendar\"><\/span>\n            <a itemprop=\"url\" href=\"https:\/\/visitcalvia.org\/en\/2020\/04\/\">\n    \n        14 April, 2020        <\/a>\n    <meta itemprop=\"interactionCount\" content=\"UserComments: 0\"\/>\n<\/div>                <\/div>\n            \n        <\/div>\n    <\/div>\n<\/article><article class=\"qodef-bl-item qodef-item-space clearfix\">\n    <div class=\"qodef-bli-inner\">\n        \n\t<div class=\"qodef-post-image\">\n\t\t\t\t\t<a itemprop=\"url\" href=\"https:\/\/visitcalvia.org\/en\/calvia-coastal-cruises\/\" title=\"Calvia Coastal Cruises\">\n\t\t\t\t\t\t\t\t\t<img decoding=\"async\" width=\"700\" height=\"461\" src=\"https:\/\/i0.wp.com\/visitcalvia.org\/wp-content\/uploads\/2020\/04\/post.jpg?fit=700%2C461&amp;ssl=1\" class=\"attachment-full size-full wp-post-image\" alt=\"\" srcset=\"https:\/\/i0.wp.com\/visitcalvia.org\/wp-content\/uploads\/2020\/04\/post.jpg?w=700&amp;ssl=1 700w, https:\/\/i0.wp.com\/visitcalvia.org\/wp-content\/uploads\/2020\/04\/post.jpg?resize=300%2C198&amp;ssl=1 300w, https:\/\/i0.wp.com\/visitcalvia.org\/wp-content\/uploads\/2020\/04\/post.jpg?resize=600%2C395&amp;ssl=1 600w, https:\/\/i0.wp.com\/visitcalvia.org\/wp-content\/uploads\/2020\/04\/post.jpg?resize=64%2C42&amp;ssl=1 64w\" sizes=\"(max-width: 700px) 100vw, 700px\" data-attachment-id=\"11310\" data-permalink=\"https:\/\/visitcalvia.org\/en\/magalufs-sling-shot-bungee-rocket\/post\/\" data-orig-file=\"https:\/\/i0.wp.com\/visitcalvia.org\/wp-content\/uploads\/2020\/04\/post.jpg?fit=700%2C461&amp;ssl=1\" data-orig-size=\"700,461\" data-comments-opened=\"1\" data-image-meta=\"{&quot;aperture&quot;:&quot;0&quot;,&quot;credit&quot;:&quot;&quot;,&quot;camera&quot;:&quot;&quot;,&quot;caption&quot;:&quot;&quot;,&quot;created_timestamp&quot;:&quot;0&quot;,&quot;copyright&quot;:&quot;&quot;,&quot;focal_length&quot;:&quot;0&quot;,&quot;iso&quot;:&quot;0&quot;,&quot;shutter_speed&quot;:&quot;0&quot;,&quot;title&quot;:&quot;&quot;,&quot;orientation&quot;:&quot;1&quot;}\" data-image-title=\"post\" data-image-description=\"\" data-image-caption=\"\" data-medium-file=\"https:\/\/i0.wp.com\/visitcalvia.org\/wp-content\/uploads\/2020\/04\/post.jpg?fit=300%2C198&amp;ssl=1\" data-large-file=\"https:\/\/i0.wp.com\/visitcalvia.org\/wp-content\/uploads\/2020\/04\/post.jpg?fit=700%2C461&amp;ssl=1\" \/>\t\t\t\t\t\t\t\t<\/a>\n\t\t\t\t\t<\/div>\n        <div class=\"qodef-bli-content\">\n\n            \n<h4 itemprop=\"name\" class=\"entry-title qodef-post-title\" >\n            <a itemprop=\"url\" href=\"https:\/\/visitcalvia.org\/en\/calvia-coastal-cruises\/\" title=\"Calvia Coastal Cruises\">\n            Calvia Coastal Cruises            <\/a>\n    <\/h4>                            <div class=\"qodef-bli-excerpt\">\n                    \t\t<div class=\"qodef-post-excerpt-holder\">\n\t\t\t<p itemprop=\"description\" class=\"qodef-post-excerpt\">\n\t\t\t\tThey offer various boat trips along the coast of Calvi\u00e0, Ponent and the Bay of Palma with several stops on small islands and natural spaces. Daily departures from Palmanova and Magaluf.\r\n<a href=\"http:\/\/www.cruceroscostadecalvia.com\" rel=\"nofollow\">http:\/\/www.cruceroscostadecalvia.com<\/a>\t\t\t<\/p>\n\t\t<\/div>\n\t                <\/div>\n            \n                            <div class=\"qodef-bli-info\">\n                    <div itemprop=\"dateCreated\" class=\"qodef-post-info-date entry-date published updated\">\n    <span class=\"qodef-post-info-icon icon_calendar\"><\/span>\n            <a itemprop=\"url\" href=\"https:\/\/visitcalvia.org\/en\/2020\/04\/\">\n    \n        8 April, 2020        <\/a>\n    <meta itemprop=\"interactionCount\" content=\"UserComments: 0\"\/>\n<\/div>                <\/div>\n            \n        <\/div>\n    <\/div>\n<\/article><article class=\"qodef-bl-item qodef-item-space clearfix\">\n    <div class=\"qodef-bli-inner\">\n        \n\t<div class=\"qodef-post-image\">\n\t\t\t\t\t<a itemprop=\"url\" href=\"https:\/\/visitcalvia.org\/en\/santa-ponca-marina\/\" title=\"Santa Pon\u00e7a Marina\">\n\t\t\t\t\t\t\t\t\t<img decoding=\"async\" width=\"3150\" height=\"2100\" src=\"https:\/\/i0.wp.com\/visitcalvia.org\/wp-content\/uploads\/2020\/04\/48869-MAZMEN4.jpg?fit=3150%2C2100&amp;ssl=1\" class=\"attachment-full size-full wp-post-image\" alt=\"Puerto deportivo\" srcset=\"https:\/\/i0.wp.com\/visitcalvia.org\/wp-content\/uploads\/2020\/04\/48869-MAZMEN4.jpg?w=3150&amp;ssl=1 3150w, https:\/\/i0.wp.com\/visitcalvia.org\/wp-content\/uploads\/2020\/04\/48869-MAZMEN4.jpg?resize=300%2C200&amp;ssl=1 300w, https:\/\/i0.wp.com\/visitcalvia.org\/wp-content\/uploads\/2020\/04\/48869-MAZMEN4.jpg?resize=1024%2C683&amp;ssl=1 1024w, https:\/\/i0.wp.com\/visitcalvia.org\/wp-content\/uploads\/2020\/04\/48869-MAZMEN4.jpg?resize=768%2C512&amp;ssl=1 768w, https:\/\/i0.wp.com\/visitcalvia.org\/wp-content\/uploads\/2020\/04\/48869-MAZMEN4.jpg?resize=1536%2C1024&amp;ssl=1 1536w, https:\/\/i0.wp.com\/visitcalvia.org\/wp-content\/uploads\/2020\/04\/48869-MAZMEN4.jpg?resize=1200%2C800&amp;ssl=1 1200w, https:\/\/i0.wp.com\/visitcalvia.org\/wp-content\/uploads\/2020\/04\/48869-MAZMEN4.jpg?resize=600%2C400&amp;ssl=1 600w, https:\/\/i0.wp.com\/visitcalvia.org\/wp-content\/uploads\/2020\/04\/48869-MAZMEN4.jpg?resize=64%2C43&amp;ssl=1 64w, https:\/\/i0.wp.com\/visitcalvia.org\/wp-content\/uploads\/2020\/04\/48869-MAZMEN4.jpg?w=2200&amp;ssl=1 2200w\" sizes=\"(max-width: 1100px) 100vw, 1100px\" data-attachment-id=\"8902\" data-permalink=\"https:\/\/visitcalvia.org\/en\/santa-ponca-marina\/48869-mazmen4-2\/\" data-orig-file=\"https:\/\/i0.wp.com\/visitcalvia.org\/wp-content\/uploads\/2020\/04\/48869-MAZMEN4.jpg?fit=3150%2C2100&amp;ssl=1\" data-orig-size=\"3150,2100\" data-comments-opened=\"1\" data-image-meta=\"{&quot;aperture&quot;:&quot;0&quot;,&quot;credit&quot;:&quot;&quot;,&quot;camera&quot;:&quot;&quot;,&quot;caption&quot;:&quot;&quot;,&quot;created_timestamp&quot;:&quot;0&quot;,&quot;copyright&quot;:&quot;&quot;,&quot;focal_length&quot;:&quot;0&quot;,&quot;iso&quot;:&quot;0&quot;,&quot;shutter_speed&quot;:&quot;0&quot;,&quot;title&quot;:&quot;&quot;,&quot;orientation&quot;:&quot;0&quot;}\" data-image-title=\"48869 MAZMEN4\" data-image-description=\"\" data-image-caption=\"\" data-medium-file=\"https:\/\/i0.wp.com\/visitcalvia.org\/wp-content\/uploads\/2020\/04\/48869-MAZMEN4.jpg?fit=300%2C200&amp;ssl=1\" data-large-file=\"https:\/\/i0.wp.com\/visitcalvia.org\/wp-content\/uploads\/2020\/04\/48869-MAZMEN4.jpg?fit=1024%2C683&amp;ssl=1\" \/>\t\t\t\t\t\t\t\t<\/a>\n\t\t\t\t\t<\/div>\n        <div class=\"qodef-bli-content\">\n\n            \n<h4 itemprop=\"name\" class=\"entry-title qodef-post-title\" >\n            <a itemprop=\"url\" href=\"https:\/\/visitcalvia.org\/en\/santa-ponca-marina\/\" title=\"Santa Pon\u00e7a Marina\">\n            Santa Pon\u00e7a Marina            <\/a>\n    <\/h4>                            <div class=\"qodef-bli-excerpt\">\n                    \t\t<div class=\"qodef-post-excerpt-holder\">\n\t\t\t<p itemprop=\"description\" class=\"qodef-post-excerpt\">\n\t\t\t\tThis is one of the most picturesque recreational ports in Mallorca. It is located in a privileged natural environment, a natural cove called \"Sa Caleta\". It has a capacity of 522 moorings and a multitude of services to enjoy a\t\t\t<\/p>\n\t\t<\/div>\n\t                <\/div>\n            \n                            <div class=\"qodef-bli-info\">\n                    <div itemprop=\"dateCreated\" class=\"qodef-post-info-date entry-date published updated\">\n    <span class=\"qodef-post-info-icon icon_calendar\"><\/span>\n            <a itemprop=\"url\" href=\"https:\/\/visitcalvia.org\/en\/2020\/04\/\">\n    \n        14 April, 2020        <\/a>\n    <meta itemprop=\"interactionCount\" content=\"UserComments: 0\"\/>\n<\/div>                <\/div>\n            \n        <\/div>\n    <\/div>\n<\/article><article class=\"qodef-bl-item qodef-item-space clearfix\">\n    <div class=\"qodef-bli-inner\">\n        \n\t<div class=\"qodef-post-image\">\n\t\t\t\t\t<a itemprop=\"url\" href=\"https:\/\/visitcalvia.org\/en\/magalufs-sling-shot-bungee-rocket\/\" title=\"Magaluf\u2019s Sling Shot Bungee Rocket\">\n\t\t\t\t\t\t\t\t\t<img decoding=\"async\" width=\"700\" height=\"461\" src=\"https:\/\/i0.wp.com\/visitcalvia.org\/wp-content\/uploads\/2020\/04\/post.jpg?fit=700%2C461&amp;ssl=1\" class=\"attachment-full size-full wp-post-image\" alt=\"\" srcset=\"https:\/\/i0.wp.com\/visitcalvia.org\/wp-content\/uploads\/2020\/04\/post.jpg?w=700&amp;ssl=1 700w, https:\/\/i0.wp.com\/visitcalvia.org\/wp-content\/uploads\/2020\/04\/post.jpg?resize=300%2C198&amp;ssl=1 300w, https:\/\/i0.wp.com\/visitcalvia.org\/wp-content\/uploads\/2020\/04\/post.jpg?resize=600%2C395&amp;ssl=1 600w, https:\/\/i0.wp.com\/visitcalvia.org\/wp-content\/uploads\/2020\/04\/post.jpg?resize=64%2C42&amp;ssl=1 64w\" sizes=\"(max-width: 700px) 100vw, 700px\" data-attachment-id=\"11310\" data-permalink=\"https:\/\/visitcalvia.org\/en\/magalufs-sling-shot-bungee-rocket\/post\/\" data-orig-file=\"https:\/\/i0.wp.com\/visitcalvia.org\/wp-content\/uploads\/2020\/04\/post.jpg?fit=700%2C461&amp;ssl=1\" data-orig-size=\"700,461\" data-comments-opened=\"1\" data-image-meta=\"{&quot;aperture&quot;:&quot;0&quot;,&quot;credit&quot;:&quot;&quot;,&quot;camera&quot;:&quot;&quot;,&quot;caption&quot;:&quot;&quot;,&quot;created_timestamp&quot;:&quot;0&quot;,&quot;copyright&quot;:&quot;&quot;,&quot;focal_length&quot;:&quot;0&quot;,&quot;iso&quot;:&quot;0&quot;,&quot;shutter_speed&quot;:&quot;0&quot;,&quot;title&quot;:&quot;&quot;,&quot;orientation&quot;:&quot;1&quot;}\" data-image-title=\"post\" data-image-description=\"\" data-image-caption=\"\" data-medium-file=\"https:\/\/i0.wp.com\/visitcalvia.org\/wp-content\/uploads\/2020\/04\/post.jpg?fit=300%2C198&amp;ssl=1\" data-large-file=\"https:\/\/i0.wp.com\/visitcalvia.org\/wp-content\/uploads\/2020\/04\/post.jpg?fit=700%2C461&amp;ssl=1\" \/>\t\t\t\t\t\t\t\t<\/a>\n\t\t\t\t\t<\/div>\n        <div class=\"qodef-bli-content\">\n\n            \n<h4 itemprop=\"name\" class=\"entry-title qodef-post-title\" >\n            <a itemprop=\"url\" href=\"https:\/\/visitcalvia.org\/en\/magalufs-sling-shot-bungee-rocket\/\" title=\"Magaluf\u2019s Sling Shot Bungee Rocket\">\n            Magaluf\u2019s Sling Shot Bungee Rocket            <\/a>\n    <\/h4>                            <div class=\"qodef-bli-excerpt\">\n                    \t\t<div class=\"qodef-post-excerpt-holder\">\n\t\t\t<p itemprop=\"description\" class=\"qodef-post-excerpt\">\n\t\t\t\tHuman slingshot located in the leisure area of Magaluf.\r\n\r\nFacebook: Magalufs Sling Shot Bungee Rocket\t\t\t<\/p>\n\t\t<\/div>\n\t                <\/div>\n            \n                            <div class=\"qodef-bli-info\">\n                    <div itemprop=\"dateCreated\" class=\"qodef-post-info-date entry-date published updated\">\n    <span class=\"qodef-post-info-icon icon_calendar\"><\/span>\n            <a itemprop=\"url\" href=\"https:\/\/visitcalvia.org\/en\/2020\/04\/\">\n    \n        8 April, 2020        <\/a>\n    <meta itemprop=\"interactionCount\" content=\"UserComments: 0\"\/>\n<\/div>                <\/div>\n            \n        <\/div>\n    <\/div>\n<\/article><article class=\"qodef-bl-item qodef-item-space clearfix\">\n    <div class=\"qodef-bli-inner\">\n        \n\t<div class=\"qodef-post-image\">\n\t\t\t\t\t<a itemprop=\"url\" href=\"https:\/\/visitcalvia.org\/en\/puerto-portals\/\" title=\"Puerto Portals\">\n\t\t\t\t\t\t\t\t\t<img decoding=\"async\" width=\"700\" height=\"461\" src=\"https:\/\/i0.wp.com\/visitcalvia.org\/wp-content\/uploads\/2020\/04\/puertoportals.jpg?fit=700%2C461&amp;ssl=1\" class=\"attachment-full size-full wp-post-image\" alt=\"www.puertoportals.com , Puertos deportivos de Mallorca\" srcset=\"https:\/\/i0.wp.com\/visitcalvia.org\/wp-content\/uploads\/2020\/04\/puertoportals.jpg?w=700&amp;ssl=1 700w, https:\/\/i0.wp.com\/visitcalvia.org\/wp-content\/uploads\/2020\/04\/puertoportals.jpg?resize=300%2C198&amp;ssl=1 300w, https:\/\/i0.wp.com\/visitcalvia.org\/wp-content\/uploads\/2020\/04\/puertoportals.jpg?resize=600%2C395&amp;ssl=1 600w, https:\/\/i0.wp.com\/visitcalvia.org\/wp-content\/uploads\/2020\/04\/puertoportals.jpg?resize=64%2C42&amp;ssl=1 64w\" sizes=\"(max-width: 700px) 100vw, 700px\" data-attachment-id=\"10268\" data-permalink=\"https:\/\/visitcalvia.org\/en\/puerto-portals-christmas-market\/puertoportals-2\/\" data-orig-file=\"https:\/\/i0.wp.com\/visitcalvia.org\/wp-content\/uploads\/2020\/04\/puertoportals.jpg?fit=700%2C461&amp;ssl=1\" data-orig-size=\"700,461\" data-comments-opened=\"1\" data-image-meta=\"{&quot;aperture&quot;:&quot;0&quot;,&quot;credit&quot;:&quot;&quot;,&quot;camera&quot;:&quot;&quot;,&quot;caption&quot;:&quot;&quot;,&quot;created_timestamp&quot;:&quot;0&quot;,&quot;copyright&quot;:&quot;&quot;,&quot;focal_length&quot;:&quot;0&quot;,&quot;iso&quot;:&quot;0&quot;,&quot;shutter_speed&quot;:&quot;0&quot;,&quot;title&quot;:&quot;&quot;,&quot;orientation&quot;:&quot;0&quot;}\" data-image-title=\"puertoportals\" data-image-description=\"\" data-image-caption=\"\" data-medium-file=\"https:\/\/i0.wp.com\/visitcalvia.org\/wp-content\/uploads\/2020\/04\/puertoportals.jpg?fit=300%2C198&amp;ssl=1\" data-large-file=\"https:\/\/i0.wp.com\/visitcalvia.org\/wp-content\/uploads\/2020\/04\/puertoportals.jpg?fit=700%2C461&amp;ssl=1\" \/>\t\t\t\t\t\t\t\t<\/a>\n\t\t\t\t\t<\/div>\n        <div class=\"qodef-bli-content\">\n\n            \n<h4 itemprop=\"name\" class=\"entry-title qodef-post-title\" >\n            <a itemprop=\"url\" href=\"https:\/\/visitcalvia.org\/en\/puerto-portals\/\" title=\"Puerto Portals\">\n            Puerto Portals            <\/a>\n    <\/h4>                            <div class=\"qodef-bli-excerpt\">\n                    \t\t<div class=\"qodef-post-excerpt-holder\">\n\t\t\t<p itemprop=\"description\" class=\"qodef-post-excerpt\">\n\t\t\t\tThis is one of the most popular and prestigious nautical complexes in the Mediterranean. Active 365 days a year, it has 650 moorings and an exclusive first class commercial and gastronomic area. Throughout the year, eminent social and sporting events\t\t\t<\/p>\n\t\t<\/div>\n\t                <\/div>\n            \n                            <div class=\"qodef-bli-info\">\n                    <div itemprop=\"dateCreated\" class=\"qodef-post-info-date entry-date published updated\">\n    <span class=\"qodef-post-info-icon icon_calendar\"><\/span>\n            <a itemprop=\"url\" href=\"https:\/\/visitcalvia.org\/en\/2020\/04\/\">\n    \n        14 April, 2020        <\/a>\n    <meta itemprop=\"interactionCount\" content=\"UserComments: 0\"\/>\n<\/div>                <\/div>\n            \n        <\/div>\n    <\/div>\n<\/article><article class=\"qodef-bl-item qodef-item-space clearfix\">\n    <div class=\"qodef-bli-inner\">\n        \n\t<div class=\"qodef-post-image\">\n\t\t\t\t\t<a itemprop=\"url\" href=\"https:\/\/visitcalvia.org\/en\/attraction-catamarans\/\" title=\"Attraction Catamarans\">\n\t\t\t\t\t\t\t\t\t<img decoding=\"async\" width=\"700\" height=\"461\" src=\"https:\/\/i0.wp.com\/visitcalvia.org\/wp-content\/uploads\/2020\/04\/Attraction-Catamarans.jpg?fit=700%2C461&amp;ssl=1\" class=\"attachment-full size-full wp-post-image\" alt=\"Attraction-Catamarans\" srcset=\"https:\/\/i0.wp.com\/visitcalvia.org\/wp-content\/uploads\/2020\/04\/Attraction-Catamarans.jpg?w=700&amp;ssl=1 700w, https:\/\/i0.wp.com\/visitcalvia.org\/wp-content\/uploads\/2020\/04\/Attraction-Catamarans.jpg?resize=300%2C198&amp;ssl=1 300w, https:\/\/i0.wp.com\/visitcalvia.org\/wp-content\/uploads\/2020\/04\/Attraction-Catamarans.jpg?resize=600%2C395&amp;ssl=1 600w, https:\/\/i0.wp.com\/visitcalvia.org\/wp-content\/uploads\/2020\/04\/Attraction-Catamarans.jpg?resize=64%2C42&amp;ssl=1 64w\" sizes=\"(max-width: 700px) 100vw, 700px\" data-attachment-id=\"9039\" data-permalink=\"https:\/\/visitcalvia.org\/en\/attraction-catamarans\/attraction-catamarans-2-2\/\" data-orig-file=\"https:\/\/i0.wp.com\/visitcalvia.org\/wp-content\/uploads\/2020\/04\/Attraction-Catamarans.jpg?fit=700%2C461&amp;ssl=1\" data-orig-size=\"700,461\" data-comments-opened=\"1\" data-image-meta=\"{&quot;aperture&quot;:&quot;0&quot;,&quot;credit&quot;:&quot;&quot;,&quot;camera&quot;:&quot;&quot;,&quot;caption&quot;:&quot;&quot;,&quot;created_timestamp&quot;:&quot;0&quot;,&quot;copyright&quot;:&quot;&quot;,&quot;focal_length&quot;:&quot;0&quot;,&quot;iso&quot;:&quot;0&quot;,&quot;shutter_speed&quot;:&quot;0&quot;,&quot;title&quot;:&quot;&quot;,&quot;orientation&quot;:&quot;0&quot;}\" data-image-title=\"Attraction-Catamarans\" data-image-description=\"\" data-image-caption=\"\" data-medium-file=\"https:\/\/i0.wp.com\/visitcalvia.org\/wp-content\/uploads\/2020\/04\/Attraction-Catamarans.jpg?fit=300%2C198&amp;ssl=1\" data-large-file=\"https:\/\/i0.wp.com\/visitcalvia.org\/wp-content\/uploads\/2020\/04\/Attraction-Catamarans.jpg?fit=700%2C461&amp;ssl=1\" \/>\t\t\t\t\t\t\t\t<\/a>\n\t\t\t\t\t<\/div>\n        <div class=\"qodef-bli-content\">\n\n            \n<h4 itemprop=\"name\" class=\"entry-title qodef-post-title\" >\n            <a itemprop=\"url\" href=\"https:\/\/visitcalvia.org\/en\/attraction-catamarans\/\" title=\"Attraction Catamarans\">\n            Attraction Catamarans            <\/a>\n    <\/h4>                            <div class=\"qodef-bli-excerpt\">\n                    \t\t<div class=\"qodef-post-excerpt-holder\">\n\t\t\t<p itemprop=\"description\" class=\"qodef-post-excerpt\">\n\t\t\t\tExperience sailing aboard a 24 metre long and 12 metre wide catamaran with a capacity for 145 passengers plus crew. The journey is livened up by music, a spacious deck to enjoy the sun and a magnificent buffet service on\t\t\t<\/p>\n\t\t<\/div>\n\t                <\/div>\n            \n                            <div class=\"qodef-bli-info\">\n                    <div itemprop=\"dateCreated\" class=\"qodef-post-info-date entry-date published updated\">\n    <span class=\"qodef-post-info-icon icon_calendar\"><\/span>\n            <a itemprop=\"url\" href=\"https:\/\/visitcalvia.org\/en\/2020\/04\/\">\n    \n        8 April, 2020        <\/a>\n    <meta itemprop=\"interactionCount\" content=\"UserComments: 0\"\/>\n<\/div>                <\/div>\n            \n        <\/div>\n    <\/div>\n<\/article><article class=\"qodef-bl-item qodef-item-space clearfix\">\n    <div class=\"qodef-bli-inner\">\n        \n\t<div class=\"qodef-post-image\">\n\t\t\t\t\t<a itemprop=\"url\" href=\"https:\/\/visitcalvia.org\/en\/port-adriano\/\" title=\"Port Adriano\">\n\t\t\t\t\t\t\t\t\t<img decoding=\"async\" width=\"800\" height=\"526\" src=\"https:\/\/i0.wp.com\/visitcalvia.org\/wp-content\/uploads\/2020\/04\/Port-Adriano-1-800x526-1.jpg?fit=800%2C526&amp;ssl=1\" class=\"attachment-full size-full wp-post-image\" alt=\"\" srcset=\"https:\/\/i0.wp.com\/visitcalvia.org\/wp-content\/uploads\/2020\/04\/Port-Adriano-1-800x526-1.jpg?w=800&amp;ssl=1 800w, https:\/\/i0.wp.com\/visitcalvia.org\/wp-content\/uploads\/2020\/04\/Port-Adriano-1-800x526-1.jpg?resize=300%2C197&amp;ssl=1 300w, https:\/\/i0.wp.com\/visitcalvia.org\/wp-content\/uploads\/2020\/04\/Port-Adriano-1-800x526-1.jpg?resize=768%2C505&amp;ssl=1 768w, https:\/\/i0.wp.com\/visitcalvia.org\/wp-content\/uploads\/2020\/04\/Port-Adriano-1-800x526-1.jpg?resize=600%2C395&amp;ssl=1 600w, https:\/\/i0.wp.com\/visitcalvia.org\/wp-content\/uploads\/2020\/04\/Port-Adriano-1-800x526-1.jpg?resize=64%2C42&amp;ssl=1 64w\" sizes=\"(max-width: 800px) 100vw, 800px\" data-attachment-id=\"11251\" data-permalink=\"https:\/\/visitcalvia.org\/en\/port-adriano\/port-adriano-1-800x526\/\" data-orig-file=\"https:\/\/i0.wp.com\/visitcalvia.org\/wp-content\/uploads\/2020\/04\/Port-Adriano-1-800x526-1.jpg?fit=800%2C526&amp;ssl=1\" data-orig-size=\"800,526\" data-comments-opened=\"1\" data-image-meta=\"{&quot;aperture&quot;:&quot;7.1&quot;,&quot;credit&quot;:&quot;Jesus Renedo&quot;,&quot;camera&quot;:&quot;Canon EOS 6D&quot;,&quot;caption&quot;:&quot;The Silver Bollard Regatta 2014, Baltic Yachts Rendezvous in Port Adriano, Mallorca. August 21-24 2014. \\u00a9 Jesus Renedo&quot;,&quot;created_timestamp&quot;:&quot;1408902349&quot;,&quot;copyright&quot;:&quot;Jesus Renedo&quot;,&quot;focal_length&quot;:&quot;17&quot;,&quot;iso&quot;:&quot;100&quot;,&quot;shutter_speed&quot;:&quot;0.002&quot;,&quot;title&quot;:&quot;&quot;,&quot;orientation&quot;:&quot;0&quot;}\" data-image-title=\"Port Adriano 1 (800&amp;#215;526)\" data-image-description=\"\" data-image-caption=\"&lt;p&gt;The Silver Bollard Regatta 2014, Baltic Yachts Rendezvous in Port Adriano, Mallorca. August 21-24 2014. \u00a9 Jesus Renedo&lt;\/p&gt;\n\" data-medium-file=\"https:\/\/i0.wp.com\/visitcalvia.org\/wp-content\/uploads\/2020\/04\/Port-Adriano-1-800x526-1.jpg?fit=300%2C197&amp;ssl=1\" data-large-file=\"https:\/\/i0.wp.com\/visitcalvia.org\/wp-content\/uploads\/2020\/04\/Port-Adriano-1-800x526-1.jpg?fit=800%2C526&amp;ssl=1\" \/>\t\t\t\t\t\t\t\t<\/a>\n\t\t\t\t\t<\/div>\n        <div class=\"qodef-bli-content\">\n\n            \n<h4 itemprop=\"name\" class=\"entry-title qodef-post-title\" >\n            <a itemprop=\"url\" href=\"https:\/\/visitcalvia.org\/en\/port-adriano\/\" title=\"Port Adriano\">\n            Port Adriano            <\/a>\n    <\/h4>                            <div class=\"qodef-bli-excerpt\">\n                    \t\t<div class=\"qodef-post-excerpt-holder\">\n\t\t\t<p itemprop=\"description\" class=\"qodef-post-excerpt\">\n\t\t\t\tModern nautical port that offers its clients and visitors the opportunity to enjoy exclusive shopping and exquisite gastronomy in a relaxed and leisurely atmosphere facing the sea.\r\n\r\n<a href=\"http:\/\/www.portadriano.com\" rel=\"nofollow\">http:\/\/www.portadriano.com<\/a>\t\t\t<\/p>\n\t\t<\/div>\n\t                <\/div>\n            \n                            <div class=\"qodef-bli-info\">\n                    <div itemprop=\"dateCreated\" class=\"qodef-post-info-date entry-date published updated\">\n    <span class=\"qodef-post-info-icon icon_calendar\"><\/span>\n            <a itemprop=\"url\" href=\"https:\/\/visitcalvia.org\/en\/2020\/04\/\">\n    \n        14 April, 2020        <\/a>\n    <meta itemprop=\"interactionCount\" content=\"UserComments: 0\"\/>\n<\/div>                <\/div>\n            \n        <\/div>\n    <\/div>\n<\/article><article class=\"qodef-bl-item qodef-item-space clearfix\">\n    <div class=\"qodef-bli-inner\">\n        \n\t<div class=\"qodef-post-image\">\n\t\t\t\t\t<a itemprop=\"url\" href=\"https:\/\/visitcalvia.org\/en\/calvia-book-fair-saint-george\/\" title=\"Calvi\u00e0 Book Fair &#8211; Saint George\">\n\t\t\t\t\t\t\t\t\t<img decoding=\"async\" width=\"1920\" height=\"1079\" src=\"https:\/\/i0.wp.com\/visitcalvia.org\/wp-content\/uploads\/2021\/04\/sant-jordi-4151954_1920.jpg?fit=1920%2C1079&amp;ssl=1\" class=\"attachment-full size-full wp-post-image\" alt=\"\" srcset=\"https:\/\/i0.wp.com\/visitcalvia.org\/wp-content\/uploads\/2021\/04\/sant-jordi-4151954_1920.jpg?w=1920&amp;ssl=1 1920w, https:\/\/i0.wp.com\/visitcalvia.org\/wp-content\/uploads\/2021\/04\/sant-jordi-4151954_1920.jpg?resize=300%2C169&amp;ssl=1 300w, https:\/\/i0.wp.com\/visitcalvia.org\/wp-content\/uploads\/2021\/04\/sant-jordi-4151954_1920.jpg?resize=1024%2C575&amp;ssl=1 1024w, https:\/\/i0.wp.com\/visitcalvia.org\/wp-content\/uploads\/2021\/04\/sant-jordi-4151954_1920.jpg?resize=768%2C432&amp;ssl=1 768w, https:\/\/i0.wp.com\/visitcalvia.org\/wp-content\/uploads\/2021\/04\/sant-jordi-4151954_1920.jpg?resize=1536%2C863&amp;ssl=1 1536w, https:\/\/i0.wp.com\/visitcalvia.org\/wp-content\/uploads\/2021\/04\/sant-jordi-4151954_1920.jpg?resize=1200%2C674&amp;ssl=1 1200w\" sizes=\"(max-width: 1100px) 100vw, 1100px\" data-attachment-id=\"16785\" data-permalink=\"https:\/\/visitcalvia.org\/en\/calvia-book-fair-saint-george\/sant-jordi-4151954_1920-2\/\" data-orig-file=\"https:\/\/i0.wp.com\/visitcalvia.org\/wp-content\/uploads\/2021\/04\/sant-jordi-4151954_1920.jpg?fit=1920%2C1079&amp;ssl=1\" data-orig-size=\"1920,1079\" data-comments-opened=\"1\" data-image-meta=\"{&quot;aperture&quot;:&quot;0&quot;,&quot;credit&quot;:&quot;&quot;,&quot;camera&quot;:&quot;&quot;,&quot;caption&quot;:&quot;&quot;,&quot;created_timestamp&quot;:&quot;0&quot;,&quot;copyright&quot;:&quot;&quot;,&quot;focal_length&quot;:&quot;0&quot;,&quot;iso&quot;:&quot;0&quot;,&quot;shutter_speed&quot;:&quot;0&quot;,&quot;title&quot;:&quot;&quot;,&quot;orientation&quot;:&quot;0&quot;}\" data-image-title=\"sant-jordi-4151954_1920\" data-image-description=\"\" data-image-caption=\"\" data-medium-file=\"https:\/\/i0.wp.com\/visitcalvia.org\/wp-content\/uploads\/2021\/04\/sant-jordi-4151954_1920.jpg?fit=300%2C169&amp;ssl=1\" data-large-file=\"https:\/\/i0.wp.com\/visitcalvia.org\/wp-content\/uploads\/2021\/04\/sant-jordi-4151954_1920.jpg?fit=1024%2C575&amp;ssl=1\" \/>\t\t\t\t\t\t\t\t<\/a>\n\t\t\t\t\t<\/div>\n        <div class=\"qodef-bli-content\">\n\n            \n<h4 itemprop=\"name\" class=\"entry-title qodef-post-title\" >\n            <a itemprop=\"url\" href=\"https:\/\/visitcalvia.org\/en\/calvia-book-fair-saint-george\/\" title=\"Calvi\u00e0 Book Fair &#8211; Saint George\">\n            Calvi\u00e0 Book Fair &#8211; Saint George            <\/a>\n    <\/h4>                            <div class=\"qodef-bli-excerpt\">\n                    \t\t<div class=\"qodef-post-excerpt-holder\">\n\t\t\t<p itemprop=\"description\" class=\"qodef-post-excerpt\">\n\t\t\t\tEvery year in autumn the \u201cFira de feines de tardor\u201d (Autumnal Work Fair) is held in es Capdell\u00e0. It is a traditional and agri-food market where you can enjoy an exhibition of antique tools, an animal display and numerous recreational\t\t\t<\/p>\n\t\t<\/div>\n\t                <\/div>\n            \n                            <div class=\"qodef-bli-info\">\n                    <div itemprop=\"dateCreated\" class=\"qodef-post-info-date entry-date published updated\">\n    <span class=\"qodef-post-info-icon icon_calendar\"><\/span>\n            <a itemprop=\"url\" href=\"https:\/\/visitcalvia.org\/en\/2021\/04\/\">\n    \n        23 April, 2021        <\/a>\n    <meta itemprop=\"interactionCount\" content=\"UserComments: 0\"\/>\n<\/div>                <\/div>\n            \n        <\/div>\n    <\/div>\n<\/article><article class=\"qodef-bl-item qodef-item-space clearfix\">\n    <div class=\"qodef-bli-inner\">\n        \n\t<div class=\"qodef-post-image\">\n\t\t\t\t\t<a itemprop=\"url\" href=\"https:\/\/visitcalvia.org\/en\/puig-de-sa-morisca\/\" title=\"Puig de Sa Morisca\">\n\t\t\t\t\t\t\t\t\t<img decoding=\"async\" width=\"700\" height=\"461\" src=\"https:\/\/i0.wp.com\/visitcalvia.org\/wp-content\/uploads\/2020\/04\/Puig-de-Sa-Morisca.jpg?fit=700%2C461&amp;ssl=1\" class=\"attachment-full size-full wp-post-image\" alt=\"Puig de Sa Morisca\" srcset=\"https:\/\/i0.wp.com\/visitcalvia.org\/wp-content\/uploads\/2020\/04\/Puig-de-Sa-Morisca.jpg?w=700&amp;ssl=1 700w, https:\/\/i0.wp.com\/visitcalvia.org\/wp-content\/uploads\/2020\/04\/Puig-de-Sa-Morisca.jpg?resize=300%2C198&amp;ssl=1 300w, https:\/\/i0.wp.com\/visitcalvia.org\/wp-content\/uploads\/2020\/04\/Puig-de-Sa-Morisca.jpg?resize=600%2C395&amp;ssl=1 600w, https:\/\/i0.wp.com\/visitcalvia.org\/wp-content\/uploads\/2020\/04\/Puig-de-Sa-Morisca.jpg?resize=64%2C42&amp;ssl=1 64w\" sizes=\"(max-width: 700px) 100vw, 700px\" data-attachment-id=\"8917\" data-permalink=\"https:\/\/visitcalvia.org\/en\/puig-de-sa-morisca\/puig-de-sa-morisca-2-2\/\" data-orig-file=\"https:\/\/i0.wp.com\/visitcalvia.org\/wp-content\/uploads\/2020\/04\/Puig-de-Sa-Morisca.jpg?fit=700%2C461&amp;ssl=1\" data-orig-size=\"700,461\" data-comments-opened=\"1\" data-image-meta=\"{&quot;aperture&quot;:&quot;0&quot;,&quot;credit&quot;:&quot;&quot;,&quot;camera&quot;:&quot;&quot;,&quot;caption&quot;:&quot;&quot;,&quot;created_timestamp&quot;:&quot;0&quot;,&quot;copyright&quot;:&quot;&quot;,&quot;focal_length&quot;:&quot;0&quot;,&quot;iso&quot;:&quot;0&quot;,&quot;shutter_speed&quot;:&quot;0&quot;,&quot;title&quot;:&quot;&quot;,&quot;orientation&quot;:&quot;0&quot;}\" data-image-title=\"Puig de Sa Morisca\" data-image-description=\"\" data-image-caption=\"\" data-medium-file=\"https:\/\/i0.wp.com\/visitcalvia.org\/wp-content\/uploads\/2020\/04\/Puig-de-Sa-Morisca.jpg?fit=300%2C198&amp;ssl=1\" data-large-file=\"https:\/\/i0.wp.com\/visitcalvia.org\/wp-content\/uploads\/2020\/04\/Puig-de-Sa-Morisca.jpg?fit=700%2C461&amp;ssl=1\" \/>\t\t\t\t\t\t\t\t<\/a>\n\t\t\t\t\t<\/div>\n        <div class=\"qodef-bli-content\">\n\n            \n<h4 itemprop=\"name\" class=\"entry-title qodef-post-title\" >\n            <a itemprop=\"url\" href=\"https:\/\/visitcalvia.org\/en\/puig-de-sa-morisca\/\" title=\"Puig de Sa Morisca\">\n            Puig de Sa Morisca            <\/a>\n    <\/h4>                            <div class=\"qodef-bli-excerpt\">\n                    \t\t<div class=\"qodef-post-excerpt-holder\">\n\t\t\t<p itemprop=\"description\" class=\"qodef-post-excerpt\">\n\t\t\t\tA pleasant walk through archaeological remains, culminating in the highest peak of the park, where you can enjoy magnificent views of the Bay of Santa Pon\u00e7a.\r\n\r\nPuig de Sa Morisca\t\t\t<\/p>\n\t\t<\/div>\n\t                <\/div>\n            \n                            <div class=\"qodef-bli-info\">\n                    <div itemprop=\"dateCreated\" class=\"qodef-post-info-date entry-date published updated\">\n    <span class=\"qodef-post-info-icon icon_calendar\"><\/span>\n            <a itemprop=\"url\" href=\"https:\/\/visitcalvia.org\/en\/2020\/04\/\">\n    \n        14 April, 2020        <\/a>\n    <meta itemprop=\"interactionCount\" content=\"UserComments: 0\"\/>\n<\/div>                <\/div>\n            \n        <\/div>\n    <\/div>\n<\/article><article class=\"qodef-bl-item qodef-item-space clearfix\">\n    <div class=\"qodef-bli-inner\">\n        \n\t<div class=\"qodef-post-image\">\n\t\t\t\t\t<a itemprop=\"url\" href=\"https:\/\/visitcalvia.org\/en\/galatzo-estate-fincagalatzo\/\" title=\"Galatz\u00f3 Estate (Finca Galatz\u00f3)\">\n\t\t\t\t\t\t\t\t\t<img decoding=\"async\" width=\"1080\" height=\"1080\" src=\"https:\/\/i0.wp.com\/visitcalvia.org\/wp-content\/uploads\/2021\/03\/Diseno-sin-titulo-26-1.png?fit=1080%2C1080&amp;ssl=1\" class=\"attachment-full size-full wp-post-image\" alt=\"Finca de Galatz\u00f3 Calvi\u00e0\" srcset=\"https:\/\/i0.wp.com\/visitcalvia.org\/wp-content\/uploads\/2021\/03\/Diseno-sin-titulo-26-1.png?w=1080&amp;ssl=1 1080w, https:\/\/i0.wp.com\/visitcalvia.org\/wp-content\/uploads\/2021\/03\/Diseno-sin-titulo-26-1.png?resize=300%2C300&amp;ssl=1 300w, https:\/\/i0.wp.com\/visitcalvia.org\/wp-content\/uploads\/2021\/03\/Diseno-sin-titulo-26-1.png?resize=1024%2C1024&amp;ssl=1 1024w, https:\/\/i0.wp.com\/visitcalvia.org\/wp-content\/uploads\/2021\/03\/Diseno-sin-titulo-26-1.png?resize=150%2C150&amp;ssl=1 150w, https:\/\/i0.wp.com\/visitcalvia.org\/wp-content\/uploads\/2021\/03\/Diseno-sin-titulo-26-1.png?resize=768%2C768&amp;ssl=1 768w, https:\/\/i0.wp.com\/visitcalvia.org\/wp-content\/uploads\/2021\/03\/Diseno-sin-titulo-26-1.png?resize=800%2C800&amp;ssl=1 800w, https:\/\/i0.wp.com\/visitcalvia.org\/wp-content\/uploads\/2021\/03\/Diseno-sin-titulo-26-1.png?resize=400%2C400&amp;ssl=1 400w, https:\/\/i0.wp.com\/visitcalvia.org\/wp-content\/uploads\/2021\/03\/Diseno-sin-titulo-26-1.png?resize=200%2C200&amp;ssl=1 200w, https:\/\/i0.wp.com\/visitcalvia.org\/wp-content\/uploads\/2021\/03\/Diseno-sin-titulo-26-1.png?resize=550%2C550&amp;ssl=1 550w\" sizes=\"(max-width: 1080px) 100vw, 1080px\" data-attachment-id=\"15591\" data-permalink=\"https:\/\/visitcalvia.org\/en\/galatzo-estate\/diseno-sin-titulo-26-2-2\/\" data-orig-file=\"https:\/\/i0.wp.com\/visitcalvia.org\/wp-content\/uploads\/2021\/03\/Diseno-sin-titulo-26-1.png?fit=1080%2C1080&amp;ssl=1\" data-orig-size=\"1080,1080\" data-comments-opened=\"1\" data-image-meta=\"{&quot;aperture&quot;:&quot;0&quot;,&quot;credit&quot;:&quot;&quot;,&quot;camera&quot;:&quot;&quot;,&quot;caption&quot;:&quot;&quot;,&quot;created_timestamp&quot;:&quot;0&quot;,&quot;copyright&quot;:&quot;&quot;,&quot;focal_length&quot;:&quot;0&quot;,&quot;iso&quot;:&quot;0&quot;,&quot;shutter_speed&quot;:&quot;0&quot;,&quot;title&quot;:&quot;&quot;,&quot;orientation&quot;:&quot;0&quot;}\" data-image-title=\"entrada-finca-galatz\u00f3-es\" data-image-description=\"\" data-image-caption=\"\" data-medium-file=\"https:\/\/i0.wp.com\/visitcalvia.org\/wp-content\/uploads\/2021\/03\/Diseno-sin-titulo-26-1.png?fit=300%2C300&amp;ssl=1\" data-large-file=\"https:\/\/i0.wp.com\/visitcalvia.org\/wp-content\/uploads\/2021\/03\/Diseno-sin-titulo-26-1.png?fit=1024%2C1024&amp;ssl=1\" \/>\t\t\t\t\t\t\t\t<\/a>\n\t\t\t\t\t<\/div>\n        <div class=\"qodef-bli-content\">\n\n            \n<h4 itemprop=\"name\" class=\"entry-title qodef-post-title\" >\n            <a itemprop=\"url\" href=\"https:\/\/visitcalvia.org\/en\/galatzo-estate-fincagalatzo\/\" title=\"Galatz\u00f3 Estate (Finca Galatz\u00f3)\">\n            Galatz\u00f3 Estate (Finca Galatz\u00f3)            <\/a>\n    <\/h4>                            <div class=\"qodef-bli-excerpt\">\n                    \t\t<div class=\"qodef-post-excerpt-holder\">\n\t\t\t<p itemprop=\"description\" class=\"qodef-post-excerpt\">\n\t\t\t\tIt is one of the largest \"Possessions\" (Country Estates) in the Balearic Islands and is part of the \u201cSerra de Tramuntana\u201d mountain range, declared a World Heritage Site by UNESCO. There are four easily followed signposted routes which run through\t\t\t<\/p>\n\t\t<\/div>\n\t                <\/div>\n            \n                            <div class=\"qodef-bli-info\">\n                    <div itemprop=\"dateCreated\" class=\"qodef-post-info-date entry-date published updated\">\n    <span class=\"qodef-post-info-icon icon_calendar\"><\/span>\n            <a itemprop=\"url\" href=\"https:\/\/visitcalvia.org\/en\/2020\/04\/\">\n    \n        14 April, 2020        <\/a>\n    <meta itemprop=\"interactionCount\" content=\"UserComments: 0\"\/>\n<\/div>                <\/div>\n            \n        <\/div>\n    <\/div>\n<\/article><article class=\"qodef-bl-item qodef-item-space clearfix\">\n    <div class=\"qodef-bli-inner\">\n        \n\t<div class=\"qodef-post-image\">\n\t\t\t\t\t<a itemprop=\"url\" href=\"https:\/\/visitcalvia.org\/en\/calvia-village-christmas-market\/\" title=\"Calvi\u00e0 Village Christmas Market\">\n\t\t\t\t\t\t\t\t\t<img decoding=\"async\" width=\"2000\" height=\"1333\" src=\"https:\/\/i0.wp.com\/visitcalvia.org\/wp-content\/uploads\/2020\/04\/78090125_1500760393434218_6251695920077864960_n-scaled.jpg?fit=2000%2C1333&amp;ssl=1\" class=\"attachment-full size-full wp-post-image\" alt=\"\" srcset=\"https:\/\/i0.wp.com\/visitcalvia.org\/wp-content\/uploads\/2020\/04\/78090125_1500760393434218_6251695920077864960_n-scaled.jpg?w=2000&amp;ssl=1 2000w, https:\/\/i0.wp.com\/visitcalvia.org\/wp-content\/uploads\/2020\/04\/78090125_1500760393434218_6251695920077864960_n-scaled.jpg?resize=300%2C200&amp;ssl=1 300w, https:\/\/i0.wp.com\/visitcalvia.org\/wp-content\/uploads\/2020\/04\/78090125_1500760393434218_6251695920077864960_n-scaled.jpg?resize=1024%2C683&amp;ssl=1 1024w, https:\/\/i0.wp.com\/visitcalvia.org\/wp-content\/uploads\/2020\/04\/78090125_1500760393434218_6251695920077864960_n-scaled.jpg?resize=768%2C512&amp;ssl=1 768w, https:\/\/i0.wp.com\/visitcalvia.org\/wp-content\/uploads\/2020\/04\/78090125_1500760393434218_6251695920077864960_n-scaled.jpg?resize=391%2C260&amp;ssl=1 391w, https:\/\/i0.wp.com\/visitcalvia.org\/wp-content\/uploads\/2020\/04\/78090125_1500760393434218_6251695920077864960_n-scaled.jpg?resize=1536%2C1024&amp;ssl=1 1536w\" sizes=\"(max-width: 1100px) 100vw, 1100px\" data-attachment-id=\"27238\" data-permalink=\"https:\/\/visitcalvia.org\/en\/calvia-village-christmas-market\/78090125_1500760393434218_6251695920077864960_n-2\/\" data-orig-file=\"https:\/\/i0.wp.com\/visitcalvia.org\/wp-content\/uploads\/2020\/04\/78090125_1500760393434218_6251695920077864960_n-scaled.jpg?fit=2000%2C1333&amp;ssl=1\" data-orig-size=\"2000,1333\" data-comments-opened=\"1\" data-image-meta=\"{&quot;aperture&quot;:&quot;0&quot;,&quot;credit&quot;:&quot;&quot;,&quot;camera&quot;:&quot;&quot;,&quot;caption&quot;:&quot;&quot;,&quot;created_timestamp&quot;:&quot;0&quot;,&quot;copyright&quot;:&quot;&quot;,&quot;focal_length&quot;:&quot;0&quot;,&quot;iso&quot;:&quot;0&quot;,&quot;shutter_speed&quot;:&quot;0&quot;,&quot;title&quot;:&quot;&quot;,&quot;orientation&quot;:&quot;0&quot;}\" data-image-title=\"78090125_1500760393434218_6251695920077864960_n\" data-image-description=\"\" data-image-caption=\"\" data-medium-file=\"https:\/\/i0.wp.com\/visitcalvia.org\/wp-content\/uploads\/2020\/04\/78090125_1500760393434218_6251695920077864960_n-scaled.jpg?fit=300%2C200&amp;ssl=1\" data-large-file=\"https:\/\/i0.wp.com\/visitcalvia.org\/wp-content\/uploads\/2020\/04\/78090125_1500760393434218_6251695920077864960_n-scaled.jpg?fit=1024%2C683&amp;ssl=1\" \/>\t\t\t\t\t\t\t\t<\/a>\n\t\t\t\t\t<\/div>\n        <div class=\"qodef-bli-content\">\n\n            \n<h4 itemprop=\"name\" class=\"entry-title qodef-post-title\" >\n            <a itemprop=\"url\" href=\"https:\/\/visitcalvia.org\/en\/calvia-village-christmas-market\/\" title=\"Calvi\u00e0 Village Christmas Market\">\n            Calvi\u00e0 Village Christmas Market            <\/a>\n    <\/h4>                            <div class=\"qodef-bli-excerpt\">\n                    \t\t<div class=\"qodef-post-excerpt-holder\">\n\t\t\t<p itemprop=\"description\" class=\"qodef-post-excerpt\">\n\t\t\t\tChristmas market with craft stalls and lively children's workshops.\r\n<a href=\"http:\/\/www.calvia.com\" rel=\"nofollow\">http:\/\/www.calvia.com<\/a>\t\t\t<\/p>\n\t\t<\/div>\n\t                <\/div>\n            \n                            <div class=\"qodef-bli-info\">\n                    <div itemprop=\"dateCreated\" class=\"qodef-post-info-date entry-date published updated\">\n    <span class=\"qodef-post-info-icon icon_calendar\"><\/span>\n            <a itemprop=\"url\" href=\"https:\/\/visitcalvia.org\/en\/2020\/04\/\">\n    \n        14 April, 2020        <\/a>\n    <meta itemprop=\"interactionCount\" content=\"UserComments: 0\"\/>\n<\/div>                <\/div>\n            \n        <\/div>\n    <\/div>\n<\/article><article class=\"qodef-bl-item qodef-item-space clearfix\">\n    <div class=\"qodef-bli-inner\">\n        \n\t<div class=\"qodef-post-image\">\n\t\t\t\t\t<a itemprop=\"url\" href=\"https:\/\/visitcalvia.org\/en\/santa-ponca-christmas-market\/\" title=\"Santa Pon\u00e7a Christmas Market\">\n\t\t\t\t\t\t\t\t\t<img decoding=\"async\" width=\"2000\" height=\"1333\" src=\"https:\/\/i0.wp.com\/visitcalvia.org\/wp-content\/uploads\/2020\/04\/319234465_522949753205181_1702365981438404253_n-scaled.jpg?fit=2000%2C1333&amp;ssl=1\" class=\"attachment-full size-full wp-post-image\" alt=\"\" srcset=\"https:\/\/i0.wp.com\/visitcalvia.org\/wp-content\/uploads\/2020\/04\/319234465_522949753205181_1702365981438404253_n-scaled.jpg?w=2000&amp;ssl=1 2000w, https:\/\/i0.wp.com\/visitcalvia.org\/wp-content\/uploads\/2020\/04\/319234465_522949753205181_1702365981438404253_n-scaled.jpg?resize=300%2C200&amp;ssl=1 300w, https:\/\/i0.wp.com\/visitcalvia.org\/wp-content\/uploads\/2020\/04\/319234465_522949753205181_1702365981438404253_n-scaled.jpg?resize=1024%2C683&amp;ssl=1 1024w, https:\/\/i0.wp.com\/visitcalvia.org\/wp-content\/uploads\/2020\/04\/319234465_522949753205181_1702365981438404253_n-scaled.jpg?resize=768%2C512&amp;ssl=1 768w, https:\/\/i0.wp.com\/visitcalvia.org\/wp-content\/uploads\/2020\/04\/319234465_522949753205181_1702365981438404253_n-scaled.jpg?resize=391%2C260&amp;ssl=1 391w, https:\/\/i0.wp.com\/visitcalvia.org\/wp-content\/uploads\/2020\/04\/319234465_522949753205181_1702365981438404253_n-scaled.jpg?resize=1536%2C1024&amp;ssl=1 1536w\" sizes=\"(max-width: 1100px) 100vw, 1100px\" data-attachment-id=\"27222\" data-permalink=\"https:\/\/visitcalvia.org\/en\/santa-ponca-christmas-market\/319234465_522949753205181_1702365981438404253_n-2\/\" data-orig-file=\"https:\/\/i0.wp.com\/visitcalvia.org\/wp-content\/uploads\/2020\/04\/319234465_522949753205181_1702365981438404253_n-scaled.jpg?fit=2000%2C1333&amp;ssl=1\" data-orig-size=\"2000,1333\" data-comments-opened=\"1\" data-image-meta=\"{&quot;aperture&quot;:&quot;0&quot;,&quot;credit&quot;:&quot;&quot;,&quot;camera&quot;:&quot;&quot;,&quot;caption&quot;:&quot;&quot;,&quot;created_timestamp&quot;:&quot;0&quot;,&quot;copyright&quot;:&quot;&quot;,&quot;focal_length&quot;:&quot;0&quot;,&quot;iso&quot;:&quot;0&quot;,&quot;shutter_speed&quot;:&quot;0&quot;,&quot;title&quot;:&quot;&quot;,&quot;orientation&quot;:&quot;0&quot;}\" data-image-title=\"319234465_522949753205181_1702365981438404253_n\" data-image-description=\"\" data-image-caption=\"\" data-medium-file=\"https:\/\/i0.wp.com\/visitcalvia.org\/wp-content\/uploads\/2020\/04\/319234465_522949753205181_1702365981438404253_n-scaled.jpg?fit=300%2C200&amp;ssl=1\" data-large-file=\"https:\/\/i0.wp.com\/visitcalvia.org\/wp-content\/uploads\/2020\/04\/319234465_522949753205181_1702365981438404253_n-scaled.jpg?fit=1024%2C683&amp;ssl=1\" \/>\t\t\t\t\t\t\t\t<\/a>\n\t\t\t\t\t<\/div>\n        <div class=\"qodef-bli-content\">\n\n            \n<h4 itemprop=\"name\" class=\"entry-title qodef-post-title\" >\n            <a itemprop=\"url\" href=\"https:\/\/visitcalvia.org\/en\/santa-ponca-christmas-market\/\" title=\"Santa Pon\u00e7a Christmas Market\">\n            Santa Pon\u00e7a Christmas Market            <\/a>\n    <\/h4>                            <div class=\"qodef-bli-excerpt\">\n                    \t\t<div class=\"qodef-post-excerpt-holder\">\n\t\t\t<p itemprop=\"description\" class=\"qodef-post-excerpt\">\n\t\t\t\tLively Christmas market where you can enjoy music and Christmas sweet treats, mulled wine, gift ideas and children\u2019s entertainment.\r\n<a href=\"http:\/\/www.calvia.com\" rel=\"nofollow\">http:\/\/www.calvia.com<\/a>\t\t\t<\/p>\n\t\t<\/div>\n\t                <\/div>\n            \n                            <div class=\"qodef-bli-info\">\n                    <div itemprop=\"dateCreated\" class=\"qodef-post-info-date entry-date published updated\">\n    <span class=\"qodef-post-info-icon icon_calendar\"><\/span>\n            <a itemprop=\"url\" href=\"https:\/\/visitcalvia.org\/en\/2020\/04\/\">\n    \n        14 April, 2020        <\/a>\n    <meta itemprop=\"interactionCount\" content=\"UserComments: 0\"\/>\n<\/div>                <\/div>\n            \n        <\/div>\n    <\/div>\n<\/article><article class=\"qodef-bl-item qodef-item-space clearfix\">\n    <div class=\"qodef-bli-inner\">\n        \n\t<div class=\"qodef-post-image\">\n\t\t\t\t\t<a itemprop=\"url\" href=\"https:\/\/visitcalvia.org\/en\/puerto-portals-christmas-market\/\" title=\"Puerto Portals Christmas Market\">\n\t\t\t\t\t\t\t\t\t<img decoding=\"async\" width=\"2000\" height=\"1335\" src=\"https:\/\/i0.wp.com\/visitcalvia.org\/wp-content\/uploads\/2020\/04\/01122019-mercado-santa-ponsa_-90-scaled.jpg?fit=2000%2C1335&amp;ssl=1\" class=\"attachment-full size-full wp-post-image\" alt=\"\" srcset=\"https:\/\/i0.wp.com\/visitcalvia.org\/wp-content\/uploads\/2020\/04\/01122019-mercado-santa-ponsa_-90-scaled.jpg?w=2000&amp;ssl=1 2000w, https:\/\/i0.wp.com\/visitcalvia.org\/wp-content\/uploads\/2020\/04\/01122019-mercado-santa-ponsa_-90-scaled.jpg?resize=300%2C200&amp;ssl=1 300w, https:\/\/i0.wp.com\/visitcalvia.org\/wp-content\/uploads\/2020\/04\/01122019-mercado-santa-ponsa_-90-scaled.jpg?resize=1024%2C683&amp;ssl=1 1024w, https:\/\/i0.wp.com\/visitcalvia.org\/wp-content\/uploads\/2020\/04\/01122019-mercado-santa-ponsa_-90-scaled.jpg?resize=768%2C513&amp;ssl=1 768w, https:\/\/i0.wp.com\/visitcalvia.org\/wp-content\/uploads\/2020\/04\/01122019-mercado-santa-ponsa_-90-scaled.jpg?resize=391%2C260&amp;ssl=1 391w, https:\/\/i0.wp.com\/visitcalvia.org\/wp-content\/uploads\/2020\/04\/01122019-mercado-santa-ponsa_-90-scaled.jpg?resize=1536%2C1025&amp;ssl=1 1536w\" sizes=\"(max-width: 1100px) 100vw, 1100px\" data-attachment-id=\"27278\" data-permalink=\"https:\/\/visitcalvia.org\/en\/puerto-portals-christmas-market\/01122019-mercado-santa-ponsa_-90-2\/\" data-orig-file=\"https:\/\/i0.wp.com\/visitcalvia.org\/wp-content\/uploads\/2020\/04\/01122019-mercado-santa-ponsa_-90-scaled.jpg?fit=2000%2C1335&amp;ssl=1\" data-orig-size=\"2000,1335\" data-comments-opened=\"1\" data-image-meta=\"{&quot;aperture&quot;:&quot;2.8&quot;,&quot;credit&quot;:&quot;&quot;,&quot;camera&quot;:&quot;NIKON D800&quot;,&quot;caption&quot;:&quot;&quot;,&quot;created_timestamp&quot;:&quot;1575206637&quot;,&quot;copyright&quot;:&quot;&quot;,&quot;focal_length&quot;:&quot;105&quot;,&quot;iso&quot;:&quot;100&quot;,&quot;shutter_speed&quot;:&quot;0.004&quot;,&quot;title&quot;:&quot;&quot;,&quot;orientation&quot;:&quot;0&quot;}\" data-image-title=\"01122019-mercado-santa-ponsa_-90\" data-image-description=\"\" data-image-caption=\"\" data-medium-file=\"https:\/\/i0.wp.com\/visitcalvia.org\/wp-content\/uploads\/2020\/04\/01122019-mercado-santa-ponsa_-90-scaled.jpg?fit=300%2C200&amp;ssl=1\" data-large-file=\"https:\/\/i0.wp.com\/visitcalvia.org\/wp-content\/uploads\/2020\/04\/01122019-mercado-santa-ponsa_-90-scaled.jpg?fit=1024%2C683&amp;ssl=1\" \/>\t\t\t\t\t\t\t\t<\/a>\n\t\t\t\t\t<\/div>\n        <div class=\"qodef-bli-content\">\n\n            \n<h4 itemprop=\"name\" class=\"entry-title qodef-post-title\" >\n            <a itemprop=\"url\" href=\"https:\/\/visitcalvia.org\/en\/puerto-portals-christmas-market\/\" title=\"Puerto Portals Christmas Market\">\n            Puerto Portals Christmas Market            <\/a>\n    <\/h4>                            <div class=\"qodef-bli-excerpt\">\n                    \t\t<div class=\"qodef-post-excerpt-holder\">\n\t\t\t<p itemprop=\"description\" class=\"qodef-post-excerpt\">\n\t\t\t\tIn its almost ten years of presence in Calvi\u00e0, the Puerto Portals Christmas Market has become the most emblematic Christmas market in Mallorca. It has more than 40 stands and a complete programme of activities for the whole family.\r\n\r\n<a href=\"http:\/\/www.puertoportals.com\" rel=\"nofollow\">http:\/\/www.puertoportals.com<\/a>\t\t\t<\/p>\n\t\t<\/div>\n\t                <\/div>\n            \n                            <div class=\"qodef-bli-info\">\n                    <div itemprop=\"dateCreated\" class=\"qodef-post-info-date entry-date published updated\">\n    <span class=\"qodef-post-info-icon icon_calendar\"><\/span>\n            <a itemprop=\"url\" href=\"https:\/\/visitcalvia.org\/en\/2020\/04\/\">\n    \n        14 April, 2020        <\/a>\n    <meta itemprop=\"interactionCount\" content=\"UserComments: 0\"\/>\n<\/div>                <\/div>\n            \n        <\/div>\n    <\/div>\n<\/article><article class=\"qodef-bl-item qodef-item-space clearfix\">\n    <div class=\"qodef-bli-inner\">\n        \n\t<div class=\"qodef-post-image\">\n\t\t\t\t\t<a itemprop=\"url\" href=\"https:\/\/visitcalvia.org\/en\/western-park\/\" title=\"Western Park\">\n\t\t\t\t\t\t\t\t\t<img decoding=\"async\" width=\"700\" height=\"461\" src=\"https:\/\/i0.wp.com\/visitcalvia.org\/wp-content\/uploads\/2020\/04\/Western-Park.jpg?fit=700%2C461&amp;ssl=1\" class=\"attachment-full size-full wp-post-image\" alt=\"Calvi\u00e0 en familia, parque acu\u00e1tico en magaluf. Western Water Park en familia\" srcset=\"https:\/\/i0.wp.com\/visitcalvia.org\/wp-content\/uploads\/2020\/04\/Western-Park.jpg?w=700&amp;ssl=1 700w, https:\/\/i0.wp.com\/visitcalvia.org\/wp-content\/uploads\/2020\/04\/Western-Park.jpg?resize=300%2C198&amp;ssl=1 300w, https:\/\/i0.wp.com\/visitcalvia.org\/wp-content\/uploads\/2020\/04\/Western-Park.jpg?resize=600%2C395&amp;ssl=1 600w, https:\/\/i0.wp.com\/visitcalvia.org\/wp-content\/uploads\/2020\/04\/Western-Park.jpg?resize=64%2C42&amp;ssl=1 64w\" sizes=\"(max-width: 700px) 100vw, 700px\" data-attachment-id=\"8947\" data-permalink=\"https:\/\/visitcalvia.org\/en\/western-park\/western-park-2-2\/\" data-orig-file=\"https:\/\/i0.wp.com\/visitcalvia.org\/wp-content\/uploads\/2020\/04\/Western-Park.jpg?fit=700%2C461&amp;ssl=1\" data-orig-size=\"700,461\" data-comments-opened=\"1\" data-image-meta=\"{&quot;aperture&quot;:&quot;0&quot;,&quot;credit&quot;:&quot;&quot;,&quot;camera&quot;:&quot;&quot;,&quot;caption&quot;:&quot;&quot;,&quot;created_timestamp&quot;:&quot;0&quot;,&quot;copyright&quot;:&quot;&quot;,&quot;focal_length&quot;:&quot;0&quot;,&quot;iso&quot;:&quot;0&quot;,&quot;shutter_speed&quot;:&quot;0&quot;,&quot;title&quot;:&quot;&quot;,&quot;orientation&quot;:&quot;0&quot;}\" data-image-title=\"Western Park\" data-image-description=\"\" data-image-caption=\"\" data-medium-file=\"https:\/\/i0.wp.com\/visitcalvia.org\/wp-content\/uploads\/2020\/04\/Western-Park.jpg?fit=300%2C198&amp;ssl=1\" data-large-file=\"https:\/\/i0.wp.com\/visitcalvia.org\/wp-content\/uploads\/2020\/04\/Western-Park.jpg?fit=700%2C461&amp;ssl=1\" \/>\t\t\t\t\t\t\t\t<\/a>\n\t\t\t\t\t<\/div>\n        <div class=\"qodef-bli-content\">\n\n            \n<h4 itemprop=\"name\" class=\"entry-title qodef-post-title\" >\n            <a itemprop=\"url\" href=\"https:\/\/visitcalvia.org\/en\/western-park\/\" title=\"Western Park\">\n            Western Park            <\/a>\n    <\/h4>                            <div class=\"qodef-bli-excerpt\">\n                    \t\t<div class=\"qodef-post-excerpt-holder\">\n\t\t\t<p itemprop=\"description\" class=\"qodef-post-excerpt\">\n\t\t\t\tThe only water park in Mallorca inspired by the Wild West.\r\n\r\n<a href=\"http:\/\/www.westernpark.com\" rel=\"nofollow\">http:\/\/www.westernpark.com<\/a>\t\t\t<\/p>\n\t\t<\/div>\n\t                <\/div>\n            \n                            <div class=\"qodef-bli-info\">\n                    <div itemprop=\"dateCreated\" class=\"qodef-post-info-date entry-date published updated\">\n    <span class=\"qodef-post-info-icon icon_calendar\"><\/span>\n            <a itemprop=\"url\" href=\"https:\/\/visitcalvia.org\/en\/2020\/04\/\">\n    \n        14 April, 2020        <\/a>\n    <meta itemprop=\"interactionCount\" content=\"UserComments: 0\"\/>\n<\/div>                <\/div>\n            \n        <\/div>\n    <\/div>\n<\/article>\t\t<\/ul>\n\t<\/div>\n\t<\/div>[\/vc_column][\/vc_row]<\/p>\n<\/div>","protected":false},"excerpt":{"rendered":"<p>[vc_row content_placement=&#8221;middle&#8221; content_text_aligment=&#8221;center&#8221; css=&#8221;.vc_custom_1589192870572{padding-top: 81px !important;background-image: url(<a href=\"https:\/\/visitcalvia.org\/wp-content\/uploads\/2020\/05\/con-amigos-foto.jpg?id=6440\">https:\/\/visitcalvia.org\/wp-content\/uploads\/2020\/05\/con-amigos-foto.jpg?id=6440<\/a>) !important;background-position: center !important;background-repeat: no-repeat !important;background-size: cover !important;}&#8221; simple_background_color=&#8221;#ffffff&#8221;][vc_column][\/vc_column][\/vc_row][vc_row row_content_width=&#8221;grid&#8221;][vc_column][vc_empty_space height=&#8221;30px&#8221;][vc_empty_space height=&#8221;20px&#8221;][vc_row_inner][vc_column_inner width=&#8221;1\/2&#8243;][vc_column_text]Get to know some of the best beaches and coves on the island, enjoy the different nightlife options in some of the most emblematic or exclusive destinations in the world, compete or train in the best [&hellip;]<\/p>\n","protected":false},"author":182516946,"featured_media":6453,"parent":0,"menu_order":0,"comment_status":"closed","ping_status":"closed","template":"full-width.php","meta":{"_coblocks_attr":"","_coblocks_dimensions":"","_coblocks_responsive_height":"","_coblocks_accordion_ie_support":"","_crdt_document":"","jetpack_post_was_ever_published":false,"footnotes":""},"class_list":["post-9213","page","type-page","status-publish","has-post-thumbnail","hentry"],"yoast_head":"<!-- This site is optimized with the Yoast SEO plugin v27.3 - https:\/\/yoast.com\/product\/yoast-seo-wordpress\/ -->\n<title>Enjoy Mallorca with friends. Calvi\u00e0, the best option for leisure and services<\/title>\n<meta name=\"description\" content=\"Enjoy Mallorca with friends. Calvi\u00e0, the best option for leisure and services. Magaluf, Santa Pon\u00e7a, Peguera or Puerto Portals, events &amp; attractions.\" \/>\n<meta name=\"robots\" content=\"index, follow, max-snippet:-1, max-image-preview:large, max-video-preview:-1\" \/>\n<link rel=\"canonical\" href=\"https:\/\/visitcalvia.org\/en\/calvia-with-friends\/\" \/>\n<meta property=\"og:locale\" content=\"en_US\" \/>\n<meta property=\"og:type\" content=\"article\" \/>\n<meta property=\"og:title\" content=\"Enjoy Mallorca with friends. Calvi\u00e0, the best option for leisure and services\" \/>\n<meta property=\"og:description\" content=\"Enjoy Mallorca with friends. Calvi\u00e0, the best option for leisure and services. Magaluf, Santa Pon\u00e7a, Peguera or Puerto Portals, events &amp; attractions.\" \/>\n<meta property=\"og:url\" content=\"https:\/\/visitcalvia.org\/en\/calvia-with-friends\/\" \/>\n<meta property=\"og:site_name\" content=\"visitcalvia\" \/>\n<meta property=\"article:modified_time\" content=\"2023-05-16T09:16:08+00:00\" \/>\n<meta property=\"og:image\" content=\"https:\/\/visitcalvia.org\/wp-content\/uploads\/2020\/05\/calvia-con-amigos-1.jpeg\" \/>\n\t<meta property=\"og:image:width\" content=\"1400\" \/>\n\t<meta property=\"og:image:height\" content=\"908\" \/>\n\t<meta property=\"og:image:type\" content=\"image\/jpeg\" \/>\n<meta name=\"twitter:card\" content=\"summary_large_image\" \/>\n<meta name=\"twitter:label1\" content=\"Est. reading time\" \/>\n\t<meta name=\"twitter:data1\" content=\"5 minutes\" \/>\n<script type=\"application\/ld+json\" class=\"yoast-schema-graph\">{\"@context\":\"https:\\\/\\\/schema.org\",\"@graph\":[{\"@type\":\"WebPage\",\"@id\":\"https:\\\/\\\/visitcalvia.org\\\/en\\\/calvia-with-friends\\\/\",\"url\":\"https:\\\/\\\/visitcalvia.org\\\/en\\\/calvia-with-friends\\\/\",\"name\":\"Enjoy Mallorca with friends. Calvi\u00e0, the best option for leisure and services\",\"isPartOf\":{\"@id\":\"https:\\\/\\\/visitcalvia.org\\\/en\\\/#website\"},\"primaryImageOfPage\":{\"@id\":\"https:\\\/\\\/visitcalvia.org\\\/en\\\/calvia-with-friends\\\/#primaryimage\"},\"image\":{\"@id\":\"https:\\\/\\\/visitcalvia.org\\\/en\\\/calvia-with-friends\\\/#primaryimage\"},\"thumbnailUrl\":\"https:\\\/\\\/i0.wp.com\\\/visitcalvia.org\\\/wp-content\\\/uploads\\\/2020\\\/05\\\/calvia-con-amigos-1.jpeg?fit=1400%2C908&ssl=1\",\"datePublished\":\"2020-05-05T11:39:03+00:00\",\"dateModified\":\"2023-05-16T09:16:08+00:00\",\"description\":\"Enjoy Mallorca with friends. Calvi\u00e0, the best option for leisure and services. Magaluf, Santa Pon\u00e7a, Peguera or Puerto Portals, events & attractions.\",\"breadcrumb\":{\"@id\":\"https:\\\/\\\/visitcalvia.org\\\/en\\\/calvia-with-friends\\\/#breadcrumb\"},\"inLanguage\":\"en-US\",\"potentialAction\":[{\"@type\":\"ReadAction\",\"target\":[\"https:\\\/\\\/visitcalvia.org\\\/en\\\/calvia-with-friends\\\/\"]}]},{\"@type\":\"ImageObject\",\"inLanguage\":\"en-US\",\"@id\":\"https:\\\/\\\/visitcalvia.org\\\/en\\\/calvia-with-friends\\\/#primaryimage\",\"url\":\"https:\\\/\\\/i0.wp.com\\\/visitcalvia.org\\\/wp-content\\\/uploads\\\/2020\\\/05\\\/calvia-con-amigos-1.jpeg?fit=1400%2C908&ssl=1\",\"contentUrl\":\"https:\\\/\\\/i0.wp.com\\\/visitcalvia.org\\\/wp-content\\\/uploads\\\/2020\\\/05\\\/calvia-con-amigos-1.jpeg?fit=1400%2C908&ssl=1\",\"width\":1400,\"height\":908,\"caption\":\"vive calvi\u00e0 con amigos, magaluf, palmanova, fiesta, party, ocio\"},{\"@type\":\"BreadcrumbList\",\"@id\":\"https:\\\/\\\/visitcalvia.org\\\/en\\\/calvia-with-friends\\\/#breadcrumb\",\"itemListElement\":[{\"@type\":\"ListItem\",\"position\":1,\"name\":\"Portada\",\"item\":\"https:\\\/\\\/visitcalvia.org\\\/en\\\/\"},{\"@type\":\"ListItem\",\"position\":2,\"name\":\"Calvi\u00e0 with friends\"}]},{\"@type\":\"WebSite\",\"@id\":\"https:\\\/\\\/visitcalvia.org\\\/en\\\/#website\",\"url\":\"https:\\\/\\\/visitcalvia.org\\\/en\\\/\",\"name\":\"visitcalvia\",\"description\":\"Vacaciones en Mallorca \u2013 Calvi\u00e0 m\u00faltiples destinos en uno s\u00f3lo lugar. Palmanova, Santa Pon\u00e7a, Magaluf, Peguera, Portals Nous, Costa d\u2019en Blanes, Cala Vinyes\",\"potentialAction\":[{\"@type\":\"SearchAction\",\"target\":{\"@type\":\"EntryPoint\",\"urlTemplate\":\"https:\\\/\\\/visitcalvia.org\\\/en\\\/?s={search_term_string}\"},\"query-input\":{\"@type\":\"PropertyValueSpecification\",\"valueRequired\":true,\"valueName\":\"search_term_string\"}}],\"inLanguage\":\"en-US\"}]}<\/script>\n<!-- \/ Yoast SEO plugin. -->","yoast_head_json":{"title":"Enjoy Mallorca with friends. Calvi\u00e0, the best option for leisure and services","description":"Enjoy Mallorca with friends. Calvi\u00e0, the best option for leisure and services. Magaluf, Santa Pon\u00e7a, Peguera or Puerto Portals, events & attractions.","robots":{"index":"index","follow":"follow","max-snippet":"max-snippet:-1","max-image-preview":"max-image-preview:large","max-video-preview":"max-video-preview:-1"},"canonical":"https:\/\/visitcalvia.org\/en\/calvia-with-friends\/","og_locale":"en_US","og_type":"article","og_title":"Enjoy Mallorca with friends. Calvi\u00e0, the best option for leisure and services","og_description":"Enjoy Mallorca with friends. Calvi\u00e0, the best option for leisure and services. Magaluf, Santa Pon\u00e7a, Peguera or Puerto Portals, events & attractions.","og_url":"https:\/\/visitcalvia.org\/en\/calvia-with-friends\/","og_site_name":"visitcalvia","article_modified_time":"2023-05-16T09:16:08+00:00","og_image":[{"width":1400,"height":908,"url":"https:\/\/visitcalvia.org\/wp-content\/uploads\/2020\/05\/calvia-con-amigos-1.jpeg","type":"image\/jpeg"}],"twitter_card":"summary_large_image","twitter_misc":{"Est. reading time":"5 minutes"},"schema":{"@context":"https:\/\/schema.org","@graph":[{"@type":"WebPage","@id":"https:\/\/visitcalvia.org\/en\/calvia-with-friends\/","url":"https:\/\/visitcalvia.org\/en\/calvia-with-friends\/","name":"Enjoy Mallorca with friends. Calvi\u00e0, the best option for leisure and services","isPartOf":{"@id":"https:\/\/visitcalvia.org\/en\/#website"},"primaryImageOfPage":{"@id":"https:\/\/visitcalvia.org\/en\/calvia-with-friends\/#primaryimage"},"image":{"@id":"https:\/\/visitcalvia.org\/en\/calvia-with-friends\/#primaryimage"},"thumbnailUrl":"https:\/\/i0.wp.com\/visitcalvia.org\/wp-content\/uploads\/2020\/05\/calvia-con-amigos-1.jpeg?fit=1400%2C908&ssl=1","datePublished":"2020-05-05T11:39:03+00:00","dateModified":"2023-05-16T09:16:08+00:00","description":"Enjoy Mallorca with friends. Calvi\u00e0, the best option for leisure and services. Magaluf, Santa Pon\u00e7a, Peguera or Puerto Portals, events & attractions.","breadcrumb":{"@id":"https:\/\/visitcalvia.org\/en\/calvia-with-friends\/#breadcrumb"},"inLanguage":"en-US","potentialAction":[{"@type":"ReadAction","target":["https:\/\/visitcalvia.org\/en\/calvia-with-friends\/"]}]},{"@type":"ImageObject","inLanguage":"en-US","@id":"https:\/\/visitcalvia.org\/en\/calvia-with-friends\/#primaryimage","url":"https:\/\/i0.wp.com\/visitcalvia.org\/wp-content\/uploads\/2020\/05\/calvia-con-amigos-1.jpeg?fit=1400%2C908&ssl=1","contentUrl":"https:\/\/i0.wp.com\/visitcalvia.org\/wp-content\/uploads\/2020\/05\/calvia-con-amigos-1.jpeg?fit=1400%2C908&ssl=1","width":1400,"height":908,"caption":"vive calvi\u00e0 con amigos, magaluf, palmanova, fiesta, party, ocio"},{"@type":"BreadcrumbList","@id":"https:\/\/visitcalvia.org\/en\/calvia-with-friends\/#breadcrumb","itemListElement":[{"@type":"ListItem","position":1,"name":"Portada","item":"https:\/\/visitcalvia.org\/en\/"},{"@type":"ListItem","position":2,"name":"Calvi\u00e0 with friends"}]},{"@type":"WebSite","@id":"https:\/\/visitcalvia.org\/en\/#website","url":"https:\/\/visitcalvia.org\/en\/","name":"visitcalvia","description":"Vacaciones en Mallorca \u2013 Calvi\u00e0 m\u00faltiples destinos en uno s\u00f3lo lugar. Palmanova, Santa Pon\u00e7a, Magaluf, Peguera, Portals Nous, Costa d\u2019en Blanes, Cala Vinyes","potentialAction":[{"@type":"SearchAction","target":{"@type":"EntryPoint","urlTemplate":"https:\/\/visitcalvia.org\/en\/?s={search_term_string}"},"query-input":{"@type":"PropertyValueSpecification","valueRequired":true,"valueName":"search_term_string"}}],"inLanguage":"en-US"}]}},"jetpack_likes_enabled":false,"jetpack_sharing_enabled":false,"jetpack_shortlink":"https:\/\/wp.me\/PbP1bo-2oB","amp_enabled":false,"_links":{"self":[{"href":"https:\/\/visitcalvia.org\/en\/wp-json\/wp\/v2\/pages\/9213","targetHints":{"allow":["GET"]}}],"collection":[{"href":"https:\/\/visitcalvia.org\/en\/wp-json\/wp\/v2\/pages"}],"about":[{"href":"https:\/\/visitcalvia.org\/en\/wp-json\/wp\/v2\/types\/page"}],"author":[{"embeddable":true,"href":"https:\/\/visitcalvia.org\/en\/wp-json\/wp\/v2\/users\/182516946"}],"replies":[{"embeddable":true,"href":"https:\/\/visitcalvia.org\/en\/wp-json\/wp\/v2\/comments?post=9213"}],"version-history":[{"count":14,"href":"https:\/\/visitcalvia.org\/en\/wp-json\/wp\/v2\/pages\/9213\/revisions"}],"predecessor-version":[{"id":23259,"href":"https:\/\/visitcalvia.org\/en\/wp-json\/wp\/v2\/pages\/9213\/revisions\/23259"}],"wp:featuredmedia":[{"embeddable":true,"href":"https:\/\/visitcalvia.org\/en\/wp-json\/wp\/v2\/media\/6453"}],"wp:attachment":[{"href":"https:\/\/visitcalvia.org\/en\/wp-json\/wp\/v2\/media?parent=9213"}],"curies":[{"name":"wp","href":"https:\/\/api.w.org\/{rel}","templated":true}]}}